{"id":1860,"date":"2023-10-04T15:26:46","date_gmt":"2023-10-04T15:26:46","guid":{"rendered":"https:\/\/museodelacharreria.org.mx\/?page_id=1860"},"modified":"2024-12-06T07:19:49","modified_gmt":"2024-12-06T13:19:49","slug":"xxi-jahrhundert","status":"publish","type":"page","link":"https:\/\/museodelacharreria.org.mx\/de\/historia\/siglo-xxi\/","title":{"rendered":"21. JAHRHUNDERT"},"content":{"rendered":"<style type=\"text\/css\" data-created_by=\"avia_inline_auto\" id=\"style-css-av-2xkel7-7cb06acf2a8335a2f04f88bf159492f4\">\n.avia-section.av-2xkel7-7cb06acf2a8335a2f04f88bf159492f4{\nbackground-repeat:no-repeat;\nbackground-image:url(https:\/\/museodelacharreria.org.mx\/wp-content\/uploads\/2023\/10\/Arena-San-Marcos-Aguascalientes.jpeg);\nbackground-position:50% 0%;\nbackground-attachment:scroll;\nmargin-top:0px;\nmargin-bottom:0px;\n}\n<\/style>\n<div id='av_section_1'  class='avia-section av-2xkel7-7cb06acf2a8335a2f04f88bf159492f4 main_color avia-section-default avia-no-border-styling  avia-builder-el-0  el_before_av_submenu  avia-builder-el-first  avia-full-stretch avia-bg-style-scroll av-minimum-height av-minimum-height-60 av-height-percent  container_wrap fullsize'  data-section-bg-repeat='stretch' data-av_minimum_height_pc='60' data-av_min_height_opt='percent'><div class='container av-section-cont-open' ><main  role=\"main\" itemprop=\"mainContentOfPage\"  class='template-page content  av-content-full alpha units'><div class='post-entry post-entry-type-page post-entry-1860'><div class='entry-content-wrapper clearfix'>\n<\/div><\/div><\/main><!-- close content main element --><\/div><\/div><div class='clear'><\/div><div id='sub_menu1'  class='av-submenu-container av-5syjid-20cc2c243a2f2778b0c5c3a1afbb5dc1 main_color  avia-builder-el-1  el_after_av_section  el_before_av_one_full  av-sticky-submenu submenu-not-first container_wrap fullsize' style='z-index:301' ><div class='container av-menu-mobile-disabled av-submenu-pos-center'><ul id=\"menu-historia\" class=\"av-subnav-menu\" role=\"menu\"><li role=\"menuitem\" id=\"menu-item-1778\" class=\"menu-item menu-item-type-post_type menu-item-object-page menu-item-top-level menu-item-top-level-1\"><a href=\"https:\/\/museodelacharreria.org.mx\/de\/historia\/siglo-xvi\/\" itemprop=\"url\" tabindex=\"0\"><span class=\"avia-bullet\"><\/span><span class=\"avia-menu-text\">16. JAHRHUNDERT<\/span><span class=\"avia-menu-fx\"><span class=\"avia-arrow-wrap\"><span class=\"avia-arrow\"><\/span><\/span><\/span><\/a><\/li>\n<li role=\"menuitem\" id=\"menu-item-1797\" class=\"menu-item menu-item-type-post_type menu-item-object-page menu-item-top-level menu-item-top-level-2\"><a href=\"https:\/\/museodelacharreria.org.mx\/de\/historia\/siglo-xvii\/\" itemprop=\"url\" tabindex=\"0\"><span class=\"avia-bullet\"><\/span><span class=\"avia-menu-text\">17. JAHRHUNDERT<\/span><span class=\"avia-menu-fx\"><span class=\"avia-arrow-wrap\"><span class=\"avia-arrow\"><\/span><\/span><\/span><\/a><\/li>\n<li role=\"menuitem\" id=\"menu-item-1809\" class=\"menu-item menu-item-type-post_type menu-item-object-page menu-item-top-level menu-item-top-level-3\"><a href=\"https:\/\/museodelacharreria.org.mx\/de\/historia\/siglo-xviii\/\" itemprop=\"url\" tabindex=\"0\"><span class=\"avia-bullet\"><\/span><span class=\"avia-menu-text\">18. JAHRHUNDERT<\/span><span class=\"avia-menu-fx\"><span class=\"avia-arrow-wrap\"><span class=\"avia-arrow\"><\/span><\/span><\/span><\/a><\/li>\n<li role=\"menuitem\" id=\"menu-item-1818\" class=\"menu-item menu-item-type-post_type menu-item-object-page menu-item-top-level menu-item-top-level-4\"><a href=\"https:\/\/museodelacharreria.org.mx\/de\/historia\/siglo-xix\/\" itemprop=\"url\" tabindex=\"0\"><span class=\"avia-bullet\"><\/span><span class=\"avia-menu-text\">19. JAHRHUNDERT<\/span><span class=\"avia-menu-fx\"><span class=\"avia-arrow-wrap\"><span class=\"avia-arrow\"><\/span><\/span><\/span><\/a><\/li>\n<li role=\"menuitem\" id=\"menu-item-1840\" class=\"menu-item menu-item-type-post_type menu-item-object-page menu-item-top-level menu-item-top-level-5\"><a href=\"https:\/\/museodelacharreria.org.mx\/de\/historia\/siglo-xx\/\" itemprop=\"url\" tabindex=\"0\"><span class=\"avia-bullet\"><\/span><span class=\"avia-menu-text\">20. JAHRHUNDERT<\/span><span class=\"avia-menu-fx\"><span class=\"avia-arrow-wrap\"><span class=\"avia-arrow\"><\/span><\/span><\/span><\/a><\/li>\n<li role=\"menuitem\" id=\"menu-item-1863\" class=\"menu-item menu-item-type-post_type menu-item-object-page menu-item-top-level menu-item-top-level-6\"><a href=\"https:\/\/museodelacharreria.org.mx\/de\/historia\/siglo-xxi\/\" itemprop=\"url\" tabindex=\"0\"><span class=\"avia-bullet\"><\/span><span class=\"avia-menu-text\">21. JAHRHUNDERT<\/span><span class=\"avia-menu-fx\"><span class=\"avia-arrow-wrap\"><span class=\"avia-arrow\"><\/span><\/span><\/span><\/a><\/li>\n<\/ul><\/div><\/div><div class='sticky_placeholder'><\/div><div id='after_submenu_1'  class='main_color av_default_container_wrap container_wrap fullsize'  ><div class='container av-section-cont-open' ><div class='template-page content  av-content-full alpha units'><div class='post-entry post-entry-type-page post-entry-1860'><div class='entry-content-wrapper clearfix'><\/p>\n\n<style type=\"text\/css\" data-created_by=\"avia_inline_auto\" id=\"style-css-av-lnapyhdx-b289005ca77e5017eff9eca400f12de3\">\n#top .flex_column.av-lnapyhdx-b289005ca77e5017eff9eca400f12de3{\nmargin-top:-7%;\nmargin-bottom:0px;\n}\n.flex_column.av-lnapyhdx-b289005ca77e5017eff9eca400f12de3{\npadding:5% 5% 5% 5%;\nbackground-color:rgba(10,10,10,0.48);\n}\n.responsive #top #wrap_all .flex_column.av-lnapyhdx-b289005ca77e5017eff9eca400f12de3{\nmargin-top:-7%;\nmargin-bottom:0px;\n}\n<\/style>\n<div  class='flex_column av-lnapyhdx-b289005ca77e5017eff9eca400f12de3 av_one_full  avia-builder-el-2  el_after_av_submenu  avia-builder-el-no-sibling  first flex_column_div'     ><p>\n<style type=\"text\/css\" data-created_by=\"avia_inline_auto\" id=\"style-css-av-lnap3288-949d34600aa6c8a0b4b5ac9f23fb7c57\">\n#top .av-special-heading.av-lnap3288-949d34600aa6c8a0b4b5ac9f23fb7c57{\npadding-bottom:10px;\n}\nbody .av-special-heading.av-lnap3288-949d34600aa6c8a0b4b5ac9f23fb7c57 .av-special-heading-tag .heading-char{\nfont-size:25px;\n}\n.av-special-heading.av-lnap3288-949d34600aa6c8a0b4b5ac9f23fb7c57 .av-subheading{\nfont-size:15px;\n}\n<\/style>\n<div  class='av-special-heading av-lnap3288-949d34600aa6c8a0b4b5ac9f23fb7c57 av-special-heading-h2 blockquote modern-quote modern-centered  avia-builder-el-3  el_before_av_textblock  avia-builder-el-first'><h2 class='av-special-heading-tag'  itemprop=\"headline\"  >21. JAHRHUNDERT<\/h2><div class='av-subheading av-subheading_below'><p>Die Entwicklung der Charreria im Laufe der mexikanischen Geschichte<\/p>\n<\/div><div class=\"special-heading-border\"><div class=\"special-heading-inner-border\"><\/div><\/div><\/div><br \/>\n<section  class='av_textblock_section av-lnap26cr-22bc630749eb84fff7f01f2c3751306f'   itemscope=\"itemscope\" itemtype=\"https:\/\/schema.org\/CreativeWork\" ><div class='avia_textblock'  itemprop=\"text\" ><p>Zu Beginn des 21. Jahrhunderts hatte die F\u00f6deration 67 Jahre hinter sich, in denen es 27 aufeinanderfolgende Pr\u00e4sidenten des Nationalen Vorstands gab, dessen Amt durch demokratische Wahl 4 Jahre dauert. Im Jahr 2001 war der aktuelle Pr\u00e4sident Jorge Octavio Rivera Casta\u00f1eda, der von 2000 bis 2004 amtierte.<\/p>\n<p>Im Jahr 2001 fand die siebenundf\u00fcnfzigste (LVII) Ausgabe des Nationalen Charro-Kongresses und der Nationalen Charro-Meisterschaft statt, der h\u00f6chsten Sportveranstaltung der Charreria. Um die nationale Meisterschaft zu erreichen, gibt es Qualifikationsrunden in allen 32 mexikanischen Bundesstaaten und in etwa 14 bis 16 Bundesstaaten in den Vereinigten Staaten von Amerika.<\/p>\n<p>Im Jahr 2016 wurde die mexikanische Charrer\u00eda von der UNESCO zum Immateriellen Kulturerbe der Menschheit erkl\u00e4rt. In der Erkl\u00e4rung hei\u00dft es: \"Charreria, Pferdetradition in Mexiko. Eingetragen im Jahr 2016 (11.COM) in die Repr\u00e4sentative Liste des Immateriellen Kulturerbes der Menschheit\".<\/p>\n<p style=\"text-align: center;\"><strong>DAS DIGITALE ZEITALTER<\/strong><\/p>\n<p>Die digitale \u00c4ra in der Charrer\u00eda besteht aus einer Reihe von Meilensteinen, in denen unser Sport durch neue Kan\u00e4le der Massenverbreitung, n\u00e4mlich die sozialen Netzwerke, ein gro\u00dfes Publikum zur\u00fcckgewonnen hat. Die Bedeutung der digitalen \u00c4ra liegt darin, dass unser Nationalsport \u00fcber die Kan\u00e4le des Verbandes direkt an den Endverbraucher verbreitet wird. Auf diese Weise erfreut sich die Charrer\u00eda eines Publikums in Mexiko, in den USA und auf der ganzen Welt. Deshalb sind diese historischen Fakten, die im Folgenden n\u00e4her erl\u00e4utert werden, so wichtig:<\/p>\n<ul>\n<li>Die Facebook-Seite der F\u00f6deration wurde am 17. November 2012 eingerichtet und hat bis 2023 mehr als 500.000 Follower.<\/li>\n<li>Am 12. November 2017 hatten wir die erste Live-\u00dcbertragung des LXXIII Congreso y Campeonato Nacional Charro Hidalgo 2017, dessen Finale allein auf YouTube mehr als 100.000 Aufrufe hatte.<\/li>\n<li>Im Jahr 2020 f\u00fchrte die COVID-19-Pandemie zur Absage der nationalen Meisterschaft in Nayarit. Dies hat jedoch die Reichweite und Durchdringung der digitalen Kan\u00e4le deutlich erh\u00f6ht, so dass die Charrer\u00eda f\u00fcr 2021 st\u00e4rker denn je zur\u00fcckkehrte.<\/li>\n<li>Am 21. November 2021 \u00fcbertraf das Finale des LXXVII Congreso y Campeonato Nacional Charro Aguascalientes 2021 die Marke von 175.000 Zuschauern, die 134.402 Stunden Sendezeit anh\u00e4uften, mit einer durchschnittlichen Verweildauer von 45:00 Minuten allein in diesem Medium. Es ist erw\u00e4hnenswert, dass es sich dabei um Familien mit durchschnittlich 4 Personen handelt, die sich vor einem Fernseher versammelt haben, um das Ereignis zu verfolgen.<\/li>\n<li>In anderen Kategorien fand 2023 die drei\u00dfigste Ausgabe des XXX Campeonato Nacional Infantil Juvenil y de Escaramuzas in Aguascalientes statt, ebenso wie die drei\u00dfigste Ausgabe des XXX Campeonato Nacional de Charros Mayores in San Luis Potos\u00ed.<\/li>\n<\/ul>\n<p style=\"text-align: center;\"><strong>DIE GROSSEN SPORTARENEN<\/strong><\/p>\n<p>Im Jahr 2021 initiierte der Gouverneur von Aguascalientes, Lic. Martin Orozco, das ehrgeizige Projekt des \"Poliforum Charro Isla San Marcos\", mit einer Investition von \u00fcber $319 Millionen Pesos. Im selben Jahr wurde dieser Veranstaltungsort mit dem LXXVII Congreso y Campeonato Nacional Charro Aguascalientes 2021 eingeweiht, was einen wirtschaftlichen Nutzen von \u00fcber $600 Millionen Pesos brachte. Dieses Ereignis hinterlie\u00df eine klare Botschaft: Investitionen in die Charrer\u00eda versprechen eine betr\u00e4chtliche Rendite f\u00fcr die Zukunft.<\/p>\n<p>Es ist zu erwarten, dass andere Landesregierungen den wertvollen gesellschaftlichen Beitrag unseres Nationalsports anerkennen werden, sowohl wegen des wirtschaftlichen Nutzens, den er generiert, als auch wegen seiner Rolle bei der Bewahrung unseres kulturellen Reichtums und damit der St\u00e4rkung der Einheit und des sozialen Gef\u00fcges.<\/p>\n<p>Ein weiteres gro\u00dfes Investitionsprojekt steht im Jahr 2024 mit dem <strong>Potosi Arena<\/strong>Das von Gouverneur Ricardo Gallardo Carmona gef\u00f6rderte Projekt mit einer geplanten Investition von $481 Millionen Pesos.<\/p>\n<p>Das digitale Zeitalter und die Rentabilit\u00e4t gro\u00dfer Infrastrukturprojekte sind ein gutes Omen f\u00fcr die Zukunft der mexikanischen Charreria.<\/p>\n<\/div><\/section><\/p><\/div>","protected":false},"excerpt":{"rendered":"","protected":false},"author":2,"featured_media":1874,"parent":56,"menu_order":0,"comment_status":"closed","ping_status":"closed","template":"","meta":{"footnotes":""},"class_list":["post-1860","page","type-page","status-publish","has-post-thumbnail","hentry"],"yoast_head":"<!-- This site is optimized with the Yoast SEO plugin v27.4 - https:\/\/yoast.com\/product\/yoast-seo-wordpress\/ -->\n<title>SIGLO XXI - Museo de la Charrer\u00eda CDMX<\/title>\n<meta name=\"robots\" content=\"index, follow, max-snippet:-1, max-image-preview:large, max-video-preview:-1\" \/>\n<link rel=\"canonical\" href=\"https:\/\/museodelacharreria.org.mx\/de\/geschichte\/xxi-jahrhundert\/\" \/>\n<meta property=\"og:locale\" content=\"de_DE\" \/>\n<meta property=\"og:type\" content=\"article\" \/>\n<meta property=\"og:title\" content=\"SIGLO XXI - Museo de la Charrer\u00eda CDMX\" \/>\n<meta property=\"og:url\" content=\"https:\/\/museodelacharreria.org.mx\/de\/geschichte\/xxi-jahrhundert\/\" \/>\n<meta property=\"og:site_name\" content=\"Museo de la Charrer\u00eda CDMX\" \/>\n<meta property=\"article:modified_time\" content=\"2024-12-06T13:19:49+00:00\" \/>\n<meta property=\"og:image\" content=\"https:\/\/museodelacharreria.org.mx\/wp-content\/uploads\/2023\/10\/Arena-San-Marcos-Aguascalientes.jpeg\" \/>\n\t<meta property=\"og:image:width\" content=\"1280\" \/>\n\t<meta property=\"og:image:height\" content=\"853\" \/>\n\t<meta property=\"og:image:type\" content=\"image\/jpeg\" \/>\n<meta name=\"twitter:card\" content=\"summary_large_image\" \/>\n<meta name=\"twitter:label1\" content=\"Gesch\u00e4tzte Lesezeit\" \/>\n\t<meta name=\"twitter:data1\" content=\"3\u00a0Minuten\" \/>\n<script type=\"application\/ld+json\" class=\"yoast-schema-graph\">{\"@context\":\"https:\\\/\\\/schema.org\",\"@graph\":[{\"@type\":\"WebPage\",\"@id\":\"https:\\\/\\\/museodelacharreria.org.mx\\\/historia\\\/siglo-xxi\\\/\",\"url\":\"https:\\\/\\\/museodelacharreria.org.mx\\\/historia\\\/siglo-xxi\\\/\",\"name\":\"SIGLO XXI - Museo de la Charrer\u00eda CDMX\",\"isPartOf\":{\"@id\":\"https:\\\/\\\/museodelacharreria.org.mx\\\/#website\"},\"primaryImageOfPage\":{\"@id\":\"https:\\\/\\\/museodelacharreria.org.mx\\\/historia\\\/siglo-xxi\\\/#primaryimage\"},\"image\":{\"@id\":\"https:\\\/\\\/museodelacharreria.org.mx\\\/historia\\\/siglo-xxi\\\/#primaryimage\"},\"thumbnailUrl\":\"https:\\\/\\\/museodelacharreria.org.mx\\\/wp-content\\\/uploads\\\/2023\\\/10\\\/Arena-San-Marcos-Aguascalientes.jpeg\",\"datePublished\":\"2023-10-04T15:26:46+00:00\",\"dateModified\":\"2024-12-06T13:19:49+00:00\",\"breadcrumb\":{\"@id\":\"https:\\\/\\\/museodelacharreria.org.mx\\\/historia\\\/siglo-xxi\\\/#breadcrumb\"},\"inLanguage\":\"de\",\"potentialAction\":[{\"@type\":\"ReadAction\",\"target\":[\"https:\\\/\\\/museodelacharreria.org.mx\\\/historia\\\/siglo-xxi\\\/\"]}]},{\"@type\":\"ImageObject\",\"inLanguage\":\"de\",\"@id\":\"https:\\\/\\\/museodelacharreria.org.mx\\\/historia\\\/siglo-xxi\\\/#primaryimage\",\"url\":\"https:\\\/\\\/museodelacharreria.org.mx\\\/wp-content\\\/uploads\\\/2023\\\/10\\\/Arena-San-Marcos-Aguascalientes.jpeg\",\"contentUrl\":\"https:\\\/\\\/museodelacharreria.org.mx\\\/wp-content\\\/uploads\\\/2023\\\/10\\\/Arena-San-Marcos-Aguascalientes.jpeg\",\"width\":1280,\"height\":853},{\"@type\":\"BreadcrumbList\",\"@id\":\"https:\\\/\\\/museodelacharreria.org.mx\\\/historia\\\/siglo-xxi\\\/#breadcrumb\",\"itemListElement\":[{\"@type\":\"ListItem\",\"position\":1,\"name\":\"Portada\",\"item\":\"https:\\\/\\\/museodelacharreria.org.mx\\\/inicio\\\/\"},{\"@type\":\"ListItem\",\"position\":2,\"name\":\"HISTORIA\",\"item\":\"https:\\\/\\\/museodelacharreria.org.mx\\\/historia\\\/\"},{\"@type\":\"ListItem\",\"position\":3,\"name\":\"SIGLO XXI\"}]},{\"@type\":\"WebSite\",\"@id\":\"https:\\\/\\\/museodelacharreria.org.mx\\\/#website\",\"url\":\"https:\\\/\\\/museodelacharreria.org.mx\\\/\",\"name\":\"Museo de la Charrer\u00eda CDMX\",\"description\":\"Historia y tradici\u00f3n, patrimonio cultural inmaterial de la humanidad UNESCO\",\"publisher\":{\"@id\":\"https:\\\/\\\/museodelacharreria.org.mx\\\/#organization\"},\"potentialAction\":[{\"@type\":\"SearchAction\",\"target\":{\"@type\":\"EntryPoint\",\"urlTemplate\":\"https:\\\/\\\/museodelacharreria.org.mx\\\/?s={search_term_string}\"},\"query-input\":{\"@type\":\"PropertyValueSpecification\",\"valueRequired\":true,\"valueName\":\"search_term_string\"}}],\"inLanguage\":\"de\"},{\"@type\":\"Organization\",\"@id\":\"https:\\\/\\\/museodelacharreria.org.mx\\\/#organization\",\"name\":\"Museo de la Charrer\u00eda Ciudad de M\u00e9xico\",\"alternateName\":\"Museo de la Charrer\u00eda CDMX\",\"url\":\"https:\\\/\\\/museodelacharreria.org.mx\\\/\",\"logo\":{\"@type\":\"ImageObject\",\"inLanguage\":\"de\",\"@id\":\"https:\\\/\\\/museodelacharreria.org.mx\\\/#\\\/schema\\\/logo\\\/image\\\/\",\"url\":\"https:\\\/\\\/museodelacharreria.org.mx\\\/wp-content\\\/uploads\\\/2023\\\/07\\\/Logo-Museo-de-la-Charreria-b-n.png\",\"contentUrl\":\"https:\\\/\\\/museodelacharreria.org.mx\\\/wp-content\\\/uploads\\\/2023\\\/07\\\/Logo-Museo-de-la-Charreria-b-n.png\",\"width\":500,\"height\":250,\"caption\":\"Museo de la Charrer\u00eda Ciudad de M\u00e9xico\"},\"image\":{\"@id\":\"https:\\\/\\\/museodelacharreria.org.mx\\\/#\\\/schema\\\/logo\\\/image\\\/\"},\"sameAs\":[\"https:\\\/\\\/www.youtube.com\\\/@MuseoDeLaCharreria\"]}]}<\/script>\n<!-- \/ Yoast SEO plugin. -->","yoast_head_json":{"title":"SIGLO XXI - Museum der Charreria CDMX","robots":{"index":"index","follow":"follow","max-snippet":"max-snippet:-1","max-image-preview":"max-image-preview:large","max-video-preview":"max-video-preview:-1"},"canonical":"https:\/\/museodelacharreria.org.mx\/de\/geschichte\/xxi-jahrhundert\/","og_locale":"de_DE","og_type":"article","og_title":"SIGLO XXI - Museo de la Charrer\u00eda CDMX","og_url":"https:\/\/museodelacharreria.org.mx\/de\/geschichte\/xxi-jahrhundert\/","og_site_name":"Museo de la Charrer\u00eda CDMX","article_modified_time":"2024-12-06T13:19:49+00:00","og_image":[{"width":1280,"height":853,"url":"https:\/\/museodelacharreria.org.mx\/wp-content\/uploads\/2023\/10\/Arena-San-Marcos-Aguascalientes.jpeg","type":"image\/jpeg"}],"twitter_card":"summary_large_image","twitter_misc":{"Gesch\u00e4tzte Lesezeit":"3\u00a0Minuten"},"schema":{"@context":"https:\/\/schema.org","@graph":[{"@type":"WebPage","@id":"https:\/\/museodelacharreria.org.mx\/historia\/siglo-xxi\/","url":"https:\/\/museodelacharreria.org.mx\/historia\/siglo-xxi\/","name":"SIGLO XXI - Museum der Charreria CDMX","isPartOf":{"@id":"https:\/\/museodelacharreria.org.mx\/#website"},"primaryImageOfPage":{"@id":"https:\/\/museodelacharreria.org.mx\/historia\/siglo-xxi\/#primaryimage"},"image":{"@id":"https:\/\/museodelacharreria.org.mx\/historia\/siglo-xxi\/#primaryimage"},"thumbnailUrl":"https:\/\/museodelacharreria.org.mx\/wp-content\/uploads\/2023\/10\/Arena-San-Marcos-Aguascalientes.jpeg","datePublished":"2023-10-04T15:26:46+00:00","dateModified":"2024-12-06T13:19:49+00:00","breadcrumb":{"@id":"https:\/\/museodelacharreria.org.mx\/historia\/siglo-xxi\/#breadcrumb"},"inLanguage":"de","potentialAction":[{"@type":"ReadAction","target":["https:\/\/museodelacharreria.org.mx\/historia\/siglo-xxi\/"]}]},{"@type":"ImageObject","inLanguage":"de","@id":"https:\/\/museodelacharreria.org.mx\/historia\/siglo-xxi\/#primaryimage","url":"https:\/\/museodelacharreria.org.mx\/wp-content\/uploads\/2023\/10\/Arena-San-Marcos-Aguascalientes.jpeg","contentUrl":"https:\/\/museodelacharreria.org.mx\/wp-content\/uploads\/2023\/10\/Arena-San-Marcos-Aguascalientes.jpeg","width":1280,"height":853},{"@type":"BreadcrumbList","@id":"https:\/\/museodelacharreria.org.mx\/historia\/siglo-xxi\/#breadcrumb","itemListElement":[{"@type":"ListItem","position":1,"name":"Portada","item":"https:\/\/museodelacharreria.org.mx\/inicio\/"},{"@type":"ListItem","position":2,"name":"HISTORIA","item":"https:\/\/museodelacharreria.org.mx\/historia\/"},{"@type":"ListItem","position":3,"name":"SIGLO XXI"}]},{"@type":"WebSite","@id":"https:\/\/museodelacharreria.org.mx\/#website","url":"https:\/\/museodelacharreria.org.mx\/","name":"Charreria-Museum CDMX","description":"Geschichte und Tradition, immaterielles Kulturerbe der Menschheit UNESCO","publisher":{"@id":"https:\/\/museodelacharreria.org.mx\/#organization"},"potentialAction":[{"@type":"SearchAction","target":{"@type":"EntryPoint","urlTemplate":"https:\/\/museodelacharreria.org.mx\/?s={search_term_string}"},"query-input":{"@type":"PropertyValueSpecification","valueRequired":true,"valueName":"search_term_string"}}],"inLanguage":"de"},{"@type":"Organization","@id":"https:\/\/museodelacharreria.org.mx\/#organization","name":"Museum der Charreria Mexiko-Stadt","alternateName":"Museo de la Charrer\u00eda CDMX","url":"https:\/\/museodelacharreria.org.mx\/","logo":{"@type":"ImageObject","inLanguage":"de","@id":"https:\/\/museodelacharreria.org.mx\/#\/schema\/logo\/image\/","url":"https:\/\/museodelacharreria.org.mx\/wp-content\/uploads\/2023\/07\/Logo-Museo-de-la-Charreria-b-n.png","contentUrl":"https:\/\/museodelacharreria.org.mx\/wp-content\/uploads\/2023\/07\/Logo-Museo-de-la-Charreria-b-n.png","width":500,"height":250,"caption":"Museo de la Charrer\u00eda Ciudad de M\u00e9xico"},"image":{"@id":"https:\/\/museodelacharreria.org.mx\/#\/schema\/logo\/image\/"},"sameAs":["https:\/\/www.youtube.com\/@MuseoDeLaCharreria"]}]}},"_links":{"self":[{"href":"https:\/\/museodelacharreria.org.mx\/de\/wp-json\/wp\/v2\/pages\/1860","targetHints":{"allow":["GET"]}}],"collection":[{"href":"https:\/\/museodelacharreria.org.mx\/de\/wp-json\/wp\/v2\/pages"}],"about":[{"href":"https:\/\/museodelacharreria.org.mx\/de\/wp-json\/wp\/v2\/types\/page"}],"author":[{"embeddable":true,"href":"https:\/\/museodelacharreria.org.mx\/de\/wp-json\/wp\/v2\/users\/2"}],"replies":[{"embeddable":true,"href":"https:\/\/museodelacharreria.org.mx\/de\/wp-json\/wp\/v2\/comments?post=1860"}],"version-history":[{"count":16,"href":"https:\/\/museodelacharreria.org.mx\/de\/wp-json\/wp\/v2\/pages\/1860\/revisions"}],"predecessor-version":[{"id":3996,"href":"https:\/\/museodelacharreria.org.mx\/de\/wp-json\/wp\/v2\/pages\/1860\/revisions\/3996"}],"up":[{"embeddable":true,"href":"https:\/\/museodelacharreria.org.mx\/de\/wp-json\/wp\/v2\/pages\/56"}],"wp:featuredmedia":[{"embeddable":true,"href":"https:\/\/museodelacharreria.org.mx\/de\/wp-json\/wp\/v2\/media\/1874"}],"wp:attachment":[{"href":"https:\/\/museodelacharreria.org.mx\/de\/wp-json\/wp\/v2\/media?parent=1860"}],"curies":[{"name":"wp","href":"https:\/\/api.w.org\/{rel}","templated":true}]}}