{"id":2490,"date":"2023-12-12T00:05:03","date_gmt":"2023-12-12T00:05:03","guid":{"rendered":"https:\/\/museodelacharreria.org.mx\/?page_id=2490"},"modified":"2024-05-03T00:57:19","modified_gmt":"2024-05-03T00:57:19","slug":"nationale-charro-meisterschaft","status":"publish","type":"page","link":"https:\/\/museodelacharreria.org.mx\/de\/deporte\/campeonato-nacional-charro\/","title":{"rendered":"NATIONALE CHARRO-MEISTERSCHAFT"},"content":{"rendered":"<style type=\"text\/css\" data-created_by=\"avia_inline_auto\" id=\"style-css-av-2xkel7-401889e66b40b2124da2687dddf98959\">\n.avia-section.av-2xkel7-401889e66b40b2124da2687dddf98959{\nbackground-repeat:no-repeat;\nbackground-image:url(https:\/\/museodelacharreria.org.mx\/wp-content\/uploads\/2023\/12\/1-RG2-Campeon.jpg);\nbackground-position:50% 0%;\nbackground-attachment:scroll;\nmargin-top:0px;\nmargin-bottom:0px;\n}\n<\/style>\n<div id='av_section_1'  class='avia-section av-2xkel7-401889e66b40b2124da2687dddf98959 main_color avia-section-default avia-no-border-styling  avia-builder-el-0  el_before_av_submenu  avia-builder-el-first  avia-full-stretch avia-bg-style-scroll av-minimum-height av-minimum-height-85 av-height-percent  container_wrap fullsize'  data-section-bg-repeat='stretch' data-av_minimum_height_pc='85' data-av_min_height_opt='percent'><div class='container av-section-cont-open' ><main  role=\"main\" itemprop=\"mainContentOfPage\"  class='template-page content  av-content-full alpha units'><div class='post-entry post-entry-type-page post-entry-2490'><div class='entry-content-wrapper clearfix'>\n\n<style type=\"text\/css\" data-created_by=\"avia_inline_auto\" id=\"style-css-av-lnap3288-e5af01cfc6ee841bc97320707968f9df\">\n#top .av-special-heading.av-lnap3288-e5af01cfc6ee841bc97320707968f9df{\nmargin:40% 0 0 0;\npadding-bottom:10px;\n}\nbody .av-special-heading.av-lnap3288-e5af01cfc6ee841bc97320707968f9df .av-special-heading-tag .heading-char{\nfont-size:25px;\n}\n.av-special-heading.av-lnap3288-e5af01cfc6ee841bc97320707968f9df .av-subheading{\nfont-size:15px;\n}\n<\/style>\n<div  class='av-special-heading av-lnap3288-e5af01cfc6ee841bc97320707968f9df av-special-heading-h1 blockquote modern-quote  avia-builder-el-1  avia-builder-el-no-sibling'><h1 class='av-special-heading-tag'  itemprop=\"headline\"  >DIE NATIONALE CHARRO MEISTERSCHAFT<\/h1><div class='av-subheading av-subheading_below'><p>Das Top-Ereignis unseres Nationalsports<\/p>\n<\/div><div class=\"special-heading-border\"><div class=\"special-heading-inner-border\"><\/div><\/div><\/div>\n\n<\/div><\/div><\/main><!-- close content main element --><\/div><\/div><div class='clear'><\/div><div id='sub_menu1'  class='av-submenu-container av-5syjid-15f2172677032a2f9251f28e4c3687eb main_color  avia-builder-el-2  el_after_av_section  el_before_av_heading  av-sticky-submenu submenu-not-first container_wrap fullsize' style='z-index:301' ><div class='container av-menu-mobile-disabled av-submenu-pos-center'><ul id=\"menu-sport\" class=\"av-subnav-menu\" role=\"menu\"><li role=\"menuitem\" id=\"menu-item-2811\" class=\"menu-item menu-item-type-post_type menu-item-object-page menu-item-top-level menu-item-top-level-1\"><a href=\"https:\/\/museodelacharreria.org.mx\/de\/deporte\/cala-de-caballo\/\" itemprop=\"url\" tabindex=\"0\"><span class=\"avia-bullet\"><\/span><span class=\"avia-menu-text\">PFERDEH\u00d6LLE<\/span><span class=\"avia-menu-fx\"><span class=\"avia-arrow-wrap\"><span class=\"avia-arrow\"><\/span><\/span><\/span><\/a><\/li>\n<li role=\"menuitem\" id=\"menu-item-2810\" class=\"menu-item menu-item-type-post_type menu-item-object-page menu-item-top-level menu-item-top-level-2\"><a href=\"https:\/\/museodelacharreria.org.mx\/de\/deporte\/piales\/\" itemprop=\"url\" tabindex=\"0\"><span class=\"avia-bullet\"><\/span><span class=\"avia-menu-text\">PIALES<\/span><span class=\"avia-menu-fx\"><span class=\"avia-arrow-wrap\"><span class=\"avia-arrow\"><\/span><\/span><\/span><\/a><\/li>\n<li role=\"menuitem\" id=\"menu-item-2809\" class=\"menu-item menu-item-type-post_type menu-item-object-page menu-item-top-level menu-item-top-level-3\"><a href=\"https:\/\/museodelacharreria.org.mx\/de\/deporte\/coleadero\/\" itemprop=\"url\" tabindex=\"0\"><span class=\"avia-bullet\"><\/span><span class=\"avia-menu-text\">COLEADERO<\/span><span class=\"avia-menu-fx\"><span class=\"avia-arrow-wrap\"><span class=\"avia-arrow\"><\/span><\/span><\/span><\/a><\/li>\n<li role=\"menuitem\" id=\"menu-item-2807\" class=\"menu-item menu-item-type-post_type menu-item-object-page menu-item-top-level menu-item-top-level-4\"><a href=\"https:\/\/museodelacharreria.org.mx\/de\/deporte\/jineteada-de-toro\/\" itemprop=\"url\" tabindex=\"0\"><span class=\"avia-bullet\"><\/span><span class=\"avia-menu-text\">BULL RIDING<\/span><span class=\"avia-menu-fx\"><span class=\"avia-arrow-wrap\"><span class=\"avia-arrow\"><\/span><\/span><\/span><\/a><\/li>\n<li role=\"menuitem\" id=\"menu-item-2806\" class=\"menu-item menu-item-type-post_type menu-item-object-page menu-item-top-level menu-item-top-level-5\"><a href=\"https:\/\/museodelacharreria.org.mx\/de\/deporte\/terna-en-el-ruedo\/\" itemprop=\"url\" tabindex=\"0\"><span class=\"avia-bullet\"><\/span><span class=\"avia-menu-text\">TERNA IM RING<\/span><span class=\"avia-menu-fx\"><span class=\"avia-arrow-wrap\"><span class=\"avia-arrow\"><\/span><\/span><\/span><\/a><\/li>\n<li role=\"menuitem\" id=\"menu-item-2805\" class=\"menu-item menu-item-type-post_type menu-item-object-page menu-item-top-level menu-item-top-level-6\"><a href=\"https:\/\/museodelacharreria.org.mx\/de\/deporte\/jineteo-de-yegua\/\" itemprop=\"url\" tabindex=\"0\"><span class=\"avia-bullet\"><\/span><span class=\"avia-menu-text\">STUTENKERLTURNIER<\/span><span class=\"avia-menu-fx\"><span class=\"avia-arrow-wrap\"><span class=\"avia-arrow\"><\/span><\/span><\/span><\/a><\/li>\n<li role=\"menuitem\" id=\"menu-item-2804\" class=\"menu-item menu-item-type-post_type menu-item-object-page menu-item-top-level menu-item-top-level-7\"><a href=\"https:\/\/museodelacharreria.org.mx\/de\/deporte\/manganas-a-pie\/\" itemprop=\"url\" tabindex=\"0\"><span class=\"avia-bullet\"><\/span><span class=\"avia-menu-text\">GRIFFE ZU FUSS<\/span><span class=\"avia-menu-fx\"><span class=\"avia-arrow-wrap\"><span class=\"avia-arrow\"><\/span><\/span><\/span><\/a><\/li>\n<li role=\"menuitem\" id=\"menu-item-2801\" class=\"menu-item menu-item-type-post_type menu-item-object-page menu-item-top-level menu-item-top-level-8\"><a href=\"https:\/\/museodelacharreria.org.mx\/de\/deporte\/manganas-a-caballo\/\" itemprop=\"url\" tabindex=\"0\"><span class=\"avia-bullet\"><\/span><span class=\"avia-menu-text\">PFERD MANANEGAS<\/span><span class=\"avia-menu-fx\"><span class=\"avia-arrow-wrap\"><span class=\"avia-arrow\"><\/span><\/span><\/span><\/a><\/li>\n<li role=\"menuitem\" id=\"menu-item-2803\" class=\"menu-item menu-item-type-post_type menu-item-object-page menu-item-top-level menu-item-top-level-9\"><a href=\"https:\/\/museodelacharreria.org.mx\/de\/deporte\/paso-de-la-muerte\/\" itemprop=\"url\" tabindex=\"0\"><span class=\"avia-bullet\"><\/span><span class=\"avia-menu-text\">\u00dcBERGANG DES TODES<\/span><span class=\"avia-menu-fx\"><span class=\"avia-arrow-wrap\"><span class=\"avia-arrow\"><\/span><\/span><\/span><\/a><\/li>\n<li role=\"menuitem\" id=\"menu-item-2808\" class=\"menu-item menu-item-type-post_type menu-item-object-page menu-item-top-level menu-item-top-level-10\"><a href=\"https:\/\/museodelacharreria.org.mx\/de\/deporte\/escaramuza\/\" itemprop=\"url\" tabindex=\"0\"><span class=\"avia-bullet\"><\/span><span class=\"avia-menu-text\">SCARAMUZA<\/span><span class=\"avia-menu-fx\"><span class=\"avia-arrow-wrap\"><span class=\"avia-arrow\"><\/span><\/span><\/span><\/a><\/li>\n<li role=\"menuitem\" id=\"menu-item-2812\" class=\"menu-item menu-item-type-post_type menu-item-object-page menu-item-top-level menu-item-top-level-11\"><a href=\"https:\/\/museodelacharreria.org.mx\/de\/deporte\/el-lienzo-charro\/\" itemprop=\"url\" tabindex=\"0\"><span class=\"avia-bullet\"><\/span><span class=\"avia-menu-text\">DER LIENZO CHARRO<\/span><span class=\"avia-menu-fx\"><span class=\"avia-arrow-wrap\"><span class=\"avia-arrow\"><\/span><\/span><\/span><\/a><\/li>\n<li role=\"menuitem\" id=\"menu-item-2813\" class=\"menu-item menu-item-type-post_type menu-item-object-page menu-item-top-level menu-item-top-level-12\"><a href=\"https:\/\/museodelacharreria.org.mx\/de\/deporte\/la-charreada\/\" itemprop=\"url\" tabindex=\"0\"><span class=\"avia-bullet\"><\/span><span class=\"avia-menu-text\">LA CHARREADA<\/span><span class=\"avia-menu-fx\"><span class=\"avia-arrow-wrap\"><span class=\"avia-arrow\"><\/span><\/span><\/span><\/a><\/li>\n<li role=\"menuitem\" id=\"menu-item-2802\" class=\"menu-item menu-item-type-post_type menu-item-object-page menu-item-top-level menu-item-top-level-13\"><a href=\"https:\/\/museodelacharreria.org.mx\/de\/deporte\/campeonato-nacional-charro\/\" itemprop=\"url\" tabindex=\"0\"><span class=\"avia-bullet\"><\/span><span class=\"avia-menu-text\">NATIONALE CHARRO-MEISTERSCHAFT<\/span><span class=\"avia-menu-fx\"><span class=\"avia-arrow-wrap\"><span class=\"avia-arrow\"><\/span><\/span><\/span><\/a><\/li>\n<\/ul><\/div><\/div><div class='sticky_placeholder'><\/div><div id='after_submenu_1'  class='main_color av_default_container_wrap container_wrap fullsize'  ><div class='container av-section-cont-open' ><div class='template-page content  av-content-full alpha units'><div class='post-entry post-entry-type-page post-entry-2490'><div class='entry-content-wrapper clearfix'>\n\n<style type=\"text\/css\" data-created_by=\"avia_inline_auto\" id=\"style-css-av-lq34omuo-ac49e275a35eb1c61407177e280451cb\">\n#top .av-special-heading.av-lq34omuo-ac49e275a35eb1c61407177e280451cb{\nmargin:0 0 0 0;\npadding-bottom:30px;\n}\nbody .av-special-heading.av-lq34omuo-ac49e275a35eb1c61407177e280451cb .av-special-heading-tag .heading-char{\nfont-size:25px;\n}\n.av-special-heading.av-lq34omuo-ac49e275a35eb1c61407177e280451cb .av-subheading{\nfont-size:15px;\n}\n<\/style>\n<div  class='av-special-heading av-lq34omuo-ac49e275a35eb1c61407177e280451cb av-special-heading-h2 blockquote modern-quote modern-centered  avia-builder-el-3  el_after_av_submenu  el_before_av_one_full  avia-builder-el-first'><h2 class='av-special-heading-tag'  itemprop=\"headline\"  >DIE NATIONALE CHARRO MEISTERSCHAFT<\/h2><div class='av-subheading av-subheading_below'><p>Das Top-Ereignis unseres Nationalsports<\/p>\n<\/div><div class=\"special-heading-border\"><div class=\"special-heading-inner-border\"><\/div><\/div><\/div>\n\n<style type=\"text\/css\" data-created_by=\"avia_inline_auto\" id=\"style-css-av-lnapyhdx-b289005ca77e5017eff9eca400f12de3\">\n#top .flex_column.av-lnapyhdx-b289005ca77e5017eff9eca400f12de3{\nmargin-top:-7%;\nmargin-bottom:0px;\n}\n.flex_column.av-lnapyhdx-b289005ca77e5017eff9eca400f12de3{\npadding:5% 5% 5% 5%;\nbackground-color:rgba(10,10,10,0.48);\n}\n.responsive #top #wrap_all .flex_column.av-lnapyhdx-b289005ca77e5017eff9eca400f12de3{\nmargin-top:-7%;\nmargin-bottom:0px;\n}\n<\/style>\n<div  class='flex_column av-lnapyhdx-b289005ca77e5017eff9eca400f12de3 av_one_full  avia-builder-el-4  el_after_av_heading  avia-builder-el-last  first flex_column_div'     ><section  class='av_textblock_section av-lnap26cr-22bc630749eb84fff7f01f2c3751306f'   itemscope=\"itemscope\" itemtype=\"https:\/\/schema.org\/CreativeWork\" ><div class='avia_textblock'  itemprop=\"text\" ><p>Die <strong>Nationale Charro-Meisterschaft<\/strong> ist ein j\u00e4hrliches Fest, das der reichen Tradition und dem K\u00f6nnen der Charreria huldigt, einer Sportart, die tief in der mexikanischen Kultur verwurzelt ist. Diese Veranstaltung hat sich im Laufe der Jahre zu einem landesweit bekannten Wettbewerb entwickelt.<\/p>\n<p>Die Geschichte des <strong>Nationale Charro-Meisterschaft<\/strong> geht auf das Jahr 1946 zur\u00fcck, als Charros aus verschiedenen Regionen zusammenkamen, um ihre Reitk\u00fcnste und F\u00e4higkeiten in der Viehzucht zu demonstrieren. Im Laufe der Zeit hat diese Veranstaltung an Beliebtheit und Bedeutung gewonnen und sich zu einem hoch kompetitiven und angesehenen Wettbewerb entwickelt. Im Jahr 2024 wird die LXXX Ausgabe des\u00a0<strong>Nationaler Charro-Kongress und Meisterschaft<\/strong>Der offizielle Name des Wettbewerbs.<\/p>\n<p>Die Meisterschaft ist in mehrere Kategorien unterteilt, um einen fairen und gleichberechtigten Wettbewerb zu gew\u00e4hrleisten. Die\u00a0<strong>Campeonato Nacional Charro Infantil Juvenil y de Escaramuzas (Nationale Meisterschaft f\u00fcr Jungschar und Escaramuzas)<\/strong>\u00a0findet in den Monaten Juli und August statt und gibt der jungen Generation von Charros und Scharm\u00fctzeln die M\u00f6glichkeit, ihr K\u00f6nnen und ihre Hingabe unter Beweis zu stellen. Die Nacional Categor\u00eda Libre hingegen wird zwischen Oktober und Dezember ausgetragen und zeigt das K\u00f6nnen der Charros auf ihrem physischen und technischen H\u00f6hepunkt. Dar\u00fcber hinaus werden die\u00a0<strong>Nationale Senioren-Charros-Meisterschaft<\/strong>Die Veranstaltung richtet sich an Charros im Alter von 45 Jahren und dar\u00fcber, die zeigen, dass die Leidenschaft und das K\u00f6nnen in der Charreria keine Altersgrenze kennt.<\/p>\n<p>Jeder Landesverband h\u00e4lt seine eigenen Landesmeisterschaften ab, die der nationalen Veranstaltung vorausgehen. Die\u00a0<strong>Mexikanischer Verband der Charreria<\/strong>\u00a0gew\u00e4hrt eine bestimmte Anzahl von Zeitnischen f\u00fcr die Teilnahme an der\u00a0<strong>Nationaler Charro-Kongress und Meisterschaft<\/strong>Dies verleiht den Teams und den Wettk\u00e4mpfen ein Element des Wettbewerbs und des Verdienstes.<\/p>\n<p>Wichtig ist, dass alle Teilnehmer ordnungsgem\u00e4\u00df angemeldet und unfallversichert sein m\u00fcssen, damit die Sicherheit und das Wohlergehen aller Beteiligten an diesem spannenden Wettbewerb gew\u00e4hrleistet sind. Die Nationale Charro-Meisterschaft ist mehr als ein Wettbewerb, sie ist eine Hommage an eine Tradition, die sich \u00fcber Generationen hinweg erhalten hat und die kulturelle Identit\u00e4t Mexikos weiterhin bereichert.<\/p>\n<\/div><\/section><\/div>","protected":false},"excerpt":{"rendered":"","protected":false},"author":1,"featured_media":2597,"parent":54,"menu_order":0,"comment_status":"closed","ping_status":"closed","template":"","meta":{"footnotes":""},"class_list":["post-2490","page","type-page","status-publish","has-post-thumbnail","hentry"],"yoast_head":"<!-- This site is optimized with the Yoast SEO plugin v27.5 - https:\/\/yoast.com\/product\/yoast-seo-wordpress\/ -->\n<title>CAMPEONATO NACIONAL CHARRO - Museo de la Charrer\u00eda CDMX<\/title>\n<meta name=\"robots\" content=\"index, follow, max-snippet:-1, max-image-preview:large, max-video-preview:-1\" \/>\n<link rel=\"canonical\" href=\"https:\/\/museodelacharreria.org.mx\/de\/sport\/nationale-charro-meisterschaft\/\" \/>\n<meta property=\"og:locale\" content=\"de_DE\" \/>\n<meta property=\"og:type\" content=\"article\" \/>\n<meta property=\"og:title\" content=\"CAMPEONATO NACIONAL CHARRO - Museo de la Charrer\u00eda CDMX\" \/>\n<meta property=\"og:url\" content=\"https:\/\/museodelacharreria.org.mx\/de\/sport\/nationale-charro-meisterschaft\/\" \/>\n<meta property=\"og:site_name\" content=\"Museo de la Charrer\u00eda CDMX\" \/>\n<meta property=\"article:modified_time\" content=\"2024-05-03T00:57:19+00:00\" \/>\n<meta property=\"og:image\" content=\"https:\/\/museodelacharreria.org.mx\/wp-content\/uploads\/2023\/12\/1-RG2-Campeon.jpg\" \/>\n\t<meta property=\"og:image:width\" content=\"1500\" \/>\n\t<meta property=\"og:image:height\" content=\"1000\" \/>\n\t<meta property=\"og:image:type\" content=\"image\/jpeg\" \/>\n<meta name=\"twitter:card\" content=\"summary_large_image\" \/>\n<meta name=\"twitter:label1\" content=\"Gesch\u00e4tzte Lesezeit\" \/>\n\t<meta name=\"twitter:data1\" content=\"2\u00a0Minuten\" \/>\n<script type=\"application\/ld+json\" class=\"yoast-schema-graph\">{\"@context\":\"https:\\\/\\\/schema.org\",\"@graph\":[{\"@type\":\"WebPage\",\"@id\":\"https:\\\/\\\/museodelacharreria.org.mx\\\/deporte\\\/campeonato-nacional-charro\\\/\",\"url\":\"https:\\\/\\\/museodelacharreria.org.mx\\\/deporte\\\/campeonato-nacional-charro\\\/\",\"name\":\"CAMPEONATO NACIONAL CHARRO - Museo de la Charrer\u00eda CDMX\",\"isPartOf\":{\"@id\":\"https:\\\/\\\/museodelacharreria.org.mx\\\/#website\"},\"primaryImageOfPage\":{\"@id\":\"https:\\\/\\\/museodelacharreria.org.mx\\\/deporte\\\/campeonato-nacional-charro\\\/#primaryimage\"},\"image\":{\"@id\":\"https:\\\/\\\/museodelacharreria.org.mx\\\/deporte\\\/campeonato-nacional-charro\\\/#primaryimage\"},\"thumbnailUrl\":\"https:\\\/\\\/museodelacharreria.org.mx\\\/wp-content\\\/uploads\\\/2023\\\/12\\\/1-RG2-Campeon.jpg\",\"datePublished\":\"2023-12-12T00:05:03+00:00\",\"dateModified\":\"2024-05-03T00:57:19+00:00\",\"breadcrumb\":{\"@id\":\"https:\\\/\\\/museodelacharreria.org.mx\\\/deporte\\\/campeonato-nacional-charro\\\/#breadcrumb\"},\"inLanguage\":\"de\",\"potentialAction\":[{\"@type\":\"ReadAction\",\"target\":[\"https:\\\/\\\/museodelacharreria.org.mx\\\/deporte\\\/campeonato-nacional-charro\\\/\"]}]},{\"@type\":\"ImageObject\",\"inLanguage\":\"de\",\"@id\":\"https:\\\/\\\/museodelacharreria.org.mx\\\/deporte\\\/campeonato-nacional-charro\\\/#primaryimage\",\"url\":\"https:\\\/\\\/museodelacharreria.org.mx\\\/wp-content\\\/uploads\\\/2023\\\/12\\\/1-RG2-Campeon.jpg\",\"contentUrl\":\"https:\\\/\\\/museodelacharreria.org.mx\\\/wp-content\\\/uploads\\\/2023\\\/12\\\/1-RG2-Campeon.jpg\",\"width\":1620,\"height\":1080,\"caption\":\"Premiaci\u00f3n del equipo RG2, SLP con el primer lugar de LXXIX Congreso y Campe\u00f3n Nacional Charro SLP 2023\"},{\"@type\":\"BreadcrumbList\",\"@id\":\"https:\\\/\\\/museodelacharreria.org.mx\\\/deporte\\\/campeonato-nacional-charro\\\/#breadcrumb\",\"itemListElement\":[{\"@type\":\"ListItem\",\"position\":1,\"name\":\"Portada\",\"item\":\"https:\\\/\\\/museodelacharreria.org.mx\\\/inicio\\\/\"},{\"@type\":\"ListItem\",\"position\":2,\"name\":\"DEPORTE\",\"item\":\"https:\\\/\\\/museodelacharreria.org.mx\\\/deporte\\\/\"},{\"@type\":\"ListItem\",\"position\":3,\"name\":\"CAMPEONATO NACIONAL CHARRO\"}]},{\"@type\":\"WebSite\",\"@id\":\"https:\\\/\\\/museodelacharreria.org.mx\\\/#website\",\"url\":\"https:\\\/\\\/museodelacharreria.org.mx\\\/\",\"name\":\"Museo de la Charrer\u00eda CDMX\",\"description\":\"Historia y tradici\u00f3n, patrimonio cultural inmaterial de la humanidad UNESCO\",\"publisher\":{\"@id\":\"https:\\\/\\\/museodelacharreria.org.mx\\\/#organization\"},\"potentialAction\":[{\"@type\":\"SearchAction\",\"target\":{\"@type\":\"EntryPoint\",\"urlTemplate\":\"https:\\\/\\\/museodelacharreria.org.mx\\\/?s={search_term_string}\"},\"query-input\":{\"@type\":\"PropertyValueSpecification\",\"valueRequired\":true,\"valueName\":\"search_term_string\"}}],\"inLanguage\":\"de\"},{\"@type\":\"Organization\",\"@id\":\"https:\\\/\\\/museodelacharreria.org.mx\\\/#organization\",\"name\":\"Museo de la Charrer\u00eda Ciudad de M\u00e9xico\",\"alternateName\":\"Museo de la Charrer\u00eda CDMX\",\"url\":\"https:\\\/\\\/museodelacharreria.org.mx\\\/\",\"logo\":{\"@type\":\"ImageObject\",\"inLanguage\":\"de\",\"@id\":\"https:\\\/\\\/museodelacharreria.org.mx\\\/#\\\/schema\\\/logo\\\/image\\\/\",\"url\":\"https:\\\/\\\/museodelacharreria.org.mx\\\/wp-content\\\/uploads\\\/2023\\\/07\\\/Logo-Museo-de-la-Charreria-b-n.png\",\"contentUrl\":\"https:\\\/\\\/museodelacharreria.org.mx\\\/wp-content\\\/uploads\\\/2023\\\/07\\\/Logo-Museo-de-la-Charreria-b-n.png\",\"width\":500,\"height\":250,\"caption\":\"Museo de la Charrer\u00eda Ciudad de M\u00e9xico\"},\"image\":{\"@id\":\"https:\\\/\\\/museodelacharreria.org.mx\\\/#\\\/schema\\\/logo\\\/image\\\/\"},\"sameAs\":[\"https:\\\/\\\/www.youtube.com\\\/@MuseoDeLaCharreria\"]}]}<\/script>\n<!-- \/ Yoast SEO plugin. -->","yoast_head_json":{"title":"NATIONALE CHARRO-CHAMPIONSCHAFT - Museo de la Charrer\u00eda CDMX","robots":{"index":"index","follow":"follow","max-snippet":"max-snippet:-1","max-image-preview":"max-image-preview:large","max-video-preview":"max-video-preview:-1"},"canonical":"https:\/\/museodelacharreria.org.mx\/de\/sport\/nationale-charro-meisterschaft\/","og_locale":"de_DE","og_type":"article","og_title":"CAMPEONATO NACIONAL CHARRO - Museo de la Charrer\u00eda CDMX","og_url":"https:\/\/museodelacharreria.org.mx\/de\/sport\/nationale-charro-meisterschaft\/","og_site_name":"Museo de la Charrer\u00eda CDMX","article_modified_time":"2024-05-03T00:57:19+00:00","og_image":[{"url":"https:\/\/museodelacharreria.org.mx\/wp-content\/uploads\/2023\/12\/1-RG2-Campeon.jpg","width":1500,"height":1000,"type":"image\/jpeg"}],"twitter_card":"summary_large_image","twitter_misc":{"Gesch\u00e4tzte Lesezeit":"2\u00a0Minuten"},"schema":{"@context":"https:\/\/schema.org","@graph":[{"@type":"WebPage","@id":"https:\/\/museodelacharreria.org.mx\/deporte\/campeonato-nacional-charro\/","url":"https:\/\/museodelacharreria.org.mx\/deporte\/campeonato-nacional-charro\/","name":"NATIONALE CHARRO-CHAMPIONSCHAFT - Museo de la Charrer\u00eda CDMX","isPartOf":{"@id":"https:\/\/museodelacharreria.org.mx\/#website"},"primaryImageOfPage":{"@id":"https:\/\/museodelacharreria.org.mx\/deporte\/campeonato-nacional-charro\/#primaryimage"},"image":{"@id":"https:\/\/museodelacharreria.org.mx\/deporte\/campeonato-nacional-charro\/#primaryimage"},"thumbnailUrl":"https:\/\/museodelacharreria.org.mx\/wp-content\/uploads\/2023\/12\/1-RG2-Campeon.jpg","datePublished":"2023-12-12T00:05:03+00:00","dateModified":"2024-05-03T00:57:19+00:00","breadcrumb":{"@id":"https:\/\/museodelacharreria.org.mx\/deporte\/campeonato-nacional-charro\/#breadcrumb"},"inLanguage":"de","potentialAction":[{"@type":"ReadAction","target":["https:\/\/museodelacharreria.org.mx\/deporte\/campeonato-nacional-charro\/"]}]},{"@type":"ImageObject","inLanguage":"de","@id":"https:\/\/museodelacharreria.org.mx\/deporte\/campeonato-nacional-charro\/#primaryimage","url":"https:\/\/museodelacharreria.org.mx\/wp-content\/uploads\/2023\/12\/1-RG2-Campeon.jpg","contentUrl":"https:\/\/museodelacharreria.org.mx\/wp-content\/uploads\/2023\/12\/1-RG2-Campeon.jpg","width":1620,"height":1080,"caption":"Premiaci\u00f3n del equipo RG2, SLP con el primer lugar de LXXIX Congreso y Campe\u00f3n Nacional Charro SLP 2023"},{"@type":"BreadcrumbList","@id":"https:\/\/museodelacharreria.org.mx\/deporte\/campeonato-nacional-charro\/#breadcrumb","itemListElement":[{"@type":"ListItem","position":1,"name":"Portada","item":"https:\/\/museodelacharreria.org.mx\/inicio\/"},{"@type":"ListItem","position":2,"name":"DEPORTE","item":"https:\/\/museodelacharreria.org.mx\/deporte\/"},{"@type":"ListItem","position":3,"name":"CAMPEONATO NACIONAL CHARRO"}]},{"@type":"WebSite","@id":"https:\/\/museodelacharreria.org.mx\/#website","url":"https:\/\/museodelacharreria.org.mx\/","name":"Charreria-Museum CDMX","description":"Geschichte und Tradition, immaterielles Kulturerbe der Menschheit UNESCO","publisher":{"@id":"https:\/\/museodelacharreria.org.mx\/#organization"},"potentialAction":[{"@type":"SearchAction","target":{"@type":"EntryPoint","urlTemplate":"https:\/\/museodelacharreria.org.mx\/?s={search_term_string}"},"query-input":{"@type":"PropertyValueSpecification","valueRequired":true,"valueName":"search_term_string"}}],"inLanguage":"de"},{"@type":"Organization","@id":"https:\/\/museodelacharreria.org.mx\/#organization","name":"Museum der Charreria Mexiko-Stadt","alternateName":"Museo de la Charrer\u00eda CDMX","url":"https:\/\/museodelacharreria.org.mx\/","logo":{"@type":"ImageObject","inLanguage":"de","@id":"https:\/\/museodelacharreria.org.mx\/#\/schema\/logo\/image\/","url":"https:\/\/museodelacharreria.org.mx\/wp-content\/uploads\/2023\/07\/Logo-Museo-de-la-Charreria-b-n.png","contentUrl":"https:\/\/museodelacharreria.org.mx\/wp-content\/uploads\/2023\/07\/Logo-Museo-de-la-Charreria-b-n.png","width":500,"height":250,"caption":"Museo de la Charrer\u00eda Ciudad de M\u00e9xico"},"image":{"@id":"https:\/\/museodelacharreria.org.mx\/#\/schema\/logo\/image\/"},"sameAs":["https:\/\/www.youtube.com\/@MuseoDeLaCharreria"]}]}},"_links":{"self":[{"href":"https:\/\/museodelacharreria.org.mx\/de\/wp-json\/wp\/v2\/pages\/2490","targetHints":{"allow":["GET"]}}],"collection":[{"href":"https:\/\/museodelacharreria.org.mx\/de\/wp-json\/wp\/v2\/pages"}],"about":[{"href":"https:\/\/museodelacharreria.org.mx\/de\/wp-json\/wp\/v2\/types\/page"}],"author":[{"embeddable":true,"href":"https:\/\/museodelacharreria.org.mx\/de\/wp-json\/wp\/v2\/users\/1"}],"replies":[{"embeddable":true,"href":"https:\/\/museodelacharreria.org.mx\/de\/wp-json\/wp\/v2\/comments?post=2490"}],"version-history":[{"count":9,"href":"https:\/\/museodelacharreria.org.mx\/de\/wp-json\/wp\/v2\/pages\/2490\/revisions"}],"predecessor-version":[{"id":2839,"href":"https:\/\/museodelacharreria.org.mx\/de\/wp-json\/wp\/v2\/pages\/2490\/revisions\/2839"}],"up":[{"embeddable":true,"href":"https:\/\/museodelacharreria.org.mx\/de\/wp-json\/wp\/v2\/pages\/54"}],"wp:featuredmedia":[{"embeddable":true,"href":"https:\/\/museodelacharreria.org.mx\/de\/wp-json\/wp\/v2\/media\/2597"}],"wp:attachment":[{"href":"https:\/\/museodelacharreria.org.mx\/de\/wp-json\/wp\/v2\/media?parent=2490"}],"curies":[{"name":"wp","href":"https:\/\/api.w.org\/{rel}","templated":true}]}}