{"id":905,"date":"2023-09-25T17:07:51","date_gmt":"2023-09-25T17:07:51","guid":{"rendered":"https:\/\/museodelacharreria.org.mx\/?page_id=905"},"modified":"2023-09-25T17:08:29","modified_gmt":"2023-09-25T17:08:29","slug":"hute","status":"publish","type":"page","link":"https:\/\/museodelacharreria.org.mx\/de\/exhibicion\/sombreros\/","title":{"rendered":"H\u00dcTE"},"content":{"rendered":"<style type=\"text\/css\" data-created_by=\"avia_inline_auto\" id=\"style-css-av-lmz4krxb-7361e69fa82e29ac4b1c8d748ffc20de\">\n.avia-section.av-lmz4krxb-7361e69fa82e29ac4b1c8d748ffc20de{\nbackground-repeat:no-repeat;\nbackground-image:url(https:\/\/museodelacharreria.org.mx\/wp-content\/uploads\/2023\/09\/Museo-de-la-Charreria-CDMX-Sombrero-Papa-Francisco-0018.jpg);\nbackground-position:50% 50%;\nbackground-attachment:scroll;\n}\n<\/style>\n<div id='av_section_1'  class='avia-section av-lmz4krxb-7361e69fa82e29ac4b1c8d748ffc20de main_color avia-section-no-padding avia-no-border-styling  avia-builder-el-0  el_before_av_portfolio  avia-builder-el-first  avia-full-stretch avia-bg-style-scroll av-minimum-height av-minimum-height-80 av-height-percent  container_wrap fullsize'  data-section-bg-repeat='stretch' data-av_minimum_height_pc='80' data-av_min_height_opt='percent'><div class=\"av-section-color-overlay-wrap\"><a href='#next-section' title='' class='scroll-down-link' aria-hidden='true' data-av_icon='\ue877' data-av_iconfont='entypo-fontello'><\/a><div class='container av-section-cont-open' ><main  role=\"main\" itemprop=\"mainContentOfPage\"  class='template-page content  av-content-full alpha units'><div class='post-entry post-entry-type-page post-entry-905'><div class='entry-content-wrapper clearfix'>\n<div  id=\"av-sc-portfolio-1\"  class=\"av-portfolio-grid-sorting-container\"><div class='sort_width_container  av-sort-yes' data-portfolio-id='1' ><div id='js_sort_items' ><div class='sort_by_cat hidden'><a href=\"#\" data-filter=\"all_sort\" class=\"all_sort_button active_sort\"><span class=\"inner_sort_button\"><span>Alle<\/span><small class=\"av-cat-count\"> 16 <\/small><\/span><\/a><span class=\"text-sep sombreros_sort_sep\">\/<\/span><a href=\"#\" data-filter=\"sombreros_sort\" class=\"sombreros_sort_button\" ><span class=\"inner_sort_button\"><span>H\u00dcTE<\/span><small class=\"av-cat-count\"> 16 <\/small><\/span><\/a><\/div><\/div><\/div><div  class='grid-sort-container isotope   no_margin-container with-title-container grid-total-even grid-col-4 grid-links-' data-portfolio-id='1'><div data-ajax-id='2401' class='grid-entry flex_column isotope-item all_sort no_margin post-entry post-entry-2401 grid-entry-overview grid-loop-1 grid-parity-odd  coleccion_sort sombreros_sort  av_one_fourth first default_av_fullwidth'><article class='main_color inner-entry'  itemscope=\"itemscope\" itemtype=\"https:\/\/schema.org\/CreativeWork\" ><a href=\"https:\/\/museodelacharreria.org.mx\/de\/coleccion\/sombrero-con-bordado-de-rosas\/\" title='HUT MIT ROSENSTICKEREI'  data-rel='grid-1' class='grid-image avia-hover-fx'> <img decoding=\"async\" fetchpriority=\"high\" width=\"260\" height=\"185\" src=\"https:\/\/museodelacharreria.org.mx\/wp-content\/uploads\/2023\/11\/Museo-de-la-Charreria-Sombrero-0155-260x185.jpg\" class=\"wp-image-2396 avia-img-lazy-loading-not-2396 attachment-portfolio_small size-portfolio_small wp-post-image\" alt=\"\" srcset=\"https:\/\/museodelacharreria.org.mx\/wp-content\/uploads\/2023\/11\/Museo-de-la-Charreria-Sombrero-0155-260x185.jpg 260w, https:\/\/museodelacharreria.org.mx\/wp-content\/uploads\/2023\/11\/Museo-de-la-Charreria-Sombrero-0155-18x12.jpg 18w\" sizes=\"(max-width: 260px) 100vw, 260px\" \/><\/a><div class='grid-content'><div class='avia-arrow'><\/div><header class=\"entry-content-header\" aria-label=\"Portfolio: SOMBRERO CON BORDADO DE ROSAS\"><h3 class='grid-entry-title entry-title'  itemprop=\"headline\" ><a href='https:\/\/museodelacharreria.org.mx\/de\/coleccion\/sombrero-con-bordado-de-rosas\/' title='HUT MIT ROSENSTICKEREI'>HUT MIT ROSENSTICKEREI<\/a><\/h3><\/header><\/div><footer class=\"entry-footer\"><\/footer><\/article><\/div><div data-ajax-id='2435' class='grid-entry flex_column isotope-item all_sort no_margin post-entry post-entry-2435 grid-entry-overview grid-loop-2 grid-parity-even  coleccion_sort sombreros_sort  av_one_fourth  default_av_fullwidth'><article class='main_color inner-entry'  itemscope=\"itemscope\" itemtype=\"https:\/\/schema.org\/CreativeWork\" ><a href=\"https:\/\/museodelacharreria.org.mx\/de\/coleccion\/sombrero-de-charro-para-nino\/\" title='KINDER CHARRO HUT'  data-rel='grid-1' class='grid-image avia-hover-fx'> <img decoding=\"async\" fetchpriority=\"high\" width=\"260\" height=\"185\" src=\"https:\/\/museodelacharreria.org.mx\/wp-content\/uploads\/2023\/11\/Museo-de-la-Charreria-Sombrero-de-Charro-0022-260x185.jpg\" class=\"wp-image-2420 avia-img-lazy-loading-not-2420 attachment-portfolio_small size-portfolio_small wp-post-image\" alt=\"\" srcset=\"https:\/\/museodelacharreria.org.mx\/wp-content\/uploads\/2023\/11\/Museo-de-la-Charreria-Sombrero-de-Charro-0022-260x185.jpg 260w, https:\/\/museodelacharreria.org.mx\/wp-content\/uploads\/2023\/11\/Museo-de-la-Charreria-Sombrero-de-Charro-0022-18x12.jpg 18w\" sizes=\"(max-width: 260px) 100vw, 260px\" \/><\/a><div class='grid-content'><div class='avia-arrow'><\/div><header class=\"entry-content-header\" aria-label=\"Portfolio: SOMBRERO DE CHARRO PARA NI\u00d1O\"><h3 class='grid-entry-title entry-title'  itemprop=\"headline\" ><a href='https:\/\/museodelacharreria.org.mx\/de\/coleccion\/sombrero-de-charro-para-nino\/' title='KINDER CHARRO HUT'>KINDER CHARRO HUT<\/a><\/h3><\/header><\/div><footer class=\"entry-footer\"><\/footer><\/article><\/div><div data-ajax-id='2429' class='grid-entry flex_column isotope-item all_sort no_margin post-entry post-entry-2429 grid-entry-overview grid-loop-3 grid-parity-odd  coleccion_sort sombreros_sort  av_one_fourth  default_av_fullwidth'><article class='main_color inner-entry'  itemscope=\"itemscope\" itemtype=\"https:\/\/schema.org\/CreativeWork\" ><a href=\"https:\/\/museodelacharreria.org.mx\/de\/coleccion\/sombrero-de-pelo-fino-bordado-en-canutillo-de-oro\/\" title='FEINE PELZM\u00dcTZE MIT GOLDBORTE BESTICKT'  data-rel='grid-1' class='grid-image avia-hover-fx'> <img decoding=\"async\" fetchpriority=\"high\" width=\"260\" height=\"185\" src=\"https:\/\/museodelacharreria.org.mx\/wp-content\/uploads\/2023\/11\/Museo-de-la-Charreria-Sombrero-de-Charro-0144-260x185.jpg\" class=\"wp-image-2425 avia-img-lazy-loading-not-2425 attachment-portfolio_small size-portfolio_small wp-post-image\" alt=\"\" srcset=\"https:\/\/museodelacharreria.org.mx\/wp-content\/uploads\/2023\/11\/Museo-de-la-Charreria-Sombrero-de-Charro-0144-260x185.jpg 260w, https:\/\/museodelacharreria.org.mx\/wp-content\/uploads\/2023\/11\/Museo-de-la-Charreria-Sombrero-de-Charro-0144-18x12.jpg 18w\" sizes=\"(max-width: 260px) 100vw, 260px\" \/><\/a><div class='grid-content'><div class='avia-arrow'><\/div><header class=\"entry-content-header\" aria-label=\"Portfolio: SOMBRERO DE PELO FINO BORDADO CON CANUTILLO DE ORO\"><h3 class='grid-entry-title entry-title'  itemprop=\"headline\" ><a href='https:\/\/museodelacharreria.org.mx\/de\/coleccion\/sombrero-de-pelo-fino-bordado-en-canutillo-de-oro\/' title='FEINE PELZM\u00dcTZE MIT GOLDBORTE BESTICKT'>FEINE PELZM\u00dcTZE MIT GOLDBORTE BESTICKT<\/a><\/h3><\/header><\/div><footer class=\"entry-footer\"><\/footer><\/article><\/div><div data-ajax-id='2415' class='grid-entry flex_column isotope-item all_sort no_margin post-entry post-entry-2415 grid-entry-overview grid-loop-4 grid-parity-even  coleccion_sort sombreros_sort  av_one_fourth  default_av_fullwidth'><article class='main_color inner-entry'  itemscope=\"itemscope\" itemtype=\"https:\/\/schema.org\/CreativeWork\" ><a href=\"https:\/\/museodelacharreria.org.mx\/de\/coleccion\/sombrero-castoreno-de-chinaco-color-gris\/\" title='CHINACO CHINACO HUT, FARBE GRAU'  data-rel='grid-1' class='grid-image avia-hover-fx'> <img decoding=\"async\" fetchpriority=\"high\" width=\"260\" height=\"185\" src=\"https:\/\/museodelacharreria.org.mx\/wp-content\/uploads\/2023\/11\/Museo-de-la-Charreria-Sombrero-de-Chinaco-0170-260x185.jpg\" class=\"wp-image-2410 avia-img-lazy-loading-not-2410 attachment-portfolio_small size-portfolio_small wp-post-image\" alt=\"\" srcset=\"https:\/\/museodelacharreria.org.mx\/wp-content\/uploads\/2023\/11\/Museo-de-la-Charreria-Sombrero-de-Chinaco-0170-260x185.jpg 260w, https:\/\/museodelacharreria.org.mx\/wp-content\/uploads\/2023\/11\/Museo-de-la-Charreria-Sombrero-de-Chinaco-0170-18x12.jpg 18w\" sizes=\"(max-width: 260px) 100vw, 260px\" \/><\/a><div class='grid-content'><div class='avia-arrow'><\/div><header class=\"entry-content-header\" aria-label=\"Portfolio: SOMBRERO CASTORE\u00d1O DE CHINACO COLOR GRIS\"><h3 class='grid-entry-title entry-title'  itemprop=\"headline\" ><a href='https:\/\/museodelacharreria.org.mx\/de\/coleccion\/sombrero-castoreno-de-chinaco-color-gris\/' title='CHINACO CHINACO HUT, FARBE GRAU'>CHINACO CHINACO HUT, FARBE GRAU<\/a><\/h3><\/header><\/div><footer class=\"entry-footer\"><\/footer><\/article><\/div><div data-ajax-id='2406' class='grid-entry flex_column isotope-item all_sort no_margin post-entry post-entry-2406 grid-entry-overview grid-loop-5 grid-parity-odd  coleccion_sort sombreros_sort  av_one_fourth first default_av_fullwidth'><article class='main_color inner-entry'  itemscope=\"itemscope\" itemtype=\"https:\/\/schema.org\/CreativeWork\" ><a href=\"https:\/\/museodelacharreria.org.mx\/de\/coleccion\/sombrero-castoreno-de-chinaco\/\" title='BRAUNER CHINACO CHINACO HUT'  data-rel='grid-1' class='grid-image avia-hover-fx'> <img decoding=\"async\" fetchpriority=\"high\" width=\"260\" height=\"185\" src=\"https:\/\/museodelacharreria.org.mx\/wp-content\/uploads\/2023\/11\/Museo-de-la-Charreria-Sombrero-de-Chinaco-0166-260x185.jpg\" class=\"wp-image-2407 avia-img-lazy-loading-not-2407 attachment-portfolio_small size-portfolio_small wp-post-image\" alt=\"Chinaco Biber Hut\" srcset=\"https:\/\/museodelacharreria.org.mx\/wp-content\/uploads\/2023\/11\/Museo-de-la-Charreria-Sombrero-de-Chinaco-0166-260x185.jpg 260w, https:\/\/museodelacharreria.org.mx\/wp-content\/uploads\/2023\/11\/Museo-de-la-Charreria-Sombrero-de-Chinaco-0166-18x12.jpg 18w\" sizes=\"(max-width: 260px) 100vw, 260px\" \/><\/a><div class='grid-content'><div class='avia-arrow'><\/div><header class=\"entry-content-header\" aria-label=\"Portfolio: SOMBRERO CASTORE\u00d1O DE CHINACO COLOR CAF\u00c9\"><h3 class='grid-entry-title entry-title'  itemprop=\"headline\" ><a href='https:\/\/museodelacharreria.org.mx\/de\/coleccion\/sombrero-castoreno-de-chinaco\/' title='BRAUNER CHINACO CHINACO HUT'>BRAUNER CHINACO CHINACO HUT<\/a><\/h3><\/header><\/div><footer class=\"entry-footer\"><\/footer><\/article><\/div><div data-ajax-id='2383' class='grid-entry flex_column isotope-item all_sort no_margin post-entry post-entry-2383 grid-entry-overview grid-loop-6 grid-parity-even  coleccion_sort sombreros_sort  av_one_fourth  default_av_fullwidth'><article class='main_color inner-entry'  itemscope=\"itemscope\" itemtype=\"https:\/\/schema.org\/CreativeWork\" ><a href=\"https:\/\/museodelacharreria.org.mx\/de\/coleccion\/sombrero-con-detalle-de-espuelas\/\" title='HUT MIT SPOREN-DETAIL'  data-rel='grid-1' class='grid-image avia-hover-fx'> <img decoding=\"async\" fetchpriority=\"high\" width=\"260\" height=\"185\" src=\"https:\/\/museodelacharreria.org.mx\/wp-content\/uploads\/2023\/11\/Museo-de-la-Charreria-Sombrero-0149-260x185.jpg\" class=\"wp-image-2386 avia-img-lazy-loading-not-2386 attachment-portfolio_small size-portfolio_small wp-post-image\" alt=\"\" srcset=\"https:\/\/museodelacharreria.org.mx\/wp-content\/uploads\/2023\/11\/Museo-de-la-Charreria-Sombrero-0149-260x185.jpg 260w, https:\/\/museodelacharreria.org.mx\/wp-content\/uploads\/2023\/11\/Museo-de-la-Charreria-Sombrero-0149-18x12.jpg 18w\" sizes=\"(max-width: 260px) 100vw, 260px\" \/><\/a><div class='grid-content'><div class='avia-arrow'><\/div><header class=\"entry-content-header\" aria-label=\"Portfolio: SOMBRERO CON DETALLE DE ESPUELAS\"><h3 class='grid-entry-title entry-title'  itemprop=\"headline\" ><a href='https:\/\/museodelacharreria.org.mx\/de\/coleccion\/sombrero-con-detalle-de-espuelas\/' title='HUT MIT SPOREN-DETAIL'>HUT MIT SPOREN-DETAIL<\/a><\/h3><\/header><\/div><footer class=\"entry-footer\"><\/footer><\/article><\/div><div data-ajax-id='2332' class='grid-entry flex_column isotope-item all_sort no_margin post-entry post-entry-2332 grid-entry-overview grid-loop-7 grid-parity-odd  coleccion_sort sombreros_sort  av_one_fourth  default_av_fullwidth'><article class='main_color inner-entry'  itemscope=\"itemscope\" itemtype=\"https:\/\/schema.org\/CreativeWork\" ><a href=\"https:\/\/museodelacharreria.org.mx\/de\/coleccion\/sombrero-de-charro-con-ribete-en-pano-cafe\/\" title='CHARRO-HUT MIT BRAUNEM STOFFEINSATZ'  data-rel='grid-1' class='grid-image avia-hover-fx'> <img decoding=\"async\" fetchpriority=\"high\" width=\"260\" height=\"185\" src=\"https:\/\/museodelacharreria.org.mx\/wp-content\/uploads\/2023\/10\/Museo-de-la-Charreria-Sombrero-0136-260x185.jpg\" class=\"wp-image-2333 avia-img-lazy-loading-not-2333 attachment-portfolio_small size-portfolio_small wp-post-image\" alt=\"CHARRO-HUT MIT BRAUNEM STOFFEINSATZ\" srcset=\"https:\/\/museodelacharreria.org.mx\/wp-content\/uploads\/2023\/10\/Museo-de-la-Charreria-Sombrero-0136-260x185.jpg 260w, https:\/\/museodelacharreria.org.mx\/wp-content\/uploads\/2023\/10\/Museo-de-la-Charreria-Sombrero-0136-18x12.jpg 18w\" sizes=\"(max-width: 260px) 100vw, 260px\" \/><\/a><div class='grid-content'><div class='avia-arrow'><\/div><header class=\"entry-content-header\" aria-label=\"Portfolio: SOMBRERO DE CHARRO CON RIBETE EN PA\u00d1O CAFE\"><h3 class='grid-entry-title entry-title'  itemprop=\"headline\" ><a href='https:\/\/museodelacharreria.org.mx\/de\/coleccion\/sombrero-de-charro-con-ribete-en-pano-cafe\/' title='CHARRO-HUT MIT BRAUNEM STOFFEINSATZ'>CHARRO-HUT MIT BRAUNEM STOFFEINSATZ<\/a><\/h3><\/header><\/div><footer class=\"entry-footer\"><\/footer><\/article><\/div><div data-ajax-id='2323' class='grid-entry flex_column isotope-item all_sort no_margin post-entry post-entry-2323 grid-entry-overview grid-loop-8 grid-parity-even  coleccion_sort sombreros_sort  av_one_fourth  default_av_fullwidth'><article class='main_color inner-entry'  itemscope=\"itemscope\" itemtype=\"https:\/\/schema.org\/CreativeWork\" ><a href=\"https:\/\/museodelacharreria.org.mx\/de\/coleccion\/sombrero-de-charro-con-pial\/\" title='CHARRO-HUT MIT GEFLOCHTENEM LEDER'  data-rel='grid-1' class='grid-image avia-hover-fx'> <img decoding=\"async\" fetchpriority=\"high\" width=\"260\" height=\"185\" src=\"https:\/\/museodelacharreria.org.mx\/wp-content\/uploads\/2023\/10\/Museo-de-la-Charreria-Sombrero-0130-260x185.jpg\" class=\"wp-image-2327 avia-img-lazy-loading-not-2327 attachment-portfolio_small size-portfolio_small wp-post-image\" alt=\"Brauner Hut mit Pailletten verziert\" srcset=\"https:\/\/museodelacharreria.org.mx\/wp-content\/uploads\/2023\/10\/Museo-de-la-Charreria-Sombrero-0130-260x185.jpg 260w, https:\/\/museodelacharreria.org.mx\/wp-content\/uploads\/2023\/10\/Museo-de-la-Charreria-Sombrero-0130-18x12.jpg 18w\" sizes=\"(max-width: 260px) 100vw, 260px\" \/><\/a><div class='grid-content'><div class='avia-arrow'><\/div><header class=\"entry-content-header\" aria-label=\"Portfolio: SOMBRERO DE CHARRO CON PIAL\"><h3 class='grid-entry-title entry-title'  itemprop=\"headline\" ><a href='https:\/\/museodelacharreria.org.mx\/de\/coleccion\/sombrero-de-charro-con-pial\/' title='CHARRO-HUT MIT GEFLOCHTENEM LEDER'>CHARRO-HUT MIT GEFLOCHTENEM LEDER<\/a><\/h3><\/header><\/div><footer class=\"entry-footer\"><\/footer><\/article><\/div><div data-ajax-id='2312' class='grid-entry flex_column isotope-item all_sort no_margin post-entry post-entry-2312 grid-entry-overview grid-loop-9 grid-parity-odd  coleccion_sort sombreros_sort  av_one_fourth first default_av_fullwidth'><article class='main_color inner-entry'  itemscope=\"itemscope\" itemtype=\"https:\/\/schema.org\/CreativeWork\" ><a href=\"https:\/\/museodelacharreria.org.mx\/de\/coleccion\/sombrero-color-castor\/\" title='CHARRO-HUT BIBERFARBE'  data-rel='grid-1' class='grid-image avia-hover-fx'> <img decoding=\"async\" fetchpriority=\"high\" width=\"260\" height=\"185\" src=\"https:\/\/museodelacharreria.org.mx\/wp-content\/uploads\/2023\/10\/Museo-de-la-Charreria-Sombrero-0115-260x185.jpg\" class=\"wp-image-2313 avia-img-lazy-loading-not-2313 attachment-portfolio_small size-portfolio_small wp-post-image\" alt=\"Biberfarbener Hut\" srcset=\"https:\/\/museodelacharreria.org.mx\/wp-content\/uploads\/2023\/10\/Museo-de-la-Charreria-Sombrero-0115-260x185.jpg 260w, https:\/\/museodelacharreria.org.mx\/wp-content\/uploads\/2023\/10\/Museo-de-la-Charreria-Sombrero-0115-18x12.jpg 18w\" sizes=\"(max-width: 260px) 100vw, 260px\" \/><\/a><div class='grid-content'><div class='avia-arrow'><\/div><header class=\"entry-content-header\" aria-label=\"Portfolio: SOMBRERO COLOR CASTOR\"><h3 class='grid-entry-title entry-title'  itemprop=\"headline\" ><a href='https:\/\/museodelacharreria.org.mx\/de\/coleccion\/sombrero-color-castor\/' title='CHARRO-HUT BIBERFARBE'>CHARRO-HUT BIBERFARBE<\/a><\/h3><\/header><\/div><footer class=\"entry-footer\"><\/footer><\/article><\/div><div data-ajax-id='2239' class='grid-entry flex_column isotope-item all_sort no_margin post-entry post-entry-2239 grid-entry-overview grid-loop-10 grid-parity-even  coleccion_sort sombreros_sort  av_one_fourth  default_av_fullwidth'><article class='main_color inner-entry'  itemscope=\"itemscope\" itemtype=\"https:\/\/schema.org\/CreativeWork\" ><a href=\"https:\/\/museodelacharreria.org.mx\/de\/coleccion\/sombrero-de-don-isidro-candia\/\" title='CHARRO HUT VON ISIDRO CANDIA'  data-rel='grid-1' class='grid-image avia-hover-fx'> <img decoding=\"async\" fetchpriority=\"high\" width=\"260\" height=\"185\" src=\"https:\/\/museodelacharreria.org.mx\/wp-content\/uploads\/2023\/10\/Museo-de-la-Charreria-Sombrero-de-Don-Isidro-Candia-0111-260x185.jpg\" class=\"wp-image-2240 avia-img-lazy-loading-not-2240 attachment-portfolio_small size-portfolio_small wp-post-image\" alt=\"CHARRO HUT VON ISIDRO CANDIA\" srcset=\"https:\/\/museodelacharreria.org.mx\/wp-content\/uploads\/2023\/10\/Museo-de-la-Charreria-Sombrero-de-Don-Isidro-Candia-0111-260x185.jpg 260w, https:\/\/museodelacharreria.org.mx\/wp-content\/uploads\/2023\/10\/Museo-de-la-Charreria-Sombrero-de-Don-Isidro-Candia-0111-18x12.jpg 18w\" sizes=\"(max-width: 260px) 100vw, 260px\" \/><\/a><div class='grid-content'><div class='avia-arrow'><\/div><header class=\"entry-content-header\" aria-label=\"Portfolio: SOMBRERO DE DON ISIDRO CANDIA\"><h3 class='grid-entry-title entry-title'  itemprop=\"headline\" ><a href='https:\/\/museodelacharreria.org.mx\/de\/coleccion\/sombrero-de-don-isidro-candia\/' title='CHARRO HUT VON ISIDRO CANDIA'>CHARRO HUT VON ISIDRO CANDIA<\/a><\/h3><\/header><\/div><footer class=\"entry-footer\"><\/footer><\/article><\/div><div data-ajax-id='2226' class='grid-entry flex_column isotope-item all_sort no_margin post-entry post-entry-2226 grid-entry-overview grid-loop-11 grid-parity-odd  coleccion_sort sombreros_sort  av_one_fourth  default_av_fullwidth'><article class='main_color inner-entry'  itemscope=\"itemscope\" itemtype=\"https:\/\/schema.org\/CreativeWork\" ><a href=\"https:\/\/museodelacharreria.org.mx\/de\/coleccion\/sombrero-negro-y-plata-de-pelo-fino-de-conejo\/\" title='HUT AUS FEINEM SCHWARZ-SILBER KANINCHENFELL'  data-rel='grid-1' class='grid-image avia-hover-fx'> <img decoding=\"async\" fetchpriority=\"high\" width=\"260\" height=\"185\" src=\"https:\/\/museodelacharreria.org.mx\/wp-content\/uploads\/2023\/10\/Museo-de-la-Charreria-SOMBRERO-NEGRO-Y-PLATA-DE-PELO-FINO-DE-SCONEJO-0027-260x185.jpg\" class=\"wp-image-2227 avia-img-lazy-loading-not-2227 attachment-portfolio_small size-portfolio_small wp-post-image\" alt=\"HUT AUS FEINEM SCHWARZ-SILBER KANINCHENFELL\" srcset=\"https:\/\/museodelacharreria.org.mx\/wp-content\/uploads\/2023\/10\/Museo-de-la-Charreria-SOMBRERO-NEGRO-Y-PLATA-DE-PELO-FINO-DE-SCONEJO-0027-260x185.jpg 260w, https:\/\/museodelacharreria.org.mx\/wp-content\/uploads\/2023\/10\/Museo-de-la-Charreria-SOMBRERO-NEGRO-Y-PLATA-DE-PELO-FINO-DE-SCONEJO-0027-18x12.jpg 18w\" sizes=\"(max-width: 260px) 100vw, 260px\" \/><\/a><div class='grid-content'><div class='avia-arrow'><\/div><header class=\"entry-content-header\" aria-label=\"Portfolio: SOMBRERO NEGRO Y PLATA DE PELO FINO DE CONEJO\"><h3 class='grid-entry-title entry-title'  itemprop=\"headline\" ><a href='https:\/\/museodelacharreria.org.mx\/de\/coleccion\/sombrero-negro-y-plata-de-pelo-fino-de-conejo\/' title='HUT AUS FEINEM SCHWARZ-SILBER KANINCHENFELL'>HUT AUS FEINEM SCHWARZ-SILBER KANINCHENFELL<\/a><\/h3><\/header><\/div><footer class=\"entry-footer\"><\/footer><\/article><\/div><div data-ajax-id='2219' class='grid-entry flex_column isotope-item all_sort no_margin post-entry post-entry-2219 grid-entry-overview grid-loop-12 grid-parity-even  coleccion_sort sombreros_sort  av_one_fourth  default_av_fullwidth'><article class='main_color inner-entry'  itemscope=\"itemscope\" itemtype=\"https:\/\/schema.org\/CreativeWork\" ><a href=\"https:\/\/museodelacharreria.org.mx\/de\/coleccion\/sombrero-de-palma-real\/\" title='K\u00d6NIGLICHER PALMENHUT'  data-rel='grid-1' class='grid-image avia-hover-fx'> <img decoding=\"async\" fetchpriority=\"high\" width=\"260\" height=\"185\" src=\"https:\/\/museodelacharreria.org.mx\/wp-content\/uploads\/2023\/10\/Museo-de-la-Charreria-Sombrero-0010-260x185.jpg\" class=\"wp-image-2223 avia-img-lazy-loading-not-2223 attachment-portfolio_small size-portfolio_small wp-post-image\" alt=\"K\u00d6NIGLICHER PALMENHUT\" srcset=\"https:\/\/museodelacharreria.org.mx\/wp-content\/uploads\/2023\/10\/Museo-de-la-Charreria-Sombrero-0010-260x185.jpg 260w, https:\/\/museodelacharreria.org.mx\/wp-content\/uploads\/2023\/10\/Museo-de-la-Charreria-Sombrero-0010-18x12.jpg 18w\" sizes=\"(max-width: 260px) 100vw, 260px\" \/><\/a><div class='grid-content'><div class='avia-arrow'><\/div><header class=\"entry-content-header\" aria-label=\"Portfolio: SOMBRERO DE PALMA REAL\"><h3 class='grid-entry-title entry-title'  itemprop=\"headline\" ><a href='https:\/\/museodelacharreria.org.mx\/de\/coleccion\/sombrero-de-palma-real\/' title='K\u00d6NIGLICHER PALMENHUT'>K\u00d6NIGLICHER PALMENHUT<\/a><\/h3><\/header><\/div><footer class=\"entry-footer\"><\/footer><\/article><\/div><div data-ajax-id='2209' class='grid-entry flex_column isotope-item all_sort no_margin post-entry post-entry-2209 grid-entry-overview grid-loop-13 grid-parity-odd  coleccion_sort sombreros_sort  av_one_fourth first default_av_fullwidth'><article class='main_color inner-entry'  itemscope=\"itemscope\" itemtype=\"https:\/\/schema.org\/CreativeWork\" ><a href=\"https:\/\/museodelacharreria.org.mx\/de\/coleccion\/sombrero-con-motivos-prehispanicos\/\" title='CHARRO-HUT MIT PR\u00c4HISPANISCHEN MOTIVEN'  data-rel='grid-1' class='grid-image avia-hover-fx'> <img decoding=\"async\" fetchpriority=\"high\" width=\"260\" height=\"185\" src=\"https:\/\/museodelacharreria.org.mx\/wp-content\/uploads\/2023\/10\/Museo-de-la-Charreria-Sombrero-0159-260x185.jpg\" class=\"wp-image-2210 avia-img-lazy-loading-not-2210 attachment-portfolio_small size-portfolio_small wp-post-image\" alt=\"\" srcset=\"https:\/\/museodelacharreria.org.mx\/wp-content\/uploads\/2023\/10\/Museo-de-la-Charreria-Sombrero-0159-260x185.jpg 260w, https:\/\/museodelacharreria.org.mx\/wp-content\/uploads\/2023\/10\/Museo-de-la-Charreria-Sombrero-0159-18x12.jpg 18w\" sizes=\"(max-width: 260px) 100vw, 260px\" \/><\/a><div class='grid-content'><div class='avia-arrow'><\/div><header class=\"entry-content-header\" aria-label=\"Portfolio: SOMBRERO CON MOTIVOS PREHISP\u00c1NICOS\"><h3 class='grid-entry-title entry-title'  itemprop=\"headline\" ><a href='https:\/\/museodelacharreria.org.mx\/de\/coleccion\/sombrero-con-motivos-prehispanicos\/' title='CHARRO-HUT MIT PR\u00c4HISPANISCHEN MOTIVEN'>CHARRO-HUT MIT PR\u00c4HISPANISCHEN MOTIVEN<\/a><\/h3><\/header><\/div><footer class=\"entry-footer\"><\/footer><\/article><\/div><div data-ajax-id='1647' class='grid-entry flex_column isotope-item all_sort no_margin post-entry post-entry-1647 grid-entry-overview grid-loop-14 grid-parity-even  coleccion_sort sombreros_sort  av_one_fourth  default_av_fullwidth'><article class='main_color inner-entry'  itemscope=\"itemscope\" itemtype=\"https:\/\/schema.org\/CreativeWork\" ><a href=\"https:\/\/museodelacharreria.org.mx\/de\/coleccion\/sombrero-con-rosetones-bordados-en-canutillo-de-oro\/\" title='HUT MIT GOLDBESTICKTEN ROSETTEN IN GOLDENER PERLENSTICKEREI'  data-rel='grid-1' class='grid-image avia-hover-fx'> <img decoding=\"async\" fetchpriority=\"high\" width=\"260\" height=\"185\" src=\"https:\/\/museodelacharreria.org.mx\/wp-content\/uploads\/2023\/09\/Museo-de-la-Charreria-Sombrero-de-Charro-0080-260x185.jpg\" class=\"wp-image-1618 avia-img-lazy-loading-not-1618 attachment-portfolio_small size-portfolio_small wp-post-image\" alt=\"\" \/><\/a><div class='grid-content'><div class='avia-arrow'><\/div><header class=\"entry-content-header\" aria-label=\"Portfolio: SOMBRERO CON ROSETONES BORDADOS EN CANUTILLO DE ORO\"><h3 class='grid-entry-title entry-title'  itemprop=\"headline\" ><a href='https:\/\/museodelacharreria.org.mx\/de\/coleccion\/sombrero-con-rosetones-bordados-en-canutillo-de-oro\/' title='HUT MIT GOLDBESTICKTEN ROSETTEN IN GOLDENER PERLENSTICKEREI'>HUT MIT GOLDBESTICKTEN ROSETTEN IN GOLDENER PERLENSTICKEREI<\/a><\/h3><\/header><\/div><footer class=\"entry-footer\"><\/footer><\/article><\/div><div data-ajax-id='1639' class='grid-entry flex_column isotope-item all_sort no_margin post-entry post-entry-1639 grid-entry-overview grid-loop-15 grid-parity-odd  coleccion_sort sombreros_sort  av_one_fourth  default_av_fullwidth'><article class='main_color inner-entry'  itemscope=\"itemscope\" itemtype=\"https:\/\/schema.org\/CreativeWork\" ><a href=\"https:\/\/museodelacharreria.org.mx\/de\/coleccion\/sombrero-gris-del-gral-felix-banuelos\/\" title='GRAUER HUT VON GEN. FELIX BA\u00d1UELOS'  data-rel='grid-1' class='grid-image avia-hover-fx'> <img decoding=\"async\" fetchpriority=\"high\" width=\"260\" height=\"185\" src=\"https:\/\/museodelacharreria.org.mx\/wp-content\/uploads\/2023\/09\/Museo-de-la-Charreria-Sombrero-de-Charro-0101-260x185.jpg\" class=\"wp-image-1613 avia-img-lazy-loading-not-1613 attachment-portfolio_small size-portfolio_small wp-post-image\" alt=\"\" \/><\/a><div class='grid-content'><div class='avia-arrow'><\/div><header class=\"entry-content-header\" aria-label=\"Portfolio: SOMBRERO GRIS DEL GRAL. FELIX BA\u00d1UELOS\"><h3 class='grid-entry-title entry-title'  itemprop=\"headline\" ><a href='https:\/\/museodelacharreria.org.mx\/de\/coleccion\/sombrero-gris-del-gral-felix-banuelos\/' title='GRAUER HUT VON GEN. FELIX BA\u00d1UELOS'>GRAUER HUT VON GEN. FELIX BA\u00d1UELOS<\/a><\/h3><\/header><\/div><footer class=\"entry-footer\"><\/footer><\/article><\/div><div data-ajax-id='1607' class='grid-entry flex_column isotope-item all_sort no_margin post-entry post-entry-1607 grid-entry-overview grid-loop-16 grid-parity-even  post-entry-last  coleccion_sort sombreros_sort  av_one_fourth  default_av_fullwidth'><article class='main_color inner-entry'  itemscope=\"itemscope\" itemtype=\"https:\/\/schema.org\/CreativeWork\" ><a href=\"https:\/\/museodelacharreria.org.mx\/de\/coleccion\/sombrero-con-aguilas-nacionales\/\" title='HUT MIT NATIONALADLER'  data-rel='grid-1' class='grid-image avia-hover-fx'> <img decoding=\"async\" fetchpriority=\"high\" width=\"260\" height=\"185\" src=\"https:\/\/museodelacharreria.org.mx\/wp-content\/uploads\/2023\/09\/Museo-de-la-Charreria-Sombrero-de-Charro-0140-260x185.jpg\" class=\"wp-image-1611 avia-img-lazy-loading-not-1611 attachment-portfolio_small size-portfolio_small wp-post-image\" alt=\"\" \/><\/a><div class='grid-content'><div class='avia-arrow'><\/div><header class=\"entry-content-header\" aria-label=\"Portfolio: SOMBRERO CON \u00c1GUILAS NACIONALES\"><h3 class='grid-entry-title entry-title'  itemprop=\"headline\" ><a href='https:\/\/museodelacharreria.org.mx\/de\/coleccion\/sombrero-con-aguilas-nacionales\/' title='HUT MIT NATIONALADLER'>HUT MIT NATIONALADLER<\/a><\/h3><\/header><\/div><footer class=\"entry-footer\"><\/footer><\/article><\/div><\/div><\/div>   <!--   class=\"av-portfolio-grid-sorting-container\"  --><div class='pagination-wrap'><nav class='pagination'><span class='pagination-meta'>Seite 1 von 2<\/span><span class='current'>1<\/span><a href='https:\/\/museodelacharreria.org.mx\/de\/wp-json\/wp\/v2\/pages\/905\/?avia-element-paging=2' class='inactive next_page' >2<\/a><\/nav>\n<\/div>\n\n<style type=\"text\/css\" data-created_by=\"avia_inline_auto\" id=\"style-css-av-lmz55fu6-ce8f8fd31fde45b15b0edf712d523d34\">\n.avia-fold-unfold-section.av-fold-textblock-av-lmz55fu6-ce8f8fd31fde45b15b0edf712d523d34 .av-fold-unfold-container{\nmax-height:500px;\n}\n<\/style>\n<section id=\"avia_sc_text_1\" class='av_textblock_section av-lmz55fu6-ce8f8fd31fde45b15b0edf712d523d34 avia-fold-unfold-section avia-fold-textblock-wrap avia-fold-init av-fold-textblock-av-lmz55fu6-ce8f8fd31fde45b15b0edf712d523d34 align-left' data-fold_unfold=\"{&quot;type&quot;:&quot;avia-fold-unfold-section&quot;,&quot;height&quot;:&quot;500&quot;,&quot;more&quot;:&quot;Leer m\\u00e1s&quot;,&quot;less&quot;:&quot;Contraer&quot;,&quot;context&quot;:&quot;avia_sc_text&quot;}\"  itemscope=\"itemscope\" itemtype=\"https:\/\/schema.org\/CreativeWork\" ><div class=\"av-fold-unfold-container folded\"><\/div><div class='av-fold-button-wrapper av-textblock-btn-wrap'><a href=\"#\" class=\"av-fold-button-container\" data-ignore_hash=\"1\" data-no_scroll_in_viewport=\"1\" data-scroll_top_offset=\"50\">Mehr lesen<\/a><\/div><div class='avia_textblock'  itemprop=\"text\" ><h3>Der mexikanische Charro-Hut: Ein Schatz an Identit\u00e4t und handwerklicher Tradition<\/h3>\n<p>Das Herzst\u00fcck der St\u00fcckesammlung des Museo de la Charrer\u00eda ist ein emblematischer Schatz der mexikanischen Kultur: der Charro-Hut. Diese H\u00fcte sind mehr als nur ein einfaches Kleidungsst\u00fcck. In ihren Stroh- oder Filzstr\u00e4hnen steckt ein reiches Erbe an Identit\u00e4t und eine Tradition der Handwerkskunst, die Generationen \u00fcberdauert hat.<\/p>\n<p><strong>Verwurzelte Identit\u00e4t<\/strong><\/p>\n<p>Der Charro-Hut ist ein unverwechselbares Emblem der mexikanischen Identit\u00e4t. Seit seiner Entstehung zu Beginn des 19. Jahrhunderts ist er der treue Begleiter der Charros und steht f\u00fcr ihre Tapferkeit, ihr K\u00f6nnen und ihre Verbundenheit mit den Traditionen der Charrer\u00eda. Ihre unverwechselbare Form und die breite Krempe spenden den Tr\u00e4gern Schatten und Schutz, aber auch einen Hauch von Adel und W\u00fcrde, grundlegende Merkmale der Charro-Kultur.<\/p>\n<p><strong>Handwerkliche Tradition: Ein Handwerk, das im Laufe der Zeit geschmiedet wurde<\/strong><\/p>\n<p>Die Herstellung eines Charro-Hutes ist das Ergebnis einer m\u00fchsamen Handwerkskunst, bei der Geschicklichkeit, Geduld und von Generation zu Generation weitergegebenes Wissen miteinander verwoben sind. Die Kunsthandwerker, H\u00fcter dieser Tradition, w\u00e4hlen die Materialien, sei es das widerstandsf\u00e4hige Palmstroh oder der warme Filz, sorgf\u00e4ltig aus und formen sie dann mit Meisterschaft und Pr\u00e4zision.<\/p>\n<p><strong>Vielfalt an Formen, Materialien und Techniken<\/strong><\/p>\n<p>In der Kollektion k\u00f6nnen Sie eine Vielfalt von H\u00fcten bewundern, jeder mit seiner eigenen Geschichte und seinem eigenen Stil. Von den klassischen breitkrempigen H\u00fcten, die ideal sind, um sich bei der Arbeit auf dem Feld vor der Sonne zu sch\u00fctzen, bis hin zu den eleganten Jipijapas, die mit einzigartigem Geschick von Hand gewebt werden. Jeder Hut ist ein Unikat, das die Kreativit\u00e4t und das K\u00f6nnen der Kunsthandwerker ebenso widerspiegelt wie die wechselnden Bed\u00fcrfnisse und Geschm\u00e4cker der verschiedenen Epochen.<\/p>\n<p><strong>Das Erbe von Generation zu Generation<\/strong><\/p>\n<p>Das Handwerk des Charro-Hutes ist ein wertvolles Erbe, das vom Vater an den Sohn weitergegeben und mit jeder neuen Generation bereichert wird. Die Geheimnisse der Auswahl der Materialien, das Weben der F\u00e4den und die Gestaltung der perfekten Form werden mit Hingabe weitergegeben, um die Kontinuit\u00e4t dieser einzigartigen Tradition \u00fcber die Zeit zu gew\u00e4hrleisten.<\/p>\n<p>In der Hutkollektion des Museo de la Charrer\u00eda erz\u00e4hlt jedes St\u00fcck eine Geschichte, eine Geschichte von tief verwurzelter Identit\u00e4t und von geschickten H\u00e4nden, die einfache Materialien in Meisterwerke mexikanischer Handwerkskunst verwandelt haben. Jeder Charro-Hut ist ein lebendiges Zeugnis f\u00fcr den kulturellen Reichtum und die handwerkliche Tradition, die im Herzen Mexikos und in der Seele der Charros weiterlebt.<\/p>\n<\/div><\/section>","protected":false},"excerpt":{"rendered":"","protected":false},"author":2,"featured_media":704,"parent":64,"menu_order":0,"comment_status":"closed","ping_status":"closed","template":"","meta":{"footnotes":""},"class_list":["post-905","page","type-page","status-publish","has-post-thumbnail","hentry"],"yoast_head":"<!-- This site is optimized with the Yoast SEO plugin v27.5 - https:\/\/yoast.com\/product\/yoast-seo-wordpress\/ -->\n<title>SOMBREROS - Museo de la Charrer\u00eda CDMX<\/title>\n<meta name=\"robots\" content=\"index, follow, max-snippet:-1, max-image-preview:large, max-video-preview:-1\" \/>\n<link rel=\"canonical\" href=\"https:\/\/museodelacharreria.org.mx\/de\/ausstellung\/hute\/\" \/>\n<meta property=\"og:locale\" content=\"de_DE\" \/>\n<meta property=\"og:type\" content=\"article\" \/>\n<meta property=\"og:title\" content=\"SOMBREROS - Museo de la Charrer\u00eda CDMX\" \/>\n<meta property=\"og:url\" content=\"https:\/\/museodelacharreria.org.mx\/de\/ausstellung\/hute\/\" \/>\n<meta property=\"og:site_name\" content=\"Museo de la Charrer\u00eda CDMX\" \/>\n<meta property=\"article:modified_time\" content=\"2023-09-25T17:08:29+00:00\" \/>\n<meta property=\"og:image\" content=\"https:\/\/museodelacharreria.org.mx\/wp-content\/uploads\/2023\/09\/Museo-de-la-Charreria-CDMX-Sombrero-Papa-Francisco-0018.jpg\" \/>\n\t<meta property=\"og:image:width\" content=\"1920\" \/>\n\t<meta property=\"og:image:height\" content=\"1280\" \/>\n\t<meta property=\"og:image:type\" content=\"image\/jpeg\" \/>\n<meta name=\"twitter:card\" content=\"summary_large_image\" \/>\n<meta name=\"twitter:label1\" content=\"Gesch\u00e4tzte Lesezeit\" \/>\n\t<meta name=\"twitter:data1\" content=\"5\u00a0Minuten\" \/>\n<script type=\"application\/ld+json\" class=\"yoast-schema-graph\">{\"@context\":\"https:\\\/\\\/schema.org\",\"@graph\":[{\"@type\":\"WebPage\",\"@id\":\"https:\\\/\\\/museodelacharreria.org.mx\\\/exhibicion\\\/sombreros\\\/\",\"url\":\"https:\\\/\\\/museodelacharreria.org.mx\\\/exhibicion\\\/sombreros\\\/\",\"name\":\"SOMBREROS - Museo de la Charrer\u00eda CDMX\",\"isPartOf\":{\"@id\":\"https:\\\/\\\/museodelacharreria.org.mx\\\/#website\"},\"primaryImageOfPage\":{\"@id\":\"https:\\\/\\\/museodelacharreria.org.mx\\\/exhibicion\\\/sombreros\\\/#primaryimage\"},\"image\":{\"@id\":\"https:\\\/\\\/museodelacharreria.org.mx\\\/exhibicion\\\/sombreros\\\/#primaryimage\"},\"thumbnailUrl\":\"https:\\\/\\\/museodelacharreria.org.mx\\\/wp-content\\\/uploads\\\/2023\\\/09\\\/Museo-de-la-Charreria-CDMX-Sombrero-Papa-Francisco-0018.jpg\",\"datePublished\":\"2023-09-25T17:07:51+00:00\",\"dateModified\":\"2023-09-25T17:08:29+00:00\",\"breadcrumb\":{\"@id\":\"https:\\\/\\\/museodelacharreria.org.mx\\\/exhibicion\\\/sombreros\\\/#breadcrumb\"},\"inLanguage\":\"de\",\"potentialAction\":[{\"@type\":\"ReadAction\",\"target\":[\"https:\\\/\\\/museodelacharreria.org.mx\\\/exhibicion\\\/sombreros\\\/\"]}]},{\"@type\":\"ImageObject\",\"inLanguage\":\"de\",\"@id\":\"https:\\\/\\\/museodelacharreria.org.mx\\\/exhibicion\\\/sombreros\\\/#primaryimage\",\"url\":\"https:\\\/\\\/museodelacharreria.org.mx\\\/wp-content\\\/uploads\\\/2023\\\/09\\\/Museo-de-la-Charreria-CDMX-Sombrero-Papa-Francisco-0018.jpg\",\"contentUrl\":\"https:\\\/\\\/museodelacharreria.org.mx\\\/wp-content\\\/uploads\\\/2023\\\/09\\\/Museo-de-la-Charreria-CDMX-Sombrero-Papa-Francisco-0018.jpg\",\"width\":1920,\"height\":1280,\"caption\":\"Vista Frontal\"},{\"@type\":\"BreadcrumbList\",\"@id\":\"https:\\\/\\\/museodelacharreria.org.mx\\\/exhibicion\\\/sombreros\\\/#breadcrumb\",\"itemListElement\":[{\"@type\":\"ListItem\",\"position\":1,\"name\":\"Portada\",\"item\":\"https:\\\/\\\/museodelacharreria.org.mx\\\/inicio\\\/\"},{\"@type\":\"ListItem\",\"position\":2,\"name\":\"EXHIBICI\u00d3N\",\"item\":\"https:\\\/\\\/museodelacharreria.org.mx\\\/exhibicion\\\/\"},{\"@type\":\"ListItem\",\"position\":3,\"name\":\"SOMBREROS\"}]},{\"@type\":\"WebSite\",\"@id\":\"https:\\\/\\\/museodelacharreria.org.mx\\\/#website\",\"url\":\"https:\\\/\\\/museodelacharreria.org.mx\\\/\",\"name\":\"Museo de la Charrer\u00eda CDMX\",\"description\":\"Historia y tradici\u00f3n, patrimonio cultural inmaterial de la humanidad UNESCO\",\"publisher\":{\"@id\":\"https:\\\/\\\/museodelacharreria.org.mx\\\/#organization\"},\"potentialAction\":[{\"@type\":\"SearchAction\",\"target\":{\"@type\":\"EntryPoint\",\"urlTemplate\":\"https:\\\/\\\/museodelacharreria.org.mx\\\/?s={search_term_string}\"},\"query-input\":{\"@type\":\"PropertyValueSpecification\",\"valueRequired\":true,\"valueName\":\"search_term_string\"}}],\"inLanguage\":\"de\"},{\"@type\":\"Organization\",\"@id\":\"https:\\\/\\\/museodelacharreria.org.mx\\\/#organization\",\"name\":\"Museo de la Charrer\u00eda Ciudad de M\u00e9xico\",\"alternateName\":\"Museo de la Charrer\u00eda CDMX\",\"url\":\"https:\\\/\\\/museodelacharreria.org.mx\\\/\",\"logo\":{\"@type\":\"ImageObject\",\"inLanguage\":\"de\",\"@id\":\"https:\\\/\\\/museodelacharreria.org.mx\\\/#\\\/schema\\\/logo\\\/image\\\/\",\"url\":\"https:\\\/\\\/museodelacharreria.org.mx\\\/wp-content\\\/uploads\\\/2023\\\/07\\\/Logo-Museo-de-la-Charreria-b-n.png\",\"contentUrl\":\"https:\\\/\\\/museodelacharreria.org.mx\\\/wp-content\\\/uploads\\\/2023\\\/07\\\/Logo-Museo-de-la-Charreria-b-n.png\",\"width\":500,\"height\":250,\"caption\":\"Museo de la Charrer\u00eda Ciudad de M\u00e9xico\"},\"image\":{\"@id\":\"https:\\\/\\\/museodelacharreria.org.mx\\\/#\\\/schema\\\/logo\\\/image\\\/\"},\"sameAs\":[\"https:\\\/\\\/www.youtube.com\\\/@MuseoDeLaCharreria\"]}]}<\/script>\n<!-- \/ Yoast SEO plugin. -->","yoast_head_json":{"title":"SOMBREROS - Museum der Charreria CDMX","robots":{"index":"index","follow":"follow","max-snippet":"max-snippet:-1","max-image-preview":"max-image-preview:large","max-video-preview":"max-video-preview:-1"},"canonical":"https:\/\/museodelacharreria.org.mx\/de\/ausstellung\/hute\/","og_locale":"de_DE","og_type":"article","og_title":"SOMBREROS - Museo de la Charrer\u00eda CDMX","og_url":"https:\/\/museodelacharreria.org.mx\/de\/ausstellung\/hute\/","og_site_name":"Museo de la Charrer\u00eda CDMX","article_modified_time":"2023-09-25T17:08:29+00:00","og_image":[{"width":1920,"height":1280,"url":"https:\/\/museodelacharreria.org.mx\/wp-content\/uploads\/2023\/09\/Museo-de-la-Charreria-CDMX-Sombrero-Papa-Francisco-0018.jpg","type":"image\/jpeg"}],"twitter_card":"summary_large_image","twitter_misc":{"Gesch\u00e4tzte Lesezeit":"5\u00a0Minuten"},"schema":{"@context":"https:\/\/schema.org","@graph":[{"@type":"WebPage","@id":"https:\/\/museodelacharreria.org.mx\/exhibicion\/sombreros\/","url":"https:\/\/museodelacharreria.org.mx\/exhibicion\/sombreros\/","name":"SOMBREROS - Museum der Charreria CDMX","isPartOf":{"@id":"https:\/\/museodelacharreria.org.mx\/#website"},"primaryImageOfPage":{"@id":"https:\/\/museodelacharreria.org.mx\/exhibicion\/sombreros\/#primaryimage"},"image":{"@id":"https:\/\/museodelacharreria.org.mx\/exhibicion\/sombreros\/#primaryimage"},"thumbnailUrl":"https:\/\/museodelacharreria.org.mx\/wp-content\/uploads\/2023\/09\/Museo-de-la-Charreria-CDMX-Sombrero-Papa-Francisco-0018.jpg","datePublished":"2023-09-25T17:07:51+00:00","dateModified":"2023-09-25T17:08:29+00:00","breadcrumb":{"@id":"https:\/\/museodelacharreria.org.mx\/exhibicion\/sombreros\/#breadcrumb"},"inLanguage":"de","potentialAction":[{"@type":"ReadAction","target":["https:\/\/museodelacharreria.org.mx\/exhibicion\/sombreros\/"]}]},{"@type":"ImageObject","inLanguage":"de","@id":"https:\/\/museodelacharreria.org.mx\/exhibicion\/sombreros\/#primaryimage","url":"https:\/\/museodelacharreria.org.mx\/wp-content\/uploads\/2023\/09\/Museo-de-la-Charreria-CDMX-Sombrero-Papa-Francisco-0018.jpg","contentUrl":"https:\/\/museodelacharreria.org.mx\/wp-content\/uploads\/2023\/09\/Museo-de-la-Charreria-CDMX-Sombrero-Papa-Francisco-0018.jpg","width":1920,"height":1280,"caption":"Vista Frontal"},{"@type":"BreadcrumbList","@id":"https:\/\/museodelacharreria.org.mx\/exhibicion\/sombreros\/#breadcrumb","itemListElement":[{"@type":"ListItem","position":1,"name":"Portada","item":"https:\/\/museodelacharreria.org.mx\/inicio\/"},{"@type":"ListItem","position":2,"name":"EXHIBICI\u00d3N","item":"https:\/\/museodelacharreria.org.mx\/exhibicion\/"},{"@type":"ListItem","position":3,"name":"SOMBREROS"}]},{"@type":"WebSite","@id":"https:\/\/museodelacharreria.org.mx\/#website","url":"https:\/\/museodelacharreria.org.mx\/","name":"Charreria-Museum CDMX","description":"Geschichte und Tradition, immaterielles Kulturerbe der Menschheit UNESCO","publisher":{"@id":"https:\/\/museodelacharreria.org.mx\/#organization"},"potentialAction":[{"@type":"SearchAction","target":{"@type":"EntryPoint","urlTemplate":"https:\/\/museodelacharreria.org.mx\/?s={search_term_string}"},"query-input":{"@type":"PropertyValueSpecification","valueRequired":true,"valueName":"search_term_string"}}],"inLanguage":"de"},{"@type":"Organization","@id":"https:\/\/museodelacharreria.org.mx\/#organization","name":"Museum der Charreria Mexiko-Stadt","alternateName":"Museo de la Charrer\u00eda CDMX","url":"https:\/\/museodelacharreria.org.mx\/","logo":{"@type":"ImageObject","inLanguage":"de","@id":"https:\/\/museodelacharreria.org.mx\/#\/schema\/logo\/image\/","url":"https:\/\/museodelacharreria.org.mx\/wp-content\/uploads\/2023\/07\/Logo-Museo-de-la-Charreria-b-n.png","contentUrl":"https:\/\/museodelacharreria.org.mx\/wp-content\/uploads\/2023\/07\/Logo-Museo-de-la-Charreria-b-n.png","width":500,"height":250,"caption":"Museo de la Charrer\u00eda Ciudad de M\u00e9xico"},"image":{"@id":"https:\/\/museodelacharreria.org.mx\/#\/schema\/logo\/image\/"},"sameAs":["https:\/\/www.youtube.com\/@MuseoDeLaCharreria"]}]}},"_links":{"self":[{"href":"https:\/\/museodelacharreria.org.mx\/de\/wp-json\/wp\/v2\/pages\/905","targetHints":{"allow":["GET"]}}],"collection":[{"href":"https:\/\/museodelacharreria.org.mx\/de\/wp-json\/wp\/v2\/pages"}],"about":[{"href":"https:\/\/museodelacharreria.org.mx\/de\/wp-json\/wp\/v2\/types\/page"}],"author":[{"embeddable":true,"href":"https:\/\/museodelacharreria.org.mx\/de\/wp-json\/wp\/v2\/users\/2"}],"replies":[{"embeddable":true,"href":"https:\/\/museodelacharreria.org.mx\/de\/wp-json\/wp\/v2\/comments?post=905"}],"version-history":[{"count":2,"href":"https:\/\/museodelacharreria.org.mx\/de\/wp-json\/wp\/v2\/pages\/905\/revisions"}],"predecessor-version":[{"id":908,"href":"https:\/\/museodelacharreria.org.mx\/de\/wp-json\/wp\/v2\/pages\/905\/revisions\/908"}],"up":[{"embeddable":true,"href":"https:\/\/museodelacharreria.org.mx\/de\/wp-json\/wp\/v2\/pages\/64"}],"wp:featuredmedia":[{"embeddable":true,"href":"https:\/\/museodelacharreria.org.mx\/de\/wp-json\/wp\/v2\/media\/704"}],"wp:attachment":[{"href":"https:\/\/museodelacharreria.org.mx\/de\/wp-json\/wp\/v2\/media?parent=905"}],"curies":[{"name":"wp","href":"https:\/\/api.w.org\/{rel}","templated":true}]}}