{"id":3001,"date":"2024-06-20T19:44:01","date_gmt":"2024-06-20T19:44:01","guid":{"rendered":"https:\/\/museodelacharreria.org.mx\/?post_type=portfolio&#038;p=3001"},"modified":"2024-06-20T20:25:54","modified_gmt":"2024-06-20T20:25:54","slug":"vicente-fernandezs-sattel-3","status":"publish","type":"portfolio","link":"https:\/\/museodelacharreria.org.mx\/de\/coleccion\/alfredo-avila-sigler\/","title":{"rendered":"ALFREDO \u00c1VILA SIGLER SAMMLUNG"},"content":{"rendered":"<div id='full_slider_1'  class='avia-fullwidth-slider main_color avia-shadow   avia-builder-el-0  el_before_av_hr  avia-builder-el-first   container_wrap fullsize'  ><div  class='avia-slideshow av-lc6ta2-57800f247769e7f40b5954d523419261 avia-slideshow-featured_large av_slideshow_full avia-fade-slider av-slideshow-ui av-control-default av-slideshow-autoplay av-loop-endless av-loop-manual-endless av-default-height-applied   avia-slideshow-1' data-slideshow-options=\"{&quot;animation&quot;:&quot;fade&quot;,&quot;autoplay&quot;:true,&quot;loop_autoplay&quot;:&quot;endless&quot;,&quot;interval&quot;:7,&quot;loop_manual&quot;:&quot;manual-endless&quot;,&quot;autoplay_stopper&quot;:false,&quot;noNavigation&quot;:false,&quot;bg_slider&quot;:false,&quot;keep_padding&quot;:false,&quot;hoverpause&quot;:false,&quot;show_slide_delay&quot;:0}\"  itemprop=\"image\" itemscope=\"itemscope\" itemtype=\"https:\/\/schema.org\/ImageObject\" ><ul class='avia-slideshow-inner' style='padding-bottom: 49.21875%;'><li  class='avia-slideshow-slide av-lc6ta2-57800f247769e7f40b5954d523419261__0  slide-1 slide-odd'><div data-rel='slideshow-1' class='avia-slide-wrap'   ><img decoding=\"async\" loading=\"lazy\" class=\"wp-image-3008 avia-img-lazy-loading-3008\"  src=\"https:\/\/museodelacharreria.org.mx\/wp-content\/uploads\/2024\/06\/MUSEO-DE-LA-CHARRERIA-PINTURA-TINTA-AVILA-SIGLER-2-1280x630.jpg\" width=\"1280\" height=\"630\" title='MUSEO DE LA CHARRERIA - PINTURA - TINTA - AVILA SIGLER--2' alt=''  itemprop=\"thumbnailUrl\"  style='min-height:500px; min-width:1016px; ' \/><\/div><\/li><li  class='avia-slideshow-slide av-lc6ta2-57800f247769e7f40b5954d523419261__1  slide-2 slide-even'><div data-rel='slideshow-1' class='avia-slide-wrap'   ><img decoding=\"async\" loading=\"lazy\" class=\"wp-image-3007 avia-img-lazy-loading-3007\"  src=\"https:\/\/museodelacharreria.org.mx\/wp-content\/uploads\/2024\/06\/MUSEO-DE-LA-CHARRERIA-PINTURA-TINTA-AVILA-SIGLER--1280x630.jpg\" width=\"1280\" height=\"630\" title='MUSEO DE LA CHARRERIA - PINTURA - TINTA - AVILA SIGLER-' alt=''  itemprop=\"thumbnailUrl\"  style='min-height:500px; min-width:1016px; ' \/><\/div><\/li><li  class='avia-slideshow-slide av-lc6ta2-57800f247769e7f40b5954d523419261__2  slide-3 slide-odd'><div data-rel='slideshow-1' class='avia-slide-wrap'   ><img decoding=\"async\" loading=\"lazy\" class=\"wp-image-3006 avia-img-lazy-loading-3006\"  src=\"https:\/\/museodelacharreria.org.mx\/wp-content\/uploads\/2024\/06\/MUSEO-DE-LA-CHARRERIA-PINTURA-TINTA-AVILA-SIGLER-4-1280x630.jpg\" width=\"1280\" height=\"630\" title='MUSEO DE LA CHARRERIA - PINTURA - TINTA - AVILA SIGLER--4' alt=''  itemprop=\"thumbnailUrl\"  style='min-height:500px; min-width:1016px; ' \/><\/div><\/li><li  class='avia-slideshow-slide av-lc6ta2-57800f247769e7f40b5954d523419261__3  slide-4 slide-even'><div data-rel='slideshow-1' class='avia-slide-wrap'   ><img decoding=\"async\" loading=\"lazy\" class=\"wp-image-3005 avia-img-lazy-loading-3005\"  src=\"https:\/\/museodelacharreria.org.mx\/wp-content\/uploads\/2024\/06\/MUSEO-DE-LA-CHARRERIA-PINTURA-TINTA-AVILA-SIGLER-5-1280x630.jpg\" width=\"1280\" height=\"630\" title='MUSEO DE LA CHARRERIA - PINTURA - TINTA - AVILA SIGLER--5' alt=''  itemprop=\"thumbnailUrl\"  style='min-height:500px; min-width:1016px; ' \/><\/div><\/li><li  class='avia-slideshow-slide av-lc6ta2-57800f247769e7f40b5954d523419261__4  slide-5 slide-odd'><div data-rel='slideshow-1' class='avia-slide-wrap'   ><img decoding=\"async\" loading=\"lazy\" class=\"wp-image-3004 avia-img-lazy-loading-3004\"  src=\"https:\/\/museodelacharreria.org.mx\/wp-content\/uploads\/2024\/06\/MUSEO-DE-LA-CHARRERIA-PINTURA-TINTA-AVILA-SIGLER-3-1280x630.jpg\" width=\"1280\" height=\"630\" title='MUSEO DE LA CHARRERIA - PINTURA - TINTA - AVILA SIGLER--3' alt=''  itemprop=\"thumbnailUrl\"  style='min-height:500px; min-width:1016px; ' \/><\/div><\/li><\/ul><div class='avia-slideshow-arrows avia-slideshow-controls' ><a href='#prev' class='prev-slide' aria-hidden='true' data-av_icon='\ue87c' data-av_iconfont='entypo-fontello'  tabindex='-1'>Zur\u00fcck<\/a><a href='#next' class='next-slide' aria-hidden='true' data-av_icon='\ue87d' data-av_iconfont='entypo-fontello'  tabindex='-1'>Weitere<\/a><\/div><div class='avia-slideshow-dots avia-slideshow-controls'><a href='#1' class='goto-slide active' >1<\/a><a href='#2' class='goto-slide' >2<\/a><a href='#3' class='goto-slide' >3<\/a><a href='#4' class='goto-slide' >4<\/a><a href='#5' class='goto-slide' >5<\/a><\/div><\/div><\/div><div id='after_full_slider_1'  class='main_color av_default_container_wrap container_wrap fullsize'  ><div class='container av-section-cont-open' ><div class='template-page content  av-content-full alpha units'><div class='post-entry post-entry-type-page post-entry-3001'><div class='entry-content-wrapper clearfix'>\n\n<style type=\"text\/css\" data-created_by=\"avia_inline_auto\" id=\"style-css-av-lxnmdxg0-5e7fed9003565609a564faa6930c983c\">\n#top .hr.hr-invisible.av-lxnmdxg0-5e7fed9003565609a564faa6930c983c{\nmargin-top:-75px;\nheight:1px;\n}\n<\/style>\n<div  class='hr av-lxnmdxg0-5e7fed9003565609a564faa6930c983c hr-invisible  avia-builder-el-1  el_after_av_slideshow_full  el_before_av_heading  avia-builder-el-first'><span class='hr-inner'><span class=\"hr-inner-style\"><\/span><\/span><\/div>\n\n<style type=\"text\/css\" data-created_by=\"avia_inline_auto\" id=\"style-css-av-9peane-00d41fd7aca80f286d749574fd002735\">\n#top .av-special-heading.av-9peane-00d41fd7aca80f286d749574fd002735{\npadding-bottom:10px;\n}\nbody .av-special-heading.av-9peane-00d41fd7aca80f286d749574fd002735 .av-special-heading-tag .heading-char{\nfont-size:25px;\n}\n.av-special-heading.av-9peane-00d41fd7aca80f286d749574fd002735 .av-subheading{\nfont-size:15px;\n}\n<\/style>\n<div  class='av-special-heading av-9peane-00d41fd7aca80f286d749574fd002735 av-special-heading-h1 blockquote modern-quote modern-centered  avia-builder-el-2  el_after_av_hr  el_before_av_textblock'><h1 class='av-special-heading-tag'  itemprop=\"headline\"  >JALFREDO \u00c1VILA SIGLER<\/h1><div class='av-subheading av-subheading_below'><p>TINTA CHINA<\/p>\n<\/div><div class=\"special-heading-border\"><div class=\"special-heading-inner-border\"><\/div><\/div><\/div>\n\n<style type=\"text\/css\" data-created_by=\"avia_inline_auto\" id=\"style-css-av-j1i7u-e67823c5b9d24345c94445774ee1f85d\">\n\n@media only screen and (min-width: 990px){ \n#top .av_textblock_section.av-j1i7u-e67823c5b9d24345c94445774ee1f85d .avia_textblock{\nfont-size:22px;\n}\n}\n<\/style>\n<section  class='av_textblock_section av-j1i7u-e67823c5b9d24345c94445774ee1f85d'   itemscope=\"itemscope\" itemtype=\"https:\/\/schema.org\/CreativeWork\" ><div class='avia_textblock'  itemprop=\"text\" ><p style=\"text-align: center;\">El Museo Nacional de la Charrer\u00eda cuenta con una colecci\u00f3n de obras en tinta china del maestro <strong>Alfredo \u00c1vila Sigler<\/strong> con tem\u00e1tica ecuestre.<\/p>\n<\/div><\/section>\n<div  class='flex_column av-47gql6-aeceaf3e342c72af68f47d575522bc51 av_one_full  avia-builder-el-4  el_after_av_textblock  el_before_av_hr  first flex_column_div  column-top-margin'     ><div id='av-masonry-1' class='av-masonry av-2kv98a-d66e629ecd4ed4ff96c3ed2c44ead13d noHover av-fixed-size av-1px-gap av-hover-overlay-active av-masonry-animation-active av-masonry-col-flexible av-caption-always av-caption-style- av-masonry-gallery av-desktop-columns-overwrite av-desktop-columns-3 av-medium-columns-overwrite av-medium-columns-3 av-small-columns-overwrite av-small-columns-3' data-post_id=\"3001\"><div class=\"av-masonry-container isotope av-js-disabled\"><div class='av-masonry-entry isotope-item av-masonry-item-no-image'><\/div><a href=\"https:\/\/museodelacharreria.org.mx\/wp-content\/uploads\/2024\/06\/MUSEO-DE-LA-CHARRERIA-PINTURA-TINTA-AVILA-SIGLER-2.jpg\" data-srcset=\"https:\/\/museodelacharreria.org.mx\/wp-content\/uploads\/2024\/06\/MUSEO-DE-LA-CHARRERIA-PINTURA-TINTA-AVILA-SIGLER-2.jpg 1280w, https:\/\/museodelacharreria.org.mx\/wp-content\/uploads\/2024\/06\/MUSEO-DE-LA-CHARRERIA-PINTURA-TINTA-AVILA-SIGLER-2-300x400.jpg 300w, https:\/\/museodelacharreria.org.mx\/wp-content\/uploads\/2024\/06\/MUSEO-DE-LA-CHARRERIA-PINTURA-TINTA-AVILA-SIGLER-2-768x1024.jpg 768w, https:\/\/museodelacharreria.org.mx\/wp-content\/uploads\/2024\/06\/MUSEO-DE-LA-CHARRERIA-PINTURA-TINTA-AVILA-SIGLER-2-1152x1536.jpg 1152w, https:\/\/museodelacharreria.org.mx\/wp-content\/uploads\/2024\/06\/MUSEO-DE-LA-CHARRERIA-PINTURA-TINTA-AVILA-SIGLER-2-9x12.jpg 9w, https:\/\/museodelacharreria.org.mx\/wp-content\/uploads\/2024\/06\/MUSEO-DE-LA-CHARRERIA-PINTURA-TINTA-AVILA-SIGLER-2-1125x1500.jpg 1125w, https:\/\/museodelacharreria.org.mx\/wp-content\/uploads\/2024\/06\/MUSEO-DE-LA-CHARRERIA-PINTURA-TINTA-AVILA-SIGLER-2-529x705.jpg 529w, https:\/\/museodelacharreria.org.mx\/wp-content\/uploads\/2024\/06\/MUSEO-DE-LA-CHARRERIA-PINTURA-TINTA-AVILA-SIGLER-2-450x600.jpg 450w, https:\/\/museodelacharreria.org.mx\/wp-content\/uploads\/2024\/06\/MUSEO-DE-LA-CHARRERIA-PINTURA-TINTA-AVILA-SIGLER-2-120x160.jpg 120w\" data-sizes=\"(max-width: 1280px) 100vw, 1280px\"  aria-label=\"Bild MUSEO DE LA CHARRERIA &#8211; PINTURA &#8211; TINTA &#8211; AVILA SIGLER&#8211;2\"  id='av-masonry-1-item-3008' data-av-masonry-item='3008' class='av-masonry-entry isotope-item post-3008 attachment type-attachment status-inherit hentry  av-masonry-item-with-image av-grid-img' title=\"MUSEO DE LA CHARRERIA &#8211; PINTURA &#8211; TINTA &#8211; AVILA SIGLER&#8211;2\" alt=\"\"    itemprop=\"thumbnailUrl\" ><div class='av-inner-masonry-sizer'><\/div><figure class='av-inner-masonry main_color'><div class=\"av-masonry-outerimage-container\"><div class='av-masonry-image-container' style=\"background-image: url(https:\/\/museodelacharreria.org.mx\/wp-content\/uploads\/2024\/06\/MUSEO-DE-LA-CHARRERIA-PINTURA-TINTA-AVILA-SIGLER-2.jpg);\"  title=\"MUSEO DE LA CHARRERIA &#8211; PINTURA &#8211; TINTA &#8211; AVILA SIGLER&#8211;2\" ><\/div><\/div><\/figure><\/a><!--end av-masonry entry--><a href=\"https:\/\/museodelacharreria.org.mx\/wp-content\/uploads\/2024\/06\/MUSEO-DE-LA-CHARRERIA-PINTURA-TINTA-AVILA-SIGLER-.jpg\" data-srcset=\"https:\/\/museodelacharreria.org.mx\/wp-content\/uploads\/2024\/06\/MUSEO-DE-LA-CHARRERIA-PINTURA-TINTA-AVILA-SIGLER-.jpg 1280w, https:\/\/museodelacharreria.org.mx\/wp-content\/uploads\/2024\/06\/MUSEO-DE-LA-CHARRERIA-PINTURA-TINTA-AVILA-SIGLER--300x400.jpg 300w, https:\/\/museodelacharreria.org.mx\/wp-content\/uploads\/2024\/06\/MUSEO-DE-LA-CHARRERIA-PINTURA-TINTA-AVILA-SIGLER--768x1024.jpg 768w, https:\/\/museodelacharreria.org.mx\/wp-content\/uploads\/2024\/06\/MUSEO-DE-LA-CHARRERIA-PINTURA-TINTA-AVILA-SIGLER--1152x1536.jpg 1152w, https:\/\/museodelacharreria.org.mx\/wp-content\/uploads\/2024\/06\/MUSEO-DE-LA-CHARRERIA-PINTURA-TINTA-AVILA-SIGLER--9x12.jpg 9w, https:\/\/museodelacharreria.org.mx\/wp-content\/uploads\/2024\/06\/MUSEO-DE-LA-CHARRERIA-PINTURA-TINTA-AVILA-SIGLER--1125x1500.jpg 1125w, https:\/\/museodelacharreria.org.mx\/wp-content\/uploads\/2024\/06\/MUSEO-DE-LA-CHARRERIA-PINTURA-TINTA-AVILA-SIGLER--529x705.jpg 529w, https:\/\/museodelacharreria.org.mx\/wp-content\/uploads\/2024\/06\/MUSEO-DE-LA-CHARRERIA-PINTURA-TINTA-AVILA-SIGLER--450x600.jpg 450w, https:\/\/museodelacharreria.org.mx\/wp-content\/uploads\/2024\/06\/MUSEO-DE-LA-CHARRERIA-PINTURA-TINTA-AVILA-SIGLER--120x160.jpg 120w\" data-sizes=\"(max-width: 1280px) 100vw, 1280px\"  aria-label=\"Bild MUSEO DE LA CHARRERIA &#8211; PINTURA &#8211; TINTA &#8211; AVILA SIGLER-\"  id='av-masonry-1-item-3007' data-av-masonry-item='3007' class='av-masonry-entry isotope-item post-3007 attachment type-attachment status-inherit hentry  av-masonry-item-with-image av-grid-img' title=\"MUSEO DE LA CHARRERIA &#8211; PINTURA &#8211; TINTA &#8211; AVILA SIGLER-\" alt=\"\"    itemprop=\"thumbnailUrl\" ><div class='av-inner-masonry-sizer'><\/div><figure class='av-inner-masonry main_color'><div class=\"av-masonry-outerimage-container\"><div class='av-masonry-image-container' style=\"background-image: url(https:\/\/museodelacharreria.org.mx\/wp-content\/uploads\/2024\/06\/MUSEO-DE-LA-CHARRERIA-PINTURA-TINTA-AVILA-SIGLER-.jpg);\"  title=\"MUSEO DE LA CHARRERIA &#8211; PINTURA &#8211; TINTA &#8211; AVILA SIGLER-\" ><\/div><\/div><\/figure><\/a><!--end av-masonry entry--><a href=\"https:\/\/museodelacharreria.org.mx\/wp-content\/uploads\/2024\/06\/MUSEO-DE-LA-CHARRERIA-PINTURA-TINTA-AVILA-SIGLER-4.jpg\" data-srcset=\"https:\/\/museodelacharreria.org.mx\/wp-content\/uploads\/2024\/06\/MUSEO-DE-LA-CHARRERIA-PINTURA-TINTA-AVILA-SIGLER-4.jpg 1280w, https:\/\/museodelacharreria.org.mx\/wp-content\/uploads\/2024\/06\/MUSEO-DE-LA-CHARRERIA-PINTURA-TINTA-AVILA-SIGLER-4-300x400.jpg 300w, https:\/\/museodelacharreria.org.mx\/wp-content\/uploads\/2024\/06\/MUSEO-DE-LA-CHARRERIA-PINTURA-TINTA-AVILA-SIGLER-4-768x1024.jpg 768w, https:\/\/museodelacharreria.org.mx\/wp-content\/uploads\/2024\/06\/MUSEO-DE-LA-CHARRERIA-PINTURA-TINTA-AVILA-SIGLER-4-1152x1536.jpg 1152w, https:\/\/museodelacharreria.org.mx\/wp-content\/uploads\/2024\/06\/MUSEO-DE-LA-CHARRERIA-PINTURA-TINTA-AVILA-SIGLER-4-9x12.jpg 9w, https:\/\/museodelacharreria.org.mx\/wp-content\/uploads\/2024\/06\/MUSEO-DE-LA-CHARRERIA-PINTURA-TINTA-AVILA-SIGLER-4-1125x1500.jpg 1125w, https:\/\/museodelacharreria.org.mx\/wp-content\/uploads\/2024\/06\/MUSEO-DE-LA-CHARRERIA-PINTURA-TINTA-AVILA-SIGLER-4-529x705.jpg 529w, https:\/\/museodelacharreria.org.mx\/wp-content\/uploads\/2024\/06\/MUSEO-DE-LA-CHARRERIA-PINTURA-TINTA-AVILA-SIGLER-4-450x600.jpg 450w, https:\/\/museodelacharreria.org.mx\/wp-content\/uploads\/2024\/06\/MUSEO-DE-LA-CHARRERIA-PINTURA-TINTA-AVILA-SIGLER-4-120x160.jpg 120w\" data-sizes=\"(max-width: 1280px) 100vw, 1280px\"  aria-label=\"Bild MUSEO DE LA CHARRERIA &#8211; PINTURA &#8211; TINTA &#8211; AVILA SIGLER&#8211;4\"  id='av-masonry-1-item-3006' data-av-masonry-item='3006' class='av-masonry-entry isotope-item post-3006 attachment type-attachment status-inherit hentry  av-masonry-item-with-image av-grid-img' title=\"MUSEO DE LA CHARRERIA &#8211; PINTURA &#8211; TINTA &#8211; AVILA SIGLER&#8211;4\" alt=\"\"    itemprop=\"thumbnailUrl\" ><div class='av-inner-masonry-sizer'><\/div><figure class='av-inner-masonry main_color'><div class=\"av-masonry-outerimage-container\"><div class='av-masonry-image-container' style=\"background-image: url(https:\/\/museodelacharreria.org.mx\/wp-content\/uploads\/2024\/06\/MUSEO-DE-LA-CHARRERIA-PINTURA-TINTA-AVILA-SIGLER-4.jpg);\"  title=\"MUSEO DE LA CHARRERIA &#8211; PINTURA &#8211; TINTA &#8211; AVILA SIGLER&#8211;4\" ><\/div><\/div><\/figure><\/a><!--end av-masonry entry--><a href=\"https:\/\/museodelacharreria.org.mx\/wp-content\/uploads\/2024\/06\/MUSEO-DE-LA-CHARRERIA-PINTURA-TINTA-AVILA-SIGLER-5.jpg\" data-srcset=\"https:\/\/museodelacharreria.org.mx\/wp-content\/uploads\/2024\/06\/MUSEO-DE-LA-CHARRERIA-PINTURA-TINTA-AVILA-SIGLER-5.jpg 1280w, https:\/\/museodelacharreria.org.mx\/wp-content\/uploads\/2024\/06\/MUSEO-DE-LA-CHARRERIA-PINTURA-TINTA-AVILA-SIGLER-5-300x400.jpg 300w, https:\/\/museodelacharreria.org.mx\/wp-content\/uploads\/2024\/06\/MUSEO-DE-LA-CHARRERIA-PINTURA-TINTA-AVILA-SIGLER-5-768x1024.jpg 768w, https:\/\/museodelacharreria.org.mx\/wp-content\/uploads\/2024\/06\/MUSEO-DE-LA-CHARRERIA-PINTURA-TINTA-AVILA-SIGLER-5-1152x1536.jpg 1152w, https:\/\/museodelacharreria.org.mx\/wp-content\/uploads\/2024\/06\/MUSEO-DE-LA-CHARRERIA-PINTURA-TINTA-AVILA-SIGLER-5-9x12.jpg 9w, https:\/\/museodelacharreria.org.mx\/wp-content\/uploads\/2024\/06\/MUSEO-DE-LA-CHARRERIA-PINTURA-TINTA-AVILA-SIGLER-5-1125x1500.jpg 1125w, https:\/\/museodelacharreria.org.mx\/wp-content\/uploads\/2024\/06\/MUSEO-DE-LA-CHARRERIA-PINTURA-TINTA-AVILA-SIGLER-5-529x705.jpg 529w, https:\/\/museodelacharreria.org.mx\/wp-content\/uploads\/2024\/06\/MUSEO-DE-LA-CHARRERIA-PINTURA-TINTA-AVILA-SIGLER-5-450x600.jpg 450w, https:\/\/museodelacharreria.org.mx\/wp-content\/uploads\/2024\/06\/MUSEO-DE-LA-CHARRERIA-PINTURA-TINTA-AVILA-SIGLER-5-120x160.jpg 120w\" data-sizes=\"(max-width: 1280px) 100vw, 1280px\"  aria-label=\"Bild MUSEO DE LA CHARRERIA &#8211; PINTURA &#8211; TINTA &#8211; AVILA SIGLER&#8211;5\"  id='av-masonry-1-item-3005' data-av-masonry-item='3005' class='av-masonry-entry isotope-item post-3005 attachment type-attachment status-inherit hentry  av-masonry-item-with-image av-grid-img' title=\"MUSEO DE LA CHARRERIA &#8211; PINTURA &#8211; TINTA &#8211; AVILA SIGLER&#8211;5\" alt=\"\"    itemprop=\"thumbnailUrl\" ><div class='av-inner-masonry-sizer'><\/div><figure class='av-inner-masonry main_color'><div class=\"av-masonry-outerimage-container\"><div class='av-masonry-image-container' style=\"background-image: url(https:\/\/museodelacharreria.org.mx\/wp-content\/uploads\/2024\/06\/MUSEO-DE-LA-CHARRERIA-PINTURA-TINTA-AVILA-SIGLER-5.jpg);\"  title=\"MUSEO DE LA CHARRERIA &#8211; PINTURA &#8211; TINTA &#8211; AVILA SIGLER&#8211;5\" ><\/div><\/div><\/figure><\/a><!--end av-masonry entry--><a href=\"https:\/\/museodelacharreria.org.mx\/wp-content\/uploads\/2024\/06\/MUSEO-DE-LA-CHARRERIA-PINTURA-TINTA-AVILA-SIGLER-3.jpg\" data-srcset=\"https:\/\/museodelacharreria.org.mx\/wp-content\/uploads\/2024\/06\/MUSEO-DE-LA-CHARRERIA-PINTURA-TINTA-AVILA-SIGLER-3.jpg 1280w, https:\/\/museodelacharreria.org.mx\/wp-content\/uploads\/2024\/06\/MUSEO-DE-LA-CHARRERIA-PINTURA-TINTA-AVILA-SIGLER-3-300x400.jpg 300w, https:\/\/museodelacharreria.org.mx\/wp-content\/uploads\/2024\/06\/MUSEO-DE-LA-CHARRERIA-PINTURA-TINTA-AVILA-SIGLER-3-768x1024.jpg 768w, https:\/\/museodelacharreria.org.mx\/wp-content\/uploads\/2024\/06\/MUSEO-DE-LA-CHARRERIA-PINTURA-TINTA-AVILA-SIGLER-3-1152x1536.jpg 1152w, https:\/\/museodelacharreria.org.mx\/wp-content\/uploads\/2024\/06\/MUSEO-DE-LA-CHARRERIA-PINTURA-TINTA-AVILA-SIGLER-3-9x12.jpg 9w, https:\/\/museodelacharreria.org.mx\/wp-content\/uploads\/2024\/06\/MUSEO-DE-LA-CHARRERIA-PINTURA-TINTA-AVILA-SIGLER-3-1125x1500.jpg 1125w, https:\/\/museodelacharreria.org.mx\/wp-content\/uploads\/2024\/06\/MUSEO-DE-LA-CHARRERIA-PINTURA-TINTA-AVILA-SIGLER-3-529x705.jpg 529w, https:\/\/museodelacharreria.org.mx\/wp-content\/uploads\/2024\/06\/MUSEO-DE-LA-CHARRERIA-PINTURA-TINTA-AVILA-SIGLER-3-450x600.jpg 450w, https:\/\/museodelacharreria.org.mx\/wp-content\/uploads\/2024\/06\/MUSEO-DE-LA-CHARRERIA-PINTURA-TINTA-AVILA-SIGLER-3-120x160.jpg 120w\" data-sizes=\"(max-width: 1280px) 100vw, 1280px\"  aria-label=\"Bild MUSEO DE LA CHARRERIA &#8211; PINTURA &#8211; TINTA &#8211; AVILA SIGLER&#8211;3\"  id='av-masonry-1-item-3004' data-av-masonry-item='3004' class='av-masonry-entry isotope-item post-3004 attachment type-attachment status-inherit hentry  av-masonry-item-with-image av-grid-img' title=\"MUSEO DE LA CHARRERIA &#8211; PINTURA &#8211; TINTA &#8211; AVILA SIGLER&#8211;3\" alt=\"\"    itemprop=\"thumbnailUrl\" ><div class='av-inner-masonry-sizer'><\/div><figure class='av-inner-masonry main_color'><div class=\"av-masonry-outerimage-container\"><div class='av-masonry-image-container' style=\"background-image: url(https:\/\/museodelacharreria.org.mx\/wp-content\/uploads\/2024\/06\/MUSEO-DE-LA-CHARRERIA-PINTURA-TINTA-AVILA-SIGLER-3.jpg);\"  title=\"MUSEO DE LA CHARRERIA &#8211; PINTURA &#8211; TINTA &#8211; AVILA SIGLER&#8211;3\" ><\/div><\/div><\/figure><\/a><!--end av-masonry entry--><\/div><\/div><\/div>\n<div  class='hr av-crgaq-d1bebfab64a8c0ee0a4336a1d85ab2ef hr-default  avia-builder-el-6  el_after_av_one_full  el_before_av_magazine'><span class='hr-inner'><span class=\"hr-inner-style\"><\/span><\/span><\/div>\n<div  id=\"avia-magazine-1\"  class='av-magazine av-6z2r6-21c9477f110b910d4b0a4ab51602786a av-magazine-top-bar-active av-magazine-tabs-active  avia-builder-el-7  el_after_av_hr  avia-builder-el-last   avia-builder-el-7  el_after_av_hr  avia-builder-el-last' ><div class='av-magazine-top-bar'><div class=\"av-magazine-sort\" data-magazine-id=\"1\" ><div class=\"av-sort-by-term\"><a href=\"#\" data-filter=\"sort_all\" class=\"all_sort_button active_sort\"><span class=\"inner_sort_button\"><span>Alle<\/span><\/span><\/a><span class='text-sep arte-popular_sort_sep'>\/<\/span><a href=\"#\" data-filter=\"sort_191\" class=\"arte-popular_sort_button\" ><span class=\"inner_sort_button\"><span>POPULAR ART<\/span><\/span><\/a><span class='text-sep escultura_sort_sep'>\/<\/span><a href=\"#\" data-filter=\"sort_14\" class=\"escultura_sort_button\" ><span class=\"inner_sort_button\"><span>SKULPTUR<\/span><\/span><\/a><span class='text-sep orfebreria_sort_sep'>\/<\/span><a href=\"#\" data-filter=\"sort_193\" class=\"orfebreria_sort_button\" ><span class=\"inner_sort_button\"><span>GOLDSMITHS<\/span><\/span><\/a><span class='text-sep pintura_sort_sep'>\/<\/span><a href=\"#\" data-filter=\"sort_13\" class=\"pintura_sort_button\" ><span class=\"inner_sort_button\"><span>MALEREI<\/span><\/span><\/a><\/div><\/div><\/div><div class='av-magazine-group sort_all'><article class='av-magazine-entry av-magazine-entry-id-3568 av-magazine-format-standard av-magazine-type-portfolio av-magazine-entry-1 av-magazine-entry-small'  itemscope=\"itemscope\" itemtype=\"https:\/\/schema.org\/CreativeWork\" ><div class=\"av-magazine-thumbnail\"><a href='https:\/\/museodelacharreria.org.mx\/de\/coleccion\/pinata-de-silla-charra\/' title='Link zu: PI\u00d1ATA DE SILLA CHARRA' class='av-magazine-thumbnail-link'><img decoding=\"async\" fetchpriority=\"high\" width=\"100\" height=\"100\" src=\"https:\/\/museodelacharreria.org.mx\/wp-content\/uploads\/2024\/06\/MUSEO-LA-CHARRERIA-PINATA-MONTURA-CHARRA-1449-100x100.jpg\" class=\"wp-image-3359 avia-img-lazy-loading-not-3359 attachment-thumbnail size-thumbnail wp-post-image\" alt=\"\" srcset=\"https:\/\/museodelacharreria.org.mx\/wp-content\/uploads\/2024\/06\/MUSEO-LA-CHARRERIA-PINATA-MONTURA-CHARRA-1449-100x100.jpg 100w, https:\/\/museodelacharreria.org.mx\/wp-content\/uploads\/2024\/06\/MUSEO-LA-CHARRERIA-PINATA-MONTURA-CHARRA-1449-36x36.jpg 36w, https:\/\/museodelacharreria.org.mx\/wp-content\/uploads\/2024\/06\/MUSEO-LA-CHARRERIA-PINATA-MONTURA-CHARRA-1449-180x180.jpg 180w\" sizes=\"(max-width: 100px) 100vw, 100px\" \/><\/a><\/div><div class=\"av-magazine-content-wrap\"><header class=\"entry-content-header\" aria-label=\"Post: PI\u00d1ATA DE SILLA CHARRA\"><time class='av-magazine-time updated'  itemprop=\"datePublished\" datetime=\"2024-10-10T18:35:50-06:00\" >2024-10-10<\/time><h3 class='av-magazine-title entry-title'  itemprop=\"headline\" ><a href='https:\/\/museodelacharreria.org.mx\/de\/coleccion\/pinata-de-silla-charra\/' title='Link zu: PI\u00d1ATA DE SILLA CHARRA'>PI\u00d1ATA DE SILLA CHARRA<\/a><\/h3><\/header><\/div><footer class=\"entry-footer\"><\/footer><\/article><article class='av-magazine-entry av-magazine-entry-id-3351 av-magazine-format-standard av-magazine-type-portfolio av-magazine-entry-2 av-magazine-entry-small'  itemscope=\"itemscope\" itemtype=\"https:\/\/schema.org\/CreativeWork\" ><div class=\"av-magazine-thumbnail\"><a href='https:\/\/museodelacharreria.org.mx\/de\/coleccion\/trofeo-lxvii-campeonato-nacional-puebla-2011\/' title='Link zu: TROFEO LXVII CAMPEONATO NACIONAL PUEBLA 2011' class='av-magazine-thumbnail-link'><img decoding=\"async\" fetchpriority=\"high\" width=\"100\" height=\"100\" src=\"https:\/\/museodelacharreria.org.mx\/wp-content\/uploads\/2024\/06\/MUSEO-DE-LA-CHARRERIA-ESCULTURA-TROFEO-LXVII-CAMPEONATO-NACIONAL-PUEBLA-2011-100x100.jpg\" class=\"wp-image-3352 avia-img-lazy-loading-not-3352 attachment-thumbnail size-thumbnail wp-post-image\" alt=\"\" srcset=\"https:\/\/museodelacharreria.org.mx\/wp-content\/uploads\/2024\/06\/MUSEO-DE-LA-CHARRERIA-ESCULTURA-TROFEO-LXVII-CAMPEONATO-NACIONAL-PUEBLA-2011-100x100.jpg 100w, https:\/\/museodelacharreria.org.mx\/wp-content\/uploads\/2024\/06\/MUSEO-DE-LA-CHARRERIA-ESCULTURA-TROFEO-LXVII-CAMPEONATO-NACIONAL-PUEBLA-2011-36x36.jpg 36w, https:\/\/museodelacharreria.org.mx\/wp-content\/uploads\/2024\/06\/MUSEO-DE-LA-CHARRERIA-ESCULTURA-TROFEO-LXVII-CAMPEONATO-NACIONAL-PUEBLA-2011-180x180.jpg 180w\" sizes=\"(max-width: 100px) 100vw, 100px\" \/><\/a><\/div><div class=\"av-magazine-content-wrap\"><header class=\"entry-content-header\" aria-label=\"Post: TROFEO LXVII CAMPEONATO NACIONAL PUEBLA 2011\"><time class='av-magazine-time updated'  itemprop=\"datePublished\" datetime=\"2024-06-27T19:02:07-06:00\" >2024-06-27<\/time><h3 class='av-magazine-title entry-title'  itemprop=\"headline\" ><a href='https:\/\/museodelacharreria.org.mx\/de\/coleccion\/trofeo-lxvii-campeonato-nacional-puebla-2011\/' title='Link zu: TROFEO LXVII CAMPEONATO NACIONAL PUEBLA 2011'>TROPH\u00c4E LXVII NATIONALE MEISTERSCHAFT PUEBLA 2011<\/a><\/h3><\/header><\/div><footer class=\"entry-footer\"><\/footer><\/article><article class='av-magazine-entry av-magazine-entry-id-3344 av-magazine-format-standard av-magazine-type-portfolio av-magazine-entry-3 av-magazine-entry-small'  itemscope=\"itemscope\" itemtype=\"https:\/\/schema.org\/CreativeWork\" ><div class=\"av-magazine-thumbnail\"><a href='https:\/\/museodelacharreria.org.mx\/de\/coleccion\/trofeo-lxvi-campeonato-nacional-pachuca-2010\/' title='Link zu: TROFEO LXVI CAMPEONATO NACIONAL PACHUCA 2010' class='av-magazine-thumbnail-link'><img decoding=\"async\" fetchpriority=\"high\" width=\"100\" height=\"100\" src=\"https:\/\/museodelacharreria.org.mx\/wp-content\/uploads\/2024\/06\/MUSEO-DE-LA-CHARRERIA-ESCULTURA-TROFEO-LXVI-CAMPEONATO-NACIONAL-PACHUCA-PORTADA-1491-100x100.jpg\" class=\"wp-image-3345 avia-img-lazy-loading-not-3345 attachment-thumbnail size-thumbnail wp-post-image\" alt=\"\" srcset=\"https:\/\/museodelacharreria.org.mx\/wp-content\/uploads\/2024\/06\/MUSEO-DE-LA-CHARRERIA-ESCULTURA-TROFEO-LXVI-CAMPEONATO-NACIONAL-PACHUCA-PORTADA-1491-100x100.jpg 100w, https:\/\/museodelacharreria.org.mx\/wp-content\/uploads\/2024\/06\/MUSEO-DE-LA-CHARRERIA-ESCULTURA-TROFEO-LXVI-CAMPEONATO-NACIONAL-PACHUCA-PORTADA-1491-36x36.jpg 36w, https:\/\/museodelacharreria.org.mx\/wp-content\/uploads\/2024\/06\/MUSEO-DE-LA-CHARRERIA-ESCULTURA-TROFEO-LXVI-CAMPEONATO-NACIONAL-PACHUCA-PORTADA-1491-180x180.jpg 180w\" sizes=\"(max-width: 100px) 100vw, 100px\" \/><\/a><\/div><div class=\"av-magazine-content-wrap\"><header class=\"entry-content-header\" aria-label=\"Post: TROFEO LXVI CAMPEONATO NACIONAL PACHUCA 2010\"><time class='av-magazine-time updated'  itemprop=\"datePublished\" datetime=\"2024-06-27T18:34:51-06:00\" >2024-06-27<\/time><h3 class='av-magazine-title entry-title'  itemprop=\"headline\" ><a href='https:\/\/museodelacharreria.org.mx\/de\/coleccion\/trofeo-lxvi-campeonato-nacional-pachuca-2010\/' title='Link zu: TROFEO LXVI CAMPEONATO NACIONAL PACHUCA 2010'>TROPH\u00c4E LXVI NATIONALE MEISTERSCHAFT PACHUCA 2010<\/a><\/h3><\/header><\/div><footer class=\"entry-footer\"><\/footer><\/article><article class='av-magazine-entry av-magazine-entry-id-3334 av-magazine-format-standard av-magazine-type-portfolio av-magazine-entry-4 av-magazine-entry-small'  itemscope=\"itemscope\" itemtype=\"https:\/\/schema.org\/CreativeWork\" ><div class=\"av-magazine-thumbnail\"><a href='https:\/\/museodelacharreria.org.mx\/de\/coleccion\/trofeo-del-lxxxv-aniversario-de-la-federacion\/' title='Link zu: TROFEO DEL LXXXV ANIVERSARIO DE LA FEDERACI\u00d3N' class='av-magazine-thumbnail-link'><img decoding=\"async\" fetchpriority=\"high\" width=\"100\" height=\"100\" src=\"https:\/\/museodelacharreria.org.mx\/wp-content\/uploads\/2024\/06\/MUSEO-DE-LA-CHARRERIA-ESCULTURA-TROFEO-LXXXV-ANIVERSARIO-DE-LA-FEDERACION-2-100x100.jpg\" class=\"wp-image-3336 avia-img-lazy-loading-not-3336 attachment-thumbnail size-thumbnail wp-post-image\" alt=\"\" srcset=\"https:\/\/museodelacharreria.org.mx\/wp-content\/uploads\/2024\/06\/MUSEO-DE-LA-CHARRERIA-ESCULTURA-TROFEO-LXXXV-ANIVERSARIO-DE-LA-FEDERACION-2-100x100.jpg 100w, https:\/\/museodelacharreria.org.mx\/wp-content\/uploads\/2024\/06\/MUSEO-DE-LA-CHARRERIA-ESCULTURA-TROFEO-LXXXV-ANIVERSARIO-DE-LA-FEDERACION-2-36x36.jpg 36w, https:\/\/museodelacharreria.org.mx\/wp-content\/uploads\/2024\/06\/MUSEO-DE-LA-CHARRERIA-ESCULTURA-TROFEO-LXXXV-ANIVERSARIO-DE-LA-FEDERACION-2-180x180.jpg 180w\" sizes=\"(max-width: 100px) 100vw, 100px\" \/><\/a><\/div><div class=\"av-magazine-content-wrap\"><header class=\"entry-content-header\" aria-label=\"Post: TROFEO DEL LXXXV ANIVERSARIO DE LA FEDERACI\u00d3N\"><time class='av-magazine-time updated'  itemprop=\"datePublished\" datetime=\"2024-06-27T18:22:40-06:00\" >2024-06-27<\/time><h3 class='av-magazine-title entry-title'  itemprop=\"headline\" ><a href='https:\/\/museodelacharreria.org.mx\/de\/coleccion\/trofeo-del-lxxxv-aniversario-de-la-federacion\/' title='Link zu: TROFEO DEL LXXXV ANIVERSARIO DE LA FEDERACI\u00d3N'>TROPH\u00c4E ZUM LXXXV JAHRESTAG DER F\u00d6DERATION<\/a><\/h3><\/header><\/div><footer class=\"entry-footer\"><\/footer><\/article><article class='av-magazine-entry av-magazine-entry-id-3928 av-magazine-format-standard av-magazine-type-portfolio av-magazine-entry-5 av-magazine-entry-small'  itemscope=\"itemscope\" itemtype=\"https:\/\/schema.org\/CreativeWork\" ><div class=\"av-magazine-thumbnail\"><a href='https:\/\/museodelacharreria.org.mx\/de\/coleccion\/trofeo-jineteo-de-toro\/' title='Link zu: TROFEO JINETEO DE TORO' class='av-magazine-thumbnail-link'><img decoding=\"async\" fetchpriority=\"high\" width=\"100\" height=\"100\" src=\"https:\/\/museodelacharreria.org.mx\/wp-content\/uploads\/2024\/11\/MUSEO-DE-LA-CHARRERIA-TROFEO-JINETEO-DE-TORO-2-100x100.jpg\" class=\"wp-image-3929 avia-img-lazy-loading-not-3929 attachment-thumbnail size-thumbnail wp-post-image\" alt=\"\" srcset=\"https:\/\/museodelacharreria.org.mx\/wp-content\/uploads\/2024\/11\/MUSEO-DE-LA-CHARRERIA-TROFEO-JINETEO-DE-TORO-2-100x100.jpg 100w, https:\/\/museodelacharreria.org.mx\/wp-content\/uploads\/2024\/11\/MUSEO-DE-LA-CHARRERIA-TROFEO-JINETEO-DE-TORO-2-36x36.jpg 36w, https:\/\/museodelacharreria.org.mx\/wp-content\/uploads\/2024\/11\/MUSEO-DE-LA-CHARRERIA-TROFEO-JINETEO-DE-TORO-2-180x180.jpg 180w\" sizes=\"(max-width: 100px) 100vw, 100px\" \/><\/a><\/div><div class=\"av-magazine-content-wrap\"><header class=\"entry-content-header\" aria-label=\"Post: TROFEO JINETEO DE TORO\"><time class='av-magazine-time updated'  itemprop=\"datePublished\" datetime=\"2024-06-25T18:18:40-06:00\" >2024-06-25<\/time><h3 class='av-magazine-title entry-title'  itemprop=\"headline\" ><a href='https:\/\/museodelacharreria.org.mx\/de\/coleccion\/trofeo-jineteo-de-toro\/' title='Link zu: TROFEO JINETEO DE TORO'>BULLENREITEN TROPH\u00c4E<\/a><\/h3><\/header><\/div><footer class=\"entry-footer\"><\/footer><\/article><article class='av-magazine-entry av-magazine-entry-id-3055 av-magazine-format-standard av-magazine-type-portfolio av-magazine-entry-6 av-magazine-entry-small'  itemscope=\"itemscope\" itemtype=\"https:\/\/schema.org\/CreativeWork\" ><div class=\"av-magazine-thumbnail\"><a href='https:\/\/museodelacharreria.org.mx\/de\/coleccion\/heladio-velarde\/' title='Link zu: COLECCI\u00d3N HELADIO VELARDE' class='av-magazine-thumbnail-link'><img decoding=\"async\" fetchpriority=\"high\" width=\"100\" height=\"100\" src=\"https:\/\/museodelacharreria.org.mx\/wp-content\/uploads\/2024\/06\/MUSEO-DE-LA-CHARRERIA-PINTURA-LITOGRAFIA-HELADIO-VELARDE-1-100x100.jpg\" class=\"wp-image-3056 avia-img-lazy-loading-not-3056 attachment-thumbnail size-thumbnail wp-post-image\" alt=\"\" srcset=\"https:\/\/museodelacharreria.org.mx\/wp-content\/uploads\/2024\/06\/MUSEO-DE-LA-CHARRERIA-PINTURA-LITOGRAFIA-HELADIO-VELARDE-1-100x100.jpg 100w, https:\/\/museodelacharreria.org.mx\/wp-content\/uploads\/2024\/06\/MUSEO-DE-LA-CHARRERIA-PINTURA-LITOGRAFIA-HELADIO-VELARDE-1-36x36.jpg 36w, https:\/\/museodelacharreria.org.mx\/wp-content\/uploads\/2024\/06\/MUSEO-DE-LA-CHARRERIA-PINTURA-LITOGRAFIA-HELADIO-VELARDE-1-180x180.jpg 180w\" sizes=\"(max-width: 100px) 100vw, 100px\" \/><\/a><\/div><div class=\"av-magazine-content-wrap\"><header class=\"entry-content-header\" aria-label=\"Post: COLECCI\u00d3N HELADIO VELARDE\"><time class='av-magazine-time updated'  itemprop=\"datePublished\" datetime=\"2024-06-21T02:07:53-06:00\" >2024-06-21<\/time><h3 class='av-magazine-title entry-title'  itemprop=\"headline\" ><a href='https:\/\/museodelacharreria.org.mx\/de\/coleccion\/heladio-velarde\/' title='Link zu: COLECCI\u00d3N HELADIO VELARDE'>HELADIO VELARDE KOLLEKTION<\/a><\/h3><\/header><\/div><footer class=\"entry-footer\"><\/footer><\/article><article class='av-magazine-entry av-magazine-entry-id-3035 av-magazine-format-standard av-magazine-type-portfolio av-magazine-entry-7 av-magazine-entry-small'  itemscope=\"itemscope\" itemtype=\"https:\/\/schema.org\/CreativeWork\" ><div class=\"av-magazine-thumbnail\"><a href='https:\/\/museodelacharreria.org.mx\/de\/coleccion\/ernesto-icaza\/' title='Link zu: COLECCI\u00d3N ERNESTO ICAZA' class='av-magazine-thumbnail-link'><img decoding=\"async\" fetchpriority=\"high\" width=\"100\" height=\"100\" src=\"https:\/\/museodelacharreria.org.mx\/wp-content\/uploads\/2024\/06\/MUSEO-DE-LA-CHARRERIA-PINTURA-LITOGRAFIA-ERNESTO-ICAZA-4-1-100x100.jpg\" class=\"wp-image-3043 avia-img-lazy-loading-not-3043 attachment-thumbnail size-thumbnail wp-post-image\" alt=\"\" srcset=\"https:\/\/museodelacharreria.org.mx\/wp-content\/uploads\/2024\/06\/MUSEO-DE-LA-CHARRERIA-PINTURA-LITOGRAFIA-ERNESTO-ICAZA-4-1-100x100.jpg 100w, https:\/\/museodelacharreria.org.mx\/wp-content\/uploads\/2024\/06\/MUSEO-DE-LA-CHARRERIA-PINTURA-LITOGRAFIA-ERNESTO-ICAZA-4-1-36x36.jpg 36w, https:\/\/museodelacharreria.org.mx\/wp-content\/uploads\/2024\/06\/MUSEO-DE-LA-CHARRERIA-PINTURA-LITOGRAFIA-ERNESTO-ICAZA-4-1-180x180.jpg 180w\" sizes=\"(max-width: 100px) 100vw, 100px\" \/><\/a><\/div><div class=\"av-magazine-content-wrap\"><header class=\"entry-content-header\" aria-label=\"Post: COLECCI\u00d3N ERNESTO ICAZA\"><time class='av-magazine-time updated'  itemprop=\"datePublished\" datetime=\"2024-06-21T01:14:48-06:00\" >2024-06-21<\/time><h3 class='av-magazine-title entry-title'  itemprop=\"headline\" ><a href='https:\/\/museodelacharreria.org.mx\/de\/coleccion\/ernesto-icaza\/' title='Link zu: COLECCI\u00d3N ERNESTO ICAZA'>ERNESTO ICAZA SAMMLUNG<\/a><\/h3><\/header><\/div><footer class=\"entry-footer\"><\/footer><\/article><\/div><div class='av-magazine-group av-hidden-mag sort_191'><article class='av-magazine-entry av-magazine-entry-id-3568 av-magazine-format-standard av-magazine-type-portfolio av-magazine-entry-1 av-magazine-entry-small'  itemscope=\"itemscope\" itemtype=\"https:\/\/schema.org\/CreativeWork\" ><div class=\"av-magazine-thumbnail\"><a href='https:\/\/museodelacharreria.org.mx\/de\/coleccion\/pinata-de-silla-charra\/' title='Link zu: PI\u00d1ATA DE SILLA CHARRA' class='av-magazine-thumbnail-link'><img decoding=\"async\" fetchpriority=\"high\" width=\"100\" height=\"100\" src=\"https:\/\/museodelacharreria.org.mx\/wp-content\/uploads\/2024\/06\/MUSEO-LA-CHARRERIA-PINATA-MONTURA-CHARRA-1449-100x100.jpg\" class=\"wp-image-3359 avia-img-lazy-loading-not-3359 attachment-thumbnail size-thumbnail wp-post-image\" alt=\"\" srcset=\"https:\/\/museodelacharreria.org.mx\/wp-content\/uploads\/2024\/06\/MUSEO-LA-CHARRERIA-PINATA-MONTURA-CHARRA-1449-100x100.jpg 100w, https:\/\/museodelacharreria.org.mx\/wp-content\/uploads\/2024\/06\/MUSEO-LA-CHARRERIA-PINATA-MONTURA-CHARRA-1449-36x36.jpg 36w, https:\/\/museodelacharreria.org.mx\/wp-content\/uploads\/2024\/06\/MUSEO-LA-CHARRERIA-PINATA-MONTURA-CHARRA-1449-180x180.jpg 180w\" sizes=\"(max-width: 100px) 100vw, 100px\" \/><\/a><\/div><div class=\"av-magazine-content-wrap\"><header class=\"entry-content-header\" aria-label=\"Post: PI\u00d1ATA DE SILLA CHARRA\"><time class='av-magazine-time updated'  itemprop=\"datePublished\" datetime=\"2024-10-10T18:35:50-06:00\" >2024-10-10<\/time><h3 class='av-magazine-title entry-title'  itemprop=\"headline\" ><a href='https:\/\/museodelacharreria.org.mx\/de\/coleccion\/pinata-de-silla-charra\/' title='Link zu: PI\u00d1ATA DE SILLA CHARRA'>PI\u00d1ATA DE SILLA CHARRA<\/a><\/h3><\/header><\/div><footer class=\"entry-footer\"><\/footer><\/article><\/div><div class='av-magazine-group av-hidden-mag sort_14'><article class='av-magazine-entry av-magazine-entry-id-3351 av-magazine-format-standard av-magazine-type-portfolio av-magazine-entry-1 av-magazine-entry-small'  itemscope=\"itemscope\" itemtype=\"https:\/\/schema.org\/CreativeWork\" ><div class=\"av-magazine-thumbnail\"><a href='https:\/\/museodelacharreria.org.mx\/de\/coleccion\/trofeo-lxvii-campeonato-nacional-puebla-2011\/' title='Link zu: TROFEO LXVII CAMPEONATO NACIONAL PUEBLA 2011' class='av-magazine-thumbnail-link'><img decoding=\"async\" fetchpriority=\"high\" width=\"100\" height=\"100\" src=\"https:\/\/museodelacharreria.org.mx\/wp-content\/uploads\/2024\/06\/MUSEO-DE-LA-CHARRERIA-ESCULTURA-TROFEO-LXVII-CAMPEONATO-NACIONAL-PUEBLA-2011-100x100.jpg\" class=\"wp-image-3352 avia-img-lazy-loading-not-3352 attachment-thumbnail size-thumbnail wp-post-image\" alt=\"\" srcset=\"https:\/\/museodelacharreria.org.mx\/wp-content\/uploads\/2024\/06\/MUSEO-DE-LA-CHARRERIA-ESCULTURA-TROFEO-LXVII-CAMPEONATO-NACIONAL-PUEBLA-2011-100x100.jpg 100w, https:\/\/museodelacharreria.org.mx\/wp-content\/uploads\/2024\/06\/MUSEO-DE-LA-CHARRERIA-ESCULTURA-TROFEO-LXVII-CAMPEONATO-NACIONAL-PUEBLA-2011-36x36.jpg 36w, https:\/\/museodelacharreria.org.mx\/wp-content\/uploads\/2024\/06\/MUSEO-DE-LA-CHARRERIA-ESCULTURA-TROFEO-LXVII-CAMPEONATO-NACIONAL-PUEBLA-2011-180x180.jpg 180w\" sizes=\"(max-width: 100px) 100vw, 100px\" \/><\/a><\/div><div class=\"av-magazine-content-wrap\"><header class=\"entry-content-header\" aria-label=\"Post: TROFEO LXVII CAMPEONATO NACIONAL PUEBLA 2011\"><time class='av-magazine-time updated'  itemprop=\"datePublished\" datetime=\"2024-06-27T19:02:07-06:00\" >2024-06-27<\/time><h3 class='av-magazine-title entry-title'  itemprop=\"headline\" ><a href='https:\/\/museodelacharreria.org.mx\/de\/coleccion\/trofeo-lxvii-campeonato-nacional-puebla-2011\/' title='Link zu: TROFEO LXVII CAMPEONATO NACIONAL PUEBLA 2011'>TROPH\u00c4E LXVII NATIONALE MEISTERSCHAFT PUEBLA 2011<\/a><\/h3><\/header><\/div><footer class=\"entry-footer\"><\/footer><\/article><article class='av-magazine-entry av-magazine-entry-id-3344 av-magazine-format-standard av-magazine-type-portfolio av-magazine-entry-2 av-magazine-entry-small'  itemscope=\"itemscope\" itemtype=\"https:\/\/schema.org\/CreativeWork\" ><div class=\"av-magazine-thumbnail\"><a href='https:\/\/museodelacharreria.org.mx\/de\/coleccion\/trofeo-lxvi-campeonato-nacional-pachuca-2010\/' title='Link zu: TROFEO LXVI CAMPEONATO NACIONAL PACHUCA 2010' class='av-magazine-thumbnail-link'><img decoding=\"async\" fetchpriority=\"high\" width=\"100\" height=\"100\" src=\"https:\/\/museodelacharreria.org.mx\/wp-content\/uploads\/2024\/06\/MUSEO-DE-LA-CHARRERIA-ESCULTURA-TROFEO-LXVI-CAMPEONATO-NACIONAL-PACHUCA-PORTADA-1491-100x100.jpg\" class=\"wp-image-3345 avia-img-lazy-loading-not-3345 attachment-thumbnail size-thumbnail wp-post-image\" alt=\"\" srcset=\"https:\/\/museodelacharreria.org.mx\/wp-content\/uploads\/2024\/06\/MUSEO-DE-LA-CHARRERIA-ESCULTURA-TROFEO-LXVI-CAMPEONATO-NACIONAL-PACHUCA-PORTADA-1491-100x100.jpg 100w, https:\/\/museodelacharreria.org.mx\/wp-content\/uploads\/2024\/06\/MUSEO-DE-LA-CHARRERIA-ESCULTURA-TROFEO-LXVI-CAMPEONATO-NACIONAL-PACHUCA-PORTADA-1491-36x36.jpg 36w, https:\/\/museodelacharreria.org.mx\/wp-content\/uploads\/2024\/06\/MUSEO-DE-LA-CHARRERIA-ESCULTURA-TROFEO-LXVI-CAMPEONATO-NACIONAL-PACHUCA-PORTADA-1491-180x180.jpg 180w\" sizes=\"(max-width: 100px) 100vw, 100px\" \/><\/a><\/div><div class=\"av-magazine-content-wrap\"><header class=\"entry-content-header\" aria-label=\"Post: TROFEO LXVI CAMPEONATO NACIONAL PACHUCA 2010\"><time class='av-magazine-time updated'  itemprop=\"datePublished\" datetime=\"2024-06-27T18:34:51-06:00\" >2024-06-27<\/time><h3 class='av-magazine-title entry-title'  itemprop=\"headline\" ><a href='https:\/\/museodelacharreria.org.mx\/de\/coleccion\/trofeo-lxvi-campeonato-nacional-pachuca-2010\/' title='Link zu: TROFEO LXVI CAMPEONATO NACIONAL PACHUCA 2010'>TROPH\u00c4E LXVI NATIONALE MEISTERSCHAFT PACHUCA 2010<\/a><\/h3><\/header><\/div><footer class=\"entry-footer\"><\/footer><\/article><article class='av-magazine-entry av-magazine-entry-id-3334 av-magazine-format-standard av-magazine-type-portfolio av-magazine-entry-3 av-magazine-entry-small'  itemscope=\"itemscope\" itemtype=\"https:\/\/schema.org\/CreativeWork\" ><div class=\"av-magazine-thumbnail\"><a href='https:\/\/museodelacharreria.org.mx\/de\/coleccion\/trofeo-del-lxxxv-aniversario-de-la-federacion\/' title='Link zu: TROFEO DEL LXXXV ANIVERSARIO DE LA FEDERACI\u00d3N' class='av-magazine-thumbnail-link'><img decoding=\"async\" fetchpriority=\"high\" width=\"100\" height=\"100\" src=\"https:\/\/museodelacharreria.org.mx\/wp-content\/uploads\/2024\/06\/MUSEO-DE-LA-CHARRERIA-ESCULTURA-TROFEO-LXXXV-ANIVERSARIO-DE-LA-FEDERACION-2-100x100.jpg\" class=\"wp-image-3336 avia-img-lazy-loading-not-3336 attachment-thumbnail size-thumbnail wp-post-image\" alt=\"\" srcset=\"https:\/\/museodelacharreria.org.mx\/wp-content\/uploads\/2024\/06\/MUSEO-DE-LA-CHARRERIA-ESCULTURA-TROFEO-LXXXV-ANIVERSARIO-DE-LA-FEDERACION-2-100x100.jpg 100w, https:\/\/museodelacharreria.org.mx\/wp-content\/uploads\/2024\/06\/MUSEO-DE-LA-CHARRERIA-ESCULTURA-TROFEO-LXXXV-ANIVERSARIO-DE-LA-FEDERACION-2-36x36.jpg 36w, https:\/\/museodelacharreria.org.mx\/wp-content\/uploads\/2024\/06\/MUSEO-DE-LA-CHARRERIA-ESCULTURA-TROFEO-LXXXV-ANIVERSARIO-DE-LA-FEDERACION-2-180x180.jpg 180w\" sizes=\"(max-width: 100px) 100vw, 100px\" \/><\/a><\/div><div class=\"av-magazine-content-wrap\"><header class=\"entry-content-header\" aria-label=\"Post: TROFEO DEL LXXXV ANIVERSARIO DE LA FEDERACI\u00d3N\"><time class='av-magazine-time updated'  itemprop=\"datePublished\" datetime=\"2024-06-27T18:22:40-06:00\" >2024-06-27<\/time><h3 class='av-magazine-title entry-title'  itemprop=\"headline\" ><a href='https:\/\/museodelacharreria.org.mx\/de\/coleccion\/trofeo-del-lxxxv-aniversario-de-la-federacion\/' title='Link zu: TROFEO DEL LXXXV ANIVERSARIO DE LA FEDERACI\u00d3N'>TROPH\u00c4E ZUM LXXXV JAHRESTAG DER F\u00d6DERATION<\/a><\/h3><\/header><\/div><footer class=\"entry-footer\"><\/footer><\/article><article class='av-magazine-entry av-magazine-entry-id-3928 av-magazine-format-standard av-magazine-type-portfolio av-magazine-entry-4 av-magazine-entry-small'  itemscope=\"itemscope\" itemtype=\"https:\/\/schema.org\/CreativeWork\" ><div class=\"av-magazine-thumbnail\"><a href='https:\/\/museodelacharreria.org.mx\/de\/coleccion\/trofeo-jineteo-de-toro\/' title='Link zu: TROFEO JINETEO DE TORO' class='av-magazine-thumbnail-link'><img decoding=\"async\" fetchpriority=\"high\" width=\"100\" height=\"100\" src=\"https:\/\/museodelacharreria.org.mx\/wp-content\/uploads\/2024\/11\/MUSEO-DE-LA-CHARRERIA-TROFEO-JINETEO-DE-TORO-2-100x100.jpg\" class=\"wp-image-3929 avia-img-lazy-loading-not-3929 attachment-thumbnail size-thumbnail wp-post-image\" alt=\"\" srcset=\"https:\/\/museodelacharreria.org.mx\/wp-content\/uploads\/2024\/11\/MUSEO-DE-LA-CHARRERIA-TROFEO-JINETEO-DE-TORO-2-100x100.jpg 100w, https:\/\/museodelacharreria.org.mx\/wp-content\/uploads\/2024\/11\/MUSEO-DE-LA-CHARRERIA-TROFEO-JINETEO-DE-TORO-2-36x36.jpg 36w, https:\/\/museodelacharreria.org.mx\/wp-content\/uploads\/2024\/11\/MUSEO-DE-LA-CHARRERIA-TROFEO-JINETEO-DE-TORO-2-180x180.jpg 180w\" sizes=\"(max-width: 100px) 100vw, 100px\" \/><\/a><\/div><div class=\"av-magazine-content-wrap\"><header class=\"entry-content-header\" aria-label=\"Post: TROFEO JINETEO DE TORO\"><time class='av-magazine-time updated'  itemprop=\"datePublished\" datetime=\"2024-06-25T18:18:40-06:00\" >2024-06-25<\/time><h3 class='av-magazine-title entry-title'  itemprop=\"headline\" ><a href='https:\/\/museodelacharreria.org.mx\/de\/coleccion\/trofeo-jineteo-de-toro\/' title='Link zu: TROFEO JINETEO DE TORO'>BULLENREITEN TROPH\u00c4E<\/a><\/h3><\/header><\/div><footer class=\"entry-footer\"><\/footer><\/article><article class='av-magazine-entry av-magazine-entry-id-544 av-magazine-format-standard av-magazine-type-portfolio av-magazine-entry-5 av-magazine-entry-small'  itemscope=\"itemscope\" itemtype=\"https:\/\/schema.org\/CreativeWork\" ><div class=\"av-magazine-thumbnail\"><a href='https:\/\/museodelacharreria.org.mx\/de\/coleccion\/escultura-trofeo-guadalupano\/' title='Link zu: TROFEO GUADALUPANO' class='av-magazine-thumbnail-link'><img decoding=\"async\" fetchpriority=\"high\" width=\"80\" height=\"80\" src=\"https:\/\/museodelacharreria.org.mx\/wp-content\/uploads\/2023\/09\/Museo-de-la-Charreria-CDMX-Escultura-Trofeo-Guadalupano-0037-80x80.jpg\" class=\"wp-image-532 avia-img-lazy-loading-not-532 attachment-thumbnail size-thumbnail wp-post-image\" alt=\"Guadalupano-Troph\u00e4e\" srcset=\"https:\/\/museodelacharreria.org.mx\/wp-content\/uploads\/2023\/09\/Museo-de-la-Charreria-CDMX-Escultura-Trofeo-Guadalupano-0037-80x80.jpg 80w, https:\/\/museodelacharreria.org.mx\/wp-content\/uploads\/2023\/09\/Museo-de-la-Charreria-CDMX-Escultura-Trofeo-Guadalupano-0037-36x36.jpg 36w, https:\/\/museodelacharreria.org.mx\/wp-content\/uploads\/2023\/09\/Museo-de-la-Charreria-CDMX-Escultura-Trofeo-Guadalupano-0037-180x180.jpg 180w\" sizes=\"(max-width: 80px) 100vw, 80px\" \/><\/a><\/div><div class=\"av-magazine-content-wrap\"><header class=\"entry-content-header\" aria-label=\"Post: TROFEO GUADALUPANO\"><time class='av-magazine-time updated'  itemprop=\"datePublished\" datetime=\"2023-12-27T00:11:29-06:00\" >2023-12-27<\/time><h3 class='av-magazine-title entry-title'  itemprop=\"headline\" ><a href='https:\/\/museodelacharreria.org.mx\/de\/coleccion\/escultura-trofeo-guadalupano\/' title='Link zu: TROFEO GUADALUPANO'>GUADALUPANO-TROPH\u00c4E<\/a><\/h3><\/header><\/div><footer class=\"entry-footer\"><\/footer><\/article><article class='av-magazine-entry av-magazine-entry-id-1493 av-magazine-format-standard av-magazine-type-portfolio av-magazine-entry-6 av-magazine-entry-small'  itemscope=\"itemscope\" itemtype=\"https:\/\/schema.org\/CreativeWork\" ><div class=\"av-magazine-thumbnail\"><a href='https:\/\/museodelacharreria.org.mx\/de\/coleccion\/escultura-de-bronce-el-charro\/' title='Link zu: BRONZE-SKULPTUR &quot;HONOR TO THE CHARRO&quot;.' class='av-magazine-thumbnail-link'><img decoding=\"async\" fetchpriority=\"high\" width=\"100\" height=\"100\" src=\"https:\/\/museodelacharreria.org.mx\/wp-content\/uploads\/2023\/09\/Escultura-del-Charro-100x100.jpg\" class=\"wp-image-1495 avia-img-lazy-loading-not-1495 attachment-thumbnail size-thumbnail wp-post-image\" alt=\"\" srcset=\"https:\/\/museodelacharreria.org.mx\/wp-content\/uploads\/2023\/09\/Escultura-del-Charro-100x100.jpg 100w, https:\/\/museodelacharreria.org.mx\/wp-content\/uploads\/2023\/09\/Escultura-del-Charro-36x36.jpg 36w, https:\/\/museodelacharreria.org.mx\/wp-content\/uploads\/2023\/09\/Escultura-del-Charro-180x180.jpg 180w\" sizes=\"(max-width: 100px) 100vw, 100px\" \/><\/a><\/div><div class=\"av-magazine-content-wrap\"><header class=\"entry-content-header\" aria-label=\"Post: ESCULTURA DE BRONCE &quot;HONOR AL CHARRO&quot;\"><time class='av-magazine-time updated'  itemprop=\"datePublished\" datetime=\"2023-09-29T13:05:21-06:00\" >2023-09-29<\/time><h3 class='av-magazine-title entry-title'  itemprop=\"headline\" ><a href='https:\/\/museodelacharreria.org.mx\/de\/coleccion\/escultura-de-bronce-el-charro\/' title='Link zu: BRONZE-SKULPTUR &quot;HONOR TO THE CHARRO&quot;.'>BRONZESKULPTUR \"EHRE F\u00dcR DEN CHARRO\".<\/a><\/h3><\/header><\/div><footer class=\"entry-footer\"><\/footer><\/article><\/div><div class='av-magazine-group av-hidden-mag sort_193'><article class='av-magazine-entry av-magazine-entry-id-598 av-magazine-format-standard av-magazine-type-portfolio av-magazine-entry-1 av-magazine-entry-small'  itemscope=\"itemscope\" itemtype=\"https:\/\/schema.org\/CreativeWork\" ><div class=\"av-magazine-thumbnail\"><a href='https:\/\/museodelacharreria.org.mx\/de\/coleccion\/plato-damasquinado-en-oro\/' title='Link zu: GOLD DAMASQUINATED PLATE' class='av-magazine-thumbnail-link'><img decoding=\"async\" fetchpriority=\"high\" width=\"80\" height=\"80\" src=\"https:\/\/museodelacharreria.org.mx\/wp-content\/uploads\/2023\/09\/Museo-de-la-Charreria-CDMX-Reconocimiento--80x80.jpg\" class=\"wp-image-599 avia-img-lazy-loading-not-599 attachment-thumbnail size-thumbnail wp-post-image\" alt=\"Gold Damaszener Teller Geschenk der spanischen Krone\" srcset=\"https:\/\/museodelacharreria.org.mx\/wp-content\/uploads\/2023\/09\/Museo-de-la-Charreria-CDMX-Reconocimiento--80x80.jpg 80w, https:\/\/museodelacharreria.org.mx\/wp-content\/uploads\/2023\/09\/Museo-de-la-Charreria-CDMX-Reconocimiento--36x36.jpg 36w, https:\/\/museodelacharreria.org.mx\/wp-content\/uploads\/2023\/09\/Museo-de-la-Charreria-CDMX-Reconocimiento--180x180.jpg 180w\" sizes=\"(max-width: 80px) 100vw, 80px\" \/><\/a><\/div><div class=\"av-magazine-content-wrap\"><header class=\"entry-content-header\" aria-label=\"Post: PLATO DAMASQUINADO EN ORO\"><time class='av-magazine-time updated'  itemprop=\"datePublished\" datetime=\"2023-12-28T02:45:32-06:00\" >2023-12-28<\/time><h3 class='av-magazine-title entry-title'  itemprop=\"headline\" ><a href='https:\/\/museodelacharreria.org.mx\/de\/coleccion\/plato-damasquinado-en-oro\/' title='Link zu: GOLD DAMASQUINATED PLATE'>GOLD DAMASZENER PLATTE<\/a><\/h3><\/header><\/div><footer class=\"entry-footer\"><\/footer><\/article><\/div><div class='av-magazine-group av-hidden-mag sort_13'><article class='av-magazine-entry av-magazine-entry-id-3055 av-magazine-format-standard av-magazine-type-portfolio av-magazine-entry-1 av-magazine-entry-small'  itemscope=\"itemscope\" itemtype=\"https:\/\/schema.org\/CreativeWork\" ><div class=\"av-magazine-thumbnail\"><a href='https:\/\/museodelacharreria.org.mx\/de\/coleccion\/heladio-velarde\/' title='Link zu: COLECCI\u00d3N HELADIO VELARDE' class='av-magazine-thumbnail-link'><img decoding=\"async\" fetchpriority=\"high\" width=\"100\" height=\"100\" src=\"https:\/\/museodelacharreria.org.mx\/wp-content\/uploads\/2024\/06\/MUSEO-DE-LA-CHARRERIA-PINTURA-LITOGRAFIA-HELADIO-VELARDE-1-100x100.jpg\" class=\"wp-image-3056 avia-img-lazy-loading-not-3056 attachment-thumbnail size-thumbnail wp-post-image\" alt=\"\" srcset=\"https:\/\/museodelacharreria.org.mx\/wp-content\/uploads\/2024\/06\/MUSEO-DE-LA-CHARRERIA-PINTURA-LITOGRAFIA-HELADIO-VELARDE-1-100x100.jpg 100w, https:\/\/museodelacharreria.org.mx\/wp-content\/uploads\/2024\/06\/MUSEO-DE-LA-CHARRERIA-PINTURA-LITOGRAFIA-HELADIO-VELARDE-1-36x36.jpg 36w, https:\/\/museodelacharreria.org.mx\/wp-content\/uploads\/2024\/06\/MUSEO-DE-LA-CHARRERIA-PINTURA-LITOGRAFIA-HELADIO-VELARDE-1-180x180.jpg 180w\" sizes=\"(max-width: 100px) 100vw, 100px\" \/><\/a><\/div><div class=\"av-magazine-content-wrap\"><header class=\"entry-content-header\" aria-label=\"Post: COLECCI\u00d3N HELADIO VELARDE\"><time class='av-magazine-time updated'  itemprop=\"datePublished\" datetime=\"2024-06-21T02:07:53-06:00\" >2024-06-21<\/time><h3 class='av-magazine-title entry-title'  itemprop=\"headline\" ><a href='https:\/\/museodelacharreria.org.mx\/de\/coleccion\/heladio-velarde\/' title='Link zu: COLECCI\u00d3N HELADIO VELARDE'>HELADIO VELARDE KOLLEKTION<\/a><\/h3><\/header><\/div><footer class=\"entry-footer\"><\/footer><\/article><article class='av-magazine-entry av-magazine-entry-id-3035 av-magazine-format-standard av-magazine-type-portfolio av-magazine-entry-2 av-magazine-entry-small'  itemscope=\"itemscope\" itemtype=\"https:\/\/schema.org\/CreativeWork\" ><div class=\"av-magazine-thumbnail\"><a href='https:\/\/museodelacharreria.org.mx\/de\/coleccion\/ernesto-icaza\/' title='Link zu: COLECCI\u00d3N ERNESTO ICAZA' class='av-magazine-thumbnail-link'><img decoding=\"async\" fetchpriority=\"high\" width=\"100\" height=\"100\" src=\"https:\/\/museodelacharreria.org.mx\/wp-content\/uploads\/2024\/06\/MUSEO-DE-LA-CHARRERIA-PINTURA-LITOGRAFIA-ERNESTO-ICAZA-4-1-100x100.jpg\" class=\"wp-image-3043 avia-img-lazy-loading-not-3043 attachment-thumbnail size-thumbnail wp-post-image\" alt=\"\" srcset=\"https:\/\/museodelacharreria.org.mx\/wp-content\/uploads\/2024\/06\/MUSEO-DE-LA-CHARRERIA-PINTURA-LITOGRAFIA-ERNESTO-ICAZA-4-1-100x100.jpg 100w, https:\/\/museodelacharreria.org.mx\/wp-content\/uploads\/2024\/06\/MUSEO-DE-LA-CHARRERIA-PINTURA-LITOGRAFIA-ERNESTO-ICAZA-4-1-36x36.jpg 36w, https:\/\/museodelacharreria.org.mx\/wp-content\/uploads\/2024\/06\/MUSEO-DE-LA-CHARRERIA-PINTURA-LITOGRAFIA-ERNESTO-ICAZA-4-1-180x180.jpg 180w\" sizes=\"(max-width: 100px) 100vw, 100px\" \/><\/a><\/div><div class=\"av-magazine-content-wrap\"><header class=\"entry-content-header\" aria-label=\"Post: COLECCI\u00d3N ERNESTO ICAZA\"><time class='av-magazine-time updated'  itemprop=\"datePublished\" datetime=\"2024-06-21T01:14:48-06:00\" >2024-06-21<\/time><h3 class='av-magazine-title entry-title'  itemprop=\"headline\" ><a href='https:\/\/museodelacharreria.org.mx\/de\/coleccion\/ernesto-icaza\/' title='Link zu: COLECCI\u00d3N ERNESTO ICAZA'>ERNESTO ICAZA SAMMLUNG<\/a><\/h3><\/header><\/div><footer class=\"entry-footer\"><\/footer><\/article><article class='av-magazine-entry av-magazine-entry-id-2970 av-magazine-format-standard av-magazine-type-portfolio av-magazine-entry-3 av-magazine-entry-small'  itemscope=\"itemscope\" itemtype=\"https:\/\/schema.org\/CreativeWork\" ><div class=\"av-magazine-thumbnail\"><a href='https:\/\/museodelacharreria.org.mx\/de\/coleccion\/jose-albarran-pliego\/' title='Link zu: COLECCI\u00d3N JOS\u00c9 ALBARR\u00c1N PLIEGO' class='av-magazine-thumbnail-link'><img decoding=\"async\" fetchpriority=\"high\" width=\"100\" height=\"100\" src=\"https:\/\/museodelacharreria.org.mx\/wp-content\/uploads\/2024\/06\/MUSEO-DE-LA-CHARRERIA-PINTURA-ACUARELA-JOSE-ALBARRAN-PLIEGO-11-LANCEROS-CHINACOS-100x100.jpg\" class=\"wp-image-2922 avia-img-lazy-loading-not-2922 attachment-thumbnail size-thumbnail wp-post-image\" alt=\"JOS\u00c9 ALBARR\u00c1N PLIEGO\" srcset=\"https:\/\/museodelacharreria.org.mx\/wp-content\/uploads\/2024\/06\/MUSEO-DE-LA-CHARRERIA-PINTURA-ACUARELA-JOSE-ALBARRAN-PLIEGO-11-LANCEROS-CHINACOS-100x100.jpg 100w, https:\/\/museodelacharreria.org.mx\/wp-content\/uploads\/2024\/06\/MUSEO-DE-LA-CHARRERIA-PINTURA-ACUARELA-JOSE-ALBARRAN-PLIEGO-11-LANCEROS-CHINACOS-36x36.jpg 36w, https:\/\/museodelacharreria.org.mx\/wp-content\/uploads\/2024\/06\/MUSEO-DE-LA-CHARRERIA-PINTURA-ACUARELA-JOSE-ALBARRAN-PLIEGO-11-LANCEROS-CHINACOS-180x180.jpg 180w\" sizes=\"(max-width: 100px) 100vw, 100px\" \/><\/a><\/div><div class=\"av-magazine-content-wrap\"><header class=\"entry-content-header\" aria-label=\"Post: COLECCI\u00d3N JOS\u00c9 ALBARR\u00c1N PLIEGO\"><time class='av-magazine-time updated'  itemprop=\"datePublished\" datetime=\"2024-06-20T18:22:10-06:00\" >2024-06-20<\/time><h3 class='av-magazine-title entry-title'  itemprop=\"headline\" ><a href='https:\/\/museodelacharreria.org.mx\/de\/coleccion\/jose-albarran-pliego\/' title='Link zu: COLECCI\u00d3N JOS\u00c9 ALBARR\u00c1N PLIEGO'>JOS\u00c9 ALBARR\u00c1N PLIEGO SAMMLUNG<\/a><\/h3><\/header><\/div><footer class=\"entry-footer\"><\/footer><\/article><\/div><\/div>","protected":false},"excerpt":{"rendered":"","protected":false},"author":1,"featured_media":3007,"template":"","meta":{"footnotes":""},"tags":[171,170],"portfolio_entries":[190,13],"class_list":["post-3001","portfolio","type-portfolio","status-publish","has-post-thumbnail","hentry","tag-piel-de-cocodrilo","tag-vicente-fernandez","portfolio_entries-arte","portfolio_entries-pintura"],"yoast_head":"<!-- This site is optimized with the Yoast SEO plugin v27.5 - https:\/\/yoast.com\/product\/yoast-seo-wordpress\/ -->\n<title>COLECCI\u00d3N ALFREDO \u00c1VILA SIGLER - Museo de la Charrer\u00eda CDMX<\/title>\n<meta name=\"description\" content=\"Nuestra colecci\u00f3n es un vibrante mosaico de \u00e9pocas y funciones, un testimonio vivo de la versatilidad y adaptabilidad de la Charrer\u00eda a lo largo del tiempo. Desde los albores de la Rep\u00fablica hasta las transformaciones de la era moderna, cada pieza expone la maestr\u00eda artesanal y el ingenio t\u00e9cnico de aquellos que forjaron esta gran tradici\u00f3n.\" \/>\n<meta name=\"robots\" content=\"index, follow, max-snippet:-1, max-image-preview:large, max-video-preview:-1\" \/>\n<link rel=\"canonical\" href=\"https:\/\/museodelacharreria.org.mx\/de\/sammlung\/vicente-fernandezs-sattel-3\/\" \/>\n<meta property=\"og:locale\" content=\"de_DE\" \/>\n<meta property=\"og:type\" content=\"article\" \/>\n<meta property=\"og:title\" content=\"COLECCI\u00d3N ALFREDO \u00c1VILA SIGLER - Museo de la Charrer\u00eda CDMX\" \/>\n<meta property=\"og:description\" content=\"Nuestra colecci\u00f3n es un vibrante mosaico de \u00e9pocas y funciones, un testimonio vivo de la versatilidad y adaptabilidad de la Charrer\u00eda a lo largo del tiempo. Desde los albores de la Rep\u00fablica hasta las transformaciones de la era moderna, cada pieza expone la maestr\u00eda artesanal y el ingenio t\u00e9cnico de aquellos que forjaron esta gran tradici\u00f3n.\" \/>\n<meta property=\"og:url\" content=\"https:\/\/museodelacharreria.org.mx\/de\/sammlung\/vicente-fernandezs-sattel-3\/\" \/>\n<meta property=\"og:site_name\" content=\"Museo de la Charrer\u00eda CDMX\" \/>\n<meta property=\"article:modified_time\" content=\"2024-06-20T20:25:54+00:00\" \/>\n<meta property=\"og:image\" content=\"https:\/\/museodelacharreria.org.mx\/wp-content\/uploads\/2024\/06\/MUSEO-DE-LA-CHARRERIA-PINTURA-TINTA-AVILA-SIGLER-.jpg\" \/>\n\t<meta property=\"og:image:width\" content=\"1280\" \/>\n\t<meta property=\"og:image:height\" content=\"1707\" \/>\n\t<meta property=\"og:image:type\" content=\"image\/jpeg\" \/>\n<meta name=\"twitter:card\" content=\"summary_large_image\" \/>\n<meta name=\"twitter:label1\" content=\"Gesch\u00e4tzte Lesezeit\" \/>\n\t<meta name=\"twitter:data1\" content=\"4\u00a0Minuten\" \/>\n<script type=\"application\/ld+json\" class=\"yoast-schema-graph\">{\"@context\":\"https:\\\/\\\/schema.org\",\"@graph\":[{\"@type\":[\"WebPage\",\"CollectionPage\"],\"@id\":\"https:\\\/\\\/museodelacharreria.org.mx\\\/coleccion\\\/alfredo-avila-sigler\\\/\",\"url\":\"https:\\\/\\\/museodelacharreria.org.mx\\\/coleccion\\\/alfredo-avila-sigler\\\/\",\"name\":\"COLECCI\u00d3N ALFREDO \u00c1VILA SIGLER - Museo de la Charrer\u00eda CDMX\",\"isPartOf\":{\"@id\":\"https:\\\/\\\/museodelacharreria.org.mx\\\/#website\"},\"primaryImageOfPage\":{\"@id\":\"https:\\\/\\\/museodelacharreria.org.mx\\\/coleccion\\\/alfredo-avila-sigler\\\/#primaryimage\"},\"image\":{\"@id\":\"https:\\\/\\\/museodelacharreria.org.mx\\\/coleccion\\\/alfredo-avila-sigler\\\/#primaryimage\"},\"thumbnailUrl\":\"https:\\\/\\\/museodelacharreria.org.mx\\\/wp-content\\\/uploads\\\/2024\\\/06\\\/MUSEO-DE-LA-CHARRERIA-PINTURA-TINTA-AVILA-SIGLER-.jpg\",\"datePublished\":\"2024-06-20T19:44:01+00:00\",\"dateModified\":\"2024-06-20T20:25:54+00:00\",\"description\":\"Nuestra colecci\u00f3n es un vibrante mosaico de \u00e9pocas y funciones, un testimonio vivo de la versatilidad y adaptabilidad de la Charrer\u00eda a lo largo del tiempo. Desde los albores de la Rep\u00fablica hasta las transformaciones de la era moderna, cada pieza expone la maestr\u00eda artesanal y el ingenio t\u00e9cnico de aquellos que forjaron esta gran tradici\u00f3n.\",\"breadcrumb\":{\"@id\":\"https:\\\/\\\/museodelacharreria.org.mx\\\/coleccion\\\/alfredo-avila-sigler\\\/#breadcrumb\"},\"inLanguage\":\"de\"},{\"@type\":\"ImageObject\",\"inLanguage\":\"de\",\"@id\":\"https:\\\/\\\/museodelacharreria.org.mx\\\/coleccion\\\/alfredo-avila-sigler\\\/#primaryimage\",\"url\":\"https:\\\/\\\/museodelacharreria.org.mx\\\/wp-content\\\/uploads\\\/2024\\\/06\\\/MUSEO-DE-LA-CHARRERIA-PINTURA-TINTA-AVILA-SIGLER-.jpg\",\"contentUrl\":\"https:\\\/\\\/museodelacharreria.org.mx\\\/wp-content\\\/uploads\\\/2024\\\/06\\\/MUSEO-DE-LA-CHARRERIA-PINTURA-TINTA-AVILA-SIGLER-.jpg\",\"width\":1280,\"height\":1707},{\"@type\":\"BreadcrumbList\",\"@id\":\"https:\\\/\\\/museodelacharreria.org.mx\\\/coleccion\\\/alfredo-avila-sigler\\\/#breadcrumb\",\"itemListElement\":[{\"@type\":\"ListItem\",\"position\":1,\"name\":\"Portada\",\"item\":\"https:\\\/\\\/museodelacharreria.org.mx\\\/inicio\\\/\"},{\"@type\":\"ListItem\",\"position\":2,\"name\":\"COLECCI\u00d3N ALFREDO \u00c1VILA SIGLER\"}]},{\"@type\":\"WebSite\",\"@id\":\"https:\\\/\\\/museodelacharreria.org.mx\\\/#website\",\"url\":\"https:\\\/\\\/museodelacharreria.org.mx\\\/\",\"name\":\"Museo de la Charrer\u00eda CDMX\",\"description\":\"Historia y tradici\u00f3n, patrimonio cultural inmaterial de la humanidad UNESCO\",\"publisher\":{\"@id\":\"https:\\\/\\\/museodelacharreria.org.mx\\\/#organization\"},\"potentialAction\":[{\"@type\":\"SearchAction\",\"target\":{\"@type\":\"EntryPoint\",\"urlTemplate\":\"https:\\\/\\\/museodelacharreria.org.mx\\\/?s={search_term_string}\"},\"query-input\":{\"@type\":\"PropertyValueSpecification\",\"valueRequired\":true,\"valueName\":\"search_term_string\"}}],\"inLanguage\":\"de\"},{\"@type\":\"Organization\",\"@id\":\"https:\\\/\\\/museodelacharreria.org.mx\\\/#organization\",\"name\":\"Museo de la Charrer\u00eda Ciudad de M\u00e9xico\",\"alternateName\":\"Museo de la Charrer\u00eda CDMX\",\"url\":\"https:\\\/\\\/museodelacharreria.org.mx\\\/\",\"logo\":{\"@type\":\"ImageObject\",\"inLanguage\":\"de\",\"@id\":\"https:\\\/\\\/museodelacharreria.org.mx\\\/#\\\/schema\\\/logo\\\/image\\\/\",\"url\":\"https:\\\/\\\/museodelacharreria.org.mx\\\/wp-content\\\/uploads\\\/2023\\\/07\\\/Logo-Museo-de-la-Charreria-b-n.png\",\"contentUrl\":\"https:\\\/\\\/museodelacharreria.org.mx\\\/wp-content\\\/uploads\\\/2023\\\/07\\\/Logo-Museo-de-la-Charreria-b-n.png\",\"width\":500,\"height\":250,\"caption\":\"Museo de la Charrer\u00eda Ciudad de M\u00e9xico\"},\"image\":{\"@id\":\"https:\\\/\\\/museodelacharreria.org.mx\\\/#\\\/schema\\\/logo\\\/image\\\/\"},\"sameAs\":[\"https:\\\/\\\/www.youtube.com\\\/@MuseoDeLaCharreria\"]}]}<\/script>\n<!-- \/ Yoast SEO plugin. -->","yoast_head_json":{"title":"COLECCI\u00d3N ALFREDO \u00c1VILA SIGLER - Museo de la Charrer\u00eda CDMX","description":"Unsere Kollektion ist ein lebendiges Mosaik aus verschiedenen Epochen und Funktionen, ein lebendiges Zeugnis f\u00fcr die Vielseitigkeit und Anpassungsf\u00e4higkeit der Charrer\u00eda im Laufe der Zeit. Von den Anf\u00e4ngen der Republik bis zu den Ver\u00e4nderungen der modernen \u00c4ra zeigt jedes St\u00fcck die meisterhafte Handwerkskunst und den technischen Einfallsreichtum derer, die diese gro\u00dfe Tradition begr\u00fcndet haben.","robots":{"index":"index","follow":"follow","max-snippet":"max-snippet:-1","max-image-preview":"max-image-preview:large","max-video-preview":"max-video-preview:-1"},"canonical":"https:\/\/museodelacharreria.org.mx\/de\/sammlung\/vicente-fernandezs-sattel-3\/","og_locale":"de_DE","og_type":"article","og_title":"COLECCI\u00d3N ALFREDO \u00c1VILA SIGLER - Museo de la Charrer\u00eda CDMX","og_description":"Nuestra colecci\u00f3n es un vibrante mosaico de \u00e9pocas y funciones, un testimonio vivo de la versatilidad y adaptabilidad de la Charrer\u00eda a lo largo del tiempo. Desde los albores de la Rep\u00fablica hasta las transformaciones de la era moderna, cada pieza expone la maestr\u00eda artesanal y el ingenio t\u00e9cnico de aquellos que forjaron esta gran tradici\u00f3n.","og_url":"https:\/\/museodelacharreria.org.mx\/de\/sammlung\/vicente-fernandezs-sattel-3\/","og_site_name":"Museo de la Charrer\u00eda CDMX","article_modified_time":"2024-06-20T20:25:54+00:00","og_image":[{"width":1280,"height":1707,"url":"https:\/\/museodelacharreria.org.mx\/wp-content\/uploads\/2024\/06\/MUSEO-DE-LA-CHARRERIA-PINTURA-TINTA-AVILA-SIGLER-.jpg","type":"image\/jpeg"}],"twitter_card":"summary_large_image","twitter_misc":{"Gesch\u00e4tzte Lesezeit":"4\u00a0Minuten"},"schema":{"@context":"https:\/\/schema.org","@graph":[{"@type":["WebPage","CollectionPage"],"@id":"https:\/\/museodelacharreria.org.mx\/coleccion\/alfredo-avila-sigler\/","url":"https:\/\/museodelacharreria.org.mx\/coleccion\/alfredo-avila-sigler\/","name":"COLECCI\u00d3N ALFREDO \u00c1VILA SIGLER - Museo de la Charrer\u00eda CDMX","isPartOf":{"@id":"https:\/\/museodelacharreria.org.mx\/#website"},"primaryImageOfPage":{"@id":"https:\/\/museodelacharreria.org.mx\/coleccion\/alfredo-avila-sigler\/#primaryimage"},"image":{"@id":"https:\/\/museodelacharreria.org.mx\/coleccion\/alfredo-avila-sigler\/#primaryimage"},"thumbnailUrl":"https:\/\/museodelacharreria.org.mx\/wp-content\/uploads\/2024\/06\/MUSEO-DE-LA-CHARRERIA-PINTURA-TINTA-AVILA-SIGLER-.jpg","datePublished":"2024-06-20T19:44:01+00:00","dateModified":"2024-06-20T20:25:54+00:00","description":"Unsere Kollektion ist ein lebendiges Mosaik aus verschiedenen Epochen und Funktionen, ein lebendiges Zeugnis f\u00fcr die Vielseitigkeit und Anpassungsf\u00e4higkeit der Charrer\u00eda im Laufe der Zeit. Von den Anf\u00e4ngen der Republik bis zu den Ver\u00e4nderungen der modernen \u00c4ra zeigt jedes St\u00fcck die meisterhafte Handwerkskunst und den technischen Einfallsreichtum derer, die diese gro\u00dfe Tradition begr\u00fcndet haben.","breadcrumb":{"@id":"https:\/\/museodelacharreria.org.mx\/coleccion\/alfredo-avila-sigler\/#breadcrumb"},"inLanguage":"de"},{"@type":"ImageObject","inLanguage":"de","@id":"https:\/\/museodelacharreria.org.mx\/coleccion\/alfredo-avila-sigler\/#primaryimage","url":"https:\/\/museodelacharreria.org.mx\/wp-content\/uploads\/2024\/06\/MUSEO-DE-LA-CHARRERIA-PINTURA-TINTA-AVILA-SIGLER-.jpg","contentUrl":"https:\/\/museodelacharreria.org.mx\/wp-content\/uploads\/2024\/06\/MUSEO-DE-LA-CHARRERIA-PINTURA-TINTA-AVILA-SIGLER-.jpg","width":1280,"height":1707},{"@type":"BreadcrumbList","@id":"https:\/\/museodelacharreria.org.mx\/coleccion\/alfredo-avila-sigler\/#breadcrumb","itemListElement":[{"@type":"ListItem","position":1,"name":"Portada","item":"https:\/\/museodelacharreria.org.mx\/inicio\/"},{"@type":"ListItem","position":2,"name":"COLECCI\u00d3N ALFREDO \u00c1VILA SIGLER"}]},{"@type":"WebSite","@id":"https:\/\/museodelacharreria.org.mx\/#website","url":"https:\/\/museodelacharreria.org.mx\/","name":"Charreria-Museum CDMX","description":"Geschichte und Tradition, immaterielles Kulturerbe der Menschheit UNESCO","publisher":{"@id":"https:\/\/museodelacharreria.org.mx\/#organization"},"potentialAction":[{"@type":"SearchAction","target":{"@type":"EntryPoint","urlTemplate":"https:\/\/museodelacharreria.org.mx\/?s={search_term_string}"},"query-input":{"@type":"PropertyValueSpecification","valueRequired":true,"valueName":"search_term_string"}}],"inLanguage":"de"},{"@type":"Organization","@id":"https:\/\/museodelacharreria.org.mx\/#organization","name":"Museum der Charreria Mexiko-Stadt","alternateName":"Museo de la Charrer\u00eda CDMX","url":"https:\/\/museodelacharreria.org.mx\/","logo":{"@type":"ImageObject","inLanguage":"de","@id":"https:\/\/museodelacharreria.org.mx\/#\/schema\/logo\/image\/","url":"https:\/\/museodelacharreria.org.mx\/wp-content\/uploads\/2023\/07\/Logo-Museo-de-la-Charreria-b-n.png","contentUrl":"https:\/\/museodelacharreria.org.mx\/wp-content\/uploads\/2023\/07\/Logo-Museo-de-la-Charreria-b-n.png","width":500,"height":250,"caption":"Museo de la Charrer\u00eda Ciudad de M\u00e9xico"},"image":{"@id":"https:\/\/museodelacharreria.org.mx\/#\/schema\/logo\/image\/"},"sameAs":["https:\/\/www.youtube.com\/@MuseoDeLaCharreria"]}]}},"_links":{"self":[{"href":"https:\/\/museodelacharreria.org.mx\/de\/wp-json\/wp\/v2\/portfolio\/3001","targetHints":{"allow":["GET"]}}],"collection":[{"href":"https:\/\/museodelacharreria.org.mx\/de\/wp-json\/wp\/v2\/portfolio"}],"about":[{"href":"https:\/\/museodelacharreria.org.mx\/de\/wp-json\/wp\/v2\/types\/portfolio"}],"author":[{"embeddable":true,"href":"https:\/\/museodelacharreria.org.mx\/de\/wp-json\/wp\/v2\/users\/1"}],"version-history":[{"count":7,"href":"https:\/\/museodelacharreria.org.mx\/de\/wp-json\/wp\/v2\/portfolio\/3001\/revisions"}],"predecessor-version":[{"id":3027,"href":"https:\/\/museodelacharreria.org.mx\/de\/wp-json\/wp\/v2\/portfolio\/3001\/revisions\/3027"}],"wp:featuredmedia":[{"embeddable":true,"href":"https:\/\/museodelacharreria.org.mx\/de\/wp-json\/wp\/v2\/media\/3007"}],"wp:attachment":[{"href":"https:\/\/museodelacharreria.org.mx\/de\/wp-json\/wp\/v2\/media?parent=3001"}],"wp:term":[{"taxonomy":"post_tag","embeddable":true,"href":"https:\/\/museodelacharreria.org.mx\/de\/wp-json\/wp\/v2\/tags?post=3001"},{"taxonomy":"portfolio_entries","embeddable":true,"href":"https:\/\/museodelacharreria.org.mx\/de\/wp-json\/wp\/v2\/portfolio_entries?post=3001"}],"curies":[{"name":"wp","href":"https:\/\/api.w.org\/{rel}","templated":true}]}}