{"id":12,"date":"2023-07-13T19:19:47","date_gmt":"2023-07-13T19:19:47","guid":{"rendered":"https:\/\/museodelacharreria.org.mx\/home\/"},"modified":"2026-04-17T10:03:17","modified_gmt":"2026-04-17T16:03:17","slug":"inicio","status":"publish","type":"page","link":"https:\/\/museodelacharreria.org.mx\/en\/","title":{"rendered":"HOME"},"content":{"rendered":"<style type=\"text\/css\" data-created_by=\"avia_inline_auto\" id=\"style-css-av-ly4k9m05-e51b30a219cb17a1f7116495bad5382d\">\n.avia-featureimage-slideshow.av-ly4k9m05-e51b30a219cb17a1f7116495bad5382d .avia-slideshow-inner{\npadding-bottom:56.25%;\n}\n#top .avia-featureimage-slideshow.av-ly4k9m05-e51b30a219cb17a1f7116495bad5382d .avia-caption-title *{\nfont-size:33px;\n}\n<\/style>\n<div  id=\"avia_feature_image_slider_1\"  class='avia-slideshow avia-featureimage-slideshow av-ly4k9m05-e51b30a219cb17a1f7116495bad5382d avia-animated-caption avia-slideshow-no scaling avia-fade-slider av-small-hide av-mini-hide av-slideshow-ui av-control-default av-slideshow-autoplay av-loop-endless av-loop-manual-endless avia-slideshow-1' data-slideshow-options=\"{&quot;animation&quot;:&quot;fade&quot;,&quot;autoplay&quot;:true,&quot;loop_autoplay&quot;:&quot;endless&quot;,&quot;interval&quot;:5,&quot;loop_manual&quot;:&quot;manual-endless&quot;,&quot;autoplay_stopper&quot;:false,&quot;noNavigation&quot;:false,&quot;bg_slider&quot;:true,&quot;keep_padding&quot;:true,&quot;hoverpause&quot;:false,&quot;show_slide_delay&quot;:0}\"  itemprop=\"image\" itemscope=\"itemscope\" itemtype=\"https:\/\/schema.org\/ImageObject\" ><ul class=\"avia-slideshow-inner avia-slideshow-fixed-height\"><li data-img-url='https:\/\/museodelacharreria.org.mx\/wp-content\/uploads\/2024\/11\/MUSEO-DE-LA-CHARRERIA-CABEZADA-DE-EMILIANO-ZAPATA-.jpg' class='avia-featureimage-slide av-ly4k9m05-e51b30a219cb17a1f7116495bad5382d__0 slide-1  slide-id-3965'><div class=\"caption_fullwidth av-slideshow-caption caption_center\"><div class=\"container caption_container\"><div class=\"slideshow_caption\"><div class=\"slideshow_inner_caption\"><div class=\"slideshow_align_caption\"><h2 class='avia-caption-title'><a href='https:\/\/museodelacharreria.org.mx\/en\/coleccion\/cabezadas-de-plata-de-emiliano-zapata\/'  itemprop=\"thumbnailUrl\" >EMILIANO ZAPATA'S SILVER HEADBANDS<\/a><\/h2><div class=\"avia-caption-content\" itemprop=\"description\"><\/div><a href=\"https:\/\/museodelacharreria.org.mx\/en\/coleccion\/cabezadas-de-plata-de-emiliano-zapata\/\" class=\"avia-slideshow-button avia-button avia-color-light\" data-duration=\"800\" data-easing=\"easeInOutQuad\">Read more<\/a><\/div><\/div><\/div><\/div><\/div><\/li><li data-img-url='https:\/\/museodelacharreria.org.mx\/wp-content\/uploads\/2024\/11\/Museo-de-la-Charreria-Silla-Charra-Con-Chimite-en-Greca.jpg' class='avia-featureimage-slide av-ly4k9m05-e51b30a219cb17a1f7116495bad5382d__1 slide-2  slide-id-3791'><div class=\"caption_fullwidth av-slideshow-caption caption_center\"><div class=\"container caption_container\"><div class=\"slideshow_caption\"><div class=\"slideshow_inner_caption\"><div class=\"slideshow_align_caption\"><h2 class='avia-caption-title'><a href='https:\/\/museodelacharreria.org.mx\/en\/coleccion\/silla-charra-chomiteada-en-grecas\/'  itemprop=\"thumbnailUrl\" >CHARRO CHAIR CHOMITEADA IN GRECAS<\/a><\/h2><div class=\"avia-caption-content\" itemprop=\"description\"><\/div><a href=\"https:\/\/museodelacharreria.org.mx\/en\/coleccion\/silla-charra-chomiteada-en-grecas\/\" class=\"avia-slideshow-button avia-button avia-color-light\" data-duration=\"800\" data-easing=\"easeInOutQuad\">Read more<\/a><\/div><\/div><\/div><\/div><\/div><\/li><li data-img-url='https:\/\/museodelacharreria.org.mx\/wp-content\/uploads\/2024\/11\/MUSEO-DE-LA-CHARRERIA-SILLA-CHARRA-4.jpg' class='avia-featureimage-slide av-ly4k9m05-e51b30a219cb17a1f7116495bad5382d__2 slide-3  slide-id-3882'><div class=\"caption_fullwidth av-slideshow-caption caption_center\"><div class=\"container caption_container\"><div class=\"slideshow_caption\"><div class=\"slideshow_inner_caption\"><div class=\"slideshow_align_caption\"><h2 class='avia-caption-title'><a href='https:\/\/museodelacharreria.org.mx\/en\/coleccion\/silla-charra-de-media-gala-cincelada\/'  itemprop=\"thumbnailUrl\" >CHARRO CHAIR OF CHISELED HALF GALA<\/a><\/h2><div class=\"avia-caption-content\" itemprop=\"description\"><\/div><a href=\"https:\/\/museodelacharreria.org.mx\/en\/coleccion\/silla-charra-de-media-gala-cincelada\/\" class=\"avia-slideshow-button avia-button avia-color-light\" data-duration=\"800\" data-easing=\"easeInOutQuad\">Read more<\/a><\/div><\/div><\/div><\/div><\/div><\/li><li data-img-url='https:\/\/museodelacharreria.org.mx\/wp-content\/uploads\/2024\/11\/Museo-de-la-Charreria-Silla-Charra-de-Gala.jpg' class='avia-featureimage-slide av-ly4k9m05-e51b30a219cb17a1f7116495bad5382d__3 slide-4  slide-id-3777'><div class=\"caption_fullwidth av-slideshow-caption caption_center\"><div class=\"container caption_container\"><div class=\"slideshow_caption\"><div class=\"slideshow_inner_caption\"><div class=\"slideshow_align_caption\"><h2 class='avia-caption-title'><a href='https:\/\/museodelacharreria.org.mx\/en\/coleccion\/silla-charra-piteada\/'  itemprop=\"thumbnailUrl\" >SADDLE CHARRA PITEADA<\/a><\/h2><div class=\"avia-caption-content\" itemprop=\"description\"><\/div><a href=\"https:\/\/museodelacharreria.org.mx\/en\/coleccion\/silla-charra-piteada\/\" class=\"avia-slideshow-button avia-button avia-color-light\" data-duration=\"800\" data-easing=\"easeInOutQuad\">Read more<\/a><\/div><\/div><\/div><\/div><\/div><\/li><li data-img-url='https:\/\/museodelacharreria.org.mx\/wp-content\/uploads\/2024\/07\/ESPADA-TOLEDANA-.jpg' class='avia-featureimage-slide av-ly4k9m05-e51b30a219cb17a1f7116495bad5382d__4 slide-5  slide-id-3423'><div class=\"caption_fullwidth av-slideshow-caption caption_center\"><div class=\"container caption_container\"><div class=\"slideshow_caption\"><div class=\"slideshow_inner_caption\"><div class=\"slideshow_align_caption\"><h2 class='avia-caption-title'><a href='https:\/\/museodelacharreria.org.mx\/en\/coleccion\/espada-de-la-reina-isabel\/'  itemprop=\"thumbnailUrl\" >QUEEN ISABEL'S SWORD<\/a><\/h2><div class=\"avia-caption-content\" itemprop=\"description\"><\/div><a href=\"https:\/\/museodelacharreria.org.mx\/en\/coleccion\/espada-de-la-reina-isabel\/\" class=\"avia-slideshow-button avia-button avia-color-light\" data-duration=\"800\" data-easing=\"easeInOutQuad\">Read more<\/a><\/div><\/div><\/div><\/div><\/div><\/li><li data-img-url='https:\/\/museodelacharreria.org.mx\/wp-content\/uploads\/2024\/11\/MUSEO-DE-LA-CHARRERIA-SILLA-CHARRA-CON-MOTIVOS-TAURINOS-3.jpg' class='avia-featureimage-slide av-ly4k9m05-e51b30a219cb17a1f7116495bad5382d__5 slide-6  slide-id-3750'><div class=\"caption_fullwidth av-slideshow-caption caption_center\"><div class=\"container caption_container\"><div class=\"slideshow_caption\"><div class=\"slideshow_inner_caption\"><div class=\"slideshow_align_caption\"><h2 class='avia-caption-title'><a href='https:\/\/museodelacharreria.org.mx\/en\/coleccion\/silla-charra-con-motivos-taurinos\/'  itemprop=\"thumbnailUrl\" >CHARRO CHAIR WITH BULLFIGHTING MOTIFS<\/a><\/h2><div class=\"avia-caption-content\" itemprop=\"description\"><\/div><a href=\"https:\/\/museodelacharreria.org.mx\/en\/coleccion\/silla-charra-con-motivos-taurinos\/\" class=\"avia-slideshow-button avia-button avia-color-light\" data-duration=\"800\" data-easing=\"easeInOutQuad\">Read more<\/a><\/div><\/div><\/div><\/div><\/div><\/li><li data-img-url='https:\/\/museodelacharreria.org.mx\/wp-content\/uploads\/2023\/09\/Museo-de-la-Charreria-CDMX-Armas-de-Fuego-0044.jpg' class='avia-featureimage-slide av-ly4k9m05-e51b30a219cb17a1f7116495bad5382d__6 slide-7  slide-id-234'><div class=\"caption_fullwidth av-slideshow-caption caption_center\"><div class=\"container caption_container\"><div class=\"slideshow_caption\"><div class=\"slideshow_inner_caption\"><div class=\"slideshow_align_caption\"><h2 class='avia-caption-title'><a href='https:\/\/museodelacharreria.org.mx\/en\/coleccion\/revolver-de-pancho-villa\/'  itemprop=\"thumbnailUrl\" >REVOLVER OF GENERAL FRANCISCO VILLA<\/a><\/h2><div class=\"avia-caption-content\" itemprop=\"description\"><\/div><a href=\"https:\/\/museodelacharreria.org.mx\/en\/coleccion\/revolver-de-pancho-villa\/\" class=\"avia-slideshow-button avia-button avia-color-light\" data-duration=\"800\" data-easing=\"easeInOutQuad\">Read more<\/a><\/div><\/div><\/div><\/div><\/div><\/li><li data-img-url='https:\/\/museodelacharreria.org.mx\/wp-content\/uploads\/2024\/11\/Museo-de-la-Charreria-Cuera-Michoacana-con-Panoleta-Roja-2.jpg' class='avia-featureimage-slide av-ly4k9m05-e51b30a219cb17a1f7116495bad5382d__7 slide-8  slide-id-3827'><div class=\"caption_fullwidth av-slideshow-caption caption_center\"><div class=\"container caption_container\"><div class=\"slideshow_caption\"><div class=\"slideshow_inner_caption\"><div class=\"slideshow_align_caption\"><h2 class='avia-caption-title'><a href='https:\/\/museodelacharreria.org.mx\/en\/coleccion\/cuera-michoacana-2\/'  itemprop=\"thumbnailUrl\" >CUERA MICHOACANA<\/a><\/h2><div class=\"avia-caption-content\" itemprop=\"description\"><\/div><a href=\"https:\/\/museodelacharreria.org.mx\/en\/coleccion\/cuera-michoacana-2\/\" class=\"avia-slideshow-button avia-button avia-color-light\" data-duration=\"800\" data-easing=\"easeInOutQuad\">Read more<\/a><\/div><\/div><\/div><\/div><\/div><\/li><\/ul><div class='avia-slideshow-arrows avia-slideshow-controls' ><a href='#prev' class='prev-slide' aria-hidden='true' data-av_icon='\ue87c' data-av_iconfont='entypo-fontello'  tabindex='-1'>Previous<\/a><a href='#next' class='next-slide' aria-hidden='true' data-av_icon='\ue87d' data-av_iconfont='entypo-fontello'  tabindex='-1'>Next<\/a><\/div><div class='avia-slideshow-dots avia-slideshow-controls'><a href='#1' class='goto-slide active' >1<\/a><a href='#2' class='goto-slide' >2<\/a><a href='#3' class='goto-slide' >3<\/a><a href='#4' class='goto-slide' >4<\/a><a href='#5' class='goto-slide' >5<\/a><a href='#6' class='goto-slide' >6<\/a><a href='#7' class='goto-slide' >7<\/a><a href='#8' class='goto-slide' >8<\/a><\/div><\/div>\n\n\n<style type=\"text\/css\" data-created_by=\"avia_inline_auto\" id=\"style-css-av-lmxihhet-0f3b2093bfec7d206b666cadf262ae7b\">\n#top .av-special-heading.av-lmxihhet-0f3b2093bfec7d206b666cadf262ae7b{\npadding-bottom:10px;\n}\nbody .av-special-heading.av-lmxihhet-0f3b2093bfec7d206b666cadf262ae7b .av-special-heading-tag .heading-char{\nfont-size:25px;\n}\n.av-special-heading.av-lmxihhet-0f3b2093bfec7d206b666cadf262ae7b .av-subheading{\nfont-size:15px;\n}\n<\/style>\n<div  class='av-special-heading av-lmxihhet-0f3b2093bfec7d206b666cadf262ae7b av-special-heading-h1 blockquote modern-quote modern-centered  avia-builder-el-2  el_after_av_feature_image_slider  el_before_av_hr  avia-builder-el-first'><h1 class='av-special-heading-tag'  itemprop=\"headline\"  >NATIONAL MUSEUM OF CHARRER\u00cdA<\/h1><div class='av-subheading av-subheading_below'><p>MEXICO CITY<\/p>\n<\/div><div class=\"special-heading-border\"><div class=\"special-heading-inner-border\"><\/div><\/div><\/div>\n<div  class='hr av-lmz3in29-482f2204e170613838631c117a0f6b95 hr-short  avia-builder-el-3  el_after_av_heading  el_before_av_one_half  hr-center'><span class='hr-inner'><span class=\"hr-inner-style\"><\/span><\/span><\/div>\n<div  class='flex_column av-15u9c-4cd8cc24bec9c19003e74ecdfc66229b av_one_half  avia-builder-el-4  el_after_av_hr  el_before_av_one_half  first flex_column_div'     ><style type=\"text\/css\" data-created_by=\"avia_inline_auto\" id=\"style-css-av-lmxrn4zh-86e6be894718838038acf9019455d322\">\n.avia-image-container.av-lmxrn4zh-86e6be894718838038acf9019455d322 img.avia_image{\nbox-shadow:none;\n}\n.avia-image-container.av-lmxrn4zh-86e6be894718838038acf9019455d322 .av-image-caption-overlay-center{\ncolor:#ffffff;\n}\n<\/style>\n<div  class='avia-image-container av-lmxrn4zh-86e6be894718838038acf9019455d322 av-styling- avia-align-center  avia-builder-el-5  avia-builder-el-no-sibling'   itemprop=\"image\" itemscope=\"itemscope\" itemtype=\"https:\/\/schema.org\/ImageObject\" ><div class=\"avia-image-container-inner\"><div class=\"avia-image-overlay-wrap\"><img decoding=\"async\" fetchpriority=\"high\" class='wp-image-871 avia-img-lazy-loading-not-871 avia_image' src=\"https:\/\/museodelacharreria.org.mx\/wp-content\/uploads\/2023\/09\/Grafico-No-1303.jpg\" alt='' title='Chart-No-1303'  height=\"720\" width=\"1080\"  itemprop=\"thumbnailUrl\" srcset=\"https:\/\/museodelacharreria.org.mx\/wp-content\/uploads\/2023\/09\/Grafico-No-1303.jpg 1080w, https:\/\/museodelacharreria.org.mx\/wp-content\/uploads\/2023\/09\/Grafico-No-1303-300x200.jpg 300w, https:\/\/museodelacharreria.org.mx\/wp-content\/uploads\/2023\/09\/Grafico-No-1303-768x512.jpg 768w, https:\/\/museodelacharreria.org.mx\/wp-content\/uploads\/2023\/09\/Grafico-No-1303-705x470.jpg 705w\" sizes=\"(max-width: 1080px) 100vw, 1080px\" \/><\/div><\/div><\/div><\/div>\n<div  class='flex_column av-1hj64-e63abb9b98cd106671093a482de95f9a av_one_half  avia-builder-el-6  el_after_av_one_half  el_before_av_one_full  flex_column_div'     ><p>\n<style type=\"text\/css\" data-created_by=\"avia_inline_auto\" id=\"style-css-av-lmyxazdj-96ebd42b11c685b939f8a6003d0e2627\">\n#top .av-special-heading.av-lmyxazdj-96ebd42b11c685b939f8a6003d0e2627{\npadding-bottom:10px;\n}\nbody .av-special-heading.av-lmyxazdj-96ebd42b11c685b939f8a6003d0e2627 .av-special-heading-tag .heading-char{\nfont-size:25px;\n}\n.av-special-heading.av-lmyxazdj-96ebd42b11c685b939f8a6003d0e2627 .av-subheading{\nfont-size:15px;\n}\n<\/style>\n<div  class='av-special-heading av-lmyxazdj-96ebd42b11c685b939f8a6003d0e2627 av-special-heading-h2 blockquote modern-quote modern-centered  avia-builder-el-7  el_before_av_textblock  avia-builder-el-first'><h2 class='av-special-heading-tag'  itemprop=\"headline\"  >ABOUT US<\/h2><div class='av-subheading av-subheading_below'><p>Here, in the majestic Ex Convent of Our Lady of Monserrat, we have been safeguarding the history and traditions of Charreria since 1972.<\/p>\n<\/div><div class=\"special-heading-border\"><div class=\"special-heading-inner-border\"><\/div><\/div><\/div><br \/>\n<section  class='av_textblock_section av-lmxincvr-6b4e4dab971db0b3fa94798a34172a93'   itemscope=\"itemscope\" itemtype=\"https:\/\/schema.org\/CreativeWork\" ><div class='avia_textblock'  itemprop=\"text\" ><p>The Charreria Museum in Mexico City offers unique pieces from different historical periods of Mexico's most representative cultural expression. Charreria is a tradition deeply rooted in the Mexican countryside since the 19th century. It emerged from the close relationship between man, horse, and livestock\u2014a fervent companionship that has endured throughout the history of our country. This practice has transcended the boundaries of culture and art to become a nationally recognized sport since the 1930s. In 2016, UNESCO declared it Intangible Cultural Heritage of Humanity\u00ae, and the Chamber of Deputies of the Congress of the Union recognized it as Cultural Heritage of Mexico.<\/p>\n<\/div><\/section><\/p><\/div>\n<div  class='flex_column av-wxw0-9e262f22ade502f6d2d0256a6f112afc av_one_full  avia-builder-el-9  el_after_av_one_half  el_before_av_one_half  first flex_column_div  column-top-margin'     ><p>\n<style type=\"text\/css\" data-created_by=\"avia_inline_auto\" id=\"style-css-av-lmxizetu-9edf04bf440f296e80bc96709bbe5f73\">\n#top .av-special-heading.av-lmxizetu-9edf04bf440f296e80bc96709bbe5f73{\npadding-bottom:10px;\n}\nbody .av-special-heading.av-lmxizetu-9edf04bf440f296e80bc96709bbe5f73 .av-special-heading-tag .heading-char{\nfont-size:25px;\n}\n.av-special-heading.av-lmxizetu-9edf04bf440f296e80bc96709bbe5f73 .av-subheading{\nfont-size:15px;\n}\n<\/style>\n<div  class='av-special-heading av-lmxizetu-9edf04bf440f296e80bc96709bbe5f73 av-special-heading-h2 blockquote modern-quote modern-centered  avia-builder-el-10  el_before_av_textblock  avia-builder-el-first'><h2 class='av-special-heading-tag'  itemprop=\"headline\"  >EXHIBITION<\/h2><div class='av-subheading av-subheading_below'><p>The collection includes more than 500 pieces from different historical periods, representative of the great diversity of the utilitarian, artisanal and artistic aspects of Mexican Charreria.<\/p>\n<\/div><div class=\"special-heading-border\"><div class=\"special-heading-inner-border\"><\/div><\/div><\/div><br \/>\n<section  class='av_textblock_section av-lmxjc8se-18bd9d19ffee18d6fae012d212ba6351'   itemscope=\"itemscope\" itemtype=\"https:\/\/schema.org\/CreativeWork\" ><div class='avia_textblock'  itemprop=\"text\" ><p>Welcome to the fascinating universe of Charreria, a cultural expression that has endured through the centuries, weaving the history of Mexico with threads of tradition and bravery. At the heart of this museum lie treasures that tell the epic story of the charros and skirmishes, from their origins to the present day.<\/p>\n<p>Our collection is a vibrant mosaic of eras and functions, a living testament to the versatility and adaptability of Charrer\u00eda over time. From the dawn of the Republic to the transformations of the modern era, each piece showcases the master craftsmanship and technical ingenuity of those who forged this great tradition.<\/p>\n<\/div><\/section><br \/>\n<div  class='avia-button-wrap av-ln0j2gib-58f478495cc352524ecfff3c80bf3301-wrap avia-button-center  avia-builder-el-12  el_after_av_textblock  avia-builder-el-last'><a href='https:\/\/museodelacharreria.org.mx\/en\/exhibicion\/'  class='avia-button av-ln0j2gib-58f478495cc352524ecfff3c80bf3301 av-link-btn avia-icon_select-yes-left-icon avia-size-small avia-position-center avia-color-light'   aria-label=\"DISCOVER\"><span class='avia_button_icon avia_button_icon_left' aria-hidden='true' data-av_icon='\ue817' data-av_iconfont='entypo-fontello'><\/span><span class='avia_iconbox_title' >DISCOVER<\/span><\/a><\/div><\/p><\/div>\n<div  class='flex_column av-37fw-9edcea8c5a2282238f13db38f356265c av_one_half  avia-builder-el-13  el_after_av_one_full  el_before_av_one_half  first flex_column_div  column-top-margin'     ><p>\n<style type=\"text\/css\" data-created_by=\"avia_inline_auto\" id=\"style-css-av-lnaofujn-7bec35f11525b29e3bccdcbb4862014f\">\n#top .av-special-heading.av-lnaofujn-7bec35f11525b29e3bccdcbb4862014f{\npadding-bottom:10px;\n}\nbody .av-special-heading.av-lnaofujn-7bec35f11525b29e3bccdcbb4862014f .av-special-heading-tag .heading-char{\nfont-size:25px;\n}\n.av-special-heading.av-lnaofujn-7bec35f11525b29e3bccdcbb4862014f .av-subheading{\nfont-size:15px;\n}\n<\/style>\n<div  class='av-special-heading av-lnaofujn-7bec35f11525b29e3bccdcbb4862014f av-special-heading-h2 blockquote modern-quote  avia-builder-el-14  el_before_av_blog  avia-builder-el-first'><h2 class='av-special-heading-tag'  itemprop=\"headline\"  >DISCOVER<\/h2><div class='av-subheading av-subheading_below'><p>The newest addition to the online COLLECTION<\/p>\n<\/div><div class=\"special-heading-border\"><div class=\"special-heading-inner-border\"><\/div><\/div><\/div><br \/>\n<div  class='av-alb-blogposts template-blog  av-blog-meta-author-disabled av-blog-meta-comments-disabled'  itemscope=\"itemscope\" itemtype=\"https:\/\/schema.org\/Blog\" ><article class=\"post-entry post-entry-type-standard post-entry-3806 post-loop-1 post-parity-odd post-entry-last single-big post with-slider post-3806 portfolio type-portfolio status-publish has-post-thumbnail hentry portfolio_entries-coleccion portfolio_entries-sillas\"  itemscope=\"itemscope\" itemtype=\"https:\/\/schema.org\/CreativeWork\" ><div class=\"big-preview single-big\"  itemprop=\"image\" itemscope=\"itemscope\" itemtype=\"https:\/\/schema.org\/ImageObject\" ><a href=\"https:\/\/museodelacharreria.org.mx\/en\/coleccion\/silla-charra-piteada-cincelada-y-encorrillada\/\"  title=\"CHARRERIA MUSEUM - CHISELED AND CURVED CHARRO SADDLE - CHARRA PITEADA CHISELED AND CURLED\" ><img decoding=\"async\" loading=\"lazy\" width=\"1920\" height=\"1280\" src=\"https:\/\/museodelacharreria.org.mx\/wp-content\/uploads\/2024\/11\/MUSEO-DE-LA-CHARRERIA-SILLA-CHARRA-PITEADA-CINCELADA-Y-ENCORRILLADA-.jpg\" class=\"wp-image-3799 avia-img-lazy-loading-3799 attachment-no scaling size-no scaling wp-post-image\" alt=\"\" srcset=\"https:\/\/museodelacharreria.org.mx\/wp-content\/uploads\/2024\/11\/MUSEO-DE-LA-CHARRERIA-SILLA-CHARRA-PITEADA-CINCELADA-Y-ENCORRILLADA-.jpg 1920w, https:\/\/museodelacharreria.org.mx\/wp-content\/uploads\/2024\/11\/MUSEO-DE-LA-CHARRERIA-SILLA-CHARRA-PITEADA-CINCELADA-Y-ENCORRILLADA--400x267.jpg 400w, https:\/\/museodelacharreria.org.mx\/wp-content\/uploads\/2024\/11\/MUSEO-DE-LA-CHARRERIA-SILLA-CHARRA-PITEADA-CINCELADA-Y-ENCORRILLADA--768x512.jpg 768w, https:\/\/museodelacharreria.org.mx\/wp-content\/uploads\/2024\/11\/MUSEO-DE-LA-CHARRERIA-SILLA-CHARRA-PITEADA-CINCELADA-Y-ENCORRILLADA--1536x1024.jpg 1536w, https:\/\/museodelacharreria.org.mx\/wp-content\/uploads\/2024\/11\/MUSEO-DE-LA-CHARRERIA-SILLA-CHARRA-PITEADA-CINCELADA-Y-ENCORRILLADA--18x12.jpg 18w, https:\/\/museodelacharreria.org.mx\/wp-content\/uploads\/2024\/11\/MUSEO-DE-LA-CHARRERIA-SILLA-CHARRA-PITEADA-CINCELADA-Y-ENCORRILLADA--1500x1000.jpg 1500w, https:\/\/museodelacharreria.org.mx\/wp-content\/uploads\/2024\/11\/MUSEO-DE-LA-CHARRERIA-SILLA-CHARRA-PITEADA-CINCELADA-Y-ENCORRILLADA--705x470.jpg 705w\" sizes=\"auto, (max-width: 1920px) 100vw, 1920px\" \/><\/a><\/div><div class=\"blog-meta\"><\/div><div class='entry-content-wrapper clearfix standard-content'><header class=\"entry-content-header\" aria-label=\"Post: SILLA CHARRA PITEADA, CINCELADA Y ENCORRILLADA\"><h2 class='post-title entry-title'  itemprop=\"headline\" ><a href=\"https:\/\/museodelacharreria.org.mx\/en\/coleccion\/silla-charra-piteada-cincelada-y-encorrillada\/\" rel=\"bookmark\" title=\"Permanent Link: SILLA CHARRA PITEADA, CINCELADA Y ENCORRILLADA\">SADDLE CHARRA PITEADA, CHISELED AND CORORRILLADA<span class=\"post-format-icon minor-meta\"><\/span><\/a><\/h2><span class=\"post-meta-infos\"><time class=\"date-container minor-meta updated\"  itemprop=\"datePublished\" datetime=\"2024-11-23T13:35:49-06:00\" >2024-11-23<\/time><span class=\"text-sep\">\/<\/span><span class=\"blog-categories minor-meta\">in <a href=\"https:\/\/museodelacharreria.org.mx\/en\/clasificacion\/coleccion\/\" rel=\"tag\">COLLECTION<\/a>, <a href=\"https:\/\/museodelacharreria.org.mx\/en\/clasificacion\/sillas\/\" rel=\"tag\">SADDLES<\/a><\/span><\/span><\/header><div class=\"entry-content\"  itemprop=\"text\" ><div class=\"read-more-link\"><a href=\"https:\/\/museodelacharreria.org.mx\/en\/coleccion\/silla-charra-piteada-cincelada-y-encorrillada\/\" class=\"more-link\">Read more<span class=\"more-link-arrow\"><\/span><\/a><\/div>\n<\/div><footer class=\"entry-footer\"><\/footer><div class='post_delimiter'><\/div><\/div><div class=\"post_author_timeline\"><\/div><span class='hidden'>\n\t\t\t\t<span class='av-structured-data'  itemprop=\"image\" itemscope=\"itemscope\" itemtype=\"https:\/\/schema.org\/ImageObject\" >\n\t\t\t\t\t\t<span itemprop='url'>https:\/\/museodelacharreria.org.mx\/wp-content\/uploads\/2024\/11\/MUSEO-DE-LA-CHARRERIA-SILLA-CHARRA-PITEADA-CINCELADA-Y-ENCORRILLADA-.jpg<\/span>\n\t\t\t\t\t\t<span itemprop='height'>1280<\/span>\n\t\t\t\t\t\t<span itemprop='width'>1920<\/span>\n\t\t\t\t<\/span>\n\t\t\t\t<span class='av-structured-data'  itemprop=\"publisher\" itemtype=\"https:\/\/schema.org\/Organization\" itemscope=\"itemscope\" >\n\t\t\t\t\t\t<span itemprop='name'>agegundez<\/span>\n\t\t\t\t\t\t<span itemprop='logo' itemscope itemtype='https:\/\/schema.org\/ImageObject'>\n\t\t\t\t\t\t\t<span itemprop='url'>https:\/\/museodelacharreria.org.mx\/wp-content\/uploads\/2023\/07\/Logo-Museo-de-la-Charreria-b-n-300x150.png<\/span>\n\t\t\t\t\t\t<\/span>\n\t\t\t\t<\/span><span class='av-structured-data'  itemprop=\"author\" itemscope=\"itemscope\" itemtype=\"https:\/\/schema.org\/Person\" ><span itemprop='name'>agegundez<\/span><\/span><span class='av-structured-data'  itemprop=\"datePublished\" datetime=\"2024-11-23T13:35:49-06:00\" >2024-11-23 13:35:49<\/span><span class='av-structured-data'  itemprop=\"dateModified\" itemtype=\"https:\/\/schema.org\/dateModified\" >2024-11-23 13:37:06<\/span><span class='av-structured-data'  itemprop=\"mainEntityOfPage\" itemtype=\"https:\/\/schema.org\/mainEntityOfPage\" ><span itemprop='name'>SADDLE CHARRA PITEADA, CHISELED AND CORORRILLADA<\/span><\/span><\/span><\/article><\/div><\/p><\/div>\n<div  class='flex_column av-1mnl0-de3e3a60ab5ee1d6a6d15ab357c7cf65 av_one_half flex_column_div  column-top-margin'     ><div  id=\"avia-magazine-1\"  class='av-magazine av-15i2g-5b314c531cc884b85aca500fcdee46cb av-magazine-top-bar-active av-magazine-tabs-active' ><div class='av-magazine-top-bar'><div class=\"av-magazine-sort\" data-magazine-id=\"1\" ><div class=\"av-sort-by-term\"><a href=\"#\" data-filter=\"sort_all\" class=\"all_sort_button active_sort\"><span class=\"inner_sort_button\"><span>All<\/span><\/span><\/a><span class='text-sep arte_sort_sep'>\/<\/span><a href=\"#\" data-filter=\"sort_190\" class=\"arte_sort_button\" ><span class=\"inner_sort_button\"><span>ART<\/span><\/span><\/a><span class='text-sep coleccion_sort_sep'>\/<\/span><a href=\"#\" data-filter=\"sort_5\" class=\"coleccion_sort_button\" ><span class=\"inner_sort_button\"><span>COLLECTION<\/span><\/span><\/a><\/div><\/div><\/div><div class='av-magazine-group sort_all'><article class='av-magazine-entry av-magazine-entry-id-3784 av-magazine-format-standard av-magazine-type-portfolio av-magazine-entry-1 av-magazine-entry-small'  itemscope=\"itemscope\" itemtype=\"https:\/\/schema.org\/CreativeWork\" ><div class=\"av-magazine-thumbnail\"><a href='https:\/\/museodelacharreria.org.mx\/en\/coleccion\/traje-de-dama-charra-de-media-gala-bordada-con-soutache\/' title='Link to: TRAJE DE DAMA CHARRA DE MEDIA GALA BORDADA CON SOUTACHE' class='av-magazine-thumbnail-link'><img decoding=\"async\" fetchpriority=\"high\" width=\"100\" height=\"100\" src=\"https:\/\/museodelacharreria.org.mx\/wp-content\/uploads\/2024\/11\/Museo-de-la-Charreria-Traje-de-Dama-Charra-de-Media-Gala-Color-Vino-Bordada-en-Soutache-100x100.jpg\" class=\"wp-image-3785 avia-img-lazy-loading-not-3785 attachment-thumbnail size-thumbnail wp-post-image\" alt=\"HALF GALA CHARRO LADY COSTUME\" srcset=\"https:\/\/museodelacharreria.org.mx\/wp-content\/uploads\/2024\/11\/Museo-de-la-Charreria-Traje-de-Dama-Charra-de-Media-Gala-Color-Vino-Bordada-en-Soutache-100x100.jpg 100w, https:\/\/museodelacharreria.org.mx\/wp-content\/uploads\/2024\/11\/Museo-de-la-Charreria-Traje-de-Dama-Charra-de-Media-Gala-Color-Vino-Bordada-en-Soutache-36x36.jpg 36w, https:\/\/museodelacharreria.org.mx\/wp-content\/uploads\/2024\/11\/Museo-de-la-Charreria-Traje-de-Dama-Charra-de-Media-Gala-Color-Vino-Bordada-en-Soutache-180x180.jpg 180w\" sizes=\"(max-width: 100px) 100vw, 100px\" \/><\/a><\/div><div class=\"av-magazine-content-wrap\"><header class=\"entry-content-header\" aria-label=\"Post: TRAJE DE DAMA CHARRA DE MEDIA GALA BORDADA CON SOUTACHE\"><time class='av-magazine-time updated'  itemprop=\"datePublished\" datetime=\"2024-11-22T15:11:49-06:00\" >2024-11-22<\/time><h3 class='av-magazine-title entry-title'  itemprop=\"headline\" ><a href='https:\/\/museodelacharreria.org.mx\/en\/coleccion\/traje-de-dama-charra-de-media-gala-bordada-con-soutache\/' title='Link to: TRAJE DE DAMA CHARRA DE MEDIA GALA BORDADA CON SOUTACHE'>CHARRA LADY'S DRESS OF HALF GALA EMBROIDERED WITH SOUTACHE<\/a><\/h3><\/header><\/div><footer class=\"entry-footer\"><\/footer><\/article><article class='av-magazine-entry av-magazine-entry-id-3763 av-magazine-format-standard av-magazine-type-portfolio av-magazine-entry-2 av-magazine-entry-small'  itemscope=\"itemscope\" itemtype=\"https:\/\/schema.org\/CreativeWork\" ><div class=\"av-magazine-thumbnail\"><a href='https:\/\/museodelacharreria.org.mx\/en\/coleccion\/silla-charra-de-gran-gala-bordada-con-hilo-de-plata\/' title='Link to: SILLA CHARRA DE GRAN GALA BORDADA CON HILO DE PLATA' class='av-magazine-thumbnail-link'><img decoding=\"async\" fetchpriority=\"high\" width=\"100\" height=\"100\" src=\"https:\/\/museodelacharreria.org.mx\/wp-content\/uploads\/2024\/11\/MUSEO-DE-LA-CHARRERIA-SILLA-CHARRA-DE-GRAN-GALA-BORDADA-EN-HILO-DE-PLATA-Y-ORO-1929-100x100.jpg\" class=\"wp-image-3766 avia-img-lazy-loading-not-3766 attachment-thumbnail size-thumbnail wp-post-image\" alt=\"\" srcset=\"https:\/\/museodelacharreria.org.mx\/wp-content\/uploads\/2024\/11\/MUSEO-DE-LA-CHARRERIA-SILLA-CHARRA-DE-GRAN-GALA-BORDADA-EN-HILO-DE-PLATA-Y-ORO-1929-100x100.jpg 100w, https:\/\/museodelacharreria.org.mx\/wp-content\/uploads\/2024\/11\/MUSEO-DE-LA-CHARRERIA-SILLA-CHARRA-DE-GRAN-GALA-BORDADA-EN-HILO-DE-PLATA-Y-ORO-1929-36x36.jpg 36w, https:\/\/museodelacharreria.org.mx\/wp-content\/uploads\/2024\/11\/MUSEO-DE-LA-CHARRERIA-SILLA-CHARRA-DE-GRAN-GALA-BORDADA-EN-HILO-DE-PLATA-Y-ORO-1929-180x180.jpg 180w\" sizes=\"(max-width: 100px) 100vw, 100px\" \/><\/a><\/div><div class=\"av-magazine-content-wrap\"><header class=\"entry-content-header\" aria-label=\"Post: SILLA CHARRA DE GRAN GALA BORDADA CON HILO DE PLATA\"><time class='av-magazine-time updated'  itemprop=\"datePublished\" datetime=\"2024-11-22T12:39:40-06:00\" >2024-11-22<\/time><h3 class='av-magazine-title entry-title'  itemprop=\"headline\" ><a href='https:\/\/museodelacharreria.org.mx\/en\/coleccion\/silla-charra-de-gran-gala-bordada-con-hilo-de-plata\/' title='Link to: SILLA CHARRA DE GRAN GALA BORDADA CON HILO DE PLATA'>SILVER THREAD EMBROIDERED CHARRO CHAIR OF GREAT GALA<\/a><\/h3><\/header><\/div><footer class=\"entry-footer\"><\/footer><\/article><article class='av-magazine-entry av-magazine-entry-id-3741 av-magazine-format-standard av-magazine-type-portfolio av-magazine-entry-3 av-magazine-entry-small'  itemscope=\"itemscope\" itemtype=\"https:\/\/schema.org\/CreativeWork\" ><div class=\"av-magazine-thumbnail\"><a href='https:\/\/museodelacharreria.org.mx\/en\/coleccion\/silla-charra-con-chomite-y-encorrillado\/' title='Link to: SILLA CHARRA CON CHOMITE Y ENCORRILLADO' class='av-magazine-thumbnail-link'><img decoding=\"async\" fetchpriority=\"high\" width=\"100\" height=\"100\" src=\"https:\/\/museodelacharreria.org.mx\/wp-content\/uploads\/2024\/11\/Museo-de-la-Charreria-Silla-Charra-Con-Chimite-y-Encorrillado-100x100.jpg\" class=\"wp-image-3742 avia-img-lazy-loading-not-3742 attachment-thumbnail size-thumbnail wp-post-image\" alt=\"CHARRA SADDLE WITH CHOMITE AND CORRALILLADO\" srcset=\"https:\/\/museodelacharreria.org.mx\/wp-content\/uploads\/2024\/11\/Museo-de-la-Charreria-Silla-Charra-Con-Chimite-y-Encorrillado-100x100.jpg 100w, https:\/\/museodelacharreria.org.mx\/wp-content\/uploads\/2024\/11\/Museo-de-la-Charreria-Silla-Charra-Con-Chimite-y-Encorrillado-36x36.jpg 36w, https:\/\/museodelacharreria.org.mx\/wp-content\/uploads\/2024\/11\/Museo-de-la-Charreria-Silla-Charra-Con-Chimite-y-Encorrillado-180x180.jpg 180w\" sizes=\"(max-width: 100px) 100vw, 100px\" \/><\/a><\/div><div class=\"av-magazine-content-wrap\"><header class=\"entry-content-header\" aria-label=\"Post: SILLA CHARRA CON CHOMITE Y ENCORRILLADO\"><time class='av-magazine-time updated'  itemprop=\"datePublished\" datetime=\"2024-11-21T14:04:47-06:00\" >2024-11-21<\/time><h3 class='av-magazine-title entry-title'  itemprop=\"headline\" ><a href='https:\/\/museodelacharreria.org.mx\/en\/coleccion\/silla-charra-con-chomite-y-encorrillado\/' title='Link to: SILLA CHARRA CON CHOMITE Y ENCORRILLADO'>CHARRA SADDLE WITH CHOMITE AND CORRALILLADO<\/a><\/h3><\/header><\/div><footer class=\"entry-footer\"><\/footer><\/article><article class='av-magazine-entry av-magazine-entry-id-3697 av-magazine-format-standard av-magazine-type-portfolio av-magazine-entry-4 av-magazine-entry-small'  itemscope=\"itemscope\" itemtype=\"https:\/\/schema.org\/CreativeWork\" ><div class=\"av-magazine-thumbnail\"><a href='https:\/\/museodelacharreria.org.mx\/en\/coleccion\/revolver-38-con-cachas-de-cuerno-de-venado\/' title='Link to: REVOLVER 38 CON CACHAS DE CUERNO DE VENADO' class='av-magazine-thumbnail-link'><img decoding=\"async\" fetchpriority=\"high\" width=\"100\" height=\"100\" src=\"https:\/\/museodelacharreria.org.mx\/wp-content\/uploads\/2024\/11\/Museo-de-la-Charreria-Armas-Blancas-Revolver-con-Cachas-de-Asta-de-Ciervo-1-1-100x100.jpg\" class=\"wp-image-3701 avia-img-lazy-loading-not-3701 attachment-thumbnail size-thumbnail wp-post-image\" alt=\"\" srcset=\"https:\/\/museodelacharreria.org.mx\/wp-content\/uploads\/2024\/11\/Museo-de-la-Charreria-Armas-Blancas-Revolver-con-Cachas-de-Asta-de-Ciervo-1-1-100x100.jpg 100w, https:\/\/museodelacharreria.org.mx\/wp-content\/uploads\/2024\/11\/Museo-de-la-Charreria-Armas-Blancas-Revolver-con-Cachas-de-Asta-de-Ciervo-1-1-36x36.jpg 36w, https:\/\/museodelacharreria.org.mx\/wp-content\/uploads\/2024\/11\/Museo-de-la-Charreria-Armas-Blancas-Revolver-con-Cachas-de-Asta-de-Ciervo-1-1-180x180.jpg 180w\" sizes=\"(max-width: 100px) 100vw, 100px\" \/><\/a><\/div><div class=\"av-magazine-content-wrap\"><header class=\"entry-content-header\" aria-label=\"Post: REVOLVER 38 CON CACHAS DE CUERNO DE VENADO\"><time class='av-magazine-time updated'  itemprop=\"datePublished\" datetime=\"2024-11-21T11:43:42-06:00\" >2024-11-21<\/time><h3 class='av-magazine-title entry-title'  itemprop=\"headline\" ><a href='https:\/\/museodelacharreria.org.mx\/en\/coleccion\/revolver-38-con-cachas-de-cuerno-de-venado\/' title='Link to: REVOLVER 38 CON CACHAS DE CUERNO DE VENADO'>38 REVOLVER WITH DEER ANTLER GRIPS<\/a><\/h3><\/header><\/div><footer class=\"entry-footer\"><\/footer><\/article><article class='av-magazine-entry av-magazine-entry-id-3669 av-magazine-format-standard av-magazine-type-portfolio av-magazine-entry-5 av-magazine-entry-small'  itemscope=\"itemscope\" itemtype=\"https:\/\/schema.org\/CreativeWork\" ><div class=\"av-magazine-thumbnail\"><a href='https:\/\/museodelacharreria.org.mx\/en\/coleccion\/silla-charra-de-gala-con-3-trabajos-artesanales\/' title='Link to: SILLA CHARRA DE GALA CON 3 TRABAJOS ARTESANALES' class='av-magazine-thumbnail-link'><img decoding=\"async\" fetchpriority=\"high\" width=\"100\" height=\"100\" src=\"https:\/\/museodelacharreria.org.mx\/wp-content\/uploads\/2024\/11\/Museo-de-la-Charreria-Silla-Charra-Cincelada-100x100.jpg\" class=\"wp-image-3738 avia-img-lazy-loading-not-3738 attachment-thumbnail size-thumbnail wp-post-image\" alt=\"\" srcset=\"https:\/\/museodelacharreria.org.mx\/wp-content\/uploads\/2024\/11\/Museo-de-la-Charreria-Silla-Charra-Cincelada-100x100.jpg 100w, https:\/\/museodelacharreria.org.mx\/wp-content\/uploads\/2024\/11\/Museo-de-la-Charreria-Silla-Charra-Cincelada-36x36.jpg 36w, https:\/\/museodelacharreria.org.mx\/wp-content\/uploads\/2024\/11\/Museo-de-la-Charreria-Silla-Charra-Cincelada-180x180.jpg 180w\" sizes=\"(max-width: 100px) 100vw, 100px\" \/><\/a><\/div><div class=\"av-magazine-content-wrap\"><header class=\"entry-content-header\" aria-label=\"Post: SILLA CHARRA DE GALA CON 3 TRABAJOS ARTESANALES\"><time class='av-magazine-time updated'  itemprop=\"datePublished\" datetime=\"2024-11-20T20:57:47-06:00\" >2024-11-20<\/time><h3 class='av-magazine-title entry-title'  itemprop=\"headline\" ><a href='https:\/\/museodelacharreria.org.mx\/en\/coleccion\/silla-charra-de-gala-con-3-trabajos-artesanales\/' title='Link to: SILLA CHARRA DE GALA CON 3 TRABAJOS ARTESANALES'>GALA CHARRO CHAIR WITH 3 HANDCRAFTED WORKS<\/a><\/h3><\/header><\/div><footer class=\"entry-footer\"><\/footer><\/article><article class='av-magazine-entry av-magazine-entry-id-3649 av-magazine-format-standard av-magazine-type-portfolio av-magazine-entry-6 av-magazine-entry-small'  itemscope=\"itemscope\" itemtype=\"https:\/\/schema.org\/CreativeWork\" ><div class=\"av-magazine-thumbnail\"><a href='https:\/\/museodelacharreria.org.mx\/en\/coleccion\/silla-charra-chomiteada\/' title='Link to: SILLA CHARRA CHOMITEADA' class='av-magazine-thumbnail-link'><img decoding=\"async\" fetchpriority=\"high\" width=\"100\" height=\"100\" src=\"https:\/\/museodelacharreria.org.mx\/wp-content\/uploads\/2024\/11\/Museo-de-la-Charreria-Silla-Charra-Con-Chomite-de-Chorizo-100x100.jpg\" class=\"wp-image-3734 avia-img-lazy-loading-not-3734 attachment-thumbnail size-thumbnail wp-post-image\" alt=\"\" srcset=\"https:\/\/museodelacharreria.org.mx\/wp-content\/uploads\/2024\/11\/Museo-de-la-Charreria-Silla-Charra-Con-Chomite-de-Chorizo-100x100.jpg 100w, https:\/\/museodelacharreria.org.mx\/wp-content\/uploads\/2024\/11\/Museo-de-la-Charreria-Silla-Charra-Con-Chomite-de-Chorizo-36x36.jpg 36w, https:\/\/museodelacharreria.org.mx\/wp-content\/uploads\/2024\/11\/Museo-de-la-Charreria-Silla-Charra-Con-Chomite-de-Chorizo-180x180.jpg 180w\" sizes=\"(max-width: 100px) 100vw, 100px\" \/><\/a><\/div><div class=\"av-magazine-content-wrap\"><header class=\"entry-content-header\" aria-label=\"Post: SILLA CHARRA CHOMITEADA\"><time class='av-magazine-time updated'  itemprop=\"datePublished\" datetime=\"2024-11-20T20:13:29-06:00\" >2024-11-20<\/time><h3 class='av-magazine-title entry-title'  itemprop=\"headline\" ><a href='https:\/\/museodelacharreria.org.mx\/en\/coleccion\/silla-charra-chomiteada\/' title='Link to: SILLA CHARRA CHOMITEADA'>CHOMITEADA CHARRO CHAIR<\/a><\/h3><\/header><\/div><footer class=\"entry-footer\"><\/footer><\/article><\/div><div class='av-magazine-group av-hidden-mag sort_190'><article class='av-magazine-entry av-magazine-entry-id-3568 av-magazine-format-standard av-magazine-type-portfolio av-magazine-entry-1 av-magazine-entry-small'  itemscope=\"itemscope\" itemtype=\"https:\/\/schema.org\/CreativeWork\" ><div class=\"av-magazine-thumbnail\"><a href='https:\/\/museodelacharreria.org.mx\/en\/coleccion\/pinata-de-silla-charra\/' title='Link to: PI\u00d1ATA DE SILLA CHARRA' class='av-magazine-thumbnail-link'><img decoding=\"async\" fetchpriority=\"high\" width=\"100\" height=\"100\" src=\"https:\/\/museodelacharreria.org.mx\/wp-content\/uploads\/2024\/06\/MUSEO-LA-CHARRERIA-PINATA-MONTURA-CHARRA-1449-100x100.jpg\" class=\"wp-image-3359 avia-img-lazy-loading-not-3359 attachment-thumbnail size-thumbnail wp-post-image\" alt=\"\" srcset=\"https:\/\/museodelacharreria.org.mx\/wp-content\/uploads\/2024\/06\/MUSEO-LA-CHARRERIA-PINATA-MONTURA-CHARRA-1449-100x100.jpg 100w, https:\/\/museodelacharreria.org.mx\/wp-content\/uploads\/2024\/06\/MUSEO-LA-CHARRERIA-PINATA-MONTURA-CHARRA-1449-36x36.jpg 36w, https:\/\/museodelacharreria.org.mx\/wp-content\/uploads\/2024\/06\/MUSEO-LA-CHARRERIA-PINATA-MONTURA-CHARRA-1449-180x180.jpg 180w\" sizes=\"(max-width: 100px) 100vw, 100px\" \/><\/a><\/div><div class=\"av-magazine-content-wrap\"><header class=\"entry-content-header\" aria-label=\"Post: PI\u00d1ATA DE SILLA CHARRA\"><time class='av-magazine-time updated'  itemprop=\"datePublished\" datetime=\"2024-10-10T18:35:50-06:00\" >2024-10-10<\/time><h3 class='av-magazine-title entry-title'  itemprop=\"headline\" ><a href='https:\/\/museodelacharreria.org.mx\/en\/coleccion\/pinata-de-silla-charra\/' title='Link to: PI\u00d1ATA DE SILLA CHARRA'>CHARRO CHAIR PI\u00d1ATA<\/a><\/h3><\/header><\/div><footer class=\"entry-footer\"><\/footer><\/article><article class='av-magazine-entry av-magazine-entry-id-3351 av-magazine-format-standard av-magazine-type-portfolio av-magazine-entry-2 av-magazine-entry-small'  itemscope=\"itemscope\" itemtype=\"https:\/\/schema.org\/CreativeWork\" ><div class=\"av-magazine-thumbnail\"><a href='https:\/\/museodelacharreria.org.mx\/en\/coleccion\/trofeo-lxvii-campeonato-nacional-puebla-2011\/' title='Link to: TROFEO LXVII CAMPEONATO NACIONAL PUEBLA 2011' class='av-magazine-thumbnail-link'><img decoding=\"async\" fetchpriority=\"high\" width=\"100\" height=\"100\" src=\"https:\/\/museodelacharreria.org.mx\/wp-content\/uploads\/2024\/06\/MUSEO-DE-LA-CHARRERIA-ESCULTURA-TROFEO-LXVII-CAMPEONATO-NACIONAL-PUEBLA-2011-100x100.jpg\" class=\"wp-image-3352 avia-img-lazy-loading-not-3352 attachment-thumbnail size-thumbnail wp-post-image\" alt=\"\" srcset=\"https:\/\/museodelacharreria.org.mx\/wp-content\/uploads\/2024\/06\/MUSEO-DE-LA-CHARRERIA-ESCULTURA-TROFEO-LXVII-CAMPEONATO-NACIONAL-PUEBLA-2011-100x100.jpg 100w, https:\/\/museodelacharreria.org.mx\/wp-content\/uploads\/2024\/06\/MUSEO-DE-LA-CHARRERIA-ESCULTURA-TROFEO-LXVII-CAMPEONATO-NACIONAL-PUEBLA-2011-36x36.jpg 36w, https:\/\/museodelacharreria.org.mx\/wp-content\/uploads\/2024\/06\/MUSEO-DE-LA-CHARRERIA-ESCULTURA-TROFEO-LXVII-CAMPEONATO-NACIONAL-PUEBLA-2011-180x180.jpg 180w\" sizes=\"(max-width: 100px) 100vw, 100px\" \/><\/a><\/div><div class=\"av-magazine-content-wrap\"><header class=\"entry-content-header\" aria-label=\"Post: TROFEO LXVII CAMPEONATO NACIONAL PUEBLA 2011\"><time class='av-magazine-time updated'  itemprop=\"datePublished\" datetime=\"2024-06-27T19:02:07-06:00\" >2024-06-27<\/time><h3 class='av-magazine-title entry-title'  itemprop=\"headline\" ><a href='https:\/\/museodelacharreria.org.mx\/en\/coleccion\/trofeo-lxvii-campeonato-nacional-puebla-2011\/' title='Link to: TROFEO LXVII CAMPEONATO NACIONAL PUEBLA 2011'>TROPHY LXVII NATIONAL CHAMPIONSHIP PUEBLA 2011<\/a><\/h3><\/header><\/div><footer class=\"entry-footer\"><\/footer><\/article><article class='av-magazine-entry av-magazine-entry-id-3344 av-magazine-format-standard av-magazine-type-portfolio av-magazine-entry-3 av-magazine-entry-small'  itemscope=\"itemscope\" itemtype=\"https:\/\/schema.org\/CreativeWork\" ><div class=\"av-magazine-thumbnail\"><a href='https:\/\/museodelacharreria.org.mx\/en\/coleccion\/trofeo-lxvi-campeonato-nacional-pachuca-2010\/' title='Link to: TROFEO LXVI CAMPEONATO NACIONAL PACHUCA 2010' class='av-magazine-thumbnail-link'><img decoding=\"async\" fetchpriority=\"high\" width=\"100\" height=\"100\" src=\"https:\/\/museodelacharreria.org.mx\/wp-content\/uploads\/2024\/06\/MUSEO-DE-LA-CHARRERIA-ESCULTURA-TROFEO-LXVI-CAMPEONATO-NACIONAL-PACHUCA-PORTADA-1491-100x100.jpg\" class=\"wp-image-3345 avia-img-lazy-loading-not-3345 attachment-thumbnail size-thumbnail wp-post-image\" alt=\"\" srcset=\"https:\/\/museodelacharreria.org.mx\/wp-content\/uploads\/2024\/06\/MUSEO-DE-LA-CHARRERIA-ESCULTURA-TROFEO-LXVI-CAMPEONATO-NACIONAL-PACHUCA-PORTADA-1491-100x100.jpg 100w, https:\/\/museodelacharreria.org.mx\/wp-content\/uploads\/2024\/06\/MUSEO-DE-LA-CHARRERIA-ESCULTURA-TROFEO-LXVI-CAMPEONATO-NACIONAL-PACHUCA-PORTADA-1491-36x36.jpg 36w, https:\/\/museodelacharreria.org.mx\/wp-content\/uploads\/2024\/06\/MUSEO-DE-LA-CHARRERIA-ESCULTURA-TROFEO-LXVI-CAMPEONATO-NACIONAL-PACHUCA-PORTADA-1491-180x180.jpg 180w\" sizes=\"(max-width: 100px) 100vw, 100px\" \/><\/a><\/div><div class=\"av-magazine-content-wrap\"><header class=\"entry-content-header\" aria-label=\"Post: TROFEO LXVI CAMPEONATO NACIONAL PACHUCA 2010\"><time class='av-magazine-time updated'  itemprop=\"datePublished\" datetime=\"2024-06-27T18:34:51-06:00\" >2024-06-27<\/time><h3 class='av-magazine-title entry-title'  itemprop=\"headline\" ><a href='https:\/\/museodelacharreria.org.mx\/en\/coleccion\/trofeo-lxvi-campeonato-nacional-pachuca-2010\/' title='Link to: TROFEO LXVI CAMPEONATO NACIONAL PACHUCA 2010'>TROPHY LXVI NATIONAL CHAMPIONSHIP PACHUCA 2010<\/a><\/h3><\/header><\/div><footer class=\"entry-footer\"><\/footer><\/article><article class='av-magazine-entry av-magazine-entry-id-3334 av-magazine-format-standard av-magazine-type-portfolio av-magazine-entry-4 av-magazine-entry-small'  itemscope=\"itemscope\" itemtype=\"https:\/\/schema.org\/CreativeWork\" ><div class=\"av-magazine-thumbnail\"><a href='https:\/\/museodelacharreria.org.mx\/en\/coleccion\/trofeo-del-lxxxv-aniversario-de-la-federacion\/' title='Link to: TROFEO DEL LXXXV ANIVERSARIO DE LA FEDERACI\u00d3N' class='av-magazine-thumbnail-link'><img decoding=\"async\" fetchpriority=\"high\" width=\"100\" height=\"100\" src=\"https:\/\/museodelacharreria.org.mx\/wp-content\/uploads\/2024\/06\/MUSEO-DE-LA-CHARRERIA-ESCULTURA-TROFEO-LXXXV-ANIVERSARIO-DE-LA-FEDERACION-2-100x100.jpg\" class=\"wp-image-3336 avia-img-lazy-loading-not-3336 attachment-thumbnail size-thumbnail wp-post-image\" alt=\"\" srcset=\"https:\/\/museodelacharreria.org.mx\/wp-content\/uploads\/2024\/06\/MUSEO-DE-LA-CHARRERIA-ESCULTURA-TROFEO-LXXXV-ANIVERSARIO-DE-LA-FEDERACION-2-100x100.jpg 100w, https:\/\/museodelacharreria.org.mx\/wp-content\/uploads\/2024\/06\/MUSEO-DE-LA-CHARRERIA-ESCULTURA-TROFEO-LXXXV-ANIVERSARIO-DE-LA-FEDERACION-2-36x36.jpg 36w, https:\/\/museodelacharreria.org.mx\/wp-content\/uploads\/2024\/06\/MUSEO-DE-LA-CHARRERIA-ESCULTURA-TROFEO-LXXXV-ANIVERSARIO-DE-LA-FEDERACION-2-180x180.jpg 180w\" sizes=\"(max-width: 100px) 100vw, 100px\" \/><\/a><\/div><div class=\"av-magazine-content-wrap\"><header class=\"entry-content-header\" aria-label=\"Post: TROFEO DEL LXXXV ANIVERSARIO DE LA FEDERACI\u00d3N\"><time class='av-magazine-time updated'  itemprop=\"datePublished\" datetime=\"2024-06-27T18:22:40-06:00\" >2024-06-27<\/time><h3 class='av-magazine-title entry-title'  itemprop=\"headline\" ><a href='https:\/\/museodelacharreria.org.mx\/en\/coleccion\/trofeo-del-lxxxv-aniversario-de-la-federacion\/' title='Link to: TROFEO DEL LXXXV ANIVERSARIO DE LA FEDERACI\u00d3N'>TROPHY OF THE LXXXV ANNIVERSARY OF THE FEDERATION<\/a><\/h3><\/header><\/div><footer class=\"entry-footer\"><\/footer><\/article><article class='av-magazine-entry av-magazine-entry-id-3928 av-magazine-format-standard av-magazine-type-portfolio av-magazine-entry-5 av-magazine-entry-small'  itemscope=\"itemscope\" itemtype=\"https:\/\/schema.org\/CreativeWork\" ><div class=\"av-magazine-thumbnail\"><a href='https:\/\/museodelacharreria.org.mx\/en\/coleccion\/trofeo-jineteo-de-toro\/' title='Link to: TROFEO JINETEO DE TORO' class='av-magazine-thumbnail-link'><img decoding=\"async\" fetchpriority=\"high\" width=\"100\" height=\"100\" src=\"https:\/\/museodelacharreria.org.mx\/wp-content\/uploads\/2024\/11\/MUSEO-DE-LA-CHARRERIA-TROFEO-JINETEO-DE-TORO-2-100x100.jpg\" class=\"wp-image-3929 avia-img-lazy-loading-not-3929 attachment-thumbnail size-thumbnail wp-post-image\" alt=\"\" srcset=\"https:\/\/museodelacharreria.org.mx\/wp-content\/uploads\/2024\/11\/MUSEO-DE-LA-CHARRERIA-TROFEO-JINETEO-DE-TORO-2-100x100.jpg 100w, https:\/\/museodelacharreria.org.mx\/wp-content\/uploads\/2024\/11\/MUSEO-DE-LA-CHARRERIA-TROFEO-JINETEO-DE-TORO-2-36x36.jpg 36w, https:\/\/museodelacharreria.org.mx\/wp-content\/uploads\/2024\/11\/MUSEO-DE-LA-CHARRERIA-TROFEO-JINETEO-DE-TORO-2-180x180.jpg 180w\" sizes=\"(max-width: 100px) 100vw, 100px\" \/><\/a><\/div><div class=\"av-magazine-content-wrap\"><header class=\"entry-content-header\" aria-label=\"Post: TROFEO JINETEO DE TORO\"><time class='av-magazine-time updated'  itemprop=\"datePublished\" datetime=\"2024-06-25T18:18:40-06:00\" >2024-06-25<\/time><h3 class='av-magazine-title entry-title'  itemprop=\"headline\" ><a href='https:\/\/museodelacharreria.org.mx\/en\/coleccion\/trofeo-jineteo-de-toro\/' title='Link to: TROFEO JINETEO DE TORO'>BULL RIDING TROPHY<\/a><\/h3><\/header><\/div><footer class=\"entry-footer\"><\/footer><\/article><article class='av-magazine-entry av-magazine-entry-id-3055 av-magazine-format-standard av-magazine-type-portfolio av-magazine-entry-6 av-magazine-entry-small'  itemscope=\"itemscope\" itemtype=\"https:\/\/schema.org\/CreativeWork\" ><div class=\"av-magazine-thumbnail\"><a href='https:\/\/museodelacharreria.org.mx\/en\/coleccion\/heladio-velarde\/' title='Link to: COLECCI\u00d3N HELADIO VELARDE' class='av-magazine-thumbnail-link'><img decoding=\"async\" fetchpriority=\"high\" width=\"100\" height=\"100\" src=\"https:\/\/museodelacharreria.org.mx\/wp-content\/uploads\/2024\/06\/MUSEO-DE-LA-CHARRERIA-PINTURA-LITOGRAFIA-HELADIO-VELARDE-1-100x100.jpg\" class=\"wp-image-3056 avia-img-lazy-loading-not-3056 attachment-thumbnail size-thumbnail wp-post-image\" alt=\"\" srcset=\"https:\/\/museodelacharreria.org.mx\/wp-content\/uploads\/2024\/06\/MUSEO-DE-LA-CHARRERIA-PINTURA-LITOGRAFIA-HELADIO-VELARDE-1-100x100.jpg 100w, https:\/\/museodelacharreria.org.mx\/wp-content\/uploads\/2024\/06\/MUSEO-DE-LA-CHARRERIA-PINTURA-LITOGRAFIA-HELADIO-VELARDE-1-36x36.jpg 36w, https:\/\/museodelacharreria.org.mx\/wp-content\/uploads\/2024\/06\/MUSEO-DE-LA-CHARRERIA-PINTURA-LITOGRAFIA-HELADIO-VELARDE-1-180x180.jpg 180w\" sizes=\"(max-width: 100px) 100vw, 100px\" \/><\/a><\/div><div class=\"av-magazine-content-wrap\"><header class=\"entry-content-header\" aria-label=\"Post: COLECCI\u00d3N HELADIO VELARDE\"><time class='av-magazine-time updated'  itemprop=\"datePublished\" datetime=\"2024-06-21T02:07:53-06:00\" >2024-06-21<\/time><h3 class='av-magazine-title entry-title'  itemprop=\"headline\" ><a href='https:\/\/museodelacharreria.org.mx\/en\/coleccion\/heladio-velarde\/' title='Link to: COLECCI\u00d3N HELADIO VELARDE'>HELADIO VELARDE COLLECTION<\/a><\/h3><\/header><\/div><footer class=\"entry-footer\"><\/footer><\/article><\/div><div class='av-magazine-group av-hidden-mag sort_5'><article class='av-magazine-entry av-magazine-entry-id-3965 av-magazine-format-standard av-magazine-type-portfolio av-magazine-entry-1 av-magazine-entry-small'  itemscope=\"itemscope\" itemtype=\"https:\/\/schema.org\/CreativeWork\" ><div class=\"av-magazine-thumbnail\"><a href='https:\/\/museodelacharreria.org.mx\/en\/coleccion\/cabezadas-de-plata-de-emiliano-zapata\/' title='Link to: CABEZADAS DE PLATA DE EMILIANO ZAPATA' class='av-magazine-thumbnail-link'><img decoding=\"async\" fetchpriority=\"high\" width=\"100\" height=\"100\" src=\"https:\/\/museodelacharreria.org.mx\/wp-content\/uploads\/2024\/11\/MUSEO-DE-LA-CHARRERIA-CABEZADA-DE-EMILIANO-ZAPATA--100x100.jpg\" class=\"wp-image-3966 avia-img-lazy-loading-not-3966 attachment-thumbnail size-thumbnail wp-post-image\" alt=\"\" srcset=\"https:\/\/museodelacharreria.org.mx\/wp-content\/uploads\/2024\/11\/MUSEO-DE-LA-CHARRERIA-CABEZADA-DE-EMILIANO-ZAPATA--100x100.jpg 100w, https:\/\/museodelacharreria.org.mx\/wp-content\/uploads\/2024\/11\/MUSEO-DE-LA-CHARRERIA-CABEZADA-DE-EMILIANO-ZAPATA--36x36.jpg 36w, https:\/\/museodelacharreria.org.mx\/wp-content\/uploads\/2024\/11\/MUSEO-DE-LA-CHARRERIA-CABEZADA-DE-EMILIANO-ZAPATA--180x180.jpg 180w\" sizes=\"(max-width: 100px) 100vw, 100px\" \/><\/a><\/div><div class=\"av-magazine-content-wrap\"><header class=\"entry-content-header\" aria-label=\"Post: CABEZADAS DE PLATA DE EMILIANO ZAPATA\"><time class='av-magazine-time updated'  itemprop=\"datePublished\" datetime=\"2024-11-25T20:09:58-06:00\" >2024-11-25<\/time><h3 class='av-magazine-title entry-title'  itemprop=\"headline\" ><a href='https:\/\/museodelacharreria.org.mx\/en\/coleccion\/cabezadas-de-plata-de-emiliano-zapata\/' title='Link to: CABEZADAS DE PLATA DE EMILIANO ZAPATA'>EMILIANO ZAPATA'S SILVER HEADBANDS<\/a><\/h3><\/header><\/div><footer class=\"entry-footer\"><\/footer><\/article><article class='av-magazine-entry av-magazine-entry-id-3791 av-magazine-format-standard av-magazine-type-portfolio av-magazine-entry-2 av-magazine-entry-small'  itemscope=\"itemscope\" itemtype=\"https:\/\/schema.org\/CreativeWork\" ><div class=\"av-magazine-thumbnail\"><a href='https:\/\/museodelacharreria.org.mx\/en\/coleccion\/silla-charra-chomiteada-en-grecas\/' title='Link to: SILLA CHARRA CHOMITEADA EN GRECAS' class='av-magazine-thumbnail-link'><img decoding=\"async\" fetchpriority=\"high\" width=\"100\" height=\"100\" src=\"https:\/\/museodelacharreria.org.mx\/wp-content\/uploads\/2024\/11\/Museo-de-la-Charreria-Silla-Charra-Con-Chimite-en-Greca-100x100.jpg\" class=\"wp-image-3792 avia-img-lazy-loading-not-3792 attachment-thumbnail size-thumbnail wp-post-image\" alt=\"\" srcset=\"https:\/\/museodelacharreria.org.mx\/wp-content\/uploads\/2024\/11\/Museo-de-la-Charreria-Silla-Charra-Con-Chimite-en-Greca-100x100.jpg 100w, https:\/\/museodelacharreria.org.mx\/wp-content\/uploads\/2024\/11\/Museo-de-la-Charreria-Silla-Charra-Con-Chimite-en-Greca-36x36.jpg 36w, https:\/\/museodelacharreria.org.mx\/wp-content\/uploads\/2024\/11\/Museo-de-la-Charreria-Silla-Charra-Con-Chimite-en-Greca-180x180.jpg 180w\" sizes=\"(max-width: 100px) 100vw, 100px\" \/><\/a><\/div><div class=\"av-magazine-content-wrap\"><header class=\"entry-content-header\" aria-label=\"Post: SILLA CHARRA CHOMITEADA EN GRECAS\"><time class='av-magazine-time updated'  itemprop=\"datePublished\" datetime=\"2024-11-25T15:30:12-06:00\" >2024-11-25<\/time><h3 class='av-magazine-title entry-title'  itemprop=\"headline\" ><a href='https:\/\/museodelacharreria.org.mx\/en\/coleccion\/silla-charra-chomiteada-en-grecas\/' title='Link to: SILLA CHARRA CHOMITEADA EN GRECAS'>CHARRO CHAIR CHOMITEADA IN GRECAS<\/a><\/h3><\/header><\/div><footer class=\"entry-footer\"><\/footer><\/article><article class='av-magazine-entry av-magazine-entry-id-3882 av-magazine-format-standard av-magazine-type-portfolio av-magazine-entry-3 av-magazine-entry-small'  itemscope=\"itemscope\" itemtype=\"https:\/\/schema.org\/CreativeWork\" ><div class=\"av-magazine-thumbnail\"><a href='https:\/\/museodelacharreria.org.mx\/en\/coleccion\/silla-charra-de-media-gala-cincelada\/' title='Link to: SILLA CHARRA DE MEDIA GALA CINCELADA' class='av-magazine-thumbnail-link'><img decoding=\"async\" fetchpriority=\"high\" width=\"100\" height=\"100\" src=\"https:\/\/museodelacharreria.org.mx\/wp-content\/uploads\/2024\/11\/MUSEO-DE-LA-CHARRERIA-SILLA-CHARRA-4-100x100.jpg\" class=\"wp-image-3889 avia-img-lazy-loading-not-3889 attachment-thumbnail size-thumbnail wp-post-image\" alt=\"\" srcset=\"https:\/\/museodelacharreria.org.mx\/wp-content\/uploads\/2024\/11\/MUSEO-DE-LA-CHARRERIA-SILLA-CHARRA-4-100x100.jpg 100w, https:\/\/museodelacharreria.org.mx\/wp-content\/uploads\/2024\/11\/MUSEO-DE-LA-CHARRERIA-SILLA-CHARRA-4-36x36.jpg 36w, https:\/\/museodelacharreria.org.mx\/wp-content\/uploads\/2024\/11\/MUSEO-DE-LA-CHARRERIA-SILLA-CHARRA-4-180x180.jpg 180w\" sizes=\"(max-width: 100px) 100vw, 100px\" \/><\/a><\/div><div class=\"av-magazine-content-wrap\"><header class=\"entry-content-header\" aria-label=\"Post: SILLA CHARRA DE MEDIA GALA CINCELADA\"><time class='av-magazine-time updated'  itemprop=\"datePublished\" datetime=\"2024-11-25T14:10:00-06:00\" >2024-11-25<\/time><h3 class='av-magazine-title entry-title'  itemprop=\"headline\" ><a href='https:\/\/museodelacharreria.org.mx\/en\/coleccion\/silla-charra-de-media-gala-cincelada\/' title='Link to: SILLA CHARRA DE MEDIA GALA CINCELADA'>CHARRO CHAIR OF CHISELED HALF GALA<\/a><\/h3><\/header><\/div><footer class=\"entry-footer\"><\/footer><\/article><article class='av-magazine-entry av-magazine-entry-id-3777 av-magazine-format-standard av-magazine-type-portfolio av-magazine-entry-4 av-magazine-entry-small'  itemscope=\"itemscope\" itemtype=\"https:\/\/schema.org\/CreativeWork\" ><div class=\"av-magazine-thumbnail\"><a href='https:\/\/museodelacharreria.org.mx\/en\/coleccion\/silla-charra-piteada\/' title='Link to: SILLA CHARRA PITEADA' class='av-magazine-thumbnail-link'><img decoding=\"async\" fetchpriority=\"high\" width=\"100\" height=\"100\" src=\"https:\/\/museodelacharreria.org.mx\/wp-content\/uploads\/2024\/11\/Museo-de-la-Charreria-Silla-Charra-de-Gala-100x100.jpg\" class=\"wp-image-3775 avia-img-lazy-loading-not-3775 attachment-thumbnail size-thumbnail wp-post-image\" alt=\"\" srcset=\"https:\/\/museodelacharreria.org.mx\/wp-content\/uploads\/2024\/11\/Museo-de-la-Charreria-Silla-Charra-de-Gala-100x100.jpg 100w, https:\/\/museodelacharreria.org.mx\/wp-content\/uploads\/2024\/11\/Museo-de-la-Charreria-Silla-Charra-de-Gala-36x36.jpg 36w, https:\/\/museodelacharreria.org.mx\/wp-content\/uploads\/2024\/11\/Museo-de-la-Charreria-Silla-Charra-de-Gala-180x180.jpg 180w\" sizes=\"(max-width: 100px) 100vw, 100px\" \/><\/a><\/div><div class=\"av-magazine-content-wrap\"><header class=\"entry-content-header\" aria-label=\"Post: SILLA CHARRA PITEADA\"><time class='av-magazine-time updated'  itemprop=\"datePublished\" datetime=\"2024-11-25T14:00:29-06:00\" >2024-11-25<\/time><h3 class='av-magazine-title entry-title'  itemprop=\"headline\" ><a href='https:\/\/museodelacharreria.org.mx\/en\/coleccion\/silla-charra-piteada\/' title='Link to: SILLA CHARRA PITEADA'>SADDLE CHARRA PITEADA<\/a><\/h3><\/header><\/div><footer class=\"entry-footer\"><\/footer><\/article><article class='av-magazine-entry av-magazine-entry-id-3423 av-magazine-format-standard av-magazine-type-portfolio av-magazine-entry-5 av-magazine-entry-small'  itemscope=\"itemscope\" itemtype=\"https:\/\/schema.org\/CreativeWork\" ><div class=\"av-magazine-thumbnail\"><a href='https:\/\/museodelacharreria.org.mx\/en\/coleccion\/espada-de-la-reina-isabel\/' title='Link to: ESPADA DE LA REINA ISABEL' class='av-magazine-thumbnail-link'><img decoding=\"async\" fetchpriority=\"high\" width=\"100\" height=\"100\" src=\"https:\/\/museodelacharreria.org.mx\/wp-content\/uploads\/2024\/07\/ESPADA-TOLEDANA--100x100.jpg\" class=\"wp-image-3424 avia-img-lazy-loading-not-3424 attachment-thumbnail size-thumbnail wp-post-image\" alt=\"\" srcset=\"https:\/\/museodelacharreria.org.mx\/wp-content\/uploads\/2024\/07\/ESPADA-TOLEDANA--100x100.jpg 100w, https:\/\/museodelacharreria.org.mx\/wp-content\/uploads\/2024\/07\/ESPADA-TOLEDANA--36x36.jpg 36w, https:\/\/museodelacharreria.org.mx\/wp-content\/uploads\/2024\/07\/ESPADA-TOLEDANA--180x180.jpg 180w\" sizes=\"(max-width: 100px) 100vw, 100px\" \/><\/a><\/div><div class=\"av-magazine-content-wrap\"><header class=\"entry-content-header\" aria-label=\"Post: ESPADA DE LA REINA ISABEL\"><time class='av-magazine-time updated'  itemprop=\"datePublished\" datetime=\"2024-11-25T12:11:20-06:00\" >2024-11-25<\/time><h3 class='av-magazine-title entry-title'  itemprop=\"headline\" ><a href='https:\/\/museodelacharreria.org.mx\/en\/coleccion\/espada-de-la-reina-isabel\/' title='Link to: ESPADA DE LA REINA ISABEL'>QUEEN ISABEL'S SWORD<\/a><\/h3><\/header><\/div><footer class=\"entry-footer\"><\/footer><\/article><article class='av-magazine-entry av-magazine-entry-id-3750 av-magazine-format-standard av-magazine-type-portfolio av-magazine-entry-6 av-magazine-entry-small'  itemscope=\"itemscope\" itemtype=\"https:\/\/schema.org\/CreativeWork\" ><div class=\"av-magazine-thumbnail\"><a href='https:\/\/museodelacharreria.org.mx\/en\/coleccion\/silla-charra-con-motivos-taurinos\/' title='Link to: SILLA CHARRA CON MOTIVOS TAURINOS' class='av-magazine-thumbnail-link'><img decoding=\"async\" fetchpriority=\"high\" width=\"100\" height=\"100\" src=\"https:\/\/museodelacharreria.org.mx\/wp-content\/uploads\/2024\/11\/MUSEO-DE-LA-CHARRERIA-SILLA-CHARRA-CON-MOTIVOS-TAURINOS-3-100x100.jpg\" class=\"wp-image-3753 avia-img-lazy-loading-not-3753 attachment-thumbnail size-thumbnail wp-post-image\" alt=\"\" srcset=\"https:\/\/museodelacharreria.org.mx\/wp-content\/uploads\/2024\/11\/MUSEO-DE-LA-CHARRERIA-SILLA-CHARRA-CON-MOTIVOS-TAURINOS-3-100x100.jpg 100w, https:\/\/museodelacharreria.org.mx\/wp-content\/uploads\/2024\/11\/MUSEO-DE-LA-CHARRERIA-SILLA-CHARRA-CON-MOTIVOS-TAURINOS-3-36x36.jpg 36w, https:\/\/museodelacharreria.org.mx\/wp-content\/uploads\/2024\/11\/MUSEO-DE-LA-CHARRERIA-SILLA-CHARRA-CON-MOTIVOS-TAURINOS-3-180x180.jpg 180w\" sizes=\"(max-width: 100px) 100vw, 100px\" \/><\/a><\/div><div class=\"av-magazine-content-wrap\"><header class=\"entry-content-header\" aria-label=\"Post: SILLA CHARRA CON MOTIVOS TAURINOS\"><time class='av-magazine-time updated'  itemprop=\"datePublished\" datetime=\"2024-11-25T11:02:41-06:00\" >2024-11-25<\/time><h3 class='av-magazine-title entry-title'  itemprop=\"headline\" ><a href='https:\/\/museodelacharreria.org.mx\/en\/coleccion\/silla-charra-con-motivos-taurinos\/' title='Link to: SILLA CHARRA CON MOTIVOS TAURINOS'>CHARRO CHAIR WITH BULLFIGHTING MOTIFS<\/a><\/h3><\/header><\/div><footer class=\"entry-footer\"><\/footer><\/article><\/div><\/div><\/div>\n<div  class='avia-slideshow av-lvzxzhg5-2931c5358be1f00371e0f7795ee0198c avia-slideshow-no scaling av_slideshow avia-fade-slider av-slideshow-ui av-control-hidden av-no-slider-navigation av-hide-nav-arrows av-slideshow-autoplay av-loop-endless av-loop-manual-endless av-default-height-applied avia-slideshow-1' data-slideshow-options=\"{&quot;animation&quot;:&quot;fade&quot;,&quot;autoplay&quot;:true,&quot;loop_autoplay&quot;:&quot;endless&quot;,&quot;interval&quot;:5,&quot;loop_manual&quot;:&quot;manual-endless&quot;,&quot;autoplay_stopper&quot;:false,&quot;noNavigation&quot;:true,&quot;bg_slider&quot;:false,&quot;keep_padding&quot;:false,&quot;hoverpause&quot;:false,&quot;show_slide_delay&quot;:0}\"  itemprop=\"image\" itemscope=\"itemscope\" itemtype=\"https:\/\/schema.org\/ImageObject\" ><ul class='avia-slideshow-inner' style='padding-bottom: 10.416666666667%;'><li  class='avia-slideshow-slide av-lvzxzhg5-2931c5358be1f00371e0f7795ee0198c__0  slide-1 slide-odd'><a href=\"https:\/\/www.cowgirl.net\/museum\/exhibitions-2\/\" target=\"_blank\" rel=\"noopener noreferrer\" data-rel='slideshow-1' class='avia-slide-wrap'><img decoding=\"async\" fetchpriority=\"high\" class=\"wp-image-2884 avia-img-lazy-loading-not-2884\"  src=\"https:\/\/museodelacharreria.org.mx\/wp-content\/uploads\/2024\/05\/Banner-Soldaderas-Escaramuzas-1920x200-slide-1.png\" width=\"1920\" height=\"200\" title='Skirmish Welders Banner 1920x200 slide 1' alt=''  itemprop=\"thumbnailUrl\" srcset=\"https:\/\/museodelacharreria.org.mx\/wp-content\/uploads\/2024\/05\/Banner-Soldaderas-Escaramuzas-1920x200-slide-1.png 1920w, https:\/\/museodelacharreria.org.mx\/wp-content\/uploads\/2024\/05\/Banner-Soldaderas-Escaramuzas-1920x200-slide-1-400x42.png 400w, https:\/\/museodelacharreria.org.mx\/wp-content\/uploads\/2024\/05\/Banner-Soldaderas-Escaramuzas-1920x200-slide-1-768x80.png 768w, https:\/\/museodelacharreria.org.mx\/wp-content\/uploads\/2024\/05\/Banner-Soldaderas-Escaramuzas-1920x200-slide-1-1536x160.png 1536w, https:\/\/museodelacharreria.org.mx\/wp-content\/uploads\/2024\/05\/Banner-Soldaderas-Escaramuzas-1920x200-slide-1-18x2.png 18w, https:\/\/museodelacharreria.org.mx\/wp-content\/uploads\/2024\/05\/Banner-Soldaderas-Escaramuzas-1920x200-slide-1-1500x156.png 1500w, https:\/\/museodelacharreria.org.mx\/wp-content\/uploads\/2024\/05\/Banner-Soldaderas-Escaramuzas-1920x200-slide-1-705x73.png 705w, https:\/\/museodelacharreria.org.mx\/wp-content\/uploads\/2024\/05\/Banner-Soldaderas-Escaramuzas-1920x200-slide-1-600x63.png 600w, https:\/\/museodelacharreria.org.mx\/wp-content\/uploads\/2024\/05\/Banner-Soldaderas-Escaramuzas-1920x200-slide-1-280x29.png 280w\" sizes=\"(max-width: 1920px) 100vw, 1920px\" \/><\/a><\/li><li  class='avia-slideshow-slide av-lvzxzhg5-2931c5358be1f00371e0f7795ee0198c__1  slide-2 slide-even'><a href=\"https:\/\/www.cowgirl.net\/museum\/exhibitions-2\/\" target=\"_blank\" rel=\"noopener noreferrer\" data-rel='slideshow-1' class='avia-slide-wrap'><img decoding=\"async\" fetchpriority=\"high\" class=\"wp-image-2885 avia-img-lazy-loading-not-2885\"  src=\"https:\/\/museodelacharreria.org.mx\/wp-content\/uploads\/2024\/05\/Banner-Soldaderas-Escaramuzas-1920x200-slide-2.png\" width=\"1920\" height=\"200\" title='Skirmish Welders Banner 1920x200 slide 2' alt=''  itemprop=\"thumbnailUrl\" srcset=\"https:\/\/museodelacharreria.org.mx\/wp-content\/uploads\/2024\/05\/Banner-Soldaderas-Escaramuzas-1920x200-slide-2.png 1920w, https:\/\/museodelacharreria.org.mx\/wp-content\/uploads\/2024\/05\/Banner-Soldaderas-Escaramuzas-1920x200-slide-2-400x42.png 400w, https:\/\/museodelacharreria.org.mx\/wp-content\/uploads\/2024\/05\/Banner-Soldaderas-Escaramuzas-1920x200-slide-2-768x80.png 768w, https:\/\/museodelacharreria.org.mx\/wp-content\/uploads\/2024\/05\/Banner-Soldaderas-Escaramuzas-1920x200-slide-2-1536x160.png 1536w, https:\/\/museodelacharreria.org.mx\/wp-content\/uploads\/2024\/05\/Banner-Soldaderas-Escaramuzas-1920x200-slide-2-18x2.png 18w, https:\/\/museodelacharreria.org.mx\/wp-content\/uploads\/2024\/05\/Banner-Soldaderas-Escaramuzas-1920x200-slide-2-1500x156.png 1500w, https:\/\/museodelacharreria.org.mx\/wp-content\/uploads\/2024\/05\/Banner-Soldaderas-Escaramuzas-1920x200-slide-2-705x73.png 705w, https:\/\/museodelacharreria.org.mx\/wp-content\/uploads\/2024\/05\/Banner-Soldaderas-Escaramuzas-1920x200-slide-2-600x63.png 600w, https:\/\/museodelacharreria.org.mx\/wp-content\/uploads\/2024\/05\/Banner-Soldaderas-Escaramuzas-1920x200-slide-2-280x29.png 280w\" sizes=\"(max-width: 1920px) 100vw, 1920px\" \/><\/a><\/li><li  class='avia-slideshow-slide av-lvzxzhg5-2931c5358be1f00371e0f7795ee0198c__2  slide-3 slide-odd'><a href=\"https:\/\/www.cowgirl.net\/museum\/exhibitions-2\/\" target=\"_blank\" rel=\"noopener noreferrer\" data-rel='slideshow-1' class='avia-slide-wrap'><img decoding=\"async\" fetchpriority=\"high\" class=\"wp-image-2886 avia-img-lazy-loading-not-2886\"  src=\"https:\/\/museodelacharreria.org.mx\/wp-content\/uploads\/2024\/05\/Banner-Soldaderas-Escaramuzas-1920x200-slide-3.png\" width=\"1920\" height=\"200\" title='Skirmish Welders Banner 1920x200 slide 3' alt=''  itemprop=\"thumbnailUrl\" srcset=\"https:\/\/museodelacharreria.org.mx\/wp-content\/uploads\/2024\/05\/Banner-Soldaderas-Escaramuzas-1920x200-slide-3.png 1920w, https:\/\/museodelacharreria.org.mx\/wp-content\/uploads\/2024\/05\/Banner-Soldaderas-Escaramuzas-1920x200-slide-3-400x42.png 400w, https:\/\/museodelacharreria.org.mx\/wp-content\/uploads\/2024\/05\/Banner-Soldaderas-Escaramuzas-1920x200-slide-3-768x80.png 768w, https:\/\/museodelacharreria.org.mx\/wp-content\/uploads\/2024\/05\/Banner-Soldaderas-Escaramuzas-1920x200-slide-3-1536x160.png 1536w, https:\/\/museodelacharreria.org.mx\/wp-content\/uploads\/2024\/05\/Banner-Soldaderas-Escaramuzas-1920x200-slide-3-18x2.png 18w, https:\/\/museodelacharreria.org.mx\/wp-content\/uploads\/2024\/05\/Banner-Soldaderas-Escaramuzas-1920x200-slide-3-1500x156.png 1500w, https:\/\/museodelacharreria.org.mx\/wp-content\/uploads\/2024\/05\/Banner-Soldaderas-Escaramuzas-1920x200-slide-3-705x73.png 705w, https:\/\/museodelacharreria.org.mx\/wp-content\/uploads\/2024\/05\/Banner-Soldaderas-Escaramuzas-1920x200-slide-3-600x63.png 600w, https:\/\/museodelacharreria.org.mx\/wp-content\/uploads\/2024\/05\/Banner-Soldaderas-Escaramuzas-1920x200-slide-3-280x29.png 280w\" sizes=\"(max-width: 1920px) 100vw, 1920px\" \/><\/a><\/li><\/ul><div class='avia-slideshow-arrows avia-slideshow-controls' ><a href='#prev' class='prev-slide' aria-hidden='true' data-av_icon='\ue87c' data-av_iconfont='entypo-fontello'  tabindex='-1'>Previous<\/a><a href='#next' class='next-slide' aria-hidden='true' data-av_icon='\ue87d' data-av_iconfont='entypo-fontello'  tabindex='-1'>Next<\/a><\/div><\/div>","protected":false},"excerpt":{"rendered":"","protected":false},"author":1,"featured_media":1564,"parent":0,"menu_order":0,"comment_status":"closed","ping_status":"closed","template":"","meta":{"footnotes":""},"class_list":["post-12","page","type-page","status-publish","has-post-thumbnail","hentry"],"yoast_head":"<!-- This site is optimized with the Yoast SEO plugin v27.5 - https:\/\/yoast.com\/product\/yoast-seo-wordpress\/ -->\n<title>INICIO - Museo de la Charrer\u00eda CDMX<\/title>\n<meta name=\"description\" content=\"La Charrer\u00eda es el rostro de M\u00e9xico. De nuestra historia emana una expresi\u00f3n cultural y art\u00edstica como el alma de la naci\u00f3n.\" \/>\n<meta name=\"robots\" content=\"index, follow, max-snippet:-1, max-image-preview:large, max-video-preview:-1\" \/>\n<link rel=\"canonical\" href=\"https:\/\/museodelacharreria.org.mx\/en\/inicio\/\" \/>\n<meta property=\"og:locale\" content=\"en_US\" \/>\n<meta property=\"og:type\" content=\"article\" \/>\n<meta property=\"og:title\" content=\"INICIO - Museo de la Charrer\u00eda CDMX\" \/>\n<meta property=\"og:description\" content=\"La Charrer\u00eda es el rostro de M\u00e9xico. De nuestra historia emana una expresi\u00f3n cultural y art\u00edstica como el alma de la naci\u00f3n.\" \/>\n<meta property=\"og:url\" content=\"https:\/\/museodelacharreria.org.mx\/en\/inicio\/\" \/>\n<meta property=\"og:site_name\" content=\"Museo de la Charrer\u00eda CDMX\" \/>\n<meta property=\"article:modified_time\" content=\"2026-04-17T16:03:17+00:00\" \/>\n<meta property=\"og:image\" content=\"https:\/\/museodelacharreria.org.mx\/wp-content\/uploads\/2023\/09\/Museo-de-la-Charreria-Silla-de-Gala-Piteada-Portada-.jpg\" \/>\n\t<meta property=\"og:image:width\" content=\"1920\" \/>\n\t<meta property=\"og:image:height\" content=\"1280\" \/>\n\t<meta property=\"og:image:type\" content=\"image\/jpeg\" \/>\n<meta name=\"twitter:card\" content=\"summary_large_image\" \/>\n<meta name=\"twitter:label1\" content=\"Est. reading time\" \/>\n\t<meta name=\"twitter:data1\" content=\"7 minutes\" \/>\n<script type=\"application\/ld+json\" class=\"yoast-schema-graph\">{\"@context\":\"https:\\\/\\\/schema.org\",\"@graph\":[{\"@type\":\"WebPage\",\"@id\":\"https:\\\/\\\/museodelacharreria.org.mx\\\/inicio\\\/\",\"url\":\"https:\\\/\\\/museodelacharreria.org.mx\\\/inicio\\\/\",\"name\":\"INICIO - Museo de la Charrer\u00eda CDMX\",\"isPartOf\":{\"@id\":\"https:\\\/\\\/museodelacharreria.org.mx\\\/#website\"},\"primaryImageOfPage\":{\"@id\":\"https:\\\/\\\/museodelacharreria.org.mx\\\/inicio\\\/#primaryimage\"},\"image\":{\"@id\":\"https:\\\/\\\/museodelacharreria.org.mx\\\/inicio\\\/#primaryimage\"},\"thumbnailUrl\":\"https:\\\/\\\/museodelacharreria.org.mx\\\/wp-content\\\/uploads\\\/2023\\\/09\\\/Museo-de-la-Charreria-Silla-de-Gala-Piteada-Portada-.jpg\",\"datePublished\":\"2023-07-13T19:19:47+00:00\",\"dateModified\":\"2026-04-17T16:03:17+00:00\",\"description\":\"La Charrer\u00eda es el rostro de M\u00e9xico. De nuestra historia emana una expresi\u00f3n cultural y art\u00edstica como el alma de la naci\u00f3n.\",\"breadcrumb\":{\"@id\":\"https:\\\/\\\/museodelacharreria.org.mx\\\/inicio\\\/#breadcrumb\"},\"inLanguage\":\"en-US\",\"potentialAction\":[{\"@type\":\"ReadAction\",\"target\":[\"https:\\\/\\\/museodelacharreria.org.mx\\\/inicio\\\/\"]}]},{\"@type\":\"ImageObject\",\"inLanguage\":\"en-US\",\"@id\":\"https:\\\/\\\/museodelacharreria.org.mx\\\/inicio\\\/#primaryimage\",\"url\":\"https:\\\/\\\/museodelacharreria.org.mx\\\/wp-content\\\/uploads\\\/2023\\\/09\\\/Museo-de-la-Charreria-Silla-de-Gala-Piteada-Portada-.jpg\",\"contentUrl\":\"https:\\\/\\\/museodelacharreria.org.mx\\\/wp-content\\\/uploads\\\/2023\\\/09\\\/Museo-de-la-Charreria-Silla-de-Gala-Piteada-Portada-.jpg\",\"width\":1920,\"height\":1280,\"caption\":\"Museo de la Charreria - Silla de Gran Gala\"},{\"@type\":\"BreadcrumbList\",\"@id\":\"https:\\\/\\\/museodelacharreria.org.mx\\\/inicio\\\/#breadcrumb\",\"itemListElement\":[{\"@type\":\"ListItem\",\"position\":1,\"name\":\"Portada\",\"item\":\"https:\\\/\\\/museodelacharreria.org.mx\\\/inicio\\\/\"},{\"@type\":\"ListItem\",\"position\":2,\"name\":\"INICIO\"}]},{\"@type\":\"WebSite\",\"@id\":\"https:\\\/\\\/museodelacharreria.org.mx\\\/#website\",\"url\":\"https:\\\/\\\/museodelacharreria.org.mx\\\/\",\"name\":\"Museo de la Charrer\u00eda CDMX\",\"description\":\"Historia y tradici\u00f3n, patrimonio cultural inmaterial de la humanidad UNESCO\",\"publisher\":{\"@id\":\"https:\\\/\\\/museodelacharreria.org.mx\\\/#organization\"},\"potentialAction\":[{\"@type\":\"SearchAction\",\"target\":{\"@type\":\"EntryPoint\",\"urlTemplate\":\"https:\\\/\\\/museodelacharreria.org.mx\\\/?s={search_term_string}\"},\"query-input\":{\"@type\":\"PropertyValueSpecification\",\"valueRequired\":true,\"valueName\":\"search_term_string\"}}],\"inLanguage\":\"en-US\"},{\"@type\":\"Organization\",\"@id\":\"https:\\\/\\\/museodelacharreria.org.mx\\\/#organization\",\"name\":\"Museo de la Charrer\u00eda Ciudad de M\u00e9xico\",\"alternateName\":\"Museo de la Charrer\u00eda CDMX\",\"url\":\"https:\\\/\\\/museodelacharreria.org.mx\\\/\",\"logo\":{\"@type\":\"ImageObject\",\"inLanguage\":\"en-US\",\"@id\":\"https:\\\/\\\/museodelacharreria.org.mx\\\/#\\\/schema\\\/logo\\\/image\\\/\",\"url\":\"https:\\\/\\\/museodelacharreria.org.mx\\\/wp-content\\\/uploads\\\/2023\\\/07\\\/Logo-Museo-de-la-Charreria-b-n.png\",\"contentUrl\":\"https:\\\/\\\/museodelacharreria.org.mx\\\/wp-content\\\/uploads\\\/2023\\\/07\\\/Logo-Museo-de-la-Charreria-b-n.png\",\"width\":500,\"height\":250,\"caption\":\"Museo de la Charrer\u00eda Ciudad de M\u00e9xico\"},\"image\":{\"@id\":\"https:\\\/\\\/museodelacharreria.org.mx\\\/#\\\/schema\\\/logo\\\/image\\\/\"},\"sameAs\":[\"https:\\\/\\\/www.youtube.com\\\/@MuseoDeLaCharreria\"]}]}<\/script>\n<!-- \/ Yoast SEO plugin. -->","yoast_head_json":{"title":"HOME - Museum of Charreria CDMX","description":"Charreria is the face of Mexico. From our history emanates a cultural and artistic expression as the soul of the nation.","robots":{"index":"index","follow":"follow","max-snippet":"max-snippet:-1","max-image-preview":"max-image-preview:large","max-video-preview":"max-video-preview:-1"},"canonical":"https:\/\/museodelacharreria.org.mx\/en\/inicio\/","og_locale":"en_US","og_type":"article","og_title":"INICIO - Museo de la Charrer\u00eda CDMX","og_description":"La Charrer\u00eda es el rostro de M\u00e9xico. De nuestra historia emana una expresi\u00f3n cultural y art\u00edstica como el alma de la naci\u00f3n.","og_url":"https:\/\/museodelacharreria.org.mx\/en\/inicio\/","og_site_name":"Museo de la Charrer\u00eda CDMX","article_modified_time":"2026-04-17T16:03:17+00:00","og_image":[{"width":1920,"height":1280,"url":"https:\/\/museodelacharreria.org.mx\/wp-content\/uploads\/2023\/09\/Museo-de-la-Charreria-Silla-de-Gala-Piteada-Portada-.jpg","type":"image\/jpeg"}],"twitter_card":"summary_large_image","twitter_misc":{"Est. reading time":"7 minutes"},"schema":{"@context":"https:\/\/schema.org","@graph":[{"@type":"WebPage","@id":"https:\/\/museodelacharreria.org.mx\/inicio\/","url":"https:\/\/museodelacharreria.org.mx\/inicio\/","name":"HOME - Museum of Charreria CDMX","isPartOf":{"@id":"https:\/\/museodelacharreria.org.mx\/#website"},"primaryImageOfPage":{"@id":"https:\/\/museodelacharreria.org.mx\/inicio\/#primaryimage"},"image":{"@id":"https:\/\/museodelacharreria.org.mx\/inicio\/#primaryimage"},"thumbnailUrl":"https:\/\/museodelacharreria.org.mx\/wp-content\/uploads\/2023\/09\/Museo-de-la-Charreria-Silla-de-Gala-Piteada-Portada-.jpg","datePublished":"2023-07-13T19:19:47+00:00","dateModified":"2026-04-17T16:03:17+00:00","description":"Charreria is the face of Mexico. From our history emanates a cultural and artistic expression as the soul of the nation.","breadcrumb":{"@id":"https:\/\/museodelacharreria.org.mx\/inicio\/#breadcrumb"},"inLanguage":"en-US","potentialAction":[{"@type":"ReadAction","target":["https:\/\/museodelacharreria.org.mx\/inicio\/"]}]},{"@type":"ImageObject","inLanguage":"en-US","@id":"https:\/\/museodelacharreria.org.mx\/inicio\/#primaryimage","url":"https:\/\/museodelacharreria.org.mx\/wp-content\/uploads\/2023\/09\/Museo-de-la-Charreria-Silla-de-Gala-Piteada-Portada-.jpg","contentUrl":"https:\/\/museodelacharreria.org.mx\/wp-content\/uploads\/2023\/09\/Museo-de-la-Charreria-Silla-de-Gala-Piteada-Portada-.jpg","width":1920,"height":1280,"caption":"Museo de la Charreria - Silla de Gran Gala"},{"@type":"BreadcrumbList","@id":"https:\/\/museodelacharreria.org.mx\/inicio\/#breadcrumb","itemListElement":[{"@type":"ListItem","position":1,"name":"Portada","item":"https:\/\/museodelacharreria.org.mx\/inicio\/"},{"@type":"ListItem","position":2,"name":"INICIO"}]},{"@type":"WebSite","@id":"https:\/\/museodelacharreria.org.mx\/#website","url":"https:\/\/museodelacharreria.org.mx\/","name":"Charreria Museum CDMX","description":"History and tradition, intangible cultural heritage of humanity UNESCO","publisher":{"@id":"https:\/\/museodelacharreria.org.mx\/#organization"},"potentialAction":[{"@type":"SearchAction","target":{"@type":"EntryPoint","urlTemplate":"https:\/\/museodelacharreria.org.mx\/?s={search_term_string}"},"query-input":{"@type":"PropertyValueSpecification","valueRequired":true,"valueName":"search_term_string"}}],"inLanguage":"en-US"},{"@type":"Organization","@id":"https:\/\/museodelacharreria.org.mx\/#organization","name":"Charreria Museum Mexico City","alternateName":"Museo de la Charrer\u00eda CDMX","url":"https:\/\/museodelacharreria.org.mx\/","logo":{"@type":"ImageObject","inLanguage":"en-US","@id":"https:\/\/museodelacharreria.org.mx\/#\/schema\/logo\/image\/","url":"https:\/\/museodelacharreria.org.mx\/wp-content\/uploads\/2023\/07\/Logo-Museo-de-la-Charreria-b-n.png","contentUrl":"https:\/\/museodelacharreria.org.mx\/wp-content\/uploads\/2023\/07\/Logo-Museo-de-la-Charreria-b-n.png","width":500,"height":250,"caption":"Museo de la Charrer\u00eda Ciudad de M\u00e9xico"},"image":{"@id":"https:\/\/museodelacharreria.org.mx\/#\/schema\/logo\/image\/"},"sameAs":["https:\/\/www.youtube.com\/@MuseoDeLaCharreria"]}]}},"_links":{"self":[{"href":"https:\/\/museodelacharreria.org.mx\/en\/wp-json\/wp\/v2\/pages\/12","targetHints":{"allow":["GET"]}}],"collection":[{"href":"https:\/\/museodelacharreria.org.mx\/en\/wp-json\/wp\/v2\/pages"}],"about":[{"href":"https:\/\/museodelacharreria.org.mx\/en\/wp-json\/wp\/v2\/types\/page"}],"author":[{"embeddable":true,"href":"https:\/\/museodelacharreria.org.mx\/en\/wp-json\/wp\/v2\/users\/1"}],"replies":[{"embeddable":true,"href":"https:\/\/museodelacharreria.org.mx\/en\/wp-json\/wp\/v2\/comments?post=12"}],"version-history":[{"count":123,"href":"https:\/\/museodelacharreria.org.mx\/en\/wp-json\/wp\/v2\/pages\/12\/revisions"}],"predecessor-version":[{"id":4036,"href":"https:\/\/museodelacharreria.org.mx\/en\/wp-json\/wp\/v2\/pages\/12\/revisions\/4036"}],"wp:featuredmedia":[{"embeddable":true,"href":"https:\/\/museodelacharreria.org.mx\/en\/wp-json\/wp\/v2\/media\/1564"}],"wp:attachment":[{"href":"https:\/\/museodelacharreria.org.mx\/en\/wp-json\/wp\/v2\/media?parent=12"}],"curies":[{"name":"wp","href":"https:\/\/api.w.org\/{rel}","templated":true}]}}