{"id":905,"date":"2023-09-25T17:07:51","date_gmt":"2023-09-25T17:07:51","guid":{"rendered":"https:\/\/museodelacharreria.org.mx\/?page_id=905"},"modified":"2023-09-25T17:08:29","modified_gmt":"2023-09-25T17:08:29","slug":"hats","status":"publish","type":"page","link":"https:\/\/museodelacharreria.org.mx\/en\/exhibicion\/sombreros\/","title":{"rendered":"HATS"},"content":{"rendered":"<style type=\"text\/css\" data-created_by=\"avia_inline_auto\" id=\"style-css-av-lmz4krxb-7361e69fa82e29ac4b1c8d748ffc20de\">\n.avia-section.av-lmz4krxb-7361e69fa82e29ac4b1c8d748ffc20de{\nbackground-repeat:no-repeat;\nbackground-image:url(https:\/\/museodelacharreria.org.mx\/wp-content\/uploads\/2023\/09\/Museo-de-la-Charreria-CDMX-Sombrero-Papa-Francisco-0018.jpg);\nbackground-position:50% 50%;\nbackground-attachment:scroll;\n}\n<\/style>\n<div id='av_section_1'  class='avia-section av-lmz4krxb-7361e69fa82e29ac4b1c8d748ffc20de main_color avia-section-no-padding avia-no-border-styling  avia-builder-el-0  el_before_av_portfolio  avia-builder-el-first  avia-full-stretch avia-bg-style-scroll av-minimum-height av-minimum-height-80 av-height-percent  container_wrap fullsize'  data-section-bg-repeat='stretch' data-av_minimum_height_pc='80' data-av_min_height_opt='percent'><div class=\"av-section-color-overlay-wrap\"><a href='#next-section' title='' class='scroll-down-link' aria-hidden='true' data-av_icon='\ue877' data-av_iconfont='entypo-fontello'><\/a><div class='container av-section-cont-open' ><main  role=\"main\" itemprop=\"mainContentOfPage\"  class='template-page content  av-content-full alpha units'><div class='post-entry post-entry-type-page post-entry-905'><div class='entry-content-wrapper clearfix'>\n<div  id=\"av-sc-portfolio-1\"  class=\"av-portfolio-grid-sorting-container\"><div class='sort_width_container  av-sort-yes' data-portfolio-id='1' ><div id='js_sort_items' ><div class='sort_by_cat hidden'><a href=\"#\" data-filter=\"all_sort\" class=\"all_sort_button active_sort\"><span class=\"inner_sort_button\"><span>All<\/span><small class=\"av-cat-count\"> 16 <\/small><\/span><\/a><span class=\"text-sep sombreros_sort_sep\">\/<\/span><a href=\"#\" data-filter=\"sombreros_sort\" class=\"sombreros_sort_button\" ><span class=\"inner_sort_button\"><span>HATS<\/span><small class=\"av-cat-count\"> 16 <\/small><\/span><\/a><\/div><\/div><\/div><div  class='grid-sort-container isotope   no_margin-container with-title-container grid-total-even grid-col-4 grid-links-' data-portfolio-id='1'><div data-ajax-id='2401' class='grid-entry flex_column isotope-item all_sort no_margin post-entry post-entry-2401 grid-entry-overview grid-loop-1 grid-parity-odd  coleccion_sort sombreros_sort  av_one_fourth first default_av_fullwidth'><article class='main_color inner-entry'  itemscope=\"itemscope\" itemtype=\"https:\/\/schema.org\/CreativeWork\" ><a href=\"https:\/\/museodelacharreria.org.mx\/en\/coleccion\/sombrero-con-bordado-de-rosas\/\" title='HAT WITH ROSE EMBROIDERY'  data-rel='grid-1' class='grid-image avia-hover-fx'> <img decoding=\"async\" fetchpriority=\"high\" width=\"260\" height=\"185\" src=\"https:\/\/museodelacharreria.org.mx\/wp-content\/uploads\/2023\/11\/Museo-de-la-Charreria-Sombrero-0155-260x185.jpg\" class=\"wp-image-2396 avia-img-lazy-loading-not-2396 attachment-portfolio_small size-portfolio_small wp-post-image\" alt=\"\" srcset=\"https:\/\/museodelacharreria.org.mx\/wp-content\/uploads\/2023\/11\/Museo-de-la-Charreria-Sombrero-0155-260x185.jpg 260w, https:\/\/museodelacharreria.org.mx\/wp-content\/uploads\/2023\/11\/Museo-de-la-Charreria-Sombrero-0155-18x12.jpg 18w\" sizes=\"(max-width: 260px) 100vw, 260px\" \/><\/a><div class='grid-content'><div class='avia-arrow'><\/div><header class=\"entry-content-header\" aria-label=\"Portfolio: SOMBRERO CON BORDADO DE ROSAS\"><h3 class='grid-entry-title entry-title'  itemprop=\"headline\" ><a href='https:\/\/museodelacharreria.org.mx\/en\/coleccion\/sombrero-con-bordado-de-rosas\/' title='HAT WITH ROSE EMBROIDERY'>HAT WITH ROSE EMBROIDERY<\/a><\/h3><\/header><\/div><footer class=\"entry-footer\"><\/footer><\/article><\/div><div data-ajax-id='2435' class='grid-entry flex_column isotope-item all_sort no_margin post-entry post-entry-2435 grid-entry-overview grid-loop-2 grid-parity-even  coleccion_sort sombreros_sort  av_one_fourth  default_av_fullwidth'><article class='main_color inner-entry'  itemscope=\"itemscope\" itemtype=\"https:\/\/schema.org\/CreativeWork\" ><a href=\"https:\/\/museodelacharreria.org.mx\/en\/coleccion\/sombrero-de-charro-para-nino\/\" title='CHARRO HAT FOR CHILD'  data-rel='grid-1' class='grid-image avia-hover-fx'> <img decoding=\"async\" fetchpriority=\"high\" width=\"260\" height=\"185\" src=\"https:\/\/museodelacharreria.org.mx\/wp-content\/uploads\/2023\/11\/Museo-de-la-Charreria-Sombrero-de-Charro-0022-260x185.jpg\" class=\"wp-image-2420 avia-img-lazy-loading-not-2420 attachment-portfolio_small size-portfolio_small wp-post-image\" alt=\"\" srcset=\"https:\/\/museodelacharreria.org.mx\/wp-content\/uploads\/2023\/11\/Museo-de-la-Charreria-Sombrero-de-Charro-0022-260x185.jpg 260w, https:\/\/museodelacharreria.org.mx\/wp-content\/uploads\/2023\/11\/Museo-de-la-Charreria-Sombrero-de-Charro-0022-18x12.jpg 18w\" sizes=\"(max-width: 260px) 100vw, 260px\" \/><\/a><div class='grid-content'><div class='avia-arrow'><\/div><header class=\"entry-content-header\" aria-label=\"Portfolio: SOMBRERO DE CHARRO PARA NI\u00d1O\"><h3 class='grid-entry-title entry-title'  itemprop=\"headline\" ><a href='https:\/\/museodelacharreria.org.mx\/en\/coleccion\/sombrero-de-charro-para-nino\/' title='CHARRO HAT FOR CHILD'>CHARRO HAT FOR CHILD<\/a><\/h3><\/header><\/div><footer class=\"entry-footer\"><\/footer><\/article><\/div><div data-ajax-id='2429' class='grid-entry flex_column isotope-item all_sort no_margin post-entry post-entry-2429 grid-entry-overview grid-loop-3 grid-parity-odd  coleccion_sort sombreros_sort  av_one_fourth  default_av_fullwidth'><article class='main_color inner-entry'  itemscope=\"itemscope\" itemtype=\"https:\/\/schema.org\/CreativeWork\" ><a href=\"https:\/\/museodelacharreria.org.mx\/en\/coleccion\/sombrero-de-pelo-fino-bordado-en-canutillo-de-oro\/\" title='HAT OF FINE HAIR EMBROIDERED WITH GOLD BEADING'  data-rel='grid-1' class='grid-image avia-hover-fx'> <img decoding=\"async\" fetchpriority=\"high\" width=\"260\" height=\"185\" src=\"https:\/\/museodelacharreria.org.mx\/wp-content\/uploads\/2023\/11\/Museo-de-la-Charreria-Sombrero-de-Charro-0144-260x185.jpg\" class=\"wp-image-2425 avia-img-lazy-loading-not-2425 attachment-portfolio_small size-portfolio_small wp-post-image\" alt=\"\" srcset=\"https:\/\/museodelacharreria.org.mx\/wp-content\/uploads\/2023\/11\/Museo-de-la-Charreria-Sombrero-de-Charro-0144-260x185.jpg 260w, https:\/\/museodelacharreria.org.mx\/wp-content\/uploads\/2023\/11\/Museo-de-la-Charreria-Sombrero-de-Charro-0144-18x12.jpg 18w\" sizes=\"(max-width: 260px) 100vw, 260px\" \/><\/a><div class='grid-content'><div class='avia-arrow'><\/div><header class=\"entry-content-header\" aria-label=\"Portfolio: SOMBRERO DE PELO FINO BORDADO CON CANUTILLO DE ORO\"><h3 class='grid-entry-title entry-title'  itemprop=\"headline\" ><a href='https:\/\/museodelacharreria.org.mx\/en\/coleccion\/sombrero-de-pelo-fino-bordado-en-canutillo-de-oro\/' title='HAT OF FINE HAIR EMBROIDERED WITH GOLD BEADING'>HAT OF FINE HAIR EMBROIDERED WITH GOLD BEADING<\/a><\/h3><\/header><\/div><footer class=\"entry-footer\"><\/footer><\/article><\/div><div data-ajax-id='2415' class='grid-entry flex_column isotope-item all_sort no_margin post-entry post-entry-2415 grid-entry-overview grid-loop-4 grid-parity-even  coleccion_sort sombreros_sort  av_one_fourth  default_av_fullwidth'><article class='main_color inner-entry'  itemscope=\"itemscope\" itemtype=\"https:\/\/schema.org\/CreativeWork\" ><a href=\"https:\/\/museodelacharreria.org.mx\/en\/coleccion\/sombrero-castoreno-de-chinaco-color-gris\/\" title='CHINACO CHINACO HAT GRAY COLOR'  data-rel='grid-1' class='grid-image avia-hover-fx'> <img decoding=\"async\" fetchpriority=\"high\" width=\"260\" height=\"185\" src=\"https:\/\/museodelacharreria.org.mx\/wp-content\/uploads\/2023\/11\/Museo-de-la-Charreria-Sombrero-de-Chinaco-0170-260x185.jpg\" class=\"wp-image-2410 avia-img-lazy-loading-not-2410 attachment-portfolio_small size-portfolio_small wp-post-image\" alt=\"\" srcset=\"https:\/\/museodelacharreria.org.mx\/wp-content\/uploads\/2023\/11\/Museo-de-la-Charreria-Sombrero-de-Chinaco-0170-260x185.jpg 260w, https:\/\/museodelacharreria.org.mx\/wp-content\/uploads\/2023\/11\/Museo-de-la-Charreria-Sombrero-de-Chinaco-0170-18x12.jpg 18w\" sizes=\"(max-width: 260px) 100vw, 260px\" \/><\/a><div class='grid-content'><div class='avia-arrow'><\/div><header class=\"entry-content-header\" aria-label=\"Portfolio: SOMBRERO CASTORE\u00d1O DE CHINACO COLOR GRIS\"><h3 class='grid-entry-title entry-title'  itemprop=\"headline\" ><a href='https:\/\/museodelacharreria.org.mx\/en\/coleccion\/sombrero-castoreno-de-chinaco-color-gris\/' title='CHINACO CHINACO HAT GRAY COLOR'>CHINACO CHINACO HAT GRAY COLOR<\/a><\/h3><\/header><\/div><footer class=\"entry-footer\"><\/footer><\/article><\/div><div data-ajax-id='2406' class='grid-entry flex_column isotope-item all_sort no_margin post-entry post-entry-2406 grid-entry-overview grid-loop-5 grid-parity-odd  coleccion_sort sombreros_sort  av_one_fourth first default_av_fullwidth'><article class='main_color inner-entry'  itemscope=\"itemscope\" itemtype=\"https:\/\/schema.org\/CreativeWork\" ><a href=\"https:\/\/museodelacharreria.org.mx\/en\/coleccion\/sombrero-castoreno-de-chinaco\/\" title='CHINACO CHINACO HAT BROWN COLOR'  data-rel='grid-1' class='grid-image avia-hover-fx'> <img decoding=\"async\" fetchpriority=\"high\" width=\"260\" height=\"185\" src=\"https:\/\/museodelacharreria.org.mx\/wp-content\/uploads\/2023\/11\/Museo-de-la-Charreria-Sombrero-de-Chinaco-0166-260x185.jpg\" class=\"wp-image-2407 avia-img-lazy-loading-not-2407 attachment-portfolio_small size-portfolio_small wp-post-image\" alt=\"Chinaco Beaver Hat\" srcset=\"https:\/\/museodelacharreria.org.mx\/wp-content\/uploads\/2023\/11\/Museo-de-la-Charreria-Sombrero-de-Chinaco-0166-260x185.jpg 260w, https:\/\/museodelacharreria.org.mx\/wp-content\/uploads\/2023\/11\/Museo-de-la-Charreria-Sombrero-de-Chinaco-0166-18x12.jpg 18w\" sizes=\"(max-width: 260px) 100vw, 260px\" \/><\/a><div class='grid-content'><div class='avia-arrow'><\/div><header class=\"entry-content-header\" aria-label=\"Portfolio: SOMBRERO CASTORE\u00d1O DE CHINACO COLOR CAF\u00c9\"><h3 class='grid-entry-title entry-title'  itemprop=\"headline\" ><a href='https:\/\/museodelacharreria.org.mx\/en\/coleccion\/sombrero-castoreno-de-chinaco\/' title='CHINACO CHINACO HAT BROWN COLOR'>CHINACO CHINACO HAT BROWN COLOR<\/a><\/h3><\/header><\/div><footer class=\"entry-footer\"><\/footer><\/article><\/div><div data-ajax-id='2383' class='grid-entry flex_column isotope-item all_sort no_margin post-entry post-entry-2383 grid-entry-overview grid-loop-6 grid-parity-even  coleccion_sort sombreros_sort  av_one_fourth  default_av_fullwidth'><article class='main_color inner-entry'  itemscope=\"itemscope\" itemtype=\"https:\/\/schema.org\/CreativeWork\" ><a href=\"https:\/\/museodelacharreria.org.mx\/en\/coleccion\/sombrero-con-detalle-de-espuelas\/\" title='HAT WITH SPURS DETAIL'  data-rel='grid-1' class='grid-image avia-hover-fx'> <img decoding=\"async\" fetchpriority=\"high\" width=\"260\" height=\"185\" src=\"https:\/\/museodelacharreria.org.mx\/wp-content\/uploads\/2023\/11\/Museo-de-la-Charreria-Sombrero-0149-260x185.jpg\" class=\"wp-image-2386 avia-img-lazy-loading-not-2386 attachment-portfolio_small size-portfolio_small wp-post-image\" alt=\"\" srcset=\"https:\/\/museodelacharreria.org.mx\/wp-content\/uploads\/2023\/11\/Museo-de-la-Charreria-Sombrero-0149-260x185.jpg 260w, https:\/\/museodelacharreria.org.mx\/wp-content\/uploads\/2023\/11\/Museo-de-la-Charreria-Sombrero-0149-18x12.jpg 18w\" sizes=\"(max-width: 260px) 100vw, 260px\" \/><\/a><div class='grid-content'><div class='avia-arrow'><\/div><header class=\"entry-content-header\" aria-label=\"Portfolio: SOMBRERO CON DETALLE DE ESPUELAS\"><h3 class='grid-entry-title entry-title'  itemprop=\"headline\" ><a href='https:\/\/museodelacharreria.org.mx\/en\/coleccion\/sombrero-con-detalle-de-espuelas\/' title='HAT WITH SPURS DETAIL'>HAT WITH SPURS DETAIL<\/a><\/h3><\/header><\/div><footer class=\"entry-footer\"><\/footer><\/article><\/div><div data-ajax-id='2332' class='grid-entry flex_column isotope-item all_sort no_margin post-entry post-entry-2332 grid-entry-overview grid-loop-7 grid-parity-odd  coleccion_sort sombreros_sort  av_one_fourth  default_av_fullwidth'><article class='main_color inner-entry'  itemscope=\"itemscope\" itemtype=\"https:\/\/schema.org\/CreativeWork\" ><a href=\"https:\/\/museodelacharreria.org.mx\/en\/coleccion\/sombrero-de-charro-con-ribete-en-pano-cafe\/\" title='CHARRO HAT WITH BROWN CLOTH TRIM'  data-rel='grid-1' class='grid-image avia-hover-fx'> <img decoding=\"async\" fetchpriority=\"high\" width=\"260\" height=\"185\" src=\"https:\/\/museodelacharreria.org.mx\/wp-content\/uploads\/2023\/10\/Museo-de-la-Charreria-Sombrero-0136-260x185.jpg\" class=\"wp-image-2333 avia-img-lazy-loading-not-2333 attachment-portfolio_small size-portfolio_small wp-post-image\" alt=\"CHARRO HAT WITH BROWN CLOTH TRIM\" srcset=\"https:\/\/museodelacharreria.org.mx\/wp-content\/uploads\/2023\/10\/Museo-de-la-Charreria-Sombrero-0136-260x185.jpg 260w, https:\/\/museodelacharreria.org.mx\/wp-content\/uploads\/2023\/10\/Museo-de-la-Charreria-Sombrero-0136-18x12.jpg 18w\" sizes=\"(max-width: 260px) 100vw, 260px\" \/><\/a><div class='grid-content'><div class='avia-arrow'><\/div><header class=\"entry-content-header\" aria-label=\"Portfolio: SOMBRERO DE CHARRO CON RIBETE EN PA\u00d1O CAFE\"><h3 class='grid-entry-title entry-title'  itemprop=\"headline\" ><a href='https:\/\/museodelacharreria.org.mx\/en\/coleccion\/sombrero-de-charro-con-ribete-en-pano-cafe\/' title='CHARRO HAT WITH BROWN CLOTH TRIM'>CHARRO HAT WITH BROWN CLOTH TRIM<\/a><\/h3><\/header><\/div><footer class=\"entry-footer\"><\/footer><\/article><\/div><div data-ajax-id='2323' class='grid-entry flex_column isotope-item all_sort no_margin post-entry post-entry-2323 grid-entry-overview grid-loop-8 grid-parity-even  coleccion_sort sombreros_sort  av_one_fourth  default_av_fullwidth'><article class='main_color inner-entry'  itemscope=\"itemscope\" itemtype=\"https:\/\/schema.org\/CreativeWork\" ><a href=\"https:\/\/museodelacharreria.org.mx\/en\/coleccion\/sombrero-de-charro-con-pial\/\" title='CHARRO HAT WITH BRAIDED LEATHER'  data-rel='grid-1' class='grid-image avia-hover-fx'> <img decoding=\"async\" fetchpriority=\"high\" width=\"260\" height=\"185\" src=\"https:\/\/museodelacharreria.org.mx\/wp-content\/uploads\/2023\/10\/Museo-de-la-Charreria-Sombrero-0130-260x185.jpg\" class=\"wp-image-2327 avia-img-lazy-loading-not-2327 attachment-portfolio_small size-portfolio_small wp-post-image\" alt=\"Brown Hat Decorated With Pial\" srcset=\"https:\/\/museodelacharreria.org.mx\/wp-content\/uploads\/2023\/10\/Museo-de-la-Charreria-Sombrero-0130-260x185.jpg 260w, https:\/\/museodelacharreria.org.mx\/wp-content\/uploads\/2023\/10\/Museo-de-la-Charreria-Sombrero-0130-18x12.jpg 18w\" sizes=\"(max-width: 260px) 100vw, 260px\" \/><\/a><div class='grid-content'><div class='avia-arrow'><\/div><header class=\"entry-content-header\" aria-label=\"Portfolio: SOMBRERO DE CHARRO CON PIAL\"><h3 class='grid-entry-title entry-title'  itemprop=\"headline\" ><a href='https:\/\/museodelacharreria.org.mx\/en\/coleccion\/sombrero-de-charro-con-pial\/' title='CHARRO HAT WITH BRAIDED LEATHER'>CHARRO HAT WITH BRAIDED LEATHER<\/a><\/h3><\/header><\/div><footer class=\"entry-footer\"><\/footer><\/article><\/div><div data-ajax-id='2312' class='grid-entry flex_column isotope-item all_sort no_margin post-entry post-entry-2312 grid-entry-overview grid-loop-9 grid-parity-odd  coleccion_sort sombreros_sort  av_one_fourth first default_av_fullwidth'><article class='main_color inner-entry'  itemscope=\"itemscope\" itemtype=\"https:\/\/schema.org\/CreativeWork\" ><a href=\"https:\/\/museodelacharreria.org.mx\/en\/coleccion\/sombrero-color-castor\/\" title='CHARRO HAT BEAVER COLOR'  data-rel='grid-1' class='grid-image avia-hover-fx'> <img decoding=\"async\" fetchpriority=\"high\" width=\"260\" height=\"185\" src=\"https:\/\/museodelacharreria.org.mx\/wp-content\/uploads\/2023\/10\/Museo-de-la-Charreria-Sombrero-0115-260x185.jpg\" class=\"wp-image-2313 avia-img-lazy-loading-not-2313 attachment-portfolio_small size-portfolio_small wp-post-image\" alt=\"Beaver Color Hat\" srcset=\"https:\/\/museodelacharreria.org.mx\/wp-content\/uploads\/2023\/10\/Museo-de-la-Charreria-Sombrero-0115-260x185.jpg 260w, https:\/\/museodelacharreria.org.mx\/wp-content\/uploads\/2023\/10\/Museo-de-la-Charreria-Sombrero-0115-18x12.jpg 18w\" sizes=\"(max-width: 260px) 100vw, 260px\" \/><\/a><div class='grid-content'><div class='avia-arrow'><\/div><header class=\"entry-content-header\" aria-label=\"Portfolio: SOMBRERO COLOR CASTOR\"><h3 class='grid-entry-title entry-title'  itemprop=\"headline\" ><a href='https:\/\/museodelacharreria.org.mx\/en\/coleccion\/sombrero-color-castor\/' title='CHARRO HAT BEAVER COLOR'>CHARRO HAT BEAVER COLOR<\/a><\/h3><\/header><\/div><footer class=\"entry-footer\"><\/footer><\/article><\/div><div data-ajax-id='2239' class='grid-entry flex_column isotope-item all_sort no_margin post-entry post-entry-2239 grid-entry-overview grid-loop-10 grid-parity-even  coleccion_sort sombreros_sort  av_one_fourth  default_av_fullwidth'><article class='main_color inner-entry'  itemscope=\"itemscope\" itemtype=\"https:\/\/schema.org\/CreativeWork\" ><a href=\"https:\/\/museodelacharreria.org.mx\/en\/coleccion\/sombrero-de-don-isidro-candia\/\" title='CHARRO HAT OF MR. ISIDRO CANDIA'  data-rel='grid-1' class='grid-image avia-hover-fx'> <img decoding=\"async\" fetchpriority=\"high\" width=\"260\" height=\"185\" src=\"https:\/\/museodelacharreria.org.mx\/wp-content\/uploads\/2023\/10\/Museo-de-la-Charreria-Sombrero-de-Don-Isidro-Candia-0111-260x185.jpg\" class=\"wp-image-2240 avia-img-lazy-loading-not-2240 attachment-portfolio_small size-portfolio_small wp-post-image\" alt=\"CHARRO HAT OF MR. ISIDRO CANDIA\" srcset=\"https:\/\/museodelacharreria.org.mx\/wp-content\/uploads\/2023\/10\/Museo-de-la-Charreria-Sombrero-de-Don-Isidro-Candia-0111-260x185.jpg 260w, https:\/\/museodelacharreria.org.mx\/wp-content\/uploads\/2023\/10\/Museo-de-la-Charreria-Sombrero-de-Don-Isidro-Candia-0111-18x12.jpg 18w\" sizes=\"(max-width: 260px) 100vw, 260px\" \/><\/a><div class='grid-content'><div class='avia-arrow'><\/div><header class=\"entry-content-header\" aria-label=\"Portfolio: SOMBRERO DE DON ISIDRO CANDIA\"><h3 class='grid-entry-title entry-title'  itemprop=\"headline\" ><a href='https:\/\/museodelacharreria.org.mx\/en\/coleccion\/sombrero-de-don-isidro-candia\/' title='CHARRO HAT OF MR. ISIDRO CANDIA'>CHARRO HAT OF MR. ISIDRO CANDIA<\/a><\/h3><\/header><\/div><footer class=\"entry-footer\"><\/footer><\/article><\/div><div data-ajax-id='2226' class='grid-entry flex_column isotope-item all_sort no_margin post-entry post-entry-2226 grid-entry-overview grid-loop-11 grid-parity-odd  coleccion_sort sombreros_sort  av_one_fourth  default_av_fullwidth'><article class='main_color inner-entry'  itemscope=\"itemscope\" itemtype=\"https:\/\/schema.org\/CreativeWork\" ><a href=\"https:\/\/museodelacharreria.org.mx\/en\/coleccion\/sombrero-negro-y-plata-de-pelo-fino-de-conejo\/\" title='BLACK AND SILVER FINE RABBIT FUR FELT CHARRO HAT'  data-rel='grid-1' class='grid-image avia-hover-fx'> <img decoding=\"async\" fetchpriority=\"high\" width=\"260\" height=\"185\" src=\"https:\/\/museodelacharreria.org.mx\/wp-content\/uploads\/2023\/10\/Museo-de-la-Charreria-SOMBRERO-NEGRO-Y-PLATA-DE-PELO-FINO-DE-SCONEJO-0027-260x185.jpg\" class=\"wp-image-2227 avia-img-lazy-loading-not-2227 attachment-portfolio_small size-portfolio_small wp-post-image\" alt=\"BLACK AND SILVER FINE RABBIT FUR FELT CHARRO HAT\" srcset=\"https:\/\/museodelacharreria.org.mx\/wp-content\/uploads\/2023\/10\/Museo-de-la-Charreria-SOMBRERO-NEGRO-Y-PLATA-DE-PELO-FINO-DE-SCONEJO-0027-260x185.jpg 260w, https:\/\/museodelacharreria.org.mx\/wp-content\/uploads\/2023\/10\/Museo-de-la-Charreria-SOMBRERO-NEGRO-Y-PLATA-DE-PELO-FINO-DE-SCONEJO-0027-18x12.jpg 18w\" sizes=\"(max-width: 260px) 100vw, 260px\" \/><\/a><div class='grid-content'><div class='avia-arrow'><\/div><header class=\"entry-content-header\" aria-label=\"Portfolio: SOMBRERO NEGRO Y PLATA DE PELO FINO DE CONEJO\"><h3 class='grid-entry-title entry-title'  itemprop=\"headline\" ><a href='https:\/\/museodelacharreria.org.mx\/en\/coleccion\/sombrero-negro-y-plata-de-pelo-fino-de-conejo\/' title='BLACK AND SILVER FINE RABBIT FUR FELT CHARRO HAT'>BLACK AND SILVER FINE RABBIT FUR FELT CHARRO HAT<\/a><\/h3><\/header><\/div><footer class=\"entry-footer\"><\/footer><\/article><\/div><div data-ajax-id='2219' class='grid-entry flex_column isotope-item all_sort no_margin post-entry post-entry-2219 grid-entry-overview grid-loop-12 grid-parity-even  coleccion_sort sombreros_sort  av_one_fourth  default_av_fullwidth'><article class='main_color inner-entry'  itemscope=\"itemscope\" itemtype=\"https:\/\/schema.org\/CreativeWork\" ><a href=\"https:\/\/museodelacharreria.org.mx\/en\/coleccion\/sombrero-de-palma-real\/\" title='ROYAL PALM HAT'  data-rel='grid-1' class='grid-image avia-hover-fx'> <img decoding=\"async\" fetchpriority=\"high\" width=\"260\" height=\"185\" src=\"https:\/\/museodelacharreria.org.mx\/wp-content\/uploads\/2023\/10\/Museo-de-la-Charreria-Sombrero-0010-260x185.jpg\" class=\"wp-image-2223 avia-img-lazy-loading-not-2223 attachment-portfolio_small size-portfolio_small wp-post-image\" alt=\"ROYAL PALM HAT\" srcset=\"https:\/\/museodelacharreria.org.mx\/wp-content\/uploads\/2023\/10\/Museo-de-la-Charreria-Sombrero-0010-260x185.jpg 260w, https:\/\/museodelacharreria.org.mx\/wp-content\/uploads\/2023\/10\/Museo-de-la-Charreria-Sombrero-0010-18x12.jpg 18w\" sizes=\"(max-width: 260px) 100vw, 260px\" \/><\/a><div class='grid-content'><div class='avia-arrow'><\/div><header class=\"entry-content-header\" aria-label=\"Portfolio: SOMBRERO DE PALMA REAL\"><h3 class='grid-entry-title entry-title'  itemprop=\"headline\" ><a href='https:\/\/museodelacharreria.org.mx\/en\/coleccion\/sombrero-de-palma-real\/' title='ROYAL PALM HAT'>ROYAL PALM HAT<\/a><\/h3><\/header><\/div><footer class=\"entry-footer\"><\/footer><\/article><\/div><div data-ajax-id='2209' class='grid-entry flex_column isotope-item all_sort no_margin post-entry post-entry-2209 grid-entry-overview grid-loop-13 grid-parity-odd  coleccion_sort sombreros_sort  av_one_fourth first default_av_fullwidth'><article class='main_color inner-entry'  itemscope=\"itemscope\" itemtype=\"https:\/\/schema.org\/CreativeWork\" ><a href=\"https:\/\/museodelacharreria.org.mx\/en\/coleccion\/sombrero-con-motivos-prehispanicos\/\" title='CHARRO HAT WITH PRE-HISPANIC MOTIFS'  data-rel='grid-1' class='grid-image avia-hover-fx'> <img decoding=\"async\" fetchpriority=\"high\" width=\"260\" height=\"185\" src=\"https:\/\/museodelacharreria.org.mx\/wp-content\/uploads\/2023\/10\/Museo-de-la-Charreria-Sombrero-0159-260x185.jpg\" class=\"wp-image-2210 avia-img-lazy-loading-not-2210 attachment-portfolio_small size-portfolio_small wp-post-image\" alt=\"\" srcset=\"https:\/\/museodelacharreria.org.mx\/wp-content\/uploads\/2023\/10\/Museo-de-la-Charreria-Sombrero-0159-260x185.jpg 260w, https:\/\/museodelacharreria.org.mx\/wp-content\/uploads\/2023\/10\/Museo-de-la-Charreria-Sombrero-0159-18x12.jpg 18w\" sizes=\"(max-width: 260px) 100vw, 260px\" \/><\/a><div class='grid-content'><div class='avia-arrow'><\/div><header class=\"entry-content-header\" aria-label=\"Portfolio: SOMBRERO CON MOTIVOS PREHISP\u00c1NICOS\"><h3 class='grid-entry-title entry-title'  itemprop=\"headline\" ><a href='https:\/\/museodelacharreria.org.mx\/en\/coleccion\/sombrero-con-motivos-prehispanicos\/' title='CHARRO HAT WITH PRE-HISPANIC MOTIFS'>CHARRO HAT WITH PRE-HISPANIC MOTIFS<\/a><\/h3><\/header><\/div><footer class=\"entry-footer\"><\/footer><\/article><\/div><div data-ajax-id='1647' class='grid-entry flex_column isotope-item all_sort no_margin post-entry post-entry-1647 grid-entry-overview grid-loop-14 grid-parity-even  coleccion_sort sombreros_sort  av_one_fourth  default_av_fullwidth'><article class='main_color inner-entry'  itemscope=\"itemscope\" itemtype=\"https:\/\/schema.org\/CreativeWork\" ><a href=\"https:\/\/museodelacharreria.org.mx\/en\/coleccion\/sombrero-con-rosetones-bordados-en-canutillo-de-oro\/\" title='HAT WITH ROSETTES EMBROIDERED IN GOLD BEAD EMBROIDERY'  data-rel='grid-1' class='grid-image avia-hover-fx'> <img decoding=\"async\" fetchpriority=\"high\" width=\"260\" height=\"185\" src=\"https:\/\/museodelacharreria.org.mx\/wp-content\/uploads\/2023\/09\/Museo-de-la-Charreria-Sombrero-de-Charro-0080-260x185.jpg\" class=\"wp-image-1618 avia-img-lazy-loading-not-1618 attachment-portfolio_small size-portfolio_small wp-post-image\" alt=\"\" \/><\/a><div class='grid-content'><div class='avia-arrow'><\/div><header class=\"entry-content-header\" aria-label=\"Portfolio: SOMBRERO CON ROSETONES BORDADOS EN CANUTILLO DE ORO\"><h3 class='grid-entry-title entry-title'  itemprop=\"headline\" ><a href='https:\/\/museodelacharreria.org.mx\/en\/coleccion\/sombrero-con-rosetones-bordados-en-canutillo-de-oro\/' title='HAT WITH ROSETTES EMBROIDERED IN GOLD BEAD EMBROIDERY'>HAT WITH ROSETTES EMBROIDERED IN GOLD BEAD EMBROIDERY<\/a><\/h3><\/header><\/div><footer class=\"entry-footer\"><\/footer><\/article><\/div><div data-ajax-id='1639' class='grid-entry flex_column isotope-item all_sort no_margin post-entry post-entry-1639 grid-entry-overview grid-loop-15 grid-parity-odd  coleccion_sort sombreros_sort  av_one_fourth  default_av_fullwidth'><article class='main_color inner-entry'  itemscope=\"itemscope\" itemtype=\"https:\/\/schema.org\/CreativeWork\" ><a href=\"https:\/\/museodelacharreria.org.mx\/en\/coleccion\/sombrero-gris-del-gral-felix-banuelos\/\" title='GRAY HAT OF GEN. FELIX BA\u00d1UELOS'  data-rel='grid-1' class='grid-image avia-hover-fx'> <img decoding=\"async\" fetchpriority=\"high\" width=\"260\" height=\"185\" src=\"https:\/\/museodelacharreria.org.mx\/wp-content\/uploads\/2023\/09\/Museo-de-la-Charreria-Sombrero-de-Charro-0101-260x185.jpg\" class=\"wp-image-1613 avia-img-lazy-loading-not-1613 attachment-portfolio_small size-portfolio_small wp-post-image\" alt=\"\" \/><\/a><div class='grid-content'><div class='avia-arrow'><\/div><header class=\"entry-content-header\" aria-label=\"Portfolio: SOMBRERO GRIS DEL GRAL. FELIX BA\u00d1UELOS\"><h3 class='grid-entry-title entry-title'  itemprop=\"headline\" ><a href='https:\/\/museodelacharreria.org.mx\/en\/coleccion\/sombrero-gris-del-gral-felix-banuelos\/' title='GRAY HAT OF GEN. FELIX BA\u00d1UELOS'>GRAY HAT OF GEN. FELIX BA\u00d1UELOS<\/a><\/h3><\/header><\/div><footer class=\"entry-footer\"><\/footer><\/article><\/div><div data-ajax-id='1607' class='grid-entry flex_column isotope-item all_sort no_margin post-entry post-entry-1607 grid-entry-overview grid-loop-16 grid-parity-even  post-entry-last  coleccion_sort sombreros_sort  av_one_fourth  default_av_fullwidth'><article class='main_color inner-entry'  itemscope=\"itemscope\" itemtype=\"https:\/\/schema.org\/CreativeWork\" ><a href=\"https:\/\/museodelacharreria.org.mx\/en\/coleccion\/sombrero-con-aguilas-nacionales\/\" title='HAT WITH NATIONAL EAGLES'  data-rel='grid-1' class='grid-image avia-hover-fx'> <img decoding=\"async\" fetchpriority=\"high\" width=\"260\" height=\"185\" src=\"https:\/\/museodelacharreria.org.mx\/wp-content\/uploads\/2023\/09\/Museo-de-la-Charreria-Sombrero-de-Charro-0140-260x185.jpg\" class=\"wp-image-1611 avia-img-lazy-loading-not-1611 attachment-portfolio_small size-portfolio_small wp-post-image\" alt=\"\" \/><\/a><div class='grid-content'><div class='avia-arrow'><\/div><header class=\"entry-content-header\" aria-label=\"Portfolio: SOMBRERO CON \u00c1GUILAS NACIONALES\"><h3 class='grid-entry-title entry-title'  itemprop=\"headline\" ><a href='https:\/\/museodelacharreria.org.mx\/en\/coleccion\/sombrero-con-aguilas-nacionales\/' title='HAT WITH NATIONAL EAGLES'>HAT WITH NATIONAL EAGLES<\/a><\/h3><\/header><\/div><footer class=\"entry-footer\"><\/footer><\/article><\/div><\/div><\/div>   <!--   class=\"av-portfolio-grid-sorting-container\"  --><div class='pagination-wrap'><nav class='pagination'><span class='pagination-meta'>Page 1 of 2<\/span><span class='current'>1<\/span><a href='https:\/\/museodelacharreria.org.mx\/en\/wp-json\/wp\/v2\/pages\/905\/?avia-element-paging=2' class='inactive next_page' >2<\/a><\/nav>\n<\/div>\n\n<style type=\"text\/css\" data-created_by=\"avia_inline_auto\" id=\"style-css-av-lmz55fu6-ce8f8fd31fde45b15b0edf712d523d34\">\n.avia-fold-unfold-section.av-fold-textblock-av-lmz55fu6-ce8f8fd31fde45b15b0edf712d523d34 .av-fold-unfold-container{\nmax-height:500px;\n}\n<\/style>\n<section id=\"avia_sc_text_1\" class='av_textblock_section av-lmz55fu6-ce8f8fd31fde45b15b0edf712d523d34 avia-fold-unfold-section avia-fold-textblock-wrap avia-fold-init av-fold-textblock-av-lmz55fu6-ce8f8fd31fde45b15b0edf712d523d34 align-left' data-fold_unfold=\"{&quot;type&quot;:&quot;avia-fold-unfold-section&quot;,&quot;height&quot;:&quot;500&quot;,&quot;more&quot;:&quot;Leer m\\u00e1s&quot;,&quot;less&quot;:&quot;Contraer&quot;,&quot;context&quot;:&quot;avia_sc_text&quot;}\"  itemscope=\"itemscope\" itemtype=\"https:\/\/schema.org\/CreativeWork\" ><div class=\"av-fold-unfold-container folded\"><\/div><div class='av-fold-button-wrapper av-textblock-btn-wrap'><a href=\"#\" class=\"av-fold-button-container\" data-ignore_hash=\"1\" data-no_scroll_in_viewport=\"1\" data-scroll_top_offset=\"50\">More<\/a><\/div><div class='avia_textblock'  itemprop=\"text\" ><h3>El Sombrero Charro Mexicano: Un Tesoro de Identidad y Tradici\u00f3n Artesanal<\/h3>\n<p>En el coraz\u00f3n de la Colecci\u00f3n de Piezas del Museo de la Charrer\u00eda reside un tesoro emblem\u00e1tico de la cultura mexicana: el sombrero charro. M\u00e1s all\u00e1 de ser una simple prenda, estos sombreros encierran en sus hebras de paja o fieltro una rica herencia de identidad y una tradici\u00f3n artesanal que ha perdurado a trav\u00e9s de generaciones.<\/p>\n<p><strong>Identidad Arraigada<\/strong><\/p>\n<p>El sombrero charro se erige como un emblema inconfundible de la identidad mexicana. Desde su origen en los albores del siglo XIX, ha sido el compa\u00f1ero fiel de los charros, representando su valent\u00eda, destreza y arraigo a las tradiciones de la charrer\u00eda. Su forma distintiva y su ala ancha proporcionan sombra y protecci\u00f3n a quienes lo portan, pero tambi\u00e9n un aire de nobleza y dignidad, caracter\u00edsticas fundamentales de la cultura charra.<\/p>\n<p><strong>Tradici\u00f3n Artesanal: Un Oficio Forjado en el Tiempo<\/strong><\/p>\n<p>La confecci\u00f3n de un sombrero charro es el fruto de una laboriosa artesan\u00eda, en la que se entrelazan habilidad, paciencia y conocimientos transmitidos de generaci\u00f3n en generaci\u00f3n. Los artesanos, guardianes de esta tradici\u00f3n, seleccionan cuidadosamente los materiales, ya sea la resistente paja de palma o el c\u00e1lido fieltro, para luego moldearlos con maestr\u00eda y precisi\u00f3n.<\/p>\n<p><strong>Variedad en Formas, Materiales y T\u00e9cnicas<\/strong><\/p>\n<p>Dentro de la colecci\u00f3n, se pueden admirar una diversidad de sombreros, cada uno con su propia historia y estilo. Desde los cl\u00e1sicos sombreros de ala ancha, ideales para resguardarse del sol en las faenas del campo, hasta los elegantes jipijapas, tejidos a mano con una destreza \u00fanica. Cada sombrero es una pieza \u00fanica, que refleja la creatividad y maestr\u00eda de los artesanos, as\u00ed como las necesidades y gustos cambiantes de las distintas \u00e9pocas.<\/p>\n<p><strong>El Legado de Generaci\u00f3n en Generaci\u00f3n<\/strong><\/p>\n<p>El oficio del sombrero charro es una herencia preciada que se transmite de padres a hijos, enriqueci\u00e9ndose con cada nueva generaci\u00f3n. Los secretos de la selecci\u00f3n de materiales, el tejido de las hebras y la conformaci\u00f3n de la forma perfecta son transmitidos con devoci\u00f3n, asegurando la continuidad de esta tradici\u00f3n \u00fanica en el tiempo.<\/p>\n<p>En la Colecci\u00f3n de Sombreros del Museo de la Charrer\u00eda, cada pieza cuenta una historia, una historia de identidad arraigada y de manos h\u00e1biles que han transformado materiales simples en obras maestras de la artesan\u00eda mexicana. Cada sombrero charro es un testamento vivo de la riqueza cultural y la tradici\u00f3n artesanal que perdura en el coraz\u00f3n de M\u00e9xico y en el alma de los charros.<\/p>\n<\/div><\/section>","protected":false},"excerpt":{"rendered":"","protected":false},"author":2,"featured_media":704,"parent":64,"menu_order":0,"comment_status":"closed","ping_status":"closed","template":"","meta":{"footnotes":""},"class_list":["post-905","page","type-page","status-publish","has-post-thumbnail","hentry"],"yoast_head":"<!-- This site is optimized with the Yoast SEO plugin v27.5 - https:\/\/yoast.com\/product\/yoast-seo-wordpress\/ -->\n<title>SOMBREROS - Museo de la Charrer\u00eda CDMX<\/title>\n<meta name=\"robots\" content=\"index, follow, max-snippet:-1, max-image-preview:large, max-video-preview:-1\" \/>\n<link rel=\"canonical\" href=\"https:\/\/museodelacharreria.org.mx\/en\/exhibition\/hats\/\" \/>\n<meta property=\"og:locale\" content=\"en_US\" \/>\n<meta property=\"og:type\" content=\"article\" \/>\n<meta property=\"og:title\" content=\"SOMBREROS - Museo de la Charrer\u00eda CDMX\" \/>\n<meta property=\"og:url\" content=\"https:\/\/museodelacharreria.org.mx\/en\/exhibition\/hats\/\" \/>\n<meta property=\"og:site_name\" content=\"Museo de la Charrer\u00eda CDMX\" \/>\n<meta property=\"article:modified_time\" content=\"2023-09-25T17:08:29+00:00\" \/>\n<meta property=\"og:image\" content=\"https:\/\/museodelacharreria.org.mx\/wp-content\/uploads\/2023\/09\/Museo-de-la-Charreria-CDMX-Sombrero-Papa-Francisco-0018.jpg\" \/>\n\t<meta property=\"og:image:width\" content=\"1920\" \/>\n\t<meta property=\"og:image:height\" content=\"1280\" \/>\n\t<meta property=\"og:image:type\" content=\"image\/jpeg\" \/>\n<meta name=\"twitter:card\" content=\"summary_large_image\" \/>\n<meta name=\"twitter:label1\" content=\"Est. reading time\" \/>\n\t<meta name=\"twitter:data1\" content=\"5 minutes\" \/>\n<script type=\"application\/ld+json\" class=\"yoast-schema-graph\">{\"@context\":\"https:\\\/\\\/schema.org\",\"@graph\":[{\"@type\":\"WebPage\",\"@id\":\"https:\\\/\\\/museodelacharreria.org.mx\\\/exhibicion\\\/sombreros\\\/\",\"url\":\"https:\\\/\\\/museodelacharreria.org.mx\\\/exhibicion\\\/sombreros\\\/\",\"name\":\"SOMBREROS - Museo de la Charrer\u00eda CDMX\",\"isPartOf\":{\"@id\":\"https:\\\/\\\/museodelacharreria.org.mx\\\/#website\"},\"primaryImageOfPage\":{\"@id\":\"https:\\\/\\\/museodelacharreria.org.mx\\\/exhibicion\\\/sombreros\\\/#primaryimage\"},\"image\":{\"@id\":\"https:\\\/\\\/museodelacharreria.org.mx\\\/exhibicion\\\/sombreros\\\/#primaryimage\"},\"thumbnailUrl\":\"https:\\\/\\\/museodelacharreria.org.mx\\\/wp-content\\\/uploads\\\/2023\\\/09\\\/Museo-de-la-Charreria-CDMX-Sombrero-Papa-Francisco-0018.jpg\",\"datePublished\":\"2023-09-25T17:07:51+00:00\",\"dateModified\":\"2023-09-25T17:08:29+00:00\",\"breadcrumb\":{\"@id\":\"https:\\\/\\\/museodelacharreria.org.mx\\\/exhibicion\\\/sombreros\\\/#breadcrumb\"},\"inLanguage\":\"en-US\",\"potentialAction\":[{\"@type\":\"ReadAction\",\"target\":[\"https:\\\/\\\/museodelacharreria.org.mx\\\/exhibicion\\\/sombreros\\\/\"]}]},{\"@type\":\"ImageObject\",\"inLanguage\":\"en-US\",\"@id\":\"https:\\\/\\\/museodelacharreria.org.mx\\\/exhibicion\\\/sombreros\\\/#primaryimage\",\"url\":\"https:\\\/\\\/museodelacharreria.org.mx\\\/wp-content\\\/uploads\\\/2023\\\/09\\\/Museo-de-la-Charreria-CDMX-Sombrero-Papa-Francisco-0018.jpg\",\"contentUrl\":\"https:\\\/\\\/museodelacharreria.org.mx\\\/wp-content\\\/uploads\\\/2023\\\/09\\\/Museo-de-la-Charreria-CDMX-Sombrero-Papa-Francisco-0018.jpg\",\"width\":1920,\"height\":1280,\"caption\":\"Vista Frontal\"},{\"@type\":\"BreadcrumbList\",\"@id\":\"https:\\\/\\\/museodelacharreria.org.mx\\\/exhibicion\\\/sombreros\\\/#breadcrumb\",\"itemListElement\":[{\"@type\":\"ListItem\",\"position\":1,\"name\":\"Portada\",\"item\":\"https:\\\/\\\/museodelacharreria.org.mx\\\/inicio\\\/\"},{\"@type\":\"ListItem\",\"position\":2,\"name\":\"EXHIBICI\u00d3N\",\"item\":\"https:\\\/\\\/museodelacharreria.org.mx\\\/exhibicion\\\/\"},{\"@type\":\"ListItem\",\"position\":3,\"name\":\"SOMBREROS\"}]},{\"@type\":\"WebSite\",\"@id\":\"https:\\\/\\\/museodelacharreria.org.mx\\\/#website\",\"url\":\"https:\\\/\\\/museodelacharreria.org.mx\\\/\",\"name\":\"Museo de la Charrer\u00eda CDMX\",\"description\":\"Historia y tradici\u00f3n, patrimonio cultural inmaterial de la humanidad UNESCO\",\"publisher\":{\"@id\":\"https:\\\/\\\/museodelacharreria.org.mx\\\/#organization\"},\"potentialAction\":[{\"@type\":\"SearchAction\",\"target\":{\"@type\":\"EntryPoint\",\"urlTemplate\":\"https:\\\/\\\/museodelacharreria.org.mx\\\/?s={search_term_string}\"},\"query-input\":{\"@type\":\"PropertyValueSpecification\",\"valueRequired\":true,\"valueName\":\"search_term_string\"}}],\"inLanguage\":\"en-US\"},{\"@type\":\"Organization\",\"@id\":\"https:\\\/\\\/museodelacharreria.org.mx\\\/#organization\",\"name\":\"Museo de la Charrer\u00eda Ciudad de M\u00e9xico\",\"alternateName\":\"Museo de la Charrer\u00eda CDMX\",\"url\":\"https:\\\/\\\/museodelacharreria.org.mx\\\/\",\"logo\":{\"@type\":\"ImageObject\",\"inLanguage\":\"en-US\",\"@id\":\"https:\\\/\\\/museodelacharreria.org.mx\\\/#\\\/schema\\\/logo\\\/image\\\/\",\"url\":\"https:\\\/\\\/museodelacharreria.org.mx\\\/wp-content\\\/uploads\\\/2023\\\/07\\\/Logo-Museo-de-la-Charreria-b-n.png\",\"contentUrl\":\"https:\\\/\\\/museodelacharreria.org.mx\\\/wp-content\\\/uploads\\\/2023\\\/07\\\/Logo-Museo-de-la-Charreria-b-n.png\",\"width\":500,\"height\":250,\"caption\":\"Museo de la Charrer\u00eda Ciudad de M\u00e9xico\"},\"image\":{\"@id\":\"https:\\\/\\\/museodelacharreria.org.mx\\\/#\\\/schema\\\/logo\\\/image\\\/\"},\"sameAs\":[\"https:\\\/\\\/www.youtube.com\\\/@MuseoDeLaCharreria\"]}]}<\/script>\n<!-- \/ Yoast SEO plugin. -->","yoast_head_json":{"title":"SOMBREROS - Museo de la Charrer\u00eda CDMX","robots":{"index":"index","follow":"follow","max-snippet":"max-snippet:-1","max-image-preview":"max-image-preview:large","max-video-preview":"max-video-preview:-1"},"canonical":"https:\/\/museodelacharreria.org.mx\/en\/exhibition\/hats\/","og_locale":"en_US","og_type":"article","og_title":"SOMBREROS - Museo de la Charrer\u00eda CDMX","og_url":"https:\/\/museodelacharreria.org.mx\/en\/exhibition\/hats\/","og_site_name":"Museo de la Charrer\u00eda CDMX","article_modified_time":"2023-09-25T17:08:29+00:00","og_image":[{"width":1920,"height":1280,"url":"https:\/\/museodelacharreria.org.mx\/wp-content\/uploads\/2023\/09\/Museo-de-la-Charreria-CDMX-Sombrero-Papa-Francisco-0018.jpg","type":"image\/jpeg"}],"twitter_card":"summary_large_image","twitter_misc":{"Est. reading time":"5 minutes"},"schema":{"@context":"https:\/\/schema.org","@graph":[{"@type":"WebPage","@id":"https:\/\/museodelacharreria.org.mx\/exhibicion\/sombreros\/","url":"https:\/\/museodelacharreria.org.mx\/exhibicion\/sombreros\/","name":"SOMBREROS - Museo de la Charrer\u00eda CDMX","isPartOf":{"@id":"https:\/\/museodelacharreria.org.mx\/#website"},"primaryImageOfPage":{"@id":"https:\/\/museodelacharreria.org.mx\/exhibicion\/sombreros\/#primaryimage"},"image":{"@id":"https:\/\/museodelacharreria.org.mx\/exhibicion\/sombreros\/#primaryimage"},"thumbnailUrl":"https:\/\/museodelacharreria.org.mx\/wp-content\/uploads\/2023\/09\/Museo-de-la-Charreria-CDMX-Sombrero-Papa-Francisco-0018.jpg","datePublished":"2023-09-25T17:07:51+00:00","dateModified":"2023-09-25T17:08:29+00:00","breadcrumb":{"@id":"https:\/\/museodelacharreria.org.mx\/exhibicion\/sombreros\/#breadcrumb"},"inLanguage":"en-US","potentialAction":[{"@type":"ReadAction","target":["https:\/\/museodelacharreria.org.mx\/exhibicion\/sombreros\/"]}]},{"@type":"ImageObject","inLanguage":"en-US","@id":"https:\/\/museodelacharreria.org.mx\/exhibicion\/sombreros\/#primaryimage","url":"https:\/\/museodelacharreria.org.mx\/wp-content\/uploads\/2023\/09\/Museo-de-la-Charreria-CDMX-Sombrero-Papa-Francisco-0018.jpg","contentUrl":"https:\/\/museodelacharreria.org.mx\/wp-content\/uploads\/2023\/09\/Museo-de-la-Charreria-CDMX-Sombrero-Papa-Francisco-0018.jpg","width":1920,"height":1280,"caption":"Vista Frontal"},{"@type":"BreadcrumbList","@id":"https:\/\/museodelacharreria.org.mx\/exhibicion\/sombreros\/#breadcrumb","itemListElement":[{"@type":"ListItem","position":1,"name":"Portada","item":"https:\/\/museodelacharreria.org.mx\/inicio\/"},{"@type":"ListItem","position":2,"name":"EXHIBICI\u00d3N","item":"https:\/\/museodelacharreria.org.mx\/exhibicion\/"},{"@type":"ListItem","position":3,"name":"SOMBREROS"}]},{"@type":"WebSite","@id":"https:\/\/museodelacharreria.org.mx\/#website","url":"https:\/\/museodelacharreria.org.mx\/","name":"Charreria Museum CDMX","description":"History and tradition, intangible cultural heritage of humanity UNESCO","publisher":{"@id":"https:\/\/museodelacharreria.org.mx\/#organization"},"potentialAction":[{"@type":"SearchAction","target":{"@type":"EntryPoint","urlTemplate":"https:\/\/museodelacharreria.org.mx\/?s={search_term_string}"},"query-input":{"@type":"PropertyValueSpecification","valueRequired":true,"valueName":"search_term_string"}}],"inLanguage":"en-US"},{"@type":"Organization","@id":"https:\/\/museodelacharreria.org.mx\/#organization","name":"Charreria Museum Mexico City","alternateName":"Museo de la Charrer\u00eda CDMX","url":"https:\/\/museodelacharreria.org.mx\/","logo":{"@type":"ImageObject","inLanguage":"en-US","@id":"https:\/\/museodelacharreria.org.mx\/#\/schema\/logo\/image\/","url":"https:\/\/museodelacharreria.org.mx\/wp-content\/uploads\/2023\/07\/Logo-Museo-de-la-Charreria-b-n.png","contentUrl":"https:\/\/museodelacharreria.org.mx\/wp-content\/uploads\/2023\/07\/Logo-Museo-de-la-Charreria-b-n.png","width":500,"height":250,"caption":"Museo de la Charrer\u00eda Ciudad de M\u00e9xico"},"image":{"@id":"https:\/\/museodelacharreria.org.mx\/#\/schema\/logo\/image\/"},"sameAs":["https:\/\/www.youtube.com\/@MuseoDeLaCharreria"]}]}},"_links":{"self":[{"href":"https:\/\/museodelacharreria.org.mx\/en\/wp-json\/wp\/v2\/pages\/905","targetHints":{"allow":["GET"]}}],"collection":[{"href":"https:\/\/museodelacharreria.org.mx\/en\/wp-json\/wp\/v2\/pages"}],"about":[{"href":"https:\/\/museodelacharreria.org.mx\/en\/wp-json\/wp\/v2\/types\/page"}],"author":[{"embeddable":true,"href":"https:\/\/museodelacharreria.org.mx\/en\/wp-json\/wp\/v2\/users\/2"}],"replies":[{"embeddable":true,"href":"https:\/\/museodelacharreria.org.mx\/en\/wp-json\/wp\/v2\/comments?post=905"}],"version-history":[{"count":2,"href":"https:\/\/museodelacharreria.org.mx\/en\/wp-json\/wp\/v2\/pages\/905\/revisions"}],"predecessor-version":[{"id":908,"href":"https:\/\/museodelacharreria.org.mx\/en\/wp-json\/wp\/v2\/pages\/905\/revisions\/908"}],"up":[{"embeddable":true,"href":"https:\/\/museodelacharreria.org.mx\/en\/wp-json\/wp\/v2\/pages\/64"}],"wp:featuredmedia":[{"embeddable":true,"href":"https:\/\/museodelacharreria.org.mx\/en\/wp-json\/wp\/v2\/media\/704"}],"wp:attachment":[{"href":"https:\/\/museodelacharreria.org.mx\/en\/wp-json\/wp\/v2\/media?parent=905"}],"curies":[{"name":"wp","href":"https:\/\/api.w.org\/{rel}","templated":true}]}}