{"id":52,"date":"2023-07-14T06:07:24","date_gmt":"2023-07-14T06:07:24","guid":{"rendered":"https:\/\/museodelacharreria.org.mx\/?page_id=52"},"modified":"2024-11-25T21:02:46","modified_gmt":"2024-11-26T03:02:46","slug":"site","status":"publish","type":"page","link":"https:\/\/museodelacharreria.org.mx\/fr\/recinto\/","title":{"rendered":"ENCEINTE"},"content":{"rendered":"<style type=\"text\/css\" data-created_by=\"avia_inline_auto\" id=\"style-css-av-lk2wtxzj-50529e3de29e8bef54654ceb096261c7\">\n.avia-section.av-lk2wtxzj-50529e3de29e8bef54654ceb096261c7{\nbackground-repeat:no-repeat;\nbackground-image:url(https:\/\/museodelacharreria.org.mx\/wp-content\/uploads\/2023\/07\/Ex_Convento_de_Montserrat_Mexico_2015_01.jpg);\nbackground-position:50% 0%;\nbackground-attachment:scroll;\n}\n<\/style>\n<div id='av_section_1'  class='avia-section av-lk2wtxzj-50529e3de29e8bef54654ceb096261c7 main_color avia-section-default avia-no-border-styling  avia-builder-el-0  el_before_av_slideshow  avia-builder-el-first  avia-full-contain avia-bg-style-scroll av-minimum-height av-minimum-height-100 av-height-100  container_wrap fullsize'  data-section-bg-repeat='contain' data-av_minimum_height_pc='100' data-av_min_height_opt='100'><div class='container av-section-cont-open' ><main  role=\"main\" itemprop=\"mainContentOfPage\"  class='template-page content  av-content-full alpha units'><div class='post-entry post-entry-type-page post-entry-52'><div class='entry-content-wrapper clearfix'>\n\n<style type=\"text\/css\" data-created_by=\"avia_inline_auto\" id=\"style-css-av-lo6fbmgm-2a217352d7c6d37a6c32c6301ce8a224\">\n.av_font_icon.av-lo6fbmgm-2a217352d7c6d37a6c32c6301ce8a224 .av-icon-char{\nfont-size:20px;\nline-height:20px;\n}\n<\/style>\n<span  class='av_font_icon av-lo6fbmgm-2a217352d7c6d37a6c32c6301ce8a224 avia_animate_when_visible av-icon-style- avia-icon-pos-right av-no-color avia-icon-animate'><span class='av-icon-char' aria-hidden='true' data-av_icon='\ue8e0' data-av_iconfont='entypo-fontello' data-avia-icon-tooltip=\"Foto: Omar David Sandoval Sida, CC BY-SA 4.0 via Wikimedia Commons&lt;br \/&gt;\"><\/span><\/span>\n\n<style type=\"text\/css\" data-created_by=\"avia_inline_auto\" id=\"style-css-av-lk35i8ss-131c44609e7e7201491f4bd5f2700d3e\">\n#top .flex_column.av-lk35i8ss-131c44609e7e7201491f4bd5f2700d3e{\nmargin-top:45%;\n}\n.flex_column.av-lk35i8ss-131c44609e7e7201491f4bd5f2700d3e{\nborder-radius:5px 5px 5px 5px;\npadding:3% 3% 3% 3%;\nbackground-color:rgba(10,10,10,0.65);\n}\n.responsive #top #wrap_all .flex_column.av-lk35i8ss-131c44609e7e7201491f4bd5f2700d3e{\nmargin-top:45%;\n}\n<\/style>\n<div  class='flex_column av-lk35i8ss-131c44609e7e7201491f4bd5f2700d3e av_one_full  avia-builder-el-2  el_after_av_font_icon  avia-builder-el-last  first flex_column_div'     ><p>\n<style type=\"text\/css\" data-created_by=\"avia_inline_auto\" id=\"style-css-av-1ciyc-51aa6b8fe796d3fc074fda570b9bb77a\">\n#top .av-special-heading.av-1ciyc-51aa6b8fe796d3fc074fda570b9bb77a{\npadding-bottom:10px;\n}\nbody .av-special-heading.av-1ciyc-51aa6b8fe796d3fc074fda570b9bb77a .av-special-heading-tag .heading-char{\nfont-size:25px;\n}\n.av-special-heading.av-1ciyc-51aa6b8fe796d3fc074fda570b9bb77a .av-subheading{\nfont-size:15px;\n}\n<\/style>\n<div  class='av-special-heading av-1ciyc-51aa6b8fe796d3fc074fda570b9bb77a av-special-heading-h1 blockquote modern-quote modern-centered  avia-builder-el-3  el_before_av_hr  avia-builder-el-first'><h1 class='av-special-heading-tag'  itemprop=\"headline\"  >ENCEINTE<\/h1><div class='av-subheading av-subheading_below'><p>ANCIEN COUVENT DE NOTRE DAME DE MONSERRAT<\/p>\n<\/div><div class=\"special-heading-border\"><div class=\"special-heading-inner-border\"><\/div><\/div><\/div><br \/>\n\n<style type=\"text\/css\" data-created_by=\"avia_inline_auto\" id=\"style-css-av-lk5qchue-dfab62012bd36ac46b95caa624371fd5\">\n#top .hr.hr-invisible.av-lk5qchue-dfab62012bd36ac46b95caa624371fd5{\nheight:50px;\n}\n<\/style>\n<div  class='hr av-lk5qchue-dfab62012bd36ac46b95caa624371fd5 hr-invisible  avia-builder-el-4  el_after_av_heading  el_before_av_textblock'><span class='hr-inner'><span class=\"hr-inner-style\"><\/span><\/span><\/div><br \/>\n\n<style type=\"text\/css\" data-created_by=\"avia_inline_auto\" id=\"style-css-av-1036w-85319127cba146ad8b92cb0d00ea7c9b\">\n#top .av_textblock_section.av-1036w-85319127cba146ad8b92cb0d00ea7c9b .avia_textblock{\ncolor:#ffffff;\n}\n\n@media only screen and (min-width: 480px) and (max-width: 767px){ \n#top .av_textblock_section.av-1036w-85319127cba146ad8b92cb0d00ea7c9b .avia_textblock{\nfont-size:18px;\n}\n}\n\n@media only screen and (max-width: 479px){ \n#top .av_textblock_section.av-1036w-85319127cba146ad8b92cb0d00ea7c9b .avia_textblock{\nfont-size:10px;\n}\n}\n<\/style>\n<section  class='av_textblock_section av-1036w-85319127cba146ad8b92cb0d00ea7c9b'   itemscope=\"itemscope\" itemtype=\"https:\/\/schema.org\/CreativeWork\" ><div class='avia_textblock av_inherit_color'  itemprop=\"text\" ><h3 class=\"p1\">Le Museo de la Charreria est situ\u00e9 \u00e0 l'angle des rues Isabela Catolica et Izazaga, dans le centre de Mexico, dans l'ancien couvent de Nuestra Se\u00f1ora de Monserrat. Il a une origine et une importance historique significatives.<\/h3>\n<\/div><\/section><br \/>\n\n<style type=\"text\/css\" data-created_by=\"avia_inline_auto\" id=\"style-css-av-lk670g4z-d8a6f1c9fe115ed3473db878dd912ce6\">\n#top .av-special-heading.av-lk670g4z-d8a6f1c9fe115ed3473db878dd912ce6{\npadding-bottom:10px;\n}\nbody .av-special-heading.av-lk670g4z-d8a6f1c9fe115ed3473db878dd912ce6 .av-special-heading-tag .heading-char{\nfont-size:25px;\n}\n.av-special-heading.av-lk670g4z-d8a6f1c9fe115ed3473db878dd912ce6 .av-subheading{\nfont-size:15px;\n}\n<\/style>\n<div  class='av-special-heading av-lk670g4z-d8a6f1c9fe115ed3473db878dd912ce6 av-special-heading-h3  avia-builder-el-6  el_after_av_textblock  el_before_av_textblock'><h3 class='av-special-heading-tag'  itemprop=\"headline\"  >HISTOIRE<\/h3><div class=\"special-heading-border\"><div class=\"special-heading-inner-border\"><\/div><\/div><\/div><br \/>\n\n<style type=\"text\/css\" data-created_by=\"avia_inline_auto\" id=\"style-css-av-lk5q1hbb-18d911f83a9ce4f58cf85df6d86cc606\">\n#top .av_textblock_section.av-lk5q1hbb-18d911f83a9ce4f58cf85df6d86cc606 .avia_textblock{\ncolor:#ffffff;\ntext-align:justify;\n}\n.avia-fold-unfold-section.av-fold-textblock-av-lk5q1hbb-18d911f83a9ce4f58cf85df6d86cc606 .av-fold-unfold-container{\nmax-height:200px;\n}\n<\/style>\n<section id=\"avia_sc_text_2\" class='av_textblock_section av-lk5q1hbb-18d911f83a9ce4f58cf85df6d86cc606 avia-fold-unfold-section avia-fold-textblock-wrap avia-fold-init av-fold-textblock-av-lk5q1hbb-18d911f83a9ce4f58cf85df6d86cc606 align-left' data-fold_unfold=\"{&quot;type&quot;:&quot;avia-fold-unfold-section&quot;,&quot;height&quot;:&quot;200&quot;,&quot;more&quot;:&quot;Leer m\\u00e1s&quot;,&quot;less&quot;:&quot;Read less&quot;,&quot;context&quot;:&quot;avia_sc_text&quot;}\"  itemscope=\"itemscope\" itemtype=\"https:\/\/schema.org\/CreativeWork\" ><div class=\"av-fold-unfold-container folded\"><\/div><div class='av-fold-button-wrapper av-textblock-btn-wrap'><a href=\"#\" class=\"av-fold-button-container\" data-ignore_hash=\"1\" data-no_scroll_in_viewport=\"1\" data-scroll_top_offset=\"50\">En savoir plus<\/a><\/div><div class='avia_textblock av_inherit_color'  itemprop=\"text\" ><h3 class=\"p3\">XVIe si\u00e8cle<\/h3>\n<p class=\"p3\"><i>L'Ex Convento de Nuestra Se\u00f1ora de Monserrat a \u00e9t\u00e9 fond\u00e9 entre 1587 et 1590 avec l'image de la Vierge apport\u00e9e d'Espagne. <\/i><\/p>\n<p class=\"p3\"><i>En 1580, deux riches Espagnols, Diego Jim\u00e9nez et Fernando Moreno, se trouvaient dans cette ville. Comme ils n'avaient pas d'h\u00e9ritage et qu'ils \u00e9taient tr\u00e8s d\u00e9vou\u00e9s \u00e0 Notre-Dame de Montserrat de Catalogne, ils utilis\u00e8rent une partie de leur fortune pour faire venir d'Espagne une image sculpt\u00e9e de la Sainte Vierge, \u00e9gale \u00e0 l'original en taille et m\u00eame en couleur. Pour \u00e9tendre et \u00e9tablir le culte public de leur patronne bien-aim\u00e9e, ils convinrent de la laisser comme h\u00e9riti\u00e8re de tous leurs biens, en lui construisant une \u00e9glise et une chapelle d\u00e9centes, avec des fonds suffisants pour l'entretien des chapelains et d'autres \u0153uvres pieuses. \u00c0 cette \u00e9poque, une grande \u00e9pid\u00e9mie se d\u00e9clara et causa d'horribles ravages. Voyant qu'il n'y avait pas d'h\u00f4pital pour aider les Indiens, ces hommes pieux d\u00e9cid\u00e8rent d'en construire un pour r\u00e9pondre \u00e0 ce besoin. Dans ce but, ils en fond\u00e8rent un dans les Lomas de Santa Fe, \u00e0 une courte distance de Tacubaya, o\u00f9 il semble que le Molino de Bel\u00e9n existe maintenant, comme l'endroit le plus sain et le plus opportun pour soigner les malades, et en m\u00eame temps ils pens\u00e8rent \u00e0 ajouter \u00e0 l'h\u00f4pital la chapelle qu'ils essayaient de construire pour Nuestra Se\u00f1ora de Monserrat.<\/i><\/p>\n<p class=\"p3\"><i>Avec l'exemple des deux sujets susmentionn\u00e9s, d'autres d\u00e9vots suivirent et d\u00e9cid\u00e8rent d'\u00e9tablir une confr\u00e9rie, pour laquelle ils obtinrent une bulle de Sa Saintet\u00e9 Gr\u00e9goire XIII, le 30 mars 1584, avec toutes les gr\u00e2ces et tous les privil\u00e8ges dont jouissait celle de Catalogne. La construction commen\u00e7a alors avec plus d'ardeur, et l'id\u00e9e leur vint, d\u00e8s la fin de l'\u00e9pid\u00e9mie, de transformer cet \u00e9difice en monast\u00e8re b\u00e9n\u00e9dictin.<\/i><i><\/i><\/p>\n<\/div><\/section><br \/>\n<div  class='hr av-lk5q78my-79e57a34fb804b37ffa78630c5f24275 hr-short  avia-builder-el-8  el_after_av_textblock  el_before_av_textblock  hr-center'><span class='hr-inner'><span class=\"hr-inner-style\"><\/span><\/span><\/div><br \/>\n\n<style type=\"text\/css\" data-created_by=\"avia_inline_auto\" id=\"style-css-av-lk5pz4b6-0fcbc41ccbb5bc4da545b9156a8fa835\">\n#top .av_textblock_section.av-lk5pz4b6-0fcbc41ccbb5bc4da545b9156a8fa835 .avia_textblock{\ncolor:#ffffff;\ntext-align:justify;\n}\n<\/style>\n<section  class='av_textblock_section av-lk5pz4b6-0fcbc41ccbb5bc4da545b9156a8fa835'   itemscope=\"itemscope\" itemtype=\"https:\/\/schema.org\/CreativeWork\" ><div class='avia_textblock av_inherit_color'  itemprop=\"text\" ><h3 class=\"p3\">XVIIe si\u00e8cle<\/h3>\n<p class=\"p3\"><i>En 1614, les premiers p\u00e8res b\u00e9n\u00e9dictins, Diego S\u00e1nchez et Juan Victoria, sont arriv\u00e9s et le complexe est devenu une \u00e9cole. Au cours de ce si\u00e8cle, l'ancien couvent a \u00e9t\u00e9 utilis\u00e9 comme \u00e9tablissement d'enseignement et le clo\u00eetre a servi d'apothicairerie o\u00f9 l'on fabriquait des m\u00e9dicaments pour les malades.<\/i><\/p>\n<\/div><\/section><br \/>\n<div  class='hr av-lk5q7zew-ea862633ca6b84fa0d5efaef85e90436 hr-short  avia-builder-el-10  el_after_av_textblock  el_before_av_textblock  hr-center'><span class='hr-inner'><span class=\"hr-inner-style\"><\/span><\/span><\/div><br \/>\n\n<style type=\"text\/css\" data-created_by=\"avia_inline_auto\" id=\"style-css-av-lk5py6zn-d28c07be9e801d5c27b4c6e7b5af894a\">\n#top .av_textblock_section.av-lk5py6zn-d28c07be9e801d5c27b4c6e7b5af894a .avia_textblock{\ncolor:#ffffff;\ntext-align:justify;\n}\n<\/style>\n<section  class='av_textblock_section av-lk5py6zn-d28c07be9e801d5c27b4c6e7b5af894a'   itemscope=\"itemscope\" itemtype=\"https:\/\/schema.org\/CreativeWork\" ><div class='avia_textblock av_inherit_color'  itemprop=\"text\" ><h3 class=\"p3\">XVIIIe si\u00e8cle<\/h3>\n<p class=\"p3\"><i>L'ancien couvent \u00e9tait occup\u00e9 par les religieuses hi\u00e9ronymites, qui dispensaient un enseignement religieux et copiaient des manuscrits. Au cours de ce si\u00e8cle, on ne dispose d'aucune information documentaire sur l'ancien couvent.<\/i><\/p>\n<\/div><\/section><br \/>\n<div  class='hr av-lk5q7ru3-1f099992604e2111eaf965c6ba997e4a hr-short  avia-builder-el-12  el_after_av_textblock  el_before_av_textblock  hr-center'><span class='hr-inner'><span class=\"hr-inner-style\"><\/span><\/span><\/div><br \/>\n\n<style type=\"text\/css\" data-created_by=\"avia_inline_auto\" id=\"style-css-av-lk5pwwft-eacd0ca4a0dedbb5a38b5635a5051cbd\">\n#top .av_textblock_section.av-lk5pwwft-eacd0ca4a0dedbb5a38b5635a5051cbd .avia_textblock{\ncolor:#ffffff;\ntext-align:justify;\n}\n<\/style>\n<section  class='av_textblock_section av-lk5pwwft-eacd0ca4a0dedbb5a38b5635a5051cbd'   itemscope=\"itemscope\" itemtype=\"https:\/\/schema.org\/CreativeWork\" ><div class='avia_textblock av_inherit_color'  itemprop=\"text\" ><h3 class=\"p3\">19e si\u00e8cle<\/h3>\n<p class=\"p3\"><i>En 1821, la fermeture de l'ancien couvent est ordonn\u00e9e. En 1861, l'\u00e9glise a \u00e9t\u00e9 autoris\u00e9e \u00e0 rouvrir pour le culte catholique et, l'ann\u00e9e suivante, il a \u00e9t\u00e9 ordonn\u00e9 que le b\u00e2timent du couvent soit divis\u00e9 en lots \u00e0 distribuer entre plusieurs familles. Cet ordre n'a cependant pas \u00e9t\u00e9 ex\u00e9cut\u00e9 et l'image de la Vierge de Monserrat a \u00e9t\u00e9 d\u00e9plac\u00e9e dans une autre \u00e9glise.<\/i><\/p>\n<\/div><\/section><br \/>\n<div  class='hr av-lk5q7mae-9045cafd5136cd0b70a38cfba4ee9f6d hr-short  avia-builder-el-14  el_after_av_textblock  el_before_av_textblock  hr-center'><span class='hr-inner'><span class=\"hr-inner-style\"><\/span><\/span><\/div><br \/>\n\n<style type=\"text\/css\" data-created_by=\"avia_inline_auto\" id=\"style-css-av-lk5pw024-85ac0eee11b09b83b46c908c1932328f\">\n#top .av_textblock_section.av-lk5pw024-85ac0eee11b09b83b46c908c1932328f .avia_textblock{\ncolor:#ffffff;\ntext-align:justify;\n}\n<\/style>\n<section  class='av_textblock_section av-lk5pw024-85ac0eee11b09b83b46c908c1932328f'   itemscope=\"itemscope\" itemtype=\"https:\/\/schema.org\/CreativeWork\" ><div class='avia_textblock av_inherit_color'  itemprop=\"text\" ><h3 class=\"p3\">20e si\u00e8cle<\/h3>\n<p class=\"p3\"><i>L'ancien couvent a souffert de l'\u00e9largissement de l'Avenida Izazaga et a \u00e9t\u00e9 affect\u00e9 par les changements de son environnement. En 1931, il a \u00e9t\u00e9 d\u00e9clar\u00e9 monument colonial, mais l'ann\u00e9e suivante, il a \u00e9t\u00e9 ferm\u00e9 au culte public en raison de conflits religieux. Au cours de ce si\u00e8cle, le b\u00e2timent a \u00e9t\u00e9 utilis\u00e9 \u00e0 diff\u00e9rentes fins, notamment comme caserne pour les soldats et comme maison de la F\u00e9d\u00e9ration des travailleurs socialistes.<\/i><\/p>\n<p><img loading=\"lazy\" decoding=\"async\" class=\"aligncenter wp-image-85 size-portfolio\" src=\"https:\/\/museodelacharreria.org.mx\/wp-content\/uploads\/2023\/07\/Ex-Convento-de-Nuestra-Senora-Monserrat-2466-495x400.jpg\" alt=\"\" width=\"495\" height=\"400\" srcset=\"https:\/\/museodelacharreria.org.mx\/wp-content\/uploads\/2023\/07\/Ex-Convento-de-Nuestra-Senora-Monserrat-2466-495x400.jpg 495w, https:\/\/museodelacharreria.org.mx\/wp-content\/uploads\/2023\/07\/Ex-Convento-de-Nuestra-Senora-Monserrat-2466-845x684.jpg 845w\" sizes=\"auto, (max-width: 495px) 100vw, 495px\" \/><\/p>\n<p class=\"p3\"><i>En 1970, l'ancien couvent a \u00e9t\u00e9 acquis par le minist\u00e8re du Tourisme et les travaux de r\u00e9novation ont commenc\u00e9. En 1973, la chapelle a \u00e9t\u00e9 donn\u00e9e \u00e0 la F\u00e9d\u00e9ration nationale des Charros et est devenue le Mus\u00e9e de la Charrerie, connu sous le nom de \"El Palacio de la Charreria\". Au cours de cette m\u00eame p\u00e9riode, la Loterie nationale d'assistance publique a allou\u00e9 des ressources pour l'ach\u00e8vement du programme de r\u00e9novation du mus\u00e9e, dans le but de pr\u00e9server la culture et la tradition du Mexique.<\/i><\/p>\n<p class=\"p3\"><i>L'ancien couvent de Nuestra Se\u00f1ora de Monserrat, qui abrite actuellement le mus\u00e9e de la Charrerie, a \u00e9t\u00e9 le t\u00e9moin de plusieurs \u00e9v\u00e9nements historiques au cours des si\u00e8cles et constitue un important symbole culturel du Mexique.<\/i><\/p>\n<\/div><\/section><\/p><\/div>\n<\/div><\/div><\/main><!-- close content main element --><\/div><\/div><div id='after_section_1'  class='main_color av_default_container_wrap container_wrap fullsize'  ><div class='container av-section-cont-open' ><div class='template-page content  av-content-full alpha units'><div class='post-entry post-entry-type-page post-entry-52'><div class='entry-content-wrapper clearfix'>\n<div  class='avia-slideshow av-av_slideshow-38ce3f66e8760e9cbdeb1e25185663a5 avia-slideshow-no scaling av_slideshow avia-slide-slider  avia-builder-el-16  el_after_av_section  el_before_av_textblock  avia-builder-el-first  av-slideshow-ui av-control-default av-slideshow-manual av-loop-once av-loop-manual-endless av-default-height-applied avia-slideshow-1' data-slideshow-options=\"{&quot;animation&quot;:&quot;slide&quot;,&quot;autoplay&quot;:false,&quot;loop_autoplay&quot;:&quot;once&quot;,&quot;interval&quot;:5,&quot;loop_manual&quot;:&quot;manual-endless&quot;,&quot;autoplay_stopper&quot;:false,&quot;noNavigation&quot;:false,&quot;bg_slider&quot;:false,&quot;keep_padding&quot;:false,&quot;hoverpause&quot;:false,&quot;show_slide_delay&quot;:0}\"  itemprop=\"image\" itemscope=\"itemscope\" itemtype=\"https:\/\/schema.org\/ImageObject\" ><ul class='avia-slideshow-inner' style='padding-bottom: 66.666666666667%;'><li  class='avia-slideshow-slide av-av_slideshow-38ce3f66e8760e9cbdeb1e25185663a5__0  slide-1 slide-odd'><div data-rel='slideshow-1' class='avia-slide-wrap'   ><img decoding=\"async\" fetchpriority=\"high\" class=\"wp-image-3860 avia-img-lazy-loading-not-3860\"  src=\"https:\/\/museodelacharreria.org.mx\/wp-content\/uploads\/2024\/11\/MUSEO-DE-LA-CHARRERIA-CALESA-LANDAU-.jpg\" width=\"1920\" height=\"1280\" title='MUSEO DE LA CHARRERIA - CALESA LANDAU-' alt=''  itemprop=\"thumbnailUrl\" srcset=\"https:\/\/museodelacharreria.org.mx\/wp-content\/uploads\/2024\/11\/MUSEO-DE-LA-CHARRERIA-CALESA-LANDAU-.jpg 1920w, https:\/\/museodelacharreria.org.mx\/wp-content\/uploads\/2024\/11\/MUSEO-DE-LA-CHARRERIA-CALESA-LANDAU--400x267.jpg 400w, https:\/\/museodelacharreria.org.mx\/wp-content\/uploads\/2024\/11\/MUSEO-DE-LA-CHARRERIA-CALESA-LANDAU--768x512.jpg 768w, https:\/\/museodelacharreria.org.mx\/wp-content\/uploads\/2024\/11\/MUSEO-DE-LA-CHARRERIA-CALESA-LANDAU--1536x1024.jpg 1536w, https:\/\/museodelacharreria.org.mx\/wp-content\/uploads\/2024\/11\/MUSEO-DE-LA-CHARRERIA-CALESA-LANDAU--18x12.jpg 18w, https:\/\/museodelacharreria.org.mx\/wp-content\/uploads\/2024\/11\/MUSEO-DE-LA-CHARRERIA-CALESA-LANDAU--1500x1000.jpg 1500w, https:\/\/museodelacharreria.org.mx\/wp-content\/uploads\/2024\/11\/MUSEO-DE-LA-CHARRERIA-CALESA-LANDAU--705x470.jpg 705w\" sizes=\"(max-width: 1920px) 100vw, 1920px\" \/><\/div><\/li><li  class='avia-slideshow-slide av-av_slideshow-38ce3f66e8760e9cbdeb1e25185663a5__1  slide-2 slide-even'><div data-rel='slideshow-1' class='avia-slide-wrap'   ><img decoding=\"async\" fetchpriority=\"high\" class=\"wp-image-3861 avia-img-lazy-loading-not-3861\"  src=\"https:\/\/museodelacharreria.org.mx\/wp-content\/uploads\/2024\/11\/MUSEO-DE-LA-CHARRERIA-CALESA-LANDAU-1409.jpg\" width=\"1920\" height=\"1280\" title='MUSEO DE LA CHARRERIA - CALESA LANDAU-1409' alt=''  itemprop=\"thumbnailUrl\" srcset=\"https:\/\/museodelacharreria.org.mx\/wp-content\/uploads\/2024\/11\/MUSEO-DE-LA-CHARRERIA-CALESA-LANDAU-1409.jpg 1920w, https:\/\/museodelacharreria.org.mx\/wp-content\/uploads\/2024\/11\/MUSEO-DE-LA-CHARRERIA-CALESA-LANDAU-1409-400x267.jpg 400w, https:\/\/museodelacharreria.org.mx\/wp-content\/uploads\/2024\/11\/MUSEO-DE-LA-CHARRERIA-CALESA-LANDAU-1409-768x512.jpg 768w, https:\/\/museodelacharreria.org.mx\/wp-content\/uploads\/2024\/11\/MUSEO-DE-LA-CHARRERIA-CALESA-LANDAU-1409-1536x1024.jpg 1536w, https:\/\/museodelacharreria.org.mx\/wp-content\/uploads\/2024\/11\/MUSEO-DE-LA-CHARRERIA-CALESA-LANDAU-1409-18x12.jpg 18w, https:\/\/museodelacharreria.org.mx\/wp-content\/uploads\/2024\/11\/MUSEO-DE-LA-CHARRERIA-CALESA-LANDAU-1409-1500x1000.jpg 1500w, https:\/\/museodelacharreria.org.mx\/wp-content\/uploads\/2024\/11\/MUSEO-DE-LA-CHARRERIA-CALESA-LANDAU-1409-705x470.jpg 705w\" sizes=\"(max-width: 1920px) 100vw, 1920px\" \/><\/div><\/li><li  class='avia-slideshow-slide av-av_slideshow-38ce3f66e8760e9cbdeb1e25185663a5__2  slide-3 slide-odd'><div data-rel='slideshow-1' class='avia-slide-wrap'   ><img decoding=\"async\" fetchpriority=\"high\" class=\"wp-image-3858 avia-img-lazy-loading-not-3858\"  src=\"https:\/\/museodelacharreria.org.mx\/wp-content\/uploads\/2024\/11\/MUSEO-DE-LA-CHARRERIA-CALESA-LANDAU-3.jpg\" width=\"1920\" height=\"1280\" title='MUSEO DE LA CHARRERIA - CALESA LANDAU--3' alt=''  itemprop=\"thumbnailUrl\" srcset=\"https:\/\/museodelacharreria.org.mx\/wp-content\/uploads\/2024\/11\/MUSEO-DE-LA-CHARRERIA-CALESA-LANDAU-3.jpg 1920w, https:\/\/museodelacharreria.org.mx\/wp-content\/uploads\/2024\/11\/MUSEO-DE-LA-CHARRERIA-CALESA-LANDAU-3-400x267.jpg 400w, https:\/\/museodelacharreria.org.mx\/wp-content\/uploads\/2024\/11\/MUSEO-DE-LA-CHARRERIA-CALESA-LANDAU-3-768x512.jpg 768w, https:\/\/museodelacharreria.org.mx\/wp-content\/uploads\/2024\/11\/MUSEO-DE-LA-CHARRERIA-CALESA-LANDAU-3-1536x1024.jpg 1536w, https:\/\/museodelacharreria.org.mx\/wp-content\/uploads\/2024\/11\/MUSEO-DE-LA-CHARRERIA-CALESA-LANDAU-3-18x12.jpg 18w, https:\/\/museodelacharreria.org.mx\/wp-content\/uploads\/2024\/11\/MUSEO-DE-LA-CHARRERIA-CALESA-LANDAU-3-1500x1000.jpg 1500w, https:\/\/museodelacharreria.org.mx\/wp-content\/uploads\/2024\/11\/MUSEO-DE-LA-CHARRERIA-CALESA-LANDAU-3-705x470.jpg 705w\" sizes=\"(max-width: 1920px) 100vw, 1920px\" \/><\/div><\/li><li  class='avia-slideshow-slide av-av_slideshow-38ce3f66e8760e9cbdeb1e25185663a5__3  slide-4 slide-even'><div data-rel='slideshow-1' class='avia-slide-wrap'   ><img decoding=\"async\" fetchpriority=\"high\" class=\"wp-image-3857 avia-img-lazy-loading-not-3857\"  src=\"https:\/\/museodelacharreria.org.mx\/wp-content\/uploads\/2024\/11\/MUSEO-DE-LA-CHARRERIA-CALESA-LANDAU-2.jpg\" width=\"1920\" height=\"1280\" title='MUSEO DE LA CHARRERIA - CALESA LANDAU--2' alt=''  itemprop=\"thumbnailUrl\" srcset=\"https:\/\/museodelacharreria.org.mx\/wp-content\/uploads\/2024\/11\/MUSEO-DE-LA-CHARRERIA-CALESA-LANDAU-2.jpg 1920w, https:\/\/museodelacharreria.org.mx\/wp-content\/uploads\/2024\/11\/MUSEO-DE-LA-CHARRERIA-CALESA-LANDAU-2-400x267.jpg 400w, https:\/\/museodelacharreria.org.mx\/wp-content\/uploads\/2024\/11\/MUSEO-DE-LA-CHARRERIA-CALESA-LANDAU-2-768x512.jpg 768w, https:\/\/museodelacharreria.org.mx\/wp-content\/uploads\/2024\/11\/MUSEO-DE-LA-CHARRERIA-CALESA-LANDAU-2-1536x1024.jpg 1536w, https:\/\/museodelacharreria.org.mx\/wp-content\/uploads\/2024\/11\/MUSEO-DE-LA-CHARRERIA-CALESA-LANDAU-2-18x12.jpg 18w, https:\/\/museodelacharreria.org.mx\/wp-content\/uploads\/2024\/11\/MUSEO-DE-LA-CHARRERIA-CALESA-LANDAU-2-1500x1000.jpg 1500w, https:\/\/museodelacharreria.org.mx\/wp-content\/uploads\/2024\/11\/MUSEO-DE-LA-CHARRERIA-CALESA-LANDAU-2-705x470.jpg 705w\" sizes=\"(max-width: 1920px) 100vw, 1920px\" \/><\/div><\/li><li  class='avia-slideshow-slide av-av_slideshow-38ce3f66e8760e9cbdeb1e25185663a5__4  slide-5 slide-odd'><div data-rel='slideshow-1' class='avia-slide-wrap'   ><img decoding=\"async\" fetchpriority=\"high\" class=\"wp-image-3859 avia-img-lazy-loading-not-3859\"  src=\"https:\/\/museodelacharreria.org.mx\/wp-content\/uploads\/2024\/11\/MUSEO-DE-LA-CHARRERIA-CALESA-LANDAU-4.jpg\" width=\"1920\" height=\"1280\" title='MUSEO DE LA CHARRERIA - CALESA LANDAU--4' alt=''  itemprop=\"thumbnailUrl\" srcset=\"https:\/\/museodelacharreria.org.mx\/wp-content\/uploads\/2024\/11\/MUSEO-DE-LA-CHARRERIA-CALESA-LANDAU-4.jpg 1920w, https:\/\/museodelacharreria.org.mx\/wp-content\/uploads\/2024\/11\/MUSEO-DE-LA-CHARRERIA-CALESA-LANDAU-4-400x267.jpg 400w, https:\/\/museodelacharreria.org.mx\/wp-content\/uploads\/2024\/11\/MUSEO-DE-LA-CHARRERIA-CALESA-LANDAU-4-768x512.jpg 768w, https:\/\/museodelacharreria.org.mx\/wp-content\/uploads\/2024\/11\/MUSEO-DE-LA-CHARRERIA-CALESA-LANDAU-4-1536x1024.jpg 1536w, https:\/\/museodelacharreria.org.mx\/wp-content\/uploads\/2024\/11\/MUSEO-DE-LA-CHARRERIA-CALESA-LANDAU-4-18x12.jpg 18w, https:\/\/museodelacharreria.org.mx\/wp-content\/uploads\/2024\/11\/MUSEO-DE-LA-CHARRERIA-CALESA-LANDAU-4-1500x1000.jpg 1500w, https:\/\/museodelacharreria.org.mx\/wp-content\/uploads\/2024\/11\/MUSEO-DE-LA-CHARRERIA-CALESA-LANDAU-4-705x470.jpg 705w\" sizes=\"(max-width: 1920px) 100vw, 1920px\" \/><\/div><\/li><\/ul><div class='avia-slideshow-arrows avia-slideshow-controls' ><a href='#prev' class='prev-slide' aria-hidden='true' data-av_icon='\ue87c' data-av_iconfont='entypo-fontello'  tabindex='-1'>Pr\u00e9c\u00e9dent<\/a><a href='#next' class='next-slide' aria-hidden='true' data-av_icon='\ue87d' data-av_iconfont='entypo-fontello'  tabindex='-1'>Suivant<\/a><\/div><div class='avia-slideshow-dots avia-slideshow-controls'><a href='#1' class='goto-slide active' >1<\/a><a href='#2' class='goto-slide' >2<\/a><a href='#3' class='goto-slide' >3<\/a><a href='#4' class='goto-slide' >4<\/a><a href='#5' class='goto-slide' >5<\/a><\/div><\/div>\n<section  class='av_textblock_section av-av_textblock-263a286a3ec605a4b845ded44ee74c94'   itemscope=\"itemscope\" itemtype=\"https:\/\/schema.org\/CreativeWork\" ><div class='avia_textblock'  itemprop=\"text\" ><div class=\"av-special-heading av-m3xaaijd-a359f8435560adf67d1d9c98148d651d av-special-heading-h2 blockquote modern-quote modern-centered avia-builder-el-1 el_after_av_slideshow_full el_before_av_one_full avia-builder-el-first\">\n<h2 class=\"av-special-heading-tag\">BUGGY DE TYPE LANDAU<\/h2>\n<\/div>\n<div class=\"flex_column av-ghblvb-48530805608bf032670e989f64e9343e av_one_full avia-builder-el-2 el_after_av_heading el_before_av_hr first flex_column_div\">\n<section class=\"av_textblock_section av-dmd487-911777ed4a6345f440943cf60c41f6fb\">\n<div class=\"avia_textblock\">\n<p>En el Museo de la Charrer\u00eda se encuentra exhibida una elegante calesa tipo Landau, un carruaje que no solo destaca por su belleza, sino tambi\u00e9n por su profundo significado dentro de la tradici\u00f3n ecuestre de M\u00e9xico. Este carruaje es un testimonio tangible de c\u00f3mo los caballos, el transporte y la charrer\u00eda se entrelazan a lo largo de la historia del pa\u00eds, desde sus or\u00edgenes b\u00e9licos y ganaderos hasta su rol en las celebraciones y fiestas tradicionales.<\/p>\n<p><strong>Dise\u00f1o y caracter\u00edsticas de la calesa Landau<\/strong><\/p>\n<p>La calesa tipo Landau que se exhibe en el museo es una pieza refinada, totalmente abierta, sin techo ni toldo, lo que la convierte en una opci\u00f3n perfecta para eventos solemnes y ceremoniales. La estructura del carruaje es de madera, pintada en un negro brillante que resalta con elegancia, mientras que las molduras doradas que adornan el borde de la cabina y las ruedas ofrecen un contraste sofisticado y llamativo. Estos detalles dorados, cuidadosamente trabajados, confieren al carruaje un aire de lujo y distinci\u00f3n.<\/p>\n<p>En su interior, la alfombra guinda que cubre el suelo del carruaje a\u00f1ade un toque de riqueza y confort, complementando la apariencia general de la calesa con su color profundo y c\u00e1lido. Los asientos, tambi\u00e9n de lujo, est\u00e1n tapizados con materiales suaves que invitan a la comodidad, mientras que la disposici\u00f3n abierta permite que los pasajeros sean vistos y disfruten del paisaje, un aspecto importante en las ceremonias o desfiles en los que se utiliza.<\/p>\n<p><strong>Contexto hist\u00f3rico y simb\u00f3lico<\/strong><\/p>\n<p>La calesa tipo Landau, al igual que otros carruajes de su tiempo, tiene un significado profundo dentro de la tradici\u00f3n ecuestre. En la \u00e9poca en que estos carruajes eran comunes, los caballos no solo eran medios de transporte, sino s\u00edmbolos de poder y estatus. Fueron utilizados en diversas funciones, desde las actividades b\u00e9licas y ganaderas hasta los eventos sociales y ceremoniales, como las bodas, donde el carruaje juega un papel central.<\/p>\n<p>En el contexto de la charrer\u00eda, una disciplina ecuestre de origen mexicano que combina destreza en el manejo del caballo con una fuerte carga cultural y social, el carruaje tipo Landau refleja una conexi\u00f3n entre el trabajo ganadero y el transporte de lujo. El caballo ha sido, desde tiempos prehisp\u00e1nicos, una figura clave en la vida cotidiana, tanto en el campo como en las celebraciones.<\/p>\n<p><strong>La calesa en las bodas charras<\/strong><\/p>\n<p>En la actualidad, el Landau sigue siendo utilizado en las bodas charras, especialmente en las haciendas, donde el carruaje es el veh\u00edculo elegido para transportar a la novia y a los reci\u00e9n casados. Este carruaje, con su estructura abierta y detalles elegantes, es ideal para la ocasi\u00f3n, permitiendo que la pareja de novios desfile ante sus invitados, destacando su conexi\u00f3n con las ra\u00edces ecuestres y la herencia cultural de la charrer\u00eda.<\/p>\n<p>El uso de la calesa tipo Landau en bodas charras no solo enriquece el evento con su simbolismo, sino que tambi\u00e9n mantiene viva una tradici\u00f3n que une a las nuevas generaciones con las costumbres de anta\u00f1o. Es com\u00fan ver estos carruajes recorriendo los caminos polvorientos de las haciendas o los jardines de grandes propiedades, en un homenaje visual a la historia del transporte ecuestre en M\u00e9xico.<\/p>\n<\/div>\n<\/section>\n<\/div>\n<\/div><\/section>","protected":false},"excerpt":{"rendered":"","protected":false},"author":1,"featured_media":85,"parent":0,"menu_order":0,"comment_status":"closed","ping_status":"closed","template":"","meta":{"footnotes":""},"class_list":["post-52","page","type-page","status-publish","has-post-thumbnail","hentry"],"yoast_head":"<!-- This site is optimized with the Yoast SEO plugin v27.5 - https:\/\/yoast.com\/product\/yoast-seo-wordpress\/ -->\n<title>RECINTO - Museo de la Charrer\u00eda CDMX<\/title>\n<meta name=\"robots\" content=\"index, follow, max-snippet:-1, max-image-preview:large, max-video-preview:-1\" \/>\n<link rel=\"canonical\" href=\"https:\/\/museodelacharreria.org.mx\/fr\/site\/\" \/>\n<meta property=\"og:locale\" content=\"fr_FR\" \/>\n<meta property=\"og:type\" content=\"article\" \/>\n<meta property=\"og:title\" content=\"RECINTO - Museo de la Charrer\u00eda CDMX\" \/>\n<meta property=\"og:url\" content=\"https:\/\/museodelacharreria.org.mx\/fr\/site\/\" \/>\n<meta property=\"og:site_name\" content=\"Museo de la Charrer\u00eda CDMX\" \/>\n<meta property=\"article:modified_time\" content=\"2024-11-26T03:02:46+00:00\" \/>\n<meta property=\"og:image\" content=\"https:\/\/museodelacharreria.org.mx\/wp-content\/uploads\/2023\/07\/Ex-Convento-de-Nuestra-Senora-Monserrat-2466.jpg\" \/>\n\t<meta property=\"og:image:width\" content=\"1350\" \/>\n\t<meta property=\"og:image:height\" content=\"1080\" \/>\n\t<meta property=\"og:image:type\" content=\"image\/jpeg\" \/>\n<meta name=\"twitter:card\" content=\"summary_large_image\" \/>\n<meta name=\"twitter:label1\" content=\"Dur\u00e9e de lecture estim\u00e9e\" \/>\n\t<meta name=\"twitter:data1\" content=\"7 minutes\" \/>\n<script type=\"application\/ld+json\" class=\"yoast-schema-graph\">{\"@context\":\"https:\\\/\\\/schema.org\",\"@graph\":[{\"@type\":\"WebPage\",\"@id\":\"https:\\\/\\\/museodelacharreria.org.mx\\\/recinto\\\/\",\"url\":\"https:\\\/\\\/museodelacharreria.org.mx\\\/recinto\\\/\",\"name\":\"RECINTO - Museo de la Charrer\u00eda CDMX\",\"isPartOf\":{\"@id\":\"https:\\\/\\\/museodelacharreria.org.mx\\\/#website\"},\"primaryImageOfPage\":{\"@id\":\"https:\\\/\\\/museodelacharreria.org.mx\\\/recinto\\\/#primaryimage\"},\"image\":{\"@id\":\"https:\\\/\\\/museodelacharreria.org.mx\\\/recinto\\\/#primaryimage\"},\"thumbnailUrl\":\"https:\\\/\\\/museodelacharreria.org.mx\\\/wp-content\\\/uploads\\\/2023\\\/07\\\/Ex-Convento-de-Nuestra-Senora-Monserrat-2466.jpg\",\"datePublished\":\"2023-07-14T06:07:24+00:00\",\"dateModified\":\"2024-11-26T03:02:46+00:00\",\"breadcrumb\":{\"@id\":\"https:\\\/\\\/museodelacharreria.org.mx\\\/recinto\\\/#breadcrumb\"},\"inLanguage\":\"fr-FR\",\"potentialAction\":[{\"@type\":\"ReadAction\",\"target\":[\"https:\\\/\\\/museodelacharreria.org.mx\\\/recinto\\\/\"]}]},{\"@type\":\"ImageObject\",\"inLanguage\":\"fr-FR\",\"@id\":\"https:\\\/\\\/museodelacharreria.org.mx\\\/recinto\\\/#primaryimage\",\"url\":\"https:\\\/\\\/museodelacharreria.org.mx\\\/wp-content\\\/uploads\\\/2023\\\/07\\\/Ex-Convento-de-Nuestra-Senora-Monserrat-2466.jpg\",\"contentUrl\":\"https:\\\/\\\/museodelacharreria.org.mx\\\/wp-content\\\/uploads\\\/2023\\\/07\\\/Ex-Convento-de-Nuestra-Senora-Monserrat-2466.jpg\",\"width\":1350,\"height\":1080},{\"@type\":\"BreadcrumbList\",\"@id\":\"https:\\\/\\\/museodelacharreria.org.mx\\\/recinto\\\/#breadcrumb\",\"itemListElement\":[{\"@type\":\"ListItem\",\"position\":1,\"name\":\"Portada\",\"item\":\"https:\\\/\\\/museodelacharreria.org.mx\\\/inicio\\\/\"},{\"@type\":\"ListItem\",\"position\":2,\"name\":\"RECINTO\"}]},{\"@type\":\"WebSite\",\"@id\":\"https:\\\/\\\/museodelacharreria.org.mx\\\/#website\",\"url\":\"https:\\\/\\\/museodelacharreria.org.mx\\\/\",\"name\":\"Museo de la Charrer\u00eda CDMX\",\"description\":\"Historia y tradici\u00f3n, patrimonio cultural inmaterial de la humanidad UNESCO\",\"publisher\":{\"@id\":\"https:\\\/\\\/museodelacharreria.org.mx\\\/#organization\"},\"potentialAction\":[{\"@type\":\"SearchAction\",\"target\":{\"@type\":\"EntryPoint\",\"urlTemplate\":\"https:\\\/\\\/museodelacharreria.org.mx\\\/?s={search_term_string}\"},\"query-input\":{\"@type\":\"PropertyValueSpecification\",\"valueRequired\":true,\"valueName\":\"search_term_string\"}}],\"inLanguage\":\"fr-FR\"},{\"@type\":\"Organization\",\"@id\":\"https:\\\/\\\/museodelacharreria.org.mx\\\/#organization\",\"name\":\"Museo de la Charrer\u00eda Ciudad de M\u00e9xico\",\"alternateName\":\"Museo de la Charrer\u00eda CDMX\",\"url\":\"https:\\\/\\\/museodelacharreria.org.mx\\\/\",\"logo\":{\"@type\":\"ImageObject\",\"inLanguage\":\"fr-FR\",\"@id\":\"https:\\\/\\\/museodelacharreria.org.mx\\\/#\\\/schema\\\/logo\\\/image\\\/\",\"url\":\"https:\\\/\\\/museodelacharreria.org.mx\\\/wp-content\\\/uploads\\\/2023\\\/07\\\/Logo-Museo-de-la-Charreria-b-n.png\",\"contentUrl\":\"https:\\\/\\\/museodelacharreria.org.mx\\\/wp-content\\\/uploads\\\/2023\\\/07\\\/Logo-Museo-de-la-Charreria-b-n.png\",\"width\":500,\"height\":250,\"caption\":\"Museo de la Charrer\u00eda Ciudad de M\u00e9xico\"},\"image\":{\"@id\":\"https:\\\/\\\/museodelacharreria.org.mx\\\/#\\\/schema\\\/logo\\\/image\\\/\"},\"sameAs\":[\"https:\\\/\\\/www.youtube.com\\\/@MuseoDeLaCharreria\"]}]}<\/script>\n<!-- \/ Yoast SEO plugin. -->","yoast_head_json":{"title":"RECINTO - Mus\u00e9e de la Charrerie CDMX","robots":{"index":"index","follow":"follow","max-snippet":"max-snippet:-1","max-image-preview":"max-image-preview:large","max-video-preview":"max-video-preview:-1"},"canonical":"https:\/\/museodelacharreria.org.mx\/fr\/site\/","og_locale":"fr_FR","og_type":"article","og_title":"RECINTO - Museo de la Charrer\u00eda CDMX","og_url":"https:\/\/museodelacharreria.org.mx\/fr\/site\/","og_site_name":"Museo de la Charrer\u00eda CDMX","article_modified_time":"2024-11-26T03:02:46+00:00","og_image":[{"width":1350,"height":1080,"url":"https:\/\/museodelacharreria.org.mx\/wp-content\/uploads\/2023\/07\/Ex-Convento-de-Nuestra-Senora-Monserrat-2466.jpg","type":"image\/jpeg"}],"twitter_card":"summary_large_image","twitter_misc":{"Dur\u00e9e de lecture estim\u00e9e":"7 minutes"},"schema":{"@context":"https:\/\/schema.org","@graph":[{"@type":"WebPage","@id":"https:\/\/museodelacharreria.org.mx\/recinto\/","url":"https:\/\/museodelacharreria.org.mx\/recinto\/","name":"RECINTO - Mus\u00e9e de la Charrerie CDMX","isPartOf":{"@id":"https:\/\/museodelacharreria.org.mx\/#website"},"primaryImageOfPage":{"@id":"https:\/\/museodelacharreria.org.mx\/recinto\/#primaryimage"},"image":{"@id":"https:\/\/museodelacharreria.org.mx\/recinto\/#primaryimage"},"thumbnailUrl":"https:\/\/museodelacharreria.org.mx\/wp-content\/uploads\/2023\/07\/Ex-Convento-de-Nuestra-Senora-Monserrat-2466.jpg","datePublished":"2023-07-14T06:07:24+00:00","dateModified":"2024-11-26T03:02:46+00:00","breadcrumb":{"@id":"https:\/\/museodelacharreria.org.mx\/recinto\/#breadcrumb"},"inLanguage":"fr-FR","potentialAction":[{"@type":"ReadAction","target":["https:\/\/museodelacharreria.org.mx\/recinto\/"]}]},{"@type":"ImageObject","inLanguage":"fr-FR","@id":"https:\/\/museodelacharreria.org.mx\/recinto\/#primaryimage","url":"https:\/\/museodelacharreria.org.mx\/wp-content\/uploads\/2023\/07\/Ex-Convento-de-Nuestra-Senora-Monserrat-2466.jpg","contentUrl":"https:\/\/museodelacharreria.org.mx\/wp-content\/uploads\/2023\/07\/Ex-Convento-de-Nuestra-Senora-Monserrat-2466.jpg","width":1350,"height":1080},{"@type":"BreadcrumbList","@id":"https:\/\/museodelacharreria.org.mx\/recinto\/#breadcrumb","itemListElement":[{"@type":"ListItem","position":1,"name":"Portada","item":"https:\/\/museodelacharreria.org.mx\/inicio\/"},{"@type":"ListItem","position":2,"name":"RECINTO"}]},{"@type":"WebSite","@id":"https:\/\/museodelacharreria.org.mx\/#website","url":"https:\/\/museodelacharreria.org.mx\/","name":"Mus\u00e9e de la Charrerie CDMX","description":"Histoire et tradition, patrimoine culturel immat\u00e9riel de l'humanit\u00e9 UNESCO","publisher":{"@id":"https:\/\/museodelacharreria.org.mx\/#organization"},"potentialAction":[{"@type":"SearchAction","target":{"@type":"EntryPoint","urlTemplate":"https:\/\/museodelacharreria.org.mx\/?s={search_term_string}"},"query-input":{"@type":"PropertyValueSpecification","valueRequired":true,"valueName":"search_term_string"}}],"inLanguage":"fr-FR"},{"@type":"Organization","@id":"https:\/\/museodelacharreria.org.mx\/#organization","name":"Mus\u00e9e de la Charrerie Mexico","alternateName":"Museo de la Charrer\u00eda CDMX","url":"https:\/\/museodelacharreria.org.mx\/","logo":{"@type":"ImageObject","inLanguage":"fr-FR","@id":"https:\/\/museodelacharreria.org.mx\/#\/schema\/logo\/image\/","url":"https:\/\/museodelacharreria.org.mx\/wp-content\/uploads\/2023\/07\/Logo-Museo-de-la-Charreria-b-n.png","contentUrl":"https:\/\/museodelacharreria.org.mx\/wp-content\/uploads\/2023\/07\/Logo-Museo-de-la-Charreria-b-n.png","width":500,"height":250,"caption":"Museo de la Charrer\u00eda Ciudad de M\u00e9xico"},"image":{"@id":"https:\/\/museodelacharreria.org.mx\/#\/schema\/logo\/image\/"},"sameAs":["https:\/\/www.youtube.com\/@MuseoDeLaCharreria"]}]}},"_links":{"self":[{"href":"https:\/\/museodelacharreria.org.mx\/fr\/wp-json\/wp\/v2\/pages\/52","targetHints":{"allow":["GET"]}}],"collection":[{"href":"https:\/\/museodelacharreria.org.mx\/fr\/wp-json\/wp\/v2\/pages"}],"about":[{"href":"https:\/\/museodelacharreria.org.mx\/fr\/wp-json\/wp\/v2\/types\/page"}],"author":[{"embeddable":true,"href":"https:\/\/museodelacharreria.org.mx\/fr\/wp-json\/wp\/v2\/users\/1"}],"replies":[{"embeddable":true,"href":"https:\/\/museodelacharreria.org.mx\/fr\/wp-json\/wp\/v2\/comments?post=52"}],"version-history":[{"count":21,"href":"https:\/\/museodelacharreria.org.mx\/fr\/wp-json\/wp\/v2\/pages\/52\/revisions"}],"predecessor-version":[{"id":3977,"href":"https:\/\/museodelacharreria.org.mx\/fr\/wp-json\/wp\/v2\/pages\/52\/revisions\/3977"}],"wp:featuredmedia":[{"embeddable":true,"href":"https:\/\/museodelacharreria.org.mx\/fr\/wp-json\/wp\/v2\/media\/85"}],"wp:attachment":[{"href":"https:\/\/museodelacharreria.org.mx\/fr\/wp-json\/wp\/v2\/media?parent=52"}],"curies":[{"name":"wp","href":"https:\/\/api.w.org\/{rel}","templated":true}]}}