{"id":64,"date":"2023-07-14T06:12:13","date_gmt":"2023-07-14T06:12:13","guid":{"rendered":"https:\/\/museodelacharreria.org.mx\/?page_id=64"},"modified":"2024-12-06T08:07:09","modified_gmt":"2024-12-06T14:07:09","slug":"exposition","status":"publish","type":"page","link":"https:\/\/museodelacharreria.org.mx\/fr\/exhibicion\/","title":{"rendered":"EXPOSITION"},"content":{"rendered":"<style type=\"text\/css\" data-created_by=\"avia_inline_auto\" id=\"style-css-av-lk744eac-331e6377796a35381d32af627453a85e\">\n.avia-section.av-lk744eac-331e6377796a35381d32af627453a85e{\nbackground-repeat:no-repeat;\nbackground-image:url(https:\/\/museodelacharreria.org.mx\/wp-content\/uploads\/2023\/09\/Museo-de-la-Charreria-CDMX-Armas-Blancas-2.jpg);\nbackground-position:50% 50%;\nbackground-attachment:scroll;\n}\n<\/style>\n<div id='av_section_1'  class='avia-section av-lk744eac-331e6377796a35381d32af627453a85e main_color avia-section-no-padding avia-no-border-styling  avia-builder-el-0  el_before_av_section  avia-builder-el-first  av-small-hide av-mini-hide avia-full-stretch avia-bg-style-scroll av-minimum-height av-minimum-height-30 av-height-percent  container_wrap fullsize'  data-section-bg-repeat='stretch' data-av_minimum_height_pc='30' data-av_min_height_opt='percent'><div class='container av-section-cont-open' ><main  role=\"main\" itemprop=\"mainContentOfPage\"  class='template-page content  av-content-full alpha units'><div class='post-entry post-entry-type-page post-entry-64'><div class='entry-content-wrapper clearfix'>\n\n<style type=\"text\/css\" data-created_by=\"avia_inline_auto\" id=\"style-css-av-lk743ekj-02bf35758e132beb5e0a9e341724b03a\">\n#top .av-special-heading.av-lk743ekj-02bf35758e132beb5e0a9e341724b03a{\nmargin:7% 0 0 0;\n}\nbody .av-special-heading.av-lk743ekj-02bf35758e132beb5e0a9e341724b03a .av-special-heading-tag .heading-char{\nfont-size:25px;\n}\n#top #wrap_all .av-special-heading.av-lk743ekj-02bf35758e132beb5e0a9e341724b03a .av-special-heading-tag{\npadding:0 0 0 0;\n}\n.av-special-heading.av-lk743ekj-02bf35758e132beb5e0a9e341724b03a .av-subheading{\nfont-size:15px;\n}\n<\/style>\n<div  class='av-special-heading av-lk743ekj-02bf35758e132beb5e0a9e341724b03a av-special-heading-h1 blockquote modern-quote modern-centered  avia-builder-el-1  avia-builder-el-no-sibling'><h1 class='av-special-heading-tag'  itemprop=\"headline\"  >EXPOSITION<\/h1><div class=\"special-heading-border\"><div class=\"special-heading-inner-border\"><\/div><\/div><\/div>\n\n<\/div><\/div><\/main><!-- close content main element --><\/div><\/div>\n<style type=\"text\/css\" data-created_by=\"avia_inline_auto\" id=\"style-css-av-lo5wxwkl-c7f32439a45d889c705b6f675a5af62a\">\n.avia-section.av-lo5wxwkl-c7f32439a45d889c705b6f675a5af62a{\nbackground-repeat:no-repeat;\nbackground-image:url(https:\/\/museodelacharreria.org.mx\/wp-content\/uploads\/2023\/09\/Museo-de-la-Charreria-CDMX-Armas-Blancas-2.jpg);\nbackground-position:50% 50%;\nbackground-attachment:scroll;\n}\n<\/style>\n<div id='av_section_2'  class='avia-section av-lo5wxwkl-c7f32439a45d889c705b6f675a5af62a main_color avia-section-no-padding avia-no-border-styling  avia-builder-el-2  el_after_av_section  el_before_av_portfolio  av-desktop-hide av-medium-hide avia-full-stretch avia-bg-style-scroll container_wrap fullsize'  data-section-bg-repeat='stretch'><div class='container av-section-cont-open' ><div class='template-page content  av-content-full alpha units'><div class='post-entry post-entry-type-page post-entry-64'><div class='entry-content-wrapper clearfix'>\n\n<style type=\"text\/css\" data-created_by=\"avia_inline_auto\" id=\"style-css-av-lo5wzt0n-f57f882479c85495ab8f239238869edf\">\n#top .av-special-heading.av-lo5wzt0n-f57f882479c85495ab8f239238869edf{\nmargin:25% 0 0 0;\n}\nbody .av-special-heading.av-lo5wzt0n-f57f882479c85495ab8f239238869edf .av-special-heading-tag .heading-char{\nfont-size:25px;\n}\n#top #wrap_all .av-special-heading.av-lo5wzt0n-f57f882479c85495ab8f239238869edf .av-special-heading-tag{\npadding:0 0 0 0;\n}\n.av-special-heading.av-lo5wzt0n-f57f882479c85495ab8f239238869edf .av-subheading{\nfont-size:15px;\n}\n<\/style>\n<div  class='av-special-heading av-lo5wzt0n-f57f882479c85495ab8f239238869edf av-special-heading-h1 blockquote modern-quote modern-centered  avia-builder-el-3  avia-builder-el-no-sibling'><h1 class='av-special-heading-tag'  itemprop=\"headline\"  >EXPOSITION<\/h1><div class=\"special-heading-border\"><div class=\"special-heading-inner-border\"><\/div><\/div><\/div>\n\n<div  id=\"av-sc-portfolio-1\"  class=\"av-portfolio-grid-sorting-container\"><div class='sort_width_container  av-small-hide av-mini-hide av-sort-yes' data-portfolio-id='1' ><div id='js_sort_items' ><div class='sort_by_cat'><a href=\"#\" data-filter=\"all_sort\" class=\"all_sort_button active_sort\"><span class=\"inner_sort_button\"><span>Tout<\/span><small class=\"av-cat-count\"> 96 <\/small><\/span><\/a><span class=\"text-sep accesorios_sort_sep\">\/<\/span><a href=\"#\" data-filter=\"accesorios_sort\" class=\"accesorios_sort_button\" ><span class=\"inner_sort_button\"><span>ACCESSOIRES<\/span><small class=\"av-cat-count\"> 11 <\/small><\/span><\/a><span class=\"text-sep armas_sort_sep\">\/<\/span><a href=\"#\" data-filter=\"armas_sort\" class=\"armas_sort_button\" ><span class=\"inner_sort_button\"><span>ARMES<\/span><small class=\"av-cat-count\"> 11 <\/small><\/span><\/a><span class=\"text-sep indumentaria_sort_sep\">\/<\/span><a href=\"#\" data-filter=\"indumentaria_sort\" class=\"indumentaria_sort_button\" ><span class=\"inner_sort_button\"><span>V\u00caTEMENTS<\/span><small class=\"av-cat-count\"> 20 <\/small><\/span><\/a><span class=\"text-sep sillas_sort_sep\">\/<\/span><a href=\"#\" data-filter=\"sillas_sort\" class=\"sillas_sort_button\" ><span class=\"inner_sort_button\"><span>SELLE<\/span><small class=\"av-cat-count\"> 24 <\/small><\/span><\/a><span class=\"text-sep sombreros_sort_sep\">\/<\/span><a href=\"#\" data-filter=\"sombreros_sort\" class=\"sombreros_sort_button\" ><span class=\"inner_sort_button\"><span>CHAPEAUX<\/span><small class=\"av-cat-count\"> 21 <\/small><\/span><\/a><span class=\"text-sep utensilios_sort_sep\">\/<\/span><a href=\"#\" data-filter=\"utensilios_sort\" class=\"utensilios_sort_button\" ><span class=\"inner_sort_button\"><span>UTENSILES<\/span><small class=\"av-cat-count\"> 9 <\/small><\/span><\/a><\/div><\/div><\/div><div  class='grid-sort-container isotope  av-small-hide av-mini-hide  no_margin-container with-title-container grid-total-even grid-col-4 grid-links-' data-portfolio-id='1'><div data-ajax-id='3612' class='grid-entry flex_column isotope-item all_sort no_margin post-entry post-entry-3612 grid-entry-overview grid-loop-1 grid-parity-odd  coleccion_sort indumentaria_sort  av_one_fourth first default_av_fullwidth'><article class='main_color inner-entry'  itemscope=\"itemscope\" itemtype=\"https:\/\/schema.org\/CreativeWork\" ><a href=\"https:\/\/museodelacharreria.org.mx\/fr\/coleccion\/vestido-de-china-poblana-en-rojo-con-rebozo-amarillo\/\" title='ROBE POBLANA DE CHINE EN ROUGE AVEC CH\u00c2LE JAUNE'  data-rel='grid-1' class='grid-image avia-hover-fx'> <img decoding=\"async\" fetchpriority=\"high\" width=\"260\" height=\"185\" src=\"https:\/\/museodelacharreria.org.mx\/wp-content\/uploads\/2024\/11\/Museo-de-la-Charreria-Vestido-de-China-Poblana-con-Rebozo-Amarillo-260x185.jpg\" class=\"wp-image-3718 avia-img-lazy-loading-not-3718 attachment-portfolio_small size-portfolio_small wp-post-image\" alt=\"\" srcset=\"https:\/\/museodelacharreria.org.mx\/wp-content\/uploads\/2024\/11\/Museo-de-la-Charreria-Vestido-de-China-Poblana-con-Rebozo-Amarillo-260x185.jpg 260w, https:\/\/museodelacharreria.org.mx\/wp-content\/uploads\/2024\/11\/Museo-de-la-Charreria-Vestido-de-China-Poblana-con-Rebozo-Amarillo-18x12.jpg 18w\" sizes=\"(max-width: 260px) 100vw, 260px\" \/><\/a><div class='grid-content'><div class='avia-arrow'><\/div><header class=\"entry-content-header\" aria-label=\"Portfolio: VESTIDO DE CHINA POBLANA EN ROJO CON REBOZO AMARILLO\"><h3 class='grid-entry-title entry-title'  itemprop=\"headline\" ><a href='https:\/\/museodelacharreria.org.mx\/fr\/coleccion\/vestido-de-china-poblana-en-rojo-con-rebozo-amarillo\/' title='ROBE POBLANA DE CHINE EN ROUGE AVEC CH\u00c2LE JAUNE'>ROBE POBLANA DE CHINE EN ROUGE AVEC CH\u00c2LE JAUNE<\/a><\/h3><\/header><\/div><footer class=\"entry-footer\"><\/footer><\/article><\/div><div data-ajax-id='3595' class='grid-entry flex_column isotope-item all_sort no_margin post-entry post-entry-3595 grid-entry-overview grid-loop-2 grid-parity-even  coleccion_sort indumentaria_sort  av_one_fourth  default_av_fullwidth'><article class='main_color inner-entry'  itemscope=\"itemscope\" itemtype=\"https:\/\/schema.org\/CreativeWork\" ><a href=\"https:\/\/museodelacharreria.org.mx\/fr\/coleccion\/vestido-de-china-poblana-en-rojo\/\" title='ROBE CHINA POBLANA ROUGE'  data-rel='grid-1' class='grid-image avia-hover-fx'> <img decoding=\"async\" fetchpriority=\"high\" width=\"260\" height=\"185\" src=\"https:\/\/museodelacharreria.org.mx\/wp-content\/uploads\/2024\/11\/Museo-de-la-Charreria-Vestido-de-China-Poblana-Rojo-con-Mariposas-260x185.jpg\" class=\"wp-image-3724 avia-img-lazy-loading-not-3724 attachment-portfolio_small size-portfolio_small wp-post-image\" alt=\"Chine Costume Poblana\" srcset=\"https:\/\/museodelacharreria.org.mx\/wp-content\/uploads\/2024\/11\/Museo-de-la-Charreria-Vestido-de-China-Poblana-Rojo-con-Mariposas-260x185.jpg 260w, https:\/\/museodelacharreria.org.mx\/wp-content\/uploads\/2024\/11\/Museo-de-la-Charreria-Vestido-de-China-Poblana-Rojo-con-Mariposas-18x12.jpg 18w\" sizes=\"(max-width: 260px) 100vw, 260px\" \/><small class='avia-copyright'>Antonio Gegundez<\/small><\/a><div class='grid-content'><div class='avia-arrow'><\/div><header class=\"entry-content-header\" aria-label=\"Portfolio: VESTIDO DE CHINA POBLANA EN  ROJO\"><h3 class='grid-entry-title entry-title'  itemprop=\"headline\" ><a href='https:\/\/museodelacharreria.org.mx\/fr\/coleccion\/vestido-de-china-poblana-en-rojo\/' title='ROBE CHINA POBLANA ROUGE'>ROBE CHINA POBLANA ROUGE<\/a><\/h3><\/header><\/div><footer class=\"entry-footer\"><\/footer><\/article><\/div><div data-ajax-id='1024' class='grid-entry flex_column isotope-item all_sort no_margin post-entry post-entry-1024 grid-entry-overview grid-loop-3 grid-parity-odd  coleccion_sort indumentaria_sort  av_one_fourth  default_av_fullwidth'><article class='main_color inner-entry'  itemscope=\"itemscope\" itemtype=\"https:\/\/schema.org\/CreativeWork\" ><a href=\"https:\/\/museodelacharreria.org.mx\/fr\/coleccion\/vestido-de-china-poblana\/\" title='ROBE CHINA POBLANA'  data-rel='grid-1' class='grid-image avia-hover-fx'> <img decoding=\"async\" fetchpriority=\"high\" width=\"260\" height=\"185\" src=\"https:\/\/museodelacharreria.org.mx\/wp-content\/uploads\/2023\/09\/Museo-de-la-Charreria-Indumentaria-Portadas-Traje-China-Poblana-260x185.jpg\" class=\"wp-image-1025 avia-img-lazy-loading-not-1025 attachment-portfolio_small size-portfolio_small wp-post-image\" alt=\"Costume China Poblana - Museo de la Charrer\u00eda CDMX\" \/><\/a><div class='grid-content'><div class='avia-arrow'><\/div><header class=\"entry-content-header\" aria-label=\"Portfolio: VESTIDO DE CHINA POBLANA\"><h3 class='grid-entry-title entry-title'  itemprop=\"headline\" ><a href='https:\/\/museodelacharreria.org.mx\/fr\/coleccion\/vestido-de-china-poblana\/' title='ROBE CHINA POBLANA'>ROBE CHINA POBLANA<\/a><\/h3><\/header><\/div><footer class=\"entry-footer\"><\/footer><\/article><\/div><div data-ajax-id='1392' class='grid-entry flex_column isotope-item all_sort no_margin post-entry post-entry-1392 grid-entry-overview grid-loop-4 grid-parity-even  coleccion_sort indumentaria_sort  av_one_fourth  default_av_fullwidth'><article class='main_color inner-entry'  itemscope=\"itemscope\" itemtype=\"https:\/\/schema.org\/CreativeWork\" ><a href=\"https:\/\/museodelacharreria.org.mx\/fr\/coleccion\/vestido-de-adelita-verde-con-girasoles\/\" title='ROBE ADELITA VERTE AVEC TOURNESOLS'  data-rel='grid-1' class='grid-image avia-hover-fx'> <img decoding=\"async\" fetchpriority=\"high\" width=\"260\" height=\"185\" src=\"https:\/\/museodelacharreria.org.mx\/wp-content\/uploads\/2023\/09\/Museo-de-la-Charreria-Indumentaria-Portadas-Traje-Adelita-Verde-c-Girasoles-260x185.jpg\" class=\"wp-image-1386 avia-img-lazy-loading-not-1386 attachment-portfolio_small size-portfolio_small wp-post-image\" alt=\"ADELITA ROBE VERTE AVEC TOURNESOLS\" \/><\/a><div class='grid-content'><div class='avia-arrow'><\/div><header class=\"entry-content-header\" aria-label=\"Portfolio: VESTIDO DE ADELITA VERDE CON GIRASOLES\"><h3 class='grid-entry-title entry-title'  itemprop=\"headline\" ><a href='https:\/\/museodelacharreria.org.mx\/fr\/coleccion\/vestido-de-adelita-verde-con-girasoles\/' title='ROBE ADELITA VERTE AVEC TOURNESOLS'>ROBE ADELITA VERTE AVEC TOURNESOLS<\/a><\/h3><\/header><\/div><footer class=\"entry-footer\"><\/footer><\/article><\/div><div data-ajax-id='3894' class='grid-entry flex_column isotope-item all_sort no_margin post-entry post-entry-3894 grid-entry-overview grid-loop-5 grid-parity-odd  coleccion_sort indumentaria_sort  av_one_fourth first default_av_fullwidth'><article class='main_color inner-entry'  itemscope=\"itemscope\" itemtype=\"https:\/\/schema.org\/CreativeWork\" ><a href=\"https:\/\/museodelacharreria.org.mx\/fr\/coleccion\/vestido-de-adelita-coral\/\" title='ROBE ADELITA CORAIL'  data-rel='grid-1' class='grid-image avia-hover-fx'> <img decoding=\"async\" fetchpriority=\"high\" width=\"260\" height=\"185\" src=\"https:\/\/museodelacharreria.org.mx\/wp-content\/uploads\/2024\/11\/MUSEO-DE-LA-CHARRERIA-VESTIDO-DE-ADELITA-CORAL-1999-260x185.jpg\" class=\"wp-image-3895 avia-img-lazy-loading-not-3895 attachment-portfolio_small size-portfolio_small wp-post-image\" alt=\"\" srcset=\"https:\/\/museodelacharreria.org.mx\/wp-content\/uploads\/2024\/11\/MUSEO-DE-LA-CHARRERIA-VESTIDO-DE-ADELITA-CORAL-1999-260x185.jpg 260w, https:\/\/museodelacharreria.org.mx\/wp-content\/uploads\/2024\/11\/MUSEO-DE-LA-CHARRERIA-VESTIDO-DE-ADELITA-CORAL-1999-18x12.jpg 18w\" sizes=\"(max-width: 260px) 100vw, 260px\" \/><\/a><div class='grid-content'><div class='avia-arrow'><\/div><header class=\"entry-content-header\" aria-label=\"Portfolio: VESTIDO DE ADELITA CORAL\"><h3 class='grid-entry-title entry-title'  itemprop=\"headline\" ><a href='https:\/\/museodelacharreria.org.mx\/fr\/coleccion\/vestido-de-adelita-coral\/' title='ROBE ADELITA CORAIL'>ROBE ADELITA CORAIL<\/a><\/h3><\/header><\/div><footer class=\"entry-footer\"><\/footer><\/article><\/div><div data-ajax-id='3576' class='grid-entry flex_column isotope-item all_sort no_margin post-entry post-entry-3576 grid-entry-overview grid-loop-6 grid-parity-even  coleccion_sort indumentaria_sort  av_one_fourth  default_av_fullwidth'><article class='main_color inner-entry'  itemscope=\"itemscope\" itemtype=\"https:\/\/schema.org\/CreativeWork\" ><a href=\"https:\/\/museodelacharreria.org.mx\/fr\/coleccion\/vestido-de-adelita-color-vino\/\" title='ROBE ADELITA COULEUR VIN'  data-rel='grid-1' class='grid-image avia-hover-fx'> <img decoding=\"async\" fetchpriority=\"high\" width=\"260\" height=\"185\" src=\"https:\/\/museodelacharreria.org.mx\/wp-content\/uploads\/2024\/11\/Museo-de-la-Charreria-Vestido-de-Adelita-Color-Vino-260x185.jpg\" class=\"wp-image-3727 avia-img-lazy-loading-not-3727 attachment-portfolio_small size-portfolio_small wp-post-image\" alt=\"\" srcset=\"https:\/\/museodelacharreria.org.mx\/wp-content\/uploads\/2024\/11\/Museo-de-la-Charreria-Vestido-de-Adelita-Color-Vino-260x185.jpg 260w, https:\/\/museodelacharreria.org.mx\/wp-content\/uploads\/2024\/11\/Museo-de-la-Charreria-Vestido-de-Adelita-Color-Vino-18x12.jpg 18w\" sizes=\"(max-width: 260px) 100vw, 260px\" \/><\/a><div class='grid-content'><div class='avia-arrow'><\/div><header class=\"entry-content-header\" aria-label=\"Portfolio: VESTIDO DE ADELITA COLOR VINO\"><h3 class='grid-entry-title entry-title'  itemprop=\"headline\" ><a href='https:\/\/museodelacharreria.org.mx\/fr\/coleccion\/vestido-de-adelita-color-vino\/' title='ROBE ADELITA COULEUR VIN'>ROBE ADELITA COULEUR VIN<\/a><\/h3><\/header><\/div><footer class=\"entry-footer\"><\/footer><\/article><\/div><div data-ajax-id='3587' class='grid-entry flex_column isotope-item all_sort no_margin post-entry post-entry-3587 grid-entry-overview grid-loop-7 grid-parity-odd  coleccion_sort indumentaria_sort  av_one_fourth  default_av_fullwidth'><article class='main_color inner-entry'  itemscope=\"itemscope\" itemtype=\"https:\/\/schema.org\/CreativeWork\" ><a href=\"https:\/\/museodelacharreria.org.mx\/fr\/coleccion\/vestido-de-adelita-color-azul\/\" title='ROBE ADELITA COULEUR BLEUE'  data-rel='grid-1' class='grid-image avia-hover-fx'> <img decoding=\"async\" fetchpriority=\"high\" width=\"260\" height=\"185\" src=\"https:\/\/museodelacharreria.org.mx\/wp-content\/uploads\/2024\/11\/Museo-de-la-Charreria-Vestido-de-Adelita-Azul-260x185.jpg\" class=\"wp-image-3712 avia-img-lazy-loading-not-3712 attachment-portfolio_small size-portfolio_small wp-post-image\" alt=\"\" srcset=\"https:\/\/museodelacharreria.org.mx\/wp-content\/uploads\/2024\/11\/Museo-de-la-Charreria-Vestido-de-Adelita-Azul-260x185.jpg 260w, https:\/\/museodelacharreria.org.mx\/wp-content\/uploads\/2024\/11\/Museo-de-la-Charreria-Vestido-de-Adelita-Azul-18x12.jpg 18w\" sizes=\"(max-width: 260px) 100vw, 260px\" \/><\/a><div class='grid-content'><div class='avia-arrow'><\/div><header class=\"entry-content-header\" aria-label=\"Portfolio: VESTIDO DE ADELITA COLOR AZUL\"><h3 class='grid-entry-title entry-title'  itemprop=\"headline\" ><a href='https:\/\/museodelacharreria.org.mx\/fr\/coleccion\/vestido-de-adelita-color-azul\/' title='ROBE ADELITA COULEUR BLEUE'>ROBE ADELITA COULEUR BLEUE<\/a><\/h3><\/header><\/div><footer class=\"entry-footer\"><\/footer><\/article><\/div><div data-ajax-id='1397' class='grid-entry flex_column isotope-item all_sort no_margin post-entry post-entry-1397 grid-entry-overview grid-loop-8 grid-parity-even  coleccion_sort indumentaria_sort  av_one_fourth  default_av_fullwidth'><article class='main_color inner-entry'  itemscope=\"itemscope\" itemtype=\"https:\/\/schema.org\/CreativeWork\" ><a href=\"https:\/\/museodelacharreria.org.mx\/fr\/coleccion\/vestido-de-adelita-amazona\/\" title='ADELITA ROBE AMAZONE'  data-rel='grid-1' class='grid-image avia-hover-fx'> <img decoding=\"async\" fetchpriority=\"high\" width=\"260\" height=\"185\" src=\"https:\/\/museodelacharreria.org.mx\/wp-content\/uploads\/2023\/09\/Museo-de-la-Charreria-Indumentaria-Portadas-Traje-Adelita-Verde-c-Violeta-260x185.jpg\" class=\"wp-image-1387 avia-img-lazy-loading-not-1387 attachment-portfolio_small size-portfolio_small wp-post-image\" alt=\"\" \/><\/a><div class='grid-content'><div class='avia-arrow'><\/div><header class=\"entry-content-header\" aria-label=\"Portfolio: VESTIDO DE ADELITA AMAZONA\"><h3 class='grid-entry-title entry-title'  itemprop=\"headline\" ><a href='https:\/\/museodelacharreria.org.mx\/fr\/coleccion\/vestido-de-adelita-amazona\/' title='ADELITA ROBE AMAZONE'>ADELITA ROBE AMAZONE<\/a><\/h3><\/header><\/div><footer class=\"entry-footer\"><\/footer><\/article><\/div><div data-ajax-id='1406' class='grid-entry flex_column isotope-item all_sort no_margin post-entry post-entry-1406 grid-entry-overview grid-loop-9 grid-parity-odd  coleccion_sort indumentaria_sort  av_one_fourth first default_av_fullwidth'><article class='main_color inner-entry'  itemscope=\"itemscope\" itemtype=\"https:\/\/schema.org\/CreativeWork\" ><a href=\"https:\/\/museodelacharreria.org.mx\/fr\/coleccion\/traje-de-dama-charra-en-gamuza\/\" title='COSTUME CHARRA EN DAIM'  data-rel='grid-1' class='grid-image avia-hover-fx'> <img decoding=\"async\" fetchpriority=\"high\" width=\"260\" height=\"185\" src=\"https:\/\/museodelacharreria.org.mx\/wp-content\/uploads\/2023\/09\/Museo-de-la-Charreria-Indumentaria-Portadas-Traje-Charra-Gamuza-260x185.jpg\" class=\"wp-image-1388 avia-img-lazy-loading-not-1388 attachment-portfolio_small size-portfolio_small wp-post-image\" alt=\"\" \/><\/a><div class='grid-content'><div class='avia-arrow'><\/div><header class=\"entry-content-header\" aria-label=\"Portfolio: TRAJE DE CHARRA EN GAMUZA\"><h3 class='grid-entry-title entry-title'  itemprop=\"headline\" ><a href='https:\/\/museodelacharreria.org.mx\/fr\/coleccion\/traje-de-dama-charra-en-gamuza\/' title='COSTUME CHARRA EN DAIM'>COSTUME CHARRA EN DAIM<\/a><\/h3><\/header><\/div><footer class=\"entry-footer\"><\/footer><\/article><\/div><div data-ajax-id='3784' class='grid-entry flex_column isotope-item all_sort no_margin post-entry post-entry-3784 grid-entry-overview grid-loop-10 grid-parity-even  coleccion_sort indumentaria_sort  av_one_fourth  default_av_fullwidth'><article class='main_color inner-entry'  itemscope=\"itemscope\" itemtype=\"https:\/\/schema.org\/CreativeWork\" ><a href=\"https:\/\/museodelacharreria.org.mx\/fr\/coleccion\/traje-de-dama-charra-de-media-gala-bordada-con-soutache\/\" title='ROBE DE DAME EN CHARRA DE DEMI GALA BROD\u00c9E DE SOUTACHE'  data-rel='grid-1' class='grid-image avia-hover-fx'> <img decoding=\"async\" fetchpriority=\"high\" width=\"260\" height=\"185\" src=\"https:\/\/museodelacharreria.org.mx\/wp-content\/uploads\/2024\/11\/Museo-de-la-Charreria-Traje-de-Dama-Charra-de-Media-Gala-Color-Vino-Bordada-en-Soutache-260x185.jpg\" class=\"wp-image-3785 avia-img-lazy-loading-not-3785 attachment-portfolio_small size-portfolio_small wp-post-image\" alt=\"ROBE DE FEMME CHARRO DEMI GALA\" srcset=\"https:\/\/museodelacharreria.org.mx\/wp-content\/uploads\/2024\/11\/Museo-de-la-Charreria-Traje-de-Dama-Charra-de-Media-Gala-Color-Vino-Bordada-en-Soutache-260x185.jpg 260w, https:\/\/museodelacharreria.org.mx\/wp-content\/uploads\/2024\/11\/Museo-de-la-Charreria-Traje-de-Dama-Charra-de-Media-Gala-Color-Vino-Bordada-en-Soutache-18x12.jpg 18w\" sizes=\"(max-width: 260px) 100vw, 260px\" \/><\/a><div class='grid-content'><div class='avia-arrow'><\/div><header class=\"entry-content-header\" aria-label=\"Portfolio: TRAJE DE DAMA CHARRA DE MEDIA GALA BORDADA CON SOUTACHE\"><h3 class='grid-entry-title entry-title'  itemprop=\"headline\" ><a href='https:\/\/museodelacharreria.org.mx\/fr\/coleccion\/traje-de-dama-charra-de-media-gala-bordada-con-soutache\/' title='ROBE DE DAME EN CHARRA DE DEMI GALA BROD\u00c9E DE SOUTACHE'>ROBE DE DAME EN CHARRA DE DEMI GALA BROD\u00c9E DE SOUTACHE<\/a><\/h3><\/header><\/div><footer class=\"entry-footer\"><\/footer><\/article><\/div><div data-ajax-id='1373' class='grid-entry flex_column isotope-item all_sort no_margin post-entry post-entry-1373 grid-entry-overview grid-loop-11 grid-parity-odd  coleccion_sort indumentaria_sort  av_one_fourth  default_av_fullwidth'><article class='main_color inner-entry'  itemscope=\"itemscope\" itemtype=\"https:\/\/schema.org\/CreativeWork\" ><a href=\"https:\/\/museodelacharreria.org.mx\/fr\/coleccion\/traje-de-dama-charra-de-gala-en-beige\/\" title='ROBE DE FEMME CHARRO EN BEIGE'  data-rel='grid-1' class='grid-image avia-hover-fx'> <img decoding=\"async\" fetchpriority=\"high\" width=\"260\" height=\"185\" src=\"https:\/\/museodelacharreria.org.mx\/wp-content\/uploads\/2023\/09\/Museo-de-la-Charreria-Indumentaria-Portadas-Traje-Dama-Charra-260x185.jpg\" class=\"wp-image-1389 avia-img-lazy-loading-not-1389 attachment-portfolio_small size-portfolio_small wp-post-image\" alt=\"Costume de gala pour femme charro\" \/><\/a><div class='grid-content'><div class='avia-arrow'><\/div><header class=\"entry-content-header\" aria-label=\"Portfolio: TRAJE DE GALA DE DAMA CHARRA EN BEIGE\"><h3 class='grid-entry-title entry-title'  itemprop=\"headline\" ><a href='https:\/\/museodelacharreria.org.mx\/fr\/coleccion\/traje-de-dama-charra-de-gala-en-beige\/' title='ROBE DE FEMME CHARRO EN BEIGE'>ROBE DE FEMME CHARRO EN BEIGE<\/a><\/h3><\/header><\/div><footer class=\"entry-footer\"><\/footer><\/article><\/div><div data-ajax-id='982' class='grid-entry flex_column isotope-item all_sort no_margin post-entry post-entry-982 grid-entry-overview grid-loop-12 grid-parity-even  coleccion_sort indumentaria_sort  av_one_fourth  default_av_fullwidth'><article class='main_color inner-entry'  itemscope=\"itemscope\" itemtype=\"https:\/\/schema.org\/CreativeWork\" ><a href=\"https:\/\/museodelacharreria.org.mx\/fr\/coleccion\/traje-de-chinaco-pantalon-de-nino\/\" title='PANTALON CHINACO 17\u00c8ME SI\u00c8CLE'  data-rel='grid-1' class='grid-image avia-hover-fx'> <img decoding=\"async\" fetchpriority=\"high\" width=\"260\" height=\"185\" src=\"https:\/\/museodelacharreria.org.mx\/wp-content\/uploads\/2023\/09\/Museo-de-la-Charreria-Indumentaria-Portadas-Pantalon-de-Chinaco-260x185.jpg\" class=\"wp-image-983 avia-img-lazy-loading-not-983 attachment-portfolio_small size-portfolio_small wp-post-image\" alt=\"\" \/><\/a><div class='grid-content'><div class='avia-arrow'><\/div><header class=\"entry-content-header\" aria-label=\"Portfolio: PANTAL\u00d3N DE CHINACO SIGLO XVII\"><h3 class='grid-entry-title entry-title'  itemprop=\"headline\" ><a href='https:\/\/museodelacharreria.org.mx\/fr\/coleccion\/traje-de-chinaco-pantalon-de-nino\/' title='PANTALON CHINACO 17\u00c8ME SI\u00c8CLE'>PANTALON CHINACO 17\u00c8ME SI\u00c8CLE<\/a><\/h3><\/header><\/div><footer class=\"entry-footer\"><\/footer><\/article><\/div><div data-ajax-id='592' class='grid-entry flex_column isotope-item all_sort no_margin post-entry post-entry-592 grid-entry-overview grid-loop-13 grid-parity-odd  coleccion_sort indumentaria_sort  av_one_fourth first default_av_fullwidth'><article class='main_color inner-entry'  itemscope=\"itemscope\" itemtype=\"https:\/\/schema.org\/CreativeWork\" ><a href=\"https:\/\/museodelacharreria.org.mx\/fr\/coleccion\/traje-de-chinaco-en-pano-azul\/\" title='COSTUME DE CHINACO EN TISSU BLEU'  data-rel='grid-1' class='grid-image avia-hover-fx'> <img decoding=\"async\" fetchpriority=\"high\" width=\"260\" height=\"185\" src=\"https:\/\/museodelacharreria.org.mx\/wp-content\/uploads\/2023\/09\/Museo-de-la-Charreria-CDMX-Indumentaria-Traje-de-Chinaco-Azul-Portada-2-260x185.jpg\" class=\"wp-image-618 avia-img-lazy-loading-not-618 attachment-portfolio_small size-portfolio_small wp-post-image\" alt=\"Costume de Chinaco bleu - Museo de la Charrer\u00eda CDMX\" \/><\/a><div class='grid-content'><div class='avia-arrow'><\/div><header class=\"entry-content-header\" aria-label=\"Portfolio: TRAJE DE CHINACO EN PA\u00d1O AZUL\"><h3 class='grid-entry-title entry-title'  itemprop=\"headline\" ><a href='https:\/\/museodelacharreria.org.mx\/fr\/coleccion\/traje-de-chinaco-en-pano-azul\/' title='COSTUME DE CHINACO EN TISSU BLEU'>COSTUME DE CHINACO EN TISSU BLEU<\/a><\/h3><\/header><\/div><footer class=\"entry-footer\"><\/footer><\/article><\/div><div data-ajax-id='1437' class='grid-entry flex_column isotope-item all_sort no_margin post-entry post-entry-1437 grid-entry-overview grid-loop-14 grid-parity-even  coleccion_sort indumentaria_sort  av_one_fourth  default_av_fullwidth'><article class='main_color inner-entry'  itemscope=\"itemscope\" itemtype=\"https:\/\/schema.org\/CreativeWork\" ><a href=\"https:\/\/museodelacharreria.org.mx\/fr\/coleccion\/traje-de-chinaco-de-gamuza-de-venado-2\/\" title='COSTUME CHARRO EN DAIM CHAMOIS\u00c9 DE CERF'  data-rel='grid-1' class='grid-image avia-hover-fx'> <img decoding=\"async\" fetchpriority=\"high\" width=\"260\" height=\"185\" src=\"https:\/\/museodelacharreria.org.mx\/wp-content\/uploads\/2023\/09\/Museo-de-la-Charreria-Indumentaria-Portadas-Potada-Traje-Gamuza-260x185.jpg\" class=\"wp-image-1438 avia-img-lazy-loading-not-1438 attachment-portfolio_small size-portfolio_small wp-post-image\" alt=\"\" \/><small class='avia-copyright'>Federaci\u00f3n Mexicana de Charrer\u00eda Photo : Antonio Gegundez<\/small><\/a><div class='grid-content'><div class='avia-arrow'><\/div><header class=\"entry-content-header\" aria-label=\"Portfolio: TRAJE DE CHARRO DE GAMUZA DE VENADO\"><h3 class='grid-entry-title entry-title'  itemprop=\"headline\" ><a href='https:\/\/museodelacharreria.org.mx\/fr\/coleccion\/traje-de-chinaco-de-gamuza-de-venado-2\/' title='COSTUME CHARRO EN DAIM CHAMOIS\u00c9 DE CERF'>COSTUME CHARRO EN DAIM CHAMOIS\u00c9 DE CERF<\/a><\/h3><\/header><\/div><footer class=\"entry-footer\"><\/footer><\/article><\/div><div data-ajax-id='1016' class='grid-entry flex_column isotope-item all_sort no_margin post-entry post-entry-1016 grid-entry-overview grid-loop-15 grid-parity-odd  coleccion_sort indumentaria_sort  av_one_fourth  default_av_fullwidth'><article class='main_color inner-entry'  itemscope=\"itemscope\" itemtype=\"https:\/\/schema.org\/CreativeWork\" ><a href=\"https:\/\/museodelacharreria.org.mx\/fr\/coleccion\/traje-de-chinaco-de-gamuza-de-venado\/\" title='CERF CHAMOIS CHINACO COSTUME'  data-rel='grid-1' class='grid-image avia-hover-fx'> <img decoding=\"async\" fetchpriority=\"high\" width=\"260\" height=\"185\" src=\"https:\/\/museodelacharreria.org.mx\/wp-content\/uploads\/2023\/09\/Museo-de-la-Charreria-Indumentaria-Portadas-Potada-Traje-Chinaco-Gamuza-260x185.jpg\" class=\"wp-image-1017 avia-img-lazy-loading-not-1017 attachment-portfolio_small size-portfolio_small wp-post-image\" alt=\"Costume de cerf Chamois Chinaco\" \/><\/a><div class='grid-content'><div class='avia-arrow'><\/div><header class=\"entry-content-header\" aria-label=\"Portfolio: TRAJE DE CHINACO DE GAMUZA DE VENADO\"><h3 class='grid-entry-title entry-title'  itemprop=\"headline\" ><a href='https:\/\/museodelacharreria.org.mx\/fr\/coleccion\/traje-de-chinaco-de-gamuza-de-venado\/' title='CERF CHAMOIS CHINACO COSTUME'>CERF CHAMOIS CHINACO COSTUME<\/a><\/h3><\/header><\/div><footer class=\"entry-footer\"><\/footer><\/article><\/div><div data-ajax-id='3605' class='grid-entry flex_column isotope-item all_sort no_margin post-entry post-entry-3605 grid-entry-overview grid-loop-16 grid-parity-even  coleccion_sort indumentaria_sort  av_one_fourth  default_av_fullwidth'><article class='main_color inner-entry'  itemscope=\"itemscope\" itemtype=\"https:\/\/schema.org\/CreativeWork\" ><a href=\"https:\/\/museodelacharreria.org.mx\/fr\/coleccion\/traje-de-charro-en-gamuza-de-venado-color-oro-viejo\/\" title='COSTUME CHARRO EN DAIM DE CERF COULEUR VIEIL OR'  data-rel='grid-1' class='grid-image avia-hover-fx'> <img decoding=\"async\" fetchpriority=\"high\" width=\"260\" height=\"185\" src=\"https:\/\/museodelacharreria.org.mx\/wp-content\/uploads\/2024\/11\/Museo-de-la-Charreria-Traje-de-Charro-en-Gamuza-Color-Oro-Viejo-260x185.jpg\" class=\"wp-image-3721 avia-img-lazy-loading-not-3721 attachment-portfolio_small size-portfolio_small wp-post-image\" alt=\"\" srcset=\"https:\/\/museodelacharreria.org.mx\/wp-content\/uploads\/2024\/11\/Museo-de-la-Charreria-Traje-de-Charro-en-Gamuza-Color-Oro-Viejo-260x185.jpg 260w, https:\/\/museodelacharreria.org.mx\/wp-content\/uploads\/2024\/11\/Museo-de-la-Charreria-Traje-de-Charro-en-Gamuza-Color-Oro-Viejo-18x12.jpg 18w\" sizes=\"(max-width: 260px) 100vw, 260px\" \/><\/a><div class='grid-content'><div class='avia-arrow'><\/div><header class=\"entry-content-header\" aria-label=\"Portfolio: TRAJE DE CHARRO EN GAMUZA DE VENADO COLOR ORO VIEJO\"><h3 class='grid-entry-title entry-title'  itemprop=\"headline\" ><a href='https:\/\/museodelacharreria.org.mx\/fr\/coleccion\/traje-de-charro-en-gamuza-de-venado-color-oro-viejo\/' title='COSTUME CHARRO EN DAIM DE CERF COULEUR VIEIL OR'>COSTUME CHARRO EN DAIM DE CERF COULEUR VIEIL OR<\/a><\/h3><\/header><\/div><footer class=\"entry-footer\"><\/footer><\/article><\/div><div data-ajax-id='1594' class='grid-entry flex_column isotope-item all_sort no_margin post-entry post-entry-1594 grid-entry-overview grid-loop-17 grid-parity-odd  coleccion_sort indumentaria_sort  av_one_fourth first default_av_fullwidth'><article class='main_color inner-entry'  itemscope=\"itemscope\" itemtype=\"https:\/\/schema.org\/CreativeWork\" ><a href=\"https:\/\/museodelacharreria.org.mx\/fr\/coleccion\/traje-de-charro-de-gamuza-de-venado\/\" title='COSTUME CHARRO EN DAIM CHAMOIS\u00c9 DE CERF'  data-rel='grid-1' class='grid-image avia-hover-fx'> <img decoding=\"async\" fetchpriority=\"high\" width=\"260\" height=\"185\" src=\"https:\/\/museodelacharreria.org.mx\/wp-content\/uploads\/2023\/09\/Museo-de-la-Charreria-Traje-de-Charro-en-Gamuza-de-Venado-Portada--260x185.jpg\" class=\"wp-image-1595 avia-img-lazy-loading-not-1595 attachment-portfolio_small size-portfolio_small wp-post-image\" alt=\"\" \/><\/a><div class='grid-content'><div class='avia-arrow'><\/div><header class=\"entry-content-header\" aria-label=\"Portfolio: TRAJE DE CHARRO DE GAMUZA DE VENADO\"><h3 class='grid-entry-title entry-title'  itemprop=\"headline\" ><a href='https:\/\/museodelacharreria.org.mx\/fr\/coleccion\/traje-de-charro-de-gamuza-de-venado\/' title='COSTUME CHARRO EN DAIM CHAMOIS\u00c9 DE CERF'>COSTUME CHARRO EN DAIM CHAMOIS\u00c9 DE CERF<\/a><\/h3><\/header><\/div><footer class=\"entry-footer\"><\/footer><\/article><\/div><div data-ajax-id='559' class='grid-entry flex_column isotope-item all_sort no_margin post-entry post-entry-559 grid-entry-overview grid-loop-18 grid-parity-even  coleccion_sort sombreros_sort  av_one_fourth  default_av_fullwidth'><article class='main_color inner-entry'  itemscope=\"itemscope\" itemtype=\"https:\/\/schema.org\/CreativeWork\" ><a href=\"https:\/\/museodelacharreria.org.mx\/fr\/coleccion\/sombrero-replica-del-obsequiado-al-papa-francisco\/\" title='CHAPEAU CHARRO R\u00c9PLIQUE DE CELUI OFFERT AU PAPE FRANCISCO'  data-rel='grid-1' class='grid-image avia-hover-fx'> <img decoding=\"async\" fetchpriority=\"high\" width=\"260\" height=\"185\" src=\"https:\/\/museodelacharreria.org.mx\/wp-content\/uploads\/2023\/09\/Museo-de-la-Charreria-CDMX-Sombrero-Papa-Francisco-0018-260x185.jpg\" class=\"wp-image-704 avia-img-lazy-loading-not-704 attachment-portfolio_small size-portfolio_small wp-post-image\" alt=\"\" \/><\/a><div class='grid-content'><div class='avia-arrow'><\/div><header class=\"entry-content-header\" aria-label=\"Portfolio: SOMBRERO DE CHARRO R\u00c9PLICA DEL OBSEQUIADO AL PAPA FRANCISCO\"><h3 class='grid-entry-title entry-title'  itemprop=\"headline\" ><a href='https:\/\/museodelacharreria.org.mx\/fr\/coleccion\/sombrero-replica-del-obsequiado-al-papa-francisco\/' title='CHAPEAU CHARRO R\u00c9PLIQUE DE CELUI OFFERT AU PAPE FRANCISCO'>CHAPEAU CHARRO R\u00c9PLIQUE DE CELUI OFFERT AU PAPE FRANCISCO<\/a><\/h3><\/header><\/div><footer class=\"entry-footer\"><\/footer><\/article><\/div><div data-ajax-id='2226' class='grid-entry flex_column isotope-item all_sort no_margin post-entry post-entry-2226 grid-entry-overview grid-loop-19 grid-parity-odd  coleccion_sort sombreros_sort  av_one_fourth  default_av_fullwidth'><article class='main_color inner-entry'  itemscope=\"itemscope\" itemtype=\"https:\/\/schema.org\/CreativeWork\" ><a href=\"https:\/\/museodelacharreria.org.mx\/fr\/coleccion\/sombrero-negro-y-plata-de-pelo-fino-de-conejo\/\" title='CHAPEAU NOIR ET ARGENT\u00c9 EN FINE FOURRURE DE LAPIN'  data-rel='grid-1' class='grid-image avia-hover-fx'> <img decoding=\"async\" fetchpriority=\"high\" width=\"260\" height=\"185\" src=\"https:\/\/museodelacharreria.org.mx\/wp-content\/uploads\/2023\/10\/Museo-de-la-Charreria-SOMBRERO-NEGRO-Y-PLATA-DE-PELO-FINO-DE-SCONEJO-0027-260x185.jpg\" class=\"wp-image-2227 avia-img-lazy-loading-not-2227 attachment-portfolio_small size-portfolio_small wp-post-image\" alt=\"CHAPEAU NOIR ET ARGENT\u00c9 EN FINE FOURRURE DE LAPIN\" srcset=\"https:\/\/museodelacharreria.org.mx\/wp-content\/uploads\/2023\/10\/Museo-de-la-Charreria-SOMBRERO-NEGRO-Y-PLATA-DE-PELO-FINO-DE-SCONEJO-0027-260x185.jpg 260w, https:\/\/museodelacharreria.org.mx\/wp-content\/uploads\/2023\/10\/Museo-de-la-Charreria-SOMBRERO-NEGRO-Y-PLATA-DE-PELO-FINO-DE-SCONEJO-0027-18x12.jpg 18w\" sizes=\"(max-width: 260px) 100vw, 260px\" \/><\/a><div class='grid-content'><div class='avia-arrow'><\/div><header class=\"entry-content-header\" aria-label=\"Portfolio: SOMBRERO NEGRO Y PLATA DE PELO FINO DE CONEJO\"><h3 class='grid-entry-title entry-title'  itemprop=\"headline\" ><a href='https:\/\/museodelacharreria.org.mx\/fr\/coleccion\/sombrero-negro-y-plata-de-pelo-fino-de-conejo\/' title='CHAPEAU NOIR ET ARGENT\u00c9 EN FINE FOURRURE DE LAPIN'>CHAPEAU NOIR ET ARGENT\u00c9 EN FINE FOURRURE DE LAPIN<\/a><\/h3><\/header><\/div><footer class=\"entry-footer\"><\/footer><\/article><\/div><div data-ajax-id='1639' class='grid-entry flex_column isotope-item all_sort no_margin post-entry post-entry-1639 grid-entry-overview grid-loop-20 grid-parity-even  coleccion_sort sombreros_sort  av_one_fourth  default_av_fullwidth'><article class='main_color inner-entry'  itemscope=\"itemscope\" itemtype=\"https:\/\/schema.org\/CreativeWork\" ><a href=\"https:\/\/museodelacharreria.org.mx\/fr\/coleccion\/sombrero-gris-del-gral-felix-banuelos\/\" title='CHAPEAU GRIS DE GEN. FELIX BA\u00d1UELOS'  data-rel='grid-1' class='grid-image avia-hover-fx'> <img decoding=\"async\" fetchpriority=\"high\" width=\"260\" height=\"185\" src=\"https:\/\/museodelacharreria.org.mx\/wp-content\/uploads\/2023\/09\/Museo-de-la-Charreria-Sombrero-de-Charro-0101-260x185.jpg\" class=\"wp-image-1613 avia-img-lazy-loading-not-1613 attachment-portfolio_small size-portfolio_small wp-post-image\" alt=\"\" \/><\/a><div class='grid-content'><div class='avia-arrow'><\/div><header class=\"entry-content-header\" aria-label=\"Portfolio: SOMBRERO GRIS DEL GRAL. FELIX BA\u00d1UELOS\"><h3 class='grid-entry-title entry-title'  itemprop=\"headline\" ><a href='https:\/\/museodelacharreria.org.mx\/fr\/coleccion\/sombrero-gris-del-gral-felix-banuelos\/' title='CHAPEAU GRIS DE GEN. FELIX BA\u00d1UELOS'>CHAPEAU GRIS DE GEN. FELIX BA\u00d1UELOS<\/a><\/h3><\/header><\/div><footer class=\"entry-footer\"><\/footer><\/article><\/div><div data-ajax-id='1237' class='grid-entry flex_column isotope-item all_sort no_margin post-entry post-entry-1237 grid-entry-overview grid-loop-21 grid-parity-odd  coleccion_sort sombreros_sort  av_one_fourth first default_av_fullwidth'><article class='main_color inner-entry'  itemscope=\"itemscope\" itemtype=\"https:\/\/schema.org\/CreativeWork\" ><a href=\"https:\/\/museodelacharreria.org.mx\/fr\/coleccion\/sombrero-de-piloncillo-de-pelo-de-nutria-y-galon-frances\/\" title='CHAPEAU PILONCILLO EN FOURRURE DE LOUTRE ET TRESSE FRAN\u00c7AISE'  data-rel='grid-1' class='grid-image avia-hover-fx'> <img decoding=\"async\" fetchpriority=\"high\" width=\"260\" height=\"185\" src=\"https:\/\/museodelacharreria.org.mx\/wp-content\/uploads\/2023\/09\/Museo-de-la-Charreria-CDMX-Sombrero-de-Charro-0089-2-260x185.jpg\" class=\"wp-image-1280 avia-img-lazy-loading-not-1280 attachment-portfolio_small size-portfolio_small wp-post-image\" alt=\"Chapeau Piloncillo avec tresse fran\u00e7aise en poils de loutre\" \/><\/a><div class='grid-content'><div class='avia-arrow'><\/div><header class=\"entry-content-header\" aria-label=\"Portfolio: SOMBRERO DE PILONCILLO DE PELO DE NUTRIA Y GAL\u00d3N FRANC\u00c9S\"><h3 class='grid-entry-title entry-title'  itemprop=\"headline\" ><a href='https:\/\/museodelacharreria.org.mx\/fr\/coleccion\/sombrero-de-piloncillo-de-pelo-de-nutria-y-galon-frances\/' title='CHAPEAU PILONCILLO EN FOURRURE DE LOUTRE ET TRESSE FRAN\u00c7AISE'>CHAPEAU PILONCILLO EN FOURRURE DE LOUTRE ET TRESSE FRAN\u00c7AISE<\/a><\/h3><\/header><\/div><footer class=\"entry-footer\"><\/footer><\/article><\/div><div data-ajax-id='2429' class='grid-entry flex_column isotope-item all_sort no_margin post-entry post-entry-2429 grid-entry-overview grid-loop-22 grid-parity-even  coleccion_sort sombreros_sort  av_one_fourth  default_av_fullwidth'><article class='main_color inner-entry'  itemscope=\"itemscope\" itemtype=\"https:\/\/schema.org\/CreativeWork\" ><a href=\"https:\/\/museodelacharreria.org.mx\/fr\/coleccion\/sombrero-de-pelo-fino-bordado-en-canutillo-de-oro\/\" title='BONNET EN FOURRURE FINE BROD\u00c9 D&#039;UN LISER\u00c9 DOR\u00c9'  data-rel='grid-1' class='grid-image avia-hover-fx'> <img decoding=\"async\" fetchpriority=\"high\" width=\"260\" height=\"185\" src=\"https:\/\/museodelacharreria.org.mx\/wp-content\/uploads\/2023\/11\/Museo-de-la-Charreria-Sombrero-de-Charro-0144-260x185.jpg\" class=\"wp-image-2425 avia-img-lazy-loading-not-2425 attachment-portfolio_small size-portfolio_small wp-post-image\" alt=\"\" srcset=\"https:\/\/museodelacharreria.org.mx\/wp-content\/uploads\/2023\/11\/Museo-de-la-Charreria-Sombrero-de-Charro-0144-260x185.jpg 260w, https:\/\/museodelacharreria.org.mx\/wp-content\/uploads\/2023\/11\/Museo-de-la-Charreria-Sombrero-de-Charro-0144-18x12.jpg 18w\" sizes=\"(max-width: 260px) 100vw, 260px\" \/><\/a><div class='grid-content'><div class='avia-arrow'><\/div><header class=\"entry-content-header\" aria-label=\"Portfolio: SOMBRERO DE PELO FINO BORDADO CON CANUTILLO DE ORO\"><h3 class='grid-entry-title entry-title'  itemprop=\"headline\" ><a href='https:\/\/museodelacharreria.org.mx\/fr\/coleccion\/sombrero-de-pelo-fino-bordado-en-canutillo-de-oro\/' title='BONNET EN FOURRURE FINE BROD\u00c9 D&#039;UN LISER\u00c9 DOR\u00c9'>BONNET EN FOURRURE FINE BROD\u00c9 D'UN LISER\u00c9 DOR\u00c9<\/a><\/h3><\/header><\/div><footer class=\"entry-footer\"><\/footer><\/article><\/div><div data-ajax-id='1301' class='grid-entry flex_column isotope-item all_sort no_margin post-entry post-entry-1301 grid-entry-overview grid-loop-23 grid-parity-odd  coleccion_sort sombreros_sort  av_one_fourth  default_av_fullwidth'><article class='main_color inner-entry'  itemscope=\"itemscope\" itemtype=\"https:\/\/schema.org\/CreativeWork\" ><a href=\"https:\/\/museodelacharreria.org.mx\/fr\/coleccion\/sombrero-de-palma-real-con-galon-frances-y-copa-de-piloncillo\/\" title='CHAPEAU ROYAL PALMIER AVEC TRESSE FRAN\u00c7AISE ET COUPE PILONCILLO'  data-rel='grid-1' class='grid-image avia-hover-fx'> <img decoding=\"async\" fetchpriority=\"high\" width=\"260\" height=\"185\" src=\"https:\/\/museodelacharreria.org.mx\/wp-content\/uploads\/2023\/09\/Museo-de-la-Charreria-CDMX-Sombrero-de-Charro-0108-260x185.jpg\" class=\"wp-image-1303 avia-img-lazy-loading-not-1303 attachment-portfolio_small size-portfolio_small wp-post-image\" alt=\"\" \/><\/a><div class='grid-content'><div class='avia-arrow'><\/div><header class=\"entry-content-header\" aria-label=\"Portfolio: SOMBRERO DE PALMA REAL CON GAL\u00d3N FRANC\u00c9S Y COPA DE PILONCILLO\"><h3 class='grid-entry-title entry-title'  itemprop=\"headline\" ><a href='https:\/\/museodelacharreria.org.mx\/fr\/coleccion\/sombrero-de-palma-real-con-galon-frances-y-copa-de-piloncillo\/' title='CHAPEAU ROYAL PALMIER AVEC TRESSE FRAN\u00c7AISE ET COUPE PILONCILLO'>CHAPEAU ROYAL PALMIER AVEC TRESSE FRAN\u00c7AISE ET COUPE PILONCILLO<\/a><\/h3><\/header><\/div><footer class=\"entry-footer\"><\/footer><\/article><\/div><div data-ajax-id='2219' class='grid-entry flex_column isotope-item all_sort no_margin post-entry post-entry-2219 grid-entry-overview grid-loop-24 grid-parity-even  coleccion_sort sombreros_sort  av_one_fourth  default_av_fullwidth'><article class='main_color inner-entry'  itemscope=\"itemscope\" itemtype=\"https:\/\/schema.org\/CreativeWork\" ><a href=\"https:\/\/museodelacharreria.org.mx\/fr\/coleccion\/sombrero-de-palma-real\/\" title='CHAPEAU ROYAL PALM'  data-rel='grid-1' class='grid-image avia-hover-fx'> <img decoding=\"async\" fetchpriority=\"high\" width=\"260\" height=\"185\" src=\"https:\/\/museodelacharreria.org.mx\/wp-content\/uploads\/2023\/10\/Museo-de-la-Charreria-Sombrero-0010-260x185.jpg\" class=\"wp-image-2223 avia-img-lazy-loading-not-2223 attachment-portfolio_small size-portfolio_small wp-post-image\" alt=\"CHAPEAU ROYAL PALM\" srcset=\"https:\/\/museodelacharreria.org.mx\/wp-content\/uploads\/2023\/10\/Museo-de-la-Charreria-Sombrero-0010-260x185.jpg 260w, https:\/\/museodelacharreria.org.mx\/wp-content\/uploads\/2023\/10\/Museo-de-la-Charreria-Sombrero-0010-18x12.jpg 18w\" sizes=\"(max-width: 260px) 100vw, 260px\" \/><\/a><div class='grid-content'><div class='avia-arrow'><\/div><header class=\"entry-content-header\" aria-label=\"Portfolio: SOMBRERO DE PALMA REAL\"><h3 class='grid-entry-title entry-title'  itemprop=\"headline\" ><a href='https:\/\/museodelacharreria.org.mx\/fr\/coleccion\/sombrero-de-palma-real\/' title='CHAPEAU ROYAL PALM'>CHAPEAU ROYAL PALM<\/a><\/h3><\/header><\/div><footer class=\"entry-footer\"><\/footer><\/article><\/div><div data-ajax-id='2239' class='grid-entry flex_column isotope-item all_sort no_margin post-entry post-entry-2239 grid-entry-overview grid-loop-25 grid-parity-odd  coleccion_sort sombreros_sort  av_one_fourth first default_av_fullwidth'><article class='main_color inner-entry'  itemscope=\"itemscope\" itemtype=\"https:\/\/schema.org\/CreativeWork\" ><a href=\"https:\/\/museodelacharreria.org.mx\/fr\/coleccion\/sombrero-de-don-isidro-candia\/\" title='CHAPEAU CHARRO DE MONSIEUR ISIDRO CANDIA'  data-rel='grid-1' class='grid-image avia-hover-fx'> <img decoding=\"async\" fetchpriority=\"high\" width=\"260\" height=\"185\" src=\"https:\/\/museodelacharreria.org.mx\/wp-content\/uploads\/2023\/10\/Museo-de-la-Charreria-Sombrero-de-Don-Isidro-Candia-0111-260x185.jpg\" class=\"wp-image-2240 avia-img-lazy-loading-not-2240 attachment-portfolio_small size-portfolio_small wp-post-image\" alt=\"CHAPEAU CHARRO DE MONSIEUR ISIDRO CANDIA\" srcset=\"https:\/\/museodelacharreria.org.mx\/wp-content\/uploads\/2023\/10\/Museo-de-la-Charreria-Sombrero-de-Don-Isidro-Candia-0111-260x185.jpg 260w, https:\/\/museodelacharreria.org.mx\/wp-content\/uploads\/2023\/10\/Museo-de-la-Charreria-Sombrero-de-Don-Isidro-Candia-0111-18x12.jpg 18w\" sizes=\"(max-width: 260px) 100vw, 260px\" \/><\/a><div class='grid-content'><div class='avia-arrow'><\/div><header class=\"entry-content-header\" aria-label=\"Portfolio: SOMBRERO DE DON ISIDRO CANDIA\"><h3 class='grid-entry-title entry-title'  itemprop=\"headline\" ><a href='https:\/\/museodelacharreria.org.mx\/fr\/coleccion\/sombrero-de-don-isidro-candia\/' title='CHAPEAU CHARRO DE MONSIEUR ISIDRO CANDIA'>CHAPEAU CHARRO DE MONSIEUR ISIDRO CANDIA<\/a><\/h3><\/header><\/div><footer class=\"entry-footer\"><\/footer><\/article><\/div><div data-ajax-id='931' class='grid-entry flex_column isotope-item all_sort no_margin post-entry post-entry-931 grid-entry-overview grid-loop-26 grid-parity-even  coleccion_sort sombreros_sort  av_one_fourth  default_av_fullwidth'><article class='main_color inner-entry'  itemscope=\"itemscope\" itemtype=\"https:\/\/schema.org\/CreativeWork\" ><a href=\"https:\/\/museodelacharreria.org.mx\/fr\/coleccion\/sombrero-de-china-poblana\/\" title='CHAPEAU CHINA POBLANA'  data-rel='grid-1' class='grid-image avia-hover-fx'> <img decoding=\"async\" fetchpriority=\"high\" width=\"260\" height=\"185\" src=\"https:\/\/museodelacharreria.org.mx\/wp-content\/uploads\/2023\/09\/Museo-de-la-Charreria-CDMX-Sombrero-de-Dama-Charra-0122-1-260x185.jpg\" class=\"wp-image-1298 avia-img-lazy-loading-not-1298 attachment-portfolio_small size-portfolio_small wp-post-image\" alt=\"\" \/><\/a><div class='grid-content'><div class='avia-arrow'><\/div><header class=\"entry-content-header\" aria-label=\"Portfolio: SOMBRERO DE CHINA POBLANA\"><h3 class='grid-entry-title entry-title'  itemprop=\"headline\" ><a href='https:\/\/museodelacharreria.org.mx\/fr\/coleccion\/sombrero-de-china-poblana\/' title='CHAPEAU CHINA POBLANA'>CHAPEAU CHINA POBLANA<\/a><\/h3><\/header><\/div><footer class=\"entry-footer\"><\/footer><\/article><\/div><div data-ajax-id='2435' class='grid-entry flex_column isotope-item all_sort no_margin post-entry post-entry-2435 grid-entry-overview grid-loop-27 grid-parity-odd  coleccion_sort sombreros_sort  av_one_fourth  default_av_fullwidth'><article class='main_color inner-entry'  itemscope=\"itemscope\" itemtype=\"https:\/\/schema.org\/CreativeWork\" ><a href=\"https:\/\/museodelacharreria.org.mx\/fr\/coleccion\/sombrero-de-charro-para-nino\/\" title='CHAPEAU DE CHARRO POUR ENFANT'  data-rel='grid-1' class='grid-image avia-hover-fx'> <img decoding=\"async\" fetchpriority=\"high\" width=\"260\" height=\"185\" src=\"https:\/\/museodelacharreria.org.mx\/wp-content\/uploads\/2023\/11\/Museo-de-la-Charreria-Sombrero-de-Charro-0022-260x185.jpg\" class=\"wp-image-2420 avia-img-lazy-loading-not-2420 attachment-portfolio_small size-portfolio_small wp-post-image\" alt=\"\" srcset=\"https:\/\/museodelacharreria.org.mx\/wp-content\/uploads\/2023\/11\/Museo-de-la-Charreria-Sombrero-de-Charro-0022-260x185.jpg 260w, https:\/\/museodelacharreria.org.mx\/wp-content\/uploads\/2023\/11\/Museo-de-la-Charreria-Sombrero-de-Charro-0022-18x12.jpg 18w\" sizes=\"(max-width: 260px) 100vw, 260px\" \/><\/a><div class='grid-content'><div class='avia-arrow'><\/div><header class=\"entry-content-header\" aria-label=\"Portfolio: SOMBRERO DE CHARRO PARA NI\u00d1O\"><h3 class='grid-entry-title entry-title'  itemprop=\"headline\" ><a href='https:\/\/museodelacharreria.org.mx\/fr\/coleccion\/sombrero-de-charro-para-nino\/' title='CHAPEAU DE CHARRO POUR ENFANT'>CHAPEAU DE CHARRO POUR ENFANT<\/a><\/h3><\/header><\/div><footer class=\"entry-footer\"><\/footer><\/article><\/div><div data-ajax-id='2332' class='grid-entry flex_column isotope-item all_sort no_margin post-entry post-entry-2332 grid-entry-overview grid-loop-28 grid-parity-even  coleccion_sort sombreros_sort  av_one_fourth  default_av_fullwidth'><article class='main_color inner-entry'  itemscope=\"itemscope\" itemtype=\"https:\/\/schema.org\/CreativeWork\" ><a href=\"https:\/\/museodelacharreria.org.mx\/fr\/coleccion\/sombrero-de-charro-con-ribete-en-pano-cafe\/\" title='CHAPEAU DE CHARRO AVEC UN REBORD EN TISSU BRUN'  data-rel='grid-1' class='grid-image avia-hover-fx'> <img decoding=\"async\" fetchpriority=\"high\" width=\"260\" height=\"185\" src=\"https:\/\/museodelacharreria.org.mx\/wp-content\/uploads\/2023\/10\/Museo-de-la-Charreria-Sombrero-0136-260x185.jpg\" class=\"wp-image-2333 avia-img-lazy-loading-not-2333 attachment-portfolio_small size-portfolio_small wp-post-image\" alt=\"CHAPEAU DE CHARRO AVEC UN REBORD EN TISSU BRUN\" srcset=\"https:\/\/museodelacharreria.org.mx\/wp-content\/uploads\/2023\/10\/Museo-de-la-Charreria-Sombrero-0136-260x185.jpg 260w, https:\/\/museodelacharreria.org.mx\/wp-content\/uploads\/2023\/10\/Museo-de-la-Charreria-Sombrero-0136-18x12.jpg 18w\" sizes=\"(max-width: 260px) 100vw, 260px\" \/><\/a><div class='grid-content'><div class='avia-arrow'><\/div><header class=\"entry-content-header\" aria-label=\"Portfolio: SOMBRERO DE CHARRO CON RIBETE EN PA\u00d1O CAFE\"><h3 class='grid-entry-title entry-title'  itemprop=\"headline\" ><a href='https:\/\/museodelacharreria.org.mx\/fr\/coleccion\/sombrero-de-charro-con-ribete-en-pano-cafe\/' title='CHAPEAU DE CHARRO AVEC UN REBORD EN TISSU BRUN'>CHAPEAU DE CHARRO AVEC UN REBORD EN TISSU BRUN<\/a><\/h3><\/header><\/div><footer class=\"entry-footer\"><\/footer><\/article><\/div><div data-ajax-id='2323' class='grid-entry flex_column isotope-item all_sort no_margin post-entry post-entry-2323 grid-entry-overview grid-loop-29 grid-parity-odd  coleccion_sort sombreros_sort  av_one_fourth first default_av_fullwidth'><article class='main_color inner-entry'  itemscope=\"itemscope\" itemtype=\"https:\/\/schema.org\/CreativeWork\" ><a href=\"https:\/\/museodelacharreria.org.mx\/fr\/coleccion\/sombrero-de-charro-con-pial\/\" title='CHAPEAU CHARRO AVEC DU CUIR TRESS\u00c9'  data-rel='grid-1' class='grid-image avia-hover-fx'> <img decoding=\"async\" fetchpriority=\"high\" width=\"260\" height=\"185\" src=\"https:\/\/museodelacharreria.org.mx\/wp-content\/uploads\/2023\/10\/Museo-de-la-Charreria-Sombrero-0130-260x185.jpg\" class=\"wp-image-2327 avia-img-lazy-loading-not-2327 attachment-portfolio_small size-portfolio_small wp-post-image\" alt=\"Chapeau marron d\u00e9cor\u00e9 de pial\" srcset=\"https:\/\/museodelacharreria.org.mx\/wp-content\/uploads\/2023\/10\/Museo-de-la-Charreria-Sombrero-0130-260x185.jpg 260w, https:\/\/museodelacharreria.org.mx\/wp-content\/uploads\/2023\/10\/Museo-de-la-Charreria-Sombrero-0130-18x12.jpg 18w\" sizes=\"(max-width: 260px) 100vw, 260px\" \/><\/a><div class='grid-content'><div class='avia-arrow'><\/div><header class=\"entry-content-header\" aria-label=\"Portfolio: SOMBRERO DE CHARRO CON PIAL\"><h3 class='grid-entry-title entry-title'  itemprop=\"headline\" ><a href='https:\/\/museodelacharreria.org.mx\/fr\/coleccion\/sombrero-de-charro-con-pial\/' title='CHAPEAU CHARRO AVEC DU CUIR TRESS\u00c9'>CHAPEAU CHARRO AVEC DU CUIR TRESS\u00c9<\/a><\/h3><\/header><\/div><footer class=\"entry-footer\"><\/footer><\/article><\/div><div data-ajax-id='1647' class='grid-entry flex_column isotope-item all_sort no_margin post-entry post-entry-1647 grid-entry-overview grid-loop-30 grid-parity-even  coleccion_sort sombreros_sort  av_one_fourth  default_av_fullwidth'><article class='main_color inner-entry'  itemscope=\"itemscope\" itemtype=\"https:\/\/schema.org\/CreativeWork\" ><a href=\"https:\/\/museodelacharreria.org.mx\/fr\/coleccion\/sombrero-con-rosetones-bordados-en-canutillo-de-oro\/\" title='CHAPEAU AVEC ROSETTES BROD\u00c9ES D&#039;OR EN PERLES D&#039;OR'  data-rel='grid-1' class='grid-image avia-hover-fx'> <img decoding=\"async\" fetchpriority=\"high\" width=\"260\" height=\"185\" src=\"https:\/\/museodelacharreria.org.mx\/wp-content\/uploads\/2023\/09\/Museo-de-la-Charreria-Sombrero-de-Charro-0080-260x185.jpg\" class=\"wp-image-1618 avia-img-lazy-loading-not-1618 attachment-portfolio_small size-portfolio_small wp-post-image\" alt=\"\" \/><\/a><div class='grid-content'><div class='avia-arrow'><\/div><header class=\"entry-content-header\" aria-label=\"Portfolio: SOMBRERO CON ROSETONES BORDADOS EN CANUTILLO DE ORO\"><h3 class='grid-entry-title entry-title'  itemprop=\"headline\" ><a href='https:\/\/museodelacharreria.org.mx\/fr\/coleccion\/sombrero-con-rosetones-bordados-en-canutillo-de-oro\/' title='CHAPEAU AVEC ROSETTES BROD\u00c9ES D&#039;OR EN PERLES D&#039;OR'>CHAPEAU AVEC ROSETTES BROD\u00c9ES D'OR EN PERLES D'OR<\/a><\/h3><\/header><\/div><footer class=\"entry-footer\"><\/footer><\/article><\/div><div data-ajax-id='2209' class='grid-entry flex_column isotope-item all_sort no_margin post-entry post-entry-2209 grid-entry-overview grid-loop-31 grid-parity-odd  coleccion_sort sombreros_sort  av_one_fourth  default_av_fullwidth'><article class='main_color inner-entry'  itemscope=\"itemscope\" itemtype=\"https:\/\/schema.org\/CreativeWork\" ><a href=\"https:\/\/museodelacharreria.org.mx\/fr\/coleccion\/sombrero-con-motivos-prehispanicos\/\" title='CHAPEAU DE CHARRO AVEC MOTIFS PR\u00c9HISPANIQUES'  data-rel='grid-1' class='grid-image avia-hover-fx'> <img decoding=\"async\" fetchpriority=\"high\" width=\"260\" height=\"185\" src=\"https:\/\/museodelacharreria.org.mx\/wp-content\/uploads\/2023\/10\/Museo-de-la-Charreria-Sombrero-0159-260x185.jpg\" class=\"wp-image-2210 avia-img-lazy-loading-not-2210 attachment-portfolio_small size-portfolio_small wp-post-image\" alt=\"\" srcset=\"https:\/\/museodelacharreria.org.mx\/wp-content\/uploads\/2023\/10\/Museo-de-la-Charreria-Sombrero-0159-260x185.jpg 260w, https:\/\/museodelacharreria.org.mx\/wp-content\/uploads\/2023\/10\/Museo-de-la-Charreria-Sombrero-0159-18x12.jpg 18w\" sizes=\"(max-width: 260px) 100vw, 260px\" \/><\/a><div class='grid-content'><div class='avia-arrow'><\/div><header class=\"entry-content-header\" aria-label=\"Portfolio: SOMBRERO CON MOTIVOS PREHISP\u00c1NICOS\"><h3 class='grid-entry-title entry-title'  itemprop=\"headline\" ><a href='https:\/\/museodelacharreria.org.mx\/fr\/coleccion\/sombrero-con-motivos-prehispanicos\/' title='CHAPEAU DE CHARRO AVEC MOTIFS PR\u00c9HISPANIQUES'>CHAPEAU DE CHARRO AVEC MOTIFS PR\u00c9HISPANIQUES<\/a><\/h3><\/header><\/div><footer class=\"entry-footer\"><\/footer><\/article><\/div><div data-ajax-id='2383' class='grid-entry flex_column isotope-item all_sort no_margin post-entry post-entry-2383 grid-entry-overview grid-loop-32 grid-parity-even  coleccion_sort sombreros_sort  av_one_fourth  default_av_fullwidth'><article class='main_color inner-entry'  itemscope=\"itemscope\" itemtype=\"https:\/\/schema.org\/CreativeWork\" ><a href=\"https:\/\/museodelacharreria.org.mx\/fr\/coleccion\/sombrero-con-detalle-de-espuelas\/\" title='CHAPEAU AVEC D\u00c9TAIL D&#039;\u00c9PERONS'  data-rel='grid-1' class='grid-image avia-hover-fx'> <img decoding=\"async\" fetchpriority=\"high\" width=\"260\" height=\"185\" src=\"https:\/\/museodelacharreria.org.mx\/wp-content\/uploads\/2023\/11\/Museo-de-la-Charreria-Sombrero-0149-260x185.jpg\" class=\"wp-image-2386 avia-img-lazy-loading-not-2386 attachment-portfolio_small size-portfolio_small wp-post-image\" alt=\"\" srcset=\"https:\/\/museodelacharreria.org.mx\/wp-content\/uploads\/2023\/11\/Museo-de-la-Charreria-Sombrero-0149-260x185.jpg 260w, https:\/\/museodelacharreria.org.mx\/wp-content\/uploads\/2023\/11\/Museo-de-la-Charreria-Sombrero-0149-18x12.jpg 18w\" sizes=\"(max-width: 260px) 100vw, 260px\" \/><\/a><div class='grid-content'><div class='avia-arrow'><\/div><header class=\"entry-content-header\" aria-label=\"Portfolio: SOMBRERO CON DETALLE DE ESPUELAS\"><h3 class='grid-entry-title entry-title'  itemprop=\"headline\" ><a href='https:\/\/museodelacharreria.org.mx\/fr\/coleccion\/sombrero-con-detalle-de-espuelas\/' title='CHAPEAU AVEC D\u00c9TAIL D&#039;\u00c9PERONS'>CHAPEAU AVEC D\u00c9TAIL D'\u00c9PERONS<\/a><\/h3><\/header><\/div><footer class=\"entry-footer\"><\/footer><\/article><\/div><div data-ajax-id='2401' class='grid-entry flex_column isotope-item all_sort no_margin post-entry post-entry-2401 grid-entry-overview grid-loop-33 grid-parity-odd  coleccion_sort sombreros_sort  av_one_fourth first default_av_fullwidth'><article class='main_color inner-entry'  itemscope=\"itemscope\" itemtype=\"https:\/\/schema.org\/CreativeWork\" ><a href=\"https:\/\/museodelacharreria.org.mx\/fr\/coleccion\/sombrero-con-bordado-de-rosas\/\" title='CHAPEAU AVEC BRODERIE DE ROSES'  data-rel='grid-1' class='grid-image avia-hover-fx'> <img decoding=\"async\" fetchpriority=\"high\" width=\"260\" height=\"185\" src=\"https:\/\/museodelacharreria.org.mx\/wp-content\/uploads\/2023\/11\/Museo-de-la-Charreria-Sombrero-0155-260x185.jpg\" class=\"wp-image-2396 avia-img-lazy-loading-not-2396 attachment-portfolio_small size-portfolio_small wp-post-image\" alt=\"\" srcset=\"https:\/\/museodelacharreria.org.mx\/wp-content\/uploads\/2023\/11\/Museo-de-la-Charreria-Sombrero-0155-260x185.jpg 260w, https:\/\/museodelacharreria.org.mx\/wp-content\/uploads\/2023\/11\/Museo-de-la-Charreria-Sombrero-0155-18x12.jpg 18w\" sizes=\"(max-width: 260px) 100vw, 260px\" \/><\/a><div class='grid-content'><div class='avia-arrow'><\/div><header class=\"entry-content-header\" aria-label=\"Portfolio: SOMBRERO CON BORDADO DE ROSAS\"><h3 class='grid-entry-title entry-title'  itemprop=\"headline\" ><a href='https:\/\/museodelacharreria.org.mx\/fr\/coleccion\/sombrero-con-bordado-de-rosas\/' title='CHAPEAU AVEC BRODERIE DE ROSES'>CHAPEAU AVEC BRODERIE DE ROSES<\/a><\/h3><\/header><\/div><footer class=\"entry-footer\"><\/footer><\/article><\/div><div data-ajax-id='1607' class='grid-entry flex_column isotope-item all_sort no_margin post-entry post-entry-1607 grid-entry-overview grid-loop-34 grid-parity-even  coleccion_sort sombreros_sort  av_one_fourth  default_av_fullwidth'><article class='main_color inner-entry'  itemscope=\"itemscope\" itemtype=\"https:\/\/schema.org\/CreativeWork\" ><a href=\"https:\/\/museodelacharreria.org.mx\/fr\/coleccion\/sombrero-con-aguilas-nacionales\/\" title='CHAPEAU AVEC AIGLES NATIONAUX'  data-rel='grid-1' class='grid-image avia-hover-fx'> <img decoding=\"async\" fetchpriority=\"high\" width=\"260\" height=\"185\" src=\"https:\/\/museodelacharreria.org.mx\/wp-content\/uploads\/2023\/09\/Museo-de-la-Charreria-Sombrero-de-Charro-0140-260x185.jpg\" class=\"wp-image-1611 avia-img-lazy-loading-not-1611 attachment-portfolio_small size-portfolio_small wp-post-image\" alt=\"\" \/><\/a><div class='grid-content'><div class='avia-arrow'><\/div><header class=\"entry-content-header\" aria-label=\"Portfolio: SOMBRERO CON \u00c1GUILAS NACIONALES\"><h3 class='grid-entry-title entry-title'  itemprop=\"headline\" ><a href='https:\/\/museodelacharreria.org.mx\/fr\/coleccion\/sombrero-con-aguilas-nacionales\/' title='CHAPEAU AVEC AIGLES NATIONAUX'>CHAPEAU AVEC AIGLES NATIONAUX<\/a><\/h3><\/header><\/div><footer class=\"entry-footer\"><\/footer><\/article><\/div><div data-ajax-id='2312' class='grid-entry flex_column isotope-item all_sort no_margin post-entry post-entry-2312 grid-entry-overview grid-loop-35 grid-parity-odd  coleccion_sort sombreros_sort  av_one_fourth  default_av_fullwidth'><article class='main_color inner-entry'  itemscope=\"itemscope\" itemtype=\"https:\/\/schema.org\/CreativeWork\" ><a href=\"https:\/\/museodelacharreria.org.mx\/fr\/coleccion\/sombrero-color-castor\/\" title='CHAPEAU DE CHARRO COULEUR CASTOR'  data-rel='grid-1' class='grid-image avia-hover-fx'> <img decoding=\"async\" fetchpriority=\"high\" width=\"260\" height=\"185\" src=\"https:\/\/museodelacharreria.org.mx\/wp-content\/uploads\/2023\/10\/Museo-de-la-Charreria-Sombrero-0115-260x185.jpg\" class=\"wp-image-2313 avia-img-lazy-loading-not-2313 attachment-portfolio_small size-portfolio_small wp-post-image\" alt=\"Chapeau couleur castor\" srcset=\"https:\/\/museodelacharreria.org.mx\/wp-content\/uploads\/2023\/10\/Museo-de-la-Charreria-Sombrero-0115-260x185.jpg 260w, https:\/\/museodelacharreria.org.mx\/wp-content\/uploads\/2023\/10\/Museo-de-la-Charreria-Sombrero-0115-18x12.jpg 18w\" sizes=\"(max-width: 260px) 100vw, 260px\" \/><\/a><div class='grid-content'><div class='avia-arrow'><\/div><header class=\"entry-content-header\" aria-label=\"Portfolio: SOMBRERO COLOR CASTOR\"><h3 class='grid-entry-title entry-title'  itemprop=\"headline\" ><a href='https:\/\/museodelacharreria.org.mx\/fr\/coleccion\/sombrero-color-castor\/' title='CHAPEAU DE CHARRO COULEUR CASTOR'>CHAPEAU DE CHARRO COULEUR CASTOR<\/a><\/h3><\/header><\/div><footer class=\"entry-footer\"><\/footer><\/article><\/div><div data-ajax-id='2415' class='grid-entry flex_column isotope-item all_sort no_margin post-entry post-entry-2415 grid-entry-overview grid-loop-36 grid-parity-even  coleccion_sort sombreros_sort  av_one_fourth  default_av_fullwidth'><article class='main_color inner-entry'  itemscope=\"itemscope\" itemtype=\"https:\/\/schema.org\/CreativeWork\" ><a href=\"https:\/\/museodelacharreria.org.mx\/fr\/coleccion\/sombrero-castoreno-de-chinaco-color-gris\/\" title='CHAPEAU CHINACO CHINACO, COULEUR GRISE'  data-rel='grid-1' class='grid-image avia-hover-fx'> <img decoding=\"async\" fetchpriority=\"high\" width=\"260\" height=\"185\" src=\"https:\/\/museodelacharreria.org.mx\/wp-content\/uploads\/2023\/11\/Museo-de-la-Charreria-Sombrero-de-Chinaco-0170-260x185.jpg\" class=\"wp-image-2410 avia-img-lazy-loading-not-2410 attachment-portfolio_small size-portfolio_small wp-post-image\" alt=\"\" srcset=\"https:\/\/museodelacharreria.org.mx\/wp-content\/uploads\/2023\/11\/Museo-de-la-Charreria-Sombrero-de-Chinaco-0170-260x185.jpg 260w, https:\/\/museodelacharreria.org.mx\/wp-content\/uploads\/2023\/11\/Museo-de-la-Charreria-Sombrero-de-Chinaco-0170-18x12.jpg 18w\" sizes=\"(max-width: 260px) 100vw, 260px\" \/><\/a><div class='grid-content'><div class='avia-arrow'><\/div><header class=\"entry-content-header\" aria-label=\"Portfolio: SOMBRERO CASTORE\u00d1O DE CHINACO COLOR GRIS\"><h3 class='grid-entry-title entry-title'  itemprop=\"headline\" ><a href='https:\/\/museodelacharreria.org.mx\/fr\/coleccion\/sombrero-castoreno-de-chinaco-color-gris\/' title='CHAPEAU CHINACO CHINACO, COULEUR GRISE'>CHAPEAU CHINACO CHINACO, COULEUR GRISE<\/a><\/h3><\/header><\/div><footer class=\"entry-footer\"><\/footer><\/article><\/div><div data-ajax-id='2406' class='grid-entry flex_column isotope-item all_sort no_margin post-entry post-entry-2406 grid-entry-overview grid-loop-37 grid-parity-odd  coleccion_sort sombreros_sort  av_one_fourth first default_av_fullwidth'><article class='main_color inner-entry'  itemscope=\"itemscope\" itemtype=\"https:\/\/schema.org\/CreativeWork\" ><a href=\"https:\/\/museodelacharreria.org.mx\/fr\/coleccion\/sombrero-castoreno-de-chinaco\/\" title='CHAPEAU MARRON CHINACO CHINACO'  data-rel='grid-1' class='grid-image avia-hover-fx'> <img decoding=\"async\" fetchpriority=\"high\" width=\"260\" height=\"185\" src=\"https:\/\/museodelacharreria.org.mx\/wp-content\/uploads\/2023\/11\/Museo-de-la-Charreria-Sombrero-de-Chinaco-0166-260x185.jpg\" class=\"wp-image-2407 avia-img-lazy-loading-not-2407 attachment-portfolio_small size-portfolio_small wp-post-image\" alt=\"Chapeau Chinaco Beaver\" srcset=\"https:\/\/museodelacharreria.org.mx\/wp-content\/uploads\/2023\/11\/Museo-de-la-Charreria-Sombrero-de-Chinaco-0166-260x185.jpg 260w, https:\/\/museodelacharreria.org.mx\/wp-content\/uploads\/2023\/11\/Museo-de-la-Charreria-Sombrero-de-Chinaco-0166-18x12.jpg 18w\" sizes=\"(max-width: 260px) 100vw, 260px\" \/><\/a><div class='grid-content'><div class='avia-arrow'><\/div><header class=\"entry-content-header\" aria-label=\"Portfolio: SOMBRERO CASTORE\u00d1O DE CHINACO COLOR CAF\u00c9\"><h3 class='grid-entry-title entry-title'  itemprop=\"headline\" ><a href='https:\/\/museodelacharreria.org.mx\/fr\/coleccion\/sombrero-castoreno-de-chinaco\/' title='CHAPEAU MARRON CHINACO CHINACO'>CHAPEAU MARRON CHINACO CHINACO<\/a><\/h3><\/header><\/div><footer class=\"entry-footer\"><\/footer><\/article><\/div><div data-ajax-id='963' class='grid-entry flex_column isotope-item all_sort no_margin post-entry post-entry-963 grid-entry-overview grid-loop-38 grid-parity-even  coleccion_sort sombreros_sort  av_one_fourth  default_av_fullwidth'><article class='main_color inner-entry'  itemscope=\"itemscope\" itemtype=\"https:\/\/schema.org\/CreativeWork\" ><a href=\"https:\/\/museodelacharreria.org.mx\/fr\/coleccion\/sombrero-aguilas-bordado-con-hilo-de-oro\/\" title='CHAPEAU AGUILAS BROD\u00c9 EN FIL D&#039;OR'  data-rel='grid-1' class='grid-image avia-hover-fx'> <img decoding=\"async\" fetchpriority=\"high\" width=\"260\" height=\"185\" src=\"https:\/\/museodelacharreria.org.mx\/wp-content\/uploads\/2023\/09\/Museo-de-la-Charreria-CDMX-Sombrero-de-Charro-0074-1-260x185.jpg\" class=\"wp-image-1289 avia-img-lazy-loading-not-1289 attachment-portfolio_small size-portfolio_small wp-post-image\" alt=\"\" \/><\/a><div class='grid-content'><div class='avia-arrow'><\/div><header class=\"entry-content-header\" aria-label=\"Portfolio: SOMBRERO AGUILAS BORDADO CON HILO DE ORO\"><h3 class='grid-entry-title entry-title'  itemprop=\"headline\" ><a href='https:\/\/museodelacharreria.org.mx\/fr\/coleccion\/sombrero-aguilas-bordado-con-hilo-de-oro\/' title='CHAPEAU AGUILAS BROD\u00c9 EN FIL D&#039;OR'>CHAPEAU AGUILAS BROD\u00c9 EN FIL D'OR<\/a><\/h3><\/header><\/div><footer class=\"entry-footer\"><\/footer><\/article><\/div><div data-ajax-id='1533' class='grid-entry flex_column isotope-item all_sort no_margin post-entry post-entry-1533 grid-entry-overview grid-loop-39 grid-parity-odd  coleccion_sort sillas_sort  av_one_fourth  default_av_fullwidth'><article class='main_color inner-entry'  itemscope=\"itemscope\" itemtype=\"https:\/\/schema.org\/CreativeWork\" ><a href=\"https:\/\/museodelacharreria.org.mx\/fr\/coleccion\/silla-vaquera-siglo-xviii\/\" title='CHAISE DE COW-BOY DU 18E SI\u00c8CLE'  data-rel='grid-1' class='grid-image avia-hover-fx'> <img decoding=\"async\" fetchpriority=\"high\" width=\"260\" height=\"185\" src=\"https:\/\/museodelacharreria.org.mx\/wp-content\/uploads\/2023\/09\/Museo-de-la-Charreria-Espuelas-0014-260x185.jpg\" class=\"wp-image-1534 avia-img-lazy-loading-not-1534 attachment-portfolio_small size-portfolio_small wp-post-image\" alt=\"\" \/><\/a><div class='grid-content'><div class='avia-arrow'><\/div><header class=\"entry-content-header\" aria-label=\"Portfolio: SILLA VAQUERA SIGLO XVIII\"><h3 class='grid-entry-title entry-title'  itemprop=\"headline\" ><a href='https:\/\/museodelacharreria.org.mx\/fr\/coleccion\/silla-vaquera-siglo-xviii\/' title='CHAISE DE COW-BOY DU 18E SI\u00c8CLE'>CHAISE DE COW-BOY DU 18E SI\u00c8CLE<\/a><\/h3><\/header><\/div><footer class=\"entry-footer\"><\/footer><\/article><\/div><div data-ajax-id='1521' class='grid-entry flex_column isotope-item all_sort no_margin post-entry post-entry-1521 grid-entry-overview grid-loop-40 grid-parity-even  coleccion_sort sillas_sort  av_one_fourth  default_av_fullwidth'><article class='main_color inner-entry'  itemscope=\"itemscope\" itemtype=\"https:\/\/schema.org\/CreativeWork\" ><a href=\"https:\/\/museodelacharreria.org.mx\/fr\/coleccion\/silla-vaquera-con-armas-de-agua\/\" title='SELLE DE COW-BOY AVEC DES HOUSSES DE PLUIE'  data-rel='grid-1' class='grid-image avia-hover-fx'> <img decoding=\"async\" fetchpriority=\"high\" width=\"260\" height=\"185\" src=\"https:\/\/museodelacharreria.org.mx\/wp-content\/uploads\/2023\/09\/Museo-de-la-Charreria-Sillas-con-Armas-de-Agua-Portada--260x185.jpg\" class=\"wp-image-1522 avia-img-lazy-loading-not-1522 attachment-portfolio_small size-portfolio_small wp-post-image\" alt=\"\" \/><\/a><div class='grid-content'><div class='avia-arrow'><\/div><header class=\"entry-content-header\" aria-label=\"Portfolio: SILLA VAQUERA CON ARMAS DE AGUA\"><h3 class='grid-entry-title entry-title'  itemprop=\"headline\" ><a href='https:\/\/museodelacharreria.org.mx\/fr\/coleccion\/silla-vaquera-con-armas-de-agua\/' title='SELLE DE COW-BOY AVEC DES HOUSSES DE PLUIE'>SELLE DE COW-BOY AVEC DES HOUSSES DE PLUIE<\/a><\/h3><\/header><\/div><footer class=\"entry-footer\"><\/footer><\/article><\/div><div data-ajax-id='3233' class='grid-entry flex_column isotope-item all_sort no_margin post-entry post-entry-3233 grid-entry-overview grid-loop-41 grid-parity-odd  coleccion_sort sillas_sort  av_one_fourth first default_av_fullwidth'><article class='main_color inner-entry'  itemscope=\"itemscope\" itemtype=\"https:\/\/schema.org\/CreativeWork\" ><a href=\"https:\/\/museodelacharreria.org.mx\/fr\/coleccion\/silla-del-general-leonardo-marquez\/\" title='PR\u00c9SIDENCE DU G\u00c9N\u00c9RAL LEONARDO MARQUEZ'  data-rel='grid-1' class='grid-image avia-hover-fx'> <img decoding=\"async\" fetchpriority=\"high\" width=\"260\" height=\"185\" src=\"https:\/\/museodelacharreria.org.mx\/wp-content\/uploads\/2024\/06\/MUSEO-DE-LA-CHARRERIA-MONTURA-DEL-GENERAL-LEONARDO-MARQUEZ-4-260x185.jpg\" class=\"wp-image-3242 avia-img-lazy-loading-not-3242 attachment-portfolio_small size-portfolio_small wp-post-image\" alt=\"\" srcset=\"https:\/\/museodelacharreria.org.mx\/wp-content\/uploads\/2024\/06\/MUSEO-DE-LA-CHARRERIA-MONTURA-DEL-GENERAL-LEONARDO-MARQUEZ-4-260x185.jpg 260w, https:\/\/museodelacharreria.org.mx\/wp-content\/uploads\/2024\/06\/MUSEO-DE-LA-CHARRERIA-MONTURA-DEL-GENERAL-LEONARDO-MARQUEZ-4-18x12.jpg 18w\" sizes=\"(max-width: 260px) 100vw, 260px\" \/><\/a><div class='grid-content'><div class='avia-arrow'><\/div><header class=\"entry-content-header\" aria-label=\"Portfolio: SILLA DEL GENERAL LEONARDO M\u00c1RQUEZ\"><h3 class='grid-entry-title entry-title'  itemprop=\"headline\" ><a href='https:\/\/museodelacharreria.org.mx\/fr\/coleccion\/silla-del-general-leonardo-marquez\/' title='PR\u00c9SIDENCE DU G\u00c9N\u00c9RAL LEONARDO MARQUEZ'>PR\u00c9SIDENCE DU G\u00c9N\u00c9RAL LEONARDO MARQUEZ<\/a><\/h3><\/header><\/div><footer class=\"entry-footer\"><\/footer><\/article><\/div><div data-ajax-id='2172' class='grid-entry flex_column isotope-item all_sort no_margin post-entry post-entry-2172 grid-entry-overview grid-loop-42 grid-parity-even  coleccion_sort sillas_sort  av_one_fourth  default_av_fullwidth'><article class='main_color inner-entry'  itemscope=\"itemscope\" itemtype=\"https:\/\/schema.org\/CreativeWork\" ><a href=\"https:\/\/museodelacharreria.org.mx\/fr\/coleccion\/silla-de-vicente-fernandez-gomez\/\" title='LA SELLE DE VICENTE FERN\u00c1NDEZ'  data-rel='grid-1' class='grid-image avia-hover-fx'> <img decoding=\"async\" fetchpriority=\"high\" width=\"260\" height=\"185\" src=\"https:\/\/museodelacharreria.org.mx\/wp-content\/uploads\/2023\/10\/Museo-de-la-Charreria-Silla-Charra-de-Vicente-Fernandez-Gomez-0015-2-260x185.jpg\" class=\"wp-image-2173 avia-img-lazy-loading-not-2173 attachment-portfolio_small size-portfolio_small wp-post-image\" alt=\"\" srcset=\"https:\/\/museodelacharreria.org.mx\/wp-content\/uploads\/2023\/10\/Museo-de-la-Charreria-Silla-Charra-de-Vicente-Fernandez-Gomez-0015-2-260x185.jpg 260w, https:\/\/museodelacharreria.org.mx\/wp-content\/uploads\/2023\/10\/Museo-de-la-Charreria-Silla-Charra-de-Vicente-Fernandez-Gomez-0015-2-18x12.jpg 18w\" sizes=\"(max-width: 260px) 100vw, 260px\" \/><\/a><div class='grid-content'><div class='avia-arrow'><\/div><header class=\"entry-content-header\" aria-label=\"Portfolio: SILLA DE VICENTE FERN\u00c1NDEZ G\u00d3MEZ\"><h3 class='grid-entry-title entry-title'  itemprop=\"headline\" ><a href='https:\/\/museodelacharreria.org.mx\/fr\/coleccion\/silla-de-vicente-fernandez-gomez\/' title='LA SELLE DE VICENTE FERN\u00c1NDEZ'>LA SELLE DE VICENTE FERN\u00c1NDEZ<\/a><\/h3><\/header><\/div><footer class=\"entry-footer\"><\/footer><\/article><\/div><div data-ajax-id='226' class='grid-entry flex_column isotope-item all_sort no_margin post-entry post-entry-226 grid-entry-overview grid-loop-43 grid-parity-odd  coleccion_sort sillas_sort  av_one_fourth  default_av_fullwidth'><article class='main_color inner-entry'  itemscope=\"itemscope\" itemtype=\"https:\/\/schema.org\/CreativeWork\" ><a href=\"https:\/\/museodelacharreria.org.mx\/fr\/coleccion\/silla-de-pancho-villa\/\" title='CHAISE CHARRO DU G\u00c9N\u00c9RAL FRANCISCO VILLA'  data-rel='grid-1' class='grid-image avia-hover-fx'> <img decoding=\"async\" fetchpriority=\"high\" width=\"260\" height=\"185\" src=\"https:\/\/museodelacharreria.org.mx\/wp-content\/uploads\/2023\/09\/Museo-de-la-Charreria-CDMX-Montura-del-General-Francisco-Villa-0028-1-260x185.jpg\" class=\"wp-image-655 avia-img-lazy-loading-not-655 attachment-portfolio_small size-portfolio_small wp-post-image\" alt=\"\" \/><\/a><div class='grid-content'><div class='avia-arrow'><\/div><header class=\"entry-content-header\" aria-label=\"Portfolio: SILLA CHARRA DEL GENERAL FRANCISCO VILLA\"><h3 class='grid-entry-title entry-title'  itemprop=\"headline\" ><a href='https:\/\/museodelacharreria.org.mx\/fr\/coleccion\/silla-de-pancho-villa\/' title='CHAISE CHARRO DU G\u00c9N\u00c9RAL FRANCISCO VILLA'>CHAISE CHARRO DU G\u00c9N\u00c9RAL FRANCISCO VILLA<\/a><\/h3><\/header><\/div><footer class=\"entry-footer\"><\/footer><\/article><\/div><div data-ajax-id='1563' class='grid-entry flex_column isotope-item all_sort no_margin post-entry post-entry-1563 grid-entry-overview grid-loop-44 grid-parity-even  coleccion_sort sillas_sort  av_one_fourth  default_av_fullwidth'><article class='main_color inner-entry'  itemscope=\"itemscope\" itemtype=\"https:\/\/schema.org\/CreativeWork\" ><a href=\"https:\/\/museodelacharreria.org.mx\/fr\/coleccion\/silla-de-gran-gala-gonzalo-n-santos\/\" title='GRANDE CHAIRE DE GALA DE GONZALO N. SANTOS'  data-rel='grid-1' class='grid-image avia-hover-fx'> <img decoding=\"async\" fetchpriority=\"high\" width=\"260\" height=\"185\" src=\"https:\/\/museodelacharreria.org.mx\/wp-content\/uploads\/2023\/09\/Museo-de-la-Charreria-Silla-de-Gala-Piteada-Portada--260x185.jpg\" class=\"wp-image-1564 avia-img-lazy-loading-not-1564 attachment-portfolio_small size-portfolio_small wp-post-image\" alt=\"Mus\u00e9e de la Charrerie - Chaise de grand gala\" \/><\/a><div class='grid-content'><div class='avia-arrow'><\/div><header class=\"entry-content-header\" aria-label=\"Portfolio: SILLA DE GRAN GALA DE GONZALO N. SANTOS\"><h3 class='grid-entry-title entry-title'  itemprop=\"headline\" ><a href='https:\/\/museodelacharreria.org.mx\/fr\/coleccion\/silla-de-gran-gala-gonzalo-n-santos\/' title='GRANDE CHAIRE DE GALA DE GONZALO N. SANTOS'>GRANDE CHAIRE DE GALA DE GONZALO N. SANTOS<\/a><\/h3><\/header><\/div><footer class=\"entry-footer\"><\/footer><\/article><\/div><div data-ajax-id='1332' class='grid-entry flex_column isotope-item all_sort no_margin post-entry post-entry-1332 grid-entry-overview grid-loop-45 grid-parity-odd  coleccion_sort sillas_sort  av_one_fourth first default_av_fullwidth'><article class='main_color inner-entry'  itemscope=\"itemscope\" itemtype=\"https:\/\/schema.org\/CreativeWork\" ><a href=\"https:\/\/museodelacharreria.org.mx\/fr\/coleccion\/silla-de-gala-cincelada-con-detalles-sublimes-en-pita-y-fuste-de-marqueteria\/\" title='CHAISE DE GALA CISEL\u00c9E AVEC DE SUBLIMES D\u00c9TAILS EN PITA ET DES F\u00dbTS EN MARQUETERIE.'  data-rel='grid-1' class='grid-image avia-hover-fx'> <img decoding=\"async\" fetchpriority=\"high\" width=\"260\" height=\"185\" src=\"https:\/\/museodelacharreria.org.mx\/wp-content\/uploads\/2023\/09\/Museo-de-la-Charreria-CDMX-Silla-de-Galla-Piteada-con-Fuste-en-Marqueteria-1-1-260x185.jpg\" class=\"wp-image-1349 avia-img-lazy-loading-not-1349 attachment-portfolio_small size-portfolio_small wp-post-image\" alt=\"\" \/><\/a><div class='grid-content'><div class='avia-arrow'><\/div><header class=\"entry-content-header\" aria-label=\"Portfolio: SILLA DE GALA CINCELADA CON DETALLES SUBLIMES EN PITA Y FUSTE DE MARQUETER\u00cdA\"><h3 class='grid-entry-title entry-title'  itemprop=\"headline\" ><a href='https:\/\/museodelacharreria.org.mx\/fr\/coleccion\/silla-de-gala-cincelada-con-detalles-sublimes-en-pita-y-fuste-de-marqueteria\/' title='CHAISE DE GALA CISEL\u00c9E AVEC DE SUBLIMES D\u00c9TAILS EN PITA ET DES F\u00dbTS EN MARQUETERIE.'>CHAISE DE GALA CISEL\u00c9E AVEC DE SUBLIMES D\u00c9TAILS EN PITA ET DES F\u00dbTS EN MARQUETERIE.<\/a><\/h3><\/header><\/div><footer class=\"entry-footer\"><\/footer><\/article><\/div><div data-ajax-id='2154' class='grid-entry flex_column isotope-item all_sort no_margin post-entry post-entry-2154 grid-entry-overview grid-loop-46 grid-parity-even  coleccion_sort sillas_sort  av_one_fourth  default_av_fullwidth'><article class='main_color inner-entry'  itemscope=\"itemscope\" itemtype=\"https:\/\/schema.org\/CreativeWork\" ><a href=\"https:\/\/museodelacharreria.org.mx\/fr\/coleccion\/silla-cincelada-con-fuste-de-marqueteria\/\" title='CHAISE CISEL\u00c9E AVEC F\u00dbTS EN MARQUETERIE'  data-rel='grid-1' class='grid-image avia-hover-fx'> <img decoding=\"async\" fetchpriority=\"high\" width=\"260\" height=\"185\" src=\"https:\/\/museodelacharreria.org.mx\/wp-content\/uploads\/2023\/10\/Museo-de-la-Charreria-Silla-Charra-con-Marqueteria-0004-260x185.jpg\" class=\"wp-image-2155 avia-img-lazy-loading-not-2155 attachment-portfolio_small size-portfolio_small wp-post-image\" alt=\"\" srcset=\"https:\/\/museodelacharreria.org.mx\/wp-content\/uploads\/2023\/10\/Museo-de-la-Charreria-Silla-Charra-con-Marqueteria-0004-260x185.jpg 260w, https:\/\/museodelacharreria.org.mx\/wp-content\/uploads\/2023\/10\/Museo-de-la-Charreria-Silla-Charra-con-Marqueteria-0004-18x12.jpg 18w\" sizes=\"(max-width: 260px) 100vw, 260px\" \/><\/a><div class='grid-content'><div class='avia-arrow'><\/div><header class=\"entry-content-header\" aria-label=\"Portfolio: SILLA CINCELADA CON FUSTE DE MARQUETER\u00cdA\"><h3 class='grid-entry-title entry-title'  itemprop=\"headline\" ><a href='https:\/\/museodelacharreria.org.mx\/fr\/coleccion\/silla-cincelada-con-fuste-de-marqueteria\/' title='CHAISE CISEL\u00c9E AVEC F\u00dbTS EN MARQUETERIE'>CHAISE CISEL\u00c9E AVEC F\u00dbTS EN MARQUETERIE<\/a><\/h3><\/header><\/div><footer class=\"entry-footer\"><\/footer><\/article><\/div><div data-ajax-id='3806' class='grid-entry flex_column isotope-item all_sort no_margin post-entry post-entry-3806 grid-entry-overview grid-loop-47 grid-parity-odd  coleccion_sort sillas_sort  av_one_fourth  default_av_fullwidth'><article class='main_color inner-entry'  itemscope=\"itemscope\" itemtype=\"https:\/\/schema.org\/CreativeWork\" ><a href=\"https:\/\/museodelacharreria.org.mx\/fr\/coleccion\/silla-charra-piteada-cincelada-y-encorrillada\/\" title='SELLE CHARRA PITEADA, CISEL\u00c9E ET ENCORRILLADA'  data-rel='grid-1' class='grid-image avia-hover-fx'> <img decoding=\"async\" fetchpriority=\"high\" width=\"260\" height=\"185\" src=\"https:\/\/museodelacharreria.org.mx\/wp-content\/uploads\/2024\/11\/MUSEO-DE-LA-CHARRERIA-SILLA-CHARRA-PITEADA-CINCELADA-Y-ENCORRILLADA--260x185.jpg\" class=\"wp-image-3799 avia-img-lazy-loading-not-3799 attachment-portfolio_small size-portfolio_small wp-post-image\" alt=\"\" srcset=\"https:\/\/museodelacharreria.org.mx\/wp-content\/uploads\/2024\/11\/MUSEO-DE-LA-CHARRERIA-SILLA-CHARRA-PITEADA-CINCELADA-Y-ENCORRILLADA--260x185.jpg 260w, https:\/\/museodelacharreria.org.mx\/wp-content\/uploads\/2024\/11\/MUSEO-DE-LA-CHARRERIA-SILLA-CHARRA-PITEADA-CINCELADA-Y-ENCORRILLADA--18x12.jpg 18w\" sizes=\"(max-width: 260px) 100vw, 260px\" \/><\/a><div class='grid-content'><div class='avia-arrow'><\/div><header class=\"entry-content-header\" aria-label=\"Portfolio: SILLA CHARRA PITEADA, CINCELADA Y ENCORRILLADA\"><h3 class='grid-entry-title entry-title'  itemprop=\"headline\" ><a href='https:\/\/museodelacharreria.org.mx\/fr\/coleccion\/silla-charra-piteada-cincelada-y-encorrillada\/' title='SELLE CHARRA PITEADA, CISEL\u00c9E ET ENCORRILLADA'>SELLE CHARRA PITEADA, CISEL\u00c9E ET ENCORRILLADA<\/a><\/h3><\/header><\/div><footer class=\"entry-footer\"><\/footer><\/article><\/div><div data-ajax-id='3777' class='grid-entry flex_column isotope-item all_sort no_margin post-entry post-entry-3777 grid-entry-overview grid-loop-48 grid-parity-even  coleccion_sort sillas_sort  av_one_fourth  default_av_fullwidth'><article class='main_color inner-entry'  itemscope=\"itemscope\" itemtype=\"https:\/\/schema.org\/CreativeWork\" ><a href=\"https:\/\/museodelacharreria.org.mx\/fr\/coleccion\/silla-charra-piteada\/\" title='SELLE CHARRA PITEADA'  data-rel='grid-1' class='grid-image avia-hover-fx'> <img decoding=\"async\" fetchpriority=\"high\" width=\"260\" height=\"185\" src=\"https:\/\/museodelacharreria.org.mx\/wp-content\/uploads\/2024\/11\/Museo-de-la-Charreria-Silla-Charra-de-Gala-260x185.jpg\" class=\"wp-image-3775 avia-img-lazy-loading-not-3775 attachment-portfolio_small size-portfolio_small wp-post-image\" alt=\"\" srcset=\"https:\/\/museodelacharreria.org.mx\/wp-content\/uploads\/2024\/11\/Museo-de-la-Charreria-Silla-Charra-de-Gala-260x185.jpg 260w, https:\/\/museodelacharreria.org.mx\/wp-content\/uploads\/2024\/11\/Museo-de-la-Charreria-Silla-Charra-de-Gala-18x12.jpg 18w\" sizes=\"(max-width: 260px) 100vw, 260px\" \/><\/a><div class='grid-content'><div class='avia-arrow'><\/div><header class=\"entry-content-header\" aria-label=\"Portfolio: SILLA CHARRA PITEADA\"><h3 class='grid-entry-title entry-title'  itemprop=\"headline\" ><a href='https:\/\/museodelacharreria.org.mx\/fr\/coleccion\/silla-charra-piteada\/' title='SELLE CHARRA PITEADA'>SELLE CHARRA PITEADA<\/a><\/h3><\/header><\/div><footer class=\"entry-footer\"><\/footer><\/article><\/div><div data-ajax-id='159' class='grid-entry flex_column isotope-item all_sort no_margin post-entry post-entry-159 grid-entry-overview grid-loop-49 grid-parity-odd  coleccion_sort sillas_sort  av_one_fourth first default_av_fullwidth'><article class='main_color inner-entry'  itemscope=\"itemscope\" itemtype=\"https:\/\/schema.org\/CreativeWork\" ><a href=\"https:\/\/museodelacharreria.org.mx\/fr\/coleccion\/silla-charra-de-miguel-miramon\/\" title='CHAISE CHARRO DU G\u00c9N\u00c9RAL MIGUEL MIRAM\u00d3N'  data-rel='grid-1' class='grid-image avia-hover-fx'> <img decoding=\"async\" fetchpriority=\"high\" width=\"260\" height=\"185\" src=\"https:\/\/museodelacharreria.org.mx\/wp-content\/uploads\/2023\/07\/Museo-de-la-Charreria-CDMX-Montura-del-General-Miguel-Miramon-1-1-260x185.jpg\" class=\"wp-image-1666 avia-img-lazy-loading-not-1666 attachment-portfolio_small size-portfolio_small wp-post-image\" alt=\"\" \/><\/a><div class='grid-content'><div class='avia-arrow'><\/div><header class=\"entry-content-header\" aria-label=\"Portfolio: SILLA CHARRA DEL GENERAL MIGUEL MIRAM\u00d3N\"><h3 class='grid-entry-title entry-title'  itemprop=\"headline\" ><a href='https:\/\/museodelacharreria.org.mx\/fr\/coleccion\/silla-charra-de-miguel-miramon\/' title='CHAISE CHARRO DU G\u00c9N\u00c9RAL MIGUEL MIRAM\u00d3N'>CHAISE CHARRO DU G\u00c9N\u00c9RAL MIGUEL MIRAM\u00d3N<\/a><\/h3><\/header><\/div><footer class=\"entry-footer\"><\/footer><\/article><\/div><div data-ajax-id='3882' class='grid-entry flex_column isotope-item all_sort no_margin post-entry post-entry-3882 grid-entry-overview grid-loop-50 grid-parity-even  coleccion_sort sillas_sort  av_one_fourth  default_av_fullwidth'><article class='main_color inner-entry'  itemscope=\"itemscope\" itemtype=\"https:\/\/schema.org\/CreativeWork\" ><a href=\"https:\/\/museodelacharreria.org.mx\/fr\/coleccion\/silla-charra-de-media-gala-cincelada\/\" title='CHAISE CHARRO DE GALA \u00c0 MOITI\u00c9 CISEL\u00c9E'  data-rel='grid-1' class='grid-image avia-hover-fx'> <img decoding=\"async\" fetchpriority=\"high\" width=\"260\" height=\"185\" src=\"https:\/\/museodelacharreria.org.mx\/wp-content\/uploads\/2024\/11\/MUSEO-DE-LA-CHARRERIA-SILLA-CHARRA-4-260x185.jpg\" class=\"wp-image-3889 avia-img-lazy-loading-not-3889 attachment-portfolio_small size-portfolio_small wp-post-image\" alt=\"\" srcset=\"https:\/\/museodelacharreria.org.mx\/wp-content\/uploads\/2024\/11\/MUSEO-DE-LA-CHARRERIA-SILLA-CHARRA-4-260x185.jpg 260w, https:\/\/museodelacharreria.org.mx\/wp-content\/uploads\/2024\/11\/MUSEO-DE-LA-CHARRERIA-SILLA-CHARRA-4-18x12.jpg 18w\" sizes=\"(max-width: 260px) 100vw, 260px\" \/><\/a><div class='grid-content'><div class='avia-arrow'><\/div><header class=\"entry-content-header\" aria-label=\"Portfolio: SILLA CHARRA DE MEDIA GALA CINCELADA\"><h3 class='grid-entry-title entry-title'  itemprop=\"headline\" ><a href='https:\/\/museodelacharreria.org.mx\/fr\/coleccion\/silla-charra-de-media-gala-cincelada\/' title='CHAISE CHARRO DE GALA \u00c0 MOITI\u00c9 CISEL\u00c9E'>CHAISE CHARRO DE GALA \u00c0 MOITI\u00c9 CISEL\u00c9E<\/a><\/h3><\/header><\/div><footer class=\"entry-footer\"><\/footer><\/article><\/div><div data-ajax-id='3763' class='grid-entry flex_column isotope-item all_sort no_margin post-entry post-entry-3763 grid-entry-overview grid-loop-51 grid-parity-odd  coleccion_sort sillas_sort  av_one_fourth  default_av_fullwidth'><article class='main_color inner-entry'  itemscope=\"itemscope\" itemtype=\"https:\/\/schema.org\/CreativeWork\" ><a href=\"https:\/\/museodelacharreria.org.mx\/fr\/coleccion\/silla-charra-de-gran-gala-bordada-con-hilo-de-plata\/\" title='SELLE CHARRO BROD\u00c9E EN FIL D&#039;ARGENT AVEC FIL D&#039;ARGENT'  data-rel='grid-1' class='grid-image avia-hover-fx'> <img decoding=\"async\" fetchpriority=\"high\" width=\"260\" height=\"185\" src=\"https:\/\/museodelacharreria.org.mx\/wp-content\/uploads\/2024\/11\/MUSEO-DE-LA-CHARRERIA-SILLA-CHARRA-DE-GRAN-GALA-BORDADA-EN-HILO-DE-PLATA-Y-ORO-1929-260x185.jpg\" class=\"wp-image-3766 avia-img-lazy-loading-not-3766 attachment-portfolio_small size-portfolio_small wp-post-image\" alt=\"\" srcset=\"https:\/\/museodelacharreria.org.mx\/wp-content\/uploads\/2024\/11\/MUSEO-DE-LA-CHARRERIA-SILLA-CHARRA-DE-GRAN-GALA-BORDADA-EN-HILO-DE-PLATA-Y-ORO-1929-260x185.jpg 260w, https:\/\/museodelacharreria.org.mx\/wp-content\/uploads\/2024\/11\/MUSEO-DE-LA-CHARRERIA-SILLA-CHARRA-DE-GRAN-GALA-BORDADA-EN-HILO-DE-PLATA-Y-ORO-1929-18x12.jpg 18w\" sizes=\"(max-width: 260px) 100vw, 260px\" \/><\/a><div class='grid-content'><div class='avia-arrow'><\/div><header class=\"entry-content-header\" aria-label=\"Portfolio: SILLA CHARRA DE GRAN GALA BORDADA CON HILO DE PLATA\"><h3 class='grid-entry-title entry-title'  itemprop=\"headline\" ><a href='https:\/\/museodelacharreria.org.mx\/fr\/coleccion\/silla-charra-de-gran-gala-bordada-con-hilo-de-plata\/' title='SELLE CHARRO BROD\u00c9E EN FIL D&#039;ARGENT AVEC FIL D&#039;ARGENT'>SELLE CHARRO BROD\u00c9E EN FIL D'ARGENT AVEC FIL D'ARGENT<\/a><\/h3><\/header><\/div><footer class=\"entry-footer\"><\/footer><\/article><\/div><div data-ajax-id='3636' class='grid-entry flex_column isotope-item all_sort no_margin post-entry post-entry-3636 grid-entry-overview grid-loop-52 grid-parity-even  coleccion_sort sillas_sort  av_one_fourth  default_av_fullwidth'><article class='main_color inner-entry'  itemscope=\"itemscope\" itemtype=\"https:\/\/schema.org\/CreativeWork\" ><a href=\"https:\/\/museodelacharreria.org.mx\/fr\/coleccion\/silla-charra-de-gran-gala\/\" title='CHAISE CHARRO DE GRAND GALA'  data-rel='grid-1' class='grid-image avia-hover-fx'> <img decoding=\"async\" fetchpriority=\"high\" width=\"260\" height=\"185\" src=\"https:\/\/museodelacharreria.org.mx\/wp-content\/uploads\/2024\/11\/Museo-de-la-Charreria-Silla-Charra-de-Gran-Gala-Con-Monograma-GNS-260x185.jpg\" class=\"wp-image-3730 avia-img-lazy-loading-not-3730 attachment-portfolio_small size-portfolio_small wp-post-image\" alt=\"\" srcset=\"https:\/\/museodelacharreria.org.mx\/wp-content\/uploads\/2024\/11\/Museo-de-la-Charreria-Silla-Charra-de-Gran-Gala-Con-Monograma-GNS-260x185.jpg 260w, https:\/\/museodelacharreria.org.mx\/wp-content\/uploads\/2024\/11\/Museo-de-la-Charreria-Silla-Charra-de-Gran-Gala-Con-Monograma-GNS-18x12.jpg 18w\" sizes=\"(max-width: 260px) 100vw, 260px\" \/><\/a><div class='grid-content'><div class='avia-arrow'><\/div><header class=\"entry-content-header\" aria-label=\"Portfolio: SILLA CHARRA DE GRAN GALA\"><h3 class='grid-entry-title entry-title'  itemprop=\"headline\" ><a href='https:\/\/museodelacharreria.org.mx\/fr\/coleccion\/silla-charra-de-gran-gala\/' title='CHAISE CHARRO DE GRAND GALA'>CHAISE CHARRO DE GRAND GALA<\/a><\/h3><\/header><\/div><footer class=\"entry-footer\"><\/footer><\/article><\/div><div data-ajax-id='3669' class='grid-entry flex_column isotope-item all_sort no_margin post-entry post-entry-3669 grid-entry-overview grid-loop-53 grid-parity-odd  coleccion_sort sillas_sort  av_one_fourth first default_av_fullwidth'><article class='main_color inner-entry'  itemscope=\"itemscope\" itemtype=\"https:\/\/schema.org\/CreativeWork\" ><a href=\"https:\/\/museodelacharreria.org.mx\/fr\/coleccion\/silla-charra-de-gala-con-3-trabajos-artesanales\/\" title='CHAISE GALA CHARRO AVEC 3 PI\u00c8CES ARTISANALES'  data-rel='grid-1' class='grid-image avia-hover-fx'> <img decoding=\"async\" fetchpriority=\"high\" width=\"260\" height=\"185\" src=\"https:\/\/museodelacharreria.org.mx\/wp-content\/uploads\/2024\/11\/Museo-de-la-Charreria-Silla-Charra-Cincelada-260x185.jpg\" class=\"wp-image-3738 avia-img-lazy-loading-not-3738 attachment-portfolio_small size-portfolio_small wp-post-image\" alt=\"\" srcset=\"https:\/\/museodelacharreria.org.mx\/wp-content\/uploads\/2024\/11\/Museo-de-la-Charreria-Silla-Charra-Cincelada-260x185.jpg 260w, https:\/\/museodelacharreria.org.mx\/wp-content\/uploads\/2024\/11\/Museo-de-la-Charreria-Silla-Charra-Cincelada-18x12.jpg 18w\" sizes=\"(max-width: 260px) 100vw, 260px\" \/><\/a><div class='grid-content'><div class='avia-arrow'><\/div><header class=\"entry-content-header\" aria-label=\"Portfolio: SILLA CHARRA DE GALA CON 3 TRABAJOS ARTESANALES\"><h3 class='grid-entry-title entry-title'  itemprop=\"headline\" ><a href='https:\/\/museodelacharreria.org.mx\/fr\/coleccion\/silla-charra-de-gala-con-3-trabajos-artesanales\/' title='CHAISE GALA CHARRO AVEC 3 PI\u00c8CES ARTISANALES'>CHAISE GALA CHARRO AVEC 3 PI\u00c8CES ARTISANALES<\/a><\/h3><\/header><\/div><footer class=\"entry-footer\"><\/footer><\/article><\/div><div data-ajax-id='3750' class='grid-entry flex_column isotope-item all_sort no_margin post-entry post-entry-3750 grid-entry-overview grid-loop-54 grid-parity-even  coleccion_sort sillas_sort  av_one_fourth  default_av_fullwidth'><article class='main_color inner-entry'  itemscope=\"itemscope\" itemtype=\"https:\/\/schema.org\/CreativeWork\" ><a href=\"https:\/\/museodelacharreria.org.mx\/fr\/coleccion\/silla-charra-con-motivos-taurinos\/\" title='CHAISE CHARRO AVEC MOTIFS DE TAUROMACHIE'  data-rel='grid-1' class='grid-image avia-hover-fx'> <img decoding=\"async\" fetchpriority=\"high\" width=\"260\" height=\"185\" src=\"https:\/\/museodelacharreria.org.mx\/wp-content\/uploads\/2024\/11\/MUSEO-DE-LA-CHARRERIA-SILLA-CHARRA-CON-MOTIVOS-TAURINOS-3-260x185.jpg\" class=\"wp-image-3753 avia-img-lazy-loading-not-3753 attachment-portfolio_small size-portfolio_small wp-post-image\" alt=\"\" srcset=\"https:\/\/museodelacharreria.org.mx\/wp-content\/uploads\/2024\/11\/MUSEO-DE-LA-CHARRERIA-SILLA-CHARRA-CON-MOTIVOS-TAURINOS-3-260x185.jpg 260w, https:\/\/museodelacharreria.org.mx\/wp-content\/uploads\/2024\/11\/MUSEO-DE-LA-CHARRERIA-SILLA-CHARRA-CON-MOTIVOS-TAURINOS-3-18x12.jpg 18w\" sizes=\"(max-width: 260px) 100vw, 260px\" \/><\/a><div class='grid-content'><div class='avia-arrow'><\/div><header class=\"entry-content-header\" aria-label=\"Portfolio: SILLA CHARRA CON MOTIVOS TAURINOS\"><h3 class='grid-entry-title entry-title'  itemprop=\"headline\" ><a href='https:\/\/museodelacharreria.org.mx\/fr\/coleccion\/silla-charra-con-motivos-taurinos\/' title='CHAISE CHARRO AVEC MOTIFS DE TAUROMACHIE'>CHAISE CHARRO AVEC MOTIFS DE TAUROMACHIE<\/a><\/h3><\/header><\/div><footer class=\"entry-footer\"><\/footer><\/article><\/div><div data-ajax-id='3741' class='grid-entry flex_column isotope-item all_sort no_margin post-entry post-entry-3741 grid-entry-overview grid-loop-55 grid-parity-odd  coleccion_sort sillas_sort  av_one_fourth  default_av_fullwidth'><article class='main_color inner-entry'  itemscope=\"itemscope\" itemtype=\"https:\/\/schema.org\/CreativeWork\" ><a href=\"https:\/\/museodelacharreria.org.mx\/fr\/coleccion\/silla-charra-con-chomite-y-encorrillado\/\" title='SELLE CHARRA AVEC CHOMITE ET SE RECROQUEVILLE'  data-rel='grid-1' class='grid-image avia-hover-fx'> <img decoding=\"async\" fetchpriority=\"high\" width=\"260\" height=\"185\" src=\"https:\/\/museodelacharreria.org.mx\/wp-content\/uploads\/2024\/11\/Museo-de-la-Charreria-Silla-Charra-Con-Chimite-y-Encorrillado-260x185.jpg\" class=\"wp-image-3742 avia-img-lazy-loading-not-3742 attachment-portfolio_small size-portfolio_small wp-post-image\" alt=\"SELLE CHARRA AVEC CHOMITE ET SE RECROQUEVILLE\" srcset=\"https:\/\/museodelacharreria.org.mx\/wp-content\/uploads\/2024\/11\/Museo-de-la-Charreria-Silla-Charra-Con-Chimite-y-Encorrillado-260x185.jpg 260w, https:\/\/museodelacharreria.org.mx\/wp-content\/uploads\/2024\/11\/Museo-de-la-Charreria-Silla-Charra-Con-Chimite-y-Encorrillado-18x12.jpg 18w\" sizes=\"(max-width: 260px) 100vw, 260px\" \/><\/a><div class='grid-content'><div class='avia-arrow'><\/div><header class=\"entry-content-header\" aria-label=\"Portfolio: SILLA CHARRA CON CHOMITE Y ENCORRILLADO\"><h3 class='grid-entry-title entry-title'  itemprop=\"headline\" ><a href='https:\/\/museodelacharreria.org.mx\/fr\/coleccion\/silla-charra-con-chomite-y-encorrillado\/' title='SELLE CHARRA AVEC CHOMITE ET SE RECROQUEVILLE'>SELLE CHARRA AVEC CHOMITE ET SE RECROQUEVILLE<\/a><\/h3><\/header><\/div><footer class=\"entry-footer\"><\/footer><\/article><\/div><div data-ajax-id='2141' class='grid-entry flex_column isotope-item all_sort no_margin post-entry post-entry-2141 grid-entry-overview grid-loop-56 grid-parity-even  coleccion_sort sillas_sort  av_one_fourth  default_av_fullwidth'><article class='main_color inner-entry'  itemscope=\"itemscope\" itemtype=\"https:\/\/schema.org\/CreativeWork\" ><a href=\"https:\/\/museodelacharreria.org.mx\/fr\/coleccion\/silla-charra-con-chomite\/\" title='CHAISE CHARRO AVEC BRODERIE CHOMITE'  data-rel='grid-1' class='grid-image avia-hover-fx'> <img decoding=\"async\" fetchpriority=\"high\" width=\"260\" height=\"185\" src=\"https:\/\/museodelacharreria.org.mx\/wp-content\/uploads\/2023\/10\/Museo-de-la-Charreria-Silla-Charra-con-Chomite-0068-2-260x185.jpg\" class=\"wp-image-2142 avia-img-lazy-loading-not-2142 attachment-portfolio_small size-portfolio_small wp-post-image\" alt=\"Chaise Charro brod\u00e9e avec Chomite\" srcset=\"https:\/\/museodelacharreria.org.mx\/wp-content\/uploads\/2023\/10\/Museo-de-la-Charreria-Silla-Charra-con-Chomite-0068-2-260x185.jpg 260w, https:\/\/museodelacharreria.org.mx\/wp-content\/uploads\/2023\/10\/Museo-de-la-Charreria-Silla-Charra-con-Chomite-0068-2-18x12.jpg 18w\" sizes=\"(max-width: 260px) 100vw, 260px\" \/><small class='avia-copyright'>Mus\u00e9e de la Charrerie Photo : Antonio Gegundez<\/small><\/a><div class='grid-content'><div class='avia-arrow'><\/div><header class=\"entry-content-header\" aria-label=\"Portfolio: SILLA CHARRA CON BORDADO DE CHOMITE\"><h3 class='grid-entry-title entry-title'  itemprop=\"headline\" ><a href='https:\/\/museodelacharreria.org.mx\/fr\/coleccion\/silla-charra-con-chomite\/' title='CHAISE CHARRO AVEC BRODERIE CHOMITE'>CHAISE CHARRO AVEC BRODERIE CHOMITE<\/a><\/h3><\/header><\/div><footer class=\"entry-footer\"><\/footer><\/article><\/div><div data-ajax-id='3791' class='grid-entry flex_column isotope-item all_sort no_margin post-entry post-entry-3791 grid-entry-overview grid-loop-57 grid-parity-odd  coleccion_sort sillas_sort  av_one_fourth first default_av_fullwidth'><article class='main_color inner-entry'  itemscope=\"itemscope\" itemtype=\"https:\/\/schema.org\/CreativeWork\" ><a href=\"https:\/\/museodelacharreria.org.mx\/fr\/coleccion\/silla-charra-chomiteada-en-grecas\/\" title='SELLE CHARRA CHOMITEADA EN GRECAS'  data-rel='grid-1' class='grid-image avia-hover-fx'> <img decoding=\"async\" fetchpriority=\"high\" width=\"260\" height=\"185\" src=\"https:\/\/museodelacharreria.org.mx\/wp-content\/uploads\/2024\/11\/Museo-de-la-Charreria-Silla-Charra-Con-Chimite-en-Greca-260x185.jpg\" class=\"wp-image-3792 avia-img-lazy-loading-not-3792 attachment-portfolio_small size-portfolio_small wp-post-image\" alt=\"\" srcset=\"https:\/\/museodelacharreria.org.mx\/wp-content\/uploads\/2024\/11\/Museo-de-la-Charreria-Silla-Charra-Con-Chimite-en-Greca-260x185.jpg 260w, https:\/\/museodelacharreria.org.mx\/wp-content\/uploads\/2024\/11\/Museo-de-la-Charreria-Silla-Charra-Con-Chimite-en-Greca-18x12.jpg 18w\" sizes=\"(max-width: 260px) 100vw, 260px\" \/><\/a><div class='grid-content'><div class='avia-arrow'><\/div><header class=\"entry-content-header\" aria-label=\"Portfolio: SILLA CHARRA CHOMITEADA EN GRECAS\"><h3 class='grid-entry-title entry-title'  itemprop=\"headline\" ><a href='https:\/\/museodelacharreria.org.mx\/fr\/coleccion\/silla-charra-chomiteada-en-grecas\/' title='SELLE CHARRA CHOMITEADA EN GRECAS'>SELLE CHARRA CHOMITEADA EN GRECAS<\/a><\/h3><\/header><\/div><footer class=\"entry-footer\"><\/footer><\/article><\/div><div data-ajax-id='3649' class='grid-entry flex_column isotope-item all_sort no_margin post-entry post-entry-3649 grid-entry-overview grid-loop-58 grid-parity-even  coleccion_sort sillas_sort  av_one_fourth  default_av_fullwidth'><article class='main_color inner-entry'  itemscope=\"itemscope\" itemtype=\"https:\/\/schema.org\/CreativeWork\" ><a href=\"https:\/\/museodelacharreria.org.mx\/fr\/coleccion\/silla-charra-chomiteada\/\" title='CHAISE CHOMITEADA CHARRO'  data-rel='grid-1' class='grid-image avia-hover-fx'> <img decoding=\"async\" fetchpriority=\"high\" width=\"260\" height=\"185\" src=\"https:\/\/museodelacharreria.org.mx\/wp-content\/uploads\/2024\/11\/Museo-de-la-Charreria-Silla-Charra-Con-Chomite-de-Chorizo-260x185.jpg\" class=\"wp-image-3734 avia-img-lazy-loading-not-3734 attachment-portfolio_small size-portfolio_small wp-post-image\" alt=\"\" srcset=\"https:\/\/museodelacharreria.org.mx\/wp-content\/uploads\/2024\/11\/Museo-de-la-Charreria-Silla-Charra-Con-Chomite-de-Chorizo-260x185.jpg 260w, https:\/\/museodelacharreria.org.mx\/wp-content\/uploads\/2024\/11\/Museo-de-la-Charreria-Silla-Charra-Con-Chomite-de-Chorizo-18x12.jpg 18w\" sizes=\"(max-width: 260px) 100vw, 260px\" \/><\/a><div class='grid-content'><div class='avia-arrow'><\/div><header class=\"entry-content-header\" aria-label=\"Portfolio: SILLA CHARRA CHOMITEADA\"><h3 class='grid-entry-title entry-title'  itemprop=\"headline\" ><a href='https:\/\/museodelacharreria.org.mx\/fr\/coleccion\/silla-charra-chomiteada\/' title='CHAISE CHOMITEADA CHARRO'>CHAISE CHOMITEADA CHARRO<\/a><\/h3><\/header><\/div><footer class=\"entry-footer\"><\/footer><\/article><\/div><div data-ajax-id='1104' class='grid-entry flex_column isotope-item all_sort no_margin post-entry post-entry-1104 grid-entry-overview grid-loop-59 grid-parity-odd  armas_sort coleccion_sort  av_one_fourth  default_av_fullwidth'><article class='main_color inner-entry'  itemscope=\"itemscope\" itemtype=\"https:\/\/schema.org\/CreativeWork\" ><a href=\"https:\/\/museodelacharreria.org.mx\/fr\/coleccion\/rifle-winchester-1892\/\" title='CARABINE WINCHESTER 1892'  data-rel='grid-1' class='grid-image avia-hover-fx'> <img decoding=\"async\" fetchpriority=\"high\" width=\"260\" height=\"185\" src=\"https:\/\/museodelacharreria.org.mx\/wp-content\/uploads\/2023\/09\/Museo-de-la-Charreria-CDMX-RIFLE-MARCA-WINCHESTER-MOD.-1982-CAL.-38-0135-260x185.jpg\" class=\"wp-image-1051 avia-img-lazy-loading-not-1051 attachment-portfolio_small size-portfolio_small wp-post-image\" alt=\"\" \/><\/a><div class='grid-content'><div class='avia-arrow'><\/div><header class=\"entry-content-header\" aria-label=\"Portfolio: RIFLE WINCHESTER 1892\"><h3 class='grid-entry-title entry-title'  itemprop=\"headline\" ><a href='https:\/\/museodelacharreria.org.mx\/fr\/coleccion\/rifle-winchester-1892\/' title='CARABINE WINCHESTER 1892'>CARABINE WINCHESTER 1892<\/a><\/h3><\/header><\/div><footer class=\"entry-footer\"><\/footer><\/article><\/div><div data-ajax-id='1139' class='grid-entry flex_column isotope-item all_sort no_margin post-entry post-entry-1139 grid-entry-overview grid-loop-60 grid-parity-even  armas_sort coleccion_sort  av_one_fourth  default_av_fullwidth'><article class='main_color inner-entry'  itemscope=\"itemscope\" itemtype=\"https:\/\/schema.org\/CreativeWork\" ><a href=\"https:\/\/museodelacharreria.org.mx\/fr\/coleccion\/revolver-revolucionario-cal-38\/\" title='REVOLVER R\u00c9VOLUTIONNAIRE CAL. 38'  data-rel='grid-1' class='grid-image avia-hover-fx'> <img decoding=\"async\" fetchpriority=\"high\" width=\"260\" height=\"185\" src=\"https:\/\/museodelacharreria.org.mx\/wp-content\/uploads\/2023\/09\/Museo-de-la-Charreria-CDMX-Revolver-Cal-38-5-Tiros--260x185.jpg\" class=\"wp-image-1140 avia-img-lazy-loading-not-1140 attachment-portfolio_small size-portfolio_small wp-post-image\" alt=\"\" \/><\/a><div class='grid-content'><div class='avia-arrow'><\/div><header class=\"entry-content-header\" aria-label=\"Portfolio: REVOLVER REVOLUCIONARIO CAL. 38\"><h3 class='grid-entry-title entry-title'  itemprop=\"headline\" ><a href='https:\/\/museodelacharreria.org.mx\/fr\/coleccion\/revolver-revolucionario-cal-38\/' title='REVOLVER R\u00c9VOLUTIONNAIRE CAL. 38'>REVOLVER R\u00c9VOLUTIONNAIRE CAL. 38<\/a><\/h3><\/header><\/div><footer class=\"entry-footer\"><\/footer><\/article><\/div><div data-ajax-id='234' class='grid-entry flex_column isotope-item all_sort no_margin post-entry post-entry-234 grid-entry-overview grid-loop-61 grid-parity-odd  armas_sort coleccion_sort  av_one_fourth first default_av_fullwidth'><article class='main_color inner-entry'  itemscope=\"itemscope\" itemtype=\"https:\/\/schema.org\/CreativeWork\" ><a href=\"https:\/\/museodelacharreria.org.mx\/fr\/coleccion\/revolver-de-pancho-villa\/\" title='REVOLVER DU G\u00c9N\u00c9RAL FRANCISCO VILLA'  data-rel='grid-1' class='grid-image avia-hover-fx'> <img decoding=\"async\" fetchpriority=\"high\" width=\"260\" height=\"185\" src=\"https:\/\/museodelacharreria.org.mx\/wp-content\/uploads\/2023\/09\/Museo-de-la-Charreria-CDMX-Armas-de-Fuego-0044-260x185.jpg\" class=\"wp-image-483 avia-img-lazy-loading-not-483 attachment-portfolio_small size-portfolio_small wp-post-image\" alt=\"Revolver appartenant au g\u00e9n\u00e9ral Francisco Villa\" \/><\/a><div class='grid-content'><div class='avia-arrow'><\/div><header class=\"entry-content-header\" aria-label=\"Portfolio: REVOLVER DEL GENERAL FRANCISCO VILLA\"><h3 class='grid-entry-title entry-title'  itemprop=\"headline\" ><a href='https:\/\/museodelacharreria.org.mx\/fr\/coleccion\/revolver-de-pancho-villa\/' title='REVOLVER DU G\u00c9N\u00c9RAL FRANCISCO VILLA'>REVOLVER DU G\u00c9N\u00c9RAL FRANCISCO VILLA<\/a><\/h3><\/header><\/div><footer class=\"entry-footer\"><\/footer><\/article><\/div><div data-ajax-id='3697' class='grid-entry flex_column isotope-item all_sort no_margin post-entry post-entry-3697 grid-entry-overview grid-loop-62 grid-parity-even  armas_sort coleccion_sort  av_one_fourth  default_av_fullwidth'><article class='main_color inner-entry'  itemscope=\"itemscope\" itemtype=\"https:\/\/schema.org\/CreativeWork\" ><a href=\"https:\/\/museodelacharreria.org.mx\/fr\/coleccion\/revolver-38-con-cachas-de-cuerno-de-venado\/\" title='REVOLVER 38 AVEC POIGN\u00c9ES EN BOIS DE CERF'  data-rel='grid-1' class='grid-image avia-hover-fx'> <img decoding=\"async\" fetchpriority=\"high\" width=\"260\" height=\"185\" src=\"https:\/\/museodelacharreria.org.mx\/wp-content\/uploads\/2024\/11\/Museo-de-la-Charreria-Armas-Blancas-Revolver-con-Cachas-de-Asta-de-Ciervo-1-1-260x185.jpg\" class=\"wp-image-3701 avia-img-lazy-loading-not-3701 attachment-portfolio_small size-portfolio_small wp-post-image\" alt=\"\" srcset=\"https:\/\/museodelacharreria.org.mx\/wp-content\/uploads\/2024\/11\/Museo-de-la-Charreria-Armas-Blancas-Revolver-con-Cachas-de-Asta-de-Ciervo-1-1-260x185.jpg 260w, https:\/\/museodelacharreria.org.mx\/wp-content\/uploads\/2024\/11\/Museo-de-la-Charreria-Armas-Blancas-Revolver-con-Cachas-de-Asta-de-Ciervo-1-1-18x12.jpg 18w\" sizes=\"(max-width: 260px) 100vw, 260px\" \/><\/a><div class='grid-content'><div class='avia-arrow'><\/div><header class=\"entry-content-header\" aria-label=\"Portfolio: REVOLVER 38 CON CACHAS DE CUERNO DE VENADO\"><h3 class='grid-entry-title entry-title'  itemprop=\"headline\" ><a href='https:\/\/museodelacharreria.org.mx\/fr\/coleccion\/revolver-38-con-cachas-de-cuerno-de-venado\/' title='REVOLVER 38 AVEC POIGN\u00c9ES EN BOIS DE CERF'>REVOLVER 38 AVEC POIGN\u00c9ES EN BOIS DE CERF<\/a><\/h3><\/header><\/div><footer class=\"entry-footer\"><\/footer><\/article><\/div><div data-ajax-id='3944' class='grid-entry flex_column isotope-item all_sort no_margin post-entry post-entry-3944 grid-entry-overview grid-loop-63 grid-parity-odd  accesorios_sort coleccion_sort  av_one_fourth  default_av_fullwidth'><article class='main_color inner-entry'  itemscope=\"itemscope\" itemtype=\"https:\/\/schema.org\/CreativeWork\" ><a href=\"https:\/\/museodelacharreria.org.mx\/fr\/coleccion\/polainas-camperas\/\" title='VESTE LEGGINGS'  data-rel='grid-1' class='grid-image avia-hover-fx'> <img decoding=\"async\" fetchpriority=\"high\" width=\"260\" height=\"185\" src=\"https:\/\/museodelacharreria.org.mx\/wp-content\/uploads\/2024\/11\/JUEGO-DE-POLAINAS-CAMPERAS-260x185.jpg\" class=\"wp-image-3950 avia-img-lazy-loading-not-3950 attachment-portfolio_small size-portfolio_small wp-post-image\" alt=\"\" srcset=\"https:\/\/museodelacharreria.org.mx\/wp-content\/uploads\/2024\/11\/JUEGO-DE-POLAINAS-CAMPERAS-260x185.jpg 260w, https:\/\/museodelacharreria.org.mx\/wp-content\/uploads\/2024\/11\/JUEGO-DE-POLAINAS-CAMPERAS-18x12.jpg 18w\" sizes=\"(max-width: 260px) 100vw, 260px\" \/><\/a><div class='grid-content'><div class='avia-arrow'><\/div><header class=\"entry-content-header\" aria-label=\"Portfolio: POLAINAS CAMPERAS\"><h3 class='grid-entry-title entry-title'  itemprop=\"headline\" ><a href='https:\/\/museodelacharreria.org.mx\/fr\/coleccion\/polainas-camperas\/' title='VESTE LEGGINGS'>VESTE LEGGINGS<\/a><\/h3><\/header><\/div><footer class=\"entry-footer\"><\/footer><\/article><\/div><div data-ajax-id='3214' class='grid-entry flex_column isotope-item all_sort no_margin post-entry post-entry-3214 grid-entry-overview grid-loop-64 grid-parity-even  accesorios_sort coleccion_sort  av_one_fourth  default_av_fullwidth'><article class='main_color inner-entry'  itemscope=\"itemscope\" itemtype=\"https:\/\/schema.org\/CreativeWork\" ><a href=\"https:\/\/museodelacharreria.org.mx\/fr\/coleccion\/mitazas\/\" title='Gu\u00eatres'  data-rel='grid-1' class='grid-image avia-hover-fx'> <img decoding=\"async\" fetchpriority=\"high\" width=\"260\" height=\"185\" src=\"https:\/\/museodelacharreria.org.mx\/wp-content\/uploads\/2024\/06\/MUSEO-DE-LA-CHARRERIA-UTENSILIOS-MITAZAS-1-260x185.jpg\" class=\"wp-image-3218 avia-img-lazy-loading-not-3218 attachment-portfolio_small size-portfolio_small wp-post-image\" alt=\"\" srcset=\"https:\/\/museodelacharreria.org.mx\/wp-content\/uploads\/2024\/06\/MUSEO-DE-LA-CHARRERIA-UTENSILIOS-MITAZAS-1-260x185.jpg 260w, https:\/\/museodelacharreria.org.mx\/wp-content\/uploads\/2024\/06\/MUSEO-DE-LA-CHARRERIA-UTENSILIOS-MITAZAS-1-18x12.jpg 18w\" sizes=\"(max-width: 260px) 100vw, 260px\" \/><\/a><div class='grid-content'><div class='avia-arrow'><\/div><header class=\"entry-content-header\" aria-label=\"Portfolio: MITAZAS\"><h3 class='grid-entry-title entry-title'  itemprop=\"headline\" ><a href='https:\/\/museodelacharreria.org.mx\/fr\/coleccion\/mitazas\/' title='Gu\u00eatres'>Gu\u00eatres<\/a><\/h3><\/header><\/div><footer class=\"entry-footer\"><\/footer><\/article><\/div><div data-ajax-id='3180' class='grid-entry flex_column isotope-item all_sort no_margin post-entry post-entry-3180 grid-entry-overview grid-loop-65 grid-parity-odd  armas_sort coleccion_sort  av_one_fourth first default_av_fullwidth'><article class='main_color inner-entry'  itemscope=\"itemscope\" itemtype=\"https:\/\/schema.org\/CreativeWork\" ><a href=\"https:\/\/museodelacharreria.org.mx\/fr\/coleccion\/lanzas\/\" title='LANZAS'  data-rel='grid-1' class='grid-image avia-hover-fx'> <img decoding=\"async\" fetchpriority=\"high\" width=\"260\" height=\"185\" src=\"https:\/\/museodelacharreria.org.mx\/wp-content\/uploads\/2024\/06\/MUSEO-DE-LA-CHARRERIA-ARMAS-BLANCA-LANZA-1519-portada-260x185.jpg\" class=\"wp-image-3179 avia-img-lazy-loading-not-3179 attachment-portfolio_small size-portfolio_small wp-post-image\" alt=\"\" srcset=\"https:\/\/museodelacharreria.org.mx\/wp-content\/uploads\/2024\/06\/MUSEO-DE-LA-CHARRERIA-ARMAS-BLANCA-LANZA-1519-portada-260x185.jpg 260w, https:\/\/museodelacharreria.org.mx\/wp-content\/uploads\/2024\/06\/MUSEO-DE-LA-CHARRERIA-ARMAS-BLANCA-LANZA-1519-portada-18x12.jpg 18w\" sizes=\"(max-width: 260px) 100vw, 260px\" \/><\/a><div class='grid-content'><div class='avia-arrow'><\/div><header class=\"entry-content-header\" aria-label=\"Portfolio: LANZAS\"><h3 class='grid-entry-title entry-title'  itemprop=\"headline\" ><a href='https:\/\/museodelacharreria.org.mx\/fr\/coleccion\/lanzas\/' title='LANZAS'>LANZAS<\/a><\/h3><\/header><\/div><footer class=\"entry-footer\"><\/footer><\/article><\/div><div data-ajax-id='3867' class='grid-entry flex_column isotope-item all_sort no_margin post-entry post-entry-3867 grid-entry-overview grid-loop-66 grid-parity-even  coleccion_sort utensilios_sort  av_one_fourth  default_av_fullwidth'><article class='main_color inner-entry'  itemscope=\"itemscope\" itemtype=\"https:\/\/schema.org\/CreativeWork\" ><a href=\"https:\/\/museodelacharreria.org.mx\/fr\/coleccion\/fuste-rustico\/\" title='FUSTE RUSTIQUE'  data-rel='grid-1' class='grid-image avia-hover-fx'> <img decoding=\"async\" fetchpriority=\"high\" width=\"260\" height=\"185\" src=\"https:\/\/museodelacharreria.org.mx\/wp-content\/uploads\/2024\/11\/MUSEO-DE-LA-CHARRERIA-FUSTE-RUSTICO-7141-260x185.jpg\" class=\"wp-image-3872 avia-img-lazy-loading-not-3872 attachment-portfolio_small size-portfolio_small wp-post-image\" alt=\"\" srcset=\"https:\/\/museodelacharreria.org.mx\/wp-content\/uploads\/2024\/11\/MUSEO-DE-LA-CHARRERIA-FUSTE-RUSTICO-7141-260x185.jpg 260w, https:\/\/museodelacharreria.org.mx\/wp-content\/uploads\/2024\/11\/MUSEO-DE-LA-CHARRERIA-FUSTE-RUSTICO-7141-18x12.jpg 18w\" sizes=\"(max-width: 260px) 100vw, 260px\" \/><\/a><div class='grid-content'><div class='avia-arrow'><\/div><header class=\"entry-content-header\" aria-label=\"Portfolio: FUSTE R\u00daSTICO\"><h3 class='grid-entry-title entry-title'  itemprop=\"headline\" ><a href='https:\/\/museodelacharreria.org.mx\/fr\/coleccion\/fuste-rustico\/' title='FUSTE RUSTIQUE'>FUSTE RUSTIQUE<\/a><\/h3><\/header><\/div><footer class=\"entry-footer\"><\/footer><\/article><\/div><div data-ajax-id='3488' class='grid-entry flex_column isotope-item all_sort no_margin post-entry post-entry-3488 grid-entry-overview grid-loop-67 grid-parity-odd  accesorios_sort coleccion_sort  av_one_fourth  default_av_fullwidth'><article class='main_color inner-entry'  itemscope=\"itemscope\" itemtype=\"https:\/\/schema.org\/CreativeWork\" ><a href=\"https:\/\/museodelacharreria.org.mx\/fr\/coleccion\/fundas-de-revolver-y-cananas\/\" title='HOLSTERS ET \u00c9TUIS POUR REVOLVERS ET CANANAS'  data-rel='grid-1' class='grid-image avia-hover-fx'> <img decoding=\"async\" fetchpriority=\"high\" width=\"260\" height=\"185\" src=\"https:\/\/museodelacharreria.org.mx\/wp-content\/uploads\/2024\/07\/FUNDA-DE-REVOLVER-2-PORTADA-260x185.jpg\" class=\"wp-image-3500 avia-img-lazy-loading-not-3500 attachment-portfolio_small size-portfolio_small wp-post-image\" alt=\"\" srcset=\"https:\/\/museodelacharreria.org.mx\/wp-content\/uploads\/2024\/07\/FUNDA-DE-REVOLVER-2-PORTADA-260x185.jpg 260w, https:\/\/museodelacharreria.org.mx\/wp-content\/uploads\/2024\/07\/FUNDA-DE-REVOLVER-2-PORTADA-18x12.jpg 18w\" sizes=\"(max-width: 260px) 100vw, 260px\" \/><\/a><div class='grid-content'><div class='avia-arrow'><\/div><header class=\"entry-content-header\" aria-label=\"Portfolio: FUNDAS DE REVOLVER Y CANANAS\"><h3 class='grid-entry-title entry-title'  itemprop=\"headline\" ><a href='https:\/\/museodelacharreria.org.mx\/fr\/coleccion\/fundas-de-revolver-y-cananas\/' title='HOLSTERS ET \u00c9TUIS POUR REVOLVERS ET CANANAS'>HOLSTERS ET \u00c9TUIS POUR REVOLVERS ET CANANAS<\/a><\/h3><\/header><\/div><footer class=\"entry-footer\"><\/footer><\/article><\/div><div data-ajax-id='3910' class='grid-entry flex_column isotope-item all_sort no_margin post-entry post-entry-3910 grid-entry-overview grid-loop-68 grid-parity-even  coleccion_sort utensilios_sort  av_one_fourth  default_av_fullwidth'><article class='main_color inner-entry'  itemscope=\"itemscope\" itemtype=\"https:\/\/schema.org\/CreativeWork\" ><a href=\"https:\/\/museodelacharreria.org.mx\/fr\/coleccion\/frenos\/\" title='FREINS'  data-rel='grid-1' class='grid-image avia-hover-fx'> <img decoding=\"async\" fetchpriority=\"high\" width=\"260\" height=\"185\" src=\"https:\/\/museodelacharreria.org.mx\/wp-content\/uploads\/2024\/11\/FRENO-5-260x185.jpg\" class=\"wp-image-3915 avia-img-lazy-loading-not-3915 attachment-portfolio_small size-portfolio_small wp-post-image\" alt=\"\" srcset=\"https:\/\/museodelacharreria.org.mx\/wp-content\/uploads\/2024\/11\/FRENO-5-260x185.jpg 260w, https:\/\/museodelacharreria.org.mx\/wp-content\/uploads\/2024\/11\/FRENO-5-18x12.jpg 18w\" sizes=\"(max-width: 260px) 100vw, 260px\" \/><\/a><div class='grid-content'><div class='avia-arrow'><\/div><header class=\"entry-content-header\" aria-label=\"Portfolio: FRENOS\"><h3 class='grid-entry-title entry-title'  itemprop=\"headline\" ><a href='https:\/\/museodelacharreria.org.mx\/fr\/coleccion\/frenos\/' title='FREINS'>FREINS<\/a><\/h3><\/header><\/div><footer class=\"entry-footer\"><\/footer><\/article><\/div><div data-ajax-id='3375' class='grid-entry flex_column isotope-item all_sort no_margin post-entry post-entry-3375 grid-entry-overview grid-loop-69 grid-parity-odd  coleccion_sort utensilios_sort  av_one_fourth first default_av_fullwidth'><article class='main_color inner-entry'  itemscope=\"itemscope\" itemtype=\"https:\/\/schema.org\/CreativeWork\" ><a href=\"https:\/\/museodelacharreria.org.mx\/fr\/coleccion\/fierros-para-marcar-ganado\/\" title='FERS \u00c0 MARQUER LE B\u00c9TAIL'  data-rel='grid-1' class='grid-image avia-hover-fx'> <img decoding=\"async\" fetchpriority=\"high\" width=\"260\" height=\"185\" src=\"https:\/\/museodelacharreria.org.mx\/wp-content\/uploads\/2024\/06\/MUSEO-DE-LA-CHARRERIA-FIERROS-PARA-MARCAR-GANADO-1513-260x185.jpg\" class=\"wp-image-3405 avia-img-lazy-loading-not-3405 attachment-portfolio_small size-portfolio_small wp-post-image\" alt=\"\" srcset=\"https:\/\/museodelacharreria.org.mx\/wp-content\/uploads\/2024\/06\/MUSEO-DE-LA-CHARRERIA-FIERROS-PARA-MARCAR-GANADO-1513-260x185.jpg 260w, https:\/\/museodelacharreria.org.mx\/wp-content\/uploads\/2024\/06\/MUSEO-DE-LA-CHARRERIA-FIERROS-PARA-MARCAR-GANADO-1513-18x12.jpg 18w\" sizes=\"(max-width: 260px) 100vw, 260px\" \/><\/a><div class='grid-content'><div class='avia-arrow'><\/div><header class=\"entry-content-header\" aria-label=\"Portfolio: FIERROS PARA MARCAR GANADO\"><h3 class='grid-entry-title entry-title'  itemprop=\"headline\" ><a href='https:\/\/museodelacharreria.org.mx\/fr\/coleccion\/fierros-para-marcar-ganado\/' title='FERS \u00c0 MARQUER LE B\u00c9TAIL'>FERS \u00c0 MARQUER LE B\u00c9TAIL<\/a><\/h3><\/header><\/div><footer class=\"entry-footer\"><\/footer><\/article><\/div><div data-ajax-id='3131' class='grid-entry flex_column isotope-item all_sort no_margin post-entry post-entry-3131 grid-entry-overview grid-loop-70 grid-parity-even  coleccion_sort utensilios_sort  av_one_fourth  default_av_fullwidth'><article class='main_color inner-entry'  itemscope=\"itemscope\" itemtype=\"https:\/\/schema.org\/CreativeWork\" ><a href=\"https:\/\/museodelacharreria.org.mx\/fr\/coleccion\/estribos-de-caja\/\" title='SUPPORTS DE BO\u00ceTES'  data-rel='grid-1' class='grid-image avia-hover-fx'> <img decoding=\"async\" fetchpriority=\"high\" width=\"260\" height=\"185\" src=\"https:\/\/museodelacharreria.org.mx\/wp-content\/uploads\/2024\/06\/MUSEO-DE-LA-CHARRERIA-ESTRIBO-DE-CAJA-0085-260x185.jpg\" class=\"wp-image-3144 avia-img-lazy-loading-not-3144 attachment-portfolio_small size-portfolio_small wp-post-image\" alt=\"\" srcset=\"https:\/\/museodelacharreria.org.mx\/wp-content\/uploads\/2024\/06\/MUSEO-DE-LA-CHARRERIA-ESTRIBO-DE-CAJA-0085-260x185.jpg 260w, https:\/\/museodelacharreria.org.mx\/wp-content\/uploads\/2024\/06\/MUSEO-DE-LA-CHARRERIA-ESTRIBO-DE-CAJA-0085-18x12.jpg 18w\" sizes=\"(max-width: 260px) 100vw, 260px\" \/><\/a><div class='grid-content'><div class='avia-arrow'><\/div><header class=\"entry-content-header\" aria-label=\"Portfolio: ESTRIBOS DE CAJA\"><h3 class='grid-entry-title entry-title'  itemprop=\"headline\" ><a href='https:\/\/museodelacharreria.org.mx\/fr\/coleccion\/estribos-de-caja\/' title='SUPPORTS DE BO\u00ceTES'>SUPPORTS DE BO\u00ceTES<\/a><\/h3><\/header><\/div><footer class=\"entry-footer\"><\/footer><\/article><\/div><div data-ajax-id='3158' class='grid-entry flex_column isotope-item all_sort no_margin post-entry post-entry-3158 grid-entry-overview grid-loop-71 grid-parity-odd  coleccion_sort utensilios_sort  av_one_fourth  default_av_fullwidth'><article class='main_color inner-entry'  itemscope=\"itemscope\" itemtype=\"https:\/\/schema.org\/CreativeWork\" ><a href=\"https:\/\/museodelacharreria.org.mx\/fr\/coleccion\/estribos-con-tapadera\/\" title='\u00c9TRIERS AVEC COUVERCLE'  data-rel='grid-1' class='grid-image avia-hover-fx'> <img decoding=\"async\" fetchpriority=\"high\" width=\"260\" height=\"185\" src=\"https:\/\/museodelacharreria.org.mx\/wp-content\/uploads\/2024\/06\/MUSEO-DE-LA-CHARRERIA-ESTRIBO-CON-TAPADERA-HRZ-260x185.jpg\" class=\"wp-image-3139 avia-img-lazy-loading-not-3139 attachment-portfolio_small size-portfolio_small wp-post-image\" alt=\"\" srcset=\"https:\/\/museodelacharreria.org.mx\/wp-content\/uploads\/2024\/06\/MUSEO-DE-LA-CHARRERIA-ESTRIBO-CON-TAPADERA-HRZ-260x185.jpg 260w, https:\/\/museodelacharreria.org.mx\/wp-content\/uploads\/2024\/06\/MUSEO-DE-LA-CHARRERIA-ESTRIBO-CON-TAPADERA-HRZ-18x12.jpg 18w\" sizes=\"(max-width: 260px) 100vw, 260px\" \/><\/a><div class='grid-content'><div class='avia-arrow'><\/div><header class=\"entry-content-header\" aria-label=\"Portfolio: ESTRIBOS CON TAPADERA\"><h3 class='grid-entry-title entry-title'  itemprop=\"headline\" ><a href='https:\/\/museodelacharreria.org.mx\/fr\/coleccion\/estribos-con-tapadera\/' title='\u00c9TRIERS AVEC COUVERCLE'>\u00c9TRIERS AVEC COUVERCLE<\/a><\/h3><\/header><\/div><footer class=\"entry-footer\"><\/footer><\/article><\/div><div data-ajax-id='3153' class='grid-entry flex_column isotope-item all_sort no_margin post-entry post-entry-3153 grid-entry-overview grid-loop-72 grid-parity-even  coleccion_sort utensilios_sort  av_one_fourth  default_av_fullwidth'><article class='main_color inner-entry'  itemscope=\"itemscope\" itemtype=\"https:\/\/schema.org\/CreativeWork\" ><a href=\"https:\/\/museodelacharreria.org.mx\/fr\/coleccion\/estribos-circulares-forrados\/\" title='\u00c9TRIERS CIRCULAIRES DOUBL\u00c9S'  data-rel='grid-1' class='grid-image avia-hover-fx'> <img decoding=\"async\" fetchpriority=\"high\" width=\"260\" height=\"185\" src=\"https:\/\/museodelacharreria.org.mx\/wp-content\/uploads\/2024\/06\/MUSEO-DE-LA-CHARRERIA-ESTRIBO-CIRCULAR-FORRADO-HRZ-0097-260x185.jpg\" class=\"wp-image-3157 avia-img-lazy-loading-not-3157 attachment-portfolio_small size-portfolio_small wp-post-image\" alt=\"\" srcset=\"https:\/\/museodelacharreria.org.mx\/wp-content\/uploads\/2024\/06\/MUSEO-DE-LA-CHARRERIA-ESTRIBO-CIRCULAR-FORRADO-HRZ-0097-260x185.jpg 260w, https:\/\/museodelacharreria.org.mx\/wp-content\/uploads\/2024\/06\/MUSEO-DE-LA-CHARRERIA-ESTRIBO-CIRCULAR-FORRADO-HRZ-0097-18x12.jpg 18w\" sizes=\"(max-width: 260px) 100vw, 260px\" \/><\/a><div class='grid-content'><div class='avia-arrow'><\/div><header class=\"entry-content-header\" aria-label=\"Portfolio: ESTRIBOS CIRCULARES FORRADOS\"><h3 class='grid-entry-title entry-title'  itemprop=\"headline\" ><a href='https:\/\/museodelacharreria.org.mx\/fr\/coleccion\/estribos-circulares-forrados\/' title='\u00c9TRIERS CIRCULAIRES DOUBL\u00c9S'>\u00c9TRIERS CIRCULAIRES DOUBL\u00c9S<\/a><\/h3><\/header><\/div><footer class=\"entry-footer\"><\/footer><\/article><\/div><div data-ajax-id='3075' class='grid-entry flex_column isotope-item all_sort no_margin post-entry post-entry-3075 grid-entry-overview grid-loop-73 grid-parity-odd  coleccion_sort utensilios_sort  av_one_fourth first default_av_fullwidth'><article class='main_color inner-entry'  itemscope=\"itemscope\" itemtype=\"https:\/\/schema.org\/CreativeWork\" ><a href=\"https:\/\/museodelacharreria.org.mx\/fr\/coleccion\/estribo-de-cruz\/\" title='SUPPORT DE TRAVERSE'  data-rel='grid-1' class='grid-image avia-hover-fx'> <img decoding=\"async\" fetchpriority=\"high\" width=\"260\" height=\"185\" src=\"https:\/\/museodelacharreria.org.mx\/wp-content\/uploads\/2024\/06\/MUSEO-DE-LA-CHARRERIA-UTENSILIOS-ESTRIBO-COLONIAL-CRUCIFORME-PORTADA-260x185.jpg\" class=\"wp-image-3072 avia-img-lazy-loading-not-3072 attachment-portfolio_small size-portfolio_small wp-post-image\" alt=\"\" srcset=\"https:\/\/museodelacharreria.org.mx\/wp-content\/uploads\/2024\/06\/MUSEO-DE-LA-CHARRERIA-UTENSILIOS-ESTRIBO-COLONIAL-CRUCIFORME-PORTADA-260x185.jpg 260w, https:\/\/museodelacharreria.org.mx\/wp-content\/uploads\/2024\/06\/MUSEO-DE-LA-CHARRERIA-UTENSILIOS-ESTRIBO-COLONIAL-CRUCIFORME-PORTADA-18x12.jpg 18w\" sizes=\"(max-width: 260px) 100vw, 260px\" \/><\/a><div class='grid-content'><div class='avia-arrow'><\/div><header class=\"entry-content-header\" aria-label=\"Portfolio: ESTRIBO DE CRUZ\"><h3 class='grid-entry-title entry-title'  itemprop=\"headline\" ><a href='https:\/\/museodelacharreria.org.mx\/fr\/coleccion\/estribo-de-cruz\/' title='SUPPORT DE TRAVERSE'>SUPPORT DE TRAVERSE<\/a><\/h3><\/header><\/div><footer class=\"entry-footer\"><\/footer><\/article><\/div><div data-ajax-id='3084' class='grid-entry flex_column isotope-item all_sort no_margin post-entry post-entry-3084 grid-entry-overview grid-loop-74 grid-parity-even  coleccion_sort utensilios_sort  av_one_fourth  default_av_fullwidth'><article class='main_color inner-entry'  itemscope=\"itemscope\" itemtype=\"https:\/\/schema.org\/CreativeWork\" ><a href=\"https:\/\/museodelacharreria.org.mx\/fr\/coleccion\/estribo-de-caja\/\" title='\u00c9TRIERS MONOGRAMM\u00c9S'  data-rel='grid-1' class='grid-image avia-hover-fx'> <img decoding=\"async\" fetchpriority=\"high\" width=\"260\" height=\"185\" src=\"https:\/\/museodelacharreria.org.mx\/wp-content\/uploads\/2024\/06\/MUSEO-DE-LA-CHARRERIA-ESTRIBO-DE-CAJA-0090-260x185.jpg\" class=\"wp-image-3111 avia-img-lazy-loading-not-3111 attachment-portfolio_small size-portfolio_small wp-post-image\" alt=\"\" srcset=\"https:\/\/museodelacharreria.org.mx\/wp-content\/uploads\/2024\/06\/MUSEO-DE-LA-CHARRERIA-ESTRIBO-DE-CAJA-0090-260x185.jpg 260w, https:\/\/museodelacharreria.org.mx\/wp-content\/uploads\/2024\/06\/MUSEO-DE-LA-CHARRERIA-ESTRIBO-DE-CAJA-0090-18x12.jpg 18w\" sizes=\"(max-width: 260px) 100vw, 260px\" \/><\/a><div class='grid-content'><div class='avia-arrow'><\/div><header class=\"entry-content-header\" aria-label=\"Portfolio: ESTRIBOS DE CAJA CON MONOGRAMA\"><h3 class='grid-entry-title entry-title'  itemprop=\"headline\" ><a href='https:\/\/museodelacharreria.org.mx\/fr\/coleccion\/estribo-de-caja\/' title='\u00c9TRIERS MONOGRAMM\u00c9S'>\u00c9TRIERS MONOGRAMM\u00c9S<\/a><\/h3><\/header><\/div><footer class=\"entry-footer\"><\/footer><\/article><\/div><div data-ajax-id='1502' class='grid-entry flex_column isotope-item all_sort no_margin post-entry post-entry-1502 grid-entry-overview grid-loop-75 grid-parity-odd  accesorios_sort coleccion_sort  av_one_fourth  default_av_fullwidth'><article class='main_color inner-entry'  itemscope=\"itemscope\" itemtype=\"https:\/\/schema.org\/CreativeWork\" ><a href=\"https:\/\/museodelacharreria.org.mx\/fr\/coleccion\/espuelas-taloneras-de-chinaco\/\" title='\u00c9PINE CALCAN\u00c9ENNE CHINACO'  data-rel='grid-1' class='grid-image avia-hover-fx'> <img decoding=\"async\" fetchpriority=\"high\" width=\"260\" height=\"185\" src=\"https:\/\/museodelacharreria.org.mx\/wp-content\/uploads\/2023\/09\/Museo-de-la-Charreria-Espuelas-4-260x185.jpg\" class=\"wp-image-1505 avia-img-lazy-loading-not-1505 attachment-portfolio_small size-portfolio_small wp-post-image\" alt=\"\" \/><\/a><div class='grid-content'><div class='avia-arrow'><\/div><header class=\"entry-content-header\" aria-label=\"Portfolio: ESPUELAS TALONERAS DE CHINACO\"><h3 class='grid-entry-title entry-title'  itemprop=\"headline\" ><a href='https:\/\/museodelacharreria.org.mx\/fr\/coleccion\/espuelas-taloneras-de-chinaco\/' title='\u00c9PINE CALCAN\u00c9ENNE CHINACO'>\u00c9PINE CALCAN\u00c9ENNE CHINACO<\/a><\/h3><\/header><\/div><footer class=\"entry-footer\"><\/footer><\/article><\/div><div data-ajax-id='1518' class='grid-entry flex_column isotope-item all_sort no_margin post-entry post-entry-1518 grid-entry-overview grid-loop-76 grid-parity-even  accesorios_sort coleccion_sort  av_one_fourth  default_av_fullwidth'><article class='main_color inner-entry'  itemscope=\"itemscope\" itemtype=\"https:\/\/schema.org\/CreativeWork\" ><a href=\"https:\/\/museodelacharreria.org.mx\/fr\/coleccion\/espuelas-taconera-rustica\/\" title='\u00c9PERONS RUSTIQUES POUR TALONS'  data-rel='grid-1' class='grid-image avia-hover-fx'> <img decoding=\"async\" fetchpriority=\"high\" width=\"260\" height=\"185\" src=\"https:\/\/museodelacharreria.org.mx\/wp-content\/uploads\/2023\/09\/Museo-de-la-Charreria-Espuelas-5-260x185.jpg\" class=\"wp-image-1503 avia-img-lazy-loading-not-1503 attachment-portfolio_small size-portfolio_small wp-post-image\" alt=\"\" \/><\/a><div class='grid-content'><div class='avia-arrow'><\/div><header class=\"entry-content-header\" aria-label=\"Portfolio: ESPUELAS TACONERA R\u00daSTICA\"><h3 class='grid-entry-title entry-title'  itemprop=\"headline\" ><a href='https:\/\/museodelacharreria.org.mx\/fr\/coleccion\/espuelas-taconera-rustica\/' title='\u00c9PERONS RUSTIQUES POUR TALONS'>\u00c9PERONS RUSTIQUES POUR TALONS<\/a><\/h3><\/header><\/div><footer class=\"entry-footer\"><\/footer><\/article><\/div><div data-ajax-id='1515' class='grid-entry flex_column isotope-item all_sort no_margin post-entry post-entry-1515 grid-entry-overview grid-loop-77 grid-parity-odd  accesorios_sort coleccion_sort  av_one_fourth first default_av_fullwidth'><article class='main_color inner-entry'  itemscope=\"itemscope\" itemtype=\"https:\/\/schema.org\/CreativeWork\" ><a href=\"https:\/\/museodelacharreria.org.mx\/fr\/coleccion\/espuelas-taconera-en-bronce\/\" title='\u00c9PERONS \u00c0 TALON EN BRONZE'  data-rel='grid-1' class='grid-image avia-hover-fx'> <img decoding=\"async\" fetchpriority=\"high\" width=\"260\" height=\"185\" src=\"https:\/\/museodelacharreria.org.mx\/wp-content\/uploads\/2023\/09\/Museo-de-la-Charreria-Espuelas--260x185.jpg\" class=\"wp-image-1508 avia-img-lazy-loading-not-1508 attachment-portfolio_small size-portfolio_small wp-post-image\" alt=\"\" \/><\/a><div class='grid-content'><div class='avia-arrow'><\/div><header class=\"entry-content-header\" aria-label=\"Portfolio: ESPUELAS TACONERA EN BRONCE\"><h3 class='grid-entry-title entry-title'  itemprop=\"headline\" ><a href='https:\/\/museodelacharreria.org.mx\/fr\/coleccion\/espuelas-taconera-en-bronce\/' title='\u00c9PERONS \u00c0 TALON EN BRONZE'>\u00c9PERONS \u00c0 TALON EN BRONZE<\/a><\/h3><\/header><\/div><footer class=\"entry-footer\"><\/footer><\/article><\/div><div data-ajax-id='577' class='grid-entry flex_column isotope-item all_sort no_margin post-entry post-entry-577 grid-entry-overview grid-loop-78 grid-parity-even  accesorios_sort coleccion_sort  av_one_fourth  default_av_fullwidth'><article class='main_color inner-entry'  itemscope=\"itemscope\" itemtype=\"https:\/\/schema.org\/CreativeWork\" ><a href=\"https:\/\/museodelacharreria.org.mx\/fr\/coleccion\/espuela-taconeras-de-acero\/\" title='\u00c9PERONS DE TALON EN ACIER'  data-rel='grid-1' class='grid-image avia-hover-fx'> <img decoding=\"async\" fetchpriority=\"high\" width=\"260\" height=\"185\" src=\"https:\/\/museodelacharreria.org.mx\/wp-content\/uploads\/2023\/09\/Museo-de-la-Charreria-CDMX-Espuelas-5-260x185.jpg\" class=\"wp-image-579 avia-img-lazy-loading-not-579 attachment-portfolio_small size-portfolio_small wp-post-image\" alt=\"\" \/><\/a><div class='grid-content'><div class='avia-arrow'><\/div><header class=\"entry-content-header\" aria-label=\"Portfolio: ESPUELAS TACONERAS DE ACERO\"><h3 class='grid-entry-title entry-title'  itemprop=\"headline\" ><a href='https:\/\/museodelacharreria.org.mx\/fr\/coleccion\/espuela-taconeras-de-acero\/' title='\u00c9PERONS DE TALON EN ACIER'>\u00c9PERONS DE TALON EN ACIER<\/a><\/h3><\/header><\/div><footer class=\"entry-footer\"><\/footer><\/article><\/div><div data-ajax-id='2077' class='grid-entry flex_column isotope-item all_sort no_margin post-entry post-entry-2077 grid-entry-overview grid-loop-79 grid-parity-odd  armas_sort coleccion_sort  av_one_fourth  default_av_fullwidth'><article class='main_color inner-entry'  itemscope=\"itemscope\" itemtype=\"https:\/\/schema.org\/CreativeWork\" ><a href=\"https:\/\/museodelacharreria.org.mx\/fr\/coleccion\/espadas-sable\/\" title='SABRE'  data-rel='grid-1' class='grid-image avia-hover-fx'> <img decoding=\"async\" fetchpriority=\"high\" width=\"260\" height=\"185\" src=\"https:\/\/museodelacharreria.org.mx\/wp-content\/uploads\/2023\/10\/Museo-de-la-Charreria-Arma-Blanca-3-260x185.jpg\" class=\"wp-image-1990 avia-img-lazy-loading-not-1990 attachment-portfolio_small size-portfolio_small wp-post-image\" alt=\"\" srcset=\"https:\/\/museodelacharreria.org.mx\/wp-content\/uploads\/2023\/10\/Museo-de-la-Charreria-Arma-Blanca-3-260x185.jpg 260w, https:\/\/museodelacharreria.org.mx\/wp-content\/uploads\/2023\/10\/Museo-de-la-Charreria-Arma-Blanca-3-18x12.jpg 18w\" sizes=\"(max-width: 260px) 100vw, 260px\" \/><\/a><div class='grid-content'><div class='avia-arrow'><\/div><header class=\"entry-content-header\" aria-label=\"Portfolio: SABLE\"><h3 class='grid-entry-title entry-title'  itemprop=\"headline\" ><a href='https:\/\/museodelacharreria.org.mx\/fr\/coleccion\/espadas-sable\/' title='SABRE'>SABRE<\/a><\/h3><\/header><\/div><footer class=\"entry-footer\"><\/footer><\/article><\/div><div data-ajax-id='2096' class='grid-entry flex_column isotope-item all_sort no_margin post-entry post-entry-2096 grid-entry-overview grid-loop-80 grid-parity-even  armas_sort coleccion_sort  av_one_fourth  default_av_fullwidth'><article class='main_color inner-entry'  itemscope=\"itemscope\" itemtype=\"https:\/\/schema.org\/CreativeWork\" ><a href=\"https:\/\/museodelacharreria.org.mx\/fr\/coleccion\/espada-sable-toledano-1893\/\" title='SABRE TOLEDAN 1893'  data-rel='grid-1' class='grid-image avia-hover-fx'> <img decoding=\"async\" fetchpriority=\"high\" width=\"260\" height=\"185\" src=\"https:\/\/museodelacharreria.org.mx\/wp-content\/uploads\/2023\/10\/Museo-de-la-Charreria-Sable-Toledano-1893-0168-6-260x185.jpg\" class=\"wp-image-2097 avia-img-lazy-loading-not-2097 attachment-portfolio_small size-portfolio_small wp-post-image\" alt=\"Toledan Sabre 1893\" srcset=\"https:\/\/museodelacharreria.org.mx\/wp-content\/uploads\/2023\/10\/Museo-de-la-Charreria-Sable-Toledano-1893-0168-6-260x185.jpg 260w, https:\/\/museodelacharreria.org.mx\/wp-content\/uploads\/2023\/10\/Museo-de-la-Charreria-Sable-Toledano-1893-0168-6-18x12.jpg 18w\" sizes=\"(max-width: 260px) 100vw, 260px\" \/><small class='avia-copyright'>Mus\u00e9e de la Charrerie <\/small><\/a><div class='grid-content'><div class='avia-arrow'><\/div><header class=\"entry-content-header\" aria-label=\"Portfolio: SABLE TOLEDANO 1893\"><h3 class='grid-entry-title entry-title'  itemprop=\"headline\" ><a href='https:\/\/museodelacharreria.org.mx\/fr\/coleccion\/espada-sable-toledano-1893\/' title='SABRE TOLEDAN 1893'>SABRE TOLEDAN 1893<\/a><\/h3><\/header><\/div><footer class=\"entry-footer\"><\/footer><\/article><\/div><div data-ajax-id='1986' class='grid-entry flex_column isotope-item all_sort no_margin post-entry post-entry-1986 grid-entry-overview grid-loop-81 grid-parity-odd  armas_sort coleccion_sort  av_one_fourth first default_av_fullwidth'><article class='main_color inner-entry'  itemscope=\"itemscope\" itemtype=\"https:\/\/schema.org\/CreativeWork\" ><a href=\"https:\/\/museodelacharreria.org.mx\/fr\/coleccion\/espada-del-ejercito-mexicano\/\" title='\u00c9P\u00c9E DE L&#039;ARM\u00c9E MEXICAINE'  data-rel='grid-1' class='grid-image avia-hover-fx'> <img decoding=\"async\" fetchpriority=\"high\" width=\"260\" height=\"185\" src=\"https:\/\/museodelacharreria.org.mx\/wp-content\/uploads\/2023\/10\/Museo-de-la-Charreria-Arma-Blanca-5-260x185.jpg\" class=\"wp-image-1992 avia-img-lazy-loading-not-1992 attachment-portfolio_small size-portfolio_small wp-post-image\" alt=\"\u00c9p\u00e9e de l&#039;arm\u00e9e mexicaine - D\u00e9tail de la garde\" srcset=\"https:\/\/museodelacharreria.org.mx\/wp-content\/uploads\/2023\/10\/Museo-de-la-Charreria-Arma-Blanca-5-260x185.jpg 260w, https:\/\/museodelacharreria.org.mx\/wp-content\/uploads\/2023\/10\/Museo-de-la-Charreria-Arma-Blanca-5-18x12.jpg 18w\" sizes=\"(max-width: 260px) 100vw, 260px\" \/><small class='avia-copyright'>Mus\u00e9e de la Charrerie Photo : Antonio Gegundez<\/small><\/a><div class='grid-content'><div class='avia-arrow'><\/div><header class=\"entry-content-header\" aria-label=\"Portfolio: ESPADA DEL EJ\u00c9RCITO MEXICANO\"><h3 class='grid-entry-title entry-title'  itemprop=\"headline\" ><a href='https:\/\/museodelacharreria.org.mx\/fr\/coleccion\/espada-del-ejercito-mexicano\/' title='\u00c9P\u00c9E DE L&#039;ARM\u00c9E MEXICAINE'>\u00c9P\u00c9E DE L'ARM\u00c9E MEXICAINE<\/a><\/h3><\/header><\/div><footer class=\"entry-footer\"><\/footer><\/article><\/div><div data-ajax-id='3423' class='grid-entry flex_column isotope-item all_sort no_margin post-entry post-entry-3423 grid-entry-overview grid-loop-82 grid-parity-even  armas_sort coleccion_sort  av_one_fourth  default_av_fullwidth'><article class='main_color inner-entry'  itemscope=\"itemscope\" itemtype=\"https:\/\/schema.org\/CreativeWork\" ><a href=\"https:\/\/museodelacharreria.org.mx\/fr\/coleccion\/espada-de-la-reina-isabel\/\" title='L&#039;\u00c9P\u00c9E DE LA REINE ISABEL'  data-rel='grid-1' class='grid-image avia-hover-fx'> <img decoding=\"async\" fetchpriority=\"high\" width=\"260\" height=\"185\" src=\"https:\/\/museodelacharreria.org.mx\/wp-content\/uploads\/2024\/07\/ESPADA-TOLEDANA--260x185.jpg\" class=\"wp-image-3424 avia-img-lazy-loading-not-3424 attachment-portfolio_small size-portfolio_small wp-post-image\" alt=\"\" srcset=\"https:\/\/museodelacharreria.org.mx\/wp-content\/uploads\/2024\/07\/ESPADA-TOLEDANA--260x185.jpg 260w, https:\/\/museodelacharreria.org.mx\/wp-content\/uploads\/2024\/07\/ESPADA-TOLEDANA--16x12.jpg 16w\" sizes=\"(max-width: 260px) 100vw, 260px\" \/><\/a><div class='grid-content'><div class='avia-arrow'><\/div><header class=\"entry-content-header\" aria-label=\"Portfolio: ESPADA DE LA REINA ISABEL\"><h3 class='grid-entry-title entry-title'  itemprop=\"headline\" ><a href='https:\/\/museodelacharreria.org.mx\/fr\/coleccion\/espada-de-la-reina-isabel\/' title='L&#039;\u00c9P\u00c9E DE LA REINE ISABEL'>L'\u00c9P\u00c9E DE LA REINE ISABEL<\/a><\/h3><\/header><\/div><footer class=\"entry-footer\"><\/footer><\/article><\/div><div data-ajax-id='3831' class='grid-entry flex_column isotope-item all_sort no_margin post-entry post-entry-3831 grid-entry-overview grid-loop-83 grid-parity-odd  coleccion_sort indumentaria_sort  av_one_fourth  default_av_fullwidth'><article class='main_color inner-entry'  itemscope=\"itemscope\" itemtype=\"https:\/\/schema.org\/CreativeWork\" ><a href=\"https:\/\/museodelacharreria.org.mx\/fr\/coleccion\/cuera-michoacana-3\/\" title='CUERA MICHOACANA'  data-rel='grid-1' class='grid-image avia-hover-fx'> <img decoding=\"async\" fetchpriority=\"high\" width=\"260\" height=\"185\" src=\"https:\/\/museodelacharreria.org.mx\/wp-content\/uploads\/2024\/11\/Museo-de-la-Charreria-Cuera-Michoacana-260x185.jpg\" class=\"wp-image-3832 avia-img-lazy-loading-not-3832 attachment-portfolio_small size-portfolio_small wp-post-image\" alt=\"\" srcset=\"https:\/\/museodelacharreria.org.mx\/wp-content\/uploads\/2024\/11\/Museo-de-la-Charreria-Cuera-Michoacana-260x185.jpg 260w, https:\/\/museodelacharreria.org.mx\/wp-content\/uploads\/2024\/11\/Museo-de-la-Charreria-Cuera-Michoacana-18x12.jpg 18w\" sizes=\"(max-width: 260px) 100vw, 260px\" \/><\/a><div class='grid-content'><div class='avia-arrow'><\/div><header class=\"entry-content-header\" aria-label=\"Portfolio: CUERA MICHOACANA\"><h3 class='grid-entry-title entry-title'  itemprop=\"headline\" ><a href='https:\/\/museodelacharreria.org.mx\/fr\/coleccion\/cuera-michoacana-3\/' title='CUERA MICHOACANA'>CUERA MICHOACANA<\/a><\/h3><\/header><\/div><footer class=\"entry-footer\"><\/footer><\/article><\/div><div data-ajax-id='3827' class='grid-entry flex_column isotope-item all_sort no_margin post-entry post-entry-3827 grid-entry-overview grid-loop-84 grid-parity-even  coleccion_sort indumentaria_sort  av_one_fourth  default_av_fullwidth'><article class='main_color inner-entry'  itemscope=\"itemscope\" itemtype=\"https:\/\/schema.org\/CreativeWork\" ><a href=\"https:\/\/museodelacharreria.org.mx\/fr\/coleccion\/cuera-michoacana-2\/\" title='CUERA MICHOACANA'  data-rel='grid-1' class='grid-image avia-hover-fx'> <img decoding=\"async\" fetchpriority=\"high\" width=\"260\" height=\"185\" src=\"https:\/\/museodelacharreria.org.mx\/wp-content\/uploads\/2024\/11\/Museo-de-la-Charreria-Cuera-Michoacana-con-Panoleta-Roja-2-260x185.jpg\" class=\"wp-image-3828 avia-img-lazy-loading-not-3828 attachment-portfolio_small size-portfolio_small wp-post-image\" alt=\"\" srcset=\"https:\/\/museodelacharreria.org.mx\/wp-content\/uploads\/2024\/11\/Museo-de-la-Charreria-Cuera-Michoacana-con-Panoleta-Roja-2-260x185.jpg 260w, https:\/\/museodelacharreria.org.mx\/wp-content\/uploads\/2024\/11\/Museo-de-la-Charreria-Cuera-Michoacana-con-Panoleta-Roja-2-18x12.jpg 18w\" sizes=\"(max-width: 260px) 100vw, 260px\" \/><\/a><div class='grid-content'><div class='avia-arrow'><\/div><header class=\"entry-content-header\" aria-label=\"Portfolio: CUERA MICHOACANA\"><h3 class='grid-entry-title entry-title'  itemprop=\"headline\" ><a href='https:\/\/museodelacharreria.org.mx\/fr\/coleccion\/cuera-michoacana-2\/' title='CUERA MICHOACANA'>CUERA MICHOACANA<\/a><\/h3><\/header><\/div><footer class=\"entry-footer\"><\/footer><\/article><\/div><div data-ajax-id='3810' class='grid-entry flex_column isotope-item all_sort no_margin post-entry post-entry-3810 grid-entry-overview grid-loop-85 grid-parity-odd  coleccion_sort indumentaria_sort  av_one_fourth first default_av_fullwidth'><article class='main_color inner-entry'  itemscope=\"itemscope\" itemtype=\"https:\/\/schema.org\/CreativeWork\" ><a href=\"https:\/\/museodelacharreria.org.mx\/fr\/coleccion\/cuera-michoacana\/\" title='CUERA MICHOACANA'  data-rel='grid-1' class='grid-image avia-hover-fx'> <img decoding=\"async\" fetchpriority=\"high\" width=\"260\" height=\"185\" src=\"https:\/\/museodelacharreria.org.mx\/wp-content\/uploads\/2024\/11\/Museo-de-la-Charreria-Cuera-Michoacana-con-Panoleta-Roja-260x185.jpg\" class=\"wp-image-3811 avia-img-lazy-loading-not-3811 attachment-portfolio_small size-portfolio_small wp-post-image\" alt=\"\" srcset=\"https:\/\/museodelacharreria.org.mx\/wp-content\/uploads\/2024\/11\/Museo-de-la-Charreria-Cuera-Michoacana-con-Panoleta-Roja-260x185.jpg 260w, https:\/\/museodelacharreria.org.mx\/wp-content\/uploads\/2024\/11\/Museo-de-la-Charreria-Cuera-Michoacana-con-Panoleta-Roja-18x12.jpg 18w\" sizes=\"(max-width: 260px) 100vw, 260px\" \/><\/a><div class='grid-content'><div class='avia-arrow'><\/div><header class=\"entry-content-header\" aria-label=\"Portfolio: CUERA MICHOACANA\"><h3 class='grid-entry-title entry-title'  itemprop=\"headline\" ><a href='https:\/\/museodelacharreria.org.mx\/fr\/coleccion\/cuera-michoacana\/' title='CUERA MICHOACANA'>CUERA MICHOACANA<\/a><\/h3><\/header><\/div><footer class=\"entry-footer\"><\/footer><\/article><\/div><div data-ajax-id='2198' class='grid-entry flex_column isotope-item all_sort no_margin post-entry post-entry-2198 grid-entry-overview grid-loop-86 grid-parity-even  armas_sort coleccion_sort  av_one_fourth  default_av_fullwidth'><article class='main_color inner-entry'  itemscope=\"itemscope\" itemtype=\"https:\/\/schema.org\/CreativeWork\" ><a href=\"https:\/\/museodelacharreria.org.mx\/fr\/coleccion\/cuchillo-artesanal-casa-aragon\/\" title='COUTEAU FAIT MAIN CASA ARAG\u00d3N'  data-rel='grid-1' class='grid-image avia-hover-fx'> <img decoding=\"async\" fetchpriority=\"high\" width=\"260\" height=\"185\" src=\"https:\/\/museodelacharreria.org.mx\/wp-content\/uploads\/2023\/10\/Museo-de-la-Charreria-Cuchillo-de-Casa-Aragon-Oaxaca--260x185.jpg\" class=\"wp-image-2203 avia-img-lazy-loading-not-2203 attachment-portfolio_small size-portfolio_small wp-post-image\" alt=\"COUTEAU FAIT MAIN CASA ARAG\u00d3N\" srcset=\"https:\/\/museodelacharreria.org.mx\/wp-content\/uploads\/2023\/10\/Museo-de-la-Charreria-Cuchillo-de-Casa-Aragon-Oaxaca--260x185.jpg 260w, https:\/\/museodelacharreria.org.mx\/wp-content\/uploads\/2023\/10\/Museo-de-la-Charreria-Cuchillo-de-Casa-Aragon-Oaxaca--18x12.jpg 18w\" sizes=\"(max-width: 260px) 100vw, 260px\" \/><\/a><div class='grid-content'><div class='avia-arrow'><\/div><header class=\"entry-content-header\" aria-label=\"Portfolio: CUCHILLO ARTESANAL CASA ARAG\u00d3N\"><h3 class='grid-entry-title entry-title'  itemprop=\"headline\" ><a href='https:\/\/museodelacharreria.org.mx\/fr\/coleccion\/cuchillo-artesanal-casa-aragon\/' title='COUTEAU FAIT MAIN CASA ARAG\u00d3N'>COUTEAU FAIT MAIN CASA ARAG\u00d3N<\/a><\/h3><\/header><\/div><footer class=\"entry-footer\"><\/footer><\/article><\/div><div data-ajax-id='3957' class='grid-entry flex_column isotope-item all_sort no_margin post-entry post-entry-3957 grid-entry-overview grid-loop-87 grid-parity-odd  accesorios_sort coleccion_sort  av_one_fourth  default_av_fullwidth'><article class='main_color inner-entry'  itemscope=\"itemscope\" itemtype=\"https:\/\/schema.org\/CreativeWork\" ><a href=\"https:\/\/museodelacharreria.org.mx\/fr\/coleccion\/chaparreras\/\" title='CHAPARRERAS'  data-rel='grid-1' class='grid-image avia-hover-fx'> <img decoding=\"async\" fetchpriority=\"high\" width=\"260\" height=\"185\" src=\"https:\/\/museodelacharreria.org.mx\/wp-content\/uploads\/2024\/11\/Chaparreras-Cinceladas-260x185.jpg\" class=\"wp-image-3958 avia-img-lazy-loading-not-3958 attachment-portfolio_small size-portfolio_small wp-post-image\" alt=\"\" srcset=\"https:\/\/museodelacharreria.org.mx\/wp-content\/uploads\/2024\/11\/Chaparreras-Cinceladas-260x185.jpg 260w, https:\/\/museodelacharreria.org.mx\/wp-content\/uploads\/2024\/11\/Chaparreras-Cinceladas-18x12.jpg 18w\" sizes=\"(max-width: 260px) 100vw, 260px\" \/><\/a><div class='grid-content'><div class='avia-arrow'><\/div><header class=\"entry-content-header\" aria-label=\"Portfolio: CHAPARRERAS\"><h3 class='grid-entry-title entry-title'  itemprop=\"headline\" ><a href='https:\/\/museodelacharreria.org.mx\/fr\/coleccion\/chaparreras\/' title='CHAPARRERAS'>CHAPARRERAS<\/a><\/h3><\/header><\/div><footer class=\"entry-footer\"><\/footer><\/article><\/div><div data-ajax-id='1129' class='grid-entry flex_column isotope-item all_sort no_margin post-entry post-entry-1129 grid-entry-overview grid-loop-88 grid-parity-even  armas_sort coleccion_sort  av_one_fourth  default_av_fullwidth'><article class='main_color inner-entry'  itemscope=\"itemscope\" itemtype=\"https:\/\/schema.org\/CreativeWork\" ><a href=\"https:\/\/museodelacharreria.org.mx\/fr\/coleccion\/carabina-30-30\/\" title='CARBINE 30 30'  data-rel='grid-1' class='grid-image avia-hover-fx'> <img decoding=\"async\" fetchpriority=\"high\" width=\"260\" height=\"185\" src=\"https:\/\/museodelacharreria.org.mx\/wp-content\/uploads\/2023\/09\/Museo-de-la-Charreria-CDMX-Carabina-30-30-2-260x185.jpg\" class=\"wp-image-1134 avia-img-lazy-loading-not-1134 attachment-portfolio_small size-portfolio_small wp-post-image\" alt=\"\" \/><\/a><div class='grid-content'><div class='avia-arrow'><\/div><header class=\"entry-content-header\" aria-label=\"Portfolio: CARABINA 30 30\"><h3 class='grid-entry-title entry-title'  itemprop=\"headline\" ><a href='https:\/\/museodelacharreria.org.mx\/fr\/coleccion\/carabina-30-30\/' title='CARBINE 30 30'>CARBINE 30 30<\/a><\/h3><\/header><\/div><footer class=\"entry-footer\"><\/footer><\/article><\/div><div data-ajax-id='3965' class='grid-entry flex_column isotope-item all_sort no_margin post-entry post-entry-3965 grid-entry-overview grid-loop-89 grid-parity-odd  coleccion_sort utensilios_sort  av_one_fourth first default_av_fullwidth'><article class='main_color inner-entry'  itemscope=\"itemscope\" itemtype=\"https:\/\/schema.org\/CreativeWork\" ><a href=\"https:\/\/museodelacharreria.org.mx\/fr\/coleccion\/cabezadas-de-plata-de-emiliano-zapata\/\" title='LES BRIDES D&#039;ARGENT D&#039;EMILIANO ZAPATA'  data-rel='grid-1' class='grid-image avia-hover-fx'> <img decoding=\"async\" fetchpriority=\"high\" width=\"260\" height=\"185\" src=\"https:\/\/museodelacharreria.org.mx\/wp-content\/uploads\/2024\/11\/MUSEO-DE-LA-CHARRERIA-CABEZADA-DE-EMILIANO-ZAPATA--260x185.jpg\" class=\"wp-image-3966 avia-img-lazy-loading-not-3966 attachment-portfolio_small size-portfolio_small wp-post-image\" alt=\"\" srcset=\"https:\/\/museodelacharreria.org.mx\/wp-content\/uploads\/2024\/11\/MUSEO-DE-LA-CHARRERIA-CABEZADA-DE-EMILIANO-ZAPATA--260x185.jpg 260w, https:\/\/museodelacharreria.org.mx\/wp-content\/uploads\/2024\/11\/MUSEO-DE-LA-CHARRERIA-CABEZADA-DE-EMILIANO-ZAPATA--18x12.jpg 18w\" sizes=\"(max-width: 260px) 100vw, 260px\" \/><\/a><div class='grid-content'><div class='avia-arrow'><\/div><header class=\"entry-content-header\" aria-label=\"Portfolio: CABEZADAS DE PLATA DE EMILIANO ZAPATA\"><h3 class='grid-entry-title entry-title'  itemprop=\"headline\" ><a href='https:\/\/museodelacharreria.org.mx\/fr\/coleccion\/cabezadas-de-plata-de-emiliano-zapata\/' title='LES BRIDES D&#039;ARGENT D&#039;EMILIANO ZAPATA'>LES BRIDES D'ARGENT D'EMILIANO ZAPATA<\/a><\/h3><\/header><\/div><footer class=\"entry-footer\"><\/footer><\/article><\/div><div data-ajax-id='3474' class='grid-entry flex_column isotope-item all_sort no_margin post-entry post-entry-3474 grid-entry-overview grid-loop-90 grid-parity-even  accesorios_sort coleccion_sort  av_one_fourth  default_av_fullwidth'><article class='main_color inner-entry'  itemscope=\"itemscope\" itemtype=\"https:\/\/schema.org\/CreativeWork\" ><a href=\"https:\/\/museodelacharreria.org.mx\/fr\/coleccion\/armas-de-agua\/\" title='ARMES \u00c0 EAU'  data-rel='grid-1' class='grid-image avia-hover-fx'> <img decoding=\"async\" fetchpriority=\"high\" width=\"260\" height=\"185\" src=\"https:\/\/museodelacharreria.org.mx\/wp-content\/uploads\/2024\/07\/MUSEO-DE-LA-CHARRERIA-ARMAS-DE-AGUA-2-260x185.jpg\" class=\"wp-image-3462 avia-img-lazy-loading-not-3462 attachment-portfolio_small size-portfolio_small wp-post-image\" alt=\"\" srcset=\"https:\/\/museodelacharreria.org.mx\/wp-content\/uploads\/2024\/07\/MUSEO-DE-LA-CHARRERIA-ARMAS-DE-AGUA-2-260x185.jpg 260w, https:\/\/museodelacharreria.org.mx\/wp-content\/uploads\/2024\/07\/MUSEO-DE-LA-CHARRERIA-ARMAS-DE-AGUA-2-18x12.jpg 18w\" sizes=\"(max-width: 260px) 100vw, 260px\" \/><\/a><div class='grid-content'><div class='avia-arrow'><\/div><header class=\"entry-content-header\" aria-label=\"Portfolio: ARMAS DE AGUA\"><h3 class='grid-entry-title entry-title'  itemprop=\"headline\" ><a href='https:\/\/museodelacharreria.org.mx\/fr\/coleccion\/armas-de-agua\/' title='ARMES \u00c0 EAU'>ARMES \u00c0 EAU<\/a><\/h3><\/header><\/div><footer class=\"entry-footer\"><\/footer><\/article><\/div><div data-ajax-id='3478' class='grid-entry flex_column isotope-item all_sort no_margin post-entry post-entry-3478 grid-entry-overview grid-loop-91 grid-parity-odd  accesorios_sort coleccion_sort  av_one_fourth  default_av_fullwidth'><article class='main_color inner-entry'  itemscope=\"itemscope\" itemtype=\"https:\/\/schema.org\/CreativeWork\" ><a href=\"https:\/\/museodelacharreria.org.mx\/fr\/coleccion\/anquera\/\" title='ANCHERA'  data-rel='grid-1' class='grid-image avia-hover-fx'> <img decoding=\"async\" fetchpriority=\"high\" width=\"260\" height=\"185\" src=\"https:\/\/museodelacharreria.org.mx\/wp-content\/uploads\/2024\/07\/MUSEO-DE-LA-CHARRERIA-ANQUERA-1420-260x185.jpg\" class=\"wp-image-3460 avia-img-lazy-loading-not-3460 attachment-portfolio_small size-portfolio_small wp-post-image\" alt=\"\" srcset=\"https:\/\/museodelacharreria.org.mx\/wp-content\/uploads\/2024\/07\/MUSEO-DE-LA-CHARRERIA-ANQUERA-1420-260x185.jpg 260w, https:\/\/museodelacharreria.org.mx\/wp-content\/uploads\/2024\/07\/MUSEO-DE-LA-CHARRERIA-ANQUERA-1420-18x12.jpg 18w\" sizes=\"(max-width: 260px) 100vw, 260px\" \/><\/a><div class='grid-content'><div class='avia-arrow'><\/div><header class=\"entry-content-header\" aria-label=\"Portfolio: ANQUERA\"><h3 class='grid-entry-title entry-title'  itemprop=\"headline\" ><a href='https:\/\/museodelacharreria.org.mx\/fr\/coleccion\/anquera\/' title='ANCHERA'>ANCHERA<\/a><\/h3><\/header><\/div><footer class=\"entry-footer\"><\/footer><\/article><\/div><div data-ajax-id='2180' class='grid-entry flex_column isotope-item all_sort no_margin post-entry post-entry-2180 grid-entry-overview grid-loop-92 grid-parity-even  coleccion_sort sillas_sort  av_one_fourth  default_av_fullwidth'><article class='main_color inner-entry'  itemscope=\"itemscope\" itemtype=\"https:\/\/schema.org\/CreativeWork\" ><a href=\"https:\/\/museodelacharreria.org.mx\/fr\/coleccion\/albarda-para-dama-charra\/\" title='ALBARDA DE FAENA PARA DAMA CHARRA (TAPIS DE SELLE POUR DAME CHARRA)'  data-rel='grid-1' class='grid-image avia-hover-fx'> <img decoding=\"async\" fetchpriority=\"high\" width=\"260\" height=\"185\" src=\"https:\/\/museodelacharreria.org.mx\/wp-content\/uploads\/2023\/10\/Museo-de-la-Charreria-Albarda-para-Dama-Charra--260x185.jpg\" class=\"wp-image-2191 avia-img-lazy-loading-not-2191 attachment-portfolio_small size-portfolio_small wp-post-image\" alt=\"ALBARDA POUR LADY CHARRA\" srcset=\"https:\/\/museodelacharreria.org.mx\/wp-content\/uploads\/2023\/10\/Museo-de-la-Charreria-Albarda-para-Dama-Charra--260x185.jpg 260w, https:\/\/museodelacharreria.org.mx\/wp-content\/uploads\/2023\/10\/Museo-de-la-Charreria-Albarda-para-Dama-Charra--18x12.jpg 18w\" sizes=\"(max-width: 260px) 100vw, 260px\" \/><\/a><div class='grid-content'><div class='avia-arrow'><\/div><header class=\"entry-content-header\" aria-label=\"Portfolio: ALBARDA DE FAENA PARA DAMA CHARRA\"><h3 class='grid-entry-title entry-title'  itemprop=\"headline\" ><a href='https:\/\/museodelacharreria.org.mx\/fr\/coleccion\/albarda-para-dama-charra\/' title='ALBARDA DE FAENA PARA DAMA CHARRA (TAPIS DE SELLE POUR DAME CHARRA)'>ALBARDA DE FAENA PARA DAMA CHARRA (TAPIS DE SELLE POUR DAME CHARRA)<\/a><\/h3><\/header><\/div><footer class=\"entry-footer\"><\/footer><\/article><\/div><div data-ajax-id='1554' class='grid-entry flex_column isotope-item all_sort no_margin post-entry post-entry-1554 grid-entry-overview grid-loop-93 grid-parity-odd  coleccion_sort sillas_sort  av_one_fourth first default_av_fullwidth'><article class='main_color inner-entry'  itemscope=\"itemscope\" itemtype=\"https:\/\/schema.org\/CreativeWork\" ><a href=\"https:\/\/museodelacharreria.org.mx\/fr\/coleccion\/albarda-inglesa\/\" title='ALBARDA ANGLAIS'  data-rel='grid-1' class='grid-image avia-hover-fx'> <img decoding=\"async\" fetchpriority=\"high\" width=\"260\" height=\"185\" src=\"https:\/\/museodelacharreria.org.mx\/wp-content\/uploads\/2023\/09\/Museo-de-la-Charreria-Albarda-Inglesa--260x185.jpg\" class=\"wp-image-1558 avia-img-lazy-loading-not-1558 attachment-portfolio_small size-portfolio_small wp-post-image\" alt=\"\" \/><small class='avia-copyright'>Federacion Mexicana de Charreria AC | Photo : Antonio Gegundez<\/small><\/a><div class='grid-content'><div class='avia-arrow'><\/div><header class=\"entry-content-header\" aria-label=\"Portfolio: ALBARDA INGLESA\"><h3 class='grid-entry-title entry-title'  itemprop=\"headline\" ><a href='https:\/\/museodelacharreria.org.mx\/fr\/coleccion\/albarda-inglesa\/' title='ALBARDA ANGLAIS'>ALBARDA ANGLAIS<\/a><\/h3><\/header><\/div><footer class=\"entry-footer\"><\/footer><\/article><\/div><div data-ajax-id='3623' class='grid-entry flex_column isotope-item all_sort no_margin post-entry post-entry-3623 grid-entry-overview grid-loop-94 grid-parity-even  coleccion_sort sillas_sort  av_one_fourth  default_av_fullwidth'><article class='main_color inner-entry'  itemscope=\"itemscope\" itemtype=\"https:\/\/schema.org\/CreativeWork\" ><a href=\"https:\/\/museodelacharreria.org.mx\/fr\/coleccion\/albarda-estilo-ingles\/\" title='ALBARDA \u00c0 L&#039;ANGLAISE'  data-rel='grid-1' class='grid-image avia-hover-fx'> <img decoding=\"async\" fetchpriority=\"high\" width=\"260\" height=\"185\" src=\"https:\/\/museodelacharreria.org.mx\/wp-content\/uploads\/2024\/11\/Museo-de-la-Charreria-Albarda-Estilo-Ingles-260x185.jpg\" class=\"wp-image-3714 avia-img-lazy-loading-not-3714 attachment-portfolio_small size-portfolio_small wp-post-image\" alt=\"\" srcset=\"https:\/\/museodelacharreria.org.mx\/wp-content\/uploads\/2024\/11\/Museo-de-la-Charreria-Albarda-Estilo-Ingles-260x185.jpg 260w, https:\/\/museodelacharreria.org.mx\/wp-content\/uploads\/2024\/11\/Museo-de-la-Charreria-Albarda-Estilo-Ingles-18x12.jpg 18w\" sizes=\"(max-width: 260px) 100vw, 260px\" \/><\/a><div class='grid-content'><div class='avia-arrow'><\/div><header class=\"entry-content-header\" aria-label=\"Portfolio: ALBARDA ESTILO INGL\u00c9S\"><h3 class='grid-entry-title entry-title'  itemprop=\"headline\" ><a href='https:\/\/museodelacharreria.org.mx\/fr\/coleccion\/albarda-estilo-ingles\/' title='ALBARDA \u00c0 L&#039;ANGLAISE'>ALBARDA \u00c0 L'ANGLAISE<\/a><\/h3><\/header><\/div><footer class=\"entry-footer\"><\/footer><\/article><\/div><div data-ajax-id='271' class='grid-entry flex_column isotope-item all_sort no_margin post-entry post-entry-271 grid-entry-overview grid-loop-95 grid-parity-odd  coleccion_sort sillas_sort  av_one_fourth  default_av_fullwidth'><article class='main_color inner-entry'  itemscope=\"itemscope\" itemtype=\"https:\/\/schema.org\/CreativeWork\" ><a href=\"https:\/\/museodelacharreria.org.mx\/fr\/coleccion\/albarda-de-dama-charra\/\" title='ALBARDA DU 19E SI\u00c8CLE'  data-rel='grid-1' class='grid-image avia-hover-fx'> <img decoding=\"async\" fetchpriority=\"high\" width=\"260\" height=\"185\" src=\"https:\/\/museodelacharreria.org.mx\/wp-content\/uploads\/2023\/08\/Museo-de-la-Charreria-CDMX-Albarda-Inglesa-para-Dama-0081-260x185.jpg\" class=\"wp-image-712 avia-img-lazy-loading-not-712 attachment-portfolio_small size-portfolio_small wp-post-image\" alt=\"Albarda anglais pour dame\" \/><\/a><div class='grid-content'><div class='avia-arrow'><\/div><header class=\"entry-content-header\" aria-label=\"Portfolio: ALBARDA DEL SIGLO XIX\"><h3 class='grid-entry-title entry-title'  itemprop=\"headline\" ><a href='https:\/\/museodelacharreria.org.mx\/fr\/coleccion\/albarda-de-dama-charra\/' title='ALBARDA DU 19E SI\u00c8CLE'>ALBARDA DU 19E SI\u00c8CLE<\/a><\/h3><\/header><\/div><footer class=\"entry-footer\"><\/footer><\/article><\/div><div data-ajax-id='3453' class='grid-entry flex_column isotope-item all_sort no_margin post-entry post-entry-3453 grid-entry-overview grid-loop-96 grid-parity-even  post-entry-last  accesorios_sort coleccion_sort  av_one_fourth  default_av_fullwidth'><article class='main_color inner-entry'  itemscope=\"itemscope\" itemtype=\"https:\/\/schema.org\/CreativeWork\" ><a href=\"https:\/\/museodelacharreria.org.mx\/fr\/coleccion\/accesorio-vaquerillos\/\" title='COWBOYS'  data-rel='grid-1' class='grid-image avia-hover-fx'> <img decoding=\"async\" fetchpriority=\"high\" width=\"260\" height=\"185\" src=\"https:\/\/museodelacharreria.org.mx\/wp-content\/uploads\/2024\/07\/MUSEO-DE-LA-CHARRERIA-VAQUERILLOS-2-260x185.jpg\" class=\"wp-image-3454 avia-img-lazy-loading-not-3454 attachment-portfolio_small size-portfolio_small wp-post-image\" alt=\"\" srcset=\"https:\/\/museodelacharreria.org.mx\/wp-content\/uploads\/2024\/07\/MUSEO-DE-LA-CHARRERIA-VAQUERILLOS-2-260x185.jpg 260w, https:\/\/museodelacharreria.org.mx\/wp-content\/uploads\/2024\/07\/MUSEO-DE-LA-CHARRERIA-VAQUERILLOS-2-18x12.jpg 18w\" sizes=\"(max-width: 260px) 100vw, 260px\" \/><\/a><div class='grid-content'><div class='avia-arrow'><\/div><header class=\"entry-content-header\" aria-label=\"Portfolio: VAQUERILLOS\"><h3 class='grid-entry-title entry-title'  itemprop=\"headline\" ><a href='https:\/\/museodelacharreria.org.mx\/fr\/coleccion\/accesorio-vaquerillos\/' title='COWBOYS'>COWBOYS<\/a><\/h3><\/header><\/div><footer class=\"entry-footer\"><\/footer><\/article><\/div><\/div><\/div>   <!--   class=\"av-portfolio-grid-sorting-container\"  -->\n<div  id=\"av-sc-portfolio-2\"  class=\"av-portfolio-grid-sorting-container\"><div class='sort_width_container  av-desktop-hide av-medium-hide av-sort-yes' data-portfolio-id='2' ><div id='js_sort_items' ><div class='sort_by_cat'><a href=\"#\" data-filter=\"all_sort\" class=\"all_sort_button active_sort\"><span class=\"inner_sort_button\"><span>Tout<\/span><small class=\"av-cat-count\"> 96 <\/small><\/span><\/a><span class=\"text-sep accesorios_sort_sep\">\/<\/span><a href=\"#\" data-filter=\"accesorios_sort\" class=\"accesorios_sort_button\" ><span class=\"inner_sort_button\"><span>ACCESSOIRES<\/span><small class=\"av-cat-count\"> 11 <\/small><\/span><\/a><span class=\"text-sep armas_sort_sep\">\/<\/span><a href=\"#\" data-filter=\"armas_sort\" class=\"armas_sort_button\" ><span class=\"inner_sort_button\"><span>ARMES<\/span><small class=\"av-cat-count\"> 11 <\/small><\/span><\/a><span class=\"text-sep indumentaria_sort_sep\">\/<\/span><a href=\"#\" data-filter=\"indumentaria_sort\" class=\"indumentaria_sort_button\" ><span class=\"inner_sort_button\"><span>V\u00caTEMENTS<\/span><small class=\"av-cat-count\"> 20 <\/small><\/span><\/a><span class=\"text-sep sillas_sort_sep\">\/<\/span><a href=\"#\" data-filter=\"sillas_sort\" class=\"sillas_sort_button\" ><span class=\"inner_sort_button\"><span>SELLE<\/span><small class=\"av-cat-count\"> 24 <\/small><\/span><\/a><span class=\"text-sep sombreros_sort_sep\">\/<\/span><a href=\"#\" data-filter=\"sombreros_sort\" class=\"sombreros_sort_button\" ><span class=\"inner_sort_button\"><span>CHAPEAUX<\/span><small class=\"av-cat-count\"> 21 <\/small><\/span><\/a><span class=\"text-sep utensilios_sort_sep\">\/<\/span><a href=\"#\" data-filter=\"utensilios_sort\" class=\"utensilios_sort_button\" ><span class=\"inner_sort_button\"><span>UTENSILES<\/span><small class=\"av-cat-count\"> 9 <\/small><\/span><\/a><\/div><\/div><\/div><div  class='grid-sort-container isotope  av-desktop-hide av-medium-hide  av-small-columns-overwrite av-small-columns-3 av-mini-columns-overwrite av-mini-columns-3 no_margin-container with-no-container grid-total-even grid-col-3 grid-links-' data-portfolio-id='2'><div data-ajax-id='1647' class='grid-entry flex_column isotope-item all_sort no_margin post-entry post-entry-1647 grid-entry-overview grid-loop-1 grid-parity-odd  coleccion_sort sombreros_sort  av_one_third first default_av_fullwidth'><article class='main_color inner-entry'  itemscope=\"itemscope\" itemtype=\"https:\/\/schema.org\/CreativeWork\" ><a href=\"https:\/\/museodelacharreria.org.mx\/fr\/coleccion\/sombrero-con-rosetones-bordados-en-canutillo-de-oro\/\" title=''  data-rel='grid-2' class='grid-image avia-hover-fx'> <img decoding=\"async\" fetchpriority=\"high\" width=\"495\" height=\"400\" src=\"https:\/\/museodelacharreria.org.mx\/wp-content\/uploads\/2023\/09\/Museo-de-la-Charreria-Sombrero-de-Charro-0080-495x400.jpg\" class=\"wp-image-1618 avia-img-lazy-loading-not-1618 attachment-portfolio size-portfolio wp-post-image\" alt=\"\" srcset=\"https:\/\/museodelacharreria.org.mx\/wp-content\/uploads\/2023\/09\/Museo-de-la-Charreria-Sombrero-de-Charro-0080-495x400.jpg 495w, https:\/\/museodelacharreria.org.mx\/wp-content\/uploads\/2023\/09\/Museo-de-la-Charreria-Sombrero-de-Charro-0080-845x684.jpg 845w\" sizes=\"(max-width: 495px) 100vw, 495px\" \/><\/a><footer class=\"entry-footer\"><\/footer><\/article><\/div><div data-ajax-id='2415' class='grid-entry flex_column isotope-item all_sort no_margin post-entry post-entry-2415 grid-entry-overview grid-loop-2 grid-parity-even  coleccion_sort sombreros_sort  av_one_third  default_av_fullwidth'><article class='main_color inner-entry'  itemscope=\"itemscope\" itemtype=\"https:\/\/schema.org\/CreativeWork\" ><a href=\"https:\/\/museodelacharreria.org.mx\/fr\/coleccion\/sombrero-castoreno-de-chinaco-color-gris\/\" title=''  data-rel='grid-2' class='grid-image avia-hover-fx'> <img decoding=\"async\" fetchpriority=\"high\" width=\"495\" height=\"400\" src=\"https:\/\/museodelacharreria.org.mx\/wp-content\/uploads\/2023\/11\/Museo-de-la-Charreria-Sombrero-de-Chinaco-0170-495x400.jpg\" class=\"wp-image-2410 avia-img-lazy-loading-not-2410 attachment-portfolio size-portfolio wp-post-image\" alt=\"\" srcset=\"https:\/\/museodelacharreria.org.mx\/wp-content\/uploads\/2023\/11\/Museo-de-la-Charreria-Sombrero-de-Chinaco-0170-495x400.jpg 495w, https:\/\/museodelacharreria.org.mx\/wp-content\/uploads\/2023\/11\/Museo-de-la-Charreria-Sombrero-de-Chinaco-0170-845x684.jpg 845w\" sizes=\"(max-width: 495px) 100vw, 495px\" \/><\/a><footer class=\"entry-footer\"><\/footer><\/article><\/div><div data-ajax-id='2406' class='grid-entry flex_column isotope-item all_sort no_margin post-entry post-entry-2406 grid-entry-overview grid-loop-3 grid-parity-odd  coleccion_sort sombreros_sort  av_one_third  default_av_fullwidth'><article class='main_color inner-entry'  itemscope=\"itemscope\" itemtype=\"https:\/\/schema.org\/CreativeWork\" ><a href=\"https:\/\/museodelacharreria.org.mx\/fr\/coleccion\/sombrero-castoreno-de-chinaco\/\" title=''  data-rel='grid-2' class='grid-image avia-hover-fx'> <img decoding=\"async\" fetchpriority=\"high\" width=\"495\" height=\"400\" src=\"https:\/\/museodelacharreria.org.mx\/wp-content\/uploads\/2023\/11\/Museo-de-la-Charreria-Sombrero-de-Chinaco-0166-495x400.jpg\" class=\"wp-image-2407 avia-img-lazy-loading-not-2407 attachment-portfolio size-portfolio wp-post-image\" alt=\"Chapeau Chinaco Beaver\" srcset=\"https:\/\/museodelacharreria.org.mx\/wp-content\/uploads\/2023\/11\/Museo-de-la-Charreria-Sombrero-de-Chinaco-0166-495x400.jpg 495w, https:\/\/museodelacharreria.org.mx\/wp-content\/uploads\/2023\/11\/Museo-de-la-Charreria-Sombrero-de-Chinaco-0166-845x684.jpg 845w\" sizes=\"(max-width: 495px) 100vw, 495px\" \/><\/a><footer class=\"entry-footer\"><\/footer><\/article><\/div><div data-ajax-id='2401' class='grid-entry flex_column isotope-item all_sort no_margin post-entry post-entry-2401 grid-entry-overview grid-loop-4 grid-parity-even  coleccion_sort sombreros_sort  av_one_third first default_av_fullwidth'><article class='main_color inner-entry'  itemscope=\"itemscope\" itemtype=\"https:\/\/schema.org\/CreativeWork\" ><a href=\"https:\/\/museodelacharreria.org.mx\/fr\/coleccion\/sombrero-con-bordado-de-rosas\/\" title=''  data-rel='grid-2' class='grid-image avia-hover-fx'> <img decoding=\"async\" fetchpriority=\"high\" width=\"495\" height=\"400\" src=\"https:\/\/museodelacharreria.org.mx\/wp-content\/uploads\/2023\/11\/Museo-de-la-Charreria-Sombrero-0155-495x400.jpg\" class=\"wp-image-2396 avia-img-lazy-loading-not-2396 attachment-portfolio size-portfolio wp-post-image\" alt=\"\" srcset=\"https:\/\/museodelacharreria.org.mx\/wp-content\/uploads\/2023\/11\/Museo-de-la-Charreria-Sombrero-0155-495x400.jpg 495w, https:\/\/museodelacharreria.org.mx\/wp-content\/uploads\/2023\/11\/Museo-de-la-Charreria-Sombrero-0155-845x684.jpg 845w\" sizes=\"(max-width: 495px) 100vw, 495px\" \/><\/a><footer class=\"entry-footer\"><\/footer><\/article><\/div><div data-ajax-id='2383' class='grid-entry flex_column isotope-item all_sort no_margin post-entry post-entry-2383 grid-entry-overview grid-loop-5 grid-parity-odd  coleccion_sort sombreros_sort  av_one_third  default_av_fullwidth'><article class='main_color inner-entry'  itemscope=\"itemscope\" itemtype=\"https:\/\/schema.org\/CreativeWork\" ><a href=\"https:\/\/museodelacharreria.org.mx\/fr\/coleccion\/sombrero-con-detalle-de-espuelas\/\" title=''  data-rel='grid-2' class='grid-image avia-hover-fx'> <img decoding=\"async\" fetchpriority=\"high\" width=\"495\" height=\"400\" src=\"https:\/\/museodelacharreria.org.mx\/wp-content\/uploads\/2023\/11\/Museo-de-la-Charreria-Sombrero-0149-495x400.jpg\" class=\"wp-image-2386 avia-img-lazy-loading-not-2386 attachment-portfolio size-portfolio wp-post-image\" alt=\"\" srcset=\"https:\/\/museodelacharreria.org.mx\/wp-content\/uploads\/2023\/11\/Museo-de-la-Charreria-Sombrero-0149-495x400.jpg 495w, https:\/\/museodelacharreria.org.mx\/wp-content\/uploads\/2023\/11\/Museo-de-la-Charreria-Sombrero-0149-845x684.jpg 845w\" sizes=\"(max-width: 495px) 100vw, 495px\" \/><\/a><footer class=\"entry-footer\"><\/footer><\/article><\/div><div data-ajax-id='2332' class='grid-entry flex_column isotope-item all_sort no_margin post-entry post-entry-2332 grid-entry-overview grid-loop-6 grid-parity-even  coleccion_sort sombreros_sort  av_one_third  default_av_fullwidth'><article class='main_color inner-entry'  itemscope=\"itemscope\" itemtype=\"https:\/\/schema.org\/CreativeWork\" ><a href=\"https:\/\/museodelacharreria.org.mx\/fr\/coleccion\/sombrero-de-charro-con-ribete-en-pano-cafe\/\" title=''  data-rel='grid-2' class='grid-image avia-hover-fx'> <img decoding=\"async\" fetchpriority=\"high\" width=\"495\" height=\"400\" src=\"https:\/\/museodelacharreria.org.mx\/wp-content\/uploads\/2023\/10\/Museo-de-la-Charreria-Sombrero-0136-495x400.jpg\" class=\"wp-image-2333 avia-img-lazy-loading-not-2333 attachment-portfolio size-portfolio wp-post-image\" alt=\"CHAPEAU DE CHARRO AVEC UN REBORD EN TISSU BRUN\" srcset=\"https:\/\/museodelacharreria.org.mx\/wp-content\/uploads\/2023\/10\/Museo-de-la-Charreria-Sombrero-0136-495x400.jpg 495w, https:\/\/museodelacharreria.org.mx\/wp-content\/uploads\/2023\/10\/Museo-de-la-Charreria-Sombrero-0136-845x684.jpg 845w\" sizes=\"(max-width: 495px) 100vw, 495px\" \/><\/a><footer class=\"entry-footer\"><\/footer><\/article><\/div><div data-ajax-id='2323' class='grid-entry flex_column isotope-item all_sort no_margin post-entry post-entry-2323 grid-entry-overview grid-loop-7 grid-parity-odd  coleccion_sort sombreros_sort  av_one_third first default_av_fullwidth'><article class='main_color inner-entry'  itemscope=\"itemscope\" itemtype=\"https:\/\/schema.org\/CreativeWork\" ><a href=\"https:\/\/museodelacharreria.org.mx\/fr\/coleccion\/sombrero-de-charro-con-pial\/\" title=''  data-rel='grid-2' class='grid-image avia-hover-fx'> <img decoding=\"async\" fetchpriority=\"high\" width=\"495\" height=\"400\" src=\"https:\/\/museodelacharreria.org.mx\/wp-content\/uploads\/2023\/10\/Museo-de-la-Charreria-Sombrero-0130-495x400.jpg\" class=\"wp-image-2327 avia-img-lazy-loading-not-2327 attachment-portfolio size-portfolio wp-post-image\" alt=\"Chapeau marron d\u00e9cor\u00e9 de pial\" srcset=\"https:\/\/museodelacharreria.org.mx\/wp-content\/uploads\/2023\/10\/Museo-de-la-Charreria-Sombrero-0130-495x400.jpg 495w, https:\/\/museodelacharreria.org.mx\/wp-content\/uploads\/2023\/10\/Museo-de-la-Charreria-Sombrero-0130-845x684.jpg 845w\" sizes=\"(max-width: 495px) 100vw, 495px\" \/><\/a><footer class=\"entry-footer\"><\/footer><\/article><\/div><div data-ajax-id='2312' class='grid-entry flex_column isotope-item all_sort no_margin post-entry post-entry-2312 grid-entry-overview grid-loop-8 grid-parity-even  coleccion_sort sombreros_sort  av_one_third  default_av_fullwidth'><article class='main_color inner-entry'  itemscope=\"itemscope\" itemtype=\"https:\/\/schema.org\/CreativeWork\" ><a href=\"https:\/\/museodelacharreria.org.mx\/fr\/coleccion\/sombrero-color-castor\/\" title=''  data-rel='grid-2' class='grid-image avia-hover-fx'> <img decoding=\"async\" fetchpriority=\"high\" width=\"495\" height=\"400\" src=\"https:\/\/museodelacharreria.org.mx\/wp-content\/uploads\/2023\/10\/Museo-de-la-Charreria-Sombrero-0115-495x400.jpg\" class=\"wp-image-2313 avia-img-lazy-loading-not-2313 attachment-portfolio size-portfolio wp-post-image\" alt=\"Chapeau couleur castor\" srcset=\"https:\/\/museodelacharreria.org.mx\/wp-content\/uploads\/2023\/10\/Museo-de-la-Charreria-Sombrero-0115-495x400.jpg 495w, https:\/\/museodelacharreria.org.mx\/wp-content\/uploads\/2023\/10\/Museo-de-la-Charreria-Sombrero-0115-845x684.jpg 845w\" sizes=\"(max-width: 495px) 100vw, 495px\" \/><\/a><footer class=\"entry-footer\"><\/footer><\/article><\/div><div data-ajax-id='2239' class='grid-entry flex_column isotope-item all_sort no_margin post-entry post-entry-2239 grid-entry-overview grid-loop-9 grid-parity-odd  coleccion_sort sombreros_sort  av_one_third  default_av_fullwidth'><article class='main_color inner-entry'  itemscope=\"itemscope\" itemtype=\"https:\/\/schema.org\/CreativeWork\" ><a href=\"https:\/\/museodelacharreria.org.mx\/fr\/coleccion\/sombrero-de-don-isidro-candia\/\" title=''  data-rel='grid-2' class='grid-image avia-hover-fx'> <img decoding=\"async\" fetchpriority=\"high\" width=\"495\" height=\"400\" src=\"https:\/\/museodelacharreria.org.mx\/wp-content\/uploads\/2023\/10\/Museo-de-la-Charreria-Sombrero-de-Don-Isidro-Candia-0111-495x400.jpg\" class=\"wp-image-2240 avia-img-lazy-loading-not-2240 attachment-portfolio size-portfolio wp-post-image\" alt=\"CHAPEAU CHARRO DE MONSIEUR ISIDRO CANDIA\" srcset=\"https:\/\/museodelacharreria.org.mx\/wp-content\/uploads\/2023\/10\/Museo-de-la-Charreria-Sombrero-de-Don-Isidro-Candia-0111-495x400.jpg 495w, https:\/\/museodelacharreria.org.mx\/wp-content\/uploads\/2023\/10\/Museo-de-la-Charreria-Sombrero-de-Don-Isidro-Candia-0111-845x684.jpg 845w\" sizes=\"(max-width: 495px) 100vw, 495px\" \/><\/a><footer class=\"entry-footer\"><\/footer><\/article><\/div><div data-ajax-id='2226' class='grid-entry flex_column isotope-item all_sort no_margin post-entry post-entry-2226 grid-entry-overview grid-loop-10 grid-parity-even  coleccion_sort sombreros_sort  av_one_third first default_av_fullwidth'><article class='main_color inner-entry'  itemscope=\"itemscope\" itemtype=\"https:\/\/schema.org\/CreativeWork\" ><a href=\"https:\/\/museodelacharreria.org.mx\/fr\/coleccion\/sombrero-negro-y-plata-de-pelo-fino-de-conejo\/\" title=''  data-rel='grid-2' class='grid-image avia-hover-fx'> <img decoding=\"async\" fetchpriority=\"high\" width=\"495\" height=\"400\" src=\"https:\/\/museodelacharreria.org.mx\/wp-content\/uploads\/2023\/10\/Museo-de-la-Charreria-SOMBRERO-NEGRO-Y-PLATA-DE-PELO-FINO-DE-SCONEJO-0027-495x400.jpg\" class=\"wp-image-2227 avia-img-lazy-loading-not-2227 attachment-portfolio size-portfolio wp-post-image\" alt=\"CHAPEAU NOIR ET ARGENT\u00c9 EN FINE FOURRURE DE LAPIN\" srcset=\"https:\/\/museodelacharreria.org.mx\/wp-content\/uploads\/2023\/10\/Museo-de-la-Charreria-SOMBRERO-NEGRO-Y-PLATA-DE-PELO-FINO-DE-SCONEJO-0027-495x400.jpg 495w, https:\/\/museodelacharreria.org.mx\/wp-content\/uploads\/2023\/10\/Museo-de-la-Charreria-SOMBRERO-NEGRO-Y-PLATA-DE-PELO-FINO-DE-SCONEJO-0027-845x684.jpg 845w\" sizes=\"(max-width: 495px) 100vw, 495px\" \/><\/a><footer class=\"entry-footer\"><\/footer><\/article><\/div><div data-ajax-id='2219' class='grid-entry flex_column isotope-item all_sort no_margin post-entry post-entry-2219 grid-entry-overview grid-loop-11 grid-parity-odd  coleccion_sort sombreros_sort  av_one_third  default_av_fullwidth'><article class='main_color inner-entry'  itemscope=\"itemscope\" itemtype=\"https:\/\/schema.org\/CreativeWork\" ><a href=\"https:\/\/museodelacharreria.org.mx\/fr\/coleccion\/sombrero-de-palma-real\/\" title=''  data-rel='grid-2' class='grid-image avia-hover-fx'> <img decoding=\"async\" fetchpriority=\"high\" width=\"495\" height=\"400\" src=\"https:\/\/museodelacharreria.org.mx\/wp-content\/uploads\/2023\/10\/Museo-de-la-Charreria-Sombrero-0010-495x400.jpg\" class=\"wp-image-2223 avia-img-lazy-loading-not-2223 attachment-portfolio size-portfolio wp-post-image\" alt=\"CHAPEAU ROYAL PALM\" srcset=\"https:\/\/museodelacharreria.org.mx\/wp-content\/uploads\/2023\/10\/Museo-de-la-Charreria-Sombrero-0010-495x400.jpg 495w, https:\/\/museodelacharreria.org.mx\/wp-content\/uploads\/2023\/10\/Museo-de-la-Charreria-Sombrero-0010-845x684.jpg 845w\" sizes=\"(max-width: 495px) 100vw, 495px\" \/><\/a><footer class=\"entry-footer\"><\/footer><\/article><\/div><div data-ajax-id='2209' class='grid-entry flex_column isotope-item all_sort no_margin post-entry post-entry-2209 grid-entry-overview grid-loop-12 grid-parity-even  coleccion_sort sombreros_sort  av_one_third  default_av_fullwidth'><article class='main_color inner-entry'  itemscope=\"itemscope\" itemtype=\"https:\/\/schema.org\/CreativeWork\" ><a href=\"https:\/\/museodelacharreria.org.mx\/fr\/coleccion\/sombrero-con-motivos-prehispanicos\/\" title=''  data-rel='grid-2' class='grid-image avia-hover-fx'> <img decoding=\"async\" fetchpriority=\"high\" width=\"495\" height=\"400\" src=\"https:\/\/museodelacharreria.org.mx\/wp-content\/uploads\/2023\/10\/Museo-de-la-Charreria-Sombrero-0159-495x400.jpg\" class=\"wp-image-2210 avia-img-lazy-loading-not-2210 attachment-portfolio size-portfolio wp-post-image\" alt=\"\" srcset=\"https:\/\/museodelacharreria.org.mx\/wp-content\/uploads\/2023\/10\/Museo-de-la-Charreria-Sombrero-0159-495x400.jpg 495w, https:\/\/museodelacharreria.org.mx\/wp-content\/uploads\/2023\/10\/Museo-de-la-Charreria-Sombrero-0159-845x684.jpg 845w\" sizes=\"(max-width: 495px) 100vw, 495px\" \/><\/a><footer class=\"entry-footer\"><\/footer><\/article><\/div><div data-ajax-id='2429' class='grid-entry flex_column isotope-item all_sort no_margin post-entry post-entry-2429 grid-entry-overview grid-loop-13 grid-parity-odd  coleccion_sort sombreros_sort  av_one_third first default_av_fullwidth'><article class='main_color inner-entry'  itemscope=\"itemscope\" itemtype=\"https:\/\/schema.org\/CreativeWork\" ><a href=\"https:\/\/museodelacharreria.org.mx\/fr\/coleccion\/sombrero-de-pelo-fino-bordado-en-canutillo-de-oro\/\" title=''  data-rel='grid-2' class='grid-image avia-hover-fx'> <img decoding=\"async\" fetchpriority=\"high\" width=\"495\" height=\"400\" src=\"https:\/\/museodelacharreria.org.mx\/wp-content\/uploads\/2023\/11\/Museo-de-la-Charreria-Sombrero-de-Charro-0144-495x400.jpg\" class=\"wp-image-2425 avia-img-lazy-loading-not-2425 attachment-portfolio size-portfolio wp-post-image\" alt=\"\" srcset=\"https:\/\/museodelacharreria.org.mx\/wp-content\/uploads\/2023\/11\/Museo-de-la-Charreria-Sombrero-de-Charro-0144-495x400.jpg 495w, https:\/\/museodelacharreria.org.mx\/wp-content\/uploads\/2023\/11\/Museo-de-la-Charreria-Sombrero-de-Charro-0144-845x684.jpg 845w\" sizes=\"(max-width: 495px) 100vw, 495px\" \/><\/a><footer class=\"entry-footer\"><\/footer><\/article><\/div><div data-ajax-id='1639' class='grid-entry flex_column isotope-item all_sort no_margin post-entry post-entry-1639 grid-entry-overview grid-loop-14 grid-parity-even  coleccion_sort sombreros_sort  av_one_third  default_av_fullwidth'><article class='main_color inner-entry'  itemscope=\"itemscope\" itemtype=\"https:\/\/schema.org\/CreativeWork\" ><a href=\"https:\/\/museodelacharreria.org.mx\/fr\/coleccion\/sombrero-gris-del-gral-felix-banuelos\/\" title=''  data-rel='grid-2' class='grid-image avia-hover-fx'> <img decoding=\"async\" fetchpriority=\"high\" width=\"495\" height=\"400\" src=\"https:\/\/museodelacharreria.org.mx\/wp-content\/uploads\/2023\/09\/Museo-de-la-Charreria-Sombrero-de-Charro-0101-495x400.jpg\" class=\"wp-image-1613 avia-img-lazy-loading-not-1613 attachment-portfolio size-portfolio wp-post-image\" alt=\"\" srcset=\"https:\/\/museodelacharreria.org.mx\/wp-content\/uploads\/2023\/09\/Museo-de-la-Charreria-Sombrero-de-Charro-0101-495x400.jpg 495w, https:\/\/museodelacharreria.org.mx\/wp-content\/uploads\/2023\/09\/Museo-de-la-Charreria-Sombrero-de-Charro-0101-845x684.jpg 845w\" sizes=\"(max-width: 495px) 100vw, 495px\" \/><\/a><footer class=\"entry-footer\"><\/footer><\/article><\/div><div data-ajax-id='1607' class='grid-entry flex_column isotope-item all_sort no_margin post-entry post-entry-1607 grid-entry-overview grid-loop-15 grid-parity-odd  coleccion_sort sombreros_sort  av_one_third  default_av_fullwidth'><article class='main_color inner-entry'  itemscope=\"itemscope\" itemtype=\"https:\/\/schema.org\/CreativeWork\" ><a href=\"https:\/\/museodelacharreria.org.mx\/fr\/coleccion\/sombrero-con-aguilas-nacionales\/\" title=''  data-rel='grid-2' class='grid-image avia-hover-fx'> <img decoding=\"async\" fetchpriority=\"high\" width=\"495\" height=\"400\" src=\"https:\/\/museodelacharreria.org.mx\/wp-content\/uploads\/2023\/09\/Museo-de-la-Charreria-Sombrero-de-Charro-0140-495x400.jpg\" class=\"wp-image-1611 avia-img-lazy-loading-not-1611 attachment-portfolio size-portfolio wp-post-image\" alt=\"\" srcset=\"https:\/\/museodelacharreria.org.mx\/wp-content\/uploads\/2023\/09\/Museo-de-la-Charreria-Sombrero-de-Charro-0140-495x400.jpg 495w, https:\/\/museodelacharreria.org.mx\/wp-content\/uploads\/2023\/09\/Museo-de-la-Charreria-Sombrero-de-Charro-0140-845x684.jpg 845w\" sizes=\"(max-width: 495px) 100vw, 495px\" \/><\/a><footer class=\"entry-footer\"><\/footer><\/article><\/div><div data-ajax-id='1301' class='grid-entry flex_column isotope-item all_sort no_margin post-entry post-entry-1301 grid-entry-overview grid-loop-16 grid-parity-even  coleccion_sort sombreros_sort  av_one_third first default_av_fullwidth'><article class='main_color inner-entry'  itemscope=\"itemscope\" itemtype=\"https:\/\/schema.org\/CreativeWork\" ><a href=\"https:\/\/museodelacharreria.org.mx\/fr\/coleccion\/sombrero-de-palma-real-con-galon-frances-y-copa-de-piloncillo\/\" title=''  data-rel='grid-2' class='grid-image avia-hover-fx'> <img decoding=\"async\" fetchpriority=\"high\" width=\"495\" height=\"400\" src=\"https:\/\/museodelacharreria.org.mx\/wp-content\/uploads\/2023\/09\/Museo-de-la-Charreria-CDMX-Sombrero-de-Charro-0108-495x400.jpg\" class=\"wp-image-1303 avia-img-lazy-loading-not-1303 attachment-portfolio size-portfolio wp-post-image\" alt=\"\" srcset=\"https:\/\/museodelacharreria.org.mx\/wp-content\/uploads\/2023\/09\/Museo-de-la-Charreria-CDMX-Sombrero-de-Charro-0108-495x400.jpg 495w, https:\/\/museodelacharreria.org.mx\/wp-content\/uploads\/2023\/09\/Museo-de-la-Charreria-CDMX-Sombrero-de-Charro-0108-845x684.jpg 845w\" sizes=\"(max-width: 495px) 100vw, 495px\" \/><\/a><footer class=\"entry-footer\"><\/footer><\/article><\/div><div data-ajax-id='1237' class='grid-entry flex_column isotope-item all_sort no_margin post-entry post-entry-1237 grid-entry-overview grid-loop-17 grid-parity-odd  coleccion_sort sombreros_sort  av_one_third  default_av_fullwidth'><article class='main_color inner-entry'  itemscope=\"itemscope\" itemtype=\"https:\/\/schema.org\/CreativeWork\" ><a href=\"https:\/\/museodelacharreria.org.mx\/fr\/coleccion\/sombrero-de-piloncillo-de-pelo-de-nutria-y-galon-frances\/\" title=''  data-rel='grid-2' class='grid-image avia-hover-fx'> <img decoding=\"async\" fetchpriority=\"high\" width=\"495\" height=\"400\" src=\"https:\/\/museodelacharreria.org.mx\/wp-content\/uploads\/2023\/09\/Museo-de-la-Charreria-CDMX-Sombrero-de-Charro-0089-2-495x400.jpg\" class=\"wp-image-1280 avia-img-lazy-loading-not-1280 attachment-portfolio size-portfolio wp-post-image\" alt=\"Chapeau Piloncillo avec tresse fran\u00e7aise en poils de loutre\" srcset=\"https:\/\/museodelacharreria.org.mx\/wp-content\/uploads\/2023\/09\/Museo-de-la-Charreria-CDMX-Sombrero-de-Charro-0089-2-495x400.jpg 495w, https:\/\/museodelacharreria.org.mx\/wp-content\/uploads\/2023\/09\/Museo-de-la-Charreria-CDMX-Sombrero-de-Charro-0089-2-845x684.jpg 845w\" sizes=\"(max-width: 495px) 100vw, 495px\" \/><\/a><footer class=\"entry-footer\"><\/footer><\/article><\/div><div data-ajax-id='963' class='grid-entry flex_column isotope-item all_sort no_margin post-entry post-entry-963 grid-entry-overview grid-loop-18 grid-parity-even  coleccion_sort sombreros_sort  av_one_third  default_av_fullwidth'><article class='main_color inner-entry'  itemscope=\"itemscope\" itemtype=\"https:\/\/schema.org\/CreativeWork\" ><a href=\"https:\/\/museodelacharreria.org.mx\/fr\/coleccion\/sombrero-aguilas-bordado-con-hilo-de-oro\/\" title=''  data-rel='grid-2' class='grid-image avia-hover-fx'> <img decoding=\"async\" fetchpriority=\"high\" width=\"495\" height=\"400\" src=\"https:\/\/museodelacharreria.org.mx\/wp-content\/uploads\/2023\/09\/Museo-de-la-Charreria-CDMX-Sombrero-de-Charro-0074-1-495x400.jpg\" class=\"wp-image-1289 avia-img-lazy-loading-not-1289 attachment-portfolio size-portfolio wp-post-image\" alt=\"\" srcset=\"https:\/\/museodelacharreria.org.mx\/wp-content\/uploads\/2023\/09\/Museo-de-la-Charreria-CDMX-Sombrero-de-Charro-0074-1-495x400.jpg 495w, https:\/\/museodelacharreria.org.mx\/wp-content\/uploads\/2023\/09\/Museo-de-la-Charreria-CDMX-Sombrero-de-Charro-0074-1-845x684.jpg 845w\" sizes=\"(max-width: 495px) 100vw, 495px\" \/><\/a><footer class=\"entry-footer\"><\/footer><\/article><\/div><div data-ajax-id='931' class='grid-entry flex_column isotope-item all_sort no_margin post-entry post-entry-931 grid-entry-overview grid-loop-19 grid-parity-odd  coleccion_sort sombreros_sort  av_one_third first default_av_fullwidth'><article class='main_color inner-entry'  itemscope=\"itemscope\" itemtype=\"https:\/\/schema.org\/CreativeWork\" ><a href=\"https:\/\/museodelacharreria.org.mx\/fr\/coleccion\/sombrero-de-china-poblana\/\" title=''  data-rel='grid-2' class='grid-image avia-hover-fx'> <img decoding=\"async\" fetchpriority=\"high\" width=\"495\" height=\"400\" src=\"https:\/\/museodelacharreria.org.mx\/wp-content\/uploads\/2023\/09\/Museo-de-la-Charreria-CDMX-Sombrero-de-Dama-Charra-0122-1-495x400.jpg\" class=\"wp-image-1298 avia-img-lazy-loading-not-1298 attachment-portfolio size-portfolio wp-post-image\" alt=\"\" srcset=\"https:\/\/museodelacharreria.org.mx\/wp-content\/uploads\/2023\/09\/Museo-de-la-Charreria-CDMX-Sombrero-de-Dama-Charra-0122-1-495x400.jpg 495w, https:\/\/museodelacharreria.org.mx\/wp-content\/uploads\/2023\/09\/Museo-de-la-Charreria-CDMX-Sombrero-de-Dama-Charra-0122-1-845x684.jpg 845w\" sizes=\"(max-width: 495px) 100vw, 495px\" \/><\/a><footer class=\"entry-footer\"><\/footer><\/article><\/div><div data-ajax-id='559' class='grid-entry flex_column isotope-item all_sort no_margin post-entry post-entry-559 grid-entry-overview grid-loop-20 grid-parity-even  coleccion_sort sombreros_sort  av_one_third  default_av_fullwidth'><article class='main_color inner-entry'  itemscope=\"itemscope\" itemtype=\"https:\/\/schema.org\/CreativeWork\" ><a href=\"https:\/\/museodelacharreria.org.mx\/fr\/coleccion\/sombrero-replica-del-obsequiado-al-papa-francisco\/\" title=''  data-rel='grid-2' class='grid-image avia-hover-fx'> <img decoding=\"async\" fetchpriority=\"high\" width=\"495\" height=\"400\" src=\"https:\/\/museodelacharreria.org.mx\/wp-content\/uploads\/2023\/09\/Museo-de-la-Charreria-CDMX-Sombrero-Papa-Francisco-0018-495x400.jpg\" class=\"wp-image-704 avia-img-lazy-loading-not-704 attachment-portfolio size-portfolio wp-post-image\" alt=\"\" srcset=\"https:\/\/museodelacharreria.org.mx\/wp-content\/uploads\/2023\/09\/Museo-de-la-Charreria-CDMX-Sombrero-Papa-Francisco-0018-495x400.jpg 495w, https:\/\/museodelacharreria.org.mx\/wp-content\/uploads\/2023\/09\/Museo-de-la-Charreria-CDMX-Sombrero-Papa-Francisco-0018-845x684.jpg 845w\" sizes=\"(max-width: 495px) 100vw, 495px\" \/><\/a><footer class=\"entry-footer\"><\/footer><\/article><\/div><div data-ajax-id='3965' class='grid-entry flex_column isotope-item all_sort no_margin post-entry post-entry-3965 grid-entry-overview grid-loop-21 grid-parity-odd  coleccion_sort utensilios_sort  av_one_third  default_av_fullwidth'><article class='main_color inner-entry'  itemscope=\"itemscope\" itemtype=\"https:\/\/schema.org\/CreativeWork\" ><a href=\"https:\/\/museodelacharreria.org.mx\/fr\/coleccion\/cabezadas-de-plata-de-emiliano-zapata\/\" title=''  data-rel='grid-2' class='grid-image avia-hover-fx'> <img decoding=\"async\" fetchpriority=\"high\" width=\"495\" height=\"400\" src=\"https:\/\/museodelacharreria.org.mx\/wp-content\/uploads\/2024\/11\/MUSEO-DE-LA-CHARRERIA-CABEZADA-DE-EMILIANO-ZAPATA--495x400.jpg\" class=\"wp-image-3966 avia-img-lazy-loading-not-3966 attachment-portfolio size-portfolio wp-post-image\" alt=\"\" srcset=\"https:\/\/museodelacharreria.org.mx\/wp-content\/uploads\/2024\/11\/MUSEO-DE-LA-CHARRERIA-CABEZADA-DE-EMILIANO-ZAPATA--495x400.jpg 495w, https:\/\/museodelacharreria.org.mx\/wp-content\/uploads\/2024\/11\/MUSEO-DE-LA-CHARRERIA-CABEZADA-DE-EMILIANO-ZAPATA--845x684.jpg 845w\" sizes=\"(max-width: 495px) 100vw, 495px\" \/><\/a><footer class=\"entry-footer\"><\/footer><\/article><\/div><div data-ajax-id='3910' class='grid-entry flex_column isotope-item all_sort no_margin post-entry post-entry-3910 grid-entry-overview grid-loop-22 grid-parity-even  coleccion_sort utensilios_sort  av_one_third first default_av_fullwidth'><article class='main_color inner-entry'  itemscope=\"itemscope\" itemtype=\"https:\/\/schema.org\/CreativeWork\" ><a href=\"https:\/\/museodelacharreria.org.mx\/fr\/coleccion\/frenos\/\" title=''  data-rel='grid-2' class='grid-image avia-hover-fx'> <img decoding=\"async\" fetchpriority=\"high\" width=\"495\" height=\"400\" src=\"https:\/\/museodelacharreria.org.mx\/wp-content\/uploads\/2024\/11\/FRENO-5-495x400.jpg\" class=\"wp-image-3915 avia-img-lazy-loading-not-3915 attachment-portfolio size-portfolio wp-post-image\" alt=\"\" srcset=\"https:\/\/museodelacharreria.org.mx\/wp-content\/uploads\/2024\/11\/FRENO-5-495x400.jpg 495w, https:\/\/museodelacharreria.org.mx\/wp-content\/uploads\/2024\/11\/FRENO-5-845x684.jpg 845w\" sizes=\"(max-width: 495px) 100vw, 495px\" \/><\/a><footer class=\"entry-footer\"><\/footer><\/article><\/div><div data-ajax-id='3867' class='grid-entry flex_column isotope-item all_sort no_margin post-entry post-entry-3867 grid-entry-overview grid-loop-23 grid-parity-odd  coleccion_sort utensilios_sort  av_one_third  default_av_fullwidth'><article class='main_color inner-entry'  itemscope=\"itemscope\" itemtype=\"https:\/\/schema.org\/CreativeWork\" ><a href=\"https:\/\/museodelacharreria.org.mx\/fr\/coleccion\/fuste-rustico\/\" title=''  data-rel='grid-2' class='grid-image avia-hover-fx'> <img decoding=\"async\" fetchpriority=\"high\" width=\"495\" height=\"400\" src=\"https:\/\/museodelacharreria.org.mx\/wp-content\/uploads\/2024\/11\/MUSEO-DE-LA-CHARRERIA-FUSTE-RUSTICO-7141-495x400.jpg\" class=\"wp-image-3872 avia-img-lazy-loading-not-3872 attachment-portfolio size-portfolio wp-post-image\" alt=\"\" srcset=\"https:\/\/museodelacharreria.org.mx\/wp-content\/uploads\/2024\/11\/MUSEO-DE-LA-CHARRERIA-FUSTE-RUSTICO-7141-495x400.jpg 495w, https:\/\/museodelacharreria.org.mx\/wp-content\/uploads\/2024\/11\/MUSEO-DE-LA-CHARRERIA-FUSTE-RUSTICO-7141-845x684.jpg 845w\" sizes=\"(max-width: 495px) 100vw, 495px\" \/><\/a><footer class=\"entry-footer\"><\/footer><\/article><\/div><div data-ajax-id='3375' class='grid-entry flex_column isotope-item all_sort no_margin post-entry post-entry-3375 grid-entry-overview grid-loop-24 grid-parity-even  coleccion_sort utensilios_sort  av_one_third  default_av_fullwidth'><article class='main_color inner-entry'  itemscope=\"itemscope\" itemtype=\"https:\/\/schema.org\/CreativeWork\" ><a href=\"https:\/\/museodelacharreria.org.mx\/fr\/coleccion\/fierros-para-marcar-ganado\/\" title=''  data-rel='grid-2' class='grid-image avia-hover-fx'> <img decoding=\"async\" fetchpriority=\"high\" width=\"495\" height=\"400\" src=\"https:\/\/museodelacharreria.org.mx\/wp-content\/uploads\/2024\/06\/MUSEO-DE-LA-CHARRERIA-FIERROS-PARA-MARCAR-GANADO-1513-495x400.jpg\" class=\"wp-image-3405 avia-img-lazy-loading-not-3405 attachment-portfolio size-portfolio wp-post-image\" alt=\"\" srcset=\"https:\/\/museodelacharreria.org.mx\/wp-content\/uploads\/2024\/06\/MUSEO-DE-LA-CHARRERIA-FIERROS-PARA-MARCAR-GANADO-1513-495x400.jpg 495w, https:\/\/museodelacharreria.org.mx\/wp-content\/uploads\/2024\/06\/MUSEO-DE-LA-CHARRERIA-FIERROS-PARA-MARCAR-GANADO-1513-845x684.jpg 845w\" sizes=\"(max-width: 495px) 100vw, 495px\" \/><\/a><footer class=\"entry-footer\"><\/footer><\/article><\/div><div data-ajax-id='3957' class='grid-entry flex_column isotope-item all_sort no_margin post-entry post-entry-3957 grid-entry-overview grid-loop-25 grid-parity-odd  accesorios_sort coleccion_sort  av_one_third first default_av_fullwidth'><article class='main_color inner-entry'  itemscope=\"itemscope\" itemtype=\"https:\/\/schema.org\/CreativeWork\" ><a href=\"https:\/\/museodelacharreria.org.mx\/fr\/coleccion\/chaparreras\/\" title=''  data-rel='grid-2' class='grid-image avia-hover-fx'> <img decoding=\"async\" fetchpriority=\"high\" width=\"495\" height=\"400\" src=\"https:\/\/museodelacharreria.org.mx\/wp-content\/uploads\/2024\/11\/Chaparreras-Cinceladas-495x400.jpg\" class=\"wp-image-3958 avia-img-lazy-loading-not-3958 attachment-portfolio size-portfolio wp-post-image\" alt=\"\" srcset=\"https:\/\/museodelacharreria.org.mx\/wp-content\/uploads\/2024\/11\/Chaparreras-Cinceladas-495x400.jpg 495w, https:\/\/museodelacharreria.org.mx\/wp-content\/uploads\/2024\/11\/Chaparreras-Cinceladas-845x684.jpg 845w\" sizes=\"(max-width: 495px) 100vw, 495px\" \/><\/a><footer class=\"entry-footer\"><\/footer><\/article><\/div><div data-ajax-id='3697' class='grid-entry flex_column isotope-item all_sort no_margin post-entry post-entry-3697 grid-entry-overview grid-loop-26 grid-parity-even  armas_sort coleccion_sort  av_one_third  default_av_fullwidth'><article class='main_color inner-entry'  itemscope=\"itemscope\" itemtype=\"https:\/\/schema.org\/CreativeWork\" ><a href=\"https:\/\/museodelacharreria.org.mx\/fr\/coleccion\/revolver-38-con-cachas-de-cuerno-de-venado\/\" title=''  data-rel='grid-2' class='grid-image avia-hover-fx'> <img decoding=\"async\" fetchpriority=\"high\" width=\"495\" height=\"400\" src=\"https:\/\/museodelacharreria.org.mx\/wp-content\/uploads\/2024\/11\/Museo-de-la-Charreria-Armas-Blancas-Revolver-con-Cachas-de-Asta-de-Ciervo-1-1-495x400.jpg\" class=\"wp-image-3701 avia-img-lazy-loading-not-3701 attachment-portfolio size-portfolio wp-post-image\" alt=\"\" srcset=\"https:\/\/museodelacharreria.org.mx\/wp-content\/uploads\/2024\/11\/Museo-de-la-Charreria-Armas-Blancas-Revolver-con-Cachas-de-Asta-de-Ciervo-1-1-495x400.jpg 495w, https:\/\/museodelacharreria.org.mx\/wp-content\/uploads\/2024\/11\/Museo-de-la-Charreria-Armas-Blancas-Revolver-con-Cachas-de-Asta-de-Ciervo-1-1-845x684.jpg 845w\" sizes=\"(max-width: 495px) 100vw, 495px\" \/><\/a><footer class=\"entry-footer\"><\/footer><\/article><\/div><div data-ajax-id='3423' class='grid-entry flex_column isotope-item all_sort no_margin post-entry post-entry-3423 grid-entry-overview grid-loop-27 grid-parity-odd  armas_sort coleccion_sort  av_one_third  default_av_fullwidth'><article class='main_color inner-entry'  itemscope=\"itemscope\" itemtype=\"https:\/\/schema.org\/CreativeWork\" ><a href=\"https:\/\/museodelacharreria.org.mx\/fr\/coleccion\/espada-de-la-reina-isabel\/\" title=''  data-rel='grid-2' class='grid-image avia-hover-fx'> <img decoding=\"async\" fetchpriority=\"high\" width=\"495\" height=\"400\" src=\"https:\/\/museodelacharreria.org.mx\/wp-content\/uploads\/2024\/07\/ESPADA-TOLEDANA--495x400.jpg\" class=\"wp-image-3424 avia-img-lazy-loading-not-3424 attachment-portfolio size-portfolio wp-post-image\" alt=\"\" srcset=\"https:\/\/museodelacharreria.org.mx\/wp-content\/uploads\/2024\/07\/ESPADA-TOLEDANA--495x400.jpg 495w, https:\/\/museodelacharreria.org.mx\/wp-content\/uploads\/2024\/07\/ESPADA-TOLEDANA--16x12.jpg 16w, https:\/\/museodelacharreria.org.mx\/wp-content\/uploads\/2024\/07\/ESPADA-TOLEDANA--845x684.jpg 845w\" sizes=\"(max-width: 495px) 100vw, 495px\" \/><\/a><footer class=\"entry-footer\"><\/footer><\/article><\/div><div data-ajax-id='3180' class='grid-entry flex_column isotope-item all_sort no_margin post-entry post-entry-3180 grid-entry-overview grid-loop-28 grid-parity-even  armas_sort coleccion_sort  av_one_third first default_av_fullwidth'><article class='main_color inner-entry'  itemscope=\"itemscope\" itemtype=\"https:\/\/schema.org\/CreativeWork\" ><a href=\"https:\/\/museodelacharreria.org.mx\/fr\/coleccion\/lanzas\/\" title=''  data-rel='grid-2' class='grid-image avia-hover-fx'> <img decoding=\"async\" fetchpriority=\"high\" width=\"495\" height=\"400\" src=\"https:\/\/museodelacharreria.org.mx\/wp-content\/uploads\/2024\/06\/MUSEO-DE-LA-CHARRERIA-ARMAS-BLANCA-LANZA-1519-portada-495x400.jpg\" class=\"wp-image-3179 avia-img-lazy-loading-not-3179 attachment-portfolio size-portfolio wp-post-image\" alt=\"\" srcset=\"https:\/\/museodelacharreria.org.mx\/wp-content\/uploads\/2024\/06\/MUSEO-DE-LA-CHARRERIA-ARMAS-BLANCA-LANZA-1519-portada-495x400.jpg 495w, https:\/\/museodelacharreria.org.mx\/wp-content\/uploads\/2024\/06\/MUSEO-DE-LA-CHARRERIA-ARMAS-BLANCA-LANZA-1519-portada-845x684.jpg 845w\" sizes=\"(max-width: 495px) 100vw, 495px\" \/><\/a><footer class=\"entry-footer\"><\/footer><\/article><\/div><div data-ajax-id='2198' class='grid-entry flex_column isotope-item all_sort no_margin post-entry post-entry-2198 grid-entry-overview grid-loop-29 grid-parity-odd  armas_sort coleccion_sort  av_one_third  default_av_fullwidth'><article class='main_color inner-entry'  itemscope=\"itemscope\" itemtype=\"https:\/\/schema.org\/CreativeWork\" ><a href=\"https:\/\/museodelacharreria.org.mx\/fr\/coleccion\/cuchillo-artesanal-casa-aragon\/\" title=''  data-rel='grid-2' class='grid-image avia-hover-fx'> <img decoding=\"async\" fetchpriority=\"high\" width=\"495\" height=\"400\" src=\"https:\/\/museodelacharreria.org.mx\/wp-content\/uploads\/2023\/10\/Museo-de-la-Charreria-Cuchillo-de-Casa-Aragon-Oaxaca--495x400.jpg\" class=\"wp-image-2203 avia-img-lazy-loading-not-2203 attachment-portfolio size-portfolio wp-post-image\" alt=\"COUTEAU FAIT MAIN CASA ARAG\u00d3N\" srcset=\"https:\/\/museodelacharreria.org.mx\/wp-content\/uploads\/2023\/10\/Museo-de-la-Charreria-Cuchillo-de-Casa-Aragon-Oaxaca--495x400.jpg 495w, https:\/\/museodelacharreria.org.mx\/wp-content\/uploads\/2023\/10\/Museo-de-la-Charreria-Cuchillo-de-Casa-Aragon-Oaxaca--845x684.jpg 845w\" sizes=\"(max-width: 495px) 100vw, 495px\" \/><\/a><footer class=\"entry-footer\"><\/footer><\/article><\/div><div data-ajax-id='2096' class='grid-entry flex_column isotope-item all_sort no_margin post-entry post-entry-2096 grid-entry-overview grid-loop-30 grid-parity-even  armas_sort coleccion_sort  av_one_third  default_av_fullwidth'><article class='main_color inner-entry'  itemscope=\"itemscope\" itemtype=\"https:\/\/schema.org\/CreativeWork\" ><a href=\"https:\/\/museodelacharreria.org.mx\/fr\/coleccion\/espada-sable-toledano-1893\/\" title=''  data-rel='grid-2' class='grid-image avia-hover-fx'> <img decoding=\"async\" fetchpriority=\"high\" width=\"495\" height=\"400\" src=\"https:\/\/museodelacharreria.org.mx\/wp-content\/uploads\/2023\/10\/Museo-de-la-Charreria-Sable-Toledano-1893-0168-6-495x400.jpg\" class=\"wp-image-2097 avia-img-lazy-loading-not-2097 attachment-portfolio size-portfolio wp-post-image\" alt=\"Toledan Sabre 1893\" srcset=\"https:\/\/museodelacharreria.org.mx\/wp-content\/uploads\/2023\/10\/Museo-de-la-Charreria-Sable-Toledano-1893-0168-6-495x400.jpg 495w, https:\/\/museodelacharreria.org.mx\/wp-content\/uploads\/2023\/10\/Museo-de-la-Charreria-Sable-Toledano-1893-0168-6-845x684.jpg 845w\" sizes=\"(max-width: 495px) 100vw, 495px\" \/><small class='avia-copyright'>Mus\u00e9e de la Charrerie <\/small><\/a><footer class=\"entry-footer\"><\/footer><\/article><\/div><div data-ajax-id='2077' class='grid-entry flex_column isotope-item all_sort no_margin post-entry post-entry-2077 grid-entry-overview grid-loop-31 grid-parity-odd  armas_sort coleccion_sort  av_one_third first default_av_fullwidth'><article class='main_color inner-entry'  itemscope=\"itemscope\" itemtype=\"https:\/\/schema.org\/CreativeWork\" ><a href=\"https:\/\/museodelacharreria.org.mx\/fr\/coleccion\/espadas-sable\/\" title=''  data-rel='grid-2' class='grid-image avia-hover-fx'> <img decoding=\"async\" fetchpriority=\"high\" width=\"495\" height=\"400\" src=\"https:\/\/museodelacharreria.org.mx\/wp-content\/uploads\/2023\/10\/Museo-de-la-Charreria-Arma-Blanca-3-495x400.jpg\" class=\"wp-image-1990 avia-img-lazy-loading-not-1990 attachment-portfolio size-portfolio wp-post-image\" alt=\"\" srcset=\"https:\/\/museodelacharreria.org.mx\/wp-content\/uploads\/2023\/10\/Museo-de-la-Charreria-Arma-Blanca-3-495x400.jpg 495w, https:\/\/museodelacharreria.org.mx\/wp-content\/uploads\/2023\/10\/Museo-de-la-Charreria-Arma-Blanca-3-845x684.jpg 845w\" sizes=\"(max-width: 495px) 100vw, 495px\" \/><\/a><footer class=\"entry-footer\"><\/footer><\/article><\/div><div data-ajax-id='1986' class='grid-entry flex_column isotope-item all_sort no_margin post-entry post-entry-1986 grid-entry-overview grid-loop-32 grid-parity-even  armas_sort coleccion_sort  av_one_third  default_av_fullwidth'><article class='main_color inner-entry'  itemscope=\"itemscope\" itemtype=\"https:\/\/schema.org\/CreativeWork\" ><a href=\"https:\/\/museodelacharreria.org.mx\/fr\/coleccion\/espada-del-ejercito-mexicano\/\" title=''  data-rel='grid-2' class='grid-image avia-hover-fx'> <img decoding=\"async\" fetchpriority=\"high\" width=\"495\" height=\"400\" src=\"https:\/\/museodelacharreria.org.mx\/wp-content\/uploads\/2023\/10\/Museo-de-la-Charreria-Arma-Blanca-5-495x400.jpg\" class=\"wp-image-1992 avia-img-lazy-loading-not-1992 attachment-portfolio size-portfolio wp-post-image\" alt=\"\u00c9p\u00e9e de l&#039;arm\u00e9e mexicaine - D\u00e9tail de la garde\" srcset=\"https:\/\/museodelacharreria.org.mx\/wp-content\/uploads\/2023\/10\/Museo-de-la-Charreria-Arma-Blanca-5-495x400.jpg 495w, https:\/\/museodelacharreria.org.mx\/wp-content\/uploads\/2023\/10\/Museo-de-la-Charreria-Arma-Blanca-5-845x684.jpg 845w\" sizes=\"(max-width: 495px) 100vw, 495px\" \/><small class='avia-copyright'>Mus\u00e9e de la Charrerie Photo : Antonio Gegundez<\/small><\/a><footer class=\"entry-footer\"><\/footer><\/article><\/div><div data-ajax-id='1139' class='grid-entry flex_column isotope-item all_sort no_margin post-entry post-entry-1139 grid-entry-overview grid-loop-33 grid-parity-odd  armas_sort coleccion_sort  av_one_third  default_av_fullwidth'><article class='main_color inner-entry'  itemscope=\"itemscope\" itemtype=\"https:\/\/schema.org\/CreativeWork\" ><a href=\"https:\/\/museodelacharreria.org.mx\/fr\/coleccion\/revolver-revolucionario-cal-38\/\" title=''  data-rel='grid-2' class='grid-image avia-hover-fx'> <img decoding=\"async\" fetchpriority=\"high\" width=\"495\" height=\"400\" src=\"https:\/\/museodelacharreria.org.mx\/wp-content\/uploads\/2023\/09\/Museo-de-la-Charreria-CDMX-Revolver-Cal-38-5-Tiros--495x400.jpg\" class=\"wp-image-1140 avia-img-lazy-loading-not-1140 attachment-portfolio size-portfolio wp-post-image\" alt=\"\" srcset=\"https:\/\/museodelacharreria.org.mx\/wp-content\/uploads\/2023\/09\/Museo-de-la-Charreria-CDMX-Revolver-Cal-38-5-Tiros--495x400.jpg 495w, https:\/\/museodelacharreria.org.mx\/wp-content\/uploads\/2023\/09\/Museo-de-la-Charreria-CDMX-Revolver-Cal-38-5-Tiros--845x684.jpg 845w\" sizes=\"(max-width: 495px) 100vw, 495px\" \/><\/a><footer class=\"entry-footer\"><\/footer><\/article><\/div><div data-ajax-id='1129' class='grid-entry flex_column isotope-item all_sort no_margin post-entry post-entry-1129 grid-entry-overview grid-loop-34 grid-parity-even  armas_sort coleccion_sort  av_one_third first default_av_fullwidth'><article class='main_color inner-entry'  itemscope=\"itemscope\" itemtype=\"https:\/\/schema.org\/CreativeWork\" ><a href=\"https:\/\/museodelacharreria.org.mx\/fr\/coleccion\/carabina-30-30\/\" title=''  data-rel='grid-2' class='grid-image avia-hover-fx'> <img decoding=\"async\" fetchpriority=\"high\" width=\"495\" height=\"400\" src=\"https:\/\/museodelacharreria.org.mx\/wp-content\/uploads\/2023\/09\/Museo-de-la-Charreria-CDMX-Carabina-30-30-2-495x400.jpg\" class=\"wp-image-1134 avia-img-lazy-loading-not-1134 attachment-portfolio size-portfolio wp-post-image\" alt=\"\" srcset=\"https:\/\/museodelacharreria.org.mx\/wp-content\/uploads\/2023\/09\/Museo-de-la-Charreria-CDMX-Carabina-30-30-2-495x400.jpg 495w, https:\/\/museodelacharreria.org.mx\/wp-content\/uploads\/2023\/09\/Museo-de-la-Charreria-CDMX-Carabina-30-30-2-845x684.jpg 845w\" sizes=\"(max-width: 495px) 100vw, 495px\" \/><\/a><footer class=\"entry-footer\"><\/footer><\/article><\/div><div data-ajax-id='1104' class='grid-entry flex_column isotope-item all_sort no_margin post-entry post-entry-1104 grid-entry-overview grid-loop-35 grid-parity-odd  armas_sort coleccion_sort  av_one_third  default_av_fullwidth'><article class='main_color inner-entry'  itemscope=\"itemscope\" itemtype=\"https:\/\/schema.org\/CreativeWork\" ><a href=\"https:\/\/museodelacharreria.org.mx\/fr\/coleccion\/rifle-winchester-1892\/\" title=''  data-rel='grid-2' class='grid-image avia-hover-fx'> <img decoding=\"async\" fetchpriority=\"high\" width=\"495\" height=\"400\" src=\"https:\/\/museodelacharreria.org.mx\/wp-content\/uploads\/2023\/09\/Museo-de-la-Charreria-CDMX-RIFLE-MARCA-WINCHESTER-MOD.-1982-CAL.-38-0135-495x400.jpg\" class=\"wp-image-1051 avia-img-lazy-loading-not-1051 attachment-portfolio size-portfolio wp-post-image\" alt=\"\" srcset=\"https:\/\/museodelacharreria.org.mx\/wp-content\/uploads\/2023\/09\/Museo-de-la-Charreria-CDMX-RIFLE-MARCA-WINCHESTER-MOD.-1982-CAL.-38-0135-495x400.jpg 495w, https:\/\/museodelacharreria.org.mx\/wp-content\/uploads\/2023\/09\/Museo-de-la-Charreria-CDMX-RIFLE-MARCA-WINCHESTER-MOD.-1982-CAL.-38-0135-845x684.jpg 845w\" sizes=\"(max-width: 495px) 100vw, 495px\" \/><\/a><footer class=\"entry-footer\"><\/footer><\/article><\/div><div data-ajax-id='234' class='grid-entry flex_column isotope-item all_sort no_margin post-entry post-entry-234 grid-entry-overview grid-loop-36 grid-parity-even  armas_sort coleccion_sort  av_one_third  default_av_fullwidth'><article class='main_color inner-entry'  itemscope=\"itemscope\" itemtype=\"https:\/\/schema.org\/CreativeWork\" ><a href=\"https:\/\/museodelacharreria.org.mx\/fr\/coleccion\/revolver-de-pancho-villa\/\" title=''  data-rel='grid-2' class='grid-image avia-hover-fx'> <img decoding=\"async\" fetchpriority=\"high\" width=\"495\" height=\"400\" src=\"https:\/\/museodelacharreria.org.mx\/wp-content\/uploads\/2023\/09\/Museo-de-la-Charreria-CDMX-Armas-de-Fuego-0044-495x400.jpg\" class=\"wp-image-483 avia-img-lazy-loading-not-483 attachment-portfolio size-portfolio wp-post-image\" alt=\"Revolver appartenant au g\u00e9n\u00e9ral Francisco Villa\" srcset=\"https:\/\/museodelacharreria.org.mx\/wp-content\/uploads\/2023\/09\/Museo-de-la-Charreria-CDMX-Armas-de-Fuego-0044-495x400.jpg 495w, https:\/\/museodelacharreria.org.mx\/wp-content\/uploads\/2023\/09\/Museo-de-la-Charreria-CDMX-Armas-de-Fuego-0044-845x684.jpg 845w\" sizes=\"(max-width: 495px) 100vw, 495px\" \/><\/a><footer class=\"entry-footer\"><\/footer><\/article><\/div><div data-ajax-id='3158' class='grid-entry flex_column isotope-item all_sort no_margin post-entry post-entry-3158 grid-entry-overview grid-loop-37 grid-parity-odd  coleccion_sort utensilios_sort  av_one_third first default_av_fullwidth'><article class='main_color inner-entry'  itemscope=\"itemscope\" itemtype=\"https:\/\/schema.org\/CreativeWork\" ><a href=\"https:\/\/museodelacharreria.org.mx\/fr\/coleccion\/estribos-con-tapadera\/\" title=''  data-rel='grid-2' class='grid-image avia-hover-fx'> <img decoding=\"async\" fetchpriority=\"high\" width=\"495\" height=\"400\" src=\"https:\/\/museodelacharreria.org.mx\/wp-content\/uploads\/2024\/06\/MUSEO-DE-LA-CHARRERIA-ESTRIBO-CON-TAPADERA-HRZ-495x400.jpg\" class=\"wp-image-3139 avia-img-lazy-loading-not-3139 attachment-portfolio size-portfolio wp-post-image\" alt=\"\" srcset=\"https:\/\/museodelacharreria.org.mx\/wp-content\/uploads\/2024\/06\/MUSEO-DE-LA-CHARRERIA-ESTRIBO-CON-TAPADERA-HRZ-495x400.jpg 495w, https:\/\/museodelacharreria.org.mx\/wp-content\/uploads\/2024\/06\/MUSEO-DE-LA-CHARRERIA-ESTRIBO-CON-TAPADERA-HRZ-845x684.jpg 845w\" sizes=\"(max-width: 495px) 100vw, 495px\" \/><\/a><footer class=\"entry-footer\"><\/footer><\/article><\/div><div data-ajax-id='3944' class='grid-entry flex_column isotope-item all_sort no_margin post-entry post-entry-3944 grid-entry-overview grid-loop-38 grid-parity-even  accesorios_sort coleccion_sort  av_one_third  default_av_fullwidth'><article class='main_color inner-entry'  itemscope=\"itemscope\" itemtype=\"https:\/\/schema.org\/CreativeWork\" ><a href=\"https:\/\/museodelacharreria.org.mx\/fr\/coleccion\/polainas-camperas\/\" title=''  data-rel='grid-2' class='grid-image avia-hover-fx'> <img decoding=\"async\" fetchpriority=\"high\" width=\"495\" height=\"400\" src=\"https:\/\/museodelacharreria.org.mx\/wp-content\/uploads\/2024\/11\/JUEGO-DE-POLAINAS-CAMPERAS-495x400.jpg\" class=\"wp-image-3950 avia-img-lazy-loading-not-3950 attachment-portfolio size-portfolio wp-post-image\" alt=\"\" srcset=\"https:\/\/museodelacharreria.org.mx\/wp-content\/uploads\/2024\/11\/JUEGO-DE-POLAINAS-CAMPERAS-495x400.jpg 495w, https:\/\/museodelacharreria.org.mx\/wp-content\/uploads\/2024\/11\/JUEGO-DE-POLAINAS-CAMPERAS-845x684.jpg 845w\" sizes=\"(max-width: 495px) 100vw, 495px\" \/><\/a><footer class=\"entry-footer\"><\/footer><\/article><\/div><div data-ajax-id='3488' class='grid-entry flex_column isotope-item all_sort no_margin post-entry post-entry-3488 grid-entry-overview grid-loop-39 grid-parity-odd  accesorios_sort coleccion_sort  av_one_third  default_av_fullwidth'><article class='main_color inner-entry'  itemscope=\"itemscope\" itemtype=\"https:\/\/schema.org\/CreativeWork\" ><a href=\"https:\/\/museodelacharreria.org.mx\/fr\/coleccion\/fundas-de-revolver-y-cananas\/\" title=''  data-rel='grid-2' class='grid-image avia-hover-fx'> <img decoding=\"async\" fetchpriority=\"high\" width=\"495\" height=\"400\" src=\"https:\/\/museodelacharreria.org.mx\/wp-content\/uploads\/2024\/07\/FUNDA-DE-REVOLVER-2-PORTADA-495x400.jpg\" class=\"wp-image-3500 avia-img-lazy-loading-not-3500 attachment-portfolio size-portfolio wp-post-image\" alt=\"\" srcset=\"https:\/\/museodelacharreria.org.mx\/wp-content\/uploads\/2024\/07\/FUNDA-DE-REVOLVER-2-PORTADA-495x400.jpg 495w, https:\/\/museodelacharreria.org.mx\/wp-content\/uploads\/2024\/07\/FUNDA-DE-REVOLVER-2-PORTADA-845x684.jpg 845w\" sizes=\"(max-width: 495px) 100vw, 495px\" \/><\/a><footer class=\"entry-footer\"><\/footer><\/article><\/div><div data-ajax-id='3478' class='grid-entry flex_column isotope-item all_sort no_margin post-entry post-entry-3478 grid-entry-overview grid-loop-40 grid-parity-even  accesorios_sort coleccion_sort  av_one_third first default_av_fullwidth'><article class='main_color inner-entry'  itemscope=\"itemscope\" itemtype=\"https:\/\/schema.org\/CreativeWork\" ><a href=\"https:\/\/museodelacharreria.org.mx\/fr\/coleccion\/anquera\/\" title=''  data-rel='grid-2' class='grid-image avia-hover-fx'> <img decoding=\"async\" fetchpriority=\"high\" width=\"495\" height=\"400\" src=\"https:\/\/museodelacharreria.org.mx\/wp-content\/uploads\/2024\/07\/MUSEO-DE-LA-CHARRERIA-ANQUERA-1420-495x400.jpg\" class=\"wp-image-3460 avia-img-lazy-loading-not-3460 attachment-portfolio size-portfolio wp-post-image\" alt=\"\" srcset=\"https:\/\/museodelacharreria.org.mx\/wp-content\/uploads\/2024\/07\/MUSEO-DE-LA-CHARRERIA-ANQUERA-1420-495x400.jpg 495w, https:\/\/museodelacharreria.org.mx\/wp-content\/uploads\/2024\/07\/MUSEO-DE-LA-CHARRERIA-ANQUERA-1420-845x684.jpg 845w\" sizes=\"(max-width: 495px) 100vw, 495px\" \/><\/a><footer class=\"entry-footer\"><\/footer><\/article><\/div><div data-ajax-id='3474' class='grid-entry flex_column isotope-item all_sort no_margin post-entry post-entry-3474 grid-entry-overview grid-loop-41 grid-parity-odd  accesorios_sort coleccion_sort  av_one_third  default_av_fullwidth'><article class='main_color inner-entry'  itemscope=\"itemscope\" itemtype=\"https:\/\/schema.org\/CreativeWork\" ><a href=\"https:\/\/museodelacharreria.org.mx\/fr\/coleccion\/armas-de-agua\/\" title=''  data-rel='grid-2' class='grid-image avia-hover-fx'> <img decoding=\"async\" fetchpriority=\"high\" width=\"495\" height=\"400\" src=\"https:\/\/museodelacharreria.org.mx\/wp-content\/uploads\/2024\/07\/MUSEO-DE-LA-CHARRERIA-ARMAS-DE-AGUA-2-495x400.jpg\" class=\"wp-image-3462 avia-img-lazy-loading-not-3462 attachment-portfolio size-portfolio wp-post-image\" alt=\"\" srcset=\"https:\/\/museodelacharreria.org.mx\/wp-content\/uploads\/2024\/07\/MUSEO-DE-LA-CHARRERIA-ARMAS-DE-AGUA-2-495x400.jpg 495w, https:\/\/museodelacharreria.org.mx\/wp-content\/uploads\/2024\/07\/MUSEO-DE-LA-CHARRERIA-ARMAS-DE-AGUA-2-845x684.jpg 845w\" sizes=\"(max-width: 495px) 100vw, 495px\" \/><\/a><footer class=\"entry-footer\"><\/footer><\/article><\/div><div data-ajax-id='3453' class='grid-entry flex_column isotope-item all_sort no_margin post-entry post-entry-3453 grid-entry-overview grid-loop-42 grid-parity-even  accesorios_sort coleccion_sort  av_one_third  default_av_fullwidth'><article class='main_color inner-entry'  itemscope=\"itemscope\" itemtype=\"https:\/\/schema.org\/CreativeWork\" ><a href=\"https:\/\/museodelacharreria.org.mx\/fr\/coleccion\/accesorio-vaquerillos\/\" title=''  data-rel='grid-2' class='grid-image avia-hover-fx'> <img decoding=\"async\" fetchpriority=\"high\" width=\"495\" height=\"400\" src=\"https:\/\/museodelacharreria.org.mx\/wp-content\/uploads\/2024\/07\/MUSEO-DE-LA-CHARRERIA-VAQUERILLOS-2-495x400.jpg\" class=\"wp-image-3454 avia-img-lazy-loading-not-3454 attachment-portfolio size-portfolio wp-post-image\" alt=\"\" srcset=\"https:\/\/museodelacharreria.org.mx\/wp-content\/uploads\/2024\/07\/MUSEO-DE-LA-CHARRERIA-VAQUERILLOS-2-495x400.jpg 495w, https:\/\/museodelacharreria.org.mx\/wp-content\/uploads\/2024\/07\/MUSEO-DE-LA-CHARRERIA-VAQUERILLOS-2-845x684.jpg 845w\" sizes=\"(max-width: 495px) 100vw, 495px\" \/><\/a><footer class=\"entry-footer\"><\/footer><\/article><\/div><div data-ajax-id='3214' class='grid-entry flex_column isotope-item all_sort no_margin post-entry post-entry-3214 grid-entry-overview grid-loop-43 grid-parity-odd  accesorios_sort coleccion_sort  av_one_third first default_av_fullwidth'><article class='main_color inner-entry'  itemscope=\"itemscope\" itemtype=\"https:\/\/schema.org\/CreativeWork\" ><a href=\"https:\/\/museodelacharreria.org.mx\/fr\/coleccion\/mitazas\/\" title=''  data-rel='grid-2' class='grid-image avia-hover-fx'> <img decoding=\"async\" fetchpriority=\"high\" width=\"495\" height=\"400\" src=\"https:\/\/museodelacharreria.org.mx\/wp-content\/uploads\/2024\/06\/MUSEO-DE-LA-CHARRERIA-UTENSILIOS-MITAZAS-1-495x400.jpg\" class=\"wp-image-3218 avia-img-lazy-loading-not-3218 attachment-portfolio size-portfolio wp-post-image\" alt=\"\" srcset=\"https:\/\/museodelacharreria.org.mx\/wp-content\/uploads\/2024\/06\/MUSEO-DE-LA-CHARRERIA-UTENSILIOS-MITAZAS-1-495x400.jpg 495w, https:\/\/museodelacharreria.org.mx\/wp-content\/uploads\/2024\/06\/MUSEO-DE-LA-CHARRERIA-UTENSILIOS-MITAZAS-1-845x684.jpg 845w\" sizes=\"(max-width: 495px) 100vw, 495px\" \/><\/a><footer class=\"entry-footer\"><\/footer><\/article><\/div><div data-ajax-id='1518' class='grid-entry flex_column isotope-item all_sort no_margin post-entry post-entry-1518 grid-entry-overview grid-loop-44 grid-parity-even  accesorios_sort coleccion_sort  av_one_third  default_av_fullwidth'><article class='main_color inner-entry'  itemscope=\"itemscope\" itemtype=\"https:\/\/schema.org\/CreativeWork\" ><a href=\"https:\/\/museodelacharreria.org.mx\/fr\/coleccion\/espuelas-taconera-rustica\/\" title=''  data-rel='grid-2' class='grid-image avia-hover-fx'> <img decoding=\"async\" fetchpriority=\"high\" width=\"495\" height=\"400\" src=\"https:\/\/museodelacharreria.org.mx\/wp-content\/uploads\/2023\/09\/Museo-de-la-Charreria-Espuelas-5-495x400.jpg\" class=\"wp-image-1503 avia-img-lazy-loading-not-1503 attachment-portfolio size-portfolio wp-post-image\" alt=\"\" srcset=\"https:\/\/museodelacharreria.org.mx\/wp-content\/uploads\/2023\/09\/Museo-de-la-Charreria-Espuelas-5-495x400.jpg 495w, https:\/\/museodelacharreria.org.mx\/wp-content\/uploads\/2023\/09\/Museo-de-la-Charreria-Espuelas-5-845x684.jpg 845w\" sizes=\"(max-width: 495px) 100vw, 495px\" \/><\/a><footer class=\"entry-footer\"><\/footer><\/article><\/div><div data-ajax-id='1515' class='grid-entry flex_column isotope-item all_sort no_margin post-entry post-entry-1515 grid-entry-overview grid-loop-45 grid-parity-odd  accesorios_sort coleccion_sort  av_one_third  default_av_fullwidth'><article class='main_color inner-entry'  itemscope=\"itemscope\" itemtype=\"https:\/\/schema.org\/CreativeWork\" ><a href=\"https:\/\/museodelacharreria.org.mx\/fr\/coleccion\/espuelas-taconera-en-bronce\/\" title=''  data-rel='grid-2' class='grid-image avia-hover-fx'> <img decoding=\"async\" fetchpriority=\"high\" width=\"495\" height=\"400\" src=\"https:\/\/museodelacharreria.org.mx\/wp-content\/uploads\/2023\/09\/Museo-de-la-Charreria-Espuelas--495x400.jpg\" class=\"wp-image-1508 avia-img-lazy-loading-not-1508 attachment-portfolio size-portfolio wp-post-image\" alt=\"\" srcset=\"https:\/\/museodelacharreria.org.mx\/wp-content\/uploads\/2023\/09\/Museo-de-la-Charreria-Espuelas--495x400.jpg 495w, https:\/\/museodelacharreria.org.mx\/wp-content\/uploads\/2023\/09\/Museo-de-la-Charreria-Espuelas--845x684.jpg 845w\" sizes=\"(max-width: 495px) 100vw, 495px\" \/><\/a><footer class=\"entry-footer\"><\/footer><\/article><\/div><div data-ajax-id='1502' class='grid-entry flex_column isotope-item all_sort no_margin post-entry post-entry-1502 grid-entry-overview grid-loop-46 grid-parity-even  accesorios_sort coleccion_sort  av_one_third first default_av_fullwidth'><article class='main_color inner-entry'  itemscope=\"itemscope\" itemtype=\"https:\/\/schema.org\/CreativeWork\" ><a href=\"https:\/\/museodelacharreria.org.mx\/fr\/coleccion\/espuelas-taloneras-de-chinaco\/\" title=''  data-rel='grid-2' class='grid-image avia-hover-fx'> <img decoding=\"async\" fetchpriority=\"high\" width=\"495\" height=\"400\" src=\"https:\/\/museodelacharreria.org.mx\/wp-content\/uploads\/2023\/09\/Museo-de-la-Charreria-Espuelas-4-495x400.jpg\" class=\"wp-image-1505 avia-img-lazy-loading-not-1505 attachment-portfolio size-portfolio wp-post-image\" alt=\"\" srcset=\"https:\/\/museodelacharreria.org.mx\/wp-content\/uploads\/2023\/09\/Museo-de-la-Charreria-Espuelas-4-495x400.jpg 495w, https:\/\/museodelacharreria.org.mx\/wp-content\/uploads\/2023\/09\/Museo-de-la-Charreria-Espuelas-4-845x684.jpg 845w\" sizes=\"(max-width: 495px) 100vw, 495px\" \/><\/a><footer class=\"entry-footer\"><\/footer><\/article><\/div><div data-ajax-id='577' class='grid-entry flex_column isotope-item all_sort no_margin post-entry post-entry-577 grid-entry-overview grid-loop-47 grid-parity-odd  accesorios_sort coleccion_sort  av_one_third  default_av_fullwidth'><article class='main_color inner-entry'  itemscope=\"itemscope\" itemtype=\"https:\/\/schema.org\/CreativeWork\" ><a href=\"https:\/\/museodelacharreria.org.mx\/fr\/coleccion\/espuela-taconeras-de-acero\/\" title=''  data-rel='grid-2' class='grid-image avia-hover-fx'> <img decoding=\"async\" fetchpriority=\"high\" width=\"495\" height=\"400\" src=\"https:\/\/museodelacharreria.org.mx\/wp-content\/uploads\/2023\/09\/Museo-de-la-Charreria-CDMX-Espuelas-5-495x400.jpg\" class=\"wp-image-579 avia-img-lazy-loading-not-579 attachment-portfolio size-portfolio wp-post-image\" alt=\"\" srcset=\"https:\/\/museodelacharreria.org.mx\/wp-content\/uploads\/2023\/09\/Museo-de-la-Charreria-CDMX-Espuelas-5-495x400.jpg 495w, https:\/\/museodelacharreria.org.mx\/wp-content\/uploads\/2023\/09\/Museo-de-la-Charreria-CDMX-Espuelas-5-845x684.jpg 845w\" sizes=\"(max-width: 495px) 100vw, 495px\" \/><\/a><footer class=\"entry-footer\"><\/footer><\/article><\/div><div data-ajax-id='2435' class='grid-entry flex_column isotope-item all_sort no_margin post-entry post-entry-2435 grid-entry-overview grid-loop-48 grid-parity-even  coleccion_sort sombreros_sort  av_one_third  default_av_fullwidth'><article class='main_color inner-entry'  itemscope=\"itemscope\" itemtype=\"https:\/\/schema.org\/CreativeWork\" ><a href=\"https:\/\/museodelacharreria.org.mx\/fr\/coleccion\/sombrero-de-charro-para-nino\/\" title=''  data-rel='grid-2' class='grid-image avia-hover-fx'> <img decoding=\"async\" fetchpriority=\"high\" width=\"495\" height=\"400\" src=\"https:\/\/museodelacharreria.org.mx\/wp-content\/uploads\/2023\/11\/Museo-de-la-Charreria-Sombrero-de-Charro-0022-495x400.jpg\" class=\"wp-image-2420 avia-img-lazy-loading-not-2420 attachment-portfolio size-portfolio wp-post-image\" alt=\"\" srcset=\"https:\/\/museodelacharreria.org.mx\/wp-content\/uploads\/2023\/11\/Museo-de-la-Charreria-Sombrero-de-Charro-0022-495x400.jpg 495w, https:\/\/museodelacharreria.org.mx\/wp-content\/uploads\/2023\/11\/Museo-de-la-Charreria-Sombrero-de-Charro-0022-845x684.jpg 845w\" sizes=\"(max-width: 495px) 100vw, 495px\" \/><\/a><footer class=\"entry-footer\"><\/footer><\/article><\/div><div data-ajax-id='3233' class='grid-entry flex_column isotope-item all_sort no_margin post-entry post-entry-3233 grid-entry-overview grid-loop-49 grid-parity-odd  coleccion_sort sillas_sort  av_one_third first default_av_fullwidth'><article class='main_color inner-entry'  itemscope=\"itemscope\" itemtype=\"https:\/\/schema.org\/CreativeWork\" ><a href=\"https:\/\/museodelacharreria.org.mx\/fr\/coleccion\/silla-del-general-leonardo-marquez\/\" title=''  data-rel='grid-2' class='grid-image avia-hover-fx'> <img decoding=\"async\" fetchpriority=\"high\" width=\"495\" height=\"400\" src=\"https:\/\/museodelacharreria.org.mx\/wp-content\/uploads\/2024\/06\/MUSEO-DE-LA-CHARRERIA-MONTURA-DEL-GENERAL-LEONARDO-MARQUEZ-4-495x400.jpg\" class=\"wp-image-3242 avia-img-lazy-loading-not-3242 attachment-portfolio size-portfolio wp-post-image\" alt=\"\" srcset=\"https:\/\/museodelacharreria.org.mx\/wp-content\/uploads\/2024\/06\/MUSEO-DE-LA-CHARRERIA-MONTURA-DEL-GENERAL-LEONARDO-MARQUEZ-4-495x400.jpg 495w, https:\/\/museodelacharreria.org.mx\/wp-content\/uploads\/2024\/06\/MUSEO-DE-LA-CHARRERIA-MONTURA-DEL-GENERAL-LEONARDO-MARQUEZ-4-845x684.jpg 845w\" sizes=\"(max-width: 495px) 100vw, 495px\" \/><\/a><footer class=\"entry-footer\"><\/footer><\/article><\/div><div data-ajax-id='3882' class='grid-entry flex_column isotope-item all_sort no_margin post-entry post-entry-3882 grid-entry-overview grid-loop-50 grid-parity-even  coleccion_sort sillas_sort  av_one_third  default_av_fullwidth'><article class='main_color inner-entry'  itemscope=\"itemscope\" itemtype=\"https:\/\/schema.org\/CreativeWork\" ><a href=\"https:\/\/museodelacharreria.org.mx\/fr\/coleccion\/silla-charra-de-media-gala-cincelada\/\" title=''  data-rel='grid-2' class='grid-image avia-hover-fx'> <img decoding=\"async\" fetchpriority=\"high\" width=\"495\" height=\"400\" src=\"https:\/\/museodelacharreria.org.mx\/wp-content\/uploads\/2024\/11\/MUSEO-DE-LA-CHARRERIA-SILLA-CHARRA-4-495x400.jpg\" class=\"wp-image-3889 avia-img-lazy-loading-not-3889 attachment-portfolio size-portfolio wp-post-image\" alt=\"\" srcset=\"https:\/\/museodelacharreria.org.mx\/wp-content\/uploads\/2024\/11\/MUSEO-DE-LA-CHARRERIA-SILLA-CHARRA-4-495x400.jpg 495w, https:\/\/museodelacharreria.org.mx\/wp-content\/uploads\/2024\/11\/MUSEO-DE-LA-CHARRERIA-SILLA-CHARRA-4-845x684.jpg 845w\" sizes=\"(max-width: 495px) 100vw, 495px\" \/><\/a><footer class=\"entry-footer\"><\/footer><\/article><\/div><div data-ajax-id='3806' class='grid-entry flex_column isotope-item all_sort no_margin post-entry post-entry-3806 grid-entry-overview grid-loop-51 grid-parity-odd  coleccion_sort sillas_sort  av_one_third  default_av_fullwidth'><article class='main_color inner-entry'  itemscope=\"itemscope\" itemtype=\"https:\/\/schema.org\/CreativeWork\" ><a href=\"https:\/\/museodelacharreria.org.mx\/fr\/coleccion\/silla-charra-piteada-cincelada-y-encorrillada\/\" title=''  data-rel='grid-2' class='grid-image avia-hover-fx'> <img decoding=\"async\" fetchpriority=\"high\" width=\"495\" height=\"400\" src=\"https:\/\/museodelacharreria.org.mx\/wp-content\/uploads\/2024\/11\/MUSEO-DE-LA-CHARRERIA-SILLA-CHARRA-PITEADA-CINCELADA-Y-ENCORRILLADA--495x400.jpg\" class=\"wp-image-3799 avia-img-lazy-loading-not-3799 attachment-portfolio size-portfolio wp-post-image\" alt=\"\" srcset=\"https:\/\/museodelacharreria.org.mx\/wp-content\/uploads\/2024\/11\/MUSEO-DE-LA-CHARRERIA-SILLA-CHARRA-PITEADA-CINCELADA-Y-ENCORRILLADA--495x400.jpg 495w, https:\/\/museodelacharreria.org.mx\/wp-content\/uploads\/2024\/11\/MUSEO-DE-LA-CHARRERIA-SILLA-CHARRA-PITEADA-CINCELADA-Y-ENCORRILLADA--845x684.jpg 845w\" sizes=\"(max-width: 495px) 100vw, 495px\" \/><\/a><footer class=\"entry-footer\"><\/footer><\/article><\/div><div data-ajax-id='3791' class='grid-entry flex_column isotope-item all_sort no_margin post-entry post-entry-3791 grid-entry-overview grid-loop-52 grid-parity-even  coleccion_sort sillas_sort  av_one_third first default_av_fullwidth'><article class='main_color inner-entry'  itemscope=\"itemscope\" itemtype=\"https:\/\/schema.org\/CreativeWork\" ><a href=\"https:\/\/museodelacharreria.org.mx\/fr\/coleccion\/silla-charra-chomiteada-en-grecas\/\" title=''  data-rel='grid-2' class='grid-image avia-hover-fx'> <img decoding=\"async\" fetchpriority=\"high\" width=\"495\" height=\"400\" src=\"https:\/\/museodelacharreria.org.mx\/wp-content\/uploads\/2024\/11\/Museo-de-la-Charreria-Silla-Charra-Con-Chimite-en-Greca-495x400.jpg\" class=\"wp-image-3792 avia-img-lazy-loading-not-3792 attachment-portfolio size-portfolio wp-post-image\" alt=\"\" srcset=\"https:\/\/museodelacharreria.org.mx\/wp-content\/uploads\/2024\/11\/Museo-de-la-Charreria-Silla-Charra-Con-Chimite-en-Greca-495x400.jpg 495w, https:\/\/museodelacharreria.org.mx\/wp-content\/uploads\/2024\/11\/Museo-de-la-Charreria-Silla-Charra-Con-Chimite-en-Greca-845x684.jpg 845w\" sizes=\"(max-width: 495px) 100vw, 495px\" \/><\/a><footer class=\"entry-footer\"><\/footer><\/article><\/div><div data-ajax-id='3777' class='grid-entry flex_column isotope-item all_sort no_margin post-entry post-entry-3777 grid-entry-overview grid-loop-53 grid-parity-odd  coleccion_sort sillas_sort  av_one_third  default_av_fullwidth'><article class='main_color inner-entry'  itemscope=\"itemscope\" itemtype=\"https:\/\/schema.org\/CreativeWork\" ><a href=\"https:\/\/museodelacharreria.org.mx\/fr\/coleccion\/silla-charra-piteada\/\" title=''  data-rel='grid-2' class='grid-image avia-hover-fx'> <img decoding=\"async\" fetchpriority=\"high\" width=\"495\" height=\"400\" src=\"https:\/\/museodelacharreria.org.mx\/wp-content\/uploads\/2024\/11\/Museo-de-la-Charreria-Silla-Charra-de-Gala-495x400.jpg\" class=\"wp-image-3775 avia-img-lazy-loading-not-3775 attachment-portfolio size-portfolio wp-post-image\" alt=\"\" srcset=\"https:\/\/museodelacharreria.org.mx\/wp-content\/uploads\/2024\/11\/Museo-de-la-Charreria-Silla-Charra-de-Gala-495x400.jpg 495w, https:\/\/museodelacharreria.org.mx\/wp-content\/uploads\/2024\/11\/Museo-de-la-Charreria-Silla-Charra-de-Gala-845x684.jpg 845w\" sizes=\"(max-width: 495px) 100vw, 495px\" \/><\/a><footer class=\"entry-footer\"><\/footer><\/article><\/div><div data-ajax-id='3763' class='grid-entry flex_column isotope-item all_sort no_margin post-entry post-entry-3763 grid-entry-overview grid-loop-54 grid-parity-even  coleccion_sort sillas_sort  av_one_third  default_av_fullwidth'><article class='main_color inner-entry'  itemscope=\"itemscope\" itemtype=\"https:\/\/schema.org\/CreativeWork\" ><a href=\"https:\/\/museodelacharreria.org.mx\/fr\/coleccion\/silla-charra-de-gran-gala-bordada-con-hilo-de-plata\/\" title=''  data-rel='grid-2' class='grid-image avia-hover-fx'> <img decoding=\"async\" fetchpriority=\"high\" width=\"495\" height=\"400\" src=\"https:\/\/museodelacharreria.org.mx\/wp-content\/uploads\/2024\/11\/MUSEO-DE-LA-CHARRERIA-SILLA-CHARRA-DE-GRAN-GALA-BORDADA-EN-HILO-DE-PLATA-Y-ORO-1929-495x400.jpg\" class=\"wp-image-3766 avia-img-lazy-loading-not-3766 attachment-portfolio size-portfolio wp-post-image\" alt=\"\" srcset=\"https:\/\/museodelacharreria.org.mx\/wp-content\/uploads\/2024\/11\/MUSEO-DE-LA-CHARRERIA-SILLA-CHARRA-DE-GRAN-GALA-BORDADA-EN-HILO-DE-PLATA-Y-ORO-1929-495x400.jpg 495w, https:\/\/museodelacharreria.org.mx\/wp-content\/uploads\/2024\/11\/MUSEO-DE-LA-CHARRERIA-SILLA-CHARRA-DE-GRAN-GALA-BORDADA-EN-HILO-DE-PLATA-Y-ORO-1929-845x684.jpg 845w\" sizes=\"(max-width: 495px) 100vw, 495px\" \/><\/a><footer class=\"entry-footer\"><\/footer><\/article><\/div><div data-ajax-id='3750' class='grid-entry flex_column isotope-item all_sort no_margin post-entry post-entry-3750 grid-entry-overview grid-loop-55 grid-parity-odd  coleccion_sort sillas_sort  av_one_third first default_av_fullwidth'><article class='main_color inner-entry'  itemscope=\"itemscope\" itemtype=\"https:\/\/schema.org\/CreativeWork\" ><a href=\"https:\/\/museodelacharreria.org.mx\/fr\/coleccion\/silla-charra-con-motivos-taurinos\/\" title=''  data-rel='grid-2' class='grid-image avia-hover-fx'> <img decoding=\"async\" fetchpriority=\"high\" width=\"495\" height=\"400\" src=\"https:\/\/museodelacharreria.org.mx\/wp-content\/uploads\/2024\/11\/MUSEO-DE-LA-CHARRERIA-SILLA-CHARRA-CON-MOTIVOS-TAURINOS-3-495x400.jpg\" class=\"wp-image-3753 avia-img-lazy-loading-not-3753 attachment-portfolio size-portfolio wp-post-image\" alt=\"\" srcset=\"https:\/\/museodelacharreria.org.mx\/wp-content\/uploads\/2024\/11\/MUSEO-DE-LA-CHARRERIA-SILLA-CHARRA-CON-MOTIVOS-TAURINOS-3-495x400.jpg 495w, https:\/\/museodelacharreria.org.mx\/wp-content\/uploads\/2024\/11\/MUSEO-DE-LA-CHARRERIA-SILLA-CHARRA-CON-MOTIVOS-TAURINOS-3-845x684.jpg 845w\" sizes=\"(max-width: 495px) 100vw, 495px\" \/><\/a><footer class=\"entry-footer\"><\/footer><\/article><\/div><div data-ajax-id='3741' class='grid-entry flex_column isotope-item all_sort no_margin post-entry post-entry-3741 grid-entry-overview grid-loop-56 grid-parity-even  coleccion_sort sillas_sort  av_one_third  default_av_fullwidth'><article class='main_color inner-entry'  itemscope=\"itemscope\" itemtype=\"https:\/\/schema.org\/CreativeWork\" ><a href=\"https:\/\/museodelacharreria.org.mx\/fr\/coleccion\/silla-charra-con-chomite-y-encorrillado\/\" title=''  data-rel='grid-2' class='grid-image avia-hover-fx'> <img decoding=\"async\" fetchpriority=\"high\" width=\"495\" height=\"400\" src=\"https:\/\/museodelacharreria.org.mx\/wp-content\/uploads\/2024\/11\/Museo-de-la-Charreria-Silla-Charra-Con-Chimite-y-Encorrillado-495x400.jpg\" class=\"wp-image-3742 avia-img-lazy-loading-not-3742 attachment-portfolio size-portfolio wp-post-image\" alt=\"SELLE CHARRA AVEC CHOMITE ET SE RECROQUEVILLE\" srcset=\"https:\/\/museodelacharreria.org.mx\/wp-content\/uploads\/2024\/11\/Museo-de-la-Charreria-Silla-Charra-Con-Chimite-y-Encorrillado-495x400.jpg 495w, https:\/\/museodelacharreria.org.mx\/wp-content\/uploads\/2024\/11\/Museo-de-la-Charreria-Silla-Charra-Con-Chimite-y-Encorrillado-845x684.jpg 845w\" sizes=\"(max-width: 495px) 100vw, 495px\" \/><\/a><footer class=\"entry-footer\"><\/footer><\/article><\/div><div data-ajax-id='3669' class='grid-entry flex_column isotope-item all_sort no_margin post-entry post-entry-3669 grid-entry-overview grid-loop-57 grid-parity-odd  coleccion_sort sillas_sort  av_one_third  default_av_fullwidth'><article class='main_color inner-entry'  itemscope=\"itemscope\" itemtype=\"https:\/\/schema.org\/CreativeWork\" ><a href=\"https:\/\/museodelacharreria.org.mx\/fr\/coleccion\/silla-charra-de-gala-con-3-trabajos-artesanales\/\" title=''  data-rel='grid-2' class='grid-image avia-hover-fx'> <img decoding=\"async\" fetchpriority=\"high\" width=\"495\" height=\"400\" src=\"https:\/\/museodelacharreria.org.mx\/wp-content\/uploads\/2024\/11\/Museo-de-la-Charreria-Silla-Charra-Cincelada-495x400.jpg\" class=\"wp-image-3738 avia-img-lazy-loading-not-3738 attachment-portfolio size-portfolio wp-post-image\" alt=\"\" srcset=\"https:\/\/museodelacharreria.org.mx\/wp-content\/uploads\/2024\/11\/Museo-de-la-Charreria-Silla-Charra-Cincelada-495x400.jpg 495w, https:\/\/museodelacharreria.org.mx\/wp-content\/uploads\/2024\/11\/Museo-de-la-Charreria-Silla-Charra-Cincelada-845x684.jpg 845w\" sizes=\"(max-width: 495px) 100vw, 495px\" \/><\/a><footer class=\"entry-footer\"><\/footer><\/article><\/div><div data-ajax-id='3649' class='grid-entry flex_column isotope-item all_sort no_margin post-entry post-entry-3649 grid-entry-overview grid-loop-58 grid-parity-even  coleccion_sort sillas_sort  av_one_third first default_av_fullwidth'><article class='main_color inner-entry'  itemscope=\"itemscope\" itemtype=\"https:\/\/schema.org\/CreativeWork\" ><a href=\"https:\/\/museodelacharreria.org.mx\/fr\/coleccion\/silla-charra-chomiteada\/\" title=''  data-rel='grid-2' class='grid-image avia-hover-fx'> <img decoding=\"async\" fetchpriority=\"high\" width=\"495\" height=\"400\" src=\"https:\/\/museodelacharreria.org.mx\/wp-content\/uploads\/2024\/11\/Museo-de-la-Charreria-Silla-Charra-Con-Chomite-de-Chorizo-495x400.jpg\" class=\"wp-image-3734 avia-img-lazy-loading-not-3734 attachment-portfolio size-portfolio wp-post-image\" alt=\"\" srcset=\"https:\/\/museodelacharreria.org.mx\/wp-content\/uploads\/2024\/11\/Museo-de-la-Charreria-Silla-Charra-Con-Chomite-de-Chorizo-495x400.jpg 495w, https:\/\/museodelacharreria.org.mx\/wp-content\/uploads\/2024\/11\/Museo-de-la-Charreria-Silla-Charra-Con-Chomite-de-Chorizo-845x684.jpg 845w\" sizes=\"(max-width: 495px) 100vw, 495px\" \/><\/a><footer class=\"entry-footer\"><\/footer><\/article><\/div><div data-ajax-id='3636' class='grid-entry flex_column isotope-item all_sort no_margin post-entry post-entry-3636 grid-entry-overview grid-loop-59 grid-parity-odd  coleccion_sort sillas_sort  av_one_third  default_av_fullwidth'><article class='main_color inner-entry'  itemscope=\"itemscope\" itemtype=\"https:\/\/schema.org\/CreativeWork\" ><a href=\"https:\/\/museodelacharreria.org.mx\/fr\/coleccion\/silla-charra-de-gran-gala\/\" title=''  data-rel='grid-2' class='grid-image avia-hover-fx'> <img decoding=\"async\" fetchpriority=\"high\" width=\"495\" height=\"400\" src=\"https:\/\/museodelacharreria.org.mx\/wp-content\/uploads\/2024\/11\/Museo-de-la-Charreria-Silla-Charra-de-Gran-Gala-Con-Monograma-GNS-495x400.jpg\" class=\"wp-image-3730 avia-img-lazy-loading-not-3730 attachment-portfolio size-portfolio wp-post-image\" alt=\"\" srcset=\"https:\/\/museodelacharreria.org.mx\/wp-content\/uploads\/2024\/11\/Museo-de-la-Charreria-Silla-Charra-de-Gran-Gala-Con-Monograma-GNS-495x400.jpg 495w, https:\/\/museodelacharreria.org.mx\/wp-content\/uploads\/2024\/11\/Museo-de-la-Charreria-Silla-Charra-de-Gran-Gala-Con-Monograma-GNS-845x684.jpg 845w\" sizes=\"(max-width: 495px) 100vw, 495px\" \/><\/a><footer class=\"entry-footer\"><\/footer><\/article><\/div><div data-ajax-id='3623' class='grid-entry flex_column isotope-item all_sort no_margin post-entry post-entry-3623 grid-entry-overview grid-loop-60 grid-parity-even  coleccion_sort sillas_sort  av_one_third  default_av_fullwidth'><article class='main_color inner-entry'  itemscope=\"itemscope\" itemtype=\"https:\/\/schema.org\/CreativeWork\" ><a href=\"https:\/\/museodelacharreria.org.mx\/fr\/coleccion\/albarda-estilo-ingles\/\" title=''  data-rel='grid-2' class='grid-image avia-hover-fx'> <img decoding=\"async\" fetchpriority=\"high\" width=\"495\" height=\"400\" src=\"https:\/\/museodelacharreria.org.mx\/wp-content\/uploads\/2024\/11\/Museo-de-la-Charreria-Albarda-Estilo-Ingles-495x400.jpg\" class=\"wp-image-3714 avia-img-lazy-loading-not-3714 attachment-portfolio size-portfolio wp-post-image\" alt=\"\" srcset=\"https:\/\/museodelacharreria.org.mx\/wp-content\/uploads\/2024\/11\/Museo-de-la-Charreria-Albarda-Estilo-Ingles-495x400.jpg 495w, https:\/\/museodelacharreria.org.mx\/wp-content\/uploads\/2024\/11\/Museo-de-la-Charreria-Albarda-Estilo-Ingles-845x684.jpg 845w\" sizes=\"(max-width: 495px) 100vw, 495px\" \/><\/a><footer class=\"entry-footer\"><\/footer><\/article><\/div><div data-ajax-id='592' class='grid-entry flex_column isotope-item all_sort no_margin post-entry post-entry-592 grid-entry-overview grid-loop-61 grid-parity-odd  coleccion_sort indumentaria_sort  av_one_third first default_av_fullwidth'><article class='main_color inner-entry'  itemscope=\"itemscope\" itemtype=\"https:\/\/schema.org\/CreativeWork\" ><a href=\"https:\/\/museodelacharreria.org.mx\/fr\/coleccion\/traje-de-chinaco-en-pano-azul\/\" title=''  data-rel='grid-2' class='grid-image avia-hover-fx'> <img decoding=\"async\" fetchpriority=\"high\" width=\"495\" height=\"400\" src=\"https:\/\/museodelacharreria.org.mx\/wp-content\/uploads\/2023\/09\/Museo-de-la-Charreria-CDMX-Indumentaria-Traje-de-Chinaco-Azul-Portada-2-495x400.jpg\" class=\"wp-image-618 avia-img-lazy-loading-not-618 attachment-portfolio size-portfolio wp-post-image\" alt=\"Costume de Chinaco bleu - Museo de la Charrer\u00eda CDMX\" srcset=\"https:\/\/museodelacharreria.org.mx\/wp-content\/uploads\/2023\/09\/Museo-de-la-Charreria-CDMX-Indumentaria-Traje-de-Chinaco-Azul-Portada-2-495x400.jpg 495w, https:\/\/museodelacharreria.org.mx\/wp-content\/uploads\/2023\/09\/Museo-de-la-Charreria-CDMX-Indumentaria-Traje-de-Chinaco-Azul-Portada-2-845x684.jpg 845w\" sizes=\"(max-width: 495px) 100vw, 495px\" \/><\/a><footer class=\"entry-footer\"><\/footer><\/article><\/div><div data-ajax-id='2180' class='grid-entry flex_column isotope-item all_sort no_margin post-entry post-entry-2180 grid-entry-overview grid-loop-62 grid-parity-even  coleccion_sort sillas_sort  av_one_third  default_av_fullwidth'><article class='main_color inner-entry'  itemscope=\"itemscope\" itemtype=\"https:\/\/schema.org\/CreativeWork\" ><a href=\"https:\/\/museodelacharreria.org.mx\/fr\/coleccion\/albarda-para-dama-charra\/\" title=''  data-rel='grid-2' class='grid-image avia-hover-fx'> <img decoding=\"async\" fetchpriority=\"high\" width=\"495\" height=\"400\" src=\"https:\/\/museodelacharreria.org.mx\/wp-content\/uploads\/2023\/10\/Museo-de-la-Charreria-Albarda-para-Dama-Charra--495x400.jpg\" class=\"wp-image-2191 avia-img-lazy-loading-not-2191 attachment-portfolio size-portfolio wp-post-image\" alt=\"ALBARDA POUR LADY CHARRA\" srcset=\"https:\/\/museodelacharreria.org.mx\/wp-content\/uploads\/2023\/10\/Museo-de-la-Charreria-Albarda-para-Dama-Charra--495x400.jpg 495w, https:\/\/museodelacharreria.org.mx\/wp-content\/uploads\/2023\/10\/Museo-de-la-Charreria-Albarda-para-Dama-Charra--845x684.jpg 845w\" sizes=\"(max-width: 495px) 100vw, 495px\" \/><\/a><footer class=\"entry-footer\"><\/footer><\/article><\/div><div data-ajax-id='2172' class='grid-entry flex_column isotope-item all_sort no_margin post-entry post-entry-2172 grid-entry-overview grid-loop-63 grid-parity-odd  coleccion_sort sillas_sort  av_one_third  default_av_fullwidth'><article class='main_color inner-entry'  itemscope=\"itemscope\" itemtype=\"https:\/\/schema.org\/CreativeWork\" ><a href=\"https:\/\/museodelacharreria.org.mx\/fr\/coleccion\/silla-de-vicente-fernandez-gomez\/\" title=''  data-rel='grid-2' class='grid-image avia-hover-fx'> <img decoding=\"async\" fetchpriority=\"high\" width=\"495\" height=\"400\" src=\"https:\/\/museodelacharreria.org.mx\/wp-content\/uploads\/2023\/10\/Museo-de-la-Charreria-Silla-Charra-de-Vicente-Fernandez-Gomez-0015-2-495x400.jpg\" class=\"wp-image-2173 avia-img-lazy-loading-not-2173 attachment-portfolio size-portfolio wp-post-image\" alt=\"\" srcset=\"https:\/\/museodelacharreria.org.mx\/wp-content\/uploads\/2023\/10\/Museo-de-la-Charreria-Silla-Charra-de-Vicente-Fernandez-Gomez-0015-2-495x400.jpg 495w, https:\/\/museodelacharreria.org.mx\/wp-content\/uploads\/2023\/10\/Museo-de-la-Charreria-Silla-Charra-de-Vicente-Fernandez-Gomez-0015-2-845x684.jpg 845w\" sizes=\"(max-width: 495px) 100vw, 495px\" \/><\/a><footer class=\"entry-footer\"><\/footer><\/article><\/div><div data-ajax-id='2154' class='grid-entry flex_column isotope-item all_sort no_margin post-entry post-entry-2154 grid-entry-overview grid-loop-64 grid-parity-even  coleccion_sort sillas_sort  av_one_third first default_av_fullwidth'><article class='main_color inner-entry'  itemscope=\"itemscope\" itemtype=\"https:\/\/schema.org\/CreativeWork\" ><a href=\"https:\/\/museodelacharreria.org.mx\/fr\/coleccion\/silla-cincelada-con-fuste-de-marqueteria\/\" title=''  data-rel='grid-2' class='grid-image avia-hover-fx'> <img decoding=\"async\" fetchpriority=\"high\" width=\"495\" height=\"400\" src=\"https:\/\/museodelacharreria.org.mx\/wp-content\/uploads\/2023\/10\/Museo-de-la-Charreria-Silla-Charra-con-Marqueteria-0004-495x400.jpg\" class=\"wp-image-2155 avia-img-lazy-loading-not-2155 attachment-portfolio size-portfolio wp-post-image\" alt=\"\" srcset=\"https:\/\/museodelacharreria.org.mx\/wp-content\/uploads\/2023\/10\/Museo-de-la-Charreria-Silla-Charra-con-Marqueteria-0004-495x400.jpg 495w, https:\/\/museodelacharreria.org.mx\/wp-content\/uploads\/2023\/10\/Museo-de-la-Charreria-Silla-Charra-con-Marqueteria-0004-845x684.jpg 845w\" sizes=\"(max-width: 495px) 100vw, 495px\" \/><\/a><footer class=\"entry-footer\"><\/footer><\/article><\/div><div data-ajax-id='2141' class='grid-entry flex_column isotope-item all_sort no_margin post-entry post-entry-2141 grid-entry-overview grid-loop-65 grid-parity-odd  coleccion_sort sillas_sort  av_one_third  default_av_fullwidth'><article class='main_color inner-entry'  itemscope=\"itemscope\" itemtype=\"https:\/\/schema.org\/CreativeWork\" ><a href=\"https:\/\/museodelacharreria.org.mx\/fr\/coleccion\/silla-charra-con-chomite\/\" title=''  data-rel='grid-2' class='grid-image avia-hover-fx'> <img decoding=\"async\" fetchpriority=\"high\" width=\"495\" height=\"400\" src=\"https:\/\/museodelacharreria.org.mx\/wp-content\/uploads\/2023\/10\/Museo-de-la-Charreria-Silla-Charra-con-Chomite-0068-2-495x400.jpg\" class=\"wp-image-2142 avia-img-lazy-loading-not-2142 attachment-portfolio size-portfolio wp-post-image\" alt=\"Chaise Charro brod\u00e9e avec Chomite\" srcset=\"https:\/\/museodelacharreria.org.mx\/wp-content\/uploads\/2023\/10\/Museo-de-la-Charreria-Silla-Charra-con-Chomite-0068-2-495x400.jpg 495w, https:\/\/museodelacharreria.org.mx\/wp-content\/uploads\/2023\/10\/Museo-de-la-Charreria-Silla-Charra-con-Chomite-0068-2-845x684.jpg 845w\" sizes=\"(max-width: 495px) 100vw, 495px\" \/><small class='avia-copyright'>Mus\u00e9e de la Charrerie Photo : Antonio Gegundez<\/small><\/a><footer class=\"entry-footer\"><\/footer><\/article><\/div><div data-ajax-id='1563' class='grid-entry flex_column isotope-item all_sort no_margin post-entry post-entry-1563 grid-entry-overview grid-loop-66 grid-parity-even  coleccion_sort sillas_sort  av_one_third  default_av_fullwidth'><article class='main_color inner-entry'  itemscope=\"itemscope\" itemtype=\"https:\/\/schema.org\/CreativeWork\" ><a href=\"https:\/\/museodelacharreria.org.mx\/fr\/coleccion\/silla-de-gran-gala-gonzalo-n-santos\/\" title=''  data-rel='grid-2' class='grid-image avia-hover-fx'> <img decoding=\"async\" fetchpriority=\"high\" width=\"495\" height=\"400\" src=\"https:\/\/museodelacharreria.org.mx\/wp-content\/uploads\/2023\/09\/Museo-de-la-Charreria-Silla-de-Gala-Piteada-Portada--495x400.jpg\" class=\"wp-image-1564 avia-img-lazy-loading-not-1564 attachment-portfolio size-portfolio wp-post-image\" alt=\"Mus\u00e9e de la Charrerie - Chaise de grand gala\" srcset=\"https:\/\/museodelacharreria.org.mx\/wp-content\/uploads\/2023\/09\/Museo-de-la-Charreria-Silla-de-Gala-Piteada-Portada--495x400.jpg 495w, https:\/\/museodelacharreria.org.mx\/wp-content\/uploads\/2023\/09\/Museo-de-la-Charreria-Silla-de-Gala-Piteada-Portada--845x684.jpg 845w\" sizes=\"(max-width: 495px) 100vw, 495px\" \/><\/a><footer class=\"entry-footer\"><\/footer><\/article><\/div><div data-ajax-id='1554' class='grid-entry flex_column isotope-item all_sort no_margin post-entry post-entry-1554 grid-entry-overview grid-loop-67 grid-parity-odd  coleccion_sort sillas_sort  av_one_third first default_av_fullwidth'><article class='main_color inner-entry'  itemscope=\"itemscope\" itemtype=\"https:\/\/schema.org\/CreativeWork\" ><a href=\"https:\/\/museodelacharreria.org.mx\/fr\/coleccion\/albarda-inglesa\/\" title=''  data-rel='grid-2' class='grid-image avia-hover-fx'> <img decoding=\"async\" fetchpriority=\"high\" width=\"495\" height=\"400\" src=\"https:\/\/museodelacharreria.org.mx\/wp-content\/uploads\/2023\/09\/Museo-de-la-Charreria-Albarda-Inglesa--495x400.jpg\" class=\"wp-image-1558 avia-img-lazy-loading-not-1558 attachment-portfolio size-portfolio wp-post-image\" alt=\"\" srcset=\"https:\/\/museodelacharreria.org.mx\/wp-content\/uploads\/2023\/09\/Museo-de-la-Charreria-Albarda-Inglesa--495x400.jpg 495w, https:\/\/museodelacharreria.org.mx\/wp-content\/uploads\/2023\/09\/Museo-de-la-Charreria-Albarda-Inglesa--845x684.jpg 845w\" sizes=\"(max-width: 495px) 100vw, 495px\" \/><small class='avia-copyright'>Federacion Mexicana de Charreria AC | Photo : Antonio Gegundez<\/small><\/a><footer class=\"entry-footer\"><\/footer><\/article><\/div><div data-ajax-id='1533' class='grid-entry flex_column isotope-item all_sort no_margin post-entry post-entry-1533 grid-entry-overview grid-loop-68 grid-parity-even  coleccion_sort sillas_sort  av_one_third  default_av_fullwidth'><article class='main_color inner-entry'  itemscope=\"itemscope\" itemtype=\"https:\/\/schema.org\/CreativeWork\" ><a href=\"https:\/\/museodelacharreria.org.mx\/fr\/coleccion\/silla-vaquera-siglo-xviii\/\" title=''  data-rel='grid-2' class='grid-image avia-hover-fx'> <img decoding=\"async\" fetchpriority=\"high\" width=\"495\" height=\"400\" src=\"https:\/\/museodelacharreria.org.mx\/wp-content\/uploads\/2023\/09\/Museo-de-la-Charreria-Espuelas-0014-495x400.jpg\" class=\"wp-image-1534 avia-img-lazy-loading-not-1534 attachment-portfolio size-portfolio wp-post-image\" alt=\"\" srcset=\"https:\/\/museodelacharreria.org.mx\/wp-content\/uploads\/2023\/09\/Museo-de-la-Charreria-Espuelas-0014-495x400.jpg 495w, https:\/\/museodelacharreria.org.mx\/wp-content\/uploads\/2023\/09\/Museo-de-la-Charreria-Espuelas-0014-845x684.jpg 845w\" sizes=\"(max-width: 495px) 100vw, 495px\" \/><\/a><footer class=\"entry-footer\"><\/footer><\/article><\/div><div data-ajax-id='1521' class='grid-entry flex_column isotope-item all_sort no_margin post-entry post-entry-1521 grid-entry-overview grid-loop-69 grid-parity-odd  coleccion_sort sillas_sort  av_one_third  default_av_fullwidth'><article class='main_color inner-entry'  itemscope=\"itemscope\" itemtype=\"https:\/\/schema.org\/CreativeWork\" ><a href=\"https:\/\/museodelacharreria.org.mx\/fr\/coleccion\/silla-vaquera-con-armas-de-agua\/\" title=''  data-rel='grid-2' class='grid-image avia-hover-fx'> <img decoding=\"async\" fetchpriority=\"high\" width=\"495\" height=\"400\" src=\"https:\/\/museodelacharreria.org.mx\/wp-content\/uploads\/2023\/09\/Museo-de-la-Charreria-Sillas-con-Armas-de-Agua-Portada--495x400.jpg\" class=\"wp-image-1522 avia-img-lazy-loading-not-1522 attachment-portfolio size-portfolio wp-post-image\" alt=\"\" srcset=\"https:\/\/museodelacharreria.org.mx\/wp-content\/uploads\/2023\/09\/Museo-de-la-Charreria-Sillas-con-Armas-de-Agua-Portada--495x400.jpg 495w, https:\/\/museodelacharreria.org.mx\/wp-content\/uploads\/2023\/09\/Museo-de-la-Charreria-Sillas-con-Armas-de-Agua-Portada--845x684.jpg 845w\" sizes=\"(max-width: 495px) 100vw, 495px\" \/><\/a><footer class=\"entry-footer\"><\/footer><\/article><\/div><div data-ajax-id='1332' class='grid-entry flex_column isotope-item all_sort no_margin post-entry post-entry-1332 grid-entry-overview grid-loop-70 grid-parity-even  coleccion_sort sillas_sort  av_one_third first default_av_fullwidth'><article class='main_color inner-entry'  itemscope=\"itemscope\" itemtype=\"https:\/\/schema.org\/CreativeWork\" ><a href=\"https:\/\/museodelacharreria.org.mx\/fr\/coleccion\/silla-de-gala-cincelada-con-detalles-sublimes-en-pita-y-fuste-de-marqueteria\/\" title=''  data-rel='grid-2' class='grid-image avia-hover-fx'> <img decoding=\"async\" fetchpriority=\"high\" width=\"495\" height=\"400\" src=\"https:\/\/museodelacharreria.org.mx\/wp-content\/uploads\/2023\/09\/Museo-de-la-Charreria-CDMX-Silla-de-Galla-Piteada-con-Fuste-en-Marqueteria-1-1-495x400.jpg\" class=\"wp-image-1349 avia-img-lazy-loading-not-1349 attachment-portfolio size-portfolio wp-post-image\" alt=\"\" srcset=\"https:\/\/museodelacharreria.org.mx\/wp-content\/uploads\/2023\/09\/Museo-de-la-Charreria-CDMX-Silla-de-Galla-Piteada-con-Fuste-en-Marqueteria-1-1-495x400.jpg 495w, https:\/\/museodelacharreria.org.mx\/wp-content\/uploads\/2023\/09\/Museo-de-la-Charreria-CDMX-Silla-de-Galla-Piteada-con-Fuste-en-Marqueteria-1-1-845x684.jpg 845w\" sizes=\"(max-width: 495px) 100vw, 495px\" \/><\/a><footer class=\"entry-footer\"><\/footer><\/article><\/div><div data-ajax-id='271' class='grid-entry flex_column isotope-item all_sort no_margin post-entry post-entry-271 grid-entry-overview grid-loop-71 grid-parity-odd  coleccion_sort sillas_sort  av_one_third  default_av_fullwidth'><article class='main_color inner-entry'  itemscope=\"itemscope\" itemtype=\"https:\/\/schema.org\/CreativeWork\" ><a href=\"https:\/\/museodelacharreria.org.mx\/fr\/coleccion\/albarda-de-dama-charra\/\" title=''  data-rel='grid-2' class='grid-image avia-hover-fx'> <img decoding=\"async\" fetchpriority=\"high\" width=\"495\" height=\"400\" src=\"https:\/\/museodelacharreria.org.mx\/wp-content\/uploads\/2023\/08\/Museo-de-la-Charreria-CDMX-Albarda-Inglesa-para-Dama-0081-495x400.jpg\" class=\"wp-image-712 avia-img-lazy-loading-not-712 attachment-portfolio size-portfolio wp-post-image\" alt=\"Albarda anglais pour dame\" srcset=\"https:\/\/museodelacharreria.org.mx\/wp-content\/uploads\/2023\/08\/Museo-de-la-Charreria-CDMX-Albarda-Inglesa-para-Dama-0081-495x400.jpg 495w, https:\/\/museodelacharreria.org.mx\/wp-content\/uploads\/2023\/08\/Museo-de-la-Charreria-CDMX-Albarda-Inglesa-para-Dama-0081-845x684.jpg 845w\" sizes=\"(max-width: 495px) 100vw, 495px\" \/><\/a><footer class=\"entry-footer\"><\/footer><\/article><\/div><div data-ajax-id='226' class='grid-entry flex_column isotope-item all_sort no_margin post-entry post-entry-226 grid-entry-overview grid-loop-72 grid-parity-even  coleccion_sort sillas_sort  av_one_third  default_av_fullwidth'><article class='main_color inner-entry'  itemscope=\"itemscope\" itemtype=\"https:\/\/schema.org\/CreativeWork\" ><a href=\"https:\/\/museodelacharreria.org.mx\/fr\/coleccion\/silla-de-pancho-villa\/\" title=''  data-rel='grid-2' class='grid-image avia-hover-fx'> <img decoding=\"async\" fetchpriority=\"high\" width=\"495\" height=\"400\" src=\"https:\/\/museodelacharreria.org.mx\/wp-content\/uploads\/2023\/09\/Museo-de-la-Charreria-CDMX-Montura-del-General-Francisco-Villa-0028-1-495x400.jpg\" class=\"wp-image-655 avia-img-lazy-loading-not-655 attachment-portfolio size-portfolio wp-post-image\" alt=\"\" srcset=\"https:\/\/museodelacharreria.org.mx\/wp-content\/uploads\/2023\/09\/Museo-de-la-Charreria-CDMX-Montura-del-General-Francisco-Villa-0028-1-495x400.jpg 495w, https:\/\/museodelacharreria.org.mx\/wp-content\/uploads\/2023\/09\/Museo-de-la-Charreria-CDMX-Montura-del-General-Francisco-Villa-0028-1-845x684.jpg 845w\" sizes=\"(max-width: 495px) 100vw, 495px\" \/><\/a><footer class=\"entry-footer\"><\/footer><\/article><\/div><div data-ajax-id='3595' class='grid-entry flex_column isotope-item all_sort no_margin post-entry post-entry-3595 grid-entry-overview grid-loop-73 grid-parity-odd  coleccion_sort indumentaria_sort  av_one_third first default_av_fullwidth'><article class='main_color inner-entry'  itemscope=\"itemscope\" itemtype=\"https:\/\/schema.org\/CreativeWork\" ><a href=\"https:\/\/museodelacharreria.org.mx\/fr\/coleccion\/vestido-de-china-poblana-en-rojo\/\" title=''  data-rel='grid-2' class='grid-image avia-hover-fx'> <img decoding=\"async\" fetchpriority=\"high\" width=\"495\" height=\"400\" src=\"https:\/\/museodelacharreria.org.mx\/wp-content\/uploads\/2024\/11\/Museo-de-la-Charreria-Vestido-de-China-Poblana-Rojo-con-Mariposas-495x400.jpg\" class=\"wp-image-3724 avia-img-lazy-loading-not-3724 attachment-portfolio size-portfolio wp-post-image\" alt=\"Chine Costume Poblana\" srcset=\"https:\/\/museodelacharreria.org.mx\/wp-content\/uploads\/2024\/11\/Museo-de-la-Charreria-Vestido-de-China-Poblana-Rojo-con-Mariposas-495x400.jpg 495w, https:\/\/museodelacharreria.org.mx\/wp-content\/uploads\/2024\/11\/Museo-de-la-Charreria-Vestido-de-China-Poblana-Rojo-con-Mariposas-845x684.jpg 845w\" sizes=\"(max-width: 495px) 100vw, 495px\" \/><small class='avia-copyright'>Antonio Gegundez<\/small><\/a><footer class=\"entry-footer\"><\/footer><\/article><\/div><div data-ajax-id='3153' class='grid-entry flex_column isotope-item all_sort no_margin post-entry post-entry-3153 grid-entry-overview grid-loop-74 grid-parity-even  coleccion_sort utensilios_sort  av_one_third  default_av_fullwidth'><article class='main_color inner-entry'  itemscope=\"itemscope\" itemtype=\"https:\/\/schema.org\/CreativeWork\" ><a href=\"https:\/\/museodelacharreria.org.mx\/fr\/coleccion\/estribos-circulares-forrados\/\" title=''  data-rel='grid-2' class='grid-image avia-hover-fx'> <img decoding=\"async\" fetchpriority=\"high\" width=\"495\" height=\"400\" src=\"https:\/\/museodelacharreria.org.mx\/wp-content\/uploads\/2024\/06\/MUSEO-DE-LA-CHARRERIA-ESTRIBO-CIRCULAR-FORRADO-HRZ-0097-495x400.jpg\" class=\"wp-image-3157 avia-img-lazy-loading-not-3157 attachment-portfolio size-portfolio wp-post-image\" alt=\"\" srcset=\"https:\/\/museodelacharreria.org.mx\/wp-content\/uploads\/2024\/06\/MUSEO-DE-LA-CHARRERIA-ESTRIBO-CIRCULAR-FORRADO-HRZ-0097-495x400.jpg 495w, https:\/\/museodelacharreria.org.mx\/wp-content\/uploads\/2024\/06\/MUSEO-DE-LA-CHARRERIA-ESTRIBO-CIRCULAR-FORRADO-HRZ-0097-845x684.jpg 845w\" sizes=\"(max-width: 495px) 100vw, 495px\" \/><\/a><footer class=\"entry-footer\"><\/footer><\/article><\/div><div data-ajax-id='3131' class='grid-entry flex_column isotope-item all_sort no_margin post-entry post-entry-3131 grid-entry-overview grid-loop-75 grid-parity-odd  coleccion_sort utensilios_sort  av_one_third  default_av_fullwidth'><article class='main_color inner-entry'  itemscope=\"itemscope\" itemtype=\"https:\/\/schema.org\/CreativeWork\" ><a href=\"https:\/\/museodelacharreria.org.mx\/fr\/coleccion\/estribos-de-caja\/\" title=''  data-rel='grid-2' class='grid-image avia-hover-fx'> <img decoding=\"async\" fetchpriority=\"high\" width=\"495\" height=\"400\" src=\"https:\/\/museodelacharreria.org.mx\/wp-content\/uploads\/2024\/06\/MUSEO-DE-LA-CHARRERIA-ESTRIBO-DE-CAJA-0085-495x400.jpg\" class=\"wp-image-3144 avia-img-lazy-loading-not-3144 attachment-portfolio size-portfolio wp-post-image\" alt=\"\" srcset=\"https:\/\/museodelacharreria.org.mx\/wp-content\/uploads\/2024\/06\/MUSEO-DE-LA-CHARRERIA-ESTRIBO-DE-CAJA-0085-495x400.jpg 495w, https:\/\/museodelacharreria.org.mx\/wp-content\/uploads\/2024\/06\/MUSEO-DE-LA-CHARRERIA-ESTRIBO-DE-CAJA-0085-845x684.jpg 845w\" sizes=\"(max-width: 495px) 100vw, 495px\" \/><\/a><footer class=\"entry-footer\"><\/footer><\/article><\/div><div data-ajax-id='3084' class='grid-entry flex_column isotope-item all_sort no_margin post-entry post-entry-3084 grid-entry-overview grid-loop-76 grid-parity-even  coleccion_sort utensilios_sort  av_one_third first default_av_fullwidth'><article class='main_color inner-entry'  itemscope=\"itemscope\" itemtype=\"https:\/\/schema.org\/CreativeWork\" ><a href=\"https:\/\/museodelacharreria.org.mx\/fr\/coleccion\/estribo-de-caja\/\" title=''  data-rel='grid-2' class='grid-image avia-hover-fx'> <img decoding=\"async\" fetchpriority=\"high\" width=\"495\" height=\"400\" src=\"https:\/\/museodelacharreria.org.mx\/wp-content\/uploads\/2024\/06\/MUSEO-DE-LA-CHARRERIA-ESTRIBO-DE-CAJA-0090-495x400.jpg\" class=\"wp-image-3111 avia-img-lazy-loading-not-3111 attachment-portfolio size-portfolio wp-post-image\" alt=\"\" srcset=\"https:\/\/museodelacharreria.org.mx\/wp-content\/uploads\/2024\/06\/MUSEO-DE-LA-CHARRERIA-ESTRIBO-DE-CAJA-0090-495x400.jpg 495w, https:\/\/museodelacharreria.org.mx\/wp-content\/uploads\/2024\/06\/MUSEO-DE-LA-CHARRERIA-ESTRIBO-DE-CAJA-0090-845x684.jpg 845w\" sizes=\"(max-width: 495px) 100vw, 495px\" \/><\/a><footer class=\"entry-footer\"><\/footer><\/article><\/div><div data-ajax-id='3075' class='grid-entry flex_column isotope-item all_sort no_margin post-entry post-entry-3075 grid-entry-overview grid-loop-77 grid-parity-odd  coleccion_sort utensilios_sort  av_one_third  default_av_fullwidth'><article class='main_color inner-entry'  itemscope=\"itemscope\" itemtype=\"https:\/\/schema.org\/CreativeWork\" ><a href=\"https:\/\/museodelacharreria.org.mx\/fr\/coleccion\/estribo-de-cruz\/\" title=''  data-rel='grid-2' class='grid-image avia-hover-fx'> <img decoding=\"async\" fetchpriority=\"high\" width=\"495\" height=\"400\" src=\"https:\/\/museodelacharreria.org.mx\/wp-content\/uploads\/2024\/06\/MUSEO-DE-LA-CHARRERIA-UTENSILIOS-ESTRIBO-COLONIAL-CRUCIFORME-PORTADA-495x400.jpg\" class=\"wp-image-3072 avia-img-lazy-loading-not-3072 attachment-portfolio size-portfolio wp-post-image\" alt=\"\" srcset=\"https:\/\/museodelacharreria.org.mx\/wp-content\/uploads\/2024\/06\/MUSEO-DE-LA-CHARRERIA-UTENSILIOS-ESTRIBO-COLONIAL-CRUCIFORME-PORTADA-495x400.jpg 495w, https:\/\/museodelacharreria.org.mx\/wp-content\/uploads\/2024\/06\/MUSEO-DE-LA-CHARRERIA-UTENSILIOS-ESTRIBO-COLONIAL-CRUCIFORME-PORTADA-845x684.jpg 845w\" sizes=\"(max-width: 495px) 100vw, 495px\" \/><\/a><footer class=\"entry-footer\"><\/footer><\/article><\/div><div data-ajax-id='3894' class='grid-entry flex_column isotope-item all_sort no_margin post-entry post-entry-3894 grid-entry-overview grid-loop-78 grid-parity-even  coleccion_sort indumentaria_sort  av_one_third  default_av_fullwidth'><article class='main_color inner-entry'  itemscope=\"itemscope\" itemtype=\"https:\/\/schema.org\/CreativeWork\" ><a href=\"https:\/\/museodelacharreria.org.mx\/fr\/coleccion\/vestido-de-adelita-coral\/\" title=''  data-rel='grid-2' class='grid-image avia-hover-fx'> <img decoding=\"async\" fetchpriority=\"high\" width=\"495\" height=\"400\" src=\"https:\/\/museodelacharreria.org.mx\/wp-content\/uploads\/2024\/11\/MUSEO-DE-LA-CHARRERIA-VESTIDO-DE-ADELITA-CORAL-1999-495x400.jpg\" class=\"wp-image-3895 avia-img-lazy-loading-not-3895 attachment-portfolio size-portfolio wp-post-image\" alt=\"\" srcset=\"https:\/\/museodelacharreria.org.mx\/wp-content\/uploads\/2024\/11\/MUSEO-DE-LA-CHARRERIA-VESTIDO-DE-ADELITA-CORAL-1999-495x400.jpg 495w, https:\/\/museodelacharreria.org.mx\/wp-content\/uploads\/2024\/11\/MUSEO-DE-LA-CHARRERIA-VESTIDO-DE-ADELITA-CORAL-1999-845x684.jpg 845w\" sizes=\"(max-width: 495px) 100vw, 495px\" \/><\/a><footer class=\"entry-footer\"><\/footer><\/article><\/div><div data-ajax-id='3831' class='grid-entry flex_column isotope-item all_sort no_margin post-entry post-entry-3831 grid-entry-overview grid-loop-79 grid-parity-odd  coleccion_sort indumentaria_sort  av_one_third first default_av_fullwidth'><article class='main_color inner-entry'  itemscope=\"itemscope\" itemtype=\"https:\/\/schema.org\/CreativeWork\" ><a href=\"https:\/\/museodelacharreria.org.mx\/fr\/coleccion\/cuera-michoacana-3\/\" title=''  data-rel='grid-2' class='grid-image avia-hover-fx'> <img decoding=\"async\" fetchpriority=\"high\" width=\"495\" height=\"400\" src=\"https:\/\/museodelacharreria.org.mx\/wp-content\/uploads\/2024\/11\/Museo-de-la-Charreria-Cuera-Michoacana-495x400.jpg\" class=\"wp-image-3832 avia-img-lazy-loading-not-3832 attachment-portfolio size-portfolio wp-post-image\" alt=\"\" srcset=\"https:\/\/museodelacharreria.org.mx\/wp-content\/uploads\/2024\/11\/Museo-de-la-Charreria-Cuera-Michoacana-495x400.jpg 495w, https:\/\/museodelacharreria.org.mx\/wp-content\/uploads\/2024\/11\/Museo-de-la-Charreria-Cuera-Michoacana-845x684.jpg 845w\" sizes=\"(max-width: 495px) 100vw, 495px\" \/><\/a><footer class=\"entry-footer\"><\/footer><\/article><\/div><div data-ajax-id='3827' class='grid-entry flex_column isotope-item all_sort no_margin post-entry post-entry-3827 grid-entry-overview grid-loop-80 grid-parity-even  coleccion_sort indumentaria_sort  av_one_third  default_av_fullwidth'><article class='main_color inner-entry'  itemscope=\"itemscope\" itemtype=\"https:\/\/schema.org\/CreativeWork\" ><a href=\"https:\/\/museodelacharreria.org.mx\/fr\/coleccion\/cuera-michoacana-2\/\" title=''  data-rel='grid-2' class='grid-image avia-hover-fx'> <img decoding=\"async\" fetchpriority=\"high\" width=\"495\" height=\"400\" src=\"https:\/\/museodelacharreria.org.mx\/wp-content\/uploads\/2024\/11\/Museo-de-la-Charreria-Cuera-Michoacana-con-Panoleta-Roja-2-495x400.jpg\" class=\"wp-image-3828 avia-img-lazy-loading-not-3828 attachment-portfolio size-portfolio wp-post-image\" alt=\"\" srcset=\"https:\/\/museodelacharreria.org.mx\/wp-content\/uploads\/2024\/11\/Museo-de-la-Charreria-Cuera-Michoacana-con-Panoleta-Roja-2-495x400.jpg 495w, https:\/\/museodelacharreria.org.mx\/wp-content\/uploads\/2024\/11\/Museo-de-la-Charreria-Cuera-Michoacana-con-Panoleta-Roja-2-845x684.jpg 845w\" sizes=\"(max-width: 495px) 100vw, 495px\" \/><\/a><footer class=\"entry-footer\"><\/footer><\/article><\/div><div data-ajax-id='3810' class='grid-entry flex_column isotope-item all_sort no_margin post-entry post-entry-3810 grid-entry-overview grid-loop-81 grid-parity-odd  coleccion_sort indumentaria_sort  av_one_third  default_av_fullwidth'><article class='main_color inner-entry'  itemscope=\"itemscope\" itemtype=\"https:\/\/schema.org\/CreativeWork\" ><a href=\"https:\/\/museodelacharreria.org.mx\/fr\/coleccion\/cuera-michoacana\/\" title=''  data-rel='grid-2' class='grid-image avia-hover-fx'> <img decoding=\"async\" fetchpriority=\"high\" width=\"495\" height=\"400\" src=\"https:\/\/museodelacharreria.org.mx\/wp-content\/uploads\/2024\/11\/Museo-de-la-Charreria-Cuera-Michoacana-con-Panoleta-Roja-495x400.jpg\" class=\"wp-image-3811 avia-img-lazy-loading-not-3811 attachment-portfolio size-portfolio wp-post-image\" alt=\"\" srcset=\"https:\/\/museodelacharreria.org.mx\/wp-content\/uploads\/2024\/11\/Museo-de-la-Charreria-Cuera-Michoacana-con-Panoleta-Roja-495x400.jpg 495w, https:\/\/museodelacharreria.org.mx\/wp-content\/uploads\/2024\/11\/Museo-de-la-Charreria-Cuera-Michoacana-con-Panoleta-Roja-845x684.jpg 845w\" sizes=\"(max-width: 495px) 100vw, 495px\" \/><\/a><footer class=\"entry-footer\"><\/footer><\/article><\/div><div data-ajax-id='3784' class='grid-entry flex_column isotope-item all_sort no_margin post-entry post-entry-3784 grid-entry-overview grid-loop-82 grid-parity-even  coleccion_sort indumentaria_sort  av_one_third first default_av_fullwidth'><article class='main_color inner-entry'  itemscope=\"itemscope\" itemtype=\"https:\/\/schema.org\/CreativeWork\" ><a href=\"https:\/\/museodelacharreria.org.mx\/fr\/coleccion\/traje-de-dama-charra-de-media-gala-bordada-con-soutache\/\" title=''  data-rel='grid-2' class='grid-image avia-hover-fx'> <img decoding=\"async\" fetchpriority=\"high\" width=\"495\" height=\"400\" src=\"https:\/\/museodelacharreria.org.mx\/wp-content\/uploads\/2024\/11\/Museo-de-la-Charreria-Traje-de-Dama-Charra-de-Media-Gala-Color-Vino-Bordada-en-Soutache-495x400.jpg\" class=\"wp-image-3785 avia-img-lazy-loading-not-3785 attachment-portfolio size-portfolio wp-post-image\" alt=\"ROBE DE FEMME CHARRO DEMI GALA\" srcset=\"https:\/\/museodelacharreria.org.mx\/wp-content\/uploads\/2024\/11\/Museo-de-la-Charreria-Traje-de-Dama-Charra-de-Media-Gala-Color-Vino-Bordada-en-Soutache-495x400.jpg 495w, https:\/\/museodelacharreria.org.mx\/wp-content\/uploads\/2024\/11\/Museo-de-la-Charreria-Traje-de-Dama-Charra-de-Media-Gala-Color-Vino-Bordada-en-Soutache-845x684.jpg 845w\" sizes=\"(max-width: 495px) 100vw, 495px\" \/><\/a><footer class=\"entry-footer\"><\/footer><\/article><\/div><div data-ajax-id='3612' class='grid-entry flex_column isotope-item all_sort no_margin post-entry post-entry-3612 grid-entry-overview grid-loop-83 grid-parity-odd  coleccion_sort indumentaria_sort  av_one_third  default_av_fullwidth'><article class='main_color inner-entry'  itemscope=\"itemscope\" itemtype=\"https:\/\/schema.org\/CreativeWork\" ><a href=\"https:\/\/museodelacharreria.org.mx\/fr\/coleccion\/vestido-de-china-poblana-en-rojo-con-rebozo-amarillo\/\" title=''  data-rel='grid-2' class='grid-image avia-hover-fx'> <img decoding=\"async\" fetchpriority=\"high\" width=\"495\" height=\"400\" src=\"https:\/\/museodelacharreria.org.mx\/wp-content\/uploads\/2024\/11\/Museo-de-la-Charreria-Vestido-de-China-Poblana-con-Rebozo-Amarillo-495x400.jpg\" class=\"wp-image-3718 avia-img-lazy-loading-not-3718 attachment-portfolio size-portfolio wp-post-image\" alt=\"\" srcset=\"https:\/\/museodelacharreria.org.mx\/wp-content\/uploads\/2024\/11\/Museo-de-la-Charreria-Vestido-de-China-Poblana-con-Rebozo-Amarillo-495x400.jpg 495w, https:\/\/museodelacharreria.org.mx\/wp-content\/uploads\/2024\/11\/Museo-de-la-Charreria-Vestido-de-China-Poblana-con-Rebozo-Amarillo-845x684.jpg 845w\" sizes=\"(max-width: 495px) 100vw, 495px\" \/><\/a><footer class=\"entry-footer\"><\/footer><\/article><\/div><div data-ajax-id='3605' class='grid-entry flex_column isotope-item all_sort no_margin post-entry post-entry-3605 grid-entry-overview grid-loop-84 grid-parity-even  coleccion_sort indumentaria_sort  av_one_third  default_av_fullwidth'><article class='main_color inner-entry'  itemscope=\"itemscope\" itemtype=\"https:\/\/schema.org\/CreativeWork\" ><a href=\"https:\/\/museodelacharreria.org.mx\/fr\/coleccion\/traje-de-charro-en-gamuza-de-venado-color-oro-viejo\/\" title=''  data-rel='grid-2' class='grid-image avia-hover-fx'> <img decoding=\"async\" fetchpriority=\"high\" width=\"495\" height=\"400\" src=\"https:\/\/museodelacharreria.org.mx\/wp-content\/uploads\/2024\/11\/Museo-de-la-Charreria-Traje-de-Charro-en-Gamuza-Color-Oro-Viejo-495x400.jpg\" class=\"wp-image-3721 avia-img-lazy-loading-not-3721 attachment-portfolio size-portfolio wp-post-image\" alt=\"\" srcset=\"https:\/\/museodelacharreria.org.mx\/wp-content\/uploads\/2024\/11\/Museo-de-la-Charreria-Traje-de-Charro-en-Gamuza-Color-Oro-Viejo-495x400.jpg 495w, https:\/\/museodelacharreria.org.mx\/wp-content\/uploads\/2024\/11\/Museo-de-la-Charreria-Traje-de-Charro-en-Gamuza-Color-Oro-Viejo-845x684.jpg 845w\" sizes=\"(max-width: 495px) 100vw, 495px\" \/><\/a><footer class=\"entry-footer\"><\/footer><\/article><\/div><div data-ajax-id='159' class='grid-entry flex_column isotope-item all_sort no_margin post-entry post-entry-159 grid-entry-overview grid-loop-85 grid-parity-odd  coleccion_sort sillas_sort  av_one_third first default_av_fullwidth'><article class='main_color inner-entry'  itemscope=\"itemscope\" itemtype=\"https:\/\/schema.org\/CreativeWork\" ><a href=\"https:\/\/museodelacharreria.org.mx\/fr\/coleccion\/silla-charra-de-miguel-miramon\/\" title=''  data-rel='grid-2' class='grid-image avia-hover-fx'> <img decoding=\"async\" fetchpriority=\"high\" width=\"495\" height=\"400\" src=\"https:\/\/museodelacharreria.org.mx\/wp-content\/uploads\/2023\/07\/Museo-de-la-Charreria-CDMX-Montura-del-General-Miguel-Miramon-1-1-495x400.jpg\" class=\"wp-image-1666 avia-img-lazy-loading-not-1666 attachment-portfolio size-portfolio wp-post-image\" alt=\"\" srcset=\"https:\/\/museodelacharreria.org.mx\/wp-content\/uploads\/2023\/07\/Museo-de-la-Charreria-CDMX-Montura-del-General-Miguel-Miramon-1-1-495x400.jpg 495w, https:\/\/museodelacharreria.org.mx\/wp-content\/uploads\/2023\/07\/Museo-de-la-Charreria-CDMX-Montura-del-General-Miguel-Miramon-1-1-845x684.jpg 845w\" sizes=\"(max-width: 495px) 100vw, 495px\" \/><\/a><footer class=\"entry-footer\"><\/footer><\/article><\/div><div data-ajax-id='3587' class='grid-entry flex_column isotope-item all_sort no_margin post-entry post-entry-3587 grid-entry-overview grid-loop-86 grid-parity-even  coleccion_sort indumentaria_sort  av_one_third  default_av_fullwidth'><article class='main_color inner-entry'  itemscope=\"itemscope\" itemtype=\"https:\/\/schema.org\/CreativeWork\" ><a href=\"https:\/\/museodelacharreria.org.mx\/fr\/coleccion\/vestido-de-adelita-color-azul\/\" title=''  data-rel='grid-2' class='grid-image avia-hover-fx'> <img decoding=\"async\" fetchpriority=\"high\" width=\"495\" height=\"400\" src=\"https:\/\/museodelacharreria.org.mx\/wp-content\/uploads\/2024\/11\/Museo-de-la-Charreria-Vestido-de-Adelita-Azul-495x400.jpg\" class=\"wp-image-3712 avia-img-lazy-loading-not-3712 attachment-portfolio size-portfolio wp-post-image\" alt=\"\" srcset=\"https:\/\/museodelacharreria.org.mx\/wp-content\/uploads\/2024\/11\/Museo-de-la-Charreria-Vestido-de-Adelita-Azul-495x400.jpg 495w, https:\/\/museodelacharreria.org.mx\/wp-content\/uploads\/2024\/11\/Museo-de-la-Charreria-Vestido-de-Adelita-Azul-845x684.jpg 845w\" sizes=\"(max-width: 495px) 100vw, 495px\" \/><\/a><footer class=\"entry-footer\"><\/footer><\/article><\/div><div data-ajax-id='3576' class='grid-entry flex_column isotope-item all_sort no_margin post-entry post-entry-3576 grid-entry-overview grid-loop-87 grid-parity-odd  coleccion_sort indumentaria_sort  av_one_third  default_av_fullwidth'><article class='main_color inner-entry'  itemscope=\"itemscope\" itemtype=\"https:\/\/schema.org\/CreativeWork\" ><a href=\"https:\/\/museodelacharreria.org.mx\/fr\/coleccion\/vestido-de-adelita-color-vino\/\" title=''  data-rel='grid-2' class='grid-image avia-hover-fx'> <img decoding=\"async\" fetchpriority=\"high\" width=\"495\" height=\"400\" src=\"https:\/\/museodelacharreria.org.mx\/wp-content\/uploads\/2024\/11\/Museo-de-la-Charreria-Vestido-de-Adelita-Color-Vino-495x400.jpg\" class=\"wp-image-3727 avia-img-lazy-loading-not-3727 attachment-portfolio size-portfolio wp-post-image\" alt=\"\" srcset=\"https:\/\/museodelacharreria.org.mx\/wp-content\/uploads\/2024\/11\/Museo-de-la-Charreria-Vestido-de-Adelita-Color-Vino-495x400.jpg 495w, https:\/\/museodelacharreria.org.mx\/wp-content\/uploads\/2024\/11\/Museo-de-la-Charreria-Vestido-de-Adelita-Color-Vino-845x684.jpg 845w\" sizes=\"(max-width: 495px) 100vw, 495px\" \/><\/a><footer class=\"entry-footer\"><\/footer><\/article><\/div><div data-ajax-id='1594' class='grid-entry flex_column isotope-item all_sort no_margin post-entry post-entry-1594 grid-entry-overview grid-loop-88 grid-parity-even  coleccion_sort indumentaria_sort  av_one_third first default_av_fullwidth'><article class='main_color inner-entry'  itemscope=\"itemscope\" itemtype=\"https:\/\/schema.org\/CreativeWork\" ><a href=\"https:\/\/museodelacharreria.org.mx\/fr\/coleccion\/traje-de-charro-de-gamuza-de-venado\/\" title=''  data-rel='grid-2' class='grid-image avia-hover-fx'> <img decoding=\"async\" fetchpriority=\"high\" width=\"495\" height=\"400\" src=\"https:\/\/museodelacharreria.org.mx\/wp-content\/uploads\/2023\/09\/Museo-de-la-Charreria-Traje-de-Charro-en-Gamuza-de-Venado-Portada--495x400.jpg\" class=\"wp-image-1595 avia-img-lazy-loading-not-1595 attachment-portfolio size-portfolio wp-post-image\" alt=\"\" srcset=\"https:\/\/museodelacharreria.org.mx\/wp-content\/uploads\/2023\/09\/Museo-de-la-Charreria-Traje-de-Charro-en-Gamuza-de-Venado-Portada--495x400.jpg 495w, https:\/\/museodelacharreria.org.mx\/wp-content\/uploads\/2023\/09\/Museo-de-la-Charreria-Traje-de-Charro-en-Gamuza-de-Venado-Portada--845x684.jpg 845w\" sizes=\"(max-width: 495px) 100vw, 495px\" \/><\/a><footer class=\"entry-footer\"><\/footer><\/article><\/div><div data-ajax-id='1437' class='grid-entry flex_column isotope-item all_sort no_margin post-entry post-entry-1437 grid-entry-overview grid-loop-89 grid-parity-odd  coleccion_sort indumentaria_sort  av_one_third  default_av_fullwidth'><article class='main_color inner-entry'  itemscope=\"itemscope\" itemtype=\"https:\/\/schema.org\/CreativeWork\" ><a href=\"https:\/\/museodelacharreria.org.mx\/fr\/coleccion\/traje-de-chinaco-de-gamuza-de-venado-2\/\" title=''  data-rel='grid-2' class='grid-image avia-hover-fx'> <img decoding=\"async\" fetchpriority=\"high\" width=\"495\" height=\"400\" src=\"https:\/\/museodelacharreria.org.mx\/wp-content\/uploads\/2023\/09\/Museo-de-la-Charreria-Indumentaria-Portadas-Potada-Traje-Gamuza-495x400.jpg\" class=\"wp-image-1438 avia-img-lazy-loading-not-1438 attachment-portfolio size-portfolio wp-post-image\" alt=\"\" srcset=\"https:\/\/museodelacharreria.org.mx\/wp-content\/uploads\/2023\/09\/Museo-de-la-Charreria-Indumentaria-Portadas-Potada-Traje-Gamuza-495x400.jpg 495w, https:\/\/museodelacharreria.org.mx\/wp-content\/uploads\/2023\/09\/Museo-de-la-Charreria-Indumentaria-Portadas-Potada-Traje-Gamuza-845x684.jpg 845w\" sizes=\"(max-width: 495px) 100vw, 495px\" \/><small class='avia-copyright'>Federaci\u00f3n Mexicana de Charrer\u00eda Photo : Antonio Gegundez<\/small><\/a><footer class=\"entry-footer\"><\/footer><\/article><\/div><div data-ajax-id='1406' class='grid-entry flex_column isotope-item all_sort no_margin post-entry post-entry-1406 grid-entry-overview grid-loop-90 grid-parity-even  coleccion_sort indumentaria_sort  av_one_third  default_av_fullwidth'><article class='main_color inner-entry'  itemscope=\"itemscope\" itemtype=\"https:\/\/schema.org\/CreativeWork\" ><a href=\"https:\/\/museodelacharreria.org.mx\/fr\/coleccion\/traje-de-dama-charra-en-gamuza\/\" title=''  data-rel='grid-2' class='grid-image avia-hover-fx'> <img decoding=\"async\" fetchpriority=\"high\" width=\"495\" height=\"400\" src=\"https:\/\/museodelacharreria.org.mx\/wp-content\/uploads\/2023\/09\/Museo-de-la-Charreria-Indumentaria-Portadas-Traje-Charra-Gamuza-495x400.jpg\" class=\"wp-image-1388 avia-img-lazy-loading-not-1388 attachment-portfolio size-portfolio wp-post-image\" alt=\"\" srcset=\"https:\/\/museodelacharreria.org.mx\/wp-content\/uploads\/2023\/09\/Museo-de-la-Charreria-Indumentaria-Portadas-Traje-Charra-Gamuza-495x400.jpg 495w, https:\/\/museodelacharreria.org.mx\/wp-content\/uploads\/2023\/09\/Museo-de-la-Charreria-Indumentaria-Portadas-Traje-Charra-Gamuza-845x684.jpg 845w\" sizes=\"(max-width: 495px) 100vw, 495px\" \/><\/a><footer class=\"entry-footer\"><\/footer><\/article><\/div><div data-ajax-id='1397' class='grid-entry flex_column isotope-item all_sort no_margin post-entry post-entry-1397 grid-entry-overview grid-loop-91 grid-parity-odd  coleccion_sort indumentaria_sort  av_one_third first default_av_fullwidth'><article class='main_color inner-entry'  itemscope=\"itemscope\" itemtype=\"https:\/\/schema.org\/CreativeWork\" ><a href=\"https:\/\/museodelacharreria.org.mx\/fr\/coleccion\/vestido-de-adelita-amazona\/\" title=''  data-rel='grid-2' class='grid-image avia-hover-fx'> <img decoding=\"async\" fetchpriority=\"high\" width=\"495\" height=\"400\" src=\"https:\/\/museodelacharreria.org.mx\/wp-content\/uploads\/2023\/09\/Museo-de-la-Charreria-Indumentaria-Portadas-Traje-Adelita-Verde-c-Violeta-495x400.jpg\" class=\"wp-image-1387 avia-img-lazy-loading-not-1387 attachment-portfolio size-portfolio wp-post-image\" alt=\"\" srcset=\"https:\/\/museodelacharreria.org.mx\/wp-content\/uploads\/2023\/09\/Museo-de-la-Charreria-Indumentaria-Portadas-Traje-Adelita-Verde-c-Violeta-495x400.jpg 495w, https:\/\/museodelacharreria.org.mx\/wp-content\/uploads\/2023\/09\/Museo-de-la-Charreria-Indumentaria-Portadas-Traje-Adelita-Verde-c-Violeta-845x684.jpg 845w\" sizes=\"(max-width: 495px) 100vw, 495px\" \/><\/a><footer class=\"entry-footer\"><\/footer><\/article><\/div><div data-ajax-id='1392' class='grid-entry flex_column isotope-item all_sort no_margin post-entry post-entry-1392 grid-entry-overview grid-loop-92 grid-parity-even  coleccion_sort indumentaria_sort  av_one_third  default_av_fullwidth'><article class='main_color inner-entry'  itemscope=\"itemscope\" itemtype=\"https:\/\/schema.org\/CreativeWork\" ><a href=\"https:\/\/museodelacharreria.org.mx\/fr\/coleccion\/vestido-de-adelita-verde-con-girasoles\/\" title=''  data-rel='grid-2' class='grid-image avia-hover-fx'> <img decoding=\"async\" fetchpriority=\"high\" width=\"495\" height=\"400\" src=\"https:\/\/museodelacharreria.org.mx\/wp-content\/uploads\/2023\/09\/Museo-de-la-Charreria-Indumentaria-Portadas-Traje-Adelita-Verde-c-Girasoles-495x400.jpg\" class=\"wp-image-1386 avia-img-lazy-loading-not-1386 attachment-portfolio size-portfolio wp-post-image\" alt=\"ADELITA ROBE VERTE AVEC TOURNESOLS\" srcset=\"https:\/\/museodelacharreria.org.mx\/wp-content\/uploads\/2023\/09\/Museo-de-la-Charreria-Indumentaria-Portadas-Traje-Adelita-Verde-c-Girasoles-495x400.jpg 495w, https:\/\/museodelacharreria.org.mx\/wp-content\/uploads\/2023\/09\/Museo-de-la-Charreria-Indumentaria-Portadas-Traje-Adelita-Verde-c-Girasoles-845x684.jpg 845w\" sizes=\"(max-width: 495px) 100vw, 495px\" \/><\/a><footer class=\"entry-footer\"><\/footer><\/article><\/div><div data-ajax-id='1373' class='grid-entry flex_column isotope-item all_sort no_margin post-entry post-entry-1373 grid-entry-overview grid-loop-93 grid-parity-odd  coleccion_sort indumentaria_sort  av_one_third  default_av_fullwidth'><article class='main_color inner-entry'  itemscope=\"itemscope\" itemtype=\"https:\/\/schema.org\/CreativeWork\" ><a href=\"https:\/\/museodelacharreria.org.mx\/fr\/coleccion\/traje-de-dama-charra-de-gala-en-beige\/\" title=''  data-rel='grid-2' class='grid-image avia-hover-fx'> <img decoding=\"async\" fetchpriority=\"high\" width=\"495\" height=\"400\" src=\"https:\/\/museodelacharreria.org.mx\/wp-content\/uploads\/2023\/09\/Museo-de-la-Charreria-Indumentaria-Portadas-Traje-Dama-Charra-495x400.jpg\" class=\"wp-image-1389 avia-img-lazy-loading-not-1389 attachment-portfolio size-portfolio wp-post-image\" alt=\"Costume de gala pour femme charro\" srcset=\"https:\/\/museodelacharreria.org.mx\/wp-content\/uploads\/2023\/09\/Museo-de-la-Charreria-Indumentaria-Portadas-Traje-Dama-Charra-495x400.jpg 495w, https:\/\/museodelacharreria.org.mx\/wp-content\/uploads\/2023\/09\/Museo-de-la-Charreria-Indumentaria-Portadas-Traje-Dama-Charra-845x684.jpg 845w\" sizes=\"(max-width: 495px) 100vw, 495px\" \/><\/a><footer class=\"entry-footer\"><\/footer><\/article><\/div><div data-ajax-id='1024' class='grid-entry flex_column isotope-item all_sort no_margin post-entry post-entry-1024 grid-entry-overview grid-loop-94 grid-parity-even  coleccion_sort indumentaria_sort  av_one_third first default_av_fullwidth'><article class='main_color inner-entry'  itemscope=\"itemscope\" itemtype=\"https:\/\/schema.org\/CreativeWork\" ><a href=\"https:\/\/museodelacharreria.org.mx\/fr\/coleccion\/vestido-de-china-poblana\/\" title=''  data-rel='grid-2' class='grid-image avia-hover-fx'> <img decoding=\"async\" fetchpriority=\"high\" width=\"495\" height=\"400\" src=\"https:\/\/museodelacharreria.org.mx\/wp-content\/uploads\/2023\/09\/Museo-de-la-Charreria-Indumentaria-Portadas-Traje-China-Poblana-495x400.jpg\" class=\"wp-image-1025 avia-img-lazy-loading-not-1025 attachment-portfolio size-portfolio wp-post-image\" alt=\"Costume China Poblana - Museo de la Charrer\u00eda CDMX\" srcset=\"https:\/\/museodelacharreria.org.mx\/wp-content\/uploads\/2023\/09\/Museo-de-la-Charreria-Indumentaria-Portadas-Traje-China-Poblana-495x400.jpg 495w, https:\/\/museodelacharreria.org.mx\/wp-content\/uploads\/2023\/09\/Museo-de-la-Charreria-Indumentaria-Portadas-Traje-China-Poblana-845x684.jpg 845w\" sizes=\"(max-width: 495px) 100vw, 495px\" \/><\/a><footer class=\"entry-footer\"><\/footer><\/article><\/div><div data-ajax-id='1016' class='grid-entry flex_column isotope-item all_sort no_margin post-entry post-entry-1016 grid-entry-overview grid-loop-95 grid-parity-odd  coleccion_sort indumentaria_sort  av_one_third  default_av_fullwidth'><article class='main_color inner-entry'  itemscope=\"itemscope\" itemtype=\"https:\/\/schema.org\/CreativeWork\" ><a href=\"https:\/\/museodelacharreria.org.mx\/fr\/coleccion\/traje-de-chinaco-de-gamuza-de-venado\/\" title=''  data-rel='grid-2' class='grid-image avia-hover-fx'> <img decoding=\"async\" fetchpriority=\"high\" width=\"495\" height=\"400\" src=\"https:\/\/museodelacharreria.org.mx\/wp-content\/uploads\/2023\/09\/Museo-de-la-Charreria-Indumentaria-Portadas-Potada-Traje-Chinaco-Gamuza-495x400.jpg\" class=\"wp-image-1017 avia-img-lazy-loading-not-1017 attachment-portfolio size-portfolio wp-post-image\" alt=\"Costume de cerf Chamois Chinaco\" srcset=\"https:\/\/museodelacharreria.org.mx\/wp-content\/uploads\/2023\/09\/Museo-de-la-Charreria-Indumentaria-Portadas-Potada-Traje-Chinaco-Gamuza-495x400.jpg 495w, https:\/\/museodelacharreria.org.mx\/wp-content\/uploads\/2023\/09\/Museo-de-la-Charreria-Indumentaria-Portadas-Potada-Traje-Chinaco-Gamuza-845x684.jpg 845w\" sizes=\"(max-width: 495px) 100vw, 495px\" \/><\/a><footer class=\"entry-footer\"><\/footer><\/article><\/div><div data-ajax-id='982' class='grid-entry flex_column isotope-item all_sort no_margin post-entry post-entry-982 grid-entry-overview grid-loop-96 grid-parity-even  post-entry-last  coleccion_sort indumentaria_sort  av_one_third  default_av_fullwidth'><article class='main_color inner-entry'  itemscope=\"itemscope\" itemtype=\"https:\/\/schema.org\/CreativeWork\" ><a href=\"https:\/\/museodelacharreria.org.mx\/fr\/coleccion\/traje-de-chinaco-pantalon-de-nino\/\" title=''  data-rel='grid-2' class='grid-image avia-hover-fx'> <img decoding=\"async\" fetchpriority=\"high\" width=\"495\" height=\"400\" src=\"https:\/\/museodelacharreria.org.mx\/wp-content\/uploads\/2023\/09\/Museo-de-la-Charreria-Indumentaria-Portadas-Pantalon-de-Chinaco-495x400.jpg\" class=\"wp-image-983 avia-img-lazy-loading-not-983 attachment-portfolio size-portfolio wp-post-image\" alt=\"\" srcset=\"https:\/\/museodelacharreria.org.mx\/wp-content\/uploads\/2023\/09\/Museo-de-la-Charreria-Indumentaria-Portadas-Pantalon-de-Chinaco-495x400.jpg 495w, https:\/\/museodelacharreria.org.mx\/wp-content\/uploads\/2023\/09\/Museo-de-la-Charreria-Indumentaria-Portadas-Pantalon-de-Chinaco-845x684.jpg 845w\" sizes=\"(max-width: 495px) 100vw, 495px\" \/><\/a><footer class=\"entry-footer\"><\/footer><\/article><\/div><\/div><\/div>   <!--   class=\"av-portfolio-grid-sorting-container\"  -->","protected":false},"excerpt":{"rendered":"","protected":false},"author":1,"featured_media":1672,"parent":0,"menu_order":0,"comment_status":"closed","ping_status":"closed","template":"","meta":{"footnotes":""},"class_list":["post-64","page","type-page","status-publish","has-post-thumbnail","hentry"],"yoast_head":"<!-- This site is optimized with the Yoast SEO plugin v27.5 - https:\/\/yoast.com\/product\/yoast-seo-wordpress\/ -->\n<title>EXHIBICI\u00d3N - Museo de la Charrer\u00eda CDMX<\/title>\n<meta name=\"description\" content=\"Descubre a detalle las piezas destacadas de la vasta colecci\u00f3n que se exhibe en el Museo de la Charrer\u00eda de la Ciudad de M\u00e9xico.\" \/>\n<meta name=\"robots\" content=\"index, follow, max-snippet:-1, max-image-preview:large, max-video-preview:-1\" \/>\n<link rel=\"canonical\" href=\"https:\/\/museodelacharreria.org.mx\/fr\/exposition\/\" \/>\n<meta property=\"og:locale\" content=\"fr_FR\" \/>\n<meta property=\"og:type\" content=\"article\" \/>\n<meta property=\"og:title\" content=\"EXHIBICI\u00d3N - Museo de la Charrer\u00eda CDMX\" \/>\n<meta property=\"og:description\" content=\"Descubre a detalle las piezas destacadas de la vasta colecci\u00f3n que se exhibe en el Museo de la Charrer\u00eda de la Ciudad de M\u00e9xico.\" \/>\n<meta property=\"og:url\" content=\"https:\/\/museodelacharreria.org.mx\/fr\/exposition\/\" \/>\n<meta property=\"og:site_name\" content=\"Museo de la Charrer\u00eda CDMX\" \/>\n<meta property=\"article:modified_time\" content=\"2024-12-06T14:07:09+00:00\" \/>\n<meta property=\"og:image\" content=\"https:\/\/museodelacharreria.org.mx\/wp-content\/uploads\/2023\/07\/Museo-de-la-Charreria-CDMX-Montura-del-General-Miguel-Miramon-0010-1.jpg\" \/>\n\t<meta property=\"og:image:width\" content=\"1920\" \/>\n\t<meta property=\"og:image:height\" content=\"1280\" \/>\n\t<meta property=\"og:image:type\" content=\"image\/jpeg\" \/>\n<meta name=\"twitter:card\" content=\"summary_large_image\" \/>\n<meta name=\"twitter:label1\" content=\"Dur\u00e9e de lecture estim\u00e9e\" \/>\n\t<meta name=\"twitter:data1\" content=\"42 minutes\" \/>\n<script type=\"application\/ld+json\" class=\"yoast-schema-graph\">{\"@context\":\"https:\\\/\\\/schema.org\",\"@graph\":[{\"@type\":\"WebPage\",\"@id\":\"https:\\\/\\\/museodelacharreria.org.mx\\\/exhibicion\\\/\",\"url\":\"https:\\\/\\\/museodelacharreria.org.mx\\\/exhibicion\\\/\",\"name\":\"EXHIBICI\u00d3N - Museo de la Charrer\u00eda CDMX\",\"isPartOf\":{\"@id\":\"https:\\\/\\\/museodelacharreria.org.mx\\\/#website\"},\"primaryImageOfPage\":{\"@id\":\"https:\\\/\\\/museodelacharreria.org.mx\\\/exhibicion\\\/#primaryimage\"},\"image\":{\"@id\":\"https:\\\/\\\/museodelacharreria.org.mx\\\/exhibicion\\\/#primaryimage\"},\"thumbnailUrl\":\"https:\\\/\\\/museodelacharreria.org.mx\\\/wp-content\\\/uploads\\\/2023\\\/07\\\/Museo-de-la-Charreria-CDMX-Montura-del-General-Miguel-Miramon-0010-1.jpg\",\"datePublished\":\"2023-07-14T06:12:13+00:00\",\"dateModified\":\"2024-12-06T14:07:09+00:00\",\"description\":\"Descubre a detalle las piezas destacadas de la vasta colecci\u00f3n que se exhibe en el Museo de la Charrer\u00eda de la Ciudad de M\u00e9xico.\",\"breadcrumb\":{\"@id\":\"https:\\\/\\\/museodelacharreria.org.mx\\\/exhibicion\\\/#breadcrumb\"},\"inLanguage\":\"fr-FR\",\"potentialAction\":[{\"@type\":\"ReadAction\",\"target\":[\"https:\\\/\\\/museodelacharreria.org.mx\\\/exhibicion\\\/\"]}]},{\"@type\":\"ImageObject\",\"inLanguage\":\"fr-FR\",\"@id\":\"https:\\\/\\\/museodelacharreria.org.mx\\\/exhibicion\\\/#primaryimage\",\"url\":\"https:\\\/\\\/museodelacharreria.org.mx\\\/wp-content\\\/uploads\\\/2023\\\/07\\\/Museo-de-la-Charreria-CDMX-Montura-del-General-Miguel-Miramon-0010-1.jpg\",\"contentUrl\":\"https:\\\/\\\/museodelacharreria.org.mx\\\/wp-content\\\/uploads\\\/2023\\\/07\\\/Museo-de-la-Charreria-CDMX-Montura-del-General-Miguel-Miramon-0010-1.jpg\",\"width\":1920,\"height\":1280},{\"@type\":\"BreadcrumbList\",\"@id\":\"https:\\\/\\\/museodelacharreria.org.mx\\\/exhibicion\\\/#breadcrumb\",\"itemListElement\":[{\"@type\":\"ListItem\",\"position\":1,\"name\":\"Portada\",\"item\":\"https:\\\/\\\/museodelacharreria.org.mx\\\/inicio\\\/\"},{\"@type\":\"ListItem\",\"position\":2,\"name\":\"EXHIBICI\u00d3N\"}]},{\"@type\":\"WebSite\",\"@id\":\"https:\\\/\\\/museodelacharreria.org.mx\\\/#website\",\"url\":\"https:\\\/\\\/museodelacharreria.org.mx\\\/\",\"name\":\"Museo de la Charrer\u00eda CDMX\",\"description\":\"Historia y tradici\u00f3n, patrimonio cultural inmaterial de la humanidad UNESCO\",\"publisher\":{\"@id\":\"https:\\\/\\\/museodelacharreria.org.mx\\\/#organization\"},\"potentialAction\":[{\"@type\":\"SearchAction\",\"target\":{\"@type\":\"EntryPoint\",\"urlTemplate\":\"https:\\\/\\\/museodelacharreria.org.mx\\\/?s={search_term_string}\"},\"query-input\":{\"@type\":\"PropertyValueSpecification\",\"valueRequired\":true,\"valueName\":\"search_term_string\"}}],\"inLanguage\":\"fr-FR\"},{\"@type\":\"Organization\",\"@id\":\"https:\\\/\\\/museodelacharreria.org.mx\\\/#organization\",\"name\":\"Museo de la Charrer\u00eda Ciudad de M\u00e9xico\",\"alternateName\":\"Museo de la Charrer\u00eda CDMX\",\"url\":\"https:\\\/\\\/museodelacharreria.org.mx\\\/\",\"logo\":{\"@type\":\"ImageObject\",\"inLanguage\":\"fr-FR\",\"@id\":\"https:\\\/\\\/museodelacharreria.org.mx\\\/#\\\/schema\\\/logo\\\/image\\\/\",\"url\":\"https:\\\/\\\/museodelacharreria.org.mx\\\/wp-content\\\/uploads\\\/2023\\\/07\\\/Logo-Museo-de-la-Charreria-b-n.png\",\"contentUrl\":\"https:\\\/\\\/museodelacharreria.org.mx\\\/wp-content\\\/uploads\\\/2023\\\/07\\\/Logo-Museo-de-la-Charreria-b-n.png\",\"width\":500,\"height\":250,\"caption\":\"Museo de la Charrer\u00eda Ciudad de M\u00e9xico\"},\"image\":{\"@id\":\"https:\\\/\\\/museodelacharreria.org.mx\\\/#\\\/schema\\\/logo\\\/image\\\/\"},\"sameAs\":[\"https:\\\/\\\/www.youtube.com\\\/@MuseoDeLaCharreria\"]}]}<\/script>\n<!-- \/ Yoast SEO plugin. -->","yoast_head_json":{"title":"EXPOSITION - Mus\u00e9e de la Charrerie CDMX","description":"D\u00e9couvrez en d\u00e9tail les pi\u00e8ces exceptionnelles de la vaste collection expos\u00e9e au Museo de la Charrer\u00eda \u00e0 Mexico.","robots":{"index":"index","follow":"follow","max-snippet":"max-snippet:-1","max-image-preview":"max-image-preview:large","max-video-preview":"max-video-preview:-1"},"canonical":"https:\/\/museodelacharreria.org.mx\/fr\/exposition\/","og_locale":"fr_FR","og_type":"article","og_title":"EXHIBICI\u00d3N - Museo de la Charrer\u00eda CDMX","og_description":"Descubre a detalle las piezas destacadas de la vasta colecci\u00f3n que se exhibe en el Museo de la Charrer\u00eda de la Ciudad de M\u00e9xico.","og_url":"https:\/\/museodelacharreria.org.mx\/fr\/exposition\/","og_site_name":"Museo de la Charrer\u00eda CDMX","article_modified_time":"2024-12-06T14:07:09+00:00","og_image":[{"width":1920,"height":1280,"url":"https:\/\/museodelacharreria.org.mx\/wp-content\/uploads\/2023\/07\/Museo-de-la-Charreria-CDMX-Montura-del-General-Miguel-Miramon-0010-1.jpg","type":"image\/jpeg"}],"twitter_card":"summary_large_image","twitter_misc":{"Dur\u00e9e de lecture estim\u00e9e":"42 minutes"},"schema":{"@context":"https:\/\/schema.org","@graph":[{"@type":"WebPage","@id":"https:\/\/museodelacharreria.org.mx\/exhibicion\/","url":"https:\/\/museodelacharreria.org.mx\/exhibicion\/","name":"EXPOSITION - Mus\u00e9e de la Charrerie CDMX","isPartOf":{"@id":"https:\/\/museodelacharreria.org.mx\/#website"},"primaryImageOfPage":{"@id":"https:\/\/museodelacharreria.org.mx\/exhibicion\/#primaryimage"},"image":{"@id":"https:\/\/museodelacharreria.org.mx\/exhibicion\/#primaryimage"},"thumbnailUrl":"https:\/\/museodelacharreria.org.mx\/wp-content\/uploads\/2023\/07\/Museo-de-la-Charreria-CDMX-Montura-del-General-Miguel-Miramon-0010-1.jpg","datePublished":"2023-07-14T06:12:13+00:00","dateModified":"2024-12-06T14:07:09+00:00","description":"D\u00e9couvrez en d\u00e9tail les pi\u00e8ces exceptionnelles de la vaste collection expos\u00e9e au Museo de la Charrer\u00eda \u00e0 Mexico.","breadcrumb":{"@id":"https:\/\/museodelacharreria.org.mx\/exhibicion\/#breadcrumb"},"inLanguage":"fr-FR","potentialAction":[{"@type":"ReadAction","target":["https:\/\/museodelacharreria.org.mx\/exhibicion\/"]}]},{"@type":"ImageObject","inLanguage":"fr-FR","@id":"https:\/\/museodelacharreria.org.mx\/exhibicion\/#primaryimage","url":"https:\/\/museodelacharreria.org.mx\/wp-content\/uploads\/2023\/07\/Museo-de-la-Charreria-CDMX-Montura-del-General-Miguel-Miramon-0010-1.jpg","contentUrl":"https:\/\/museodelacharreria.org.mx\/wp-content\/uploads\/2023\/07\/Museo-de-la-Charreria-CDMX-Montura-del-General-Miguel-Miramon-0010-1.jpg","width":1920,"height":1280},{"@type":"BreadcrumbList","@id":"https:\/\/museodelacharreria.org.mx\/exhibicion\/#breadcrumb","itemListElement":[{"@type":"ListItem","position":1,"name":"Portada","item":"https:\/\/museodelacharreria.org.mx\/inicio\/"},{"@type":"ListItem","position":2,"name":"EXHIBICI\u00d3N"}]},{"@type":"WebSite","@id":"https:\/\/museodelacharreria.org.mx\/#website","url":"https:\/\/museodelacharreria.org.mx\/","name":"Mus\u00e9e de la Charrerie CDMX","description":"Histoire et tradition, patrimoine culturel immat\u00e9riel de l'humanit\u00e9 UNESCO","publisher":{"@id":"https:\/\/museodelacharreria.org.mx\/#organization"},"potentialAction":[{"@type":"SearchAction","target":{"@type":"EntryPoint","urlTemplate":"https:\/\/museodelacharreria.org.mx\/?s={search_term_string}"},"query-input":{"@type":"PropertyValueSpecification","valueRequired":true,"valueName":"search_term_string"}}],"inLanguage":"fr-FR"},{"@type":"Organization","@id":"https:\/\/museodelacharreria.org.mx\/#organization","name":"Mus\u00e9e de la Charrerie Mexico","alternateName":"Museo de la Charrer\u00eda CDMX","url":"https:\/\/museodelacharreria.org.mx\/","logo":{"@type":"ImageObject","inLanguage":"fr-FR","@id":"https:\/\/museodelacharreria.org.mx\/#\/schema\/logo\/image\/","url":"https:\/\/museodelacharreria.org.mx\/wp-content\/uploads\/2023\/07\/Logo-Museo-de-la-Charreria-b-n.png","contentUrl":"https:\/\/museodelacharreria.org.mx\/wp-content\/uploads\/2023\/07\/Logo-Museo-de-la-Charreria-b-n.png","width":500,"height":250,"caption":"Museo de la Charrer\u00eda Ciudad de M\u00e9xico"},"image":{"@id":"https:\/\/museodelacharreria.org.mx\/#\/schema\/logo\/image\/"},"sameAs":["https:\/\/www.youtube.com\/@MuseoDeLaCharreria"]}]}},"_links":{"self":[{"href":"https:\/\/museodelacharreria.org.mx\/fr\/wp-json\/wp\/v2\/pages\/64","targetHints":{"allow":["GET"]}}],"collection":[{"href":"https:\/\/museodelacharreria.org.mx\/fr\/wp-json\/wp\/v2\/pages"}],"about":[{"href":"https:\/\/museodelacharreria.org.mx\/fr\/wp-json\/wp\/v2\/types\/page"}],"author":[{"embeddable":true,"href":"https:\/\/museodelacharreria.org.mx\/fr\/wp-json\/wp\/v2\/users\/1"}],"replies":[{"embeddable":true,"href":"https:\/\/museodelacharreria.org.mx\/fr\/wp-json\/wp\/v2\/comments?post=64"}],"version-history":[{"count":49,"href":"https:\/\/museodelacharreria.org.mx\/fr\/wp-json\/wp\/v2\/pages\/64\/revisions"}],"predecessor-version":[{"id":4006,"href":"https:\/\/museodelacharreria.org.mx\/fr\/wp-json\/wp\/v2\/pages\/64\/revisions\/4006"}],"wp:featuredmedia":[{"embeddable":true,"href":"https:\/\/museodelacharreria.org.mx\/fr\/wp-json\/wp\/v2\/media\/1672"}],"wp:attachment":[{"href":"https:\/\/museodelacharreria.org.mx\/fr\/wp-json\/wp\/v2\/media?parent=64"}],"curies":[{"name":"wp","href":"https:\/\/api.w.org\/{rel}","templated":true}]}}