{"id":905,"date":"2023-09-25T17:07:51","date_gmt":"2023-09-25T17:07:51","guid":{"rendered":"https:\/\/museodelacharreria.org.mx\/?page_id=905"},"modified":"2023-09-25T17:08:29","modified_gmt":"2023-09-25T17:08:29","slug":"chapeaux","status":"publish","type":"page","link":"https:\/\/museodelacharreria.org.mx\/fr\/exhibicion\/sombreros\/","title":{"rendered":"CHAPEAUX"},"content":{"rendered":"<style type=\"text\/css\" data-created_by=\"avia_inline_auto\" id=\"style-css-av-lmz4krxb-7361e69fa82e29ac4b1c8d748ffc20de\">\n.avia-section.av-lmz4krxb-7361e69fa82e29ac4b1c8d748ffc20de{\nbackground-repeat:no-repeat;\nbackground-image:url(https:\/\/museodelacharreria.org.mx\/wp-content\/uploads\/2023\/09\/Museo-de-la-Charreria-CDMX-Sombrero-Papa-Francisco-0018.jpg);\nbackground-position:50% 50%;\nbackground-attachment:scroll;\n}\n<\/style>\n<div id='av_section_1'  class='avia-section av-lmz4krxb-7361e69fa82e29ac4b1c8d748ffc20de main_color avia-section-no-padding avia-no-border-styling  avia-builder-el-0  el_before_av_portfolio  avia-builder-el-first  avia-full-stretch avia-bg-style-scroll av-minimum-height av-minimum-height-80 av-height-percent  container_wrap fullsize'  data-section-bg-repeat='stretch' data-av_minimum_height_pc='80' data-av_min_height_opt='percent'><div class=\"av-section-color-overlay-wrap\"><a href='#next-section' title='' class='scroll-down-link' aria-hidden='true' data-av_icon='\ue877' data-av_iconfont='entypo-fontello'><\/a><div class='container av-section-cont-open' ><main  role=\"main\" itemprop=\"mainContentOfPage\"  class='template-page content  av-content-full alpha units'><div class='post-entry post-entry-type-page post-entry-905'><div class='entry-content-wrapper clearfix'>\n<div  id=\"av-sc-portfolio-1\"  class=\"av-portfolio-grid-sorting-container\"><div class='sort_width_container  av-sort-yes' data-portfolio-id='1' ><div id='js_sort_items' ><div class='sort_by_cat hidden'><a href=\"#\" data-filter=\"all_sort\" class=\"all_sort_button active_sort\"><span class=\"inner_sort_button\"><span>Tout<\/span><small class=\"av-cat-count\"> 16 <\/small><\/span><\/a><span class=\"text-sep sombreros_sort_sep\">\/<\/span><a href=\"#\" data-filter=\"sombreros_sort\" class=\"sombreros_sort_button\" ><span class=\"inner_sort_button\"><span>CHAPEAUX<\/span><small class=\"av-cat-count\"> 16 <\/small><\/span><\/a><\/div><\/div><\/div><div  class='grid-sort-container isotope   no_margin-container with-title-container grid-total-even grid-col-4 grid-links-' data-portfolio-id='1'><div data-ajax-id='2401' class='grid-entry flex_column isotope-item all_sort no_margin post-entry post-entry-2401 grid-entry-overview grid-loop-1 grid-parity-odd  coleccion_sort sombreros_sort  av_one_fourth first default_av_fullwidth'><article class='main_color inner-entry'  itemscope=\"itemscope\" itemtype=\"https:\/\/schema.org\/CreativeWork\" ><a href=\"https:\/\/museodelacharreria.org.mx\/fr\/coleccion\/sombrero-con-bordado-de-rosas\/\" title='CHAPEAU AVEC BRODERIE DE ROSES'  data-rel='grid-1' class='grid-image avia-hover-fx'> <img decoding=\"async\" fetchpriority=\"high\" width=\"260\" height=\"185\" src=\"https:\/\/museodelacharreria.org.mx\/wp-content\/uploads\/2023\/11\/Museo-de-la-Charreria-Sombrero-0155-260x185.jpg\" class=\"wp-image-2396 avia-img-lazy-loading-not-2396 attachment-portfolio_small size-portfolio_small wp-post-image\" alt=\"\" srcset=\"https:\/\/museodelacharreria.org.mx\/wp-content\/uploads\/2023\/11\/Museo-de-la-Charreria-Sombrero-0155-260x185.jpg 260w, https:\/\/museodelacharreria.org.mx\/wp-content\/uploads\/2023\/11\/Museo-de-la-Charreria-Sombrero-0155-18x12.jpg 18w\" sizes=\"(max-width: 260px) 100vw, 260px\" \/><\/a><div class='grid-content'><div class='avia-arrow'><\/div><header class=\"entry-content-header\" aria-label=\"Portfolio: SOMBRERO CON BORDADO DE ROSAS\"><h3 class='grid-entry-title entry-title'  itemprop=\"headline\" ><a href='https:\/\/museodelacharreria.org.mx\/fr\/coleccion\/sombrero-con-bordado-de-rosas\/' title='CHAPEAU AVEC BRODERIE DE ROSES'>CHAPEAU AVEC BRODERIE DE ROSES<\/a><\/h3><\/header><\/div><footer class=\"entry-footer\"><\/footer><\/article><\/div><div data-ajax-id='2435' class='grid-entry flex_column isotope-item all_sort no_margin post-entry post-entry-2435 grid-entry-overview grid-loop-2 grid-parity-even  coleccion_sort sombreros_sort  av_one_fourth  default_av_fullwidth'><article class='main_color inner-entry'  itemscope=\"itemscope\" itemtype=\"https:\/\/schema.org\/CreativeWork\" ><a href=\"https:\/\/museodelacharreria.org.mx\/fr\/coleccion\/sombrero-de-charro-para-nino\/\" title='CHAPEAU DE CHARRO POUR ENFANT'  data-rel='grid-1' class='grid-image avia-hover-fx'> <img decoding=\"async\" fetchpriority=\"high\" width=\"260\" height=\"185\" src=\"https:\/\/museodelacharreria.org.mx\/wp-content\/uploads\/2023\/11\/Museo-de-la-Charreria-Sombrero-de-Charro-0022-260x185.jpg\" class=\"wp-image-2420 avia-img-lazy-loading-not-2420 attachment-portfolio_small size-portfolio_small wp-post-image\" alt=\"\" srcset=\"https:\/\/museodelacharreria.org.mx\/wp-content\/uploads\/2023\/11\/Museo-de-la-Charreria-Sombrero-de-Charro-0022-260x185.jpg 260w, https:\/\/museodelacharreria.org.mx\/wp-content\/uploads\/2023\/11\/Museo-de-la-Charreria-Sombrero-de-Charro-0022-18x12.jpg 18w\" sizes=\"(max-width: 260px) 100vw, 260px\" \/><\/a><div class='grid-content'><div class='avia-arrow'><\/div><header class=\"entry-content-header\" aria-label=\"Portfolio: SOMBRERO DE CHARRO PARA NI\u00d1O\"><h3 class='grid-entry-title entry-title'  itemprop=\"headline\" ><a href='https:\/\/museodelacharreria.org.mx\/fr\/coleccion\/sombrero-de-charro-para-nino\/' title='CHAPEAU DE CHARRO POUR ENFANT'>CHAPEAU DE CHARRO POUR ENFANT<\/a><\/h3><\/header><\/div><footer class=\"entry-footer\"><\/footer><\/article><\/div><div data-ajax-id='2429' class='grid-entry flex_column isotope-item all_sort no_margin post-entry post-entry-2429 grid-entry-overview grid-loop-3 grid-parity-odd  coleccion_sort sombreros_sort  av_one_fourth  default_av_fullwidth'><article class='main_color inner-entry'  itemscope=\"itemscope\" itemtype=\"https:\/\/schema.org\/CreativeWork\" ><a href=\"https:\/\/museodelacharreria.org.mx\/fr\/coleccion\/sombrero-de-pelo-fino-bordado-en-canutillo-de-oro\/\" title='BONNET EN FOURRURE FINE BROD\u00c9 D&#039;UN LISER\u00c9 DOR\u00c9'  data-rel='grid-1' class='grid-image avia-hover-fx'> <img decoding=\"async\" fetchpriority=\"high\" width=\"260\" height=\"185\" src=\"https:\/\/museodelacharreria.org.mx\/wp-content\/uploads\/2023\/11\/Museo-de-la-Charreria-Sombrero-de-Charro-0144-260x185.jpg\" class=\"wp-image-2425 avia-img-lazy-loading-not-2425 attachment-portfolio_small size-portfolio_small wp-post-image\" alt=\"\" srcset=\"https:\/\/museodelacharreria.org.mx\/wp-content\/uploads\/2023\/11\/Museo-de-la-Charreria-Sombrero-de-Charro-0144-260x185.jpg 260w, https:\/\/museodelacharreria.org.mx\/wp-content\/uploads\/2023\/11\/Museo-de-la-Charreria-Sombrero-de-Charro-0144-18x12.jpg 18w\" sizes=\"(max-width: 260px) 100vw, 260px\" \/><\/a><div class='grid-content'><div class='avia-arrow'><\/div><header class=\"entry-content-header\" aria-label=\"Portfolio: SOMBRERO DE PELO FINO BORDADO CON CANUTILLO DE ORO\"><h3 class='grid-entry-title entry-title'  itemprop=\"headline\" ><a href='https:\/\/museodelacharreria.org.mx\/fr\/coleccion\/sombrero-de-pelo-fino-bordado-en-canutillo-de-oro\/' title='BONNET EN FOURRURE FINE BROD\u00c9 D&#039;UN LISER\u00c9 DOR\u00c9'>BONNET EN FOURRURE FINE BROD\u00c9 D'UN LISER\u00c9 DOR\u00c9<\/a><\/h3><\/header><\/div><footer class=\"entry-footer\"><\/footer><\/article><\/div><div data-ajax-id='2415' class='grid-entry flex_column isotope-item all_sort no_margin post-entry post-entry-2415 grid-entry-overview grid-loop-4 grid-parity-even  coleccion_sort sombreros_sort  av_one_fourth  default_av_fullwidth'><article class='main_color inner-entry'  itemscope=\"itemscope\" itemtype=\"https:\/\/schema.org\/CreativeWork\" ><a href=\"https:\/\/museodelacharreria.org.mx\/fr\/coleccion\/sombrero-castoreno-de-chinaco-color-gris\/\" title='CHAPEAU CHINACO CHINACO, COULEUR GRISE'  data-rel='grid-1' class='grid-image avia-hover-fx'> <img decoding=\"async\" fetchpriority=\"high\" width=\"260\" height=\"185\" src=\"https:\/\/museodelacharreria.org.mx\/wp-content\/uploads\/2023\/11\/Museo-de-la-Charreria-Sombrero-de-Chinaco-0170-260x185.jpg\" class=\"wp-image-2410 avia-img-lazy-loading-not-2410 attachment-portfolio_small size-portfolio_small wp-post-image\" alt=\"\" srcset=\"https:\/\/museodelacharreria.org.mx\/wp-content\/uploads\/2023\/11\/Museo-de-la-Charreria-Sombrero-de-Chinaco-0170-260x185.jpg 260w, https:\/\/museodelacharreria.org.mx\/wp-content\/uploads\/2023\/11\/Museo-de-la-Charreria-Sombrero-de-Chinaco-0170-18x12.jpg 18w\" sizes=\"(max-width: 260px) 100vw, 260px\" \/><\/a><div class='grid-content'><div class='avia-arrow'><\/div><header class=\"entry-content-header\" aria-label=\"Portfolio: SOMBRERO CASTORE\u00d1O DE CHINACO COLOR GRIS\"><h3 class='grid-entry-title entry-title'  itemprop=\"headline\" ><a href='https:\/\/museodelacharreria.org.mx\/fr\/coleccion\/sombrero-castoreno-de-chinaco-color-gris\/' title='CHAPEAU CHINACO CHINACO, COULEUR GRISE'>CHAPEAU CHINACO CHINACO, COULEUR GRISE<\/a><\/h3><\/header><\/div><footer class=\"entry-footer\"><\/footer><\/article><\/div><div data-ajax-id='2406' class='grid-entry flex_column isotope-item all_sort no_margin post-entry post-entry-2406 grid-entry-overview grid-loop-5 grid-parity-odd  coleccion_sort sombreros_sort  av_one_fourth first default_av_fullwidth'><article class='main_color inner-entry'  itemscope=\"itemscope\" itemtype=\"https:\/\/schema.org\/CreativeWork\" ><a href=\"https:\/\/museodelacharreria.org.mx\/fr\/coleccion\/sombrero-castoreno-de-chinaco\/\" title='CHAPEAU MARRON CHINACO CHINACO'  data-rel='grid-1' class='grid-image avia-hover-fx'> <img decoding=\"async\" fetchpriority=\"high\" width=\"260\" height=\"185\" src=\"https:\/\/museodelacharreria.org.mx\/wp-content\/uploads\/2023\/11\/Museo-de-la-Charreria-Sombrero-de-Chinaco-0166-260x185.jpg\" class=\"wp-image-2407 avia-img-lazy-loading-not-2407 attachment-portfolio_small size-portfolio_small wp-post-image\" alt=\"Chapeau Chinaco Beaver\" srcset=\"https:\/\/museodelacharreria.org.mx\/wp-content\/uploads\/2023\/11\/Museo-de-la-Charreria-Sombrero-de-Chinaco-0166-260x185.jpg 260w, https:\/\/museodelacharreria.org.mx\/wp-content\/uploads\/2023\/11\/Museo-de-la-Charreria-Sombrero-de-Chinaco-0166-18x12.jpg 18w\" sizes=\"(max-width: 260px) 100vw, 260px\" \/><\/a><div class='grid-content'><div class='avia-arrow'><\/div><header class=\"entry-content-header\" aria-label=\"Portfolio: SOMBRERO CASTORE\u00d1O DE CHINACO COLOR CAF\u00c9\"><h3 class='grid-entry-title entry-title'  itemprop=\"headline\" ><a href='https:\/\/museodelacharreria.org.mx\/fr\/coleccion\/sombrero-castoreno-de-chinaco\/' title='CHAPEAU MARRON CHINACO CHINACO'>CHAPEAU MARRON CHINACO CHINACO<\/a><\/h3><\/header><\/div><footer class=\"entry-footer\"><\/footer><\/article><\/div><div data-ajax-id='2383' class='grid-entry flex_column isotope-item all_sort no_margin post-entry post-entry-2383 grid-entry-overview grid-loop-6 grid-parity-even  coleccion_sort sombreros_sort  av_one_fourth  default_av_fullwidth'><article class='main_color inner-entry'  itemscope=\"itemscope\" itemtype=\"https:\/\/schema.org\/CreativeWork\" ><a href=\"https:\/\/museodelacharreria.org.mx\/fr\/coleccion\/sombrero-con-detalle-de-espuelas\/\" title='CHAPEAU AVEC D\u00c9TAIL D&#039;\u00c9PERONS'  data-rel='grid-1' class='grid-image avia-hover-fx'> <img decoding=\"async\" fetchpriority=\"high\" width=\"260\" height=\"185\" src=\"https:\/\/museodelacharreria.org.mx\/wp-content\/uploads\/2023\/11\/Museo-de-la-Charreria-Sombrero-0149-260x185.jpg\" class=\"wp-image-2386 avia-img-lazy-loading-not-2386 attachment-portfolio_small size-portfolio_small wp-post-image\" alt=\"\" srcset=\"https:\/\/museodelacharreria.org.mx\/wp-content\/uploads\/2023\/11\/Museo-de-la-Charreria-Sombrero-0149-260x185.jpg 260w, https:\/\/museodelacharreria.org.mx\/wp-content\/uploads\/2023\/11\/Museo-de-la-Charreria-Sombrero-0149-18x12.jpg 18w\" sizes=\"(max-width: 260px) 100vw, 260px\" \/><\/a><div class='grid-content'><div class='avia-arrow'><\/div><header class=\"entry-content-header\" aria-label=\"Portfolio: SOMBRERO CON DETALLE DE ESPUELAS\"><h3 class='grid-entry-title entry-title'  itemprop=\"headline\" ><a href='https:\/\/museodelacharreria.org.mx\/fr\/coleccion\/sombrero-con-detalle-de-espuelas\/' title='CHAPEAU AVEC D\u00c9TAIL D&#039;\u00c9PERONS'>CHAPEAU AVEC D\u00c9TAIL D'\u00c9PERONS<\/a><\/h3><\/header><\/div><footer class=\"entry-footer\"><\/footer><\/article><\/div><div data-ajax-id='2332' class='grid-entry flex_column isotope-item all_sort no_margin post-entry post-entry-2332 grid-entry-overview grid-loop-7 grid-parity-odd  coleccion_sort sombreros_sort  av_one_fourth  default_av_fullwidth'><article class='main_color inner-entry'  itemscope=\"itemscope\" itemtype=\"https:\/\/schema.org\/CreativeWork\" ><a href=\"https:\/\/museodelacharreria.org.mx\/fr\/coleccion\/sombrero-de-charro-con-ribete-en-pano-cafe\/\" title='CHAPEAU DE CHARRO AVEC UN REBORD EN TISSU BRUN'  data-rel='grid-1' class='grid-image avia-hover-fx'> <img decoding=\"async\" fetchpriority=\"high\" width=\"260\" height=\"185\" src=\"https:\/\/museodelacharreria.org.mx\/wp-content\/uploads\/2023\/10\/Museo-de-la-Charreria-Sombrero-0136-260x185.jpg\" class=\"wp-image-2333 avia-img-lazy-loading-not-2333 attachment-portfolio_small size-portfolio_small wp-post-image\" alt=\"CHAPEAU DE CHARRO AVEC UN REBORD EN TISSU BRUN\" srcset=\"https:\/\/museodelacharreria.org.mx\/wp-content\/uploads\/2023\/10\/Museo-de-la-Charreria-Sombrero-0136-260x185.jpg 260w, https:\/\/museodelacharreria.org.mx\/wp-content\/uploads\/2023\/10\/Museo-de-la-Charreria-Sombrero-0136-18x12.jpg 18w\" sizes=\"(max-width: 260px) 100vw, 260px\" \/><\/a><div class='grid-content'><div class='avia-arrow'><\/div><header class=\"entry-content-header\" aria-label=\"Portfolio: SOMBRERO DE CHARRO CON RIBETE EN PA\u00d1O CAFE\"><h3 class='grid-entry-title entry-title'  itemprop=\"headline\" ><a href='https:\/\/museodelacharreria.org.mx\/fr\/coleccion\/sombrero-de-charro-con-ribete-en-pano-cafe\/' title='CHAPEAU DE CHARRO AVEC UN REBORD EN TISSU BRUN'>CHAPEAU DE CHARRO AVEC UN REBORD EN TISSU BRUN<\/a><\/h3><\/header><\/div><footer class=\"entry-footer\"><\/footer><\/article><\/div><div data-ajax-id='2323' class='grid-entry flex_column isotope-item all_sort no_margin post-entry post-entry-2323 grid-entry-overview grid-loop-8 grid-parity-even  coleccion_sort sombreros_sort  av_one_fourth  default_av_fullwidth'><article class='main_color inner-entry'  itemscope=\"itemscope\" itemtype=\"https:\/\/schema.org\/CreativeWork\" ><a href=\"https:\/\/museodelacharreria.org.mx\/fr\/coleccion\/sombrero-de-charro-con-pial\/\" title='CHAPEAU CHARRO AVEC DU CUIR TRESS\u00c9'  data-rel='grid-1' class='grid-image avia-hover-fx'> <img decoding=\"async\" fetchpriority=\"high\" width=\"260\" height=\"185\" src=\"https:\/\/museodelacharreria.org.mx\/wp-content\/uploads\/2023\/10\/Museo-de-la-Charreria-Sombrero-0130-260x185.jpg\" class=\"wp-image-2327 avia-img-lazy-loading-not-2327 attachment-portfolio_small size-portfolio_small wp-post-image\" alt=\"Chapeau marron d\u00e9cor\u00e9 de pial\" srcset=\"https:\/\/museodelacharreria.org.mx\/wp-content\/uploads\/2023\/10\/Museo-de-la-Charreria-Sombrero-0130-260x185.jpg 260w, https:\/\/museodelacharreria.org.mx\/wp-content\/uploads\/2023\/10\/Museo-de-la-Charreria-Sombrero-0130-18x12.jpg 18w\" sizes=\"(max-width: 260px) 100vw, 260px\" \/><\/a><div class='grid-content'><div class='avia-arrow'><\/div><header class=\"entry-content-header\" aria-label=\"Portfolio: SOMBRERO DE CHARRO CON PIAL\"><h3 class='grid-entry-title entry-title'  itemprop=\"headline\" ><a href='https:\/\/museodelacharreria.org.mx\/fr\/coleccion\/sombrero-de-charro-con-pial\/' title='CHAPEAU CHARRO AVEC DU CUIR TRESS\u00c9'>CHAPEAU CHARRO AVEC DU CUIR TRESS\u00c9<\/a><\/h3><\/header><\/div><footer class=\"entry-footer\"><\/footer><\/article><\/div><div data-ajax-id='2312' class='grid-entry flex_column isotope-item all_sort no_margin post-entry post-entry-2312 grid-entry-overview grid-loop-9 grid-parity-odd  coleccion_sort sombreros_sort  av_one_fourth first default_av_fullwidth'><article class='main_color inner-entry'  itemscope=\"itemscope\" itemtype=\"https:\/\/schema.org\/CreativeWork\" ><a href=\"https:\/\/museodelacharreria.org.mx\/fr\/coleccion\/sombrero-color-castor\/\" title='CHAPEAU DE CHARRO COULEUR CASTOR'  data-rel='grid-1' class='grid-image avia-hover-fx'> <img decoding=\"async\" fetchpriority=\"high\" width=\"260\" height=\"185\" src=\"https:\/\/museodelacharreria.org.mx\/wp-content\/uploads\/2023\/10\/Museo-de-la-Charreria-Sombrero-0115-260x185.jpg\" class=\"wp-image-2313 avia-img-lazy-loading-not-2313 attachment-portfolio_small size-portfolio_small wp-post-image\" alt=\"Chapeau couleur castor\" srcset=\"https:\/\/museodelacharreria.org.mx\/wp-content\/uploads\/2023\/10\/Museo-de-la-Charreria-Sombrero-0115-260x185.jpg 260w, https:\/\/museodelacharreria.org.mx\/wp-content\/uploads\/2023\/10\/Museo-de-la-Charreria-Sombrero-0115-18x12.jpg 18w\" sizes=\"(max-width: 260px) 100vw, 260px\" \/><\/a><div class='grid-content'><div class='avia-arrow'><\/div><header class=\"entry-content-header\" aria-label=\"Portfolio: SOMBRERO COLOR CASTOR\"><h3 class='grid-entry-title entry-title'  itemprop=\"headline\" ><a href='https:\/\/museodelacharreria.org.mx\/fr\/coleccion\/sombrero-color-castor\/' title='CHAPEAU DE CHARRO COULEUR CASTOR'>CHAPEAU DE CHARRO COULEUR CASTOR<\/a><\/h3><\/header><\/div><footer class=\"entry-footer\"><\/footer><\/article><\/div><div data-ajax-id='2239' class='grid-entry flex_column isotope-item all_sort no_margin post-entry post-entry-2239 grid-entry-overview grid-loop-10 grid-parity-even  coleccion_sort sombreros_sort  av_one_fourth  default_av_fullwidth'><article class='main_color inner-entry'  itemscope=\"itemscope\" itemtype=\"https:\/\/schema.org\/CreativeWork\" ><a href=\"https:\/\/museodelacharreria.org.mx\/fr\/coleccion\/sombrero-de-don-isidro-candia\/\" title='CHAPEAU CHARRO DE MONSIEUR ISIDRO CANDIA'  data-rel='grid-1' class='grid-image avia-hover-fx'> <img decoding=\"async\" fetchpriority=\"high\" width=\"260\" height=\"185\" src=\"https:\/\/museodelacharreria.org.mx\/wp-content\/uploads\/2023\/10\/Museo-de-la-Charreria-Sombrero-de-Don-Isidro-Candia-0111-260x185.jpg\" class=\"wp-image-2240 avia-img-lazy-loading-not-2240 attachment-portfolio_small size-portfolio_small wp-post-image\" alt=\"CHAPEAU CHARRO DE MONSIEUR ISIDRO CANDIA\" srcset=\"https:\/\/museodelacharreria.org.mx\/wp-content\/uploads\/2023\/10\/Museo-de-la-Charreria-Sombrero-de-Don-Isidro-Candia-0111-260x185.jpg 260w, https:\/\/museodelacharreria.org.mx\/wp-content\/uploads\/2023\/10\/Museo-de-la-Charreria-Sombrero-de-Don-Isidro-Candia-0111-18x12.jpg 18w\" sizes=\"(max-width: 260px) 100vw, 260px\" \/><\/a><div class='grid-content'><div class='avia-arrow'><\/div><header class=\"entry-content-header\" aria-label=\"Portfolio: SOMBRERO DE DON ISIDRO CANDIA\"><h3 class='grid-entry-title entry-title'  itemprop=\"headline\" ><a href='https:\/\/museodelacharreria.org.mx\/fr\/coleccion\/sombrero-de-don-isidro-candia\/' title='CHAPEAU CHARRO DE MONSIEUR ISIDRO CANDIA'>CHAPEAU CHARRO DE MONSIEUR ISIDRO CANDIA<\/a><\/h3><\/header><\/div><footer class=\"entry-footer\"><\/footer><\/article><\/div><div data-ajax-id='2226' class='grid-entry flex_column isotope-item all_sort no_margin post-entry post-entry-2226 grid-entry-overview grid-loop-11 grid-parity-odd  coleccion_sort sombreros_sort  av_one_fourth  default_av_fullwidth'><article class='main_color inner-entry'  itemscope=\"itemscope\" itemtype=\"https:\/\/schema.org\/CreativeWork\" ><a href=\"https:\/\/museodelacharreria.org.mx\/fr\/coleccion\/sombrero-negro-y-plata-de-pelo-fino-de-conejo\/\" title='CHAPEAU NOIR ET ARGENT\u00c9 EN FINE FOURRURE DE LAPIN'  data-rel='grid-1' class='grid-image avia-hover-fx'> <img decoding=\"async\" fetchpriority=\"high\" width=\"260\" height=\"185\" src=\"https:\/\/museodelacharreria.org.mx\/wp-content\/uploads\/2023\/10\/Museo-de-la-Charreria-SOMBRERO-NEGRO-Y-PLATA-DE-PELO-FINO-DE-SCONEJO-0027-260x185.jpg\" class=\"wp-image-2227 avia-img-lazy-loading-not-2227 attachment-portfolio_small size-portfolio_small wp-post-image\" alt=\"CHAPEAU NOIR ET ARGENT\u00c9 EN FINE FOURRURE DE LAPIN\" srcset=\"https:\/\/museodelacharreria.org.mx\/wp-content\/uploads\/2023\/10\/Museo-de-la-Charreria-SOMBRERO-NEGRO-Y-PLATA-DE-PELO-FINO-DE-SCONEJO-0027-260x185.jpg 260w, https:\/\/museodelacharreria.org.mx\/wp-content\/uploads\/2023\/10\/Museo-de-la-Charreria-SOMBRERO-NEGRO-Y-PLATA-DE-PELO-FINO-DE-SCONEJO-0027-18x12.jpg 18w\" sizes=\"(max-width: 260px) 100vw, 260px\" \/><\/a><div class='grid-content'><div class='avia-arrow'><\/div><header class=\"entry-content-header\" aria-label=\"Portfolio: SOMBRERO NEGRO Y PLATA DE PELO FINO DE CONEJO\"><h3 class='grid-entry-title entry-title'  itemprop=\"headline\" ><a href='https:\/\/museodelacharreria.org.mx\/fr\/coleccion\/sombrero-negro-y-plata-de-pelo-fino-de-conejo\/' title='CHAPEAU NOIR ET ARGENT\u00c9 EN FINE FOURRURE DE LAPIN'>CHAPEAU NOIR ET ARGENT\u00c9 EN FINE FOURRURE DE LAPIN<\/a><\/h3><\/header><\/div><footer class=\"entry-footer\"><\/footer><\/article><\/div><div data-ajax-id='2219' class='grid-entry flex_column isotope-item all_sort no_margin post-entry post-entry-2219 grid-entry-overview grid-loop-12 grid-parity-even  coleccion_sort sombreros_sort  av_one_fourth  default_av_fullwidth'><article class='main_color inner-entry'  itemscope=\"itemscope\" itemtype=\"https:\/\/schema.org\/CreativeWork\" ><a href=\"https:\/\/museodelacharreria.org.mx\/fr\/coleccion\/sombrero-de-palma-real\/\" title='CHAPEAU ROYAL PALM'  data-rel='grid-1' class='grid-image avia-hover-fx'> <img decoding=\"async\" fetchpriority=\"high\" width=\"260\" height=\"185\" src=\"https:\/\/museodelacharreria.org.mx\/wp-content\/uploads\/2023\/10\/Museo-de-la-Charreria-Sombrero-0010-260x185.jpg\" class=\"wp-image-2223 avia-img-lazy-loading-not-2223 attachment-portfolio_small size-portfolio_small wp-post-image\" alt=\"CHAPEAU ROYAL PALM\" srcset=\"https:\/\/museodelacharreria.org.mx\/wp-content\/uploads\/2023\/10\/Museo-de-la-Charreria-Sombrero-0010-260x185.jpg 260w, https:\/\/museodelacharreria.org.mx\/wp-content\/uploads\/2023\/10\/Museo-de-la-Charreria-Sombrero-0010-18x12.jpg 18w\" sizes=\"(max-width: 260px) 100vw, 260px\" \/><\/a><div class='grid-content'><div class='avia-arrow'><\/div><header class=\"entry-content-header\" aria-label=\"Portfolio: SOMBRERO DE PALMA REAL\"><h3 class='grid-entry-title entry-title'  itemprop=\"headline\" ><a href='https:\/\/museodelacharreria.org.mx\/fr\/coleccion\/sombrero-de-palma-real\/' title='CHAPEAU ROYAL PALM'>CHAPEAU ROYAL PALM<\/a><\/h3><\/header><\/div><footer class=\"entry-footer\"><\/footer><\/article><\/div><div data-ajax-id='2209' class='grid-entry flex_column isotope-item all_sort no_margin post-entry post-entry-2209 grid-entry-overview grid-loop-13 grid-parity-odd  coleccion_sort sombreros_sort  av_one_fourth first default_av_fullwidth'><article class='main_color inner-entry'  itemscope=\"itemscope\" itemtype=\"https:\/\/schema.org\/CreativeWork\" ><a href=\"https:\/\/museodelacharreria.org.mx\/fr\/coleccion\/sombrero-con-motivos-prehispanicos\/\" title='CHAPEAU DE CHARRO AVEC MOTIFS PR\u00c9HISPANIQUES'  data-rel='grid-1' class='grid-image avia-hover-fx'> <img decoding=\"async\" fetchpriority=\"high\" width=\"260\" height=\"185\" src=\"https:\/\/museodelacharreria.org.mx\/wp-content\/uploads\/2023\/10\/Museo-de-la-Charreria-Sombrero-0159-260x185.jpg\" class=\"wp-image-2210 avia-img-lazy-loading-not-2210 attachment-portfolio_small size-portfolio_small wp-post-image\" alt=\"\" srcset=\"https:\/\/museodelacharreria.org.mx\/wp-content\/uploads\/2023\/10\/Museo-de-la-Charreria-Sombrero-0159-260x185.jpg 260w, https:\/\/museodelacharreria.org.mx\/wp-content\/uploads\/2023\/10\/Museo-de-la-Charreria-Sombrero-0159-18x12.jpg 18w\" sizes=\"(max-width: 260px) 100vw, 260px\" \/><\/a><div class='grid-content'><div class='avia-arrow'><\/div><header class=\"entry-content-header\" aria-label=\"Portfolio: SOMBRERO CON MOTIVOS PREHISP\u00c1NICOS\"><h3 class='grid-entry-title entry-title'  itemprop=\"headline\" ><a href='https:\/\/museodelacharreria.org.mx\/fr\/coleccion\/sombrero-con-motivos-prehispanicos\/' title='CHAPEAU DE CHARRO AVEC MOTIFS PR\u00c9HISPANIQUES'>CHAPEAU DE CHARRO AVEC MOTIFS PR\u00c9HISPANIQUES<\/a><\/h3><\/header><\/div><footer class=\"entry-footer\"><\/footer><\/article><\/div><div data-ajax-id='1647' class='grid-entry flex_column isotope-item all_sort no_margin post-entry post-entry-1647 grid-entry-overview grid-loop-14 grid-parity-even  coleccion_sort sombreros_sort  av_one_fourth  default_av_fullwidth'><article class='main_color inner-entry'  itemscope=\"itemscope\" itemtype=\"https:\/\/schema.org\/CreativeWork\" ><a href=\"https:\/\/museodelacharreria.org.mx\/fr\/coleccion\/sombrero-con-rosetones-bordados-en-canutillo-de-oro\/\" title='CHAPEAU AVEC ROSETTES BROD\u00c9ES D&#039;OR EN PERLES D&#039;OR'  data-rel='grid-1' class='grid-image avia-hover-fx'> <img decoding=\"async\" fetchpriority=\"high\" width=\"260\" height=\"185\" src=\"https:\/\/museodelacharreria.org.mx\/wp-content\/uploads\/2023\/09\/Museo-de-la-Charreria-Sombrero-de-Charro-0080-260x185.jpg\" class=\"wp-image-1618 avia-img-lazy-loading-not-1618 attachment-portfolio_small size-portfolio_small wp-post-image\" alt=\"\" \/><\/a><div class='grid-content'><div class='avia-arrow'><\/div><header class=\"entry-content-header\" aria-label=\"Portfolio: SOMBRERO CON ROSETONES BORDADOS EN CANUTILLO DE ORO\"><h3 class='grid-entry-title entry-title'  itemprop=\"headline\" ><a href='https:\/\/museodelacharreria.org.mx\/fr\/coleccion\/sombrero-con-rosetones-bordados-en-canutillo-de-oro\/' title='CHAPEAU AVEC ROSETTES BROD\u00c9ES D&#039;OR EN PERLES D&#039;OR'>CHAPEAU AVEC ROSETTES BROD\u00c9ES D'OR EN PERLES D'OR<\/a><\/h3><\/header><\/div><footer class=\"entry-footer\"><\/footer><\/article><\/div><div data-ajax-id='1639' class='grid-entry flex_column isotope-item all_sort no_margin post-entry post-entry-1639 grid-entry-overview grid-loop-15 grid-parity-odd  coleccion_sort sombreros_sort  av_one_fourth  default_av_fullwidth'><article class='main_color inner-entry'  itemscope=\"itemscope\" itemtype=\"https:\/\/schema.org\/CreativeWork\" ><a href=\"https:\/\/museodelacharreria.org.mx\/fr\/coleccion\/sombrero-gris-del-gral-felix-banuelos\/\" title='CHAPEAU GRIS DE GEN. FELIX BA\u00d1UELOS'  data-rel='grid-1' class='grid-image avia-hover-fx'> <img decoding=\"async\" fetchpriority=\"high\" width=\"260\" height=\"185\" src=\"https:\/\/museodelacharreria.org.mx\/wp-content\/uploads\/2023\/09\/Museo-de-la-Charreria-Sombrero-de-Charro-0101-260x185.jpg\" class=\"wp-image-1613 avia-img-lazy-loading-not-1613 attachment-portfolio_small size-portfolio_small wp-post-image\" alt=\"\" \/><\/a><div class='grid-content'><div class='avia-arrow'><\/div><header class=\"entry-content-header\" aria-label=\"Portfolio: SOMBRERO GRIS DEL GRAL. FELIX BA\u00d1UELOS\"><h3 class='grid-entry-title entry-title'  itemprop=\"headline\" ><a href='https:\/\/museodelacharreria.org.mx\/fr\/coleccion\/sombrero-gris-del-gral-felix-banuelos\/' title='CHAPEAU GRIS DE GEN. FELIX BA\u00d1UELOS'>CHAPEAU GRIS DE GEN. FELIX BA\u00d1UELOS<\/a><\/h3><\/header><\/div><footer class=\"entry-footer\"><\/footer><\/article><\/div><div data-ajax-id='1607' class='grid-entry flex_column isotope-item all_sort no_margin post-entry post-entry-1607 grid-entry-overview grid-loop-16 grid-parity-even  post-entry-last  coleccion_sort sombreros_sort  av_one_fourth  default_av_fullwidth'><article class='main_color inner-entry'  itemscope=\"itemscope\" itemtype=\"https:\/\/schema.org\/CreativeWork\" ><a href=\"https:\/\/museodelacharreria.org.mx\/fr\/coleccion\/sombrero-con-aguilas-nacionales\/\" title='CHAPEAU AVEC AIGLES NATIONAUX'  data-rel='grid-1' class='grid-image avia-hover-fx'> <img decoding=\"async\" fetchpriority=\"high\" width=\"260\" height=\"185\" src=\"https:\/\/museodelacharreria.org.mx\/wp-content\/uploads\/2023\/09\/Museo-de-la-Charreria-Sombrero-de-Charro-0140-260x185.jpg\" class=\"wp-image-1611 avia-img-lazy-loading-not-1611 attachment-portfolio_small size-portfolio_small wp-post-image\" alt=\"\" \/><\/a><div class='grid-content'><div class='avia-arrow'><\/div><header class=\"entry-content-header\" aria-label=\"Portfolio: SOMBRERO CON \u00c1GUILAS NACIONALES\"><h3 class='grid-entry-title entry-title'  itemprop=\"headline\" ><a href='https:\/\/museodelacharreria.org.mx\/fr\/coleccion\/sombrero-con-aguilas-nacionales\/' title='CHAPEAU AVEC AIGLES NATIONAUX'>CHAPEAU AVEC AIGLES NATIONAUX<\/a><\/h3><\/header><\/div><footer class=\"entry-footer\"><\/footer><\/article><\/div><\/div><\/div>   <!--   class=\"av-portfolio-grid-sorting-container\"  --><div class='pagination-wrap'><nav class='pagination'><span class='pagination-meta'>Page 1 sur 2<\/span><span class='current'>1<\/span><a href='https:\/\/museodelacharreria.org.mx\/fr\/wp-json\/wp\/v2\/pages\/905\/?avia-element-paging=2' class='inactive next_page' >2<\/a><\/nav>\n<\/div>\n\n<style type=\"text\/css\" data-created_by=\"avia_inline_auto\" id=\"style-css-av-lmz55fu6-ce8f8fd31fde45b15b0edf712d523d34\">\n.avia-fold-unfold-section.av-fold-textblock-av-lmz55fu6-ce8f8fd31fde45b15b0edf712d523d34 .av-fold-unfold-container{\nmax-height:500px;\n}\n<\/style>\n<section id=\"avia_sc_text_1\" class='av_textblock_section av-lmz55fu6-ce8f8fd31fde45b15b0edf712d523d34 avia-fold-unfold-section avia-fold-textblock-wrap avia-fold-init av-fold-textblock-av-lmz55fu6-ce8f8fd31fde45b15b0edf712d523d34 align-left' data-fold_unfold=\"{&quot;type&quot;:&quot;avia-fold-unfold-section&quot;,&quot;height&quot;:&quot;500&quot;,&quot;more&quot;:&quot;Leer m\\u00e1s&quot;,&quot;less&quot;:&quot;Contraer&quot;,&quot;context&quot;:&quot;avia_sc_text&quot;}\"  itemscope=\"itemscope\" itemtype=\"https:\/\/schema.org\/CreativeWork\" ><div class=\"av-fold-unfold-container folded\"><\/div><div class='av-fold-button-wrapper av-textblock-btn-wrap'><a href=\"#\" class=\"av-fold-button-container\" data-ignore_hash=\"1\" data-no_scroll_in_viewport=\"1\" data-scroll_top_offset=\"50\">En savoir plus<\/a><\/div><div class='avia_textblock'  itemprop=\"text\" ><h3>Le chapeau Charro mexicain : un tr\u00e9sor d'identit\u00e9 et de tradition artisanale<\/h3>\n<p>Au c\u0153ur de la collection de pi\u00e8ces du Museo de la Charrer\u00eda se trouve un tr\u00e9sor embl\u00e9matique de la culture mexicaine : le chapeau charro. Plus qu'un simple v\u00eatement, ces chapeaux renferment dans leurs brins de paille ou de feutre un riche patrimoine identitaire et une tradition artisanale qui a travers\u00e9 les g\u00e9n\u00e9rations.<\/p>\n<p><strong>Identit\u00e9 enracin\u00e9e<\/strong><\/p>\n<p>Le chapeau de charro est un embl\u00e8me incontournable de l'identit\u00e9 mexicaine. Depuis son origine, \u00e0 l'aube du XIXe si\u00e8cle, il a \u00e9t\u00e9 le fid\u00e8le compagnon des charros, repr\u00e9sentant leur bravoure, leur habilet\u00e9 et leur enracinement dans les traditions de la charrer\u00eda. Sa forme particuli\u00e8re et ses larges bords apportent ombre et protection \u00e0 ceux qui le portent, mais aussi un air de noblesse et de dignit\u00e9, caract\u00e9ristiques fondamentales de la culture charro.<\/p>\n<p><strong>Tradition artisanale : un m\u00e9tier forg\u00e9 dans le temps<\/strong><\/p>\n<p>La fabrication d'un chapeau charro est le fruit d'un travail artisanal laborieux, o\u00f9 se m\u00ealent savoir-faire, patience et connaissances transmises de g\u00e9n\u00e9ration en g\u00e9n\u00e9ration. Les artisans, gardiens de cette tradition, s\u00e9lectionnent avec soin les mat\u00e9riaux, qu'il s'agisse de la paille de palmier r\u00e9sistante ou du feutre chaud, puis les fa\u00e7onnent avec ma\u00eetrise et pr\u00e9cision.<\/p>\n<p><strong>Vari\u00e9t\u00e9 de formes, de mat\u00e9riaux et de techniques<\/strong><\/p>\n<p>Au sein de la collection, vous pourrez admirer une grande diversit\u00e9 de chapeaux, chacun ayant sa propre histoire et son propre style. Des chapeaux classiques \u00e0 larges bords, id\u00e9aux pour se prot\u00e9ger du soleil lors des travaux des champs, aux \u00e9l\u00e9gants jipijapas, tiss\u00e9s \u00e0 la main avec un savoir-faire unique. Chaque chapeau est une pi\u00e8ce unique, refl\u00e9tant la cr\u00e9ativit\u00e9 et la ma\u00eetrise des artisans, ainsi que les besoins et les go\u00fbts changeants des diff\u00e9rentes \u00e9poques.<\/p>\n<p><strong>L'h\u00e9ritage de g\u00e9n\u00e9ration en g\u00e9n\u00e9ration<\/strong><\/p>\n<p>L'artisanat du chapeau charro est un pr\u00e9cieux h\u00e9ritage transmis de p\u00e8re en fils, enrichi \u00e0 chaque nouvelle g\u00e9n\u00e9ration. Les secrets de la s\u00e9lection des mat\u00e9riaux, du tissage des fils et du fa\u00e7onnage de la forme parfaite sont transmis avec d\u00e9votion, assurant la continuit\u00e9 de cette tradition unique au fil du temps.<\/p>\n<p>Dans la collection de chapeaux du Museo de la Charrer\u00eda, chaque pi\u00e8ce raconte une histoire, une histoire d'identit\u00e9 profond\u00e9ment enracin\u00e9e et de mains habiles qui ont transform\u00e9 des mat\u00e9riaux simples en chefs-d'\u0153uvre de l'artisanat mexicain. Chaque chapeau charro est un t\u00e9moignage vivant de la richesse culturelle et de la tradition artisanale qui perdure au c\u0153ur du Mexique et dans l'\u00e2me des charros.<\/p>\n<\/div><\/section>","protected":false},"excerpt":{"rendered":"","protected":false},"author":2,"featured_media":704,"parent":64,"menu_order":0,"comment_status":"closed","ping_status":"closed","template":"","meta":{"footnotes":""},"class_list":["post-905","page","type-page","status-publish","has-post-thumbnail","hentry"],"yoast_head":"<!-- This site is optimized with the Yoast SEO plugin v27.5 - https:\/\/yoast.com\/product\/yoast-seo-wordpress\/ -->\n<title>SOMBREROS - Museo de la Charrer\u00eda CDMX<\/title>\n<meta name=\"robots\" content=\"index, follow, max-snippet:-1, max-image-preview:large, max-video-preview:-1\" \/>\n<link rel=\"canonical\" href=\"https:\/\/museodelacharreria.org.mx\/fr\/exposition\/chapeaux\/\" \/>\n<meta property=\"og:locale\" content=\"fr_FR\" \/>\n<meta property=\"og:type\" content=\"article\" \/>\n<meta property=\"og:title\" content=\"SOMBREROS - Museo de la Charrer\u00eda CDMX\" \/>\n<meta property=\"og:url\" content=\"https:\/\/museodelacharreria.org.mx\/fr\/exposition\/chapeaux\/\" \/>\n<meta property=\"og:site_name\" content=\"Museo de la Charrer\u00eda CDMX\" \/>\n<meta property=\"article:modified_time\" content=\"2023-09-25T17:08:29+00:00\" \/>\n<meta property=\"og:image\" content=\"https:\/\/museodelacharreria.org.mx\/wp-content\/uploads\/2023\/09\/Museo-de-la-Charreria-CDMX-Sombrero-Papa-Francisco-0018.jpg\" \/>\n\t<meta property=\"og:image:width\" content=\"1920\" \/>\n\t<meta property=\"og:image:height\" content=\"1280\" \/>\n\t<meta property=\"og:image:type\" content=\"image\/jpeg\" \/>\n<meta name=\"twitter:card\" content=\"summary_large_image\" \/>\n<meta name=\"twitter:label1\" content=\"Dur\u00e9e de lecture estim\u00e9e\" \/>\n\t<meta name=\"twitter:data1\" content=\"5 minutes\" \/>\n<script type=\"application\/ld+json\" class=\"yoast-schema-graph\">{\"@context\":\"https:\\\/\\\/schema.org\",\"@graph\":[{\"@type\":\"WebPage\",\"@id\":\"https:\\\/\\\/museodelacharreria.org.mx\\\/exhibicion\\\/sombreros\\\/\",\"url\":\"https:\\\/\\\/museodelacharreria.org.mx\\\/exhibicion\\\/sombreros\\\/\",\"name\":\"SOMBREROS - Museo de la Charrer\u00eda CDMX\",\"isPartOf\":{\"@id\":\"https:\\\/\\\/museodelacharreria.org.mx\\\/#website\"},\"primaryImageOfPage\":{\"@id\":\"https:\\\/\\\/museodelacharreria.org.mx\\\/exhibicion\\\/sombreros\\\/#primaryimage\"},\"image\":{\"@id\":\"https:\\\/\\\/museodelacharreria.org.mx\\\/exhibicion\\\/sombreros\\\/#primaryimage\"},\"thumbnailUrl\":\"https:\\\/\\\/museodelacharreria.org.mx\\\/wp-content\\\/uploads\\\/2023\\\/09\\\/Museo-de-la-Charreria-CDMX-Sombrero-Papa-Francisco-0018.jpg\",\"datePublished\":\"2023-09-25T17:07:51+00:00\",\"dateModified\":\"2023-09-25T17:08:29+00:00\",\"breadcrumb\":{\"@id\":\"https:\\\/\\\/museodelacharreria.org.mx\\\/exhibicion\\\/sombreros\\\/#breadcrumb\"},\"inLanguage\":\"fr-FR\",\"potentialAction\":[{\"@type\":\"ReadAction\",\"target\":[\"https:\\\/\\\/museodelacharreria.org.mx\\\/exhibicion\\\/sombreros\\\/\"]}]},{\"@type\":\"ImageObject\",\"inLanguage\":\"fr-FR\",\"@id\":\"https:\\\/\\\/museodelacharreria.org.mx\\\/exhibicion\\\/sombreros\\\/#primaryimage\",\"url\":\"https:\\\/\\\/museodelacharreria.org.mx\\\/wp-content\\\/uploads\\\/2023\\\/09\\\/Museo-de-la-Charreria-CDMX-Sombrero-Papa-Francisco-0018.jpg\",\"contentUrl\":\"https:\\\/\\\/museodelacharreria.org.mx\\\/wp-content\\\/uploads\\\/2023\\\/09\\\/Museo-de-la-Charreria-CDMX-Sombrero-Papa-Francisco-0018.jpg\",\"width\":1920,\"height\":1280,\"caption\":\"Vista Frontal\"},{\"@type\":\"BreadcrumbList\",\"@id\":\"https:\\\/\\\/museodelacharreria.org.mx\\\/exhibicion\\\/sombreros\\\/#breadcrumb\",\"itemListElement\":[{\"@type\":\"ListItem\",\"position\":1,\"name\":\"Portada\",\"item\":\"https:\\\/\\\/museodelacharreria.org.mx\\\/inicio\\\/\"},{\"@type\":\"ListItem\",\"position\":2,\"name\":\"EXHIBICI\u00d3N\",\"item\":\"https:\\\/\\\/museodelacharreria.org.mx\\\/exhibicion\\\/\"},{\"@type\":\"ListItem\",\"position\":3,\"name\":\"SOMBREROS\"}]},{\"@type\":\"WebSite\",\"@id\":\"https:\\\/\\\/museodelacharreria.org.mx\\\/#website\",\"url\":\"https:\\\/\\\/museodelacharreria.org.mx\\\/\",\"name\":\"Museo de la Charrer\u00eda CDMX\",\"description\":\"Historia y tradici\u00f3n, patrimonio cultural inmaterial de la humanidad UNESCO\",\"publisher\":{\"@id\":\"https:\\\/\\\/museodelacharreria.org.mx\\\/#organization\"},\"potentialAction\":[{\"@type\":\"SearchAction\",\"target\":{\"@type\":\"EntryPoint\",\"urlTemplate\":\"https:\\\/\\\/museodelacharreria.org.mx\\\/?s={search_term_string}\"},\"query-input\":{\"@type\":\"PropertyValueSpecification\",\"valueRequired\":true,\"valueName\":\"search_term_string\"}}],\"inLanguage\":\"fr-FR\"},{\"@type\":\"Organization\",\"@id\":\"https:\\\/\\\/museodelacharreria.org.mx\\\/#organization\",\"name\":\"Museo de la Charrer\u00eda Ciudad de M\u00e9xico\",\"alternateName\":\"Museo de la Charrer\u00eda CDMX\",\"url\":\"https:\\\/\\\/museodelacharreria.org.mx\\\/\",\"logo\":{\"@type\":\"ImageObject\",\"inLanguage\":\"fr-FR\",\"@id\":\"https:\\\/\\\/museodelacharreria.org.mx\\\/#\\\/schema\\\/logo\\\/image\\\/\",\"url\":\"https:\\\/\\\/museodelacharreria.org.mx\\\/wp-content\\\/uploads\\\/2023\\\/07\\\/Logo-Museo-de-la-Charreria-b-n.png\",\"contentUrl\":\"https:\\\/\\\/museodelacharreria.org.mx\\\/wp-content\\\/uploads\\\/2023\\\/07\\\/Logo-Museo-de-la-Charreria-b-n.png\",\"width\":500,\"height\":250,\"caption\":\"Museo de la Charrer\u00eda Ciudad de M\u00e9xico\"},\"image\":{\"@id\":\"https:\\\/\\\/museodelacharreria.org.mx\\\/#\\\/schema\\\/logo\\\/image\\\/\"},\"sameAs\":[\"https:\\\/\\\/www.youtube.com\\\/@MuseoDeLaCharreria\"]}]}<\/script>\n<!-- \/ Yoast SEO plugin. -->","yoast_head_json":{"title":"SOMBREROS - Mus\u00e9e de la Charrerie CDMX","robots":{"index":"index","follow":"follow","max-snippet":"max-snippet:-1","max-image-preview":"max-image-preview:large","max-video-preview":"max-video-preview:-1"},"canonical":"https:\/\/museodelacharreria.org.mx\/fr\/exposition\/chapeaux\/","og_locale":"fr_FR","og_type":"article","og_title":"SOMBREROS - Museo de la Charrer\u00eda CDMX","og_url":"https:\/\/museodelacharreria.org.mx\/fr\/exposition\/chapeaux\/","og_site_name":"Museo de la Charrer\u00eda CDMX","article_modified_time":"2023-09-25T17:08:29+00:00","og_image":[{"width":1920,"height":1280,"url":"https:\/\/museodelacharreria.org.mx\/wp-content\/uploads\/2023\/09\/Museo-de-la-Charreria-CDMX-Sombrero-Papa-Francisco-0018.jpg","type":"image\/jpeg"}],"twitter_card":"summary_large_image","twitter_misc":{"Dur\u00e9e de lecture estim\u00e9e":"5 minutes"},"schema":{"@context":"https:\/\/schema.org","@graph":[{"@type":"WebPage","@id":"https:\/\/museodelacharreria.org.mx\/exhibicion\/sombreros\/","url":"https:\/\/museodelacharreria.org.mx\/exhibicion\/sombreros\/","name":"SOMBREROS - Mus\u00e9e de la Charrerie CDMX","isPartOf":{"@id":"https:\/\/museodelacharreria.org.mx\/#website"},"primaryImageOfPage":{"@id":"https:\/\/museodelacharreria.org.mx\/exhibicion\/sombreros\/#primaryimage"},"image":{"@id":"https:\/\/museodelacharreria.org.mx\/exhibicion\/sombreros\/#primaryimage"},"thumbnailUrl":"https:\/\/museodelacharreria.org.mx\/wp-content\/uploads\/2023\/09\/Museo-de-la-Charreria-CDMX-Sombrero-Papa-Francisco-0018.jpg","datePublished":"2023-09-25T17:07:51+00:00","dateModified":"2023-09-25T17:08:29+00:00","breadcrumb":{"@id":"https:\/\/museodelacharreria.org.mx\/exhibicion\/sombreros\/#breadcrumb"},"inLanguage":"fr-FR","potentialAction":[{"@type":"ReadAction","target":["https:\/\/museodelacharreria.org.mx\/exhibicion\/sombreros\/"]}]},{"@type":"ImageObject","inLanguage":"fr-FR","@id":"https:\/\/museodelacharreria.org.mx\/exhibicion\/sombreros\/#primaryimage","url":"https:\/\/museodelacharreria.org.mx\/wp-content\/uploads\/2023\/09\/Museo-de-la-Charreria-CDMX-Sombrero-Papa-Francisco-0018.jpg","contentUrl":"https:\/\/museodelacharreria.org.mx\/wp-content\/uploads\/2023\/09\/Museo-de-la-Charreria-CDMX-Sombrero-Papa-Francisco-0018.jpg","width":1920,"height":1280,"caption":"Vista Frontal"},{"@type":"BreadcrumbList","@id":"https:\/\/museodelacharreria.org.mx\/exhibicion\/sombreros\/#breadcrumb","itemListElement":[{"@type":"ListItem","position":1,"name":"Portada","item":"https:\/\/museodelacharreria.org.mx\/inicio\/"},{"@type":"ListItem","position":2,"name":"EXHIBICI\u00d3N","item":"https:\/\/museodelacharreria.org.mx\/exhibicion\/"},{"@type":"ListItem","position":3,"name":"SOMBREROS"}]},{"@type":"WebSite","@id":"https:\/\/museodelacharreria.org.mx\/#website","url":"https:\/\/museodelacharreria.org.mx\/","name":"Mus\u00e9e de la Charrerie CDMX","description":"Histoire et tradition, patrimoine culturel immat\u00e9riel de l'humanit\u00e9 UNESCO","publisher":{"@id":"https:\/\/museodelacharreria.org.mx\/#organization"},"potentialAction":[{"@type":"SearchAction","target":{"@type":"EntryPoint","urlTemplate":"https:\/\/museodelacharreria.org.mx\/?s={search_term_string}"},"query-input":{"@type":"PropertyValueSpecification","valueRequired":true,"valueName":"search_term_string"}}],"inLanguage":"fr-FR"},{"@type":"Organization","@id":"https:\/\/museodelacharreria.org.mx\/#organization","name":"Mus\u00e9e de la Charrerie Mexico","alternateName":"Museo de la Charrer\u00eda CDMX","url":"https:\/\/museodelacharreria.org.mx\/","logo":{"@type":"ImageObject","inLanguage":"fr-FR","@id":"https:\/\/museodelacharreria.org.mx\/#\/schema\/logo\/image\/","url":"https:\/\/museodelacharreria.org.mx\/wp-content\/uploads\/2023\/07\/Logo-Museo-de-la-Charreria-b-n.png","contentUrl":"https:\/\/museodelacharreria.org.mx\/wp-content\/uploads\/2023\/07\/Logo-Museo-de-la-Charreria-b-n.png","width":500,"height":250,"caption":"Museo de la Charrer\u00eda Ciudad de M\u00e9xico"},"image":{"@id":"https:\/\/museodelacharreria.org.mx\/#\/schema\/logo\/image\/"},"sameAs":["https:\/\/www.youtube.com\/@MuseoDeLaCharreria"]}]}},"_links":{"self":[{"href":"https:\/\/museodelacharreria.org.mx\/fr\/wp-json\/wp\/v2\/pages\/905","targetHints":{"allow":["GET"]}}],"collection":[{"href":"https:\/\/museodelacharreria.org.mx\/fr\/wp-json\/wp\/v2\/pages"}],"about":[{"href":"https:\/\/museodelacharreria.org.mx\/fr\/wp-json\/wp\/v2\/types\/page"}],"author":[{"embeddable":true,"href":"https:\/\/museodelacharreria.org.mx\/fr\/wp-json\/wp\/v2\/users\/2"}],"replies":[{"embeddable":true,"href":"https:\/\/museodelacharreria.org.mx\/fr\/wp-json\/wp\/v2\/comments?post=905"}],"version-history":[{"count":2,"href":"https:\/\/museodelacharreria.org.mx\/fr\/wp-json\/wp\/v2\/pages\/905\/revisions"}],"predecessor-version":[{"id":908,"href":"https:\/\/museodelacharreria.org.mx\/fr\/wp-json\/wp\/v2\/pages\/905\/revisions\/908"}],"up":[{"embeddable":true,"href":"https:\/\/museodelacharreria.org.mx\/fr\/wp-json\/wp\/v2\/pages\/64"}],"wp:featuredmedia":[{"embeddable":true,"href":"https:\/\/museodelacharreria.org.mx\/fr\/wp-json\/wp\/v2\/media\/704"}],"wp:attachment":[{"href":"https:\/\/museodelacharreria.org.mx\/fr\/wp-json\/wp\/v2\/media?parent=905"}],"curies":[{"name":"wp","href":"https:\/\/api.w.org\/{rel}","templated":true}]}}