{"id":271,"date":"2023-08-24T15:49:09","date_gmt":"2023-08-24T15:49:09","guid":{"rendered":"https:\/\/museodelacharreria.org.mx\/?post_type=portfolio&#038;p=271"},"modified":"2024-12-06T07:57:28","modified_gmt":"2024-12-06T13:57:28","slug":"albarda-de-dama-charra","status":"publish","type":"portfolio","link":"https:\/\/museodelacharreria.org.mx\/fr\/coleccion\/albarda-de-dama-charra\/","title":{"rendered":"ALBARDA DU 19E SI\u00c8CLE"},"content":{"rendered":"<style type=\"text\/css\" data-created_by=\"avia_inline_auto\" id=\"style-css-av-lkmz6h8u-59e2053151bafa8f6152452898c909a0\">\n.avia-section.av-lkmz6h8u-59e2053151bafa8f6152452898c909a0{\nbackground-color:#0a0a0a;\nbackground-image:url(https:\/\/museodelacharreria.org.mx\/wp-content\/uploads\/2023\/08\/Museo-de-la-Charreria-CDMX-Albarda-Inglesa-para-Dama-0081.jpg);\nbackground-repeat:no-repeat;\nbackground-position:50% 50%;\nbackground-attachment:scroll;\n}\n<\/style>\n<div id='av_section_1'  class='avia-section av-lkmz6h8u-59e2053151bafa8f6152452898c909a0 main_color avia-section-default avia-no-border-styling  avia-builder-el-0  el_before_av_heading  avia-builder-el-first  avia-full-stretch avia-bg-style-scroll av-minimum-height av-minimum-height-90 av-height-percent  container_wrap fullsize'  data-section-bg-repeat='stretch' data-av_minimum_height_pc='90' data-av_min_height_opt='percent'><div class=\"av-section-color-overlay-wrap\"><a href='#next-section' title='' class='scroll-down-link' aria-hidden='true' data-av_icon='\ue877' data-av_iconfont='entypo-fontello'><\/a><div class='container av-section-cont-open' ><main  role=\"main\" itemprop=\"mainContentOfPage\"  class='template-page content  av-content-full alpha units'><div class='post-entry post-entry-type-page post-entry-271'><div class='entry-content-wrapper clearfix'><\/div><\/div><\/main><!-- close content main element --><\/div><\/div><\/div><div id='after_section_1'  class='main_color av_default_container_wrap container_wrap fullsize'  ><div class='container av-section-cont-open' ><div class='template-page content  av-content-full alpha units'><div class='post-entry post-entry-type-page post-entry-271'><div class='entry-content-wrapper clearfix'>\n\n<style type=\"text\/css\" data-created_by=\"avia_inline_auto\" id=\"style-css-av-lk71zgl0-8782deb43a6acb7c31dea04ec131d9a7\">\n#top .av-special-heading.av-lk71zgl0-8782deb43a6acb7c31dea04ec131d9a7{\nmargin:-2% 0 0 0;\npadding-bottom:5%;\n}\nbody .av-special-heading.av-lk71zgl0-8782deb43a6acb7c31dea04ec131d9a7 .av-special-heading-tag .heading-char{\nfont-size:25px;\n}\n#top #wrap_all .av-special-heading.av-lk71zgl0-8782deb43a6acb7c31dea04ec131d9a7 .av-special-heading-tag{\npadding:0 0 0 0;\n}\n.av-special-heading.av-lk71zgl0-8782deb43a6acb7c31dea04ec131d9a7 .av-subheading{\nfont-size:15px;\n}\n<\/style>\n<div  class='av-special-heading av-lk71zgl0-8782deb43a6acb7c31dea04ec131d9a7 av-special-heading-h2 blockquote modern-quote modern-centered  avia-builder-el-1  el_after_av_section  el_before_av_one_half  avia-builder-el-first'><h2 class='av-special-heading-tag'  itemprop=\"headline\"  >ALBARDA DU 19E SI\u00c8CLE<\/h2><div class=\"special-heading-border\"><div class=\"special-heading-inner-border\"><\/div><\/div><\/div>\n<div  class='flex_column av-atu2n-dae1be408280f1a2cec431fedeff76df av_one_half  avia-builder-el-2  el_after_av_heading  el_before_av_one_half  first flex_column_div'     ><p>\n<style type=\"text\/css\" data-created_by=\"avia_inline_auto\" id=\"style-css-av-lk73v60n-aee4b487b72e073c8fcbcecb976fb7cb\">\n#top .avia-gallery.av-lk73v60n-aee4b487b72e073c8fcbcecb976fb7cb .avia-gallery-thumb a{\nwidth:25%;\n}\n<\/style>\n<div  class='avia-gallery av-lk73v60n-aee4b487b72e073c8fcbcecb976fb7cb avia_animate_when_visible  avia-builder-el-3  el_before_av_gallery  avia-builder-el-first  av-small-hide av-mini-hide avia_lazyload av-slideshow-ui av-loop-manual-endless av-control-hidden av-navigate-arrows hover-effect av-control-hidden avia-gallery-animate avia-gallery-1'  itemprop=\"image\" itemscope=\"itemscope\" itemtype=\"https:\/\/schema.org\/ImageObject\" ><meta itemprop=\"contentURL\" content=\"https:\/\/museodelacharreria.org.mx\/fr\/coleccion\/albarda-de-dama-charra\/\"><a class='avia-gallery-big fakeLightbox lightbox avia-gallery-big-crop-thumb' href=\"https:\/\/museodelacharreria.org.mx\/wp-content\/uploads\/2023\/08\/Museo-de-la-Charreria-CDMX-Albarda-Inglesa-para-Dama-Sq-0081.jpg\" data-srcset=\"https:\/\/museodelacharreria.org.mx\/wp-content\/uploads\/2023\/08\/Museo-de-la-Charreria-CDMX-Albarda-Inglesa-para-Dama-Sq-0081.jpg 1280w, https:\/\/museodelacharreria.org.mx\/wp-content\/uploads\/2023\/08\/Museo-de-la-Charreria-CDMX-Albarda-Inglesa-para-Dama-Sq-0081-300x300.jpg 300w, https:\/\/museodelacharreria.org.mx\/wp-content\/uploads\/2023\/08\/Museo-de-la-Charreria-CDMX-Albarda-Inglesa-para-Dama-Sq-0081-80x80.jpg 80w, https:\/\/museodelacharreria.org.mx\/wp-content\/uploads\/2023\/08\/Museo-de-la-Charreria-CDMX-Albarda-Inglesa-para-Dama-Sq-0081-768x768.jpg 768w, https:\/\/museodelacharreria.org.mx\/wp-content\/uploads\/2023\/08\/Museo-de-la-Charreria-CDMX-Albarda-Inglesa-para-Dama-Sq-0081-36x36.jpg 36w, https:\/\/museodelacharreria.org.mx\/wp-content\/uploads\/2023\/08\/Museo-de-la-Charreria-CDMX-Albarda-Inglesa-para-Dama-Sq-0081-180x180.jpg 180w, https:\/\/museodelacharreria.org.mx\/wp-content\/uploads\/2023\/08\/Museo-de-la-Charreria-CDMX-Albarda-Inglesa-para-Dama-Sq-0081-705x705.jpg 705w\" data-sizes=\"(max-width: 1280px) 100vw, 1280px\"  data-onclick='1' title='Museo de la Charreria CDMX - Albarda anglais pour dames Sq-0081' ><span class='avia-gallery-big-inner'  itemprop=\"thumbnailUrl\" ><img decoding=\"async\" fetchpriority=\"high\" class=\"wp-image-716 avia-img-lazy-loading-not-716\"  width=\"1280\" height=\"1280\" src=\"https:\/\/museodelacharreria.org.mx\/wp-content\/uploads\/2023\/08\/Museo-de-la-Charreria-CDMX-Albarda-Inglesa-para-Dama-Sq-0081.jpg\" title='Museo de la Charreria CDMX - Albarda anglais pour dames Sq-0081' alt='' srcset=\"https:\/\/museodelacharreria.org.mx\/wp-content\/uploads\/2023\/08\/Museo-de-la-Charreria-CDMX-Albarda-Inglesa-para-Dama-Sq-0081.jpg 1280w, https:\/\/museodelacharreria.org.mx\/wp-content\/uploads\/2023\/08\/Museo-de-la-Charreria-CDMX-Albarda-Inglesa-para-Dama-Sq-0081-300x300.jpg 300w, https:\/\/museodelacharreria.org.mx\/wp-content\/uploads\/2023\/08\/Museo-de-la-Charreria-CDMX-Albarda-Inglesa-para-Dama-Sq-0081-80x80.jpg 80w, https:\/\/museodelacharreria.org.mx\/wp-content\/uploads\/2023\/08\/Museo-de-la-Charreria-CDMX-Albarda-Inglesa-para-Dama-Sq-0081-768x768.jpg 768w, https:\/\/museodelacharreria.org.mx\/wp-content\/uploads\/2023\/08\/Museo-de-la-Charreria-CDMX-Albarda-Inglesa-para-Dama-Sq-0081-36x36.jpg 36w, https:\/\/museodelacharreria.org.mx\/wp-content\/uploads\/2023\/08\/Museo-de-la-Charreria-CDMX-Albarda-Inglesa-para-Dama-Sq-0081-180x180.jpg 180w, https:\/\/museodelacharreria.org.mx\/wp-content\/uploads\/2023\/08\/Museo-de-la-Charreria-CDMX-Albarda-Inglesa-para-Dama-Sq-0081-705x705.jpg 705w\" sizes=\"(max-width: 1280px) 100vw, 1280px\" \/><\/span><\/a><div class='avia-gallery-thumb'><a href=\"https:\/\/museodelacharreria.org.mx\/wp-content\/uploads\/2023\/08\/Museo-de-la-Charreria-CDMX-Albarda-Inglesa-para-Dama-Sq-0081.jpg\" data-srcset=\"https:\/\/museodelacharreria.org.mx\/wp-content\/uploads\/2023\/08\/Museo-de-la-Charreria-CDMX-Albarda-Inglesa-para-Dama-Sq-0081.jpg 1280w, https:\/\/museodelacharreria.org.mx\/wp-content\/uploads\/2023\/08\/Museo-de-la-Charreria-CDMX-Albarda-Inglesa-para-Dama-Sq-0081-300x300.jpg 300w, https:\/\/museodelacharreria.org.mx\/wp-content\/uploads\/2023\/08\/Museo-de-la-Charreria-CDMX-Albarda-Inglesa-para-Dama-Sq-0081-80x80.jpg 80w, https:\/\/museodelacharreria.org.mx\/wp-content\/uploads\/2023\/08\/Museo-de-la-Charreria-CDMX-Albarda-Inglesa-para-Dama-Sq-0081-768x768.jpg 768w, https:\/\/museodelacharreria.org.mx\/wp-content\/uploads\/2023\/08\/Museo-de-la-Charreria-CDMX-Albarda-Inglesa-para-Dama-Sq-0081-36x36.jpg 36w, https:\/\/museodelacharreria.org.mx\/wp-content\/uploads\/2023\/08\/Museo-de-la-Charreria-CDMX-Albarda-Inglesa-para-Dama-Sq-0081-180x180.jpg 180w, https:\/\/museodelacharreria.org.mx\/wp-content\/uploads\/2023\/08\/Museo-de-la-Charreria-CDMX-Albarda-Inglesa-para-Dama-Sq-0081-705x705.jpg 705w\" data-sizes=\"(max-width: 1280px) 100vw, 1280px\" data-rel='gallery-1' data-prev-img='https:\/\/museodelacharreria.org.mx\/wp-content\/uploads\/2023\/08\/Museo-de-la-Charreria-CDMX-Albarda-Inglesa-para-Dama-Sq-0081.jpg' class='first_thumb lightbox' data-onclick='1' title='Museo de la Charreria CDMX - Albarda anglais pour dames Sq-0081'  itemprop=\"thumbnailUrl\"  ><img decoding=\"async\" fetchpriority=\"high\" class=\"wp-image-716 avia-img-lazy-loading-not-716\"   src=\"https:\/\/museodelacharreria.org.mx\/wp-content\/uploads\/2023\/08\/Museo-de-la-Charreria-CDMX-Albarda-Inglesa-para-Dama-Sq-0081-495x400.jpg\" width=\"495\" height=\"400\"  title='Museo de la Charreria CDMX - Albarda anglais pour dames Sq-0081' alt='' srcset=\"https:\/\/museodelacharreria.org.mx\/wp-content\/uploads\/2023\/08\/Museo-de-la-Charreria-CDMX-Albarda-Inglesa-para-Dama-Sq-0081-495x400.jpg 495w, https:\/\/museodelacharreria.org.mx\/wp-content\/uploads\/2023\/08\/Museo-de-la-Charreria-CDMX-Albarda-Inglesa-para-Dama-Sq-0081-845x684.jpg 845w\" sizes=\"(max-width: 495px) 100vw, 495px\" \/><div class='big-prev-fake'><img decoding=\"async\" loading=\"lazy\" class=\"wp-image-716 avia-img-lazy-loading-716\"  width=\"1280\" height=\"1280\" src=\"https:\/\/museodelacharreria.org.mx\/wp-content\/uploads\/2023\/08\/Museo-de-la-Charreria-CDMX-Albarda-Inglesa-para-Dama-Sq-0081.jpg\" title='Museo de la Charreria CDMX - Albarda anglais pour dames Sq-0081' alt='' srcset=\"https:\/\/museodelacharreria.org.mx\/wp-content\/uploads\/2023\/08\/Museo-de-la-Charreria-CDMX-Albarda-Inglesa-para-Dama-Sq-0081.jpg 1280w, https:\/\/museodelacharreria.org.mx\/wp-content\/uploads\/2023\/08\/Museo-de-la-Charreria-CDMX-Albarda-Inglesa-para-Dama-Sq-0081-300x300.jpg 300w, https:\/\/museodelacharreria.org.mx\/wp-content\/uploads\/2023\/08\/Museo-de-la-Charreria-CDMX-Albarda-Inglesa-para-Dama-Sq-0081-80x80.jpg 80w, https:\/\/museodelacharreria.org.mx\/wp-content\/uploads\/2023\/08\/Museo-de-la-Charreria-CDMX-Albarda-Inglesa-para-Dama-Sq-0081-768x768.jpg 768w, https:\/\/museodelacharreria.org.mx\/wp-content\/uploads\/2023\/08\/Museo-de-la-Charreria-CDMX-Albarda-Inglesa-para-Dama-Sq-0081-36x36.jpg 36w, https:\/\/museodelacharreria.org.mx\/wp-content\/uploads\/2023\/08\/Museo-de-la-Charreria-CDMX-Albarda-Inglesa-para-Dama-Sq-0081-180x180.jpg 180w, https:\/\/museodelacharreria.org.mx\/wp-content\/uploads\/2023\/08\/Museo-de-la-Charreria-CDMX-Albarda-Inglesa-para-Dama-Sq-0081-705x705.jpg 705w\" sizes=\"auto, (max-width: 1280px) 100vw, 1280px\" \/><\/div><\/a><a href=\"https:\/\/museodelacharreria.org.mx\/wp-content\/uploads\/2023\/08\/Museo-de-la-Charreria-CDMX-Albarda-Inglesa-para-Dama-0083.jpg\" data-srcset=\"https:\/\/museodelacharreria.org.mx\/wp-content\/uploads\/2023\/08\/Museo-de-la-Charreria-CDMX-Albarda-Inglesa-para-Dama-0083.jpg 1280w, https:\/\/museodelacharreria.org.mx\/wp-content\/uploads\/2023\/08\/Museo-de-la-Charreria-CDMX-Albarda-Inglesa-para-Dama-0083-300x300.jpg 300w, https:\/\/museodelacharreria.org.mx\/wp-content\/uploads\/2023\/08\/Museo-de-la-Charreria-CDMX-Albarda-Inglesa-para-Dama-0083-80x80.jpg 80w, https:\/\/museodelacharreria.org.mx\/wp-content\/uploads\/2023\/08\/Museo-de-la-Charreria-CDMX-Albarda-Inglesa-para-Dama-0083-768x768.jpg 768w, https:\/\/museodelacharreria.org.mx\/wp-content\/uploads\/2023\/08\/Museo-de-la-Charreria-CDMX-Albarda-Inglesa-para-Dama-0083-36x36.jpg 36w, https:\/\/museodelacharreria.org.mx\/wp-content\/uploads\/2023\/08\/Museo-de-la-Charreria-CDMX-Albarda-Inglesa-para-Dama-0083-180x180.jpg 180w, https:\/\/museodelacharreria.org.mx\/wp-content\/uploads\/2023\/08\/Museo-de-la-Charreria-CDMX-Albarda-Inglesa-para-Dama-0083-705x705.jpg 705w\" data-sizes=\"(max-width: 1280px) 100vw, 1280px\" data-rel='gallery-1' data-prev-img='https:\/\/museodelacharreria.org.mx\/wp-content\/uploads\/2023\/08\/Museo-de-la-Charreria-CDMX-Albarda-Inglesa-para-Dama-0083.jpg' class='lightbox' data-onclick='2' title='Museo de la Charreria CDMX - Albarde anglaise pour dame-0083'  itemprop=\"thumbnailUrl\"  ><img decoding=\"async\" fetchpriority=\"high\" class=\"wp-image-715 avia-img-lazy-loading-not-715\"   src=\"https:\/\/museodelacharreria.org.mx\/wp-content\/uploads\/2023\/08\/Museo-de-la-Charreria-CDMX-Albarda-Inglesa-para-Dama-0083-495x400.jpg\" width=\"495\" height=\"400\"  title='Museo de la Charreria CDMX - Albarde anglaise pour dame-0083' alt='' srcset=\"https:\/\/museodelacharreria.org.mx\/wp-content\/uploads\/2023\/08\/Museo-de-la-Charreria-CDMX-Albarda-Inglesa-para-Dama-0083-495x400.jpg 495w, https:\/\/museodelacharreria.org.mx\/wp-content\/uploads\/2023\/08\/Museo-de-la-Charreria-CDMX-Albarda-Inglesa-para-Dama-0083-845x684.jpg 845w\" sizes=\"(max-width: 495px) 100vw, 495px\" \/><div class='big-prev-fake'><img decoding=\"async\" loading=\"lazy\" class=\"wp-image-715 avia-img-lazy-loading-715\"  width=\"1280\" height=\"1280\" src=\"https:\/\/museodelacharreria.org.mx\/wp-content\/uploads\/2023\/08\/Museo-de-la-Charreria-CDMX-Albarda-Inglesa-para-Dama-0083.jpg\" title='Museo de la Charreria CDMX - Albarde anglaise pour dame-0083' alt='' srcset=\"https:\/\/museodelacharreria.org.mx\/wp-content\/uploads\/2023\/08\/Museo-de-la-Charreria-CDMX-Albarda-Inglesa-para-Dama-0083.jpg 1280w, https:\/\/museodelacharreria.org.mx\/wp-content\/uploads\/2023\/08\/Museo-de-la-Charreria-CDMX-Albarda-Inglesa-para-Dama-0083-300x300.jpg 300w, https:\/\/museodelacharreria.org.mx\/wp-content\/uploads\/2023\/08\/Museo-de-la-Charreria-CDMX-Albarda-Inglesa-para-Dama-0083-80x80.jpg 80w, https:\/\/museodelacharreria.org.mx\/wp-content\/uploads\/2023\/08\/Museo-de-la-Charreria-CDMX-Albarda-Inglesa-para-Dama-0083-768x768.jpg 768w, https:\/\/museodelacharreria.org.mx\/wp-content\/uploads\/2023\/08\/Museo-de-la-Charreria-CDMX-Albarda-Inglesa-para-Dama-0083-36x36.jpg 36w, https:\/\/museodelacharreria.org.mx\/wp-content\/uploads\/2023\/08\/Museo-de-la-Charreria-CDMX-Albarda-Inglesa-para-Dama-0083-180x180.jpg 180w, https:\/\/museodelacharreria.org.mx\/wp-content\/uploads\/2023\/08\/Museo-de-la-Charreria-CDMX-Albarda-Inglesa-para-Dama-0083-705x705.jpg 705w\" sizes=\"auto, (max-width: 1280px) 100vw, 1280px\" \/><\/div><\/a><a href=\"https:\/\/museodelacharreria.org.mx\/wp-content\/uploads\/2023\/08\/Museo-de-la-Charreria-CDMX-Albarda-Inglesa-para-Dama-0085.jpg\" data-srcset=\"https:\/\/museodelacharreria.org.mx\/wp-content\/uploads\/2023\/08\/Museo-de-la-Charreria-CDMX-Albarda-Inglesa-para-Dama-0085.jpg 1920w, https:\/\/museodelacharreria.org.mx\/wp-content\/uploads\/2023\/08\/Museo-de-la-Charreria-CDMX-Albarda-Inglesa-para-Dama-0085-300x200.jpg 300w, https:\/\/museodelacharreria.org.mx\/wp-content\/uploads\/2023\/08\/Museo-de-la-Charreria-CDMX-Albarda-Inglesa-para-Dama-0085-768x512.jpg 768w, https:\/\/museodelacharreria.org.mx\/wp-content\/uploads\/2023\/08\/Museo-de-la-Charreria-CDMX-Albarda-Inglesa-para-Dama-0085-1536x1024.jpg 1536w, https:\/\/museodelacharreria.org.mx\/wp-content\/uploads\/2023\/08\/Museo-de-la-Charreria-CDMX-Albarda-Inglesa-para-Dama-0085-1500x1000.jpg 1500w, https:\/\/museodelacharreria.org.mx\/wp-content\/uploads\/2023\/08\/Museo-de-la-Charreria-CDMX-Albarda-Inglesa-para-Dama-0085-705x470.jpg 705w\" data-sizes=\"(max-width: 1500px) 100vw, 1500px\" data-rel='gallery-1' data-prev-img='https:\/\/museodelacharreria.org.mx\/wp-content\/uploads\/2023\/08\/Museo-de-la-Charreria-CDMX-Albarda-Inglesa-para-Dama-0085.jpg' class='lightbox' data-onclick='3' title='Museo de la Charreria CDMX - Albarde anglaise pour dame-0085'  itemprop=\"thumbnailUrl\"  ><img decoding=\"async\" fetchpriority=\"high\" class=\"wp-image-713 avia-img-lazy-loading-not-713\"   src=\"https:\/\/museodelacharreria.org.mx\/wp-content\/uploads\/2023\/08\/Museo-de-la-Charreria-CDMX-Albarda-Inglesa-para-Dama-0085-495x400.jpg\" width=\"495\" height=\"400\"  title='Museo de la Charreria CDMX - Albarde anglaise pour dame-0085' alt='' srcset=\"https:\/\/museodelacharreria.org.mx\/wp-content\/uploads\/2023\/08\/Museo-de-la-Charreria-CDMX-Albarda-Inglesa-para-Dama-0085-495x400.jpg 495w, https:\/\/museodelacharreria.org.mx\/wp-content\/uploads\/2023\/08\/Museo-de-la-Charreria-CDMX-Albarda-Inglesa-para-Dama-0085-845x684.jpg 845w\" sizes=\"(max-width: 495px) 100vw, 495px\" \/><div class='big-prev-fake'><img decoding=\"async\" loading=\"lazy\" class=\"wp-image-713 avia-img-lazy-loading-713\"  width=\"1920\" height=\"1280\" src=\"https:\/\/museodelacharreria.org.mx\/wp-content\/uploads\/2023\/08\/Museo-de-la-Charreria-CDMX-Albarda-Inglesa-para-Dama-0085.jpg\" title='Museo de la Charreria CDMX - Albarde anglaise pour dame-0085' alt='' srcset=\"https:\/\/museodelacharreria.org.mx\/wp-content\/uploads\/2023\/08\/Museo-de-la-Charreria-CDMX-Albarda-Inglesa-para-Dama-0085.jpg 1920w, https:\/\/museodelacharreria.org.mx\/wp-content\/uploads\/2023\/08\/Museo-de-la-Charreria-CDMX-Albarda-Inglesa-para-Dama-0085-300x200.jpg 300w, https:\/\/museodelacharreria.org.mx\/wp-content\/uploads\/2023\/08\/Museo-de-la-Charreria-CDMX-Albarda-Inglesa-para-Dama-0085-768x512.jpg 768w, https:\/\/museodelacharreria.org.mx\/wp-content\/uploads\/2023\/08\/Museo-de-la-Charreria-CDMX-Albarda-Inglesa-para-Dama-0085-1536x1024.jpg 1536w, https:\/\/museodelacharreria.org.mx\/wp-content\/uploads\/2023\/08\/Museo-de-la-Charreria-CDMX-Albarda-Inglesa-para-Dama-0085-1500x1000.jpg 1500w, https:\/\/museodelacharreria.org.mx\/wp-content\/uploads\/2023\/08\/Museo-de-la-Charreria-CDMX-Albarda-Inglesa-para-Dama-0085-705x470.jpg 705w\" sizes=\"auto, (max-width: 1920px) 100vw, 1920px\" \/><\/div><\/a><a href=\"https:\/\/museodelacharreria.org.mx\/wp-content\/uploads\/2023\/08\/Museo-de-la-Charreria-CDMX-Albarda-Inglesa-para-Dama-0086.jpg\" data-srcset=\"https:\/\/museodelacharreria.org.mx\/wp-content\/uploads\/2023\/08\/Museo-de-la-Charreria-CDMX-Albarda-Inglesa-para-Dama-0086.jpg 1920w, https:\/\/museodelacharreria.org.mx\/wp-content\/uploads\/2023\/08\/Museo-de-la-Charreria-CDMX-Albarda-Inglesa-para-Dama-0086-300x200.jpg 300w, https:\/\/museodelacharreria.org.mx\/wp-content\/uploads\/2023\/08\/Museo-de-la-Charreria-CDMX-Albarda-Inglesa-para-Dama-0086-768x512.jpg 768w, https:\/\/museodelacharreria.org.mx\/wp-content\/uploads\/2023\/08\/Museo-de-la-Charreria-CDMX-Albarda-Inglesa-para-Dama-0086-1536x1024.jpg 1536w, https:\/\/museodelacharreria.org.mx\/wp-content\/uploads\/2023\/08\/Museo-de-la-Charreria-CDMX-Albarda-Inglesa-para-Dama-0086-1500x1000.jpg 1500w, https:\/\/museodelacharreria.org.mx\/wp-content\/uploads\/2023\/08\/Museo-de-la-Charreria-CDMX-Albarda-Inglesa-para-Dama-0086-705x470.jpg 705w\" data-sizes=\"(max-width: 1500px) 100vw, 1500px\" data-rel='gallery-1' data-prev-img='https:\/\/museodelacharreria.org.mx\/wp-content\/uploads\/2023\/08\/Museo-de-la-Charreria-CDMX-Albarda-Inglesa-para-Dama-0086.jpg' class='lightbox' data-onclick='4' title='Museo de la Charreria CDMX - Albarde anglaise pour dame-0086'  itemprop=\"thumbnailUrl\"  ><img decoding=\"async\" fetchpriority=\"high\" class=\"wp-image-714 avia-img-lazy-loading-not-714\"   src=\"https:\/\/museodelacharreria.org.mx\/wp-content\/uploads\/2023\/08\/Museo-de-la-Charreria-CDMX-Albarda-Inglesa-para-Dama-0086-495x400.jpg\" width=\"495\" height=\"400\"  title='Museo de la Charreria CDMX - Albarde anglaise pour dame-0086' alt='' srcset=\"https:\/\/museodelacharreria.org.mx\/wp-content\/uploads\/2023\/08\/Museo-de-la-Charreria-CDMX-Albarda-Inglesa-para-Dama-0086-495x400.jpg 495w, https:\/\/museodelacharreria.org.mx\/wp-content\/uploads\/2023\/08\/Museo-de-la-Charreria-CDMX-Albarda-Inglesa-para-Dama-0086-845x684.jpg 845w\" sizes=\"(max-width: 495px) 100vw, 495px\" \/><div class='big-prev-fake'><img decoding=\"async\" loading=\"lazy\" class=\"wp-image-714 avia-img-lazy-loading-714\"  width=\"1920\" height=\"1280\" src=\"https:\/\/museodelacharreria.org.mx\/wp-content\/uploads\/2023\/08\/Museo-de-la-Charreria-CDMX-Albarda-Inglesa-para-Dama-0086.jpg\" title='Museo de la Charreria CDMX - Albarde anglaise pour dame-0086' alt='' srcset=\"https:\/\/museodelacharreria.org.mx\/wp-content\/uploads\/2023\/08\/Museo-de-la-Charreria-CDMX-Albarda-Inglesa-para-Dama-0086.jpg 1920w, https:\/\/museodelacharreria.org.mx\/wp-content\/uploads\/2023\/08\/Museo-de-la-Charreria-CDMX-Albarda-Inglesa-para-Dama-0086-300x200.jpg 300w, https:\/\/museodelacharreria.org.mx\/wp-content\/uploads\/2023\/08\/Museo-de-la-Charreria-CDMX-Albarda-Inglesa-para-Dama-0086-768x512.jpg 768w, https:\/\/museodelacharreria.org.mx\/wp-content\/uploads\/2023\/08\/Museo-de-la-Charreria-CDMX-Albarda-Inglesa-para-Dama-0086-1536x1024.jpg 1536w, https:\/\/museodelacharreria.org.mx\/wp-content\/uploads\/2023\/08\/Museo-de-la-Charreria-CDMX-Albarda-Inglesa-para-Dama-0086-1500x1000.jpg 1500w, https:\/\/museodelacharreria.org.mx\/wp-content\/uploads\/2023\/08\/Museo-de-la-Charreria-CDMX-Albarda-Inglesa-para-Dama-0086-705x470.jpg 705w\" sizes=\"auto, (max-width: 1920px) 100vw, 1920px\" \/><\/div><\/a><\/div><\/div><br \/>\n\n<style type=\"text\/css\" data-created_by=\"avia_inline_auto\" id=\"style-css-av-lmu3qg78-069dc8c4ebe6335707ad034e2cc5a40e\">\n#top .avia-gallery.av-lmu3qg78-069dc8c4ebe6335707ad034e2cc5a40e .avia-gallery-thumb a{\nwidth:25%;\n}\n<\/style>\n<div  class='avia-gallery av-lmu3qg78-069dc8c4ebe6335707ad034e2cc5a40e avia_animate_when_visible  avia-builder-el-4  el_after_av_gallery  avia-builder-el-last  av-desktop-hide av-medium-hide avia_lazyload av-slideshow-ui av-loop-manual-endless av-control-hidden av-navigate-arrows hover-effect av-control-hidden avia-gallery-animate avia-gallery-2'  itemprop=\"image\" itemscope=\"itemscope\" itemtype=\"https:\/\/schema.org\/ImageObject\" ><meta itemprop=\"contentURL\" content=\"https:\/\/museodelacharreria.org.mx\/fr\/coleccion\/albarda-de-dama-charra\/\"><a class='avia-gallery-big fakeLightbox lightbox avia-gallery-big-crop-thumb' href=\"https:\/\/museodelacharreria.org.mx\/wp-content\/uploads\/2023\/08\/Museo-de-la-Charreria-CDMX-Albarda-Inglesa-para-Dama-Sq-0081.jpg\" data-srcset=\"https:\/\/museodelacharreria.org.mx\/wp-content\/uploads\/2023\/08\/Museo-de-la-Charreria-CDMX-Albarda-Inglesa-para-Dama-Sq-0081.jpg 1280w, https:\/\/museodelacharreria.org.mx\/wp-content\/uploads\/2023\/08\/Museo-de-la-Charreria-CDMX-Albarda-Inglesa-para-Dama-Sq-0081-300x300.jpg 300w, https:\/\/museodelacharreria.org.mx\/wp-content\/uploads\/2023\/08\/Museo-de-la-Charreria-CDMX-Albarda-Inglesa-para-Dama-Sq-0081-80x80.jpg 80w, https:\/\/museodelacharreria.org.mx\/wp-content\/uploads\/2023\/08\/Museo-de-la-Charreria-CDMX-Albarda-Inglesa-para-Dama-Sq-0081-768x768.jpg 768w, https:\/\/museodelacharreria.org.mx\/wp-content\/uploads\/2023\/08\/Museo-de-la-Charreria-CDMX-Albarda-Inglesa-para-Dama-Sq-0081-36x36.jpg 36w, https:\/\/museodelacharreria.org.mx\/wp-content\/uploads\/2023\/08\/Museo-de-la-Charreria-CDMX-Albarda-Inglesa-para-Dama-Sq-0081-180x180.jpg 180w, https:\/\/museodelacharreria.org.mx\/wp-content\/uploads\/2023\/08\/Museo-de-la-Charreria-CDMX-Albarda-Inglesa-para-Dama-Sq-0081-705x705.jpg 705w\" data-sizes=\"(max-width: 1280px) 100vw, 1280px\"  data-onclick='1' title='Museo de la Charreria CDMX - Albarda anglais pour dames Sq-0081' ><span class='avia-gallery-big-inner'  itemprop=\"thumbnailUrl\" ><img decoding=\"async\" fetchpriority=\"high\" class=\"wp-image-716 avia-img-lazy-loading-not-716\"  width=\"1280\" height=\"1280\" src=\"https:\/\/museodelacharreria.org.mx\/wp-content\/uploads\/2023\/08\/Museo-de-la-Charreria-CDMX-Albarda-Inglesa-para-Dama-Sq-0081.jpg\" title='Museo de la Charreria CDMX - Albarda anglais pour dames Sq-0081' alt='' srcset=\"https:\/\/museodelacharreria.org.mx\/wp-content\/uploads\/2023\/08\/Museo-de-la-Charreria-CDMX-Albarda-Inglesa-para-Dama-Sq-0081.jpg 1280w, https:\/\/museodelacharreria.org.mx\/wp-content\/uploads\/2023\/08\/Museo-de-la-Charreria-CDMX-Albarda-Inglesa-para-Dama-Sq-0081-300x300.jpg 300w, https:\/\/museodelacharreria.org.mx\/wp-content\/uploads\/2023\/08\/Museo-de-la-Charreria-CDMX-Albarda-Inglesa-para-Dama-Sq-0081-80x80.jpg 80w, https:\/\/museodelacharreria.org.mx\/wp-content\/uploads\/2023\/08\/Museo-de-la-Charreria-CDMX-Albarda-Inglesa-para-Dama-Sq-0081-768x768.jpg 768w, https:\/\/museodelacharreria.org.mx\/wp-content\/uploads\/2023\/08\/Museo-de-la-Charreria-CDMX-Albarda-Inglesa-para-Dama-Sq-0081-36x36.jpg 36w, https:\/\/museodelacharreria.org.mx\/wp-content\/uploads\/2023\/08\/Museo-de-la-Charreria-CDMX-Albarda-Inglesa-para-Dama-Sq-0081-180x180.jpg 180w, https:\/\/museodelacharreria.org.mx\/wp-content\/uploads\/2023\/08\/Museo-de-la-Charreria-CDMX-Albarda-Inglesa-para-Dama-Sq-0081-705x705.jpg 705w\" sizes=\"(max-width: 1280px) 100vw, 1280px\" \/><\/span><\/a><div class='avia-gallery-thumb'><a href=\"https:\/\/museodelacharreria.org.mx\/wp-content\/uploads\/2023\/08\/Museo-de-la-Charreria-CDMX-Albarda-Inglesa-para-Dama-Sq-0081.jpg\" data-srcset=\"https:\/\/museodelacharreria.org.mx\/wp-content\/uploads\/2023\/08\/Museo-de-la-Charreria-CDMX-Albarda-Inglesa-para-Dama-Sq-0081.jpg 1280w, https:\/\/museodelacharreria.org.mx\/wp-content\/uploads\/2023\/08\/Museo-de-la-Charreria-CDMX-Albarda-Inglesa-para-Dama-Sq-0081-300x300.jpg 300w, https:\/\/museodelacharreria.org.mx\/wp-content\/uploads\/2023\/08\/Museo-de-la-Charreria-CDMX-Albarda-Inglesa-para-Dama-Sq-0081-80x80.jpg 80w, https:\/\/museodelacharreria.org.mx\/wp-content\/uploads\/2023\/08\/Museo-de-la-Charreria-CDMX-Albarda-Inglesa-para-Dama-Sq-0081-768x768.jpg 768w, https:\/\/museodelacharreria.org.mx\/wp-content\/uploads\/2023\/08\/Museo-de-la-Charreria-CDMX-Albarda-Inglesa-para-Dama-Sq-0081-36x36.jpg 36w, https:\/\/museodelacharreria.org.mx\/wp-content\/uploads\/2023\/08\/Museo-de-la-Charreria-CDMX-Albarda-Inglesa-para-Dama-Sq-0081-180x180.jpg 180w, https:\/\/museodelacharreria.org.mx\/wp-content\/uploads\/2023\/08\/Museo-de-la-Charreria-CDMX-Albarda-Inglesa-para-Dama-Sq-0081-705x705.jpg 705w\" data-sizes=\"(max-width: 1280px) 100vw, 1280px\" data-rel='gallery-2' data-prev-img='https:\/\/museodelacharreria.org.mx\/wp-content\/uploads\/2023\/08\/Museo-de-la-Charreria-CDMX-Albarda-Inglesa-para-Dama-Sq-0081.jpg' class='first_thumb lightbox' data-onclick='1' title='Museo de la Charreria CDMX - Albarda anglais pour dames Sq-0081'  itemprop=\"thumbnailUrl\"  ><img decoding=\"async\" fetchpriority=\"high\" class=\"wp-image-716 avia-img-lazy-loading-not-716\"   src=\"https:\/\/museodelacharreria.org.mx\/wp-content\/uploads\/2023\/08\/Museo-de-la-Charreria-CDMX-Albarda-Inglesa-para-Dama-Sq-0081-495x400.jpg\" width=\"495\" height=\"400\"  title='Museo de la Charreria CDMX - Albarda anglais pour dames Sq-0081' alt='' srcset=\"https:\/\/museodelacharreria.org.mx\/wp-content\/uploads\/2023\/08\/Museo-de-la-Charreria-CDMX-Albarda-Inglesa-para-Dama-Sq-0081-495x400.jpg 495w, https:\/\/museodelacharreria.org.mx\/wp-content\/uploads\/2023\/08\/Museo-de-la-Charreria-CDMX-Albarda-Inglesa-para-Dama-Sq-0081-845x684.jpg 845w\" sizes=\"(max-width: 495px) 100vw, 495px\" \/><div class='big-prev-fake'><img decoding=\"async\" loading=\"lazy\" class=\"wp-image-716 avia-img-lazy-loading-716\"  width=\"1280\" height=\"1280\" src=\"https:\/\/museodelacharreria.org.mx\/wp-content\/uploads\/2023\/08\/Museo-de-la-Charreria-CDMX-Albarda-Inglesa-para-Dama-Sq-0081.jpg\" title='Museo de la Charreria CDMX - Albarda anglais pour dames Sq-0081' alt='' srcset=\"https:\/\/museodelacharreria.org.mx\/wp-content\/uploads\/2023\/08\/Museo-de-la-Charreria-CDMX-Albarda-Inglesa-para-Dama-Sq-0081.jpg 1280w, https:\/\/museodelacharreria.org.mx\/wp-content\/uploads\/2023\/08\/Museo-de-la-Charreria-CDMX-Albarda-Inglesa-para-Dama-Sq-0081-300x300.jpg 300w, https:\/\/museodelacharreria.org.mx\/wp-content\/uploads\/2023\/08\/Museo-de-la-Charreria-CDMX-Albarda-Inglesa-para-Dama-Sq-0081-80x80.jpg 80w, https:\/\/museodelacharreria.org.mx\/wp-content\/uploads\/2023\/08\/Museo-de-la-Charreria-CDMX-Albarda-Inglesa-para-Dama-Sq-0081-768x768.jpg 768w, https:\/\/museodelacharreria.org.mx\/wp-content\/uploads\/2023\/08\/Museo-de-la-Charreria-CDMX-Albarda-Inglesa-para-Dama-Sq-0081-36x36.jpg 36w, https:\/\/museodelacharreria.org.mx\/wp-content\/uploads\/2023\/08\/Museo-de-la-Charreria-CDMX-Albarda-Inglesa-para-Dama-Sq-0081-180x180.jpg 180w, https:\/\/museodelacharreria.org.mx\/wp-content\/uploads\/2023\/08\/Museo-de-la-Charreria-CDMX-Albarda-Inglesa-para-Dama-Sq-0081-705x705.jpg 705w\" sizes=\"auto, (max-width: 1280px) 100vw, 1280px\" \/><\/div><\/a><a href=\"https:\/\/museodelacharreria.org.mx\/wp-content\/uploads\/2023\/08\/Museo-de-la-Charreria-CDMX-Albarda-Inglesa-para-Dama-0083.jpg\" data-srcset=\"https:\/\/museodelacharreria.org.mx\/wp-content\/uploads\/2023\/08\/Museo-de-la-Charreria-CDMX-Albarda-Inglesa-para-Dama-0083.jpg 1280w, https:\/\/museodelacharreria.org.mx\/wp-content\/uploads\/2023\/08\/Museo-de-la-Charreria-CDMX-Albarda-Inglesa-para-Dama-0083-300x300.jpg 300w, https:\/\/museodelacharreria.org.mx\/wp-content\/uploads\/2023\/08\/Museo-de-la-Charreria-CDMX-Albarda-Inglesa-para-Dama-0083-80x80.jpg 80w, https:\/\/museodelacharreria.org.mx\/wp-content\/uploads\/2023\/08\/Museo-de-la-Charreria-CDMX-Albarda-Inglesa-para-Dama-0083-768x768.jpg 768w, https:\/\/museodelacharreria.org.mx\/wp-content\/uploads\/2023\/08\/Museo-de-la-Charreria-CDMX-Albarda-Inglesa-para-Dama-0083-36x36.jpg 36w, https:\/\/museodelacharreria.org.mx\/wp-content\/uploads\/2023\/08\/Museo-de-la-Charreria-CDMX-Albarda-Inglesa-para-Dama-0083-180x180.jpg 180w, https:\/\/museodelacharreria.org.mx\/wp-content\/uploads\/2023\/08\/Museo-de-la-Charreria-CDMX-Albarda-Inglesa-para-Dama-0083-705x705.jpg 705w\" data-sizes=\"(max-width: 1280px) 100vw, 1280px\" data-rel='gallery-2' data-prev-img='https:\/\/museodelacharreria.org.mx\/wp-content\/uploads\/2023\/08\/Museo-de-la-Charreria-CDMX-Albarda-Inglesa-para-Dama-0083.jpg' class='lightbox' data-onclick='2' title='Museo de la Charreria CDMX - Albarde anglaise pour dame-0083'  itemprop=\"thumbnailUrl\"  ><img decoding=\"async\" fetchpriority=\"high\" class=\"wp-image-715 avia-img-lazy-loading-not-715\"   src=\"https:\/\/museodelacharreria.org.mx\/wp-content\/uploads\/2023\/08\/Museo-de-la-Charreria-CDMX-Albarda-Inglesa-para-Dama-0083-495x400.jpg\" width=\"495\" height=\"400\"  title='Museo de la Charreria CDMX - Albarde anglaise pour dame-0083' alt='' srcset=\"https:\/\/museodelacharreria.org.mx\/wp-content\/uploads\/2023\/08\/Museo-de-la-Charreria-CDMX-Albarda-Inglesa-para-Dama-0083-495x400.jpg 495w, https:\/\/museodelacharreria.org.mx\/wp-content\/uploads\/2023\/08\/Museo-de-la-Charreria-CDMX-Albarda-Inglesa-para-Dama-0083-845x684.jpg 845w\" sizes=\"(max-width: 495px) 100vw, 495px\" \/><div class='big-prev-fake'><img decoding=\"async\" loading=\"lazy\" class=\"wp-image-715 avia-img-lazy-loading-715\"  width=\"1280\" height=\"1280\" src=\"https:\/\/museodelacharreria.org.mx\/wp-content\/uploads\/2023\/08\/Museo-de-la-Charreria-CDMX-Albarda-Inglesa-para-Dama-0083.jpg\" title='Museo de la Charreria CDMX - Albarde anglaise pour dame-0083' alt='' srcset=\"https:\/\/museodelacharreria.org.mx\/wp-content\/uploads\/2023\/08\/Museo-de-la-Charreria-CDMX-Albarda-Inglesa-para-Dama-0083.jpg 1280w, https:\/\/museodelacharreria.org.mx\/wp-content\/uploads\/2023\/08\/Museo-de-la-Charreria-CDMX-Albarda-Inglesa-para-Dama-0083-300x300.jpg 300w, https:\/\/museodelacharreria.org.mx\/wp-content\/uploads\/2023\/08\/Museo-de-la-Charreria-CDMX-Albarda-Inglesa-para-Dama-0083-80x80.jpg 80w, https:\/\/museodelacharreria.org.mx\/wp-content\/uploads\/2023\/08\/Museo-de-la-Charreria-CDMX-Albarda-Inglesa-para-Dama-0083-768x768.jpg 768w, https:\/\/museodelacharreria.org.mx\/wp-content\/uploads\/2023\/08\/Museo-de-la-Charreria-CDMX-Albarda-Inglesa-para-Dama-0083-36x36.jpg 36w, https:\/\/museodelacharreria.org.mx\/wp-content\/uploads\/2023\/08\/Museo-de-la-Charreria-CDMX-Albarda-Inglesa-para-Dama-0083-180x180.jpg 180w, https:\/\/museodelacharreria.org.mx\/wp-content\/uploads\/2023\/08\/Museo-de-la-Charreria-CDMX-Albarda-Inglesa-para-Dama-0083-705x705.jpg 705w\" sizes=\"auto, (max-width: 1280px) 100vw, 1280px\" \/><\/div><\/a><a href=\"https:\/\/museodelacharreria.org.mx\/wp-content\/uploads\/2023\/08\/Museo-de-la-Charreria-CDMX-Albarda-Inglesa-para-Dama-0085.jpg\" data-srcset=\"https:\/\/museodelacharreria.org.mx\/wp-content\/uploads\/2023\/08\/Museo-de-la-Charreria-CDMX-Albarda-Inglesa-para-Dama-0085.jpg 1920w, https:\/\/museodelacharreria.org.mx\/wp-content\/uploads\/2023\/08\/Museo-de-la-Charreria-CDMX-Albarda-Inglesa-para-Dama-0085-300x200.jpg 300w, https:\/\/museodelacharreria.org.mx\/wp-content\/uploads\/2023\/08\/Museo-de-la-Charreria-CDMX-Albarda-Inglesa-para-Dama-0085-768x512.jpg 768w, https:\/\/museodelacharreria.org.mx\/wp-content\/uploads\/2023\/08\/Museo-de-la-Charreria-CDMX-Albarda-Inglesa-para-Dama-0085-1536x1024.jpg 1536w, https:\/\/museodelacharreria.org.mx\/wp-content\/uploads\/2023\/08\/Museo-de-la-Charreria-CDMX-Albarda-Inglesa-para-Dama-0085-1500x1000.jpg 1500w, https:\/\/museodelacharreria.org.mx\/wp-content\/uploads\/2023\/08\/Museo-de-la-Charreria-CDMX-Albarda-Inglesa-para-Dama-0085-705x470.jpg 705w\" data-sizes=\"(max-width: 1500px) 100vw, 1500px\" data-rel='gallery-2' data-prev-img='https:\/\/museodelacharreria.org.mx\/wp-content\/uploads\/2023\/08\/Museo-de-la-Charreria-CDMX-Albarda-Inglesa-para-Dama-0085.jpg' class='lightbox' data-onclick='3' title='Museo de la Charreria CDMX - Albarde anglaise pour dame-0085'  itemprop=\"thumbnailUrl\"  ><img decoding=\"async\" fetchpriority=\"high\" class=\"wp-image-713 avia-img-lazy-loading-not-713\"   src=\"https:\/\/museodelacharreria.org.mx\/wp-content\/uploads\/2023\/08\/Museo-de-la-Charreria-CDMX-Albarda-Inglesa-para-Dama-0085-495x400.jpg\" width=\"495\" height=\"400\"  title='Museo de la Charreria CDMX - Albarde anglaise pour dame-0085' alt='' srcset=\"https:\/\/museodelacharreria.org.mx\/wp-content\/uploads\/2023\/08\/Museo-de-la-Charreria-CDMX-Albarda-Inglesa-para-Dama-0085-495x400.jpg 495w, https:\/\/museodelacharreria.org.mx\/wp-content\/uploads\/2023\/08\/Museo-de-la-Charreria-CDMX-Albarda-Inglesa-para-Dama-0085-845x684.jpg 845w\" sizes=\"(max-width: 495px) 100vw, 495px\" \/><div class='big-prev-fake'><img decoding=\"async\" loading=\"lazy\" class=\"wp-image-713 avia-img-lazy-loading-713\"  width=\"1500\" height=\"1000\" src=\"https:\/\/museodelacharreria.org.mx\/wp-content\/uploads\/2023\/08\/Museo-de-la-Charreria-CDMX-Albarda-Inglesa-para-Dama-0085.jpg\" title='Museo de la Charreria CDMX - Albarde anglaise pour dame-0085' alt='' srcset=\"https:\/\/museodelacharreria.org.mx\/wp-content\/uploads\/2023\/08\/Museo-de-la-Charreria-CDMX-Albarda-Inglesa-para-Dama-0085.jpg 1920w, https:\/\/museodelacharreria.org.mx\/wp-content\/uploads\/2023\/08\/Museo-de-la-Charreria-CDMX-Albarda-Inglesa-para-Dama-0085-300x200.jpg 300w, https:\/\/museodelacharreria.org.mx\/wp-content\/uploads\/2023\/08\/Museo-de-la-Charreria-CDMX-Albarda-Inglesa-para-Dama-0085-768x512.jpg 768w, https:\/\/museodelacharreria.org.mx\/wp-content\/uploads\/2023\/08\/Museo-de-la-Charreria-CDMX-Albarda-Inglesa-para-Dama-0085-1536x1024.jpg 1536w, https:\/\/museodelacharreria.org.mx\/wp-content\/uploads\/2023\/08\/Museo-de-la-Charreria-CDMX-Albarda-Inglesa-para-Dama-0085-1500x1000.jpg 1500w, https:\/\/museodelacharreria.org.mx\/wp-content\/uploads\/2023\/08\/Museo-de-la-Charreria-CDMX-Albarda-Inglesa-para-Dama-0085-705x470.jpg 705w\" sizes=\"auto, (max-width: 1500px) 100vw, 1500px\" \/><\/div><\/a><a href=\"https:\/\/museodelacharreria.org.mx\/wp-content\/uploads\/2023\/08\/Museo-de-la-Charreria-CDMX-Albarda-Inglesa-para-Dama-0086.jpg\" data-srcset=\"https:\/\/museodelacharreria.org.mx\/wp-content\/uploads\/2023\/08\/Museo-de-la-Charreria-CDMX-Albarda-Inglesa-para-Dama-0086.jpg 1920w, https:\/\/museodelacharreria.org.mx\/wp-content\/uploads\/2023\/08\/Museo-de-la-Charreria-CDMX-Albarda-Inglesa-para-Dama-0086-300x200.jpg 300w, https:\/\/museodelacharreria.org.mx\/wp-content\/uploads\/2023\/08\/Museo-de-la-Charreria-CDMX-Albarda-Inglesa-para-Dama-0086-768x512.jpg 768w, https:\/\/museodelacharreria.org.mx\/wp-content\/uploads\/2023\/08\/Museo-de-la-Charreria-CDMX-Albarda-Inglesa-para-Dama-0086-1536x1024.jpg 1536w, https:\/\/museodelacharreria.org.mx\/wp-content\/uploads\/2023\/08\/Museo-de-la-Charreria-CDMX-Albarda-Inglesa-para-Dama-0086-1500x1000.jpg 1500w, https:\/\/museodelacharreria.org.mx\/wp-content\/uploads\/2023\/08\/Museo-de-la-Charreria-CDMX-Albarda-Inglesa-para-Dama-0086-705x470.jpg 705w\" data-sizes=\"(max-width: 1500px) 100vw, 1500px\" data-rel='gallery-2' data-prev-img='https:\/\/museodelacharreria.org.mx\/wp-content\/uploads\/2023\/08\/Museo-de-la-Charreria-CDMX-Albarda-Inglesa-para-Dama-0086.jpg' class='lightbox' data-onclick='4' title='Museo de la Charreria CDMX - Albarde anglaise pour dame-0086'  itemprop=\"thumbnailUrl\"  ><img decoding=\"async\" fetchpriority=\"high\" class=\"wp-image-714 avia-img-lazy-loading-not-714\"   src=\"https:\/\/museodelacharreria.org.mx\/wp-content\/uploads\/2023\/08\/Museo-de-la-Charreria-CDMX-Albarda-Inglesa-para-Dama-0086-495x400.jpg\" width=\"495\" height=\"400\"  title='Museo de la Charreria CDMX - Albarde anglaise pour dame-0086' alt='' srcset=\"https:\/\/museodelacharreria.org.mx\/wp-content\/uploads\/2023\/08\/Museo-de-la-Charreria-CDMX-Albarda-Inglesa-para-Dama-0086-495x400.jpg 495w, https:\/\/museodelacharreria.org.mx\/wp-content\/uploads\/2023\/08\/Museo-de-la-Charreria-CDMX-Albarda-Inglesa-para-Dama-0086-845x684.jpg 845w\" sizes=\"(max-width: 495px) 100vw, 495px\" \/><div class='big-prev-fake'><img decoding=\"async\" loading=\"lazy\" class=\"wp-image-714 avia-img-lazy-loading-714\"  width=\"1500\" height=\"1000\" src=\"https:\/\/museodelacharreria.org.mx\/wp-content\/uploads\/2023\/08\/Museo-de-la-Charreria-CDMX-Albarda-Inglesa-para-Dama-0086.jpg\" title='Museo de la Charreria CDMX - Albarde anglaise pour dame-0086' alt='' srcset=\"https:\/\/museodelacharreria.org.mx\/wp-content\/uploads\/2023\/08\/Museo-de-la-Charreria-CDMX-Albarda-Inglesa-para-Dama-0086.jpg 1920w, https:\/\/museodelacharreria.org.mx\/wp-content\/uploads\/2023\/08\/Museo-de-la-Charreria-CDMX-Albarda-Inglesa-para-Dama-0086-300x200.jpg 300w, https:\/\/museodelacharreria.org.mx\/wp-content\/uploads\/2023\/08\/Museo-de-la-Charreria-CDMX-Albarda-Inglesa-para-Dama-0086-768x512.jpg 768w, https:\/\/museodelacharreria.org.mx\/wp-content\/uploads\/2023\/08\/Museo-de-la-Charreria-CDMX-Albarda-Inglesa-para-Dama-0086-1536x1024.jpg 1536w, https:\/\/museodelacharreria.org.mx\/wp-content\/uploads\/2023\/08\/Museo-de-la-Charreria-CDMX-Albarda-Inglesa-para-Dama-0086-1500x1000.jpg 1500w, https:\/\/museodelacharreria.org.mx\/wp-content\/uploads\/2023\/08\/Museo-de-la-Charreria-CDMX-Albarda-Inglesa-para-Dama-0086-705x470.jpg 705w\" sizes=\"auto, (max-width: 1500px) 100vw, 1500px\" \/><\/div><\/a><\/div><\/div><\/p><\/div>\n<div  class='flex_column av-e4nun-e4d16696b7a631338a4d205072919cbc av_one_half  avia-builder-el-5  el_after_av_one_half  el_before_av_hr  flex_column_div'     ><section  class='av_textblock_section av-lk73lniz-d683ee558fec4401af0c1671d1f0874e'   itemscope=\"itemscope\" itemtype=\"https:\/\/schema.org\/CreativeWork\" ><div class='avia_textblock'  itemprop=\"text\" ><p>L'ant\u00e9c\u00e9dent de l'albarda, ou selle de femme, \u00e9tait europ\u00e9en et m\u00eame les femmes n'avaient pas le droit de monter \u00e0 califourchon (comme les hommes), surtout en Angleterre.<\/p>\n<p>Ce type de selle a \u00e9t\u00e9 con\u00e7u et les femmes devaient monter de c\u00f4t\u00e9, c'est-\u00e0-dire avec la jambe droite en haut et la jambe gauche en bas, en mettant leur pied dans l'\u00e9trier, ce qui est connu en Espagne sous le nom de \"selle\".\u00a0<em>vers l'amazone<\/em>. Ils ont m\u00eame \u00e9t\u00e9 \u00e9quip\u00e9s d'une sorte de main courante pour un soutien suppl\u00e9mentaire.<\/p>\n<p>Il s'agissait de selles d'\u00e9quitation, con\u00e7ues pour supporter le passage du cheval, mais pas pour le galop. L'interdiction \u00e9tait si stricte que l'on disait \u00e0 l'\u00e9poque que l'on perdait sa virginit\u00e9 en montant \u00e0 califourchon.<\/p>\n<p>Un Mexicain a eu une vision et a r\u00e9ussi \u00e0 les transformer en selle mexicaine, donnant ainsi naissance \u00e0 l'anc\u00eatre de ce que l'on conna\u00eet aujourd'hui sous le nom de \"selle mexicaine\".\u00a0<em>albarda<\/em>\u00a0celui utilis\u00e9 par les escarmouches.<\/p>\n<p>Il s'agit de Don Filem\u00f3n Lepe, p\u00e8re de Rosita Lepe, la premi\u00e8re reine nationale.<\/p>\n<p>La fa\u00e7on de monter \u00e0 cheval est h\u00e9rit\u00e9e de l'Europe ; Don Filem\u00f3n modifie la hampe, agrandit les cornes et en ajoute une troisi\u00e8me. Il modifie les ar\u00e7ons de la selle charra et les arcs sont tr\u00e8s fins, de m\u00eame que l'\u00e9trier, comme dans l'albard\u00f3n anglais ou la selle d'obstacle.<\/p>\n<p>La raison pour laquelle les bastos \u00e9taient ronds et si grands \u00e9tait que la sueur ne tachait pas les robes. M\u00eame dans certaines peintures, on peut voir, bien qu'on ne puisse pas voir le type de b\u00e2t, l'aristocratie europ\u00e9enne monter \u00e9l\u00e9gamment \u00e0 cheval, les dames avec leurs parasols, et c'est le type de b\u00e2t dont elles avaient besoin.<\/p>\n<\/div><\/section><\/div>\n<div  class='hr av-d18yf-ad2d91ad3c2ec45a582a71cd1b60e8d9 hr-default  avia-builder-el-7  el_after_av_one_half  el_before_av_magazine'><span class='hr-inner'><span class=\"hr-inner-style\"><\/span><\/span><\/div>\n<div  id=\"avia-magazine-1\"  class='av-magazine av-840jz-5d651f3aac49662f03a583345287c575 av-magazine-top-bar-active av-magazine-tabs-active  avia-builder-el-8  el_after_av_hr  avia-builder-el-last   avia-builder-el-8  el_after_av_hr  avia-builder-el-last' ><div class='av-magazine-top-bar'><div class=\"av-magazine-sort\" data-magazine-id=\"1\" ><div class=\"av-sort-by-term\"><a href=\"#\" data-filter=\"sort_all\" class=\"all_sort_button active_sort\"><span class=\"inner_sort_button\"><span>Tout<\/span><\/span><\/a><span class='text-sep escultura_sort_sep'>\/<\/span><a href=\"#\" data-filter=\"sort_14\" class=\"escultura_sort_button\" ><span class=\"inner_sort_button\"><span>SCULPTURE<\/span><\/span><\/a><span class='text-sep indumentaria_sort_sep'>\/<\/span><a href=\"#\" data-filter=\"sort_7\" class=\"indumentaria_sort_button\" ><span class=\"inner_sort_button\"><span>V\u00caTEMENTS<\/span><\/span><\/a><span class='text-sep sillas_sort_sep'>\/<\/span><a href=\"#\" data-filter=\"sort_6\" class=\"sillas_sort_button\" ><span class=\"inner_sort_button\"><span>SELLE<\/span><\/span><\/a><span class='text-sep pintura_sort_sep'>\/<\/span><a href=\"#\" data-filter=\"sort_13\" class=\"pintura_sort_button\" ><span class=\"inner_sort_button\"><span>PEINTURE<\/span><\/span><\/a><span class='text-sep reconocimiento_sort_sep'>\/<\/span><a href=\"#\" data-filter=\"sort_45\" class=\"reconocimiento_sort_button\" ><span class=\"inner_sort_button\"><span>ACCUS\u00c9 DE R\u00c9CEPTION<\/span><\/span><\/a><span class='text-sep sombreros_sort_sep'>\/<\/span><a href=\"#\" data-filter=\"sort_40\" class=\"sombreros_sort_button\" ><span class=\"inner_sort_button\"><span>CHAPEAUX<\/span><\/span><\/a><span class='text-sep utensilios_sort_sep'>\/<\/span><a href=\"#\" data-filter=\"sort_12\" class=\"utensilios_sort_button\" ><span class=\"inner_sort_button\"><span>UTENSILES<\/span><\/span><\/a><\/div><\/div><\/div><div class='av-magazine-group sort_all'><article class='av-magazine-entry av-magazine-entry-id-3965 av-magazine-format-standard av-magazine-type-portfolio av-magazine-entry-1 av-magazine-entry-small'  itemscope=\"itemscope\" itemtype=\"https:\/\/schema.org\/CreativeWork\" ><div class=\"av-magazine-thumbnail\"><a href='https:\/\/museodelacharreria.org.mx\/fr\/coleccion\/cabezadas-de-plata-de-emiliano-zapata\/' title='Lier vers : CABEZADAS DE PLATA DE EMILIANO ZAPATA' class='av-magazine-thumbnail-link'><img decoding=\"async\" fetchpriority=\"high\" width=\"100\" height=\"100\" src=\"https:\/\/museodelacharreria.org.mx\/wp-content\/uploads\/2024\/11\/MUSEO-DE-LA-CHARRERIA-CABEZADA-DE-EMILIANO-ZAPATA--100x100.jpg\" class=\"wp-image-3966 avia-img-lazy-loading-not-3966 attachment-thumbnail size-thumbnail wp-post-image\" alt=\"\" srcset=\"https:\/\/museodelacharreria.org.mx\/wp-content\/uploads\/2024\/11\/MUSEO-DE-LA-CHARRERIA-CABEZADA-DE-EMILIANO-ZAPATA--100x100.jpg 100w, https:\/\/museodelacharreria.org.mx\/wp-content\/uploads\/2024\/11\/MUSEO-DE-LA-CHARRERIA-CABEZADA-DE-EMILIANO-ZAPATA--36x36.jpg 36w, https:\/\/museodelacharreria.org.mx\/wp-content\/uploads\/2024\/11\/MUSEO-DE-LA-CHARRERIA-CABEZADA-DE-EMILIANO-ZAPATA--180x180.jpg 180w\" sizes=\"(max-width: 100px) 100vw, 100px\" \/><\/a><\/div><div class=\"av-magazine-content-wrap\"><header class=\"entry-content-header\" aria-label=\"Post: CABEZADAS DE PLATA DE EMILIANO ZAPATA\"><time class='av-magazine-time updated'  itemprop=\"datePublished\" datetime=\"2024-11-25T20:09:58-06:00\" >2024-11-25<\/time><h3 class='av-magazine-title entry-title'  itemprop=\"headline\" ><a href='https:\/\/museodelacharreria.org.mx\/fr\/coleccion\/cabezadas-de-plata-de-emiliano-zapata\/' title='Lier vers : CABEZADAS DE PLATA DE EMILIANO ZAPATA'>LES BRIDES D'ARGENT D'EMILIANO ZAPATA<\/a><\/h3><\/header><\/div><footer class=\"entry-footer\"><\/footer><\/article><article class='av-magazine-entry av-magazine-entry-id-3791 av-magazine-format-standard av-magazine-type-portfolio av-magazine-entry-2 av-magazine-entry-small'  itemscope=\"itemscope\" itemtype=\"https:\/\/schema.org\/CreativeWork\" ><div class=\"av-magazine-thumbnail\"><a href='https:\/\/museodelacharreria.org.mx\/fr\/coleccion\/silla-charra-chomiteada-en-grecas\/' title='Lier vers : SILLA CHARRA CHOMITEADA EN GRECAS' class='av-magazine-thumbnail-link'><img decoding=\"async\" fetchpriority=\"high\" width=\"100\" height=\"100\" src=\"https:\/\/museodelacharreria.org.mx\/wp-content\/uploads\/2024\/11\/Museo-de-la-Charreria-Silla-Charra-Con-Chimite-en-Greca-100x100.jpg\" class=\"wp-image-3792 avia-img-lazy-loading-not-3792 attachment-thumbnail size-thumbnail wp-post-image\" alt=\"\" srcset=\"https:\/\/museodelacharreria.org.mx\/wp-content\/uploads\/2024\/11\/Museo-de-la-Charreria-Silla-Charra-Con-Chimite-en-Greca-100x100.jpg 100w, https:\/\/museodelacharreria.org.mx\/wp-content\/uploads\/2024\/11\/Museo-de-la-Charreria-Silla-Charra-Con-Chimite-en-Greca-36x36.jpg 36w, https:\/\/museodelacharreria.org.mx\/wp-content\/uploads\/2024\/11\/Museo-de-la-Charreria-Silla-Charra-Con-Chimite-en-Greca-180x180.jpg 180w\" sizes=\"(max-width: 100px) 100vw, 100px\" \/><\/a><\/div><div class=\"av-magazine-content-wrap\"><header class=\"entry-content-header\" aria-label=\"Post: SILLA CHARRA CHOMITEADA EN GRECAS\"><time class='av-magazine-time updated'  itemprop=\"datePublished\" datetime=\"2024-11-25T15:30:12-06:00\" >2024-11-25<\/time><h3 class='av-magazine-title entry-title'  itemprop=\"headline\" ><a href='https:\/\/museodelacharreria.org.mx\/fr\/coleccion\/silla-charra-chomiteada-en-grecas\/' title='Lier vers : SILLA CHARRA CHOMITEADA EN GRECAS'>SELLE CHARRA CHOMITEADA EN GRECAS<\/a><\/h3><\/header><\/div><footer class=\"entry-footer\"><\/footer><\/article><article class='av-magazine-entry av-magazine-entry-id-3882 av-magazine-format-standard av-magazine-type-portfolio av-magazine-entry-3 av-magazine-entry-small'  itemscope=\"itemscope\" itemtype=\"https:\/\/schema.org\/CreativeWork\" ><div class=\"av-magazine-thumbnail\"><a href='https:\/\/museodelacharreria.org.mx\/fr\/coleccion\/silla-charra-de-media-gala-cincelada\/' title='Lier vers : SILLA CHARRA DE MEDIA GALA CINCELADA' class='av-magazine-thumbnail-link'><img decoding=\"async\" fetchpriority=\"high\" width=\"100\" height=\"100\" src=\"https:\/\/museodelacharreria.org.mx\/wp-content\/uploads\/2024\/11\/MUSEO-DE-LA-CHARRERIA-SILLA-CHARRA-4-100x100.jpg\" class=\"wp-image-3889 avia-img-lazy-loading-not-3889 attachment-thumbnail size-thumbnail wp-post-image\" alt=\"\" srcset=\"https:\/\/museodelacharreria.org.mx\/wp-content\/uploads\/2024\/11\/MUSEO-DE-LA-CHARRERIA-SILLA-CHARRA-4-100x100.jpg 100w, https:\/\/museodelacharreria.org.mx\/wp-content\/uploads\/2024\/11\/MUSEO-DE-LA-CHARRERIA-SILLA-CHARRA-4-36x36.jpg 36w, https:\/\/museodelacharreria.org.mx\/wp-content\/uploads\/2024\/11\/MUSEO-DE-LA-CHARRERIA-SILLA-CHARRA-4-180x180.jpg 180w\" sizes=\"(max-width: 100px) 100vw, 100px\" \/><\/a><\/div><div class=\"av-magazine-content-wrap\"><header class=\"entry-content-header\" aria-label=\"Post: SILLA CHARRA DE MEDIA GALA CINCELADA\"><time class='av-magazine-time updated'  itemprop=\"datePublished\" datetime=\"2024-11-25T14:10:00-06:00\" >2024-11-25<\/time><h3 class='av-magazine-title entry-title'  itemprop=\"headline\" ><a href='https:\/\/museodelacharreria.org.mx\/fr\/coleccion\/silla-charra-de-media-gala-cincelada\/' title='Lier vers : SILLA CHARRA DE MEDIA GALA CINCELADA'>CHAISE CHARRO DE GALA \u00c0 MOITI\u00c9 CISEL\u00c9E<\/a><\/h3><\/header><\/div><footer class=\"entry-footer\"><\/footer><\/article><article class='av-magazine-entry av-magazine-entry-id-3777 av-magazine-format-standard av-magazine-type-portfolio av-magazine-entry-4 av-magazine-entry-small'  itemscope=\"itemscope\" itemtype=\"https:\/\/schema.org\/CreativeWork\" ><div class=\"av-magazine-thumbnail\"><a href='https:\/\/museodelacharreria.org.mx\/fr\/coleccion\/silla-charra-piteada\/' title='Lier vers : SILLA CHARRA PITEADA' class='av-magazine-thumbnail-link'><img decoding=\"async\" fetchpriority=\"high\" width=\"100\" height=\"100\" src=\"https:\/\/museodelacharreria.org.mx\/wp-content\/uploads\/2024\/11\/Museo-de-la-Charreria-Silla-Charra-de-Gala-100x100.jpg\" class=\"wp-image-3775 avia-img-lazy-loading-not-3775 attachment-thumbnail size-thumbnail wp-post-image\" alt=\"\" srcset=\"https:\/\/museodelacharreria.org.mx\/wp-content\/uploads\/2024\/11\/Museo-de-la-Charreria-Silla-Charra-de-Gala-100x100.jpg 100w, https:\/\/museodelacharreria.org.mx\/wp-content\/uploads\/2024\/11\/Museo-de-la-Charreria-Silla-Charra-de-Gala-36x36.jpg 36w, https:\/\/museodelacharreria.org.mx\/wp-content\/uploads\/2024\/11\/Museo-de-la-Charreria-Silla-Charra-de-Gala-180x180.jpg 180w\" sizes=\"(max-width: 100px) 100vw, 100px\" \/><\/a><\/div><div class=\"av-magazine-content-wrap\"><header class=\"entry-content-header\" aria-label=\"Post: SILLA CHARRA PITEADA\"><time class='av-magazine-time updated'  itemprop=\"datePublished\" datetime=\"2024-11-25T14:00:29-06:00\" >2024-11-25<\/time><h3 class='av-magazine-title entry-title'  itemprop=\"headline\" ><a href='https:\/\/museodelacharreria.org.mx\/fr\/coleccion\/silla-charra-piteada\/' title='Lier vers : SILLA CHARRA PITEADA'>SELLE CHARRA PITEADA<\/a><\/h3><\/header><\/div><footer class=\"entry-footer\"><\/footer><\/article><article class='av-magazine-entry av-magazine-entry-id-3750 av-magazine-format-standard av-magazine-type-portfolio av-magazine-entry-5 av-magazine-entry-small'  itemscope=\"itemscope\" itemtype=\"https:\/\/schema.org\/CreativeWork\" ><div class=\"av-magazine-thumbnail\"><a href='https:\/\/museodelacharreria.org.mx\/fr\/coleccion\/silla-charra-con-motivos-taurinos\/' title='Lier vers : SILLA CHARRA CON MOTIVOS TAURINOS' class='av-magazine-thumbnail-link'><img decoding=\"async\" fetchpriority=\"high\" width=\"100\" height=\"100\" src=\"https:\/\/museodelacharreria.org.mx\/wp-content\/uploads\/2024\/11\/MUSEO-DE-LA-CHARRERIA-SILLA-CHARRA-CON-MOTIVOS-TAURINOS-3-100x100.jpg\" class=\"wp-image-3753 avia-img-lazy-loading-not-3753 attachment-thumbnail size-thumbnail wp-post-image\" alt=\"\" srcset=\"https:\/\/museodelacharreria.org.mx\/wp-content\/uploads\/2024\/11\/MUSEO-DE-LA-CHARRERIA-SILLA-CHARRA-CON-MOTIVOS-TAURINOS-3-100x100.jpg 100w, https:\/\/museodelacharreria.org.mx\/wp-content\/uploads\/2024\/11\/MUSEO-DE-LA-CHARRERIA-SILLA-CHARRA-CON-MOTIVOS-TAURINOS-3-36x36.jpg 36w, https:\/\/museodelacharreria.org.mx\/wp-content\/uploads\/2024\/11\/MUSEO-DE-LA-CHARRERIA-SILLA-CHARRA-CON-MOTIVOS-TAURINOS-3-180x180.jpg 180w\" sizes=\"(max-width: 100px) 100vw, 100px\" \/><\/a><\/div><div class=\"av-magazine-content-wrap\"><header class=\"entry-content-header\" aria-label=\"Post: SILLA CHARRA CON MOTIVOS TAURINOS\"><time class='av-magazine-time updated'  itemprop=\"datePublished\" datetime=\"2024-11-25T11:02:41-06:00\" >2024-11-25<\/time><h3 class='av-magazine-title entry-title'  itemprop=\"headline\" ><a href='https:\/\/museodelacharreria.org.mx\/fr\/coleccion\/silla-charra-con-motivos-taurinos\/' title='Lier vers : SILLA CHARRA CON MOTIVOS TAURINOS'>CHAISE CHARRO AVEC MOTIFS DE TAUROMACHIE<\/a><\/h3><\/header><\/div><footer class=\"entry-footer\"><\/footer><\/article><article class='av-magazine-entry av-magazine-entry-id-3827 av-magazine-format-standard av-magazine-type-portfolio av-magazine-entry-6 av-magazine-entry-small'  itemscope=\"itemscope\" itemtype=\"https:\/\/schema.org\/CreativeWork\" ><div class=\"av-magazine-thumbnail\"><a href='https:\/\/museodelacharreria.org.mx\/fr\/coleccion\/cuera-michoacana-2\/' title='Lier vers : CUERA MICHOACANA' class='av-magazine-thumbnail-link'><img decoding=\"async\" fetchpriority=\"high\" width=\"100\" height=\"100\" src=\"https:\/\/museodelacharreria.org.mx\/wp-content\/uploads\/2024\/11\/Museo-de-la-Charreria-Cuera-Michoacana-con-Panoleta-Roja-2-100x100.jpg\" class=\"wp-image-3828 avia-img-lazy-loading-not-3828 attachment-thumbnail size-thumbnail wp-post-image\" alt=\"\" srcset=\"https:\/\/museodelacharreria.org.mx\/wp-content\/uploads\/2024\/11\/Museo-de-la-Charreria-Cuera-Michoacana-con-Panoleta-Roja-2-100x100.jpg 100w, https:\/\/museodelacharreria.org.mx\/wp-content\/uploads\/2024\/11\/Museo-de-la-Charreria-Cuera-Michoacana-con-Panoleta-Roja-2-36x36.jpg 36w, https:\/\/museodelacharreria.org.mx\/wp-content\/uploads\/2024\/11\/Museo-de-la-Charreria-Cuera-Michoacana-con-Panoleta-Roja-2-180x180.jpg 180w\" sizes=\"(max-width: 100px) 100vw, 100px\" \/><\/a><\/div><div class=\"av-magazine-content-wrap\"><header class=\"entry-content-header\" aria-label=\"Post: CUERA MICHOACANA\"><time class='av-magazine-time updated'  itemprop=\"datePublished\" datetime=\"2024-11-24T14:07:13-06:00\" >2024-11-24<\/time><h3 class='av-magazine-title entry-title'  itemprop=\"headline\" ><a href='https:\/\/museodelacharreria.org.mx\/fr\/coleccion\/cuera-michoacana-2\/' title='Lier vers : CUERA MICHOACANA'>CUERA MICHOACANA<\/a><\/h3><\/header><\/div><footer class=\"entry-footer\"><\/footer><\/article><article class='av-magazine-entry av-magazine-entry-id-3806 av-magazine-format-standard av-magazine-type-portfolio av-magazine-entry-7 av-magazine-entry-small'  itemscope=\"itemscope\" itemtype=\"https:\/\/schema.org\/CreativeWork\" ><div class=\"av-magazine-thumbnail\"><a href='https:\/\/museodelacharreria.org.mx\/fr\/coleccion\/silla-charra-piteada-cincelada-y-encorrillada\/' title='Lier vers : SILLA CHARRA PITEADA, CINCELADA Y ENCORRILLADA' class='av-magazine-thumbnail-link'><img decoding=\"async\" fetchpriority=\"high\" width=\"100\" height=\"100\" src=\"https:\/\/museodelacharreria.org.mx\/wp-content\/uploads\/2024\/11\/MUSEO-DE-LA-CHARRERIA-SILLA-CHARRA-PITEADA-CINCELADA-Y-ENCORRILLADA--100x100.jpg\" class=\"wp-image-3799 avia-img-lazy-loading-not-3799 attachment-thumbnail size-thumbnail wp-post-image\" alt=\"\" srcset=\"https:\/\/museodelacharreria.org.mx\/wp-content\/uploads\/2024\/11\/MUSEO-DE-LA-CHARRERIA-SILLA-CHARRA-PITEADA-CINCELADA-Y-ENCORRILLADA--100x100.jpg 100w, https:\/\/museodelacharreria.org.mx\/wp-content\/uploads\/2024\/11\/MUSEO-DE-LA-CHARRERIA-SILLA-CHARRA-PITEADA-CINCELADA-Y-ENCORRILLADA--36x36.jpg 36w, https:\/\/museodelacharreria.org.mx\/wp-content\/uploads\/2024\/11\/MUSEO-DE-LA-CHARRERIA-SILLA-CHARRA-PITEADA-CINCELADA-Y-ENCORRILLADA--180x180.jpg 180w\" sizes=\"(max-width: 100px) 100vw, 100px\" \/><\/a><\/div><div class=\"av-magazine-content-wrap\"><header class=\"entry-content-header\" aria-label=\"Post: SILLA CHARRA PITEADA, CINCELADA Y ENCORRILLADA\"><time class='av-magazine-time updated'  itemprop=\"datePublished\" datetime=\"2024-11-23T13:35:49-06:00\" >2024-11-23<\/time><h3 class='av-magazine-title entry-title'  itemprop=\"headline\" ><a href='https:\/\/museodelacharreria.org.mx\/fr\/coleccion\/silla-charra-piteada-cincelada-y-encorrillada\/' title='Lier vers : SILLA CHARRA PITEADA, CINCELADA Y ENCORRILLADA'>SELLE CHARRA PITEADA, CISEL\u00c9E ET ENCORRILLADA<\/a><\/h3><\/header><\/div><footer class=\"entry-footer\"><\/footer><\/article><\/div><div class='av-magazine-group av-hidden-mag sort_14'><article class='av-magazine-entry av-magazine-entry-id-3351 av-magazine-format-standard av-magazine-type-portfolio av-magazine-entry-1 av-magazine-entry-small'  itemscope=\"itemscope\" itemtype=\"https:\/\/schema.org\/CreativeWork\" ><div class=\"av-magazine-thumbnail\"><a href='https:\/\/museodelacharreria.org.mx\/fr\/coleccion\/trofeo-lxvii-campeonato-nacional-puebla-2011\/' title='Lier vers : TROFEO LXVII CAMPEONATO NACIONAL PUEBLA 2011' class='av-magazine-thumbnail-link'><img decoding=\"async\" fetchpriority=\"high\" width=\"100\" height=\"100\" src=\"https:\/\/museodelacharreria.org.mx\/wp-content\/uploads\/2024\/06\/MUSEO-DE-LA-CHARRERIA-ESCULTURA-TROFEO-LXVII-CAMPEONATO-NACIONAL-PUEBLA-2011-100x100.jpg\" class=\"wp-image-3352 avia-img-lazy-loading-not-3352 attachment-thumbnail size-thumbnail wp-post-image\" alt=\"\" srcset=\"https:\/\/museodelacharreria.org.mx\/wp-content\/uploads\/2024\/06\/MUSEO-DE-LA-CHARRERIA-ESCULTURA-TROFEO-LXVII-CAMPEONATO-NACIONAL-PUEBLA-2011-100x100.jpg 100w, https:\/\/museodelacharreria.org.mx\/wp-content\/uploads\/2024\/06\/MUSEO-DE-LA-CHARRERIA-ESCULTURA-TROFEO-LXVII-CAMPEONATO-NACIONAL-PUEBLA-2011-36x36.jpg 36w, https:\/\/museodelacharreria.org.mx\/wp-content\/uploads\/2024\/06\/MUSEO-DE-LA-CHARRERIA-ESCULTURA-TROFEO-LXVII-CAMPEONATO-NACIONAL-PUEBLA-2011-180x180.jpg 180w\" sizes=\"(max-width: 100px) 100vw, 100px\" \/><\/a><\/div><div class=\"av-magazine-content-wrap\"><header class=\"entry-content-header\" aria-label=\"Post: TROFEO LXVII CAMPEONATO NACIONAL PUEBLA 2011\"><time class='av-magazine-time updated'  itemprop=\"datePublished\" datetime=\"2024-06-27T19:02:07-06:00\" >2024-06-27<\/time><h3 class='av-magazine-title entry-title'  itemprop=\"headline\" ><a href='https:\/\/museodelacharreria.org.mx\/fr\/coleccion\/trofeo-lxvii-campeonato-nacional-puebla-2011\/' title='Lier vers : TROFEO LXVII CAMPEONATO NACIONAL PUEBLA 2011'>TROPH\u00c9E LXVII CHAMPIONNAT NATIONAL PUEBLA 2011<\/a><\/h3><\/header><\/div><footer class=\"entry-footer\"><\/footer><\/article><article class='av-magazine-entry av-magazine-entry-id-3344 av-magazine-format-standard av-magazine-type-portfolio av-magazine-entry-2 av-magazine-entry-small'  itemscope=\"itemscope\" itemtype=\"https:\/\/schema.org\/CreativeWork\" ><div class=\"av-magazine-thumbnail\"><a href='https:\/\/museodelacharreria.org.mx\/fr\/coleccion\/trofeo-lxvi-campeonato-nacional-pachuca-2010\/' title='Lier vers : TROFEO LXVI CAMPEONATO NACIONAL PACHUCA 2010' class='av-magazine-thumbnail-link'><img decoding=\"async\" fetchpriority=\"high\" width=\"100\" height=\"100\" src=\"https:\/\/museodelacharreria.org.mx\/wp-content\/uploads\/2024\/06\/MUSEO-DE-LA-CHARRERIA-ESCULTURA-TROFEO-LXVI-CAMPEONATO-NACIONAL-PACHUCA-PORTADA-1491-100x100.jpg\" class=\"wp-image-3345 avia-img-lazy-loading-not-3345 attachment-thumbnail size-thumbnail wp-post-image\" alt=\"\" srcset=\"https:\/\/museodelacharreria.org.mx\/wp-content\/uploads\/2024\/06\/MUSEO-DE-LA-CHARRERIA-ESCULTURA-TROFEO-LXVI-CAMPEONATO-NACIONAL-PACHUCA-PORTADA-1491-100x100.jpg 100w, https:\/\/museodelacharreria.org.mx\/wp-content\/uploads\/2024\/06\/MUSEO-DE-LA-CHARRERIA-ESCULTURA-TROFEO-LXVI-CAMPEONATO-NACIONAL-PACHUCA-PORTADA-1491-36x36.jpg 36w, https:\/\/museodelacharreria.org.mx\/wp-content\/uploads\/2024\/06\/MUSEO-DE-LA-CHARRERIA-ESCULTURA-TROFEO-LXVI-CAMPEONATO-NACIONAL-PACHUCA-PORTADA-1491-180x180.jpg 180w\" sizes=\"(max-width: 100px) 100vw, 100px\" \/><\/a><\/div><div class=\"av-magazine-content-wrap\"><header class=\"entry-content-header\" aria-label=\"Post: TROFEO LXVI CAMPEONATO NACIONAL PACHUCA 2010\"><time class='av-magazine-time updated'  itemprop=\"datePublished\" datetime=\"2024-06-27T18:34:51-06:00\" >2024-06-27<\/time><h3 class='av-magazine-title entry-title'  itemprop=\"headline\" ><a href='https:\/\/museodelacharreria.org.mx\/fr\/coleccion\/trofeo-lxvi-campeonato-nacional-pachuca-2010\/' title='Lier vers : TROFEO LXVI CAMPEONATO NACIONAL PACHUCA 2010'>TROPH\u00c9E LXVI CHAMPIONNAT NATIONAL PACHUCA 2010<\/a><\/h3><\/header><\/div><footer class=\"entry-footer\"><\/footer><\/article><article class='av-magazine-entry av-magazine-entry-id-3334 av-magazine-format-standard av-magazine-type-portfolio av-magazine-entry-3 av-magazine-entry-small'  itemscope=\"itemscope\" itemtype=\"https:\/\/schema.org\/CreativeWork\" ><div class=\"av-magazine-thumbnail\"><a href='https:\/\/museodelacharreria.org.mx\/fr\/coleccion\/trofeo-del-lxxxv-aniversario-de-la-federacion\/' title='Lier vers : TROFEO DEL LXXXV ANIVERSARIO DE LA FEDERACI\u00d3N' class='av-magazine-thumbnail-link'><img decoding=\"async\" fetchpriority=\"high\" width=\"100\" height=\"100\" src=\"https:\/\/museodelacharreria.org.mx\/wp-content\/uploads\/2024\/06\/MUSEO-DE-LA-CHARRERIA-ESCULTURA-TROFEO-LXXXV-ANIVERSARIO-DE-LA-FEDERACION-2-100x100.jpg\" class=\"wp-image-3336 avia-img-lazy-loading-not-3336 attachment-thumbnail size-thumbnail wp-post-image\" alt=\"\" srcset=\"https:\/\/museodelacharreria.org.mx\/wp-content\/uploads\/2024\/06\/MUSEO-DE-LA-CHARRERIA-ESCULTURA-TROFEO-LXXXV-ANIVERSARIO-DE-LA-FEDERACION-2-100x100.jpg 100w, https:\/\/museodelacharreria.org.mx\/wp-content\/uploads\/2024\/06\/MUSEO-DE-LA-CHARRERIA-ESCULTURA-TROFEO-LXXXV-ANIVERSARIO-DE-LA-FEDERACION-2-36x36.jpg 36w, https:\/\/museodelacharreria.org.mx\/wp-content\/uploads\/2024\/06\/MUSEO-DE-LA-CHARRERIA-ESCULTURA-TROFEO-LXXXV-ANIVERSARIO-DE-LA-FEDERACION-2-180x180.jpg 180w\" sizes=\"(max-width: 100px) 100vw, 100px\" \/><\/a><\/div><div class=\"av-magazine-content-wrap\"><header class=\"entry-content-header\" aria-label=\"Post: TROFEO DEL LXXXV ANIVERSARIO DE LA FEDERACI\u00d3N\"><time class='av-magazine-time updated'  itemprop=\"datePublished\" datetime=\"2024-06-27T18:22:40-06:00\" >2024-06-27<\/time><h3 class='av-magazine-title entry-title'  itemprop=\"headline\" ><a href='https:\/\/museodelacharreria.org.mx\/fr\/coleccion\/trofeo-del-lxxxv-aniversario-de-la-federacion\/' title='Lier vers : TROFEO DEL LXXXV ANIVERSARIO DE LA FEDERACI\u00d3N'>TROPH\u00c9E DU LXXXV ANNIVERSAIRE DE LA F\u00c9D\u00c9RATION<\/a><\/h3><\/header><\/div><footer class=\"entry-footer\"><\/footer><\/article><article class='av-magazine-entry av-magazine-entry-id-3928 av-magazine-format-standard av-magazine-type-portfolio av-magazine-entry-4 av-magazine-entry-small'  itemscope=\"itemscope\" itemtype=\"https:\/\/schema.org\/CreativeWork\" ><div class=\"av-magazine-thumbnail\"><a href='https:\/\/museodelacharreria.org.mx\/fr\/coleccion\/trofeo-jineteo-de-toro\/' title='Lier vers : TROFEO JINETEO DE TORO' class='av-magazine-thumbnail-link'><img decoding=\"async\" fetchpriority=\"high\" width=\"100\" height=\"100\" src=\"https:\/\/museodelacharreria.org.mx\/wp-content\/uploads\/2024\/11\/MUSEO-DE-LA-CHARRERIA-TROFEO-JINETEO-DE-TORO-2-100x100.jpg\" class=\"wp-image-3929 avia-img-lazy-loading-not-3929 attachment-thumbnail size-thumbnail wp-post-image\" alt=\"\" srcset=\"https:\/\/museodelacharreria.org.mx\/wp-content\/uploads\/2024\/11\/MUSEO-DE-LA-CHARRERIA-TROFEO-JINETEO-DE-TORO-2-100x100.jpg 100w, https:\/\/museodelacharreria.org.mx\/wp-content\/uploads\/2024\/11\/MUSEO-DE-LA-CHARRERIA-TROFEO-JINETEO-DE-TORO-2-36x36.jpg 36w, https:\/\/museodelacharreria.org.mx\/wp-content\/uploads\/2024\/11\/MUSEO-DE-LA-CHARRERIA-TROFEO-JINETEO-DE-TORO-2-180x180.jpg 180w\" sizes=\"(max-width: 100px) 100vw, 100px\" \/><\/a><\/div><div class=\"av-magazine-content-wrap\"><header class=\"entry-content-header\" aria-label=\"Post: TROFEO JINETEO DE TORO\"><time class='av-magazine-time updated'  itemprop=\"datePublished\" datetime=\"2024-06-25T18:18:40-06:00\" >2024-06-25<\/time><h3 class='av-magazine-title entry-title'  itemprop=\"headline\" ><a href='https:\/\/museodelacharreria.org.mx\/fr\/coleccion\/trofeo-jineteo-de-toro\/' title='Lier vers : TROFEO JINETEO DE TORO'>TROPH\u00c9E D'\u00c9QUITATION<\/a><\/h3><\/header><\/div><footer class=\"entry-footer\"><\/footer><\/article><article class='av-magazine-entry av-magazine-entry-id-544 av-magazine-format-standard av-magazine-type-portfolio av-magazine-entry-5 av-magazine-entry-small'  itemscope=\"itemscope\" itemtype=\"https:\/\/schema.org\/CreativeWork\" ><div class=\"av-magazine-thumbnail\"><a href='https:\/\/museodelacharreria.org.mx\/fr\/coleccion\/escultura-trofeo-guadalupano\/' title='Lier vers : TROPHEE GUADALUPAN' class='av-magazine-thumbnail-link'><img decoding=\"async\" fetchpriority=\"high\" width=\"80\" height=\"80\" src=\"https:\/\/museodelacharreria.org.mx\/wp-content\/uploads\/2023\/09\/Museo-de-la-Charreria-CDMX-Escultura-Trofeo-Guadalupano-0037-80x80.jpg\" class=\"wp-image-532 avia-img-lazy-loading-not-532 attachment-thumbnail size-thumbnail wp-post-image\" alt=\"Troph\u00e9e Guadalupano\" srcset=\"https:\/\/museodelacharreria.org.mx\/wp-content\/uploads\/2023\/09\/Museo-de-la-Charreria-CDMX-Escultura-Trofeo-Guadalupano-0037-80x80.jpg 80w, https:\/\/museodelacharreria.org.mx\/wp-content\/uploads\/2023\/09\/Museo-de-la-Charreria-CDMX-Escultura-Trofeo-Guadalupano-0037-36x36.jpg 36w, https:\/\/museodelacharreria.org.mx\/wp-content\/uploads\/2023\/09\/Museo-de-la-Charreria-CDMX-Escultura-Trofeo-Guadalupano-0037-180x180.jpg 180w\" sizes=\"(max-width: 80px) 100vw, 80px\" \/><\/a><\/div><div class=\"av-magazine-content-wrap\"><header class=\"entry-content-header\" aria-label=\"Post: TROFEO GUADALUPANO\"><time class='av-magazine-time updated'  itemprop=\"datePublished\" datetime=\"2023-12-27T00:11:29-06:00\" >2023-12-27<\/time><h3 class='av-magazine-title entry-title'  itemprop=\"headline\" ><a href='https:\/\/museodelacharreria.org.mx\/fr\/coleccion\/escultura-trofeo-guadalupano\/' title='Lier vers : TROPHEE GUADALUPAN'>TROPH\u00c9E GUADALUPANO<\/a><\/h3><\/header><\/div><footer class=\"entry-footer\"><\/footer><\/article><article class='av-magazine-entry av-magazine-entry-id-1493 av-magazine-format-standard av-magazine-type-portfolio av-magazine-entry-6 av-magazine-entry-small'  itemscope=\"itemscope\" itemtype=\"https:\/\/schema.org\/CreativeWork\" ><div class=\"av-magazine-thumbnail\"><a href='https:\/\/museodelacharreria.org.mx\/fr\/coleccion\/escultura-de-bronce-el-charro\/' title='Lier vers : SCULPTURE EN BRONZE &quot;HONNEUR AU CHARRO&quot;.' class='av-magazine-thumbnail-link'><img decoding=\"async\" fetchpriority=\"high\" width=\"100\" height=\"100\" src=\"https:\/\/museodelacharreria.org.mx\/wp-content\/uploads\/2023\/09\/Escultura-del-Charro-100x100.jpg\" class=\"wp-image-1495 avia-img-lazy-loading-not-1495 attachment-thumbnail size-thumbnail wp-post-image\" alt=\"\" srcset=\"https:\/\/museodelacharreria.org.mx\/wp-content\/uploads\/2023\/09\/Escultura-del-Charro-100x100.jpg 100w, https:\/\/museodelacharreria.org.mx\/wp-content\/uploads\/2023\/09\/Escultura-del-Charro-36x36.jpg 36w, https:\/\/museodelacharreria.org.mx\/wp-content\/uploads\/2023\/09\/Escultura-del-Charro-180x180.jpg 180w\" sizes=\"(max-width: 100px) 100vw, 100px\" \/><\/a><\/div><div class=\"av-magazine-content-wrap\"><header class=\"entry-content-header\" aria-label=\"Post: ESCULTURA DE BRONCE &quot;HONOR AL CHARRO&quot;\"><time class='av-magazine-time updated'  itemprop=\"datePublished\" datetime=\"2023-09-29T13:05:21-06:00\" >2023-09-29<\/time><h3 class='av-magazine-title entry-title'  itemprop=\"headline\" ><a href='https:\/\/museodelacharreria.org.mx\/fr\/coleccion\/escultura-de-bronce-el-charro\/' title='Lier vers : SCULPTURE EN BRONZE &quot;HONNEUR AU CHARRO&quot;.'>SCULPTURE EN BRONZE \"HONNEUR AU CHARRO\".<\/a><\/h3><\/header><\/div><footer class=\"entry-footer\"><\/footer><\/article><\/div><div class='av-magazine-group av-hidden-mag sort_7'><article class='av-magazine-entry av-magazine-entry-id-3827 av-magazine-format-standard av-magazine-type-portfolio av-magazine-entry-1 av-magazine-entry-small'  itemscope=\"itemscope\" itemtype=\"https:\/\/schema.org\/CreativeWork\" ><div class=\"av-magazine-thumbnail\"><a href='https:\/\/museodelacharreria.org.mx\/fr\/coleccion\/cuera-michoacana-2\/' title='Lier vers : CUERA MICHOACANA' class='av-magazine-thumbnail-link'><img decoding=\"async\" fetchpriority=\"high\" width=\"100\" height=\"100\" src=\"https:\/\/museodelacharreria.org.mx\/wp-content\/uploads\/2024\/11\/Museo-de-la-Charreria-Cuera-Michoacana-con-Panoleta-Roja-2-100x100.jpg\" class=\"wp-image-3828 avia-img-lazy-loading-not-3828 attachment-thumbnail size-thumbnail wp-post-image\" alt=\"\" srcset=\"https:\/\/museodelacharreria.org.mx\/wp-content\/uploads\/2024\/11\/Museo-de-la-Charreria-Cuera-Michoacana-con-Panoleta-Roja-2-100x100.jpg 100w, https:\/\/museodelacharreria.org.mx\/wp-content\/uploads\/2024\/11\/Museo-de-la-Charreria-Cuera-Michoacana-con-Panoleta-Roja-2-36x36.jpg 36w, https:\/\/museodelacharreria.org.mx\/wp-content\/uploads\/2024\/11\/Museo-de-la-Charreria-Cuera-Michoacana-con-Panoleta-Roja-2-180x180.jpg 180w\" sizes=\"(max-width: 100px) 100vw, 100px\" \/><\/a><\/div><div class=\"av-magazine-content-wrap\"><header class=\"entry-content-header\" aria-label=\"Post: CUERA MICHOACANA\"><time class='av-magazine-time updated'  itemprop=\"datePublished\" datetime=\"2024-11-24T14:07:13-06:00\" >2024-11-24<\/time><h3 class='av-magazine-title entry-title'  itemprop=\"headline\" ><a href='https:\/\/museodelacharreria.org.mx\/fr\/coleccion\/cuera-michoacana-2\/' title='Lier vers : CUERA MICHOACANA'>CUERA MICHOACANA<\/a><\/h3><\/header><\/div><footer class=\"entry-footer\"><\/footer><\/article><article class='av-magazine-entry av-magazine-entry-id-3784 av-magazine-format-standard av-magazine-type-portfolio av-magazine-entry-2 av-magazine-entry-small'  itemscope=\"itemscope\" itemtype=\"https:\/\/schema.org\/CreativeWork\" ><div class=\"av-magazine-thumbnail\"><a href='https:\/\/museodelacharreria.org.mx\/fr\/coleccion\/traje-de-dama-charra-de-media-gala-bordada-con-soutache\/' title='Lier vers : TRAJE DE DAMA CHARRA DE MEDIA GALA BORDADA CON SOUTACHE' class='av-magazine-thumbnail-link'><img decoding=\"async\" fetchpriority=\"high\" width=\"100\" height=\"100\" src=\"https:\/\/museodelacharreria.org.mx\/wp-content\/uploads\/2024\/11\/Museo-de-la-Charreria-Traje-de-Dama-Charra-de-Media-Gala-Color-Vino-Bordada-en-Soutache-100x100.jpg\" class=\"wp-image-3785 avia-img-lazy-loading-not-3785 attachment-thumbnail size-thumbnail wp-post-image\" alt=\"ROBE DE FEMME CHARRO DEMI GALA\" srcset=\"https:\/\/museodelacharreria.org.mx\/wp-content\/uploads\/2024\/11\/Museo-de-la-Charreria-Traje-de-Dama-Charra-de-Media-Gala-Color-Vino-Bordada-en-Soutache-100x100.jpg 100w, https:\/\/museodelacharreria.org.mx\/wp-content\/uploads\/2024\/11\/Museo-de-la-Charreria-Traje-de-Dama-Charra-de-Media-Gala-Color-Vino-Bordada-en-Soutache-36x36.jpg 36w, https:\/\/museodelacharreria.org.mx\/wp-content\/uploads\/2024\/11\/Museo-de-la-Charreria-Traje-de-Dama-Charra-de-Media-Gala-Color-Vino-Bordada-en-Soutache-180x180.jpg 180w\" sizes=\"(max-width: 100px) 100vw, 100px\" \/><\/a><\/div><div class=\"av-magazine-content-wrap\"><header class=\"entry-content-header\" aria-label=\"Post: TRAJE DE DAMA CHARRA DE MEDIA GALA BORDADA CON SOUTACHE\"><time class='av-magazine-time updated'  itemprop=\"datePublished\" datetime=\"2024-11-22T15:11:49-06:00\" >2024-11-22<\/time><h3 class='av-magazine-title entry-title'  itemprop=\"headline\" ><a href='https:\/\/museodelacharreria.org.mx\/fr\/coleccion\/traje-de-dama-charra-de-media-gala-bordada-con-soutache\/' title='Lier vers : TRAJE DE DAMA CHARRA DE MEDIA GALA BORDADA CON SOUTACHE'>ROBE DE DAME EN CHARRA DE DEMI GALA BROD\u00c9E DE SOUTACHE<\/a><\/h3><\/header><\/div><footer class=\"entry-footer\"><\/footer><\/article><article class='av-magazine-entry av-magazine-entry-id-3612 av-magazine-format-standard av-magazine-type-portfolio av-magazine-entry-3 av-magazine-entry-small'  itemscope=\"itemscope\" itemtype=\"https:\/\/schema.org\/CreativeWork\" ><div class=\"av-magazine-thumbnail\"><a href='https:\/\/museodelacharreria.org.mx\/fr\/coleccion\/vestido-de-china-poblana-en-rojo-con-rebozo-amarillo\/' title='Lier vers : VESTIDO DE CHINA POBLANA EN ROJO CON REBOZO AMARILLO' class='av-magazine-thumbnail-link'><img decoding=\"async\" fetchpriority=\"high\" width=\"100\" height=\"100\" src=\"https:\/\/museodelacharreria.org.mx\/wp-content\/uploads\/2024\/11\/Museo-de-la-Charreria-Vestido-de-China-Poblana-con-Rebozo-Amarillo-100x100.jpg\" class=\"wp-image-3718 avia-img-lazy-loading-not-3718 attachment-thumbnail size-thumbnail wp-post-image\" alt=\"\" srcset=\"https:\/\/museodelacharreria.org.mx\/wp-content\/uploads\/2024\/11\/Museo-de-la-Charreria-Vestido-de-China-Poblana-con-Rebozo-Amarillo-100x100.jpg 100w, https:\/\/museodelacharreria.org.mx\/wp-content\/uploads\/2024\/11\/Museo-de-la-Charreria-Vestido-de-China-Poblana-con-Rebozo-Amarillo-36x36.jpg 36w, https:\/\/museodelacharreria.org.mx\/wp-content\/uploads\/2024\/11\/Museo-de-la-Charreria-Vestido-de-China-Poblana-con-Rebozo-Amarillo-180x180.jpg 180w\" sizes=\"(max-width: 100px) 100vw, 100px\" \/><\/a><\/div><div class=\"av-magazine-content-wrap\"><header class=\"entry-content-header\" aria-label=\"Post: VESTIDO DE CHINA POBLANA EN ROJO CON REBOZO AMARILLO\"><time class='av-magazine-time updated'  itemprop=\"datePublished\" datetime=\"2024-11-20T13:18:55-06:00\" >2024-11-20<\/time><h3 class='av-magazine-title entry-title'  itemprop=\"headline\" ><a href='https:\/\/museodelacharreria.org.mx\/fr\/coleccion\/vestido-de-china-poblana-en-rojo-con-rebozo-amarillo\/' title='Lier vers : VESTIDO DE CHINA POBLANA EN ROJO CON REBOZO AMARILLO'>ROBE POBLANA DE CHINE EN ROUGE AVEC CH\u00c2LE JAUNE<\/a><\/h3><\/header><\/div><footer class=\"entry-footer\"><\/footer><\/article><article class='av-magazine-entry av-magazine-entry-id-3605 av-magazine-format-standard av-magazine-type-portfolio av-magazine-entry-4 av-magazine-entry-small'  itemscope=\"itemscope\" itemtype=\"https:\/\/schema.org\/CreativeWork\" ><div class=\"av-magazine-thumbnail\"><a href='https:\/\/museodelacharreria.org.mx\/fr\/coleccion\/traje-de-charro-en-gamuza-de-venado-color-oro-viejo\/' title='Lier vers : TRAJE DE CHARRO EN GAMUZA DE VENADO COLOR ORO VIEJO' class='av-magazine-thumbnail-link'><img decoding=\"async\" fetchpriority=\"high\" width=\"100\" height=\"100\" src=\"https:\/\/museodelacharreria.org.mx\/wp-content\/uploads\/2024\/11\/Museo-de-la-Charreria-Traje-de-Charro-en-Gamuza-Color-Oro-Viejo-100x100.jpg\" class=\"wp-image-3721 avia-img-lazy-loading-not-3721 attachment-thumbnail size-thumbnail wp-post-image\" alt=\"\" srcset=\"https:\/\/museodelacharreria.org.mx\/wp-content\/uploads\/2024\/11\/Museo-de-la-Charreria-Traje-de-Charro-en-Gamuza-Color-Oro-Viejo-100x100.jpg 100w, https:\/\/museodelacharreria.org.mx\/wp-content\/uploads\/2024\/11\/Museo-de-la-Charreria-Traje-de-Charro-en-Gamuza-Color-Oro-Viejo-36x36.jpg 36w, https:\/\/museodelacharreria.org.mx\/wp-content\/uploads\/2024\/11\/Museo-de-la-Charreria-Traje-de-Charro-en-Gamuza-Color-Oro-Viejo-180x180.jpg 180w\" sizes=\"(max-width: 100px) 100vw, 100px\" \/><\/a><\/div><div class=\"av-magazine-content-wrap\"><header class=\"entry-content-header\" aria-label=\"Post: TRAJE DE CHARRO EN GAMUZA DE VENADO COLOR ORO VIEJO\"><time class='av-magazine-time updated'  itemprop=\"datePublished\" datetime=\"2024-11-20T12:58:42-06:00\" >2024-11-20<\/time><h3 class='av-magazine-title entry-title'  itemprop=\"headline\" ><a href='https:\/\/museodelacharreria.org.mx\/fr\/coleccion\/traje-de-charro-en-gamuza-de-venado-color-oro-viejo\/' title='Lier vers : TRAJE DE CHARRO EN GAMUZA DE VENADO COLOR ORO VIEJO'>COSTUME CHARRO EN DAIM DE CERF COULEUR VIEIL OR<\/a><\/h3><\/header><\/div><footer class=\"entry-footer\"><\/footer><\/article><article class='av-magazine-entry av-magazine-entry-id-3595 av-magazine-format-standard av-magazine-type-portfolio av-magazine-entry-5 av-magazine-entry-small'  itemscope=\"itemscope\" itemtype=\"https:\/\/schema.org\/CreativeWork\" ><div class=\"av-magazine-thumbnail\"><a href='https:\/\/museodelacharreria.org.mx\/fr\/coleccion\/vestido-de-china-poblana-en-rojo\/' title='Lier vers : VESTIDO DE CHINA POBLANA EN  ROJO' class='av-magazine-thumbnail-link'><img decoding=\"async\" fetchpriority=\"high\" width=\"100\" height=\"100\" src=\"https:\/\/museodelacharreria.org.mx\/wp-content\/uploads\/2024\/11\/Museo-de-la-Charreria-Vestido-de-China-Poblana-Rojo-con-Mariposas-100x100.jpg\" class=\"wp-image-3724 avia-img-lazy-loading-not-3724 attachment-thumbnail size-thumbnail wp-post-image\" alt=\"Chine Costume Poblana\" srcset=\"https:\/\/museodelacharreria.org.mx\/wp-content\/uploads\/2024\/11\/Museo-de-la-Charreria-Vestido-de-China-Poblana-Rojo-con-Mariposas-100x100.jpg 100w, https:\/\/museodelacharreria.org.mx\/wp-content\/uploads\/2024\/11\/Museo-de-la-Charreria-Vestido-de-China-Poblana-Rojo-con-Mariposas-36x36.jpg 36w, https:\/\/museodelacharreria.org.mx\/wp-content\/uploads\/2024\/11\/Museo-de-la-Charreria-Vestido-de-China-Poblana-Rojo-con-Mariposas-180x180.jpg 180w\" sizes=\"(max-width: 100px) 100vw, 100px\" \/><small class='avia-copyright'>Antonio Gegundez<\/small><\/a><\/div><div class=\"av-magazine-content-wrap\"><header class=\"entry-content-header\" aria-label=\"Post: VESTIDO DE CHINA POBLANA EN  ROJO\"><time class='av-magazine-time updated'  itemprop=\"datePublished\" datetime=\"2024-11-20T12:40:32-06:00\" >2024-11-20<\/time><h3 class='av-magazine-title entry-title'  itemprop=\"headline\" ><a href='https:\/\/museodelacharreria.org.mx\/fr\/coleccion\/vestido-de-china-poblana-en-rojo\/' title='Lier vers : VESTIDO DE CHINA POBLANA EN  ROJO'>ROBE CHINA POBLANA ROUGE<\/a><\/h3><\/header><\/div><footer class=\"entry-footer\"><\/footer><\/article><article class='av-magazine-entry av-magazine-entry-id-3587 av-magazine-format-standard av-magazine-type-portfolio av-magazine-entry-6 av-magazine-entry-small'  itemscope=\"itemscope\" itemtype=\"https:\/\/schema.org\/CreativeWork\" ><div class=\"av-magazine-thumbnail\"><a href='https:\/\/museodelacharreria.org.mx\/fr\/coleccion\/vestido-de-adelita-color-azul\/' title='Lier vers : VESTIDO DE ADELITA COLOR AZUL' class='av-magazine-thumbnail-link'><img decoding=\"async\" fetchpriority=\"high\" width=\"100\" height=\"100\" src=\"https:\/\/museodelacharreria.org.mx\/wp-content\/uploads\/2024\/11\/Museo-de-la-Charreria-Vestido-de-Adelita-Azul-100x100.jpg\" class=\"wp-image-3712 avia-img-lazy-loading-not-3712 attachment-thumbnail size-thumbnail wp-post-image\" alt=\"\" srcset=\"https:\/\/museodelacharreria.org.mx\/wp-content\/uploads\/2024\/11\/Museo-de-la-Charreria-Vestido-de-Adelita-Azul-100x100.jpg 100w, https:\/\/museodelacharreria.org.mx\/wp-content\/uploads\/2024\/11\/Museo-de-la-Charreria-Vestido-de-Adelita-Azul-36x36.jpg 36w, https:\/\/museodelacharreria.org.mx\/wp-content\/uploads\/2024\/11\/Museo-de-la-Charreria-Vestido-de-Adelita-Azul-180x180.jpg 180w\" sizes=\"(max-width: 100px) 100vw, 100px\" \/><\/a><\/div><div class=\"av-magazine-content-wrap\"><header class=\"entry-content-header\" aria-label=\"Post: VESTIDO DE ADELITA COLOR AZUL\"><time class='av-magazine-time updated'  itemprop=\"datePublished\" datetime=\"2024-11-20T12:20:27-06:00\" >2024-11-20<\/time><h3 class='av-magazine-title entry-title'  itemprop=\"headline\" ><a href='https:\/\/museodelacharreria.org.mx\/fr\/coleccion\/vestido-de-adelita-color-azul\/' title='Lier vers : VESTIDO DE ADELITA COLOR AZUL'>ROBE ADELITA COULEUR BLEUE<\/a><\/h3><\/header><\/div><footer class=\"entry-footer\"><\/footer><\/article><article class='av-magazine-entry av-magazine-entry-id-3576 av-magazine-format-standard av-magazine-type-portfolio av-magazine-entry-7 av-magazine-entry-small'  itemscope=\"itemscope\" itemtype=\"https:\/\/schema.org\/CreativeWork\" ><div class=\"av-magazine-thumbnail\"><a href='https:\/\/museodelacharreria.org.mx\/fr\/coleccion\/vestido-de-adelita-color-vino\/' title='Lier vers : VESTIDO DE ADELITA COLOR VINO' class='av-magazine-thumbnail-link'><img decoding=\"async\" fetchpriority=\"high\" width=\"100\" height=\"100\" src=\"https:\/\/museodelacharreria.org.mx\/wp-content\/uploads\/2024\/11\/Museo-de-la-Charreria-Vestido-de-Adelita-Color-Vino-100x100.jpg\" class=\"wp-image-3727 avia-img-lazy-loading-not-3727 attachment-thumbnail size-thumbnail wp-post-image\" alt=\"\" srcset=\"https:\/\/museodelacharreria.org.mx\/wp-content\/uploads\/2024\/11\/Museo-de-la-Charreria-Vestido-de-Adelita-Color-Vino-100x100.jpg 100w, https:\/\/museodelacharreria.org.mx\/wp-content\/uploads\/2024\/11\/Museo-de-la-Charreria-Vestido-de-Adelita-Color-Vino-36x36.jpg 36w, https:\/\/museodelacharreria.org.mx\/wp-content\/uploads\/2024\/11\/Museo-de-la-Charreria-Vestido-de-Adelita-Color-Vino-180x180.jpg 180w\" sizes=\"(max-width: 100px) 100vw, 100px\" \/><\/a><\/div><div class=\"av-magazine-content-wrap\"><header class=\"entry-content-header\" aria-label=\"Post: VESTIDO DE ADELITA COLOR VINO\"><time class='av-magazine-time updated'  itemprop=\"datePublished\" datetime=\"2024-11-20T11:51:59-06:00\" >2024-11-20<\/time><h3 class='av-magazine-title entry-title'  itemprop=\"headline\" ><a href='https:\/\/museodelacharreria.org.mx\/fr\/coleccion\/vestido-de-adelita-color-vino\/' title='Lier vers : VESTIDO DE ADELITA COLOR VINO'>ROBE ADELITA COULEUR VIN<\/a><\/h3><\/header><\/div><footer class=\"entry-footer\"><\/footer><\/article><\/div><div class='av-magazine-group av-hidden-mag sort_6'><article class='av-magazine-entry av-magazine-entry-id-3791 av-magazine-format-standard av-magazine-type-portfolio av-magazine-entry-1 av-magazine-entry-small'  itemscope=\"itemscope\" itemtype=\"https:\/\/schema.org\/CreativeWork\" ><div class=\"av-magazine-thumbnail\"><a href='https:\/\/museodelacharreria.org.mx\/fr\/coleccion\/silla-charra-chomiteada-en-grecas\/' title='Lier vers : SILLA CHARRA CHOMITEADA EN GRECAS' class='av-magazine-thumbnail-link'><img decoding=\"async\" fetchpriority=\"high\" width=\"100\" height=\"100\" src=\"https:\/\/museodelacharreria.org.mx\/wp-content\/uploads\/2024\/11\/Museo-de-la-Charreria-Silla-Charra-Con-Chimite-en-Greca-100x100.jpg\" class=\"wp-image-3792 avia-img-lazy-loading-not-3792 attachment-thumbnail size-thumbnail wp-post-image\" alt=\"\" srcset=\"https:\/\/museodelacharreria.org.mx\/wp-content\/uploads\/2024\/11\/Museo-de-la-Charreria-Silla-Charra-Con-Chimite-en-Greca-100x100.jpg 100w, https:\/\/museodelacharreria.org.mx\/wp-content\/uploads\/2024\/11\/Museo-de-la-Charreria-Silla-Charra-Con-Chimite-en-Greca-36x36.jpg 36w, https:\/\/museodelacharreria.org.mx\/wp-content\/uploads\/2024\/11\/Museo-de-la-Charreria-Silla-Charra-Con-Chimite-en-Greca-180x180.jpg 180w\" sizes=\"(max-width: 100px) 100vw, 100px\" \/><\/a><\/div><div class=\"av-magazine-content-wrap\"><header class=\"entry-content-header\" aria-label=\"Post: SILLA CHARRA CHOMITEADA EN GRECAS\"><time class='av-magazine-time updated'  itemprop=\"datePublished\" datetime=\"2024-11-25T15:30:12-06:00\" >2024-11-25<\/time><h3 class='av-magazine-title entry-title'  itemprop=\"headline\" ><a href='https:\/\/museodelacharreria.org.mx\/fr\/coleccion\/silla-charra-chomiteada-en-grecas\/' title='Lier vers : SILLA CHARRA CHOMITEADA EN GRECAS'>SELLE CHARRA CHOMITEADA EN GRECAS<\/a><\/h3><\/header><\/div><footer class=\"entry-footer\"><\/footer><\/article><article class='av-magazine-entry av-magazine-entry-id-3882 av-magazine-format-standard av-magazine-type-portfolio av-magazine-entry-2 av-magazine-entry-small'  itemscope=\"itemscope\" itemtype=\"https:\/\/schema.org\/CreativeWork\" ><div class=\"av-magazine-thumbnail\"><a href='https:\/\/museodelacharreria.org.mx\/fr\/coleccion\/silla-charra-de-media-gala-cincelada\/' title='Lier vers : SILLA CHARRA DE MEDIA GALA CINCELADA' class='av-magazine-thumbnail-link'><img decoding=\"async\" fetchpriority=\"high\" width=\"100\" height=\"100\" src=\"https:\/\/museodelacharreria.org.mx\/wp-content\/uploads\/2024\/11\/MUSEO-DE-LA-CHARRERIA-SILLA-CHARRA-4-100x100.jpg\" class=\"wp-image-3889 avia-img-lazy-loading-not-3889 attachment-thumbnail size-thumbnail wp-post-image\" alt=\"\" srcset=\"https:\/\/museodelacharreria.org.mx\/wp-content\/uploads\/2024\/11\/MUSEO-DE-LA-CHARRERIA-SILLA-CHARRA-4-100x100.jpg 100w, https:\/\/museodelacharreria.org.mx\/wp-content\/uploads\/2024\/11\/MUSEO-DE-LA-CHARRERIA-SILLA-CHARRA-4-36x36.jpg 36w, https:\/\/museodelacharreria.org.mx\/wp-content\/uploads\/2024\/11\/MUSEO-DE-LA-CHARRERIA-SILLA-CHARRA-4-180x180.jpg 180w\" sizes=\"(max-width: 100px) 100vw, 100px\" \/><\/a><\/div><div class=\"av-magazine-content-wrap\"><header class=\"entry-content-header\" aria-label=\"Post: SILLA CHARRA DE MEDIA GALA CINCELADA\"><time class='av-magazine-time updated'  itemprop=\"datePublished\" datetime=\"2024-11-25T14:10:00-06:00\" >2024-11-25<\/time><h3 class='av-magazine-title entry-title'  itemprop=\"headline\" ><a href='https:\/\/museodelacharreria.org.mx\/fr\/coleccion\/silla-charra-de-media-gala-cincelada\/' title='Lier vers : SILLA CHARRA DE MEDIA GALA CINCELADA'>CHAISE CHARRO DE GALA \u00c0 MOITI\u00c9 CISEL\u00c9E<\/a><\/h3><\/header><\/div><footer class=\"entry-footer\"><\/footer><\/article><article class='av-magazine-entry av-magazine-entry-id-3777 av-magazine-format-standard av-magazine-type-portfolio av-magazine-entry-3 av-magazine-entry-small'  itemscope=\"itemscope\" itemtype=\"https:\/\/schema.org\/CreativeWork\" ><div class=\"av-magazine-thumbnail\"><a href='https:\/\/museodelacharreria.org.mx\/fr\/coleccion\/silla-charra-piteada\/' title='Lier vers : SILLA CHARRA PITEADA' class='av-magazine-thumbnail-link'><img decoding=\"async\" fetchpriority=\"high\" width=\"100\" height=\"100\" src=\"https:\/\/museodelacharreria.org.mx\/wp-content\/uploads\/2024\/11\/Museo-de-la-Charreria-Silla-Charra-de-Gala-100x100.jpg\" class=\"wp-image-3775 avia-img-lazy-loading-not-3775 attachment-thumbnail size-thumbnail wp-post-image\" alt=\"\" srcset=\"https:\/\/museodelacharreria.org.mx\/wp-content\/uploads\/2024\/11\/Museo-de-la-Charreria-Silla-Charra-de-Gala-100x100.jpg 100w, https:\/\/museodelacharreria.org.mx\/wp-content\/uploads\/2024\/11\/Museo-de-la-Charreria-Silla-Charra-de-Gala-36x36.jpg 36w, https:\/\/museodelacharreria.org.mx\/wp-content\/uploads\/2024\/11\/Museo-de-la-Charreria-Silla-Charra-de-Gala-180x180.jpg 180w\" sizes=\"(max-width: 100px) 100vw, 100px\" \/><\/a><\/div><div class=\"av-magazine-content-wrap\"><header class=\"entry-content-header\" aria-label=\"Post: SILLA CHARRA PITEADA\"><time class='av-magazine-time updated'  itemprop=\"datePublished\" datetime=\"2024-11-25T14:00:29-06:00\" >2024-11-25<\/time><h3 class='av-magazine-title entry-title'  itemprop=\"headline\" ><a href='https:\/\/museodelacharreria.org.mx\/fr\/coleccion\/silla-charra-piteada\/' title='Lier vers : SILLA CHARRA PITEADA'>SELLE CHARRA PITEADA<\/a><\/h3><\/header><\/div><footer class=\"entry-footer\"><\/footer><\/article><article class='av-magazine-entry av-magazine-entry-id-3750 av-magazine-format-standard av-magazine-type-portfolio av-magazine-entry-4 av-magazine-entry-small'  itemscope=\"itemscope\" itemtype=\"https:\/\/schema.org\/CreativeWork\" ><div class=\"av-magazine-thumbnail\"><a href='https:\/\/museodelacharreria.org.mx\/fr\/coleccion\/silla-charra-con-motivos-taurinos\/' title='Lier vers : SILLA CHARRA CON MOTIVOS TAURINOS' class='av-magazine-thumbnail-link'><img decoding=\"async\" fetchpriority=\"high\" width=\"100\" height=\"100\" src=\"https:\/\/museodelacharreria.org.mx\/wp-content\/uploads\/2024\/11\/MUSEO-DE-LA-CHARRERIA-SILLA-CHARRA-CON-MOTIVOS-TAURINOS-3-100x100.jpg\" class=\"wp-image-3753 avia-img-lazy-loading-not-3753 attachment-thumbnail size-thumbnail wp-post-image\" alt=\"\" srcset=\"https:\/\/museodelacharreria.org.mx\/wp-content\/uploads\/2024\/11\/MUSEO-DE-LA-CHARRERIA-SILLA-CHARRA-CON-MOTIVOS-TAURINOS-3-100x100.jpg 100w, https:\/\/museodelacharreria.org.mx\/wp-content\/uploads\/2024\/11\/MUSEO-DE-LA-CHARRERIA-SILLA-CHARRA-CON-MOTIVOS-TAURINOS-3-36x36.jpg 36w, https:\/\/museodelacharreria.org.mx\/wp-content\/uploads\/2024\/11\/MUSEO-DE-LA-CHARRERIA-SILLA-CHARRA-CON-MOTIVOS-TAURINOS-3-180x180.jpg 180w\" sizes=\"(max-width: 100px) 100vw, 100px\" \/><\/a><\/div><div class=\"av-magazine-content-wrap\"><header class=\"entry-content-header\" aria-label=\"Post: SILLA CHARRA CON MOTIVOS TAURINOS\"><time class='av-magazine-time updated'  itemprop=\"datePublished\" datetime=\"2024-11-25T11:02:41-06:00\" >2024-11-25<\/time><h3 class='av-magazine-title entry-title'  itemprop=\"headline\" ><a href='https:\/\/museodelacharreria.org.mx\/fr\/coleccion\/silla-charra-con-motivos-taurinos\/' title='Lier vers : SILLA CHARRA CON MOTIVOS TAURINOS'>CHAISE CHARRO AVEC MOTIFS DE TAUROMACHIE<\/a><\/h3><\/header><\/div><footer class=\"entry-footer\"><\/footer><\/article><article class='av-magazine-entry av-magazine-entry-id-3806 av-magazine-format-standard av-magazine-type-portfolio av-magazine-entry-5 av-magazine-entry-small'  itemscope=\"itemscope\" itemtype=\"https:\/\/schema.org\/CreativeWork\" ><div class=\"av-magazine-thumbnail\"><a href='https:\/\/museodelacharreria.org.mx\/fr\/coleccion\/silla-charra-piteada-cincelada-y-encorrillada\/' title='Lier vers : SILLA CHARRA PITEADA, CINCELADA Y ENCORRILLADA' class='av-magazine-thumbnail-link'><img decoding=\"async\" fetchpriority=\"high\" width=\"100\" height=\"100\" src=\"https:\/\/museodelacharreria.org.mx\/wp-content\/uploads\/2024\/11\/MUSEO-DE-LA-CHARRERIA-SILLA-CHARRA-PITEADA-CINCELADA-Y-ENCORRILLADA--100x100.jpg\" class=\"wp-image-3799 avia-img-lazy-loading-not-3799 attachment-thumbnail size-thumbnail wp-post-image\" alt=\"\" srcset=\"https:\/\/museodelacharreria.org.mx\/wp-content\/uploads\/2024\/11\/MUSEO-DE-LA-CHARRERIA-SILLA-CHARRA-PITEADA-CINCELADA-Y-ENCORRILLADA--100x100.jpg 100w, https:\/\/museodelacharreria.org.mx\/wp-content\/uploads\/2024\/11\/MUSEO-DE-LA-CHARRERIA-SILLA-CHARRA-PITEADA-CINCELADA-Y-ENCORRILLADA--36x36.jpg 36w, https:\/\/museodelacharreria.org.mx\/wp-content\/uploads\/2024\/11\/MUSEO-DE-LA-CHARRERIA-SILLA-CHARRA-PITEADA-CINCELADA-Y-ENCORRILLADA--180x180.jpg 180w\" sizes=\"(max-width: 100px) 100vw, 100px\" \/><\/a><\/div><div class=\"av-magazine-content-wrap\"><header class=\"entry-content-header\" aria-label=\"Post: SILLA CHARRA PITEADA, CINCELADA Y ENCORRILLADA\"><time class='av-magazine-time updated'  itemprop=\"datePublished\" datetime=\"2024-11-23T13:35:49-06:00\" >2024-11-23<\/time><h3 class='av-magazine-title entry-title'  itemprop=\"headline\" ><a href='https:\/\/museodelacharreria.org.mx\/fr\/coleccion\/silla-charra-piteada-cincelada-y-encorrillada\/' title='Lier vers : SILLA CHARRA PITEADA, CINCELADA Y ENCORRILLADA'>SELLE CHARRA PITEADA, CISEL\u00c9E ET ENCORRILLADA<\/a><\/h3><\/header><\/div><footer class=\"entry-footer\"><\/footer><\/article><article class='av-magazine-entry av-magazine-entry-id-3763 av-magazine-format-standard av-magazine-type-portfolio av-magazine-entry-6 av-magazine-entry-small'  itemscope=\"itemscope\" itemtype=\"https:\/\/schema.org\/CreativeWork\" ><div class=\"av-magazine-thumbnail\"><a href='https:\/\/museodelacharreria.org.mx\/fr\/coleccion\/silla-charra-de-gran-gala-bordada-con-hilo-de-plata\/' title='Lier vers : SILLA CHARRA DE GRAN GALA BORDADA CON HILO DE PLATA' class='av-magazine-thumbnail-link'><img decoding=\"async\" fetchpriority=\"high\" width=\"100\" height=\"100\" src=\"https:\/\/museodelacharreria.org.mx\/wp-content\/uploads\/2024\/11\/MUSEO-DE-LA-CHARRERIA-SILLA-CHARRA-DE-GRAN-GALA-BORDADA-EN-HILO-DE-PLATA-Y-ORO-1929-100x100.jpg\" class=\"wp-image-3766 avia-img-lazy-loading-not-3766 attachment-thumbnail size-thumbnail wp-post-image\" alt=\"\" srcset=\"https:\/\/museodelacharreria.org.mx\/wp-content\/uploads\/2024\/11\/MUSEO-DE-LA-CHARRERIA-SILLA-CHARRA-DE-GRAN-GALA-BORDADA-EN-HILO-DE-PLATA-Y-ORO-1929-100x100.jpg 100w, https:\/\/museodelacharreria.org.mx\/wp-content\/uploads\/2024\/11\/MUSEO-DE-LA-CHARRERIA-SILLA-CHARRA-DE-GRAN-GALA-BORDADA-EN-HILO-DE-PLATA-Y-ORO-1929-36x36.jpg 36w, https:\/\/museodelacharreria.org.mx\/wp-content\/uploads\/2024\/11\/MUSEO-DE-LA-CHARRERIA-SILLA-CHARRA-DE-GRAN-GALA-BORDADA-EN-HILO-DE-PLATA-Y-ORO-1929-180x180.jpg 180w\" sizes=\"(max-width: 100px) 100vw, 100px\" \/><\/a><\/div><div class=\"av-magazine-content-wrap\"><header class=\"entry-content-header\" aria-label=\"Post: SILLA CHARRA DE GRAN GALA BORDADA CON HILO DE PLATA\"><time class='av-magazine-time updated'  itemprop=\"datePublished\" datetime=\"2024-11-22T12:39:40-06:00\" >2024-11-22<\/time><h3 class='av-magazine-title entry-title'  itemprop=\"headline\" ><a href='https:\/\/museodelacharreria.org.mx\/fr\/coleccion\/silla-charra-de-gran-gala-bordada-con-hilo-de-plata\/' title='Lier vers : SILLA CHARRA DE GRAN GALA BORDADA CON HILO DE PLATA'>SELLE CHARRO BROD\u00c9E EN FIL D'ARGENT AVEC FIL D'ARGENT<\/a><\/h3><\/header><\/div><footer class=\"entry-footer\"><\/footer><\/article><article class='av-magazine-entry av-magazine-entry-id-3741 av-magazine-format-standard av-magazine-type-portfolio av-magazine-entry-7 av-magazine-entry-small'  itemscope=\"itemscope\" itemtype=\"https:\/\/schema.org\/CreativeWork\" ><div class=\"av-magazine-thumbnail\"><a href='https:\/\/museodelacharreria.org.mx\/fr\/coleccion\/silla-charra-con-chomite-y-encorrillado\/' title='Lier vers : SILLA CHARRA CON CHOMITE Y ENCORRILLADO' class='av-magazine-thumbnail-link'><img decoding=\"async\" fetchpriority=\"high\" width=\"100\" height=\"100\" src=\"https:\/\/museodelacharreria.org.mx\/wp-content\/uploads\/2024\/11\/Museo-de-la-Charreria-Silla-Charra-Con-Chimite-y-Encorrillado-100x100.jpg\" class=\"wp-image-3742 avia-img-lazy-loading-not-3742 attachment-thumbnail size-thumbnail wp-post-image\" alt=\"SELLE CHARRA AVEC CHOMITE ET SE RECROQUEVILLE\" srcset=\"https:\/\/museodelacharreria.org.mx\/wp-content\/uploads\/2024\/11\/Museo-de-la-Charreria-Silla-Charra-Con-Chimite-y-Encorrillado-100x100.jpg 100w, https:\/\/museodelacharreria.org.mx\/wp-content\/uploads\/2024\/11\/Museo-de-la-Charreria-Silla-Charra-Con-Chimite-y-Encorrillado-36x36.jpg 36w, https:\/\/museodelacharreria.org.mx\/wp-content\/uploads\/2024\/11\/Museo-de-la-Charreria-Silla-Charra-Con-Chimite-y-Encorrillado-180x180.jpg 180w\" sizes=\"(max-width: 100px) 100vw, 100px\" \/><\/a><\/div><div class=\"av-magazine-content-wrap\"><header class=\"entry-content-header\" aria-label=\"Post: SILLA CHARRA CON CHOMITE Y ENCORRILLADO\"><time class='av-magazine-time updated'  itemprop=\"datePublished\" datetime=\"2024-11-21T14:04:47-06:00\" >2024-11-21<\/time><h3 class='av-magazine-title entry-title'  itemprop=\"headline\" ><a href='https:\/\/museodelacharreria.org.mx\/fr\/coleccion\/silla-charra-con-chomite-y-encorrillado\/' title='Lier vers : SILLA CHARRA CON CHOMITE Y ENCORRILLADO'>SELLE CHARRA AVEC CHOMITE ET SE RECROQUEVILLE<\/a><\/h3><\/header><\/div><footer class=\"entry-footer\"><\/footer><\/article><\/div><div class='av-magazine-group av-hidden-mag sort_13'><article class='av-magazine-entry av-magazine-entry-id-3055 av-magazine-format-standard av-magazine-type-portfolio av-magazine-entry-1 av-magazine-entry-small'  itemscope=\"itemscope\" itemtype=\"https:\/\/schema.org\/CreativeWork\" ><div class=\"av-magazine-thumbnail\"><a href='https:\/\/museodelacharreria.org.mx\/fr\/coleccion\/heladio-velarde\/' title='Lier vers : COLECCI\u00d3N HELADIO VELARDE' class='av-magazine-thumbnail-link'><img decoding=\"async\" fetchpriority=\"high\" width=\"100\" height=\"100\" src=\"https:\/\/museodelacharreria.org.mx\/wp-content\/uploads\/2024\/06\/MUSEO-DE-LA-CHARRERIA-PINTURA-LITOGRAFIA-HELADIO-VELARDE-1-100x100.jpg\" class=\"wp-image-3056 avia-img-lazy-loading-not-3056 attachment-thumbnail size-thumbnail wp-post-image\" alt=\"\" srcset=\"https:\/\/museodelacharreria.org.mx\/wp-content\/uploads\/2024\/06\/MUSEO-DE-LA-CHARRERIA-PINTURA-LITOGRAFIA-HELADIO-VELARDE-1-100x100.jpg 100w, https:\/\/museodelacharreria.org.mx\/wp-content\/uploads\/2024\/06\/MUSEO-DE-LA-CHARRERIA-PINTURA-LITOGRAFIA-HELADIO-VELARDE-1-36x36.jpg 36w, https:\/\/museodelacharreria.org.mx\/wp-content\/uploads\/2024\/06\/MUSEO-DE-LA-CHARRERIA-PINTURA-LITOGRAFIA-HELADIO-VELARDE-1-180x180.jpg 180w\" sizes=\"(max-width: 100px) 100vw, 100px\" \/><\/a><\/div><div class=\"av-magazine-content-wrap\"><header class=\"entry-content-header\" aria-label=\"Post: COLECCI\u00d3N HELADIO VELARDE\"><time class='av-magazine-time updated'  itemprop=\"datePublished\" datetime=\"2024-06-21T02:07:53-06:00\" >2024-06-21<\/time><h3 class='av-magazine-title entry-title'  itemprop=\"headline\" ><a href='https:\/\/museodelacharreria.org.mx\/fr\/coleccion\/heladio-velarde\/' title='Lier vers : COLECCI\u00d3N HELADIO VELARDE'>COLLECTION HELADIO VELARDE<\/a><\/h3><\/header><\/div><footer class=\"entry-footer\"><\/footer><\/article><article class='av-magazine-entry av-magazine-entry-id-3035 av-magazine-format-standard av-magazine-type-portfolio av-magazine-entry-2 av-magazine-entry-small'  itemscope=\"itemscope\" itemtype=\"https:\/\/schema.org\/CreativeWork\" ><div class=\"av-magazine-thumbnail\"><a href='https:\/\/museodelacharreria.org.mx\/fr\/coleccion\/ernesto-icaza\/' title='Lier vers : COLECCI\u00d3N ERNESTO ICAZA' class='av-magazine-thumbnail-link'><img decoding=\"async\" fetchpriority=\"high\" width=\"100\" height=\"100\" src=\"https:\/\/museodelacharreria.org.mx\/wp-content\/uploads\/2024\/06\/MUSEO-DE-LA-CHARRERIA-PINTURA-LITOGRAFIA-ERNESTO-ICAZA-4-1-100x100.jpg\" class=\"wp-image-3043 avia-img-lazy-loading-not-3043 attachment-thumbnail size-thumbnail wp-post-image\" alt=\"\" srcset=\"https:\/\/museodelacharreria.org.mx\/wp-content\/uploads\/2024\/06\/MUSEO-DE-LA-CHARRERIA-PINTURA-LITOGRAFIA-ERNESTO-ICAZA-4-1-100x100.jpg 100w, https:\/\/museodelacharreria.org.mx\/wp-content\/uploads\/2024\/06\/MUSEO-DE-LA-CHARRERIA-PINTURA-LITOGRAFIA-ERNESTO-ICAZA-4-1-36x36.jpg 36w, https:\/\/museodelacharreria.org.mx\/wp-content\/uploads\/2024\/06\/MUSEO-DE-LA-CHARRERIA-PINTURA-LITOGRAFIA-ERNESTO-ICAZA-4-1-180x180.jpg 180w\" sizes=\"(max-width: 100px) 100vw, 100px\" \/><\/a><\/div><div class=\"av-magazine-content-wrap\"><header class=\"entry-content-header\" aria-label=\"Post: COLECCI\u00d3N ERNESTO ICAZA\"><time class='av-magazine-time updated'  itemprop=\"datePublished\" datetime=\"2024-06-21T01:14:48-06:00\" >2024-06-21<\/time><h3 class='av-magazine-title entry-title'  itemprop=\"headline\" ><a href='https:\/\/museodelacharreria.org.mx\/fr\/coleccion\/ernesto-icaza\/' title='Lier vers : COLECCI\u00d3N ERNESTO ICAZA'>COLLECTION ERNESTO ICAZA<\/a><\/h3><\/header><\/div><footer class=\"entry-footer\"><\/footer><\/article><article class='av-magazine-entry av-magazine-entry-id-3001 av-magazine-format-standard av-magazine-type-portfolio av-magazine-entry-3 av-magazine-entry-small'  itemscope=\"itemscope\" itemtype=\"https:\/\/schema.org\/CreativeWork\" ><div class=\"av-magazine-thumbnail\"><a href='https:\/\/museodelacharreria.org.mx\/fr\/coleccion\/alfredo-avila-sigler\/' title='Lier vers : COLECCI\u00d3N ALFREDO \u00c1VILA SIGLER' class='av-magazine-thumbnail-link'><img decoding=\"async\" fetchpriority=\"high\" width=\"100\" height=\"100\" src=\"https:\/\/museodelacharreria.org.mx\/wp-content\/uploads\/2024\/06\/MUSEO-DE-LA-CHARRERIA-PINTURA-TINTA-AVILA-SIGLER--100x100.jpg\" class=\"wp-image-3007 avia-img-lazy-loading-not-3007 attachment-thumbnail size-thumbnail wp-post-image\" alt=\"\" srcset=\"https:\/\/museodelacharreria.org.mx\/wp-content\/uploads\/2024\/06\/MUSEO-DE-LA-CHARRERIA-PINTURA-TINTA-AVILA-SIGLER--100x100.jpg 100w, https:\/\/museodelacharreria.org.mx\/wp-content\/uploads\/2024\/06\/MUSEO-DE-LA-CHARRERIA-PINTURA-TINTA-AVILA-SIGLER--36x36.jpg 36w, https:\/\/museodelacharreria.org.mx\/wp-content\/uploads\/2024\/06\/MUSEO-DE-LA-CHARRERIA-PINTURA-TINTA-AVILA-SIGLER--180x180.jpg 180w\" sizes=\"(max-width: 100px) 100vw, 100px\" \/><\/a><\/div><div class=\"av-magazine-content-wrap\"><header class=\"entry-content-header\" aria-label=\"Post: COLECCI\u00d3N ALFREDO \u00c1VILA SIGLER\"><time class='av-magazine-time updated'  itemprop=\"datePublished\" datetime=\"2024-06-20T19:44:01-06:00\" >2024-06-20<\/time><h3 class='av-magazine-title entry-title'  itemprop=\"headline\" ><a href='https:\/\/museodelacharreria.org.mx\/fr\/coleccion\/alfredo-avila-sigler\/' title='Lier vers : COLECCI\u00d3N ALFREDO \u00c1VILA SIGLER'>COLLECTION ALFREDO \u00c1VILA SIGLER<\/a><\/h3><\/header><\/div><footer class=\"entry-footer\"><\/footer><\/article><article class='av-magazine-entry av-magazine-entry-id-2970 av-magazine-format-standard av-magazine-type-portfolio av-magazine-entry-4 av-magazine-entry-small'  itemscope=\"itemscope\" itemtype=\"https:\/\/schema.org\/CreativeWork\" ><div class=\"av-magazine-thumbnail\"><a href='https:\/\/museodelacharreria.org.mx\/fr\/coleccion\/jose-albarran-pliego\/' title='Lier vers : COLECCI\u00d3N JOS\u00c9 ALBARR\u00c1N PLIEGO' class='av-magazine-thumbnail-link'><img decoding=\"async\" fetchpriority=\"high\" width=\"100\" height=\"100\" src=\"https:\/\/museodelacharreria.org.mx\/wp-content\/uploads\/2024\/06\/MUSEO-DE-LA-CHARRERIA-PINTURA-ACUARELA-JOSE-ALBARRAN-PLIEGO-11-LANCEROS-CHINACOS-100x100.jpg\" class=\"wp-image-2922 avia-img-lazy-loading-not-2922 attachment-thumbnail size-thumbnail wp-post-image\" alt=\"JOS\u00c9 ALBARR\u00c1N PLIEGO\" srcset=\"https:\/\/museodelacharreria.org.mx\/wp-content\/uploads\/2024\/06\/MUSEO-DE-LA-CHARRERIA-PINTURA-ACUARELA-JOSE-ALBARRAN-PLIEGO-11-LANCEROS-CHINACOS-100x100.jpg 100w, https:\/\/museodelacharreria.org.mx\/wp-content\/uploads\/2024\/06\/MUSEO-DE-LA-CHARRERIA-PINTURA-ACUARELA-JOSE-ALBARRAN-PLIEGO-11-LANCEROS-CHINACOS-36x36.jpg 36w, https:\/\/museodelacharreria.org.mx\/wp-content\/uploads\/2024\/06\/MUSEO-DE-LA-CHARRERIA-PINTURA-ACUARELA-JOSE-ALBARRAN-PLIEGO-11-LANCEROS-CHINACOS-180x180.jpg 180w\" sizes=\"(max-width: 100px) 100vw, 100px\" \/><\/a><\/div><div class=\"av-magazine-content-wrap\"><header class=\"entry-content-header\" aria-label=\"Post: COLECCI\u00d3N JOS\u00c9 ALBARR\u00c1N PLIEGO\"><time class='av-magazine-time updated'  itemprop=\"datePublished\" datetime=\"2024-06-20T18:22:10-06:00\" >2024-06-20<\/time><h3 class='av-magazine-title entry-title'  itemprop=\"headline\" ><a href='https:\/\/museodelacharreria.org.mx\/fr\/coleccion\/jose-albarran-pliego\/' title='Lier vers : COLECCI\u00d3N JOS\u00c9 ALBARR\u00c1N PLIEGO'>COLLECTION JOS\u00c9 ALBARR\u00c1N PLIEGO<\/a><\/h3><\/header><\/div><footer class=\"entry-footer\"><\/footer><\/article><\/div><div class='av-magazine-group av-hidden-mag sort_45'><article class='av-magazine-entry av-magazine-entry-id-598 av-magazine-format-standard av-magazine-type-portfolio av-magazine-entry-1 av-magazine-entry-small'  itemscope=\"itemscope\" itemtype=\"https:\/\/schema.org\/CreativeWork\" ><div class=\"av-magazine-thumbnail\"><a href='https:\/\/museodelacharreria.org.mx\/fr\/coleccion\/plato-damasquinado-en-oro\/' title='Lier vers : DISQUE DAMASQUIN\u00c9 D&#039;OR' class='av-magazine-thumbnail-link'><img decoding=\"async\" fetchpriority=\"high\" width=\"80\" height=\"80\" src=\"https:\/\/museodelacharreria.org.mx\/wp-content\/uploads\/2023\/09\/Museo-de-la-Charreria-CDMX-Reconocimiento--80x80.jpg\" class=\"wp-image-599 avia-img-lazy-loading-not-599 attachment-thumbnail size-thumbnail wp-post-image\" alt=\"Plaque damasquin\u00e9e en or Don de la Couronne d&#039;Espagne\" srcset=\"https:\/\/museodelacharreria.org.mx\/wp-content\/uploads\/2023\/09\/Museo-de-la-Charreria-CDMX-Reconocimiento--80x80.jpg 80w, https:\/\/museodelacharreria.org.mx\/wp-content\/uploads\/2023\/09\/Museo-de-la-Charreria-CDMX-Reconocimiento--36x36.jpg 36w, https:\/\/museodelacharreria.org.mx\/wp-content\/uploads\/2023\/09\/Museo-de-la-Charreria-CDMX-Reconocimiento--180x180.jpg 180w\" sizes=\"(max-width: 80px) 100vw, 80px\" \/><\/a><\/div><div class=\"av-magazine-content-wrap\"><header class=\"entry-content-header\" aria-label=\"Post: PLATO DAMASQUINADO EN ORO\"><time class='av-magazine-time updated'  itemprop=\"datePublished\" datetime=\"2023-12-28T02:45:32-06:00\" >2023-12-28<\/time><h3 class='av-magazine-title entry-title'  itemprop=\"headline\" ><a href='https:\/\/museodelacharreria.org.mx\/fr\/coleccion\/plato-damasquinado-en-oro\/' title='Lier vers : DISQUE DAMASQUIN\u00c9 D&#039;OR'>PLAQUE DAMASQUIN\u00c9E EN OR<\/a><\/h3><\/header><\/div><footer class=\"entry-footer\"><\/footer><\/article><article class='av-magazine-entry av-magazine-entry-id-3941 av-magazine-format-standard av-magazine-type-portfolio av-magazine-entry-2 av-magazine-entry-small'  itemscope=\"itemscope\" itemtype=\"https:\/\/schema.org\/CreativeWork\" ><div class=\"av-magazine-thumbnail\"><a href='https:\/\/museodelacharreria.org.mx\/fr\/coleccion\/placa-conmemorativa-otorgada-por-ejercito-espanol\/' title='Lier vers : PLACA CONMEMORATIVA OTORGADA POR EL EJ\u00c9RCITO ESPA\u00d1OL' class='av-magazine-thumbnail-link'><img decoding=\"async\" fetchpriority=\"high\" width=\"100\" height=\"100\" src=\"https:\/\/museodelacharreria.org.mx\/wp-content\/uploads\/2023\/09\/Museo-de-la-Charreria-CDMX-Reconocimientos-Espana--100x100.jpg\" class=\"wp-image-1314 avia-img-lazy-loading-not-1314 attachment-thumbnail size-thumbnail wp-post-image\" alt=\"\" srcset=\"https:\/\/museodelacharreria.org.mx\/wp-content\/uploads\/2023\/09\/Museo-de-la-Charreria-CDMX-Reconocimientos-Espana--100x100.jpg 100w, https:\/\/museodelacharreria.org.mx\/wp-content\/uploads\/2023\/09\/Museo-de-la-Charreria-CDMX-Reconocimientos-Espana--36x36.jpg 36w, https:\/\/museodelacharreria.org.mx\/wp-content\/uploads\/2023\/09\/Museo-de-la-Charreria-CDMX-Reconocimientos-Espana--180x180.jpg 180w\" sizes=\"(max-width: 100px) 100vw, 100px\" \/><\/a><\/div><div class=\"av-magazine-content-wrap\"><header class=\"entry-content-header\" aria-label=\"Post: PLACA CONMEMORATIVA OTORGADA POR EL EJ\u00c9RCITO ESPA\u00d1OL\"><time class='av-magazine-time updated'  itemprop=\"datePublished\" datetime=\"2023-11-25T18:56:44-06:00\" >2023-11-25<\/time><h3 class='av-magazine-title entry-title'  itemprop=\"headline\" ><a href='https:\/\/museodelacharreria.org.mx\/fr\/coleccion\/placa-conmemorativa-otorgada-por-ejercito-espanol\/' title='Lier vers : PLACA CONMEMORATIVA OTORGADA POR EL EJ\u00c9RCITO ESPA\u00d1OL'>PLAQUE COMM\u00c9MORATIVE D\u00c9CERN\u00c9E PAR L'ARM\u00c9E ESPAGNOLE<\/a><\/h3><\/header><\/div><footer class=\"entry-footer\"><\/footer><\/article><article class='av-magazine-entry av-magazine-entry-id-1651 av-magazine-format-standard av-magazine-type-portfolio av-magazine-entry-3 av-magazine-entry-small'  itemscope=\"itemscope\" itemtype=\"https:\/\/schema.org\/CreativeWork\" ><div class=\"av-magazine-thumbnail\"><a href='https:\/\/museodelacharreria.org.mx\/fr\/coleccion\/escudo-de-armas-de-barcelona\/' title='Lier vers : COAT D&#039;ARMES DE BARCELONE' class='av-magazine-thumbnail-link'><img decoding=\"async\" fetchpriority=\"high\" width=\"100\" height=\"100\" src=\"https:\/\/museodelacharreria.org.mx\/wp-content\/uploads\/2023\/09\/Museo-de-la-Charreria-Escudo-de-la-Provincia-de-Barcelona-1-1-100x100.jpg\" class=\"wp-image-1653 avia-img-lazy-loading-not-1653 attachment-thumbnail size-thumbnail wp-post-image\" alt=\"\" srcset=\"https:\/\/museodelacharreria.org.mx\/wp-content\/uploads\/2023\/09\/Museo-de-la-Charreria-Escudo-de-la-Provincia-de-Barcelona-1-1-100x100.jpg 100w, https:\/\/museodelacharreria.org.mx\/wp-content\/uploads\/2023\/09\/Museo-de-la-Charreria-Escudo-de-la-Provincia-de-Barcelona-1-1-36x36.jpg 36w, https:\/\/museodelacharreria.org.mx\/wp-content\/uploads\/2023\/09\/Museo-de-la-Charreria-Escudo-de-la-Provincia-de-Barcelona-1-1-180x180.jpg 180w\" sizes=\"(max-width: 100px) 100vw, 100px\" \/><\/a><\/div><div class=\"av-magazine-content-wrap\"><header class=\"entry-content-header\" aria-label=\"Post: ESCUDO DE ARMAS DE BARCELONA\"><time class='av-magazine-time updated'  itemprop=\"datePublished\" datetime=\"2023-09-29T23:33:46-06:00\" >2023-09-29<\/time><h3 class='av-magazine-title entry-title'  itemprop=\"headline\" ><a href='https:\/\/museodelacharreria.org.mx\/fr\/coleccion\/escudo-de-armas-de-barcelona\/' title='Lier vers : COAT D&#039;ARMES DE BARCELONE'>ARMOIRIES DE BARCELONE<\/a><\/h3><\/header><\/div><footer class=\"entry-footer\"><\/footer><\/article><article class='av-magazine-entry av-magazine-entry-id-1317 av-magazine-format-standard av-magazine-type-portfolio av-magazine-entry-4 av-magazine-entry-small'  itemscope=\"itemscope\" itemtype=\"https:\/\/schema.org\/CreativeWork\" ><div class=\"av-magazine-thumbnail\"><a href='https:\/\/museodelacharreria.org.mx\/fr\/coleccion\/escudo-de-armas-de-zaragoza\/' title='Lier vers : COAT OF ARMS OF THE EXCELLENTIMO AYUNTAMIENTO DE ZARAGOZA (ZARAGOZA TOWN COUNCIL)' class='av-magazine-thumbnail-link'><img decoding=\"async\" fetchpriority=\"high\" width=\"100\" height=\"100\" src=\"https:\/\/museodelacharreria.org.mx\/wp-content\/uploads\/2023\/09\/Museo-de-la-Charreria-CDMX-Reconocimientos-Espana-Zaragoza-2-100x100.jpg\" class=\"wp-image-1311 avia-img-lazy-loading-not-1311 attachment-thumbnail size-thumbnail wp-post-image\" alt=\"\" srcset=\"https:\/\/museodelacharreria.org.mx\/wp-content\/uploads\/2023\/09\/Museo-de-la-Charreria-CDMX-Reconocimientos-Espana-Zaragoza-2-100x100.jpg 100w, https:\/\/museodelacharreria.org.mx\/wp-content\/uploads\/2023\/09\/Museo-de-la-Charreria-CDMX-Reconocimientos-Espana-Zaragoza-2-36x36.jpg 36w, https:\/\/museodelacharreria.org.mx\/wp-content\/uploads\/2023\/09\/Museo-de-la-Charreria-CDMX-Reconocimientos-Espana-Zaragoza-2-180x180.jpg 180w\" sizes=\"(max-width: 100px) 100vw, 100px\" \/><\/a><\/div><div class=\"av-magazine-content-wrap\"><header class=\"entry-content-header\" aria-label=\"Post: ESCUDO DE ARMAS DEL EXCELENT\u00cdSIMO AYUNTAMIENTO DE ZARAGOZA\"><time class='av-magazine-time updated'  itemprop=\"datePublished\" datetime=\"2023-09-28T16:27:40-06:00\" >2023-09-28<\/time><h3 class='av-magazine-title entry-title'  itemprop=\"headline\" ><a href='https:\/\/museodelacharreria.org.mx\/fr\/coleccion\/escudo-de-armas-de-zaragoza\/' title='Lier vers : COAT OF ARMS OF THE EXCELLENTIMO AYUNTAMIENTO DE ZARAGOZA (ZARAGOZA TOWN COUNCIL)'>ARMOIRIES DE LA TR\u00c8S EXCELLENTE MAIRIE DE ZARAGOZA<\/a><\/h3><\/header><\/div><footer class=\"entry-footer\"><\/footer><\/article><article class='av-magazine-entry av-magazine-entry-id-1309 av-magazine-format-standard av-magazine-type-portfolio av-magazine-entry-5 av-magazine-entry-small'  itemscope=\"itemscope\" itemtype=\"https:\/\/schema.org\/CreativeWork\" ><div class=\"av-magazine-thumbnail\"><a href='https:\/\/museodelacharreria.org.mx\/fr\/coleccion\/la-llave-de-la-ciudad-de-madrid\/' title='Lier vers : LA CL\u00c9 DE LA VILLE DE MADRID' class='av-magazine-thumbnail-link'><img decoding=\"async\" fetchpriority=\"high\" width=\"100\" height=\"100\" src=\"https:\/\/museodelacharreria.org.mx\/wp-content\/uploads\/2023\/09\/Museo-de-la-Charreria-CDMX-Reconocimientos-Espana-Madrid--100x100.jpg\" class=\"wp-image-1310 avia-img-lazy-loading-not-1310 attachment-thumbnail size-thumbnail wp-post-image\" alt=\"\" srcset=\"https:\/\/museodelacharreria.org.mx\/wp-content\/uploads\/2023\/09\/Museo-de-la-Charreria-CDMX-Reconocimientos-Espana-Madrid--100x100.jpg 100w, https:\/\/museodelacharreria.org.mx\/wp-content\/uploads\/2023\/09\/Museo-de-la-Charreria-CDMX-Reconocimientos-Espana-Madrid--36x36.jpg 36w, https:\/\/museodelacharreria.org.mx\/wp-content\/uploads\/2023\/09\/Museo-de-la-Charreria-CDMX-Reconocimientos-Espana-Madrid--180x180.jpg 180w\" sizes=\"(max-width: 100px) 100vw, 100px\" \/><\/a><\/div><div class=\"av-magazine-content-wrap\"><header class=\"entry-content-header\" aria-label=\"Post: LA LLAVE DE LA CIUDAD DE MADRID\"><time class='av-magazine-time updated'  itemprop=\"datePublished\" datetime=\"2023-09-28T16:21:18-06:00\" >2023-09-28<\/time><h3 class='av-magazine-title entry-title'  itemprop=\"headline\" ><a href='https:\/\/museodelacharreria.org.mx\/fr\/coleccion\/la-llave-de-la-ciudad-de-madrid\/' title='Lier vers : LA CL\u00c9 DE LA VILLE DE MADRID'>LA CL\u00c9 DE LA VILLE DE MADRID<\/a><\/h3><\/header><\/div><footer class=\"entry-footer\"><\/footer><\/article><\/div><div class='av-magazine-group av-hidden-mag sort_40'><article class='av-magazine-entry av-magazine-entry-id-2401 av-magazine-format-standard av-magazine-type-portfolio av-magazine-entry-1 av-magazine-entry-small'  itemscope=\"itemscope\" itemtype=\"https:\/\/schema.org\/CreativeWork\" ><div class=\"av-magazine-thumbnail\"><a href='https:\/\/museodelacharreria.org.mx\/fr\/coleccion\/sombrero-con-bordado-de-rosas\/' title='Lier vers : Chapeau avec broderie de roses' class='av-magazine-thumbnail-link'><img decoding=\"async\" fetchpriority=\"high\" width=\"100\" height=\"100\" src=\"https:\/\/museodelacharreria.org.mx\/wp-content\/uploads\/2023\/11\/Museo-de-la-Charreria-Sombrero-0155-100x100.jpg\" class=\"wp-image-2396 avia-img-lazy-loading-not-2396 attachment-thumbnail size-thumbnail wp-post-image\" alt=\"\" srcset=\"https:\/\/museodelacharreria.org.mx\/wp-content\/uploads\/2023\/11\/Museo-de-la-Charreria-Sombrero-0155-100x100.jpg 100w, https:\/\/museodelacharreria.org.mx\/wp-content\/uploads\/2023\/11\/Museo-de-la-Charreria-Sombrero-0155-36x36.jpg 36w, https:\/\/museodelacharreria.org.mx\/wp-content\/uploads\/2023\/11\/Museo-de-la-Charreria-Sombrero-0155-180x180.jpg 180w\" sizes=\"(max-width: 100px) 100vw, 100px\" \/><\/a><\/div><div class=\"av-magazine-content-wrap\"><header class=\"entry-content-header\" aria-label=\"Post: SOMBRERO CON BORDADO DE ROSAS\"><time class='av-magazine-time updated'  itemprop=\"datePublished\" datetime=\"2023-12-29T19:12:21-06:00\" >2023-12-29<\/time><h3 class='av-magazine-title entry-title'  itemprop=\"headline\" ><a href='https:\/\/museodelacharreria.org.mx\/fr\/coleccion\/sombrero-con-bordado-de-rosas\/' title='Lier vers : Chapeau avec broderie de roses'>CHAPEAU AVEC BRODERIE DE ROSES<\/a><\/h3><\/header><\/div><footer class=\"entry-footer\"><\/footer><\/article><article class='av-magazine-entry av-magazine-entry-id-2435 av-magazine-format-standard av-magazine-type-portfolio av-magazine-entry-2 av-magazine-entry-small'  itemscope=\"itemscope\" itemtype=\"https:\/\/schema.org\/CreativeWork\" ><div class=\"av-magazine-thumbnail\"><a href='https:\/\/museodelacharreria.org.mx\/fr\/coleccion\/sombrero-de-charro-para-nino\/' title='Lier vers : Chapeau CHARRO POUR ENFANTS' class='av-magazine-thumbnail-link'><img decoding=\"async\" fetchpriority=\"high\" width=\"100\" height=\"100\" src=\"https:\/\/museodelacharreria.org.mx\/wp-content\/uploads\/2023\/11\/Museo-de-la-Charreria-Sombrero-de-Charro-0022-100x100.jpg\" class=\"wp-image-2420 avia-img-lazy-loading-not-2420 attachment-thumbnail size-thumbnail wp-post-image\" alt=\"\" srcset=\"https:\/\/museodelacharreria.org.mx\/wp-content\/uploads\/2023\/11\/Museo-de-la-Charreria-Sombrero-de-Charro-0022-100x100.jpg 100w, https:\/\/museodelacharreria.org.mx\/wp-content\/uploads\/2023\/11\/Museo-de-la-Charreria-Sombrero-de-Charro-0022-36x36.jpg 36w, https:\/\/museodelacharreria.org.mx\/wp-content\/uploads\/2023\/11\/Museo-de-la-Charreria-Sombrero-de-Charro-0022-180x180.jpg 180w\" sizes=\"(max-width: 100px) 100vw, 100px\" \/><\/a><\/div><div class=\"av-magazine-content-wrap\"><header class=\"entry-content-header\" aria-label=\"Post: SOMBRERO DE CHARRO PARA NI\u00d1O\"><time class='av-magazine-time updated'  itemprop=\"datePublished\" datetime=\"2023-11-13T23:36:14-06:00\" >2023-11-13<\/time><h3 class='av-magazine-title entry-title'  itemprop=\"headline\" ><a href='https:\/\/museodelacharreria.org.mx\/fr\/coleccion\/sombrero-de-charro-para-nino\/' title='Lier vers : Chapeau CHARRO POUR ENFANTS'>CHAPEAU DE CHARRO POUR ENFANT<\/a><\/h3><\/header><\/div><footer class=\"entry-footer\"><\/footer><\/article><article class='av-magazine-entry av-magazine-entry-id-2429 av-magazine-format-standard av-magazine-type-portfolio av-magazine-entry-3 av-magazine-entry-small'  itemscope=\"itemscope\" itemtype=\"https:\/\/schema.org\/CreativeWork\" ><div class=\"av-magazine-thumbnail\"><a href='https:\/\/museodelacharreria.org.mx\/fr\/coleccion\/sombrero-de-pelo-fino-bordado-en-canutillo-de-oro\/' title='Lier vers : Chapeau \u00e0 cheveux fins brod\u00e9 de boucles d&#039;or' class='av-magazine-thumbnail-link'><img decoding=\"async\" fetchpriority=\"high\" width=\"100\" height=\"100\" src=\"https:\/\/museodelacharreria.org.mx\/wp-content\/uploads\/2023\/11\/Museo-de-la-Charreria-Sombrero-de-Charro-0144-100x100.jpg\" class=\"wp-image-2425 avia-img-lazy-loading-not-2425 attachment-thumbnail size-thumbnail wp-post-image\" alt=\"\" srcset=\"https:\/\/museodelacharreria.org.mx\/wp-content\/uploads\/2023\/11\/Museo-de-la-Charreria-Sombrero-de-Charro-0144-100x100.jpg 100w, https:\/\/museodelacharreria.org.mx\/wp-content\/uploads\/2023\/11\/Museo-de-la-Charreria-Sombrero-de-Charro-0144-36x36.jpg 36w, https:\/\/museodelacharreria.org.mx\/wp-content\/uploads\/2023\/11\/Museo-de-la-Charreria-Sombrero-de-Charro-0144-180x180.jpg 180w\" sizes=\"(max-width: 100px) 100vw, 100px\" \/><\/a><\/div><div class=\"av-magazine-content-wrap\"><header class=\"entry-content-header\" aria-label=\"Post: SOMBRERO DE PELO FINO BORDADO CON CANUTILLO DE ORO\"><time class='av-magazine-time updated'  itemprop=\"datePublished\" datetime=\"2023-11-13T23:13:54-06:00\" >2023-11-13<\/time><h3 class='av-magazine-title entry-title'  itemprop=\"headline\" ><a href='https:\/\/museodelacharreria.org.mx\/fr\/coleccion\/sombrero-de-pelo-fino-bordado-en-canutillo-de-oro\/' title='Lier vers : Chapeau \u00e0 cheveux fins brod\u00e9 de boucles d&#039;or'>BONNET EN FOURRURE FINE BROD\u00c9 D'UN LISER\u00c9 DOR\u00c9<\/a><\/h3><\/header><\/div><footer class=\"entry-footer\"><\/footer><\/article><article class='av-magazine-entry av-magazine-entry-id-2415 av-magazine-format-standard av-magazine-type-portfolio av-magazine-entry-4 av-magazine-entry-small'  itemscope=\"itemscope\" itemtype=\"https:\/\/schema.org\/CreativeWork\" ><div class=\"av-magazine-thumbnail\"><a href='https:\/\/museodelacharreria.org.mx\/fr\/coleccion\/sombrero-castoreno-de-chinaco-color-gris\/' title='Lier vers : CHINESE CHESTNUT HAT GREY COLOURED' class='av-magazine-thumbnail-link'><img decoding=\"async\" fetchpriority=\"high\" width=\"100\" height=\"100\" src=\"https:\/\/museodelacharreria.org.mx\/wp-content\/uploads\/2023\/11\/Museo-de-la-Charreria-Sombrero-de-Chinaco-0170-100x100.jpg\" class=\"wp-image-2410 avia-img-lazy-loading-not-2410 attachment-thumbnail size-thumbnail wp-post-image\" alt=\"\" srcset=\"https:\/\/museodelacharreria.org.mx\/wp-content\/uploads\/2023\/11\/Museo-de-la-Charreria-Sombrero-de-Chinaco-0170-100x100.jpg 100w, https:\/\/museodelacharreria.org.mx\/wp-content\/uploads\/2023\/11\/Museo-de-la-Charreria-Sombrero-de-Chinaco-0170-36x36.jpg 36w, https:\/\/museodelacharreria.org.mx\/wp-content\/uploads\/2023\/11\/Museo-de-la-Charreria-Sombrero-de-Chinaco-0170-180x180.jpg 180w\" sizes=\"(max-width: 100px) 100vw, 100px\" \/><\/a><\/div><div class=\"av-magazine-content-wrap\"><header class=\"entry-content-header\" aria-label=\"Post: SOMBRERO CASTORE\u00d1O DE CHINACO COLOR GRIS\"><time class='av-magazine-time updated'  itemprop=\"datePublished\" datetime=\"2023-11-13T20:00:59-06:00\" >2023-11-13<\/time><h3 class='av-magazine-title entry-title'  itemprop=\"headline\" ><a href='https:\/\/museodelacharreria.org.mx\/fr\/coleccion\/sombrero-castoreno-de-chinaco-color-gris\/' title='Lier vers : CHINESE CHESTNUT HAT GREY COLOURED'>CHAPEAU CHINACO CHINACO, COULEUR GRISE<\/a><\/h3><\/header><\/div><footer class=\"entry-footer\"><\/footer><\/article><article class='av-magazine-entry av-magazine-entry-id-2406 av-magazine-format-standard av-magazine-type-portfolio av-magazine-entry-5 av-magazine-entry-small'  itemscope=\"itemscope\" itemtype=\"https:\/\/schema.org\/CreativeWork\" ><div class=\"av-magazine-thumbnail\"><a href='https:\/\/museodelacharreria.org.mx\/fr\/coleccion\/sombrero-castoreno-de-chinaco\/' title='Lier vers : CHINA CHESTNUT HAT COLOUR CAF\u00c9' class='av-magazine-thumbnail-link'><img decoding=\"async\" fetchpriority=\"high\" width=\"100\" height=\"100\" src=\"https:\/\/museodelacharreria.org.mx\/wp-content\/uploads\/2023\/11\/Museo-de-la-Charreria-Sombrero-de-Chinaco-0166-100x100.jpg\" class=\"wp-image-2407 avia-img-lazy-loading-not-2407 attachment-thumbnail size-thumbnail wp-post-image\" alt=\"Chapeau Chinaco Beaver\" srcset=\"https:\/\/museodelacharreria.org.mx\/wp-content\/uploads\/2023\/11\/Museo-de-la-Charreria-Sombrero-de-Chinaco-0166-100x100.jpg 100w, https:\/\/museodelacharreria.org.mx\/wp-content\/uploads\/2023\/11\/Museo-de-la-Charreria-Sombrero-de-Chinaco-0166-36x36.jpg 36w, https:\/\/museodelacharreria.org.mx\/wp-content\/uploads\/2023\/11\/Museo-de-la-Charreria-Sombrero-de-Chinaco-0166-180x180.jpg 180w\" sizes=\"(max-width: 100px) 100vw, 100px\" \/><\/a><\/div><div class=\"av-magazine-content-wrap\"><header class=\"entry-content-header\" aria-label=\"Post: SOMBRERO CASTORE\u00d1O DE CHINACO COLOR CAF\u00c9\"><time class='av-magazine-time updated'  itemprop=\"datePublished\" datetime=\"2023-11-13T19:49:18-06:00\" >2023-11-13<\/time><h3 class='av-magazine-title entry-title'  itemprop=\"headline\" ><a href='https:\/\/museodelacharreria.org.mx\/fr\/coleccion\/sombrero-castoreno-de-chinaco\/' title='Lier vers : CHINA CHESTNUT HAT COLOUR CAF\u00c9'>CHAPEAU MARRON CHINACO CHINACO<\/a><\/h3><\/header><\/div><footer class=\"entry-footer\"><\/footer><\/article><article class='av-magazine-entry av-magazine-entry-id-2383 av-magazine-format-standard av-magazine-type-portfolio av-magazine-entry-6 av-magazine-entry-small'  itemscope=\"itemscope\" itemtype=\"https:\/\/schema.org\/CreativeWork\" ><div class=\"av-magazine-thumbnail\"><a href='https:\/\/museodelacharreria.org.mx\/fr\/coleccion\/sombrero-con-detalle-de-espuelas\/' title='Lier vers : Chapeau SPONGE D\u00c9TAILL\u00c9' class='av-magazine-thumbnail-link'><img decoding=\"async\" fetchpriority=\"high\" width=\"100\" height=\"100\" src=\"https:\/\/museodelacharreria.org.mx\/wp-content\/uploads\/2023\/11\/Museo-de-la-Charreria-Sombrero-0149-100x100.jpg\" class=\"wp-image-2386 avia-img-lazy-loading-not-2386 attachment-thumbnail size-thumbnail wp-post-image\" alt=\"\" srcset=\"https:\/\/museodelacharreria.org.mx\/wp-content\/uploads\/2023\/11\/Museo-de-la-Charreria-Sombrero-0149-100x100.jpg 100w, https:\/\/museodelacharreria.org.mx\/wp-content\/uploads\/2023\/11\/Museo-de-la-Charreria-Sombrero-0149-36x36.jpg 36w, https:\/\/museodelacharreria.org.mx\/wp-content\/uploads\/2023\/11\/Museo-de-la-Charreria-Sombrero-0149-180x180.jpg 180w\" sizes=\"(max-width: 100px) 100vw, 100px\" \/><\/a><\/div><div class=\"av-magazine-content-wrap\"><header class=\"entry-content-header\" aria-label=\"Post: SOMBRERO CON DETALLE DE ESPUELAS\"><time class='av-magazine-time updated'  itemprop=\"datePublished\" datetime=\"2023-11-13T18:08:27-06:00\" >2023-11-13<\/time><h3 class='av-magazine-title entry-title'  itemprop=\"headline\" ><a href='https:\/\/museodelacharreria.org.mx\/fr\/coleccion\/sombrero-con-detalle-de-espuelas\/' title='Lier vers : Chapeau SPONGE D\u00c9TAILL\u00c9'>CHAPEAU AVEC D\u00c9TAIL D'\u00c9PERONS<\/a><\/h3><\/header><\/div><footer class=\"entry-footer\"><\/footer><\/article><article class='av-magazine-entry av-magazine-entry-id-2332 av-magazine-format-standard av-magazine-type-portfolio av-magazine-entry-7 av-magazine-entry-small'  itemscope=\"itemscope\" itemtype=\"https:\/\/schema.org\/CreativeWork\" ><div class=\"av-magazine-thumbnail\"><a href='https:\/\/museodelacharreria.org.mx\/fr\/coleccion\/sombrero-de-charro-con-ribete-en-pano-cafe\/' title='Lier vers : SOMBRERO DE CHARRO CON RIBETE EN PA\u00d1O CAFE' class='av-magazine-thumbnail-link'><img decoding=\"async\" fetchpriority=\"high\" width=\"100\" height=\"100\" src=\"https:\/\/museodelacharreria.org.mx\/wp-content\/uploads\/2023\/10\/Museo-de-la-Charreria-Sombrero-0136-100x100.jpg\" class=\"wp-image-2333 avia-img-lazy-loading-not-2333 attachment-thumbnail size-thumbnail wp-post-image\" alt=\"CHAPEAU DE CHARRO AVEC UN REBORD EN TISSU BRUN\" srcset=\"https:\/\/museodelacharreria.org.mx\/wp-content\/uploads\/2023\/10\/Museo-de-la-Charreria-Sombrero-0136-100x100.jpg 100w, https:\/\/museodelacharreria.org.mx\/wp-content\/uploads\/2023\/10\/Museo-de-la-Charreria-Sombrero-0136-36x36.jpg 36w, https:\/\/museodelacharreria.org.mx\/wp-content\/uploads\/2023\/10\/Museo-de-la-Charreria-Sombrero-0136-180x180.jpg 180w\" sizes=\"(max-width: 100px) 100vw, 100px\" \/><\/a><\/div><div class=\"av-magazine-content-wrap\"><header class=\"entry-content-header\" aria-label=\"Post: SOMBRERO DE CHARRO CON RIBETE EN PA\u00d1O CAFE\"><time class='av-magazine-time updated'  itemprop=\"datePublished\" datetime=\"2023-10-26T02:29:07-06:00\" >2023-10-26<\/time><h3 class='av-magazine-title entry-title'  itemprop=\"headline\" ><a href='https:\/\/museodelacharreria.org.mx\/fr\/coleccion\/sombrero-de-charro-con-ribete-en-pano-cafe\/' title='Lier vers : SOMBRERO DE CHARRO CON RIBETE EN PA\u00d1O CAFE'>CHAPEAU DE CHARRO AVEC UN REBORD EN TISSU BRUN<\/a><\/h3><\/header><\/div><footer class=\"entry-footer\"><\/footer><\/article><\/div><div class='av-magazine-group av-hidden-mag sort_12'><article class='av-magazine-entry av-magazine-entry-id-3965 av-magazine-format-standard av-magazine-type-portfolio av-magazine-entry-1 av-magazine-entry-small'  itemscope=\"itemscope\" itemtype=\"https:\/\/schema.org\/CreativeWork\" ><div class=\"av-magazine-thumbnail\"><a href='https:\/\/museodelacharreria.org.mx\/fr\/coleccion\/cabezadas-de-plata-de-emiliano-zapata\/' title='Lier vers : CABEZADAS DE PLATA DE EMILIANO ZAPATA' class='av-magazine-thumbnail-link'><img decoding=\"async\" fetchpriority=\"high\" width=\"100\" height=\"100\" src=\"https:\/\/museodelacharreria.org.mx\/wp-content\/uploads\/2024\/11\/MUSEO-DE-LA-CHARRERIA-CABEZADA-DE-EMILIANO-ZAPATA--100x100.jpg\" class=\"wp-image-3966 avia-img-lazy-loading-not-3966 attachment-thumbnail size-thumbnail wp-post-image\" alt=\"\" srcset=\"https:\/\/museodelacharreria.org.mx\/wp-content\/uploads\/2024\/11\/MUSEO-DE-LA-CHARRERIA-CABEZADA-DE-EMILIANO-ZAPATA--100x100.jpg 100w, https:\/\/museodelacharreria.org.mx\/wp-content\/uploads\/2024\/11\/MUSEO-DE-LA-CHARRERIA-CABEZADA-DE-EMILIANO-ZAPATA--36x36.jpg 36w, https:\/\/museodelacharreria.org.mx\/wp-content\/uploads\/2024\/11\/MUSEO-DE-LA-CHARRERIA-CABEZADA-DE-EMILIANO-ZAPATA--180x180.jpg 180w\" sizes=\"(max-width: 100px) 100vw, 100px\" \/><\/a><\/div><div class=\"av-magazine-content-wrap\"><header class=\"entry-content-header\" aria-label=\"Post: CABEZADAS DE PLATA DE EMILIANO ZAPATA\"><time class='av-magazine-time updated'  itemprop=\"datePublished\" datetime=\"2024-11-25T20:09:58-06:00\" >2024-11-25<\/time><h3 class='av-magazine-title entry-title'  itemprop=\"headline\" ><a href='https:\/\/museodelacharreria.org.mx\/fr\/coleccion\/cabezadas-de-plata-de-emiliano-zapata\/' title='Lier vers : CABEZADAS DE PLATA DE EMILIANO ZAPATA'>LES BRIDES D'ARGENT D'EMILIANO ZAPATA<\/a><\/h3><\/header><\/div><footer class=\"entry-footer\"><\/footer><\/article><article class='av-magazine-entry av-magazine-entry-id-3867 av-magazine-format-standard av-magazine-type-portfolio av-magazine-entry-2 av-magazine-entry-small'  itemscope=\"itemscope\" itemtype=\"https:\/\/schema.org\/CreativeWork\" ><div class=\"av-magazine-thumbnail\"><a href='https:\/\/museodelacharreria.org.mx\/fr\/coleccion\/fuste-rustico\/' title='Lier vers : FUSTE R\u00daSTICO' class='av-magazine-thumbnail-link'><img decoding=\"async\" fetchpriority=\"high\" width=\"100\" height=\"100\" src=\"https:\/\/museodelacharreria.org.mx\/wp-content\/uploads\/2024\/11\/MUSEO-DE-LA-CHARRERIA-FUSTE-RUSTICO-7141-100x100.jpg\" class=\"wp-image-3872 avia-img-lazy-loading-not-3872 attachment-thumbnail size-thumbnail wp-post-image\" alt=\"\" srcset=\"https:\/\/museodelacharreria.org.mx\/wp-content\/uploads\/2024\/11\/MUSEO-DE-LA-CHARRERIA-FUSTE-RUSTICO-7141-100x100.jpg 100w, https:\/\/museodelacharreria.org.mx\/wp-content\/uploads\/2024\/11\/MUSEO-DE-LA-CHARRERIA-FUSTE-RUSTICO-7141-36x36.jpg 36w, https:\/\/museodelacharreria.org.mx\/wp-content\/uploads\/2024\/11\/MUSEO-DE-LA-CHARRERIA-FUSTE-RUSTICO-7141-180x180.jpg 180w\" sizes=\"(max-width: 100px) 100vw, 100px\" \/><\/a><\/div><div class=\"av-magazine-content-wrap\"><header class=\"entry-content-header\" aria-label=\"Post: FUSTE R\u00daSTICO\"><time class='av-magazine-time updated'  itemprop=\"datePublished\" datetime=\"2024-09-25T13:46:58-06:00\" >2024-09-25<\/time><h3 class='av-magazine-title entry-title'  itemprop=\"headline\" ><a href='https:\/\/museodelacharreria.org.mx\/fr\/coleccion\/fuste-rustico\/' title='Lier vers : FUSTE R\u00daSTICO'>FUSTE RUSTIQUE<\/a><\/h3><\/header><\/div><footer class=\"entry-footer\"><\/footer><\/article><article class='av-magazine-entry av-magazine-entry-id-3375 av-magazine-format-standard av-magazine-type-portfolio av-magazine-entry-3 av-magazine-entry-small'  itemscope=\"itemscope\" itemtype=\"https:\/\/schema.org\/CreativeWork\" ><div class=\"av-magazine-thumbnail\"><a href='https:\/\/museodelacharreria.org.mx\/fr\/coleccion\/fierros-para-marcar-ganado\/' title='Lier vers : FIERROS PARA MARCAR GANADO' class='av-magazine-thumbnail-link'><img decoding=\"async\" fetchpriority=\"high\" width=\"100\" height=\"100\" src=\"https:\/\/museodelacharreria.org.mx\/wp-content\/uploads\/2024\/06\/MUSEO-DE-LA-CHARRERIA-FIERROS-PARA-MARCAR-GANADO-1513-100x100.jpg\" class=\"wp-image-3405 avia-img-lazy-loading-not-3405 attachment-thumbnail size-thumbnail wp-post-image\" alt=\"\" srcset=\"https:\/\/museodelacharreria.org.mx\/wp-content\/uploads\/2024\/06\/MUSEO-DE-LA-CHARRERIA-FIERROS-PARA-MARCAR-GANADO-1513-100x100.jpg 100w, https:\/\/museodelacharreria.org.mx\/wp-content\/uploads\/2024\/06\/MUSEO-DE-LA-CHARRERIA-FIERROS-PARA-MARCAR-GANADO-1513-36x36.jpg 36w, https:\/\/museodelacharreria.org.mx\/wp-content\/uploads\/2024\/06\/MUSEO-DE-LA-CHARRERIA-FIERROS-PARA-MARCAR-GANADO-1513-180x180.jpg 180w\" sizes=\"(max-width: 100px) 100vw, 100px\" \/><\/a><\/div><div class=\"av-magazine-content-wrap\"><header class=\"entry-content-header\" aria-label=\"Post: FIERROS PARA MARCAR GANADO\"><time class='av-magazine-time updated'  itemprop=\"datePublished\" datetime=\"2024-06-27T20:42:24-06:00\" >2024-06-27<\/time><h3 class='av-magazine-title entry-title'  itemprop=\"headline\" ><a href='https:\/\/museodelacharreria.org.mx\/fr\/coleccion\/fierros-para-marcar-ganado\/' title='Lier vers : FIERROS PARA MARCAR GANADO'>FERS \u00c0 MARQUER LE B\u00c9TAIL<\/a><\/h3><\/header><\/div><footer class=\"entry-footer\"><\/footer><\/article><article class='av-magazine-entry av-magazine-entry-id-3158 av-magazine-format-standard av-magazine-type-portfolio av-magazine-entry-4 av-magazine-entry-small'  itemscope=\"itemscope\" itemtype=\"https:\/\/schema.org\/CreativeWork\" ><div class=\"av-magazine-thumbnail\"><a href='https:\/\/museodelacharreria.org.mx\/fr\/coleccion\/estribos-con-tapadera\/' title='Lier vers : ESTRIBOS CON TAPADERA' class='av-magazine-thumbnail-link'><img decoding=\"async\" fetchpriority=\"high\" width=\"100\" height=\"100\" src=\"https:\/\/museodelacharreria.org.mx\/wp-content\/uploads\/2024\/06\/MUSEO-DE-LA-CHARRERIA-ESTRIBO-CON-TAPADERA-HRZ-100x100.jpg\" class=\"wp-image-3139 avia-img-lazy-loading-not-3139 attachment-thumbnail size-thumbnail wp-post-image\" alt=\"\" srcset=\"https:\/\/museodelacharreria.org.mx\/wp-content\/uploads\/2024\/06\/MUSEO-DE-LA-CHARRERIA-ESTRIBO-CON-TAPADERA-HRZ-100x100.jpg 100w, https:\/\/museodelacharreria.org.mx\/wp-content\/uploads\/2024\/06\/MUSEO-DE-LA-CHARRERIA-ESTRIBO-CON-TAPADERA-HRZ-36x36.jpg 36w, https:\/\/museodelacharreria.org.mx\/wp-content\/uploads\/2024\/06\/MUSEO-DE-LA-CHARRERIA-ESTRIBO-CON-TAPADERA-HRZ-180x180.jpg 180w\" sizes=\"(max-width: 100px) 100vw, 100px\" \/><\/a><\/div><div class=\"av-magazine-content-wrap\"><header class=\"entry-content-header\" aria-label=\"Post: ESTRIBOS CON TAPADERA\"><time class='av-magazine-time updated'  itemprop=\"datePublished\" datetime=\"2024-06-25T18:55:11-06:00\" >2024-06-25<\/time><h3 class='av-magazine-title entry-title'  itemprop=\"headline\" ><a href='https:\/\/museodelacharreria.org.mx\/fr\/coleccion\/estribos-con-tapadera\/' title='Lier vers : ESTRIBOS CON TAPADERA'>\u00c9TRIERS AVEC COUVERCLE<\/a><\/h3><\/header><\/div><footer class=\"entry-footer\"><\/footer><\/article><article class='av-magazine-entry av-magazine-entry-id-3153 av-magazine-format-standard av-magazine-type-portfolio av-magazine-entry-5 av-magazine-entry-small'  itemscope=\"itemscope\" itemtype=\"https:\/\/schema.org\/CreativeWork\" ><div class=\"av-magazine-thumbnail\"><a href='https:\/\/museodelacharreria.org.mx\/fr\/coleccion\/estribos-circulares-forrados\/' title='Lier vers : ESTRIBOS CIRCULARES FORRADOS' class='av-magazine-thumbnail-link'><img decoding=\"async\" fetchpriority=\"high\" width=\"100\" height=\"100\" src=\"https:\/\/museodelacharreria.org.mx\/wp-content\/uploads\/2024\/06\/MUSEO-DE-LA-CHARRERIA-ESTRIBO-CIRCULAR-FORRADO-HRZ-0097-100x100.jpg\" class=\"wp-image-3157 avia-img-lazy-loading-not-3157 attachment-thumbnail size-thumbnail wp-post-image\" alt=\"\" srcset=\"https:\/\/museodelacharreria.org.mx\/wp-content\/uploads\/2024\/06\/MUSEO-DE-LA-CHARRERIA-ESTRIBO-CIRCULAR-FORRADO-HRZ-0097-100x100.jpg 100w, https:\/\/museodelacharreria.org.mx\/wp-content\/uploads\/2024\/06\/MUSEO-DE-LA-CHARRERIA-ESTRIBO-CIRCULAR-FORRADO-HRZ-0097-36x36.jpg 36w, https:\/\/museodelacharreria.org.mx\/wp-content\/uploads\/2024\/06\/MUSEO-DE-LA-CHARRERIA-ESTRIBO-CIRCULAR-FORRADO-HRZ-0097-180x180.jpg 180w\" sizes=\"(max-width: 100px) 100vw, 100px\" \/><\/a><\/div><div class=\"av-magazine-content-wrap\"><header class=\"entry-content-header\" aria-label=\"Post: ESTRIBOS CIRCULARES FORRADOS\"><time class='av-magazine-time updated'  itemprop=\"datePublished\" datetime=\"2024-06-25T18:34:25-06:00\" >2024-06-25<\/time><h3 class='av-magazine-title entry-title'  itemprop=\"headline\" ><a href='https:\/\/museodelacharreria.org.mx\/fr\/coleccion\/estribos-circulares-forrados\/' title='Lier vers : ESTRIBOS CIRCULARES FORRADOS'>\u00c9TRIERS CIRCULAIRES DOUBL\u00c9S<\/a><\/h3><\/header><\/div><footer class=\"entry-footer\"><\/footer><\/article><article class='av-magazine-entry av-magazine-entry-id-3131 av-magazine-format-standard av-magazine-type-portfolio av-magazine-entry-6 av-magazine-entry-small'  itemscope=\"itemscope\" itemtype=\"https:\/\/schema.org\/CreativeWork\" ><div class=\"av-magazine-thumbnail\"><a href='https:\/\/museodelacharreria.org.mx\/fr\/coleccion\/estribos-de-caja\/' title='Lier vers : ESTRIBOS DE CAJA' class='av-magazine-thumbnail-link'><img decoding=\"async\" fetchpriority=\"high\" width=\"100\" height=\"100\" src=\"https:\/\/museodelacharreria.org.mx\/wp-content\/uploads\/2024\/06\/MUSEO-DE-LA-CHARRERIA-ESTRIBO-DE-CAJA-0085-100x100.jpg\" class=\"wp-image-3144 avia-img-lazy-loading-not-3144 attachment-thumbnail size-thumbnail wp-post-image\" alt=\"\" srcset=\"https:\/\/museodelacharreria.org.mx\/wp-content\/uploads\/2024\/06\/MUSEO-DE-LA-CHARRERIA-ESTRIBO-DE-CAJA-0085-100x100.jpg 100w, https:\/\/museodelacharreria.org.mx\/wp-content\/uploads\/2024\/06\/MUSEO-DE-LA-CHARRERIA-ESTRIBO-DE-CAJA-0085-36x36.jpg 36w, https:\/\/museodelacharreria.org.mx\/wp-content\/uploads\/2024\/06\/MUSEO-DE-LA-CHARRERIA-ESTRIBO-DE-CAJA-0085-180x180.jpg 180w\" sizes=\"(max-width: 100px) 100vw, 100px\" \/><\/a><\/div><div class=\"av-magazine-content-wrap\"><header class=\"entry-content-header\" aria-label=\"Post: ESTRIBOS DE CAJA\"><time class='av-magazine-time updated'  itemprop=\"datePublished\" datetime=\"2024-06-25T18:14:59-06:00\" >2024-06-25<\/time><h3 class='av-magazine-title entry-title'  itemprop=\"headline\" ><a href='https:\/\/museodelacharreria.org.mx\/fr\/coleccion\/estribos-de-caja\/' title='Lier vers : ESTRIBOS DE CAJA'>SUPPORTS DE BO\u00ceTES<\/a><\/h3><\/header><\/div><footer class=\"entry-footer\"><\/footer><\/article><article class='av-magazine-entry av-magazine-entry-id-3910 av-magazine-format-standard av-magazine-type-portfolio av-magazine-entry-7 av-magazine-entry-small'  itemscope=\"itemscope\" itemtype=\"https:\/\/schema.org\/CreativeWork\" ><div class=\"av-magazine-thumbnail\"><a href='https:\/\/museodelacharreria.org.mx\/fr\/coleccion\/frenos\/' title='Lier vers : FRENOS' class='av-magazine-thumbnail-link'><img decoding=\"async\" fetchpriority=\"high\" width=\"100\" height=\"100\" src=\"https:\/\/museodelacharreria.org.mx\/wp-content\/uploads\/2024\/11\/FRENO-5-100x100.jpg\" class=\"wp-image-3915 avia-img-lazy-loading-not-3915 attachment-thumbnail size-thumbnail wp-post-image\" alt=\"\" srcset=\"https:\/\/museodelacharreria.org.mx\/wp-content\/uploads\/2024\/11\/FRENO-5-100x100.jpg 100w, https:\/\/museodelacharreria.org.mx\/wp-content\/uploads\/2024\/11\/FRENO-5-36x36.jpg 36w, https:\/\/museodelacharreria.org.mx\/wp-content\/uploads\/2024\/11\/FRENO-5-180x180.jpg 180w\" sizes=\"(max-width: 100px) 100vw, 100px\" \/><\/a><\/div><div class=\"av-magazine-content-wrap\"><header class=\"entry-content-header\" aria-label=\"Post: FRENOS\"><time class='av-magazine-time updated'  itemprop=\"datePublished\" datetime=\"2024-06-25T17:48:01-06:00\" >2024-06-25<\/time><h3 class='av-magazine-title entry-title'  itemprop=\"headline\" ><a href='https:\/\/museodelacharreria.org.mx\/fr\/coleccion\/frenos\/' title='Lier vers : FRENOS'>FREINS<\/a><\/h3><\/header><\/div><footer class=\"entry-footer\"><\/footer><\/article><\/div><\/div>","protected":false},"excerpt":{"rendered":"","protected":false},"author":2,"featured_media":712,"template":"","meta":{"footnotes":""},"tags":[83,20],"portfolio_entries":[5,6],"class_list":["post-271","portfolio","type-portfolio","status-publish","has-post-thumbnail","hentry","tag-albarda","tag-siglo-xix","portfolio_entries-coleccion","portfolio_entries-sillas"],"yoast_head":"<!-- This site is optimized with the Yoast SEO plugin v27.5 - https:\/\/yoast.com\/product\/yoast-seo-wordpress\/ -->\n<title>ALBARDA DEL SIGLO XIX - Museo de la Charrer\u00eda CDMX<\/title>\n<meta name=\"description\" content=\"Nuestra colecci\u00f3n es un vibrante mosaico de \u00e9pocas y funciones, un testimonio vivo de la versatilidad y adaptabilidad de la Charrer\u00eda a lo largo del tiempo. Desde los albores de la Rep\u00fablica hasta las transformaciones de la era moderna, cada pieza expone la maestr\u00eda artesanal y el ingenio t\u00e9cnico de aquellos que forjaron esta gran tradici\u00f3n.\" \/>\n<meta name=\"robots\" content=\"index, follow, max-snippet:-1, max-image-preview:large, max-video-preview:-1\" \/>\n<link rel=\"canonical\" href=\"https:\/\/museodelacharreria.org.mx\/fr\/collection\/albarda-de-dama-charra\/\" \/>\n<meta property=\"og:locale\" content=\"fr_FR\" \/>\n<meta property=\"og:type\" content=\"article\" \/>\n<meta property=\"og:title\" content=\"ALBARDA DEL SIGLO XIX - Museo de la Charrer\u00eda CDMX\" \/>\n<meta property=\"og:description\" content=\"Nuestra colecci\u00f3n es un vibrante mosaico de \u00e9pocas y funciones, un testimonio vivo de la versatilidad y adaptabilidad de la Charrer\u00eda a lo largo del tiempo. Desde los albores de la Rep\u00fablica hasta las transformaciones de la era moderna, cada pieza expone la maestr\u00eda artesanal y el ingenio t\u00e9cnico de aquellos que forjaron esta gran tradici\u00f3n.\" \/>\n<meta property=\"og:url\" content=\"https:\/\/museodelacharreria.org.mx\/fr\/collection\/albarda-de-dama-charra\/\" \/>\n<meta property=\"og:site_name\" content=\"Museo de la Charrer\u00eda CDMX\" \/>\n<meta property=\"article:modified_time\" content=\"2024-12-06T13:57:28+00:00\" \/>\n<meta property=\"og:image\" content=\"https:\/\/museodelacharreria.org.mx\/wp-content\/uploads\/2023\/08\/Museo-de-la-Charreria-CDMX-Albarda-Inglesa-para-Dama-0081.jpg\" \/>\n\t<meta property=\"og:image:width\" content=\"1920\" \/>\n\t<meta property=\"og:image:height\" content=\"1280\" \/>\n\t<meta property=\"og:image:type\" content=\"image\/jpeg\" \/>\n<meta name=\"twitter:card\" content=\"summary_large_image\" \/>\n<meta name=\"twitter:label1\" content=\"Dur\u00e9e de lecture estim\u00e9e\" \/>\n\t<meta name=\"twitter:data1\" content=\"18 minutes\" \/>\n<script type=\"application\/ld+json\" class=\"yoast-schema-graph\">{\"@context\":\"https:\\\/\\\/schema.org\",\"@graph\":[{\"@type\":[\"WebPage\",\"CollectionPage\"],\"@id\":\"https:\\\/\\\/museodelacharreria.org.mx\\\/coleccion\\\/albarda-de-dama-charra\\\/\",\"url\":\"https:\\\/\\\/museodelacharreria.org.mx\\\/coleccion\\\/albarda-de-dama-charra\\\/\",\"name\":\"ALBARDA DEL SIGLO XIX - Museo de la Charrer\u00eda CDMX\",\"isPartOf\":{\"@id\":\"https:\\\/\\\/museodelacharreria.org.mx\\\/#website\"},\"primaryImageOfPage\":{\"@id\":\"https:\\\/\\\/museodelacharreria.org.mx\\\/coleccion\\\/albarda-de-dama-charra\\\/#primaryimage\"},\"image\":{\"@id\":\"https:\\\/\\\/museodelacharreria.org.mx\\\/coleccion\\\/albarda-de-dama-charra\\\/#primaryimage\"},\"thumbnailUrl\":\"https:\\\/\\\/museodelacharreria.org.mx\\\/wp-content\\\/uploads\\\/2023\\\/08\\\/Museo-de-la-Charreria-CDMX-Albarda-Inglesa-para-Dama-0081.jpg\",\"datePublished\":\"2023-08-24T15:49:09+00:00\",\"dateModified\":\"2024-12-06T13:57:28+00:00\",\"description\":\"Nuestra colecci\u00f3n es un vibrante mosaico de \u00e9pocas y funciones, un testimonio vivo de la versatilidad y adaptabilidad de la Charrer\u00eda a lo largo del tiempo. Desde los albores de la Rep\u00fablica hasta las transformaciones de la era moderna, cada pieza expone la maestr\u00eda artesanal y el ingenio t\u00e9cnico de aquellos que forjaron esta gran tradici\u00f3n.\",\"breadcrumb\":{\"@id\":\"https:\\\/\\\/museodelacharreria.org.mx\\\/coleccion\\\/albarda-de-dama-charra\\\/#breadcrumb\"},\"inLanguage\":\"fr-FR\"},{\"@type\":\"ImageObject\",\"inLanguage\":\"fr-FR\",\"@id\":\"https:\\\/\\\/museodelacharreria.org.mx\\\/coleccion\\\/albarda-de-dama-charra\\\/#primaryimage\",\"url\":\"https:\\\/\\\/museodelacharreria.org.mx\\\/wp-content\\\/uploads\\\/2023\\\/08\\\/Museo-de-la-Charreria-CDMX-Albarda-Inglesa-para-Dama-0081.jpg\",\"contentUrl\":\"https:\\\/\\\/museodelacharreria.org.mx\\\/wp-content\\\/uploads\\\/2023\\\/08\\\/Museo-de-la-Charreria-CDMX-Albarda-Inglesa-para-Dama-0081.jpg\",\"width\":1920,\"height\":1280,\"caption\":\"Albarda inglesa para Dama\"},{\"@type\":\"BreadcrumbList\",\"@id\":\"https:\\\/\\\/museodelacharreria.org.mx\\\/coleccion\\\/albarda-de-dama-charra\\\/#breadcrumb\",\"itemListElement\":[{\"@type\":\"ListItem\",\"position\":1,\"name\":\"Portada\",\"item\":\"https:\\\/\\\/museodelacharreria.org.mx\\\/inicio\\\/\"},{\"@type\":\"ListItem\",\"position\":2,\"name\":\"ALBARDA DEL SIGLO XIX\"}]},{\"@type\":\"WebSite\",\"@id\":\"https:\\\/\\\/museodelacharreria.org.mx\\\/#website\",\"url\":\"https:\\\/\\\/museodelacharreria.org.mx\\\/\",\"name\":\"Museo de la Charrer\u00eda CDMX\",\"description\":\"Historia y tradici\u00f3n, patrimonio cultural inmaterial de la humanidad UNESCO\",\"publisher\":{\"@id\":\"https:\\\/\\\/museodelacharreria.org.mx\\\/#organization\"},\"potentialAction\":[{\"@type\":\"SearchAction\",\"target\":{\"@type\":\"EntryPoint\",\"urlTemplate\":\"https:\\\/\\\/museodelacharreria.org.mx\\\/?s={search_term_string}\"},\"query-input\":{\"@type\":\"PropertyValueSpecification\",\"valueRequired\":true,\"valueName\":\"search_term_string\"}}],\"inLanguage\":\"fr-FR\"},{\"@type\":\"Organization\",\"@id\":\"https:\\\/\\\/museodelacharreria.org.mx\\\/#organization\",\"name\":\"Museo de la Charrer\u00eda Ciudad de M\u00e9xico\",\"alternateName\":\"Museo de la Charrer\u00eda CDMX\",\"url\":\"https:\\\/\\\/museodelacharreria.org.mx\\\/\",\"logo\":{\"@type\":\"ImageObject\",\"inLanguage\":\"fr-FR\",\"@id\":\"https:\\\/\\\/museodelacharreria.org.mx\\\/#\\\/schema\\\/logo\\\/image\\\/\",\"url\":\"https:\\\/\\\/museodelacharreria.org.mx\\\/wp-content\\\/uploads\\\/2023\\\/07\\\/Logo-Museo-de-la-Charreria-b-n.png\",\"contentUrl\":\"https:\\\/\\\/museodelacharreria.org.mx\\\/wp-content\\\/uploads\\\/2023\\\/07\\\/Logo-Museo-de-la-Charreria-b-n.png\",\"width\":500,\"height\":250,\"caption\":\"Museo de la Charrer\u00eda Ciudad de M\u00e9xico\"},\"image\":{\"@id\":\"https:\\\/\\\/museodelacharreria.org.mx\\\/#\\\/schema\\\/logo\\\/image\\\/\"},\"sameAs\":[\"https:\\\/\\\/www.youtube.com\\\/@MuseoDeLaCharreria\"]}]}<\/script>\n<!-- \/ Yoast SEO plugin. -->","yoast_head_json":{"title":"ALBARDE DU 19e SI\u00c8CLE - Museo de la Charreria CDMX","description":"Notre collection est une mosa\u00efque vibrante d'\u00e9poques et de fonctions, un t\u00e9moignage vivant de la polyvalence et de l'adaptabilit\u00e9 de la Charrer\u00eda au fil du temps. De l'aube de la R\u00e9publique aux transformations de l'\u00e8re moderne, chaque pi\u00e8ce t\u00e9moigne du savoir-faire et de l'ing\u00e9niosit\u00e9 technique de ceux qui ont forg\u00e9 cette grande tradition.","robots":{"index":"index","follow":"follow","max-snippet":"max-snippet:-1","max-image-preview":"max-image-preview:large","max-video-preview":"max-video-preview:-1"},"canonical":"https:\/\/museodelacharreria.org.mx\/fr\/collection\/albarda-de-dama-charra\/","og_locale":"fr_FR","og_type":"article","og_title":"ALBARDA DEL SIGLO XIX - Museo de la Charrer\u00eda CDMX","og_description":"Nuestra colecci\u00f3n es un vibrante mosaico de \u00e9pocas y funciones, un testimonio vivo de la versatilidad y adaptabilidad de la Charrer\u00eda a lo largo del tiempo. Desde los albores de la Rep\u00fablica hasta las transformaciones de la era moderna, cada pieza expone la maestr\u00eda artesanal y el ingenio t\u00e9cnico de aquellos que forjaron esta gran tradici\u00f3n.","og_url":"https:\/\/museodelacharreria.org.mx\/fr\/collection\/albarda-de-dama-charra\/","og_site_name":"Museo de la Charrer\u00eda CDMX","article_modified_time":"2024-12-06T13:57:28+00:00","og_image":[{"width":1920,"height":1280,"url":"https:\/\/museodelacharreria.org.mx\/wp-content\/uploads\/2023\/08\/Museo-de-la-Charreria-CDMX-Albarda-Inglesa-para-Dama-0081.jpg","type":"image\/jpeg"}],"twitter_card":"summary_large_image","twitter_misc":{"Dur\u00e9e de lecture estim\u00e9e":"18 minutes"},"schema":{"@context":"https:\/\/schema.org","@graph":[{"@type":["WebPage","CollectionPage"],"@id":"https:\/\/museodelacharreria.org.mx\/coleccion\/albarda-de-dama-charra\/","url":"https:\/\/museodelacharreria.org.mx\/coleccion\/albarda-de-dama-charra\/","name":"ALBARDE DU 19e SI\u00c8CLE - Museo de la Charreria CDMX","isPartOf":{"@id":"https:\/\/museodelacharreria.org.mx\/#website"},"primaryImageOfPage":{"@id":"https:\/\/museodelacharreria.org.mx\/coleccion\/albarda-de-dama-charra\/#primaryimage"},"image":{"@id":"https:\/\/museodelacharreria.org.mx\/coleccion\/albarda-de-dama-charra\/#primaryimage"},"thumbnailUrl":"https:\/\/museodelacharreria.org.mx\/wp-content\/uploads\/2023\/08\/Museo-de-la-Charreria-CDMX-Albarda-Inglesa-para-Dama-0081.jpg","datePublished":"2023-08-24T15:49:09+00:00","dateModified":"2024-12-06T13:57:28+00:00","description":"Notre collection est une mosa\u00efque vibrante d'\u00e9poques et de fonctions, un t\u00e9moignage vivant de la polyvalence et de l'adaptabilit\u00e9 de la Charrer\u00eda au fil du temps. De l'aube de la R\u00e9publique aux transformations de l'\u00e8re moderne, chaque pi\u00e8ce t\u00e9moigne du savoir-faire et de l'ing\u00e9niosit\u00e9 technique de ceux qui ont forg\u00e9 cette grande tradition.","breadcrumb":{"@id":"https:\/\/museodelacharreria.org.mx\/coleccion\/albarda-de-dama-charra\/#breadcrumb"},"inLanguage":"fr-FR"},{"@type":"ImageObject","inLanguage":"fr-FR","@id":"https:\/\/museodelacharreria.org.mx\/coleccion\/albarda-de-dama-charra\/#primaryimage","url":"https:\/\/museodelacharreria.org.mx\/wp-content\/uploads\/2023\/08\/Museo-de-la-Charreria-CDMX-Albarda-Inglesa-para-Dama-0081.jpg","contentUrl":"https:\/\/museodelacharreria.org.mx\/wp-content\/uploads\/2023\/08\/Museo-de-la-Charreria-CDMX-Albarda-Inglesa-para-Dama-0081.jpg","width":1920,"height":1280,"caption":"Albarda inglesa para Dama"},{"@type":"BreadcrumbList","@id":"https:\/\/museodelacharreria.org.mx\/coleccion\/albarda-de-dama-charra\/#breadcrumb","itemListElement":[{"@type":"ListItem","position":1,"name":"Portada","item":"https:\/\/museodelacharreria.org.mx\/inicio\/"},{"@type":"ListItem","position":2,"name":"ALBARDA DEL SIGLO XIX"}]},{"@type":"WebSite","@id":"https:\/\/museodelacharreria.org.mx\/#website","url":"https:\/\/museodelacharreria.org.mx\/","name":"Mus\u00e9e de la Charrerie CDMX","description":"Histoire et tradition, patrimoine culturel immat\u00e9riel de l'humanit\u00e9 UNESCO","publisher":{"@id":"https:\/\/museodelacharreria.org.mx\/#organization"},"potentialAction":[{"@type":"SearchAction","target":{"@type":"EntryPoint","urlTemplate":"https:\/\/museodelacharreria.org.mx\/?s={search_term_string}"},"query-input":{"@type":"PropertyValueSpecification","valueRequired":true,"valueName":"search_term_string"}}],"inLanguage":"fr-FR"},{"@type":"Organization","@id":"https:\/\/museodelacharreria.org.mx\/#organization","name":"Mus\u00e9e de la Charrerie Mexico","alternateName":"Museo de la Charrer\u00eda CDMX","url":"https:\/\/museodelacharreria.org.mx\/","logo":{"@type":"ImageObject","inLanguage":"fr-FR","@id":"https:\/\/museodelacharreria.org.mx\/#\/schema\/logo\/image\/","url":"https:\/\/museodelacharreria.org.mx\/wp-content\/uploads\/2023\/07\/Logo-Museo-de-la-Charreria-b-n.png","contentUrl":"https:\/\/museodelacharreria.org.mx\/wp-content\/uploads\/2023\/07\/Logo-Museo-de-la-Charreria-b-n.png","width":500,"height":250,"caption":"Museo de la Charrer\u00eda Ciudad de M\u00e9xico"},"image":{"@id":"https:\/\/museodelacharreria.org.mx\/#\/schema\/logo\/image\/"},"sameAs":["https:\/\/www.youtube.com\/@MuseoDeLaCharreria"]}]}},"_links":{"self":[{"href":"https:\/\/museodelacharreria.org.mx\/fr\/wp-json\/wp\/v2\/portfolio\/271","targetHints":{"allow":["GET"]}}],"collection":[{"href":"https:\/\/museodelacharreria.org.mx\/fr\/wp-json\/wp\/v2\/portfolio"}],"about":[{"href":"https:\/\/museodelacharreria.org.mx\/fr\/wp-json\/wp\/v2\/types\/portfolio"}],"author":[{"embeddable":true,"href":"https:\/\/museodelacharreria.org.mx\/fr\/wp-json\/wp\/v2\/users\/2"}],"version-history":[{"count":40,"href":"https:\/\/museodelacharreria.org.mx\/fr\/wp-json\/wp\/v2\/portfolio\/271\/revisions"}],"predecessor-version":[{"id":3687,"href":"https:\/\/museodelacharreria.org.mx\/fr\/wp-json\/wp\/v2\/portfolio\/271\/revisions\/3687"}],"wp:featuredmedia":[{"embeddable":true,"href":"https:\/\/museodelacharreria.org.mx\/fr\/wp-json\/wp\/v2\/media\/712"}],"wp:attachment":[{"href":"https:\/\/museodelacharreria.org.mx\/fr\/wp-json\/wp\/v2\/media?parent=271"}],"wp:term":[{"taxonomy":"post_tag","embeddable":true,"href":"https:\/\/museodelacharreria.org.mx\/fr\/wp-json\/wp\/v2\/tags?post=271"},{"taxonomy":"portfolio_entries","embeddable":true,"href":"https:\/\/museodelacharreria.org.mx\/fr\/wp-json\/wp\/v2\/portfolio_entries?post=271"}],"curies":[{"name":"wp","href":"https:\/\/api.w.org\/{rel}","templated":true}]}}