{"id":3375,"date":"2024-06-27T20:42:24","date_gmt":"2024-06-28T02:42:24","guid":{"rendered":"https:\/\/museodelacharreria.org.mx\/?post_type=portfolio&#038;p=3375"},"modified":"2024-08-09T13:55:50","modified_gmt":"2024-08-09T19:55:50","slug":"fer-a-marquer-pour-le-betail","status":"publish","type":"portfolio","link":"https:\/\/museodelacharreria.org.mx\/fr\/coleccion\/fierros-para-marcar-ganado\/","title":{"rendered":"FERS \u00c0 MARQUER LE B\u00c9TAIL"},"content":{"rendered":"<div id='full_slider_1'  class='avia-fullwidth-slider main_color avia-shadow   avia-builder-el-0  el_before_av_hr  avia-builder-el-first   container_wrap fullsize'  ><div  class='avia-slideshow av-lc6ta2-c06bedacefbcf8198088a60d36e9c935 avia-slideshow-no scaling av_slideshow_full avia-fade-slider av-slideshow-ui av-control-default av-nav-dots-visible av-slideshow-autoplay av-loop-endless av-loop-manual-endless av-default-height-applied   avia-slideshow-1' data-slideshow-options=\"{&quot;animation&quot;:&quot;fade&quot;,&quot;autoplay&quot;:true,&quot;loop_autoplay&quot;:&quot;endless&quot;,&quot;interval&quot;:5,&quot;loop_manual&quot;:&quot;manual-endless&quot;,&quot;autoplay_stopper&quot;:false,&quot;noNavigation&quot;:false,&quot;bg_slider&quot;:false,&quot;keep_padding&quot;:false,&quot;hoverpause&quot;:false,&quot;show_slide_delay&quot;:0}\"  itemprop=\"image\" itemscope=\"itemscope\" itemtype=\"https:\/\/schema.org\/ImageObject\" ><ul class='avia-slideshow-inner' style='padding-bottom: 66.666666666667%;'><li  class='avia-slideshow-slide av-lc6ta2-c06bedacefbcf8198088a60d36e9c935__0  slide-1 slide-odd'><div data-rel='slideshow-1' class='avia-slide-wrap'   ><img decoding=\"async\" loading=\"lazy\" class=\"wp-image-3405 avia-img-lazy-loading-3405\"  src=\"https:\/\/museodelacharreria.org.mx\/wp-content\/uploads\/2024\/06\/MUSEO-DE-LA-CHARRERIA-FIERROS-PARA-MARCAR-GANADO-1513.jpg\" width=\"1920\" height=\"1280\" title='MUS\u00c9E DE LA CHARRERIE : FERS \u00c0 MARQUER LE B\u00c9TAIL - 1513' alt=''  itemprop=\"thumbnailUrl\"  style='min-height:500px; min-width:750px; ' srcset=\"https:\/\/museodelacharreria.org.mx\/wp-content\/uploads\/2024\/06\/MUSEO-DE-LA-CHARRERIA-FIERROS-PARA-MARCAR-GANADO-1513.jpg 1920w, https:\/\/museodelacharreria.org.mx\/wp-content\/uploads\/2024\/06\/MUSEO-DE-LA-CHARRERIA-FIERROS-PARA-MARCAR-GANADO-1513-400x267.jpg 400w, https:\/\/museodelacharreria.org.mx\/wp-content\/uploads\/2024\/06\/MUSEO-DE-LA-CHARRERIA-FIERROS-PARA-MARCAR-GANADO-1513-768x512.jpg 768w, https:\/\/museodelacharreria.org.mx\/wp-content\/uploads\/2024\/06\/MUSEO-DE-LA-CHARRERIA-FIERROS-PARA-MARCAR-GANADO-1513-1536x1024.jpg 1536w, https:\/\/museodelacharreria.org.mx\/wp-content\/uploads\/2024\/06\/MUSEO-DE-LA-CHARRERIA-FIERROS-PARA-MARCAR-GANADO-1513-18x12.jpg 18w, https:\/\/museodelacharreria.org.mx\/wp-content\/uploads\/2024\/06\/MUSEO-DE-LA-CHARRERIA-FIERROS-PARA-MARCAR-GANADO-1513-1500x1000.jpg 1500w, https:\/\/museodelacharreria.org.mx\/wp-content\/uploads\/2024\/06\/MUSEO-DE-LA-CHARRERIA-FIERROS-PARA-MARCAR-GANADO-1513-705x470.jpg 705w, https:\/\/museodelacharreria.org.mx\/wp-content\/uploads\/2024\/06\/MUSEO-DE-LA-CHARRERIA-FIERROS-PARA-MARCAR-GANADO-1513-600x400.jpg 600w, https:\/\/museodelacharreria.org.mx\/wp-content\/uploads\/2024\/06\/MUSEO-DE-LA-CHARRERIA-FIERROS-PARA-MARCAR-GANADO-1513-240x160.jpg 240w\" sizes=\"auto, (max-width: 1920px) 100vw, 1920px\" \/><\/div><\/li><li  class='avia-slideshow-slide av-lc6ta2-c06bedacefbcf8198088a60d36e9c935__1  slide-2 slide-even'><div data-rel='slideshow-1' class='avia-slide-wrap'   ><img decoding=\"async\" loading=\"lazy\" class=\"wp-image-3402 avia-img-lazy-loading-3402\"  src=\"https:\/\/museodelacharreria.org.mx\/wp-content\/uploads\/2024\/06\/MUSEO-DE-LA-CHARRERIA-FIERROS-PARA-MARCAR-GANADO-1511.jpg\" width=\"1920\" height=\"1280\" title='MUS\u00c9E DE LA CHARRERIE : FERS \u00c0 MARQUER LE B\u00c9TAIL-1511' alt=''  itemprop=\"thumbnailUrl\"  style='min-height:500px; min-width:750px; ' srcset=\"https:\/\/museodelacharreria.org.mx\/wp-content\/uploads\/2024\/06\/MUSEO-DE-LA-CHARRERIA-FIERROS-PARA-MARCAR-GANADO-1511.jpg 1920w, https:\/\/museodelacharreria.org.mx\/wp-content\/uploads\/2024\/06\/MUSEO-DE-LA-CHARRERIA-FIERROS-PARA-MARCAR-GANADO-1511-400x267.jpg 400w, https:\/\/museodelacharreria.org.mx\/wp-content\/uploads\/2024\/06\/MUSEO-DE-LA-CHARRERIA-FIERROS-PARA-MARCAR-GANADO-1511-768x512.jpg 768w, https:\/\/museodelacharreria.org.mx\/wp-content\/uploads\/2024\/06\/MUSEO-DE-LA-CHARRERIA-FIERROS-PARA-MARCAR-GANADO-1511-1536x1024.jpg 1536w, https:\/\/museodelacharreria.org.mx\/wp-content\/uploads\/2024\/06\/MUSEO-DE-LA-CHARRERIA-FIERROS-PARA-MARCAR-GANADO-1511-18x12.jpg 18w, https:\/\/museodelacharreria.org.mx\/wp-content\/uploads\/2024\/06\/MUSEO-DE-LA-CHARRERIA-FIERROS-PARA-MARCAR-GANADO-1511-1500x1000.jpg 1500w, https:\/\/museodelacharreria.org.mx\/wp-content\/uploads\/2024\/06\/MUSEO-DE-LA-CHARRERIA-FIERROS-PARA-MARCAR-GANADO-1511-705x470.jpg 705w, https:\/\/museodelacharreria.org.mx\/wp-content\/uploads\/2024\/06\/MUSEO-DE-LA-CHARRERIA-FIERROS-PARA-MARCAR-GANADO-1511-600x400.jpg 600w, https:\/\/museodelacharreria.org.mx\/wp-content\/uploads\/2024\/06\/MUSEO-DE-LA-CHARRERIA-FIERROS-PARA-MARCAR-GANADO-1511-240x160.jpg 240w\" sizes=\"auto, (max-width: 1920px) 100vw, 1920px\" \/><\/div><\/li><li  class='avia-slideshow-slide av-lc6ta2-c06bedacefbcf8198088a60d36e9c935__2  slide-3 slide-odd'><div data-rel='slideshow-1' class='avia-slide-wrap'   ><img decoding=\"async\" loading=\"lazy\" class=\"wp-image-3404 avia-img-lazy-loading-3404\"  src=\"https:\/\/museodelacharreria.org.mx\/wp-content\/uploads\/2024\/06\/MUSEO-DE-LA-CHARRERIA-FIERROS-PARA-MARCAR-GANADO-1512.jpg\" width=\"1920\" height=\"1280\" title='MUS\u00c9E DE LA CHARRERIE : FERS \u00c0 MARQUER LE B\u00c9TAIL - 1512' alt=''  itemprop=\"thumbnailUrl\"  style='min-height:500px; min-width:750px; ' srcset=\"https:\/\/museodelacharreria.org.mx\/wp-content\/uploads\/2024\/06\/MUSEO-DE-LA-CHARRERIA-FIERROS-PARA-MARCAR-GANADO-1512.jpg 1920w, https:\/\/museodelacharreria.org.mx\/wp-content\/uploads\/2024\/06\/MUSEO-DE-LA-CHARRERIA-FIERROS-PARA-MARCAR-GANADO-1512-400x267.jpg 400w, https:\/\/museodelacharreria.org.mx\/wp-content\/uploads\/2024\/06\/MUSEO-DE-LA-CHARRERIA-FIERROS-PARA-MARCAR-GANADO-1512-768x512.jpg 768w, https:\/\/museodelacharreria.org.mx\/wp-content\/uploads\/2024\/06\/MUSEO-DE-LA-CHARRERIA-FIERROS-PARA-MARCAR-GANADO-1512-1536x1024.jpg 1536w, https:\/\/museodelacharreria.org.mx\/wp-content\/uploads\/2024\/06\/MUSEO-DE-LA-CHARRERIA-FIERROS-PARA-MARCAR-GANADO-1512-18x12.jpg 18w, https:\/\/museodelacharreria.org.mx\/wp-content\/uploads\/2024\/06\/MUSEO-DE-LA-CHARRERIA-FIERROS-PARA-MARCAR-GANADO-1512-1500x1000.jpg 1500w, https:\/\/museodelacharreria.org.mx\/wp-content\/uploads\/2024\/06\/MUSEO-DE-LA-CHARRERIA-FIERROS-PARA-MARCAR-GANADO-1512-705x470.jpg 705w, https:\/\/museodelacharreria.org.mx\/wp-content\/uploads\/2024\/06\/MUSEO-DE-LA-CHARRERIA-FIERROS-PARA-MARCAR-GANADO-1512-600x400.jpg 600w, https:\/\/museodelacharreria.org.mx\/wp-content\/uploads\/2024\/06\/MUSEO-DE-LA-CHARRERIA-FIERROS-PARA-MARCAR-GANADO-1512-240x160.jpg 240w\" sizes=\"auto, (max-width: 1920px) 100vw, 1920px\" \/><\/div><\/li><li  class='avia-slideshow-slide av-lc6ta2-c06bedacefbcf8198088a60d36e9c935__3  slide-4 slide-even'><div data-rel='slideshow-1' class='avia-slide-wrap'   ><img decoding=\"async\" loading=\"lazy\" class=\"wp-image-3406 avia-img-lazy-loading-3406\"  src=\"https:\/\/museodelacharreria.org.mx\/wp-content\/uploads\/2024\/06\/MUSEO-DE-LA-CHARRERIA-FIERROS-PARA-MARCAR-GANADO-1509.jpg\" width=\"1920\" height=\"1280\" title='MUS\u00c9E DE LA CHARRERIE : FERS \u00c0 MARQUER LE B\u00c9TAIL-1509' alt=''  itemprop=\"thumbnailUrl\"  style='min-height:500px; min-width:750px; ' srcset=\"https:\/\/museodelacharreria.org.mx\/wp-content\/uploads\/2024\/06\/MUSEO-DE-LA-CHARRERIA-FIERROS-PARA-MARCAR-GANADO-1509.jpg 1920w, https:\/\/museodelacharreria.org.mx\/wp-content\/uploads\/2024\/06\/MUSEO-DE-LA-CHARRERIA-FIERROS-PARA-MARCAR-GANADO-1509-400x267.jpg 400w, https:\/\/museodelacharreria.org.mx\/wp-content\/uploads\/2024\/06\/MUSEO-DE-LA-CHARRERIA-FIERROS-PARA-MARCAR-GANADO-1509-768x512.jpg 768w, https:\/\/museodelacharreria.org.mx\/wp-content\/uploads\/2024\/06\/MUSEO-DE-LA-CHARRERIA-FIERROS-PARA-MARCAR-GANADO-1509-1536x1024.jpg 1536w, https:\/\/museodelacharreria.org.mx\/wp-content\/uploads\/2024\/06\/MUSEO-DE-LA-CHARRERIA-FIERROS-PARA-MARCAR-GANADO-1509-18x12.jpg 18w, https:\/\/museodelacharreria.org.mx\/wp-content\/uploads\/2024\/06\/MUSEO-DE-LA-CHARRERIA-FIERROS-PARA-MARCAR-GANADO-1509-1500x1000.jpg 1500w, https:\/\/museodelacharreria.org.mx\/wp-content\/uploads\/2024\/06\/MUSEO-DE-LA-CHARRERIA-FIERROS-PARA-MARCAR-GANADO-1509-705x470.jpg 705w, https:\/\/museodelacharreria.org.mx\/wp-content\/uploads\/2024\/06\/MUSEO-DE-LA-CHARRERIA-FIERROS-PARA-MARCAR-GANADO-1509-600x400.jpg 600w, https:\/\/museodelacharreria.org.mx\/wp-content\/uploads\/2024\/06\/MUSEO-DE-LA-CHARRERIA-FIERROS-PARA-MARCAR-GANADO-1509-240x160.jpg 240w\" sizes=\"auto, (max-width: 1920px) 100vw, 1920px\" \/><\/div><\/li><li  class='avia-slideshow-slide av-lc6ta2-c06bedacefbcf8198088a60d36e9c935__4  slide-5 slide-odd'><div data-rel='slideshow-1' class='avia-slide-wrap'   ><img decoding=\"async\" loading=\"lazy\" class=\"wp-image-3400 avia-img-lazy-loading-3400\"  src=\"https:\/\/museodelacharreria.org.mx\/wp-content\/uploads\/2024\/06\/MUSEO-DE-LA-CHARRERIA-FIERROS-PARA-MARCAR-GANADO-1517.jpg\" width=\"1920\" height=\"1280\" title='MUS\u00c9E DE LA CHARRERIE : FERS \u00c0 MARQUER LE B\u00c9TAIL - 1517' alt=''  itemprop=\"thumbnailUrl\"  style='min-height:500px; min-width:750px; ' srcset=\"https:\/\/museodelacharreria.org.mx\/wp-content\/uploads\/2024\/06\/MUSEO-DE-LA-CHARRERIA-FIERROS-PARA-MARCAR-GANADO-1517.jpg 1920w, https:\/\/museodelacharreria.org.mx\/wp-content\/uploads\/2024\/06\/MUSEO-DE-LA-CHARRERIA-FIERROS-PARA-MARCAR-GANADO-1517-400x267.jpg 400w, https:\/\/museodelacharreria.org.mx\/wp-content\/uploads\/2024\/06\/MUSEO-DE-LA-CHARRERIA-FIERROS-PARA-MARCAR-GANADO-1517-768x512.jpg 768w, https:\/\/museodelacharreria.org.mx\/wp-content\/uploads\/2024\/06\/MUSEO-DE-LA-CHARRERIA-FIERROS-PARA-MARCAR-GANADO-1517-1536x1024.jpg 1536w, https:\/\/museodelacharreria.org.mx\/wp-content\/uploads\/2024\/06\/MUSEO-DE-LA-CHARRERIA-FIERROS-PARA-MARCAR-GANADO-1517-18x12.jpg 18w, https:\/\/museodelacharreria.org.mx\/wp-content\/uploads\/2024\/06\/MUSEO-DE-LA-CHARRERIA-FIERROS-PARA-MARCAR-GANADO-1517-1500x1000.jpg 1500w, https:\/\/museodelacharreria.org.mx\/wp-content\/uploads\/2024\/06\/MUSEO-DE-LA-CHARRERIA-FIERROS-PARA-MARCAR-GANADO-1517-705x470.jpg 705w, https:\/\/museodelacharreria.org.mx\/wp-content\/uploads\/2024\/06\/MUSEO-DE-LA-CHARRERIA-FIERROS-PARA-MARCAR-GANADO-1517-600x400.jpg 600w, https:\/\/museodelacharreria.org.mx\/wp-content\/uploads\/2024\/06\/MUSEO-DE-LA-CHARRERIA-FIERROS-PARA-MARCAR-GANADO-1517-240x160.jpg 240w\" sizes=\"auto, (max-width: 1920px) 100vw, 1920px\" \/><\/div><\/li><li  class='avia-slideshow-slide av-lc6ta2-c06bedacefbcf8198088a60d36e9c935__5  slide-6 slide-even'><div data-rel='slideshow-1' class='avia-slide-wrap'   ><img decoding=\"async\" loading=\"lazy\" class=\"wp-image-3399 avia-img-lazy-loading-3399\"  src=\"https:\/\/museodelacharreria.org.mx\/wp-content\/uploads\/2024\/06\/MUSEO-DE-LA-CHARRERIA-FIERROS-PARA-MARCAR-GANADO-1514.jpg\" width=\"1920\" height=\"1280\" title='MUS\u00c9E DE LA CHARRERIE : FERS \u00c0 MARQUER LE B\u00c9TAIL-1514' alt=''  itemprop=\"thumbnailUrl\"  style='min-height:500px; min-width:750px; ' srcset=\"https:\/\/museodelacharreria.org.mx\/wp-content\/uploads\/2024\/06\/MUSEO-DE-LA-CHARRERIA-FIERROS-PARA-MARCAR-GANADO-1514.jpg 1920w, https:\/\/museodelacharreria.org.mx\/wp-content\/uploads\/2024\/06\/MUSEO-DE-LA-CHARRERIA-FIERROS-PARA-MARCAR-GANADO-1514-400x267.jpg 400w, https:\/\/museodelacharreria.org.mx\/wp-content\/uploads\/2024\/06\/MUSEO-DE-LA-CHARRERIA-FIERROS-PARA-MARCAR-GANADO-1514-768x512.jpg 768w, https:\/\/museodelacharreria.org.mx\/wp-content\/uploads\/2024\/06\/MUSEO-DE-LA-CHARRERIA-FIERROS-PARA-MARCAR-GANADO-1514-1536x1024.jpg 1536w, https:\/\/museodelacharreria.org.mx\/wp-content\/uploads\/2024\/06\/MUSEO-DE-LA-CHARRERIA-FIERROS-PARA-MARCAR-GANADO-1514-18x12.jpg 18w, https:\/\/museodelacharreria.org.mx\/wp-content\/uploads\/2024\/06\/MUSEO-DE-LA-CHARRERIA-FIERROS-PARA-MARCAR-GANADO-1514-1500x1000.jpg 1500w, https:\/\/museodelacharreria.org.mx\/wp-content\/uploads\/2024\/06\/MUSEO-DE-LA-CHARRERIA-FIERROS-PARA-MARCAR-GANADO-1514-705x470.jpg 705w, https:\/\/museodelacharreria.org.mx\/wp-content\/uploads\/2024\/06\/MUSEO-DE-LA-CHARRERIA-FIERROS-PARA-MARCAR-GANADO-1514-600x400.jpg 600w, https:\/\/museodelacharreria.org.mx\/wp-content\/uploads\/2024\/06\/MUSEO-DE-LA-CHARRERIA-FIERROS-PARA-MARCAR-GANADO-1514-240x160.jpg 240w\" sizes=\"auto, (max-width: 1920px) 100vw, 1920px\" \/><\/div><\/li><li  class='avia-slideshow-slide av-lc6ta2-c06bedacefbcf8198088a60d36e9c935__6  slide-7 slide-odd'><div data-rel='slideshow-1' class='avia-slide-wrap'   ><img decoding=\"async\" loading=\"lazy\" class=\"wp-image-3401 avia-img-lazy-loading-3401\"  src=\"https:\/\/museodelacharreria.org.mx\/wp-content\/uploads\/2024\/06\/MUSEO-DE-LA-CHARRERIA-FIERROS-PARA-MARCAR-GANADO-1516.jpg\" width=\"1920\" height=\"1280\" title='MUS\u00c9E DE LA CHARRERIE : FERS \u00c0 MARQUER LE B\u00c9TAIL - 1516' alt=''  itemprop=\"thumbnailUrl\"  style='min-height:500px; min-width:750px; ' srcset=\"https:\/\/museodelacharreria.org.mx\/wp-content\/uploads\/2024\/06\/MUSEO-DE-LA-CHARRERIA-FIERROS-PARA-MARCAR-GANADO-1516.jpg 1920w, https:\/\/museodelacharreria.org.mx\/wp-content\/uploads\/2024\/06\/MUSEO-DE-LA-CHARRERIA-FIERROS-PARA-MARCAR-GANADO-1516-400x267.jpg 400w, https:\/\/museodelacharreria.org.mx\/wp-content\/uploads\/2024\/06\/MUSEO-DE-LA-CHARRERIA-FIERROS-PARA-MARCAR-GANADO-1516-768x512.jpg 768w, https:\/\/museodelacharreria.org.mx\/wp-content\/uploads\/2024\/06\/MUSEO-DE-LA-CHARRERIA-FIERROS-PARA-MARCAR-GANADO-1516-1536x1024.jpg 1536w, https:\/\/museodelacharreria.org.mx\/wp-content\/uploads\/2024\/06\/MUSEO-DE-LA-CHARRERIA-FIERROS-PARA-MARCAR-GANADO-1516-18x12.jpg 18w, https:\/\/museodelacharreria.org.mx\/wp-content\/uploads\/2024\/06\/MUSEO-DE-LA-CHARRERIA-FIERROS-PARA-MARCAR-GANADO-1516-1500x1000.jpg 1500w, https:\/\/museodelacharreria.org.mx\/wp-content\/uploads\/2024\/06\/MUSEO-DE-LA-CHARRERIA-FIERROS-PARA-MARCAR-GANADO-1516-705x470.jpg 705w, https:\/\/museodelacharreria.org.mx\/wp-content\/uploads\/2024\/06\/MUSEO-DE-LA-CHARRERIA-FIERROS-PARA-MARCAR-GANADO-1516-600x400.jpg 600w, https:\/\/museodelacharreria.org.mx\/wp-content\/uploads\/2024\/06\/MUSEO-DE-LA-CHARRERIA-FIERROS-PARA-MARCAR-GANADO-1516-240x160.jpg 240w\" sizes=\"auto, (max-width: 1920px) 100vw, 1920px\" \/><\/div><\/li><li  class='avia-slideshow-slide av-lc6ta2-c06bedacefbcf8198088a60d36e9c935__7  slide-8 slide-even'><div data-rel='slideshow-1' class='avia-slide-wrap'   ><img decoding=\"async\" loading=\"lazy\" class=\"wp-image-3403 avia-img-lazy-loading-3403\"  src=\"https:\/\/museodelacharreria.org.mx\/wp-content\/uploads\/2024\/06\/MUSEO-DE-LA-CHARRERIA-FIERROS-PARA-MARCAR-GANADO-1515.jpg\" width=\"1920\" height=\"1280\" title='MUS\u00c9E DE LA CHARRERIE : FERS \u00c0 MARQUER LE B\u00c9TAIL - 1515' alt=''  itemprop=\"thumbnailUrl\"  style='min-height:500px; min-width:750px; ' srcset=\"https:\/\/museodelacharreria.org.mx\/wp-content\/uploads\/2024\/06\/MUSEO-DE-LA-CHARRERIA-FIERROS-PARA-MARCAR-GANADO-1515.jpg 1920w, https:\/\/museodelacharreria.org.mx\/wp-content\/uploads\/2024\/06\/MUSEO-DE-LA-CHARRERIA-FIERROS-PARA-MARCAR-GANADO-1515-400x267.jpg 400w, https:\/\/museodelacharreria.org.mx\/wp-content\/uploads\/2024\/06\/MUSEO-DE-LA-CHARRERIA-FIERROS-PARA-MARCAR-GANADO-1515-768x512.jpg 768w, https:\/\/museodelacharreria.org.mx\/wp-content\/uploads\/2024\/06\/MUSEO-DE-LA-CHARRERIA-FIERROS-PARA-MARCAR-GANADO-1515-1536x1024.jpg 1536w, https:\/\/museodelacharreria.org.mx\/wp-content\/uploads\/2024\/06\/MUSEO-DE-LA-CHARRERIA-FIERROS-PARA-MARCAR-GANADO-1515-18x12.jpg 18w, https:\/\/museodelacharreria.org.mx\/wp-content\/uploads\/2024\/06\/MUSEO-DE-LA-CHARRERIA-FIERROS-PARA-MARCAR-GANADO-1515-1500x1000.jpg 1500w, https:\/\/museodelacharreria.org.mx\/wp-content\/uploads\/2024\/06\/MUSEO-DE-LA-CHARRERIA-FIERROS-PARA-MARCAR-GANADO-1515-705x470.jpg 705w, https:\/\/museodelacharreria.org.mx\/wp-content\/uploads\/2024\/06\/MUSEO-DE-LA-CHARRERIA-FIERROS-PARA-MARCAR-GANADO-1515-600x400.jpg 600w, https:\/\/museodelacharreria.org.mx\/wp-content\/uploads\/2024\/06\/MUSEO-DE-LA-CHARRERIA-FIERROS-PARA-MARCAR-GANADO-1515-240x160.jpg 240w\" sizes=\"auto, (max-width: 1920px) 100vw, 1920px\" \/><\/div><\/li><\/ul><div class='avia-slideshow-arrows avia-slideshow-controls' ><a href='#prev' class='prev-slide' aria-hidden='true' data-av_icon='\ue87c' data-av_iconfont='entypo-fontello'  tabindex='-1'>Pr\u00e9c\u00e9dent<\/a><a href='#next' class='next-slide' aria-hidden='true' data-av_icon='\ue87d' data-av_iconfont='entypo-fontello'  tabindex='-1'>Suivant<\/a><\/div><div class='avia-slideshow-dots avia-slideshow-controls'><a href='#1' class='goto-slide active' >1<\/a><a href='#2' class='goto-slide' >2<\/a><a href='#3' class='goto-slide' >3<\/a><a href='#4' class='goto-slide' >4<\/a><a href='#5' class='goto-slide' >5<\/a><a href='#6' class='goto-slide' >6<\/a><a href='#7' class='goto-slide' >7<\/a><a href='#8' class='goto-slide' >8<\/a><\/div><\/div><\/div><div id='after_full_slider_1'  class='main_color av_default_container_wrap container_wrap fullsize'  ><div class='container av-section-cont-open' ><div class='template-page content  av-content-full alpha units'><div class='post-entry post-entry-type-page post-entry-3375'><div class='entry-content-wrapper clearfix'>\n\n<style type=\"text\/css\" data-created_by=\"avia_inline_auto\" id=\"style-css-av-lxnmdxg0-5e7fed9003565609a564faa6930c983c\">\n#top .hr.hr-invisible.av-lxnmdxg0-5e7fed9003565609a564faa6930c983c{\nmargin-top:-75px;\nheight:1px;\n}\n<\/style>\n<div  class='hr av-lxnmdxg0-5e7fed9003565609a564faa6930c983c hr-invisible  avia-builder-el-1  el_after_av_slideshow_full  el_before_av_heading  avia-builder-el-first'><span class='hr-inner'><span class=\"hr-inner-style\"><\/span><\/span><\/div>\n\n<style type=\"text\/css\" data-created_by=\"avia_inline_auto\" id=\"style-css-av-9peane-f364ff57ad819d44eac863eb597a110a\">\n#top .av-special-heading.av-9peane-f364ff57ad819d44eac863eb597a110a{\npadding-bottom:10px;\n}\nbody .av-special-heading.av-9peane-f364ff57ad819d44eac863eb597a110a .av-special-heading-tag .heading-char{\nfont-size:25px;\n}\n.av-special-heading.av-9peane-f364ff57ad819d44eac863eb597a110a .av-subheading{\nfont-size:15px;\n}\n<\/style>\n<div  class='av-special-heading av-9peane-f364ff57ad819d44eac863eb597a110a av-special-heading-h1 blockquote modern-quote modern-centered  avia-builder-el-2  el_after_av_hr  el_before_av_textblock'><h1 class='av-special-heading-tag'  itemprop=\"headline\"  >FERS \u00c0 MARQUER LE B\u00c9TAIL<\/h1><div class=\"special-heading-border\"><div class=\"special-heading-inner-border\"><\/div><\/div><\/div>\n<section  class='av_textblock_section av-j1i7u-1dfb260932b12dbc2926aa3c84a04cff'   itemscope=\"itemscope\" itemtype=\"https:\/\/schema.org\/CreativeWork\" ><div class='avia_textblock'  itemprop=\"text\" ><p>Au Museo Nacional de la Charrer\u00eda, les fers \u00e0 marquer le b\u00e9tail constituent l'un des \u00e9l\u00e9ments les plus remarquables de notre collection. Ces ustensiles sont non seulement des outils fondamentaux dans la pratique de l'\u00e9levage, mais ils repr\u00e9sentent \u00e9galement l'un des \u00e9l\u00e9ments pr\u00e9curseurs de la charrer\u00eda, une activit\u00e9 embl\u00e9matique de l'identit\u00e9 mexicaine.<\/p>\n<p>Notre exposition de fers \u00e0 marquer le b\u00e9tail pr\u00e9sente une collection vari\u00e9e de ces instruments, chacun avec un design unique, utilis\u00e9s pour identifier les diff\u00e9rentes propri\u00e9t\u00e9s du b\u00e9tail. Chaque fierro raconte une histoire, refl\u00e9tant la diversit\u00e9 et la richesse des traditions mexicaines en mati\u00e8re d'\u00e9levage.<\/p>\n<p><strong>Histoire et pertinence<\/strong><img loading=\"lazy\" decoding=\"async\" class=\"alignright wp-image-3006\" src=\"https:\/\/museodelacharreria.org.mx\/wp-content\/uploads\/2024\/06\/MUSEO-DE-LA-CHARRERIA-PINTURA-TINTA-AVILA-SIGLER-4-300x400.jpg\" alt=\"\" width=\"330\" height=\"440\" srcset=\"https:\/\/museodelacharreria.org.mx\/wp-content\/uploads\/2024\/06\/MUSEO-DE-LA-CHARRERIA-PINTURA-TINTA-AVILA-SIGLER-4-300x400.jpg 300w, https:\/\/museodelacharreria.org.mx\/wp-content\/uploads\/2024\/06\/MUSEO-DE-LA-CHARRERIA-PINTURA-TINTA-AVILA-SIGLER-4-768x1024.jpg 768w, https:\/\/museodelacharreria.org.mx\/wp-content\/uploads\/2024\/06\/MUSEO-DE-LA-CHARRERIA-PINTURA-TINTA-AVILA-SIGLER-4-1152x1536.jpg 1152w, https:\/\/museodelacharreria.org.mx\/wp-content\/uploads\/2024\/06\/MUSEO-DE-LA-CHARRERIA-PINTURA-TINTA-AVILA-SIGLER-4-9x12.jpg 9w, https:\/\/museodelacharreria.org.mx\/wp-content\/uploads\/2024\/06\/MUSEO-DE-LA-CHARRERIA-PINTURA-TINTA-AVILA-SIGLER-4-1125x1500.jpg 1125w, https:\/\/museodelacharreria.org.mx\/wp-content\/uploads\/2024\/06\/MUSEO-DE-LA-CHARRERIA-PINTURA-TINTA-AVILA-SIGLER-4-529x705.jpg 529w, https:\/\/museodelacharreria.org.mx\/wp-content\/uploads\/2024\/06\/MUSEO-DE-LA-CHARRERIA-PINTURA-TINTA-AVILA-SIGLER-4-450x600.jpg 450w, https:\/\/museodelacharreria.org.mx\/wp-content\/uploads\/2024\/06\/MUSEO-DE-LA-CHARRERIA-PINTURA-TINTA-AVILA-SIGLER-4-120x160.jpg 120w, https:\/\/museodelacharreria.org.mx\/wp-content\/uploads\/2024\/06\/MUSEO-DE-LA-CHARRERIA-PINTURA-TINTA-AVILA-SIGLER-4.jpg 1280w\" sizes=\"auto, (max-width: 330px) 100vw, 330px\" \/> Les fers \u00e0 marquer le b\u00e9tail sont apparus comme une n\u00e9cessit\u00e9 \u00e0 l'\u00e9poque coloniale au Mexique, lorsque la manipulation du b\u00e9tail est devenue une activit\u00e9 \u00e9conomique cruciale. Les <strong>Tribunal de la Mesta<\/strong>\u00e9galement connu sous le nom de <strong>Confr\u00e9rie de la Mesta<\/strong>est une institution dont les origines remontent \u00e0 l'Espagne du XIIIe si\u00e8cle et qui a exerc\u00e9 une influence significative en Nouvelle-Espagne. Cette entit\u00e9 a jou\u00e9 un r\u00f4le fondamental dans la<\/p>\n<p>la r\u00e9glementation et le contr\u00f4le du b\u00e9tail, l'\u00e9tablissement de normes et de registres pour la propri\u00e9t\u00e9 et la gestion des animaux.<\/p>\n<p>Les <strong>Tribunal de la Mesta<\/strong>officiellement cr\u00e9\u00e9e au Mexique au XVIe si\u00e8cle, \u00e9tait une organisation d'\u00e9leveurs qui supervisait les pratiques d'\u00e9levage, y compris l'utilisation des fierros pour marquer le b\u00e9tail. Sa principale fonction \u00e9tait de r\u00e9soudre les litiges concernant le b\u00e9tail et de veiller \u00e0 ce que chaque propri\u00e9taire puisse identifier clairement ses animaux, afin d'\u00e9viter les vols et les pertes de b\u00e9tail.<\/p>\n<p><strong>Impact sur la Charrerie<\/strong><br \/>\nLa r\u00e9gulation et la gestion du b\u00e9tail au moyen des fierros ont marqu\u00e9 le d\u00e9but de la charreria. La n\u00e9cessit\u00e9 de manipuler le b\u00e9tail, notamment en le gardant, en l'attrapant au lasso, en l'abattant, en l'immobilisant, en le marquant et en le soignant, a donn\u00e9 naissance aux diff\u00e9rents savoir-faire qui constituent aujourd'hui les \"suertes charras\" de notre sport national. Les <a href=\"https:\/\/museodelacharreria.org.mx\/deporte\/terna-eb-el-ruedo\/\">Terna dans le Ruedo<\/a>Le cheval, en particulier, est la chance fondamentale de la charrer\u00eda. Les cow-boys et les \u00e9leveurs, qui \u00e9taient \u00e0 l'origine des indig\u00e8nes et des m\u00e9tis, ont trouv\u00e9 dans l'utilisation du cheval et des outils pour le b\u00e9tail un mode de vie. C'est pr\u00e9cis\u00e9ment en raison de la n\u00e9cessit\u00e9 de g\u00e9rer le b\u00e9tail que le vice-roi a accord\u00e9 aux indig\u00e8nes et aux m\u00e9tis la possibilit\u00e9 de monter \u00e0 cheval, rompant ainsi avec les restrictions initiales impos\u00e9es par la Couronne espagnole.<\/p>\n<\/div><\/section>\n<div  class='hr av-crgaq-d1bebfab64a8c0ee0a4336a1d85ab2ef hr-default  avia-builder-el-4  el_after_av_textblock  el_before_av_magazine'><span class='hr-inner'><span class=\"hr-inner-style\"><\/span><\/span><\/div>\n<div  id=\"avia-magazine-1\"  class='av-magazine av-6z2r6-f566c0eb125a81ab42f840ed2201e1dd av-magazine-top-bar-active av-magazine-tabs-active  avia-builder-el-5  el_after_av_hr  avia-builder-el-last   avia-builder-el-5  el_after_av_hr  avia-builder-el-last' ><div class='av-magazine-top-bar'><\/div><div class='av-magazine-group sort_all'><article class='av-magazine-entry av-magazine-entry-id-3965 av-magazine-format-standard av-magazine-type-portfolio av-magazine-entry-1 av-magazine-entry-small'  itemscope=\"itemscope\" itemtype=\"https:\/\/schema.org\/CreativeWork\" ><div class=\"av-magazine-thumbnail\"><a href='https:\/\/museodelacharreria.org.mx\/fr\/coleccion\/cabezadas-de-plata-de-emiliano-zapata\/' title='Lier vers : CABEZADAS DE PLATA DE EMILIANO ZAPATA' class='av-magazine-thumbnail-link'><img decoding=\"async\" fetchpriority=\"high\" width=\"100\" height=\"100\" src=\"https:\/\/museodelacharreria.org.mx\/wp-content\/uploads\/2024\/11\/MUSEO-DE-LA-CHARRERIA-CABEZADA-DE-EMILIANO-ZAPATA--100x100.jpg\" class=\"wp-image-3966 avia-img-lazy-loading-not-3966 attachment-thumbnail size-thumbnail wp-post-image\" alt=\"\" srcset=\"https:\/\/museodelacharreria.org.mx\/wp-content\/uploads\/2024\/11\/MUSEO-DE-LA-CHARRERIA-CABEZADA-DE-EMILIANO-ZAPATA--100x100.jpg 100w, https:\/\/museodelacharreria.org.mx\/wp-content\/uploads\/2024\/11\/MUSEO-DE-LA-CHARRERIA-CABEZADA-DE-EMILIANO-ZAPATA--36x36.jpg 36w, https:\/\/museodelacharreria.org.mx\/wp-content\/uploads\/2024\/11\/MUSEO-DE-LA-CHARRERIA-CABEZADA-DE-EMILIANO-ZAPATA--180x180.jpg 180w\" sizes=\"(max-width: 100px) 100vw, 100px\" \/><\/a><\/div><div class=\"av-magazine-content-wrap\"><header class=\"entry-content-header\" aria-label=\"Post: CABEZADAS DE PLATA DE EMILIANO ZAPATA\"><time class='av-magazine-time updated'  itemprop=\"datePublished\" datetime=\"2024-11-25T20:09:58-06:00\" >2024-11-25<\/time><h3 class='av-magazine-title entry-title'  itemprop=\"headline\" ><a href='https:\/\/museodelacharreria.org.mx\/fr\/coleccion\/cabezadas-de-plata-de-emiliano-zapata\/' title='Lier vers : CABEZADAS DE PLATA DE EMILIANO ZAPATA'>LES BRIDES D'ARGENT D'EMILIANO ZAPATA<\/a><\/h3><\/header><\/div><footer class=\"entry-footer\"><\/footer><\/article><article class='av-magazine-entry av-magazine-entry-id-3791 av-magazine-format-standard av-magazine-type-portfolio av-magazine-entry-2 av-magazine-entry-small'  itemscope=\"itemscope\" itemtype=\"https:\/\/schema.org\/CreativeWork\" ><div class=\"av-magazine-thumbnail\"><a href='https:\/\/museodelacharreria.org.mx\/fr\/coleccion\/silla-charra-chomiteada-en-grecas\/' title='Lier vers : SILLA CHARRA CHOMITEADA EN GRECAS' class='av-magazine-thumbnail-link'><img decoding=\"async\" fetchpriority=\"high\" width=\"100\" height=\"100\" src=\"https:\/\/museodelacharreria.org.mx\/wp-content\/uploads\/2024\/11\/Museo-de-la-Charreria-Silla-Charra-Con-Chimite-en-Greca-100x100.jpg\" class=\"wp-image-3792 avia-img-lazy-loading-not-3792 attachment-thumbnail size-thumbnail wp-post-image\" alt=\"\" srcset=\"https:\/\/museodelacharreria.org.mx\/wp-content\/uploads\/2024\/11\/Museo-de-la-Charreria-Silla-Charra-Con-Chimite-en-Greca-100x100.jpg 100w, https:\/\/museodelacharreria.org.mx\/wp-content\/uploads\/2024\/11\/Museo-de-la-Charreria-Silla-Charra-Con-Chimite-en-Greca-36x36.jpg 36w, https:\/\/museodelacharreria.org.mx\/wp-content\/uploads\/2024\/11\/Museo-de-la-Charreria-Silla-Charra-Con-Chimite-en-Greca-180x180.jpg 180w\" sizes=\"(max-width: 100px) 100vw, 100px\" \/><\/a><\/div><div class=\"av-magazine-content-wrap\"><header class=\"entry-content-header\" aria-label=\"Post: SILLA CHARRA CHOMITEADA EN GRECAS\"><time class='av-magazine-time updated'  itemprop=\"datePublished\" datetime=\"2024-11-25T15:30:12-06:00\" >2024-11-25<\/time><h3 class='av-magazine-title entry-title'  itemprop=\"headline\" ><a href='https:\/\/museodelacharreria.org.mx\/fr\/coleccion\/silla-charra-chomiteada-en-grecas\/' title='Lier vers : SILLA CHARRA CHOMITEADA EN GRECAS'>SELLE CHARRA CHOMITEADA EN GRECAS<\/a><\/h3><\/header><\/div><footer class=\"entry-footer\"><\/footer><\/article><article class='av-magazine-entry av-magazine-entry-id-3882 av-magazine-format-standard av-magazine-type-portfolio av-magazine-entry-3 av-magazine-entry-small'  itemscope=\"itemscope\" itemtype=\"https:\/\/schema.org\/CreativeWork\" ><div class=\"av-magazine-thumbnail\"><a href='https:\/\/museodelacharreria.org.mx\/fr\/coleccion\/silla-charra-de-media-gala-cincelada\/' title='Lier vers : SILLA CHARRA DE MEDIA GALA CINCELADA' class='av-magazine-thumbnail-link'><img decoding=\"async\" fetchpriority=\"high\" width=\"100\" height=\"100\" src=\"https:\/\/museodelacharreria.org.mx\/wp-content\/uploads\/2024\/11\/MUSEO-DE-LA-CHARRERIA-SILLA-CHARRA-4-100x100.jpg\" class=\"wp-image-3889 avia-img-lazy-loading-not-3889 attachment-thumbnail size-thumbnail wp-post-image\" alt=\"\" srcset=\"https:\/\/museodelacharreria.org.mx\/wp-content\/uploads\/2024\/11\/MUSEO-DE-LA-CHARRERIA-SILLA-CHARRA-4-100x100.jpg 100w, https:\/\/museodelacharreria.org.mx\/wp-content\/uploads\/2024\/11\/MUSEO-DE-LA-CHARRERIA-SILLA-CHARRA-4-36x36.jpg 36w, https:\/\/museodelacharreria.org.mx\/wp-content\/uploads\/2024\/11\/MUSEO-DE-LA-CHARRERIA-SILLA-CHARRA-4-180x180.jpg 180w\" sizes=\"(max-width: 100px) 100vw, 100px\" \/><\/a><\/div><div class=\"av-magazine-content-wrap\"><header class=\"entry-content-header\" aria-label=\"Post: SILLA CHARRA DE MEDIA GALA CINCELADA\"><time class='av-magazine-time updated'  itemprop=\"datePublished\" datetime=\"2024-11-25T14:10:00-06:00\" >2024-11-25<\/time><h3 class='av-magazine-title entry-title'  itemprop=\"headline\" ><a href='https:\/\/museodelacharreria.org.mx\/fr\/coleccion\/silla-charra-de-media-gala-cincelada\/' title='Lier vers : SILLA CHARRA DE MEDIA GALA CINCELADA'>CHAISE CHARRO DE GALA \u00c0 MOITI\u00c9 CISEL\u00c9E<\/a><\/h3><\/header><\/div><footer class=\"entry-footer\"><\/footer><\/article><article class='av-magazine-entry av-magazine-entry-id-3777 av-magazine-format-standard av-magazine-type-portfolio av-magazine-entry-4 av-magazine-entry-small'  itemscope=\"itemscope\" itemtype=\"https:\/\/schema.org\/CreativeWork\" ><div class=\"av-magazine-thumbnail\"><a href='https:\/\/museodelacharreria.org.mx\/fr\/coleccion\/silla-charra-piteada\/' title='Lier vers : SILLA CHARRA PITEADA' class='av-magazine-thumbnail-link'><img decoding=\"async\" fetchpriority=\"high\" width=\"100\" height=\"100\" src=\"https:\/\/museodelacharreria.org.mx\/wp-content\/uploads\/2024\/11\/Museo-de-la-Charreria-Silla-Charra-de-Gala-100x100.jpg\" class=\"wp-image-3775 avia-img-lazy-loading-not-3775 attachment-thumbnail size-thumbnail wp-post-image\" alt=\"\" srcset=\"https:\/\/museodelacharreria.org.mx\/wp-content\/uploads\/2024\/11\/Museo-de-la-Charreria-Silla-Charra-de-Gala-100x100.jpg 100w, https:\/\/museodelacharreria.org.mx\/wp-content\/uploads\/2024\/11\/Museo-de-la-Charreria-Silla-Charra-de-Gala-36x36.jpg 36w, https:\/\/museodelacharreria.org.mx\/wp-content\/uploads\/2024\/11\/Museo-de-la-Charreria-Silla-Charra-de-Gala-180x180.jpg 180w\" sizes=\"(max-width: 100px) 100vw, 100px\" \/><\/a><\/div><div class=\"av-magazine-content-wrap\"><header class=\"entry-content-header\" aria-label=\"Post: SILLA CHARRA PITEADA\"><time class='av-magazine-time updated'  itemprop=\"datePublished\" datetime=\"2024-11-25T14:00:29-06:00\" >2024-11-25<\/time><h3 class='av-magazine-title entry-title'  itemprop=\"headline\" ><a href='https:\/\/museodelacharreria.org.mx\/fr\/coleccion\/silla-charra-piteada\/' title='Lier vers : SILLA CHARRA PITEADA'>SELLE CHARRA PITEADA<\/a><\/h3><\/header><\/div><footer class=\"entry-footer\"><\/footer><\/article><article class='av-magazine-entry av-magazine-entry-id-3423 av-magazine-format-standard av-magazine-type-portfolio av-magazine-entry-5 av-magazine-entry-small'  itemscope=\"itemscope\" itemtype=\"https:\/\/schema.org\/CreativeWork\" ><div class=\"av-magazine-thumbnail\"><a href='https:\/\/museodelacharreria.org.mx\/fr\/coleccion\/espada-de-la-reina-isabel\/' title='Lier vers : ESPADA DE LA REINA ISABEL' class='av-magazine-thumbnail-link'><img decoding=\"async\" fetchpriority=\"high\" width=\"100\" height=\"100\" src=\"https:\/\/museodelacharreria.org.mx\/wp-content\/uploads\/2024\/07\/ESPADA-TOLEDANA--100x100.jpg\" class=\"wp-image-3424 avia-img-lazy-loading-not-3424 attachment-thumbnail size-thumbnail wp-post-image\" alt=\"\" srcset=\"https:\/\/museodelacharreria.org.mx\/wp-content\/uploads\/2024\/07\/ESPADA-TOLEDANA--100x100.jpg 100w, https:\/\/museodelacharreria.org.mx\/wp-content\/uploads\/2024\/07\/ESPADA-TOLEDANA--36x36.jpg 36w, https:\/\/museodelacharreria.org.mx\/wp-content\/uploads\/2024\/07\/ESPADA-TOLEDANA--180x180.jpg 180w\" sizes=\"(max-width: 100px) 100vw, 100px\" \/><\/a><\/div><div class=\"av-magazine-content-wrap\"><header class=\"entry-content-header\" aria-label=\"Post: ESPADA DE LA REINA ISABEL\"><time class='av-magazine-time updated'  itemprop=\"datePublished\" datetime=\"2024-11-25T12:11:20-06:00\" >2024-11-25<\/time><h3 class='av-magazine-title entry-title'  itemprop=\"headline\" ><a href='https:\/\/museodelacharreria.org.mx\/fr\/coleccion\/espada-de-la-reina-isabel\/' title='Lier vers : ESPADA DE LA REINA ISABEL'>L'\u00c9P\u00c9E DE LA REINE ISABEL<\/a><\/h3><\/header><\/div><footer class=\"entry-footer\"><\/footer><\/article><article class='av-magazine-entry av-magazine-entry-id-3750 av-magazine-format-standard av-magazine-type-portfolio av-magazine-entry-6 av-magazine-entry-small'  itemscope=\"itemscope\" itemtype=\"https:\/\/schema.org\/CreativeWork\" ><div class=\"av-magazine-thumbnail\"><a href='https:\/\/museodelacharreria.org.mx\/fr\/coleccion\/silla-charra-con-motivos-taurinos\/' title='Lier vers : SILLA CHARRA CON MOTIVOS TAURINOS' class='av-magazine-thumbnail-link'><img decoding=\"async\" fetchpriority=\"high\" width=\"100\" height=\"100\" src=\"https:\/\/museodelacharreria.org.mx\/wp-content\/uploads\/2024\/11\/MUSEO-DE-LA-CHARRERIA-SILLA-CHARRA-CON-MOTIVOS-TAURINOS-3-100x100.jpg\" class=\"wp-image-3753 avia-img-lazy-loading-not-3753 attachment-thumbnail size-thumbnail wp-post-image\" alt=\"\" srcset=\"https:\/\/museodelacharreria.org.mx\/wp-content\/uploads\/2024\/11\/MUSEO-DE-LA-CHARRERIA-SILLA-CHARRA-CON-MOTIVOS-TAURINOS-3-100x100.jpg 100w, https:\/\/museodelacharreria.org.mx\/wp-content\/uploads\/2024\/11\/MUSEO-DE-LA-CHARRERIA-SILLA-CHARRA-CON-MOTIVOS-TAURINOS-3-36x36.jpg 36w, https:\/\/museodelacharreria.org.mx\/wp-content\/uploads\/2024\/11\/MUSEO-DE-LA-CHARRERIA-SILLA-CHARRA-CON-MOTIVOS-TAURINOS-3-180x180.jpg 180w\" sizes=\"(max-width: 100px) 100vw, 100px\" \/><\/a><\/div><div class=\"av-magazine-content-wrap\"><header class=\"entry-content-header\" aria-label=\"Post: SILLA CHARRA CON MOTIVOS TAURINOS\"><time class='av-magazine-time updated'  itemprop=\"datePublished\" datetime=\"2024-11-25T11:02:41-06:00\" >2024-11-25<\/time><h3 class='av-magazine-title entry-title'  itemprop=\"headline\" ><a href='https:\/\/museodelacharreria.org.mx\/fr\/coleccion\/silla-charra-con-motivos-taurinos\/' title='Lier vers : SILLA CHARRA CON MOTIVOS TAURINOS'>CHAISE CHARRO AVEC MOTIFS DE TAUROMACHIE<\/a><\/h3><\/header><\/div><footer class=\"entry-footer\"><\/footer><\/article><article class='av-magazine-entry av-magazine-entry-id-234 av-magazine-format-standard av-magazine-type-portfolio av-magazine-entry-7 av-magazine-entry-small'  itemscope=\"itemscope\" itemtype=\"https:\/\/schema.org\/CreativeWork\" ><div class=\"av-magazine-thumbnail\"><a href='https:\/\/museodelacharreria.org.mx\/fr\/coleccion\/revolver-de-pancho-villa\/' title='Lier vers : REVOLVER OF GENERAL FRANCISCO VILLA' class='av-magazine-thumbnail-link'><img decoding=\"async\" fetchpriority=\"high\" width=\"80\" height=\"80\" src=\"https:\/\/museodelacharreria.org.mx\/wp-content\/uploads\/2023\/09\/Museo-de-la-Charreria-CDMX-Armas-de-Fuego-0044-80x80.jpg\" class=\"wp-image-483 avia-img-lazy-loading-not-483 attachment-thumbnail size-thumbnail wp-post-image\" alt=\"Revolver appartenant au g\u00e9n\u00e9ral Francisco Villa\" srcset=\"https:\/\/museodelacharreria.org.mx\/wp-content\/uploads\/2023\/09\/Museo-de-la-Charreria-CDMX-Armas-de-Fuego-0044-80x80.jpg 80w, https:\/\/museodelacharreria.org.mx\/wp-content\/uploads\/2023\/09\/Museo-de-la-Charreria-CDMX-Armas-de-Fuego-0044-36x36.jpg 36w, https:\/\/museodelacharreria.org.mx\/wp-content\/uploads\/2023\/09\/Museo-de-la-Charreria-CDMX-Armas-de-Fuego-0044-180x180.jpg 180w\" sizes=\"(max-width: 80px) 100vw, 80px\" \/><\/a><\/div><div class=\"av-magazine-content-wrap\"><header class=\"entry-content-header\" aria-label=\"Post: REVOLVER DEL GENERAL FRANCISCO VILLA\"><time class='av-magazine-time updated'  itemprop=\"datePublished\" datetime=\"2024-11-25T01:59:21-06:00\" >2024-11-25<\/time><h3 class='av-magazine-title entry-title'  itemprop=\"headline\" ><a href='https:\/\/museodelacharreria.org.mx\/fr\/coleccion\/revolver-de-pancho-villa\/' title='Lier vers : REVOLVER OF GENERAL FRANCISCO VILLA'>REVOLVER DU G\u00c9N\u00c9RAL FRANCISCO VILLA<\/a><\/h3><\/header><\/div><footer class=\"entry-footer\"><\/footer><\/article><\/div><\/div>","protected":false},"excerpt":{"rendered":"","protected":false},"author":1,"featured_media":3405,"template":"","meta":{"footnotes":""},"tags":[171,170],"portfolio_entries":[5,12],"class_list":["post-3375","portfolio","type-portfolio","status-publish","has-post-thumbnail","hentry","tag-piel-de-cocodrilo","tag-vicente-fernandez","portfolio_entries-coleccion","portfolio_entries-utensilios"],"yoast_head":"<!-- This site is optimized with the Yoast SEO plugin v27.5 - https:\/\/yoast.com\/product\/yoast-seo-wordpress\/ -->\n<title>FIERROS PARA MARCAR GANADO - Museo de la Charrer\u00eda CDMX<\/title>\n<meta name=\"description\" content=\"Nuestra colecci\u00f3n es un vibrante mosaico de \u00e9pocas y funciones, un testimonio vivo de la versatilidad y adaptabilidad de la Charrer\u00eda a lo largo del tiempo. Desde los albores de la Rep\u00fablica hasta las transformaciones de la era moderna, cada pieza expone la maestr\u00eda artesanal y el ingenio t\u00e9cnico de aquellos que forjaron esta gran tradici\u00f3n.\" \/>\n<meta name=\"robots\" content=\"index, follow, max-snippet:-1, max-image-preview:large, max-video-preview:-1\" \/>\n<link rel=\"canonical\" href=\"https:\/\/museodelacharreria.org.mx\/fr\/collection\/fer-a-marquer-pour-le-betail\/\" \/>\n<meta property=\"og:locale\" content=\"fr_FR\" \/>\n<meta property=\"og:type\" content=\"article\" \/>\n<meta property=\"og:title\" content=\"FIERROS PARA MARCAR GANADO - Museo de la Charrer\u00eda CDMX\" \/>\n<meta property=\"og:description\" content=\"Nuestra colecci\u00f3n es un vibrante mosaico de \u00e9pocas y funciones, un testimonio vivo de la versatilidad y adaptabilidad de la Charrer\u00eda a lo largo del tiempo. Desde los albores de la Rep\u00fablica hasta las transformaciones de la era moderna, cada pieza expone la maestr\u00eda artesanal y el ingenio t\u00e9cnico de aquellos que forjaron esta gran tradici\u00f3n.\" \/>\n<meta property=\"og:url\" content=\"https:\/\/museodelacharreria.org.mx\/fr\/collection\/fer-a-marquer-pour-le-betail\/\" \/>\n<meta property=\"og:site_name\" content=\"Museo de la Charrer\u00eda CDMX\" \/>\n<meta property=\"article:modified_time\" content=\"2024-08-09T19:55:50+00:00\" \/>\n<meta property=\"og:image\" content=\"https:\/\/museodelacharreria.org.mx\/wp-content\/uploads\/2024\/06\/MUSEO-DE-LA-CHARRERIA-FIERROS-PARA-MARCAR-GANADO-1513.jpg\" \/>\n\t<meta property=\"og:image:width\" content=\"1920\" \/>\n\t<meta property=\"og:image:height\" content=\"1280\" \/>\n\t<meta property=\"og:image:type\" content=\"image\/jpeg\" \/>\n<meta name=\"twitter:card\" content=\"summary_large_image\" \/>\n<meta name=\"twitter:label1\" content=\"Dur\u00e9e de lecture estim\u00e9e\" \/>\n\t<meta name=\"twitter:data1\" content=\"6 minutes\" \/>\n<script type=\"application\/ld+json\" class=\"yoast-schema-graph\">{\"@context\":\"https:\\\/\\\/schema.org\",\"@graph\":[{\"@type\":[\"WebPage\",\"CollectionPage\"],\"@id\":\"https:\\\/\\\/museodelacharreria.org.mx\\\/coleccion\\\/fierros-para-marcar-ganado\\\/\",\"url\":\"https:\\\/\\\/museodelacharreria.org.mx\\\/coleccion\\\/fierros-para-marcar-ganado\\\/\",\"name\":\"FIERROS PARA MARCAR GANADO - Museo de la Charrer\u00eda CDMX\",\"isPartOf\":{\"@id\":\"https:\\\/\\\/museodelacharreria.org.mx\\\/#website\"},\"primaryImageOfPage\":{\"@id\":\"https:\\\/\\\/museodelacharreria.org.mx\\\/coleccion\\\/fierros-para-marcar-ganado\\\/#primaryimage\"},\"image\":{\"@id\":\"https:\\\/\\\/museodelacharreria.org.mx\\\/coleccion\\\/fierros-para-marcar-ganado\\\/#primaryimage\"},\"thumbnailUrl\":\"https:\\\/\\\/museodelacharreria.org.mx\\\/wp-content\\\/uploads\\\/2024\\\/06\\\/MUSEO-DE-LA-CHARRERIA-FIERROS-PARA-MARCAR-GANADO-1513.jpg\",\"datePublished\":\"2024-06-28T02:42:24+00:00\",\"dateModified\":\"2024-08-09T19:55:50+00:00\",\"description\":\"Nuestra colecci\u00f3n es un vibrante mosaico de \u00e9pocas y funciones, un testimonio vivo de la versatilidad y adaptabilidad de la Charrer\u00eda a lo largo del tiempo. Desde los albores de la Rep\u00fablica hasta las transformaciones de la era moderna, cada pieza expone la maestr\u00eda artesanal y el ingenio t\u00e9cnico de aquellos que forjaron esta gran tradici\u00f3n.\",\"breadcrumb\":{\"@id\":\"https:\\\/\\\/museodelacharreria.org.mx\\\/coleccion\\\/fierros-para-marcar-ganado\\\/#breadcrumb\"},\"inLanguage\":\"fr-FR\"},{\"@type\":\"ImageObject\",\"inLanguage\":\"fr-FR\",\"@id\":\"https:\\\/\\\/museodelacharreria.org.mx\\\/coleccion\\\/fierros-para-marcar-ganado\\\/#primaryimage\",\"url\":\"https:\\\/\\\/museodelacharreria.org.mx\\\/wp-content\\\/uploads\\\/2024\\\/06\\\/MUSEO-DE-LA-CHARRERIA-FIERROS-PARA-MARCAR-GANADO-1513.jpg\",\"contentUrl\":\"https:\\\/\\\/museodelacharreria.org.mx\\\/wp-content\\\/uploads\\\/2024\\\/06\\\/MUSEO-DE-LA-CHARRERIA-FIERROS-PARA-MARCAR-GANADO-1513.jpg\",\"width\":1920,\"height\":1280},{\"@type\":\"BreadcrumbList\",\"@id\":\"https:\\\/\\\/museodelacharreria.org.mx\\\/coleccion\\\/fierros-para-marcar-ganado\\\/#breadcrumb\",\"itemListElement\":[{\"@type\":\"ListItem\",\"position\":1,\"name\":\"Portada\",\"item\":\"https:\\\/\\\/museodelacharreria.org.mx\\\/inicio\\\/\"},{\"@type\":\"ListItem\",\"position\":2,\"name\":\"FIERROS PARA MARCAR GANADO\"}]},{\"@type\":\"WebSite\",\"@id\":\"https:\\\/\\\/museodelacharreria.org.mx\\\/#website\",\"url\":\"https:\\\/\\\/museodelacharreria.org.mx\\\/\",\"name\":\"Museo de la Charrer\u00eda CDMX\",\"description\":\"Historia y tradici\u00f3n, patrimonio cultural inmaterial de la humanidad UNESCO\",\"publisher\":{\"@id\":\"https:\\\/\\\/museodelacharreria.org.mx\\\/#organization\"},\"potentialAction\":[{\"@type\":\"SearchAction\",\"target\":{\"@type\":\"EntryPoint\",\"urlTemplate\":\"https:\\\/\\\/museodelacharreria.org.mx\\\/?s={search_term_string}\"},\"query-input\":{\"@type\":\"PropertyValueSpecification\",\"valueRequired\":true,\"valueName\":\"search_term_string\"}}],\"inLanguage\":\"fr-FR\"},{\"@type\":\"Organization\",\"@id\":\"https:\\\/\\\/museodelacharreria.org.mx\\\/#organization\",\"name\":\"Museo de la Charrer\u00eda Ciudad de M\u00e9xico\",\"alternateName\":\"Museo de la Charrer\u00eda CDMX\",\"url\":\"https:\\\/\\\/museodelacharreria.org.mx\\\/\",\"logo\":{\"@type\":\"ImageObject\",\"inLanguage\":\"fr-FR\",\"@id\":\"https:\\\/\\\/museodelacharreria.org.mx\\\/#\\\/schema\\\/logo\\\/image\\\/\",\"url\":\"https:\\\/\\\/museodelacharreria.org.mx\\\/wp-content\\\/uploads\\\/2023\\\/07\\\/Logo-Museo-de-la-Charreria-b-n.png\",\"contentUrl\":\"https:\\\/\\\/museodelacharreria.org.mx\\\/wp-content\\\/uploads\\\/2023\\\/07\\\/Logo-Museo-de-la-Charreria-b-n.png\",\"width\":500,\"height\":250,\"caption\":\"Museo de la Charrer\u00eda Ciudad de M\u00e9xico\"},\"image\":{\"@id\":\"https:\\\/\\\/museodelacharreria.org.mx\\\/#\\\/schema\\\/logo\\\/image\\\/\"},\"sameAs\":[\"https:\\\/\\\/www.youtube.com\\\/@MuseoDeLaCharreria\"]}]}<\/script>\n<!-- \/ Yoast SEO plugin. -->","yoast_head_json":{"title":"FIERROS POUR MARQUER LE CHAT - Museo de la Charrer\u00eda CDMX","description":"Notre collection est une mosa\u00efque vibrante d'\u00e9poques et de fonctions, un t\u00e9moignage vivant de la polyvalence et de l'adaptabilit\u00e9 de la Charrer\u00eda au fil du temps. De l'aube de la R\u00e9publique aux transformations de l'\u00e8re moderne, chaque pi\u00e8ce t\u00e9moigne du savoir-faire et de l'ing\u00e9niosit\u00e9 technique de ceux qui ont forg\u00e9 cette grande tradition.","robots":{"index":"index","follow":"follow","max-snippet":"max-snippet:-1","max-image-preview":"max-image-preview:large","max-video-preview":"max-video-preview:-1"},"canonical":"https:\/\/museodelacharreria.org.mx\/fr\/collection\/fer-a-marquer-pour-le-betail\/","og_locale":"fr_FR","og_type":"article","og_title":"FIERROS PARA MARCAR GANADO - Museo de la Charrer\u00eda CDMX","og_description":"Nuestra colecci\u00f3n es un vibrante mosaico de \u00e9pocas y funciones, un testimonio vivo de la versatilidad y adaptabilidad de la Charrer\u00eda a lo largo del tiempo. Desde los albores de la Rep\u00fablica hasta las transformaciones de la era moderna, cada pieza expone la maestr\u00eda artesanal y el ingenio t\u00e9cnico de aquellos que forjaron esta gran tradici\u00f3n.","og_url":"https:\/\/museodelacharreria.org.mx\/fr\/collection\/fer-a-marquer-pour-le-betail\/","og_site_name":"Museo de la Charrer\u00eda CDMX","article_modified_time":"2024-08-09T19:55:50+00:00","og_image":[{"width":1920,"height":1280,"url":"https:\/\/museodelacharreria.org.mx\/wp-content\/uploads\/2024\/06\/MUSEO-DE-LA-CHARRERIA-FIERROS-PARA-MARCAR-GANADO-1513.jpg","type":"image\/jpeg"}],"twitter_card":"summary_large_image","twitter_misc":{"Dur\u00e9e de lecture estim\u00e9e":"6 minutes"},"schema":{"@context":"https:\/\/schema.org","@graph":[{"@type":["WebPage","CollectionPage"],"@id":"https:\/\/museodelacharreria.org.mx\/coleccion\/fierros-para-marcar-ganado\/","url":"https:\/\/museodelacharreria.org.mx\/coleccion\/fierros-para-marcar-ganado\/","name":"FIERROS POUR MARQUER LE CHAT - Museo de la Charrer\u00eda CDMX","isPartOf":{"@id":"https:\/\/museodelacharreria.org.mx\/#website"},"primaryImageOfPage":{"@id":"https:\/\/museodelacharreria.org.mx\/coleccion\/fierros-para-marcar-ganado\/#primaryimage"},"image":{"@id":"https:\/\/museodelacharreria.org.mx\/coleccion\/fierros-para-marcar-ganado\/#primaryimage"},"thumbnailUrl":"https:\/\/museodelacharreria.org.mx\/wp-content\/uploads\/2024\/06\/MUSEO-DE-LA-CHARRERIA-FIERROS-PARA-MARCAR-GANADO-1513.jpg","datePublished":"2024-06-28T02:42:24+00:00","dateModified":"2024-08-09T19:55:50+00:00","description":"Notre collection est une mosa\u00efque vibrante d'\u00e9poques et de fonctions, un t\u00e9moignage vivant de la polyvalence et de l'adaptabilit\u00e9 de la Charrer\u00eda au fil du temps. De l'aube de la R\u00e9publique aux transformations de l'\u00e8re moderne, chaque pi\u00e8ce t\u00e9moigne du savoir-faire et de l'ing\u00e9niosit\u00e9 technique de ceux qui ont forg\u00e9 cette grande tradition.","breadcrumb":{"@id":"https:\/\/museodelacharreria.org.mx\/coleccion\/fierros-para-marcar-ganado\/#breadcrumb"},"inLanguage":"fr-FR"},{"@type":"ImageObject","inLanguage":"fr-FR","@id":"https:\/\/museodelacharreria.org.mx\/coleccion\/fierros-para-marcar-ganado\/#primaryimage","url":"https:\/\/museodelacharreria.org.mx\/wp-content\/uploads\/2024\/06\/MUSEO-DE-LA-CHARRERIA-FIERROS-PARA-MARCAR-GANADO-1513.jpg","contentUrl":"https:\/\/museodelacharreria.org.mx\/wp-content\/uploads\/2024\/06\/MUSEO-DE-LA-CHARRERIA-FIERROS-PARA-MARCAR-GANADO-1513.jpg","width":1920,"height":1280},{"@type":"BreadcrumbList","@id":"https:\/\/museodelacharreria.org.mx\/coleccion\/fierros-para-marcar-ganado\/#breadcrumb","itemListElement":[{"@type":"ListItem","position":1,"name":"Portada","item":"https:\/\/museodelacharreria.org.mx\/inicio\/"},{"@type":"ListItem","position":2,"name":"FIERROS PARA MARCAR GANADO"}]},{"@type":"WebSite","@id":"https:\/\/museodelacharreria.org.mx\/#website","url":"https:\/\/museodelacharreria.org.mx\/","name":"Mus\u00e9e de la Charrerie CDMX","description":"Histoire et tradition, patrimoine culturel immat\u00e9riel de l'humanit\u00e9 UNESCO","publisher":{"@id":"https:\/\/museodelacharreria.org.mx\/#organization"},"potentialAction":[{"@type":"SearchAction","target":{"@type":"EntryPoint","urlTemplate":"https:\/\/museodelacharreria.org.mx\/?s={search_term_string}"},"query-input":{"@type":"PropertyValueSpecification","valueRequired":true,"valueName":"search_term_string"}}],"inLanguage":"fr-FR"},{"@type":"Organization","@id":"https:\/\/museodelacharreria.org.mx\/#organization","name":"Mus\u00e9e de la Charrerie Mexico","alternateName":"Museo de la Charrer\u00eda CDMX","url":"https:\/\/museodelacharreria.org.mx\/","logo":{"@type":"ImageObject","inLanguage":"fr-FR","@id":"https:\/\/museodelacharreria.org.mx\/#\/schema\/logo\/image\/","url":"https:\/\/museodelacharreria.org.mx\/wp-content\/uploads\/2023\/07\/Logo-Museo-de-la-Charreria-b-n.png","contentUrl":"https:\/\/museodelacharreria.org.mx\/wp-content\/uploads\/2023\/07\/Logo-Museo-de-la-Charreria-b-n.png","width":500,"height":250,"caption":"Museo de la Charrer\u00eda Ciudad de M\u00e9xico"},"image":{"@id":"https:\/\/museodelacharreria.org.mx\/#\/schema\/logo\/image\/"},"sameAs":["https:\/\/www.youtube.com\/@MuseoDeLaCharreria"]}]}},"_links":{"self":[{"href":"https:\/\/museodelacharreria.org.mx\/fr\/wp-json\/wp\/v2\/portfolio\/3375","targetHints":{"allow":["GET"]}}],"collection":[{"href":"https:\/\/museodelacharreria.org.mx\/fr\/wp-json\/wp\/v2\/portfolio"}],"about":[{"href":"https:\/\/museodelacharreria.org.mx\/fr\/wp-json\/wp\/v2\/types\/portfolio"}],"author":[{"embeddable":true,"href":"https:\/\/museodelacharreria.org.mx\/fr\/wp-json\/wp\/v2\/users\/1"}],"version-history":[{"count":14,"href":"https:\/\/museodelacharreria.org.mx\/fr\/wp-json\/wp\/v2\/portfolio\/3375\/revisions"}],"predecessor-version":[{"id":3540,"href":"https:\/\/museodelacharreria.org.mx\/fr\/wp-json\/wp\/v2\/portfolio\/3375\/revisions\/3540"}],"wp:featuredmedia":[{"embeddable":true,"href":"https:\/\/museodelacharreria.org.mx\/fr\/wp-json\/wp\/v2\/media\/3405"}],"wp:attachment":[{"href":"https:\/\/museodelacharreria.org.mx\/fr\/wp-json\/wp\/v2\/media?parent=3375"}],"wp:term":[{"taxonomy":"post_tag","embeddable":true,"href":"https:\/\/museodelacharreria.org.mx\/fr\/wp-json\/wp\/v2\/tags?post=3375"},{"taxonomy":"portfolio_entries","embeddable":true,"href":"https:\/\/museodelacharreria.org.mx\/fr\/wp-json\/wp\/v2\/portfolio_entries?post=3375"}],"curies":[{"name":"wp","href":"https:\/\/api.w.org\/{rel}","templated":true}]}}