{"id":1815,"date":"2023-10-04T01:58:07","date_gmt":"2023-10-04T01:58:07","guid":{"rendered":"https:\/\/museodelacharreria.org.mx\/?page_id=1815"},"modified":"2024-12-06T07:18:43","modified_gmt":"2024-12-06T13:18:43","slug":"siglo-xix","status":"publish","type":"page","link":"https:\/\/museodelacharreria.org.mx\/hi\/historia\/siglo-xix\/","title":{"rendered":"\u0909\u0928\u094d\u0928\u0940\u0938\u0935\u0940\u0902 \u0936\u0924\u093e\u092c\u094d\u0926\u0940"},"content":{"rendered":"<style type=\"text\/css\" data-created_by=\"avia_inline_auto\" id=\"style-css-av-2xkel7-739b29cca8ba95ecd837c57c21f43df4\">\n.avia-section.av-2xkel7-739b29cca8ba95ecd837c57c21f43df4{\nbackground-repeat:no-repeat;\nbackground-image:url(https:\/\/museodelacharreria.org.mx\/wp-content\/uploads\/2023\/10\/retablo-la-independencia-Fuente-INAH-1.jpg);\nbackground-position:100% 50%;\nbackground-attachment:scroll;\nmargin-top:0px;\nmargin-bottom:0px;\n}\n<\/style>\n<div id='av_section_1'  class='avia-section av-2xkel7-739b29cca8ba95ecd837c57c21f43df4 main_color avia-section-default avia-no-border-styling  avia-builder-el-0  el_before_av_submenu  avia-builder-el-first  avia-full-stretch avia-bg-style-scroll av-minimum-height av-minimum-height-60 av-height-percent  container_wrap fullsize'  data-section-bg-repeat='stretch' data-av_minimum_height_pc='60' data-av_min_height_opt='percent'><div class='container av-section-cont-open' ><main  role=\"main\" itemprop=\"mainContentOfPage\"  class='template-page content  av-content-full alpha units'><div class='post-entry post-entry-type-page post-entry-1815'><div class='entry-content-wrapper clearfix'>\n\n<style type=\"text\/css\" data-created_by=\"avia_inline_auto\" id=\"style-css-av-lo6decjy-025868b84be42135361a25995d76f85d\">\n.av_font_icon.av-lo6decjy-025868b84be42135361a25995d76f85d .av-icon-char{\nfont-size:20px;\nline-height:20px;\n}\n<\/style>\n<span  class='av_font_icon av-lo6decjy-025868b84be42135361a25995d76f85d avia_animate_when_visible av-icon-style- avia-icon-pos-right av-no-color avia-icon-animate'><span class='av-icon-char' aria-hidden='true' data-av_icon='\ue8e7' data-av_iconfont='entypo-fontello' data-avia-icon-tooltip=\"Imagen: &amp;#8220;El retablo de la Independencia&amp;#8221; Castillo de Chapultepec Autor: Juan O&amp;#8217;Gorman Mediatecta del Instituto Nacional de Antropolog\u00eda e Historia http:\/\/mediateca.inah.gob.mx\/islandora_74\/islandora\/object\/mural%3A387&lt;br \/&gt;\"><\/span><\/span>\n<\/div><\/div><\/main><!-- close content main element --><\/div><\/div><div class='clear'><\/div><div id='sub_menu1'  class='av-submenu-container av-5syjid-20cc2c243a2f2778b0c5c3a1afbb5dc1 main_color  avia-builder-el-2  el_after_av_section  el_before_av_one_full  av-sticky-submenu submenu-not-first container_wrap fullsize' style='z-index:301' ><div class='container av-menu-mobile-disabled av-submenu-pos-center'><ul id=\"menu-historia\" class=\"av-subnav-menu\" role=\"menu\"><li role=\"menuitem\" id=\"menu-item-1778\" class=\"menu-item menu-item-type-post_type menu-item-object-page menu-item-top-level menu-item-top-level-1\"><a href=\"https:\/\/museodelacharreria.org.mx\/hi\/historia\/siglo-xvi\/\" itemprop=\"url\" tabindex=\"0\"><span class=\"avia-bullet\"><\/span><span class=\"avia-menu-text\">\u0937\u094b\u0921\u0936 \u0936\u0924\u093e\u092c\u094d\u0926\u0940<\/span><span class=\"avia-menu-fx\"><span class=\"avia-arrow-wrap\"><span class=\"avia-arrow\"><\/span><\/span><\/span><\/a><\/li>\n<li role=\"menuitem\" id=\"menu-item-1797\" class=\"menu-item menu-item-type-post_type menu-item-object-page menu-item-top-level menu-item-top-level-2\"><a href=\"https:\/\/museodelacharreria.org.mx\/hi\/historia\/siglo-xvii\/\" itemprop=\"url\" tabindex=\"0\"><span class=\"avia-bullet\"><\/span><span class=\"avia-menu-text\">\u0938\u0924\u094d\u0930\u0939\u0935\u0940\u0902 \u0936\u0924\u093e\u092c\u094d\u0926\u0940<\/span><span class=\"avia-menu-fx\"><span class=\"avia-arrow-wrap\"><span class=\"avia-arrow\"><\/span><\/span><\/span><\/a><\/li>\n<li role=\"menuitem\" id=\"menu-item-1809\" class=\"menu-item menu-item-type-post_type menu-item-object-page menu-item-top-level menu-item-top-level-3\"><a href=\"https:\/\/museodelacharreria.org.mx\/hi\/historia\/siglo-xviii\/\" itemprop=\"url\" tabindex=\"0\"><span class=\"avia-bullet\"><\/span><span class=\"avia-menu-text\">\u0905\u0920\u093e\u0930\u0939\u0935\u0940\u0902 \u0936\u0924\u093e\u092c\u094d\u0926\u0940<\/span><span class=\"avia-menu-fx\"><span class=\"avia-arrow-wrap\"><span class=\"avia-arrow\"><\/span><\/span><\/span><\/a><\/li>\n<li role=\"menuitem\" id=\"menu-item-1818\" class=\"menu-item menu-item-type-post_type menu-item-object-page menu-item-top-level menu-item-top-level-4\"><a href=\"https:\/\/museodelacharreria.org.mx\/hi\/historia\/siglo-xix\/\" itemprop=\"url\" tabindex=\"0\"><span class=\"avia-bullet\"><\/span><span class=\"avia-menu-text\">\u0909\u0928\u094d\u0928\u0940\u0938\u0935\u0940\u0902 \u0936\u0924\u093e\u092c\u094d\u0926\u0940<\/span><span class=\"avia-menu-fx\"><span class=\"avia-arrow-wrap\"><span class=\"avia-arrow\"><\/span><\/span><\/span><\/a><\/li>\n<li role=\"menuitem\" id=\"menu-item-1840\" class=\"menu-item menu-item-type-post_type menu-item-object-page menu-item-top-level menu-item-top-level-5\"><a href=\"https:\/\/museodelacharreria.org.mx\/hi\/historia\/siglo-xx\/\" itemprop=\"url\" tabindex=\"0\"><span class=\"avia-bullet\"><\/span><span class=\"avia-menu-text\">\u092c\u0940\u0938\u0935\u0940\u0902 \u0936\u0924\u093e\u092c\u094d\u0926\u0940<\/span><span class=\"avia-menu-fx\"><span class=\"avia-arrow-wrap\"><span class=\"avia-arrow\"><\/span><\/span><\/span><\/a><\/li>\n<li role=\"menuitem\" id=\"menu-item-1863\" class=\"menu-item menu-item-type-post_type menu-item-object-page menu-item-top-level menu-item-top-level-6\"><a href=\"https:\/\/museodelacharreria.org.mx\/hi\/historia\/siglo-xxi\/\" itemprop=\"url\" tabindex=\"0\"><span class=\"avia-bullet\"><\/span><span class=\"avia-menu-text\">\u0907\u0915\u094d\u0915\u0940\u0938\u0935\u0940\u0902 \u0936\u0924\u093e\u092c\u094d\u0926\u0940<\/span><span class=\"avia-menu-fx\"><span class=\"avia-arrow-wrap\"><span class=\"avia-arrow\"><\/span><\/span><\/span><\/a><\/li>\n<\/ul><\/div><\/div><div class='sticky_placeholder'><\/div><div id='after_submenu_1'  class='main_color av_default_container_wrap container_wrap fullsize'  ><div class='container av-section-cont-open' ><div class='template-page content  av-content-full alpha units'><div class='post-entry post-entry-type-page post-entry-1815'><div class='entry-content-wrapper clearfix'><\/p>\n\n<style type=\"text\/css\" data-created_by=\"avia_inline_auto\" id=\"style-css-av-lnapyhdx-b289005ca77e5017eff9eca400f12de3\">\n#top .flex_column.av-lnapyhdx-b289005ca77e5017eff9eca400f12de3{\nmargin-top:-7%;\nmargin-bottom:0px;\n}\n.flex_column.av-lnapyhdx-b289005ca77e5017eff9eca400f12de3{\npadding:5% 5% 5% 5%;\nbackground-color:rgba(10,10,10,0.48);\n}\n.responsive #top #wrap_all .flex_column.av-lnapyhdx-b289005ca77e5017eff9eca400f12de3{\nmargin-top:-7%;\nmargin-bottom:0px;\n}\n<\/style>\n<div  class='flex_column av-lnapyhdx-b289005ca77e5017eff9eca400f12de3 av_one_full  avia-builder-el-3  el_after_av_submenu  avia-builder-el-no-sibling  first flex_column_div'     ><p>\n<style type=\"text\/css\" data-created_by=\"avia_inline_auto\" id=\"style-css-av-lnap3288-07dab862d2f155ae91a50b42ebabee2c\">\n#top .av-special-heading.av-lnap3288-07dab862d2f155ae91a50b42ebabee2c{\npadding-bottom:10px;\n}\nbody .av-special-heading.av-lnap3288-07dab862d2f155ae91a50b42ebabee2c .av-special-heading-tag .heading-char{\nfont-size:25px;\n}\n.av-special-heading.av-lnap3288-07dab862d2f155ae91a50b42ebabee2c .av-subheading{\nfont-size:15px;\n}\n<\/style>\n<div  class='av-special-heading av-lnap3288-07dab862d2f155ae91a50b42ebabee2c av-special-heading-h2 blockquote modern-quote modern-centered  avia-builder-el-4  el_before_av_textblock  avia-builder-el-first'><h2 class='av-special-heading-tag'  itemprop=\"headline\"  >\u0909\u0928\u094d\u0928\u0940\u0938\u0935\u0940\u0902 \u0936\u0924\u093e\u092c\u094d\u0926\u0940<\/h2><div class='av-subheading av-subheading_below'><p>Evoluci\u00f3n de la Charrer\u00eda a Trav\u00e9s de la Historia de M\u00e9xico<\/p>\n<\/div><div class=\"special-heading-border\"><div class=\"special-heading-inner-border\"><\/div><\/div><\/div><br \/>\n<section  class='av_textblock_section av-lnap26cr-22bc630749eb84fff7f01f2c3751306f'   itemscope=\"itemscope\" itemtype=\"https:\/\/schema.org\/CreativeWork\" ><div class='avia_textblock'  itemprop=\"text\" ><p>En el siglo XIX, con la independencia, a cuyo frente marchaba Hidalgo, con la fuerza popular insurgente de indios, mestizos y algunas tropas virreinales.<\/p>\n<p>A los unidos conformados por lanceros y dragones, ense\u00f1aron a los d\u00edsticos sus tercas habilidades de lanceros y dragones de la reata, siendo entonces el inicio de la identidad de los criollos mexicanos al defender su Patria.<\/p>\n<p>Un ejemplo de ello fueron los cl\u00e9rigos Leona, los Bravo, don Ignacio Guedea, Jos\u00e9 Antonio Torres, Andr\u00e9s Delgado, comandante de la unidad Dragones de Santiago, que se destac\u00f3 por sus h\u00e1biles jinetes.<\/p>\n<p>Al cura Hidalgo le sigui\u00f3 Morelos, muy h\u00e1bil en el manejo del caballo, consecuencia de sus largos a\u00f1os de vaquero. Y las ideas de independencia prosiguieron al sur, con Vicente Guerrero; con Guadalupe Victoria, en Veracruz; Pedro Moreno en los Altos de Jalisco, Guanajuato y Zacatecas; y con los fieros arrestos de los guerrilleros que se recreaban lanzando a sus enemigos y arrastrando &#8220;panzas coloradas&#8221; (como les llamaba el pueblo), haci\u00e9ndose presente la dignidad y valent\u00eda que es tradicional del pueblo mexicano, entre los guerrilleros insurgentes, ind\u00edgenas y mestizos.<\/p>\n<p>Consumada nuestra independencia pol\u00edtica en 1821 y despu\u00e9s del ef\u00edmero periodo imperial de Iturbide, la Bandera de M\u00e9xico adopt\u00f3 los colores nacionales: el verde, el movimiento insurgente; el blanco, el s\u00edmbolo de la pureza de la religi\u00f3n cat\u00f3lica; y el rojo, que representaba la uni\u00f3n de los europeos y mexicanos; en franjas verticales.<\/p>\n<p>El escudo recordaba una antigua tradici\u00f3n azteca, el \u00e1guila de perfil parada sobre un nopal en medio de la laguna, con una serpiente en el pico, que fue colocado en medio de la franja blanca en 1823, a\u00f1o en que los mexicanos, uniendo en un haz sus voluntades, adoptaron la forma republicana de gobierno.<\/p>\n<p>El patriotismo ejemplar del pueblo se puso de manifiesto una vez m\u00e1s durante la intervenci\u00f3n, el imperio y la invasi\u00f3n francesa.<\/p>\n<p>Maximiliano de Habsburgo, como buen jinete, disfrut\u00f3 de la charrer\u00eda, visit\u00f3 las ricas haciendas pulqueras y ganaderas acompa\u00f1ado de algunos ricos charros que lo rodearon e hizo algunas modificaciones al traje charro, ajust\u00e1ndolo a la moda europea. Estas consistieron en cerrar el pantal\u00f3n, manteniendo la botonadura del chinaco, cambiar la bota de campana por el bot\u00edn militar de una sola pieza y con la introducci\u00f3n del color negro, surgi\u00f3 el traje de charro de etiqueta, que registr\u00f3 en Viena.<\/p>\n<p>La historia moderna de M\u00e9xico se inici\u00f3 al derrumbarse el imperio del pr\u00edncipe austriaco en 1867. Se hab\u00eda salvado la Independencia nacional, que se defini\u00f3 en la lucha de las clases de aquel entonces, para representar a los rancheros endeudados con la iglesia, aparceros, peones agr\u00edcolas explotados por los hacendados, todas las demandas del pueblo y los intereses de la naci\u00f3n.<\/p>\n<p>Todav\u00eda en ese siglo, Porfirio D\u00edaz cre\u00f3 su famosa divisi\u00f3n de rurales, formada en su mayor\u00eda por charros campesinos del Baj\u00edo y de Jalisco, ataviados propiamente con el traje nacional. Dicha divisi\u00f3n era a la vez la guardia militar del Castillo de Chapultepec. En esa \u00e9poca, la caracter\u00edstica del paisaje mexicano eran las haciendas, que en el porfiriato acaparaban la producci\u00f3n agr\u00edcola y en las que la peonada cultivaba la tierra, propiedad de los amos.<\/p>\n<\/div><\/section><\/p><\/div>","protected":false},"excerpt":{"rendered":"","protected":false},"author":2,"featured_media":1941,"parent":56,"menu_order":0,"comment_status":"closed","ping_status":"closed","template":"","meta":{"footnotes":""},"class_list":["post-1815","page","type-page","status-publish","has-post-thumbnail","hentry"],"yoast_head":"<!-- This site is optimized with the Yoast SEO plugin v27.4 - https:\/\/yoast.com\/product\/yoast-seo-wordpress\/ -->\n<title>SIGLO XIX - Museo de la Charrer\u00eda CDMX<\/title>\n<meta name=\"robots\" content=\"index, follow, max-snippet:-1, max-image-preview:large, max-video-preview:-1\" \/>\n<link rel=\"canonical\" href=\"https:\/\/museodelacharreria.org.mx\/hi\/historia\/siglo-xix\/\" \/>\n<meta property=\"og:locale\" content=\"hi_IN\" \/>\n<meta property=\"og:type\" content=\"article\" \/>\n<meta property=\"og:title\" content=\"SIGLO XIX - Museo de la Charrer\u00eda CDMX\" \/>\n<meta property=\"og:url\" content=\"https:\/\/museodelacharreria.org.mx\/hi\/historia\/siglo-xix\/\" \/>\n<meta property=\"og:site_name\" content=\"Museo de la Charrer\u00eda CDMX\" \/>\n<meta property=\"article:modified_time\" content=\"2024-12-06T13:18:43+00:00\" \/>\n<meta property=\"og:image\" content=\"https:\/\/museodelacharreria.org.mx\/wp-content\/uploads\/2023\/10\/retablo-la-independencia-Fuente-INAH-1.jpg\" \/>\n\t<meta property=\"og:image:width\" content=\"1920\" \/>\n\t<meta property=\"og:image:height\" content=\"1280\" \/>\n\t<meta property=\"og:image:type\" content=\"image\/jpeg\" \/>\n<meta name=\"twitter:card\" content=\"summary_large_image\" \/>\n<meta name=\"twitter:label1\" content=\"\u0905\u0928\u0941\u092e\u093e\u0928\u093f\u0924 \u092a\u0922\u093c\u0928\u0947 \u0915\u093e \u0938\u092e\u092f\" \/>\n\t<meta name=\"twitter:data1\" content=\"3 \u092e\u093f\u0928\u091f\" \/>\n<script type=\"application\/ld+json\" class=\"yoast-schema-graph\">{\"@context\":\"https:\\\/\\\/schema.org\",\"@graph\":[{\"@type\":\"WebPage\",\"@id\":\"https:\\\/\\\/museodelacharreria.org.mx\\\/historia\\\/siglo-xix\\\/\",\"url\":\"https:\\\/\\\/museodelacharreria.org.mx\\\/historia\\\/siglo-xix\\\/\",\"name\":\"SIGLO XIX - Museo de la Charrer\u00eda CDMX\",\"isPartOf\":{\"@id\":\"https:\\\/\\\/museodelacharreria.org.mx\\\/#website\"},\"primaryImageOfPage\":{\"@id\":\"https:\\\/\\\/museodelacharreria.org.mx\\\/historia\\\/siglo-xix\\\/#primaryimage\"},\"image\":{\"@id\":\"https:\\\/\\\/museodelacharreria.org.mx\\\/historia\\\/siglo-xix\\\/#primaryimage\"},\"thumbnailUrl\":\"https:\\\/\\\/museodelacharreria.org.mx\\\/wp-content\\\/uploads\\\/2023\\\/10\\\/retablo-la-independencia-Fuente-INAH-1.jpg\",\"datePublished\":\"2023-10-04T01:58:07+00:00\",\"dateModified\":\"2024-12-06T13:18:43+00:00\",\"breadcrumb\":{\"@id\":\"https:\\\/\\\/museodelacharreria.org.mx\\\/historia\\\/siglo-xix\\\/#breadcrumb\"},\"inLanguage\":\"hi-IN\",\"potentialAction\":[{\"@type\":\"ReadAction\",\"target\":[\"https:\\\/\\\/museodelacharreria.org.mx\\\/historia\\\/siglo-xix\\\/\"]}]},{\"@type\":\"ImageObject\",\"inLanguage\":\"hi-IN\",\"@id\":\"https:\\\/\\\/museodelacharreria.org.mx\\\/historia\\\/siglo-xix\\\/#primaryimage\",\"url\":\"https:\\\/\\\/museodelacharreria.org.mx\\\/wp-content\\\/uploads\\\/2023\\\/10\\\/retablo-la-independencia-Fuente-INAH-1.jpg\",\"contentUrl\":\"https:\\\/\\\/museodelacharreria.org.mx\\\/wp-content\\\/uploads\\\/2023\\\/10\\\/retablo-la-independencia-Fuente-INAH-1.jpg\",\"width\":1920,\"height\":1280,\"caption\":\"Retablo \\\"La Independencia\\\" Castillo de Chapultepec. Autor: Juan O'Gorman Instituto Nacional de Antropolog\u00eda e Historia http:\\\/\\\/mediateca.inah.gob.mx\\\/\"},{\"@type\":\"BreadcrumbList\",\"@id\":\"https:\\\/\\\/museodelacharreria.org.mx\\\/historia\\\/siglo-xix\\\/#breadcrumb\",\"itemListElement\":[{\"@type\":\"ListItem\",\"position\":1,\"name\":\"Portada\",\"item\":\"https:\\\/\\\/museodelacharreria.org.mx\\\/inicio\\\/\"},{\"@type\":\"ListItem\",\"position\":2,\"name\":\"HISTORIA\",\"item\":\"https:\\\/\\\/museodelacharreria.org.mx\\\/historia\\\/\"},{\"@type\":\"ListItem\",\"position\":3,\"name\":\"SIGLO XIX\"}]},{\"@type\":\"WebSite\",\"@id\":\"https:\\\/\\\/museodelacharreria.org.mx\\\/#website\",\"url\":\"https:\\\/\\\/museodelacharreria.org.mx\\\/\",\"name\":\"Museo de la Charrer\u00eda CDMX\",\"description\":\"Historia y tradici\u00f3n, patrimonio cultural inmaterial de la humanidad UNESCO\",\"publisher\":{\"@id\":\"https:\\\/\\\/museodelacharreria.org.mx\\\/#organization\"},\"potentialAction\":[{\"@type\":\"SearchAction\",\"target\":{\"@type\":\"EntryPoint\",\"urlTemplate\":\"https:\\\/\\\/museodelacharreria.org.mx\\\/?s={search_term_string}\"},\"query-input\":{\"@type\":\"PropertyValueSpecification\",\"valueRequired\":true,\"valueName\":\"search_term_string\"}}],\"inLanguage\":\"hi-IN\"},{\"@type\":\"Organization\",\"@id\":\"https:\\\/\\\/museodelacharreria.org.mx\\\/#organization\",\"name\":\"Museo de la Charrer\u00eda Ciudad de M\u00e9xico\",\"alternateName\":\"Museo de la Charrer\u00eda CDMX\",\"url\":\"https:\\\/\\\/museodelacharreria.org.mx\\\/\",\"logo\":{\"@type\":\"ImageObject\",\"inLanguage\":\"hi-IN\",\"@id\":\"https:\\\/\\\/museodelacharreria.org.mx\\\/#\\\/schema\\\/logo\\\/image\\\/\",\"url\":\"https:\\\/\\\/museodelacharreria.org.mx\\\/wp-content\\\/uploads\\\/2023\\\/07\\\/Logo-Museo-de-la-Charreria-b-n.png\",\"contentUrl\":\"https:\\\/\\\/museodelacharreria.org.mx\\\/wp-content\\\/uploads\\\/2023\\\/07\\\/Logo-Museo-de-la-Charreria-b-n.png\",\"width\":500,\"height\":250,\"caption\":\"Museo de la Charrer\u00eda Ciudad de M\u00e9xico\"},\"image\":{\"@id\":\"https:\\\/\\\/museodelacharreria.org.mx\\\/#\\\/schema\\\/logo\\\/image\\\/\"},\"sameAs\":[\"https:\\\/\\\/www.youtube.com\\\/@MuseoDeLaCharreria\"]}]}<\/script>\n<!-- \/ Yoast SEO plugin. -->","yoast_head_json":{"title":"SIGLO XIX - Museo de la Charrer\u00eda CDMX","robots":{"index":"index","follow":"follow","max-snippet":"max-snippet:-1","max-image-preview":"max-image-preview:large","max-video-preview":"max-video-preview:-1"},"canonical":"https:\/\/museodelacharreria.org.mx\/hi\/historia\/siglo-xix\/","og_locale":"hi_IN","og_type":"article","og_title":"SIGLO XIX - Museo de la Charrer\u00eda CDMX","og_url":"https:\/\/museodelacharreria.org.mx\/hi\/historia\/siglo-xix\/","og_site_name":"Museo de la Charrer\u00eda CDMX","article_modified_time":"2024-12-06T13:18:43+00:00","og_image":[{"width":1920,"height":1280,"url":"https:\/\/museodelacharreria.org.mx\/wp-content\/uploads\/2023\/10\/retablo-la-independencia-Fuente-INAH-1.jpg","type":"image\/jpeg"}],"twitter_card":"summary_large_image","twitter_misc":{"\u0905\u0928\u0941\u092e\u093e\u0928\u093f\u0924 \u092a\u0922\u093c\u0928\u0947 \u0915\u093e \u0938\u092e\u092f":"3 \u092e\u093f\u0928\u091f"},"schema":{"@context":"https:\/\/schema.org","@graph":[{"@type":"WebPage","@id":"https:\/\/museodelacharreria.org.mx\/historia\/siglo-xix\/","url":"https:\/\/museodelacharreria.org.mx\/historia\/siglo-xix\/","name":"SIGLO XIX - Museo de la Charrer\u00eda CDMX","isPartOf":{"@id":"https:\/\/museodelacharreria.org.mx\/#website"},"primaryImageOfPage":{"@id":"https:\/\/museodelacharreria.org.mx\/historia\/siglo-xix\/#primaryimage"},"image":{"@id":"https:\/\/museodelacharreria.org.mx\/historia\/siglo-xix\/#primaryimage"},"thumbnailUrl":"https:\/\/museodelacharreria.org.mx\/wp-content\/uploads\/2023\/10\/retablo-la-independencia-Fuente-INAH-1.jpg","datePublished":"2023-10-04T01:58:07+00:00","dateModified":"2024-12-06T13:18:43+00:00","breadcrumb":{"@id":"https:\/\/museodelacharreria.org.mx\/historia\/siglo-xix\/#breadcrumb"},"inLanguage":"hi-IN","potentialAction":[{"@type":"ReadAction","target":["https:\/\/museodelacharreria.org.mx\/historia\/siglo-xix\/"]}]},{"@type":"ImageObject","inLanguage":"hi-IN","@id":"https:\/\/museodelacharreria.org.mx\/historia\/siglo-xix\/#primaryimage","url":"https:\/\/museodelacharreria.org.mx\/wp-content\/uploads\/2023\/10\/retablo-la-independencia-Fuente-INAH-1.jpg","contentUrl":"https:\/\/museodelacharreria.org.mx\/wp-content\/uploads\/2023\/10\/retablo-la-independencia-Fuente-INAH-1.jpg","width":1920,"height":1280,"caption":"Retablo \"La Independencia\" Castillo de Chapultepec. Autor: Juan O'Gorman Instituto Nacional de Antropolog\u00eda e Historia http:\/\/mediateca.inah.gob.mx\/"},{"@type":"BreadcrumbList","@id":"https:\/\/museodelacharreria.org.mx\/historia\/siglo-xix\/#breadcrumb","itemListElement":[{"@type":"ListItem","position":1,"name":"Portada","item":"https:\/\/museodelacharreria.org.mx\/inicio\/"},{"@type":"ListItem","position":2,"name":"HISTORIA","item":"https:\/\/museodelacharreria.org.mx\/historia\/"},{"@type":"ListItem","position":3,"name":"SIGLO XIX"}]},{"@type":"WebSite","@id":"https:\/\/museodelacharreria.org.mx\/#website","url":"https:\/\/museodelacharreria.org.mx\/","name":"Museo de la Charrer\u00eda CDMX","description":"Historia y tradici\u00f3n, patrimonio cultural inmaterial de la humanidad UNESCO","publisher":{"@id":"https:\/\/museodelacharreria.org.mx\/#organization"},"potentialAction":[{"@type":"SearchAction","target":{"@type":"EntryPoint","urlTemplate":"https:\/\/museodelacharreria.org.mx\/?s={search_term_string}"},"query-input":{"@type":"PropertyValueSpecification","valueRequired":true,"valueName":"search_term_string"}}],"inLanguage":"hi-IN"},{"@type":"Organization","@id":"https:\/\/museodelacharreria.org.mx\/#organization","name":"Museo de la Charrer\u00eda Ciudad de M\u00e9xico","alternateName":"Museo de la Charrer\u00eda CDMX","url":"https:\/\/museodelacharreria.org.mx\/","logo":{"@type":"ImageObject","inLanguage":"hi-IN","@id":"https:\/\/museodelacharreria.org.mx\/#\/schema\/logo\/image\/","url":"https:\/\/museodelacharreria.org.mx\/wp-content\/uploads\/2023\/07\/Logo-Museo-de-la-Charreria-b-n.png","contentUrl":"https:\/\/museodelacharreria.org.mx\/wp-content\/uploads\/2023\/07\/Logo-Museo-de-la-Charreria-b-n.png","width":500,"height":250,"caption":"Museo de la Charrer\u00eda Ciudad de M\u00e9xico"},"image":{"@id":"https:\/\/museodelacharreria.org.mx\/#\/schema\/logo\/image\/"},"sameAs":["https:\/\/www.youtube.com\/@MuseoDeLaCharreria"]}]}},"_links":{"self":[{"href":"https:\/\/museodelacharreria.org.mx\/hi\/wp-json\/wp\/v2\/pages\/1815","targetHints":{"allow":["GET"]}}],"collection":[{"href":"https:\/\/museodelacharreria.org.mx\/hi\/wp-json\/wp\/v2\/pages"}],"about":[{"href":"https:\/\/museodelacharreria.org.mx\/hi\/wp-json\/wp\/v2\/types\/page"}],"author":[{"embeddable":true,"href":"https:\/\/museodelacharreria.org.mx\/hi\/wp-json\/wp\/v2\/users\/2"}],"replies":[{"embeddable":true,"href":"https:\/\/museodelacharreria.org.mx\/hi\/wp-json\/wp\/v2\/comments?post=1815"}],"version-history":[{"count":9,"href":"https:\/\/museodelacharreria.org.mx\/hi\/wp-json\/wp\/v2\/pages\/1815\/revisions"}],"predecessor-version":[{"id":3992,"href":"https:\/\/museodelacharreria.org.mx\/hi\/wp-json\/wp\/v2\/pages\/1815\/revisions\/3992"}],"up":[{"embeddable":true,"href":"https:\/\/museodelacharreria.org.mx\/hi\/wp-json\/wp\/v2\/pages\/56"}],"wp:featuredmedia":[{"embeddable":true,"href":"https:\/\/museodelacharreria.org.mx\/hi\/wp-json\/wp\/v2\/media\/1941"}],"wp:attachment":[{"href":"https:\/\/museodelacharreria.org.mx\/hi\/wp-json\/wp\/v2\/media?parent=1815"}],"curies":[{"name":"wp","href":"https:\/\/api.w.org\/{rel}","templated":true}]}}