{"id":2456,"date":"2023-12-11T23:18:12","date_gmt":"2023-12-11T23:18:12","guid":{"rendered":"https:\/\/museodelacharreria.org.mx\/?page_id=2456"},"modified":"2024-05-03T00:56:43","modified_gmt":"2024-05-03T00:56:43","slug":"el-lienzo-charro","status":"publish","type":"page","link":"https:\/\/museodelacharreria.org.mx\/hi\/deporte\/el-lienzo-charro\/","title":{"rendered":"EL LIENZO CHARRO"},"content":{"rendered":"<style type=\"text\/css\" data-created_by=\"avia_inline_auto\" id=\"style-css-av-2xkel7-98f96366578bc8026d95d4889345a6df\">\n.avia-section.av-2xkel7-98f96366578bc8026d95d4889345a6df{\nbackground-repeat:no-repeat;\nbackground-image:url(https:\/\/museodelacharreria.org.mx\/wp-content\/uploads\/2023\/12\/Monumental-Lienzo-Charro-Antonio-Aguilar-Zacatecas-2022-00214.jpg);\nbackground-position:100% 50%;\nbackground-attachment:scroll;\nmargin-top:0px;\nmargin-bottom:0px;\n}\n<\/style>\n<div id='av_section_1'  class='avia-section av-2xkel7-98f96366578bc8026d95d4889345a6df main_color avia-section-default avia-no-border-styling  avia-builder-el-0  el_before_av_submenu  avia-builder-el-first  avia-full-stretch avia-bg-style-scroll av-minimum-height av-minimum-height-60 av-height-percent  container_wrap fullsize'  data-section-bg-repeat='stretch' data-av_minimum_height_pc='60' data-av_min_height_opt='percent'><div class='container av-section-cont-open' ><main  role=\"main\" itemprop=\"mainContentOfPage\"  class='template-page content  av-content-full alpha units'><div class='post-entry post-entry-type-page post-entry-2456'><div class='entry-content-wrapper clearfix'>\n\n<style type=\"text\/css\" data-created_by=\"avia_inline_auto\" id=\"style-css-av-lnap3288-7aa1bad338e02df0159e7c40a551e165\">\n#top .av-special-heading.av-lnap3288-7aa1bad338e02df0159e7c40a551e165{\nmargin:40% 0 0 0;\npadding-bottom:10px;\n}\nbody .av-special-heading.av-lnap3288-7aa1bad338e02df0159e7c40a551e165 .av-special-heading-tag .heading-char{\nfont-size:25px;\n}\n.av-special-heading.av-lnap3288-7aa1bad338e02df0159e7c40a551e165 .av-subheading{\nfont-size:15px;\n}\n<\/style>\n<div  class='av-special-heading av-lnap3288-7aa1bad338e02df0159e7c40a551e165 av-special-heading-h1 blockquote modern-quote  avia-builder-el-1  avia-builder-el-no-sibling'><h1 class='av-special-heading-tag'  itemprop=\"headline\"  >EL LIENZO CHARRO<\/h1><div class='av-subheading av-subheading_below'><p>El recinto en el que se lleva a cabo la charreada<\/p>\n<\/div><div class=\"special-heading-border\"><div class=\"special-heading-inner-border\"><\/div><\/div><\/div>\n\n<\/div><\/div><\/main><!-- close content main element --><\/div><\/div><div class='clear'><\/div><div id='sub_menu1'  class='av-submenu-container av-5syjid-15f2172677032a2f9251f28e4c3687eb main_color  avia-builder-el-2  el_after_av_section  el_before_av_heading  av-sticky-submenu submenu-not-first container_wrap fullsize' style='z-index:301' ><div class='container av-menu-mobile-disabled av-submenu-pos-center'><ul id=\"menu-sport\" class=\"av-subnav-menu\" role=\"menu\"><li role=\"menuitem\" id=\"menu-item-2811\" class=\"menu-item menu-item-type-post_type menu-item-object-page menu-item-top-level menu-item-top-level-1\"><a href=\"https:\/\/museodelacharreria.org.mx\/hi\/deporte\/cala-de-caballo\/\" itemprop=\"url\" tabindex=\"0\"><span class=\"avia-bullet\"><\/span><span class=\"avia-menu-text\">CALA DE CABALLO<\/span><span class=\"avia-menu-fx\"><span class=\"avia-arrow-wrap\"><span class=\"avia-arrow\"><\/span><\/span><\/span><\/a><\/li>\n<li role=\"menuitem\" id=\"menu-item-2810\" class=\"menu-item menu-item-type-post_type menu-item-object-page menu-item-top-level menu-item-top-level-2\"><a href=\"https:\/\/museodelacharreria.org.mx\/hi\/deporte\/piales\/\" itemprop=\"url\" tabindex=\"0\"><span class=\"avia-bullet\"><\/span><span class=\"avia-menu-text\">PIALES<\/span><span class=\"avia-menu-fx\"><span class=\"avia-arrow-wrap\"><span class=\"avia-arrow\"><\/span><\/span><\/span><\/a><\/li>\n<li role=\"menuitem\" id=\"menu-item-2809\" class=\"menu-item menu-item-type-post_type menu-item-object-page menu-item-top-level menu-item-top-level-3\"><a href=\"https:\/\/museodelacharreria.org.mx\/hi\/deporte\/coleadero\/\" itemprop=\"url\" tabindex=\"0\"><span class=\"avia-bullet\"><\/span><span class=\"avia-menu-text\">COLEADERO<\/span><span class=\"avia-menu-fx\"><span class=\"avia-arrow-wrap\"><span class=\"avia-arrow\"><\/span><\/span><\/span><\/a><\/li>\n<li role=\"menuitem\" id=\"menu-item-2807\" class=\"menu-item menu-item-type-post_type menu-item-object-page menu-item-top-level menu-item-top-level-4\"><a href=\"https:\/\/museodelacharreria.org.mx\/hi\/deporte\/jineteada-de-toro\/\" itemprop=\"url\" tabindex=\"0\"><span class=\"avia-bullet\"><\/span><span class=\"avia-menu-text\">JINETEO DE TORO<\/span><span class=\"avia-menu-fx\"><span class=\"avia-arrow-wrap\"><span class=\"avia-arrow\"><\/span><\/span><\/span><\/a><\/li>\n<li role=\"menuitem\" id=\"menu-item-2806\" class=\"menu-item menu-item-type-post_type menu-item-object-page menu-item-top-level menu-item-top-level-5\"><a href=\"https:\/\/museodelacharreria.org.mx\/hi\/deporte\/terna-en-el-ruedo\/\" itemprop=\"url\" tabindex=\"0\"><span class=\"avia-bullet\"><\/span><span class=\"avia-menu-text\">TERNA EN EL RUEDO<\/span><span class=\"avia-menu-fx\"><span class=\"avia-arrow-wrap\"><span class=\"avia-arrow\"><\/span><\/span><\/span><\/a><\/li>\n<li role=\"menuitem\" id=\"menu-item-2805\" class=\"menu-item menu-item-type-post_type menu-item-object-page menu-item-top-level menu-item-top-level-6\"><a href=\"https:\/\/museodelacharreria.org.mx\/hi\/deporte\/jineteo-de-yegua\/\" itemprop=\"url\" tabindex=\"0\"><span class=\"avia-bullet\"><\/span><span class=\"avia-menu-text\">JINETEO DE YEGUA<\/span><span class=\"avia-menu-fx\"><span class=\"avia-arrow-wrap\"><span class=\"avia-arrow\"><\/span><\/span><\/span><\/a><\/li>\n<li role=\"menuitem\" id=\"menu-item-2804\" class=\"menu-item menu-item-type-post_type menu-item-object-page menu-item-top-level menu-item-top-level-7\"><a href=\"https:\/\/museodelacharreria.org.mx\/hi\/deporte\/manganas-a-pie\/\" itemprop=\"url\" tabindex=\"0\"><span class=\"avia-bullet\"><\/span><span class=\"avia-menu-text\">MANGANAS A PIE<\/span><span class=\"avia-menu-fx\"><span class=\"avia-arrow-wrap\"><span class=\"avia-arrow\"><\/span><\/span><\/span><\/a><\/li>\n<li role=\"menuitem\" id=\"menu-item-2801\" class=\"menu-item menu-item-type-post_type menu-item-object-page menu-item-top-level menu-item-top-level-8\"><a href=\"https:\/\/museodelacharreria.org.mx\/hi\/deporte\/manganas-a-caballo\/\" itemprop=\"url\" tabindex=\"0\"><span class=\"avia-bullet\"><\/span><span class=\"avia-menu-text\">MANGANAS A CABALLO<\/span><span class=\"avia-menu-fx\"><span class=\"avia-arrow-wrap\"><span class=\"avia-arrow\"><\/span><\/span><\/span><\/a><\/li>\n<li role=\"menuitem\" id=\"menu-item-2803\" class=\"menu-item menu-item-type-post_type menu-item-object-page menu-item-top-level menu-item-top-level-9\"><a href=\"https:\/\/museodelacharreria.org.mx\/hi\/deporte\/paso-de-la-muerte\/\" itemprop=\"url\" tabindex=\"0\"><span class=\"avia-bullet\"><\/span><span class=\"avia-menu-text\">\u092e\u094c\u0924 \u0915\u093e \u0915\u0926\u092e<\/span><span class=\"avia-menu-fx\"><span class=\"avia-arrow-wrap\"><span class=\"avia-arrow\"><\/span><\/span><\/span><\/a><\/li>\n<li role=\"menuitem\" id=\"menu-item-2808\" class=\"menu-item menu-item-type-post_type menu-item-object-page menu-item-top-level menu-item-top-level-10\"><a href=\"https:\/\/museodelacharreria.org.mx\/hi\/deporte\/escaramuza\/\" itemprop=\"url\" tabindex=\"0\"><span class=\"avia-bullet\"><\/span><span class=\"avia-menu-text\">ESCARAMUZA<\/span><span class=\"avia-menu-fx\"><span class=\"avia-arrow-wrap\"><span class=\"avia-arrow\"><\/span><\/span><\/span><\/a><\/li>\n<li role=\"menuitem\" id=\"menu-item-2812\" class=\"menu-item menu-item-type-post_type menu-item-object-page menu-item-top-level menu-item-top-level-11\"><a href=\"https:\/\/museodelacharreria.org.mx\/hi\/deporte\/el-lienzo-charro\/\" itemprop=\"url\" tabindex=\"0\"><span class=\"avia-bullet\"><\/span><span class=\"avia-menu-text\">EL LIENZO CHARRO<\/span><span class=\"avia-menu-fx\"><span class=\"avia-arrow-wrap\"><span class=\"avia-arrow\"><\/span><\/span><\/span><\/a><\/li>\n<li role=\"menuitem\" id=\"menu-item-2813\" class=\"menu-item menu-item-type-post_type menu-item-object-page menu-item-top-level menu-item-top-level-12\"><a href=\"https:\/\/museodelacharreria.org.mx\/hi\/deporte\/la-charreada\/\" itemprop=\"url\" tabindex=\"0\"><span class=\"avia-bullet\"><\/span><span class=\"avia-menu-text\">LA CHARREADA<\/span><span class=\"avia-menu-fx\"><span class=\"avia-arrow-wrap\"><span class=\"avia-arrow\"><\/span><\/span><\/span><\/a><\/li>\n<li role=\"menuitem\" id=\"menu-item-2802\" class=\"menu-item menu-item-type-post_type menu-item-object-page menu-item-top-level menu-item-top-level-13\"><a href=\"https:\/\/museodelacharreria.org.mx\/hi\/deporte\/campeonato-nacional-charro\/\" itemprop=\"url\" tabindex=\"0\"><span class=\"avia-bullet\"><\/span><span class=\"avia-menu-text\">\u091a\u093e\u0930\u094d\u0930\u0947\u0930\u093f\u092f\u093e \u0930\u093e\u0937\u094d\u091f\u094d\u0930\u0940\u092f \u091a\u0948\u092e\u094d\u092a\u093f\u092f\u0928\u0936\u093f\u092a<\/span><span class=\"avia-menu-fx\"><span class=\"avia-arrow-wrap\"><span class=\"avia-arrow\"><\/span><\/span><\/span><\/a><\/li>\n<\/ul><\/div><\/div><div class='sticky_placeholder'><\/div><div id='after_submenu_1'  class='main_color av_default_container_wrap container_wrap fullsize'  ><div class='container av-section-cont-open' ><div class='template-page content  av-content-full alpha units'><div class='post-entry post-entry-type-page post-entry-2456'><div class='entry-content-wrapper clearfix'>\n\n<style type=\"text\/css\" data-created_by=\"avia_inline_auto\" id=\"style-css-av-lq1xquxc-857c6d6827930d9d508d9a538bbf0d28\">\n#top .av-special-heading.av-lq1xquxc-857c6d6827930d9d508d9a538bbf0d28{\nmargin:0 0 0 0;\npadding-bottom:30px;\n}\nbody .av-special-heading.av-lq1xquxc-857c6d6827930d9d508d9a538bbf0d28 .av-special-heading-tag .heading-char{\nfont-size:25px;\n}\n.av-special-heading.av-lq1xquxc-857c6d6827930d9d508d9a538bbf0d28 .av-subheading{\nfont-size:15px;\n}\n<\/style>\n<div  class='av-special-heading av-lq1xquxc-857c6d6827930d9d508d9a538bbf0d28 av-special-heading-h2 blockquote modern-quote modern-centered  avia-builder-el-3  el_after_av_submenu  el_before_av_one_full  avia-builder-el-first'><h2 class='av-special-heading-tag'  itemprop=\"headline\"  >EL LIENZO CHARRO<\/h2><div class='av-subheading av-subheading_below'><p>El recinto en el que se lleva a cabo la charreada<\/p>\n<\/div><div class=\"special-heading-border\"><div class=\"special-heading-inner-border\"><\/div><\/div><\/div>\n\n<style type=\"text\/css\" data-created_by=\"avia_inline_auto\" id=\"style-css-av-lnapyhdx-b289005ca77e5017eff9eca400f12de3\">\n#top .flex_column.av-lnapyhdx-b289005ca77e5017eff9eca400f12de3{\nmargin-top:-7%;\nmargin-bottom:0px;\n}\n.flex_column.av-lnapyhdx-b289005ca77e5017eff9eca400f12de3{\npadding:5% 5% 5% 5%;\nbackground-color:rgba(10,10,10,0.48);\n}\n.responsive #top #wrap_all .flex_column.av-lnapyhdx-b289005ca77e5017eff9eca400f12de3{\nmargin-top:-7%;\nmargin-bottom:0px;\n}\n<\/style>\n<div  class='flex_column av-lnapyhdx-b289005ca77e5017eff9eca400f12de3 av_one_full  avia-builder-el-4  el_after_av_heading  avia-builder-el-last  first flex_column_div'     ><section  class='av_textblock_section av-lnap26cr-22bc630749eb84fff7f01f2c3751306f'   itemscope=\"itemscope\" itemtype=\"https:\/\/schema.org\/CreativeWork\" ><div class='avia_textblock'  itemprop=\"text\" ><p>El Lienzo Charro, m\u00e1s que un simple escenario, es el coraz\u00f3n palpable de la charrer\u00eda, una tradici\u00f3n arraigada en la cultura mexicana. Este espacio meticulosamente dise\u00f1ado para albergar competencias de charrer\u00eda presenta caracter\u00edsticas \u00fanicas que realzan la experiencia de este antiguo arte.<\/p>\n<p>Es importante destacar que la charrer\u00eda es el deporte mexicano por excelencia, una afirmaci\u00f3n respaldada por la presencia de lienzos charros en cada rinc\u00f3n de M\u00e9xico. Puede asegurarse con orgullo que pr\u00e1cticamente todo municipio en el pa\u00eds cuenta con su propio lienzo, lo que subraya la profunda conexi\u00f3n que la charrer\u00eda tiene con la identidad y el orgullo mexicanos. En este espacio, la tradici\u00f3n y la destreza cobran vida, cautivando a espectadores y participantes por igual.<\/p>\n<p><strong>Dimensiones y Distribuci\u00f3n:<\/strong><br \/>\nUn Lienzo Charro t\u00edpico se extiende en una superficie amplia, un ruedo o circunferencia de 40 metros de di\u00e1metro, unido a un rect\u00e1ngulo denominado \u201cmanga del lienzo\u201d con una longitud de al menos 60 metros, por 12 metros de ancho. Esta amplitud proporciona suficiente espacio para que los charros demuestren su destreza en diversas suertes. El terreno debe est\u00e1r meticulosamente preparado para asegurar la seguridad y el m\u00e1ximo rendimiento de los caballos y jinetes. Esto se logra con varias capas de un sustrato que puede ser arena, tierra o grava, que es aflojado con una rastra jalado por tractor antes de cada competencia.<\/p>\n<p><strong>La Manga:<\/strong><br \/>\nLa manga es un pasillo largo y estrecho que conecta el partidor con el ruedo. Aqu\u00ed, los charros se preparan para su ejecuci\u00f3n, concentr\u00e1ndose en la suerte que est\u00e1 por venir. Es un momento de anticipaci\u00f3n y enfoque, donde se siente la tensi\u00f3n antes de entrar en el ruedo.<\/p>\n<p><strong>Partidero y Regresadero:<\/strong><br \/>\nEn un extremo del lienzo se encuentra el \u00abpartidor\u00bb, una estructura dise\u00f1ada para dar inicio a las suertes. Aqu\u00ed es donde los charros comienzan sus ejecuciones con energ\u00eda y precisi\u00f3n. El \u00abregresado\u00bb, ubicado en el extremo opuesto, es el punto de retorno al lienzo despu\u00e9s de completar una suerte. Esta zona es crucial para mantener la fluidez y la seguridad de la competencia.<\/p>\n<p><strong>El Ruedo:<\/strong><br \/>\nEl ruedo es el \u00e1rea circular del lienzo, el escenario principal donde se llevan a cabo las suertes. Aqu\u00ed es donde los charros despliegan su maestr\u00eda en un espect\u00e1culo de destreza ecuestre. Las dimensiones del ruedo est\u00e1n dise\u00f1adas para permitir que los charros realicen maniobras impresionantes con sus caballos.<\/p>\n<p><strong>Las Tribunas:<\/strong><br \/>\nA lo largo del lienzo, se disponen las tribunas para espectadores y aficionados. Desde aqu\u00ed, el p\u00fablico puede presenciar cada momento de la competencia, animando y aplaudiendo a los charros mientras demuestran su habilidad. Las tribunas son el lugar donde la emoci\u00f3n y la pasi\u00f3n de la charrer\u00eda se comparten y celebran. La cobertura de los lienzos, que a menudo est\u00e1n techados, es un elemento invaluable. Esto facilita la ejecuci\u00f3n de las suertes en todo tipo de clima, permitiendo que la charrer\u00eda brille incluso bajo la lluvia o el sol ardiente.<\/p>\n<\/div><\/section><\/div>","protected":false},"excerpt":{"rendered":"","protected":false},"author":1,"featured_media":2526,"parent":54,"menu_order":0,"comment_status":"closed","ping_status":"closed","template":"","meta":{"footnotes":""},"class_list":["post-2456","page","type-page","status-publish","has-post-thumbnail","hentry"],"yoast_head":"<!-- This site is optimized with the Yoast SEO plugin v27.4 - https:\/\/yoast.com\/product\/yoast-seo-wordpress\/ -->\n<title>EL LIENZO CHARRO - Museo de la Charrer\u00eda CDMX<\/title>\n<meta name=\"robots\" content=\"index, follow, max-snippet:-1, max-image-preview:large, max-video-preview:-1\" \/>\n<link rel=\"canonical\" href=\"https:\/\/museodelacharreria.org.mx\/hi\/deporte\/el-lienzo-charro\/\" \/>\n<meta property=\"og:locale\" content=\"hi_IN\" \/>\n<meta property=\"og:type\" content=\"article\" \/>\n<meta property=\"og:title\" content=\"EL LIENZO CHARRO - Museo de la Charrer\u00eda CDMX\" \/>\n<meta property=\"og:url\" content=\"https:\/\/museodelacharreria.org.mx\/hi\/deporte\/el-lienzo-charro\/\" \/>\n<meta property=\"og:site_name\" content=\"Museo de la Charrer\u00eda CDMX\" \/>\n<meta property=\"article:modified_time\" content=\"2024-05-03T00:56:43+00:00\" \/>\n<meta property=\"og:image\" content=\"https:\/\/museodelacharreria.org.mx\/wp-content\/uploads\/2023\/12\/Monumental-Lienzo-Charro-Antonio-Aguilar-Zacatecas-2022-00214.jpg\" \/>\n\t<meta property=\"og:image:width\" content=\"1920\" \/>\n\t<meta property=\"og:image:height\" content=\"1280\" \/>\n\t<meta property=\"og:image:type\" content=\"image\/jpeg\" \/>\n<meta name=\"twitter:card\" content=\"summary_large_image\" \/>\n<meta name=\"twitter:label1\" content=\"\u0905\u0928\u0941\u092e\u093e\u0928\u093f\u0924 \u092a\u0922\u093c\u0928\u0947 \u0915\u093e \u0938\u092e\u092f\" \/>\n\t<meta name=\"twitter:data1\" content=\"3 \u092e\u093f\u0928\u091f\" \/>\n<script type=\"application\/ld+json\" class=\"yoast-schema-graph\">{\"@context\":\"https:\\\/\\\/schema.org\",\"@graph\":[{\"@type\":\"WebPage\",\"@id\":\"https:\\\/\\\/museodelacharreria.org.mx\\\/deporte\\\/el-lienzo-charro\\\/\",\"url\":\"https:\\\/\\\/museodelacharreria.org.mx\\\/deporte\\\/el-lienzo-charro\\\/\",\"name\":\"EL LIENZO CHARRO - Museo de la Charrer\u00eda CDMX\",\"isPartOf\":{\"@id\":\"https:\\\/\\\/museodelacharreria.org.mx\\\/#website\"},\"primaryImageOfPage\":{\"@id\":\"https:\\\/\\\/museodelacharreria.org.mx\\\/deporte\\\/el-lienzo-charro\\\/#primaryimage\"},\"image\":{\"@id\":\"https:\\\/\\\/museodelacharreria.org.mx\\\/deporte\\\/el-lienzo-charro\\\/#primaryimage\"},\"thumbnailUrl\":\"https:\\\/\\\/museodelacharreria.org.mx\\\/wp-content\\\/uploads\\\/2023\\\/12\\\/Monumental-Lienzo-Charro-Antonio-Aguilar-Zacatecas-2022-00214.jpg\",\"datePublished\":\"2023-12-11T23:18:12+00:00\",\"dateModified\":\"2024-05-03T00:56:43+00:00\",\"breadcrumb\":{\"@id\":\"https:\\\/\\\/museodelacharreria.org.mx\\\/deporte\\\/el-lienzo-charro\\\/#breadcrumb\"},\"inLanguage\":\"hi-IN\",\"potentialAction\":[{\"@type\":\"ReadAction\",\"target\":[\"https:\\\/\\\/museodelacharreria.org.mx\\\/deporte\\\/el-lienzo-charro\\\/\"]}]},{\"@type\":\"ImageObject\",\"inLanguage\":\"hi-IN\",\"@id\":\"https:\\\/\\\/museodelacharreria.org.mx\\\/deporte\\\/el-lienzo-charro\\\/#primaryimage\",\"url\":\"https:\\\/\\\/museodelacharreria.org.mx\\\/wp-content\\\/uploads\\\/2023\\\/12\\\/Monumental-Lienzo-Charro-Antonio-Aguilar-Zacatecas-2022-00214.jpg\",\"contentUrl\":\"https:\\\/\\\/museodelacharreria.org.mx\\\/wp-content\\\/uploads\\\/2023\\\/12\\\/Monumental-Lienzo-Charro-Antonio-Aguilar-Zacatecas-2022-00214.jpg\",\"width\":1920,\"height\":1280,\"caption\":\"Monumental Lienzo Charro Antonio Aguilar Zacatecas 2022-00214\"},{\"@type\":\"BreadcrumbList\",\"@id\":\"https:\\\/\\\/museodelacharreria.org.mx\\\/deporte\\\/el-lienzo-charro\\\/#breadcrumb\",\"itemListElement\":[{\"@type\":\"ListItem\",\"position\":1,\"name\":\"Portada\",\"item\":\"https:\\\/\\\/museodelacharreria.org.mx\\\/inicio\\\/\"},{\"@type\":\"ListItem\",\"position\":2,\"name\":\"DEPORTE\",\"item\":\"https:\\\/\\\/museodelacharreria.org.mx\\\/deporte\\\/\"},{\"@type\":\"ListItem\",\"position\":3,\"name\":\"EL LIENZO CHARRO\"}]},{\"@type\":\"WebSite\",\"@id\":\"https:\\\/\\\/museodelacharreria.org.mx\\\/#website\",\"url\":\"https:\\\/\\\/museodelacharreria.org.mx\\\/\",\"name\":\"Museo de la Charrer\u00eda CDMX\",\"description\":\"Historia y tradici\u00f3n, patrimonio cultural inmaterial de la humanidad UNESCO\",\"publisher\":{\"@id\":\"https:\\\/\\\/museodelacharreria.org.mx\\\/#organization\"},\"potentialAction\":[{\"@type\":\"SearchAction\",\"target\":{\"@type\":\"EntryPoint\",\"urlTemplate\":\"https:\\\/\\\/museodelacharreria.org.mx\\\/?s={search_term_string}\"},\"query-input\":{\"@type\":\"PropertyValueSpecification\",\"valueRequired\":true,\"valueName\":\"search_term_string\"}}],\"inLanguage\":\"hi-IN\"},{\"@type\":\"Organization\",\"@id\":\"https:\\\/\\\/museodelacharreria.org.mx\\\/#organization\",\"name\":\"Museo de la Charrer\u00eda Ciudad de M\u00e9xico\",\"alternateName\":\"Museo de la Charrer\u00eda CDMX\",\"url\":\"https:\\\/\\\/museodelacharreria.org.mx\\\/\",\"logo\":{\"@type\":\"ImageObject\",\"inLanguage\":\"hi-IN\",\"@id\":\"https:\\\/\\\/museodelacharreria.org.mx\\\/#\\\/schema\\\/logo\\\/image\\\/\",\"url\":\"https:\\\/\\\/museodelacharreria.org.mx\\\/wp-content\\\/uploads\\\/2023\\\/07\\\/Logo-Museo-de-la-Charreria-b-n.png\",\"contentUrl\":\"https:\\\/\\\/museodelacharreria.org.mx\\\/wp-content\\\/uploads\\\/2023\\\/07\\\/Logo-Museo-de-la-Charreria-b-n.png\",\"width\":500,\"height\":250,\"caption\":\"Museo de la Charrer\u00eda Ciudad de M\u00e9xico\"},\"image\":{\"@id\":\"https:\\\/\\\/museodelacharreria.org.mx\\\/#\\\/schema\\\/logo\\\/image\\\/\"},\"sameAs\":[\"https:\\\/\\\/www.youtube.com\\\/@MuseoDeLaCharreria\"]}]}<\/script>\n<!-- \/ Yoast SEO plugin. -->","yoast_head_json":{"title":"EL LIENZO CHARRO - Museo de la Charrer\u00eda CDMX","robots":{"index":"index","follow":"follow","max-snippet":"max-snippet:-1","max-image-preview":"max-image-preview:large","max-video-preview":"max-video-preview:-1"},"canonical":"https:\/\/museodelacharreria.org.mx\/hi\/deporte\/el-lienzo-charro\/","og_locale":"hi_IN","og_type":"article","og_title":"EL LIENZO CHARRO - Museo de la Charrer\u00eda CDMX","og_url":"https:\/\/museodelacharreria.org.mx\/hi\/deporte\/el-lienzo-charro\/","og_site_name":"Museo de la Charrer\u00eda CDMX","article_modified_time":"2024-05-03T00:56:43+00:00","og_image":[{"width":1920,"height":1280,"url":"https:\/\/museodelacharreria.org.mx\/wp-content\/uploads\/2023\/12\/Monumental-Lienzo-Charro-Antonio-Aguilar-Zacatecas-2022-00214.jpg","type":"image\/jpeg"}],"twitter_card":"summary_large_image","twitter_misc":{"\u0905\u0928\u0941\u092e\u093e\u0928\u093f\u0924 \u092a\u0922\u093c\u0928\u0947 \u0915\u093e \u0938\u092e\u092f":"3 \u092e\u093f\u0928\u091f"},"schema":{"@context":"https:\/\/schema.org","@graph":[{"@type":"WebPage","@id":"https:\/\/museodelacharreria.org.mx\/deporte\/el-lienzo-charro\/","url":"https:\/\/museodelacharreria.org.mx\/deporte\/el-lienzo-charro\/","name":"EL LIENZO CHARRO - Museo de la Charrer\u00eda CDMX","isPartOf":{"@id":"https:\/\/museodelacharreria.org.mx\/#website"},"primaryImageOfPage":{"@id":"https:\/\/museodelacharreria.org.mx\/deporte\/el-lienzo-charro\/#primaryimage"},"image":{"@id":"https:\/\/museodelacharreria.org.mx\/deporte\/el-lienzo-charro\/#primaryimage"},"thumbnailUrl":"https:\/\/museodelacharreria.org.mx\/wp-content\/uploads\/2023\/12\/Monumental-Lienzo-Charro-Antonio-Aguilar-Zacatecas-2022-00214.jpg","datePublished":"2023-12-11T23:18:12+00:00","dateModified":"2024-05-03T00:56:43+00:00","breadcrumb":{"@id":"https:\/\/museodelacharreria.org.mx\/deporte\/el-lienzo-charro\/#breadcrumb"},"inLanguage":"hi-IN","potentialAction":[{"@type":"ReadAction","target":["https:\/\/museodelacharreria.org.mx\/deporte\/el-lienzo-charro\/"]}]},{"@type":"ImageObject","inLanguage":"hi-IN","@id":"https:\/\/museodelacharreria.org.mx\/deporte\/el-lienzo-charro\/#primaryimage","url":"https:\/\/museodelacharreria.org.mx\/wp-content\/uploads\/2023\/12\/Monumental-Lienzo-Charro-Antonio-Aguilar-Zacatecas-2022-00214.jpg","contentUrl":"https:\/\/museodelacharreria.org.mx\/wp-content\/uploads\/2023\/12\/Monumental-Lienzo-Charro-Antonio-Aguilar-Zacatecas-2022-00214.jpg","width":1920,"height":1280,"caption":"Monumental Lienzo Charro Antonio Aguilar Zacatecas 2022-00214"},{"@type":"BreadcrumbList","@id":"https:\/\/museodelacharreria.org.mx\/deporte\/el-lienzo-charro\/#breadcrumb","itemListElement":[{"@type":"ListItem","position":1,"name":"Portada","item":"https:\/\/museodelacharreria.org.mx\/inicio\/"},{"@type":"ListItem","position":2,"name":"DEPORTE","item":"https:\/\/museodelacharreria.org.mx\/deporte\/"},{"@type":"ListItem","position":3,"name":"EL LIENZO CHARRO"}]},{"@type":"WebSite","@id":"https:\/\/museodelacharreria.org.mx\/#website","url":"https:\/\/museodelacharreria.org.mx\/","name":"Museo de la Charrer\u00eda CDMX","description":"Historia y tradici\u00f3n, patrimonio cultural inmaterial de la humanidad UNESCO","publisher":{"@id":"https:\/\/museodelacharreria.org.mx\/#organization"},"potentialAction":[{"@type":"SearchAction","target":{"@type":"EntryPoint","urlTemplate":"https:\/\/museodelacharreria.org.mx\/?s={search_term_string}"},"query-input":{"@type":"PropertyValueSpecification","valueRequired":true,"valueName":"search_term_string"}}],"inLanguage":"hi-IN"},{"@type":"Organization","@id":"https:\/\/museodelacharreria.org.mx\/#organization","name":"Museo de la Charrer\u00eda Ciudad de M\u00e9xico","alternateName":"Museo de la Charrer\u00eda CDMX","url":"https:\/\/museodelacharreria.org.mx\/","logo":{"@type":"ImageObject","inLanguage":"hi-IN","@id":"https:\/\/museodelacharreria.org.mx\/#\/schema\/logo\/image\/","url":"https:\/\/museodelacharreria.org.mx\/wp-content\/uploads\/2023\/07\/Logo-Museo-de-la-Charreria-b-n.png","contentUrl":"https:\/\/museodelacharreria.org.mx\/wp-content\/uploads\/2023\/07\/Logo-Museo-de-la-Charreria-b-n.png","width":500,"height":250,"caption":"Museo de la Charrer\u00eda Ciudad de M\u00e9xico"},"image":{"@id":"https:\/\/museodelacharreria.org.mx\/#\/schema\/logo\/image\/"},"sameAs":["https:\/\/www.youtube.com\/@MuseoDeLaCharreria"]}]}},"_links":{"self":[{"href":"https:\/\/museodelacharreria.org.mx\/hi\/wp-json\/wp\/v2\/pages\/2456","targetHints":{"allow":["GET"]}}],"collection":[{"href":"https:\/\/museodelacharreria.org.mx\/hi\/wp-json\/wp\/v2\/pages"}],"about":[{"href":"https:\/\/museodelacharreria.org.mx\/hi\/wp-json\/wp\/v2\/types\/page"}],"author":[{"embeddable":true,"href":"https:\/\/museodelacharreria.org.mx\/hi\/wp-json\/wp\/v2\/users\/1"}],"replies":[{"embeddable":true,"href":"https:\/\/museodelacharreria.org.mx\/hi\/wp-json\/wp\/v2\/comments?post=2456"}],"version-history":[{"count":8,"href":"https:\/\/museodelacharreria.org.mx\/hi\/wp-json\/wp\/v2\/pages\/2456\/revisions"}],"predecessor-version":[{"id":2837,"href":"https:\/\/museodelacharreria.org.mx\/hi\/wp-json\/wp\/v2\/pages\/2456\/revisions\/2837"}],"up":[{"embeddable":true,"href":"https:\/\/museodelacharreria.org.mx\/hi\/wp-json\/wp\/v2\/pages\/54"}],"wp:featuredmedia":[{"embeddable":true,"href":"https:\/\/museodelacharreria.org.mx\/hi\/wp-json\/wp\/v2\/media\/2526"}],"wp:attachment":[{"href":"https:\/\/museodelacharreria.org.mx\/hi\/wp-json\/wp\/v2\/media?parent=2456"}],"curies":[{"name":"wp","href":"https:\/\/api.w.org\/{rel}","templated":true}]}}