{"id":52,"date":"2023-07-14T06:07:24","date_gmt":"2023-07-14T06:07:24","guid":{"rendered":"https:\/\/museodelacharreria.org.mx\/?page_id=52"},"modified":"2024-11-25T21:02:46","modified_gmt":"2024-11-26T03:02:46","slug":"recinto","status":"publish","type":"page","link":"https:\/\/museodelacharreria.org.mx\/hi\/recinto\/","title":{"rendered":"\u092a\u0930\u093f\u0938\u0930"},"content":{"rendered":"<style type=\"text\/css\" data-created_by=\"avia_inline_auto\" id=\"style-css-av-lk2wtxzj-50529e3de29e8bef54654ceb096261c7\">\n.avia-section.av-lk2wtxzj-50529e3de29e8bef54654ceb096261c7{\nbackground-repeat:no-repeat;\nbackground-image:url(https:\/\/museodelacharreria.org.mx\/wp-content\/uploads\/2023\/07\/Ex_Convento_de_Montserrat_Mexico_2015_01.jpg);\nbackground-position:50% 0%;\nbackground-attachment:scroll;\n}\n<\/style>\n<div id='av_section_1'  class='avia-section av-lk2wtxzj-50529e3de29e8bef54654ceb096261c7 main_color avia-section-default avia-no-border-styling  avia-builder-el-0  el_before_av_slideshow  avia-builder-el-first  avia-full-contain avia-bg-style-scroll av-minimum-height av-minimum-height-100 av-height-100  container_wrap fullsize'  data-section-bg-repeat='contain' data-av_minimum_height_pc='100' data-av_min_height_opt='100'><div class='container av-section-cont-open' ><main  role=\"main\" itemprop=\"mainContentOfPage\"  class='template-page content  av-content-full alpha units'><div class='post-entry post-entry-type-page post-entry-52'><div class='entry-content-wrapper clearfix'>\n\n<style type=\"text\/css\" data-created_by=\"avia_inline_auto\" id=\"style-css-av-lo6fbmgm-2a217352d7c6d37a6c32c6301ce8a224\">\n.av_font_icon.av-lo6fbmgm-2a217352d7c6d37a6c32c6301ce8a224 .av-icon-char{\nfont-size:20px;\nline-height:20px;\n}\n<\/style>\n<span  class='av_font_icon av-lo6fbmgm-2a217352d7c6d37a6c32c6301ce8a224 avia_animate_when_visible av-icon-style- avia-icon-pos-right av-no-color avia-icon-animate'><span class='av-icon-char' aria-hidden='true' data-av_icon='\ue8e0' data-av_iconfont='entypo-fontello' data-avia-icon-tooltip=\"Foto: Omar David Sandoval Sida, CC BY-SA 4.0 via Wikimedia Commons&lt;br \/&gt;\"><\/span><\/span>\n\n<style type=\"text\/css\" data-created_by=\"avia_inline_auto\" id=\"style-css-av-lk35i8ss-131c44609e7e7201491f4bd5f2700d3e\">\n#top .flex_column.av-lk35i8ss-131c44609e7e7201491f4bd5f2700d3e{\nmargin-top:45%;\n}\n.flex_column.av-lk35i8ss-131c44609e7e7201491f4bd5f2700d3e{\nborder-radius:5px 5px 5px 5px;\npadding:3% 3% 3% 3%;\nbackground-color:rgba(10,10,10,0.65);\n}\n.responsive #top #wrap_all .flex_column.av-lk35i8ss-131c44609e7e7201491f4bd5f2700d3e{\nmargin-top:45%;\n}\n<\/style>\n<div  class='flex_column av-lk35i8ss-131c44609e7e7201491f4bd5f2700d3e av_one_full  avia-builder-el-2  el_after_av_font_icon  avia-builder-el-last  first flex_column_div'     ><p>\n<style type=\"text\/css\" data-created_by=\"avia_inline_auto\" id=\"style-css-av-1ciyc-51aa6b8fe796d3fc074fda570b9bb77a\">\n#top .av-special-heading.av-1ciyc-51aa6b8fe796d3fc074fda570b9bb77a{\npadding-bottom:10px;\n}\nbody .av-special-heading.av-1ciyc-51aa6b8fe796d3fc074fda570b9bb77a .av-special-heading-tag .heading-char{\nfont-size:25px;\n}\n.av-special-heading.av-1ciyc-51aa6b8fe796d3fc074fda570b9bb77a .av-subheading{\nfont-size:15px;\n}\n<\/style>\n<div  class='av-special-heading av-1ciyc-51aa6b8fe796d3fc074fda570b9bb77a av-special-heading-h1 blockquote modern-quote modern-centered  avia-builder-el-3  el_before_av_hr  avia-builder-el-first'><h1 class='av-special-heading-tag'  itemprop=\"headline\"  >\u092a\u0930\u093f\u0938\u0930<\/h1><div class='av-subheading av-subheading_below'><p>EX CONVENTO DE NUESTRA SE\u00d1ORA DE MONSERRAT<\/p>\n<\/div><div class=\"special-heading-border\"><div class=\"special-heading-inner-border\"><\/div><\/div><\/div><br \/>\n\n<style type=\"text\/css\" data-created_by=\"avia_inline_auto\" id=\"style-css-av-lk5qchue-dfab62012bd36ac46b95caa624371fd5\">\n#top .hr.hr-invisible.av-lk5qchue-dfab62012bd36ac46b95caa624371fd5{\nheight:50px;\n}\n<\/style>\n<div  class='hr av-lk5qchue-dfab62012bd36ac46b95caa624371fd5 hr-invisible  avia-builder-el-4  el_after_av_heading  el_before_av_textblock'><span class='hr-inner'><span class=\"hr-inner-style\"><\/span><\/span><\/div><br \/>\n\n<style type=\"text\/css\" data-created_by=\"avia_inline_auto\" id=\"style-css-av-1036w-85319127cba146ad8b92cb0d00ea7c9b\">\n#top .av_textblock_section.av-1036w-85319127cba146ad8b92cb0d00ea7c9b .avia_textblock{\ncolor:#ffffff;\n}\n\n@media only screen and (min-width: 480px) and (max-width: 767px){ \n#top .av_textblock_section.av-1036w-85319127cba146ad8b92cb0d00ea7c9b .avia_textblock{\nfont-size:18px;\n}\n}\n\n@media only screen and (max-width: 479px){ \n#top .av_textblock_section.av-1036w-85319127cba146ad8b92cb0d00ea7c9b .avia_textblock{\nfont-size:10px;\n}\n}\n<\/style>\n<section  class='av_textblock_section av-1036w-85319127cba146ad8b92cb0d00ea7c9b'   itemscope=\"itemscope\" itemtype=\"https:\/\/schema.org\/CreativeWork\" ><div class='avia_textblock av_inherit_color'  itemprop=\"text\" ><h3 class=\"p1\">El Museo de la Charrer\u00eda se encuentra ubicado en la esquina de Isabela cat\u00f3lica e Izazaga, en el Centro de la Ciudad de M\u00e9xico, en el Ex Convento de Nuestra Se\u00f1ora de Monserrat, tiene una origen y relevancia hist\u00f3rica significativa.<\/h3>\n<\/div><\/section><br \/>\n\n<style type=\"text\/css\" data-created_by=\"avia_inline_auto\" id=\"style-css-av-lk670g4z-d8a6f1c9fe115ed3473db878dd912ce6\">\n#top .av-special-heading.av-lk670g4z-d8a6f1c9fe115ed3473db878dd912ce6{\npadding-bottom:10px;\n}\nbody .av-special-heading.av-lk670g4z-d8a6f1c9fe115ed3473db878dd912ce6 .av-special-heading-tag .heading-char{\nfont-size:25px;\n}\n.av-special-heading.av-lk670g4z-d8a6f1c9fe115ed3473db878dd912ce6 .av-subheading{\nfont-size:15px;\n}\n<\/style>\n<div  class='av-special-heading av-lk670g4z-d8a6f1c9fe115ed3473db878dd912ce6 av-special-heading-h3  avia-builder-el-6  el_after_av_textblock  el_before_av_textblock'><h3 class='av-special-heading-tag'  itemprop=\"headline\"  >\u0907\u0924\u093f\u0939\u093e\u0938<\/h3><div class=\"special-heading-border\"><div class=\"special-heading-inner-border\"><\/div><\/div><\/div><br \/>\n\n<style type=\"text\/css\" data-created_by=\"avia_inline_auto\" id=\"style-css-av-lk5q1hbb-18d911f83a9ce4f58cf85df6d86cc606\">\n#top .av_textblock_section.av-lk5q1hbb-18d911f83a9ce4f58cf85df6d86cc606 .avia_textblock{\ncolor:#ffffff;\ntext-align:justify;\n}\n.avia-fold-unfold-section.av-fold-textblock-av-lk5q1hbb-18d911f83a9ce4f58cf85df6d86cc606 .av-fold-unfold-container{\nmax-height:200px;\n}\n<\/style>\n<section id=\"avia_sc_text_2\" class='av_textblock_section av-lk5q1hbb-18d911f83a9ce4f58cf85df6d86cc606 avia-fold-unfold-section avia-fold-textblock-wrap avia-fold-init av-fold-textblock-av-lk5q1hbb-18d911f83a9ce4f58cf85df6d86cc606 align-left' data-fold_unfold=\"{&quot;type&quot;:&quot;avia-fold-unfold-section&quot;,&quot;height&quot;:&quot;200&quot;,&quot;more&quot;:&quot;Leer m\\u00e1s&quot;,&quot;less&quot;:&quot;Read less&quot;,&quot;context&quot;:&quot;avia_sc_text&quot;}\"  itemscope=\"itemscope\" itemtype=\"https:\/\/schema.org\/CreativeWork\" ><div class=\"av-fold-unfold-container folded\"><\/div><div class='av-fold-button-wrapper av-textblock-btn-wrap'><a href=\"#\" class=\"av-fold-button-container\" data-ignore_hash=\"1\" data-no_scroll_in_viewport=\"1\" data-scroll_top_offset=\"50\">Leer m\u00e1s<\/a><\/div><div class='avia_textblock av_inherit_color'  itemprop=\"text\" ><h3 class=\"p3\">Siglo XVI<\/h3>\n<p class=\"p3\"><i>El Ex Convento de Nuestra Se\u00f1ora de Monserrat fue fundado entre 1587 y 1590 con la imagen de la virgen tra\u00edda de Espa\u00f1a. <\/i><\/p>\n<p class=\"p3\"><i>Por el a\u00f1o de 1580 se hallaban en esta ciudad dos espa\u00f1oles ricos, D. Diego Jim\u00e9nez y D. Fernando Moreno. Como no ten\u00edan sucesi\u00f3n, y eran muy devotos de Nuestra Se\u00f1ora de Montserrat de Catalu\u00f1a, emplearon parte de su caudal en mandar traer de Espa\u00f1a una imagen de talla de aquella Sant\u00edsima Virgen, igual \u00e1 la original en su tama\u00f1o y aun en su color, Para ampliar y establecer el culto p\u00fablico de su amada patrona, convinieron en dejarla por heredera de todos sus bienes, edific\u00e1ndole una iglesia y capilla decente, dotada con suficientes fondos para la mantenci\u00f3n de capellanes y otras obras p\u00edas. Por este tiempo sobrevino una grande epidemia que causaba horribles estragos; y viendo aquellos hombres piadosos la falta de un hospital para asistir \u00e1 los indios, determinaron levantar uno para socorrer aquella necesidad. Al efecto, fundaron uno en las Lomas de Santa Fe, \u00e1 poca distancia de Tacubaya, donde parece que ahora existe el Molino de Bel\u00e9n, como el paraje m\u00e1s saludable y oportuno para la curaci\u00f3n de los apestados, \u00e9 idearon al mismo tiempo agregar al hospital la capilla que intentaban fabricar \u00e1 Nuestra Se\u00f1ora de Monserrat.<\/i><\/p>\n<p class=\"p3\"><i>Con el ejemplo de los dos sujetos expresados, acudieron otros devotos y resolvieron establecer una cofrad\u00eda, \u00e1 cuyo fin consiguieron bula de Su Santidad el Sr. Gregorio XIII, de 30 de Marzo de 1584, con todas las gracias y privilegios que gozaba la de Catalu\u00f1a. Con esto se comenz\u00f3 con mas ardor la f\u00e1brica, y se les ocurri\u00f3 la idea, luego que terminara la epidemia, de convertir aquel edificio en monasterio de benedictinos.<\/i><i><\/i><\/p>\n<\/div><\/section><br \/>\n<div  class='hr av-lk5q78my-79e57a34fb804b37ffa78630c5f24275 hr-short  avia-builder-el-8  el_after_av_textblock  el_before_av_textblock  hr-center'><span class='hr-inner'><span class=\"hr-inner-style\"><\/span><\/span><\/div><br \/>\n\n<style type=\"text\/css\" data-created_by=\"avia_inline_auto\" id=\"style-css-av-lk5pz4b6-0fcbc41ccbb5bc4da545b9156a8fa835\">\n#top .av_textblock_section.av-lk5pz4b6-0fcbc41ccbb5bc4da545b9156a8fa835 .avia_textblock{\ncolor:#ffffff;\ntext-align:justify;\n}\n<\/style>\n<section  class='av_textblock_section av-lk5pz4b6-0fcbc41ccbb5bc4da545b9156a8fa835'   itemscope=\"itemscope\" itemtype=\"https:\/\/schema.org\/CreativeWork\" ><div class='avia_textblock av_inherit_color'  itemprop=\"text\" ><h3 class=\"p3\">Siglo XVII<\/h3>\n<p class=\"p3\"><i>En 1614, llegaron los primeros padres benedictinos, Diego S\u00e1nchez y Juan Victoria, y el conjunto se convirti\u00f3 en un colegio. Durante este siglo, el ex convento fue utilizado como instituci\u00f3n educativa y el claustro funcionaba como botica donde se elaboraban medicinas para los enfermos.<\/i><\/p>\n<\/div><\/section><br \/>\n<div  class='hr av-lk5q7zew-ea862633ca6b84fa0d5efaef85e90436 hr-short  avia-builder-el-10  el_after_av_textblock  el_before_av_textblock  hr-center'><span class='hr-inner'><span class=\"hr-inner-style\"><\/span><\/span><\/div><br \/>\n\n<style type=\"text\/css\" data-created_by=\"avia_inline_auto\" id=\"style-css-av-lk5py6zn-d28c07be9e801d5c27b4c6e7b5af894a\">\n#top .av_textblock_section.av-lk5py6zn-d28c07be9e801d5c27b4c6e7b5af894a .avia_textblock{\ncolor:#ffffff;\ntext-align:justify;\n}\n<\/style>\n<section  class='av_textblock_section av-lk5py6zn-d28c07be9e801d5c27b4c6e7b5af894a'   itemscope=\"itemscope\" itemtype=\"https:\/\/schema.org\/CreativeWork\" ><div class='avia_textblock av_inherit_color'  itemprop=\"text\" ><h3 class=\"p3\">Siglo XVIII<\/h3>\n<p class=\"p3\"><i>El ex convento fue ocupado por las Monjas Jer\u00f3nimas, quienes impartieron educaci\u00f3n religiosa y se dedicaron a copiar manuscritos. Durante este siglo, se desconoce la informaci\u00f3n documental sobre el ex convento.<\/i><\/p>\n<\/div><\/section><br \/>\n<div  class='hr av-lk5q7ru3-1f099992604e2111eaf965c6ba997e4a hr-short  avia-builder-el-12  el_after_av_textblock  el_before_av_textblock  hr-center'><span class='hr-inner'><span class=\"hr-inner-style\"><\/span><\/span><\/div><br \/>\n\n<style type=\"text\/css\" data-created_by=\"avia_inline_auto\" id=\"style-css-av-lk5pwwft-eacd0ca4a0dedbb5a38b5635a5051cbd\">\n#top .av_textblock_section.av-lk5pwwft-eacd0ca4a0dedbb5a38b5635a5051cbd .avia_textblock{\ncolor:#ffffff;\ntext-align:justify;\n}\n<\/style>\n<section  class='av_textblock_section av-lk5pwwft-eacd0ca4a0dedbb5a38b5635a5051cbd'   itemscope=\"itemscope\" itemtype=\"https:\/\/schema.org\/CreativeWork\" ><div class='avia_textblock av_inherit_color'  itemprop=\"text\" ><h3 class=\"p3\">Siglo XIX<\/h3>\n<p class=\"p3\"><i>En 1821, se orden\u00f3 la clausura del ex convento. En 1861, se permiti\u00f3 la reapertura de la iglesia para el culto cat\u00f3lico, y al a\u00f1o siguiente se dispuso que el edificio conventual fuera dividido en lotes para ser distribuidos entre varias familias. Sin embargo, esta orden no se cumpli\u00f3 y la imagen de la Virgen de Monserrat fue trasladada a otra iglesia.<\/i><\/p>\n<\/div><\/section><br \/>\n<div  class='hr av-lk5q7mae-9045cafd5136cd0b70a38cfba4ee9f6d hr-short  avia-builder-el-14  el_after_av_textblock  el_before_av_textblock  hr-center'><span class='hr-inner'><span class=\"hr-inner-style\"><\/span><\/span><\/div><br \/>\n\n<style type=\"text\/css\" data-created_by=\"avia_inline_auto\" id=\"style-css-av-lk5pw024-85ac0eee11b09b83b46c908c1932328f\">\n#top .av_textblock_section.av-lk5pw024-85ac0eee11b09b83b46c908c1932328f .avia_textblock{\ncolor:#ffffff;\ntext-align:justify;\n}\n<\/style>\n<section  class='av_textblock_section av-lk5pw024-85ac0eee11b09b83b46c908c1932328f'   itemscope=\"itemscope\" itemtype=\"https:\/\/schema.org\/CreativeWork\" ><div class='avia_textblock av_inherit_color'  itemprop=\"text\" ><h3 class=\"p3\">Siglo XX<\/h3>\n<p class=\"p3\"><i>El ex convento sufri\u00f3 la ampliaci\u00f3n de la Avenida Izazaga y fue afectado por cambios en su entorno. En 1931, fue declarado Monumento Colonial, pero al a\u00f1o siguiente se cerr\u00f3 al culto p\u00fablico debido a conflictos religiosos. Durante este siglo, el inmueble tuvo diferentes usos, como cuartel de soldados y casa de la Federaci\u00f3n Socialista de los Trabajadores.<\/i><\/p>\n<p><img loading=\"lazy\" decoding=\"async\" class=\"aligncenter wp-image-85 size-portfolio\" src=\"https:\/\/museodelacharreria.org.mx\/wp-content\/uploads\/2023\/07\/Ex-Convento-de-Nuestra-Senora-Monserrat-2466-495x400.jpg\" alt=\"\" width=\"495\" height=\"400\" srcset=\"https:\/\/museodelacharreria.org.mx\/wp-content\/uploads\/2023\/07\/Ex-Convento-de-Nuestra-Senora-Monserrat-2466-495x400.jpg 495w, https:\/\/museodelacharreria.org.mx\/wp-content\/uploads\/2023\/07\/Ex-Convento-de-Nuestra-Senora-Monserrat-2466-845x684.jpg 845w\" sizes=\"auto, (max-width: 495px) 100vw, 495px\" \/><\/p>\n<p class=\"p3\"><i>En 1970, el ex convento fue adquirido por el Departamento de Turismo y se iniciaron trabajos de remodelaci\u00f3n. En 1973, la capilla fue donada a la Federaci\u00f3n Nacional de Charros y se convirti\u00f3 en el Museo de la Charrer\u00eda, conocido como &#8220;El Palacio de la Charrer\u00eda&#8221;. En este mismo per\u00edodo, la Loter\u00eda Nacional para la Asistencia P\u00fablica destin\u00f3 recursos para la finalizaci\u00f3n del programa de remodelaci\u00f3n del museo, con el objetivo de preservar la cultura y tradici\u00f3n de M\u00e9xico.<\/i><\/p>\n<p class=\"p3\"><i>El Ex Convento de Nuestra Se\u00f1ora de Monserrat, actualmente sede del Museo de la Charrer\u00eda, ha sido testigo de diversos acontecimientos hist\u00f3ricos a lo largo de los siglos, siendo un importante s\u00edmbolo cultural de M\u00e9xico.<\/i><\/p>\n<\/div><\/section><\/p><\/div>\n<\/div><\/div><\/main><!-- close content main element --><\/div><\/div><div id='after_section_1'  class='main_color av_default_container_wrap container_wrap fullsize'  ><div class='container av-section-cont-open' ><div class='template-page content  av-content-full alpha units'><div class='post-entry post-entry-type-page post-entry-52'><div class='entry-content-wrapper clearfix'>\n<div  class='avia-slideshow av-av_slideshow-38ce3f66e8760e9cbdeb1e25185663a5 avia-slideshow-no scaling av_slideshow avia-slide-slider  avia-builder-el-16  el_after_av_section  el_before_av_textblock  avia-builder-el-first  av-slideshow-ui av-control-default av-slideshow-manual av-loop-once av-loop-manual-endless av-default-height-applied avia-slideshow-1' data-slideshow-options=\"{&quot;animation&quot;:&quot;slide&quot;,&quot;autoplay&quot;:false,&quot;loop_autoplay&quot;:&quot;once&quot;,&quot;interval&quot;:5,&quot;loop_manual&quot;:&quot;manual-endless&quot;,&quot;autoplay_stopper&quot;:false,&quot;noNavigation&quot;:false,&quot;bg_slider&quot;:false,&quot;keep_padding&quot;:false,&quot;hoverpause&quot;:false,&quot;show_slide_delay&quot;:0}\"  itemprop=\"image\" itemscope=\"itemscope\" itemtype=\"https:\/\/schema.org\/ImageObject\" ><ul class='avia-slideshow-inner' style='padding-bottom: 66.666666666667%;'><li  class='avia-slideshow-slide av-av_slideshow-38ce3f66e8760e9cbdeb1e25185663a5__0  slide-1 slide-odd'><div data-rel='slideshow-1' class='avia-slide-wrap'   ><img decoding=\"async\" fetchpriority=\"high\" class=\"wp-image-3860 avia-img-lazy-loading-not-3860\"  src=\"https:\/\/museodelacharreria.org.mx\/wp-content\/uploads\/2024\/11\/MUSEO-DE-LA-CHARRERIA-CALESA-LANDAU-.jpg\" width=\"1920\" height=\"1280\" title='MUSEO DE LA CHARRERIA - CALESA LANDAU-' alt=''  itemprop=\"thumbnailUrl\" srcset=\"https:\/\/museodelacharreria.org.mx\/wp-content\/uploads\/2024\/11\/MUSEO-DE-LA-CHARRERIA-CALESA-LANDAU-.jpg 1920w, https:\/\/museodelacharreria.org.mx\/wp-content\/uploads\/2024\/11\/MUSEO-DE-LA-CHARRERIA-CALESA-LANDAU--400x267.jpg 400w, https:\/\/museodelacharreria.org.mx\/wp-content\/uploads\/2024\/11\/MUSEO-DE-LA-CHARRERIA-CALESA-LANDAU--768x512.jpg 768w, https:\/\/museodelacharreria.org.mx\/wp-content\/uploads\/2024\/11\/MUSEO-DE-LA-CHARRERIA-CALESA-LANDAU--1536x1024.jpg 1536w, https:\/\/museodelacharreria.org.mx\/wp-content\/uploads\/2024\/11\/MUSEO-DE-LA-CHARRERIA-CALESA-LANDAU--18x12.jpg 18w, https:\/\/museodelacharreria.org.mx\/wp-content\/uploads\/2024\/11\/MUSEO-DE-LA-CHARRERIA-CALESA-LANDAU--1500x1000.jpg 1500w, https:\/\/museodelacharreria.org.mx\/wp-content\/uploads\/2024\/11\/MUSEO-DE-LA-CHARRERIA-CALESA-LANDAU--705x470.jpg 705w\" sizes=\"(max-width: 1920px) 100vw, 1920px\" \/><\/div><\/li><li  class='avia-slideshow-slide av-av_slideshow-38ce3f66e8760e9cbdeb1e25185663a5__1  slide-2 slide-even'><div data-rel='slideshow-1' class='avia-slide-wrap'   ><img decoding=\"async\" fetchpriority=\"high\" class=\"wp-image-3861 avia-img-lazy-loading-not-3861\"  src=\"https:\/\/museodelacharreria.org.mx\/wp-content\/uploads\/2024\/11\/MUSEO-DE-LA-CHARRERIA-CALESA-LANDAU-1409.jpg\" width=\"1920\" height=\"1280\" title='MUSEO DE LA CHARRERIA - CALESA LANDAU-1409' alt=''  itemprop=\"thumbnailUrl\" srcset=\"https:\/\/museodelacharreria.org.mx\/wp-content\/uploads\/2024\/11\/MUSEO-DE-LA-CHARRERIA-CALESA-LANDAU-1409.jpg 1920w, https:\/\/museodelacharreria.org.mx\/wp-content\/uploads\/2024\/11\/MUSEO-DE-LA-CHARRERIA-CALESA-LANDAU-1409-400x267.jpg 400w, https:\/\/museodelacharreria.org.mx\/wp-content\/uploads\/2024\/11\/MUSEO-DE-LA-CHARRERIA-CALESA-LANDAU-1409-768x512.jpg 768w, https:\/\/museodelacharreria.org.mx\/wp-content\/uploads\/2024\/11\/MUSEO-DE-LA-CHARRERIA-CALESA-LANDAU-1409-1536x1024.jpg 1536w, https:\/\/museodelacharreria.org.mx\/wp-content\/uploads\/2024\/11\/MUSEO-DE-LA-CHARRERIA-CALESA-LANDAU-1409-18x12.jpg 18w, https:\/\/museodelacharreria.org.mx\/wp-content\/uploads\/2024\/11\/MUSEO-DE-LA-CHARRERIA-CALESA-LANDAU-1409-1500x1000.jpg 1500w, https:\/\/museodelacharreria.org.mx\/wp-content\/uploads\/2024\/11\/MUSEO-DE-LA-CHARRERIA-CALESA-LANDAU-1409-705x470.jpg 705w\" sizes=\"(max-width: 1920px) 100vw, 1920px\" \/><\/div><\/li><li  class='avia-slideshow-slide av-av_slideshow-38ce3f66e8760e9cbdeb1e25185663a5__2  slide-3 slide-odd'><div data-rel='slideshow-1' class='avia-slide-wrap'   ><img decoding=\"async\" fetchpriority=\"high\" class=\"wp-image-3858 avia-img-lazy-loading-not-3858\"  src=\"https:\/\/museodelacharreria.org.mx\/wp-content\/uploads\/2024\/11\/MUSEO-DE-LA-CHARRERIA-CALESA-LANDAU-3.jpg\" width=\"1920\" height=\"1280\" title='MUSEO DE LA CHARRERIA - CALESA LANDAU--3' alt=''  itemprop=\"thumbnailUrl\" srcset=\"https:\/\/museodelacharreria.org.mx\/wp-content\/uploads\/2024\/11\/MUSEO-DE-LA-CHARRERIA-CALESA-LANDAU-3.jpg 1920w, https:\/\/museodelacharreria.org.mx\/wp-content\/uploads\/2024\/11\/MUSEO-DE-LA-CHARRERIA-CALESA-LANDAU-3-400x267.jpg 400w, https:\/\/museodelacharreria.org.mx\/wp-content\/uploads\/2024\/11\/MUSEO-DE-LA-CHARRERIA-CALESA-LANDAU-3-768x512.jpg 768w, https:\/\/museodelacharreria.org.mx\/wp-content\/uploads\/2024\/11\/MUSEO-DE-LA-CHARRERIA-CALESA-LANDAU-3-1536x1024.jpg 1536w, https:\/\/museodelacharreria.org.mx\/wp-content\/uploads\/2024\/11\/MUSEO-DE-LA-CHARRERIA-CALESA-LANDAU-3-18x12.jpg 18w, https:\/\/museodelacharreria.org.mx\/wp-content\/uploads\/2024\/11\/MUSEO-DE-LA-CHARRERIA-CALESA-LANDAU-3-1500x1000.jpg 1500w, https:\/\/museodelacharreria.org.mx\/wp-content\/uploads\/2024\/11\/MUSEO-DE-LA-CHARRERIA-CALESA-LANDAU-3-705x470.jpg 705w\" sizes=\"(max-width: 1920px) 100vw, 1920px\" \/><\/div><\/li><li  class='avia-slideshow-slide av-av_slideshow-38ce3f66e8760e9cbdeb1e25185663a5__3  slide-4 slide-even'><div data-rel='slideshow-1' class='avia-slide-wrap'   ><img decoding=\"async\" fetchpriority=\"high\" class=\"wp-image-3857 avia-img-lazy-loading-not-3857\"  src=\"https:\/\/museodelacharreria.org.mx\/wp-content\/uploads\/2024\/11\/MUSEO-DE-LA-CHARRERIA-CALESA-LANDAU-2.jpg\" width=\"1920\" height=\"1280\" title='MUSEO DE LA CHARRERIA - CALESA LANDAU--2' alt=''  itemprop=\"thumbnailUrl\" srcset=\"https:\/\/museodelacharreria.org.mx\/wp-content\/uploads\/2024\/11\/MUSEO-DE-LA-CHARRERIA-CALESA-LANDAU-2.jpg 1920w, https:\/\/museodelacharreria.org.mx\/wp-content\/uploads\/2024\/11\/MUSEO-DE-LA-CHARRERIA-CALESA-LANDAU-2-400x267.jpg 400w, https:\/\/museodelacharreria.org.mx\/wp-content\/uploads\/2024\/11\/MUSEO-DE-LA-CHARRERIA-CALESA-LANDAU-2-768x512.jpg 768w, https:\/\/museodelacharreria.org.mx\/wp-content\/uploads\/2024\/11\/MUSEO-DE-LA-CHARRERIA-CALESA-LANDAU-2-1536x1024.jpg 1536w, https:\/\/museodelacharreria.org.mx\/wp-content\/uploads\/2024\/11\/MUSEO-DE-LA-CHARRERIA-CALESA-LANDAU-2-18x12.jpg 18w, https:\/\/museodelacharreria.org.mx\/wp-content\/uploads\/2024\/11\/MUSEO-DE-LA-CHARRERIA-CALESA-LANDAU-2-1500x1000.jpg 1500w, https:\/\/museodelacharreria.org.mx\/wp-content\/uploads\/2024\/11\/MUSEO-DE-LA-CHARRERIA-CALESA-LANDAU-2-705x470.jpg 705w\" sizes=\"(max-width: 1920px) 100vw, 1920px\" \/><\/div><\/li><li  class='avia-slideshow-slide av-av_slideshow-38ce3f66e8760e9cbdeb1e25185663a5__4  slide-5 slide-odd'><div data-rel='slideshow-1' class='avia-slide-wrap'   ><img decoding=\"async\" fetchpriority=\"high\" class=\"wp-image-3859 avia-img-lazy-loading-not-3859\"  src=\"https:\/\/museodelacharreria.org.mx\/wp-content\/uploads\/2024\/11\/MUSEO-DE-LA-CHARRERIA-CALESA-LANDAU-4.jpg\" width=\"1920\" height=\"1280\" title='MUSEO DE LA CHARRERIA - CALESA LANDAU--4' alt=''  itemprop=\"thumbnailUrl\" srcset=\"https:\/\/museodelacharreria.org.mx\/wp-content\/uploads\/2024\/11\/MUSEO-DE-LA-CHARRERIA-CALESA-LANDAU-4.jpg 1920w, https:\/\/museodelacharreria.org.mx\/wp-content\/uploads\/2024\/11\/MUSEO-DE-LA-CHARRERIA-CALESA-LANDAU-4-400x267.jpg 400w, https:\/\/museodelacharreria.org.mx\/wp-content\/uploads\/2024\/11\/MUSEO-DE-LA-CHARRERIA-CALESA-LANDAU-4-768x512.jpg 768w, https:\/\/museodelacharreria.org.mx\/wp-content\/uploads\/2024\/11\/MUSEO-DE-LA-CHARRERIA-CALESA-LANDAU-4-1536x1024.jpg 1536w, https:\/\/museodelacharreria.org.mx\/wp-content\/uploads\/2024\/11\/MUSEO-DE-LA-CHARRERIA-CALESA-LANDAU-4-18x12.jpg 18w, https:\/\/museodelacharreria.org.mx\/wp-content\/uploads\/2024\/11\/MUSEO-DE-LA-CHARRERIA-CALESA-LANDAU-4-1500x1000.jpg 1500w, https:\/\/museodelacharreria.org.mx\/wp-content\/uploads\/2024\/11\/MUSEO-DE-LA-CHARRERIA-CALESA-LANDAU-4-705x470.jpg 705w\" sizes=\"(max-width: 1920px) 100vw, 1920px\" \/><\/div><\/li><\/ul><div class='avia-slideshow-arrows avia-slideshow-controls' ><a href='#prev' class='prev-slide' aria-hidden='true' data-av_icon='\ue87c' data-av_iconfont='entypo-fontello'  tabindex='-1'>Previous<\/a><a href='#next' class='next-slide' aria-hidden='true' data-av_icon='\ue87d' data-av_iconfont='entypo-fontello'  tabindex='-1'>Next<\/a><\/div><div class='avia-slideshow-dots avia-slideshow-controls'><a href='#1' class='goto-slide active' >1<\/a><a href='#2' class='goto-slide' >2<\/a><a href='#3' class='goto-slide' >3<\/a><a href='#4' class='goto-slide' >4<\/a><a href='#5' class='goto-slide' >5<\/a><\/div><\/div>\n<section  class='av_textblock_section av-av_textblock-263a286a3ec605a4b845ded44ee74c94'   itemscope=\"itemscope\" itemtype=\"https:\/\/schema.org\/CreativeWork\" ><div class='avia_textblock'  itemprop=\"text\" ><div class=\"av-special-heading av-m3xaaijd-a359f8435560adf67d1d9c98148d651d av-special-heading-h2 blockquote modern-quote modern-centered avia-builder-el-1 el_after_av_slideshow_full el_before_av_one_full avia-builder-el-first\">\n<h2 class=\"av-special-heading-tag\">CALESA TIPO LANDAU<\/h2>\n<\/div>\n<div class=\"flex_column av-ghblvb-48530805608bf032670e989f64e9343e av_one_full avia-builder-el-2 el_after_av_heading el_before_av_hr first flex_column_div\">\n<section class=\"av_textblock_section av-dmd487-911777ed4a6345f440943cf60c41f6fb\">\n<div class=\"avia_textblock\">\n<p>En el Museo de la Charrer\u00eda se encuentra exhibida una elegante calesa tipo Landau, un carruaje que no solo destaca por su belleza, sino tambi\u00e9n por su profundo significado dentro de la tradici\u00f3n ecuestre de M\u00e9xico. Este carruaje es un testimonio tangible de c\u00f3mo los caballos, el transporte y la charrer\u00eda se entrelazan a lo largo de la historia del pa\u00eds, desde sus or\u00edgenes b\u00e9licos y ganaderos hasta su rol en las celebraciones y fiestas tradicionales.<\/p>\n<p><strong>Dise\u00f1o y caracter\u00edsticas de la calesa Landau<\/strong><\/p>\n<p>La calesa tipo Landau que se exhibe en el museo es una pieza refinada, totalmente abierta, sin techo ni toldo, lo que la convierte en una opci\u00f3n perfecta para eventos solemnes y ceremoniales. La estructura del carruaje es de madera, pintada en un negro brillante que resalta con elegancia, mientras que las molduras doradas que adornan el borde de la cabina y las ruedas ofrecen un contraste sofisticado y llamativo. Estos detalles dorados, cuidadosamente trabajados, confieren al carruaje un aire de lujo y distinci\u00f3n.<\/p>\n<p>En su interior, la alfombra guinda que cubre el suelo del carruaje a\u00f1ade un toque de riqueza y confort, complementando la apariencia general de la calesa con su color profundo y c\u00e1lido. Los asientos, tambi\u00e9n de lujo, est\u00e1n tapizados con materiales suaves que invitan a la comodidad, mientras que la disposici\u00f3n abierta permite que los pasajeros sean vistos y disfruten del paisaje, un aspecto importante en las ceremonias o desfiles en los que se utiliza.<\/p>\n<p><strong>Contexto hist\u00f3rico y simb\u00f3lico<\/strong><\/p>\n<p>La calesa tipo Landau, al igual que otros carruajes de su tiempo, tiene un significado profundo dentro de la tradici\u00f3n ecuestre. En la \u00e9poca en que estos carruajes eran comunes, los caballos no solo eran medios de transporte, sino s\u00edmbolos de poder y estatus. Fueron utilizados en diversas funciones, desde las actividades b\u00e9licas y ganaderas hasta los eventos sociales y ceremoniales, como las bodas, donde el carruaje juega un papel central.<\/p>\n<p>En el contexto de la charrer\u00eda, una disciplina ecuestre de origen mexicano que combina destreza en el manejo del caballo con una fuerte carga cultural y social, el carruaje tipo Landau refleja una conexi\u00f3n entre el trabajo ganadero y el transporte de lujo. El caballo ha sido, desde tiempos prehisp\u00e1nicos, una figura clave en la vida cotidiana, tanto en el campo como en las celebraciones.<\/p>\n<p><strong>La calesa en las bodas charras<\/strong><\/p>\n<p>En la actualidad, el Landau sigue siendo utilizado en las bodas charras, especialmente en las haciendas, donde el carruaje es el veh\u00edculo elegido para transportar a la novia y a los reci\u00e9n casados. Este carruaje, con su estructura abierta y detalles elegantes, es ideal para la ocasi\u00f3n, permitiendo que la pareja de novios desfile ante sus invitados, destacando su conexi\u00f3n con las ra\u00edces ecuestres y la herencia cultural de la charrer\u00eda.<\/p>\n<p>El uso de la calesa tipo Landau en bodas charras no solo enriquece el evento con su simbolismo, sino que tambi\u00e9n mantiene viva una tradici\u00f3n que une a las nuevas generaciones con las costumbres de anta\u00f1o. Es com\u00fan ver estos carruajes recorriendo los caminos polvorientos de las haciendas o los jardines de grandes propiedades, en un homenaje visual a la historia del transporte ecuestre en M\u00e9xico.<\/p>\n<\/div>\n<\/section>\n<\/div>\n<\/div><\/section>","protected":false},"excerpt":{"rendered":"","protected":false},"author":1,"featured_media":85,"parent":0,"menu_order":0,"comment_status":"closed","ping_status":"closed","template":"","meta":{"footnotes":""},"class_list":["post-52","page","type-page","status-publish","has-post-thumbnail","hentry"],"yoast_head":"<!-- This site is optimized with the Yoast SEO plugin v27.5 - https:\/\/yoast.com\/product\/yoast-seo-wordpress\/ -->\n<title>RECINTO - Museo de la Charrer\u00eda CDMX<\/title>\n<meta name=\"robots\" content=\"index, follow, max-snippet:-1, max-image-preview:large, max-video-preview:-1\" \/>\n<link rel=\"canonical\" href=\"https:\/\/museodelacharreria.org.mx\/hi\/recinto\/\" \/>\n<meta property=\"og:locale\" content=\"hi_IN\" \/>\n<meta property=\"og:type\" content=\"article\" \/>\n<meta property=\"og:title\" content=\"RECINTO - Museo de la Charrer\u00eda CDMX\" \/>\n<meta property=\"og:url\" content=\"https:\/\/museodelacharreria.org.mx\/hi\/recinto\/\" \/>\n<meta property=\"og:site_name\" content=\"Museo de la Charrer\u00eda CDMX\" \/>\n<meta property=\"article:modified_time\" content=\"2024-11-26T03:02:46+00:00\" \/>\n<meta property=\"og:image\" content=\"https:\/\/museodelacharreria.org.mx\/wp-content\/uploads\/2023\/07\/Ex-Convento-de-Nuestra-Senora-Monserrat-2466.jpg\" \/>\n\t<meta property=\"og:image:width\" content=\"1350\" \/>\n\t<meta property=\"og:image:height\" content=\"1080\" \/>\n\t<meta property=\"og:image:type\" content=\"image\/jpeg\" \/>\n<meta name=\"twitter:card\" content=\"summary_large_image\" \/>\n<meta name=\"twitter:label1\" content=\"\u0905\u0928\u0941\u092e\u093e\u0928\u093f\u0924 \u092a\u0922\u093c\u0928\u0947 \u0915\u093e \u0938\u092e\u092f\" \/>\n\t<meta name=\"twitter:data1\" content=\"7 \u092e\u093f\u0928\u091f\" \/>\n<script type=\"application\/ld+json\" class=\"yoast-schema-graph\">{\"@context\":\"https:\\\/\\\/schema.org\",\"@graph\":[{\"@type\":\"WebPage\",\"@id\":\"https:\\\/\\\/museodelacharreria.org.mx\\\/recinto\\\/\",\"url\":\"https:\\\/\\\/museodelacharreria.org.mx\\\/recinto\\\/\",\"name\":\"RECINTO - Museo de la Charrer\u00eda CDMX\",\"isPartOf\":{\"@id\":\"https:\\\/\\\/museodelacharreria.org.mx\\\/#website\"},\"primaryImageOfPage\":{\"@id\":\"https:\\\/\\\/museodelacharreria.org.mx\\\/recinto\\\/#primaryimage\"},\"image\":{\"@id\":\"https:\\\/\\\/museodelacharreria.org.mx\\\/recinto\\\/#primaryimage\"},\"thumbnailUrl\":\"https:\\\/\\\/museodelacharreria.org.mx\\\/wp-content\\\/uploads\\\/2023\\\/07\\\/Ex-Convento-de-Nuestra-Senora-Monserrat-2466.jpg\",\"datePublished\":\"2023-07-14T06:07:24+00:00\",\"dateModified\":\"2024-11-26T03:02:46+00:00\",\"breadcrumb\":{\"@id\":\"https:\\\/\\\/museodelacharreria.org.mx\\\/recinto\\\/#breadcrumb\"},\"inLanguage\":\"hi-IN\",\"potentialAction\":[{\"@type\":\"ReadAction\",\"target\":[\"https:\\\/\\\/museodelacharreria.org.mx\\\/recinto\\\/\"]}]},{\"@type\":\"ImageObject\",\"inLanguage\":\"hi-IN\",\"@id\":\"https:\\\/\\\/museodelacharreria.org.mx\\\/recinto\\\/#primaryimage\",\"url\":\"https:\\\/\\\/museodelacharreria.org.mx\\\/wp-content\\\/uploads\\\/2023\\\/07\\\/Ex-Convento-de-Nuestra-Senora-Monserrat-2466.jpg\",\"contentUrl\":\"https:\\\/\\\/museodelacharreria.org.mx\\\/wp-content\\\/uploads\\\/2023\\\/07\\\/Ex-Convento-de-Nuestra-Senora-Monserrat-2466.jpg\",\"width\":1350,\"height\":1080},{\"@type\":\"BreadcrumbList\",\"@id\":\"https:\\\/\\\/museodelacharreria.org.mx\\\/recinto\\\/#breadcrumb\",\"itemListElement\":[{\"@type\":\"ListItem\",\"position\":1,\"name\":\"Portada\",\"item\":\"https:\\\/\\\/museodelacharreria.org.mx\\\/inicio\\\/\"},{\"@type\":\"ListItem\",\"position\":2,\"name\":\"RECINTO\"}]},{\"@type\":\"WebSite\",\"@id\":\"https:\\\/\\\/museodelacharreria.org.mx\\\/#website\",\"url\":\"https:\\\/\\\/museodelacharreria.org.mx\\\/\",\"name\":\"Museo de la Charrer\u00eda CDMX\",\"description\":\"Historia y tradici\u00f3n, patrimonio cultural inmaterial de la humanidad UNESCO\",\"publisher\":{\"@id\":\"https:\\\/\\\/museodelacharreria.org.mx\\\/#organization\"},\"potentialAction\":[{\"@type\":\"SearchAction\",\"target\":{\"@type\":\"EntryPoint\",\"urlTemplate\":\"https:\\\/\\\/museodelacharreria.org.mx\\\/?s={search_term_string}\"},\"query-input\":{\"@type\":\"PropertyValueSpecification\",\"valueRequired\":true,\"valueName\":\"search_term_string\"}}],\"inLanguage\":\"hi-IN\"},{\"@type\":\"Organization\",\"@id\":\"https:\\\/\\\/museodelacharreria.org.mx\\\/#organization\",\"name\":\"Museo de la Charrer\u00eda Ciudad de M\u00e9xico\",\"alternateName\":\"Museo de la Charrer\u00eda CDMX\",\"url\":\"https:\\\/\\\/museodelacharreria.org.mx\\\/\",\"logo\":{\"@type\":\"ImageObject\",\"inLanguage\":\"hi-IN\",\"@id\":\"https:\\\/\\\/museodelacharreria.org.mx\\\/#\\\/schema\\\/logo\\\/image\\\/\",\"url\":\"https:\\\/\\\/museodelacharreria.org.mx\\\/wp-content\\\/uploads\\\/2023\\\/07\\\/Logo-Museo-de-la-Charreria-b-n.png\",\"contentUrl\":\"https:\\\/\\\/museodelacharreria.org.mx\\\/wp-content\\\/uploads\\\/2023\\\/07\\\/Logo-Museo-de-la-Charreria-b-n.png\",\"width\":500,\"height\":250,\"caption\":\"Museo de la Charrer\u00eda Ciudad de M\u00e9xico\"},\"image\":{\"@id\":\"https:\\\/\\\/museodelacharreria.org.mx\\\/#\\\/schema\\\/logo\\\/image\\\/\"},\"sameAs\":[\"https:\\\/\\\/www.youtube.com\\\/@MuseoDeLaCharreria\"]}]}<\/script>\n<!-- \/ Yoast SEO plugin. -->","yoast_head_json":{"title":"RECINTO - Museo de la Charrer\u00eda CDMX","robots":{"index":"index","follow":"follow","max-snippet":"max-snippet:-1","max-image-preview":"max-image-preview:large","max-video-preview":"max-video-preview:-1"},"canonical":"https:\/\/museodelacharreria.org.mx\/hi\/recinto\/","og_locale":"hi_IN","og_type":"article","og_title":"RECINTO - Museo de la Charrer\u00eda CDMX","og_url":"https:\/\/museodelacharreria.org.mx\/hi\/recinto\/","og_site_name":"Museo de la Charrer\u00eda CDMX","article_modified_time":"2024-11-26T03:02:46+00:00","og_image":[{"width":1350,"height":1080,"url":"https:\/\/museodelacharreria.org.mx\/wp-content\/uploads\/2023\/07\/Ex-Convento-de-Nuestra-Senora-Monserrat-2466.jpg","type":"image\/jpeg"}],"twitter_card":"summary_large_image","twitter_misc":{"\u0905\u0928\u0941\u092e\u093e\u0928\u093f\u0924 \u092a\u0922\u093c\u0928\u0947 \u0915\u093e \u0938\u092e\u092f":"7 \u092e\u093f\u0928\u091f"},"schema":{"@context":"https:\/\/schema.org","@graph":[{"@type":"WebPage","@id":"https:\/\/museodelacharreria.org.mx\/recinto\/","url":"https:\/\/museodelacharreria.org.mx\/recinto\/","name":"RECINTO - Museo de la Charrer\u00eda CDMX","isPartOf":{"@id":"https:\/\/museodelacharreria.org.mx\/#website"},"primaryImageOfPage":{"@id":"https:\/\/museodelacharreria.org.mx\/recinto\/#primaryimage"},"image":{"@id":"https:\/\/museodelacharreria.org.mx\/recinto\/#primaryimage"},"thumbnailUrl":"https:\/\/museodelacharreria.org.mx\/wp-content\/uploads\/2023\/07\/Ex-Convento-de-Nuestra-Senora-Monserrat-2466.jpg","datePublished":"2023-07-14T06:07:24+00:00","dateModified":"2024-11-26T03:02:46+00:00","breadcrumb":{"@id":"https:\/\/museodelacharreria.org.mx\/recinto\/#breadcrumb"},"inLanguage":"hi-IN","potentialAction":[{"@type":"ReadAction","target":["https:\/\/museodelacharreria.org.mx\/recinto\/"]}]},{"@type":"ImageObject","inLanguage":"hi-IN","@id":"https:\/\/museodelacharreria.org.mx\/recinto\/#primaryimage","url":"https:\/\/museodelacharreria.org.mx\/wp-content\/uploads\/2023\/07\/Ex-Convento-de-Nuestra-Senora-Monserrat-2466.jpg","contentUrl":"https:\/\/museodelacharreria.org.mx\/wp-content\/uploads\/2023\/07\/Ex-Convento-de-Nuestra-Senora-Monserrat-2466.jpg","width":1350,"height":1080},{"@type":"BreadcrumbList","@id":"https:\/\/museodelacharreria.org.mx\/recinto\/#breadcrumb","itemListElement":[{"@type":"ListItem","position":1,"name":"Portada","item":"https:\/\/museodelacharreria.org.mx\/inicio\/"},{"@type":"ListItem","position":2,"name":"RECINTO"}]},{"@type":"WebSite","@id":"https:\/\/museodelacharreria.org.mx\/#website","url":"https:\/\/museodelacharreria.org.mx\/","name":"Museo de la Charrer\u00eda CDMX","description":"Historia y tradici\u00f3n, patrimonio cultural inmaterial de la humanidad UNESCO","publisher":{"@id":"https:\/\/museodelacharreria.org.mx\/#organization"},"potentialAction":[{"@type":"SearchAction","target":{"@type":"EntryPoint","urlTemplate":"https:\/\/museodelacharreria.org.mx\/?s={search_term_string}"},"query-input":{"@type":"PropertyValueSpecification","valueRequired":true,"valueName":"search_term_string"}}],"inLanguage":"hi-IN"},{"@type":"Organization","@id":"https:\/\/museodelacharreria.org.mx\/#organization","name":"Museo de la Charrer\u00eda Ciudad de M\u00e9xico","alternateName":"Museo de la Charrer\u00eda CDMX","url":"https:\/\/museodelacharreria.org.mx\/","logo":{"@type":"ImageObject","inLanguage":"hi-IN","@id":"https:\/\/museodelacharreria.org.mx\/#\/schema\/logo\/image\/","url":"https:\/\/museodelacharreria.org.mx\/wp-content\/uploads\/2023\/07\/Logo-Museo-de-la-Charreria-b-n.png","contentUrl":"https:\/\/museodelacharreria.org.mx\/wp-content\/uploads\/2023\/07\/Logo-Museo-de-la-Charreria-b-n.png","width":500,"height":250,"caption":"Museo de la Charrer\u00eda Ciudad de M\u00e9xico"},"image":{"@id":"https:\/\/museodelacharreria.org.mx\/#\/schema\/logo\/image\/"},"sameAs":["https:\/\/www.youtube.com\/@MuseoDeLaCharreria"]}]}},"_links":{"self":[{"href":"https:\/\/museodelacharreria.org.mx\/hi\/wp-json\/wp\/v2\/pages\/52","targetHints":{"allow":["GET"]}}],"collection":[{"href":"https:\/\/museodelacharreria.org.mx\/hi\/wp-json\/wp\/v2\/pages"}],"about":[{"href":"https:\/\/museodelacharreria.org.mx\/hi\/wp-json\/wp\/v2\/types\/page"}],"author":[{"embeddable":true,"href":"https:\/\/museodelacharreria.org.mx\/hi\/wp-json\/wp\/v2\/users\/1"}],"replies":[{"embeddable":true,"href":"https:\/\/museodelacharreria.org.mx\/hi\/wp-json\/wp\/v2\/comments?post=52"}],"version-history":[{"count":21,"href":"https:\/\/museodelacharreria.org.mx\/hi\/wp-json\/wp\/v2\/pages\/52\/revisions"}],"predecessor-version":[{"id":3977,"href":"https:\/\/museodelacharreria.org.mx\/hi\/wp-json\/wp\/v2\/pages\/52\/revisions\/3977"}],"wp:featuredmedia":[{"embeddable":true,"href":"https:\/\/museodelacharreria.org.mx\/hi\/wp-json\/wp\/v2\/media\/85"}],"wp:attachment":[{"href":"https:\/\/museodelacharreria.org.mx\/hi\/wp-json\/wp\/v2\/media?parent=52"}],"curies":[{"name":"wp","href":"https:\/\/api.w.org\/{rel}","templated":true}]}}