{"id":3180,"date":"2024-06-26T09:34:33","date_gmt":"2024-06-26T15:34:33","guid":{"rendered":"https:\/\/museodelacharreria.org.mx\/?post_type=portfolio&#038;p=3180"},"modified":"2024-12-06T07:37:02","modified_gmt":"2024-12-06T13:37:02","slug":"%e0%a4%ad%e0%a4%be%e0%a4%b2%e0%a4%be","status":"publish","type":"portfolio","link":"https:\/\/museodelacharreria.org.mx\/hi\/coleccion\/lanzas\/","title":{"rendered":"LANZAS"},"content":{"rendered":"<div id='full_slider_1'  class='avia-fullwidth-slider main_color avia-shadow av-small-hide av-mini-hide  avia-builder-el-0  el_before_av_slideshow_full  avia-builder-el-first   container_wrap fullsize'  ><div  class='avia-slideshow av-lxw1p9op-3ad730ba818d22e4a1d3ad429b26c05e avia-slideshow-featured_large av_slideshow_full avia-fade-slider av-small-hide av-mini-hide av-slideshow-ui av-control-minimal av-nav-dots-visible av-slideshow-autoplay av-loop-endless av-loop-manual-endless av-default-height-applied   avia-slideshow-1' data-slideshow-options=\"{&quot;animation&quot;:&quot;fade&quot;,&quot;autoplay&quot;:true,&quot;loop_autoplay&quot;:&quot;endless&quot;,&quot;interval&quot;:5,&quot;loop_manual&quot;:&quot;manual-endless&quot;,&quot;autoplay_stopper&quot;:false,&quot;noNavigation&quot;:false,&quot;bg_slider&quot;:false,&quot;keep_padding&quot;:false,&quot;hoverpause&quot;:false,&quot;show_slide_delay&quot;:0}\"  itemprop=\"image\" itemscope=\"itemscope\" itemtype=\"https:\/\/schema.org\/ImageObject\" ><ul class='avia-slideshow-inner' style='padding-bottom: 42%;'><li  class='avia-slideshow-slide av-lxw1p9op-3ad730ba818d22e4a1d3ad429b26c05e__0  slide-1 slide-odd'><div data-rel='slideshow-1' class='avia-slide-wrap'   ><img decoding=\"async\" fetchpriority=\"high\" class=\"wp-image-3175 avia-img-lazy-loading-not-3175\"  src=\"https:\/\/museodelacharreria.org.mx\/wp-content\/uploads\/2024\/06\/MUSEO-DE-LA-CHARRERIA-ARMAS-BLANCA-LANZA-HRZ-1519-1500x630.jpg\" width=\"1500\" height=\"630\" title='MUSEO DE LA CHARRERIA | ARMAS BLANCA | LANZA HRZ-1519' alt=''  itemprop=\"thumbnailUrl\"   \/><\/div><\/li><li  class='avia-slideshow-slide av-lxw1p9op-3ad730ba818d22e4a1d3ad429b26c05e__1  slide-2 slide-even'><div data-rel='slideshow-1' class='avia-slide-wrap'   ><img decoding=\"async\" fetchpriority=\"high\" class=\"wp-image-3174 avia-img-lazy-loading-not-3174\"  src=\"https:\/\/museodelacharreria.org.mx\/wp-content\/uploads\/2024\/06\/MUSEO-DE-LA-CHARRERIA-ARMAS-BLANCA-LANZA-HRZ-1524-1500x630.jpg\" width=\"1500\" height=\"630\" title='MUSEO DE LA CHARRERIA | ARMAS BLANCA | LANZA HRZ-1524' alt=''  itemprop=\"thumbnailUrl\"   \/><\/div><\/li><li  class='avia-slideshow-slide av-lxw1p9op-3ad730ba818d22e4a1d3ad429b26c05e__2  slide-3 slide-odd'><div data-rel='slideshow-1' class='avia-slide-wrap'   ><img decoding=\"async\" fetchpriority=\"high\" class=\"wp-image-3176 avia-img-lazy-loading-not-3176\"  src=\"https:\/\/museodelacharreria.org.mx\/wp-content\/uploads\/2024\/06\/MUSEO-DE-LA-CHARRERIA-ARMAS-BLANCA-LANZA-HRZ-1520-1500x630.jpg\" width=\"1500\" height=\"630\" title='MUSEO DE LA CHARRERIA | ARMAS BLANCA | LANZA HRZ-1520' alt=''  itemprop=\"thumbnailUrl\"   \/><\/div><\/li><\/ul><div class='avia-slideshow-arrows avia-slideshow-controls' ><a href='#prev' class='prev-slide' aria-hidden='true' data-av_icon='\ue87c' data-av_iconfont='entypo-fontello'  tabindex='-1'>Previous<\/a><a href='#next' class='next-slide' aria-hidden='true' data-av_icon='\ue87d' data-av_iconfont='entypo-fontello'  tabindex='-1'>Next<\/a><\/div><div class='avia-slideshow-dots avia-slideshow-controls'><a href='#1' class='goto-slide active' >1<\/a><a href='#2' class='goto-slide' >2<\/a><a href='#3' class='goto-slide' >3<\/a><\/div><\/div><\/div>\n<div id='full_slider_2'  class='avia-fullwidth-slider main_color avia-shadow av-desktop-hide av-medium-hide  avia-builder-el-1  el_after_av_slideshow_full  el_before_av_heading   slider-not-first container_wrap fullsize'  ><div  class='avia-slideshow av-lxw1qpem-a6e5eb39b84cd31f65b07c7f9af06f47 avia-slideshow-no scaling av_slideshow_full avia-fade-slider av-desktop-hide av-medium-hide av-slideshow-ui av-control-minimal av-nav-dots-visible av-hide-nav-arrows av-slideshow-autoplay av-loop-endless av-loop-manual-endless av-default-height-applied   avia-slideshow-2' data-slideshow-options=\"{&quot;animation&quot;:&quot;fade&quot;,&quot;autoplay&quot;:true,&quot;loop_autoplay&quot;:&quot;endless&quot;,&quot;interval&quot;:5,&quot;loop_manual&quot;:&quot;manual-endless&quot;,&quot;autoplay_stopper&quot;:false,&quot;noNavigation&quot;:false,&quot;bg_slider&quot;:false,&quot;keep_padding&quot;:false,&quot;hoverpause&quot;:false,&quot;show_slide_delay&quot;:0}\"  itemprop=\"image\" itemscope=\"itemscope\" itemtype=\"https:\/\/schema.org\/ImageObject\" ><ul class='avia-slideshow-inner' style='padding-bottom: 177.8125%;'><li  class='avia-slideshow-slide av-lxw1qpem-a6e5eb39b84cd31f65b07c7f9af06f47__0  slide-1 slide-odd'><div data-rel='slideshow-2' class='avia-slide-wrap'   ><img decoding=\"async\" fetchpriority=\"high\" class=\"wp-image-3172 avia-img-lazy-loading-not-3172\"  src=\"https:\/\/museodelacharreria.org.mx\/wp-content\/uploads\/2024\/06\/MUSEO-DE-LA-CHARRERIA-ARMAS-BLANCA-LANZA-1519.jpg\" width=\"1280\" height=\"2276\" title='MUSEO DE LA CHARRERIA | ARMAS BLANCA | LANZA-1519' alt=''  itemprop=\"thumbnailUrl\" srcset=\"https:\/\/museodelacharreria.org.mx\/wp-content\/uploads\/2024\/06\/MUSEO-DE-LA-CHARRERIA-ARMAS-BLANCA-LANZA-1519.jpg 1280w, https:\/\/museodelacharreria.org.mx\/wp-content\/uploads\/2024\/06\/MUSEO-DE-LA-CHARRERIA-ARMAS-BLANCA-LANZA-1519-225x400.jpg 225w, https:\/\/museodelacharreria.org.mx\/wp-content\/uploads\/2024\/06\/MUSEO-DE-LA-CHARRERIA-ARMAS-BLANCA-LANZA-1519-1080x1920.jpg 1080w, https:\/\/museodelacharreria.org.mx\/wp-content\/uploads\/2024\/06\/MUSEO-DE-LA-CHARRERIA-ARMAS-BLANCA-LANZA-1519-768x1366.jpg 768w, https:\/\/museodelacharreria.org.mx\/wp-content\/uploads\/2024\/06\/MUSEO-DE-LA-CHARRERIA-ARMAS-BLANCA-LANZA-1519-864x1536.jpg 864w, https:\/\/museodelacharreria.org.mx\/wp-content\/uploads\/2024\/06\/MUSEO-DE-LA-CHARRERIA-ARMAS-BLANCA-LANZA-1519-1152x2048.jpg 1152w, https:\/\/museodelacharreria.org.mx\/wp-content\/uploads\/2024\/06\/MUSEO-DE-LA-CHARRERIA-ARMAS-BLANCA-LANZA-1519-7x12.jpg 7w, https:\/\/museodelacharreria.org.mx\/wp-content\/uploads\/2024\/06\/MUSEO-DE-LA-CHARRERIA-ARMAS-BLANCA-LANZA-1519-844x1500.jpg 844w, https:\/\/museodelacharreria.org.mx\/wp-content\/uploads\/2024\/06\/MUSEO-DE-LA-CHARRERIA-ARMAS-BLANCA-LANZA-1519-396x705.jpg 396w, https:\/\/museodelacharreria.org.mx\/wp-content\/uploads\/2024\/06\/MUSEO-DE-LA-CHARRERIA-ARMAS-BLANCA-LANZA-1519-337x600.jpg 337w, https:\/\/museodelacharreria.org.mx\/wp-content\/uploads\/2024\/06\/MUSEO-DE-LA-CHARRERIA-ARMAS-BLANCA-LANZA-1519-90x160.jpg 90w\" sizes=\"(max-width: 1280px) 100vw, 1280px\" \/><\/div><\/li><li  class='avia-slideshow-slide av-lxw1qpem-a6e5eb39b84cd31f65b07c7f9af06f47__1  slide-2 slide-even'><div data-rel='slideshow-2' class='avia-slide-wrap'   ><img decoding=\"async\" fetchpriority=\"high\" class=\"wp-image-3171 avia-img-lazy-loading-not-3171\"  src=\"https:\/\/museodelacharreria.org.mx\/wp-content\/uploads\/2024\/06\/MUSEO-DE-LA-CHARRERIA-ARMAS-BLANCA-LANZA-1524.jpg\" width=\"1280\" height=\"2276\" title='MUSEO DE LA CHARRERIA | ARMAS BLANCA | LANZA-1524' alt=''  itemprop=\"thumbnailUrl\" srcset=\"https:\/\/museodelacharreria.org.mx\/wp-content\/uploads\/2024\/06\/MUSEO-DE-LA-CHARRERIA-ARMAS-BLANCA-LANZA-1524.jpg 1280w, https:\/\/museodelacharreria.org.mx\/wp-content\/uploads\/2024\/06\/MUSEO-DE-LA-CHARRERIA-ARMAS-BLANCA-LANZA-1524-225x400.jpg 225w, https:\/\/museodelacharreria.org.mx\/wp-content\/uploads\/2024\/06\/MUSEO-DE-LA-CHARRERIA-ARMAS-BLANCA-LANZA-1524-1080x1920.jpg 1080w, https:\/\/museodelacharreria.org.mx\/wp-content\/uploads\/2024\/06\/MUSEO-DE-LA-CHARRERIA-ARMAS-BLANCA-LANZA-1524-768x1366.jpg 768w, https:\/\/museodelacharreria.org.mx\/wp-content\/uploads\/2024\/06\/MUSEO-DE-LA-CHARRERIA-ARMAS-BLANCA-LANZA-1524-864x1536.jpg 864w, https:\/\/museodelacharreria.org.mx\/wp-content\/uploads\/2024\/06\/MUSEO-DE-LA-CHARRERIA-ARMAS-BLANCA-LANZA-1524-1152x2048.jpg 1152w, https:\/\/museodelacharreria.org.mx\/wp-content\/uploads\/2024\/06\/MUSEO-DE-LA-CHARRERIA-ARMAS-BLANCA-LANZA-1524-7x12.jpg 7w, https:\/\/museodelacharreria.org.mx\/wp-content\/uploads\/2024\/06\/MUSEO-DE-LA-CHARRERIA-ARMAS-BLANCA-LANZA-1524-844x1500.jpg 844w, https:\/\/museodelacharreria.org.mx\/wp-content\/uploads\/2024\/06\/MUSEO-DE-LA-CHARRERIA-ARMAS-BLANCA-LANZA-1524-396x705.jpg 396w, https:\/\/museodelacharreria.org.mx\/wp-content\/uploads\/2024\/06\/MUSEO-DE-LA-CHARRERIA-ARMAS-BLANCA-LANZA-1524-337x600.jpg 337w, https:\/\/museodelacharreria.org.mx\/wp-content\/uploads\/2024\/06\/MUSEO-DE-LA-CHARRERIA-ARMAS-BLANCA-LANZA-1524-90x160.jpg 90w\" sizes=\"(max-width: 1280px) 100vw, 1280px\" \/><\/div><\/li><li  class='avia-slideshow-slide av-lxw1qpem-a6e5eb39b84cd31f65b07c7f9af06f47__2  slide-3 slide-odd'><div data-rel='slideshow-2' class='avia-slide-wrap'   ><img decoding=\"async\" fetchpriority=\"high\" class=\"wp-image-3173 avia-img-lazy-loading-not-3173\"  src=\"https:\/\/museodelacharreria.org.mx\/wp-content\/uploads\/2024\/06\/MUSEO-DE-LA-CHARRERIA-ARMAS-BLANCA-LANZA-1520.jpg\" width=\"1280\" height=\"2276\" title='MUSEO DE LA CHARRERIA | ARMAS BLANCA | LANZA-1520' alt=''  itemprop=\"thumbnailUrl\" srcset=\"https:\/\/museodelacharreria.org.mx\/wp-content\/uploads\/2024\/06\/MUSEO-DE-LA-CHARRERIA-ARMAS-BLANCA-LANZA-1520.jpg 1280w, https:\/\/museodelacharreria.org.mx\/wp-content\/uploads\/2024\/06\/MUSEO-DE-LA-CHARRERIA-ARMAS-BLANCA-LANZA-1520-225x400.jpg 225w, https:\/\/museodelacharreria.org.mx\/wp-content\/uploads\/2024\/06\/MUSEO-DE-LA-CHARRERIA-ARMAS-BLANCA-LANZA-1520-1080x1920.jpg 1080w, https:\/\/museodelacharreria.org.mx\/wp-content\/uploads\/2024\/06\/MUSEO-DE-LA-CHARRERIA-ARMAS-BLANCA-LANZA-1520-768x1366.jpg 768w, https:\/\/museodelacharreria.org.mx\/wp-content\/uploads\/2024\/06\/MUSEO-DE-LA-CHARRERIA-ARMAS-BLANCA-LANZA-1520-864x1536.jpg 864w, https:\/\/museodelacharreria.org.mx\/wp-content\/uploads\/2024\/06\/MUSEO-DE-LA-CHARRERIA-ARMAS-BLANCA-LANZA-1520-1152x2048.jpg 1152w, https:\/\/museodelacharreria.org.mx\/wp-content\/uploads\/2024\/06\/MUSEO-DE-LA-CHARRERIA-ARMAS-BLANCA-LANZA-1520-7x12.jpg 7w, https:\/\/museodelacharreria.org.mx\/wp-content\/uploads\/2024\/06\/MUSEO-DE-LA-CHARRERIA-ARMAS-BLANCA-LANZA-1520-844x1500.jpg 844w, https:\/\/museodelacharreria.org.mx\/wp-content\/uploads\/2024\/06\/MUSEO-DE-LA-CHARRERIA-ARMAS-BLANCA-LANZA-1520-396x705.jpg 396w, https:\/\/museodelacharreria.org.mx\/wp-content\/uploads\/2024\/06\/MUSEO-DE-LA-CHARRERIA-ARMAS-BLANCA-LANZA-1520-337x600.jpg 337w, https:\/\/museodelacharreria.org.mx\/wp-content\/uploads\/2024\/06\/MUSEO-DE-LA-CHARRERIA-ARMAS-BLANCA-LANZA-1520-90x160.jpg 90w\" sizes=\"(max-width: 1280px) 100vw, 1280px\" \/><\/div><\/li><\/ul><div class='avia-slideshow-arrows avia-slideshow-controls' ><a href='#prev' class='prev-slide' aria-hidden='true' data-av_icon='\ue87c' data-av_iconfont='entypo-fontello'  tabindex='-1'>Previous<\/a><a href='#next' class='next-slide' aria-hidden='true' data-av_icon='\ue87d' data-av_iconfont='entypo-fontello'  tabindex='-1'>Next<\/a><\/div><div class='avia-slideshow-dots avia-slideshow-controls'><a href='#1' class='goto-slide active' >1<\/a><a href='#2' class='goto-slide' >2<\/a><a href='#3' class='goto-slide' >3<\/a><\/div><\/div><\/div><div id='after_full_slider_2'  class='main_color av_default_container_wrap container_wrap fullsize'  ><div class='container av-section-cont-open' ><div class='template-page content  av-content-full alpha units'><div class='post-entry post-entry-type-page post-entry-3180'><div class='entry-content-wrapper clearfix'>\n\n<style type=\"text\/css\" data-created_by=\"avia_inline_auto\" id=\"style-css-av-lk71zgl0-580b680eb916e532a4a74b702efbd2de\">\n#top .av-special-heading.av-lk71zgl0-580b680eb916e532a4a74b702efbd2de{\npadding-bottom:3%;\n}\nbody .av-special-heading.av-lk71zgl0-580b680eb916e532a4a74b702efbd2de .av-special-heading-tag .heading-char{\nfont-size:25px;\n}\n.av-special-heading.av-lk71zgl0-580b680eb916e532a4a74b702efbd2de .av-subheading{\nfont-size:15px;\n}\n<\/style>\n<div  class='av-special-heading av-lk71zgl0-580b680eb916e532a4a74b702efbd2de av-special-heading-h2 blockquote modern-quote modern-centered  avia-builder-el-2  el_after_av_slideshow_full  el_before_av_one_full  avia-builder-el-first'><h2 class='av-special-heading-tag'  itemprop=\"headline\"  >LANZAS<\/h2><div class=\"special-heading-border\"><div class=\"special-heading-inner-border\"><\/div><\/div><\/div>\n<div  class='flex_column av-e4nun-ab303e3034e11e8c97022a06e79aa844 av_one_full  avia-builder-el-3  el_after_av_heading  el_before_av_slideshow  first flex_column_div'     ><section  class='av_textblock_section av-lk73lniz-6fee45422ff9ebf1c8509efe3e3eb2c6'   itemscope=\"itemscope\" itemtype=\"https:\/\/schema.org\/CreativeWork\" ><div class='avia_textblock'  itemprop=\"text\" ><p>Las lanzas exhibidas en el Museo de la Charrer\u00eda son emblem\u00e1ticas de los lanceros chinacos, h\u00e1biles jinetes que dominaron el arte del combate con lanza en M\u00e9xico. Esta herramienta de combate, que se remonta a tiempos antiguos, permit\u00eda a los guerreros atacar a distancia, manteniendo a raya a sus oponentes y aprovechando su longitud para una mayor eficacia en el campo de batalla.<\/p>\n<p>Originarias de una necesidad pr\u00e1ctica en la guerra y la caza, las lanzas se convirtieron en armas distintivas de los lanceros chinacos, quienes, como jinetes diestros, manejaban con destreza no solo la lanza, sino tambi\u00e9n el machete y el lazo. Estas tres herramientas fundamentales les permit\u00edan realizar ataques precisos y efectivos, siendo especialmente \u00fatiles en terrenos dif\u00edciles y durante enfrentamientos en los que la movilidad y la rapidez eran cruciales.<\/p>\n<p>Sin embargo, con la introducci\u00f3n del arma de fuego, las lanzas comenzaron a perder relevancia en el combate. La capacidad de las armas de fuego para infligir da\u00f1o a mayores distancias y con mayor precisi\u00f3n cambi\u00f3 radicalmente la naturaleza de la guerra, llevando al eventual desuso de las lanzas.<\/p>\n<p>En M\u00e9xico, este cambio se puede rastrear al periodo posterior a la Guerra M\u00e9xico-Estadounidense (1846-1848). Para finales del siglo XIX, durante y despu\u00e9s del Porfiriato (1876-1911), los rifles hab\u00edan reemplazado en gran medida a las lanzas debido a su superior eficacia en situaciones de combate. Este periodo vio una significativa modernizaci\u00f3n del ej\u00e9rcito mexicano, que incluy\u00f3 la adopci\u00f3n de armas de fuego m\u00e1s avanzadas.<\/p>\n<p>A pesar de ello, las lanzas de los lanceros chinacos permanecen como testimonio de una era en la que la habilidad, el valor y la estrategia en el manejo de estas herramientas eran fundamentales en los enfrentamientos. Estos artefactos hist\u00f3ricos no solo reflejan la evoluci\u00f3n de las armas y t\u00e1cticas de combate, sino tambi\u00e9n la rica tradici\u00f3n y cultura guerrera de M\u00e9xico.<\/p>\n<\/div><\/section><\/div>\n<div  class='avia-slideshow av-lxw1rt0p-956fe20c6cab6ad1762a352e764a70ad avia-slideshow-gallery av_slideshow avia-slide-slider  avia-builder-el-5  el_after_av_one_full  el_before_av_textblock  av-slideshow-ui av-control-minimal av-nav-dots-visible av-hide-nav-arrows av-slideshow-autoplay av-loop-endless av-loop-manual-endless av-default-height-applied avia-slideshow-3' data-slideshow-options=\"{&quot;animation&quot;:&quot;slide&quot;,&quot;autoplay&quot;:true,&quot;loop_autoplay&quot;:&quot;endless&quot;,&quot;interval&quot;:5,&quot;loop_manual&quot;:&quot;manual-endless&quot;,&quot;autoplay_stopper&quot;:false,&quot;noNavigation&quot;:false,&quot;bg_slider&quot;:false,&quot;keep_padding&quot;:false,&quot;hoverpause&quot;:false,&quot;show_slide_delay&quot;:0}\"  itemprop=\"image\" itemscope=\"itemscope\" itemtype=\"https:\/\/schema.org\/ImageObject\" ><ul class='avia-slideshow-inner' style='padding-bottom: 80.94674556213%;'><li  class='avia-slideshow-slide av-lxw1rt0p-956fe20c6cab6ad1762a352e764a70ad__0  slide-1 slide-odd'><div data-rel='slideshow-3' class='avia-slide-wrap'   ><img decoding=\"async\" loading=\"lazy\" class=\"wp-image-3059 avia-img-lazy-loading-3059\"  src=\"https:\/\/museodelacharreria.org.mx\/wp-content\/uploads\/2024\/06\/MUSEO-DE-LA-CHARRERIA-PINTURA-LITOGRAFIA-HELADIO-VELARDE-3-845x684.jpg\" width=\"845\" height=\"684\" title='MUSEO DE LA CHARRERIA - PINTURA - LITOGRAFI\u0301A - HELADIO VELARDE-3' alt=''  itemprop=\"thumbnailUrl\" srcset=\"https:\/\/museodelacharreria.org.mx\/wp-content\/uploads\/2024\/06\/MUSEO-DE-LA-CHARRERIA-PINTURA-LITOGRAFIA-HELADIO-VELARDE-3-845x684.jpg 845w, https:\/\/museodelacharreria.org.mx\/wp-content\/uploads\/2024\/06\/MUSEO-DE-LA-CHARRERIA-PINTURA-LITOGRAFIA-HELADIO-VELARDE-3-16x12.jpg 16w, https:\/\/museodelacharreria.org.mx\/wp-content\/uploads\/2024\/06\/MUSEO-DE-LA-CHARRERIA-PINTURA-LITOGRAFIA-HELADIO-VELARDE-3-495x400.jpg 495w\" sizes=\"auto, (max-width: 845px) 100vw, 845px\" \/><\/div><\/li><li  class='avia-slideshow-slide av-lxw1rt0p-956fe20c6cab6ad1762a352e764a70ad__1  slide-2 slide-even'><div data-rel='slideshow-3' class='avia-slide-wrap'   ><img decoding=\"async\" loading=\"lazy\" class=\"wp-image-3058 avia-img-lazy-loading-3058\"  src=\"https:\/\/museodelacharreria.org.mx\/wp-content\/uploads\/2024\/06\/MUSEO-DE-LA-CHARRERIA-PINTURA-LITOGRAFIA-HELADIO-VELARDE-2-845x684.jpg\" width=\"845\" height=\"684\" title='MUSEO DE LA CHARRERIA - PINTURA - LITOGRAFI\u0301A - HELADIO VELARDE-2' alt=''  itemprop=\"thumbnailUrl\" srcset=\"https:\/\/museodelacharreria.org.mx\/wp-content\/uploads\/2024\/06\/MUSEO-DE-LA-CHARRERIA-PINTURA-LITOGRAFIA-HELADIO-VELARDE-2-845x684.jpg 845w, https:\/\/museodelacharreria.org.mx\/wp-content\/uploads\/2024\/06\/MUSEO-DE-LA-CHARRERIA-PINTURA-LITOGRAFIA-HELADIO-VELARDE-2-16x12.jpg 16w, https:\/\/museodelacharreria.org.mx\/wp-content\/uploads\/2024\/06\/MUSEO-DE-LA-CHARRERIA-PINTURA-LITOGRAFIA-HELADIO-VELARDE-2-495x400.jpg 495w\" sizes=\"auto, (max-width: 845px) 100vw, 845px\" \/><\/div><\/li><li  class='avia-slideshow-slide av-lxw1rt0p-956fe20c6cab6ad1762a352e764a70ad__2  slide-3 slide-odd'><div data-rel='slideshow-3' class='avia-slide-wrap'   ><img decoding=\"async\" loading=\"lazy\" class=\"wp-image-3056 avia-img-lazy-loading-3056\"  src=\"https:\/\/museodelacharreria.org.mx\/wp-content\/uploads\/2024\/06\/MUSEO-DE-LA-CHARRERIA-PINTURA-LITOGRAFIA-HELADIO-VELARDE-1-845x684.jpg\" width=\"845\" height=\"684\" title='MUSEO DE LA CHARRERIA - PINTURA - LITOGRAFI\u0301A - HELADIO VELARDE-1' alt=''  itemprop=\"thumbnailUrl\" srcset=\"https:\/\/museodelacharreria.org.mx\/wp-content\/uploads\/2024\/06\/MUSEO-DE-LA-CHARRERIA-PINTURA-LITOGRAFIA-HELADIO-VELARDE-1-845x684.jpg 845w, https:\/\/museodelacharreria.org.mx\/wp-content\/uploads\/2024\/06\/MUSEO-DE-LA-CHARRERIA-PINTURA-LITOGRAFIA-HELADIO-VELARDE-1-16x12.jpg 16w, https:\/\/museodelacharreria.org.mx\/wp-content\/uploads\/2024\/06\/MUSEO-DE-LA-CHARRERIA-PINTURA-LITOGRAFIA-HELADIO-VELARDE-1-495x400.jpg 495w\" sizes=\"auto, (max-width: 845px) 100vw, 845px\" \/><\/div><\/li><\/ul><div class='avia-slideshow-arrows avia-slideshow-controls' ><a href='#prev' class='prev-slide' aria-hidden='true' data-av_icon='\ue87c' data-av_iconfont='entypo-fontello'  tabindex='-1'>Previous<\/a><a href='#next' class='next-slide' aria-hidden='true' data-av_icon='\ue87d' data-av_iconfont='entypo-fontello'  tabindex='-1'>Next<\/a><\/div><div class='avia-slideshow-dots avia-slideshow-controls'><a href='#1' class='goto-slide active' >1<\/a><a href='#2' class='goto-slide' >2<\/a><a href='#3' class='goto-slide' >3<\/a><\/div><\/div>\n<section  class='av_textblock_section av-lxw2ec9k-b2bfadce223f5fb35e3465692138a929'   itemscope=\"itemscope\" itemtype=\"https:\/\/schema.org\/CreativeWork\" ><div class='avia_textblock'  itemprop=\"text\" ><p style=\"text-align: center;\">Ilustraciones del artista editorial HELADIO VELARDE de &#8220;Chinacos Lanceros&#8221;.<\/p>\n<\/div><\/section>\n<div  class='hr av-1diup-329b964ffb3ec42c2ca4040847a5c059 hr-default  avia-builder-el-7  el_after_av_textblock  el_before_av_magazine'><span class='hr-inner'><span class=\"hr-inner-style\"><\/span><\/span><\/div>\n<div  id=\"avia-magazine-1\"  class='av-magazine av-x649-266276a740f46c1ce723556f6456dab2 av-magazine-top-bar-active av-magazine-tabs-active  avia-builder-el-8  el_after_av_hr  avia-builder-el-last   avia-builder-el-8  el_after_av_hr  avia-builder-el-last' ><div class='av-magazine-top-bar'><div class=\"av-magazine-sort\" data-magazine-id=\"1\" ><div class=\"av-sort-by-term\"><a href=\"#\" data-filter=\"sort_all\" class=\"all_sort_button active_sort\"><span class=\"inner_sort_button\"><span>All<\/span><\/span><\/a><span class='text-sep escultura_sort_sep'>\/<\/span><a href=\"#\" data-filter=\"sort_14\" class=\"escultura_sort_button\" ><span class=\"inner_sort_button\"><span>\u092e\u0942\u0930\u094d\u0924\u093f<\/span><\/span><\/a><span class='text-sep indumentaria_sort_sep'>\/<\/span><a href=\"#\" data-filter=\"sort_7\" class=\"indumentaria_sort_button\" ><span class=\"inner_sort_button\"><span>\u092a\u0930\u093f\u0927\u093e\u0928<\/span><\/span><\/a><span class='text-sep sillas_sort_sep'>\/<\/span><a href=\"#\" data-filter=\"sort_6\" class=\"sillas_sort_button\" ><span class=\"inner_sort_button\"><span>\u0938\u093e\u0921\u093c\u0932<\/span><\/span><\/a><span class='text-sep pintura_sort_sep'>\/<\/span><a href=\"#\" data-filter=\"sort_13\" class=\"pintura_sort_button\" ><span class=\"inner_sort_button\"><span>PINTURA<\/span><\/span><\/a><span class='text-sep reconocimiento_sort_sep'>\/<\/span><a href=\"#\" data-filter=\"sort_45\" class=\"reconocimiento_sort_button\" ><span class=\"inner_sort_button\"><span>\u0938\u094d\u092e\u0943\u0924\u093f\u091a\u093f\u0939\u094d\u0928<\/span><\/span><\/a><span class='text-sep sombreros_sort_sep'>\/<\/span><a href=\"#\" data-filter=\"sort_40\" class=\"sombreros_sort_button\" ><span class=\"inner_sort_button\"><span>\u091f\u094b\u092a\u0940<\/span><\/span><\/a><span class='text-sep utensilios_sort_sep'>\/<\/span><a href=\"#\" data-filter=\"sort_12\" class=\"utensilios_sort_button\" ><span class=\"inner_sort_button\"><span>UTENSILIOS<\/span><\/span><\/a><\/div><\/div><\/div><div class='av-magazine-group sort_all'><article class='av-magazine-entry av-magazine-entry-id-3965 av-magazine-format-standard av-magazine-type-portfolio av-magazine-entry-1 av-magazine-entry-small'  itemscope=\"itemscope\" itemtype=\"https:\/\/schema.org\/CreativeWork\" ><div class=\"av-magazine-thumbnail\"><a href='https:\/\/museodelacharreria.org.mx\/hi\/coleccion\/cabezadas-de-plata-de-emiliano-zapata\/' title='Link to: CABEZADAS DE PLATA DE EMILIANO ZAPATA' class='av-magazine-thumbnail-link'><img decoding=\"async\" fetchpriority=\"high\" width=\"100\" height=\"100\" src=\"https:\/\/museodelacharreria.org.mx\/wp-content\/uploads\/2024\/11\/MUSEO-DE-LA-CHARRERIA-CABEZADA-DE-EMILIANO-ZAPATA--100x100.jpg\" class=\"wp-image-3966 avia-img-lazy-loading-not-3966 attachment-thumbnail size-thumbnail wp-post-image\" alt=\"\" srcset=\"https:\/\/museodelacharreria.org.mx\/wp-content\/uploads\/2024\/11\/MUSEO-DE-LA-CHARRERIA-CABEZADA-DE-EMILIANO-ZAPATA--100x100.jpg 100w, https:\/\/museodelacharreria.org.mx\/wp-content\/uploads\/2024\/11\/MUSEO-DE-LA-CHARRERIA-CABEZADA-DE-EMILIANO-ZAPATA--36x36.jpg 36w, https:\/\/museodelacharreria.org.mx\/wp-content\/uploads\/2024\/11\/MUSEO-DE-LA-CHARRERIA-CABEZADA-DE-EMILIANO-ZAPATA--180x180.jpg 180w\" sizes=\"(max-width: 100px) 100vw, 100px\" \/><\/a><\/div><div class=\"av-magazine-content-wrap\"><header class=\"entry-content-header\" aria-label=\"Post: CABEZADAS DE PLATA DE EMILIANO ZAPATA\"><time class='av-magazine-time updated'  itemprop=\"datePublished\" datetime=\"2024-11-25T20:09:58-06:00\" >2024-11-25<\/time><h3 class='av-magazine-title entry-title'  itemprop=\"headline\" ><a href='https:\/\/museodelacharreria.org.mx\/hi\/coleccion\/cabezadas-de-plata-de-emiliano-zapata\/' title='Link to: CABEZADAS DE PLATA DE EMILIANO ZAPATA'>CABEZADAS DE PLATA DE EMILIANO ZAPATA<\/a><\/h3><\/header><\/div><footer class=\"entry-footer\"><\/footer><\/article><article class='av-magazine-entry av-magazine-entry-id-3791 av-magazine-format-standard av-magazine-type-portfolio av-magazine-entry-2 av-magazine-entry-small'  itemscope=\"itemscope\" itemtype=\"https:\/\/schema.org\/CreativeWork\" ><div class=\"av-magazine-thumbnail\"><a href='https:\/\/museodelacharreria.org.mx\/hi\/coleccion\/silla-charra-chomiteada-en-grecas\/' title='Link to: SILLA CHARRA CHOMITEADA EN GRECAS' class='av-magazine-thumbnail-link'><img decoding=\"async\" fetchpriority=\"high\" width=\"100\" height=\"100\" src=\"https:\/\/museodelacharreria.org.mx\/wp-content\/uploads\/2024\/11\/Museo-de-la-Charreria-Silla-Charra-Con-Chimite-en-Greca-100x100.jpg\" class=\"wp-image-3792 avia-img-lazy-loading-not-3792 attachment-thumbnail size-thumbnail wp-post-image\" alt=\"\" srcset=\"https:\/\/museodelacharreria.org.mx\/wp-content\/uploads\/2024\/11\/Museo-de-la-Charreria-Silla-Charra-Con-Chimite-en-Greca-100x100.jpg 100w, https:\/\/museodelacharreria.org.mx\/wp-content\/uploads\/2024\/11\/Museo-de-la-Charreria-Silla-Charra-Con-Chimite-en-Greca-36x36.jpg 36w, https:\/\/museodelacharreria.org.mx\/wp-content\/uploads\/2024\/11\/Museo-de-la-Charreria-Silla-Charra-Con-Chimite-en-Greca-180x180.jpg 180w\" sizes=\"(max-width: 100px) 100vw, 100px\" \/><\/a><\/div><div class=\"av-magazine-content-wrap\"><header class=\"entry-content-header\" aria-label=\"Post: SILLA CHARRA CHOMITEADA EN GRECAS\"><time class='av-magazine-time updated'  itemprop=\"datePublished\" datetime=\"2024-11-25T15:30:12-06:00\" >2024-11-25<\/time><h3 class='av-magazine-title entry-title'  itemprop=\"headline\" ><a href='https:\/\/museodelacharreria.org.mx\/hi\/coleccion\/silla-charra-chomiteada-en-grecas\/' title='Link to: SILLA CHARRA CHOMITEADA EN GRECAS'>SILLA CHARRA CHOMITEADA EN GRECAS<\/a><\/h3><\/header><\/div><footer class=\"entry-footer\"><\/footer><\/article><article class='av-magazine-entry av-magazine-entry-id-3882 av-magazine-format-standard av-magazine-type-portfolio av-magazine-entry-3 av-magazine-entry-small'  itemscope=\"itemscope\" itemtype=\"https:\/\/schema.org\/CreativeWork\" ><div class=\"av-magazine-thumbnail\"><a href='https:\/\/museodelacharreria.org.mx\/hi\/coleccion\/silla-charra-de-media-gala-cincelada\/' title='Link to: SILLA CHARRA DE MEDIA GALA CINCELADA' class='av-magazine-thumbnail-link'><img decoding=\"async\" fetchpriority=\"high\" width=\"100\" height=\"100\" src=\"https:\/\/museodelacharreria.org.mx\/wp-content\/uploads\/2024\/11\/MUSEO-DE-LA-CHARRERIA-SILLA-CHARRA-4-100x100.jpg\" class=\"wp-image-3889 avia-img-lazy-loading-not-3889 attachment-thumbnail size-thumbnail wp-post-image\" alt=\"\" srcset=\"https:\/\/museodelacharreria.org.mx\/wp-content\/uploads\/2024\/11\/MUSEO-DE-LA-CHARRERIA-SILLA-CHARRA-4-100x100.jpg 100w, https:\/\/museodelacharreria.org.mx\/wp-content\/uploads\/2024\/11\/MUSEO-DE-LA-CHARRERIA-SILLA-CHARRA-4-36x36.jpg 36w, https:\/\/museodelacharreria.org.mx\/wp-content\/uploads\/2024\/11\/MUSEO-DE-LA-CHARRERIA-SILLA-CHARRA-4-180x180.jpg 180w\" sizes=\"(max-width: 100px) 100vw, 100px\" \/><\/a><\/div><div class=\"av-magazine-content-wrap\"><header class=\"entry-content-header\" aria-label=\"Post: SILLA CHARRA DE MEDIA GALA CINCELADA\"><time class='av-magazine-time updated'  itemprop=\"datePublished\" datetime=\"2024-11-25T14:10:00-06:00\" >2024-11-25<\/time><h3 class='av-magazine-title entry-title'  itemprop=\"headline\" ><a href='https:\/\/museodelacharreria.org.mx\/hi\/coleccion\/silla-charra-de-media-gala-cincelada\/' title='Link to: SILLA CHARRA DE MEDIA GALA CINCELADA'>SILLA CHARRA DE MEDIA GALA CINCELADA<\/a><\/h3><\/header><\/div><footer class=\"entry-footer\"><\/footer><\/article><article class='av-magazine-entry av-magazine-entry-id-3777 av-magazine-format-standard av-magazine-type-portfolio av-magazine-entry-4 av-magazine-entry-small'  itemscope=\"itemscope\" itemtype=\"https:\/\/schema.org\/CreativeWork\" ><div class=\"av-magazine-thumbnail\"><a href='https:\/\/museodelacharreria.org.mx\/hi\/coleccion\/silla-charra-piteada\/' title='Link to: SILLA CHARRA PITEADA' class='av-magazine-thumbnail-link'><img decoding=\"async\" fetchpriority=\"high\" width=\"100\" height=\"100\" src=\"https:\/\/museodelacharreria.org.mx\/wp-content\/uploads\/2024\/11\/Museo-de-la-Charreria-Silla-Charra-de-Gala-100x100.jpg\" class=\"wp-image-3775 avia-img-lazy-loading-not-3775 attachment-thumbnail size-thumbnail wp-post-image\" alt=\"\" srcset=\"https:\/\/museodelacharreria.org.mx\/wp-content\/uploads\/2024\/11\/Museo-de-la-Charreria-Silla-Charra-de-Gala-100x100.jpg 100w, https:\/\/museodelacharreria.org.mx\/wp-content\/uploads\/2024\/11\/Museo-de-la-Charreria-Silla-Charra-de-Gala-36x36.jpg 36w, https:\/\/museodelacharreria.org.mx\/wp-content\/uploads\/2024\/11\/Museo-de-la-Charreria-Silla-Charra-de-Gala-180x180.jpg 180w\" sizes=\"(max-width: 100px) 100vw, 100px\" \/><\/a><\/div><div class=\"av-magazine-content-wrap\"><header class=\"entry-content-header\" aria-label=\"Post: SILLA CHARRA PITEADA\"><time class='av-magazine-time updated'  itemprop=\"datePublished\" datetime=\"2024-11-25T14:00:29-06:00\" >2024-11-25<\/time><h3 class='av-magazine-title entry-title'  itemprop=\"headline\" ><a href='https:\/\/museodelacharreria.org.mx\/hi\/coleccion\/silla-charra-piteada\/' title='Link to: SILLA CHARRA PITEADA'>SILLA CHARRA PITEADA<\/a><\/h3><\/header><\/div><footer class=\"entry-footer\"><\/footer><\/article><article class='av-magazine-entry av-magazine-entry-id-3750 av-magazine-format-standard av-magazine-type-portfolio av-magazine-entry-5 av-magazine-entry-small'  itemscope=\"itemscope\" itemtype=\"https:\/\/schema.org\/CreativeWork\" ><div class=\"av-magazine-thumbnail\"><a href='https:\/\/museodelacharreria.org.mx\/hi\/coleccion\/silla-charra-con-motivos-taurinos\/' title='Link to: SILLA CHARRA CON MOTIVOS TAURINOS' class='av-magazine-thumbnail-link'><img decoding=\"async\" fetchpriority=\"high\" width=\"100\" height=\"100\" src=\"https:\/\/museodelacharreria.org.mx\/wp-content\/uploads\/2024\/11\/MUSEO-DE-LA-CHARRERIA-SILLA-CHARRA-CON-MOTIVOS-TAURINOS-3-100x100.jpg\" class=\"wp-image-3753 avia-img-lazy-loading-not-3753 attachment-thumbnail size-thumbnail wp-post-image\" alt=\"\" srcset=\"https:\/\/museodelacharreria.org.mx\/wp-content\/uploads\/2024\/11\/MUSEO-DE-LA-CHARRERIA-SILLA-CHARRA-CON-MOTIVOS-TAURINOS-3-100x100.jpg 100w, https:\/\/museodelacharreria.org.mx\/wp-content\/uploads\/2024\/11\/MUSEO-DE-LA-CHARRERIA-SILLA-CHARRA-CON-MOTIVOS-TAURINOS-3-36x36.jpg 36w, https:\/\/museodelacharreria.org.mx\/wp-content\/uploads\/2024\/11\/MUSEO-DE-LA-CHARRERIA-SILLA-CHARRA-CON-MOTIVOS-TAURINOS-3-180x180.jpg 180w\" sizes=\"(max-width: 100px) 100vw, 100px\" \/><\/a><\/div><div class=\"av-magazine-content-wrap\"><header class=\"entry-content-header\" aria-label=\"Post: SILLA CHARRA CON MOTIVOS TAURINOS\"><time class='av-magazine-time updated'  itemprop=\"datePublished\" datetime=\"2024-11-25T11:02:41-06:00\" >2024-11-25<\/time><h3 class='av-magazine-title entry-title'  itemprop=\"headline\" ><a href='https:\/\/museodelacharreria.org.mx\/hi\/coleccion\/silla-charra-con-motivos-taurinos\/' title='Link to: SILLA CHARRA CON MOTIVOS TAURINOS'>SILLA CHARRA CON MOTIVOS TAURINOS<\/a><\/h3><\/header><\/div><footer class=\"entry-footer\"><\/footer><\/article><article class='av-magazine-entry av-magazine-entry-id-3827 av-magazine-format-standard av-magazine-type-portfolio av-magazine-entry-6 av-magazine-entry-small'  itemscope=\"itemscope\" itemtype=\"https:\/\/schema.org\/CreativeWork\" ><div class=\"av-magazine-thumbnail\"><a href='https:\/\/museodelacharreria.org.mx\/hi\/coleccion\/cuera-michoacana-2\/' title='Link to: CUERA MICHOACANA' class='av-magazine-thumbnail-link'><img decoding=\"async\" fetchpriority=\"high\" width=\"100\" height=\"100\" src=\"https:\/\/museodelacharreria.org.mx\/wp-content\/uploads\/2024\/11\/Museo-de-la-Charreria-Cuera-Michoacana-con-Panoleta-Roja-2-100x100.jpg\" class=\"wp-image-3828 avia-img-lazy-loading-not-3828 attachment-thumbnail size-thumbnail wp-post-image\" alt=\"\" srcset=\"https:\/\/museodelacharreria.org.mx\/wp-content\/uploads\/2024\/11\/Museo-de-la-Charreria-Cuera-Michoacana-con-Panoleta-Roja-2-100x100.jpg 100w, https:\/\/museodelacharreria.org.mx\/wp-content\/uploads\/2024\/11\/Museo-de-la-Charreria-Cuera-Michoacana-con-Panoleta-Roja-2-36x36.jpg 36w, https:\/\/museodelacharreria.org.mx\/wp-content\/uploads\/2024\/11\/Museo-de-la-Charreria-Cuera-Michoacana-con-Panoleta-Roja-2-180x180.jpg 180w\" sizes=\"(max-width: 100px) 100vw, 100px\" \/><\/a><\/div><div class=\"av-magazine-content-wrap\"><header class=\"entry-content-header\" aria-label=\"Post: CUERA MICHOACANA\"><time class='av-magazine-time updated'  itemprop=\"datePublished\" datetime=\"2024-11-24T14:07:13-06:00\" >2024-11-24<\/time><h3 class='av-magazine-title entry-title'  itemprop=\"headline\" ><a href='https:\/\/museodelacharreria.org.mx\/hi\/coleccion\/cuera-michoacana-2\/' title='Link to: CUERA MICHOACANA'>CUERA MICHOACANA<\/a><\/h3><\/header><\/div><footer class=\"entry-footer\"><\/footer><\/article><article class='av-magazine-entry av-magazine-entry-id-3806 av-magazine-format-standard av-magazine-type-portfolio av-magazine-entry-7 av-magazine-entry-small'  itemscope=\"itemscope\" itemtype=\"https:\/\/schema.org\/CreativeWork\" ><div class=\"av-magazine-thumbnail\"><a href='https:\/\/museodelacharreria.org.mx\/hi\/coleccion\/silla-charra-piteada-cincelada-y-encorrillada\/' title='Link to: SILLA CHARRA PITEADA, CINCELADA Y ENCORRILLADA' class='av-magazine-thumbnail-link'><img decoding=\"async\" fetchpriority=\"high\" width=\"100\" height=\"100\" src=\"https:\/\/museodelacharreria.org.mx\/wp-content\/uploads\/2024\/11\/MUSEO-DE-LA-CHARRERIA-SILLA-CHARRA-PITEADA-CINCELADA-Y-ENCORRILLADA--100x100.jpg\" class=\"wp-image-3799 avia-img-lazy-loading-not-3799 attachment-thumbnail size-thumbnail wp-post-image\" alt=\"\" srcset=\"https:\/\/museodelacharreria.org.mx\/wp-content\/uploads\/2024\/11\/MUSEO-DE-LA-CHARRERIA-SILLA-CHARRA-PITEADA-CINCELADA-Y-ENCORRILLADA--100x100.jpg 100w, https:\/\/museodelacharreria.org.mx\/wp-content\/uploads\/2024\/11\/MUSEO-DE-LA-CHARRERIA-SILLA-CHARRA-PITEADA-CINCELADA-Y-ENCORRILLADA--36x36.jpg 36w, https:\/\/museodelacharreria.org.mx\/wp-content\/uploads\/2024\/11\/MUSEO-DE-LA-CHARRERIA-SILLA-CHARRA-PITEADA-CINCELADA-Y-ENCORRILLADA--180x180.jpg 180w\" sizes=\"(max-width: 100px) 100vw, 100px\" \/><\/a><\/div><div class=\"av-magazine-content-wrap\"><header class=\"entry-content-header\" aria-label=\"Post: SILLA CHARRA PITEADA, CINCELADA Y ENCORRILLADA\"><time class='av-magazine-time updated'  itemprop=\"datePublished\" datetime=\"2024-11-23T13:35:49-06:00\" >2024-11-23<\/time><h3 class='av-magazine-title entry-title'  itemprop=\"headline\" ><a href='https:\/\/museodelacharreria.org.mx\/hi\/coleccion\/silla-charra-piteada-cincelada-y-encorrillada\/' title='Link to: SILLA CHARRA PITEADA, CINCELADA Y ENCORRILLADA'>SILLA CHARRA PITEADA, CINCELADA Y ENCORRILLADA<\/a><\/h3><\/header><\/div><footer class=\"entry-footer\"><\/footer><\/article><\/div><div class='av-magazine-group av-hidden-mag sort_14'><article class='av-magazine-entry av-magazine-entry-id-3351 av-magazine-format-standard av-magazine-type-portfolio av-magazine-entry-1 av-magazine-entry-small'  itemscope=\"itemscope\" itemtype=\"https:\/\/schema.org\/CreativeWork\" ><div class=\"av-magazine-thumbnail\"><a href='https:\/\/museodelacharreria.org.mx\/hi\/coleccion\/trofeo-lxvii-campeonato-nacional-puebla-2011\/' title='Link to: TROFEO LXVII CAMPEONATO NACIONAL PUEBLA 2011' class='av-magazine-thumbnail-link'><img decoding=\"async\" fetchpriority=\"high\" width=\"100\" height=\"100\" src=\"https:\/\/museodelacharreria.org.mx\/wp-content\/uploads\/2024\/06\/MUSEO-DE-LA-CHARRERIA-ESCULTURA-TROFEO-LXVII-CAMPEONATO-NACIONAL-PUEBLA-2011-100x100.jpg\" class=\"wp-image-3352 avia-img-lazy-loading-not-3352 attachment-thumbnail size-thumbnail wp-post-image\" alt=\"\" srcset=\"https:\/\/museodelacharreria.org.mx\/wp-content\/uploads\/2024\/06\/MUSEO-DE-LA-CHARRERIA-ESCULTURA-TROFEO-LXVII-CAMPEONATO-NACIONAL-PUEBLA-2011-100x100.jpg 100w, https:\/\/museodelacharreria.org.mx\/wp-content\/uploads\/2024\/06\/MUSEO-DE-LA-CHARRERIA-ESCULTURA-TROFEO-LXVII-CAMPEONATO-NACIONAL-PUEBLA-2011-36x36.jpg 36w, https:\/\/museodelacharreria.org.mx\/wp-content\/uploads\/2024\/06\/MUSEO-DE-LA-CHARRERIA-ESCULTURA-TROFEO-LXVII-CAMPEONATO-NACIONAL-PUEBLA-2011-180x180.jpg 180w\" sizes=\"(max-width: 100px) 100vw, 100px\" \/><\/a><\/div><div class=\"av-magazine-content-wrap\"><header class=\"entry-content-header\" aria-label=\"Post: TROFEO LXVII CAMPEONATO NACIONAL PUEBLA 2011\"><time class='av-magazine-time updated'  itemprop=\"datePublished\" datetime=\"2024-06-27T19:02:07-06:00\" >2024-06-27<\/time><h3 class='av-magazine-title entry-title'  itemprop=\"headline\" ><a href='https:\/\/museodelacharreria.org.mx\/hi\/coleccion\/trofeo-lxvii-campeonato-nacional-puebla-2011\/' title='Link to: TROFEO LXVII CAMPEONATO NACIONAL PUEBLA 2011'>TROFEO LXVII CAMPEONATO NACIONAL PUEBLA 2011<\/a><\/h3><\/header><\/div><footer class=\"entry-footer\"><\/footer><\/article><article class='av-magazine-entry av-magazine-entry-id-3344 av-magazine-format-standard av-magazine-type-portfolio av-magazine-entry-2 av-magazine-entry-small'  itemscope=\"itemscope\" itemtype=\"https:\/\/schema.org\/CreativeWork\" ><div class=\"av-magazine-thumbnail\"><a href='https:\/\/museodelacharreria.org.mx\/hi\/coleccion\/trofeo-lxvi-campeonato-nacional-pachuca-2010\/' title='Link to: TROFEO LXVI CAMPEONATO NACIONAL PACHUCA 2010' class='av-magazine-thumbnail-link'><img decoding=\"async\" fetchpriority=\"high\" width=\"100\" height=\"100\" src=\"https:\/\/museodelacharreria.org.mx\/wp-content\/uploads\/2024\/06\/MUSEO-DE-LA-CHARRERIA-ESCULTURA-TROFEO-LXVI-CAMPEONATO-NACIONAL-PACHUCA-PORTADA-1491-100x100.jpg\" class=\"wp-image-3345 avia-img-lazy-loading-not-3345 attachment-thumbnail size-thumbnail wp-post-image\" alt=\"\" srcset=\"https:\/\/museodelacharreria.org.mx\/wp-content\/uploads\/2024\/06\/MUSEO-DE-LA-CHARRERIA-ESCULTURA-TROFEO-LXVI-CAMPEONATO-NACIONAL-PACHUCA-PORTADA-1491-100x100.jpg 100w, https:\/\/museodelacharreria.org.mx\/wp-content\/uploads\/2024\/06\/MUSEO-DE-LA-CHARRERIA-ESCULTURA-TROFEO-LXVI-CAMPEONATO-NACIONAL-PACHUCA-PORTADA-1491-36x36.jpg 36w, https:\/\/museodelacharreria.org.mx\/wp-content\/uploads\/2024\/06\/MUSEO-DE-LA-CHARRERIA-ESCULTURA-TROFEO-LXVI-CAMPEONATO-NACIONAL-PACHUCA-PORTADA-1491-180x180.jpg 180w\" sizes=\"(max-width: 100px) 100vw, 100px\" \/><\/a><\/div><div class=\"av-magazine-content-wrap\"><header class=\"entry-content-header\" aria-label=\"Post: TROFEO LXVI CAMPEONATO NACIONAL PACHUCA 2010\"><time class='av-magazine-time updated'  itemprop=\"datePublished\" datetime=\"2024-06-27T18:34:51-06:00\" >2024-06-27<\/time><h3 class='av-magazine-title entry-title'  itemprop=\"headline\" ><a href='https:\/\/museodelacharreria.org.mx\/hi\/coleccion\/trofeo-lxvi-campeonato-nacional-pachuca-2010\/' title='Link to: TROFEO LXVI CAMPEONATO NACIONAL PACHUCA 2010'>TROFEO LXVI CAMPEONATO NACIONAL PACHUCA 2010<\/a><\/h3><\/header><\/div><footer class=\"entry-footer\"><\/footer><\/article><article class='av-magazine-entry av-magazine-entry-id-3334 av-magazine-format-standard av-magazine-type-portfolio av-magazine-entry-3 av-magazine-entry-small'  itemscope=\"itemscope\" itemtype=\"https:\/\/schema.org\/CreativeWork\" ><div class=\"av-magazine-thumbnail\"><a href='https:\/\/museodelacharreria.org.mx\/hi\/coleccion\/trofeo-del-lxxxv-aniversario-de-la-federacion\/' title='Link to: TROFEO DEL LXXXV ANIVERSARIO DE LA FEDERACI\u00d3N' class='av-magazine-thumbnail-link'><img decoding=\"async\" fetchpriority=\"high\" width=\"100\" height=\"100\" src=\"https:\/\/museodelacharreria.org.mx\/wp-content\/uploads\/2024\/06\/MUSEO-DE-LA-CHARRERIA-ESCULTURA-TROFEO-LXXXV-ANIVERSARIO-DE-LA-FEDERACION-2-100x100.jpg\" class=\"wp-image-3336 avia-img-lazy-loading-not-3336 attachment-thumbnail size-thumbnail wp-post-image\" alt=\"\" srcset=\"https:\/\/museodelacharreria.org.mx\/wp-content\/uploads\/2024\/06\/MUSEO-DE-LA-CHARRERIA-ESCULTURA-TROFEO-LXXXV-ANIVERSARIO-DE-LA-FEDERACION-2-100x100.jpg 100w, https:\/\/museodelacharreria.org.mx\/wp-content\/uploads\/2024\/06\/MUSEO-DE-LA-CHARRERIA-ESCULTURA-TROFEO-LXXXV-ANIVERSARIO-DE-LA-FEDERACION-2-36x36.jpg 36w, https:\/\/museodelacharreria.org.mx\/wp-content\/uploads\/2024\/06\/MUSEO-DE-LA-CHARRERIA-ESCULTURA-TROFEO-LXXXV-ANIVERSARIO-DE-LA-FEDERACION-2-180x180.jpg 180w\" sizes=\"(max-width: 100px) 100vw, 100px\" \/><\/a><\/div><div class=\"av-magazine-content-wrap\"><header class=\"entry-content-header\" aria-label=\"Post: TROFEO DEL LXXXV ANIVERSARIO DE LA FEDERACI\u00d3N\"><time class='av-magazine-time updated'  itemprop=\"datePublished\" datetime=\"2024-06-27T18:22:40-06:00\" >2024-06-27<\/time><h3 class='av-magazine-title entry-title'  itemprop=\"headline\" ><a href='https:\/\/museodelacharreria.org.mx\/hi\/coleccion\/trofeo-del-lxxxv-aniversario-de-la-federacion\/' title='Link to: TROFEO DEL LXXXV ANIVERSARIO DE LA FEDERACI\u00d3N'>TROFEO DEL LXXXV ANIVERSARIO DE LA FEDERACI\u00d3N<\/a><\/h3><\/header><\/div><footer class=\"entry-footer\"><\/footer><\/article><article class='av-magazine-entry av-magazine-entry-id-3928 av-magazine-format-standard av-magazine-type-portfolio av-magazine-entry-4 av-magazine-entry-small'  itemscope=\"itemscope\" itemtype=\"https:\/\/schema.org\/CreativeWork\" ><div class=\"av-magazine-thumbnail\"><a href='https:\/\/museodelacharreria.org.mx\/hi\/coleccion\/trofeo-jineteo-de-toro\/' title='Link to: TROFEO JINETEO DE TORO' class='av-magazine-thumbnail-link'><img decoding=\"async\" fetchpriority=\"high\" width=\"100\" height=\"100\" src=\"https:\/\/museodelacharreria.org.mx\/wp-content\/uploads\/2024\/11\/MUSEO-DE-LA-CHARRERIA-TROFEO-JINETEO-DE-TORO-2-100x100.jpg\" class=\"wp-image-3929 avia-img-lazy-loading-not-3929 attachment-thumbnail size-thumbnail wp-post-image\" alt=\"\" srcset=\"https:\/\/museodelacharreria.org.mx\/wp-content\/uploads\/2024\/11\/MUSEO-DE-LA-CHARRERIA-TROFEO-JINETEO-DE-TORO-2-100x100.jpg 100w, https:\/\/museodelacharreria.org.mx\/wp-content\/uploads\/2024\/11\/MUSEO-DE-LA-CHARRERIA-TROFEO-JINETEO-DE-TORO-2-36x36.jpg 36w, https:\/\/museodelacharreria.org.mx\/wp-content\/uploads\/2024\/11\/MUSEO-DE-LA-CHARRERIA-TROFEO-JINETEO-DE-TORO-2-180x180.jpg 180w\" sizes=\"(max-width: 100px) 100vw, 100px\" \/><\/a><\/div><div class=\"av-magazine-content-wrap\"><header class=\"entry-content-header\" aria-label=\"Post: TROFEO JINETEO DE TORO\"><time class='av-magazine-time updated'  itemprop=\"datePublished\" datetime=\"2024-06-25T18:18:40-06:00\" >2024-06-25<\/time><h3 class='av-magazine-title entry-title'  itemprop=\"headline\" ><a href='https:\/\/museodelacharreria.org.mx\/hi\/coleccion\/trofeo-jineteo-de-toro\/' title='Link to: TROFEO JINETEO DE TORO'>TROFEO JINETEO DE TORO<\/a><\/h3><\/header><\/div><footer class=\"entry-footer\"><\/footer><\/article><article class='av-magazine-entry av-magazine-entry-id-544 av-magazine-format-standard av-magazine-type-portfolio av-magazine-entry-5 av-magazine-entry-small'  itemscope=\"itemscope\" itemtype=\"https:\/\/schema.org\/CreativeWork\" ><div class=\"av-magazine-thumbnail\"><a href='https:\/\/museodelacharreria.org.mx\/hi\/coleccion\/escultura-trofeo-guadalupano\/' title='Link to: TROFEO GUADALUPANO' class='av-magazine-thumbnail-link'><img decoding=\"async\" fetchpriority=\"high\" width=\"80\" height=\"80\" src=\"https:\/\/museodelacharreria.org.mx\/wp-content\/uploads\/2023\/09\/Museo-de-la-Charreria-CDMX-Escultura-Trofeo-Guadalupano-0037-80x80.jpg\" class=\"wp-image-532 avia-img-lazy-loading-not-532 attachment-thumbnail size-thumbnail wp-post-image\" alt=\"Trofeo Guadalupano\" srcset=\"https:\/\/museodelacharreria.org.mx\/wp-content\/uploads\/2023\/09\/Museo-de-la-Charreria-CDMX-Escultura-Trofeo-Guadalupano-0037-80x80.jpg 80w, https:\/\/museodelacharreria.org.mx\/wp-content\/uploads\/2023\/09\/Museo-de-la-Charreria-CDMX-Escultura-Trofeo-Guadalupano-0037-36x36.jpg 36w, https:\/\/museodelacharreria.org.mx\/wp-content\/uploads\/2023\/09\/Museo-de-la-Charreria-CDMX-Escultura-Trofeo-Guadalupano-0037-180x180.jpg 180w\" sizes=\"(max-width: 80px) 100vw, 80px\" \/><\/a><\/div><div class=\"av-magazine-content-wrap\"><header class=\"entry-content-header\" aria-label=\"Post: TROFEO GUADALUPANO\"><time class='av-magazine-time updated'  itemprop=\"datePublished\" datetime=\"2023-12-27T00:11:29-06:00\" >2023-12-27<\/time><h3 class='av-magazine-title entry-title'  itemprop=\"headline\" ><a href='https:\/\/museodelacharreria.org.mx\/hi\/coleccion\/escultura-trofeo-guadalupano\/' title='Link to: TROFEO GUADALUPANO'>TROFEO GUADALUPANO<\/a><\/h3><\/header><\/div><footer class=\"entry-footer\"><\/footer><\/article><article class='av-magazine-entry av-magazine-entry-id-1493 av-magazine-format-standard av-magazine-type-portfolio av-magazine-entry-6 av-magazine-entry-small'  itemscope=\"itemscope\" itemtype=\"https:\/\/schema.org\/CreativeWork\" ><div class=\"av-magazine-thumbnail\"><a href='https:\/\/museodelacharreria.org.mx\/hi\/coleccion\/escultura-de-bronce-el-charro\/' title='Link to: ESCULTURA DE BRONCE &#8220;HONOR AL CHARRO&#8221;' class='av-magazine-thumbnail-link'><img decoding=\"async\" fetchpriority=\"high\" width=\"100\" height=\"100\" src=\"https:\/\/museodelacharreria.org.mx\/wp-content\/uploads\/2023\/09\/Escultura-del-Charro-100x100.jpg\" class=\"wp-image-1495 avia-img-lazy-loading-not-1495 attachment-thumbnail size-thumbnail wp-post-image\" alt=\"\" srcset=\"https:\/\/museodelacharreria.org.mx\/wp-content\/uploads\/2023\/09\/Escultura-del-Charro-100x100.jpg 100w, https:\/\/museodelacharreria.org.mx\/wp-content\/uploads\/2023\/09\/Escultura-del-Charro-36x36.jpg 36w, https:\/\/museodelacharreria.org.mx\/wp-content\/uploads\/2023\/09\/Escultura-del-Charro-180x180.jpg 180w\" sizes=\"(max-width: 100px) 100vw, 100px\" \/><\/a><\/div><div class=\"av-magazine-content-wrap\"><header class=\"entry-content-header\" aria-label=\"Post: ESCULTURA DE BRONCE &quot;HONOR AL CHARRO&quot;\"><time class='av-magazine-time updated'  itemprop=\"datePublished\" datetime=\"2023-09-29T13:05:21-06:00\" >2023-09-29<\/time><h3 class='av-magazine-title entry-title'  itemprop=\"headline\" ><a href='https:\/\/museodelacharreria.org.mx\/hi\/coleccion\/escultura-de-bronce-el-charro\/' title='Link to: ESCULTURA DE BRONCE &#8220;HONOR AL CHARRO&#8221;'>ESCULTURA DE BRONCE &#8220;HONOR AL CHARRO&#8221;<\/a><\/h3><\/header><\/div><footer class=\"entry-footer\"><\/footer><\/article><\/div><div class='av-magazine-group av-hidden-mag sort_7'><article class='av-magazine-entry av-magazine-entry-id-3827 av-magazine-format-standard av-magazine-type-portfolio av-magazine-entry-1 av-magazine-entry-small'  itemscope=\"itemscope\" itemtype=\"https:\/\/schema.org\/CreativeWork\" ><div class=\"av-magazine-thumbnail\"><a href='https:\/\/museodelacharreria.org.mx\/hi\/coleccion\/cuera-michoacana-2\/' title='Link to: CUERA MICHOACANA' class='av-magazine-thumbnail-link'><img decoding=\"async\" fetchpriority=\"high\" width=\"100\" height=\"100\" src=\"https:\/\/museodelacharreria.org.mx\/wp-content\/uploads\/2024\/11\/Museo-de-la-Charreria-Cuera-Michoacana-con-Panoleta-Roja-2-100x100.jpg\" class=\"wp-image-3828 avia-img-lazy-loading-not-3828 attachment-thumbnail size-thumbnail wp-post-image\" alt=\"\" srcset=\"https:\/\/museodelacharreria.org.mx\/wp-content\/uploads\/2024\/11\/Museo-de-la-Charreria-Cuera-Michoacana-con-Panoleta-Roja-2-100x100.jpg 100w, https:\/\/museodelacharreria.org.mx\/wp-content\/uploads\/2024\/11\/Museo-de-la-Charreria-Cuera-Michoacana-con-Panoleta-Roja-2-36x36.jpg 36w, https:\/\/museodelacharreria.org.mx\/wp-content\/uploads\/2024\/11\/Museo-de-la-Charreria-Cuera-Michoacana-con-Panoleta-Roja-2-180x180.jpg 180w\" sizes=\"(max-width: 100px) 100vw, 100px\" \/><\/a><\/div><div class=\"av-magazine-content-wrap\"><header class=\"entry-content-header\" aria-label=\"Post: CUERA MICHOACANA\"><time class='av-magazine-time updated'  itemprop=\"datePublished\" datetime=\"2024-11-24T14:07:13-06:00\" >2024-11-24<\/time><h3 class='av-magazine-title entry-title'  itemprop=\"headline\" ><a href='https:\/\/museodelacharreria.org.mx\/hi\/coleccion\/cuera-michoacana-2\/' title='Link to: CUERA MICHOACANA'>CUERA MICHOACANA<\/a><\/h3><\/header><\/div><footer class=\"entry-footer\"><\/footer><\/article><article class='av-magazine-entry av-magazine-entry-id-3784 av-magazine-format-standard av-magazine-type-portfolio av-magazine-entry-2 av-magazine-entry-small'  itemscope=\"itemscope\" itemtype=\"https:\/\/schema.org\/CreativeWork\" ><div class=\"av-magazine-thumbnail\"><a href='https:\/\/museodelacharreria.org.mx\/hi\/coleccion\/traje-de-dama-charra-de-media-gala-bordada-con-soutache\/' title='Link to: TRAJE DE DAMA CHARRA DE MEDIA GALA BORDADA CON SOUTACHE' class='av-magazine-thumbnail-link'><img decoding=\"async\" fetchpriority=\"high\" width=\"100\" height=\"100\" src=\"https:\/\/museodelacharreria.org.mx\/wp-content\/uploads\/2024\/11\/Museo-de-la-Charreria-Traje-de-Dama-Charra-de-Media-Gala-Color-Vino-Bordada-en-Soutache-100x100.jpg\" class=\"wp-image-3785 avia-img-lazy-loading-not-3785 attachment-thumbnail size-thumbnail wp-post-image\" alt=\"TRAJE DE DAMA CHARRA DE MEDIA GALA\" srcset=\"https:\/\/museodelacharreria.org.mx\/wp-content\/uploads\/2024\/11\/Museo-de-la-Charreria-Traje-de-Dama-Charra-de-Media-Gala-Color-Vino-Bordada-en-Soutache-100x100.jpg 100w, https:\/\/museodelacharreria.org.mx\/wp-content\/uploads\/2024\/11\/Museo-de-la-Charreria-Traje-de-Dama-Charra-de-Media-Gala-Color-Vino-Bordada-en-Soutache-36x36.jpg 36w, https:\/\/museodelacharreria.org.mx\/wp-content\/uploads\/2024\/11\/Museo-de-la-Charreria-Traje-de-Dama-Charra-de-Media-Gala-Color-Vino-Bordada-en-Soutache-180x180.jpg 180w\" sizes=\"(max-width: 100px) 100vw, 100px\" \/><\/a><\/div><div class=\"av-magazine-content-wrap\"><header class=\"entry-content-header\" aria-label=\"Post: TRAJE DE DAMA CHARRA DE MEDIA GALA BORDADA CON SOUTACHE\"><time class='av-magazine-time updated'  itemprop=\"datePublished\" datetime=\"2024-11-22T15:11:49-06:00\" >2024-11-22<\/time><h3 class='av-magazine-title entry-title'  itemprop=\"headline\" ><a href='https:\/\/museodelacharreria.org.mx\/hi\/coleccion\/traje-de-dama-charra-de-media-gala-bordada-con-soutache\/' title='Link to: TRAJE DE DAMA CHARRA DE MEDIA GALA BORDADA CON SOUTACHE'>TRAJE DE DAMA CHARRA DE MEDIA GALA BORDADA CON SOUTACHE<\/a><\/h3><\/header><\/div><footer class=\"entry-footer\"><\/footer><\/article><article class='av-magazine-entry av-magazine-entry-id-3612 av-magazine-format-standard av-magazine-type-portfolio av-magazine-entry-3 av-magazine-entry-small'  itemscope=\"itemscope\" itemtype=\"https:\/\/schema.org\/CreativeWork\" ><div class=\"av-magazine-thumbnail\"><a href='https:\/\/museodelacharreria.org.mx\/hi\/coleccion\/vestido-de-china-poblana-en-rojo-con-rebozo-amarillo\/' title='Link to: VESTIDO DE CHINA POBLANA EN ROJO CON REBOZO AMARILLO' class='av-magazine-thumbnail-link'><img decoding=\"async\" fetchpriority=\"high\" width=\"100\" height=\"100\" src=\"https:\/\/museodelacharreria.org.mx\/wp-content\/uploads\/2024\/11\/Museo-de-la-Charreria-Vestido-de-China-Poblana-con-Rebozo-Amarillo-100x100.jpg\" class=\"wp-image-3718 avia-img-lazy-loading-not-3718 attachment-thumbnail size-thumbnail wp-post-image\" alt=\"\" srcset=\"https:\/\/museodelacharreria.org.mx\/wp-content\/uploads\/2024\/11\/Museo-de-la-Charreria-Vestido-de-China-Poblana-con-Rebozo-Amarillo-100x100.jpg 100w, https:\/\/museodelacharreria.org.mx\/wp-content\/uploads\/2024\/11\/Museo-de-la-Charreria-Vestido-de-China-Poblana-con-Rebozo-Amarillo-36x36.jpg 36w, https:\/\/museodelacharreria.org.mx\/wp-content\/uploads\/2024\/11\/Museo-de-la-Charreria-Vestido-de-China-Poblana-con-Rebozo-Amarillo-180x180.jpg 180w\" sizes=\"(max-width: 100px) 100vw, 100px\" \/><\/a><\/div><div class=\"av-magazine-content-wrap\"><header class=\"entry-content-header\" aria-label=\"Post: VESTIDO DE CHINA POBLANA EN ROJO CON REBOZO AMARILLO\"><time class='av-magazine-time updated'  itemprop=\"datePublished\" datetime=\"2024-11-20T13:18:55-06:00\" >2024-11-20<\/time><h3 class='av-magazine-title entry-title'  itemprop=\"headline\" ><a href='https:\/\/museodelacharreria.org.mx\/hi\/coleccion\/vestido-de-china-poblana-en-rojo-con-rebozo-amarillo\/' title='Link to: VESTIDO DE CHINA POBLANA EN ROJO CON REBOZO AMARILLO'>VESTIDO DE CHINA POBLANA EN ROJO CON REBOZO AMARILLO<\/a><\/h3><\/header><\/div><footer class=\"entry-footer\"><\/footer><\/article><article class='av-magazine-entry av-magazine-entry-id-3605 av-magazine-format-standard av-magazine-type-portfolio av-magazine-entry-4 av-magazine-entry-small'  itemscope=\"itemscope\" itemtype=\"https:\/\/schema.org\/CreativeWork\" ><div class=\"av-magazine-thumbnail\"><a href='https:\/\/museodelacharreria.org.mx\/hi\/coleccion\/traje-de-charro-en-gamuza-de-venado-color-oro-viejo\/' title='Link to: TRAJE DE CHARRO EN GAMUZA DE VENADO COLOR ORO VIEJO' class='av-magazine-thumbnail-link'><img decoding=\"async\" fetchpriority=\"high\" width=\"100\" height=\"100\" src=\"https:\/\/museodelacharreria.org.mx\/wp-content\/uploads\/2024\/11\/Museo-de-la-Charreria-Traje-de-Charro-en-Gamuza-Color-Oro-Viejo-100x100.jpg\" class=\"wp-image-3721 avia-img-lazy-loading-not-3721 attachment-thumbnail size-thumbnail wp-post-image\" alt=\"\" srcset=\"https:\/\/museodelacharreria.org.mx\/wp-content\/uploads\/2024\/11\/Museo-de-la-Charreria-Traje-de-Charro-en-Gamuza-Color-Oro-Viejo-100x100.jpg 100w, https:\/\/museodelacharreria.org.mx\/wp-content\/uploads\/2024\/11\/Museo-de-la-Charreria-Traje-de-Charro-en-Gamuza-Color-Oro-Viejo-36x36.jpg 36w, https:\/\/museodelacharreria.org.mx\/wp-content\/uploads\/2024\/11\/Museo-de-la-Charreria-Traje-de-Charro-en-Gamuza-Color-Oro-Viejo-180x180.jpg 180w\" sizes=\"(max-width: 100px) 100vw, 100px\" \/><\/a><\/div><div class=\"av-magazine-content-wrap\"><header class=\"entry-content-header\" aria-label=\"Post: TRAJE DE CHARRO EN GAMUZA DE VENADO COLOR ORO VIEJO\"><time class='av-magazine-time updated'  itemprop=\"datePublished\" datetime=\"2024-11-20T12:58:42-06:00\" >2024-11-20<\/time><h3 class='av-magazine-title entry-title'  itemprop=\"headline\" ><a href='https:\/\/museodelacharreria.org.mx\/hi\/coleccion\/traje-de-charro-en-gamuza-de-venado-color-oro-viejo\/' title='Link to: TRAJE DE CHARRO EN GAMUZA DE VENADO COLOR ORO VIEJO'>TRAJE DE CHARRO EN GAMUZA DE VENADO COLOR ORO VIEJO<\/a><\/h3><\/header><\/div><footer class=\"entry-footer\"><\/footer><\/article><article class='av-magazine-entry av-magazine-entry-id-3595 av-magazine-format-standard av-magazine-type-portfolio av-magazine-entry-5 av-magazine-entry-small'  itemscope=\"itemscope\" itemtype=\"https:\/\/schema.org\/CreativeWork\" ><div class=\"av-magazine-thumbnail\"><a href='https:\/\/museodelacharreria.org.mx\/hi\/coleccion\/vestido-de-china-poblana-en-rojo\/' title='Link to: VESTIDO DE CHINA POBLANA EN  ROJO' class='av-magazine-thumbnail-link'><img decoding=\"async\" fetchpriority=\"high\" width=\"100\" height=\"100\" src=\"https:\/\/museodelacharreria.org.mx\/wp-content\/uploads\/2024\/11\/Museo-de-la-Charreria-Vestido-de-China-Poblana-Rojo-con-Mariposas-100x100.jpg\" class=\"wp-image-3724 avia-img-lazy-loading-not-3724 attachment-thumbnail size-thumbnail wp-post-image\" alt=\"Traje de China Poblana\" srcset=\"https:\/\/museodelacharreria.org.mx\/wp-content\/uploads\/2024\/11\/Museo-de-la-Charreria-Vestido-de-China-Poblana-Rojo-con-Mariposas-100x100.jpg 100w, https:\/\/museodelacharreria.org.mx\/wp-content\/uploads\/2024\/11\/Museo-de-la-Charreria-Vestido-de-China-Poblana-Rojo-con-Mariposas-36x36.jpg 36w, https:\/\/museodelacharreria.org.mx\/wp-content\/uploads\/2024\/11\/Museo-de-la-Charreria-Vestido-de-China-Poblana-Rojo-con-Mariposas-180x180.jpg 180w\" sizes=\"(max-width: 100px) 100vw, 100px\" \/><small class='avia-copyright'>Antonio Gegundez<\/small><\/a><\/div><div class=\"av-magazine-content-wrap\"><header class=\"entry-content-header\" aria-label=\"Post: VESTIDO DE CHINA POBLANA EN  ROJO\"><time class='av-magazine-time updated'  itemprop=\"datePublished\" datetime=\"2024-11-20T12:40:32-06:00\" >2024-11-20<\/time><h3 class='av-magazine-title entry-title'  itemprop=\"headline\" ><a href='https:\/\/museodelacharreria.org.mx\/hi\/coleccion\/vestido-de-china-poblana-en-rojo\/' title='Link to: VESTIDO DE CHINA POBLANA EN  ROJO'>VESTIDO DE CHINA POBLANA EN  ROJO<\/a><\/h3><\/header><\/div><footer class=\"entry-footer\"><\/footer><\/article><article class='av-magazine-entry av-magazine-entry-id-3587 av-magazine-format-standard av-magazine-type-portfolio av-magazine-entry-6 av-magazine-entry-small'  itemscope=\"itemscope\" itemtype=\"https:\/\/schema.org\/CreativeWork\" ><div class=\"av-magazine-thumbnail\"><a href='https:\/\/museodelacharreria.org.mx\/hi\/coleccion\/vestido-de-adelita-color-azul\/' title='Link to: VESTIDO DE ADELITA COLOR AZUL' class='av-magazine-thumbnail-link'><img decoding=\"async\" fetchpriority=\"high\" width=\"100\" height=\"100\" src=\"https:\/\/museodelacharreria.org.mx\/wp-content\/uploads\/2024\/11\/Museo-de-la-Charreria-Vestido-de-Adelita-Azul-100x100.jpg\" class=\"wp-image-3712 avia-img-lazy-loading-not-3712 attachment-thumbnail size-thumbnail wp-post-image\" alt=\"\" srcset=\"https:\/\/museodelacharreria.org.mx\/wp-content\/uploads\/2024\/11\/Museo-de-la-Charreria-Vestido-de-Adelita-Azul-100x100.jpg 100w, https:\/\/museodelacharreria.org.mx\/wp-content\/uploads\/2024\/11\/Museo-de-la-Charreria-Vestido-de-Adelita-Azul-36x36.jpg 36w, https:\/\/museodelacharreria.org.mx\/wp-content\/uploads\/2024\/11\/Museo-de-la-Charreria-Vestido-de-Adelita-Azul-180x180.jpg 180w\" sizes=\"(max-width: 100px) 100vw, 100px\" \/><\/a><\/div><div class=\"av-magazine-content-wrap\"><header class=\"entry-content-header\" aria-label=\"Post: VESTIDO DE ADELITA COLOR AZUL\"><time class='av-magazine-time updated'  itemprop=\"datePublished\" datetime=\"2024-11-20T12:20:27-06:00\" >2024-11-20<\/time><h3 class='av-magazine-title entry-title'  itemprop=\"headline\" ><a href='https:\/\/museodelacharreria.org.mx\/hi\/coleccion\/vestido-de-adelita-color-azul\/' title='Link to: VESTIDO DE ADELITA COLOR AZUL'>VESTIDO DE ADELITA COLOR AZUL<\/a><\/h3><\/header><\/div><footer class=\"entry-footer\"><\/footer><\/article><article class='av-magazine-entry av-magazine-entry-id-3576 av-magazine-format-standard av-magazine-type-portfolio av-magazine-entry-7 av-magazine-entry-small'  itemscope=\"itemscope\" itemtype=\"https:\/\/schema.org\/CreativeWork\" ><div class=\"av-magazine-thumbnail\"><a href='https:\/\/museodelacharreria.org.mx\/hi\/coleccion\/vestido-de-adelita-color-vino\/' title='Link to: VESTIDO DE ADELITA COLOR VINO' class='av-magazine-thumbnail-link'><img decoding=\"async\" fetchpriority=\"high\" width=\"100\" height=\"100\" src=\"https:\/\/museodelacharreria.org.mx\/wp-content\/uploads\/2024\/11\/Museo-de-la-Charreria-Vestido-de-Adelita-Color-Vino-100x100.jpg\" class=\"wp-image-3727 avia-img-lazy-loading-not-3727 attachment-thumbnail size-thumbnail wp-post-image\" alt=\"\" srcset=\"https:\/\/museodelacharreria.org.mx\/wp-content\/uploads\/2024\/11\/Museo-de-la-Charreria-Vestido-de-Adelita-Color-Vino-100x100.jpg 100w, https:\/\/museodelacharreria.org.mx\/wp-content\/uploads\/2024\/11\/Museo-de-la-Charreria-Vestido-de-Adelita-Color-Vino-36x36.jpg 36w, https:\/\/museodelacharreria.org.mx\/wp-content\/uploads\/2024\/11\/Museo-de-la-Charreria-Vestido-de-Adelita-Color-Vino-180x180.jpg 180w\" sizes=\"(max-width: 100px) 100vw, 100px\" \/><\/a><\/div><div class=\"av-magazine-content-wrap\"><header class=\"entry-content-header\" aria-label=\"Post: VESTIDO DE ADELITA COLOR VINO\"><time class='av-magazine-time updated'  itemprop=\"datePublished\" datetime=\"2024-11-20T11:51:59-06:00\" >2024-11-20<\/time><h3 class='av-magazine-title entry-title'  itemprop=\"headline\" ><a href='https:\/\/museodelacharreria.org.mx\/hi\/coleccion\/vestido-de-adelita-color-vino\/' title='Link to: VESTIDO DE ADELITA COLOR VINO'>VESTIDO DE ADELITA COLOR VINO<\/a><\/h3><\/header><\/div><footer class=\"entry-footer\"><\/footer><\/article><\/div><div class='av-magazine-group av-hidden-mag sort_6'><article class='av-magazine-entry av-magazine-entry-id-3791 av-magazine-format-standard av-magazine-type-portfolio av-magazine-entry-1 av-magazine-entry-small'  itemscope=\"itemscope\" itemtype=\"https:\/\/schema.org\/CreativeWork\" ><div class=\"av-magazine-thumbnail\"><a href='https:\/\/museodelacharreria.org.mx\/hi\/coleccion\/silla-charra-chomiteada-en-grecas\/' title='Link to: SILLA CHARRA CHOMITEADA EN GRECAS' class='av-magazine-thumbnail-link'><img decoding=\"async\" fetchpriority=\"high\" width=\"100\" height=\"100\" src=\"https:\/\/museodelacharreria.org.mx\/wp-content\/uploads\/2024\/11\/Museo-de-la-Charreria-Silla-Charra-Con-Chimite-en-Greca-100x100.jpg\" class=\"wp-image-3792 avia-img-lazy-loading-not-3792 attachment-thumbnail size-thumbnail wp-post-image\" alt=\"\" srcset=\"https:\/\/museodelacharreria.org.mx\/wp-content\/uploads\/2024\/11\/Museo-de-la-Charreria-Silla-Charra-Con-Chimite-en-Greca-100x100.jpg 100w, https:\/\/museodelacharreria.org.mx\/wp-content\/uploads\/2024\/11\/Museo-de-la-Charreria-Silla-Charra-Con-Chimite-en-Greca-36x36.jpg 36w, https:\/\/museodelacharreria.org.mx\/wp-content\/uploads\/2024\/11\/Museo-de-la-Charreria-Silla-Charra-Con-Chimite-en-Greca-180x180.jpg 180w\" sizes=\"(max-width: 100px) 100vw, 100px\" \/><\/a><\/div><div class=\"av-magazine-content-wrap\"><header class=\"entry-content-header\" aria-label=\"Post: SILLA CHARRA CHOMITEADA EN GRECAS\"><time class='av-magazine-time updated'  itemprop=\"datePublished\" datetime=\"2024-11-25T15:30:12-06:00\" >2024-11-25<\/time><h3 class='av-magazine-title entry-title'  itemprop=\"headline\" ><a href='https:\/\/museodelacharreria.org.mx\/hi\/coleccion\/silla-charra-chomiteada-en-grecas\/' title='Link to: SILLA CHARRA CHOMITEADA EN GRECAS'>SILLA CHARRA CHOMITEADA EN GRECAS<\/a><\/h3><\/header><\/div><footer class=\"entry-footer\"><\/footer><\/article><article class='av-magazine-entry av-magazine-entry-id-3882 av-magazine-format-standard av-magazine-type-portfolio av-magazine-entry-2 av-magazine-entry-small'  itemscope=\"itemscope\" itemtype=\"https:\/\/schema.org\/CreativeWork\" ><div class=\"av-magazine-thumbnail\"><a href='https:\/\/museodelacharreria.org.mx\/hi\/coleccion\/silla-charra-de-media-gala-cincelada\/' title='Link to: SILLA CHARRA DE MEDIA GALA CINCELADA' class='av-magazine-thumbnail-link'><img decoding=\"async\" fetchpriority=\"high\" width=\"100\" height=\"100\" src=\"https:\/\/museodelacharreria.org.mx\/wp-content\/uploads\/2024\/11\/MUSEO-DE-LA-CHARRERIA-SILLA-CHARRA-4-100x100.jpg\" class=\"wp-image-3889 avia-img-lazy-loading-not-3889 attachment-thumbnail size-thumbnail wp-post-image\" alt=\"\" srcset=\"https:\/\/museodelacharreria.org.mx\/wp-content\/uploads\/2024\/11\/MUSEO-DE-LA-CHARRERIA-SILLA-CHARRA-4-100x100.jpg 100w, https:\/\/museodelacharreria.org.mx\/wp-content\/uploads\/2024\/11\/MUSEO-DE-LA-CHARRERIA-SILLA-CHARRA-4-36x36.jpg 36w, https:\/\/museodelacharreria.org.mx\/wp-content\/uploads\/2024\/11\/MUSEO-DE-LA-CHARRERIA-SILLA-CHARRA-4-180x180.jpg 180w\" sizes=\"(max-width: 100px) 100vw, 100px\" \/><\/a><\/div><div class=\"av-magazine-content-wrap\"><header class=\"entry-content-header\" aria-label=\"Post: SILLA CHARRA DE MEDIA GALA CINCELADA\"><time class='av-magazine-time updated'  itemprop=\"datePublished\" datetime=\"2024-11-25T14:10:00-06:00\" >2024-11-25<\/time><h3 class='av-magazine-title entry-title'  itemprop=\"headline\" ><a href='https:\/\/museodelacharreria.org.mx\/hi\/coleccion\/silla-charra-de-media-gala-cincelada\/' title='Link to: SILLA CHARRA DE MEDIA GALA CINCELADA'>SILLA CHARRA DE MEDIA GALA CINCELADA<\/a><\/h3><\/header><\/div><footer class=\"entry-footer\"><\/footer><\/article><article class='av-magazine-entry av-magazine-entry-id-3777 av-magazine-format-standard av-magazine-type-portfolio av-magazine-entry-3 av-magazine-entry-small'  itemscope=\"itemscope\" itemtype=\"https:\/\/schema.org\/CreativeWork\" ><div class=\"av-magazine-thumbnail\"><a href='https:\/\/museodelacharreria.org.mx\/hi\/coleccion\/silla-charra-piteada\/' title='Link to: SILLA CHARRA PITEADA' class='av-magazine-thumbnail-link'><img decoding=\"async\" fetchpriority=\"high\" width=\"100\" height=\"100\" src=\"https:\/\/museodelacharreria.org.mx\/wp-content\/uploads\/2024\/11\/Museo-de-la-Charreria-Silla-Charra-de-Gala-100x100.jpg\" class=\"wp-image-3775 avia-img-lazy-loading-not-3775 attachment-thumbnail size-thumbnail wp-post-image\" alt=\"\" srcset=\"https:\/\/museodelacharreria.org.mx\/wp-content\/uploads\/2024\/11\/Museo-de-la-Charreria-Silla-Charra-de-Gala-100x100.jpg 100w, https:\/\/museodelacharreria.org.mx\/wp-content\/uploads\/2024\/11\/Museo-de-la-Charreria-Silla-Charra-de-Gala-36x36.jpg 36w, https:\/\/museodelacharreria.org.mx\/wp-content\/uploads\/2024\/11\/Museo-de-la-Charreria-Silla-Charra-de-Gala-180x180.jpg 180w\" sizes=\"(max-width: 100px) 100vw, 100px\" \/><\/a><\/div><div class=\"av-magazine-content-wrap\"><header class=\"entry-content-header\" aria-label=\"Post: SILLA CHARRA PITEADA\"><time class='av-magazine-time updated'  itemprop=\"datePublished\" datetime=\"2024-11-25T14:00:29-06:00\" >2024-11-25<\/time><h3 class='av-magazine-title entry-title'  itemprop=\"headline\" ><a href='https:\/\/museodelacharreria.org.mx\/hi\/coleccion\/silla-charra-piteada\/' title='Link to: SILLA CHARRA PITEADA'>SILLA CHARRA PITEADA<\/a><\/h3><\/header><\/div><footer class=\"entry-footer\"><\/footer><\/article><article class='av-magazine-entry av-magazine-entry-id-3750 av-magazine-format-standard av-magazine-type-portfolio av-magazine-entry-4 av-magazine-entry-small'  itemscope=\"itemscope\" itemtype=\"https:\/\/schema.org\/CreativeWork\" ><div class=\"av-magazine-thumbnail\"><a href='https:\/\/museodelacharreria.org.mx\/hi\/coleccion\/silla-charra-con-motivos-taurinos\/' title='Link to: SILLA CHARRA CON MOTIVOS TAURINOS' class='av-magazine-thumbnail-link'><img decoding=\"async\" fetchpriority=\"high\" width=\"100\" height=\"100\" src=\"https:\/\/museodelacharreria.org.mx\/wp-content\/uploads\/2024\/11\/MUSEO-DE-LA-CHARRERIA-SILLA-CHARRA-CON-MOTIVOS-TAURINOS-3-100x100.jpg\" class=\"wp-image-3753 avia-img-lazy-loading-not-3753 attachment-thumbnail size-thumbnail wp-post-image\" alt=\"\" srcset=\"https:\/\/museodelacharreria.org.mx\/wp-content\/uploads\/2024\/11\/MUSEO-DE-LA-CHARRERIA-SILLA-CHARRA-CON-MOTIVOS-TAURINOS-3-100x100.jpg 100w, https:\/\/museodelacharreria.org.mx\/wp-content\/uploads\/2024\/11\/MUSEO-DE-LA-CHARRERIA-SILLA-CHARRA-CON-MOTIVOS-TAURINOS-3-36x36.jpg 36w, https:\/\/museodelacharreria.org.mx\/wp-content\/uploads\/2024\/11\/MUSEO-DE-LA-CHARRERIA-SILLA-CHARRA-CON-MOTIVOS-TAURINOS-3-180x180.jpg 180w\" sizes=\"(max-width: 100px) 100vw, 100px\" \/><\/a><\/div><div class=\"av-magazine-content-wrap\"><header class=\"entry-content-header\" aria-label=\"Post: SILLA CHARRA CON MOTIVOS TAURINOS\"><time class='av-magazine-time updated'  itemprop=\"datePublished\" datetime=\"2024-11-25T11:02:41-06:00\" >2024-11-25<\/time><h3 class='av-magazine-title entry-title'  itemprop=\"headline\" ><a href='https:\/\/museodelacharreria.org.mx\/hi\/coleccion\/silla-charra-con-motivos-taurinos\/' title='Link to: SILLA CHARRA CON MOTIVOS TAURINOS'>SILLA CHARRA CON MOTIVOS TAURINOS<\/a><\/h3><\/header><\/div><footer class=\"entry-footer\"><\/footer><\/article><article class='av-magazine-entry av-magazine-entry-id-3806 av-magazine-format-standard av-magazine-type-portfolio av-magazine-entry-5 av-magazine-entry-small'  itemscope=\"itemscope\" itemtype=\"https:\/\/schema.org\/CreativeWork\" ><div class=\"av-magazine-thumbnail\"><a href='https:\/\/museodelacharreria.org.mx\/hi\/coleccion\/silla-charra-piteada-cincelada-y-encorrillada\/' title='Link to: SILLA CHARRA PITEADA, CINCELADA Y ENCORRILLADA' class='av-magazine-thumbnail-link'><img decoding=\"async\" fetchpriority=\"high\" width=\"100\" height=\"100\" src=\"https:\/\/museodelacharreria.org.mx\/wp-content\/uploads\/2024\/11\/MUSEO-DE-LA-CHARRERIA-SILLA-CHARRA-PITEADA-CINCELADA-Y-ENCORRILLADA--100x100.jpg\" class=\"wp-image-3799 avia-img-lazy-loading-not-3799 attachment-thumbnail size-thumbnail wp-post-image\" alt=\"\" srcset=\"https:\/\/museodelacharreria.org.mx\/wp-content\/uploads\/2024\/11\/MUSEO-DE-LA-CHARRERIA-SILLA-CHARRA-PITEADA-CINCELADA-Y-ENCORRILLADA--100x100.jpg 100w, https:\/\/museodelacharreria.org.mx\/wp-content\/uploads\/2024\/11\/MUSEO-DE-LA-CHARRERIA-SILLA-CHARRA-PITEADA-CINCELADA-Y-ENCORRILLADA--36x36.jpg 36w, https:\/\/museodelacharreria.org.mx\/wp-content\/uploads\/2024\/11\/MUSEO-DE-LA-CHARRERIA-SILLA-CHARRA-PITEADA-CINCELADA-Y-ENCORRILLADA--180x180.jpg 180w\" sizes=\"(max-width: 100px) 100vw, 100px\" \/><\/a><\/div><div class=\"av-magazine-content-wrap\"><header class=\"entry-content-header\" aria-label=\"Post: SILLA CHARRA PITEADA, CINCELADA Y ENCORRILLADA\"><time class='av-magazine-time updated'  itemprop=\"datePublished\" datetime=\"2024-11-23T13:35:49-06:00\" >2024-11-23<\/time><h3 class='av-magazine-title entry-title'  itemprop=\"headline\" ><a href='https:\/\/museodelacharreria.org.mx\/hi\/coleccion\/silla-charra-piteada-cincelada-y-encorrillada\/' title='Link to: SILLA CHARRA PITEADA, CINCELADA Y ENCORRILLADA'>SILLA CHARRA PITEADA, CINCELADA Y ENCORRILLADA<\/a><\/h3><\/header><\/div><footer class=\"entry-footer\"><\/footer><\/article><article class='av-magazine-entry av-magazine-entry-id-3763 av-magazine-format-standard av-magazine-type-portfolio av-magazine-entry-6 av-magazine-entry-small'  itemscope=\"itemscope\" itemtype=\"https:\/\/schema.org\/CreativeWork\" ><div class=\"av-magazine-thumbnail\"><a href='https:\/\/museodelacharreria.org.mx\/hi\/coleccion\/silla-charra-de-gran-gala-bordada-con-hilo-de-plata\/' title='Link to: SILLA CHARRA DE GRAN GALA BORDADA CON HILO DE PLATA' class='av-magazine-thumbnail-link'><img decoding=\"async\" fetchpriority=\"high\" width=\"100\" height=\"100\" src=\"https:\/\/museodelacharreria.org.mx\/wp-content\/uploads\/2024\/11\/MUSEO-DE-LA-CHARRERIA-SILLA-CHARRA-DE-GRAN-GALA-BORDADA-EN-HILO-DE-PLATA-Y-ORO-1929-100x100.jpg\" class=\"wp-image-3766 avia-img-lazy-loading-not-3766 attachment-thumbnail size-thumbnail wp-post-image\" alt=\"\" srcset=\"https:\/\/museodelacharreria.org.mx\/wp-content\/uploads\/2024\/11\/MUSEO-DE-LA-CHARRERIA-SILLA-CHARRA-DE-GRAN-GALA-BORDADA-EN-HILO-DE-PLATA-Y-ORO-1929-100x100.jpg 100w, https:\/\/museodelacharreria.org.mx\/wp-content\/uploads\/2024\/11\/MUSEO-DE-LA-CHARRERIA-SILLA-CHARRA-DE-GRAN-GALA-BORDADA-EN-HILO-DE-PLATA-Y-ORO-1929-36x36.jpg 36w, https:\/\/museodelacharreria.org.mx\/wp-content\/uploads\/2024\/11\/MUSEO-DE-LA-CHARRERIA-SILLA-CHARRA-DE-GRAN-GALA-BORDADA-EN-HILO-DE-PLATA-Y-ORO-1929-180x180.jpg 180w\" sizes=\"(max-width: 100px) 100vw, 100px\" \/><\/a><\/div><div class=\"av-magazine-content-wrap\"><header class=\"entry-content-header\" aria-label=\"Post: SILLA CHARRA DE GRAN GALA BORDADA CON HILO DE PLATA\"><time class='av-magazine-time updated'  itemprop=\"datePublished\" datetime=\"2024-11-22T12:39:40-06:00\" >2024-11-22<\/time><h3 class='av-magazine-title entry-title'  itemprop=\"headline\" ><a href='https:\/\/museodelacharreria.org.mx\/hi\/coleccion\/silla-charra-de-gran-gala-bordada-con-hilo-de-plata\/' title='Link to: SILLA CHARRA DE GRAN GALA BORDADA CON HILO DE PLATA'>SILLA CHARRA DE GRAN GALA BORDADA CON HILO DE PLATA<\/a><\/h3><\/header><\/div><footer class=\"entry-footer\"><\/footer><\/article><article class='av-magazine-entry av-magazine-entry-id-3741 av-magazine-format-standard av-magazine-type-portfolio av-magazine-entry-7 av-magazine-entry-small'  itemscope=\"itemscope\" itemtype=\"https:\/\/schema.org\/CreativeWork\" ><div class=\"av-magazine-thumbnail\"><a href='https:\/\/museodelacharreria.org.mx\/hi\/coleccion\/silla-charra-con-chomite-y-encorrillado\/' title='Link to: SILLA CHARRA CON CHOMITE Y ENCORRILLADO' class='av-magazine-thumbnail-link'><img decoding=\"async\" fetchpriority=\"high\" width=\"100\" height=\"100\" src=\"https:\/\/museodelacharreria.org.mx\/wp-content\/uploads\/2024\/11\/Museo-de-la-Charreria-Silla-Charra-Con-Chimite-y-Encorrillado-100x100.jpg\" class=\"wp-image-3742 avia-img-lazy-loading-not-3742 attachment-thumbnail size-thumbnail wp-post-image\" alt=\"SILLA CHARRA CON CHOMITE Y ENCORRILLADO\" srcset=\"https:\/\/museodelacharreria.org.mx\/wp-content\/uploads\/2024\/11\/Museo-de-la-Charreria-Silla-Charra-Con-Chimite-y-Encorrillado-100x100.jpg 100w, https:\/\/museodelacharreria.org.mx\/wp-content\/uploads\/2024\/11\/Museo-de-la-Charreria-Silla-Charra-Con-Chimite-y-Encorrillado-36x36.jpg 36w, https:\/\/museodelacharreria.org.mx\/wp-content\/uploads\/2024\/11\/Museo-de-la-Charreria-Silla-Charra-Con-Chimite-y-Encorrillado-180x180.jpg 180w\" sizes=\"(max-width: 100px) 100vw, 100px\" \/><\/a><\/div><div class=\"av-magazine-content-wrap\"><header class=\"entry-content-header\" aria-label=\"Post: SILLA CHARRA CON CHOMITE Y ENCORRILLADO\"><time class='av-magazine-time updated'  itemprop=\"datePublished\" datetime=\"2024-11-21T14:04:47-06:00\" >2024-11-21<\/time><h3 class='av-magazine-title entry-title'  itemprop=\"headline\" ><a href='https:\/\/museodelacharreria.org.mx\/hi\/coleccion\/silla-charra-con-chomite-y-encorrillado\/' title='Link to: SILLA CHARRA CON CHOMITE Y ENCORRILLADO'>SILLA CHARRA CON CHOMITE Y ENCORRILLADO<\/a><\/h3><\/header><\/div><footer class=\"entry-footer\"><\/footer><\/article><\/div><div class='av-magazine-group av-hidden-mag sort_13'><article class='av-magazine-entry av-magazine-entry-id-3055 av-magazine-format-standard av-magazine-type-portfolio av-magazine-entry-1 av-magazine-entry-small'  itemscope=\"itemscope\" itemtype=\"https:\/\/schema.org\/CreativeWork\" ><div class=\"av-magazine-thumbnail\"><a href='https:\/\/museodelacharreria.org.mx\/hi\/coleccion\/heladio-velarde\/' title='Link to: COLECCI\u00d3N HELADIO VELARDE' class='av-magazine-thumbnail-link'><img decoding=\"async\" fetchpriority=\"high\" width=\"100\" height=\"100\" src=\"https:\/\/museodelacharreria.org.mx\/wp-content\/uploads\/2024\/06\/MUSEO-DE-LA-CHARRERIA-PINTURA-LITOGRAFIA-HELADIO-VELARDE-1-100x100.jpg\" class=\"wp-image-3056 avia-img-lazy-loading-not-3056 attachment-thumbnail size-thumbnail wp-post-image\" alt=\"\" srcset=\"https:\/\/museodelacharreria.org.mx\/wp-content\/uploads\/2024\/06\/MUSEO-DE-LA-CHARRERIA-PINTURA-LITOGRAFIA-HELADIO-VELARDE-1-100x100.jpg 100w, https:\/\/museodelacharreria.org.mx\/wp-content\/uploads\/2024\/06\/MUSEO-DE-LA-CHARRERIA-PINTURA-LITOGRAFIA-HELADIO-VELARDE-1-36x36.jpg 36w, https:\/\/museodelacharreria.org.mx\/wp-content\/uploads\/2024\/06\/MUSEO-DE-LA-CHARRERIA-PINTURA-LITOGRAFIA-HELADIO-VELARDE-1-180x180.jpg 180w\" sizes=\"(max-width: 100px) 100vw, 100px\" \/><\/a><\/div><div class=\"av-magazine-content-wrap\"><header class=\"entry-content-header\" aria-label=\"Post: COLECCI\u00d3N HELADIO VELARDE\"><time class='av-magazine-time updated'  itemprop=\"datePublished\" datetime=\"2024-06-21T02:07:53-06:00\" >2024-06-21<\/time><h3 class='av-magazine-title entry-title'  itemprop=\"headline\" ><a href='https:\/\/museodelacharreria.org.mx\/hi\/coleccion\/heladio-velarde\/' title='Link to: COLECCI\u00d3N HELADIO VELARDE'>COLECCI\u00d3N HELADIO VELARDE<\/a><\/h3><\/header><\/div><footer class=\"entry-footer\"><\/footer><\/article><article class='av-magazine-entry av-magazine-entry-id-3035 av-magazine-format-standard av-magazine-type-portfolio av-magazine-entry-2 av-magazine-entry-small'  itemscope=\"itemscope\" itemtype=\"https:\/\/schema.org\/CreativeWork\" ><div class=\"av-magazine-thumbnail\"><a href='https:\/\/museodelacharreria.org.mx\/hi\/coleccion\/ernesto-icaza\/' title='Link to: COLECCI\u00d3N ERNESTO ICAZA' class='av-magazine-thumbnail-link'><img decoding=\"async\" fetchpriority=\"high\" width=\"100\" height=\"100\" src=\"https:\/\/museodelacharreria.org.mx\/wp-content\/uploads\/2024\/06\/MUSEO-DE-LA-CHARRERIA-PINTURA-LITOGRAFIA-ERNESTO-ICAZA-4-1-100x100.jpg\" class=\"wp-image-3043 avia-img-lazy-loading-not-3043 attachment-thumbnail size-thumbnail wp-post-image\" alt=\"\" srcset=\"https:\/\/museodelacharreria.org.mx\/wp-content\/uploads\/2024\/06\/MUSEO-DE-LA-CHARRERIA-PINTURA-LITOGRAFIA-ERNESTO-ICAZA-4-1-100x100.jpg 100w, https:\/\/museodelacharreria.org.mx\/wp-content\/uploads\/2024\/06\/MUSEO-DE-LA-CHARRERIA-PINTURA-LITOGRAFIA-ERNESTO-ICAZA-4-1-36x36.jpg 36w, https:\/\/museodelacharreria.org.mx\/wp-content\/uploads\/2024\/06\/MUSEO-DE-LA-CHARRERIA-PINTURA-LITOGRAFIA-ERNESTO-ICAZA-4-1-180x180.jpg 180w\" sizes=\"(max-width: 100px) 100vw, 100px\" \/><\/a><\/div><div class=\"av-magazine-content-wrap\"><header class=\"entry-content-header\" aria-label=\"Post: COLECCI\u00d3N ERNESTO ICAZA\"><time class='av-magazine-time updated'  itemprop=\"datePublished\" datetime=\"2024-06-21T01:14:48-06:00\" >2024-06-21<\/time><h3 class='av-magazine-title entry-title'  itemprop=\"headline\" ><a href='https:\/\/museodelacharreria.org.mx\/hi\/coleccion\/ernesto-icaza\/' title='Link to: COLECCI\u00d3N ERNESTO ICAZA'>COLECCI\u00d3N ERNESTO ICAZA<\/a><\/h3><\/header><\/div><footer class=\"entry-footer\"><\/footer><\/article><article class='av-magazine-entry av-magazine-entry-id-3001 av-magazine-format-standard av-magazine-type-portfolio av-magazine-entry-3 av-magazine-entry-small'  itemscope=\"itemscope\" itemtype=\"https:\/\/schema.org\/CreativeWork\" ><div class=\"av-magazine-thumbnail\"><a href='https:\/\/museodelacharreria.org.mx\/hi\/coleccion\/alfredo-avila-sigler\/' title='Link to: COLECCI\u00d3N ALFREDO \u00c1VILA SIGLER' class='av-magazine-thumbnail-link'><img decoding=\"async\" fetchpriority=\"high\" width=\"100\" height=\"100\" src=\"https:\/\/museodelacharreria.org.mx\/wp-content\/uploads\/2024\/06\/MUSEO-DE-LA-CHARRERIA-PINTURA-TINTA-AVILA-SIGLER--100x100.jpg\" class=\"wp-image-3007 avia-img-lazy-loading-not-3007 attachment-thumbnail size-thumbnail wp-post-image\" alt=\"\" srcset=\"https:\/\/museodelacharreria.org.mx\/wp-content\/uploads\/2024\/06\/MUSEO-DE-LA-CHARRERIA-PINTURA-TINTA-AVILA-SIGLER--100x100.jpg 100w, https:\/\/museodelacharreria.org.mx\/wp-content\/uploads\/2024\/06\/MUSEO-DE-LA-CHARRERIA-PINTURA-TINTA-AVILA-SIGLER--36x36.jpg 36w, https:\/\/museodelacharreria.org.mx\/wp-content\/uploads\/2024\/06\/MUSEO-DE-LA-CHARRERIA-PINTURA-TINTA-AVILA-SIGLER--180x180.jpg 180w\" sizes=\"(max-width: 100px) 100vw, 100px\" \/><\/a><\/div><div class=\"av-magazine-content-wrap\"><header class=\"entry-content-header\" aria-label=\"Post: COLECCI\u00d3N ALFREDO \u00c1VILA SIGLER\"><time class='av-magazine-time updated'  itemprop=\"datePublished\" datetime=\"2024-06-20T19:44:01-06:00\" >2024-06-20<\/time><h3 class='av-magazine-title entry-title'  itemprop=\"headline\" ><a href='https:\/\/museodelacharreria.org.mx\/hi\/coleccion\/alfredo-avila-sigler\/' title='Link to: COLECCI\u00d3N ALFREDO \u00c1VILA SIGLER'>COLECCI\u00d3N ALFREDO \u00c1VILA SIGLER<\/a><\/h3><\/header><\/div><footer class=\"entry-footer\"><\/footer><\/article><article class='av-magazine-entry av-magazine-entry-id-2970 av-magazine-format-standard av-magazine-type-portfolio av-magazine-entry-4 av-magazine-entry-small'  itemscope=\"itemscope\" itemtype=\"https:\/\/schema.org\/CreativeWork\" ><div class=\"av-magazine-thumbnail\"><a href='https:\/\/museodelacharreria.org.mx\/hi\/coleccion\/jose-albarran-pliego\/' title='Link to: COLECCI\u00d3N JOS\u00c9 ALBARR\u00c1N PLIEGO' class='av-magazine-thumbnail-link'><img decoding=\"async\" fetchpriority=\"high\" width=\"100\" height=\"100\" src=\"https:\/\/museodelacharreria.org.mx\/wp-content\/uploads\/2024\/06\/MUSEO-DE-LA-CHARRERIA-PINTURA-ACUARELA-JOSE-ALBARRAN-PLIEGO-11-LANCEROS-CHINACOS-100x100.jpg\" class=\"wp-image-2922 avia-img-lazy-loading-not-2922 attachment-thumbnail size-thumbnail wp-post-image\" alt=\"JOS\u00c9 ALBARR\u00c1N PLIEGO\" srcset=\"https:\/\/museodelacharreria.org.mx\/wp-content\/uploads\/2024\/06\/MUSEO-DE-LA-CHARRERIA-PINTURA-ACUARELA-JOSE-ALBARRAN-PLIEGO-11-LANCEROS-CHINACOS-100x100.jpg 100w, https:\/\/museodelacharreria.org.mx\/wp-content\/uploads\/2024\/06\/MUSEO-DE-LA-CHARRERIA-PINTURA-ACUARELA-JOSE-ALBARRAN-PLIEGO-11-LANCEROS-CHINACOS-36x36.jpg 36w, https:\/\/museodelacharreria.org.mx\/wp-content\/uploads\/2024\/06\/MUSEO-DE-LA-CHARRERIA-PINTURA-ACUARELA-JOSE-ALBARRAN-PLIEGO-11-LANCEROS-CHINACOS-180x180.jpg 180w\" sizes=\"(max-width: 100px) 100vw, 100px\" \/><\/a><\/div><div class=\"av-magazine-content-wrap\"><header class=\"entry-content-header\" aria-label=\"Post: COLECCI\u00d3N JOS\u00c9 ALBARR\u00c1N PLIEGO\"><time class='av-magazine-time updated'  itemprop=\"datePublished\" datetime=\"2024-06-20T18:22:10-06:00\" >2024-06-20<\/time><h3 class='av-magazine-title entry-title'  itemprop=\"headline\" ><a href='https:\/\/museodelacharreria.org.mx\/hi\/coleccion\/jose-albarran-pliego\/' title='Link to: COLECCI\u00d3N JOS\u00c9 ALBARR\u00c1N PLIEGO'>COLECCI\u00d3N JOS\u00c9 ALBARR\u00c1N PLIEGO<\/a><\/h3><\/header><\/div><footer class=\"entry-footer\"><\/footer><\/article><\/div><div class='av-magazine-group av-hidden-mag sort_45'><article class='av-magazine-entry av-magazine-entry-id-598 av-magazine-format-standard av-magazine-type-portfolio av-magazine-entry-1 av-magazine-entry-small'  itemscope=\"itemscope\" itemtype=\"https:\/\/schema.org\/CreativeWork\" ><div class=\"av-magazine-thumbnail\"><a href='https:\/\/museodelacharreria.org.mx\/hi\/coleccion\/plato-damasquinado-en-oro\/' title='Link to: PLATO DAMASQUINADO EN ORO' class='av-magazine-thumbnail-link'><img decoding=\"async\" fetchpriority=\"high\" width=\"80\" height=\"80\" src=\"https:\/\/museodelacharreria.org.mx\/wp-content\/uploads\/2023\/09\/Museo-de-la-Charreria-CDMX-Reconocimiento--80x80.jpg\" class=\"wp-image-599 avia-img-lazy-loading-not-599 attachment-thumbnail size-thumbnail wp-post-image\" alt=\"Plato Damasquinado en Oro Obsequio de la Corona Espa\u00f1ola\" srcset=\"https:\/\/museodelacharreria.org.mx\/wp-content\/uploads\/2023\/09\/Museo-de-la-Charreria-CDMX-Reconocimiento--80x80.jpg 80w, https:\/\/museodelacharreria.org.mx\/wp-content\/uploads\/2023\/09\/Museo-de-la-Charreria-CDMX-Reconocimiento--36x36.jpg 36w, https:\/\/museodelacharreria.org.mx\/wp-content\/uploads\/2023\/09\/Museo-de-la-Charreria-CDMX-Reconocimiento--180x180.jpg 180w\" sizes=\"(max-width: 80px) 100vw, 80px\" \/><\/a><\/div><div class=\"av-magazine-content-wrap\"><header class=\"entry-content-header\" aria-label=\"Post: PLATO DAMASQUINADO EN ORO\"><time class='av-magazine-time updated'  itemprop=\"datePublished\" datetime=\"2023-12-28T02:45:32-06:00\" >2023-12-28<\/time><h3 class='av-magazine-title entry-title'  itemprop=\"headline\" ><a href='https:\/\/museodelacharreria.org.mx\/hi\/coleccion\/plato-damasquinado-en-oro\/' title='Link to: PLATO DAMASQUINADO EN ORO'>PLATO DAMASQUINADO EN ORO<\/a><\/h3><\/header><\/div><footer class=\"entry-footer\"><\/footer><\/article><article class='av-magazine-entry av-magazine-entry-id-3941 av-magazine-format-standard av-magazine-type-portfolio av-magazine-entry-2 av-magazine-entry-small'  itemscope=\"itemscope\" itemtype=\"https:\/\/schema.org\/CreativeWork\" ><div class=\"av-magazine-thumbnail\"><a href='https:\/\/museodelacharreria.org.mx\/hi\/coleccion\/placa-conmemorativa-otorgada-por-ejercito-espanol\/' title='Link to: PLACA CONMEMORATIVA OTORGADA POR EL EJ\u00c9RCITO ESPA\u00d1OL' class='av-magazine-thumbnail-link'><img decoding=\"async\" fetchpriority=\"high\" width=\"100\" height=\"100\" src=\"https:\/\/museodelacharreria.org.mx\/wp-content\/uploads\/2023\/09\/Museo-de-la-Charreria-CDMX-Reconocimientos-Espana--100x100.jpg\" class=\"wp-image-1314 avia-img-lazy-loading-not-1314 attachment-thumbnail size-thumbnail wp-post-image\" alt=\"\" srcset=\"https:\/\/museodelacharreria.org.mx\/wp-content\/uploads\/2023\/09\/Museo-de-la-Charreria-CDMX-Reconocimientos-Espana--100x100.jpg 100w, https:\/\/museodelacharreria.org.mx\/wp-content\/uploads\/2023\/09\/Museo-de-la-Charreria-CDMX-Reconocimientos-Espana--36x36.jpg 36w, https:\/\/museodelacharreria.org.mx\/wp-content\/uploads\/2023\/09\/Museo-de-la-Charreria-CDMX-Reconocimientos-Espana--180x180.jpg 180w\" sizes=\"(max-width: 100px) 100vw, 100px\" \/><\/a><\/div><div class=\"av-magazine-content-wrap\"><header class=\"entry-content-header\" aria-label=\"Post: PLACA CONMEMORATIVA OTORGADA POR EL EJ\u00c9RCITO ESPA\u00d1OL\"><time class='av-magazine-time updated'  itemprop=\"datePublished\" datetime=\"2023-11-25T18:56:44-06:00\" >2023-11-25<\/time><h3 class='av-magazine-title entry-title'  itemprop=\"headline\" ><a href='https:\/\/museodelacharreria.org.mx\/hi\/coleccion\/placa-conmemorativa-otorgada-por-ejercito-espanol\/' title='Link to: PLACA CONMEMORATIVA OTORGADA POR EL EJ\u00c9RCITO ESPA\u00d1OL'>PLACA CONMEMORATIVA OTORGADA POR EL EJ\u00c9RCITO ESPA\u00d1OL<\/a><\/h3><\/header><\/div><footer class=\"entry-footer\"><\/footer><\/article><article class='av-magazine-entry av-magazine-entry-id-1651 av-magazine-format-standard av-magazine-type-portfolio av-magazine-entry-3 av-magazine-entry-small'  itemscope=\"itemscope\" itemtype=\"https:\/\/schema.org\/CreativeWork\" ><div class=\"av-magazine-thumbnail\"><a href='https:\/\/museodelacharreria.org.mx\/hi\/coleccion\/escudo-de-armas-de-barcelona\/' title='Link to: ESCUDO DE ARMAS DE BARCELONA' class='av-magazine-thumbnail-link'><img decoding=\"async\" fetchpriority=\"high\" width=\"100\" height=\"100\" src=\"https:\/\/museodelacharreria.org.mx\/wp-content\/uploads\/2023\/09\/Museo-de-la-Charreria-Escudo-de-la-Provincia-de-Barcelona-1-1-100x100.jpg\" class=\"wp-image-1653 avia-img-lazy-loading-not-1653 attachment-thumbnail size-thumbnail wp-post-image\" alt=\"\" srcset=\"https:\/\/museodelacharreria.org.mx\/wp-content\/uploads\/2023\/09\/Museo-de-la-Charreria-Escudo-de-la-Provincia-de-Barcelona-1-1-100x100.jpg 100w, https:\/\/museodelacharreria.org.mx\/wp-content\/uploads\/2023\/09\/Museo-de-la-Charreria-Escudo-de-la-Provincia-de-Barcelona-1-1-36x36.jpg 36w, https:\/\/museodelacharreria.org.mx\/wp-content\/uploads\/2023\/09\/Museo-de-la-Charreria-Escudo-de-la-Provincia-de-Barcelona-1-1-180x180.jpg 180w\" sizes=\"(max-width: 100px) 100vw, 100px\" \/><\/a><\/div><div class=\"av-magazine-content-wrap\"><header class=\"entry-content-header\" aria-label=\"Post: ESCUDO DE ARMAS DE BARCELONA\"><time class='av-magazine-time updated'  itemprop=\"datePublished\" datetime=\"2023-09-29T23:33:46-06:00\" >2023-09-29<\/time><h3 class='av-magazine-title entry-title'  itemprop=\"headline\" ><a href='https:\/\/museodelacharreria.org.mx\/hi\/coleccion\/escudo-de-armas-de-barcelona\/' title='Link to: ESCUDO DE ARMAS DE BARCELONA'>ESCUDO DE ARMAS DE BARCELONA<\/a><\/h3><\/header><\/div><footer class=\"entry-footer\"><\/footer><\/article><article class='av-magazine-entry av-magazine-entry-id-1317 av-magazine-format-standard av-magazine-type-portfolio av-magazine-entry-4 av-magazine-entry-small'  itemscope=\"itemscope\" itemtype=\"https:\/\/schema.org\/CreativeWork\" ><div class=\"av-magazine-thumbnail\"><a href='https:\/\/museodelacharreria.org.mx\/hi\/coleccion\/escudo-de-armas-de-zaragoza\/' title='Link to: ESCUDO DE ARMAS DEL EXCELENT\u00cdSIMO AYUNTAMIENTO DE ZARAGOZA' class='av-magazine-thumbnail-link'><img decoding=\"async\" fetchpriority=\"high\" width=\"100\" height=\"100\" src=\"https:\/\/museodelacharreria.org.mx\/wp-content\/uploads\/2023\/09\/Museo-de-la-Charreria-CDMX-Reconocimientos-Espana-Zaragoza-2-100x100.jpg\" class=\"wp-image-1311 avia-img-lazy-loading-not-1311 attachment-thumbnail size-thumbnail wp-post-image\" alt=\"\" srcset=\"https:\/\/museodelacharreria.org.mx\/wp-content\/uploads\/2023\/09\/Museo-de-la-Charreria-CDMX-Reconocimientos-Espana-Zaragoza-2-100x100.jpg 100w, https:\/\/museodelacharreria.org.mx\/wp-content\/uploads\/2023\/09\/Museo-de-la-Charreria-CDMX-Reconocimientos-Espana-Zaragoza-2-36x36.jpg 36w, https:\/\/museodelacharreria.org.mx\/wp-content\/uploads\/2023\/09\/Museo-de-la-Charreria-CDMX-Reconocimientos-Espana-Zaragoza-2-180x180.jpg 180w\" sizes=\"(max-width: 100px) 100vw, 100px\" \/><\/a><\/div><div class=\"av-magazine-content-wrap\"><header class=\"entry-content-header\" aria-label=\"Post: ESCUDO DE ARMAS DEL EXCELENT\u00cdSIMO AYUNTAMIENTO DE ZARAGOZA\"><time class='av-magazine-time updated'  itemprop=\"datePublished\" datetime=\"2023-09-28T16:27:40-06:00\" >2023-09-28<\/time><h3 class='av-magazine-title entry-title'  itemprop=\"headline\" ><a href='https:\/\/museodelacharreria.org.mx\/hi\/coleccion\/escudo-de-armas-de-zaragoza\/' title='Link to: ESCUDO DE ARMAS DEL EXCELENT\u00cdSIMO AYUNTAMIENTO DE ZARAGOZA'>ESCUDO DE ARMAS DEL EXCELENT\u00cdSIMO AYUNTAMIENTO DE ZARAGOZA<\/a><\/h3><\/header><\/div><footer class=\"entry-footer\"><\/footer><\/article><article class='av-magazine-entry av-magazine-entry-id-1309 av-magazine-format-standard av-magazine-type-portfolio av-magazine-entry-5 av-magazine-entry-small'  itemscope=\"itemscope\" itemtype=\"https:\/\/schema.org\/CreativeWork\" ><div class=\"av-magazine-thumbnail\"><a href='https:\/\/museodelacharreria.org.mx\/hi\/coleccion\/la-llave-de-la-ciudad-de-madrid\/' title='Link to: LA LLAVE DE LA CIUDAD DE MADRID' class='av-magazine-thumbnail-link'><img decoding=\"async\" fetchpriority=\"high\" width=\"100\" height=\"100\" src=\"https:\/\/museodelacharreria.org.mx\/wp-content\/uploads\/2023\/09\/Museo-de-la-Charreria-CDMX-Reconocimientos-Espana-Madrid--100x100.jpg\" class=\"wp-image-1310 avia-img-lazy-loading-not-1310 attachment-thumbnail size-thumbnail wp-post-image\" alt=\"\" srcset=\"https:\/\/museodelacharreria.org.mx\/wp-content\/uploads\/2023\/09\/Museo-de-la-Charreria-CDMX-Reconocimientos-Espana-Madrid--100x100.jpg 100w, https:\/\/museodelacharreria.org.mx\/wp-content\/uploads\/2023\/09\/Museo-de-la-Charreria-CDMX-Reconocimientos-Espana-Madrid--36x36.jpg 36w, https:\/\/museodelacharreria.org.mx\/wp-content\/uploads\/2023\/09\/Museo-de-la-Charreria-CDMX-Reconocimientos-Espana-Madrid--180x180.jpg 180w\" sizes=\"(max-width: 100px) 100vw, 100px\" \/><\/a><\/div><div class=\"av-magazine-content-wrap\"><header class=\"entry-content-header\" aria-label=\"Post: LA LLAVE DE LA CIUDAD DE MADRID\"><time class='av-magazine-time updated'  itemprop=\"datePublished\" datetime=\"2023-09-28T16:21:18-06:00\" >2023-09-28<\/time><h3 class='av-magazine-title entry-title'  itemprop=\"headline\" ><a href='https:\/\/museodelacharreria.org.mx\/hi\/coleccion\/la-llave-de-la-ciudad-de-madrid\/' title='Link to: LA LLAVE DE LA CIUDAD DE MADRID'>LA LLAVE DE LA CIUDAD DE MADRID<\/a><\/h3><\/header><\/div><footer class=\"entry-footer\"><\/footer><\/article><\/div><div class='av-magazine-group av-hidden-mag sort_40'><article class='av-magazine-entry av-magazine-entry-id-2401 av-magazine-format-standard av-magazine-type-portfolio av-magazine-entry-1 av-magazine-entry-small'  itemscope=\"itemscope\" itemtype=\"https:\/\/schema.org\/CreativeWork\" ><div class=\"av-magazine-thumbnail\"><a href='https:\/\/museodelacharreria.org.mx\/hi\/coleccion\/sombrero-con-bordado-de-rosas\/' title='Link to: SOMBRERO CON BORDADO DE ROSAS' class='av-magazine-thumbnail-link'><img decoding=\"async\" fetchpriority=\"high\" width=\"100\" height=\"100\" src=\"https:\/\/museodelacharreria.org.mx\/wp-content\/uploads\/2023\/11\/Museo-de-la-Charreria-Sombrero-0155-100x100.jpg\" class=\"wp-image-2396 avia-img-lazy-loading-not-2396 attachment-thumbnail size-thumbnail wp-post-image\" alt=\"\" srcset=\"https:\/\/museodelacharreria.org.mx\/wp-content\/uploads\/2023\/11\/Museo-de-la-Charreria-Sombrero-0155-100x100.jpg 100w, https:\/\/museodelacharreria.org.mx\/wp-content\/uploads\/2023\/11\/Museo-de-la-Charreria-Sombrero-0155-36x36.jpg 36w, https:\/\/museodelacharreria.org.mx\/wp-content\/uploads\/2023\/11\/Museo-de-la-Charreria-Sombrero-0155-180x180.jpg 180w\" sizes=\"(max-width: 100px) 100vw, 100px\" \/><\/a><\/div><div class=\"av-magazine-content-wrap\"><header class=\"entry-content-header\" aria-label=\"Post: SOMBRERO CON BORDADO DE ROSAS\"><time class='av-magazine-time updated'  itemprop=\"datePublished\" datetime=\"2023-12-29T19:12:21-06:00\" >2023-12-29<\/time><h3 class='av-magazine-title entry-title'  itemprop=\"headline\" ><a href='https:\/\/museodelacharreria.org.mx\/hi\/coleccion\/sombrero-con-bordado-de-rosas\/' title='Link to: SOMBRERO CON BORDADO DE ROSAS'>SOMBRERO CON BORDADO DE ROSAS<\/a><\/h3><\/header><\/div><footer class=\"entry-footer\"><\/footer><\/article><article class='av-magazine-entry av-magazine-entry-id-2435 av-magazine-format-standard av-magazine-type-portfolio av-magazine-entry-2 av-magazine-entry-small'  itemscope=\"itemscope\" itemtype=\"https:\/\/schema.org\/CreativeWork\" ><div class=\"av-magazine-thumbnail\"><a href='https:\/\/museodelacharreria.org.mx\/hi\/coleccion\/sombrero-de-charro-para-nino\/' title='Link to: SOMBRERO DE CHARRO PARA NI\u00d1O' class='av-magazine-thumbnail-link'><img decoding=\"async\" fetchpriority=\"high\" width=\"100\" height=\"100\" src=\"https:\/\/museodelacharreria.org.mx\/wp-content\/uploads\/2023\/11\/Museo-de-la-Charreria-Sombrero-de-Charro-0022-100x100.jpg\" class=\"wp-image-2420 avia-img-lazy-loading-not-2420 attachment-thumbnail size-thumbnail wp-post-image\" alt=\"\" srcset=\"https:\/\/museodelacharreria.org.mx\/wp-content\/uploads\/2023\/11\/Museo-de-la-Charreria-Sombrero-de-Charro-0022-100x100.jpg 100w, https:\/\/museodelacharreria.org.mx\/wp-content\/uploads\/2023\/11\/Museo-de-la-Charreria-Sombrero-de-Charro-0022-36x36.jpg 36w, https:\/\/museodelacharreria.org.mx\/wp-content\/uploads\/2023\/11\/Museo-de-la-Charreria-Sombrero-de-Charro-0022-180x180.jpg 180w\" sizes=\"(max-width: 100px) 100vw, 100px\" \/><\/a><\/div><div class=\"av-magazine-content-wrap\"><header class=\"entry-content-header\" aria-label=\"Post: SOMBRERO DE CHARRO PARA NI\u00d1O\"><time class='av-magazine-time updated'  itemprop=\"datePublished\" datetime=\"2023-11-13T23:36:14-06:00\" >2023-11-13<\/time><h3 class='av-magazine-title entry-title'  itemprop=\"headline\" ><a href='https:\/\/museodelacharreria.org.mx\/hi\/coleccion\/sombrero-de-charro-para-nino\/' title='Link to: SOMBRERO DE CHARRO PARA NI\u00d1O'>SOMBRERO DE CHARRO PARA NI\u00d1O<\/a><\/h3><\/header><\/div><footer class=\"entry-footer\"><\/footer><\/article><article class='av-magazine-entry av-magazine-entry-id-2429 av-magazine-format-standard av-magazine-type-portfolio av-magazine-entry-3 av-magazine-entry-small'  itemscope=\"itemscope\" itemtype=\"https:\/\/schema.org\/CreativeWork\" ><div class=\"av-magazine-thumbnail\"><a href='https:\/\/museodelacharreria.org.mx\/hi\/coleccion\/sombrero-de-pelo-fino-bordado-en-canutillo-de-oro\/' title='Link to: SOMBRERO DE PELO FINO BORDADO CON CANUTILLO DE ORO' class='av-magazine-thumbnail-link'><img decoding=\"async\" fetchpriority=\"high\" width=\"100\" height=\"100\" src=\"https:\/\/museodelacharreria.org.mx\/wp-content\/uploads\/2023\/11\/Museo-de-la-Charreria-Sombrero-de-Charro-0144-100x100.jpg\" class=\"wp-image-2425 avia-img-lazy-loading-not-2425 attachment-thumbnail size-thumbnail wp-post-image\" alt=\"\" srcset=\"https:\/\/museodelacharreria.org.mx\/wp-content\/uploads\/2023\/11\/Museo-de-la-Charreria-Sombrero-de-Charro-0144-100x100.jpg 100w, https:\/\/museodelacharreria.org.mx\/wp-content\/uploads\/2023\/11\/Museo-de-la-Charreria-Sombrero-de-Charro-0144-36x36.jpg 36w, https:\/\/museodelacharreria.org.mx\/wp-content\/uploads\/2023\/11\/Museo-de-la-Charreria-Sombrero-de-Charro-0144-180x180.jpg 180w\" sizes=\"(max-width: 100px) 100vw, 100px\" \/><\/a><\/div><div class=\"av-magazine-content-wrap\"><header class=\"entry-content-header\" aria-label=\"Post: SOMBRERO DE PELO FINO BORDADO CON CANUTILLO DE ORO\"><time class='av-magazine-time updated'  itemprop=\"datePublished\" datetime=\"2023-11-13T23:13:54-06:00\" >2023-11-13<\/time><h3 class='av-magazine-title entry-title'  itemprop=\"headline\" ><a href='https:\/\/museodelacharreria.org.mx\/hi\/coleccion\/sombrero-de-pelo-fino-bordado-en-canutillo-de-oro\/' title='Link to: SOMBRERO DE PELO FINO BORDADO CON CANUTILLO DE ORO'>SOMBRERO DE PELO FINO BORDADO CON CANUTILLO DE ORO<\/a><\/h3><\/header><\/div><footer class=\"entry-footer\"><\/footer><\/article><article class='av-magazine-entry av-magazine-entry-id-2415 av-magazine-format-standard av-magazine-type-portfolio av-magazine-entry-4 av-magazine-entry-small'  itemscope=\"itemscope\" itemtype=\"https:\/\/schema.org\/CreativeWork\" ><div class=\"av-magazine-thumbnail\"><a href='https:\/\/museodelacharreria.org.mx\/hi\/coleccion\/sombrero-castoreno-de-chinaco-color-gris\/' title='Link to: SOMBRERO CASTORE\u00d1O DE CHINACO COLOR GRIS' class='av-magazine-thumbnail-link'><img decoding=\"async\" fetchpriority=\"high\" width=\"100\" height=\"100\" src=\"https:\/\/museodelacharreria.org.mx\/wp-content\/uploads\/2023\/11\/Museo-de-la-Charreria-Sombrero-de-Chinaco-0170-100x100.jpg\" class=\"wp-image-2410 avia-img-lazy-loading-not-2410 attachment-thumbnail size-thumbnail wp-post-image\" alt=\"\" srcset=\"https:\/\/museodelacharreria.org.mx\/wp-content\/uploads\/2023\/11\/Museo-de-la-Charreria-Sombrero-de-Chinaco-0170-100x100.jpg 100w, https:\/\/museodelacharreria.org.mx\/wp-content\/uploads\/2023\/11\/Museo-de-la-Charreria-Sombrero-de-Chinaco-0170-36x36.jpg 36w, https:\/\/museodelacharreria.org.mx\/wp-content\/uploads\/2023\/11\/Museo-de-la-Charreria-Sombrero-de-Chinaco-0170-180x180.jpg 180w\" sizes=\"(max-width: 100px) 100vw, 100px\" \/><\/a><\/div><div class=\"av-magazine-content-wrap\"><header class=\"entry-content-header\" aria-label=\"Post: SOMBRERO CASTORE\u00d1O DE CHINACO COLOR GRIS\"><time class='av-magazine-time updated'  itemprop=\"datePublished\" datetime=\"2023-11-13T20:00:59-06:00\" >2023-11-13<\/time><h3 class='av-magazine-title entry-title'  itemprop=\"headline\" ><a href='https:\/\/museodelacharreria.org.mx\/hi\/coleccion\/sombrero-castoreno-de-chinaco-color-gris\/' title='Link to: SOMBRERO CASTORE\u00d1O DE CHINACO COLOR GRIS'>SOMBRERO CASTORE\u00d1O DE CHINACO COLOR GRIS<\/a><\/h3><\/header><\/div><footer class=\"entry-footer\"><\/footer><\/article><article class='av-magazine-entry av-magazine-entry-id-2406 av-magazine-format-standard av-magazine-type-portfolio av-magazine-entry-5 av-magazine-entry-small'  itemscope=\"itemscope\" itemtype=\"https:\/\/schema.org\/CreativeWork\" ><div class=\"av-magazine-thumbnail\"><a href='https:\/\/museodelacharreria.org.mx\/hi\/coleccion\/sombrero-castoreno-de-chinaco\/' title='Link to: SOMBRERO CASTORE\u00d1O DE CHINACO COLOR CAF\u00c9' class='av-magazine-thumbnail-link'><img decoding=\"async\" fetchpriority=\"high\" width=\"100\" height=\"100\" src=\"https:\/\/museodelacharreria.org.mx\/wp-content\/uploads\/2023\/11\/Museo-de-la-Charreria-Sombrero-de-Chinaco-0166-100x100.jpg\" class=\"wp-image-2407 avia-img-lazy-loading-not-2407 attachment-thumbnail size-thumbnail wp-post-image\" alt=\"Sombrero Castore\u00f1o de Chinaco\" srcset=\"https:\/\/museodelacharreria.org.mx\/wp-content\/uploads\/2023\/11\/Museo-de-la-Charreria-Sombrero-de-Chinaco-0166-100x100.jpg 100w, https:\/\/museodelacharreria.org.mx\/wp-content\/uploads\/2023\/11\/Museo-de-la-Charreria-Sombrero-de-Chinaco-0166-36x36.jpg 36w, https:\/\/museodelacharreria.org.mx\/wp-content\/uploads\/2023\/11\/Museo-de-la-Charreria-Sombrero-de-Chinaco-0166-180x180.jpg 180w\" sizes=\"(max-width: 100px) 100vw, 100px\" \/><\/a><\/div><div class=\"av-magazine-content-wrap\"><header class=\"entry-content-header\" aria-label=\"Post: SOMBRERO CASTORE\u00d1O DE CHINACO COLOR CAF\u00c9\"><time class='av-magazine-time updated'  itemprop=\"datePublished\" datetime=\"2023-11-13T19:49:18-06:00\" >2023-11-13<\/time><h3 class='av-magazine-title entry-title'  itemprop=\"headline\" ><a href='https:\/\/museodelacharreria.org.mx\/hi\/coleccion\/sombrero-castoreno-de-chinaco\/' title='Link to: SOMBRERO CASTORE\u00d1O DE CHINACO COLOR CAF\u00c9'>SOMBRERO CASTORE\u00d1O DE CHINACO COLOR CAF\u00c9<\/a><\/h3><\/header><\/div><footer class=\"entry-footer\"><\/footer><\/article><article class='av-magazine-entry av-magazine-entry-id-2383 av-magazine-format-standard av-magazine-type-portfolio av-magazine-entry-6 av-magazine-entry-small'  itemscope=\"itemscope\" itemtype=\"https:\/\/schema.org\/CreativeWork\" ><div class=\"av-magazine-thumbnail\"><a href='https:\/\/museodelacharreria.org.mx\/hi\/coleccion\/sombrero-con-detalle-de-espuelas\/' title='Link to: SOMBRERO CON DETALLE DE ESPUELAS' class='av-magazine-thumbnail-link'><img decoding=\"async\" fetchpriority=\"high\" width=\"100\" height=\"100\" src=\"https:\/\/museodelacharreria.org.mx\/wp-content\/uploads\/2023\/11\/Museo-de-la-Charreria-Sombrero-0149-100x100.jpg\" class=\"wp-image-2386 avia-img-lazy-loading-not-2386 attachment-thumbnail size-thumbnail wp-post-image\" alt=\"\" srcset=\"https:\/\/museodelacharreria.org.mx\/wp-content\/uploads\/2023\/11\/Museo-de-la-Charreria-Sombrero-0149-100x100.jpg 100w, https:\/\/museodelacharreria.org.mx\/wp-content\/uploads\/2023\/11\/Museo-de-la-Charreria-Sombrero-0149-36x36.jpg 36w, https:\/\/museodelacharreria.org.mx\/wp-content\/uploads\/2023\/11\/Museo-de-la-Charreria-Sombrero-0149-180x180.jpg 180w\" sizes=\"(max-width: 100px) 100vw, 100px\" \/><\/a><\/div><div class=\"av-magazine-content-wrap\"><header class=\"entry-content-header\" aria-label=\"Post: SOMBRERO CON DETALLE DE ESPUELAS\"><time class='av-magazine-time updated'  itemprop=\"datePublished\" datetime=\"2023-11-13T18:08:27-06:00\" >2023-11-13<\/time><h3 class='av-magazine-title entry-title'  itemprop=\"headline\" ><a href='https:\/\/museodelacharreria.org.mx\/hi\/coleccion\/sombrero-con-detalle-de-espuelas\/' title='Link to: SOMBRERO CON DETALLE DE ESPUELAS'>SOMBRERO CON DETALLE DE ESPUELAS<\/a><\/h3><\/header><\/div><footer class=\"entry-footer\"><\/footer><\/article><article class='av-magazine-entry av-magazine-entry-id-2332 av-magazine-format-standard av-magazine-type-portfolio av-magazine-entry-7 av-magazine-entry-small'  itemscope=\"itemscope\" itemtype=\"https:\/\/schema.org\/CreativeWork\" ><div class=\"av-magazine-thumbnail\"><a href='https:\/\/museodelacharreria.org.mx\/hi\/coleccion\/sombrero-de-charro-con-ribete-en-pano-cafe\/' title='Link to: SOMBRERO DE CHARRO CON RIBETE EN PA\u00d1O CAFE' class='av-magazine-thumbnail-link'><img decoding=\"async\" fetchpriority=\"high\" width=\"100\" height=\"100\" src=\"https:\/\/museodelacharreria.org.mx\/wp-content\/uploads\/2023\/10\/Museo-de-la-Charreria-Sombrero-0136-100x100.jpg\" class=\"wp-image-2333 avia-img-lazy-loading-not-2333 attachment-thumbnail size-thumbnail wp-post-image\" alt=\"SOMBRERO DE CHARRO CON RIBETE EN PA\u00d1O CAFE\" srcset=\"https:\/\/museodelacharreria.org.mx\/wp-content\/uploads\/2023\/10\/Museo-de-la-Charreria-Sombrero-0136-100x100.jpg 100w, https:\/\/museodelacharreria.org.mx\/wp-content\/uploads\/2023\/10\/Museo-de-la-Charreria-Sombrero-0136-36x36.jpg 36w, https:\/\/museodelacharreria.org.mx\/wp-content\/uploads\/2023\/10\/Museo-de-la-Charreria-Sombrero-0136-180x180.jpg 180w\" sizes=\"(max-width: 100px) 100vw, 100px\" \/><\/a><\/div><div class=\"av-magazine-content-wrap\"><header class=\"entry-content-header\" aria-label=\"Post: SOMBRERO DE CHARRO CON RIBETE EN PA\u00d1O CAFE\"><time class='av-magazine-time updated'  itemprop=\"datePublished\" datetime=\"2023-10-26T02:29:07-06:00\" >2023-10-26<\/time><h3 class='av-magazine-title entry-title'  itemprop=\"headline\" ><a href='https:\/\/museodelacharreria.org.mx\/hi\/coleccion\/sombrero-de-charro-con-ribete-en-pano-cafe\/' title='Link to: SOMBRERO DE CHARRO CON RIBETE EN PA\u00d1O CAFE'>SOMBRERO DE CHARRO CON RIBETE EN PA\u00d1O CAFE<\/a><\/h3><\/header><\/div><footer class=\"entry-footer\"><\/footer><\/article><\/div><div class='av-magazine-group av-hidden-mag sort_12'><article class='av-magazine-entry av-magazine-entry-id-3965 av-magazine-format-standard av-magazine-type-portfolio av-magazine-entry-1 av-magazine-entry-small'  itemscope=\"itemscope\" itemtype=\"https:\/\/schema.org\/CreativeWork\" ><div class=\"av-magazine-thumbnail\"><a href='https:\/\/museodelacharreria.org.mx\/hi\/coleccion\/cabezadas-de-plata-de-emiliano-zapata\/' title='Link to: CABEZADAS DE PLATA DE EMILIANO ZAPATA' class='av-magazine-thumbnail-link'><img decoding=\"async\" fetchpriority=\"high\" width=\"100\" height=\"100\" src=\"https:\/\/museodelacharreria.org.mx\/wp-content\/uploads\/2024\/11\/MUSEO-DE-LA-CHARRERIA-CABEZADA-DE-EMILIANO-ZAPATA--100x100.jpg\" class=\"wp-image-3966 avia-img-lazy-loading-not-3966 attachment-thumbnail size-thumbnail wp-post-image\" alt=\"\" srcset=\"https:\/\/museodelacharreria.org.mx\/wp-content\/uploads\/2024\/11\/MUSEO-DE-LA-CHARRERIA-CABEZADA-DE-EMILIANO-ZAPATA--100x100.jpg 100w, https:\/\/museodelacharreria.org.mx\/wp-content\/uploads\/2024\/11\/MUSEO-DE-LA-CHARRERIA-CABEZADA-DE-EMILIANO-ZAPATA--36x36.jpg 36w, https:\/\/museodelacharreria.org.mx\/wp-content\/uploads\/2024\/11\/MUSEO-DE-LA-CHARRERIA-CABEZADA-DE-EMILIANO-ZAPATA--180x180.jpg 180w\" sizes=\"(max-width: 100px) 100vw, 100px\" \/><\/a><\/div><div class=\"av-magazine-content-wrap\"><header class=\"entry-content-header\" aria-label=\"Post: CABEZADAS DE PLATA DE EMILIANO ZAPATA\"><time class='av-magazine-time updated'  itemprop=\"datePublished\" datetime=\"2024-11-25T20:09:58-06:00\" >2024-11-25<\/time><h3 class='av-magazine-title entry-title'  itemprop=\"headline\" ><a href='https:\/\/museodelacharreria.org.mx\/hi\/coleccion\/cabezadas-de-plata-de-emiliano-zapata\/' title='Link to: CABEZADAS DE PLATA DE EMILIANO ZAPATA'>CABEZADAS DE PLATA DE EMILIANO ZAPATA<\/a><\/h3><\/header><\/div><footer class=\"entry-footer\"><\/footer><\/article><article class='av-magazine-entry av-magazine-entry-id-3867 av-magazine-format-standard av-magazine-type-portfolio av-magazine-entry-2 av-magazine-entry-small'  itemscope=\"itemscope\" itemtype=\"https:\/\/schema.org\/CreativeWork\" ><div class=\"av-magazine-thumbnail\"><a href='https:\/\/museodelacharreria.org.mx\/hi\/coleccion\/fuste-rustico\/' title='Link to: FUSTE R\u00daSTICO' class='av-magazine-thumbnail-link'><img decoding=\"async\" fetchpriority=\"high\" width=\"100\" height=\"100\" src=\"https:\/\/museodelacharreria.org.mx\/wp-content\/uploads\/2024\/11\/MUSEO-DE-LA-CHARRERIA-FUSTE-RUSTICO-7141-100x100.jpg\" class=\"wp-image-3872 avia-img-lazy-loading-not-3872 attachment-thumbnail size-thumbnail wp-post-image\" alt=\"\" srcset=\"https:\/\/museodelacharreria.org.mx\/wp-content\/uploads\/2024\/11\/MUSEO-DE-LA-CHARRERIA-FUSTE-RUSTICO-7141-100x100.jpg 100w, https:\/\/museodelacharreria.org.mx\/wp-content\/uploads\/2024\/11\/MUSEO-DE-LA-CHARRERIA-FUSTE-RUSTICO-7141-36x36.jpg 36w, https:\/\/museodelacharreria.org.mx\/wp-content\/uploads\/2024\/11\/MUSEO-DE-LA-CHARRERIA-FUSTE-RUSTICO-7141-180x180.jpg 180w\" sizes=\"(max-width: 100px) 100vw, 100px\" \/><\/a><\/div><div class=\"av-magazine-content-wrap\"><header class=\"entry-content-header\" aria-label=\"Post: FUSTE R\u00daSTICO\"><time class='av-magazine-time updated'  itemprop=\"datePublished\" datetime=\"2024-09-25T13:46:58-06:00\" >2024-09-25<\/time><h3 class='av-magazine-title entry-title'  itemprop=\"headline\" ><a href='https:\/\/museodelacharreria.org.mx\/hi\/coleccion\/fuste-rustico\/' title='Link to: FUSTE R\u00daSTICO'>FUSTE R\u00daSTICO<\/a><\/h3><\/header><\/div><footer class=\"entry-footer\"><\/footer><\/article><article class='av-magazine-entry av-magazine-entry-id-3375 av-magazine-format-standard av-magazine-type-portfolio av-magazine-entry-3 av-magazine-entry-small'  itemscope=\"itemscope\" itemtype=\"https:\/\/schema.org\/CreativeWork\" ><div class=\"av-magazine-thumbnail\"><a href='https:\/\/museodelacharreria.org.mx\/hi\/coleccion\/fierros-para-marcar-ganado\/' title='Link to: FIERROS PARA MARCAR GANADO' class='av-magazine-thumbnail-link'><img decoding=\"async\" fetchpriority=\"high\" width=\"100\" height=\"100\" src=\"https:\/\/museodelacharreria.org.mx\/wp-content\/uploads\/2024\/06\/MUSEO-DE-LA-CHARRERIA-FIERROS-PARA-MARCAR-GANADO-1513-100x100.jpg\" class=\"wp-image-3405 avia-img-lazy-loading-not-3405 attachment-thumbnail size-thumbnail wp-post-image\" alt=\"\" srcset=\"https:\/\/museodelacharreria.org.mx\/wp-content\/uploads\/2024\/06\/MUSEO-DE-LA-CHARRERIA-FIERROS-PARA-MARCAR-GANADO-1513-100x100.jpg 100w, https:\/\/museodelacharreria.org.mx\/wp-content\/uploads\/2024\/06\/MUSEO-DE-LA-CHARRERIA-FIERROS-PARA-MARCAR-GANADO-1513-36x36.jpg 36w, https:\/\/museodelacharreria.org.mx\/wp-content\/uploads\/2024\/06\/MUSEO-DE-LA-CHARRERIA-FIERROS-PARA-MARCAR-GANADO-1513-180x180.jpg 180w\" sizes=\"(max-width: 100px) 100vw, 100px\" \/><\/a><\/div><div class=\"av-magazine-content-wrap\"><header class=\"entry-content-header\" aria-label=\"Post: FIERROS PARA MARCAR GANADO\"><time class='av-magazine-time updated'  itemprop=\"datePublished\" datetime=\"2024-06-27T20:42:24-06:00\" >2024-06-27<\/time><h3 class='av-magazine-title entry-title'  itemprop=\"headline\" ><a href='https:\/\/museodelacharreria.org.mx\/hi\/coleccion\/fierros-para-marcar-ganado\/' title='Link to: FIERROS PARA MARCAR GANADO'>\u092e\u0935\u0947\u0936\u093f\u092f\u094b\u0902 \u0915\u0947 \u0932\u093f\u090f \u092c\u094d\u0930\u093e\u0902\u0921\u093f\u0902\u0917 \u0906\u092f\u0930\u0928<\/a><\/h3><\/header><\/div><footer class=\"entry-footer\"><\/footer><\/article><article class='av-magazine-entry av-magazine-entry-id-3158 av-magazine-format-standard av-magazine-type-portfolio av-magazine-entry-4 av-magazine-entry-small'  itemscope=\"itemscope\" itemtype=\"https:\/\/schema.org\/CreativeWork\" ><div class=\"av-magazine-thumbnail\"><a href='https:\/\/museodelacharreria.org.mx\/hi\/coleccion\/estribos-con-tapadera\/' title='Link to: ESTRIBOS CON TAPADERA' class='av-magazine-thumbnail-link'><img decoding=\"async\" fetchpriority=\"high\" width=\"100\" height=\"100\" src=\"https:\/\/museodelacharreria.org.mx\/wp-content\/uploads\/2024\/06\/MUSEO-DE-LA-CHARRERIA-ESTRIBO-CON-TAPADERA-HRZ-100x100.jpg\" class=\"wp-image-3139 avia-img-lazy-loading-not-3139 attachment-thumbnail size-thumbnail wp-post-image\" alt=\"\" srcset=\"https:\/\/museodelacharreria.org.mx\/wp-content\/uploads\/2024\/06\/MUSEO-DE-LA-CHARRERIA-ESTRIBO-CON-TAPADERA-HRZ-100x100.jpg 100w, https:\/\/museodelacharreria.org.mx\/wp-content\/uploads\/2024\/06\/MUSEO-DE-LA-CHARRERIA-ESTRIBO-CON-TAPADERA-HRZ-36x36.jpg 36w, https:\/\/museodelacharreria.org.mx\/wp-content\/uploads\/2024\/06\/MUSEO-DE-LA-CHARRERIA-ESTRIBO-CON-TAPADERA-HRZ-180x180.jpg 180w\" sizes=\"(max-width: 100px) 100vw, 100px\" \/><\/a><\/div><div class=\"av-magazine-content-wrap\"><header class=\"entry-content-header\" aria-label=\"Post: ESTRIBOS CON TAPADERA\"><time class='av-magazine-time updated'  itemprop=\"datePublished\" datetime=\"2024-06-25T18:55:11-06:00\" >2024-06-25<\/time><h3 class='av-magazine-title entry-title'  itemprop=\"headline\" ><a href='https:\/\/museodelacharreria.org.mx\/hi\/coleccion\/estribos-con-tapadera\/' title='Link to: ESTRIBOS CON TAPADERA'>ESTRIBOS CON TAPADERA<\/a><\/h3><\/header><\/div><footer class=\"entry-footer\"><\/footer><\/article><article class='av-magazine-entry av-magazine-entry-id-3153 av-magazine-format-standard av-magazine-type-portfolio av-magazine-entry-5 av-magazine-entry-small'  itemscope=\"itemscope\" itemtype=\"https:\/\/schema.org\/CreativeWork\" ><div class=\"av-magazine-thumbnail\"><a href='https:\/\/museodelacharreria.org.mx\/hi\/coleccion\/estribos-circulares-forrados\/' title='Link to: ESTRIBOS CIRCULARES FORRADOS' class='av-magazine-thumbnail-link'><img decoding=\"async\" fetchpriority=\"high\" width=\"100\" height=\"100\" src=\"https:\/\/museodelacharreria.org.mx\/wp-content\/uploads\/2024\/06\/MUSEO-DE-LA-CHARRERIA-ESTRIBO-CIRCULAR-FORRADO-HRZ-0097-100x100.jpg\" class=\"wp-image-3157 avia-img-lazy-loading-not-3157 attachment-thumbnail size-thumbnail wp-post-image\" alt=\"\" srcset=\"https:\/\/museodelacharreria.org.mx\/wp-content\/uploads\/2024\/06\/MUSEO-DE-LA-CHARRERIA-ESTRIBO-CIRCULAR-FORRADO-HRZ-0097-100x100.jpg 100w, https:\/\/museodelacharreria.org.mx\/wp-content\/uploads\/2024\/06\/MUSEO-DE-LA-CHARRERIA-ESTRIBO-CIRCULAR-FORRADO-HRZ-0097-36x36.jpg 36w, https:\/\/museodelacharreria.org.mx\/wp-content\/uploads\/2024\/06\/MUSEO-DE-LA-CHARRERIA-ESTRIBO-CIRCULAR-FORRADO-HRZ-0097-180x180.jpg 180w\" sizes=\"(max-width: 100px) 100vw, 100px\" \/><\/a><\/div><div class=\"av-magazine-content-wrap\"><header class=\"entry-content-header\" aria-label=\"Post: ESTRIBOS CIRCULARES FORRADOS\"><time class='av-magazine-time updated'  itemprop=\"datePublished\" datetime=\"2024-06-25T18:34:25-06:00\" >2024-06-25<\/time><h3 class='av-magazine-title entry-title'  itemprop=\"headline\" ><a href='https:\/\/museodelacharreria.org.mx\/hi\/coleccion\/estribos-circulares-forrados\/' title='Link to: ESTRIBOS CIRCULARES FORRADOS'>ESTRIBOS CIRCULARES FORRADOS<\/a><\/h3><\/header><\/div><footer class=\"entry-footer\"><\/footer><\/article><article class='av-magazine-entry av-magazine-entry-id-3131 av-magazine-format-standard av-magazine-type-portfolio av-magazine-entry-6 av-magazine-entry-small'  itemscope=\"itemscope\" itemtype=\"https:\/\/schema.org\/CreativeWork\" ><div class=\"av-magazine-thumbnail\"><a href='https:\/\/museodelacharreria.org.mx\/hi\/coleccion\/estribos-de-caja\/' title='Link to: ESTRIBOS DE CAJA' class='av-magazine-thumbnail-link'><img decoding=\"async\" fetchpriority=\"high\" width=\"100\" height=\"100\" src=\"https:\/\/museodelacharreria.org.mx\/wp-content\/uploads\/2024\/06\/MUSEO-DE-LA-CHARRERIA-ESTRIBO-DE-CAJA-0085-100x100.jpg\" class=\"wp-image-3144 avia-img-lazy-loading-not-3144 attachment-thumbnail size-thumbnail wp-post-image\" alt=\"\" srcset=\"https:\/\/museodelacharreria.org.mx\/wp-content\/uploads\/2024\/06\/MUSEO-DE-LA-CHARRERIA-ESTRIBO-DE-CAJA-0085-100x100.jpg 100w, https:\/\/museodelacharreria.org.mx\/wp-content\/uploads\/2024\/06\/MUSEO-DE-LA-CHARRERIA-ESTRIBO-DE-CAJA-0085-36x36.jpg 36w, https:\/\/museodelacharreria.org.mx\/wp-content\/uploads\/2024\/06\/MUSEO-DE-LA-CHARRERIA-ESTRIBO-DE-CAJA-0085-180x180.jpg 180w\" sizes=\"(max-width: 100px) 100vw, 100px\" \/><\/a><\/div><div class=\"av-magazine-content-wrap\"><header class=\"entry-content-header\" aria-label=\"Post: ESTRIBOS DE CAJA\"><time class='av-magazine-time updated'  itemprop=\"datePublished\" datetime=\"2024-06-25T18:14:59-06:00\" >2024-06-25<\/time><h3 class='av-magazine-title entry-title'  itemprop=\"headline\" ><a href='https:\/\/museodelacharreria.org.mx\/hi\/coleccion\/estribos-de-caja\/' title='Link to: ESTRIBOS DE CAJA'>ESTRIBOS DE CAJA<\/a><\/h3><\/header><\/div><footer class=\"entry-footer\"><\/footer><\/article><article class='av-magazine-entry av-magazine-entry-id-3910 av-magazine-format-standard av-magazine-type-portfolio av-magazine-entry-7 av-magazine-entry-small'  itemscope=\"itemscope\" itemtype=\"https:\/\/schema.org\/CreativeWork\" ><div class=\"av-magazine-thumbnail\"><a href='https:\/\/museodelacharreria.org.mx\/hi\/coleccion\/frenos\/' title='Link to: FRENOS' class='av-magazine-thumbnail-link'><img decoding=\"async\" fetchpriority=\"high\" width=\"100\" height=\"100\" src=\"https:\/\/museodelacharreria.org.mx\/wp-content\/uploads\/2024\/11\/FRENO-5-100x100.jpg\" class=\"wp-image-3915 avia-img-lazy-loading-not-3915 attachment-thumbnail size-thumbnail wp-post-image\" alt=\"\" srcset=\"https:\/\/museodelacharreria.org.mx\/wp-content\/uploads\/2024\/11\/FRENO-5-100x100.jpg 100w, https:\/\/museodelacharreria.org.mx\/wp-content\/uploads\/2024\/11\/FRENO-5-36x36.jpg 36w, https:\/\/museodelacharreria.org.mx\/wp-content\/uploads\/2024\/11\/FRENO-5-180x180.jpg 180w\" sizes=\"(max-width: 100px) 100vw, 100px\" \/><\/a><\/div><div class=\"av-magazine-content-wrap\"><header class=\"entry-content-header\" aria-label=\"Post: FRENOS\"><time class='av-magazine-time updated'  itemprop=\"datePublished\" datetime=\"2024-06-25T17:48:01-06:00\" >2024-06-25<\/time><h3 class='av-magazine-title entry-title'  itemprop=\"headline\" ><a href='https:\/\/museodelacharreria.org.mx\/hi\/coleccion\/frenos\/' title='Link to: FRENOS'>FRENOS<\/a><\/h3><\/header><\/div><footer class=\"entry-footer\"><\/footer><\/article><\/div><\/div>","protected":false},"excerpt":{"rendered":"","protected":false},"author":1,"featured_media":3179,"template":"","meta":{"footnotes":""},"tags":[],"portfolio_entries":[214,5],"class_list":["post-3180","portfolio","type-portfolio","status-publish","has-post-thumbnail","hentry","portfolio_entries-armas","portfolio_entries-coleccion"],"yoast_head":"<!-- This site is optimized with the Yoast SEO plugin v27.4 - https:\/\/yoast.com\/product\/yoast-seo-wordpress\/ -->\n<title>LANZAS - Museo de la Charrer\u00eda CDMX<\/title>\n<meta name=\"description\" content=\"Nuestra colecci\u00f3n es un vibrante mosaico de \u00e9pocas y funciones, un testimonio vivo de la versatilidad y adaptabilidad de la Charrer\u00eda a lo largo del tiempo. Desde los albores de la Rep\u00fablica hasta las transformaciones de la era moderna, cada pieza expone la maestr\u00eda artesanal y el ingenio t\u00e9cnico de aquellos que forjaron esta gran tradici\u00f3n.\" \/>\n<meta name=\"robots\" content=\"index, follow, max-snippet:-1, max-image-preview:large, max-video-preview:-1\" \/>\n<link rel=\"canonical\" href=\"https:\/\/museodelacharreria.org.mx\/hi\/coleccion\/\u092d\u093e\u0932\u093e\/\" \/>\n<meta property=\"og:locale\" content=\"hi_IN\" \/>\n<meta property=\"og:type\" content=\"article\" \/>\n<meta property=\"og:title\" content=\"LANZAS - Museo de la Charrer\u00eda CDMX\" \/>\n<meta property=\"og:description\" content=\"Nuestra colecci\u00f3n es un vibrante mosaico de \u00e9pocas y funciones, un testimonio vivo de la versatilidad y adaptabilidad de la Charrer\u00eda a lo largo del tiempo. Desde los albores de la Rep\u00fablica hasta las transformaciones de la era moderna, cada pieza expone la maestr\u00eda artesanal y el ingenio t\u00e9cnico de aquellos que forjaron esta gran tradici\u00f3n.\" \/>\n<meta property=\"og:url\" content=\"https:\/\/museodelacharreria.org.mx\/hi\/coleccion\/\u092d\u093e\u0932\u093e\/\" \/>\n<meta property=\"og:site_name\" content=\"Museo de la Charrer\u00eda CDMX\" \/>\n<meta property=\"article:modified_time\" content=\"2024-12-06T13:37:02+00:00\" \/>\n<meta property=\"og:image\" content=\"https:\/\/museodelacharreria.org.mx\/wp-content\/uploads\/2024\/06\/MUSEO-DE-LA-CHARRERIA-ARMAS-BLANCA-LANZA-1519-portada.jpg\" \/>\n\t<meta property=\"og:image:width\" content=\"1920\" \/>\n\t<meta property=\"og:image:height\" content=\"1280\" \/>\n\t<meta property=\"og:image:type\" content=\"image\/jpeg\" \/>\n<meta name=\"twitter:card\" content=\"summary_large_image\" \/>\n<meta name=\"twitter:label1\" content=\"\u0905\u0928\u0941\u092e\u093e\u0928\u093f\u0924 \u092a\u0922\u093c\u0928\u0947 \u0915\u093e \u0938\u092e\u092f\" \/>\n\t<meta name=\"twitter:data1\" content=\"17 \u092e\u093f\u0928\u091f\" \/>\n<script type=\"application\/ld+json\" class=\"yoast-schema-graph\">{\"@context\":\"https:\\\/\\\/schema.org\",\"@graph\":[{\"@type\":[\"WebPage\",\"CollectionPage\"],\"@id\":\"https:\\\/\\\/museodelacharreria.org.mx\\\/coleccion\\\/lanzas\\\/\",\"url\":\"https:\\\/\\\/museodelacharreria.org.mx\\\/coleccion\\\/lanzas\\\/\",\"name\":\"LANZAS - Museo de la Charrer\u00eda CDMX\",\"isPartOf\":{\"@id\":\"https:\\\/\\\/museodelacharreria.org.mx\\\/#website\"},\"primaryImageOfPage\":{\"@id\":\"https:\\\/\\\/museodelacharreria.org.mx\\\/coleccion\\\/lanzas\\\/#primaryimage\"},\"image\":{\"@id\":\"https:\\\/\\\/museodelacharreria.org.mx\\\/coleccion\\\/lanzas\\\/#primaryimage\"},\"thumbnailUrl\":\"https:\\\/\\\/museodelacharreria.org.mx\\\/wp-content\\\/uploads\\\/2024\\\/06\\\/MUSEO-DE-LA-CHARRERIA-ARMAS-BLANCA-LANZA-1519-portada.jpg\",\"datePublished\":\"2024-06-26T15:34:33+00:00\",\"dateModified\":\"2024-12-06T13:37:02+00:00\",\"description\":\"Nuestra colecci\u00f3n es un vibrante mosaico de \u00e9pocas y funciones, un testimonio vivo de la versatilidad y adaptabilidad de la Charrer\u00eda a lo largo del tiempo. Desde los albores de la Rep\u00fablica hasta las transformaciones de la era moderna, cada pieza expone la maestr\u00eda artesanal y el ingenio t\u00e9cnico de aquellos que forjaron esta gran tradici\u00f3n.\",\"breadcrumb\":{\"@id\":\"https:\\\/\\\/museodelacharreria.org.mx\\\/coleccion\\\/lanzas\\\/#breadcrumb\"},\"inLanguage\":\"hi-IN\"},{\"@type\":\"ImageObject\",\"inLanguage\":\"hi-IN\",\"@id\":\"https:\\\/\\\/museodelacharreria.org.mx\\\/coleccion\\\/lanzas\\\/#primaryimage\",\"url\":\"https:\\\/\\\/museodelacharreria.org.mx\\\/wp-content\\\/uploads\\\/2024\\\/06\\\/MUSEO-DE-LA-CHARRERIA-ARMAS-BLANCA-LANZA-1519-portada.jpg\",\"contentUrl\":\"https:\\\/\\\/museodelacharreria.org.mx\\\/wp-content\\\/uploads\\\/2024\\\/06\\\/MUSEO-DE-LA-CHARRERIA-ARMAS-BLANCA-LANZA-1519-portada.jpg\",\"width\":1920,\"height\":1280},{\"@type\":\"BreadcrumbList\",\"@id\":\"https:\\\/\\\/museodelacharreria.org.mx\\\/coleccion\\\/lanzas\\\/#breadcrumb\",\"itemListElement\":[{\"@type\":\"ListItem\",\"position\":1,\"name\":\"Portada\",\"item\":\"https:\\\/\\\/museodelacharreria.org.mx\\\/inicio\\\/\"},{\"@type\":\"ListItem\",\"position\":2,\"name\":\"LANZAS\"}]},{\"@type\":\"WebSite\",\"@id\":\"https:\\\/\\\/museodelacharreria.org.mx\\\/#website\",\"url\":\"https:\\\/\\\/museodelacharreria.org.mx\\\/\",\"name\":\"Museo de la Charrer\u00eda CDMX\",\"description\":\"Historia y tradici\u00f3n, patrimonio cultural inmaterial de la humanidad UNESCO\",\"publisher\":{\"@id\":\"https:\\\/\\\/museodelacharreria.org.mx\\\/#organization\"},\"potentialAction\":[{\"@type\":\"SearchAction\",\"target\":{\"@type\":\"EntryPoint\",\"urlTemplate\":\"https:\\\/\\\/museodelacharreria.org.mx\\\/?s={search_term_string}\"},\"query-input\":{\"@type\":\"PropertyValueSpecification\",\"valueRequired\":true,\"valueName\":\"search_term_string\"}}],\"inLanguage\":\"hi-IN\"},{\"@type\":\"Organization\",\"@id\":\"https:\\\/\\\/museodelacharreria.org.mx\\\/#organization\",\"name\":\"Museo de la Charrer\u00eda Ciudad de M\u00e9xico\",\"alternateName\":\"Museo de la Charrer\u00eda CDMX\",\"url\":\"https:\\\/\\\/museodelacharreria.org.mx\\\/\",\"logo\":{\"@type\":\"ImageObject\",\"inLanguage\":\"hi-IN\",\"@id\":\"https:\\\/\\\/museodelacharreria.org.mx\\\/#\\\/schema\\\/logo\\\/image\\\/\",\"url\":\"https:\\\/\\\/museodelacharreria.org.mx\\\/wp-content\\\/uploads\\\/2023\\\/07\\\/Logo-Museo-de-la-Charreria-b-n.png\",\"contentUrl\":\"https:\\\/\\\/museodelacharreria.org.mx\\\/wp-content\\\/uploads\\\/2023\\\/07\\\/Logo-Museo-de-la-Charreria-b-n.png\",\"width\":500,\"height\":250,\"caption\":\"Museo de la Charrer\u00eda Ciudad de M\u00e9xico\"},\"image\":{\"@id\":\"https:\\\/\\\/museodelacharreria.org.mx\\\/#\\\/schema\\\/logo\\\/image\\\/\"},\"sameAs\":[\"https:\\\/\\\/www.youtube.com\\\/@MuseoDeLaCharreria\"]}]}<\/script>\n<!-- \/ Yoast SEO plugin. -->","yoast_head_json":{"title":"LANZAS - Museo de la Charrer\u00eda CDMX","description":"\u0939\u092e\u093e\u0930\u093e \u0938\u0902\u0917\u094d\u0930\u0939 \u092f\u0941\u0917\u094b\u0902 \u0914\u0930 \u0915\u093e\u0930\u094d\u092f\u094b\u0902 \u0915\u0947 \u090f\u0915 \u091a\u092e\u0915\u0940\u0932\u0947 \u092e\u094b\u091c\u093c\u0947\u0915 \u0939\u0948, \u091a\u0930\u0930\u093f\u092f\u093e \u0915\u0940 \u0935\u093f\u0935\u093e\u0926\u092a\u0942\u0930\u094d\u0923\u0924\u093e \u0914\u0930 \u0905\u0928\u0941\u0915\u0942\u0932\u0924\u093e \u0915\u093e \u091c\u0940\u0935\u0902\u0924 \u0938\u093e\u0915\u094d\u0937\u094d\u092f \u0938\u092e\u092f \u0915\u0947 \u0938\u093e\u0925\u0964 \u0917\u0923\u0930\u093e\u091c\u094d\u092f \u0915\u0947 \u0909\u0924\u094d\u0915\u0930\u094d\u0937 \u0938\u0947 \u0932\u0947\u0915\u0930 \u0906\u0927\u0941\u0928\u093f\u0915 \u092f\u0941\u0917 \u0915\u0947 \u092a\u0930\u093f\u0935\u0930\u094d\u0924\u0928\u094b\u0902 \u0924\u0915, \u0939\u0930 \u0906\u0907\u091f\u092e \u0909\u0928 \u0915\u093e\u0930\u0940\u0917\u0930\u094b\u0902 \u0915\u0940 \u0915\u0932\u093e \u0915\u0940 \u0909\u091a\u094d\u091a\u0924\u093e \u0914\u0930 \u0924\u0915\u0928\u0940\u0915\u0940 \u092c\u0941\u0926\u094d\u0927\u093f \u0915\u094b \u092a\u094d\u0930\u0926\u0930\u094d\u0936\u093f\u0924 \u0915\u0930\u0924\u093e \u0939\u0948 \u091c\u093f\u0928\u094d\u0939\u094b\u0902\u0928\u0947 \u0907\u0938 \u092e\u0939\u093e\u0928 \u092a\u0930\u0902\u092a\u0930\u093e \u0915\u094b \u092c\u0928\u093e\u092f\u093e\u0964","robots":{"index":"index","follow":"follow","max-snippet":"max-snippet:-1","max-image-preview":"max-image-preview:large","max-video-preview":"max-video-preview:-1"},"canonical":"https:\/\/museodelacharreria.org.mx\/hi\/coleccion\/\u092d\u093e\u0932\u093e\/","og_locale":"hi_IN","og_type":"article","og_title":"LANZAS - Museo de la Charrer\u00eda CDMX","og_description":"Nuestra colecci\u00f3n es un vibrante mosaico de \u00e9pocas y funciones, un testimonio vivo de la versatilidad y adaptabilidad de la Charrer\u00eda a lo largo del tiempo. Desde los albores de la Rep\u00fablica hasta las transformaciones de la era moderna, cada pieza expone la maestr\u00eda artesanal y el ingenio t\u00e9cnico de aquellos que forjaron esta gran tradici\u00f3n.","og_url":"https:\/\/museodelacharreria.org.mx\/hi\/coleccion\/\u092d\u093e\u0932\u093e\/","og_site_name":"Museo de la Charrer\u00eda CDMX","article_modified_time":"2024-12-06T13:37:02+00:00","og_image":[{"width":1920,"height":1280,"url":"https:\/\/museodelacharreria.org.mx\/wp-content\/uploads\/2024\/06\/MUSEO-DE-LA-CHARRERIA-ARMAS-BLANCA-LANZA-1519-portada.jpg","type":"image\/jpeg"}],"twitter_card":"summary_large_image","twitter_misc":{"\u0905\u0928\u0941\u092e\u093e\u0928\u093f\u0924 \u092a\u0922\u093c\u0928\u0947 \u0915\u093e \u0938\u092e\u092f":"17 \u092e\u093f\u0928\u091f"},"schema":{"@context":"https:\/\/schema.org","@graph":[{"@type":["WebPage","CollectionPage"],"@id":"https:\/\/museodelacharreria.org.mx\/coleccion\/lanzas\/","url":"https:\/\/museodelacharreria.org.mx\/coleccion\/lanzas\/","name":"LANZAS - Museo de la Charrer\u00eda CDMX","isPartOf":{"@id":"https:\/\/museodelacharreria.org.mx\/#website"},"primaryImageOfPage":{"@id":"https:\/\/museodelacharreria.org.mx\/coleccion\/lanzas\/#primaryimage"},"image":{"@id":"https:\/\/museodelacharreria.org.mx\/coleccion\/lanzas\/#primaryimage"},"thumbnailUrl":"https:\/\/museodelacharreria.org.mx\/wp-content\/uploads\/2024\/06\/MUSEO-DE-LA-CHARRERIA-ARMAS-BLANCA-LANZA-1519-portada.jpg","datePublished":"2024-06-26T15:34:33+00:00","dateModified":"2024-12-06T13:37:02+00:00","description":"\u0939\u092e\u093e\u0930\u093e \u0938\u0902\u0917\u094d\u0930\u0939 \u092f\u0941\u0917\u094b\u0902 \u0914\u0930 \u0915\u093e\u0930\u094d\u092f\u094b\u0902 \u0915\u0947 \u090f\u0915 \u091a\u092e\u0915\u0940\u0932\u0947 \u092e\u094b\u091c\u093c\u0947\u0915 \u0939\u0948, \u091a\u0930\u0930\u093f\u092f\u093e \u0915\u0940 \u0935\u093f\u0935\u093e\u0926\u092a\u0942\u0930\u094d\u0923\u0924\u093e \u0914\u0930 \u0905\u0928\u0941\u0915\u0942\u0932\u0924\u093e \u0915\u093e \u091c\u0940\u0935\u0902\u0924 \u0938\u093e\u0915\u094d\u0937\u094d\u092f \u0938\u092e\u092f \u0915\u0947 \u0938\u093e\u0925\u0964 \u0917\u0923\u0930\u093e\u091c\u094d\u092f \u0915\u0947 \u0909\u0924\u094d\u0915\u0930\u094d\u0937 \u0938\u0947 \u0932\u0947\u0915\u0930 \u0906\u0927\u0941\u0928\u093f\u0915 \u092f\u0941\u0917 \u0915\u0947 \u092a\u0930\u093f\u0935\u0930\u094d\u0924\u0928\u094b\u0902 \u0924\u0915, \u0939\u0930 \u0906\u0907\u091f\u092e \u0909\u0928 \u0915\u093e\u0930\u0940\u0917\u0930\u094b\u0902 \u0915\u0940 \u0915\u0932\u093e \u0915\u0940 \u0909\u091a\u094d\u091a\u0924\u093e \u0914\u0930 \u0924\u0915\u0928\u0940\u0915\u0940 \u092c\u0941\u0926\u094d\u0927\u093f \u0915\u094b \u092a\u094d\u0930\u0926\u0930\u094d\u0936\u093f\u0924 \u0915\u0930\u0924\u093e \u0939\u0948 \u091c\u093f\u0928\u094d\u0939\u094b\u0902\u0928\u0947 \u0907\u0938 \u092e\u0939\u093e\u0928 \u092a\u0930\u0902\u092a\u0930\u093e \u0915\u094b \u092c\u0928\u093e\u092f\u093e\u0964","breadcrumb":{"@id":"https:\/\/museodelacharreria.org.mx\/coleccion\/lanzas\/#breadcrumb"},"inLanguage":"hi-IN"},{"@type":"ImageObject","inLanguage":"hi-IN","@id":"https:\/\/museodelacharreria.org.mx\/coleccion\/lanzas\/#primaryimage","url":"https:\/\/museodelacharreria.org.mx\/wp-content\/uploads\/2024\/06\/MUSEO-DE-LA-CHARRERIA-ARMAS-BLANCA-LANZA-1519-portada.jpg","contentUrl":"https:\/\/museodelacharreria.org.mx\/wp-content\/uploads\/2024\/06\/MUSEO-DE-LA-CHARRERIA-ARMAS-BLANCA-LANZA-1519-portada.jpg","width":1920,"height":1280},{"@type":"BreadcrumbList","@id":"https:\/\/museodelacharreria.org.mx\/coleccion\/lanzas\/#breadcrumb","itemListElement":[{"@type":"ListItem","position":1,"name":"Portada","item":"https:\/\/museodelacharreria.org.mx\/inicio\/"},{"@type":"ListItem","position":2,"name":"LANZAS"}]},{"@type":"WebSite","@id":"https:\/\/museodelacharreria.org.mx\/#website","url":"https:\/\/museodelacharreria.org.mx\/","name":"Museo de la Charrer\u00eda CDMX","description":"Historia y tradici\u00f3n, patrimonio cultural inmaterial de la humanidad UNESCO","publisher":{"@id":"https:\/\/museodelacharreria.org.mx\/#organization"},"potentialAction":[{"@type":"SearchAction","target":{"@type":"EntryPoint","urlTemplate":"https:\/\/museodelacharreria.org.mx\/?s={search_term_string}"},"query-input":{"@type":"PropertyValueSpecification","valueRequired":true,"valueName":"search_term_string"}}],"inLanguage":"hi-IN"},{"@type":"Organization","@id":"https:\/\/museodelacharreria.org.mx\/#organization","name":"Museo de la Charrer\u00eda Ciudad de M\u00e9xico","alternateName":"Museo de la Charrer\u00eda CDMX","url":"https:\/\/museodelacharreria.org.mx\/","logo":{"@type":"ImageObject","inLanguage":"hi-IN","@id":"https:\/\/museodelacharreria.org.mx\/#\/schema\/logo\/image\/","url":"https:\/\/museodelacharreria.org.mx\/wp-content\/uploads\/2023\/07\/Logo-Museo-de-la-Charreria-b-n.png","contentUrl":"https:\/\/museodelacharreria.org.mx\/wp-content\/uploads\/2023\/07\/Logo-Museo-de-la-Charreria-b-n.png","width":500,"height":250,"caption":"Museo de la Charrer\u00eda Ciudad de M\u00e9xico"},"image":{"@id":"https:\/\/museodelacharreria.org.mx\/#\/schema\/logo\/image\/"},"sameAs":["https:\/\/www.youtube.com\/@MuseoDeLaCharreria"]}]}},"_links":{"self":[{"href":"https:\/\/museodelacharreria.org.mx\/hi\/wp-json\/wp\/v2\/portfolio\/3180","targetHints":{"allow":["GET"]}}],"collection":[{"href":"https:\/\/museodelacharreria.org.mx\/hi\/wp-json\/wp\/v2\/portfolio"}],"about":[{"href":"https:\/\/museodelacharreria.org.mx\/hi\/wp-json\/wp\/v2\/types\/portfolio"}],"author":[{"embeddable":true,"href":"https:\/\/museodelacharreria.org.mx\/hi\/wp-json\/wp\/v2\/users\/1"}],"version-history":[{"count":17,"href":"https:\/\/museodelacharreria.org.mx\/hi\/wp-json\/wp\/v2\/portfolio\/3180\/revisions"}],"predecessor-version":[{"id":3838,"href":"https:\/\/museodelacharreria.org.mx\/hi\/wp-json\/wp\/v2\/portfolio\/3180\/revisions\/3838"}],"wp:featuredmedia":[{"embeddable":true,"href":"https:\/\/museodelacharreria.org.mx\/hi\/wp-json\/wp\/v2\/media\/3179"}],"wp:attachment":[{"href":"https:\/\/museodelacharreria.org.mx\/hi\/wp-json\/wp\/v2\/media?parent=3180"}],"wp:term":[{"taxonomy":"post_tag","embeddable":true,"href":"https:\/\/museodelacharreria.org.mx\/hi\/wp-json\/wp\/v2\/tags?post=3180"},{"taxonomy":"portfolio_entries","embeddable":true,"href":"https:\/\/museodelacharreria.org.mx\/hi\/wp-json\/wp\/v2\/portfolio_entries?post=3180"}],"curies":[{"name":"wp","href":"https:\/\/api.w.org\/{rel}","templated":true}]}}