{"id":1860,"date":"2023-10-04T15:26:46","date_gmt":"2023-10-04T15:26:46","guid":{"rendered":"https:\/\/museodelacharreria.org.mx\/?page_id=1860"},"modified":"2024-12-06T07:19:49","modified_gmt":"2024-12-06T13:19:49","slug":"xxi-secolo","status":"publish","type":"page","link":"https:\/\/museodelacharreria.org.mx\/it\/historia\/siglo-xxi\/","title":{"rendered":"21\u00b0 SECOLO"},"content":{"rendered":"<style type=\"text\/css\" data-created_by=\"avia_inline_auto\" id=\"style-css-av-2xkel7-7cb06acf2a8335a2f04f88bf159492f4\">\n.avia-section.av-2xkel7-7cb06acf2a8335a2f04f88bf159492f4{\nbackground-repeat:no-repeat;\nbackground-image:url(https:\/\/museodelacharreria.org.mx\/wp-content\/uploads\/2023\/10\/Arena-San-Marcos-Aguascalientes.jpeg);\nbackground-position:50% 0%;\nbackground-attachment:scroll;\nmargin-top:0px;\nmargin-bottom:0px;\n}\n<\/style>\n<div id='av_section_1'  class='avia-section av-2xkel7-7cb06acf2a8335a2f04f88bf159492f4 main_color avia-section-default avia-no-border-styling  avia-builder-el-0  el_before_av_submenu  avia-builder-el-first  avia-full-stretch avia-bg-style-scroll av-minimum-height av-minimum-height-60 av-height-percent  container_wrap fullsize'  data-section-bg-repeat='stretch' data-av_minimum_height_pc='60' data-av_min_height_opt='percent'><div class='container av-section-cont-open' ><main  role=\"main\" itemprop=\"mainContentOfPage\"  class='template-page content  av-content-full alpha units'><div class='post-entry post-entry-type-page post-entry-1860'><div class='entry-content-wrapper clearfix'>\n<\/div><\/div><\/main><!-- close content main element --><\/div><\/div><div class='clear'><\/div><div id='sub_menu1'  class='av-submenu-container av-5syjid-20cc2c243a2f2778b0c5c3a1afbb5dc1 main_color  avia-builder-el-1  el_after_av_section  el_before_av_one_full  av-sticky-submenu submenu-not-first container_wrap fullsize' style='z-index:301' ><div class='container av-menu-mobile-disabled av-submenu-pos-center'><ul id=\"menu-historia\" class=\"av-subnav-menu\" role=\"menu\"><li role=\"menuitem\" id=\"menu-item-1778\" class=\"menu-item menu-item-type-post_type menu-item-object-page menu-item-top-level menu-item-top-level-1\"><a href=\"https:\/\/museodelacharreria.org.mx\/it\/historia\/siglo-xvi\/\" itemprop=\"url\" tabindex=\"0\"><span class=\"avia-bullet\"><\/span><span class=\"avia-menu-text\">XVI SECOLO<\/span><span class=\"avia-menu-fx\"><span class=\"avia-arrow-wrap\"><span class=\"avia-arrow\"><\/span><\/span><\/span><\/a><\/li>\n<li role=\"menuitem\" id=\"menu-item-1797\" class=\"menu-item menu-item-type-post_type menu-item-object-page menu-item-top-level menu-item-top-level-2\"><a href=\"https:\/\/museodelacharreria.org.mx\/it\/historia\/siglo-xvii\/\" itemprop=\"url\" tabindex=\"0\"><span class=\"avia-bullet\"><\/span><span class=\"avia-menu-text\">XVII SECOLO<\/span><span class=\"avia-menu-fx\"><span class=\"avia-arrow-wrap\"><span class=\"avia-arrow\"><\/span><\/span><\/span><\/a><\/li>\n<li role=\"menuitem\" id=\"menu-item-1809\" class=\"menu-item menu-item-type-post_type menu-item-object-page menu-item-top-level menu-item-top-level-3\"><a href=\"https:\/\/museodelacharreria.org.mx\/it\/historia\/siglo-xviii\/\" itemprop=\"url\" tabindex=\"0\"><span class=\"avia-bullet\"><\/span><span class=\"avia-menu-text\">18\u00b0 SECOLO<\/span><span class=\"avia-menu-fx\"><span class=\"avia-arrow-wrap\"><span class=\"avia-arrow\"><\/span><\/span><\/span><\/a><\/li>\n<li role=\"menuitem\" id=\"menu-item-1818\" class=\"menu-item menu-item-type-post_type menu-item-object-page menu-item-top-level menu-item-top-level-4\"><a href=\"https:\/\/museodelacharreria.org.mx\/it\/historia\/siglo-xix\/\" itemprop=\"url\" tabindex=\"0\"><span class=\"avia-bullet\"><\/span><span class=\"avia-menu-text\">XIX SECOLO<\/span><span class=\"avia-menu-fx\"><span class=\"avia-arrow-wrap\"><span class=\"avia-arrow\"><\/span><\/span><\/span><\/a><\/li>\n<li role=\"menuitem\" id=\"menu-item-1840\" class=\"menu-item menu-item-type-post_type menu-item-object-page menu-item-top-level menu-item-top-level-5\"><a href=\"https:\/\/museodelacharreria.org.mx\/it\/historia\/siglo-xx\/\" itemprop=\"url\" tabindex=\"0\"><span class=\"avia-bullet\"><\/span><span class=\"avia-menu-text\">20\u00b0 SECOLO<\/span><span class=\"avia-menu-fx\"><span class=\"avia-arrow-wrap\"><span class=\"avia-arrow\"><\/span><\/span><\/span><\/a><\/li>\n<li role=\"menuitem\" id=\"menu-item-1863\" class=\"menu-item menu-item-type-post_type menu-item-object-page menu-item-top-level menu-item-top-level-6\"><a href=\"https:\/\/museodelacharreria.org.mx\/it\/historia\/siglo-xxi\/\" itemprop=\"url\" tabindex=\"0\"><span class=\"avia-bullet\"><\/span><span class=\"avia-menu-text\">21\u00b0 SECOLO<\/span><span class=\"avia-menu-fx\"><span class=\"avia-arrow-wrap\"><span class=\"avia-arrow\"><\/span><\/span><\/span><\/a><\/li>\n<\/ul><\/div><\/div><div class='sticky_placeholder'><\/div><div id='after_submenu_1'  class='main_color av_default_container_wrap container_wrap fullsize'  ><div class='container av-section-cont-open' ><div class='template-page content  av-content-full alpha units'><div class='post-entry post-entry-type-page post-entry-1860'><div class='entry-content-wrapper clearfix'><\/p>\n\n<style type=\"text\/css\" data-created_by=\"avia_inline_auto\" id=\"style-css-av-lnapyhdx-b289005ca77e5017eff9eca400f12de3\">\n#top .flex_column.av-lnapyhdx-b289005ca77e5017eff9eca400f12de3{\nmargin-top:-7%;\nmargin-bottom:0px;\n}\n.flex_column.av-lnapyhdx-b289005ca77e5017eff9eca400f12de3{\npadding:5% 5% 5% 5%;\nbackground-color:rgba(10,10,10,0.48);\n}\n.responsive #top #wrap_all .flex_column.av-lnapyhdx-b289005ca77e5017eff9eca400f12de3{\nmargin-top:-7%;\nmargin-bottom:0px;\n}\n<\/style>\n<div  class='flex_column av-lnapyhdx-b289005ca77e5017eff9eca400f12de3 av_one_full  avia-builder-el-2  el_after_av_submenu  avia-builder-el-no-sibling  first flex_column_div'     ><p>\n<style type=\"text\/css\" data-created_by=\"avia_inline_auto\" id=\"style-css-av-lnap3288-949d34600aa6c8a0b4b5ac9f23fb7c57\">\n#top .av-special-heading.av-lnap3288-949d34600aa6c8a0b4b5ac9f23fb7c57{\npadding-bottom:10px;\n}\nbody .av-special-heading.av-lnap3288-949d34600aa6c8a0b4b5ac9f23fb7c57 .av-special-heading-tag .heading-char{\nfont-size:25px;\n}\n.av-special-heading.av-lnap3288-949d34600aa6c8a0b4b5ac9f23fb7c57 .av-subheading{\nfont-size:15px;\n}\n<\/style>\n<div  class='av-special-heading av-lnap3288-949d34600aa6c8a0b4b5ac9f23fb7c57 av-special-heading-h2 blockquote modern-quote modern-centered  avia-builder-el-3  el_before_av_textblock  avia-builder-el-first'><h2 class='av-special-heading-tag'  itemprop=\"headline\"  >21\u00b0 SECOLO<\/h2><div class='av-subheading av-subheading_below'><p>L'evoluzione della Charreria nella storia del Messico<\/p>\n<\/div><div class=\"special-heading-border\"><div class=\"special-heading-inner-border\"><\/div><\/div><\/div><br \/>\n<section  class='av_textblock_section av-lnap26cr-22bc630749eb84fff7f01f2c3751306f'   itemscope=\"itemscope\" itemtype=\"https:\/\/schema.org\/CreativeWork\" ><div class='avia_textblock'  itemprop=\"text\" ><p>All'inizio del XXI secolo, la Federazione ha compiuto 67 anni, durante i quali si sono succeduti 27 Presidenti del Consiglio di Amministrazione Nazionale, la cui carica, eletta democraticamente, dura 4 anni. Nel 2001, l'attuale Presidente era Jorge Octavio Rivera Casta\u00f1eda, che \u00e8 stato in carica dal 2000 al 2004.<\/p>\n<p>Nel 2001 si \u00e8 svolta la cinquantasettesima edizione (LVII) del Congresso e Campionato Nazionale Charro, il massimo evento sportivo della charreria. Per raggiungere il campionato nazionale, ci sono turni di qualificazione in tutti i 32 Stati messicani e in circa 14-16 Stati degli Stati Uniti d'America.<\/p>\n<p>Nel 2016 la Charrer\u00eda messicana \u00e8 stata dichiarata Patrimonio Immateriale dell'Umanit\u00e0 dall'UNESCO. La dichiarazione afferma quanto segue: \"Charreria, tradizione equestre in Messico. Iscritta nel 2016 (11.COM) nella Lista Rappresentativa del Patrimonio Culturale Immateriale dell'Umanit\u00e0\".<\/p>\n<p style=\"text-align: center;\"><strong>L'ERA DIGITALE<\/strong><\/p>\n<p>L'Era Digitale nella charrer\u00eda consiste in una serie di pietre miliari in cui il nostro sport ha riconquistato un grande pubblico attraverso nuovi canali di diffusione di massa: i social network. L'importanza dell'Era Digitale \u00e8 che il nostro sport nazionale viene diffuso attraverso i canali della Federazione direttamente all'utente finale. In questo modo, la charrer\u00eda gode di un pubblico in Messico, negli Stati Uniti e in tutto il mondo. Ecco perch\u00e9 questi fatti storici sono cos\u00ec rilevanti, come illustrato di seguito:<\/p>\n<ul>\n<li>La pagina Facebook della Federazione \u00e8 stata creata il 17 novembre 2012 e nel 2023 avr\u00e0 pi\u00f9 di 500.000 seguaci.<\/li>\n<li>Il 12 novembre 2017 abbiamo avuto la prima trasmissione in diretta del LXXIII Congreso y Campeonato Nacional Charro Hidalgo 2017, la cui finale ha superato le 100.000 visualizzazioni solo su YouTube.<\/li>\n<li>Nel 2020 la pandemia COVID-19 ha causato la cancellazione del Campionato Nazionale a Nayarit. Tuttavia, questo ha aumentato in modo significativo la portata e la penetrazione dei canali digitali, per cui la charrer\u00eda \u00e8 tornata pi\u00f9 forte che mai per il 2021.<\/li>\n<li>Il 21 novembre 2021, la finale del LXXVII Congreso y Campeonato Nacional Charro Aguascalientes 2021 ha superato le 175.000 visualizzazioni, accumulando 134.402 ore di trasmissione, con una permanenza media di 45:00 minuti solo su questo mezzo. Vale la pena notare che si tratta di famiglie composte in media da 4 persone, riunite davanti a un televisore per guardare l'evento.<\/li>\n<li>In altre categorie, la trentesima edizione del XXX Campeonato Nacional Infantil Juvenil y de Escaramuzas si terr\u00e0 ad Aguascalientes nel 2023, cos\u00ec come la trentesima edizione del XXX Campeonato Nacional de Charros Mayores a San Luis Potos\u00ed.<\/li>\n<\/ul>\n<p style=\"text-align: center;\"><strong>LE GRANDI ARENE SPORTIVE<\/strong><\/p>\n<p>Nel 2021, il Governatore di Aguascalientes, Lic. Martin Orozco, avvi\u00f2 l'ambizioso progetto del \"Poliforum Charro Isla San Marcos\", con un investimento dichiarato di oltre $319 milioni di pesos. Nello stesso anno, questo luogo \u00e8 stato inaugurato con il LXXVII Congreso y Campeonato Nacional Charro Aguascalientes 2021, generando un beneficio economico superiore a $600 milioni di pesos. Questo evento ha lasciato un messaggio chiaro: investire nella charrer\u00eda promette un significativo ritorno sull'investimento in futuro.<\/p>\n<p>Si prevede che altri governi statali riconosceranno il prezioso contributo sociale del nostro sport nazionale, sia per i benefici economici che genera sia per il suo ruolo nella conservazione della nostra ricchezza culturale, rafforzando cos\u00ec l'unit\u00e0 e il tessuto sociale.<\/p>\n<p>Un altro grande progetto d'investimento \u00e8 in arrivo nel 2024 con la <strong>Arena Potosi<\/strong>Il progetto, promosso dal Governatore Ricardo Gallardo Carmona, prevede un investimento di $481 milioni di pesos.<\/p>\n<p>L'era digitale e la redditivit\u00e0 dei progetti infrastrutturali di grandi dimensioni fanno ben sperare per il futuro della charreria messicana.<\/p>\n<\/div><\/section><\/p><\/div>","protected":false},"excerpt":{"rendered":"","protected":false},"author":2,"featured_media":1874,"parent":56,"menu_order":0,"comment_status":"closed","ping_status":"closed","template":"","meta":{"footnotes":""},"class_list":["post-1860","page","type-page","status-publish","has-post-thumbnail","hentry"],"yoast_head":"<!-- This site is optimized with the Yoast SEO plugin v27.4 - https:\/\/yoast.com\/product\/yoast-seo-wordpress\/ -->\n<title>SIGLO XXI - Museo de la Charrer\u00eda CDMX<\/title>\n<meta name=\"robots\" content=\"index, follow, max-snippet:-1, max-image-preview:large, max-video-preview:-1\" \/>\n<link rel=\"canonical\" href=\"https:\/\/museodelacharreria.org.mx\/it\/storia\/xxi-secolo\/\" \/>\n<meta property=\"og:locale\" content=\"it_IT\" \/>\n<meta property=\"og:type\" content=\"article\" \/>\n<meta property=\"og:title\" content=\"SIGLO XXI - Museo de la Charrer\u00eda CDMX\" \/>\n<meta property=\"og:url\" content=\"https:\/\/museodelacharreria.org.mx\/it\/storia\/xxi-secolo\/\" \/>\n<meta property=\"og:site_name\" content=\"Museo de la Charrer\u00eda CDMX\" \/>\n<meta property=\"article:modified_time\" content=\"2024-12-06T13:19:49+00:00\" \/>\n<meta property=\"og:image\" content=\"https:\/\/museodelacharreria.org.mx\/wp-content\/uploads\/2023\/10\/Arena-San-Marcos-Aguascalientes.jpeg\" \/>\n\t<meta property=\"og:image:width\" content=\"1280\" \/>\n\t<meta property=\"og:image:height\" content=\"853\" \/>\n\t<meta property=\"og:image:type\" content=\"image\/jpeg\" \/>\n<meta name=\"twitter:card\" content=\"summary_large_image\" \/>\n<meta name=\"twitter:label1\" content=\"Tempo di lettura stimato\" \/>\n\t<meta name=\"twitter:data1\" content=\"3 minuti\" \/>\n<script type=\"application\/ld+json\" class=\"yoast-schema-graph\">{\"@context\":\"https:\\\/\\\/schema.org\",\"@graph\":[{\"@type\":\"WebPage\",\"@id\":\"https:\\\/\\\/museodelacharreria.org.mx\\\/historia\\\/siglo-xxi\\\/\",\"url\":\"https:\\\/\\\/museodelacharreria.org.mx\\\/historia\\\/siglo-xxi\\\/\",\"name\":\"SIGLO XXI - Museo de la Charrer\u00eda CDMX\",\"isPartOf\":{\"@id\":\"https:\\\/\\\/museodelacharreria.org.mx\\\/#website\"},\"primaryImageOfPage\":{\"@id\":\"https:\\\/\\\/museodelacharreria.org.mx\\\/historia\\\/siglo-xxi\\\/#primaryimage\"},\"image\":{\"@id\":\"https:\\\/\\\/museodelacharreria.org.mx\\\/historia\\\/siglo-xxi\\\/#primaryimage\"},\"thumbnailUrl\":\"https:\\\/\\\/museodelacharreria.org.mx\\\/wp-content\\\/uploads\\\/2023\\\/10\\\/Arena-San-Marcos-Aguascalientes.jpeg\",\"datePublished\":\"2023-10-04T15:26:46+00:00\",\"dateModified\":\"2024-12-06T13:19:49+00:00\",\"breadcrumb\":{\"@id\":\"https:\\\/\\\/museodelacharreria.org.mx\\\/historia\\\/siglo-xxi\\\/#breadcrumb\"},\"inLanguage\":\"it-IT\",\"potentialAction\":[{\"@type\":\"ReadAction\",\"target\":[\"https:\\\/\\\/museodelacharreria.org.mx\\\/historia\\\/siglo-xxi\\\/\"]}]},{\"@type\":\"ImageObject\",\"inLanguage\":\"it-IT\",\"@id\":\"https:\\\/\\\/museodelacharreria.org.mx\\\/historia\\\/siglo-xxi\\\/#primaryimage\",\"url\":\"https:\\\/\\\/museodelacharreria.org.mx\\\/wp-content\\\/uploads\\\/2023\\\/10\\\/Arena-San-Marcos-Aguascalientes.jpeg\",\"contentUrl\":\"https:\\\/\\\/museodelacharreria.org.mx\\\/wp-content\\\/uploads\\\/2023\\\/10\\\/Arena-San-Marcos-Aguascalientes.jpeg\",\"width\":1280,\"height\":853},{\"@type\":\"BreadcrumbList\",\"@id\":\"https:\\\/\\\/museodelacharreria.org.mx\\\/historia\\\/siglo-xxi\\\/#breadcrumb\",\"itemListElement\":[{\"@type\":\"ListItem\",\"position\":1,\"name\":\"Portada\",\"item\":\"https:\\\/\\\/museodelacharreria.org.mx\\\/inicio\\\/\"},{\"@type\":\"ListItem\",\"position\":2,\"name\":\"HISTORIA\",\"item\":\"https:\\\/\\\/museodelacharreria.org.mx\\\/historia\\\/\"},{\"@type\":\"ListItem\",\"position\":3,\"name\":\"SIGLO XXI\"}]},{\"@type\":\"WebSite\",\"@id\":\"https:\\\/\\\/museodelacharreria.org.mx\\\/#website\",\"url\":\"https:\\\/\\\/museodelacharreria.org.mx\\\/\",\"name\":\"Museo de la Charrer\u00eda CDMX\",\"description\":\"Historia y tradici\u00f3n, patrimonio cultural inmaterial de la humanidad UNESCO\",\"publisher\":{\"@id\":\"https:\\\/\\\/museodelacharreria.org.mx\\\/#organization\"},\"potentialAction\":[{\"@type\":\"SearchAction\",\"target\":{\"@type\":\"EntryPoint\",\"urlTemplate\":\"https:\\\/\\\/museodelacharreria.org.mx\\\/?s={search_term_string}\"},\"query-input\":{\"@type\":\"PropertyValueSpecification\",\"valueRequired\":true,\"valueName\":\"search_term_string\"}}],\"inLanguage\":\"it-IT\"},{\"@type\":\"Organization\",\"@id\":\"https:\\\/\\\/museodelacharreria.org.mx\\\/#organization\",\"name\":\"Museo de la Charrer\u00eda Ciudad de M\u00e9xico\",\"alternateName\":\"Museo de la Charrer\u00eda CDMX\",\"url\":\"https:\\\/\\\/museodelacharreria.org.mx\\\/\",\"logo\":{\"@type\":\"ImageObject\",\"inLanguage\":\"it-IT\",\"@id\":\"https:\\\/\\\/museodelacharreria.org.mx\\\/#\\\/schema\\\/logo\\\/image\\\/\",\"url\":\"https:\\\/\\\/museodelacharreria.org.mx\\\/wp-content\\\/uploads\\\/2023\\\/07\\\/Logo-Museo-de-la-Charreria-b-n.png\",\"contentUrl\":\"https:\\\/\\\/museodelacharreria.org.mx\\\/wp-content\\\/uploads\\\/2023\\\/07\\\/Logo-Museo-de-la-Charreria-b-n.png\",\"width\":500,\"height\":250,\"caption\":\"Museo de la Charrer\u00eda Ciudad de M\u00e9xico\"},\"image\":{\"@id\":\"https:\\\/\\\/museodelacharreria.org.mx\\\/#\\\/schema\\\/logo\\\/image\\\/\"},\"sameAs\":[\"https:\\\/\\\/www.youtube.com\\\/@MuseoDeLaCharreria\"]}]}<\/script>\n<!-- \/ Yoast SEO plugin. -->","yoast_head_json":{"title":"SIGLO XXI - Museo della Charreria CDMX","robots":{"index":"index","follow":"follow","max-snippet":"max-snippet:-1","max-image-preview":"max-image-preview:large","max-video-preview":"max-video-preview:-1"},"canonical":"https:\/\/museodelacharreria.org.mx\/it\/storia\/xxi-secolo\/","og_locale":"it_IT","og_type":"article","og_title":"SIGLO XXI - Museo de la Charrer\u00eda CDMX","og_url":"https:\/\/museodelacharreria.org.mx\/it\/storia\/xxi-secolo\/","og_site_name":"Museo de la Charrer\u00eda CDMX","article_modified_time":"2024-12-06T13:19:49+00:00","og_image":[{"width":1280,"height":853,"url":"https:\/\/museodelacharreria.org.mx\/wp-content\/uploads\/2023\/10\/Arena-San-Marcos-Aguascalientes.jpeg","type":"image\/jpeg"}],"twitter_card":"summary_large_image","twitter_misc":{"Tempo di lettura stimato":"3 minuti"},"schema":{"@context":"https:\/\/schema.org","@graph":[{"@type":"WebPage","@id":"https:\/\/museodelacharreria.org.mx\/historia\/siglo-xxi\/","url":"https:\/\/museodelacharreria.org.mx\/historia\/siglo-xxi\/","name":"SIGLO XXI - Museo della Charreria CDMX","isPartOf":{"@id":"https:\/\/museodelacharreria.org.mx\/#website"},"primaryImageOfPage":{"@id":"https:\/\/museodelacharreria.org.mx\/historia\/siglo-xxi\/#primaryimage"},"image":{"@id":"https:\/\/museodelacharreria.org.mx\/historia\/siglo-xxi\/#primaryimage"},"thumbnailUrl":"https:\/\/museodelacharreria.org.mx\/wp-content\/uploads\/2023\/10\/Arena-San-Marcos-Aguascalientes.jpeg","datePublished":"2023-10-04T15:26:46+00:00","dateModified":"2024-12-06T13:19:49+00:00","breadcrumb":{"@id":"https:\/\/museodelacharreria.org.mx\/historia\/siglo-xxi\/#breadcrumb"},"inLanguage":"it-IT","potentialAction":[{"@type":"ReadAction","target":["https:\/\/museodelacharreria.org.mx\/historia\/siglo-xxi\/"]}]},{"@type":"ImageObject","inLanguage":"it-IT","@id":"https:\/\/museodelacharreria.org.mx\/historia\/siglo-xxi\/#primaryimage","url":"https:\/\/museodelacharreria.org.mx\/wp-content\/uploads\/2023\/10\/Arena-San-Marcos-Aguascalientes.jpeg","contentUrl":"https:\/\/museodelacharreria.org.mx\/wp-content\/uploads\/2023\/10\/Arena-San-Marcos-Aguascalientes.jpeg","width":1280,"height":853},{"@type":"BreadcrumbList","@id":"https:\/\/museodelacharreria.org.mx\/historia\/siglo-xxi\/#breadcrumb","itemListElement":[{"@type":"ListItem","position":1,"name":"Portada","item":"https:\/\/museodelacharreria.org.mx\/inicio\/"},{"@type":"ListItem","position":2,"name":"HISTORIA","item":"https:\/\/museodelacharreria.org.mx\/historia\/"},{"@type":"ListItem","position":3,"name":"SIGLO XXI"}]},{"@type":"WebSite","@id":"https:\/\/museodelacharreria.org.mx\/#website","url":"https:\/\/museodelacharreria.org.mx\/","name":"Museo della Charreria CDMX","description":"Storia e tradizione, patrimonio culturale immateriale dell'umanit\u00e0 UNESCO","publisher":{"@id":"https:\/\/museodelacharreria.org.mx\/#organization"},"potentialAction":[{"@type":"SearchAction","target":{"@type":"EntryPoint","urlTemplate":"https:\/\/museodelacharreria.org.mx\/?s={search_term_string}"},"query-input":{"@type":"PropertyValueSpecification","valueRequired":true,"valueName":"search_term_string"}}],"inLanguage":"it-IT"},{"@type":"Organization","@id":"https:\/\/museodelacharreria.org.mx\/#organization","name":"Museo della Charreria Citt\u00e0 del Messico","alternateName":"Museo de la Charrer\u00eda CDMX","url":"https:\/\/museodelacharreria.org.mx\/","logo":{"@type":"ImageObject","inLanguage":"it-IT","@id":"https:\/\/museodelacharreria.org.mx\/#\/schema\/logo\/image\/","url":"https:\/\/museodelacharreria.org.mx\/wp-content\/uploads\/2023\/07\/Logo-Museo-de-la-Charreria-b-n.png","contentUrl":"https:\/\/museodelacharreria.org.mx\/wp-content\/uploads\/2023\/07\/Logo-Museo-de-la-Charreria-b-n.png","width":500,"height":250,"caption":"Museo de la Charrer\u00eda Ciudad de M\u00e9xico"},"image":{"@id":"https:\/\/museodelacharreria.org.mx\/#\/schema\/logo\/image\/"},"sameAs":["https:\/\/www.youtube.com\/@MuseoDeLaCharreria"]}]}},"_links":{"self":[{"href":"https:\/\/museodelacharreria.org.mx\/it\/wp-json\/wp\/v2\/pages\/1860","targetHints":{"allow":["GET"]}}],"collection":[{"href":"https:\/\/museodelacharreria.org.mx\/it\/wp-json\/wp\/v2\/pages"}],"about":[{"href":"https:\/\/museodelacharreria.org.mx\/it\/wp-json\/wp\/v2\/types\/page"}],"author":[{"embeddable":true,"href":"https:\/\/museodelacharreria.org.mx\/it\/wp-json\/wp\/v2\/users\/2"}],"replies":[{"embeddable":true,"href":"https:\/\/museodelacharreria.org.mx\/it\/wp-json\/wp\/v2\/comments?post=1860"}],"version-history":[{"count":16,"href":"https:\/\/museodelacharreria.org.mx\/it\/wp-json\/wp\/v2\/pages\/1860\/revisions"}],"predecessor-version":[{"id":3996,"href":"https:\/\/museodelacharreria.org.mx\/it\/wp-json\/wp\/v2\/pages\/1860\/revisions\/3996"}],"up":[{"embeddable":true,"href":"https:\/\/museodelacharreria.org.mx\/it\/wp-json\/wp\/v2\/pages\/56"}],"wp:featuredmedia":[{"embeddable":true,"href":"https:\/\/museodelacharreria.org.mx\/it\/wp-json\/wp\/v2\/media\/1874"}],"wp:attachment":[{"href":"https:\/\/museodelacharreria.org.mx\/it\/wp-json\/wp\/v2\/media?parent=1860"}],"curies":[{"name":"wp","href":"https:\/\/api.w.org\/{rel}","templated":true}]}}