{"id":1717,"date":"2023-10-03T22:25:01","date_gmt":"2023-10-03T22:25:01","guid":{"rendered":"https:\/\/museodelacharreria.org.mx\/?page_id=1717"},"modified":"2024-12-06T07:16:19","modified_gmt":"2024-12-06T13:16:19","slug":"16%e4%b8%96%e7%b4%80","status":"publish","type":"page","link":"https:\/\/museodelacharreria.org.mx\/ja\/historia\/siglo-xvi\/","title":{"rendered":"16\u4e16\u7d00"},"content":{"rendered":"<style type=\"text\/css\" data-created_by=\"avia_inline_auto\" id=\"style-css-av-2xkel7-efd690b0cbd67a9e0715bb26ce8e1cdb\">\n.avia-section.av-2xkel7-efd690b0cbd67a9e0715bb26ce8e1cdb{\nbackground-repeat:no-repeat;\nbackground-image:url(https:\/\/museodelacharreria.org.mx\/wp-content\/uploads\/2023\/10\/Conquista-de-Mexico-por-Cortes-Tenochtitlan-Painting-1.png);\nbackground-position:50% 0%;\nbackground-attachment:scroll;\nmargin-top:0px;\nmargin-bottom:0px;\n}\n<\/style>\n<div id='av_section_1'  class='avia-section av-2xkel7-efd690b0cbd67a9e0715bb26ce8e1cdb main_color avia-section-default avia-no-border-styling  avia-builder-el-0  el_before_av_submenu  avia-builder-el-first  avia-full-stretch avia-bg-style-scroll av-minimum-height av-minimum-height-60 av-height-percent  container_wrap fullsize'  data-section-bg-repeat='stretch' data-av_minimum_height_pc='60' data-av_min_height_opt='percent'><div class='container av-section-cont-open' ><main  role=\"main\" itemprop=\"mainContentOfPage\"  class='template-page content  av-content-full alpha units'><div class='post-entry post-entry-type-page post-entry-1717'><div class='entry-content-wrapper clearfix'>\n\n<style type=\"text\/css\" data-created_by=\"avia_inline_auto\" id=\"style-css-av-lo6ebcsz-fb73a2bdd8f7b191d794ed1e87211697\">\n.av_font_icon.av-lo6ebcsz-fb73a2bdd8f7b191d794ed1e87211697 .av-icon-char{\nfont-size:20px;\nline-height:20px;\n}\n<\/style>\n<span  class='av_font_icon av-lo6ebcsz-fb73a2bdd8f7b191d794ed1e87211697 avia_animate_when_visible av-icon-style- avia-icon-pos-right av-no-color avia-icon-animate'><span class='av-icon-char' aria-hidden='true' data-av_icon='\ue8e7' data-av_iconfont='entypo-fontello' data-avia-icon-tooltip=\"Imagen: La Conquista de Me\u0301xico por Corte\u0301s Tenochtitl\u00e1n &amp;#8211; Pintura &amp;#8211; Autor An\u00f3nimo &amp;#8211; Wikimedia Commons &amp;#8211; Dominio P\u00fablico&lt;br \/&gt;\"><\/span><\/span>\n<\/div><\/div><\/main><!-- close content main element --><\/div><\/div><div class='clear'><\/div><div id='sub_menu1'  class='av-submenu-container av-5syjid-20cc2c243a2f2778b0c5c3a1afbb5dc1 main_color  avia-builder-el-2  el_after_av_section  el_before_av_one_full  av-sticky-submenu submenu-not-first container_wrap fullsize' style='z-index:301' ><div class='container av-menu-mobile-disabled av-submenu-pos-center'><ul id=\"menu-historia\" class=\"av-subnav-menu\" role=\"menu\"><li role=\"menuitem\" id=\"menu-item-1778\" class=\"menu-item menu-item-type-post_type menu-item-object-page menu-item-top-level menu-item-top-level-1\"><a href=\"https:\/\/museodelacharreria.org.mx\/ja\/historia\/siglo-xvi\/\" itemprop=\"url\" tabindex=\"0\"><span class=\"avia-bullet\"><\/span><span class=\"avia-menu-text\">16\u4e16\u7d00<\/span><span class=\"avia-menu-fx\"><span class=\"avia-arrow-wrap\"><span class=\"avia-arrow\"><\/span><\/span><\/span><\/a><\/li>\n<li role=\"menuitem\" id=\"menu-item-1797\" class=\"menu-item menu-item-type-post_type menu-item-object-page menu-item-top-level menu-item-top-level-2\"><a href=\"https:\/\/museodelacharreria.org.mx\/ja\/historia\/siglo-xvii\/\" itemprop=\"url\" tabindex=\"0\"><span class=\"avia-bullet\"><\/span><span class=\"avia-menu-text\">17\u4e16\u7d00<\/span><span class=\"avia-menu-fx\"><span class=\"avia-arrow-wrap\"><span class=\"avia-arrow\"><\/span><\/span><\/span><\/a><\/li>\n<li role=\"menuitem\" id=\"menu-item-1809\" class=\"menu-item menu-item-type-post_type menu-item-object-page menu-item-top-level menu-item-top-level-3\"><a href=\"https:\/\/museodelacharreria.org.mx\/ja\/historia\/siglo-xviii\/\" itemprop=\"url\" tabindex=\"0\"><span class=\"avia-bullet\"><\/span><span class=\"avia-menu-text\">18\u4e16\u7d00<\/span><span class=\"avia-menu-fx\"><span class=\"avia-arrow-wrap\"><span class=\"avia-arrow\"><\/span><\/span><\/span><\/a><\/li>\n<li role=\"menuitem\" id=\"menu-item-1818\" class=\"menu-item menu-item-type-post_type menu-item-object-page menu-item-top-level menu-item-top-level-4\"><a href=\"https:\/\/museodelacharreria.org.mx\/ja\/historia\/siglo-xix\/\" itemprop=\"url\" tabindex=\"0\"><span class=\"avia-bullet\"><\/span><span class=\"avia-menu-text\">19\u4e16\u7d00<\/span><span class=\"avia-menu-fx\"><span class=\"avia-arrow-wrap\"><span class=\"avia-arrow\"><\/span><\/span><\/span><\/a><\/li>\n<li role=\"menuitem\" id=\"menu-item-1840\" class=\"menu-item menu-item-type-post_type menu-item-object-page menu-item-top-level menu-item-top-level-5\"><a href=\"https:\/\/museodelacharreria.org.mx\/ja\/historia\/siglo-xx\/\" itemprop=\"url\" tabindex=\"0\"><span class=\"avia-bullet\"><\/span><span class=\"avia-menu-text\">20\u4e16\u7d00<\/span><span class=\"avia-menu-fx\"><span class=\"avia-arrow-wrap\"><span class=\"avia-arrow\"><\/span><\/span><\/span><\/a><\/li>\n<li role=\"menuitem\" id=\"menu-item-1863\" class=\"menu-item menu-item-type-post_type menu-item-object-page menu-item-top-level menu-item-top-level-6\"><a href=\"https:\/\/museodelacharreria.org.mx\/ja\/historia\/siglo-xxi\/\" itemprop=\"url\" tabindex=\"0\"><span class=\"avia-bullet\"><\/span><span class=\"avia-menu-text\">21\u4e16\u7d00<\/span><span class=\"avia-menu-fx\"><span class=\"avia-arrow-wrap\"><span class=\"avia-arrow\"><\/span><\/span><\/span><\/a><\/li>\n<\/ul><\/div><\/div><div class='sticky_placeholder'><\/div><div id='after_submenu_1'  class='main_color av_default_container_wrap container_wrap fullsize'  ><div class='container av-section-cont-open' ><div class='template-page content  av-content-full alpha units'><div class='post-entry post-entry-type-page post-entry-1717'><div class='entry-content-wrapper clearfix'><\/p>\n\n<style type=\"text\/css\" data-created_by=\"avia_inline_auto\" id=\"style-css-av-lnapyhdx-b289005ca77e5017eff9eca400f12de3\">\n#top .flex_column.av-lnapyhdx-b289005ca77e5017eff9eca400f12de3{\nmargin-top:-7%;\nmargin-bottom:0px;\n}\n.flex_column.av-lnapyhdx-b289005ca77e5017eff9eca400f12de3{\npadding:5% 5% 5% 5%;\nbackground-color:rgba(10,10,10,0.48);\n}\n.responsive #top #wrap_all .flex_column.av-lnapyhdx-b289005ca77e5017eff9eca400f12de3{\nmargin-top:-7%;\nmargin-bottom:0px;\n}\n<\/style>\n<div  class='flex_column av-lnapyhdx-b289005ca77e5017eff9eca400f12de3 av_one_full  avia-builder-el-3  el_after_av_submenu  avia-builder-el-no-sibling  first flex_column_div'     ><p>\n<style type=\"text\/css\" data-created_by=\"avia_inline_auto\" id=\"style-css-av-lnap3288-1a7a4689fa204605fa70295bc8423f2c\">\n#top .av-special-heading.av-lnap3288-1a7a4689fa204605fa70295bc8423f2c{\npadding-bottom:10px;\n}\nbody .av-special-heading.av-lnap3288-1a7a4689fa204605fa70295bc8423f2c .av-special-heading-tag .heading-char{\nfont-size:25px;\n}\n.av-special-heading.av-lnap3288-1a7a4689fa204605fa70295bc8423f2c .av-subheading{\nfont-size:15px;\n}\n<\/style>\n<div  class='av-special-heading av-lnap3288-1a7a4689fa204605fa70295bc8423f2c av-special-heading-h2 blockquote modern-quote modern-centered  avia-builder-el-4  el_before_av_textblock  avia-builder-el-first'><h2 class='av-special-heading-tag'  itemprop=\"headline\"  >16\u4e16\u7d00<\/h2><div class='av-subheading av-subheading_below'><p>\u30e1\u30ad\u30b7\u30b3\u53f2\u306b\u304a\u3051\u308b\u30c1\u30e3\u30ec\u30ea\u30a2\u306e\u9032\u5316<\/p>\n<\/div><div class=\"special-heading-border\"><div class=\"special-heading-inner-border\"><\/div><\/div><\/div><br \/>\n<section  class='av_textblock_section av-lnap26cr-22bc630749eb84fff7f01f2c3751306f'   itemscope=\"itemscope\" itemtype=\"https:\/\/schema.org\/CreativeWork\" ><div class='avia_textblock'  itemprop=\"text\" ><p>\u99ac\u8853\u306e\u4f1d\u7d71\u3068\u3057\u3066\u306e\u30c1\u30e3\u30ec\u30ea\u30a2\u306e\u8d77\u6e90\u306f\u3001\u5f81\u670d\u306e\u969b\u306b\u30e1\u30ad\u30b7\u30b3\u306b\u521d\u3081\u3066\u99ac\u304c\u3084\u3063\u3066\u304d\u305f\u3053\u3068\u306b\u3042\u308b\u3002<\/p>\n<blockquote>\n<p><em>\u300c\u30e1\u30ad\u30b7\u30b3\u5f81\u670d\u306e\u6069\u4eba\u306f\u795e\u306e\u6b21\u306b\u99ac\u3067\u3042\u308b\u300d\u30d9\u30eb\u30ca\u30eb\u30fb\u30c7\u30a3\u30a2\u30b9\u30fb\u30c7\u30eb\u30fb\u30ab\u30b9\u30c6\u30a3\u30fc\u30ea\u30e7 \"Historia verdadera de la conquista de Nueva Espa\u00f1a\"\uff08\u30cc\u30a8\u30d0\u30fb\u30a8\u30b9\u30d1\u30fc\u30cb\u30e3\u5f81\u670d\u306e\u771f\u5b9f\u306e\u6b74\u53f2\uff09\u3001<\/em><\/p>\n<\/blockquote>\n<p>\u690d\u6c11\u5730\u751f\u6d3b\u306e\u6700\u521d\u306e\u6570\u5e74\u9593\u3067\u3001\u30a2\u30b9\u30c6\u30ab\u5e1d\u56fd\u306e\u6b8b\u9ab8\u306f\u53d6\u308a\u58ca\u3055\u308c\u305f\u3002\u30ab\u30b9\u30c6\u30a3\u30fc\u30ea\u30e3\u4eba\u306e\u5c45\u57ce\u3068\u306a\u308b\u65b0\u90fd\u5e02\u306e\u5efa\u8a2d\u304c\u3001\u305d\u306e\u571f\u5730\u3067\u59cb\u307e\u3063\u305f\u3002\u6751\u3068\u30a4\u30f3\u30c7\u30a3\u30aa\u306f\u3001\u65b0\u30b9\u30da\u30a4\u30f3\u3092\u5efa\u8a2d\u3059\u308b\u7fa9\u52d9\u3092\u8ca0\u3063\u305f\u30b9\u30da\u30a4\u30f3\u5175\u4e00\u4eba\u4e00\u4eba\u306b\u30a2\u30f3\u30b3\u30df\u30a8\u30f3\u30c0\u3068\u3057\u3066\u5206\u914d\u3055\u308c\u305f\u3002<\/p>\n<p>\u3053\u3046\u3057\u3066\u30a4\u30f3\u30c7\u30a3\u30a2\u30f3\u81ea\u8eab\u304c\u72a0\u7272\u3068\u306a\u308a\u3001\u307e\u308b\u3067\u9b54\u6cd5\u306b\u304b\u3051\u3089\u308c\u305f\u304b\u306e\u3088\u3046\u306b\u90fd\u5e02\u304c\u6804\u3048\u3001\u4e00\u65b9\u3001\u6557\u308c\u305f\u30a4\u30f3\u30c7\u30a3\u30a2\u30f3\u306f\u3001\u3059\u3079\u3066\u306e\u771f\u306e\u652f\u914d\u8005\u3067\u3042\u308a\u306a\u304c\u3089\u3001\u904e\u53bb\u306e\u6804\u5149\u306e\u8a18\u61b6\u3092\u80f8\u306b\u3001\u4e00\u7247\u306e\u571f\u5730\u3092\u9ed9\u3005\u3068\u8015\u3057\u3066\u3044\u305f\u3002<\/p>\n<p>\u30b9\u30da\u30a4\u30f3\u4eba\u306f\u3001\u3053\u306e\u52c7\u6562\u3067\u4e0d\u5c48\u306e\u6c11\u306e\u53cd\u4e71\u3092\u6050\u308c\u3001\u6b7b\u5211\u3068\u7269\u54c1\u6ca1\u53ce\u306e\u7f70\u5247\u3092\u79d1\u3057\u3066\u3001\u99ac\u306b\u4e57\u308b\u3053\u3068\u3092\u660e\u78ba\u306b\u7981\u6b62\u3057\u305f\uff081530\u5e747\u670812\u65e5\u3001\u30de\u30c9\u30ea\u30fc\u30c9\u3067\u306e\u7b2c2\u56de\u8b01\u898b\u306b\u3088\u308b\u6307\u793a\u3001\u6cd5\u5f8b\u7b2c33\u53f7\u3001\u7b2c6\u5dfb\u3001\u30bf\u30a4\u30c8\u30eb1\uff09\u3002<img loading=\"lazy\" decoding=\"async\" class=\"size-medium wp-image-1792 alignright\" src=\"https:\/\/museodelacharreria.org.mx\/wp-content\/uploads\/2023\/10\/pngwing.com_-400x400.png\" alt=\"\" width=\"400\" height=\"400\" srcset=\"https:\/\/museodelacharreria.org.mx\/wp-content\/uploads\/2023\/10\/pngwing.com_-400x400.png 400w, https:\/\/museodelacharreria.org.mx\/wp-content\/uploads\/2023\/10\/pngwing.com_-100x100.png 100w, https:\/\/museodelacharreria.org.mx\/wp-content\/uploads\/2023\/10\/pngwing.com_-768x768.png 768w, https:\/\/museodelacharreria.org.mx\/wp-content\/uploads\/2023\/10\/pngwing.com_-36x36.png 36w, https:\/\/museodelacharreria.org.mx\/wp-content\/uploads\/2023\/10\/pngwing.com_-180x180.png 180w, https:\/\/museodelacharreria.org.mx\/wp-content\/uploads\/2023\/10\/pngwing.com_-705x705.png 705w, https:\/\/museodelacharreria.org.mx\/wp-content\/uploads\/2023\/10\/pngwing.com_.png 850w\" sizes=\"auto, (max-width: 400px) 100vw, 400px\" \/><\/p>\n<p>\u5165\u690d\u8005\u3068\u4fee\u9053\u58eb\u304c\u5230\u7740\u3057\u3001\u65b0\u3057\u3044\u6587\u5316\u3092\u62bc\u3057\u4ed8\u3051\u305f\u3002\u5168\u304f\u7570\u306a\u308b2\u3064\u306e\u4e16\u754c\u306e\u6b8b\u9177\u306a\u885d\u7a81\u306e\u4e2d\u3067\u3001\u591a\u304f\u306e\u5148\u30b9\u30da\u30a4\u30f3\u7684\u8981\u7d20\u306f\u6d88\u3048\u3066\u3044\u3063\u305f\u3002\u4e00\u90e8\u306f\u751f\u304d\u6b8b\u308a\u3001\u30b3\u30f3\u30ad\u30b9\u30bf\u30c9\u30fc\u30eb\u304c\u3082\u305f\u3089\u3057\u305f\u3082\u306e\u3068\u878d\u5408\u3057\u3001\u8c4a\u304b\u3067\u591a\u69d8\u306a\u30e1\u30b9\u30c6\u30a3\u30b5\u30d8\u304c\u8a95\u751f\u3057\u305f\u3002<\/p>\n<p>1531\u5e74\u306b\u306f\u3001\u30dd\u30eb\u30c8\u30ac\u30eb\u4eba\u4fee\u9053\u58eb\u30da\u30c9\u30ed\u30fb\u30d0\u30ea\u30a8\u30f3\u30c8\u30b9\u304c\u3001\u99ac\u306e\u98fc\u80b2\u3068\u4fdd\u8b77\u3001\u99ac\u3092\u624b\u306a\u305a\u3051\u3066\u88f8\u99ac\u3067\u8d70\u3089\u305b\u308b\u6280\u8853\u3001\u7e04\u3068\u67f5\u3092\u4f7f\u3063\u305f\u99ac\u8853\u3092\u6559\u3048\u305f\u3002<\/p>\n<p>1535\u5e74\u3001\u4fee\u9053\u58eb\u3067\u3042\u308a\u8056\u4eba\u3067\u3042\u3063\u305f\u30bb\u30d0\u30b9\u30c6\u30a3\u30a2\u30f3\u30fb\u30c7\u30fb\u30a2\u30d1\u30ea\u30b7\u30aa\u306f\u3001\u5175\u58eb\u306b\u30a2\u30e1\u30ea\u30ab\u521d\u306e\u8eca\u8f2a\u3068\u8377\u8eca\u3092\u4f5c\u3089\u305b\u308b\u3053\u3068\u306b\u6210\u529f\u3057\u305f\u3002\u5f7c\u306f\u3001\u5bb6\u755c\u3092\u98fc\u3044\u306a\u3089\u3057\u3001\u978d\u306e\u305f\u3081\u306b\u7363\u3092\u98fc\u3046\u3068\u3044\u3046\u56f0\u96e3\u306a\u4f5c\u696d\u306b\u304a\u3044\u3066\u3001\u5148\u4f4f\u6c11\u306e\u6307\u5c0e\u8005\u3067\u3042\u308a\u30ac\u30a4\u30c9\u3067\u3042\u3063\u305f\u3002<\/p>\n<p>\u521d\u4ee3\u7dcf\u7763\u30c9\u30f3\u30fb\u30a2\u30f3\u30c8\u30cb\u30aa\u30fb\u30c7\u30fb\u30e1\u30f3\u30c9\u30fc\u30b5\u306f\u3001\u4e00\u90e8\u306e\u5bb6\u81e3\u3084\u540c\u76df\u56fd\u306b\u4e57\u99ac\u3092\u8a31\u53ef\u3057\u305f\u30022\u4ee3\u76ee\u7dcf\u7763\u30c9\u30f3\u30fb\u30eb\u30a4\u30b9\u30fb\u30c7\u30fb\u30d9\u30e9\u30b9\u30b3\u306e\u6642\u4ee3\u306b\u306f\u3001\u30b9\u30da\u30a4\u30f3\u4eba\u3068\u533a\u5225\u3059\u308b\u305f\u3081\u306b\u30ab\u30b7\u30df\u30fc\u30eb\u3067\u306f\u306a\u304f\u9769\u306e\u670d\u3092\u7740\u308b\u3068\u3044\u3046\u6761\u4ef6\u3067\u3001\u30a4\u30f3\u30c7\u30a3\u30aa\u3068\u30e1\u30b9\u30c6\u30a3\u30fc\u30bd\u306b\u4e57\u99ac\u304c\u8a31\u53ef\u3055\u308c\u305f\u3002<\/p>\n<p>1551\u5e74\u3001\u30c9\u30f3\u30fb\u30eb\u30a4\u30b9\u30fb\u30c7\u30fb\u30d9\u30e9\u30b9\u30b3\u306f\u3001\u300c300\u982d\u4ee5\u4e0a\u306e\u725b\u3092\u6240\u6709\u3059\u308b\u30a8\u30eb\u30de\u30ce\u30b9\u30fb\u30c7\u30fb\u30e9\u30fb\u30e1\u30b9\u30bf\u300d\u3068\u547c\u3070\u308c\u308b\u7267\u755c\u696d\u8005\u305f\u3061\u306e\u6d3b\u52d5\u3092\u7d44\u7e54\u5316\u3059\u308b\u3088\u3046\u547d\u3058\u3001\u30cb\u30e5\u30fc\u30fb\u30b9\u30da\u30a4\u30f3\u5404\u5730\u306b\u7d44\u7e54\u3055\u308c\u305f\u30021574\u5e74\u3001\u65b0\u3057\u3044\u6761\u4f8b\u304c\u627f\u8a8d\u3055\u308c\u30011631\u5e74\u306b\u306f\u3001\u30ed\u30c7\u30aa\u3068\u8e44\u9244\u6253\u3061\u3092\u898f\u5236\u3059\u308b\u6761\u4f8b\u304c\u627f\u8a8d\u3055\u308c\u305f\u3002<\/p>\n<\/div><\/section><\/p><\/div>","protected":false},"excerpt":{"rendered":"","protected":false},"author":2,"featured_media":1948,"parent":56,"menu_order":0,"comment_status":"closed","ping_status":"closed","template":"","meta":{"footnotes":""},"class_list":["post-1717","page","type-page","status-publish","has-post-thumbnail","hentry"],"yoast_head":"<!-- This site is optimized with the Yoast SEO plugin v27.4 - https:\/\/yoast.com\/product\/yoast-seo-wordpress\/ -->\n<title>SIGLO XVI - Museo de la Charrer\u00eda CDMX<\/title>\n<meta name=\"robots\" content=\"index, follow, max-snippet:-1, max-image-preview:large, max-video-preview:-1\" \/>\n<link rel=\"canonical\" href=\"https:\/\/museodelacharreria.org.mx\/ja\/\u6b74\u53f2\/16\u4e16\u7d00\/\" \/>\n<meta property=\"og:locale\" content=\"ja_JP\" \/>\n<meta property=\"og:type\" content=\"article\" \/>\n<meta property=\"og:title\" content=\"SIGLO XVI - Museo de la Charrer\u00eda CDMX\" \/>\n<meta property=\"og:url\" content=\"https:\/\/museodelacharreria.org.mx\/ja\/\u6b74\u53f2\/16\u4e16\u7d00\/\" \/>\n<meta property=\"og:site_name\" content=\"Museo de la Charrer\u00eda CDMX\" \/>\n<meta property=\"article:modified_time\" content=\"2024-12-06T13:16:19+00:00\" \/>\n<meta property=\"og:image\" content=\"https:\/\/museodelacharreria.org.mx\/wp-content\/uploads\/2023\/10\/Conquista-de-Mexico-por-Cortes-Tenochtitlan-Painting-1.png\" \/>\n\t<meta property=\"og:image:width\" content=\"1500\" \/>\n\t<meta property=\"og:image:height\" content=\"998\" \/>\n\t<meta property=\"og:image:type\" content=\"image\/png\" \/>\n<meta name=\"twitter:card\" content=\"summary_large_image\" \/>\n<meta name=\"twitter:label1\" content=\"\u63a8\u5b9a\u8aad\u307f\u53d6\u308a\u6642\u9593\" \/>\n\t<meta name=\"twitter:data1\" content=\"3\u5206\" \/>\n<script type=\"application\/ld+json\" class=\"yoast-schema-graph\">{\"@context\":\"https:\\\/\\\/schema.org\",\"@graph\":[{\"@type\":\"WebPage\",\"@id\":\"https:\\\/\\\/museodelacharreria.org.mx\\\/historia\\\/siglo-xvi\\\/\",\"url\":\"https:\\\/\\\/museodelacharreria.org.mx\\\/historia\\\/siglo-xvi\\\/\",\"name\":\"SIGLO XVI - Museo de la Charrer\u00eda CDMX\",\"isPartOf\":{\"@id\":\"https:\\\/\\\/museodelacharreria.org.mx\\\/#website\"},\"primaryImageOfPage\":{\"@id\":\"https:\\\/\\\/museodelacharreria.org.mx\\\/historia\\\/siglo-xvi\\\/#primaryimage\"},\"image\":{\"@id\":\"https:\\\/\\\/museodelacharreria.org.mx\\\/historia\\\/siglo-xvi\\\/#primaryimage\"},\"thumbnailUrl\":\"https:\\\/\\\/museodelacharreria.org.mx\\\/wp-content\\\/uploads\\\/2023\\\/10\\\/Conquista-de-Mexico-por-Cortes-Tenochtitlan-Painting-1.png\",\"datePublished\":\"2023-10-03T22:25:01+00:00\",\"dateModified\":\"2024-12-06T13:16:19+00:00\",\"breadcrumb\":{\"@id\":\"https:\\\/\\\/museodelacharreria.org.mx\\\/historia\\\/siglo-xvi\\\/#breadcrumb\"},\"inLanguage\":\"ja\",\"potentialAction\":[{\"@type\":\"ReadAction\",\"target\":[\"https:\\\/\\\/museodelacharreria.org.mx\\\/historia\\\/siglo-xvi\\\/\"]}]},{\"@type\":\"ImageObject\",\"inLanguage\":\"ja\",\"@id\":\"https:\\\/\\\/museodelacharreria.org.mx\\\/historia\\\/siglo-xvi\\\/#primaryimage\",\"url\":\"https:\\\/\\\/museodelacharreria.org.mx\\\/wp-content\\\/uploads\\\/2023\\\/10\\\/Conquista-de-Mexico-por-Cortes-Tenochtitlan-Painting-1.png\",\"contentUrl\":\"https:\\\/\\\/museodelacharreria.org.mx\\\/wp-content\\\/uploads\\\/2023\\\/10\\\/Conquista-de-Mexico-por-Cortes-Tenochtitlan-Painting-1.png\",\"width\":1920,\"height\":1277,\"caption\":\"Conquista de Me\u0301xico por Corte\u0301s Tenochtitl\u00e1n Painting Autor An\u00f3nimo - Wikimedia Commons - Dominio P\u00fablico\"},{\"@type\":\"BreadcrumbList\",\"@id\":\"https:\\\/\\\/museodelacharreria.org.mx\\\/historia\\\/siglo-xvi\\\/#breadcrumb\",\"itemListElement\":[{\"@type\":\"ListItem\",\"position\":1,\"name\":\"Portada\",\"item\":\"https:\\\/\\\/museodelacharreria.org.mx\\\/inicio\\\/\"},{\"@type\":\"ListItem\",\"position\":2,\"name\":\"HISTORIA\",\"item\":\"https:\\\/\\\/museodelacharreria.org.mx\\\/historia\\\/\"},{\"@type\":\"ListItem\",\"position\":3,\"name\":\"SIGLO XVI\"}]},{\"@type\":\"WebSite\",\"@id\":\"https:\\\/\\\/museodelacharreria.org.mx\\\/#website\",\"url\":\"https:\\\/\\\/museodelacharreria.org.mx\\\/\",\"name\":\"Museo de la Charrer\u00eda CDMX\",\"description\":\"Historia y tradici\u00f3n, patrimonio cultural inmaterial de la humanidad UNESCO\",\"publisher\":{\"@id\":\"https:\\\/\\\/museodelacharreria.org.mx\\\/#organization\"},\"potentialAction\":[{\"@type\":\"SearchAction\",\"target\":{\"@type\":\"EntryPoint\",\"urlTemplate\":\"https:\\\/\\\/museodelacharreria.org.mx\\\/?s={search_term_string}\"},\"query-input\":{\"@type\":\"PropertyValueSpecification\",\"valueRequired\":true,\"valueName\":\"search_term_string\"}}],\"inLanguage\":\"ja\"},{\"@type\":\"Organization\",\"@id\":\"https:\\\/\\\/museodelacharreria.org.mx\\\/#organization\",\"name\":\"Museo de la Charrer\u00eda Ciudad de M\u00e9xico\",\"alternateName\":\"Museo de la Charrer\u00eda CDMX\",\"url\":\"https:\\\/\\\/museodelacharreria.org.mx\\\/\",\"logo\":{\"@type\":\"ImageObject\",\"inLanguage\":\"ja\",\"@id\":\"https:\\\/\\\/museodelacharreria.org.mx\\\/#\\\/schema\\\/logo\\\/image\\\/\",\"url\":\"https:\\\/\\\/museodelacharreria.org.mx\\\/wp-content\\\/uploads\\\/2023\\\/07\\\/Logo-Museo-de-la-Charreria-b-n.png\",\"contentUrl\":\"https:\\\/\\\/museodelacharreria.org.mx\\\/wp-content\\\/uploads\\\/2023\\\/07\\\/Logo-Museo-de-la-Charreria-b-n.png\",\"width\":500,\"height\":250,\"caption\":\"Museo de la Charrer\u00eda Ciudad de M\u00e9xico\"},\"image\":{\"@id\":\"https:\\\/\\\/museodelacharreria.org.mx\\\/#\\\/schema\\\/logo\\\/image\\\/\"},\"sameAs\":[\"https:\\\/\\\/www.youtube.com\\\/@MuseoDeLaCharreria\"]}]}<\/script>\n<!-- \/ Yoast SEO plugin. -->","yoast_head_json":{"title":"16\u4e16\u7d00 \u30c1\u30e3\u30ec\u30ea\u30a2\u535a\u7269\u9928 CDMX","robots":{"index":"index","follow":"follow","max-snippet":"max-snippet:-1","max-image-preview":"max-image-preview:large","max-video-preview":"max-video-preview:-1"},"canonical":"https:\/\/museodelacharreria.org.mx\/ja\/\u6b74\u53f2\/16\u4e16\u7d00\/","og_locale":"ja_JP","og_type":"article","og_title":"SIGLO XVI - Museo de la Charrer\u00eda CDMX","og_url":"https:\/\/museodelacharreria.org.mx\/ja\/\u6b74\u53f2\/16\u4e16\u7d00\/","og_site_name":"Museo de la Charrer\u00eda CDMX","article_modified_time":"2024-12-06T13:16:19+00:00","og_image":[{"url":"https:\/\/museodelacharreria.org.mx\/wp-content\/uploads\/2023\/10\/Conquista-de-Mexico-por-Cortes-Tenochtitlan-Painting-1.png","width":1500,"height":998,"type":"image\/png"}],"twitter_card":"summary_large_image","twitter_misc":{"\u63a8\u5b9a\u8aad\u307f\u53d6\u308a\u6642\u9593":"3\u5206"},"schema":{"@context":"https:\/\/schema.org","@graph":[{"@type":"WebPage","@id":"https:\/\/museodelacharreria.org.mx\/historia\/siglo-xvi\/","url":"https:\/\/museodelacharreria.org.mx\/historia\/siglo-xvi\/","name":"16\u4e16\u7d00 \u30c1\u30e3\u30ec\u30ea\u30a2\u535a\u7269\u9928 CDMX","isPartOf":{"@id":"https:\/\/museodelacharreria.org.mx\/#website"},"primaryImageOfPage":{"@id":"https:\/\/museodelacharreria.org.mx\/historia\/siglo-xvi\/#primaryimage"},"image":{"@id":"https:\/\/museodelacharreria.org.mx\/historia\/siglo-xvi\/#primaryimage"},"thumbnailUrl":"https:\/\/museodelacharreria.org.mx\/wp-content\/uploads\/2023\/10\/Conquista-de-Mexico-por-Cortes-Tenochtitlan-Painting-1.png","datePublished":"2023-10-03T22:25:01+00:00","dateModified":"2024-12-06T13:16:19+00:00","breadcrumb":{"@id":"https:\/\/museodelacharreria.org.mx\/historia\/siglo-xvi\/#breadcrumb"},"inLanguage":"ja","potentialAction":[{"@type":"ReadAction","target":["https:\/\/museodelacharreria.org.mx\/historia\/siglo-xvi\/"]}]},{"@type":"ImageObject","inLanguage":"ja","@id":"https:\/\/museodelacharreria.org.mx\/historia\/siglo-xvi\/#primaryimage","url":"https:\/\/museodelacharreria.org.mx\/wp-content\/uploads\/2023\/10\/Conquista-de-Mexico-por-Cortes-Tenochtitlan-Painting-1.png","contentUrl":"https:\/\/museodelacharreria.org.mx\/wp-content\/uploads\/2023\/10\/Conquista-de-Mexico-por-Cortes-Tenochtitlan-Painting-1.png","width":1920,"height":1277,"caption":"Conquista de Me\u0301xico por Corte\u0301s Tenochtitl\u00e1n Painting Autor An\u00f3nimo - Wikimedia Commons - Dominio P\u00fablico"},{"@type":"BreadcrumbList","@id":"https:\/\/museodelacharreria.org.mx\/historia\/siglo-xvi\/#breadcrumb","itemListElement":[{"@type":"ListItem","position":1,"name":"Portada","item":"https:\/\/museodelacharreria.org.mx\/inicio\/"},{"@type":"ListItem","position":2,"name":"HISTORIA","item":"https:\/\/museodelacharreria.org.mx\/historia\/"},{"@type":"ListItem","position":3,"name":"SIGLO XVI"}]},{"@type":"WebSite","@id":"https:\/\/museodelacharreria.org.mx\/#website","url":"https:\/\/museodelacharreria.org.mx\/","name":"\u30c1\u30e3\u30ec\u30ea\u30a2\u535a\u7269\u9928 CDMX","description":"\u6b74\u53f2\u3068\u4f1d\u7d71\u3001\u4eba\u985e\u306e\u7121\u5f62\u6587\u5316\u907a\u7523 \u30e6\u30cd\u30b9\u30b3","publisher":{"@id":"https:\/\/museodelacharreria.org.mx\/#organization"},"potentialAction":[{"@type":"SearchAction","target":{"@type":"EntryPoint","urlTemplate":"https:\/\/museodelacharreria.org.mx\/?s={search_term_string}"},"query-input":{"@type":"PropertyValueSpecification","valueRequired":true,"valueName":"search_term_string"}}],"inLanguage":"ja"},{"@type":"Organization","@id":"https:\/\/museodelacharreria.org.mx\/#organization","name":"\u30c1\u30e3\u30ec\u30ea\u30a2\u535a\u7269\u9928 \u30e1\u30ad\u30b7\u30b3\u30fb\u30b7\u30c6\u30a3","alternateName":"Museo de la Charrer\u00eda CDMX","url":"https:\/\/museodelacharreria.org.mx\/","logo":{"@type":"ImageObject","inLanguage":"ja","@id":"https:\/\/museodelacharreria.org.mx\/#\/schema\/logo\/image\/","url":"https:\/\/museodelacharreria.org.mx\/wp-content\/uploads\/2023\/07\/Logo-Museo-de-la-Charreria-b-n.png","contentUrl":"https:\/\/museodelacharreria.org.mx\/wp-content\/uploads\/2023\/07\/Logo-Museo-de-la-Charreria-b-n.png","width":500,"height":250,"caption":"Museo de la Charrer\u00eda Ciudad de M\u00e9xico"},"image":{"@id":"https:\/\/museodelacharreria.org.mx\/#\/schema\/logo\/image\/"},"sameAs":["https:\/\/www.youtube.com\/@MuseoDeLaCharreria"]}]}},"_links":{"self":[{"href":"https:\/\/museodelacharreria.org.mx\/ja\/wp-json\/wp\/v2\/pages\/1717","targetHints":{"allow":["GET"]}}],"collection":[{"href":"https:\/\/museodelacharreria.org.mx\/ja\/wp-json\/wp\/v2\/pages"}],"about":[{"href":"https:\/\/museodelacharreria.org.mx\/ja\/wp-json\/wp\/v2\/types\/page"}],"author":[{"embeddable":true,"href":"https:\/\/museodelacharreria.org.mx\/ja\/wp-json\/wp\/v2\/users\/2"}],"replies":[{"embeddable":true,"href":"https:\/\/museodelacharreria.org.mx\/ja\/wp-json\/wp\/v2\/comments?post=1717"}],"version-history":[{"count":25,"href":"https:\/\/museodelacharreria.org.mx\/ja\/wp-json\/wp\/v2\/pages\/1717\/revisions"}],"predecessor-version":[{"id":3984,"href":"https:\/\/museodelacharreria.org.mx\/ja\/wp-json\/wp\/v2\/pages\/1717\/revisions\/3984"}],"up":[{"embeddable":true,"href":"https:\/\/museodelacharreria.org.mx\/ja\/wp-json\/wp\/v2\/pages\/56"}],"wp:featuredmedia":[{"embeddable":true,"href":"https:\/\/museodelacharreria.org.mx\/ja\/wp-json\/wp\/v2\/media\/1948"}],"wp:attachment":[{"href":"https:\/\/museodelacharreria.org.mx\/ja\/wp-json\/wp\/v2\/media?parent=1717"}],"curies":[{"name":"wp","href":"https:\/\/api.w.org\/{rel}","templated":true}]}}