{"id":1794,"date":"2023-10-04T00:45:37","date_gmt":"2023-10-04T00:45:37","guid":{"rendered":"https:\/\/museodelacharreria.org.mx\/?page_id=1794"},"modified":"2024-12-06T07:17:30","modified_gmt":"2024-12-06T13:17:30","slug":"17%e4%b8%96%e7%b4%80","status":"publish","type":"page","link":"https:\/\/museodelacharreria.org.mx\/ja\/historia\/siglo-xvii\/","title":{"rendered":"17\u4e16\u7d00"},"content":{"rendered":"<style type=\"text\/css\" data-created_by=\"avia_inline_auto\" id=\"style-css-av-2xkel7-87357eb3d00228bb0e5f4eb664fd8109\">\n.avia-section.av-2xkel7-87357eb3d00228bb0e5f4eb664fd8109{\nbackground-repeat:no-repeat;\nbackground-image:url(https:\/\/museodelacharreria.org.mx\/wp-content\/uploads\/2023\/10\/1280px-Nebel_Voyage_31_Arrieros.jpg);\nbackground-position:50% 50%;\nbackground-attachment:scroll;\nmargin-top:0px;\nmargin-bottom:0px;\n}\n<\/style>\n<div id='av_section_1'  class='avia-section av-2xkel7-87357eb3d00228bb0e5f4eb664fd8109 main_color avia-section-default avia-no-border-styling  avia-builder-el-0  el_before_av_submenu  avia-builder-el-first  avia-full-stretch avia-bg-style-scroll av-minimum-height av-minimum-height-60 av-height-percent  container_wrap fullsize'  data-section-bg-repeat='stretch' data-av_minimum_height_pc='60' data-av_min_height_opt='percent'><div class='container av-section-cont-open' ><main  role=\"main\" itemprop=\"mainContentOfPage\"  class='template-page content  av-content-full alpha units'><div class='post-entry post-entry-type-page post-entry-1794'><div class='entry-content-wrapper clearfix'>\n\n<style type=\"text\/css\" data-created_by=\"avia_inline_auto\" id=\"style-css-av-lo66xesn-8e9b59b4309a14ab9f6a3c6e9e4f3c38\">\n.av_font_icon.av-lo66xesn-8e9b59b4309a14ab9f6a3c6e9e4f3c38 .av-icon-char{\nfont-size:20px;\nline-height:20px;\n}\n<\/style>\n<span  class='av_font_icon av-lo66xesn-8e9b59b4309a14ab9f6a3c6e9e4f3c38 avia_animate_when_visible av-icon-style- avia-icon-pos-right av-no-color avia-icon-animate'><span class='av-icon-char' aria-hidden='true' data-av_icon='\ue8e7' data-av_iconfont='entypo-fontello' data-avia-icon-tooltip=\"Imagen: &amp;#8220;Nebel Voyage 31 Arrieros&amp;#8221; 1836 Autor: Originally published in Carl Nebel, pittoresque et arch\u00e9ologique dans la partie la plus int\u00e9ressante du Mexique par C. Nebel, Architecte. Wikimedia Commons &amp;#8211; Dominio P\u00fablico.&lt;br \/&gt;\"><\/span><\/span>\n\n<\/div><\/div><\/main><!-- close content main element --><\/div><\/div><div class='clear'><\/div><div id='sub_menu1'  class='av-submenu-container av-5syjid-20cc2c243a2f2778b0c5c3a1afbb5dc1 main_color  avia-builder-el-2  el_after_av_section  el_before_av_one_full  av-sticky-submenu submenu-not-first container_wrap fullsize' style='z-index:301' ><div class='container av-menu-mobile-disabled av-submenu-pos-center'><ul id=\"menu-historia\" class=\"av-subnav-menu\" role=\"menu\"><li role=\"menuitem\" id=\"menu-item-1778\" class=\"menu-item menu-item-type-post_type menu-item-object-page menu-item-top-level menu-item-top-level-1\"><a href=\"https:\/\/museodelacharreria.org.mx\/ja\/historia\/siglo-xvi\/\" itemprop=\"url\" tabindex=\"0\"><span class=\"avia-bullet\"><\/span><span class=\"avia-menu-text\">16\u4e16\u7d00<\/span><span class=\"avia-menu-fx\"><span class=\"avia-arrow-wrap\"><span class=\"avia-arrow\"><\/span><\/span><\/span><\/a><\/li>\n<li role=\"menuitem\" id=\"menu-item-1797\" class=\"menu-item menu-item-type-post_type menu-item-object-page menu-item-top-level menu-item-top-level-2\"><a href=\"https:\/\/museodelacharreria.org.mx\/ja\/historia\/siglo-xvii\/\" itemprop=\"url\" tabindex=\"0\"><span class=\"avia-bullet\"><\/span><span class=\"avia-menu-text\">17\u4e16\u7d00<\/span><span class=\"avia-menu-fx\"><span class=\"avia-arrow-wrap\"><span class=\"avia-arrow\"><\/span><\/span><\/span><\/a><\/li>\n<li role=\"menuitem\" id=\"menu-item-1809\" class=\"menu-item menu-item-type-post_type menu-item-object-page menu-item-top-level menu-item-top-level-3\"><a href=\"https:\/\/museodelacharreria.org.mx\/ja\/historia\/siglo-xviii\/\" itemprop=\"url\" tabindex=\"0\"><span class=\"avia-bullet\"><\/span><span class=\"avia-menu-text\">18\u4e16\u7d00<\/span><span class=\"avia-menu-fx\"><span class=\"avia-arrow-wrap\"><span class=\"avia-arrow\"><\/span><\/span><\/span><\/a><\/li>\n<li role=\"menuitem\" id=\"menu-item-1818\" class=\"menu-item menu-item-type-post_type menu-item-object-page menu-item-top-level menu-item-top-level-4\"><a href=\"https:\/\/museodelacharreria.org.mx\/ja\/historia\/siglo-xix\/\" itemprop=\"url\" tabindex=\"0\"><span class=\"avia-bullet\"><\/span><span class=\"avia-menu-text\">19\u4e16\u7d00<\/span><span class=\"avia-menu-fx\"><span class=\"avia-arrow-wrap\"><span class=\"avia-arrow\"><\/span><\/span><\/span><\/a><\/li>\n<li role=\"menuitem\" id=\"menu-item-1840\" class=\"menu-item menu-item-type-post_type menu-item-object-page menu-item-top-level menu-item-top-level-5\"><a href=\"https:\/\/museodelacharreria.org.mx\/ja\/historia\/siglo-xx\/\" itemprop=\"url\" tabindex=\"0\"><span class=\"avia-bullet\"><\/span><span class=\"avia-menu-text\">20\u4e16\u7d00<\/span><span class=\"avia-menu-fx\"><span class=\"avia-arrow-wrap\"><span class=\"avia-arrow\"><\/span><\/span><\/span><\/a><\/li>\n<li role=\"menuitem\" id=\"menu-item-1863\" class=\"menu-item menu-item-type-post_type menu-item-object-page menu-item-top-level menu-item-top-level-6\"><a href=\"https:\/\/museodelacharreria.org.mx\/ja\/historia\/siglo-xxi\/\" itemprop=\"url\" tabindex=\"0\"><span class=\"avia-bullet\"><\/span><span class=\"avia-menu-text\">21\u4e16\u7d00<\/span><span class=\"avia-menu-fx\"><span class=\"avia-arrow-wrap\"><span class=\"avia-arrow\"><\/span><\/span><\/span><\/a><\/li>\n<\/ul><\/div><\/div><div class='sticky_placeholder'><\/div><div id='after_submenu_1'  class='main_color av_default_container_wrap container_wrap fullsize'  ><div class='container av-section-cont-open' ><div class='template-page content  av-content-full alpha units'><div class='post-entry post-entry-type-page post-entry-1794'><div class='entry-content-wrapper clearfix'>\n\n<style type=\"text\/css\" data-created_by=\"avia_inline_auto\" id=\"style-css-av-lnapyhdx-b289005ca77e5017eff9eca400f12de3\">\n#top .flex_column.av-lnapyhdx-b289005ca77e5017eff9eca400f12de3{\nmargin-top:-7%;\nmargin-bottom:0px;\n}\n.flex_column.av-lnapyhdx-b289005ca77e5017eff9eca400f12de3{\npadding:5% 5% 5% 5%;\nbackground-color:rgba(10,10,10,0.48);\n}\n.responsive #top #wrap_all .flex_column.av-lnapyhdx-b289005ca77e5017eff9eca400f12de3{\nmargin-top:-7%;\nmargin-bottom:0px;\n}\n<\/style>\n<div  class='flex_column av-lnapyhdx-b289005ca77e5017eff9eca400f12de3 av_one_full  avia-builder-el-3  el_after_av_submenu  avia-builder-el-no-sibling  first flex_column_div'     ><p>\n<style type=\"text\/css\" data-created_by=\"avia_inline_auto\" id=\"style-css-av-lnap3288-c3ee65fdb0d521181edc1d666e51a07d\">\n#top .av-special-heading.av-lnap3288-c3ee65fdb0d521181edc1d666e51a07d{\npadding-bottom:10px;\n}\nbody .av-special-heading.av-lnap3288-c3ee65fdb0d521181edc1d666e51a07d .av-special-heading-tag .heading-char{\nfont-size:25px;\n}\n.av-special-heading.av-lnap3288-c3ee65fdb0d521181edc1d666e51a07d .av-subheading{\nfont-size:15px;\n}\n<\/style>\n<div  class='av-special-heading av-lnap3288-c3ee65fdb0d521181edc1d666e51a07d av-special-heading-h2 blockquote modern-quote modern-centered  avia-builder-el-4  el_before_av_textblock  avia-builder-el-first'><h2 class='av-special-heading-tag'  itemprop=\"headline\"  >17\u4e16\u7d00<\/h2><div class='av-subheading av-subheading_below'><p>\u30e1\u30ad\u30b7\u30b3\u53f2\u306b\u304a\u3051\u308b\u30c1\u30e3\u30ec\u30ea\u30a2\u306e\u9032\u5316<\/p>\n<\/div><div class=\"special-heading-border\"><div class=\"special-heading-inner-border\"><\/div><\/div><\/div><br \/>\n<section  class='av_textblock_section av-lnap26cr-22bc630749eb84fff7f01f2c3751306f'   itemscope=\"itemscope\" itemtype=\"https:\/\/schema.org\/CreativeWork\" ><div class='avia_textblock'  itemprop=\"text\" ><p>1609\u5e74\u3001\u7dcf\u7763\u306f\u5927\u898f\u6a21\u306a\u7267\u5834\u3067\u50cd\u304f\u30e1\u30b9\u30c1\u30bd\u306e\u305f\u3081\u306b\u3001\u978d\u3001\u624b\u7db1\u3001\u62cd\u8eca\u3092\u5099\u3048\u305f\u99ac\u306e\u4f7f\u7528\u3092\u6c7a\u5b9a\u7684\u306b\u8a31\u53ef\u3057\u306a\u3051\u308c\u3070\u306a\u3089\u306a\u304b\u3063\u305f\u3002<\/p>\n<p>17\u4e16\u7d00\u3001\u30e1\u30ad\u30b7\u30b3\u306b\u306f\u3059\u3067\u306b\u77f3\u7573\u306e\u9053\u8def\u7db2\u304c\u5f35\u308a\u5de1\u3089\u3055\u308c\u3066\u3044\u305f\u3002\u99ac\u8eca\u3001\u99ac\u3001\u30e9\u30d0\u306e\u5217\u304c\u5ef6\u3005\u3068\u7d9a\u304d\u3001\u30e9\u30d0\u4f7f\u3044\u304c\u97ad\u3068\u53e3\u7b1b\u3067\u3042\u3089\u3086\u308b\u7269\u8cc7\u3092\u904b\u3093\u3060\u3002\u6bce\u5e74\u3001\u30a2\u30ab\u30d7\u30eb\u30b3\u306e\u30ca\u30aa\u30fb\u30c7\u30fb\u30c1\u30e3\u30a4\u30ca\u306b\u3088\u3063\u3066\u3001\u9271\u5c71\u306e\u751f\u7523\u7269\u3068\u3068\u3082\u306b\u3053\u308c\u3089\u306e\u7269\u8cc7\u304c\u904b\u3070\u308c\u3001\u82e5\u304f\u3001\u305f\u304f\u307e\u3057\u304f\u3001\u8eab\u306a\u308a\u304c\u3088\u304f\u3001\u6b66\u88c5\u3057\u305f\u30a4\u30f3\u30c7\u30a3\u30aa\u3084\u30e1\u30b9\u30c6\u30a3\u30fc\u30bd\u306e\u30ed\u30fc\u30d7\u8b66\u5099\u968a\u306b\u3088\u3063\u3066\u5b88\u3089\u308c\u3066\u3044\u305f\u3002<\/p>\n<p>\u8c6a\u83ef\u3055\u3068\u3044\u3046\u7279\u5fb4\u306f\u3001\u30c1\u30e3\u30ed\u306e\u8863\u88c5\u3068\u7d50\u3073\u3064\u3044\u3066\u3044\u308b\u3002\u305d\u308c\u306f\u3001\u30b3\u30ed\u30f3\u30d6\u30b9\u4ee5\u524d\u306e\u91d1\u7d30\u5de5\u8077\u4eba\u305f\u3061\u304c\u3001\u5f7c\u3089\u306e\u8863\u88c5\u3084\u99ac\u5177\u306b\u9280\u306e\u88c5\u98fe\u54c1\u3092\u3064\u3051\u3066\u3044\u305f\u304a\u304b\u3052\u3067\u3042\u308b\u3002<\/p>\n<p>\u30cf\u30b7\u30a8\u30f3\u30c0\u306f\u3001\u30cb\u30e5\u30fc\u30fb\u30b9\u30da\u30a4\u30f3\u306e\u7d4c\u6e08\u751f\u6d3b\u3092\u7279\u5fb4\u3065\u3051\u308b\u300117\u4e16\u7d00\u306b\u958b\u767a\u3055\u308c\u305f\u751f\u7523\u5358\u4f4d\u3067\u3042\u308b\u3002\u3053\u3053\u3067\u30e1\u30b9\u30c6\u30a3\u30fc\u30bd\u305f\u3061\u306f\u3001\u719f\u7df4\u3057\u305f\u30d0\u30b1\u30ed\u3084\u30ab\u30dd\u30e9\u30ec\u30b9\u3068\u306a\u308a\u3001\u6295\u3052\u7e04\u3001\u96c4\u725b\u306e\u5f8c\u8ffd\u3044\u3001\u624b\u306a\u305a\u3051\u3001\u99ac\u8853\u306a\u3069\u3001\u975e\u5e38\u306b\u7279\u7570\u306a\u69d8\u5f0f\u3092\u53d6\u308a\u5165\u308c\u305f\u3001\u6280\u8853\u3068\u5927\u80c6\u3055\u304c\u652f\u914d\u3059\u308b\u591a\u69d8\u306a\u4f5c\u6226\u306b\u3088\u3063\u3066\u3001\u7530\u820e\u3067\u306e\u65e5\u5e38\u7684\u306a\u4ed5\u4e8b\u3092\u6d3b\u6c17\u3065\u304b\u305b\u305f\u3002<\/p>\n<\/div><\/section><\/p><\/div>","protected":false},"excerpt":{"rendered":"","protected":false},"author":2,"featured_media":1799,"parent":56,"menu_order":0,"comment_status":"closed","ping_status":"closed","template":"","meta":{"footnotes":""},"class_list":["post-1794","page","type-page","status-publish","has-post-thumbnail","hentry"],"yoast_head":"<!-- This site is optimized with the Yoast SEO plugin v27.4 - https:\/\/yoast.com\/product\/yoast-seo-wordpress\/ -->\n<title>SIGLO XVII - Museo de la Charrer\u00eda CDMX<\/title>\n<meta name=\"robots\" content=\"index, follow, max-snippet:-1, max-image-preview:large, max-video-preview:-1\" \/>\n<link rel=\"canonical\" href=\"https:\/\/museodelacharreria.org.mx\/ja\/\u6b74\u53f2\/17\u4e16\u7d00\/\" \/>\n<meta property=\"og:locale\" content=\"ja_JP\" \/>\n<meta property=\"og:type\" content=\"article\" \/>\n<meta property=\"og:title\" content=\"SIGLO XVII - Museo de la Charrer\u00eda CDMX\" \/>\n<meta property=\"og:url\" content=\"https:\/\/museodelacharreria.org.mx\/ja\/\u6b74\u53f2\/17\u4e16\u7d00\/\" \/>\n<meta property=\"og:site_name\" content=\"Museo de la Charrer\u00eda CDMX\" \/>\n<meta property=\"article:modified_time\" content=\"2024-12-06T13:17:30+00:00\" \/>\n<meta property=\"og:image\" content=\"https:\/\/museodelacharreria.org.mx\/wp-content\/uploads\/2023\/10\/1280px-Nebel_Voyage_31_Arrieros.jpg\" \/>\n\t<meta property=\"og:image:width\" content=\"1280\" \/>\n\t<meta property=\"og:image:height\" content=\"953\" \/>\n\t<meta property=\"og:image:type\" content=\"image\/jpeg\" \/>\n<meta name=\"twitter:card\" content=\"summary_large_image\" \/>\n<meta name=\"twitter:label1\" content=\"\u63a8\u5b9a\u8aad\u307f\u53d6\u308a\u6642\u9593\" \/>\n\t<meta name=\"twitter:data1\" content=\"2\u5206\" \/>\n<script type=\"application\/ld+json\" class=\"yoast-schema-graph\">{\"@context\":\"https:\\\/\\\/schema.org\",\"@graph\":[{\"@type\":\"WebPage\",\"@id\":\"https:\\\/\\\/museodelacharreria.org.mx\\\/historia\\\/siglo-xvii\\\/\",\"url\":\"https:\\\/\\\/museodelacharreria.org.mx\\\/historia\\\/siglo-xvii\\\/\",\"name\":\"SIGLO XVII - Museo de la Charrer\u00eda CDMX\",\"isPartOf\":{\"@id\":\"https:\\\/\\\/museodelacharreria.org.mx\\\/#website\"},\"primaryImageOfPage\":{\"@id\":\"https:\\\/\\\/museodelacharreria.org.mx\\\/historia\\\/siglo-xvii\\\/#primaryimage\"},\"image\":{\"@id\":\"https:\\\/\\\/museodelacharreria.org.mx\\\/historia\\\/siglo-xvii\\\/#primaryimage\"},\"thumbnailUrl\":\"https:\\\/\\\/museodelacharreria.org.mx\\\/wp-content\\\/uploads\\\/2023\\\/10\\\/1280px-Nebel_Voyage_31_Arrieros.jpg\",\"datePublished\":\"2023-10-04T00:45:37+00:00\",\"dateModified\":\"2024-12-06T13:17:30+00:00\",\"breadcrumb\":{\"@id\":\"https:\\\/\\\/museodelacharreria.org.mx\\\/historia\\\/siglo-xvii\\\/#breadcrumb\"},\"inLanguage\":\"ja\",\"potentialAction\":[{\"@type\":\"ReadAction\",\"target\":[\"https:\\\/\\\/museodelacharreria.org.mx\\\/historia\\\/siglo-xvii\\\/\"]}]},{\"@type\":\"ImageObject\",\"inLanguage\":\"ja\",\"@id\":\"https:\\\/\\\/museodelacharreria.org.mx\\\/historia\\\/siglo-xvii\\\/#primaryimage\",\"url\":\"https:\\\/\\\/museodelacharreria.org.mx\\\/wp-content\\\/uploads\\\/2023\\\/10\\\/1280px-Nebel_Voyage_31_Arrieros.jpg\",\"contentUrl\":\"https:\\\/\\\/museodelacharreria.org.mx\\\/wp-content\\\/uploads\\\/2023\\\/10\\\/1280px-Nebel_Voyage_31_Arrieros.jpg\",\"width\":1280,\"height\":953},{\"@type\":\"BreadcrumbList\",\"@id\":\"https:\\\/\\\/museodelacharreria.org.mx\\\/historia\\\/siglo-xvii\\\/#breadcrumb\",\"itemListElement\":[{\"@type\":\"ListItem\",\"position\":1,\"name\":\"Portada\",\"item\":\"https:\\\/\\\/museodelacharreria.org.mx\\\/inicio\\\/\"},{\"@type\":\"ListItem\",\"position\":2,\"name\":\"HISTORIA\",\"item\":\"https:\\\/\\\/museodelacharreria.org.mx\\\/historia\\\/\"},{\"@type\":\"ListItem\",\"position\":3,\"name\":\"SIGLO XVII\"}]},{\"@type\":\"WebSite\",\"@id\":\"https:\\\/\\\/museodelacharreria.org.mx\\\/#website\",\"url\":\"https:\\\/\\\/museodelacharreria.org.mx\\\/\",\"name\":\"Museo de la Charrer\u00eda CDMX\",\"description\":\"Historia y tradici\u00f3n, patrimonio cultural inmaterial de la humanidad UNESCO\",\"publisher\":{\"@id\":\"https:\\\/\\\/museodelacharreria.org.mx\\\/#organization\"},\"potentialAction\":[{\"@type\":\"SearchAction\",\"target\":{\"@type\":\"EntryPoint\",\"urlTemplate\":\"https:\\\/\\\/museodelacharreria.org.mx\\\/?s={search_term_string}\"},\"query-input\":{\"@type\":\"PropertyValueSpecification\",\"valueRequired\":true,\"valueName\":\"search_term_string\"}}],\"inLanguage\":\"ja\"},{\"@type\":\"Organization\",\"@id\":\"https:\\\/\\\/museodelacharreria.org.mx\\\/#organization\",\"name\":\"Museo de la Charrer\u00eda Ciudad de M\u00e9xico\",\"alternateName\":\"Museo de la Charrer\u00eda CDMX\",\"url\":\"https:\\\/\\\/museodelacharreria.org.mx\\\/\",\"logo\":{\"@type\":\"ImageObject\",\"inLanguage\":\"ja\",\"@id\":\"https:\\\/\\\/museodelacharreria.org.mx\\\/#\\\/schema\\\/logo\\\/image\\\/\",\"url\":\"https:\\\/\\\/museodelacharreria.org.mx\\\/wp-content\\\/uploads\\\/2023\\\/07\\\/Logo-Museo-de-la-Charreria-b-n.png\",\"contentUrl\":\"https:\\\/\\\/museodelacharreria.org.mx\\\/wp-content\\\/uploads\\\/2023\\\/07\\\/Logo-Museo-de-la-Charreria-b-n.png\",\"width\":500,\"height\":250,\"caption\":\"Museo de la Charrer\u00eda Ciudad de M\u00e9xico\"},\"image\":{\"@id\":\"https:\\\/\\\/museodelacharreria.org.mx\\\/#\\\/schema\\\/logo\\\/image\\\/\"},\"sameAs\":[\"https:\\\/\\\/www.youtube.com\\\/@MuseoDeLaCharreria\"]}]}<\/script>\n<!-- \/ Yoast SEO plugin. -->","yoast_head_json":{"title":"17\u4e16\u7d00 - CDMX Charrer\u00eda\u7f8e\u8853\u9928","robots":{"index":"index","follow":"follow","max-snippet":"max-snippet:-1","max-image-preview":"max-image-preview:large","max-video-preview":"max-video-preview:-1"},"canonical":"https:\/\/museodelacharreria.org.mx\/ja\/\u6b74\u53f2\/17\u4e16\u7d00\/","og_locale":"ja_JP","og_type":"article","og_title":"SIGLO XVII - Museo de la Charrer\u00eda CDMX","og_url":"https:\/\/museodelacharreria.org.mx\/ja\/\u6b74\u53f2\/17\u4e16\u7d00\/","og_site_name":"Museo de la Charrer\u00eda CDMX","article_modified_time":"2024-12-06T13:17:30+00:00","og_image":[{"width":1280,"height":953,"url":"https:\/\/museodelacharreria.org.mx\/wp-content\/uploads\/2023\/10\/1280px-Nebel_Voyage_31_Arrieros.jpg","type":"image\/jpeg"}],"twitter_card":"summary_large_image","twitter_misc":{"\u63a8\u5b9a\u8aad\u307f\u53d6\u308a\u6642\u9593":"2\u5206"},"schema":{"@context":"https:\/\/schema.org","@graph":[{"@type":"WebPage","@id":"https:\/\/museodelacharreria.org.mx\/historia\/siglo-xvii\/","url":"https:\/\/museodelacharreria.org.mx\/historia\/siglo-xvii\/","name":"17\u4e16\u7d00 - CDMX Charrer\u00eda\u7f8e\u8853\u9928","isPartOf":{"@id":"https:\/\/museodelacharreria.org.mx\/#website"},"primaryImageOfPage":{"@id":"https:\/\/museodelacharreria.org.mx\/historia\/siglo-xvii\/#primaryimage"},"image":{"@id":"https:\/\/museodelacharreria.org.mx\/historia\/siglo-xvii\/#primaryimage"},"thumbnailUrl":"https:\/\/museodelacharreria.org.mx\/wp-content\/uploads\/2023\/10\/1280px-Nebel_Voyage_31_Arrieros.jpg","datePublished":"2023-10-04T00:45:37+00:00","dateModified":"2024-12-06T13:17:30+00:00","breadcrumb":{"@id":"https:\/\/museodelacharreria.org.mx\/historia\/siglo-xvii\/#breadcrumb"},"inLanguage":"ja","potentialAction":[{"@type":"ReadAction","target":["https:\/\/museodelacharreria.org.mx\/historia\/siglo-xvii\/"]}]},{"@type":"ImageObject","inLanguage":"ja","@id":"https:\/\/museodelacharreria.org.mx\/historia\/siglo-xvii\/#primaryimage","url":"https:\/\/museodelacharreria.org.mx\/wp-content\/uploads\/2023\/10\/1280px-Nebel_Voyage_31_Arrieros.jpg","contentUrl":"https:\/\/museodelacharreria.org.mx\/wp-content\/uploads\/2023\/10\/1280px-Nebel_Voyage_31_Arrieros.jpg","width":1280,"height":953},{"@type":"BreadcrumbList","@id":"https:\/\/museodelacharreria.org.mx\/historia\/siglo-xvii\/#breadcrumb","itemListElement":[{"@type":"ListItem","position":1,"name":"Portada","item":"https:\/\/museodelacharreria.org.mx\/inicio\/"},{"@type":"ListItem","position":2,"name":"HISTORIA","item":"https:\/\/museodelacharreria.org.mx\/historia\/"},{"@type":"ListItem","position":3,"name":"SIGLO XVII"}]},{"@type":"WebSite","@id":"https:\/\/museodelacharreria.org.mx\/#website","url":"https:\/\/museodelacharreria.org.mx\/","name":"\u30c1\u30e3\u30ec\u30ea\u30a2\u535a\u7269\u9928 CDMX","description":"\u6b74\u53f2\u3068\u4f1d\u7d71\u3001\u4eba\u985e\u306e\u7121\u5f62\u6587\u5316\u907a\u7523 \u30e6\u30cd\u30b9\u30b3","publisher":{"@id":"https:\/\/museodelacharreria.org.mx\/#organization"},"potentialAction":[{"@type":"SearchAction","target":{"@type":"EntryPoint","urlTemplate":"https:\/\/museodelacharreria.org.mx\/?s={search_term_string}"},"query-input":{"@type":"PropertyValueSpecification","valueRequired":true,"valueName":"search_term_string"}}],"inLanguage":"ja"},{"@type":"Organization","@id":"https:\/\/museodelacharreria.org.mx\/#organization","name":"\u30c1\u30e3\u30ec\u30ea\u30a2\u535a\u7269\u9928 \u30e1\u30ad\u30b7\u30b3\u30fb\u30b7\u30c6\u30a3","alternateName":"Museo de la Charrer\u00eda CDMX","url":"https:\/\/museodelacharreria.org.mx\/","logo":{"@type":"ImageObject","inLanguage":"ja","@id":"https:\/\/museodelacharreria.org.mx\/#\/schema\/logo\/image\/","url":"https:\/\/museodelacharreria.org.mx\/wp-content\/uploads\/2023\/07\/Logo-Museo-de-la-Charreria-b-n.png","contentUrl":"https:\/\/museodelacharreria.org.mx\/wp-content\/uploads\/2023\/07\/Logo-Museo-de-la-Charreria-b-n.png","width":500,"height":250,"caption":"Museo de la Charrer\u00eda Ciudad de M\u00e9xico"},"image":{"@id":"https:\/\/museodelacharreria.org.mx\/#\/schema\/logo\/image\/"},"sameAs":["https:\/\/www.youtube.com\/@MuseoDeLaCharreria"]}]}},"_links":{"self":[{"href":"https:\/\/museodelacharreria.org.mx\/ja\/wp-json\/wp\/v2\/pages\/1794","targetHints":{"allow":["GET"]}}],"collection":[{"href":"https:\/\/museodelacharreria.org.mx\/ja\/wp-json\/wp\/v2\/pages"}],"about":[{"href":"https:\/\/museodelacharreria.org.mx\/ja\/wp-json\/wp\/v2\/types\/page"}],"author":[{"embeddable":true,"href":"https:\/\/museodelacharreria.org.mx\/ja\/wp-json\/wp\/v2\/users\/2"}],"replies":[{"embeddable":true,"href":"https:\/\/museodelacharreria.org.mx\/ja\/wp-json\/wp\/v2\/comments?post=1794"}],"version-history":[{"count":14,"href":"https:\/\/museodelacharreria.org.mx\/ja\/wp-json\/wp\/v2\/pages\/1794\/revisions"}],"predecessor-version":[{"id":3988,"href":"https:\/\/museodelacharreria.org.mx\/ja\/wp-json\/wp\/v2\/pages\/1794\/revisions\/3988"}],"up":[{"embeddable":true,"href":"https:\/\/museodelacharreria.org.mx\/ja\/wp-json\/wp\/v2\/pages\/56"}],"wp:featuredmedia":[{"embeddable":true,"href":"https:\/\/museodelacharreria.org.mx\/ja\/wp-json\/wp\/v2\/media\/1799"}],"wp:attachment":[{"href":"https:\/\/museodelacharreria.org.mx\/ja\/wp-json\/wp\/v2\/media?parent=1794"}],"curies":[{"name":"wp","href":"https:\/\/api.w.org\/{rel}","templated":true}]}}