{"id":3478,"date":"2024-07-01T20:46:08","date_gmt":"2024-07-02T02:46:08","guid":{"rendered":"https:\/\/museodelacharreria.org.mx\/?post_type=portfolio&#038;p=3478"},"modified":"2024-07-06T10:56:24","modified_gmt":"2024-07-06T16:56:24","slug":"%e3%83%90%e3%82%b1%e3%83%aa%e3%83%a8%e3%82%b9-3","status":"publish","type":"portfolio","link":"https:\/\/museodelacharreria.org.mx\/ja\/coleccion\/anquera\/","title":{"rendered":"ANCHERA"},"content":{"rendered":"<style type=\"text\/css\" data-created_by=\"avia_inline_auto\" id=\"style-css-av-70lhj-7de5aa9843c707bf12f19af412379f99\">\n.avia-section.av-70lhj-7de5aa9843c707bf12f19af412379f99{\nbackground-repeat:no-repeat;\nbackground-image:url(https:\/\/museodelacharreria.org.mx\/wp-content\/uploads\/2024\/07\/MUSEO-DE-LA-CHARRERIA-ANQUERA-1418.jpg);\nbackground-position:50% 50%;\nbackground-attachment:scroll;\n}\n<\/style>\n<div id='av_section_1'  class='avia-section av-70lhj-7de5aa9843c707bf12f19af412379f99 main_color avia-section-no-padding avia-no-border-styling  avia-builder-el-0  el_before_av_heading  avia-builder-el-first  avia-full-stretch avia-bg-style-scroll av-minimum-height av-minimum-height-80 av-height-percent  container_wrap fullsize'  data-section-bg-repeat='stretch' data-av_minimum_height_pc='80' data-av_min_height_opt='percent'><div class=\"av-section-color-overlay-wrap\"><a href='#next-section' title='' class='scroll-down-link' aria-hidden='true' data-av_icon='\ue877' data-av_iconfont='entypo-fontello'><\/a><div class='container av-section-cont-open' ><main  role=\"main\" itemprop=\"mainContentOfPage\"  class='template-page content  av-content-full alpha units'><div class='post-entry post-entry-type-page post-entry-3478'><div class='entry-content-wrapper clearfix'><\/div><\/div><\/main><!-- close content main element --><\/div><\/div><\/div><div id='after_section_1'  class='main_color av_default_container_wrap container_wrap fullsize'  ><div class='container av-section-cont-open' ><div class='template-page content  av-content-full alpha units'><div class='post-entry post-entry-type-page post-entry-3478'><div class='entry-content-wrapper clearfix'>\n\n<style type=\"text\/css\" data-created_by=\"avia_inline_auto\" id=\"style-css-av-lk71zgl0-291441767f0ec3dfb8507d3b18f6661a\">\n#top .av-special-heading.av-lk71zgl0-291441767f0ec3dfb8507d3b18f6661a{\npadding-bottom:3%;\n}\nbody .av-special-heading.av-lk71zgl0-291441767f0ec3dfb8507d3b18f6661a .av-special-heading-tag .heading-char{\nfont-size:25px;\n}\n.av-special-heading.av-lk71zgl0-291441767f0ec3dfb8507d3b18f6661a .av-subheading{\nfont-size:15px;\n}\n<\/style>\n<div  class='av-special-heading av-lk71zgl0-291441767f0ec3dfb8507d3b18f6661a av-special-heading-h2 blockquote modern-quote modern-centered  avia-builder-el-1  el_after_av_section  el_before_av_one_half  avia-builder-el-first'><h2 class='av-special-heading-tag'  itemprop=\"headline\"  >ANCHERA<\/h2><div class='av-subheading av-subheading_below'><p>UN ACCESORIO FUNCIONAL Y DECORATIVO PARA LAS ANCAS DEL CABALLO<\/p>\n<\/div><div class=\"special-heading-border\"><div class=\"special-heading-inner-border\"><\/div><\/div><\/div>\n<div  class='flex_column av-atu2n-df24aede1ed6c436d08362298566f18d av_one_half  avia-builder-el-2  el_after_av_heading  el_before_av_one_half  first flex_column_div'     ><style type=\"text\/css\" data-created_by=\"avia_inline_auto\" id=\"style-css-av-lk73v60n-5fa643a82a50187b04e5897024cbd1e8\">\n#top .avia-gallery.av-lk73v60n-5fa643a82a50187b04e5897024cbd1e8 .avia-gallery-thumb a{\nwidth:25%;\n}\n<\/style>\n<div  class='avia-gallery av-lk73v60n-5fa643a82a50187b04e5897024cbd1e8 avia_animate_when_visible  avia-builder-el-3  avia-builder-el-no-sibling  avia_lazyload av-slideshow-ui av-loop-manual-endless av-control-hidden av-navigate-arrows hover-effect av-control-hidden avia-gallery-animate avia-gallery-1'  itemprop=\"image\" itemscope=\"itemscope\" itemtype=\"https:\/\/schema.org\/ImageObject\" ><meta itemprop=\"contentURL\" content=\"https:\/\/museodelacharreria.org.mx\/ja\/coleccion\/anquera\/\"><a class='avia-gallery-big fakeLightbox lightbox avia-gallery-big-crop-thumb' href=\"https:\/\/museodelacharreria.org.mx\/wp-content\/uploads\/2024\/07\/MUSEO-DE-LA-CHARRERIA-ANQUERA-.jpg\" data-srcset=\"https:\/\/museodelacharreria.org.mx\/wp-content\/uploads\/2024\/07\/MUSEO-DE-LA-CHARRERIA-ANQUERA-.jpg 1280w, https:\/\/museodelacharreria.org.mx\/wp-content\/uploads\/2024\/07\/MUSEO-DE-LA-CHARRERIA-ANQUERA--400x400.jpg 400w, https:\/\/museodelacharreria.org.mx\/wp-content\/uploads\/2024\/07\/MUSEO-DE-LA-CHARRERIA-ANQUERA--100x100.jpg 100w, https:\/\/museodelacharreria.org.mx\/wp-content\/uploads\/2024\/07\/MUSEO-DE-LA-CHARRERIA-ANQUERA--768x768.jpg 768w, https:\/\/museodelacharreria.org.mx\/wp-content\/uploads\/2024\/07\/MUSEO-DE-LA-CHARRERIA-ANQUERA--12x12.jpg 12w, https:\/\/museodelacharreria.org.mx\/wp-content\/uploads\/2024\/07\/MUSEO-DE-LA-CHARRERIA-ANQUERA--36x36.jpg 36w, https:\/\/museodelacharreria.org.mx\/wp-content\/uploads\/2024\/07\/MUSEO-DE-LA-CHARRERIA-ANQUERA--180x180.jpg 180w, https:\/\/museodelacharreria.org.mx\/wp-content\/uploads\/2024\/07\/MUSEO-DE-LA-CHARRERIA-ANQUERA--705x705.jpg 705w, https:\/\/museodelacharreria.org.mx\/wp-content\/uploads\/2024\/07\/MUSEO-DE-LA-CHARRERIA-ANQUERA--600x600.jpg 600w, https:\/\/museodelacharreria.org.mx\/wp-content\/uploads\/2024\/07\/MUSEO-DE-LA-CHARRERIA-ANQUERA--160x160.jpg 160w\" data-sizes=\"(max-width: 1280px) 100vw, 1280px\"  data-onclick='1' title='MUSEO DE LA CHARRERI\u0301A | ANQUERA-' ><span class='avia-gallery-big-inner'  itemprop=\"thumbnailUrl\" ><img decoding=\"async\" fetchpriority=\"high\" class=\"wp-image-3458 avia-img-lazy-loading-not-3458\"  width=\"1280\" height=\"1280\" src=\"https:\/\/museodelacharreria.org.mx\/wp-content\/uploads\/2024\/07\/MUSEO-DE-LA-CHARRERIA-ANQUERA-.jpg\" title='MUSEO DE LA CHARRERI\u0301A | ANQUERA-' alt='' srcset=\"https:\/\/museodelacharreria.org.mx\/wp-content\/uploads\/2024\/07\/MUSEO-DE-LA-CHARRERIA-ANQUERA-.jpg 1280w, https:\/\/museodelacharreria.org.mx\/wp-content\/uploads\/2024\/07\/MUSEO-DE-LA-CHARRERIA-ANQUERA--400x400.jpg 400w, https:\/\/museodelacharreria.org.mx\/wp-content\/uploads\/2024\/07\/MUSEO-DE-LA-CHARRERIA-ANQUERA--100x100.jpg 100w, https:\/\/museodelacharreria.org.mx\/wp-content\/uploads\/2024\/07\/MUSEO-DE-LA-CHARRERIA-ANQUERA--768x768.jpg 768w, https:\/\/museodelacharreria.org.mx\/wp-content\/uploads\/2024\/07\/MUSEO-DE-LA-CHARRERIA-ANQUERA--12x12.jpg 12w, https:\/\/museodelacharreria.org.mx\/wp-content\/uploads\/2024\/07\/MUSEO-DE-LA-CHARRERIA-ANQUERA--36x36.jpg 36w, https:\/\/museodelacharreria.org.mx\/wp-content\/uploads\/2024\/07\/MUSEO-DE-LA-CHARRERIA-ANQUERA--180x180.jpg 180w, https:\/\/museodelacharreria.org.mx\/wp-content\/uploads\/2024\/07\/MUSEO-DE-LA-CHARRERIA-ANQUERA--705x705.jpg 705w, https:\/\/museodelacharreria.org.mx\/wp-content\/uploads\/2024\/07\/MUSEO-DE-LA-CHARRERIA-ANQUERA--600x600.jpg 600w, https:\/\/museodelacharreria.org.mx\/wp-content\/uploads\/2024\/07\/MUSEO-DE-LA-CHARRERIA-ANQUERA--160x160.jpg 160w\" sizes=\"(max-width: 1280px) 100vw, 1280px\" \/><\/span><\/a><div class='avia-gallery-thumb'><a href=\"https:\/\/museodelacharreria.org.mx\/wp-content\/uploads\/2024\/07\/MUSEO-DE-LA-CHARRERIA-ANQUERA-.jpg\" data-srcset=\"https:\/\/museodelacharreria.org.mx\/wp-content\/uploads\/2024\/07\/MUSEO-DE-LA-CHARRERIA-ANQUERA-.jpg 1280w, https:\/\/museodelacharreria.org.mx\/wp-content\/uploads\/2024\/07\/MUSEO-DE-LA-CHARRERIA-ANQUERA--400x400.jpg 400w, https:\/\/museodelacharreria.org.mx\/wp-content\/uploads\/2024\/07\/MUSEO-DE-LA-CHARRERIA-ANQUERA--100x100.jpg 100w, https:\/\/museodelacharreria.org.mx\/wp-content\/uploads\/2024\/07\/MUSEO-DE-LA-CHARRERIA-ANQUERA--768x768.jpg 768w, https:\/\/museodelacharreria.org.mx\/wp-content\/uploads\/2024\/07\/MUSEO-DE-LA-CHARRERIA-ANQUERA--12x12.jpg 12w, https:\/\/museodelacharreria.org.mx\/wp-content\/uploads\/2024\/07\/MUSEO-DE-LA-CHARRERIA-ANQUERA--36x36.jpg 36w, https:\/\/museodelacharreria.org.mx\/wp-content\/uploads\/2024\/07\/MUSEO-DE-LA-CHARRERIA-ANQUERA--180x180.jpg 180w, https:\/\/museodelacharreria.org.mx\/wp-content\/uploads\/2024\/07\/MUSEO-DE-LA-CHARRERIA-ANQUERA--705x705.jpg 705w, https:\/\/museodelacharreria.org.mx\/wp-content\/uploads\/2024\/07\/MUSEO-DE-LA-CHARRERIA-ANQUERA--600x600.jpg 600w, https:\/\/museodelacharreria.org.mx\/wp-content\/uploads\/2024\/07\/MUSEO-DE-LA-CHARRERIA-ANQUERA--160x160.jpg 160w\" data-sizes=\"(max-width: 1280px) 100vw, 1280px\" data-rel='gallery-1' data-prev-img='https:\/\/museodelacharreria.org.mx\/wp-content\/uploads\/2024\/07\/MUSEO-DE-LA-CHARRERIA-ANQUERA-.jpg' class='first_thumb lightbox' data-onclick='1' title='MUSEO DE LA CHARRERI\u0301A | ANQUERA-'  itemprop=\"thumbnailUrl\"  ><img decoding=\"async\" fetchpriority=\"high\" class=\"wp-image-3458 avia-img-lazy-loading-not-3458\"   src=\"https:\/\/museodelacharreria.org.mx\/wp-content\/uploads\/2024\/07\/MUSEO-DE-LA-CHARRERIA-ANQUERA--600x384.jpg\" width=\"600\" height=\"384\"  title='MUSEO DE LA CHARRERI\u0301A | ANQUERA-' alt='' \/><div class='big-prev-fake'><img decoding=\"async\" loading=\"lazy\" class=\"wp-image-3458 avia-img-lazy-loading-3458\"  width=\"1280\" height=\"1280\" src=\"https:\/\/museodelacharreria.org.mx\/wp-content\/uploads\/2024\/07\/MUSEO-DE-LA-CHARRERIA-ANQUERA-.jpg\" title='MUSEO DE LA CHARRERI\u0301A | ANQUERA-' alt='' srcset=\"https:\/\/museodelacharreria.org.mx\/wp-content\/uploads\/2024\/07\/MUSEO-DE-LA-CHARRERIA-ANQUERA-.jpg 1280w, https:\/\/museodelacharreria.org.mx\/wp-content\/uploads\/2024\/07\/MUSEO-DE-LA-CHARRERIA-ANQUERA--400x400.jpg 400w, https:\/\/museodelacharreria.org.mx\/wp-content\/uploads\/2024\/07\/MUSEO-DE-LA-CHARRERIA-ANQUERA--100x100.jpg 100w, https:\/\/museodelacharreria.org.mx\/wp-content\/uploads\/2024\/07\/MUSEO-DE-LA-CHARRERIA-ANQUERA--768x768.jpg 768w, https:\/\/museodelacharreria.org.mx\/wp-content\/uploads\/2024\/07\/MUSEO-DE-LA-CHARRERIA-ANQUERA--12x12.jpg 12w, https:\/\/museodelacharreria.org.mx\/wp-content\/uploads\/2024\/07\/MUSEO-DE-LA-CHARRERIA-ANQUERA--36x36.jpg 36w, https:\/\/museodelacharreria.org.mx\/wp-content\/uploads\/2024\/07\/MUSEO-DE-LA-CHARRERIA-ANQUERA--180x180.jpg 180w, https:\/\/museodelacharreria.org.mx\/wp-content\/uploads\/2024\/07\/MUSEO-DE-LA-CHARRERIA-ANQUERA--705x705.jpg 705w, https:\/\/museodelacharreria.org.mx\/wp-content\/uploads\/2024\/07\/MUSEO-DE-LA-CHARRERIA-ANQUERA--600x600.jpg 600w, https:\/\/museodelacharreria.org.mx\/wp-content\/uploads\/2024\/07\/MUSEO-DE-LA-CHARRERIA-ANQUERA--160x160.jpg 160w\" sizes=\"auto, (max-width: 1280px) 100vw, 1280px\" \/><\/div><\/a><a href=\"https:\/\/museodelacharreria.org.mx\/wp-content\/uploads\/2024\/07\/MUSEO-DE-LA-CHARRERIA-ANQUERA-1418.jpg\" data-srcset=\"https:\/\/museodelacharreria.org.mx\/wp-content\/uploads\/2024\/07\/MUSEO-DE-LA-CHARRERIA-ANQUERA-1418.jpg 1920w, https:\/\/museodelacharreria.org.mx\/wp-content\/uploads\/2024\/07\/MUSEO-DE-LA-CHARRERIA-ANQUERA-1418-400x267.jpg 400w, https:\/\/museodelacharreria.org.mx\/wp-content\/uploads\/2024\/07\/MUSEO-DE-LA-CHARRERIA-ANQUERA-1418-768x512.jpg 768w, https:\/\/museodelacharreria.org.mx\/wp-content\/uploads\/2024\/07\/MUSEO-DE-LA-CHARRERIA-ANQUERA-1418-1536x1024.jpg 1536w, https:\/\/museodelacharreria.org.mx\/wp-content\/uploads\/2024\/07\/MUSEO-DE-LA-CHARRERIA-ANQUERA-1418-18x12.jpg 18w, https:\/\/museodelacharreria.org.mx\/wp-content\/uploads\/2024\/07\/MUSEO-DE-LA-CHARRERIA-ANQUERA-1418-1500x1000.jpg 1500w, https:\/\/museodelacharreria.org.mx\/wp-content\/uploads\/2024\/07\/MUSEO-DE-LA-CHARRERIA-ANQUERA-1418-705x470.jpg 705w, https:\/\/museodelacharreria.org.mx\/wp-content\/uploads\/2024\/07\/MUSEO-DE-LA-CHARRERIA-ANQUERA-1418-600x400.jpg 600w, https:\/\/museodelacharreria.org.mx\/wp-content\/uploads\/2024\/07\/MUSEO-DE-LA-CHARRERIA-ANQUERA-1418-240x160.jpg 240w\" data-sizes=\"(max-width: 1500px) 100vw, 1500px\" data-rel='gallery-1' data-prev-img='https:\/\/museodelacharreria.org.mx\/wp-content\/uploads\/2024\/07\/MUSEO-DE-LA-CHARRERIA-ANQUERA-1418.jpg' class='lightbox' data-onclick='2' title='MUSEO DE LA CHARRERI\u0301A | ANQUERA-1418'  itemprop=\"thumbnailUrl\"  ><img decoding=\"async\" fetchpriority=\"high\" class=\"wp-image-3459 avia-img-lazy-loading-not-3459\"   src=\"https:\/\/museodelacharreria.org.mx\/wp-content\/uploads\/2024\/07\/MUSEO-DE-LA-CHARRERIA-ANQUERA-1418-600x384.jpg\" width=\"600\" height=\"384\"  title='MUSEO DE LA CHARRERI\u0301A | ANQUERA-1418' alt='' srcset=\"https:\/\/museodelacharreria.org.mx\/wp-content\/uploads\/2024\/07\/MUSEO-DE-LA-CHARRERIA-ANQUERA-1418-600x384.jpg 600w, https:\/\/museodelacharreria.org.mx\/wp-content\/uploads\/2024\/07\/MUSEO-DE-LA-CHARRERIA-ANQUERA-1418-18x12.jpg 18w\" sizes=\"(max-width: 600px) 100vw, 600px\" \/><div class='big-prev-fake'><img decoding=\"async\" loading=\"lazy\" class=\"wp-image-3459 avia-img-lazy-loading-3459\"  width=\"1920\" height=\"1280\" src=\"https:\/\/museodelacharreria.org.mx\/wp-content\/uploads\/2024\/07\/MUSEO-DE-LA-CHARRERIA-ANQUERA-1418.jpg\" title='MUSEO DE LA CHARRERI\u0301A | ANQUERA-1418' alt='' srcset=\"https:\/\/museodelacharreria.org.mx\/wp-content\/uploads\/2024\/07\/MUSEO-DE-LA-CHARRERIA-ANQUERA-1418.jpg 1920w, https:\/\/museodelacharreria.org.mx\/wp-content\/uploads\/2024\/07\/MUSEO-DE-LA-CHARRERIA-ANQUERA-1418-400x267.jpg 400w, https:\/\/museodelacharreria.org.mx\/wp-content\/uploads\/2024\/07\/MUSEO-DE-LA-CHARRERIA-ANQUERA-1418-768x512.jpg 768w, https:\/\/museodelacharreria.org.mx\/wp-content\/uploads\/2024\/07\/MUSEO-DE-LA-CHARRERIA-ANQUERA-1418-1536x1024.jpg 1536w, https:\/\/museodelacharreria.org.mx\/wp-content\/uploads\/2024\/07\/MUSEO-DE-LA-CHARRERIA-ANQUERA-1418-18x12.jpg 18w, https:\/\/museodelacharreria.org.mx\/wp-content\/uploads\/2024\/07\/MUSEO-DE-LA-CHARRERIA-ANQUERA-1418-1500x1000.jpg 1500w, https:\/\/museodelacharreria.org.mx\/wp-content\/uploads\/2024\/07\/MUSEO-DE-LA-CHARRERIA-ANQUERA-1418-705x470.jpg 705w, https:\/\/museodelacharreria.org.mx\/wp-content\/uploads\/2024\/07\/MUSEO-DE-LA-CHARRERIA-ANQUERA-1418-600x400.jpg 600w, https:\/\/museodelacharreria.org.mx\/wp-content\/uploads\/2024\/07\/MUSEO-DE-LA-CHARRERIA-ANQUERA-1418-240x160.jpg 240w\" sizes=\"auto, (max-width: 1920px) 100vw, 1920px\" \/><\/div><\/a><a href=\"https:\/\/museodelacharreria.org.mx\/wp-content\/uploads\/2024\/07\/MUSEO-DE-LA-CHARRERIA-ANQUERA-1420.jpg\" data-srcset=\"https:\/\/museodelacharreria.org.mx\/wp-content\/uploads\/2024\/07\/MUSEO-DE-LA-CHARRERIA-ANQUERA-1420.jpg 1920w, https:\/\/museodelacharreria.org.mx\/wp-content\/uploads\/2024\/07\/MUSEO-DE-LA-CHARRERIA-ANQUERA-1420-400x267.jpg 400w, https:\/\/museodelacharreria.org.mx\/wp-content\/uploads\/2024\/07\/MUSEO-DE-LA-CHARRERIA-ANQUERA-1420-768x512.jpg 768w, https:\/\/museodelacharreria.org.mx\/wp-content\/uploads\/2024\/07\/MUSEO-DE-LA-CHARRERIA-ANQUERA-1420-1536x1024.jpg 1536w, https:\/\/museodelacharreria.org.mx\/wp-content\/uploads\/2024\/07\/MUSEO-DE-LA-CHARRERIA-ANQUERA-1420-18x12.jpg 18w, https:\/\/museodelacharreria.org.mx\/wp-content\/uploads\/2024\/07\/MUSEO-DE-LA-CHARRERIA-ANQUERA-1420-1500x1000.jpg 1500w, https:\/\/museodelacharreria.org.mx\/wp-content\/uploads\/2024\/07\/MUSEO-DE-LA-CHARRERIA-ANQUERA-1420-705x470.jpg 705w, https:\/\/museodelacharreria.org.mx\/wp-content\/uploads\/2024\/07\/MUSEO-DE-LA-CHARRERIA-ANQUERA-1420-600x400.jpg 600w, https:\/\/museodelacharreria.org.mx\/wp-content\/uploads\/2024\/07\/MUSEO-DE-LA-CHARRERIA-ANQUERA-1420-240x160.jpg 240w\" data-sizes=\"(max-width: 1500px) 100vw, 1500px\" data-rel='gallery-1' data-prev-img='https:\/\/museodelacharreria.org.mx\/wp-content\/uploads\/2024\/07\/MUSEO-DE-LA-CHARRERIA-ANQUERA-1420.jpg' class='lightbox' data-onclick='3' title='MUSEO DE LA CHARRERI\u0301A | ANQUERA-1420'  itemprop=\"thumbnailUrl\"  ><img decoding=\"async\" fetchpriority=\"high\" class=\"wp-image-3460 avia-img-lazy-loading-not-3460\"   src=\"https:\/\/museodelacharreria.org.mx\/wp-content\/uploads\/2024\/07\/MUSEO-DE-LA-CHARRERIA-ANQUERA-1420-600x384.jpg\" width=\"600\" height=\"384\"  title='MUSEO DE LA CHARRERI\u0301A | ANQUERA-1420' alt='' srcset=\"https:\/\/museodelacharreria.org.mx\/wp-content\/uploads\/2024\/07\/MUSEO-DE-LA-CHARRERIA-ANQUERA-1420-600x384.jpg 600w, https:\/\/museodelacharreria.org.mx\/wp-content\/uploads\/2024\/07\/MUSEO-DE-LA-CHARRERIA-ANQUERA-1420-18x12.jpg 18w\" sizes=\"(max-width: 600px) 100vw, 600px\" \/><div class='big-prev-fake'><img decoding=\"async\" loading=\"lazy\" class=\"wp-image-3460 avia-img-lazy-loading-3460\"  width=\"1920\" height=\"1280\" src=\"https:\/\/museodelacharreria.org.mx\/wp-content\/uploads\/2024\/07\/MUSEO-DE-LA-CHARRERIA-ANQUERA-1420.jpg\" title='MUSEO DE LA CHARRERI\u0301A | ANQUERA-1420' alt='' srcset=\"https:\/\/museodelacharreria.org.mx\/wp-content\/uploads\/2024\/07\/MUSEO-DE-LA-CHARRERIA-ANQUERA-1420.jpg 1920w, https:\/\/museodelacharreria.org.mx\/wp-content\/uploads\/2024\/07\/MUSEO-DE-LA-CHARRERIA-ANQUERA-1420-400x267.jpg 400w, https:\/\/museodelacharreria.org.mx\/wp-content\/uploads\/2024\/07\/MUSEO-DE-LA-CHARRERIA-ANQUERA-1420-768x512.jpg 768w, https:\/\/museodelacharreria.org.mx\/wp-content\/uploads\/2024\/07\/MUSEO-DE-LA-CHARRERIA-ANQUERA-1420-1536x1024.jpg 1536w, https:\/\/museodelacharreria.org.mx\/wp-content\/uploads\/2024\/07\/MUSEO-DE-LA-CHARRERIA-ANQUERA-1420-18x12.jpg 18w, https:\/\/museodelacharreria.org.mx\/wp-content\/uploads\/2024\/07\/MUSEO-DE-LA-CHARRERIA-ANQUERA-1420-1500x1000.jpg 1500w, https:\/\/museodelacharreria.org.mx\/wp-content\/uploads\/2024\/07\/MUSEO-DE-LA-CHARRERIA-ANQUERA-1420-705x470.jpg 705w, https:\/\/museodelacharreria.org.mx\/wp-content\/uploads\/2024\/07\/MUSEO-DE-LA-CHARRERIA-ANQUERA-1420-600x400.jpg 600w, https:\/\/museodelacharreria.org.mx\/wp-content\/uploads\/2024\/07\/MUSEO-DE-LA-CHARRERIA-ANQUERA-1420-240x160.jpg 240w\" sizes=\"auto, (max-width: 1920px) 100vw, 1920px\" \/><\/div><\/a><a href=\"https:\/\/museodelacharreria.org.mx\/wp-content\/uploads\/2024\/07\/MUSEO-DE-LA-CHARRERIA-ANQUERA-1421.jpg\" data-srcset=\"https:\/\/museodelacharreria.org.mx\/wp-content\/uploads\/2024\/07\/MUSEO-DE-LA-CHARRERIA-ANQUERA-1421.jpg 1280w, https:\/\/museodelacharreria.org.mx\/wp-content\/uploads\/2024\/07\/MUSEO-DE-LA-CHARRERIA-ANQUERA-1421-400x400.jpg 400w, https:\/\/museodelacharreria.org.mx\/wp-content\/uploads\/2024\/07\/MUSEO-DE-LA-CHARRERIA-ANQUERA-1421-100x100.jpg 100w, https:\/\/museodelacharreria.org.mx\/wp-content\/uploads\/2024\/07\/MUSEO-DE-LA-CHARRERIA-ANQUERA-1421-768x768.jpg 768w, https:\/\/museodelacharreria.org.mx\/wp-content\/uploads\/2024\/07\/MUSEO-DE-LA-CHARRERIA-ANQUERA-1421-12x12.jpg 12w, https:\/\/museodelacharreria.org.mx\/wp-content\/uploads\/2024\/07\/MUSEO-DE-LA-CHARRERIA-ANQUERA-1421-36x36.jpg 36w, https:\/\/museodelacharreria.org.mx\/wp-content\/uploads\/2024\/07\/MUSEO-DE-LA-CHARRERIA-ANQUERA-1421-180x180.jpg 180w, https:\/\/museodelacharreria.org.mx\/wp-content\/uploads\/2024\/07\/MUSEO-DE-LA-CHARRERIA-ANQUERA-1421-705x705.jpg 705w, https:\/\/museodelacharreria.org.mx\/wp-content\/uploads\/2024\/07\/MUSEO-DE-LA-CHARRERIA-ANQUERA-1421-600x600.jpg 600w, https:\/\/museodelacharreria.org.mx\/wp-content\/uploads\/2024\/07\/MUSEO-DE-LA-CHARRERIA-ANQUERA-1421-160x160.jpg 160w\" data-sizes=\"(max-width: 1280px) 100vw, 1280px\" data-rel='gallery-1' data-prev-img='https:\/\/museodelacharreria.org.mx\/wp-content\/uploads\/2024\/07\/MUSEO-DE-LA-CHARRERIA-ANQUERA-1421.jpg' class='lightbox' data-onclick='4' title='MUSEO DE LA CHARRERI\u0301A | ANQUERA-1421'  itemprop=\"thumbnailUrl\"  ><img decoding=\"async\" fetchpriority=\"high\" class=\"wp-image-3461 avia-img-lazy-loading-not-3461\"   src=\"https:\/\/museodelacharreria.org.mx\/wp-content\/uploads\/2024\/07\/MUSEO-DE-LA-CHARRERIA-ANQUERA-1421-600x384.jpg\" width=\"600\" height=\"384\"  title='MUSEO DE LA CHARRERI\u0301A | ANQUERA-1421' alt='' \/><div class='big-prev-fake'><img decoding=\"async\" loading=\"lazy\" class=\"wp-image-3461 avia-img-lazy-loading-3461\"  width=\"1280\" height=\"1280\" src=\"https:\/\/museodelacharreria.org.mx\/wp-content\/uploads\/2024\/07\/MUSEO-DE-LA-CHARRERIA-ANQUERA-1421.jpg\" title='MUSEO DE LA CHARRERI\u0301A | ANQUERA-1421' alt='' srcset=\"https:\/\/museodelacharreria.org.mx\/wp-content\/uploads\/2024\/07\/MUSEO-DE-LA-CHARRERIA-ANQUERA-1421.jpg 1280w, https:\/\/museodelacharreria.org.mx\/wp-content\/uploads\/2024\/07\/MUSEO-DE-LA-CHARRERIA-ANQUERA-1421-400x400.jpg 400w, https:\/\/museodelacharreria.org.mx\/wp-content\/uploads\/2024\/07\/MUSEO-DE-LA-CHARRERIA-ANQUERA-1421-100x100.jpg 100w, https:\/\/museodelacharreria.org.mx\/wp-content\/uploads\/2024\/07\/MUSEO-DE-LA-CHARRERIA-ANQUERA-1421-768x768.jpg 768w, https:\/\/museodelacharreria.org.mx\/wp-content\/uploads\/2024\/07\/MUSEO-DE-LA-CHARRERIA-ANQUERA-1421-12x12.jpg 12w, https:\/\/museodelacharreria.org.mx\/wp-content\/uploads\/2024\/07\/MUSEO-DE-LA-CHARRERIA-ANQUERA-1421-36x36.jpg 36w, https:\/\/museodelacharreria.org.mx\/wp-content\/uploads\/2024\/07\/MUSEO-DE-LA-CHARRERIA-ANQUERA-1421-180x180.jpg 180w, https:\/\/museodelacharreria.org.mx\/wp-content\/uploads\/2024\/07\/MUSEO-DE-LA-CHARRERIA-ANQUERA-1421-705x705.jpg 705w, https:\/\/museodelacharreria.org.mx\/wp-content\/uploads\/2024\/07\/MUSEO-DE-LA-CHARRERIA-ANQUERA-1421-600x600.jpg 600w, https:\/\/museodelacharreria.org.mx\/wp-content\/uploads\/2024\/07\/MUSEO-DE-LA-CHARRERIA-ANQUERA-1421-160x160.jpg 160w\" sizes=\"auto, (max-width: 1280px) 100vw, 1280px\" \/><\/div><\/a><\/div><\/div><\/div>\n<div  class='flex_column av-e4nun-e4d16696b7a631338a4d205072919cbc av_one_half  avia-builder-el-4  el_after_av_one_half  el_before_av_hr  flex_column_div'     ><section  class='av_textblock_section av-lk73lniz-6fee45422ff9ebf1c8509efe3e3eb2c6'   itemscope=\"itemscope\" itemtype=\"https:\/\/schema.org\/CreativeWork\" ><div class='avia_textblock'  itemprop=\"text\" ><p>\u306b\u3064\u3044\u3066 <strong>anquera<\/strong> es un accesorio sobresaliente para la silla charra, dise\u00f1ado para cubrir las ancas del caballo y contribuir a su entrenamiento, espec\u00edficamente para evitar que &#8220;rabeen&#8221; o muevan excesivamente la cola. Este elemento es fundamental en el proceso de acostumbrar al caballo a diferentes est\u00edmulos y sonidos, siendo esencial en su avance y manejo.<\/p>\n<p>Una caracter\u00edstica distintiva de la anquera es la presencia de &#8220;coscojos&#8221; o &#8220;ruidos&#8221; en su parte inferior. Estas peque\u00f1as piezas de metal funcionan como cascabeles, emitiendo sonidos que ayudan a familiarizar al caballo con el ruido, promoviendo as\u00ed una mayor calma y estabilidad durante su entrenamiento.<\/p>\n<p>M\u00e1s all\u00e1 de su funcionalidad, la anquera tambi\u00e9n es un accesorio de gran elegancia y valor art\u00edstico. Sirve como un lienzo donde el artesano talabartero puede desplegar su maestr\u00eda, creando piezas que armonizan perfectamente con la silla y el atuendo del charro. Los detalles decorativos en la anquera no solo reflejan la habilidad del artesano, sino que tambi\u00e9n a\u00f1aden un nivel adicional de distinci\u00f3n y estilo al conjunto ecuestre.<\/p>\n<\/div><\/section><\/div>\n<div  class='hr av-1diup-329b964ffb3ec42c2ca4040847a5c059 hr-default  avia-builder-el-6  el_after_av_one_half  el_before_av_textblock'><span class='hr-inner'><span class=\"hr-inner-style\"><\/span><\/span><\/div>\n<section  class='av_textblock_section av-ly3tigrs-7a0535c5feb3546914914aa0dcd1eddd'   itemscope=\"itemscope\" itemtype=\"https:\/\/schema.org\/CreativeWork\" ><div class='avia_textblock'  itemprop=\"text\" ><p>\u306b\u3064\u3044\u3066 <strong>ANCHERA<\/strong> tiene sus ra\u00edces en la Edad Media. Originalmente, fue dise\u00f1ada como parte de la armadura ecuestre utilizada por los caballeros para proteger las ancas del caballo en combates y torneos. &#8220;Esta pieza medieval proteg\u00eda las ancas del caballo y al jinete en batalla&#8221; (Boydell Press, &#8220;The Medieval Horse and Its Equipment, c.1150-c.1450&#8221;).<\/p>\n<p>Con el tiempo, esta pieza se adapt\u00f3 a las necesidades del campo y se incorpor\u00f3 a la montura charra, conservando su funci\u00f3n protectora y adquiriendo elementos decorativos distintivos. La anquera tambi\u00e9n fue utilizada por los Dragones de Cuera en la Nueva Espa\u00f1a, &#8220;quienes empleaban estas piezas como protecci\u00f3n adicional durante las campa\u00f1as militares&#8221; (Garc\u00eda, &#8220;Los Dragones de Cuera y su Equipamiento en la Nueva Espa\u00f1a&#8221;).<\/p>\n<p>Seg\u00fan el experto en equitaci\u00f3n cl\u00e1sica, Jean-Claude Racinet, \u201cel control de la cola y el ruido son aspectos cruciales en el entrenamiento de un caballo, influyendo significativamente en su comportamiento y rendimiento\u201d (Racinet, 2001). Este principio se ha mantenido y adaptado en la charrer\u00eda mexicana, donde la anquera se ha integrado como una pieza clave tanto por su utilidad como por su capacidad decorativa.<\/p>\n<p>La evoluci\u00f3n de la anquera refleja la rica tradici\u00f3n y la adaptaci\u00f3n de influencias hist\u00f3ricas en la pr\u00e1ctica de la charrer\u00eda.<\/p>\n<p>Referencias:<\/p>\n<p>1. Boydell Press. &#8220;The Medieval Horse and Its Equipment, c.1150-c.1450.&#8221;<br \/>\n2. Fondo de Cultura Econ\u00f3mica. &#8220;La Charrer\u00eda: Origen y Evoluci\u00f3n.&#8221;<br \/>\n3. Garc\u00eda, Juan. &#8220;Los Dragones de Cuera y su Equipamiento en la Nueva Espa\u00f1a.&#8221;<br \/>\n4. Racinet, Jean-Claude. *Another Horsemanship*. London: J. A. Allen, 2001.<br \/>\n5. Anaya. &#8220;Armas y armaduras: Caballeros y castillos en la Edad Media.&#8221;<\/p>\n<\/div><\/section>\n<div  id=\"avia-magazine-1\"  class='av-magazine av-x649-09b0455fccd309fd2dd5fa45758c4979 av-magazine-top-bar-active av-magazine-tabs-active  avia-builder-el-8  el_after_av_textblock  avia-builder-el-last   avia-builder-el-8  el_after_av_textblock  avia-builder-el-last' ><div class='av-magazine-top-bar'><div class=\"av-magazine-sort\" data-magazine-id=\"1\" ><div class=\"av-sort-by-term\"><a href=\"#\" data-filter=\"sort_all\" class=\"all_sort_button active_sort\"><span class=\"inner_sort_button\"><span>\u3059\u3079\u3066<\/span><\/span><\/a><span class='text-sep accesorios_sort_sep'>\/<\/span><a href=\"#\" data-filter=\"sort_195\" class=\"accesorios_sort_button\" ><span class=\"inner_sort_button\"><span>\u30a2\u30af\u30bb\u30b5\u30ea\u30fc<\/span><\/span><\/a><span class='text-sep indumentaria_sort_sep'>\/<\/span><a href=\"#\" data-filter=\"sort_7\" class=\"indumentaria_sort_button\" ><span class=\"inner_sort_button\"><span>\u8863\u985e<\/span><\/span><\/a><span class='text-sep sillas_sort_sep'>\/<\/span><a href=\"#\" data-filter=\"sort_6\" class=\"sillas_sort_button\" ><span class=\"inner_sort_button\"><span>\u30e2\u30f3\u30c1\u30e5\u30e9\u30b9<\/span><\/span><\/a><span class='text-sep reconocimiento_sort_sep'>\/<\/span><a href=\"#\" data-filter=\"sort_45\" class=\"reconocimiento_sort_button\" ><span class=\"inner_sort_button\"><span>\u627f\u8a8d<\/span><\/span><\/a><span class='text-sep sombreros_sort_sep'>\/<\/span><a href=\"#\" data-filter=\"sort_40\" class=\"sombreros_sort_button\" ><span class=\"inner_sort_button\"><span>\u30cf\u30c3\u30c8<\/span><\/span><\/a><span class='text-sep utensilios_sort_sep'>\/<\/span><a href=\"#\" data-filter=\"sort_12\" class=\"utensilios_sort_button\" ><span class=\"inner_sort_button\"><span>UTENSILS<\/span><\/span><\/a><\/div><\/div><\/div><div class='av-magazine-group sort_all'><article class='av-magazine-entry av-magazine-entry-id-3965 av-magazine-format-standard av-magazine-type-portfolio av-magazine-entry-1 av-magazine-entry-small'  itemscope=\"itemscope\" itemtype=\"https:\/\/schema.org\/CreativeWork\" ><div class=\"av-magazine-thumbnail\"><a href='https:\/\/museodelacharreria.org.mx\/ja\/coleccion\/cabezadas-de-plata-de-emiliano-zapata\/' title='\u30ea\u30f3\u30af\u5148:  CABEZADAS DE PLATA DE EMILIANO ZAPATA' class='av-magazine-thumbnail-link'><img decoding=\"async\" fetchpriority=\"high\" width=\"100\" height=\"100\" src=\"https:\/\/museodelacharreria.org.mx\/wp-content\/uploads\/2024\/11\/MUSEO-DE-LA-CHARRERIA-CABEZADA-DE-EMILIANO-ZAPATA--100x100.jpg\" class=\"wp-image-3966 avia-img-lazy-loading-not-3966 attachment-thumbnail size-thumbnail wp-post-image\" alt=\"\" srcset=\"https:\/\/museodelacharreria.org.mx\/wp-content\/uploads\/2024\/11\/MUSEO-DE-LA-CHARRERIA-CABEZADA-DE-EMILIANO-ZAPATA--100x100.jpg 100w, https:\/\/museodelacharreria.org.mx\/wp-content\/uploads\/2024\/11\/MUSEO-DE-LA-CHARRERIA-CABEZADA-DE-EMILIANO-ZAPATA--36x36.jpg 36w, https:\/\/museodelacharreria.org.mx\/wp-content\/uploads\/2024\/11\/MUSEO-DE-LA-CHARRERIA-CABEZADA-DE-EMILIANO-ZAPATA--180x180.jpg 180w\" sizes=\"(max-width: 100px) 100vw, 100px\" \/><\/a><\/div><div class=\"av-magazine-content-wrap\"><header class=\"entry-content-header\" aria-label=\"Post: CABEZADAS DE PLATA DE EMILIANO ZAPATA\"><time class='av-magazine-time updated'  itemprop=\"datePublished\" datetime=\"2024-11-25T20:09:58-06:00\" >2024-11-25<\/time><h3 class='av-magazine-title entry-title'  itemprop=\"headline\" ><a href='https:\/\/museodelacharreria.org.mx\/ja\/coleccion\/cabezadas-de-plata-de-emiliano-zapata\/' title='\u30ea\u30f3\u30af\u5148:  CABEZADAS DE PLATA DE EMILIANO ZAPATA'>\u30a8\u30df\u30ea\u30a2\u30fc\u30ce\u30fb\u30b5\u30d1\u30bf\u306e\u9280\u306e\u624b\u7db1<\/a><\/h3><\/header><\/div><footer class=\"entry-footer\"><\/footer><\/article><article class='av-magazine-entry av-magazine-entry-id-3791 av-magazine-format-standard av-magazine-type-portfolio av-magazine-entry-2 av-magazine-entry-small'  itemscope=\"itemscope\" itemtype=\"https:\/\/schema.org\/CreativeWork\" ><div class=\"av-magazine-thumbnail\"><a href='https:\/\/museodelacharreria.org.mx\/ja\/coleccion\/silla-charra-chomiteada-en-grecas\/' title='\u30ea\u30f3\u30af\u5148:  SILLA CHARRA CHOMITEADA EN GRECAS' class='av-magazine-thumbnail-link'><img decoding=\"async\" fetchpriority=\"high\" width=\"100\" height=\"100\" src=\"https:\/\/museodelacharreria.org.mx\/wp-content\/uploads\/2024\/11\/Museo-de-la-Charreria-Silla-Charra-Con-Chimite-en-Greca-100x100.jpg\" class=\"wp-image-3792 avia-img-lazy-loading-not-3792 attachment-thumbnail size-thumbnail wp-post-image\" alt=\"\" srcset=\"https:\/\/museodelacharreria.org.mx\/wp-content\/uploads\/2024\/11\/Museo-de-la-Charreria-Silla-Charra-Con-Chimite-en-Greca-100x100.jpg 100w, https:\/\/museodelacharreria.org.mx\/wp-content\/uploads\/2024\/11\/Museo-de-la-Charreria-Silla-Charra-Con-Chimite-en-Greca-36x36.jpg 36w, https:\/\/museodelacharreria.org.mx\/wp-content\/uploads\/2024\/11\/Museo-de-la-Charreria-Silla-Charra-Con-Chimite-en-Greca-180x180.jpg 180w\" sizes=\"(max-width: 100px) 100vw, 100px\" \/><\/a><\/div><div class=\"av-magazine-content-wrap\"><header class=\"entry-content-header\" aria-label=\"Post: SILLA CHARRA CHOMITEADA EN GRECAS\"><time class='av-magazine-time updated'  itemprop=\"datePublished\" datetime=\"2024-11-25T15:30:12-06:00\" >2024-11-25<\/time><h3 class='av-magazine-title entry-title'  itemprop=\"headline\" ><a href='https:\/\/museodelacharreria.org.mx\/ja\/coleccion\/silla-charra-chomiteada-en-grecas\/' title='\u30ea\u30f3\u30af\u5148:  SILLA CHARRA CHOMITEADA EN GRECAS'>\u30b5\u30c9\u30eb\u30fb\u30c1\u30e3\u30e9\u30fb\u30c1\u30e7\u30df\u30c6\u30fc\u30c0\u30fb\u30a4\u30f3\u30fb\u30b0\u30ec\u30b7\u30a2\u30b9<\/a><\/h3><\/header><\/div><footer class=\"entry-footer\"><\/footer><\/article><article class='av-magazine-entry av-magazine-entry-id-3882 av-magazine-format-standard av-magazine-type-portfolio av-magazine-entry-3 av-magazine-entry-small'  itemscope=\"itemscope\" itemtype=\"https:\/\/schema.org\/CreativeWork\" ><div class=\"av-magazine-thumbnail\"><a href='https:\/\/museodelacharreria.org.mx\/ja\/coleccion\/silla-charra-de-media-gala-cincelada\/' title='\u30ea\u30f3\u30af\u5148:  SILLA CHARRA DE MEDIA GALA CINCELADA' class='av-magazine-thumbnail-link'><img decoding=\"async\" fetchpriority=\"high\" width=\"100\" height=\"100\" src=\"https:\/\/museodelacharreria.org.mx\/wp-content\/uploads\/2024\/11\/MUSEO-DE-LA-CHARRERIA-SILLA-CHARRA-4-100x100.jpg\" class=\"wp-image-3889 avia-img-lazy-loading-not-3889 attachment-thumbnail size-thumbnail wp-post-image\" alt=\"\" srcset=\"https:\/\/museodelacharreria.org.mx\/wp-content\/uploads\/2024\/11\/MUSEO-DE-LA-CHARRERIA-SILLA-CHARRA-4-100x100.jpg 100w, https:\/\/museodelacharreria.org.mx\/wp-content\/uploads\/2024\/11\/MUSEO-DE-LA-CHARRERIA-SILLA-CHARRA-4-36x36.jpg 36w, https:\/\/museodelacharreria.org.mx\/wp-content\/uploads\/2024\/11\/MUSEO-DE-LA-CHARRERIA-SILLA-CHARRA-4-180x180.jpg 180w\" sizes=\"(max-width: 100px) 100vw, 100px\" \/><\/a><\/div><div class=\"av-magazine-content-wrap\"><header class=\"entry-content-header\" aria-label=\"Post: SILLA CHARRA DE MEDIA GALA CINCELADA\"><time class='av-magazine-time updated'  itemprop=\"datePublished\" datetime=\"2024-11-25T14:10:00-06:00\" >2024-11-25<\/time><h3 class='av-magazine-title entry-title'  itemprop=\"headline\" ><a href='https:\/\/museodelacharreria.org.mx\/ja\/coleccion\/silla-charra-de-media-gala-cincelada\/' title='\u30ea\u30f3\u30af\u5148:  SILLA CHARRA DE MEDIA GALA CINCELADA'>\u30c1\u30e3\u30ed\u30fb\u30c1\u30a7\u30a2\u30fb\u30aa\u30d6\u30fb\u30c1\u30bc\u30eb\u30fb\u30cf\u30fc\u30d5\u30fb\u30ac\u30e9<\/a><\/h3><\/header><\/div><footer class=\"entry-footer\"><\/footer><\/article><article class='av-magazine-entry av-magazine-entry-id-3777 av-magazine-format-standard av-magazine-type-portfolio av-magazine-entry-4 av-magazine-entry-small'  itemscope=\"itemscope\" itemtype=\"https:\/\/schema.org\/CreativeWork\" ><div class=\"av-magazine-thumbnail\"><a href='https:\/\/museodelacharreria.org.mx\/ja\/coleccion\/silla-charra-piteada\/' title='\u30ea\u30f3\u30af\u5148:  SILLA CHARRA PITEADA' class='av-magazine-thumbnail-link'><img decoding=\"async\" fetchpriority=\"high\" width=\"100\" height=\"100\" src=\"https:\/\/museodelacharreria.org.mx\/wp-content\/uploads\/2024\/11\/Museo-de-la-Charreria-Silla-Charra-de-Gala-100x100.jpg\" class=\"wp-image-3775 avia-img-lazy-loading-not-3775 attachment-thumbnail size-thumbnail wp-post-image\" alt=\"\" srcset=\"https:\/\/museodelacharreria.org.mx\/wp-content\/uploads\/2024\/11\/Museo-de-la-Charreria-Silla-Charra-de-Gala-100x100.jpg 100w, https:\/\/museodelacharreria.org.mx\/wp-content\/uploads\/2024\/11\/Museo-de-la-Charreria-Silla-Charra-de-Gala-36x36.jpg 36w, https:\/\/museodelacharreria.org.mx\/wp-content\/uploads\/2024\/11\/Museo-de-la-Charreria-Silla-Charra-de-Gala-180x180.jpg 180w\" sizes=\"(max-width: 100px) 100vw, 100px\" \/><\/a><\/div><div class=\"av-magazine-content-wrap\"><header class=\"entry-content-header\" aria-label=\"Post: SILLA CHARRA PITEADA\"><time class='av-magazine-time updated'  itemprop=\"datePublished\" datetime=\"2024-11-25T14:00:29-06:00\" >2024-11-25<\/time><h3 class='av-magazine-title entry-title'  itemprop=\"headline\" ><a href='https:\/\/museodelacharreria.org.mx\/ja\/coleccion\/silla-charra-piteada\/' title='\u30ea\u30f3\u30af\u5148:  SILLA CHARRA PITEADA'>\u30b5\u30c9\u30eb\u30c1\u30e3\u30e9\u30fb\u30d4\u30c6\u30a2\u30c0<\/a><\/h3><\/header><\/div><footer class=\"entry-footer\"><\/footer><\/article><article class='av-magazine-entry av-magazine-entry-id-3750 av-magazine-format-standard av-magazine-type-portfolio av-magazine-entry-5 av-magazine-entry-small'  itemscope=\"itemscope\" itemtype=\"https:\/\/schema.org\/CreativeWork\" ><div class=\"av-magazine-thumbnail\"><a href='https:\/\/museodelacharreria.org.mx\/ja\/coleccion\/silla-charra-con-motivos-taurinos\/' title='\u30ea\u30f3\u30af\u5148:  SILLA CHARRA CON MOTIVOS TAURINOS' class='av-magazine-thumbnail-link'><img decoding=\"async\" fetchpriority=\"high\" width=\"100\" height=\"100\" src=\"https:\/\/museodelacharreria.org.mx\/wp-content\/uploads\/2024\/11\/MUSEO-DE-LA-CHARRERIA-SILLA-CHARRA-CON-MOTIVOS-TAURINOS-3-100x100.jpg\" class=\"wp-image-3753 avia-img-lazy-loading-not-3753 attachment-thumbnail size-thumbnail wp-post-image\" alt=\"\" srcset=\"https:\/\/museodelacharreria.org.mx\/wp-content\/uploads\/2024\/11\/MUSEO-DE-LA-CHARRERIA-SILLA-CHARRA-CON-MOTIVOS-TAURINOS-3-100x100.jpg 100w, https:\/\/museodelacharreria.org.mx\/wp-content\/uploads\/2024\/11\/MUSEO-DE-LA-CHARRERIA-SILLA-CHARRA-CON-MOTIVOS-TAURINOS-3-36x36.jpg 36w, https:\/\/museodelacharreria.org.mx\/wp-content\/uploads\/2024\/11\/MUSEO-DE-LA-CHARRERIA-SILLA-CHARRA-CON-MOTIVOS-TAURINOS-3-180x180.jpg 180w\" sizes=\"(max-width: 100px) 100vw, 100px\" \/><\/a><\/div><div class=\"av-magazine-content-wrap\"><header class=\"entry-content-header\" aria-label=\"Post: SILLA CHARRA CON MOTIVOS TAURINOS\"><time class='av-magazine-time updated'  itemprop=\"datePublished\" datetime=\"2024-11-25T11:02:41-06:00\" >2024-11-25<\/time><h3 class='av-magazine-title entry-title'  itemprop=\"headline\" ><a href='https:\/\/museodelacharreria.org.mx\/ja\/coleccion\/silla-charra-con-motivos-taurinos\/' title='\u30ea\u30f3\u30af\u5148:  SILLA CHARRA CON MOTIVOS TAURINOS'>\u95d8\u725b\u30e2\u30c1\u30fc\u30d5\u306e\u30c1\u30e3\u30ed\u30fb\u30c1\u30a7\u30a2<\/a><\/h3><\/header><\/div><footer class=\"entry-footer\"><\/footer><\/article><article class='av-magazine-entry av-magazine-entry-id-3827 av-magazine-format-standard av-magazine-type-portfolio av-magazine-entry-6 av-magazine-entry-small'  itemscope=\"itemscope\" itemtype=\"https:\/\/schema.org\/CreativeWork\" ><div class=\"av-magazine-thumbnail\"><a href='https:\/\/museodelacharreria.org.mx\/ja\/coleccion\/cuera-michoacana-2\/' title='\u30ea\u30f3\u30af\u5148:  CUERA MICHOACANA' class='av-magazine-thumbnail-link'><img decoding=\"async\" fetchpriority=\"high\" width=\"100\" height=\"100\" src=\"https:\/\/museodelacharreria.org.mx\/wp-content\/uploads\/2024\/11\/Museo-de-la-Charreria-Cuera-Michoacana-con-Panoleta-Roja-2-100x100.jpg\" class=\"wp-image-3828 avia-img-lazy-loading-not-3828 attachment-thumbnail size-thumbnail wp-post-image\" alt=\"\" srcset=\"https:\/\/museodelacharreria.org.mx\/wp-content\/uploads\/2024\/11\/Museo-de-la-Charreria-Cuera-Michoacana-con-Panoleta-Roja-2-100x100.jpg 100w, https:\/\/museodelacharreria.org.mx\/wp-content\/uploads\/2024\/11\/Museo-de-la-Charreria-Cuera-Michoacana-con-Panoleta-Roja-2-36x36.jpg 36w, https:\/\/museodelacharreria.org.mx\/wp-content\/uploads\/2024\/11\/Museo-de-la-Charreria-Cuera-Michoacana-con-Panoleta-Roja-2-180x180.jpg 180w\" sizes=\"(max-width: 100px) 100vw, 100px\" \/><\/a><\/div><div class=\"av-magazine-content-wrap\"><header class=\"entry-content-header\" aria-label=\"Post: CUERA MICHOACANA\"><time class='av-magazine-time updated'  itemprop=\"datePublished\" datetime=\"2024-11-24T14:07:13-06:00\" >2024-11-24<\/time><h3 class='av-magazine-title entry-title'  itemprop=\"headline\" ><a href='https:\/\/museodelacharreria.org.mx\/ja\/coleccion\/cuera-michoacana-2\/' title='\u30ea\u30f3\u30af\u5148:  CUERA MICHOACANA'>\u30bb\u30e9\u30fb\u30df\u30c1\u30e7\u30a2\u30ab\u30fc\u30ca<\/a><\/h3><\/header><\/div><footer class=\"entry-footer\"><\/footer><\/article><article class='av-magazine-entry av-magazine-entry-id-3806 av-magazine-format-standard av-magazine-type-portfolio av-magazine-entry-7 av-magazine-entry-small'  itemscope=\"itemscope\" itemtype=\"https:\/\/schema.org\/CreativeWork\" ><div class=\"av-magazine-thumbnail\"><a href='https:\/\/museodelacharreria.org.mx\/ja\/coleccion\/silla-charra-piteada-cincelada-y-encorrillada\/' title='\u30ea\u30f3\u30af\u5148:  SILLA CHARRA PITEADA, CINCELADA Y ENCORRILLADA' class='av-magazine-thumbnail-link'><img decoding=\"async\" fetchpriority=\"high\" width=\"100\" height=\"100\" src=\"https:\/\/museodelacharreria.org.mx\/wp-content\/uploads\/2024\/11\/MUSEO-DE-LA-CHARRERIA-SILLA-CHARRA-PITEADA-CINCELADA-Y-ENCORRILLADA--100x100.jpg\" class=\"wp-image-3799 avia-img-lazy-loading-not-3799 attachment-thumbnail size-thumbnail wp-post-image\" alt=\"\" srcset=\"https:\/\/museodelacharreria.org.mx\/wp-content\/uploads\/2024\/11\/MUSEO-DE-LA-CHARRERIA-SILLA-CHARRA-PITEADA-CINCELADA-Y-ENCORRILLADA--100x100.jpg 100w, https:\/\/museodelacharreria.org.mx\/wp-content\/uploads\/2024\/11\/MUSEO-DE-LA-CHARRERIA-SILLA-CHARRA-PITEADA-CINCELADA-Y-ENCORRILLADA--36x36.jpg 36w, https:\/\/museodelacharreria.org.mx\/wp-content\/uploads\/2024\/11\/MUSEO-DE-LA-CHARRERIA-SILLA-CHARRA-PITEADA-CINCELADA-Y-ENCORRILLADA--180x180.jpg 180w\" sizes=\"(max-width: 100px) 100vw, 100px\" \/><\/a><\/div><div class=\"av-magazine-content-wrap\"><header class=\"entry-content-header\" aria-label=\"Post: SILLA CHARRA PITEADA, CINCELADA Y ENCORRILLADA\"><time class='av-magazine-time updated'  itemprop=\"datePublished\" datetime=\"2024-11-23T13:35:49-06:00\" >2024-11-23<\/time><h3 class='av-magazine-title entry-title'  itemprop=\"headline\" ><a href='https:\/\/museodelacharreria.org.mx\/ja\/coleccion\/silla-charra-piteada-cincelada-y-encorrillada\/' title='\u30ea\u30f3\u30af\u5148:  SILLA CHARRA PITEADA, CINCELADA Y ENCORRILLADA'>\u30b5\u30c9\u30eb\u30fb\u30c1\u30e3\u30e9\u30fb\u30d4\u30c6\u30a2\u30c0\u3001\u30ce\u30df\u3092\u524a\u3063\u3066\u30a8\u30f3\u30b3\u30ea\u30e3\u30fc\u30c0\u72b6\u306b\u3057\u305f\u3082\u306e<\/a><\/h3><\/header><\/div><footer class=\"entry-footer\"><\/footer><\/article><\/div><div class='av-magazine-group av-hidden-mag sort_195'><article class='av-magazine-entry av-magazine-entry-id-3957 av-magazine-format-standard av-magazine-type-portfolio av-magazine-entry-1 av-magazine-entry-small'  itemscope=\"itemscope\" itemtype=\"https:\/\/schema.org\/CreativeWork\" ><div class=\"av-magazine-thumbnail\"><a href='https:\/\/museodelacharreria.org.mx\/ja\/coleccion\/chaparreras\/' title='\u30ea\u30f3\u30af\u5148:  CHAPARRERAS' class='av-magazine-thumbnail-link'><img decoding=\"async\" fetchpriority=\"high\" width=\"100\" height=\"100\" src=\"https:\/\/museodelacharreria.org.mx\/wp-content\/uploads\/2024\/11\/Chaparreras-Cinceladas-100x100.jpg\" class=\"wp-image-3958 avia-img-lazy-loading-not-3958 attachment-thumbnail size-thumbnail wp-post-image\" alt=\"\" srcset=\"https:\/\/museodelacharreria.org.mx\/wp-content\/uploads\/2024\/11\/Chaparreras-Cinceladas-100x100.jpg 100w, https:\/\/museodelacharreria.org.mx\/wp-content\/uploads\/2024\/11\/Chaparreras-Cinceladas-36x36.jpg 36w, https:\/\/museodelacharreria.org.mx\/wp-content\/uploads\/2024\/11\/Chaparreras-Cinceladas-180x180.jpg 180w\" sizes=\"(max-width: 100px) 100vw, 100px\" \/><\/a><\/div><div class=\"av-magazine-content-wrap\"><header class=\"entry-content-header\" aria-label=\"Post: CHAPARRERAS\"><time class='av-magazine-time updated'  itemprop=\"datePublished\" datetime=\"2024-10-25T19:34:43-06:00\" >2024-10-25<\/time><h3 class='av-magazine-title entry-title'  itemprop=\"headline\" ><a href='https:\/\/museodelacharreria.org.mx\/ja\/coleccion\/chaparreras\/' title='\u30ea\u30f3\u30af\u5148:  CHAPARRERAS'>CHAPARRERAS<\/a><\/h3><\/header><\/div><footer class=\"entry-footer\"><\/footer><\/article><article class='av-magazine-entry av-magazine-entry-id-3488 av-magazine-format-standard av-magazine-type-portfolio av-magazine-entry-2 av-magazine-entry-small'  itemscope=\"itemscope\" itemtype=\"https:\/\/schema.org\/CreativeWork\" ><div class=\"av-magazine-thumbnail\"><a href='https:\/\/museodelacharreria.org.mx\/ja\/coleccion\/fundas-de-revolver-y-cananas\/' title='\u30ea\u30f3\u30af\u5148:  FUNDAS DE REVOLVER Y CANANAS' class='av-magazine-thumbnail-link'><img decoding=\"async\" fetchpriority=\"high\" width=\"100\" height=\"100\" src=\"https:\/\/museodelacharreria.org.mx\/wp-content\/uploads\/2024\/07\/FUNDA-DE-REVOLVER-2-PORTADA-100x100.jpg\" class=\"wp-image-3500 avia-img-lazy-loading-not-3500 attachment-thumbnail size-thumbnail wp-post-image\" alt=\"\" srcset=\"https:\/\/museodelacharreria.org.mx\/wp-content\/uploads\/2024\/07\/FUNDA-DE-REVOLVER-2-PORTADA-100x100.jpg 100w, https:\/\/museodelacharreria.org.mx\/wp-content\/uploads\/2024\/07\/FUNDA-DE-REVOLVER-2-PORTADA-36x36.jpg 36w, https:\/\/museodelacharreria.org.mx\/wp-content\/uploads\/2024\/07\/FUNDA-DE-REVOLVER-2-PORTADA-180x180.jpg 180w\" sizes=\"(max-width: 100px) 100vw, 100px\" \/><\/a><\/div><div class=\"av-magazine-content-wrap\"><header class=\"entry-content-header\" aria-label=\"Post: FUNDAS DE REVOLVER Y CANANAS\"><time class='av-magazine-time updated'  itemprop=\"datePublished\" datetime=\"2024-07-01T21:31:32-06:00\" >2024-07-01<\/time><h3 class='av-magazine-title entry-title'  itemprop=\"headline\" ><a href='https:\/\/museodelacharreria.org.mx\/ja\/coleccion\/fundas-de-revolver-y-cananas\/' title='\u30ea\u30f3\u30af\u5148:  FUNDAS DE REVOLVER Y CANANAS'>FUNDAS DE REVOLVER Y CANANAS<\/a><\/h3><\/header><\/div><footer class=\"entry-footer\"><\/footer><\/article><article class='av-magazine-entry av-magazine-entry-id-3474 av-magazine-format-standard av-magazine-type-portfolio av-magazine-entry-3 av-magazine-entry-small'  itemscope=\"itemscope\" itemtype=\"https:\/\/schema.org\/CreativeWork\" ><div class=\"av-magazine-thumbnail\"><a href='https:\/\/museodelacharreria.org.mx\/ja\/coleccion\/armas-de-agua\/' title='\u30ea\u30f3\u30af\u5148:  ARMAS DE AGUA' class='av-magazine-thumbnail-link'><img decoding=\"async\" fetchpriority=\"high\" width=\"100\" height=\"100\" src=\"https:\/\/museodelacharreria.org.mx\/wp-content\/uploads\/2024\/07\/MUSEO-DE-LA-CHARRERIA-ARMAS-DE-AGUA-2-100x100.jpg\" class=\"wp-image-3462 avia-img-lazy-loading-not-3462 attachment-thumbnail size-thumbnail wp-post-image\" alt=\"\" srcset=\"https:\/\/museodelacharreria.org.mx\/wp-content\/uploads\/2024\/07\/MUSEO-DE-LA-CHARRERIA-ARMAS-DE-AGUA-2-100x100.jpg 100w, https:\/\/museodelacharreria.org.mx\/wp-content\/uploads\/2024\/07\/MUSEO-DE-LA-CHARRERIA-ARMAS-DE-AGUA-2-36x36.jpg 36w, https:\/\/museodelacharreria.org.mx\/wp-content\/uploads\/2024\/07\/MUSEO-DE-LA-CHARRERIA-ARMAS-DE-AGUA-2-180x180.jpg 180w\" sizes=\"(max-width: 100px) 100vw, 100px\" \/><\/a><\/div><div class=\"av-magazine-content-wrap\"><header class=\"entry-content-header\" aria-label=\"Post: ARMAS DE AGUA\"><time class='av-magazine-time updated'  itemprop=\"datePublished\" datetime=\"2024-07-01T20:14:35-06:00\" >2024-07-01<\/time><h3 class='av-magazine-title entry-title'  itemprop=\"headline\" ><a href='https:\/\/museodelacharreria.org.mx\/ja\/coleccion\/armas-de-agua\/' title='\u30ea\u30f3\u30af\u5148:  ARMAS DE AGUA'>\u6c34\u9244\u7832<\/a><\/h3><\/header><\/div><footer class=\"entry-footer\"><\/footer><\/article><article class='av-magazine-entry av-magazine-entry-id-3453 av-magazine-format-standard av-magazine-type-portfolio av-magazine-entry-4 av-magazine-entry-small'  itemscope=\"itemscope\" itemtype=\"https:\/\/schema.org\/CreativeWork\" ><div class=\"av-magazine-thumbnail\"><a href='https:\/\/museodelacharreria.org.mx\/ja\/coleccion\/accesorio-vaquerillos\/' title='\u30ea\u30f3\u30af\u5148:  VAQUERILLOS' class='av-magazine-thumbnail-link'><img decoding=\"async\" fetchpriority=\"high\" width=\"100\" height=\"100\" src=\"https:\/\/museodelacharreria.org.mx\/wp-content\/uploads\/2024\/07\/MUSEO-DE-LA-CHARRERIA-VAQUERILLOS-2-100x100.jpg\" class=\"wp-image-3454 avia-img-lazy-loading-not-3454 attachment-thumbnail size-thumbnail wp-post-image\" alt=\"\" srcset=\"https:\/\/museodelacharreria.org.mx\/wp-content\/uploads\/2024\/07\/MUSEO-DE-LA-CHARRERIA-VAQUERILLOS-2-100x100.jpg 100w, https:\/\/museodelacharreria.org.mx\/wp-content\/uploads\/2024\/07\/MUSEO-DE-LA-CHARRERIA-VAQUERILLOS-2-36x36.jpg 36w, https:\/\/museodelacharreria.org.mx\/wp-content\/uploads\/2024\/07\/MUSEO-DE-LA-CHARRERIA-VAQUERILLOS-2-180x180.jpg 180w\" sizes=\"(max-width: 100px) 100vw, 100px\" \/><\/a><\/div><div class=\"av-magazine-content-wrap\"><header class=\"entry-content-header\" aria-label=\"Post: VAQUERILLOS\"><time class='av-magazine-time updated'  itemprop=\"datePublished\" datetime=\"2024-07-01T18:20:01-06:00\" >2024-07-01<\/time><h3 class='av-magazine-title entry-title'  itemprop=\"headline\" ><a href='https:\/\/museodelacharreria.org.mx\/ja\/coleccion\/accesorio-vaquerillos\/' title='\u30ea\u30f3\u30af\u5148:  VAQUERILLOS'>\u30ab\u30a6\u30dc\u30fc\u30a4\u30ba<\/a><\/h3><\/header><\/div><footer class=\"entry-footer\"><\/footer><\/article><article class='av-magazine-entry av-magazine-entry-id-3214 av-magazine-format-standard av-magazine-type-portfolio av-magazine-entry-5 av-magazine-entry-small'  itemscope=\"itemscope\" itemtype=\"https:\/\/schema.org\/CreativeWork\" ><div class=\"av-magazine-thumbnail\"><a href='https:\/\/museodelacharreria.org.mx\/ja\/coleccion\/mitazas\/' title='\u30ea\u30f3\u30af\u5148:  MITAZAS' class='av-magazine-thumbnail-link'><img decoding=\"async\" fetchpriority=\"high\" width=\"100\" height=\"100\" src=\"https:\/\/museodelacharreria.org.mx\/wp-content\/uploads\/2024\/06\/MUSEO-DE-LA-CHARRERIA-UTENSILIOS-MITAZAS-1-100x100.jpg\" class=\"wp-image-3218 avia-img-lazy-loading-not-3218 attachment-thumbnail size-thumbnail wp-post-image\" alt=\"\" srcset=\"https:\/\/museodelacharreria.org.mx\/wp-content\/uploads\/2024\/06\/MUSEO-DE-LA-CHARRERIA-UTENSILIOS-MITAZAS-1-100x100.jpg 100w, https:\/\/museodelacharreria.org.mx\/wp-content\/uploads\/2024\/06\/MUSEO-DE-LA-CHARRERIA-UTENSILIOS-MITAZAS-1-36x36.jpg 36w, https:\/\/museodelacharreria.org.mx\/wp-content\/uploads\/2024\/06\/MUSEO-DE-LA-CHARRERIA-UTENSILIOS-MITAZAS-1-180x180.jpg 180w\" sizes=\"(max-width: 100px) 100vw, 100px\" \/><\/a><\/div><div class=\"av-magazine-content-wrap\"><header class=\"entry-content-header\" aria-label=\"Post: MITAZAS\"><time class='av-magazine-time updated'  itemprop=\"datePublished\" datetime=\"2024-06-26T13:49:48-06:00\" >2024-06-26<\/time><h3 class='av-magazine-title entry-title'  itemprop=\"headline\" ><a href='https:\/\/museodelacharreria.org.mx\/ja\/coleccion\/mitazas\/' title='\u30ea\u30f3\u30af\u5148:  MITAZAS'>\u30b2\u30fc\u30c8\u30eb<\/a><\/h3><\/header><\/div><footer class=\"entry-footer\"><\/footer><\/article><article class='av-magazine-entry av-magazine-entry-id-577 av-magazine-format-standard av-magazine-type-portfolio av-magazine-entry-6 av-magazine-entry-small'  itemscope=\"itemscope\" itemtype=\"https:\/\/schema.org\/CreativeWork\" ><div class=\"av-magazine-thumbnail\"><a href='https:\/\/museodelacharreria.org.mx\/ja\/coleccion\/espuela-taconeras-de-acero\/' title='\u30ea\u30f3\u30af\u5148: \u30b9\u30c1\u30fc\u30eb\u30d2\u30fc\u30eb\u30b9\u30d1\u30fc' class='av-magazine-thumbnail-link'><img decoding=\"async\" fetchpriority=\"high\" width=\"80\" height=\"80\" src=\"https:\/\/museodelacharreria.org.mx\/wp-content\/uploads\/2023\/09\/Museo-de-la-Charreria-CDMX-Espuelas-5-80x80.jpg\" class=\"wp-image-579 avia-img-lazy-loading-not-579 attachment-thumbnail size-thumbnail wp-post-image\" alt=\"\" srcset=\"https:\/\/museodelacharreria.org.mx\/wp-content\/uploads\/2023\/09\/Museo-de-la-Charreria-CDMX-Espuelas-5-80x80.jpg 80w, https:\/\/museodelacharreria.org.mx\/wp-content\/uploads\/2023\/09\/Museo-de-la-Charreria-CDMX-Espuelas-5-36x36.jpg 36w, https:\/\/museodelacharreria.org.mx\/wp-content\/uploads\/2023\/09\/Museo-de-la-Charreria-CDMX-Espuelas-5-180x180.jpg 180w\" sizes=\"(max-width: 80px) 100vw, 80px\" \/><\/a><\/div><div class=\"av-magazine-content-wrap\"><header class=\"entry-content-header\" aria-label=\"Post: ESPUELAS TACONERAS DE ACERO\"><time class='av-magazine-time updated'  itemprop=\"datePublished\" datetime=\"2023-12-25T01:49:49-06:00\" >2023-12-25<\/time><h3 class='av-magazine-title entry-title'  itemprop=\"headline\" ><a href='https:\/\/museodelacharreria.org.mx\/ja\/coleccion\/espuela-taconeras-de-acero\/' title='\u30ea\u30f3\u30af\u5148: \u30b9\u30c1\u30fc\u30eb\u30d2\u30fc\u30eb\u30b9\u30d1\u30fc'>\u30b9\u30c1\u30fc\u30eb\u30d2\u30fc\u30eb\u30b9\u30d1\u30fc<\/a><\/h3><\/header><\/div><footer class=\"entry-footer\"><\/footer><\/article><article class='av-magazine-entry av-magazine-entry-id-3944 av-magazine-format-standard av-magazine-type-portfolio av-magazine-entry-7 av-magazine-entry-small'  itemscope=\"itemscope\" itemtype=\"https:\/\/schema.org\/CreativeWork\" ><div class=\"av-magazine-thumbnail\"><a href='https:\/\/museodelacharreria.org.mx\/ja\/coleccion\/polainas-camperas\/' title='\u30ea\u30f3\u30af\u5148:  POLAINAS CAMPERAS' class='av-magazine-thumbnail-link'><img decoding=\"async\" fetchpriority=\"high\" width=\"100\" height=\"100\" src=\"https:\/\/museodelacharreria.org.mx\/wp-content\/uploads\/2024\/11\/JUEGO-DE-POLAINAS-CAMPERAS-100x100.jpg\" class=\"wp-image-3950 avia-img-lazy-loading-not-3950 attachment-thumbnail size-thumbnail wp-post-image\" alt=\"\" srcset=\"https:\/\/museodelacharreria.org.mx\/wp-content\/uploads\/2024\/11\/JUEGO-DE-POLAINAS-CAMPERAS-100x100.jpg 100w, https:\/\/museodelacharreria.org.mx\/wp-content\/uploads\/2024\/11\/JUEGO-DE-POLAINAS-CAMPERAS-36x36.jpg 36w, https:\/\/museodelacharreria.org.mx\/wp-content\/uploads\/2024\/11\/JUEGO-DE-POLAINAS-CAMPERAS-180x180.jpg 180w\" sizes=\"(max-width: 100px) 100vw, 100px\" \/><\/a><\/div><div class=\"av-magazine-content-wrap\"><header class=\"entry-content-header\" aria-label=\"Post: POLAINAS CAMPERAS\"><time class='av-magazine-time updated'  itemprop=\"datePublished\" datetime=\"2023-11-23T19:12:08-06:00\" >2023-11-23<\/time><h3 class='av-magazine-title entry-title'  itemprop=\"headline\" ><a href='https:\/\/museodelacharreria.org.mx\/ja\/coleccion\/polainas-camperas\/' title='\u30ea\u30f3\u30af\u5148:  POLAINAS CAMPERAS'>POLAINAS CAMPERAS<\/a><\/h3><\/header><\/div><footer class=\"entry-footer\"><\/footer><\/article><\/div><div class='av-magazine-group av-hidden-mag sort_7'><article class='av-magazine-entry av-magazine-entry-id-3827 av-magazine-format-standard av-magazine-type-portfolio av-magazine-entry-1 av-magazine-entry-small'  itemscope=\"itemscope\" itemtype=\"https:\/\/schema.org\/CreativeWork\" ><div class=\"av-magazine-thumbnail\"><a href='https:\/\/museodelacharreria.org.mx\/ja\/coleccion\/cuera-michoacana-2\/' title='\u30ea\u30f3\u30af\u5148:  CUERA MICHOACANA' class='av-magazine-thumbnail-link'><img decoding=\"async\" fetchpriority=\"high\" width=\"100\" height=\"100\" src=\"https:\/\/museodelacharreria.org.mx\/wp-content\/uploads\/2024\/11\/Museo-de-la-Charreria-Cuera-Michoacana-con-Panoleta-Roja-2-100x100.jpg\" class=\"wp-image-3828 avia-img-lazy-loading-not-3828 attachment-thumbnail size-thumbnail wp-post-image\" alt=\"\" srcset=\"https:\/\/museodelacharreria.org.mx\/wp-content\/uploads\/2024\/11\/Museo-de-la-Charreria-Cuera-Michoacana-con-Panoleta-Roja-2-100x100.jpg 100w, https:\/\/museodelacharreria.org.mx\/wp-content\/uploads\/2024\/11\/Museo-de-la-Charreria-Cuera-Michoacana-con-Panoleta-Roja-2-36x36.jpg 36w, https:\/\/museodelacharreria.org.mx\/wp-content\/uploads\/2024\/11\/Museo-de-la-Charreria-Cuera-Michoacana-con-Panoleta-Roja-2-180x180.jpg 180w\" sizes=\"(max-width: 100px) 100vw, 100px\" \/><\/a><\/div><div class=\"av-magazine-content-wrap\"><header class=\"entry-content-header\" aria-label=\"Post: CUERA MICHOACANA\"><time class='av-magazine-time updated'  itemprop=\"datePublished\" datetime=\"2024-11-24T14:07:13-06:00\" >2024-11-24<\/time><h3 class='av-magazine-title entry-title'  itemprop=\"headline\" ><a href='https:\/\/museodelacharreria.org.mx\/ja\/coleccion\/cuera-michoacana-2\/' title='\u30ea\u30f3\u30af\u5148:  CUERA MICHOACANA'>\u30bb\u30e9\u30fb\u30df\u30c1\u30e7\u30a2\u30ab\u30fc\u30ca<\/a><\/h3><\/header><\/div><footer class=\"entry-footer\"><\/footer><\/article><article class='av-magazine-entry av-magazine-entry-id-3784 av-magazine-format-standard av-magazine-type-portfolio av-magazine-entry-2 av-magazine-entry-small'  itemscope=\"itemscope\" itemtype=\"https:\/\/schema.org\/CreativeWork\" ><div class=\"av-magazine-thumbnail\"><a href='https:\/\/museodelacharreria.org.mx\/ja\/coleccion\/traje-de-dama-charra-de-media-gala-bordada-con-soutache\/' title='\u30ea\u30f3\u30af\u5148:  TRAJE DE DAMA CHARRA DE MEDIA GALA BORDADA CON SOUTACHE' class='av-magazine-thumbnail-link'><img decoding=\"async\" fetchpriority=\"high\" width=\"100\" height=\"100\" src=\"https:\/\/museodelacharreria.org.mx\/wp-content\/uploads\/2024\/11\/Museo-de-la-Charreria-Traje-de-Dama-Charra-de-Media-Gala-Color-Vino-Bordada-en-Soutache-100x100.jpg\" class=\"wp-image-3785 avia-img-lazy-loading-not-3785 attachment-thumbnail size-thumbnail wp-post-image\" alt=\"\u30cf\u30fc\u30d5\u30fb\u30ac\u30e9\u30fb\u30c1\u30e3\u30ed\u30fb\u30ec\u30c7\u30a3\u30fb\u30c9\u30ec\u30b9\" srcset=\"https:\/\/museodelacharreria.org.mx\/wp-content\/uploads\/2024\/11\/Museo-de-la-Charreria-Traje-de-Dama-Charra-de-Media-Gala-Color-Vino-Bordada-en-Soutache-100x100.jpg 100w, https:\/\/museodelacharreria.org.mx\/wp-content\/uploads\/2024\/11\/Museo-de-la-Charreria-Traje-de-Dama-Charra-de-Media-Gala-Color-Vino-Bordada-en-Soutache-36x36.jpg 36w, https:\/\/museodelacharreria.org.mx\/wp-content\/uploads\/2024\/11\/Museo-de-la-Charreria-Traje-de-Dama-Charra-de-Media-Gala-Color-Vino-Bordada-en-Soutache-180x180.jpg 180w\" sizes=\"(max-width: 100px) 100vw, 100px\" \/><\/a><\/div><div class=\"av-magazine-content-wrap\"><header class=\"entry-content-header\" aria-label=\"Post: TRAJE DE DAMA CHARRA DE MEDIA GALA BORDADA CON SOUTACHE\"><time class='av-magazine-time updated'  itemprop=\"datePublished\" datetime=\"2024-11-22T15:11:49-06:00\" >2024-11-22<\/time><h3 class='av-magazine-title entry-title'  itemprop=\"headline\" ><a href='https:\/\/museodelacharreria.org.mx\/ja\/coleccion\/traje-de-dama-charra-de-media-gala-bordada-con-soutache\/' title='\u30ea\u30f3\u30af\u5148:  TRAJE DE DAMA CHARRA DE MEDIA GALA BORDADA CON SOUTACHE'>\u534a\u30ac\u30e9\u523a\u7e4d\u306e\u30b7\u30e3\u30e9\u30fb\u30c9\u30ec\u30b9<\/a><\/h3><\/header><\/div><footer class=\"entry-footer\"><\/footer><\/article><article class='av-magazine-entry av-magazine-entry-id-3612 av-magazine-format-standard av-magazine-type-portfolio av-magazine-entry-3 av-magazine-entry-small'  itemscope=\"itemscope\" itemtype=\"https:\/\/schema.org\/CreativeWork\" ><div class=\"av-magazine-thumbnail\"><a href='https:\/\/museodelacharreria.org.mx\/ja\/coleccion\/vestido-de-china-poblana-en-rojo-con-rebozo-amarillo\/' title='\u30ea\u30f3\u30af\u5148:  VESTIDO DE CHINA POBLANA EN ROJO CON REBOZO AMARILLO' class='av-magazine-thumbnail-link'><img decoding=\"async\" fetchpriority=\"high\" width=\"100\" height=\"100\" src=\"https:\/\/museodelacharreria.org.mx\/wp-content\/uploads\/2024\/11\/Museo-de-la-Charreria-Vestido-de-China-Poblana-con-Rebozo-Amarillo-100x100.jpg\" class=\"wp-image-3718 avia-img-lazy-loading-not-3718 attachment-thumbnail size-thumbnail wp-post-image\" alt=\"\" srcset=\"https:\/\/museodelacharreria.org.mx\/wp-content\/uploads\/2024\/11\/Museo-de-la-Charreria-Vestido-de-China-Poblana-con-Rebozo-Amarillo-100x100.jpg 100w, https:\/\/museodelacharreria.org.mx\/wp-content\/uploads\/2024\/11\/Museo-de-la-Charreria-Vestido-de-China-Poblana-con-Rebozo-Amarillo-36x36.jpg 36w, https:\/\/museodelacharreria.org.mx\/wp-content\/uploads\/2024\/11\/Museo-de-la-Charreria-Vestido-de-China-Poblana-con-Rebozo-Amarillo-180x180.jpg 180w\" sizes=\"(max-width: 100px) 100vw, 100px\" \/><\/a><\/div><div class=\"av-magazine-content-wrap\"><header class=\"entry-content-header\" aria-label=\"Post: VESTIDO DE CHINA POBLANA EN ROJO CON REBOZO AMARILLO\"><time class='av-magazine-time updated'  itemprop=\"datePublished\" datetime=\"2024-11-20T13:18:55-06:00\" >2024-11-20<\/time><h3 class='av-magazine-title entry-title'  itemprop=\"headline\" ><a href='https:\/\/museodelacharreria.org.mx\/ja\/coleccion\/vestido-de-china-poblana-en-rojo-con-rebozo-amarillo\/' title='\u30ea\u30f3\u30af\u5148:  VESTIDO DE CHINA POBLANA EN ROJO CON REBOZO AMARILLO'>\u30c1\u30e3\u30a4\u30ca\u30dd\u30d6\u30e9\u30fc\u30ca\u30c9\u30ec\u30b9\uff08\u30ec\u30c3\u30c9\u3001\u30a4\u30a8\u30ed\u30fc\u30b7\u30e7\u30fc\u30eb\u4ed8<\/a><\/h3><\/header><\/div><footer class=\"entry-footer\"><\/footer><\/article><article class='av-magazine-entry av-magazine-entry-id-3605 av-magazine-format-standard av-magazine-type-portfolio av-magazine-entry-4 av-magazine-entry-small'  itemscope=\"itemscope\" itemtype=\"https:\/\/schema.org\/CreativeWork\" ><div class=\"av-magazine-thumbnail\"><a href='https:\/\/museodelacharreria.org.mx\/ja\/coleccion\/traje-de-charro-en-gamuza-de-venado-color-oro-viejo\/' title='\u30ea\u30f3\u30af\u5148:  TRAJE DE CHARRO EN GAMUZA DE VENADO COLOR ORO VIEJO' class='av-magazine-thumbnail-link'><img decoding=\"async\" fetchpriority=\"high\" width=\"100\" height=\"100\" src=\"https:\/\/museodelacharreria.org.mx\/wp-content\/uploads\/2024\/11\/Museo-de-la-Charreria-Traje-de-Charro-en-Gamuza-Color-Oro-Viejo-100x100.jpg\" class=\"wp-image-3721 avia-img-lazy-loading-not-3721 attachment-thumbnail size-thumbnail wp-post-image\" alt=\"\" srcset=\"https:\/\/museodelacharreria.org.mx\/wp-content\/uploads\/2024\/11\/Museo-de-la-Charreria-Traje-de-Charro-en-Gamuza-Color-Oro-Viejo-100x100.jpg 100w, https:\/\/museodelacharreria.org.mx\/wp-content\/uploads\/2024\/11\/Museo-de-la-Charreria-Traje-de-Charro-en-Gamuza-Color-Oro-Viejo-36x36.jpg 36w, https:\/\/museodelacharreria.org.mx\/wp-content\/uploads\/2024\/11\/Museo-de-la-Charreria-Traje-de-Charro-en-Gamuza-Color-Oro-Viejo-180x180.jpg 180w\" sizes=\"(max-width: 100px) 100vw, 100px\" \/><\/a><\/div><div class=\"av-magazine-content-wrap\"><header class=\"entry-content-header\" aria-label=\"Post: TRAJE DE CHARRO EN GAMUZA DE VENADO COLOR ORO VIEJO\"><time class='av-magazine-time updated'  itemprop=\"datePublished\" datetime=\"2024-11-20T12:58:42-06:00\" >2024-11-20<\/time><h3 class='av-magazine-title entry-title'  itemprop=\"headline\" ><a href='https:\/\/museodelacharreria.org.mx\/ja\/coleccion\/traje-de-charro-en-gamuza-de-venado-color-oro-viejo\/' title='\u30ea\u30f3\u30af\u5148:  TRAJE DE CHARRO EN GAMUZA DE VENADO COLOR ORO VIEJO'>\u30c7\u30a3\u30a2\u30b9\u30a8\u30fc\u30c9\u30fb\u30aa\u30fc\u30eb\u30c9\u30b4\u30fc\u30eb\u30c9\u306e\u30c1\u30e3\u30ed\u30fb\u30b9\u30fc\u30c4<\/a><\/h3><\/header><\/div><footer class=\"entry-footer\"><\/footer><\/article><article class='av-magazine-entry av-magazine-entry-id-3595 av-magazine-format-standard av-magazine-type-portfolio av-magazine-entry-5 av-magazine-entry-small'  itemscope=\"itemscope\" itemtype=\"https:\/\/schema.org\/CreativeWork\" ><div class=\"av-magazine-thumbnail\"><a href='https:\/\/museodelacharreria.org.mx\/ja\/coleccion\/vestido-de-china-poblana-en-rojo\/' title='\u30ea\u30f3\u30af\u5148:  VESTIDO DE CHINA POBLANA EN  ROJO' class='av-magazine-thumbnail-link'><img decoding=\"async\" fetchpriority=\"high\" width=\"100\" height=\"100\" src=\"https:\/\/museodelacharreria.org.mx\/wp-content\/uploads\/2024\/11\/Museo-de-la-Charreria-Vestido-de-China-Poblana-Rojo-con-Mariposas-100x100.jpg\" class=\"wp-image-3724 avia-img-lazy-loading-not-3724 attachment-thumbnail size-thumbnail wp-post-image\" alt=\"\u4e2d\u56fd\u30dd\u30d6\u30e9\u30fc\u30ca\u8863\u88c5\" srcset=\"https:\/\/museodelacharreria.org.mx\/wp-content\/uploads\/2024\/11\/Museo-de-la-Charreria-Vestido-de-China-Poblana-Rojo-con-Mariposas-100x100.jpg 100w, https:\/\/museodelacharreria.org.mx\/wp-content\/uploads\/2024\/11\/Museo-de-la-Charreria-Vestido-de-China-Poblana-Rojo-con-Mariposas-36x36.jpg 36w, https:\/\/museodelacharreria.org.mx\/wp-content\/uploads\/2024\/11\/Museo-de-la-Charreria-Vestido-de-China-Poblana-Rojo-con-Mariposas-180x180.jpg 180w\" sizes=\"(max-width: 100px) 100vw, 100px\" \/><small class='avia-copyright'>\u30a2\u30f3\u30c8\u30cb\u30aa\u30fb\u30b2\u30b0\u30f3\u30c7\u30b9<\/small><\/a><\/div><div class=\"av-magazine-content-wrap\"><header class=\"entry-content-header\" aria-label=\"Post: VESTIDO DE CHINA POBLANA EN  ROJO\"><time class='av-magazine-time updated'  itemprop=\"datePublished\" datetime=\"2024-11-20T12:40:32-06:00\" >2024-11-20<\/time><h3 class='av-magazine-title entry-title'  itemprop=\"headline\" ><a href='https:\/\/museodelacharreria.org.mx\/ja\/coleccion\/vestido-de-china-poblana-en-rojo\/' title='\u30ea\u30f3\u30af\u5148:  VESTIDO DE CHINA POBLANA EN  ROJO'>\u30c1\u30e3\u30a4\u30ca\u30dd\u30d6\u30e9\u30fc\u30ca\u30c9\u30ec\u30b9\uff08\u30ec\u30c3\u30c9<\/a><\/h3><\/header><\/div><footer class=\"entry-footer\"><\/footer><\/article><article class='av-magazine-entry av-magazine-entry-id-3587 av-magazine-format-standard av-magazine-type-portfolio av-magazine-entry-6 av-magazine-entry-small'  itemscope=\"itemscope\" itemtype=\"https:\/\/schema.org\/CreativeWork\" ><div class=\"av-magazine-thumbnail\"><a href='https:\/\/museodelacharreria.org.mx\/ja\/coleccion\/vestido-de-adelita-color-azul\/' title='\u30ea\u30f3\u30af\u5148:  VESTIDO DE ADELITA COLOR AZUL' class='av-magazine-thumbnail-link'><img decoding=\"async\" fetchpriority=\"high\" width=\"100\" height=\"100\" src=\"https:\/\/museodelacharreria.org.mx\/wp-content\/uploads\/2024\/11\/Museo-de-la-Charreria-Vestido-de-Adelita-Azul-100x100.jpg\" class=\"wp-image-3712 avia-img-lazy-loading-not-3712 attachment-thumbnail size-thumbnail wp-post-image\" alt=\"\" srcset=\"https:\/\/museodelacharreria.org.mx\/wp-content\/uploads\/2024\/11\/Museo-de-la-Charreria-Vestido-de-Adelita-Azul-100x100.jpg 100w, https:\/\/museodelacharreria.org.mx\/wp-content\/uploads\/2024\/11\/Museo-de-la-Charreria-Vestido-de-Adelita-Azul-36x36.jpg 36w, https:\/\/museodelacharreria.org.mx\/wp-content\/uploads\/2024\/11\/Museo-de-la-Charreria-Vestido-de-Adelita-Azul-180x180.jpg 180w\" sizes=\"(max-width: 100px) 100vw, 100px\" \/><\/a><\/div><div class=\"av-magazine-content-wrap\"><header class=\"entry-content-header\" aria-label=\"Post: VESTIDO DE ADELITA COLOR AZUL\"><time class='av-magazine-time updated'  itemprop=\"datePublished\" datetime=\"2024-11-20T12:20:27-06:00\" >2024-11-20<\/time><h3 class='av-magazine-title entry-title'  itemprop=\"headline\" ><a href='https:\/\/museodelacharreria.org.mx\/ja\/coleccion\/vestido-de-adelita-color-azul\/' title='\u30ea\u30f3\u30af\u5148:  VESTIDO DE ADELITA COLOR AZUL'>\u30a2\u30c7\u30ea\u30fc\u30bf\u30fb\u30c9\u30ec\u30b9\u30fb\u30d6\u30eb\u30fc<\/a><\/h3><\/header><\/div><footer class=\"entry-footer\"><\/footer><\/article><article class='av-magazine-entry av-magazine-entry-id-3576 av-magazine-format-standard av-magazine-type-portfolio av-magazine-entry-7 av-magazine-entry-small'  itemscope=\"itemscope\" itemtype=\"https:\/\/schema.org\/CreativeWork\" ><div class=\"av-magazine-thumbnail\"><a href='https:\/\/museodelacharreria.org.mx\/ja\/coleccion\/vestido-de-adelita-color-vino\/' title='\u30ea\u30f3\u30af\u5148:  VESTIDO DE ADELITA COLOR VINO' class='av-magazine-thumbnail-link'><img decoding=\"async\" fetchpriority=\"high\" width=\"100\" height=\"100\" src=\"https:\/\/museodelacharreria.org.mx\/wp-content\/uploads\/2024\/11\/Museo-de-la-Charreria-Vestido-de-Adelita-Color-Vino-100x100.jpg\" class=\"wp-image-3727 avia-img-lazy-loading-not-3727 attachment-thumbnail size-thumbnail wp-post-image\" alt=\"\" srcset=\"https:\/\/museodelacharreria.org.mx\/wp-content\/uploads\/2024\/11\/Museo-de-la-Charreria-Vestido-de-Adelita-Color-Vino-100x100.jpg 100w, https:\/\/museodelacharreria.org.mx\/wp-content\/uploads\/2024\/11\/Museo-de-la-Charreria-Vestido-de-Adelita-Color-Vino-36x36.jpg 36w, https:\/\/museodelacharreria.org.mx\/wp-content\/uploads\/2024\/11\/Museo-de-la-Charreria-Vestido-de-Adelita-Color-Vino-180x180.jpg 180w\" sizes=\"(max-width: 100px) 100vw, 100px\" \/><\/a><\/div><div class=\"av-magazine-content-wrap\"><header class=\"entry-content-header\" aria-label=\"Post: VESTIDO DE ADELITA COLOR VINO\"><time class='av-magazine-time updated'  itemprop=\"datePublished\" datetime=\"2024-11-20T11:51:59-06:00\" >2024-11-20<\/time><h3 class='av-magazine-title entry-title'  itemprop=\"headline\" ><a href='https:\/\/museodelacharreria.org.mx\/ja\/coleccion\/vestido-de-adelita-color-vino\/' title='\u30ea\u30f3\u30af\u5148:  VESTIDO DE ADELITA COLOR VINO'>\u30a2\u30c7\u30ea\u30fc\u30bf\u30fb\u30c9\u30ec\u30b9 \u30ef\u30a4\u30f3\u30ab\u30e9\u30fc<\/a><\/h3><\/header><\/div><footer class=\"entry-footer\"><\/footer><\/article><\/div><div class='av-magazine-group av-hidden-mag sort_6'><article class='av-magazine-entry av-magazine-entry-id-3791 av-magazine-format-standard av-magazine-type-portfolio av-magazine-entry-1 av-magazine-entry-small'  itemscope=\"itemscope\" itemtype=\"https:\/\/schema.org\/CreativeWork\" ><div class=\"av-magazine-thumbnail\"><a href='https:\/\/museodelacharreria.org.mx\/ja\/coleccion\/silla-charra-chomiteada-en-grecas\/' title='\u30ea\u30f3\u30af\u5148:  SILLA CHARRA CHOMITEADA EN GRECAS' class='av-magazine-thumbnail-link'><img decoding=\"async\" fetchpriority=\"high\" width=\"100\" height=\"100\" src=\"https:\/\/museodelacharreria.org.mx\/wp-content\/uploads\/2024\/11\/Museo-de-la-Charreria-Silla-Charra-Con-Chimite-en-Greca-100x100.jpg\" class=\"wp-image-3792 avia-img-lazy-loading-not-3792 attachment-thumbnail size-thumbnail wp-post-image\" alt=\"\" srcset=\"https:\/\/museodelacharreria.org.mx\/wp-content\/uploads\/2024\/11\/Museo-de-la-Charreria-Silla-Charra-Con-Chimite-en-Greca-100x100.jpg 100w, https:\/\/museodelacharreria.org.mx\/wp-content\/uploads\/2024\/11\/Museo-de-la-Charreria-Silla-Charra-Con-Chimite-en-Greca-36x36.jpg 36w, https:\/\/museodelacharreria.org.mx\/wp-content\/uploads\/2024\/11\/Museo-de-la-Charreria-Silla-Charra-Con-Chimite-en-Greca-180x180.jpg 180w\" sizes=\"(max-width: 100px) 100vw, 100px\" \/><\/a><\/div><div class=\"av-magazine-content-wrap\"><header class=\"entry-content-header\" aria-label=\"Post: SILLA CHARRA CHOMITEADA EN GRECAS\"><time class='av-magazine-time updated'  itemprop=\"datePublished\" datetime=\"2024-11-25T15:30:12-06:00\" >2024-11-25<\/time><h3 class='av-magazine-title entry-title'  itemprop=\"headline\" ><a href='https:\/\/museodelacharreria.org.mx\/ja\/coleccion\/silla-charra-chomiteada-en-grecas\/' title='\u30ea\u30f3\u30af\u5148:  SILLA CHARRA CHOMITEADA EN GRECAS'>\u30b5\u30c9\u30eb\u30fb\u30c1\u30e3\u30e9\u30fb\u30c1\u30e7\u30df\u30c6\u30fc\u30c0\u30fb\u30a4\u30f3\u30fb\u30b0\u30ec\u30b7\u30a2\u30b9<\/a><\/h3><\/header><\/div><footer class=\"entry-footer\"><\/footer><\/article><article class='av-magazine-entry av-magazine-entry-id-3882 av-magazine-format-standard av-magazine-type-portfolio av-magazine-entry-2 av-magazine-entry-small'  itemscope=\"itemscope\" itemtype=\"https:\/\/schema.org\/CreativeWork\" ><div class=\"av-magazine-thumbnail\"><a href='https:\/\/museodelacharreria.org.mx\/ja\/coleccion\/silla-charra-de-media-gala-cincelada\/' title='\u30ea\u30f3\u30af\u5148:  SILLA CHARRA DE MEDIA GALA CINCELADA' class='av-magazine-thumbnail-link'><img decoding=\"async\" fetchpriority=\"high\" width=\"100\" height=\"100\" src=\"https:\/\/museodelacharreria.org.mx\/wp-content\/uploads\/2024\/11\/MUSEO-DE-LA-CHARRERIA-SILLA-CHARRA-4-100x100.jpg\" class=\"wp-image-3889 avia-img-lazy-loading-not-3889 attachment-thumbnail size-thumbnail wp-post-image\" alt=\"\" srcset=\"https:\/\/museodelacharreria.org.mx\/wp-content\/uploads\/2024\/11\/MUSEO-DE-LA-CHARRERIA-SILLA-CHARRA-4-100x100.jpg 100w, https:\/\/museodelacharreria.org.mx\/wp-content\/uploads\/2024\/11\/MUSEO-DE-LA-CHARRERIA-SILLA-CHARRA-4-36x36.jpg 36w, https:\/\/museodelacharreria.org.mx\/wp-content\/uploads\/2024\/11\/MUSEO-DE-LA-CHARRERIA-SILLA-CHARRA-4-180x180.jpg 180w\" sizes=\"(max-width: 100px) 100vw, 100px\" \/><\/a><\/div><div class=\"av-magazine-content-wrap\"><header class=\"entry-content-header\" aria-label=\"Post: SILLA CHARRA DE MEDIA GALA CINCELADA\"><time class='av-magazine-time updated'  itemprop=\"datePublished\" datetime=\"2024-11-25T14:10:00-06:00\" >2024-11-25<\/time><h3 class='av-magazine-title entry-title'  itemprop=\"headline\" ><a href='https:\/\/museodelacharreria.org.mx\/ja\/coleccion\/silla-charra-de-media-gala-cincelada\/' title='\u30ea\u30f3\u30af\u5148:  SILLA CHARRA DE MEDIA GALA CINCELADA'>\u30c1\u30e3\u30ed\u30fb\u30c1\u30a7\u30a2\u30fb\u30aa\u30d6\u30fb\u30c1\u30bc\u30eb\u30fb\u30cf\u30fc\u30d5\u30fb\u30ac\u30e9<\/a><\/h3><\/header><\/div><footer class=\"entry-footer\"><\/footer><\/article><article class='av-magazine-entry av-magazine-entry-id-3777 av-magazine-format-standard av-magazine-type-portfolio av-magazine-entry-3 av-magazine-entry-small'  itemscope=\"itemscope\" itemtype=\"https:\/\/schema.org\/CreativeWork\" ><div class=\"av-magazine-thumbnail\"><a href='https:\/\/museodelacharreria.org.mx\/ja\/coleccion\/silla-charra-piteada\/' title='\u30ea\u30f3\u30af\u5148:  SILLA CHARRA PITEADA' class='av-magazine-thumbnail-link'><img decoding=\"async\" fetchpriority=\"high\" width=\"100\" height=\"100\" src=\"https:\/\/museodelacharreria.org.mx\/wp-content\/uploads\/2024\/11\/Museo-de-la-Charreria-Silla-Charra-de-Gala-100x100.jpg\" class=\"wp-image-3775 avia-img-lazy-loading-not-3775 attachment-thumbnail size-thumbnail wp-post-image\" alt=\"\" srcset=\"https:\/\/museodelacharreria.org.mx\/wp-content\/uploads\/2024\/11\/Museo-de-la-Charreria-Silla-Charra-de-Gala-100x100.jpg 100w, https:\/\/museodelacharreria.org.mx\/wp-content\/uploads\/2024\/11\/Museo-de-la-Charreria-Silla-Charra-de-Gala-36x36.jpg 36w, https:\/\/museodelacharreria.org.mx\/wp-content\/uploads\/2024\/11\/Museo-de-la-Charreria-Silla-Charra-de-Gala-180x180.jpg 180w\" sizes=\"(max-width: 100px) 100vw, 100px\" \/><\/a><\/div><div class=\"av-magazine-content-wrap\"><header class=\"entry-content-header\" aria-label=\"Post: SILLA CHARRA PITEADA\"><time class='av-magazine-time updated'  itemprop=\"datePublished\" datetime=\"2024-11-25T14:00:29-06:00\" >2024-11-25<\/time><h3 class='av-magazine-title entry-title'  itemprop=\"headline\" ><a href='https:\/\/museodelacharreria.org.mx\/ja\/coleccion\/silla-charra-piteada\/' title='\u30ea\u30f3\u30af\u5148:  SILLA CHARRA PITEADA'>\u30b5\u30c9\u30eb\u30c1\u30e3\u30e9\u30fb\u30d4\u30c6\u30a2\u30c0<\/a><\/h3><\/header><\/div><footer class=\"entry-footer\"><\/footer><\/article><article class='av-magazine-entry av-magazine-entry-id-3750 av-magazine-format-standard av-magazine-type-portfolio av-magazine-entry-4 av-magazine-entry-small'  itemscope=\"itemscope\" itemtype=\"https:\/\/schema.org\/CreativeWork\" ><div class=\"av-magazine-thumbnail\"><a href='https:\/\/museodelacharreria.org.mx\/ja\/coleccion\/silla-charra-con-motivos-taurinos\/' title='\u30ea\u30f3\u30af\u5148:  SILLA CHARRA CON MOTIVOS TAURINOS' class='av-magazine-thumbnail-link'><img decoding=\"async\" fetchpriority=\"high\" width=\"100\" height=\"100\" src=\"https:\/\/museodelacharreria.org.mx\/wp-content\/uploads\/2024\/11\/MUSEO-DE-LA-CHARRERIA-SILLA-CHARRA-CON-MOTIVOS-TAURINOS-3-100x100.jpg\" class=\"wp-image-3753 avia-img-lazy-loading-not-3753 attachment-thumbnail size-thumbnail wp-post-image\" alt=\"\" srcset=\"https:\/\/museodelacharreria.org.mx\/wp-content\/uploads\/2024\/11\/MUSEO-DE-LA-CHARRERIA-SILLA-CHARRA-CON-MOTIVOS-TAURINOS-3-100x100.jpg 100w, https:\/\/museodelacharreria.org.mx\/wp-content\/uploads\/2024\/11\/MUSEO-DE-LA-CHARRERIA-SILLA-CHARRA-CON-MOTIVOS-TAURINOS-3-36x36.jpg 36w, https:\/\/museodelacharreria.org.mx\/wp-content\/uploads\/2024\/11\/MUSEO-DE-LA-CHARRERIA-SILLA-CHARRA-CON-MOTIVOS-TAURINOS-3-180x180.jpg 180w\" sizes=\"(max-width: 100px) 100vw, 100px\" \/><\/a><\/div><div class=\"av-magazine-content-wrap\"><header class=\"entry-content-header\" aria-label=\"Post: SILLA CHARRA CON MOTIVOS TAURINOS\"><time class='av-magazine-time updated'  itemprop=\"datePublished\" datetime=\"2024-11-25T11:02:41-06:00\" >2024-11-25<\/time><h3 class='av-magazine-title entry-title'  itemprop=\"headline\" ><a href='https:\/\/museodelacharreria.org.mx\/ja\/coleccion\/silla-charra-con-motivos-taurinos\/' title='\u30ea\u30f3\u30af\u5148:  SILLA CHARRA CON MOTIVOS TAURINOS'>\u95d8\u725b\u30e2\u30c1\u30fc\u30d5\u306e\u30c1\u30e3\u30ed\u30fb\u30c1\u30a7\u30a2<\/a><\/h3><\/header><\/div><footer class=\"entry-footer\"><\/footer><\/article><article class='av-magazine-entry av-magazine-entry-id-3806 av-magazine-format-standard av-magazine-type-portfolio av-magazine-entry-5 av-magazine-entry-small'  itemscope=\"itemscope\" itemtype=\"https:\/\/schema.org\/CreativeWork\" ><div class=\"av-magazine-thumbnail\"><a href='https:\/\/museodelacharreria.org.mx\/ja\/coleccion\/silla-charra-piteada-cincelada-y-encorrillada\/' title='\u30ea\u30f3\u30af\u5148:  SILLA CHARRA PITEADA, CINCELADA Y ENCORRILLADA' class='av-magazine-thumbnail-link'><img decoding=\"async\" fetchpriority=\"high\" width=\"100\" height=\"100\" src=\"https:\/\/museodelacharreria.org.mx\/wp-content\/uploads\/2024\/11\/MUSEO-DE-LA-CHARRERIA-SILLA-CHARRA-PITEADA-CINCELADA-Y-ENCORRILLADA--100x100.jpg\" class=\"wp-image-3799 avia-img-lazy-loading-not-3799 attachment-thumbnail size-thumbnail wp-post-image\" alt=\"\" srcset=\"https:\/\/museodelacharreria.org.mx\/wp-content\/uploads\/2024\/11\/MUSEO-DE-LA-CHARRERIA-SILLA-CHARRA-PITEADA-CINCELADA-Y-ENCORRILLADA--100x100.jpg 100w, https:\/\/museodelacharreria.org.mx\/wp-content\/uploads\/2024\/11\/MUSEO-DE-LA-CHARRERIA-SILLA-CHARRA-PITEADA-CINCELADA-Y-ENCORRILLADA--36x36.jpg 36w, https:\/\/museodelacharreria.org.mx\/wp-content\/uploads\/2024\/11\/MUSEO-DE-LA-CHARRERIA-SILLA-CHARRA-PITEADA-CINCELADA-Y-ENCORRILLADA--180x180.jpg 180w\" sizes=\"(max-width: 100px) 100vw, 100px\" \/><\/a><\/div><div class=\"av-magazine-content-wrap\"><header class=\"entry-content-header\" aria-label=\"Post: SILLA CHARRA PITEADA, CINCELADA Y ENCORRILLADA\"><time class='av-magazine-time updated'  itemprop=\"datePublished\" datetime=\"2024-11-23T13:35:49-06:00\" >2024-11-23<\/time><h3 class='av-magazine-title entry-title'  itemprop=\"headline\" ><a href='https:\/\/museodelacharreria.org.mx\/ja\/coleccion\/silla-charra-piteada-cincelada-y-encorrillada\/' title='\u30ea\u30f3\u30af\u5148:  SILLA CHARRA PITEADA, CINCELADA Y ENCORRILLADA'>\u30b5\u30c9\u30eb\u30fb\u30c1\u30e3\u30e9\u30fb\u30d4\u30c6\u30a2\u30c0\u3001\u30ce\u30df\u3092\u524a\u3063\u3066\u30a8\u30f3\u30b3\u30ea\u30e3\u30fc\u30c0\u72b6\u306b\u3057\u305f\u3082\u306e<\/a><\/h3><\/header><\/div><footer class=\"entry-footer\"><\/footer><\/article><article class='av-magazine-entry av-magazine-entry-id-3763 av-magazine-format-standard av-magazine-type-portfolio av-magazine-entry-6 av-magazine-entry-small'  itemscope=\"itemscope\" itemtype=\"https:\/\/schema.org\/CreativeWork\" ><div class=\"av-magazine-thumbnail\"><a href='https:\/\/museodelacharreria.org.mx\/ja\/coleccion\/silla-charra-de-gran-gala-bordada-con-hilo-de-plata\/' title='\u30ea\u30f3\u30af\u5148:  SILLA CHARRA DE GRAN GALA BORDADA CON HILO DE PLATA' class='av-magazine-thumbnail-link'><img decoding=\"async\" fetchpriority=\"high\" width=\"100\" height=\"100\" src=\"https:\/\/museodelacharreria.org.mx\/wp-content\/uploads\/2024\/11\/MUSEO-DE-LA-CHARRERIA-SILLA-CHARRA-DE-GRAN-GALA-BORDADA-EN-HILO-DE-PLATA-Y-ORO-1929-100x100.jpg\" class=\"wp-image-3766 avia-img-lazy-loading-not-3766 attachment-thumbnail size-thumbnail wp-post-image\" alt=\"\" srcset=\"https:\/\/museodelacharreria.org.mx\/wp-content\/uploads\/2024\/11\/MUSEO-DE-LA-CHARRERIA-SILLA-CHARRA-DE-GRAN-GALA-BORDADA-EN-HILO-DE-PLATA-Y-ORO-1929-100x100.jpg 100w, https:\/\/museodelacharreria.org.mx\/wp-content\/uploads\/2024\/11\/MUSEO-DE-LA-CHARRERIA-SILLA-CHARRA-DE-GRAN-GALA-BORDADA-EN-HILO-DE-PLATA-Y-ORO-1929-36x36.jpg 36w, https:\/\/museodelacharreria.org.mx\/wp-content\/uploads\/2024\/11\/MUSEO-DE-LA-CHARRERIA-SILLA-CHARRA-DE-GRAN-GALA-BORDADA-EN-HILO-DE-PLATA-Y-ORO-1929-180x180.jpg 180w\" sizes=\"(max-width: 100px) 100vw, 100px\" \/><\/a><\/div><div class=\"av-magazine-content-wrap\"><header class=\"entry-content-header\" aria-label=\"Post: SILLA CHARRA DE GRAN GALA BORDADA CON HILO DE PLATA\"><time class='av-magazine-time updated'  itemprop=\"datePublished\" datetime=\"2024-11-22T12:39:40-06:00\" >2024-11-22<\/time><h3 class='av-magazine-title entry-title'  itemprop=\"headline\" ><a href='https:\/\/museodelacharreria.org.mx\/ja\/coleccion\/silla-charra-de-gran-gala-bordada-con-hilo-de-plata\/' title='\u30ea\u30f3\u30af\u5148:  SILLA CHARRA DE GRAN GALA BORDADA CON HILO DE PLATA'>\u9280\u7cf8\u523a\u7e4d\u306e\u30c1\u30e3\u30ed\u30fb\u30b5\u30c9\u30eb<\/a><\/h3><\/header><\/div><footer class=\"entry-footer\"><\/footer><\/article><article class='av-magazine-entry av-magazine-entry-id-3741 av-magazine-format-standard av-magazine-type-portfolio av-magazine-entry-7 av-magazine-entry-small'  itemscope=\"itemscope\" itemtype=\"https:\/\/schema.org\/CreativeWork\" ><div class=\"av-magazine-thumbnail\"><a href='https:\/\/museodelacharreria.org.mx\/ja\/coleccion\/silla-charra-con-chomite-y-encorrillado\/' title='\u30ea\u30f3\u30af\u5148:  SILLA CHARRA CON CHOMITE Y ENCORRILLADO' class='av-magazine-thumbnail-link'><img decoding=\"async\" fetchpriority=\"high\" width=\"100\" height=\"100\" src=\"https:\/\/museodelacharreria.org.mx\/wp-content\/uploads\/2024\/11\/Museo-de-la-Charreria-Silla-Charra-Con-Chimite-y-Encorrillado-100x100.jpg\" class=\"wp-image-3742 avia-img-lazy-loading-not-3742 attachment-thumbnail size-thumbnail wp-post-image\" alt=\"\u30c1\u30e3\u30e9\u306b\u30c1\u30e7\u30df\u30c6\u3092\u5857\u3063\u3066\u4e38\u3081\u308b\" srcset=\"https:\/\/museodelacharreria.org.mx\/wp-content\/uploads\/2024\/11\/Museo-de-la-Charreria-Silla-Charra-Con-Chimite-y-Encorrillado-100x100.jpg 100w, https:\/\/museodelacharreria.org.mx\/wp-content\/uploads\/2024\/11\/Museo-de-la-Charreria-Silla-Charra-Con-Chimite-y-Encorrillado-36x36.jpg 36w, https:\/\/museodelacharreria.org.mx\/wp-content\/uploads\/2024\/11\/Museo-de-la-Charreria-Silla-Charra-Con-Chimite-y-Encorrillado-180x180.jpg 180w\" sizes=\"(max-width: 100px) 100vw, 100px\" \/><\/a><\/div><div class=\"av-magazine-content-wrap\"><header class=\"entry-content-header\" aria-label=\"Post: SILLA CHARRA CON CHOMITE Y ENCORRILLADO\"><time class='av-magazine-time updated'  itemprop=\"datePublished\" datetime=\"2024-11-21T14:04:47-06:00\" >2024-11-21<\/time><h3 class='av-magazine-title entry-title'  itemprop=\"headline\" ><a href='https:\/\/museodelacharreria.org.mx\/ja\/coleccion\/silla-charra-con-chomite-y-encorrillado\/' title='\u30ea\u30f3\u30af\u5148:  SILLA CHARRA CON CHOMITE Y ENCORRILLADO'>\u30c1\u30e3\u30e9\u306b\u30c1\u30e7\u30df\u30c6\u3092\u5857\u3063\u3066\u4e38\u3081\u308b<\/a><\/h3><\/header><\/div><footer class=\"entry-footer\"><\/footer><\/article><\/div><div class='av-magazine-group av-hidden-mag sort_45'><article class='av-magazine-entry av-magazine-entry-id-598 av-magazine-format-standard av-magazine-type-portfolio av-magazine-entry-1 av-magazine-entry-small'  itemscope=\"itemscope\" itemtype=\"https:\/\/schema.org\/CreativeWork\" ><div class=\"av-magazine-thumbnail\"><a href='https:\/\/museodelacharreria.org.mx\/ja\/coleccion\/plato-damasquinado-en-oro\/' title='\u30ea\u30f3\u30af\u5148\uff1a\u30c0\u30de\u30b9\u30ad\u30ca\u30fc\u30c9\u30fb\u30b4\u30fc\u30eb\u30c9\u30d7\u30ec\u30fc\u30c8' class='av-magazine-thumbnail-link'><img decoding=\"async\" fetchpriority=\"high\" width=\"80\" height=\"80\" src=\"https:\/\/museodelacharreria.org.mx\/wp-content\/uploads\/2023\/09\/Museo-de-la-Charreria-CDMX-Reconocimiento--80x80.jpg\" class=\"wp-image-599 avia-img-lazy-loading-not-599 attachment-thumbnail size-thumbnail wp-post-image\" alt=\"\u30b4\u30fc\u30eb\u30c9\u30fb\u30c0\u30de\u30b9\u30af\u30fb\u30d7\u30ec\u30fc\u30c8 \u30b9\u30da\u30a4\u30f3\u738b\u51a0\u306e\u8d08\u308a\u7269\" srcset=\"https:\/\/museodelacharreria.org.mx\/wp-content\/uploads\/2023\/09\/Museo-de-la-Charreria-CDMX-Reconocimiento--80x80.jpg 80w, https:\/\/museodelacharreria.org.mx\/wp-content\/uploads\/2023\/09\/Museo-de-la-Charreria-CDMX-Reconocimiento--36x36.jpg 36w, https:\/\/museodelacharreria.org.mx\/wp-content\/uploads\/2023\/09\/Museo-de-la-Charreria-CDMX-Reconocimiento--180x180.jpg 180w\" sizes=\"(max-width: 80px) 100vw, 80px\" \/><\/a><\/div><div class=\"av-magazine-content-wrap\"><header class=\"entry-content-header\" aria-label=\"Post: PLATO DAMASQUINADO EN ORO\"><time class='av-magazine-time updated'  itemprop=\"datePublished\" datetime=\"2023-12-28T02:45:32-06:00\" >2023-12-28<\/time><h3 class='av-magazine-title entry-title'  itemprop=\"headline\" ><a href='https:\/\/museodelacharreria.org.mx\/ja\/coleccion\/plato-damasquinado-en-oro\/' title='\u30ea\u30f3\u30af\u5148\uff1a\u30c0\u30de\u30b9\u30ad\u30ca\u30fc\u30c9\u30fb\u30b4\u30fc\u30eb\u30c9\u30d7\u30ec\u30fc\u30c8'>\u30b4\u30fc\u30eb\u30c9\u30fb\u30c0\u30de\u30b9\u30ad\u30f3\u30fb\u30d7\u30ec\u30fc\u30c8<\/a><\/h3><\/header><\/div><footer class=\"entry-footer\"><\/footer><\/article><article class='av-magazine-entry av-magazine-entry-id-3941 av-magazine-format-standard av-magazine-type-portfolio av-magazine-entry-2 av-magazine-entry-small'  itemscope=\"itemscope\" itemtype=\"https:\/\/schema.org\/CreativeWork\" ><div class=\"av-magazine-thumbnail\"><a href='https:\/\/museodelacharreria.org.mx\/ja\/coleccion\/placa-conmemorativa-otorgada-por-ejercito-espanol\/' title='\u30ea\u30f3\u30af\u5148:  PLACA CONMEMORATIVA OTORGADA POR EL EJ\u00c9RCITO ESPA\u00d1OL' class='av-magazine-thumbnail-link'><img decoding=\"async\" fetchpriority=\"high\" width=\"100\" height=\"100\" src=\"https:\/\/museodelacharreria.org.mx\/wp-content\/uploads\/2023\/09\/Museo-de-la-Charreria-CDMX-Reconocimientos-Espana--100x100.jpg\" class=\"wp-image-1314 avia-img-lazy-loading-not-1314 attachment-thumbnail size-thumbnail wp-post-image\" alt=\"\" srcset=\"https:\/\/museodelacharreria.org.mx\/wp-content\/uploads\/2023\/09\/Museo-de-la-Charreria-CDMX-Reconocimientos-Espana--100x100.jpg 100w, https:\/\/museodelacharreria.org.mx\/wp-content\/uploads\/2023\/09\/Museo-de-la-Charreria-CDMX-Reconocimientos-Espana--36x36.jpg 36w, https:\/\/museodelacharreria.org.mx\/wp-content\/uploads\/2023\/09\/Museo-de-la-Charreria-CDMX-Reconocimientos-Espana--180x180.jpg 180w\" sizes=\"(max-width: 100px) 100vw, 100px\" \/><\/a><\/div><div class=\"av-magazine-content-wrap\"><header class=\"entry-content-header\" aria-label=\"Post: PLACA CONMEMORATIVA OTORGADA POR EL EJ\u00c9RCITO ESPA\u00d1OL\"><time class='av-magazine-time updated'  itemprop=\"datePublished\" datetime=\"2023-11-25T18:56:44-06:00\" >2023-11-25<\/time><h3 class='av-magazine-title entry-title'  itemprop=\"headline\" ><a href='https:\/\/museodelacharreria.org.mx\/ja\/coleccion\/placa-conmemorativa-otorgada-por-ejercito-espanol\/' title='\u30ea\u30f3\u30af\u5148:  PLACA CONMEMORATIVA OTORGADA POR EL EJ\u00c9RCITO ESPA\u00d1OL'>\u30b9\u30da\u30a4\u30f3\u8ecd\u304b\u3089\u6388\u4e0e\u3055\u308c\u305f\u8a18\u5ff5\u76fe<\/a><\/h3><\/header><\/div><footer class=\"entry-footer\"><\/footer><\/article><article class='av-magazine-entry av-magazine-entry-id-1651 av-magazine-format-standard av-magazine-type-portfolio av-magazine-entry-3 av-magazine-entry-small'  itemscope=\"itemscope\" itemtype=\"https:\/\/schema.org\/CreativeWork\" ><div class=\"av-magazine-thumbnail\"><a href='https:\/\/museodelacharreria.org.mx\/ja\/coleccion\/escudo-de-armas-de-barcelona\/' title='\u30ea\u30f3\u30af\u5148\uff1a\u30d0\u30eb\u30bb\u30ed\u30ca\u306e\u7d0b\u7ae0' class='av-magazine-thumbnail-link'><img decoding=\"async\" fetchpriority=\"high\" width=\"100\" height=\"100\" src=\"https:\/\/museodelacharreria.org.mx\/wp-content\/uploads\/2023\/09\/Museo-de-la-Charreria-Escudo-de-la-Provincia-de-Barcelona-1-1-100x100.jpg\" class=\"wp-image-1653 avia-img-lazy-loading-not-1653 attachment-thumbnail size-thumbnail wp-post-image\" alt=\"\" srcset=\"https:\/\/museodelacharreria.org.mx\/wp-content\/uploads\/2023\/09\/Museo-de-la-Charreria-Escudo-de-la-Provincia-de-Barcelona-1-1-100x100.jpg 100w, https:\/\/museodelacharreria.org.mx\/wp-content\/uploads\/2023\/09\/Museo-de-la-Charreria-Escudo-de-la-Provincia-de-Barcelona-1-1-36x36.jpg 36w, https:\/\/museodelacharreria.org.mx\/wp-content\/uploads\/2023\/09\/Museo-de-la-Charreria-Escudo-de-la-Provincia-de-Barcelona-1-1-180x180.jpg 180w\" sizes=\"(max-width: 100px) 100vw, 100px\" \/><\/a><\/div><div class=\"av-magazine-content-wrap\"><header class=\"entry-content-header\" aria-label=\"Post: ESCUDO DE ARMAS DE BARCELONA\"><time class='av-magazine-time updated'  itemprop=\"datePublished\" datetime=\"2023-09-29T23:33:46-06:00\" >2023-09-29<\/time><h3 class='av-magazine-title entry-title'  itemprop=\"headline\" ><a href='https:\/\/museodelacharreria.org.mx\/ja\/coleccion\/escudo-de-armas-de-barcelona\/' title='\u30ea\u30f3\u30af\u5148\uff1a\u30d0\u30eb\u30bb\u30ed\u30ca\u306e\u7d0b\u7ae0'>\u30d0\u30eb\u30bb\u30ed\u30ca\u306e\u7d0b\u7ae0<\/a><\/h3><\/header><\/div><footer class=\"entry-footer\"><\/footer><\/article><article class='av-magazine-entry av-magazine-entry-id-1317 av-magazine-format-standard av-magazine-type-portfolio av-magazine-entry-4 av-magazine-entry-small'  itemscope=\"itemscope\" itemtype=\"https:\/\/schema.org\/CreativeWork\" ><div class=\"av-magazine-thumbnail\"><a href='https:\/\/museodelacharreria.org.mx\/ja\/coleccion\/escudo-de-armas-de-zaragoza\/' title='\u30ea\u30f3\u30af\u5148\uff1a\u30b5\u30e9\u30b4\u30b5\u5e02\u8b70\u4f1a\u7d0b\u7ae0' class='av-magazine-thumbnail-link'><img decoding=\"async\" fetchpriority=\"high\" width=\"100\" height=\"100\" src=\"https:\/\/museodelacharreria.org.mx\/wp-content\/uploads\/2023\/09\/Museo-de-la-Charreria-CDMX-Reconocimientos-Espana-Zaragoza-2-100x100.jpg\" class=\"wp-image-1311 avia-img-lazy-loading-not-1311 attachment-thumbnail size-thumbnail wp-post-image\" alt=\"\" srcset=\"https:\/\/museodelacharreria.org.mx\/wp-content\/uploads\/2023\/09\/Museo-de-la-Charreria-CDMX-Reconocimientos-Espana-Zaragoza-2-100x100.jpg 100w, https:\/\/museodelacharreria.org.mx\/wp-content\/uploads\/2023\/09\/Museo-de-la-Charreria-CDMX-Reconocimientos-Espana-Zaragoza-2-36x36.jpg 36w, https:\/\/museodelacharreria.org.mx\/wp-content\/uploads\/2023\/09\/Museo-de-la-Charreria-CDMX-Reconocimientos-Espana-Zaragoza-2-180x180.jpg 180w\" sizes=\"(max-width: 100px) 100vw, 100px\" \/><\/a><\/div><div class=\"av-magazine-content-wrap\"><header class=\"entry-content-header\" aria-label=\"Post: ESCUDO DE ARMAS DEL EXCELENT\u00cdSIMO AYUNTAMIENTO DE ZARAGOZA\"><time class='av-magazine-time updated'  itemprop=\"datePublished\" datetime=\"2023-09-28T16:27:40-06:00\" >2023-09-28<\/time><h3 class='av-magazine-title entry-title'  itemprop=\"headline\" ><a href='https:\/\/museodelacharreria.org.mx\/ja\/coleccion\/escudo-de-armas-de-zaragoza\/' title='\u30ea\u30f3\u30af\u5148\uff1a\u30b5\u30e9\u30b4\u30b5\u5e02\u8b70\u4f1a\u7d0b\u7ae0'>\u30b5\u30e9\u30b4\u30b5\u5e02\u8b70\u4f1a\u7d0b\u7ae0<\/a><\/h3><\/header><\/div><footer class=\"entry-footer\"><\/footer><\/article><article class='av-magazine-entry av-magazine-entry-id-1309 av-magazine-format-standard av-magazine-type-portfolio av-magazine-entry-5 av-magazine-entry-small'  itemscope=\"itemscope\" itemtype=\"https:\/\/schema.org\/CreativeWork\" ><div class=\"av-magazine-thumbnail\"><a href='https:\/\/museodelacharreria.org.mx\/ja\/coleccion\/la-llave-de-la-ciudad-de-madrid\/' title='\u30ea\u30f3\u30af\u5148\uff1a\u30de\u30c9\u30ea\u30fc\u30c9\u306e\u9375' class='av-magazine-thumbnail-link'><img decoding=\"async\" fetchpriority=\"high\" width=\"100\" height=\"100\" src=\"https:\/\/museodelacharreria.org.mx\/wp-content\/uploads\/2023\/09\/Museo-de-la-Charreria-CDMX-Reconocimientos-Espana-Madrid--100x100.jpg\" class=\"wp-image-1310 avia-img-lazy-loading-not-1310 attachment-thumbnail size-thumbnail wp-post-image\" alt=\"\" srcset=\"https:\/\/museodelacharreria.org.mx\/wp-content\/uploads\/2023\/09\/Museo-de-la-Charreria-CDMX-Reconocimientos-Espana-Madrid--100x100.jpg 100w, https:\/\/museodelacharreria.org.mx\/wp-content\/uploads\/2023\/09\/Museo-de-la-Charreria-CDMX-Reconocimientos-Espana-Madrid--36x36.jpg 36w, https:\/\/museodelacharreria.org.mx\/wp-content\/uploads\/2023\/09\/Museo-de-la-Charreria-CDMX-Reconocimientos-Espana-Madrid--180x180.jpg 180w\" sizes=\"(max-width: 100px) 100vw, 100px\" \/><\/a><\/div><div class=\"av-magazine-content-wrap\"><header class=\"entry-content-header\" aria-label=\"Post: LA LLAVE DE LA CIUDAD DE MADRID\"><time class='av-magazine-time updated'  itemprop=\"datePublished\" datetime=\"2023-09-28T16:21:18-06:00\" >2023-09-28<\/time><h3 class='av-magazine-title entry-title'  itemprop=\"headline\" ><a href='https:\/\/museodelacharreria.org.mx\/ja\/coleccion\/la-llave-de-la-ciudad-de-madrid\/' title='\u30ea\u30f3\u30af\u5148\uff1a\u30de\u30c9\u30ea\u30fc\u30c9\u306e\u9375'>\u30de\u30c9\u30ea\u30fc\u30c9\u306e\u9375<\/a><\/h3><\/header><\/div><footer class=\"entry-footer\"><\/footer><\/article><\/div><div class='av-magazine-group av-hidden-mag sort_40'><article class='av-magazine-entry av-magazine-entry-id-2401 av-magazine-format-standard av-magazine-type-portfolio av-magazine-entry-1 av-magazine-entry-small'  itemscope=\"itemscope\" itemtype=\"https:\/\/schema.org\/CreativeWork\" ><div class=\"av-magazine-thumbnail\"><a href='https:\/\/museodelacharreria.org.mx\/ja\/coleccion\/sombrero-con-bordado-de-rosas\/' title='\u30ea\u30f3\u30af\u5148: \u30d0\u30e9\u306e\u523a\u7e4d\u306e\u5e3d\u5b50' class='av-magazine-thumbnail-link'><img decoding=\"async\" fetchpriority=\"high\" width=\"100\" height=\"100\" src=\"https:\/\/museodelacharreria.org.mx\/wp-content\/uploads\/2023\/11\/Museo-de-la-Charreria-Sombrero-0155-100x100.jpg\" class=\"wp-image-2396 avia-img-lazy-loading-not-2396 attachment-thumbnail size-thumbnail wp-post-image\" alt=\"\" srcset=\"https:\/\/museodelacharreria.org.mx\/wp-content\/uploads\/2023\/11\/Museo-de-la-Charreria-Sombrero-0155-100x100.jpg 100w, https:\/\/museodelacharreria.org.mx\/wp-content\/uploads\/2023\/11\/Museo-de-la-Charreria-Sombrero-0155-36x36.jpg 36w, https:\/\/museodelacharreria.org.mx\/wp-content\/uploads\/2023\/11\/Museo-de-la-Charreria-Sombrero-0155-180x180.jpg 180w\" sizes=\"(max-width: 100px) 100vw, 100px\" \/><\/a><\/div><div class=\"av-magazine-content-wrap\"><header class=\"entry-content-header\" aria-label=\"Post: SOMBRERO CON BORDADO DE ROSAS\"><time class='av-magazine-time updated'  itemprop=\"datePublished\" datetime=\"2023-12-29T19:12:21-06:00\" >2023-12-29<\/time><h3 class='av-magazine-title entry-title'  itemprop=\"headline\" ><a href='https:\/\/museodelacharreria.org.mx\/ja\/coleccion\/sombrero-con-bordado-de-rosas\/' title='\u30ea\u30f3\u30af\u5148: \u30d0\u30e9\u306e\u523a\u7e4d\u306e\u5e3d\u5b50'>\u30d0\u30e9\u306e\u523a\u7e4d\u306e\u5e3d\u5b50<\/a><\/h3><\/header><\/div><footer class=\"entry-footer\"><\/footer><\/article><article class='av-magazine-entry av-magazine-entry-id-2435 av-magazine-format-standard av-magazine-type-portfolio av-magazine-entry-2 av-magazine-entry-small'  itemscope=\"itemscope\" itemtype=\"https:\/\/schema.org\/CreativeWork\" ><div class=\"av-magazine-thumbnail\"><a href='https:\/\/museodelacharreria.org.mx\/ja\/coleccion\/sombrero-de-charro-para-nino\/' title='\u30ea\u30f3\u30af\u5148: \u7537\u306e\u5b50\u7528\u30c1\u30e3\u30ed\u30cf\u30c3\u30c8' class='av-magazine-thumbnail-link'><img decoding=\"async\" fetchpriority=\"high\" width=\"100\" height=\"100\" src=\"https:\/\/museodelacharreria.org.mx\/wp-content\/uploads\/2023\/11\/Museo-de-la-Charreria-Sombrero-de-Charro-0022-100x100.jpg\" class=\"wp-image-2420 avia-img-lazy-loading-not-2420 attachment-thumbnail size-thumbnail wp-post-image\" alt=\"\" srcset=\"https:\/\/museodelacharreria.org.mx\/wp-content\/uploads\/2023\/11\/Museo-de-la-Charreria-Sombrero-de-Charro-0022-100x100.jpg 100w, https:\/\/museodelacharreria.org.mx\/wp-content\/uploads\/2023\/11\/Museo-de-la-Charreria-Sombrero-de-Charro-0022-36x36.jpg 36w, https:\/\/museodelacharreria.org.mx\/wp-content\/uploads\/2023\/11\/Museo-de-la-Charreria-Sombrero-de-Charro-0022-180x180.jpg 180w\" sizes=\"(max-width: 100px) 100vw, 100px\" \/><\/a><\/div><div class=\"av-magazine-content-wrap\"><header class=\"entry-content-header\" aria-label=\"Post: SOMBRERO DE CHARRO PARA NI\u00d1O\"><time class='av-magazine-time updated'  itemprop=\"datePublished\" datetime=\"2023-11-13T23:36:14-06:00\" >2023-11-13<\/time><h3 class='av-magazine-title entry-title'  itemprop=\"headline\" ><a href='https:\/\/museodelacharreria.org.mx\/ja\/coleccion\/sombrero-de-charro-para-nino\/' title='\u30ea\u30f3\u30af\u5148: \u7537\u306e\u5b50\u7528\u30c1\u30e3\u30ed\u30cf\u30c3\u30c8'>\u30c1\u30e3\u30ed\u30cf\u30c3\u30c8 \u7537\u306e\u5b50\u7528<\/a><\/h3><\/header><\/div><footer class=\"entry-footer\"><\/footer><\/article><article class='av-magazine-entry av-magazine-entry-id-2429 av-magazine-format-standard av-magazine-type-portfolio av-magazine-entry-3 av-magazine-entry-small'  itemscope=\"itemscope\" itemtype=\"https:\/\/schema.org\/CreativeWork\" ><div class=\"av-magazine-thumbnail\"><a href='https:\/\/museodelacharreria.org.mx\/ja\/coleccion\/sombrero-de-pelo-fino-bordado-en-canutillo-de-oro\/' title='\u30ea\u30f3\u30af\u5148: \u30b4\u30fc\u30eb\u30c9\u306e\u30d3\u30fc\u30ba\u3067\u523a\u7e4d\u3055\u308c\u305f\u9ad8\u7d1a\u6bdb\u76ae\u306e\u5e3d\u5b50' class='av-magazine-thumbnail-link'><img decoding=\"async\" fetchpriority=\"high\" width=\"100\" height=\"100\" src=\"https:\/\/museodelacharreria.org.mx\/wp-content\/uploads\/2023\/11\/Museo-de-la-Charreria-Sombrero-de-Charro-0144-100x100.jpg\" class=\"wp-image-2425 avia-img-lazy-loading-not-2425 attachment-thumbnail size-thumbnail wp-post-image\" alt=\"\" srcset=\"https:\/\/museodelacharreria.org.mx\/wp-content\/uploads\/2023\/11\/Museo-de-la-Charreria-Sombrero-de-Charro-0144-100x100.jpg 100w, https:\/\/museodelacharreria.org.mx\/wp-content\/uploads\/2023\/11\/Museo-de-la-Charreria-Sombrero-de-Charro-0144-36x36.jpg 36w, https:\/\/museodelacharreria.org.mx\/wp-content\/uploads\/2023\/11\/Museo-de-la-Charreria-Sombrero-de-Charro-0144-180x180.jpg 180w\" sizes=\"(max-width: 100px) 100vw, 100px\" \/><\/a><\/div><div class=\"av-magazine-content-wrap\"><header class=\"entry-content-header\" aria-label=\"Post: SOMBRERO DE PELO FINO BORDADO CON CANUTILLO DE ORO\"><time class='av-magazine-time updated'  itemprop=\"datePublished\" datetime=\"2023-11-13T23:13:54-06:00\" >2023-11-13<\/time><h3 class='av-magazine-title entry-title'  itemprop=\"headline\" ><a href='https:\/\/museodelacharreria.org.mx\/ja\/coleccion\/sombrero-de-pelo-fino-bordado-en-canutillo-de-oro\/' title='\u30ea\u30f3\u30af\u5148: \u30b4\u30fc\u30eb\u30c9\u306e\u30d3\u30fc\u30ba\u3067\u523a\u7e4d\u3055\u308c\u305f\u9ad8\u7d1a\u6bdb\u76ae\u306e\u5e3d\u5b50'>\u30b4\u30fc\u30eb\u30c9\u306e\u30d3\u30fc\u30ba\u3067\u523a\u7e4d\u3055\u308c\u305f\u30d5\u30a1\u30a4\u30f3\u30d5\u30a1\u30fc\u30cf\u30c3\u30c8<\/a><\/h3><\/header><\/div><footer class=\"entry-footer\"><\/footer><\/article><article class='av-magazine-entry av-magazine-entry-id-2415 av-magazine-format-standard av-magazine-type-portfolio av-magazine-entry-4 av-magazine-entry-small'  itemscope=\"itemscope\" itemtype=\"https:\/\/schema.org\/CreativeWork\" ><div class=\"av-magazine-thumbnail\"><a href='https:\/\/museodelacharreria.org.mx\/ja\/coleccion\/sombrero-castoreno-de-chinaco-color-gris\/' title='\u30ea\u30f3\u30af\u5148: \u30b0\u30ec\u30fc\u306e\u30c1\u30ca\u30b3\u30cf\u30c3\u30c8' class='av-magazine-thumbnail-link'><img decoding=\"async\" fetchpriority=\"high\" width=\"100\" height=\"100\" src=\"https:\/\/museodelacharreria.org.mx\/wp-content\/uploads\/2023\/11\/Museo-de-la-Charreria-Sombrero-de-Chinaco-0170-100x100.jpg\" class=\"wp-image-2410 avia-img-lazy-loading-not-2410 attachment-thumbnail size-thumbnail wp-post-image\" alt=\"\" srcset=\"https:\/\/museodelacharreria.org.mx\/wp-content\/uploads\/2023\/11\/Museo-de-la-Charreria-Sombrero-de-Chinaco-0170-100x100.jpg 100w, https:\/\/museodelacharreria.org.mx\/wp-content\/uploads\/2023\/11\/Museo-de-la-Charreria-Sombrero-de-Chinaco-0170-36x36.jpg 36w, https:\/\/museodelacharreria.org.mx\/wp-content\/uploads\/2023\/11\/Museo-de-la-Charreria-Sombrero-de-Chinaco-0170-180x180.jpg 180w\" sizes=\"(max-width: 100px) 100vw, 100px\" \/><\/a><\/div><div class=\"av-magazine-content-wrap\"><header class=\"entry-content-header\" aria-label=\"Post: SOMBRERO CASTORE\u00d1O DE CHINACO COLOR GRIS\"><time class='av-magazine-time updated'  itemprop=\"datePublished\" datetime=\"2023-11-13T20:00:59-06:00\" >2023-11-13<\/time><h3 class='av-magazine-title entry-title'  itemprop=\"headline\" ><a href='https:\/\/museodelacharreria.org.mx\/ja\/coleccion\/sombrero-castoreno-de-chinaco-color-gris\/' title='\u30ea\u30f3\u30af\u5148: \u30b0\u30ec\u30fc\u306e\u30c1\u30ca\u30b3\u30cf\u30c3\u30c8'>\u30c1\u30ca\u30b3\u30b0\u30ec\u30fc\u306e\u30c1\u30ca\u30b3\u30cf\u30c3\u30c8<\/a><\/h3><\/header><\/div><footer class=\"entry-footer\"><\/footer><\/article><article class='av-magazine-entry av-magazine-entry-id-2406 av-magazine-format-standard av-magazine-type-portfolio av-magazine-entry-5 av-magazine-entry-small'  itemscope=\"itemscope\" itemtype=\"https:\/\/schema.org\/CreativeWork\" ><div class=\"av-magazine-thumbnail\"><a href='https:\/\/museodelacharreria.org.mx\/ja\/coleccion\/sombrero-castoreno-de-chinaco\/' title='\u30ea\u30f3\u30af\u5148: \u30d6\u30e9\u30a6\u30f3\u30fb\u30c1\u30ca\u30b3\u30fb\u30cf\u30c3\u30c8' class='av-magazine-thumbnail-link'><img decoding=\"async\" fetchpriority=\"high\" width=\"100\" height=\"100\" src=\"https:\/\/museodelacharreria.org.mx\/wp-content\/uploads\/2023\/11\/Museo-de-la-Charreria-Sombrero-de-Chinaco-0166-100x100.jpg\" class=\"wp-image-2407 avia-img-lazy-loading-not-2407 attachment-thumbnail size-thumbnail wp-post-image\" alt=\"\u30c1\u30ca\u30b3\u30fb\u30d3\u30fc\u30d0\u30fc\u30fb\u30cf\u30c3\u30c8\" srcset=\"https:\/\/museodelacharreria.org.mx\/wp-content\/uploads\/2023\/11\/Museo-de-la-Charreria-Sombrero-de-Chinaco-0166-100x100.jpg 100w, https:\/\/museodelacharreria.org.mx\/wp-content\/uploads\/2023\/11\/Museo-de-la-Charreria-Sombrero-de-Chinaco-0166-36x36.jpg 36w, https:\/\/museodelacharreria.org.mx\/wp-content\/uploads\/2023\/11\/Museo-de-la-Charreria-Sombrero-de-Chinaco-0166-180x180.jpg 180w\" sizes=\"(max-width: 100px) 100vw, 100px\" \/><\/a><\/div><div class=\"av-magazine-content-wrap\"><header class=\"entry-content-header\" aria-label=\"Post: SOMBRERO CASTORE\u00d1O DE CHINACO COLOR CAF\u00c9\"><time class='av-magazine-time updated'  itemprop=\"datePublished\" datetime=\"2023-11-13T19:49:18-06:00\" >2023-11-13<\/time><h3 class='av-magazine-title entry-title'  itemprop=\"headline\" ><a href='https:\/\/museodelacharreria.org.mx\/ja\/coleccion\/sombrero-castoreno-de-chinaco\/' title='\u30ea\u30f3\u30af\u5148: \u30d6\u30e9\u30a6\u30f3\u30fb\u30c1\u30ca\u30b3\u30fb\u30cf\u30c3\u30c8'>\u30d6\u30e9\u30a6\u30f3\u30fb\u30c1\u30ca\u30b3\u30fb\u30c1\u30ca\u30b3\u30fb\u30cf\u30c3\u30c8<\/a><\/h3><\/header><\/div><footer class=\"entry-footer\"><\/footer><\/article><article class='av-magazine-entry av-magazine-entry-id-2383 av-magazine-format-standard av-magazine-type-portfolio av-magazine-entry-6 av-magazine-entry-small'  itemscope=\"itemscope\" itemtype=\"https:\/\/schema.org\/CreativeWork\" ><div class=\"av-magazine-thumbnail\"><a href='https:\/\/museodelacharreria.org.mx\/ja\/coleccion\/sombrero-con-detalle-de-espuelas\/' title='\u30ea\u30f3\u30af\u5148: \u30b9\u30d1\u30fc\u30c7\u30a3\u30c6\u30fc\u30eb\u4ed8\u304d\u30cf\u30c3\u30c8' class='av-magazine-thumbnail-link'><img decoding=\"async\" fetchpriority=\"high\" width=\"100\" height=\"100\" src=\"https:\/\/museodelacharreria.org.mx\/wp-content\/uploads\/2023\/11\/Museo-de-la-Charreria-Sombrero-0149-100x100.jpg\" class=\"wp-image-2386 avia-img-lazy-loading-not-2386 attachment-thumbnail size-thumbnail wp-post-image\" alt=\"\" srcset=\"https:\/\/museodelacharreria.org.mx\/wp-content\/uploads\/2023\/11\/Museo-de-la-Charreria-Sombrero-0149-100x100.jpg 100w, https:\/\/museodelacharreria.org.mx\/wp-content\/uploads\/2023\/11\/Museo-de-la-Charreria-Sombrero-0149-36x36.jpg 36w, https:\/\/museodelacharreria.org.mx\/wp-content\/uploads\/2023\/11\/Museo-de-la-Charreria-Sombrero-0149-180x180.jpg 180w\" sizes=\"(max-width: 100px) 100vw, 100px\" \/><\/a><\/div><div class=\"av-magazine-content-wrap\"><header class=\"entry-content-header\" aria-label=\"Post: SOMBRERO CON DETALLE DE ESPUELAS\"><time class='av-magazine-time updated'  itemprop=\"datePublished\" datetime=\"2023-11-13T18:08:27-06:00\" >2023-11-13<\/time><h3 class='av-magazine-title entry-title'  itemprop=\"headline\" ><a href='https:\/\/museodelacharreria.org.mx\/ja\/coleccion\/sombrero-con-detalle-de-espuelas\/' title='\u30ea\u30f3\u30af\u5148: \u30b9\u30d1\u30fc\u30c7\u30a3\u30c6\u30fc\u30eb\u4ed8\u304d\u30cf\u30c3\u30c8'>\u30b9\u30d1\u30fc\u30c7\u30a3\u30c6\u30fc\u30eb\u4ed8\u304d\u30cf\u30c3\u30c8<\/a><\/h3><\/header><\/div><footer class=\"entry-footer\"><\/footer><\/article><article class='av-magazine-entry av-magazine-entry-id-2332 av-magazine-format-standard av-magazine-type-portfolio av-magazine-entry-7 av-magazine-entry-small'  itemscope=\"itemscope\" itemtype=\"https:\/\/schema.org\/CreativeWork\" ><div class=\"av-magazine-thumbnail\"><a href='https:\/\/museodelacharreria.org.mx\/ja\/coleccion\/sombrero-de-charro-con-ribete-en-pano-cafe\/' title='\u30ea\u30f3\u30af\u5148:  SOMBRERO DE CHARRO CON RIBETE EN PA\u00d1O CAFE' class='av-magazine-thumbnail-link'><img decoding=\"async\" fetchpriority=\"high\" width=\"100\" height=\"100\" src=\"https:\/\/museodelacharreria.org.mx\/wp-content\/uploads\/2023\/10\/Museo-de-la-Charreria-Sombrero-0136-100x100.jpg\" class=\"wp-image-2333 avia-img-lazy-loading-not-2333 attachment-thumbnail size-thumbnail wp-post-image\" alt=\"\u8336\u8272\u306e\u7e01\u53d6\u308a\u306e\u3042\u308b\u30c1\u30e3\u30ed\u30cf\u30c3\u30c8\" srcset=\"https:\/\/museodelacharreria.org.mx\/wp-content\/uploads\/2023\/10\/Museo-de-la-Charreria-Sombrero-0136-100x100.jpg 100w, https:\/\/museodelacharreria.org.mx\/wp-content\/uploads\/2023\/10\/Museo-de-la-Charreria-Sombrero-0136-36x36.jpg 36w, https:\/\/museodelacharreria.org.mx\/wp-content\/uploads\/2023\/10\/Museo-de-la-Charreria-Sombrero-0136-180x180.jpg 180w\" sizes=\"(max-width: 100px) 100vw, 100px\" \/><\/a><\/div><div class=\"av-magazine-content-wrap\"><header class=\"entry-content-header\" aria-label=\"Post: SOMBRERO DE CHARRO CON RIBETE EN PA\u00d1O CAFE\"><time class='av-magazine-time updated'  itemprop=\"datePublished\" datetime=\"2023-10-26T02:29:07-06:00\" >2023-10-26<\/time><h3 class='av-magazine-title entry-title'  itemprop=\"headline\" ><a href='https:\/\/museodelacharreria.org.mx\/ja\/coleccion\/sombrero-de-charro-con-ribete-en-pano-cafe\/' title='\u30ea\u30f3\u30af\u5148:  SOMBRERO DE CHARRO CON RIBETE EN PA\u00d1O CAFE'>\u8336\u8272\u306e\u7e01\u53d6\u308a\u306e\u3042\u308b\u30c1\u30e3\u30ed\u30cf\u30c3\u30c8<\/a><\/h3><\/header><\/div><footer class=\"entry-footer\"><\/footer><\/article><\/div><div class='av-magazine-group av-hidden-mag sort_12'><article class='av-magazine-entry av-magazine-entry-id-3965 av-magazine-format-standard av-magazine-type-portfolio av-magazine-entry-1 av-magazine-entry-small'  itemscope=\"itemscope\" itemtype=\"https:\/\/schema.org\/CreativeWork\" ><div class=\"av-magazine-thumbnail\"><a href='https:\/\/museodelacharreria.org.mx\/ja\/coleccion\/cabezadas-de-plata-de-emiliano-zapata\/' title='\u30ea\u30f3\u30af\u5148:  CABEZADAS DE PLATA DE EMILIANO ZAPATA' class='av-magazine-thumbnail-link'><img decoding=\"async\" fetchpriority=\"high\" width=\"100\" height=\"100\" src=\"https:\/\/museodelacharreria.org.mx\/wp-content\/uploads\/2024\/11\/MUSEO-DE-LA-CHARRERIA-CABEZADA-DE-EMILIANO-ZAPATA--100x100.jpg\" class=\"wp-image-3966 avia-img-lazy-loading-not-3966 attachment-thumbnail size-thumbnail wp-post-image\" alt=\"\" srcset=\"https:\/\/museodelacharreria.org.mx\/wp-content\/uploads\/2024\/11\/MUSEO-DE-LA-CHARRERIA-CABEZADA-DE-EMILIANO-ZAPATA--100x100.jpg 100w, https:\/\/museodelacharreria.org.mx\/wp-content\/uploads\/2024\/11\/MUSEO-DE-LA-CHARRERIA-CABEZADA-DE-EMILIANO-ZAPATA--36x36.jpg 36w, https:\/\/museodelacharreria.org.mx\/wp-content\/uploads\/2024\/11\/MUSEO-DE-LA-CHARRERIA-CABEZADA-DE-EMILIANO-ZAPATA--180x180.jpg 180w\" sizes=\"(max-width: 100px) 100vw, 100px\" \/><\/a><\/div><div class=\"av-magazine-content-wrap\"><header class=\"entry-content-header\" aria-label=\"Post: CABEZADAS DE PLATA DE EMILIANO ZAPATA\"><time class='av-magazine-time updated'  itemprop=\"datePublished\" datetime=\"2024-11-25T20:09:58-06:00\" >2024-11-25<\/time><h3 class='av-magazine-title entry-title'  itemprop=\"headline\" ><a href='https:\/\/museodelacharreria.org.mx\/ja\/coleccion\/cabezadas-de-plata-de-emiliano-zapata\/' title='\u30ea\u30f3\u30af\u5148:  CABEZADAS DE PLATA DE EMILIANO ZAPATA'>\u30a8\u30df\u30ea\u30a2\u30fc\u30ce\u30fb\u30b5\u30d1\u30bf\u306e\u9280\u306e\u624b\u7db1<\/a><\/h3><\/header><\/div><footer class=\"entry-footer\"><\/footer><\/article><article class='av-magazine-entry av-magazine-entry-id-3867 av-magazine-format-standard av-magazine-type-portfolio av-magazine-entry-2 av-magazine-entry-small'  itemscope=\"itemscope\" itemtype=\"https:\/\/schema.org\/CreativeWork\" ><div class=\"av-magazine-thumbnail\"><a href='https:\/\/museodelacharreria.org.mx\/ja\/coleccion\/fuste-rustico\/' title='\u30ea\u30f3\u30af\u5148:  FUSTE R\u00daSTICO' class='av-magazine-thumbnail-link'><img decoding=\"async\" fetchpriority=\"high\" width=\"100\" height=\"100\" src=\"https:\/\/museodelacharreria.org.mx\/wp-content\/uploads\/2024\/11\/MUSEO-DE-LA-CHARRERIA-FUSTE-RUSTICO-7141-100x100.jpg\" class=\"wp-image-3872 avia-img-lazy-loading-not-3872 attachment-thumbnail size-thumbnail wp-post-image\" alt=\"\" srcset=\"https:\/\/museodelacharreria.org.mx\/wp-content\/uploads\/2024\/11\/MUSEO-DE-LA-CHARRERIA-FUSTE-RUSTICO-7141-100x100.jpg 100w, https:\/\/museodelacharreria.org.mx\/wp-content\/uploads\/2024\/11\/MUSEO-DE-LA-CHARRERIA-FUSTE-RUSTICO-7141-36x36.jpg 36w, https:\/\/museodelacharreria.org.mx\/wp-content\/uploads\/2024\/11\/MUSEO-DE-LA-CHARRERIA-FUSTE-RUSTICO-7141-180x180.jpg 180w\" sizes=\"(max-width: 100px) 100vw, 100px\" \/><\/a><\/div><div class=\"av-magazine-content-wrap\"><header class=\"entry-content-header\" aria-label=\"Post: FUSTE R\u00daSTICO\"><time class='av-magazine-time updated'  itemprop=\"datePublished\" datetime=\"2024-09-25T13:46:58-06:00\" >2024-09-25<\/time><h3 class='av-magazine-title entry-title'  itemprop=\"headline\" ><a href='https:\/\/museodelacharreria.org.mx\/ja\/coleccion\/fuste-rustico\/' title='\u30ea\u30f3\u30af\u5148:  FUSTE R\u00daSTICO'>\u30eb\u30b9\u30c6\u30a3\u30c3\u30af\u30fb\u30d5\u30e5\u30b9\u30c6<\/a><\/h3><\/header><\/div><footer class=\"entry-footer\"><\/footer><\/article><article class='av-magazine-entry av-magazine-entry-id-3375 av-magazine-format-standard av-magazine-type-portfolio av-magazine-entry-3 av-magazine-entry-small'  itemscope=\"itemscope\" itemtype=\"https:\/\/schema.org\/CreativeWork\" ><div class=\"av-magazine-thumbnail\"><a href='https:\/\/museodelacharreria.org.mx\/ja\/coleccion\/fierros-para-marcar-ganado\/' title='\u30ea\u30f3\u30af\u5148:  FIERROS PARA MARCAR GANADO' class='av-magazine-thumbnail-link'><img decoding=\"async\" fetchpriority=\"high\" width=\"100\" height=\"100\" src=\"https:\/\/museodelacharreria.org.mx\/wp-content\/uploads\/2024\/06\/MUSEO-DE-LA-CHARRERIA-FIERROS-PARA-MARCAR-GANADO-1513-100x100.jpg\" class=\"wp-image-3405 avia-img-lazy-loading-not-3405 attachment-thumbnail size-thumbnail wp-post-image\" alt=\"\" srcset=\"https:\/\/museodelacharreria.org.mx\/wp-content\/uploads\/2024\/06\/MUSEO-DE-LA-CHARRERIA-FIERROS-PARA-MARCAR-GANADO-1513-100x100.jpg 100w, https:\/\/museodelacharreria.org.mx\/wp-content\/uploads\/2024\/06\/MUSEO-DE-LA-CHARRERIA-FIERROS-PARA-MARCAR-GANADO-1513-36x36.jpg 36w, https:\/\/museodelacharreria.org.mx\/wp-content\/uploads\/2024\/06\/MUSEO-DE-LA-CHARRERIA-FIERROS-PARA-MARCAR-GANADO-1513-180x180.jpg 180w\" sizes=\"(max-width: 100px) 100vw, 100px\" \/><\/a><\/div><div class=\"av-magazine-content-wrap\"><header class=\"entry-content-header\" aria-label=\"Post: FIERROS PARA MARCAR GANADO\"><time class='av-magazine-time updated'  itemprop=\"datePublished\" datetime=\"2024-06-27T20:42:24-06:00\" >2024-06-27<\/time><h3 class='av-magazine-title entry-title'  itemprop=\"headline\" ><a href='https:\/\/museodelacharreria.org.mx\/ja\/coleccion\/fierros-para-marcar-ganado\/' title='\u30ea\u30f3\u30af\u5148:  FIERROS PARA MARCAR GANADO'>\u713c\u304d\u5370<\/a><\/h3><\/header><\/div><footer class=\"entry-footer\"><\/footer><\/article><article class='av-magazine-entry av-magazine-entry-id-3158 av-magazine-format-standard av-magazine-type-portfolio av-magazine-entry-4 av-magazine-entry-small'  itemscope=\"itemscope\" itemtype=\"https:\/\/schema.org\/CreativeWork\" ><div class=\"av-magazine-thumbnail\"><a href='https:\/\/museodelacharreria.org.mx\/ja\/coleccion\/estribos-con-tapadera\/' title='\u30ea\u30f3\u30af\u5148:  ESTRIBOS CON TAPADERA' class='av-magazine-thumbnail-link'><img decoding=\"async\" fetchpriority=\"high\" width=\"100\" height=\"100\" src=\"https:\/\/museodelacharreria.org.mx\/wp-content\/uploads\/2024\/06\/MUSEO-DE-LA-CHARRERIA-ESTRIBO-CON-TAPADERA-HRZ-100x100.jpg\" class=\"wp-image-3139 avia-img-lazy-loading-not-3139 attachment-thumbnail size-thumbnail wp-post-image\" alt=\"\" srcset=\"https:\/\/museodelacharreria.org.mx\/wp-content\/uploads\/2024\/06\/MUSEO-DE-LA-CHARRERIA-ESTRIBO-CON-TAPADERA-HRZ-100x100.jpg 100w, https:\/\/museodelacharreria.org.mx\/wp-content\/uploads\/2024\/06\/MUSEO-DE-LA-CHARRERIA-ESTRIBO-CON-TAPADERA-HRZ-36x36.jpg 36w, https:\/\/museodelacharreria.org.mx\/wp-content\/uploads\/2024\/06\/MUSEO-DE-LA-CHARRERIA-ESTRIBO-CON-TAPADERA-HRZ-180x180.jpg 180w\" sizes=\"(max-width: 100px) 100vw, 100px\" \/><\/a><\/div><div class=\"av-magazine-content-wrap\"><header class=\"entry-content-header\" aria-label=\"Post: ESTRIBOS CON TAPADERA\"><time class='av-magazine-time updated'  itemprop=\"datePublished\" datetime=\"2024-06-25T18:55:11-06:00\" >2024-06-25<\/time><h3 class='av-magazine-title entry-title'  itemprop=\"headline\" ><a href='https:\/\/museodelacharreria.org.mx\/ja\/coleccion\/estribos-con-tapadera\/' title='\u30ea\u30f3\u30af\u5148:  ESTRIBOS CON TAPADERA'>\u30ab\u30d0\u30fc\u4ed8\u304d\u9419<\/a><\/h3><\/header><\/div><footer class=\"entry-footer\"><\/footer><\/article><article class='av-magazine-entry av-magazine-entry-id-3153 av-magazine-format-standard av-magazine-type-portfolio av-magazine-entry-5 av-magazine-entry-small'  itemscope=\"itemscope\" itemtype=\"https:\/\/schema.org\/CreativeWork\" ><div class=\"av-magazine-thumbnail\"><a href='https:\/\/museodelacharreria.org.mx\/ja\/coleccion\/estribos-circulares-forrados\/' title='\u30ea\u30f3\u30af\u5148:  ESTRIBOS CIRCULARES FORRADOS' class='av-magazine-thumbnail-link'><img decoding=\"async\" fetchpriority=\"high\" width=\"100\" height=\"100\" src=\"https:\/\/museodelacharreria.org.mx\/wp-content\/uploads\/2024\/06\/MUSEO-DE-LA-CHARRERIA-ESTRIBO-CIRCULAR-FORRADO-HRZ-0097-100x100.jpg\" class=\"wp-image-3157 avia-img-lazy-loading-not-3157 attachment-thumbnail size-thumbnail wp-post-image\" alt=\"\" srcset=\"https:\/\/museodelacharreria.org.mx\/wp-content\/uploads\/2024\/06\/MUSEO-DE-LA-CHARRERIA-ESTRIBO-CIRCULAR-FORRADO-HRZ-0097-100x100.jpg 100w, https:\/\/museodelacharreria.org.mx\/wp-content\/uploads\/2024\/06\/MUSEO-DE-LA-CHARRERIA-ESTRIBO-CIRCULAR-FORRADO-HRZ-0097-36x36.jpg 36w, https:\/\/museodelacharreria.org.mx\/wp-content\/uploads\/2024\/06\/MUSEO-DE-LA-CHARRERIA-ESTRIBO-CIRCULAR-FORRADO-HRZ-0097-180x180.jpg 180w\" sizes=\"(max-width: 100px) 100vw, 100px\" \/><\/a><\/div><div class=\"av-magazine-content-wrap\"><header class=\"entry-content-header\" aria-label=\"Post: ESTRIBOS CIRCULARES FORRADOS\"><time class='av-magazine-time updated'  itemprop=\"datePublished\" datetime=\"2024-06-25T18:34:25-06:00\" >2024-06-25<\/time><h3 class='av-magazine-title entry-title'  itemprop=\"headline\" ><a href='https:\/\/museodelacharreria.org.mx\/ja\/coleccion\/estribos-circulares-forrados\/' title='\u30ea\u30f3\u30af\u5148:  ESTRIBOS CIRCULARES FORRADOS'>\u88cf\u5730\u4ed8\u304d\u5186\u5f62\u3042\u3076\u307f<\/a><\/h3><\/header><\/div><footer class=\"entry-footer\"><\/footer><\/article><article class='av-magazine-entry av-magazine-entry-id-3131 av-magazine-format-standard av-magazine-type-portfolio av-magazine-entry-6 av-magazine-entry-small'  itemscope=\"itemscope\" itemtype=\"https:\/\/schema.org\/CreativeWork\" ><div class=\"av-magazine-thumbnail\"><a href='https:\/\/museodelacharreria.org.mx\/ja\/coleccion\/estribos-de-caja\/' title='\u30ea\u30f3\u30af\u5148:  ESTRIBOS DE CAJA' class='av-magazine-thumbnail-link'><img decoding=\"async\" fetchpriority=\"high\" width=\"100\" height=\"100\" src=\"https:\/\/museodelacharreria.org.mx\/wp-content\/uploads\/2024\/06\/MUSEO-DE-LA-CHARRERIA-ESTRIBO-DE-CAJA-0085-100x100.jpg\" class=\"wp-image-3144 avia-img-lazy-loading-not-3144 attachment-thumbnail size-thumbnail wp-post-image\" alt=\"\" srcset=\"https:\/\/museodelacharreria.org.mx\/wp-content\/uploads\/2024\/06\/MUSEO-DE-LA-CHARRERIA-ESTRIBO-DE-CAJA-0085-100x100.jpg 100w, https:\/\/museodelacharreria.org.mx\/wp-content\/uploads\/2024\/06\/MUSEO-DE-LA-CHARRERIA-ESTRIBO-DE-CAJA-0085-36x36.jpg 36w, https:\/\/museodelacharreria.org.mx\/wp-content\/uploads\/2024\/06\/MUSEO-DE-LA-CHARRERIA-ESTRIBO-DE-CAJA-0085-180x180.jpg 180w\" sizes=\"(max-width: 100px) 100vw, 100px\" \/><\/a><\/div><div class=\"av-magazine-content-wrap\"><header class=\"entry-content-header\" aria-label=\"Post: ESTRIBOS DE CAJA\"><time class='av-magazine-time updated'  itemprop=\"datePublished\" datetime=\"2024-06-25T18:14:59-06:00\" >2024-06-25<\/time><h3 class='av-magazine-title entry-title'  itemprop=\"headline\" ><a href='https:\/\/museodelacharreria.org.mx\/ja\/coleccion\/estribos-de-caja\/' title='\u30ea\u30f3\u30af\u5148:  ESTRIBOS DE CAJA'>\u30dc\u30c3\u30af\u30b9\u30fb\u30d6\u30e9\u30b1\u30c3\u30c8<\/a><\/h3><\/header><\/div><footer class=\"entry-footer\"><\/footer><\/article><article class='av-magazine-entry av-magazine-entry-id-3910 av-magazine-format-standard av-magazine-type-portfolio av-magazine-entry-7 av-magazine-entry-small'  itemscope=\"itemscope\" itemtype=\"https:\/\/schema.org\/CreativeWork\" ><div class=\"av-magazine-thumbnail\"><a href='https:\/\/museodelacharreria.org.mx\/ja\/coleccion\/frenos\/' title='\u30ea\u30f3\u30af\u5148:  FRENOS' class='av-magazine-thumbnail-link'><img decoding=\"async\" fetchpriority=\"high\" width=\"100\" height=\"100\" src=\"https:\/\/museodelacharreria.org.mx\/wp-content\/uploads\/2024\/11\/FRENO-5-100x100.jpg\" class=\"wp-image-3915 avia-img-lazy-loading-not-3915 attachment-thumbnail size-thumbnail wp-post-image\" alt=\"\" srcset=\"https:\/\/museodelacharreria.org.mx\/wp-content\/uploads\/2024\/11\/FRENO-5-100x100.jpg 100w, https:\/\/museodelacharreria.org.mx\/wp-content\/uploads\/2024\/11\/FRENO-5-36x36.jpg 36w, https:\/\/museodelacharreria.org.mx\/wp-content\/uploads\/2024\/11\/FRENO-5-180x180.jpg 180w\" sizes=\"(max-width: 100px) 100vw, 100px\" \/><\/a><\/div><div class=\"av-magazine-content-wrap\"><header class=\"entry-content-header\" aria-label=\"Post: FRENOS\"><time class='av-magazine-time updated'  itemprop=\"datePublished\" datetime=\"2024-06-25T17:48:01-06:00\" >2024-06-25<\/time><h3 class='av-magazine-title entry-title'  itemprop=\"headline\" ><a href='https:\/\/museodelacharreria.org.mx\/ja\/coleccion\/frenos\/' title='\u30ea\u30f3\u30af\u5148:  FRENOS'>\u30d6\u30ec\u30fc\u30ad<\/a><\/h3><\/header><\/div><footer class=\"entry-footer\"><\/footer><\/article><\/div><\/div>","protected":false},"excerpt":{"rendered":"","protected":false},"author":1,"featured_media":3460,"template":"","meta":{"footnotes":""},"tags":[],"portfolio_entries":[195,5],"class_list":["post-3478","portfolio","type-portfolio","status-publish","has-post-thumbnail","hentry","portfolio_entries-accesorios","portfolio_entries-coleccion"],"yoast_head":"<!-- This site is optimized with the Yoast SEO plugin v27.5 - https:\/\/yoast.com\/product\/yoast-seo-wordpress\/ -->\n<title>ANQUERA - Museo de la Charrer\u00eda CDMX<\/title>\n<meta name=\"description\" content=\"Nuestra colecci\u00f3n es un vibrante mosaico de \u00e9pocas y funciones, un testimonio vivo de la versatilidad y adaptabilidad de la Charrer\u00eda a lo largo del tiempo. Desde los albores de la Rep\u00fablica hasta las transformaciones de la era moderna, cada pieza expone la maestr\u00eda artesanal y el ingenio t\u00e9cnico de aquellos que forjaron esta gran tradici\u00f3n.\" \/>\n<meta name=\"robots\" content=\"index, follow, max-snippet:-1, max-image-preview:large, max-video-preview:-1\" \/>\n<link rel=\"canonical\" href=\"https:\/\/museodelacharreria.org.mx\/ja\/\u30b3\u30ec\u30af\u30b7\u30e7\u30f3-2\/\u30d0\u30b1\u30ea\u30e8\u30b9-3\/\" \/>\n<meta property=\"og:locale\" content=\"ja_JP\" \/>\n<meta property=\"og:type\" content=\"article\" \/>\n<meta property=\"og:title\" content=\"ANQUERA - Museo de la Charrer\u00eda CDMX\" \/>\n<meta property=\"og:description\" content=\"Nuestra colecci\u00f3n es un vibrante mosaico de \u00e9pocas y funciones, un testimonio vivo de la versatilidad y adaptabilidad de la Charrer\u00eda a lo largo del tiempo. Desde los albores de la Rep\u00fablica hasta las transformaciones de la era moderna, cada pieza expone la maestr\u00eda artesanal y el ingenio t\u00e9cnico de aquellos que forjaron esta gran tradici\u00f3n.\" \/>\n<meta property=\"og:url\" content=\"https:\/\/museodelacharreria.org.mx\/ja\/\u30b3\u30ec\u30af\u30b7\u30e7\u30f3-2\/\u30d0\u30b1\u30ea\u30e8\u30b9-3\/\" \/>\n<meta property=\"og:site_name\" content=\"Museo de la Charrer\u00eda CDMX\" \/>\n<meta property=\"article:modified_time\" content=\"2024-07-06T16:56:24+00:00\" \/>\n<meta property=\"og:image\" content=\"https:\/\/museodelacharreria.org.mx\/wp-content\/uploads\/2024\/07\/MUSEO-DE-LA-CHARRERIA-ANQUERA-1420.jpg\" \/>\n\t<meta property=\"og:image:width\" content=\"1920\" \/>\n\t<meta property=\"og:image:height\" content=\"1280\" \/>\n\t<meta property=\"og:image:type\" content=\"image\/jpeg\" \/>\n<meta name=\"twitter:card\" content=\"summary_large_image\" \/>\n<meta name=\"twitter:label1\" content=\"\u63a8\u5b9a\u8aad\u307f\u53d6\u308a\u6642\u9593\" \/>\n\t<meta name=\"twitter:data1\" content=\"17\u5206\" \/>\n<script type=\"application\/ld+json\" class=\"yoast-schema-graph\">{\"@context\":\"https:\\\/\\\/schema.org\",\"@graph\":[{\"@type\":[\"WebPage\",\"CollectionPage\"],\"@id\":\"https:\\\/\\\/museodelacharreria.org.mx\\\/coleccion\\\/anquera\\\/\",\"url\":\"https:\\\/\\\/museodelacharreria.org.mx\\\/coleccion\\\/anquera\\\/\",\"name\":\"ANQUERA - Museo de la Charrer\u00eda CDMX\",\"isPartOf\":{\"@id\":\"https:\\\/\\\/museodelacharreria.org.mx\\\/#website\"},\"primaryImageOfPage\":{\"@id\":\"https:\\\/\\\/museodelacharreria.org.mx\\\/coleccion\\\/anquera\\\/#primaryimage\"},\"image\":{\"@id\":\"https:\\\/\\\/museodelacharreria.org.mx\\\/coleccion\\\/anquera\\\/#primaryimage\"},\"thumbnailUrl\":\"https:\\\/\\\/museodelacharreria.org.mx\\\/wp-content\\\/uploads\\\/2024\\\/07\\\/MUSEO-DE-LA-CHARRERIA-ANQUERA-1420.jpg\",\"datePublished\":\"2024-07-02T02:46:08+00:00\",\"dateModified\":\"2024-07-06T16:56:24+00:00\",\"description\":\"Nuestra colecci\u00f3n es un vibrante mosaico de \u00e9pocas y funciones, un testimonio vivo de la versatilidad y adaptabilidad de la Charrer\u00eda a lo largo del tiempo. Desde los albores de la Rep\u00fablica hasta las transformaciones de la era moderna, cada pieza expone la maestr\u00eda artesanal y el ingenio t\u00e9cnico de aquellos que forjaron esta gran tradici\u00f3n.\",\"breadcrumb\":{\"@id\":\"https:\\\/\\\/museodelacharreria.org.mx\\\/coleccion\\\/anquera\\\/#breadcrumb\"},\"inLanguage\":\"ja\"},{\"@type\":\"ImageObject\",\"inLanguage\":\"ja\",\"@id\":\"https:\\\/\\\/museodelacharreria.org.mx\\\/coleccion\\\/anquera\\\/#primaryimage\",\"url\":\"https:\\\/\\\/museodelacharreria.org.mx\\\/wp-content\\\/uploads\\\/2024\\\/07\\\/MUSEO-DE-LA-CHARRERIA-ANQUERA-1420.jpg\",\"contentUrl\":\"https:\\\/\\\/museodelacharreria.org.mx\\\/wp-content\\\/uploads\\\/2024\\\/07\\\/MUSEO-DE-LA-CHARRERIA-ANQUERA-1420.jpg\",\"width\":1920,\"height\":1280},{\"@type\":\"BreadcrumbList\",\"@id\":\"https:\\\/\\\/museodelacharreria.org.mx\\\/coleccion\\\/anquera\\\/#breadcrumb\",\"itemListElement\":[{\"@type\":\"ListItem\",\"position\":1,\"name\":\"Portada\",\"item\":\"https:\\\/\\\/museodelacharreria.org.mx\\\/inicio\\\/\"},{\"@type\":\"ListItem\",\"position\":2,\"name\":\"ANQUERA\"}]},{\"@type\":\"WebSite\",\"@id\":\"https:\\\/\\\/museodelacharreria.org.mx\\\/#website\",\"url\":\"https:\\\/\\\/museodelacharreria.org.mx\\\/\",\"name\":\"Museo de la Charrer\u00eda CDMX\",\"description\":\"Historia y tradici\u00f3n, patrimonio cultural inmaterial de la humanidad UNESCO\",\"publisher\":{\"@id\":\"https:\\\/\\\/museodelacharreria.org.mx\\\/#organization\"},\"potentialAction\":[{\"@type\":\"SearchAction\",\"target\":{\"@type\":\"EntryPoint\",\"urlTemplate\":\"https:\\\/\\\/museodelacharreria.org.mx\\\/?s={search_term_string}\"},\"query-input\":{\"@type\":\"PropertyValueSpecification\",\"valueRequired\":true,\"valueName\":\"search_term_string\"}}],\"inLanguage\":\"ja\"},{\"@type\":\"Organization\",\"@id\":\"https:\\\/\\\/museodelacharreria.org.mx\\\/#organization\",\"name\":\"Museo de la Charrer\u00eda Ciudad de M\u00e9xico\",\"alternateName\":\"Museo de la Charrer\u00eda CDMX\",\"url\":\"https:\\\/\\\/museodelacharreria.org.mx\\\/\",\"logo\":{\"@type\":\"ImageObject\",\"inLanguage\":\"ja\",\"@id\":\"https:\\\/\\\/museodelacharreria.org.mx\\\/#\\\/schema\\\/logo\\\/image\\\/\",\"url\":\"https:\\\/\\\/museodelacharreria.org.mx\\\/wp-content\\\/uploads\\\/2023\\\/07\\\/Logo-Museo-de-la-Charreria-b-n.png\",\"contentUrl\":\"https:\\\/\\\/museodelacharreria.org.mx\\\/wp-content\\\/uploads\\\/2023\\\/07\\\/Logo-Museo-de-la-Charreria-b-n.png\",\"width\":500,\"height\":250,\"caption\":\"Museo de la Charrer\u00eda Ciudad de M\u00e9xico\"},\"image\":{\"@id\":\"https:\\\/\\\/museodelacharreria.org.mx\\\/#\\\/schema\\\/logo\\\/image\\\/\"},\"sameAs\":[\"https:\\\/\\\/www.youtube.com\\\/@MuseoDeLaCharreria\"]}]}<\/script>\n<!-- \/ Yoast SEO plugin. -->","yoast_head_json":{"title":"ANQUERA - Museo de la Charrer\u00eda CDMX","description":"\u79c1\u305f\u3061\u306e\u30b3\u30ec\u30af\u30b7\u30e7\u30f3\u306f\u3001\u6642\u4ee3\u3068\u6a5f\u80fd\u306e\u6d3b\u6c17\u306b\u6e80\u3061\u305f\u30e2\u30b6\u30a4\u30af\u3067\u3042\u308a\u3001\u6642\u3092\u7d4c\u305f\u30c1\u30e3\u30ec\u30ea\u30a2\u306e\u591a\u69d8\u6027\u3068\u9069\u5fdc\u6027\u306e\u751f\u304d\u305f\u8a3c\u3067\u3059\u3002\u5171\u548c\u56fd\u306e\u9ece\u660e\u671f\u304b\u3089\u73fe\u4ee3\u306e\u5909\u8c8c\u306b\u81f3\u308b\u307e\u3067\u3001\u305d\u308c\u305e\u308c\u306e\u4f5c\u54c1\u306f\u3001\u3053\u306e\u5049\u5927\u306a\u4f1d\u7d71\u3092\u7bc9\u304d\u4e0a\u3052\u305f\u4eba\u3005\u306e\u5353\u8d8a\u3057\u305f\u8077\u4eba\u6280\u3068\u6280\u8853\u7684\u306a\u5275\u610f\u5de5\u592b\u3092\u793a\u3057\u3066\u3044\u307e\u3059\u3002","robots":{"index":"index","follow":"follow","max-snippet":"max-snippet:-1","max-image-preview":"max-image-preview:large","max-video-preview":"max-video-preview:-1"},"canonical":"https:\/\/museodelacharreria.org.mx\/ja\/\u30b3\u30ec\u30af\u30b7\u30e7\u30f3-2\/\u30d0\u30b1\u30ea\u30e8\u30b9-3\/","og_locale":"ja_JP","og_type":"article","og_title":"ANQUERA - Museo de la Charrer\u00eda CDMX","og_description":"Nuestra colecci\u00f3n es un vibrante mosaico de \u00e9pocas y funciones, un testimonio vivo de la versatilidad y adaptabilidad de la Charrer\u00eda a lo largo del tiempo. Desde los albores de la Rep\u00fablica hasta las transformaciones de la era moderna, cada pieza expone la maestr\u00eda artesanal y el ingenio t\u00e9cnico de aquellos que forjaron esta gran tradici\u00f3n.","og_url":"https:\/\/museodelacharreria.org.mx\/ja\/\u30b3\u30ec\u30af\u30b7\u30e7\u30f3-2\/\u30d0\u30b1\u30ea\u30e8\u30b9-3\/","og_site_name":"Museo de la Charrer\u00eda CDMX","article_modified_time":"2024-07-06T16:56:24+00:00","og_image":[{"width":1920,"height":1280,"url":"https:\/\/museodelacharreria.org.mx\/wp-content\/uploads\/2024\/07\/MUSEO-DE-LA-CHARRERIA-ANQUERA-1420.jpg","type":"image\/jpeg"}],"twitter_card":"summary_large_image","twitter_misc":{"\u63a8\u5b9a\u8aad\u307f\u53d6\u308a\u6642\u9593":"17\u5206"},"schema":{"@context":"https:\/\/schema.org","@graph":[{"@type":["WebPage","CollectionPage"],"@id":"https:\/\/museodelacharreria.org.mx\/coleccion\/anquera\/","url":"https:\/\/museodelacharreria.org.mx\/coleccion\/anquera\/","name":"ANQUERA - Museo de la Charrer\u00eda CDMX","isPartOf":{"@id":"https:\/\/museodelacharreria.org.mx\/#website"},"primaryImageOfPage":{"@id":"https:\/\/museodelacharreria.org.mx\/coleccion\/anquera\/#primaryimage"},"image":{"@id":"https:\/\/museodelacharreria.org.mx\/coleccion\/anquera\/#primaryimage"},"thumbnailUrl":"https:\/\/museodelacharreria.org.mx\/wp-content\/uploads\/2024\/07\/MUSEO-DE-LA-CHARRERIA-ANQUERA-1420.jpg","datePublished":"2024-07-02T02:46:08+00:00","dateModified":"2024-07-06T16:56:24+00:00","description":"\u79c1\u305f\u3061\u306e\u30b3\u30ec\u30af\u30b7\u30e7\u30f3\u306f\u3001\u6642\u4ee3\u3068\u6a5f\u80fd\u306e\u6d3b\u6c17\u306b\u6e80\u3061\u305f\u30e2\u30b6\u30a4\u30af\u3067\u3042\u308a\u3001\u6642\u3092\u7d4c\u305f\u30c1\u30e3\u30ec\u30ea\u30a2\u306e\u591a\u69d8\u6027\u3068\u9069\u5fdc\u6027\u306e\u751f\u304d\u305f\u8a3c\u3067\u3059\u3002\u5171\u548c\u56fd\u306e\u9ece\u660e\u671f\u304b\u3089\u73fe\u4ee3\u306e\u5909\u8c8c\u306b\u81f3\u308b\u307e\u3067\u3001\u305d\u308c\u305e\u308c\u306e\u4f5c\u54c1\u306f\u3001\u3053\u306e\u5049\u5927\u306a\u4f1d\u7d71\u3092\u7bc9\u304d\u4e0a\u3052\u305f\u4eba\u3005\u306e\u5353\u8d8a\u3057\u305f\u8077\u4eba\u6280\u3068\u6280\u8853\u7684\u306a\u5275\u610f\u5de5\u592b\u3092\u793a\u3057\u3066\u3044\u307e\u3059\u3002","breadcrumb":{"@id":"https:\/\/museodelacharreria.org.mx\/coleccion\/anquera\/#breadcrumb"},"inLanguage":"ja"},{"@type":"ImageObject","inLanguage":"ja","@id":"https:\/\/museodelacharreria.org.mx\/coleccion\/anquera\/#primaryimage","url":"https:\/\/museodelacharreria.org.mx\/wp-content\/uploads\/2024\/07\/MUSEO-DE-LA-CHARRERIA-ANQUERA-1420.jpg","contentUrl":"https:\/\/museodelacharreria.org.mx\/wp-content\/uploads\/2024\/07\/MUSEO-DE-LA-CHARRERIA-ANQUERA-1420.jpg","width":1920,"height":1280},{"@type":"BreadcrumbList","@id":"https:\/\/museodelacharreria.org.mx\/coleccion\/anquera\/#breadcrumb","itemListElement":[{"@type":"ListItem","position":1,"name":"Portada","item":"https:\/\/museodelacharreria.org.mx\/inicio\/"},{"@type":"ListItem","position":2,"name":"ANQUERA"}]},{"@type":"WebSite","@id":"https:\/\/museodelacharreria.org.mx\/#website","url":"https:\/\/museodelacharreria.org.mx\/","name":"\u30c1\u30e3\u30ec\u30ea\u30a2\u535a\u7269\u9928 CDMX","description":"\u6b74\u53f2\u3068\u4f1d\u7d71\u3001\u4eba\u985e\u306e\u7121\u5f62\u6587\u5316\u907a\u7523 \u30e6\u30cd\u30b9\u30b3","publisher":{"@id":"https:\/\/museodelacharreria.org.mx\/#organization"},"potentialAction":[{"@type":"SearchAction","target":{"@type":"EntryPoint","urlTemplate":"https:\/\/museodelacharreria.org.mx\/?s={search_term_string}"},"query-input":{"@type":"PropertyValueSpecification","valueRequired":true,"valueName":"search_term_string"}}],"inLanguage":"ja"},{"@type":"Organization","@id":"https:\/\/museodelacharreria.org.mx\/#organization","name":"\u30c1\u30e3\u30ec\u30ea\u30a2\u535a\u7269\u9928 \u30e1\u30ad\u30b7\u30b3\u30fb\u30b7\u30c6\u30a3","alternateName":"Museo de la Charrer\u00eda CDMX","url":"https:\/\/museodelacharreria.org.mx\/","logo":{"@type":"ImageObject","inLanguage":"ja","@id":"https:\/\/museodelacharreria.org.mx\/#\/schema\/logo\/image\/","url":"https:\/\/museodelacharreria.org.mx\/wp-content\/uploads\/2023\/07\/Logo-Museo-de-la-Charreria-b-n.png","contentUrl":"https:\/\/museodelacharreria.org.mx\/wp-content\/uploads\/2023\/07\/Logo-Museo-de-la-Charreria-b-n.png","width":500,"height":250,"caption":"Museo de la Charrer\u00eda Ciudad de M\u00e9xico"},"image":{"@id":"https:\/\/museodelacharreria.org.mx\/#\/schema\/logo\/image\/"},"sameAs":["https:\/\/www.youtube.com\/@MuseoDeLaCharreria"]}]}},"_links":{"self":[{"href":"https:\/\/museodelacharreria.org.mx\/ja\/wp-json\/wp\/v2\/portfolio\/3478","targetHints":{"allow":["GET"]}}],"collection":[{"href":"https:\/\/museodelacharreria.org.mx\/ja\/wp-json\/wp\/v2\/portfolio"}],"about":[{"href":"https:\/\/museodelacharreria.org.mx\/ja\/wp-json\/wp\/v2\/types\/portfolio"}],"author":[{"embeddable":true,"href":"https:\/\/museodelacharreria.org.mx\/ja\/wp-json\/wp\/v2\/users\/1"}],"version-history":[{"count":7,"href":"https:\/\/museodelacharreria.org.mx\/ja\/wp-json\/wp\/v2\/portfolio\/3478\/revisions"}],"predecessor-version":[{"id":3528,"href":"https:\/\/museodelacharreria.org.mx\/ja\/wp-json\/wp\/v2\/portfolio\/3478\/revisions\/3528"}],"wp:featuredmedia":[{"embeddable":true,"href":"https:\/\/museodelacharreria.org.mx\/ja\/wp-json\/wp\/v2\/media\/3460"}],"wp:attachment":[{"href":"https:\/\/museodelacharreria.org.mx\/ja\/wp-json\/wp\/v2\/media?parent=3478"}],"wp:term":[{"taxonomy":"post_tag","embeddable":true,"href":"https:\/\/museodelacharreria.org.mx\/ja\/wp-json\/wp\/v2\/tags?post=3478"},{"taxonomy":"portfolio_entries","embeddable":true,"href":"https:\/\/museodelacharreria.org.mx\/ja\/wp-json\/wp\/v2\/portfolio_entries?post=3478"}],"curies":[{"name":"wp","href":"https:\/\/api.w.org\/{rel}","templated":true}]}}