{"id":1815,"date":"2023-10-04T01:58:07","date_gmt":"2023-10-04T01:58:07","guid":{"rendered":"https:\/\/museodelacharreria.org.mx\/?page_id=1815"},"modified":"2024-12-06T07:18:43","modified_gmt":"2024-12-06T13:18:43","slug":"negentiende-eeuw","status":"publish","type":"page","link":"https:\/\/museodelacharreria.org.mx\/nl\/historia\/siglo-xix\/","title":{"rendered":"19E EEUW"},"content":{"rendered":"<style type=\"text\/css\" data-created_by=\"avia_inline_auto\" id=\"style-css-av-2xkel7-739b29cca8ba95ecd837c57c21f43df4\">\n.avia-section.av-2xkel7-739b29cca8ba95ecd837c57c21f43df4{\nbackground-repeat:no-repeat;\nbackground-image:url(https:\/\/museodelacharreria.org.mx\/wp-content\/uploads\/2023\/10\/retablo-la-independencia-Fuente-INAH-1.jpg);\nbackground-position:100% 50%;\nbackground-attachment:scroll;\nmargin-top:0px;\nmargin-bottom:0px;\n}\n<\/style>\n<div id='av_section_1'  class='avia-section av-2xkel7-739b29cca8ba95ecd837c57c21f43df4 main_color avia-section-default avia-no-border-styling  avia-builder-el-0  el_before_av_submenu  avia-builder-el-first  avia-full-stretch avia-bg-style-scroll av-minimum-height av-minimum-height-60 av-height-percent  container_wrap fullsize'  data-section-bg-repeat='stretch' data-av_minimum_height_pc='60' data-av_min_height_opt='percent'><div class='container av-section-cont-open' ><main  role=\"main\" itemprop=\"mainContentOfPage\"  class='template-page content  av-content-full alpha units'><div class='post-entry post-entry-type-page post-entry-1815'><div class='entry-content-wrapper clearfix'>\n\n<style type=\"text\/css\" data-created_by=\"avia_inline_auto\" id=\"style-css-av-lo6decjy-025868b84be42135361a25995d76f85d\">\n.av_font_icon.av-lo6decjy-025868b84be42135361a25995d76f85d .av-icon-char{\nfont-size:20px;\nline-height:20px;\n}\n<\/style>\n<span  class='av_font_icon av-lo6decjy-025868b84be42135361a25995d76f85d avia_animate_when_visible av-icon-style- avia-icon-pos-right av-no-color avia-icon-animate'><span class='av-icon-char' aria-hidden='true' data-av_icon='\ue8e7' data-av_iconfont='entypo-fontello' data-avia-icon-tooltip=\"Imagen: &amp;#8220;El retablo de la Independencia&amp;#8221; Castillo de Chapultepec Autor: Juan O&amp;#8217;Gorman Mediatecta del Instituto Nacional de Antropolog\u00eda e Historia http:\/\/mediateca.inah.gob.mx\/islandora_74\/islandora\/object\/mural%3A387&lt;br \/&gt;\"><\/span><\/span>\n<\/div><\/div><\/main><!-- close content main element --><\/div><\/div><div class='clear'><\/div><div id='sub_menu1'  class='av-submenu-container av-5syjid-20cc2c243a2f2778b0c5c3a1afbb5dc1 main_color  avia-builder-el-2  el_after_av_section  el_before_av_one_full  av-sticky-submenu submenu-not-first container_wrap fullsize' style='z-index:301' ><div class='container av-menu-mobile-disabled av-submenu-pos-center'><ul id=\"menu-historia\" class=\"av-subnav-menu\" role=\"menu\"><li role=\"menuitem\" id=\"menu-item-1778\" class=\"menu-item menu-item-type-post_type menu-item-object-page menu-item-top-level menu-item-top-level-1\"><a href=\"https:\/\/museodelacharreria.org.mx\/nl\/historia\/siglo-xvi\/\" itemprop=\"url\" tabindex=\"0\"><span class=\"avia-bullet\"><\/span><span class=\"avia-menu-text\">16E EEUW<\/span><span class=\"avia-menu-fx\"><span class=\"avia-arrow-wrap\"><span class=\"avia-arrow\"><\/span><\/span><\/span><\/a><\/li>\n<li role=\"menuitem\" id=\"menu-item-1797\" class=\"menu-item menu-item-type-post_type menu-item-object-page menu-item-top-level menu-item-top-level-2\"><a href=\"https:\/\/museodelacharreria.org.mx\/nl\/historia\/siglo-xvii\/\" itemprop=\"url\" tabindex=\"0\"><span class=\"avia-bullet\"><\/span><span class=\"avia-menu-text\">17E EEUW<\/span><span class=\"avia-menu-fx\"><span class=\"avia-arrow-wrap\"><span class=\"avia-arrow\"><\/span><\/span><\/span><\/a><\/li>\n<li role=\"menuitem\" id=\"menu-item-1809\" class=\"menu-item menu-item-type-post_type menu-item-object-page menu-item-top-level menu-item-top-level-3\"><a href=\"https:\/\/museodelacharreria.org.mx\/nl\/historia\/siglo-xviii\/\" itemprop=\"url\" tabindex=\"0\"><span class=\"avia-bullet\"><\/span><span class=\"avia-menu-text\">18E EEUW<\/span><span class=\"avia-menu-fx\"><span class=\"avia-arrow-wrap\"><span class=\"avia-arrow\"><\/span><\/span><\/span><\/a><\/li>\n<li role=\"menuitem\" id=\"menu-item-1818\" class=\"menu-item menu-item-type-post_type menu-item-object-page menu-item-top-level menu-item-top-level-4\"><a href=\"https:\/\/museodelacharreria.org.mx\/nl\/historia\/siglo-xix\/\" itemprop=\"url\" tabindex=\"0\"><span class=\"avia-bullet\"><\/span><span class=\"avia-menu-text\">19E EEUW<\/span><span class=\"avia-menu-fx\"><span class=\"avia-arrow-wrap\"><span class=\"avia-arrow\"><\/span><\/span><\/span><\/a><\/li>\n<li role=\"menuitem\" id=\"menu-item-1840\" class=\"menu-item menu-item-type-post_type menu-item-object-page menu-item-top-level menu-item-top-level-5\"><a href=\"https:\/\/museodelacharreria.org.mx\/nl\/historia\/siglo-xx\/\" itemprop=\"url\" tabindex=\"0\"><span class=\"avia-bullet\"><\/span><span class=\"avia-menu-text\">20E EEUW<\/span><span class=\"avia-menu-fx\"><span class=\"avia-arrow-wrap\"><span class=\"avia-arrow\"><\/span><\/span><\/span><\/a><\/li>\n<li role=\"menuitem\" id=\"menu-item-1863\" class=\"menu-item menu-item-type-post_type menu-item-object-page menu-item-top-level menu-item-top-level-6\"><a href=\"https:\/\/museodelacharreria.org.mx\/nl\/historia\/siglo-xxi\/\" itemprop=\"url\" tabindex=\"0\"><span class=\"avia-bullet\"><\/span><span class=\"avia-menu-text\">21E EEUW<\/span><span class=\"avia-menu-fx\"><span class=\"avia-arrow-wrap\"><span class=\"avia-arrow\"><\/span><\/span><\/span><\/a><\/li>\n<\/ul><\/div><\/div><div class='sticky_placeholder'><\/div><div id='after_submenu_1'  class='main_color av_default_container_wrap container_wrap fullsize'  ><div class='container av-section-cont-open' ><div class='template-page content  av-content-full alpha units'><div class='post-entry post-entry-type-page post-entry-1815'><div class='entry-content-wrapper clearfix'><\/p>\n\n<style type=\"text\/css\" data-created_by=\"avia_inline_auto\" id=\"style-css-av-lnapyhdx-b289005ca77e5017eff9eca400f12de3\">\n#top .flex_column.av-lnapyhdx-b289005ca77e5017eff9eca400f12de3{\nmargin-top:-7%;\nmargin-bottom:0px;\n}\n.flex_column.av-lnapyhdx-b289005ca77e5017eff9eca400f12de3{\npadding:5% 5% 5% 5%;\nbackground-color:rgba(10,10,10,0.48);\n}\n.responsive #top #wrap_all .flex_column.av-lnapyhdx-b289005ca77e5017eff9eca400f12de3{\nmargin-top:-7%;\nmargin-bottom:0px;\n}\n<\/style>\n<div  class='flex_column av-lnapyhdx-b289005ca77e5017eff9eca400f12de3 av_one_full  avia-builder-el-3  el_after_av_submenu  avia-builder-el-no-sibling  first flex_column_div'     ><p>\n<style type=\"text\/css\" data-created_by=\"avia_inline_auto\" id=\"style-css-av-lnap3288-07dab862d2f155ae91a50b42ebabee2c\">\n#top .av-special-heading.av-lnap3288-07dab862d2f155ae91a50b42ebabee2c{\npadding-bottom:10px;\n}\nbody .av-special-heading.av-lnap3288-07dab862d2f155ae91a50b42ebabee2c .av-special-heading-tag .heading-char{\nfont-size:25px;\n}\n.av-special-heading.av-lnap3288-07dab862d2f155ae91a50b42ebabee2c .av-subheading{\nfont-size:15px;\n}\n<\/style>\n<div  class='av-special-heading av-lnap3288-07dab862d2f155ae91a50b42ebabee2c av-special-heading-h2 blockquote modern-quote modern-centered  avia-builder-el-4  el_before_av_textblock  avia-builder-el-first'><h2 class='av-special-heading-tag'  itemprop=\"headline\"  >19E EEUW<\/h2><div class='av-subheading av-subheading_below'><p>De evolutie van Charreria in de Mexicaanse geschiedenis<\/p>\n<\/div><div class=\"special-heading-border\"><div class=\"special-heading-inner-border\"><\/div><\/div><\/div><br \/>\n<section  class='av_textblock_section av-lnap26cr-22bc630749eb84fff7f01f2c3751306f'   itemscope=\"itemscope\" itemtype=\"https:\/\/schema.org\/CreativeWork\" ><div class='avia_textblock'  itemprop=\"text\" ><p>In de 19e eeuw, met de onafhankelijkheid, geleid door Hidalgo, met de populaire opstandelingenmacht van Indianen, mestiezen en enkele viceregale troepen.<\/p>\n<p>De verenigde lansiers en dragonders leerden de distichs hun koppige vaardigheden als lansiers en dragonders van de reata, en vormden zo het begin van de identiteit van de Mexicaanse Creolen bij het verdedigen van hun vaderland.<\/p>\n<p>Een voorbeeld hiervan waren de geestelijken Leona, de familie Bravo, Don Ignacio Guedea, Jos\u00e9 Antonio Torres, Andr\u00e9s Delgado, commandant van de eenheid Dragones de Santiago, die bekend stond om zijn bekwame ruiters.<\/p>\n<p>De priester Hidalgo werd gevolgd door Morelos, zeer bedreven te paard, een gevolg van zijn lange jaren als cowboy. En de idee\u00ebn van onafhankelijkheid gingen verder naar het zuiden, met Vicente Guerrero; met Guadalupe Victoria, in Veracruz; Pedro Moreno in de hooglanden van Jalisco, Guanajuato en Zacatecas; en met de felle arrestaties van de guerrilla's die er plezier in hadden om hun vijanden te werpen en \"panzas coloradas\" (zoals de mensen ze noemden) te slepen, waardoor de waardigheid en dapperheid die traditioneel is voor het Mexicaanse volk, onder de opstandige, inheemse en mestizo guerrilla's aanwezig was.<\/p>\n<p>Toen onze politieke onafhankelijkheid eenmaal was bereikt in 1821 en na de kortstondige keizerlijke periode van Iturbide, nam de Mexicaanse vlag de nationale kleuren aan: groen, de opstandige beweging; wit, het symbool van de zuiverheid van de katholieke religie; en rood, dat de vereniging van Europeanen en Mexicanen vertegenwoordigde; in verticale strepen.<\/p>\n<p>Het wapen herinnerde aan een oude Azteekse traditie, de adelaar in profiel staand op een cactus in het midden van de lagune, met een slang in zijn bek, die in het midden van de witte streep werd geplaatst in 1823, het jaar waarin de Mexicanen, hun wil verenigend in een bundel, de republikeinse regeringsvorm aannamen.<\/p>\n<p>Het voorbeeldige patriottisme van het volk werd opnieuw getoond tijdens de Franse interventie, het imperium en de invasie.<\/p>\n<p>Maximiliaan van Habsburg, een goede ruiter, genoot van de charrer\u00eda, bezocht de rijke pulque- en veeboerderijen, vergezeld door enkele rijke charros die hem omringden, en bracht enkele wijzigingen aan in het charrokostuum door het aan de Europese mode aan te passen. Deze bestonden uit het sluiten van de broek, het behouden van de knopen van de chinaco, het vervangen van de klomplaars door de militaire laars uit \u00e9\u00e9n stuk en met de introductie van de kleur zwart was het formele charrokostuum geboren, dat hij in Wenen registreerde.<\/p>\n<p>De moderne geschiedenis van Mexico begon met de ineenstorting van het rijk van de Oostenrijkse prins in 1867. De nationale onafhankelijkheid was gered, die werd gedefinieerd in de strijd van de klassen van die tijd, om de veeboeren die schulden hadden bij de kerk, deelpachters, landarbeiders die uitgebuit werden door de landeigenaren, alle eisen van het volk en de belangen van de natie te vertegenwoordigen.<\/p>\n<p>Nog in die eeuw cre\u00eberde Porfirio D\u00edaz zijn beroemde plattelandsdivisie, die voornamelijk bestond uit boeren charros uit de Baj\u00edo en Jalisco, netjes gekleed in nationale klederdracht. Deze divisie vormde ook de militaire wacht van het kasteel van Chapultepec. In die tijd waren de hacienda's, die in de Porfiriato-periode de landbouwproductie monopoliseerden en waarin de peonada het land van hun meesters bewerkten, het karakteristieke kenmerk van het Mexicaanse landschap.<\/p>\n<\/div><\/section><\/p><\/div>","protected":false},"excerpt":{"rendered":"","protected":false},"author":2,"featured_media":1941,"parent":56,"menu_order":0,"comment_status":"closed","ping_status":"closed","template":"","meta":{"footnotes":""},"class_list":["post-1815","page","type-page","status-publish","has-post-thumbnail","hentry"],"yoast_head":"<!-- This site is optimized with the Yoast SEO plugin v27.4 - https:\/\/yoast.com\/product\/yoast-seo-wordpress\/ -->\n<title>SIGLO XIX - Museo de la Charrer\u00eda CDMX<\/title>\n<meta name=\"robots\" content=\"index, follow, max-snippet:-1, max-image-preview:large, max-video-preview:-1\" \/>\n<link rel=\"canonical\" href=\"https:\/\/museodelacharreria.org.mx\/nl\/geschiedenis\/negentiende-eeuw\/\" \/>\n<meta property=\"og:locale\" content=\"nl_NL\" \/>\n<meta property=\"og:type\" content=\"article\" \/>\n<meta property=\"og:title\" content=\"SIGLO XIX - Museo de la Charrer\u00eda CDMX\" \/>\n<meta property=\"og:url\" content=\"https:\/\/museodelacharreria.org.mx\/nl\/geschiedenis\/negentiende-eeuw\/\" \/>\n<meta property=\"og:site_name\" content=\"Museo de la Charrer\u00eda CDMX\" \/>\n<meta property=\"article:modified_time\" content=\"2024-12-06T13:18:43+00:00\" \/>\n<meta property=\"og:image\" content=\"https:\/\/museodelacharreria.org.mx\/wp-content\/uploads\/2023\/10\/retablo-la-independencia-Fuente-INAH-1.jpg\" \/>\n\t<meta property=\"og:image:width\" content=\"1920\" \/>\n\t<meta property=\"og:image:height\" content=\"1280\" \/>\n\t<meta property=\"og:image:type\" content=\"image\/jpeg\" \/>\n<meta name=\"twitter:card\" content=\"summary_large_image\" \/>\n<meta name=\"twitter:label1\" content=\"Verwachte leestijd\" \/>\n\t<meta name=\"twitter:data1\" content=\"3 minuten\" \/>\n<script type=\"application\/ld+json\" class=\"yoast-schema-graph\">{\"@context\":\"https:\\\/\\\/schema.org\",\"@graph\":[{\"@type\":\"WebPage\",\"@id\":\"https:\\\/\\\/museodelacharreria.org.mx\\\/historia\\\/siglo-xix\\\/\",\"url\":\"https:\\\/\\\/museodelacharreria.org.mx\\\/historia\\\/siglo-xix\\\/\",\"name\":\"SIGLO XIX - Museo de la Charrer\u00eda CDMX\",\"isPartOf\":{\"@id\":\"https:\\\/\\\/museodelacharreria.org.mx\\\/#website\"},\"primaryImageOfPage\":{\"@id\":\"https:\\\/\\\/museodelacharreria.org.mx\\\/historia\\\/siglo-xix\\\/#primaryimage\"},\"image\":{\"@id\":\"https:\\\/\\\/museodelacharreria.org.mx\\\/historia\\\/siglo-xix\\\/#primaryimage\"},\"thumbnailUrl\":\"https:\\\/\\\/museodelacharreria.org.mx\\\/wp-content\\\/uploads\\\/2023\\\/10\\\/retablo-la-independencia-Fuente-INAH-1.jpg\",\"datePublished\":\"2023-10-04T01:58:07+00:00\",\"dateModified\":\"2024-12-06T13:18:43+00:00\",\"breadcrumb\":{\"@id\":\"https:\\\/\\\/museodelacharreria.org.mx\\\/historia\\\/siglo-xix\\\/#breadcrumb\"},\"inLanguage\":\"nl-NL\",\"potentialAction\":[{\"@type\":\"ReadAction\",\"target\":[\"https:\\\/\\\/museodelacharreria.org.mx\\\/historia\\\/siglo-xix\\\/\"]}]},{\"@type\":\"ImageObject\",\"inLanguage\":\"nl-NL\",\"@id\":\"https:\\\/\\\/museodelacharreria.org.mx\\\/historia\\\/siglo-xix\\\/#primaryimage\",\"url\":\"https:\\\/\\\/museodelacharreria.org.mx\\\/wp-content\\\/uploads\\\/2023\\\/10\\\/retablo-la-independencia-Fuente-INAH-1.jpg\",\"contentUrl\":\"https:\\\/\\\/museodelacharreria.org.mx\\\/wp-content\\\/uploads\\\/2023\\\/10\\\/retablo-la-independencia-Fuente-INAH-1.jpg\",\"width\":1920,\"height\":1280,\"caption\":\"Retablo \\\"La Independencia\\\" Castillo de Chapultepec. Autor: Juan O'Gorman Instituto Nacional de Antropolog\u00eda e Historia http:\\\/\\\/mediateca.inah.gob.mx\\\/\"},{\"@type\":\"BreadcrumbList\",\"@id\":\"https:\\\/\\\/museodelacharreria.org.mx\\\/historia\\\/siglo-xix\\\/#breadcrumb\",\"itemListElement\":[{\"@type\":\"ListItem\",\"position\":1,\"name\":\"Portada\",\"item\":\"https:\\\/\\\/museodelacharreria.org.mx\\\/inicio\\\/\"},{\"@type\":\"ListItem\",\"position\":2,\"name\":\"HISTORIA\",\"item\":\"https:\\\/\\\/museodelacharreria.org.mx\\\/historia\\\/\"},{\"@type\":\"ListItem\",\"position\":3,\"name\":\"SIGLO XIX\"}]},{\"@type\":\"WebSite\",\"@id\":\"https:\\\/\\\/museodelacharreria.org.mx\\\/#website\",\"url\":\"https:\\\/\\\/museodelacharreria.org.mx\\\/\",\"name\":\"Museo de la Charrer\u00eda CDMX\",\"description\":\"Historia y tradici\u00f3n, patrimonio cultural inmaterial de la humanidad UNESCO\",\"publisher\":{\"@id\":\"https:\\\/\\\/museodelacharreria.org.mx\\\/#organization\"},\"potentialAction\":[{\"@type\":\"SearchAction\",\"target\":{\"@type\":\"EntryPoint\",\"urlTemplate\":\"https:\\\/\\\/museodelacharreria.org.mx\\\/?s={search_term_string}\"},\"query-input\":{\"@type\":\"PropertyValueSpecification\",\"valueRequired\":true,\"valueName\":\"search_term_string\"}}],\"inLanguage\":\"nl-NL\"},{\"@type\":\"Organization\",\"@id\":\"https:\\\/\\\/museodelacharreria.org.mx\\\/#organization\",\"name\":\"Museo de la Charrer\u00eda Ciudad de M\u00e9xico\",\"alternateName\":\"Museo de la Charrer\u00eda CDMX\",\"url\":\"https:\\\/\\\/museodelacharreria.org.mx\\\/\",\"logo\":{\"@type\":\"ImageObject\",\"inLanguage\":\"nl-NL\",\"@id\":\"https:\\\/\\\/museodelacharreria.org.mx\\\/#\\\/schema\\\/logo\\\/image\\\/\",\"url\":\"https:\\\/\\\/museodelacharreria.org.mx\\\/wp-content\\\/uploads\\\/2023\\\/07\\\/Logo-Museo-de-la-Charreria-b-n.png\",\"contentUrl\":\"https:\\\/\\\/museodelacharreria.org.mx\\\/wp-content\\\/uploads\\\/2023\\\/07\\\/Logo-Museo-de-la-Charreria-b-n.png\",\"width\":500,\"height\":250,\"caption\":\"Museo de la Charrer\u00eda Ciudad de M\u00e9xico\"},\"image\":{\"@id\":\"https:\\\/\\\/museodelacharreria.org.mx\\\/#\\\/schema\\\/logo\\\/image\\\/\"},\"sameAs\":[\"https:\\\/\\\/www.youtube.com\\\/@MuseoDeLaCharreria\"]}]}<\/script>\n<!-- \/ Yoast SEO plugin. -->","yoast_head_json":{"title":"19e eeuw - Museo de la Charrer\u00eda CDMX","robots":{"index":"index","follow":"follow","max-snippet":"max-snippet:-1","max-image-preview":"max-image-preview:large","max-video-preview":"max-video-preview:-1"},"canonical":"https:\/\/museodelacharreria.org.mx\/nl\/geschiedenis\/negentiende-eeuw\/","og_locale":"nl_NL","og_type":"article","og_title":"SIGLO XIX - Museo de la Charrer\u00eda CDMX","og_url":"https:\/\/museodelacharreria.org.mx\/nl\/geschiedenis\/negentiende-eeuw\/","og_site_name":"Museo de la Charrer\u00eda CDMX","article_modified_time":"2024-12-06T13:18:43+00:00","og_image":[{"width":1920,"height":1280,"url":"https:\/\/museodelacharreria.org.mx\/wp-content\/uploads\/2023\/10\/retablo-la-independencia-Fuente-INAH-1.jpg","type":"image\/jpeg"}],"twitter_card":"summary_large_image","twitter_misc":{"Verwachte leestijd":"3 minuten"},"schema":{"@context":"https:\/\/schema.org","@graph":[{"@type":"WebPage","@id":"https:\/\/museodelacharreria.org.mx\/historia\/siglo-xix\/","url":"https:\/\/museodelacharreria.org.mx\/historia\/siglo-xix\/","name":"19e eeuw - Museo de la Charrer\u00eda CDMX","isPartOf":{"@id":"https:\/\/museodelacharreria.org.mx\/#website"},"primaryImageOfPage":{"@id":"https:\/\/museodelacharreria.org.mx\/historia\/siglo-xix\/#primaryimage"},"image":{"@id":"https:\/\/museodelacharreria.org.mx\/historia\/siglo-xix\/#primaryimage"},"thumbnailUrl":"https:\/\/museodelacharreria.org.mx\/wp-content\/uploads\/2023\/10\/retablo-la-independencia-Fuente-INAH-1.jpg","datePublished":"2023-10-04T01:58:07+00:00","dateModified":"2024-12-06T13:18:43+00:00","breadcrumb":{"@id":"https:\/\/museodelacharreria.org.mx\/historia\/siglo-xix\/#breadcrumb"},"inLanguage":"nl-NL","potentialAction":[{"@type":"ReadAction","target":["https:\/\/museodelacharreria.org.mx\/historia\/siglo-xix\/"]}]},{"@type":"ImageObject","inLanguage":"nl-NL","@id":"https:\/\/museodelacharreria.org.mx\/historia\/siglo-xix\/#primaryimage","url":"https:\/\/museodelacharreria.org.mx\/wp-content\/uploads\/2023\/10\/retablo-la-independencia-Fuente-INAH-1.jpg","contentUrl":"https:\/\/museodelacharreria.org.mx\/wp-content\/uploads\/2023\/10\/retablo-la-independencia-Fuente-INAH-1.jpg","width":1920,"height":1280,"caption":"Retablo \"La Independencia\" Castillo de Chapultepec. Autor: Juan O'Gorman Instituto Nacional de Antropolog\u00eda e Historia http:\/\/mediateca.inah.gob.mx\/"},{"@type":"BreadcrumbList","@id":"https:\/\/museodelacharreria.org.mx\/historia\/siglo-xix\/#breadcrumb","itemListElement":[{"@type":"ListItem","position":1,"name":"Portada","item":"https:\/\/museodelacharreria.org.mx\/inicio\/"},{"@type":"ListItem","position":2,"name":"HISTORIA","item":"https:\/\/museodelacharreria.org.mx\/historia\/"},{"@type":"ListItem","position":3,"name":"SIGLO XIX"}]},{"@type":"WebSite","@id":"https:\/\/museodelacharreria.org.mx\/#website","url":"https:\/\/museodelacharreria.org.mx\/","name":"Charreria Museum CDMX","description":"Geschiedenis en traditie, immaterieel cultureel erfgoed van de mensheid UNESCO","publisher":{"@id":"https:\/\/museodelacharreria.org.mx\/#organization"},"potentialAction":[{"@type":"SearchAction","target":{"@type":"EntryPoint","urlTemplate":"https:\/\/museodelacharreria.org.mx\/?s={search_term_string}"},"query-input":{"@type":"PropertyValueSpecification","valueRequired":true,"valueName":"search_term_string"}}],"inLanguage":"nl-NL"},{"@type":"Organization","@id":"https:\/\/museodelacharreria.org.mx\/#organization","name":"Museum van Charreria Mexico-Stad","alternateName":"Museo de la Charrer\u00eda CDMX","url":"https:\/\/museodelacharreria.org.mx\/","logo":{"@type":"ImageObject","inLanguage":"nl-NL","@id":"https:\/\/museodelacharreria.org.mx\/#\/schema\/logo\/image\/","url":"https:\/\/museodelacharreria.org.mx\/wp-content\/uploads\/2023\/07\/Logo-Museo-de-la-Charreria-b-n.png","contentUrl":"https:\/\/museodelacharreria.org.mx\/wp-content\/uploads\/2023\/07\/Logo-Museo-de-la-Charreria-b-n.png","width":500,"height":250,"caption":"Museo de la Charrer\u00eda Ciudad de M\u00e9xico"},"image":{"@id":"https:\/\/museodelacharreria.org.mx\/#\/schema\/logo\/image\/"},"sameAs":["https:\/\/www.youtube.com\/@MuseoDeLaCharreria"]}]}},"_links":{"self":[{"href":"https:\/\/museodelacharreria.org.mx\/nl\/wp-json\/wp\/v2\/pages\/1815","targetHints":{"allow":["GET"]}}],"collection":[{"href":"https:\/\/museodelacharreria.org.mx\/nl\/wp-json\/wp\/v2\/pages"}],"about":[{"href":"https:\/\/museodelacharreria.org.mx\/nl\/wp-json\/wp\/v2\/types\/page"}],"author":[{"embeddable":true,"href":"https:\/\/museodelacharreria.org.mx\/nl\/wp-json\/wp\/v2\/users\/2"}],"replies":[{"embeddable":true,"href":"https:\/\/museodelacharreria.org.mx\/nl\/wp-json\/wp\/v2\/comments?post=1815"}],"version-history":[{"count":9,"href":"https:\/\/museodelacharreria.org.mx\/nl\/wp-json\/wp\/v2\/pages\/1815\/revisions"}],"predecessor-version":[{"id":3992,"href":"https:\/\/museodelacharreria.org.mx\/nl\/wp-json\/wp\/v2\/pages\/1815\/revisions\/3992"}],"up":[{"embeddable":true,"href":"https:\/\/museodelacharreria.org.mx\/nl\/wp-json\/wp\/v2\/pages\/56"}],"wp:featuredmedia":[{"embeddable":true,"href":"https:\/\/museodelacharreria.org.mx\/nl\/wp-json\/wp\/v2\/media\/1941"}],"wp:attachment":[{"href":"https:\/\/museodelacharreria.org.mx\/nl\/wp-json\/wp\/v2\/media?parent=1815"}],"curies":[{"name":"wp","href":"https:\/\/api.w.org\/{rel}","templated":true}]}}