{"id":58,"date":"2023-07-14T06:08:54","date_gmt":"2023-07-14T06:08:54","guid":{"rendered":"https:\/\/museodelacharreria.org.mx\/?page_id=58"},"modified":"2025-04-21T11:57:49","modified_gmt":"2025-04-21T17:57:49","slug":"over","status":"publish","type":"page","link":"https:\/\/museodelacharreria.org.mx\/nl\/acerca-de\/","title":{"rendered":"OVER"},"content":{"rendered":"<style type=\"text\/css\" data-created_by=\"avia_inline_auto\" id=\"style-css-av-lk205rn8-0e3cc45e2431b4dd7f8c3ad084378b91\">\n.avia-section.av-lk205rn8-0e3cc45e2431b4dd7f8c3ad084378b91{\nbackground-repeat:no-repeat;\nbackground-image:url(https:\/\/museodelacharreria.org.mx\/wp-content\/uploads\/2023\/07\/Escultura-del-Charro-scaled.jpg);\nbackground-position:50% 0%;\nbackground-attachment:scroll;\n}\n<\/style>\n<div id='av_section_1'  class='avia-section av-lk205rn8-0e3cc45e2431b4dd7f8c3ad084378b91 main_color avia-section-no-padding avia-no-border-styling  avia-builder-el-0  avia-builder-el-no-sibling  avia-full-stretch avia-bg-style-scroll av-minimum-height av-minimum-height-100 av-height-100  container_wrap fullsize'  data-section-bg-repeat='stretch' data-av_minimum_height_pc='100' data-av_min_height_opt='100'><div class='container av-section-cont-open' ><main  role=\"main\" itemprop=\"mainContentOfPage\"  class='template-page content  av-content-full alpha units'><div class='post-entry post-entry-type-page post-entry-58'><div class='entry-content-wrapper clearfix'>\n\n<style type=\"text\/css\" data-created_by=\"avia_inline_auto\" id=\"style-css-av-11qau-c9b1dc9471791d8a2e10d511e0e1f3be\">\n#top .flex_column.av-11qau-c9b1dc9471791d8a2e10d511e0e1f3be{\nmargin-top:50%;\nmargin-bottom:0px;\n}\n.flex_column.av-11qau-c9b1dc9471791d8a2e10d511e0e1f3be{\npadding:5% 5% 5% 5%;\nbackground-color:rgba(10,10,10,0.65);\n}\n.responsive #top #wrap_all .flex_column.av-11qau-c9b1dc9471791d8a2e10d511e0e1f3be{\nmargin-top:50%;\nmargin-bottom:0px;\n}\n<\/style>\n<div  class='flex_column av-11qau-c9b1dc9471791d8a2e10d511e0e1f3be av_one_full  avia-builder-el-1  avia-builder-el-no-sibling  first flex_column_div av-parallax-object' data-parallax=\"{&quot;parallax&quot;:&quot;no_parallax&quot;,&quot;parallax_speed&quot;:&quot;no_parallax&quot;,&quot;av-desktop-parallax&quot;:&quot;inherit&quot;,&quot;av-desktop-parallax_speed&quot;:&quot;inherit&quot;,&quot;av-medium-parallax&quot;:&quot;inherit&quot;,&quot;av-medium-parallax_speed&quot;:&quot;inherit&quot;,&quot;av-small-parallax&quot;:&quot;inherit&quot;,&quot;av-small-parallax_speed&quot;:&quot;inherit&quot;,&quot;av-mini-parallax&quot;:&quot;bottom_top&quot;,&quot;av-mini-parallax_speed&quot;:&quot;&quot;,&quot;parallax-container&quot;:&quot;.av-11qau-c9b1dc9471791d8a2e10d511e0e1f3be&quot;}\"    ><p>\n<style type=\"text\/css\" data-created_by=\"avia_inline_auto\" id=\"style-css-av-lk35230o-908206d2406d2116d6201f134c70dae9\">\n#top .av-special-heading.av-lk35230o-908206d2406d2116d6201f134c70dae9{\npadding-bottom:10px;\n}\nbody .av-special-heading.av-lk35230o-908206d2406d2116d6201f134c70dae9 .av-special-heading-tag .heading-char{\nfont-size:25px;\n}\n.av-special-heading.av-lk35230o-908206d2406d2116d6201f134c70dae9 .av-subheading{\nfont-size:15px;\n}\n<\/style>\n<div  class='av-special-heading av-lk35230o-908206d2406d2116d6201f134c70dae9 av-special-heading-h1 blockquote modern-quote  avia-builder-el-2  el_before_av_textblock  avia-builder-el-first'><div class='av-subheading av-subheading_above'><p>MUSEUM VAN CHARRERIA<\/p>\n<\/div><h1 class='av-special-heading-tag'  itemprop=\"headline\"  >OVER<\/h1><div class=\"special-heading-border\"><div class=\"special-heading-inner-border\"><\/div><\/div><\/div><br \/>\n<section  class='av_textblock_section av-lk350hr2-3480ddb4e6a80deb7b206702d3dc2d2d'   itemscope=\"itemscope\" itemtype=\"https:\/\/schema.org\/CreativeWork\" ><div class='avia_textblock'  itemprop=\"text\" ><h3>Welkom bij het Charreria Museum! Hier, in het majestueuze Ex Convento de Nuestra Se\u00f1ora de Monserrat, bewaren we sinds 1972 de geschiedenis en tradities van de charreria.<\/h3>\n<p>Charreria is een traditie die al sinds de 19e eeuw geworteld is op het Mexicaanse platteland. Het is ontstaan uit de nauwe relatie tussen mens, paard en vee, een vurige co\u00ebxistentie die door de geschiedenis van ons land heen is blijven bestaan. Deze praktijk heeft de grenzen van cultuur en kunst overschreden om sinds de jaren 1930 een erkende nationale sport te worden. In 2016 verklaarde UNESCO het tot Immaterieel Cultureel Erfgoed van de Mensheid\u00ae, en de Kamer van Afgevaardigden van het Congres van de Unie erkende het als cultureel erfgoed van Mexico.<\/p>\n<\/div><\/section><br \/>\n<div  class='togglecontainer av-lk7hxf9f-52f6cc938b5f49a626465217174142aa  avia-builder-el-4  el_after_av_textblock  avia-builder-el-last  toggle_close_all' >\n<section class='av_toggle_section av-lk7hxclm-c5a1d7cd80a67e5ca4750fa331282977'  itemscope=\"itemscope\" itemtype=\"https:\/\/schema.org\/CreativeWork\" ><div role=\"tablist\" class=\"single_toggle\" data-tags=\"{All} \"  ><p id='toggle-toggle-id-1' data-fake-id='#toggle-id-1' class='toggler  av-title-above'  itemprop=\"headline\"  role='tab' tabindex='0' aria-controls='toggle-id-1' data-slide-speed=\"200\" data-title=\"PATRIMONIO CULTURAL INMATERIAL UNESCO\" data-title-open=\"\" data-aria_collapsed=\"Click to expand: PATRIMONIO CULTURAL INMATERIAL UNESCO\" data-aria_expanded=\"Click to collapse: PATRIMONIO CULTURAL INMATERIAL UNESCO\">IMMATERIEEL CULTUREEL ERFGOED UNESCO<span class=\"toggle_icon\"><span class=\"vert_icon\"><\/span><span class=\"hor_icon\"><\/span><\/span><\/p><div id='toggle-id-1' aria-labelledby='toggle-toggle-id-1' role='region' class='toggle_wrap  av-title-above'  ><div class='toggle_content invers-color'  itemprop=\"text\" ><h3><img loading=\"lazy\" decoding=\"async\" class=\"wp-image-143 aligncenter\" src=\"https:\/\/museodelacharreria.org.mx\/wp-content\/uploads\/2023\/07\/16159-300x227.png\" alt=\"\" width=\"158\" height=\"120\" srcset=\"https:\/\/museodelacharreria.org.mx\/wp-content\/uploads\/2023\/07\/16159-300x227.png 300w, https:\/\/museodelacharreria.org.mx\/wp-content\/uploads\/2023\/07\/16159-705x534.png 705w, https:\/\/museodelacharreria.org.mx\/wp-content\/uploads\/2023\/07\/16159.png 747w\" sizes=\"auto, (max-width: 158px) 100vw, 158px\" \/><\/h3>\n<p>In 2016 werd de Mexicaanse Charrer\u00eda door UNESCO uitgeroepen tot Immaterieel Erfgoed van de Mensheid. In de verklaring staat het volgende:<\/p>\n<p><strong>Charreria, een ruitertraditie in Mexico.<\/strong><br \/>\nIngeschreven in 2016 (11.COM) op de Representatieve Lijst van het Immaterieel Cultureel Erfgoed van de Mensheid<\/p>\n<p><em>Charreria is een traditionele praktijk van gemeenschappen in Mexico die zich toeleggen op het houden en hoeden van vee te paard. Oorspronkelijk vergemakkelijkte het de co-existentie tussen veehouders uit verschillende staten van het land. De technieken van deze praktijk werden doorgegeven aan de jongere generaties binnen de families. Vandaag de dag trainen verenigingen en scholen die zich speciaal bezighouden met charreria leden van de gemeenschappen, en leiden ze hen zelfs op om deel te nemen aan wedstrijden. Door het organiseren van openbare wedstrijden of charreadas kunnen toeschouwers de vaardigheid van de charros in de kunst van het hoeden en horsemanship van merries en stieren bewonderen. De charros dragen traditionele kostuums - met breedgerande hoeden voor de mannen en kleurrijke sjaals voor de vrouwen - en tonen hun vaardigheden te voet of te paard. Lokale ambachtslieden ontwerpen en vervaardigen de kleding, uitrusting, zadels en sporen die deel uitmaken van de traditionele kunst van de charros. Charreria is een belangrijk element van de identiteit en het culturele erfgoed van de gemeenschappen die deze traditie in ere houden. Zij zien dit als een middel om enkele belangrijke sociale waarden, zoals respect en gelijkheid van alle leden van de gemeenschap, aan de nieuwe generaties door te geven.<\/em><\/p>\n<p>De tekst van de offici\u00eble verklaring van de Mexicaanse federale regering luidt als volgt:<\/p>\n<div>\n<p><em>Het Ministerie van Buitenlandse Zaken (SRE), het Ministerie van Cultuur, het Nationaal Instituut voor Antropologie en Geschiedenis (INAH) en de gemeenschap van charroverenigingen zijn verheugd om gezamenlijk te melden dat de nominatie \"La Charrer\u00eda, ruitertraditie in Mexico\" is opgenomen op de Representatieve Lijst van het Immaterieel Cultureel Erfgoed van de Mensheid van de Organisatie voor Onderwijs, Wetenschap en Cultuur van de Verenigde Naties (UNESCO).<\/em><\/p>\n<p><em>Het Ministerie van Cultuur, via het Nationaal Instituut voor Antropologie en Geschiedenis, en leden van de Nationale Vereniging van Charros begonnen met het proces in maart 2011.<\/em><\/p>\n<p><em>De benoeming consolideert een breed en alomvattend plan voor de bescherming, het behoud, de verspreiding en de ontwikkeling van het culturele erfgoed dat met Charreria verbonden is.<\/em><\/p>\n<p><em>Het Ministerie van Buitenlandse Zaken (SRE), het Ministerie van Cultuur, het Nationaal Instituut voor Antropologie en Geschiedenis (INAH) en de gemeenschap van charroverenigingen zijn verheugd om gezamenlijk te melden dat de nominatie \"La Charrer\u00eda, ruitertraditie in Mexico\" is opgenomen in de Representatieve Lijst van het Immaterieel Cultureel Erfgoed van de Mensheid van de Organisatie voor Onderwijs, Wetenschap en Cultuur van de Verenigde Naties (UNESCO).<\/em><\/p>\n<p><em>Na een vijf jaar durend proces van uitwerking en evaluatie, en dankzij de inspanningen van het Ministerie van Buitenlandse Zaken en het Ministerie van Cultuur van de regering van de Republiek, via INAH, en van de gemeenschap, werd \"La Charrer\u00eda, ruitertraditie in Mexico\" uitgeroepen tot Immaterieel Cultureel Erfgoed van de Mensheid, waardoor het de achtste levende culturele manifestatie van Mexico is die deze onderscheiding ontvangt.<\/em><\/p>\n<p><em>De inschrijving werd goedgekeurd tijdens de 11e zitting van het Intergouvernementeel Comit\u00e9 voor de bescherming van het immaterieel cultureel erfgoed, die momenteel wordt gehouden in Addis Abeba, Ethiopi\u00eb, op basis van het solide dossier dat gezamenlijk is opgesteld door INAH en de Nationale Vereniging van Charros, en dat unaniem is aanvaard door de leden van het comit\u00e9, dat momenteel bestaat uit: Afghanistan, Algerije, Armeni\u00eb, Bulgarije, Colombia, Ivoorkust, Cuba, Cyprus, Ethiopi\u00eb, Guatemala, Hongarije, India, Libanon, Mauritius, Mongoli\u00eb, Palestina, Filippijnen, Republiek Korea, Republiek Congo, Saint Lucia, Senegal, Turkije en Zambia.<\/em><\/p>\n<p><em>Het dossier, dat het resultaat is van uitgebreid documentair en veldonderzoek, beschrijft Charreria als een duidelijk voorbeeld van de verscheidenheid aan culturele expressies die voortkomen uit de ontmoeting van culturen waaruit Mexico is ontstaan, en waarvan de geboorte teruggaat tot de zestiende eeuw toen, als gevolg van de vestiging en opkomst van veeboerderijen in Centraal- en Noord-Mexico, de noodzaak ontstond voor co\u00ebxistentie tussen de cowboys van de verschillende landgoederen om samen te komen om het vee op elk landgoed te inventariseren en te merken, De behoefte aan co\u00ebxistentie tussen de cowboys van de verschillende landgoederen ontstond toen ze elkaar ontmoetten om het vee van elk landgoed te inventariseren en te merken, waardoor het werk op het land een reden voor co\u00ebxistentie en sociale articulatie werd. Dit was de oorsprong van een Mexicaanse ruiterschool die het mogelijk maakte om vee te behandelen terwijl men te paard zat en die zich onder andere onderscheidde door het gebruik van het zadel en de reata, een essentieel gebruiksvoorwerp voor het hoeden van vee.<\/em><\/p>\n<p><em>Een van de belangrijkste documenten die deel uitmaken van het offici\u00eble dossier dat bij UNESCO is ingediend, is het Beschermingsplan, dat is opgesteld door de dragende gemeenschap, in dit geval vertegenwoordigd door leden van de Asociaci\u00f3n Nacional de Charros, de Asociaci\u00f3n de Charros de Jalisco, de Asociaci\u00f3n de Charros de Huichapan, de Asociaci\u00f3n de Charros de Polotitl\u00e1n, de Asociaci\u00f3n de Charros de la Cuenca de Papaloapan, de Asociaci\u00f3n de Charros Regionales de San Juan de R\u00edo, de Asociaci\u00f3n de Charros de Morelia en de Asociaci\u00f3n de Charros de la Tuna Alta, de Asociaci\u00f3n de Charros de la Cuenca del Papaloapan, de Asociaci\u00f3n de Charros Regionales de San Juan del R\u00edo, de Asociaci\u00f3n de Charros de Morelia en de Asociaci\u00f3n de Charros de la Tuna Alta, samen met vertegenwoordigers van de ambachtsgemeenschap en met de steun van de regeringen van Jalisco, de staat Mexico en Mexico Stad. Het beschermingsplan omvat maatregelen zoals de oprichting van een Conservatorium voor Charrer\u00eda, bestaande uit verschillende overheids-, academische en maatschappelijke instanties, zoals het Ministerie van Cultuur, het Ministerie van Openbaar Onderwijs, de Instituten voor Historisch Onderzoek, het Instituut voor Esthetisch Onderzoek en het Instituut voor Esthetisch Onderzoek, de Investigaciones Est\u00e9ticas en de Investigaciones Sociales van de Universidad Nacional Aut\u00f3noma de M\u00e9xico, het Instituto Nacional de Antropolog\u00eda e Historia, de Federaci\u00f3n Mexicana de Charrer\u00eda, het Instituto Nacional de las Bellas Artes, het Instituto Mexicano de la Juventud en het Instituto Mexicano para la Mujer, evenals leden van de carrier community.<\/em><\/p>\n<p><em>Momenteel wordt Charreria in Mexico beoefend door middel van bijna 2.000 jaarlijkse evenementen waaraan ongeveer 1.000 bestaande charroverenigingen deelnemen. Het is niet minder belangrijk om erop te wijzen dat de beoefening ervan zich heeft verspreid in de Verenigde Staten van Amerika, waar er 184 Charro-gemeenschappen zijn verdeeld over 13 staten, namelijk Arizona, Californi\u00eb, Colorado, Idaho, Illinois, Kansas, Nebraska, Nevada, New Mexico, Oklahoma, Oregon, Texas en Washington.<\/em><\/p>\n<\/div>\n<\/div><\/div><\/div><\/section>\n<section class='av_toggle_section av-lk7hyeby-3bead93c0f8086b93bd9421da2a8389f'  itemscope=\"itemscope\" itemtype=\"https:\/\/schema.org\/CreativeWork\" ><div role=\"tablist\" class=\"single_toggle\" data-tags=\"{All} \"  ><p id='toggle-toggle-id-2' data-fake-id='#toggle-id-2' class='toggler  av-title-above'  itemprop=\"headline\"  role='tab' tabindex='0' aria-controls='toggle-id-2' data-slide-speed=\"200\" data-title=\"CONSTITUCI\u00d3N DEL MUSEO\" data-title-open=\"\" data-aria_collapsed=\"Click to expand: CONSTITUCI\u00d3N DEL MUSEO\" data-aria_expanded=\"Click to collapse: CONSTITUCI\u00d3N DEL MUSEO\">OPRICHTING VAN HET MUSEUM<span class=\"toggle_icon\"><span class=\"vert_icon\"><\/span><span class=\"hor_icon\"><\/span><\/span><\/p><div id='toggle-id-2' aria-labelledby='toggle-toggle-id-2' role='region' class='toggle_wrap  av-title-above'  ><div class='toggle_content invers-color'  itemprop=\"text\" ><p>In 1973, onder het voorzitterschap van de heer Luis Echeverr\u00eda \u00c1lvarez en de leiding van het Departement van Toerisme, onder leiding van de heer Agust\u00edn Olachea Borb\u00f3n, werd dit majestueuze gebouw overgedragen aan de Nationale Federatie van Charros voor de Federatieve Charrer\u00eda. Octavio Sent\u00edes G\u00f3mez, hoofd van het Federale Departement, gaf de opdracht om het te verbouwen in de gebieden van de Cuauht\u00e9moc Delegatie, onder toezicht van Delegatie Delin S\u00e1nchez Ju\u00e1rez. Vanaf die dag werd het \"El Palacio de la Charrer\u00eda\", bewaarplaats en bewaarder van de waardevolle tradities van het Mexicaanse platteland.<\/p>\n<p>Wij danken de Loter\u00eda Nacional para la Asistencia P\u00fablica, namens de hele Charrer\u00eda, voor hun vrijgevigheid bij het toewijzen van de benodigde middelen voor het opknappen van het Museo de la Charrer\u00eda. Dankzij hun steun hebben we de cultuur en traditie van Mexico kunnen behouden.<\/p>\n<p>In 1992, onder het voorzitterschap van de heer Carlos Salinas de Gortari en de minister van Stedelijke Ontwikkeling en Ecologie, de heer Patricio Chirinos Calero, gaf de federale regering de Federatie van Charros het gebruik van het Palacio de la Charrer\u00eda in bruikleen voor nog eens 25 jaar. Dit emblematische gebouw blijft de thuisbasis van het Charreria Museum en het bastion van de bewaking van de identiteit van Mexico en onze nobele natie, de Charreria.<\/p>\n<\/div><\/div><\/div><\/section>\n<section class='av_toggle_section av-lk7hz3nb-77d54c9e0d12eb1e9556d974fb5397e4'  itemscope=\"itemscope\" itemtype=\"https:\/\/schema.org\/CreativeWork\" ><div role=\"tablist\" class=\"single_toggle\" data-tags=\"{All} \"  ><p id='toggle-toggle-id-3' data-fake-id='#toggle-id-3' class='toggler  av-title-above'  itemprop=\"headline\"  role='tab' tabindex='0' aria-controls='toggle-id-3' data-slide-speed=\"200\" data-title=\"FEDERACI\u00d3N MEXICANA DE CHARRER\u00cdA\" data-title-open=\"\" data-aria_collapsed=\"Click to expand: FEDERACI\u00d3N MEXICANA DE CHARRER\u00cdA\" data-aria_expanded=\"Click to collapse: FEDERACI\u00d3N MEXICANA DE CHARRER\u00cdA\">MEXICAANSE FEDERATIE VAN CHARRERIA<span class=\"toggle_icon\"><span class=\"vert_icon\"><\/span><span class=\"hor_icon\"><\/span><\/span><\/p><div id='toggle-id-3' aria-labelledby='toggle-toggle-id-3' role='region' class='toggle_wrap  av-title-above'  ><div class='toggle_content invers-color'  itemprop=\"text\" ><p>De <strong>Federaci\u00f3n Mexicana de Charrer\u00eda AC<\/strong>\u00a0is de instelling die verantwoordelijk is voor het promoten, behouden en verspreiden van charreria, de nationale sport bij uitstek en een culturele expressie die identiteit en trots brengt aan alle Mexicanen.<\/p>\n<p><strong>Achtergrond:<\/strong><br \/>\nCharreria heeft zijn wortels op het Mexicaanse platteland, waar ruitervaardigheid en het omgaan met vee al sinds de oudheid een integraal onderdeel van onze geschiedenis vormen. Door de eeuwen heen is deze traditie geconsolideerd als een sport die vaardigheid, elegantie en waarden die geworteld zijn in onze wortels combineert.<\/p>\n<p>De Mexicaanse Federatie van Charreria (FMCH) is ontstaan uit de behoefte om de beoefening van charreria in Mexico te verenigen en te organiseren. Na verloop van tijd ontwikkelde de charrer\u00eda zich en werd het een nationale sport en culturele expressie, maar er was geen entiteit die de charrer\u00eda officieel vertegenwoordigde.<\/p>\n<p>In 1921 werd het Eerste Nationale Charro Congres gehouden in Mexico Stad, waar verschillende vertegenwoordigers van charroverenigingen en -groepen uit verschillende staten van het land bijeenkwamen. Tijdens dit congres werd het belang besproken van het oprichten van een organisatie die de charreria op een uniforme manier zou reguleren en promoten.<\/p>\n<p>Zo werd op 16 januari 1921 de Federaci\u00f3n Nacional de Charros opgericht, die later de Federaci\u00f3n Mexicana de Charrer\u00eda zou worden. Het belangrijkste doel was om de verschillende groepen en verenigingen van charros samen te brengen, om regels en voorschriften voor wedstrijden vast te stellen en om de tradities en waarden van de charrer\u00eda te behouden en te verspreiden.<\/p>\n<p>In de loop der jaren heeft de FMCH hard gewerkt om de charreria als nationale sport te consolideren en te versterken, door de beoefening ervan te promoten, de opleiding van nieuwe charros aan te moedigen en deelname aan nationale en internationale wedstrijden te bevorderen. De federatie is het belangrijkste bestuursorgaan van de Mexicaanse charreria geworden en wordt zowel nationaal als internationaal erkend.<\/p>\n<p>Dankzij het constante en toegewijde werk van de Mexicaanse Charreria Federatie heeft deze traditie, die geworteld is in onze wortels, standgehouden en is het een symbool van identiteit en trots geworden voor alle Mexicanen. De federatie blijft onvermoeibaar werken om de grootsheid van de charreria te behouden en te verspreiden, en promoot de waarden en tradities die deze traditie kenmerken.<\/p>\n<p><strong>Missie:<\/strong><br \/>\nDe missie van de Federaci\u00f3n Mexicana de Charrer\u00eda is om de charrer\u00eda als levend symbool van onze cultuur te behouden en te versterken, door de beoefening van de sport, de opleiding van nieuwe charros en de verspreiding van de tradities aan te moedigen. Wij werken eraan om deze onschatbare erfenis veilig te stellen en door te geven aan toekomstige generaties, door respect, kameraadschap en liefde voor onze wortels te bevorderen.<\/p>\n<p><strong>Visie:<\/strong><br \/>\nOnze visie is om erkend te worden als de toonaangevende instelling in de promotie en ontwikkeling van de charrer\u00eda op nationaal en internationaal niveau. We streven ernaar een referentie te zijn in de opleiding van charros, de organisatie van wedstrijden op hoog niveau en de verspreiding van charrer\u00eda als een unieke en emblematische culturele manifestatie van Mexico. We streven ernaar dat charrer\u00eda over de hele wereld gewaardeerd en bewonderd wordt als symbool van onze identiteit en tradities.<\/p>\n<p>De Federaci\u00f3n Mexicana de Charrer\u00eda is er trots op alle charros en charreadas in het land te vertegenwoordigen en werkt onvermoeibaar om dit culturele en sportieve erfgoed levend te houden. Samen met het Museo de la Charrer\u00eda proberen we de rijkdom van onze geschiedenis en tradities te behouden en te verspreiden, om zo een gevoel van saamhorigheid en bewondering te cre\u00ebren voor deze erfenis die ons als Mexicanen definieert.<\/p>\n<p>Ga met ons mee op deze spannende reis door charreria, ontdek de spanning van onze wedstrijden, de vaardigheid van de charros en de pracht van onze tradities, welkom bij het Museum van Charreria en de Mexicaanse Federatie van Charreria, waar we de grootsheid van onze nationale sport en de trots van het Mexicaans zijn vieren!<\/p>\n<\/div><\/div><\/div><\/section>\n<section class='av_toggle_section av-lk7i64os-c98b132ee96eeb14646d909ad801d219'  itemscope=\"itemscope\" itemtype=\"https:\/\/schema.org\/CreativeWork\" ><div role=\"tablist\" class=\"single_toggle\" data-tags=\"{All} \"  ><p id='toggle-toggle-id-4' data-fake-id='#toggle-id-4' class='toggler  av-title-above'  itemprop=\"headline\"  role='tab' tabindex='0' aria-controls='toggle-id-4' data-slide-speed=\"200\" data-title=\"CONSEJO DIRECTIVO NACIONAL 2024-2028\" data-title-open=\"CONSEJO DIRECTIVO NACIONAL 2024-2028\" data-aria_collapsed=\"Click to expand: CONSEJO DIRECTIVO NACIONAL 2024-2028\" data-aria_expanded=\"Click to collapse: CONSEJO DIRECTIVO NACIONAL 2024-2028\">NATIONALE RAAD VAN BESTUUR 2024-2028<span class=\"toggle_icon\"><span class=\"vert_icon\"><\/span><span class=\"hor_icon\"><\/span><\/span><\/p><div id='toggle-id-4' aria-labelledby='toggle-toggle-id-4' role='region' class='toggle_wrap  av-title-above'  ><div class='toggle_content invers-color'  itemprop=\"text\" ><p class=\"p1\"><strong>SALVADOR BARAJAS DEL TORO<\/strong><br \/>\nVoorzitter<br \/>\nJalisco<\/p>\n<p class=\"p1\"><strong>S.G.M. NATALIA I\u00a0<\/strong><br \/>\nNationale Koningin<br \/>\nJalisco<\/p>\n<p class=\"p1\"><strong>EFRA\u00cdN RAM\u00cdREZ GONZ\u00c1LEZ\u00a0<\/strong><br \/>\nVice-voorzitter<br \/>\nJalisco<\/p>\n<p class=\"p1\"><strong>RAFAEL MANSUR OVIEDO<\/strong><br \/>\nSecretaris-generaal<span class=\"Apple-converted-space\"><br \/>\n<\/span>Veracruz<\/p>\n<p class=\"p1\"><strong>JORGE URIBE BARROSO<\/strong><br \/>\nCommissaris<br \/>\nHidalgo<\/p>\n<p class=\"p1\"><strong>GER\u00d3NIMO KLEUR GASCA<\/strong><br \/>\nFinanci\u00ebn<br \/>\nMichoac\u00e1n<\/p>\n<p class=\"p1\"><strong>JUAN BA\u00d1UELOS RAM\u00cdREZ<\/strong><br \/>\nSport<br \/>\nJalisco<\/p>\n<p class=\"p1\"><strong>ROSENDO DE LE\u00d3N SEP\u00daLVEDA<\/strong><br \/>\nPublic Relations<br \/>\nNuevo Le\u00f3n<\/p>\n<p class=\"p1\"><strong>JOS\u00c9 LUIS MALDONADO \u00c1LVAREZ<\/strong><br \/>\nSociale en culturele promotie<br \/>\nQuer\u00e9taro<\/p>\n<p class=\"p1\"><strong>JES\u00daS EDGAR VI\u00d1UELA NAVARRO<\/strong><br \/>\nPers en verspreiding<br \/>\nMexico-Stad<\/p>\n<p class=\"p1\"><strong>CARLOS ALBERTO PUENTE SALAS<\/strong><br \/>\nNotulen<br \/>\nZacatecas<\/p>\n<p class=\"p1\"><strong>MAURICIO DANIEL VERGARA AGUILAR<\/strong><br \/>\nEer en gerechtigheid<br \/>\nMexico<\/p>\n<p class=\"p1\"><strong>JOS\u00c9 DE JES\u00daS FERM\u00cdN TORRES<\/strong><br \/>\nEer en gerechtigheid<br \/>\nCoahuila<\/p>\n<p class=\"p1\"><strong>JORGE BLASCO FLORES<\/strong><br \/>\nEer en gerechtigheid<br \/>\nPuebla<\/p>\n<p class=\"p1\"><strong>SILVIA RODR\u00cdGUEZ RODR\u00cdGUEZ<\/strong><br \/>\nCo\u00f6rdinatiecomit\u00e9 Nationale Races<br \/>\nYucatan<\/p>\n<p class=\"p1\"><strong>JOS\u00c9 DE JES\u00daS FERMIN TORRES<\/strong><br \/>\nNationale Juryco\u00f6rdinator<br \/>\nCoahuila<\/p>\n<p><strong>ROBERTO ALFONSO GUERRA ROJAS<\/strong><br \/>\nNationale Sportcommissie Co\u00f6rdinator<br \/>\nQuer\u00e9taro<\/p>\n<p><strong>SA\u00daL MUNGU\u00cdA ORTIZ<\/strong><br \/>\nManager<br \/>\nJalisco<\/p>\n<\/div><\/div><\/div><\/section>\n<section class='av_toggle_section av-lk7i64os-1-383d3b9820ee5ed84c5441eaaba9e041'  itemscope=\"itemscope\" itemtype=\"https:\/\/schema.org\/CreativeWork\" ><div role=\"tablist\" class=\"single_toggle\" data-tags=\"{All} \"  ><p id='toggle-toggle-id-5' data-fake-id='#toggle-id-5' class='toggler  av-title-above'  itemprop=\"headline\"  role='tab' tabindex='0' aria-controls='toggle-id-5' data-slide-speed=\"200\" data-title=\"CR\u00c9DITOS\" data-title-open=\"\" data-aria_collapsed=\"Click to expand: CR\u00c9DITOS\" data-aria_expanded=\"Click to collapse: CR\u00c9DITOS\">KREDIETEN<span class=\"toggle_icon\"><span class=\"vert_icon\"><\/span><span class=\"hor_icon\"><\/span><\/span><\/p><div id='toggle-id-5' aria-labelledby='toggle-toggle-id-5' role='region' class='toggle_wrap  av-title-above'  ><div class='toggle_content invers-color'  itemprop=\"text\" ><p>De website van het Nationaal Museum van Charreria werd gepubliceerd in november 2023 en werd mogelijk gemaakt door de volgende mensen:<\/p>\n<p><strong>JOS\u00c9 ANTONIO SALCEDO L\u00d3PEZ<\/strong><br \/>\nVoorzitter van de nationale raad van bestuur 2020-2024<\/p>\n<p><strong>Rafael Alberto Rodr\u00edguez Fuentes<\/strong><br \/>\nSecretaris van Financi\u00ebn 2020-2024<\/p>\n<p><strong>Luis Ra\u00fal Garc\u00eda Gancedo<\/strong><br \/>\nSecretaris voor Sociale en Culturele Promotie 2020-2024<\/p>\n<p><strong>Edgar Abel D\u00edaz Tapia<\/strong><br \/>\nPers- en mediastaatssecretaris 2020-2024<\/p>\n<p><strong>Javier Ortega<\/strong><br \/>\nMuseumdirecteur 2020-2024<\/p>\n<p><strong>Humberto Carmona Cobo<\/strong><br \/>\nPublic Relations, Curatoriaal en Archief<\/p>\n<p><strong>Antonio Gegundez Mart\u00ednez<\/strong><br \/>\nFotografie, ontwerp en webontwikkeling<\/p>\n<\/div><\/div><\/div><\/section>\n<\/div><\/p><\/div>","protected":false},"excerpt":{"rendered":"","protected":false},"author":1,"featured_media":1567,"parent":0,"menu_order":0,"comment_status":"closed","ping_status":"closed","template":"","meta":{"footnotes":""},"class_list":["post-58","page","type-page","status-publish","has-post-thumbnail","hentry"],"yoast_head":"<!-- This site is optimized with the Yoast SEO plugin v27.5 - https:\/\/yoast.com\/product\/yoast-seo-wordpress\/ -->\n<title>ACERCA DE - Museo de la Charrer\u00eda CDMX<\/title>\n<meta name=\"robots\" content=\"index, follow, max-snippet:-1, max-image-preview:large, max-video-preview:-1\" \/>\n<link rel=\"canonical\" href=\"https:\/\/museodelacharreria.org.mx\/nl\/over\/\" \/>\n<meta property=\"og:locale\" content=\"nl_NL\" \/>\n<meta property=\"og:type\" content=\"article\" \/>\n<meta property=\"og:title\" content=\"ACERCA DE - Museo de la Charrer\u00eda CDMX\" \/>\n<meta property=\"og:url\" content=\"https:\/\/museodelacharreria.org.mx\/nl\/over\/\" \/>\n<meta property=\"og:site_name\" content=\"Museo de la Charrer\u00eda CDMX\" \/>\n<meta property=\"article:modified_time\" content=\"2025-04-21T17:57:49+00:00\" \/>\n<meta property=\"og:image\" content=\"https:\/\/museodelacharreria.org.mx\/wp-content\/uploads\/2023\/09\/Museo-de-la-Charreria-Silla-de-Gala-Piteada-0057.jpg\" \/>\n\t<meta property=\"og:image:width\" content=\"1920\" \/>\n\t<meta property=\"og:image:height\" content=\"1280\" \/>\n\t<meta property=\"og:image:type\" content=\"image\/jpeg\" \/>\n<meta name=\"twitter:card\" content=\"summary_large_image\" \/>\n<meta name=\"twitter:label1\" content=\"Verwachte leestijd\" \/>\n\t<meta name=\"twitter:data1\" content=\"11 minuten\" \/>\n<script type=\"application\/ld+json\" class=\"yoast-schema-graph\">{\"@context\":\"https:\\\/\\\/schema.org\",\"@graph\":[{\"@type\":\"WebPage\",\"@id\":\"https:\\\/\\\/museodelacharreria.org.mx\\\/acerca-de\\\/\",\"url\":\"https:\\\/\\\/museodelacharreria.org.mx\\\/acerca-de\\\/\",\"name\":\"ACERCA DE - Museo de la Charrer\u00eda CDMX\",\"isPartOf\":{\"@id\":\"https:\\\/\\\/museodelacharreria.org.mx\\\/#website\"},\"primaryImageOfPage\":{\"@id\":\"https:\\\/\\\/museodelacharreria.org.mx\\\/acerca-de\\\/#primaryimage\"},\"image\":{\"@id\":\"https:\\\/\\\/museodelacharreria.org.mx\\\/acerca-de\\\/#primaryimage\"},\"thumbnailUrl\":\"https:\\\/\\\/museodelacharreria.org.mx\\\/wp-content\\\/uploads\\\/2023\\\/09\\\/Museo-de-la-Charreria-Silla-de-Gala-Piteada-0057.jpg\",\"datePublished\":\"2023-07-14T06:08:54+00:00\",\"dateModified\":\"2025-04-21T17:57:49+00:00\",\"breadcrumb\":{\"@id\":\"https:\\\/\\\/museodelacharreria.org.mx\\\/acerca-de\\\/#breadcrumb\"},\"inLanguage\":\"nl-NL\",\"potentialAction\":[{\"@type\":\"ReadAction\",\"target\":[\"https:\\\/\\\/museodelacharreria.org.mx\\\/acerca-de\\\/\"]}]},{\"@type\":\"ImageObject\",\"inLanguage\":\"nl-NL\",\"@id\":\"https:\\\/\\\/museodelacharreria.org.mx\\\/acerca-de\\\/#primaryimage\",\"url\":\"https:\\\/\\\/museodelacharreria.org.mx\\\/wp-content\\\/uploads\\\/2023\\\/09\\\/Museo-de-la-Charreria-Silla-de-Gala-Piteada-0057.jpg\",\"contentUrl\":\"https:\\\/\\\/museodelacharreria.org.mx\\\/wp-content\\\/uploads\\\/2023\\\/09\\\/Museo-de-la-Charreria-Silla-de-Gala-Piteada-0057.jpg\",\"width\":1920,\"height\":1280},{\"@type\":\"BreadcrumbList\",\"@id\":\"https:\\\/\\\/museodelacharreria.org.mx\\\/acerca-de\\\/#breadcrumb\",\"itemListElement\":[{\"@type\":\"ListItem\",\"position\":1,\"name\":\"Portada\",\"item\":\"https:\\\/\\\/museodelacharreria.org.mx\\\/inicio\\\/\"},{\"@type\":\"ListItem\",\"position\":2,\"name\":\"ACERCA DE\"}]},{\"@type\":\"WebSite\",\"@id\":\"https:\\\/\\\/museodelacharreria.org.mx\\\/#website\",\"url\":\"https:\\\/\\\/museodelacharreria.org.mx\\\/\",\"name\":\"Museo de la Charrer\u00eda CDMX\",\"description\":\"Historia y tradici\u00f3n, patrimonio cultural inmaterial de la humanidad UNESCO\",\"publisher\":{\"@id\":\"https:\\\/\\\/museodelacharreria.org.mx\\\/#organization\"},\"potentialAction\":[{\"@type\":\"SearchAction\",\"target\":{\"@type\":\"EntryPoint\",\"urlTemplate\":\"https:\\\/\\\/museodelacharreria.org.mx\\\/?s={search_term_string}\"},\"query-input\":{\"@type\":\"PropertyValueSpecification\",\"valueRequired\":true,\"valueName\":\"search_term_string\"}}],\"inLanguage\":\"nl-NL\"},{\"@type\":\"Organization\",\"@id\":\"https:\\\/\\\/museodelacharreria.org.mx\\\/#organization\",\"name\":\"Museo de la Charrer\u00eda Ciudad de M\u00e9xico\",\"alternateName\":\"Museo de la Charrer\u00eda CDMX\",\"url\":\"https:\\\/\\\/museodelacharreria.org.mx\\\/\",\"logo\":{\"@type\":\"ImageObject\",\"inLanguage\":\"nl-NL\",\"@id\":\"https:\\\/\\\/museodelacharreria.org.mx\\\/#\\\/schema\\\/logo\\\/image\\\/\",\"url\":\"https:\\\/\\\/museodelacharreria.org.mx\\\/wp-content\\\/uploads\\\/2023\\\/07\\\/Logo-Museo-de-la-Charreria-b-n.png\",\"contentUrl\":\"https:\\\/\\\/museodelacharreria.org.mx\\\/wp-content\\\/uploads\\\/2023\\\/07\\\/Logo-Museo-de-la-Charreria-b-n.png\",\"width\":500,\"height\":250,\"caption\":\"Museo de la Charrer\u00eda Ciudad de M\u00e9xico\"},\"image\":{\"@id\":\"https:\\\/\\\/museodelacharreria.org.mx\\\/#\\\/schema\\\/logo\\\/image\\\/\"},\"sameAs\":[\"https:\\\/\\\/www.youtube.com\\\/@MuseoDeLaCharreria\"]}]}<\/script>\n<!-- \/ Yoast SEO plugin. -->","yoast_head_json":{"title":"OVER - Museum van Charreria CDMX","robots":{"index":"index","follow":"follow","max-snippet":"max-snippet:-1","max-image-preview":"max-image-preview:large","max-video-preview":"max-video-preview:-1"},"canonical":"https:\/\/museodelacharreria.org.mx\/nl\/over\/","og_locale":"nl_NL","og_type":"article","og_title":"ACERCA DE - Museo de la Charrer\u00eda CDMX","og_url":"https:\/\/museodelacharreria.org.mx\/nl\/over\/","og_site_name":"Museo de la Charrer\u00eda CDMX","article_modified_time":"2025-04-21T17:57:49+00:00","og_image":[{"width":1920,"height":1280,"url":"https:\/\/museodelacharreria.org.mx\/wp-content\/uploads\/2023\/09\/Museo-de-la-Charreria-Silla-de-Gala-Piteada-0057.jpg","type":"image\/jpeg"}],"twitter_card":"summary_large_image","twitter_misc":{"Verwachte leestijd":"11 minuten"},"schema":{"@context":"https:\/\/schema.org","@graph":[{"@type":"WebPage","@id":"https:\/\/museodelacharreria.org.mx\/acerca-de\/","url":"https:\/\/museodelacharreria.org.mx\/acerca-de\/","name":"OVER - Museum van Charreria CDMX","isPartOf":{"@id":"https:\/\/museodelacharreria.org.mx\/#website"},"primaryImageOfPage":{"@id":"https:\/\/museodelacharreria.org.mx\/acerca-de\/#primaryimage"},"image":{"@id":"https:\/\/museodelacharreria.org.mx\/acerca-de\/#primaryimage"},"thumbnailUrl":"https:\/\/museodelacharreria.org.mx\/wp-content\/uploads\/2023\/09\/Museo-de-la-Charreria-Silla-de-Gala-Piteada-0057.jpg","datePublished":"2023-07-14T06:08:54+00:00","dateModified":"2025-04-21T17:57:49+00:00","breadcrumb":{"@id":"https:\/\/museodelacharreria.org.mx\/acerca-de\/#breadcrumb"},"inLanguage":"nl-NL","potentialAction":[{"@type":"ReadAction","target":["https:\/\/museodelacharreria.org.mx\/acerca-de\/"]}]},{"@type":"ImageObject","inLanguage":"nl-NL","@id":"https:\/\/museodelacharreria.org.mx\/acerca-de\/#primaryimage","url":"https:\/\/museodelacharreria.org.mx\/wp-content\/uploads\/2023\/09\/Museo-de-la-Charreria-Silla-de-Gala-Piteada-0057.jpg","contentUrl":"https:\/\/museodelacharreria.org.mx\/wp-content\/uploads\/2023\/09\/Museo-de-la-Charreria-Silla-de-Gala-Piteada-0057.jpg","width":1920,"height":1280},{"@type":"BreadcrumbList","@id":"https:\/\/museodelacharreria.org.mx\/acerca-de\/#breadcrumb","itemListElement":[{"@type":"ListItem","position":1,"name":"Portada","item":"https:\/\/museodelacharreria.org.mx\/inicio\/"},{"@type":"ListItem","position":2,"name":"ACERCA DE"}]},{"@type":"WebSite","@id":"https:\/\/museodelacharreria.org.mx\/#website","url":"https:\/\/museodelacharreria.org.mx\/","name":"Charreria Museum CDMX","description":"Geschiedenis en traditie, immaterieel cultureel erfgoed van de mensheid UNESCO","publisher":{"@id":"https:\/\/museodelacharreria.org.mx\/#organization"},"potentialAction":[{"@type":"SearchAction","target":{"@type":"EntryPoint","urlTemplate":"https:\/\/museodelacharreria.org.mx\/?s={search_term_string}"},"query-input":{"@type":"PropertyValueSpecification","valueRequired":true,"valueName":"search_term_string"}}],"inLanguage":"nl-NL"},{"@type":"Organization","@id":"https:\/\/museodelacharreria.org.mx\/#organization","name":"Museum van Charreria Mexico-Stad","alternateName":"Museo de la Charrer\u00eda CDMX","url":"https:\/\/museodelacharreria.org.mx\/","logo":{"@type":"ImageObject","inLanguage":"nl-NL","@id":"https:\/\/museodelacharreria.org.mx\/#\/schema\/logo\/image\/","url":"https:\/\/museodelacharreria.org.mx\/wp-content\/uploads\/2023\/07\/Logo-Museo-de-la-Charreria-b-n.png","contentUrl":"https:\/\/museodelacharreria.org.mx\/wp-content\/uploads\/2023\/07\/Logo-Museo-de-la-Charreria-b-n.png","width":500,"height":250,"caption":"Museo de la Charrer\u00eda Ciudad de M\u00e9xico"},"image":{"@id":"https:\/\/museodelacharreria.org.mx\/#\/schema\/logo\/image\/"},"sameAs":["https:\/\/www.youtube.com\/@MuseoDeLaCharreria"]}]}},"_links":{"self":[{"href":"https:\/\/museodelacharreria.org.mx\/nl\/wp-json\/wp\/v2\/pages\/58","targetHints":{"allow":["GET"]}}],"collection":[{"href":"https:\/\/museodelacharreria.org.mx\/nl\/wp-json\/wp\/v2\/pages"}],"about":[{"href":"https:\/\/museodelacharreria.org.mx\/nl\/wp-json\/wp\/v2\/types\/page"}],"author":[{"embeddable":true,"href":"https:\/\/museodelacharreria.org.mx\/nl\/wp-json\/wp\/v2\/users\/1"}],"replies":[{"embeddable":true,"href":"https:\/\/museodelacharreria.org.mx\/nl\/wp-json\/wp\/v2\/comments?post=58"}],"version-history":[{"count":42,"href":"https:\/\/museodelacharreria.org.mx\/nl\/wp-json\/wp\/v2\/pages\/58\/revisions"}],"predecessor-version":[{"id":4022,"href":"https:\/\/museodelacharreria.org.mx\/nl\/wp-json\/wp\/v2\/pages\/58\/revisions\/4022"}],"wp:featuredmedia":[{"embeddable":true,"href":"https:\/\/museodelacharreria.org.mx\/nl\/wp-json\/wp\/v2\/media\/1567"}],"wp:attachment":[{"href":"https:\/\/museodelacharreria.org.mx\/nl\/wp-json\/wp\/v2\/media?parent=58"}],"curies":[{"name":"wp","href":"https:\/\/api.w.org\/{rel}","templated":true}]}}