{"id":1717,"date":"2023-10-03T22:25:01","date_gmt":"2023-10-03T22:25:01","guid":{"rendered":"https:\/\/museodelacharreria.org.mx\/?page_id=1717"},"modified":"2024-12-06T07:16:19","modified_gmt":"2024-12-06T13:16:19","slug":"seculo-xvi","status":"publish","type":"page","link":"https:\/\/museodelacharreria.org.mx\/pt\/historia\/siglo-xvi\/","title":{"rendered":"S\u00c9CULO XVI"},"content":{"rendered":"<style type=\"text\/css\" data-created_by=\"avia_inline_auto\" id=\"style-css-av-2xkel7-efd690b0cbd67a9e0715bb26ce8e1cdb\">\n.avia-section.av-2xkel7-efd690b0cbd67a9e0715bb26ce8e1cdb{\nbackground-repeat:no-repeat;\nbackground-image:url(https:\/\/museodelacharreria.org.mx\/wp-content\/uploads\/2023\/10\/Conquista-de-Mexico-por-Cortes-Tenochtitlan-Painting-1.png);\nbackground-position:50% 0%;\nbackground-attachment:scroll;\nmargin-top:0px;\nmargin-bottom:0px;\n}\n<\/style>\n<div id='av_section_1'  class='avia-section av-2xkel7-efd690b0cbd67a9e0715bb26ce8e1cdb main_color avia-section-default avia-no-border-styling  avia-builder-el-0  el_before_av_submenu  avia-builder-el-first  avia-full-stretch avia-bg-style-scroll av-minimum-height av-minimum-height-60 av-height-percent  container_wrap fullsize'  data-section-bg-repeat='stretch' data-av_minimum_height_pc='60' data-av_min_height_opt='percent'><div class='container av-section-cont-open' ><main  role=\"main\" itemprop=\"mainContentOfPage\"  class='template-page content  av-content-full alpha units'><div class='post-entry post-entry-type-page post-entry-1717'><div class='entry-content-wrapper clearfix'>\n\n<style type=\"text\/css\" data-created_by=\"avia_inline_auto\" id=\"style-css-av-lo6ebcsz-fb73a2bdd8f7b191d794ed1e87211697\">\n.av_font_icon.av-lo6ebcsz-fb73a2bdd8f7b191d794ed1e87211697 .av-icon-char{\nfont-size:20px;\nline-height:20px;\n}\n<\/style>\n<span  class='av_font_icon av-lo6ebcsz-fb73a2bdd8f7b191d794ed1e87211697 avia_animate_when_visible av-icon-style- avia-icon-pos-right av-no-color avia-icon-animate'><span class='av-icon-char' aria-hidden='true' data-av_icon='\ue8e7' data-av_iconfont='entypo-fontello' data-avia-icon-tooltip=\"Imagen: La Conquista de Me\u0301xico por Corte\u0301s Tenochtitl\u00e1n &amp;#8211; Pintura &amp;#8211; Autor An\u00f3nimo &amp;#8211; Wikimedia Commons &amp;#8211; Dominio P\u00fablico&lt;br \/&gt;\"><\/span><\/span>\n<\/div><\/div><\/main><!-- close content main element --><\/div><\/div><div class='clear'><\/div><div id='sub_menu1'  class='av-submenu-container av-5syjid-20cc2c243a2f2778b0c5c3a1afbb5dc1 main_color  avia-builder-el-2  el_after_av_section  el_before_av_one_full  av-sticky-submenu submenu-not-first container_wrap fullsize' style='z-index:301' ><div class='container av-menu-mobile-disabled av-submenu-pos-center'><ul id=\"menu-historia\" class=\"av-subnav-menu\" role=\"menu\"><li role=\"menuitem\" id=\"menu-item-1778\" class=\"menu-item menu-item-type-post_type menu-item-object-page menu-item-top-level menu-item-top-level-1\"><a href=\"https:\/\/museodelacharreria.org.mx\/pt\/historia\/siglo-xvi\/\" itemprop=\"url\" tabindex=\"0\"><span class=\"avia-bullet\"><\/span><span class=\"avia-menu-text\">S\u00c9CULO XVI<\/span><span class=\"avia-menu-fx\"><span class=\"avia-arrow-wrap\"><span class=\"avia-arrow\"><\/span><\/span><\/span><\/a><\/li>\n<li role=\"menuitem\" id=\"menu-item-1797\" class=\"menu-item menu-item-type-post_type menu-item-object-page menu-item-top-level menu-item-top-level-2\"><a href=\"https:\/\/museodelacharreria.org.mx\/pt\/historia\/siglo-xvii\/\" itemprop=\"url\" tabindex=\"0\"><span class=\"avia-bullet\"><\/span><span class=\"avia-menu-text\">S\u00c9CULO XVII<\/span><span class=\"avia-menu-fx\"><span class=\"avia-arrow-wrap\"><span class=\"avia-arrow\"><\/span><\/span><\/span><\/a><\/li>\n<li role=\"menuitem\" id=\"menu-item-1809\" class=\"menu-item menu-item-type-post_type menu-item-object-page menu-item-top-level menu-item-top-level-3\"><a href=\"https:\/\/museodelacharreria.org.mx\/pt\/historia\/siglo-xviii\/\" itemprop=\"url\" tabindex=\"0\"><span class=\"avia-bullet\"><\/span><span class=\"avia-menu-text\">S\u00c9CULO XVIII<\/span><span class=\"avia-menu-fx\"><span class=\"avia-arrow-wrap\"><span class=\"avia-arrow\"><\/span><\/span><\/span><\/a><\/li>\n<li role=\"menuitem\" id=\"menu-item-1818\" class=\"menu-item menu-item-type-post_type menu-item-object-page menu-item-top-level menu-item-top-level-4\"><a href=\"https:\/\/museodelacharreria.org.mx\/pt\/historia\/siglo-xix\/\" itemprop=\"url\" tabindex=\"0\"><span class=\"avia-bullet\"><\/span><span class=\"avia-menu-text\">S\u00c9CULO XIX<\/span><span class=\"avia-menu-fx\"><span class=\"avia-arrow-wrap\"><span class=\"avia-arrow\"><\/span><\/span><\/span><\/a><\/li>\n<li role=\"menuitem\" id=\"menu-item-1840\" class=\"menu-item menu-item-type-post_type menu-item-object-page menu-item-top-level menu-item-top-level-5\"><a href=\"https:\/\/museodelacharreria.org.mx\/pt\/historia\/siglo-xx\/\" itemprop=\"url\" tabindex=\"0\"><span class=\"avia-bullet\"><\/span><span class=\"avia-menu-text\">S\u00c9CULO XX<\/span><span class=\"avia-menu-fx\"><span class=\"avia-arrow-wrap\"><span class=\"avia-arrow\"><\/span><\/span><\/span><\/a><\/li>\n<li role=\"menuitem\" id=\"menu-item-1863\" class=\"menu-item menu-item-type-post_type menu-item-object-page menu-item-top-level menu-item-top-level-6\"><a href=\"https:\/\/museodelacharreria.org.mx\/pt\/historia\/siglo-xxi\/\" itemprop=\"url\" tabindex=\"0\"><span class=\"avia-bullet\"><\/span><span class=\"avia-menu-text\">S\u00c9CULO XXI<\/span><span class=\"avia-menu-fx\"><span class=\"avia-arrow-wrap\"><span class=\"avia-arrow\"><\/span><\/span><\/span><\/a><\/li>\n<\/ul><\/div><\/div><div class='sticky_placeholder'><\/div><div id='after_submenu_1'  class='main_color av_default_container_wrap container_wrap fullsize'  ><div class='container av-section-cont-open' ><div class='template-page content  av-content-full alpha units'><div class='post-entry post-entry-type-page post-entry-1717'><div class='entry-content-wrapper clearfix'><\/p>\n\n<style type=\"text\/css\" data-created_by=\"avia_inline_auto\" id=\"style-css-av-lnapyhdx-b289005ca77e5017eff9eca400f12de3\">\n#top .flex_column.av-lnapyhdx-b289005ca77e5017eff9eca400f12de3{\nmargin-top:-7%;\nmargin-bottom:0px;\n}\n.flex_column.av-lnapyhdx-b289005ca77e5017eff9eca400f12de3{\npadding:5% 5% 5% 5%;\nbackground-color:rgba(10,10,10,0.48);\n}\n.responsive #top #wrap_all .flex_column.av-lnapyhdx-b289005ca77e5017eff9eca400f12de3{\nmargin-top:-7%;\nmargin-bottom:0px;\n}\n<\/style>\n<div  class='flex_column av-lnapyhdx-b289005ca77e5017eff9eca400f12de3 av_one_full  avia-builder-el-3  el_after_av_submenu  avia-builder-el-no-sibling  first flex_column_div'     ><p>\n<style type=\"text\/css\" data-created_by=\"avia_inline_auto\" id=\"style-css-av-lnap3288-1a7a4689fa204605fa70295bc8423f2c\">\n#top .av-special-heading.av-lnap3288-1a7a4689fa204605fa70295bc8423f2c{\npadding-bottom:10px;\n}\nbody .av-special-heading.av-lnap3288-1a7a4689fa204605fa70295bc8423f2c .av-special-heading-tag .heading-char{\nfont-size:25px;\n}\n.av-special-heading.av-lnap3288-1a7a4689fa204605fa70295bc8423f2c .av-subheading{\nfont-size:15px;\n}\n<\/style>\n<div  class='av-special-heading av-lnap3288-1a7a4689fa204605fa70295bc8423f2c av-special-heading-h2 blockquote modern-quote modern-centered  avia-builder-el-4  el_before_av_textblock  avia-builder-el-first'><h2 class='av-special-heading-tag'  itemprop=\"headline\"  >S\u00c9CULO XVI<\/h2><div class='av-subheading av-subheading_below'><p>A evolu\u00e7\u00e3o da charreria ao longo da hist\u00f3ria mexicana<\/p>\n<\/div><div class=\"special-heading-border\"><div class=\"special-heading-inner-border\"><\/div><\/div><\/div><br \/>\n<section  class='av_textblock_section av-lnap26cr-22bc630749eb84fff7f01f2c3751306f'   itemscope=\"itemscope\" itemtype=\"https:\/\/schema.org\/CreativeWork\" ><div class='avia_textblock'  itemprop=\"text\" ><p>A charreria, como uma tradi\u00e7\u00e3o equestre, tem suas origens na chegada dos primeiros cavalos ao M\u00e9xico durante a conquista.<\/p>\n<blockquote>\n<p><em>\"Depois de Deus, a quem devemos a conquista do M\u00e9xico, \u00e9 aos nossos cavalos\" Bernal D\u00edaz del Castillo \"Historia verdadera de la conquista de Nueva Espa\u00f1a\",<\/em><\/p>\n<\/blockquote>\n<p>Durante os primeiros anos da vida colonial, o que restou do Imp\u00e9rio Asteca foi demolido. O planejamento da nova cidade, que seria a sede dos castelhanos, foi iniciado nos lotes de terra. As aldeias e os \u00edndios foram distribu\u00eddos como encomienda a cada um dos soldados espanh\u00f3is, com a obriga\u00e7\u00e3o de construir a Nova Espanha.<\/p>\n<p>Foi assim, \u00e0s custas dos pr\u00f3prios \u00edndios, que a cidade se ergueu como que por encanto, enquanto o \u00edndio vencido, o verdadeiro senhor de tudo, cultivava em sil\u00eancio um peda\u00e7o de terra, com a lembran\u00e7a de sua gl\u00f3ria passada.<\/p>\n<p>Os espanh\u00f3is, temendo a revolta desse povo valente e indom\u00e1vel, proibiram expressamente que montassem a cavalo, sob pena de morte e confisco de bens (Instru\u00e7\u00f5es dadas pela segunda audi\u00eancia em Madri, 12 de julho de 1530, lei trig\u00e9sima terceira, livro seis, t\u00edtulo um).<img loading=\"lazy\" decoding=\"async\" class=\"size-medium wp-image-1792 alignright\" src=\"https:\/\/museodelacharreria.org.mx\/wp-content\/uploads\/2023\/10\/pngwing.com_-400x400.png\" alt=\"\" width=\"400\" height=\"400\" srcset=\"https:\/\/museodelacharreria.org.mx\/wp-content\/uploads\/2023\/10\/pngwing.com_-400x400.png 400w, https:\/\/museodelacharreria.org.mx\/wp-content\/uploads\/2023\/10\/pngwing.com_-100x100.png 100w, https:\/\/museodelacharreria.org.mx\/wp-content\/uploads\/2023\/10\/pngwing.com_-768x768.png 768w, https:\/\/museodelacharreria.org.mx\/wp-content\/uploads\/2023\/10\/pngwing.com_-36x36.png 36w, https:\/\/museodelacharreria.org.mx\/wp-content\/uploads\/2023\/10\/pngwing.com_-180x180.png 180w, https:\/\/museodelacharreria.org.mx\/wp-content\/uploads\/2023\/10\/pngwing.com_-705x705.png 705w, https:\/\/museodelacharreria.org.mx\/wp-content\/uploads\/2023\/10\/pngwing.com_.png 850w\" sizes=\"auto, (max-width: 400px) 100vw, 400px\" \/><\/p>\n<p>Os colonos e os frades chegaram e impuseram uma nova cultura. Muitos elementos pr\u00e9-hisp\u00e2nicos desapareceram no choque brutal entre dois mundos totalmente diferentes. Alguns sobreviveram e se misturaram com o que os conquistadores trouxeram, dando origem a uma mesti\u00e7agem rica e diversificada.<\/p>\n<p>As necessidades rurais dos criadores de gado eram atendidas por mesti\u00e7os e \u00edndios e, em 1531, o frade portugu\u00eas Pedro Barrientos ensinou-lhes a cria\u00e7\u00e3o e a preserva\u00e7\u00e3o de cavalos, a arte de dom\u00e1-los e de correr com eles sem sela, com uma corda e um cabresto.<\/p>\n<p>Em 1535, Sebasti\u00e1n de Aparicio, frade e santo, conseguiu que um soldado constru\u00edsse as primeiras rodas e a primeira carro\u00e7a da Am\u00e9rica, o que permitiu a abertura de estradas, aliviando, de certa forma, a servid\u00e3o dos Tamemes. Ele foi o guia e mentor dos ind\u00edgenas nas \u00e1rduas tarefas de domesticar e aproveitar as bestas para as selas, e solicitou a primeira permiss\u00e3o dos reis da Espanha para que os ind\u00edgenas pudessem montar e, a partir de ent\u00e3o, a lend\u00e1ria charrer\u00eda surgiu na Mesa Central at\u00e9 se espalhar pelos confins da terra.<\/p>\n<p>O primeiro vice-rei, Don Antonio de Mendoza, concedeu a alguns caciques, vassalos e aliados permiss\u00e3o para montar. Sob o comando de Don Luis de Velasco, o segundo vice-rei, foi concedida permiss\u00e3o para que \u00edndios e mesti\u00e7os montassem a cavalo, com a condi\u00e7\u00e3o de que usassem roupas de couro, e n\u00e3o casimiras, para se diferenciarem dos espanh\u00f3is.<\/p>\n<p>Em 1551, Don Luis de Velasco ordenou a organiza\u00e7\u00e3o da atividade dos criadores de gado, com os \"Hermanos de la Mesta, propriet\u00e1rios de 300 ou mais cabe\u00e7as de gado\", que foram organizados em diferentes partes da Nova Espanha, e mais tarde foi criado o Tribunal de la Mesta. Em 1574, novas ordenan\u00e7as foram aprovadas e confirmadas em 1631, regulamentando o rodeio e a ferradura, que deveriam ser realizados pelo menos duas vezes por ano, pelos \u00edndios mesti\u00e7os, que eram respons\u00e1veis pelo gado.<\/p>\n<\/div><\/section><\/p><\/div>","protected":false},"excerpt":{"rendered":"","protected":false},"author":2,"featured_media":1948,"parent":56,"menu_order":0,"comment_status":"closed","ping_status":"closed","template":"","meta":{"footnotes":""},"class_list":["post-1717","page","type-page","status-publish","has-post-thumbnail","hentry"],"yoast_head":"<!-- This site is optimized with the Yoast SEO plugin v27.4 - https:\/\/yoast.com\/product\/yoast-seo-wordpress\/ -->\n<title>SIGLO XVI - Museo de la Charrer\u00eda CDMX<\/title>\n<meta name=\"robots\" content=\"index, follow, max-snippet:-1, max-image-preview:large, max-video-preview:-1\" \/>\n<link rel=\"canonical\" href=\"https:\/\/museodelacharreria.org.mx\/pt\/historico\/seculo-xvi\/\" \/>\n<meta property=\"og:locale\" content=\"pt_BR\" \/>\n<meta property=\"og:type\" content=\"article\" \/>\n<meta property=\"og:title\" content=\"SIGLO XVI - Museo de la Charrer\u00eda CDMX\" \/>\n<meta property=\"og:url\" content=\"https:\/\/museodelacharreria.org.mx\/pt\/historico\/seculo-xvi\/\" \/>\n<meta property=\"og:site_name\" content=\"Museo de la Charrer\u00eda CDMX\" \/>\n<meta property=\"article:modified_time\" content=\"2024-12-06T13:16:19+00:00\" \/>\n<meta property=\"og:image\" content=\"https:\/\/museodelacharreria.org.mx\/wp-content\/uploads\/2023\/10\/Conquista-de-Mexico-por-Cortes-Tenochtitlan-Painting-1.png\" \/>\n\t<meta property=\"og:image:width\" content=\"1500\" \/>\n\t<meta property=\"og:image:height\" content=\"998\" \/>\n\t<meta property=\"og:image:type\" content=\"image\/png\" \/>\n<meta name=\"twitter:card\" content=\"summary_large_image\" \/>\n<meta name=\"twitter:label1\" content=\"Est. tempo de leitura\" \/>\n\t<meta name=\"twitter:data1\" content=\"3 minutos\" \/>\n<script type=\"application\/ld+json\" class=\"yoast-schema-graph\">{\"@context\":\"https:\\\/\\\/schema.org\",\"@graph\":[{\"@type\":\"WebPage\",\"@id\":\"https:\\\/\\\/museodelacharreria.org.mx\\\/historia\\\/siglo-xvi\\\/\",\"url\":\"https:\\\/\\\/museodelacharreria.org.mx\\\/historia\\\/siglo-xvi\\\/\",\"name\":\"SIGLO XVI - Museo de la Charrer\u00eda CDMX\",\"isPartOf\":{\"@id\":\"https:\\\/\\\/museodelacharreria.org.mx\\\/#website\"},\"primaryImageOfPage\":{\"@id\":\"https:\\\/\\\/museodelacharreria.org.mx\\\/historia\\\/siglo-xvi\\\/#primaryimage\"},\"image\":{\"@id\":\"https:\\\/\\\/museodelacharreria.org.mx\\\/historia\\\/siglo-xvi\\\/#primaryimage\"},\"thumbnailUrl\":\"https:\\\/\\\/museodelacharreria.org.mx\\\/wp-content\\\/uploads\\\/2023\\\/10\\\/Conquista-de-Mexico-por-Cortes-Tenochtitlan-Painting-1.png\",\"datePublished\":\"2023-10-03T22:25:01+00:00\",\"dateModified\":\"2024-12-06T13:16:19+00:00\",\"breadcrumb\":{\"@id\":\"https:\\\/\\\/museodelacharreria.org.mx\\\/historia\\\/siglo-xvi\\\/#breadcrumb\"},\"inLanguage\":\"pt-BR\",\"potentialAction\":[{\"@type\":\"ReadAction\",\"target\":[\"https:\\\/\\\/museodelacharreria.org.mx\\\/historia\\\/siglo-xvi\\\/\"]}]},{\"@type\":\"ImageObject\",\"inLanguage\":\"pt-BR\",\"@id\":\"https:\\\/\\\/museodelacharreria.org.mx\\\/historia\\\/siglo-xvi\\\/#primaryimage\",\"url\":\"https:\\\/\\\/museodelacharreria.org.mx\\\/wp-content\\\/uploads\\\/2023\\\/10\\\/Conquista-de-Mexico-por-Cortes-Tenochtitlan-Painting-1.png\",\"contentUrl\":\"https:\\\/\\\/museodelacharreria.org.mx\\\/wp-content\\\/uploads\\\/2023\\\/10\\\/Conquista-de-Mexico-por-Cortes-Tenochtitlan-Painting-1.png\",\"width\":1920,\"height\":1277,\"caption\":\"Conquista de Me\u0301xico por Corte\u0301s Tenochtitl\u00e1n Painting Autor An\u00f3nimo - Wikimedia Commons - Dominio P\u00fablico\"},{\"@type\":\"BreadcrumbList\",\"@id\":\"https:\\\/\\\/museodelacharreria.org.mx\\\/historia\\\/siglo-xvi\\\/#breadcrumb\",\"itemListElement\":[{\"@type\":\"ListItem\",\"position\":1,\"name\":\"Portada\",\"item\":\"https:\\\/\\\/museodelacharreria.org.mx\\\/inicio\\\/\"},{\"@type\":\"ListItem\",\"position\":2,\"name\":\"HISTORIA\",\"item\":\"https:\\\/\\\/museodelacharreria.org.mx\\\/historia\\\/\"},{\"@type\":\"ListItem\",\"position\":3,\"name\":\"SIGLO XVI\"}]},{\"@type\":\"WebSite\",\"@id\":\"https:\\\/\\\/museodelacharreria.org.mx\\\/#website\",\"url\":\"https:\\\/\\\/museodelacharreria.org.mx\\\/\",\"name\":\"Museo de la Charrer\u00eda CDMX\",\"description\":\"Historia y tradici\u00f3n, patrimonio cultural inmaterial de la humanidad UNESCO\",\"publisher\":{\"@id\":\"https:\\\/\\\/museodelacharreria.org.mx\\\/#organization\"},\"potentialAction\":[{\"@type\":\"SearchAction\",\"target\":{\"@type\":\"EntryPoint\",\"urlTemplate\":\"https:\\\/\\\/museodelacharreria.org.mx\\\/?s={search_term_string}\"},\"query-input\":{\"@type\":\"PropertyValueSpecification\",\"valueRequired\":true,\"valueName\":\"search_term_string\"}}],\"inLanguage\":\"pt-BR\"},{\"@type\":\"Organization\",\"@id\":\"https:\\\/\\\/museodelacharreria.org.mx\\\/#organization\",\"name\":\"Museo de la Charrer\u00eda Ciudad de M\u00e9xico\",\"alternateName\":\"Museo de la Charrer\u00eda CDMX\",\"url\":\"https:\\\/\\\/museodelacharreria.org.mx\\\/\",\"logo\":{\"@type\":\"ImageObject\",\"inLanguage\":\"pt-BR\",\"@id\":\"https:\\\/\\\/museodelacharreria.org.mx\\\/#\\\/schema\\\/logo\\\/image\\\/\",\"url\":\"https:\\\/\\\/museodelacharreria.org.mx\\\/wp-content\\\/uploads\\\/2023\\\/07\\\/Logo-Museo-de-la-Charreria-b-n.png\",\"contentUrl\":\"https:\\\/\\\/museodelacharreria.org.mx\\\/wp-content\\\/uploads\\\/2023\\\/07\\\/Logo-Museo-de-la-Charreria-b-n.png\",\"width\":500,\"height\":250,\"caption\":\"Museo de la Charrer\u00eda Ciudad de M\u00e9xico\"},\"image\":{\"@id\":\"https:\\\/\\\/museodelacharreria.org.mx\\\/#\\\/schema\\\/logo\\\/image\\\/\"},\"sameAs\":[\"https:\\\/\\\/www.youtube.com\\\/@MuseoDeLaCharreria\"]}]}<\/script>\n<!-- \/ Yoast SEO plugin. -->","yoast_head_json":{"title":"S\u00c9CULO XVI - Museu de Charreria CDMX","robots":{"index":"index","follow":"follow","max-snippet":"max-snippet:-1","max-image-preview":"max-image-preview:large","max-video-preview":"max-video-preview:-1"},"canonical":"https:\/\/museodelacharreria.org.mx\/pt\/historico\/seculo-xvi\/","og_locale":"pt_BR","og_type":"article","og_title":"SIGLO XVI - Museo de la Charrer\u00eda CDMX","og_url":"https:\/\/museodelacharreria.org.mx\/pt\/historico\/seculo-xvi\/","og_site_name":"Museo de la Charrer\u00eda CDMX","article_modified_time":"2024-12-06T13:16:19+00:00","og_image":[{"url":"https:\/\/museodelacharreria.org.mx\/wp-content\/uploads\/2023\/10\/Conquista-de-Mexico-por-Cortes-Tenochtitlan-Painting-1.png","width":1500,"height":998,"type":"image\/png"}],"twitter_card":"summary_large_image","twitter_misc":{"Est. tempo de leitura":"3 minutos"},"schema":{"@context":"https:\/\/schema.org","@graph":[{"@type":"WebPage","@id":"https:\/\/museodelacharreria.org.mx\/historia\/siglo-xvi\/","url":"https:\/\/museodelacharreria.org.mx\/historia\/siglo-xvi\/","name":"S\u00c9CULO XVI - Museu de Charreria CDMX","isPartOf":{"@id":"https:\/\/museodelacharreria.org.mx\/#website"},"primaryImageOfPage":{"@id":"https:\/\/museodelacharreria.org.mx\/historia\/siglo-xvi\/#primaryimage"},"image":{"@id":"https:\/\/museodelacharreria.org.mx\/historia\/siglo-xvi\/#primaryimage"},"thumbnailUrl":"https:\/\/museodelacharreria.org.mx\/wp-content\/uploads\/2023\/10\/Conquista-de-Mexico-por-Cortes-Tenochtitlan-Painting-1.png","datePublished":"2023-10-03T22:25:01+00:00","dateModified":"2024-12-06T13:16:19+00:00","breadcrumb":{"@id":"https:\/\/museodelacharreria.org.mx\/historia\/siglo-xvi\/#breadcrumb"},"inLanguage":"pt-BR","potentialAction":[{"@type":"ReadAction","target":["https:\/\/museodelacharreria.org.mx\/historia\/siglo-xvi\/"]}]},{"@type":"ImageObject","inLanguage":"pt-BR","@id":"https:\/\/museodelacharreria.org.mx\/historia\/siglo-xvi\/#primaryimage","url":"https:\/\/museodelacharreria.org.mx\/wp-content\/uploads\/2023\/10\/Conquista-de-Mexico-por-Cortes-Tenochtitlan-Painting-1.png","contentUrl":"https:\/\/museodelacharreria.org.mx\/wp-content\/uploads\/2023\/10\/Conquista-de-Mexico-por-Cortes-Tenochtitlan-Painting-1.png","width":1920,"height":1277,"caption":"Conquista de Me\u0301xico por Corte\u0301s Tenochtitl\u00e1n Painting Autor An\u00f3nimo - Wikimedia Commons - Dominio P\u00fablico"},{"@type":"BreadcrumbList","@id":"https:\/\/museodelacharreria.org.mx\/historia\/siglo-xvi\/#breadcrumb","itemListElement":[{"@type":"ListItem","position":1,"name":"Portada","item":"https:\/\/museodelacharreria.org.mx\/inicio\/"},{"@type":"ListItem","position":2,"name":"HISTORIA","item":"https:\/\/museodelacharreria.org.mx\/historia\/"},{"@type":"ListItem","position":3,"name":"SIGLO XVI"}]},{"@type":"WebSite","@id":"https:\/\/museodelacharreria.org.mx\/#website","url":"https:\/\/museodelacharreria.org.mx\/","name":"Museu da Charreria CDMX","description":"Hist\u00f3ria e tradi\u00e7\u00e3o, patrim\u00f4nio cultural intang\u00edvel da humanidade UNESCO","publisher":{"@id":"https:\/\/museodelacharreria.org.mx\/#organization"},"potentialAction":[{"@type":"SearchAction","target":{"@type":"EntryPoint","urlTemplate":"https:\/\/museodelacharreria.org.mx\/?s={search_term_string}"},"query-input":{"@type":"PropertyValueSpecification","valueRequired":true,"valueName":"search_term_string"}}],"inLanguage":"pt-BR"},{"@type":"Organization","@id":"https:\/\/museodelacharreria.org.mx\/#organization","name":"Museu de Charreria Cidade do M\u00e9xico","alternateName":"Museo de la Charrer\u00eda CDMX","url":"https:\/\/museodelacharreria.org.mx\/","logo":{"@type":"ImageObject","inLanguage":"pt-BR","@id":"https:\/\/museodelacharreria.org.mx\/#\/schema\/logo\/image\/","url":"https:\/\/museodelacharreria.org.mx\/wp-content\/uploads\/2023\/07\/Logo-Museo-de-la-Charreria-b-n.png","contentUrl":"https:\/\/museodelacharreria.org.mx\/wp-content\/uploads\/2023\/07\/Logo-Museo-de-la-Charreria-b-n.png","width":500,"height":250,"caption":"Museo de la Charrer\u00eda Ciudad de M\u00e9xico"},"image":{"@id":"https:\/\/museodelacharreria.org.mx\/#\/schema\/logo\/image\/"},"sameAs":["https:\/\/www.youtube.com\/@MuseoDeLaCharreria"]}]}},"_links":{"self":[{"href":"https:\/\/museodelacharreria.org.mx\/pt\/wp-json\/wp\/v2\/pages\/1717","targetHints":{"allow":["GET"]}}],"collection":[{"href":"https:\/\/museodelacharreria.org.mx\/pt\/wp-json\/wp\/v2\/pages"}],"about":[{"href":"https:\/\/museodelacharreria.org.mx\/pt\/wp-json\/wp\/v2\/types\/page"}],"author":[{"embeddable":true,"href":"https:\/\/museodelacharreria.org.mx\/pt\/wp-json\/wp\/v2\/users\/2"}],"replies":[{"embeddable":true,"href":"https:\/\/museodelacharreria.org.mx\/pt\/wp-json\/wp\/v2\/comments?post=1717"}],"version-history":[{"count":25,"href":"https:\/\/museodelacharreria.org.mx\/pt\/wp-json\/wp\/v2\/pages\/1717\/revisions"}],"predecessor-version":[{"id":3984,"href":"https:\/\/museodelacharreria.org.mx\/pt\/wp-json\/wp\/v2\/pages\/1717\/revisions\/3984"}],"up":[{"embeddable":true,"href":"https:\/\/museodelacharreria.org.mx\/pt\/wp-json\/wp\/v2\/pages\/56"}],"wp:featuredmedia":[{"embeddable":true,"href":"https:\/\/museodelacharreria.org.mx\/pt\/wp-json\/wp\/v2\/media\/1948"}],"wp:attachment":[{"href":"https:\/\/museodelacharreria.org.mx\/pt\/wp-json\/wp\/v2\/media?parent=1717"}],"curies":[{"name":"wp","href":"https:\/\/api.w.org\/{rel}","templated":true}]}}