{"id":1860,"date":"2023-10-04T15:26:46","date_gmt":"2023-10-04T15:26:46","guid":{"rendered":"https:\/\/museodelacharreria.org.mx\/?page_id=1860"},"modified":"2024-12-06T07:19:49","modified_gmt":"2024-12-06T13:19:49","slug":"seculo-xxi","status":"publish","type":"page","link":"https:\/\/museodelacharreria.org.mx\/pt\/historia\/siglo-xxi\/","title":{"rendered":"S\u00c9CULO XXI"},"content":{"rendered":"<style type=\"text\/css\" data-created_by=\"avia_inline_auto\" id=\"style-css-av-2xkel7-7cb06acf2a8335a2f04f88bf159492f4\">\n.avia-section.av-2xkel7-7cb06acf2a8335a2f04f88bf159492f4{\nbackground-repeat:no-repeat;\nbackground-image:url(https:\/\/museodelacharreria.org.mx\/wp-content\/uploads\/2023\/10\/Arena-San-Marcos-Aguascalientes.jpeg);\nbackground-position:50% 0%;\nbackground-attachment:scroll;\nmargin-top:0px;\nmargin-bottom:0px;\n}\n<\/style>\n<div id='av_section_1'  class='avia-section av-2xkel7-7cb06acf2a8335a2f04f88bf159492f4 main_color avia-section-default avia-no-border-styling  avia-builder-el-0  el_before_av_submenu  avia-builder-el-first  avia-full-stretch avia-bg-style-scroll av-minimum-height av-minimum-height-60 av-height-percent  container_wrap fullsize'  data-section-bg-repeat='stretch' data-av_minimum_height_pc='60' data-av_min_height_opt='percent'><div class='container av-section-cont-open' ><main  role=\"main\" itemprop=\"mainContentOfPage\"  class='template-page content  av-content-full alpha units'><div class='post-entry post-entry-type-page post-entry-1860'><div class='entry-content-wrapper clearfix'>\n<\/div><\/div><\/main><!-- close content main element --><\/div><\/div><div class='clear'><\/div><div id='sub_menu1'  class='av-submenu-container av-5syjid-20cc2c243a2f2778b0c5c3a1afbb5dc1 main_color  avia-builder-el-1  el_after_av_section  el_before_av_one_full  av-sticky-submenu submenu-not-first container_wrap fullsize' style='z-index:301' ><div class='container av-menu-mobile-disabled av-submenu-pos-center'><ul id=\"menu-historia\" class=\"av-subnav-menu\" role=\"menu\"><li role=\"menuitem\" id=\"menu-item-1778\" class=\"menu-item menu-item-type-post_type menu-item-object-page menu-item-top-level menu-item-top-level-1\"><a href=\"https:\/\/museodelacharreria.org.mx\/pt\/historia\/siglo-xvi\/\" itemprop=\"url\" tabindex=\"0\"><span class=\"avia-bullet\"><\/span><span class=\"avia-menu-text\">S\u00c9CULO XVI<\/span><span class=\"avia-menu-fx\"><span class=\"avia-arrow-wrap\"><span class=\"avia-arrow\"><\/span><\/span><\/span><\/a><\/li>\n<li role=\"menuitem\" id=\"menu-item-1797\" class=\"menu-item menu-item-type-post_type menu-item-object-page menu-item-top-level menu-item-top-level-2\"><a href=\"https:\/\/museodelacharreria.org.mx\/pt\/historia\/siglo-xvii\/\" itemprop=\"url\" tabindex=\"0\"><span class=\"avia-bullet\"><\/span><span class=\"avia-menu-text\">S\u00c9CULO XVII<\/span><span class=\"avia-menu-fx\"><span class=\"avia-arrow-wrap\"><span class=\"avia-arrow\"><\/span><\/span><\/span><\/a><\/li>\n<li role=\"menuitem\" id=\"menu-item-1809\" class=\"menu-item menu-item-type-post_type menu-item-object-page menu-item-top-level menu-item-top-level-3\"><a href=\"https:\/\/museodelacharreria.org.mx\/pt\/historia\/siglo-xviii\/\" itemprop=\"url\" tabindex=\"0\"><span class=\"avia-bullet\"><\/span><span class=\"avia-menu-text\">S\u00c9CULO XVIII<\/span><span class=\"avia-menu-fx\"><span class=\"avia-arrow-wrap\"><span class=\"avia-arrow\"><\/span><\/span><\/span><\/a><\/li>\n<li role=\"menuitem\" id=\"menu-item-1818\" class=\"menu-item menu-item-type-post_type menu-item-object-page menu-item-top-level menu-item-top-level-4\"><a href=\"https:\/\/museodelacharreria.org.mx\/pt\/historia\/siglo-xix\/\" itemprop=\"url\" tabindex=\"0\"><span class=\"avia-bullet\"><\/span><span class=\"avia-menu-text\">S\u00c9CULO XIX<\/span><span class=\"avia-menu-fx\"><span class=\"avia-arrow-wrap\"><span class=\"avia-arrow\"><\/span><\/span><\/span><\/a><\/li>\n<li role=\"menuitem\" id=\"menu-item-1840\" class=\"menu-item menu-item-type-post_type menu-item-object-page menu-item-top-level menu-item-top-level-5\"><a href=\"https:\/\/museodelacharreria.org.mx\/pt\/historia\/siglo-xx\/\" itemprop=\"url\" tabindex=\"0\"><span class=\"avia-bullet\"><\/span><span class=\"avia-menu-text\">S\u00c9CULO XX<\/span><span class=\"avia-menu-fx\"><span class=\"avia-arrow-wrap\"><span class=\"avia-arrow\"><\/span><\/span><\/span><\/a><\/li>\n<li role=\"menuitem\" id=\"menu-item-1863\" class=\"menu-item menu-item-type-post_type menu-item-object-page menu-item-top-level menu-item-top-level-6\"><a href=\"https:\/\/museodelacharreria.org.mx\/pt\/historia\/siglo-xxi\/\" itemprop=\"url\" tabindex=\"0\"><span class=\"avia-bullet\"><\/span><span class=\"avia-menu-text\">S\u00c9CULO XXI<\/span><span class=\"avia-menu-fx\"><span class=\"avia-arrow-wrap\"><span class=\"avia-arrow\"><\/span><\/span><\/span><\/a><\/li>\n<\/ul><\/div><\/div><div class='sticky_placeholder'><\/div><div id='after_submenu_1'  class='main_color av_default_container_wrap container_wrap fullsize'  ><div class='container av-section-cont-open' ><div class='template-page content  av-content-full alpha units'><div class='post-entry post-entry-type-page post-entry-1860'><div class='entry-content-wrapper clearfix'><\/p>\n\n<style type=\"text\/css\" data-created_by=\"avia_inline_auto\" id=\"style-css-av-lnapyhdx-b289005ca77e5017eff9eca400f12de3\">\n#top .flex_column.av-lnapyhdx-b289005ca77e5017eff9eca400f12de3{\nmargin-top:-7%;\nmargin-bottom:0px;\n}\n.flex_column.av-lnapyhdx-b289005ca77e5017eff9eca400f12de3{\npadding:5% 5% 5% 5%;\nbackground-color:rgba(10,10,10,0.48);\n}\n.responsive #top #wrap_all .flex_column.av-lnapyhdx-b289005ca77e5017eff9eca400f12de3{\nmargin-top:-7%;\nmargin-bottom:0px;\n}\n<\/style>\n<div  class='flex_column av-lnapyhdx-b289005ca77e5017eff9eca400f12de3 av_one_full  avia-builder-el-2  el_after_av_submenu  avia-builder-el-no-sibling  first flex_column_div'     ><p>\n<style type=\"text\/css\" data-created_by=\"avia_inline_auto\" id=\"style-css-av-lnap3288-949d34600aa6c8a0b4b5ac9f23fb7c57\">\n#top .av-special-heading.av-lnap3288-949d34600aa6c8a0b4b5ac9f23fb7c57{\npadding-bottom:10px;\n}\nbody .av-special-heading.av-lnap3288-949d34600aa6c8a0b4b5ac9f23fb7c57 .av-special-heading-tag .heading-char{\nfont-size:25px;\n}\n.av-special-heading.av-lnap3288-949d34600aa6c8a0b4b5ac9f23fb7c57 .av-subheading{\nfont-size:15px;\n}\n<\/style>\n<div  class='av-special-heading av-lnap3288-949d34600aa6c8a0b4b5ac9f23fb7c57 av-special-heading-h2 blockquote modern-quote modern-centered  avia-builder-el-3  el_before_av_textblock  avia-builder-el-first'><h2 class='av-special-heading-tag'  itemprop=\"headline\"  >S\u00c9CULO XXI<\/h2><div class='av-subheading av-subheading_below'><p>A evolu\u00e7\u00e3o da charreria ao longo da hist\u00f3ria mexicana<\/p>\n<\/div><div class=\"special-heading-border\"><div class=\"special-heading-inner-border\"><\/div><\/div><\/div><br \/>\n<section  class='av_textblock_section av-lnap26cr-22bc630749eb84fff7f01f2c3751306f'   itemscope=\"itemscope\" itemtype=\"https:\/\/schema.org\/CreativeWork\" ><div class='avia_textblock'  itemprop=\"text\" ><p>No in\u00edcio do s\u00e9culo XXI, a federa\u00e7\u00e3o havia completado 67 anos, nos quais houve 27 presidentes sucessivos da Diretoria Nacional, cujo cargo, por elei\u00e7\u00e3o democr\u00e1tica, tem dura\u00e7\u00e3o de 4 anos. Em 2001, o atual presidente era Jorge Octavio Rivera Casta\u00f1eda, que serviu de 2000 a 2004.<\/p>\n<p>Em 2001, foi realizada a quinquag\u00e9sima s\u00e9tima edi\u00e7\u00e3o (LVII) do Congresso e Campeonato Nacional de Charro, o maior evento esportivo da charreria. Para chegar ao campeonato nacional, h\u00e1 rodadas classificat\u00f3rias em todos os 32 estados mexicanos e em cerca de 14 a 16 estados dos Estados Unidos da Am\u00e9rica.<\/p>\n<p>Em 2016, a Charrer\u00eda mexicana foi declarada Patrim\u00f4nio Imaterial da Humanidade pela UNESCO. A declara\u00e7\u00e3o diz o seguinte: \"Charreria, tradi\u00e7\u00e3o equestre no M\u00e9xico. Inscrita em 2016 (11.COM) na Lista Representativa do Patrim\u00f4nio Cultural Imaterial da Humanidade\".<\/p>\n<p style=\"text-align: center;\"><strong>A ERA DIGITAL<\/strong><\/p>\n<p>A Era Digital na charreria consiste em uma s\u00e9rie de marcos em que nosso esporte reconquistou grandes audi\u00eancias por meio de novos canais de divulga\u00e7\u00e3o em massa: as redes sociais. A relev\u00e2ncia da Era Digital \u00e9 que nosso esporte nacional \u00e9 divulgado por meio dos canais da Federa\u00e7\u00e3o diretamente para o usu\u00e1rio final. Dessa forma, a charrer\u00eda desfruta de um p\u00fablico no M\u00e9xico, nos EUA e em todo o mundo. \u00c9 por isso que esses fatos hist\u00f3ricos s\u00e3o t\u00e3o relevantes, conforme detalhado abaixo:<\/p>\n<ul>\n<li>A p\u00e1gina da Federa\u00e7\u00e3o no Facebook foi criada em 17 de novembro de 2012 e, em 2023, ter\u00e1 mais de 500.000 seguidores.<\/li>\n<li>Em 12 de novembro de 2017, tivemos a primeira transmiss\u00e3o ao vivo do LXXIII Congreso y Campeonato Nacional Charro Hidalgo 2017, cuja final ultrapassou 100.000 visualiza\u00e7\u00f5es somente no YouTube.<\/li>\n<li>Em 2020, a pandemia da COVID-19 causou o cancelamento do Campeonato Nacional em Nayarit. No entanto, isso aumentou significativamente o alcance e a penetra\u00e7\u00e3o dos canais digitais, de modo que a charrer\u00eda voltou mais forte do que nunca para 2021.<\/li>\n<li>Em 21 de novembro de 2021, a final do LXXVII Congreso y Campeonato Nacional Charro Aguascalientes 2021 ultrapassou 175.000 visualiza\u00e7\u00f5es, acumulando 134.402 horas de transmiss\u00e3o, com uma perman\u00eancia m\u00e9dia de 45 minutos somente nessa m\u00eddia. Vale ressaltar que se trata de fam\u00edlias de 4 pessoas, em m\u00e9dia, reunidas em frente \u00e0 televis\u00e3o para assistir ao evento.<\/li>\n<li>Em outras categorias, a trig\u00e9sima edi\u00e7\u00e3o do XXX Campeonato Nacional Infantil Juvenil e de Escaramuzas foi realizada em Aguascalientes, bem como a trig\u00e9sima edi\u00e7\u00e3o do XXX Campeonato Nacional de Charros Mayores em San Luis Potos\u00ed.<\/li>\n<\/ul>\n<p style=\"text-align: center;\"><strong>AS GRANDES ARENAS ESPORTIVAS<\/strong><\/p>\n<p>Em 2021, o governador de Aguascalientes, Lic. Martin Orozco, deu in\u00edcio ao ambicioso projeto do \"Poliforum Charro Isla San Marcos\", com um investimento relatado de mais de $319 milh\u00f5es de pesos. No mesmo ano, esse local foi inaugurado com o LXXVII Congreso y Campeonato Nacional Charro Aguascalientes 2021, gerando um benef\u00edcio econ\u00f4mico que ultrapassou $600 milh\u00f5es de pesos. Esse evento deixou uma mensagem clara: investir na charreteria promete um retorno significativo do investimento no futuro.<\/p>\n<p>Espera-se que outros governos estaduais reconhe\u00e7am a valiosa contribui\u00e7\u00e3o social do nosso esporte nacional, tanto pelos benef\u00edcios econ\u00f4micos que gera quanto pelo seu papel na preserva\u00e7\u00e3o da nossa riqueza cultural, fortalecendo assim a unidade e o tecido social.<\/p>\n<p>Outro grande projeto de investimento est\u00e1 previsto para 2024, com a <strong>Arena Potosi<\/strong>O projeto, promovido pelo governador Ricardo Gallardo Carmona, com um investimento previsto de $481 milh\u00f5es de pesos.<\/p>\n<p>A era digital e a lucratividade dos projetos de infraestrutura de grande escala s\u00e3o um bom press\u00e1gio para o futuro da charreria mexicana.<\/p>\n<\/div><\/section><\/p><\/div>","protected":false},"excerpt":{"rendered":"","protected":false},"author":2,"featured_media":1874,"parent":56,"menu_order":0,"comment_status":"closed","ping_status":"closed","template":"","meta":{"footnotes":""},"class_list":["post-1860","page","type-page","status-publish","has-post-thumbnail","hentry"],"yoast_head":"<!-- This site is optimized with the Yoast SEO plugin v27.4 - https:\/\/yoast.com\/product\/yoast-seo-wordpress\/ -->\n<title>SIGLO XXI - Museo de la Charrer\u00eda CDMX<\/title>\n<meta name=\"robots\" content=\"index, follow, max-snippet:-1, max-image-preview:large, max-video-preview:-1\" \/>\n<link rel=\"canonical\" href=\"https:\/\/museodelacharreria.org.mx\/pt\/historico\/seculo-xxi\/\" \/>\n<meta property=\"og:locale\" content=\"pt_BR\" \/>\n<meta property=\"og:type\" content=\"article\" \/>\n<meta property=\"og:title\" content=\"SIGLO XXI - Museo de la Charrer\u00eda CDMX\" \/>\n<meta property=\"og:url\" content=\"https:\/\/museodelacharreria.org.mx\/pt\/historico\/seculo-xxi\/\" \/>\n<meta property=\"og:site_name\" content=\"Museo de la Charrer\u00eda CDMX\" \/>\n<meta property=\"article:modified_time\" content=\"2024-12-06T13:19:49+00:00\" \/>\n<meta property=\"og:image\" content=\"https:\/\/museodelacharreria.org.mx\/wp-content\/uploads\/2023\/10\/Arena-San-Marcos-Aguascalientes.jpeg\" \/>\n\t<meta property=\"og:image:width\" content=\"1280\" \/>\n\t<meta property=\"og:image:height\" content=\"853\" \/>\n\t<meta property=\"og:image:type\" content=\"image\/jpeg\" \/>\n<meta name=\"twitter:card\" content=\"summary_large_image\" \/>\n<meta name=\"twitter:label1\" content=\"Est. tempo de leitura\" \/>\n\t<meta name=\"twitter:data1\" content=\"3 minutos\" \/>\n<script type=\"application\/ld+json\" class=\"yoast-schema-graph\">{\"@context\":\"https:\\\/\\\/schema.org\",\"@graph\":[{\"@type\":\"WebPage\",\"@id\":\"https:\\\/\\\/museodelacharreria.org.mx\\\/historia\\\/siglo-xxi\\\/\",\"url\":\"https:\\\/\\\/museodelacharreria.org.mx\\\/historia\\\/siglo-xxi\\\/\",\"name\":\"SIGLO XXI - Museo de la Charrer\u00eda CDMX\",\"isPartOf\":{\"@id\":\"https:\\\/\\\/museodelacharreria.org.mx\\\/#website\"},\"primaryImageOfPage\":{\"@id\":\"https:\\\/\\\/museodelacharreria.org.mx\\\/historia\\\/siglo-xxi\\\/#primaryimage\"},\"image\":{\"@id\":\"https:\\\/\\\/museodelacharreria.org.mx\\\/historia\\\/siglo-xxi\\\/#primaryimage\"},\"thumbnailUrl\":\"https:\\\/\\\/museodelacharreria.org.mx\\\/wp-content\\\/uploads\\\/2023\\\/10\\\/Arena-San-Marcos-Aguascalientes.jpeg\",\"datePublished\":\"2023-10-04T15:26:46+00:00\",\"dateModified\":\"2024-12-06T13:19:49+00:00\",\"breadcrumb\":{\"@id\":\"https:\\\/\\\/museodelacharreria.org.mx\\\/historia\\\/siglo-xxi\\\/#breadcrumb\"},\"inLanguage\":\"pt-BR\",\"potentialAction\":[{\"@type\":\"ReadAction\",\"target\":[\"https:\\\/\\\/museodelacharreria.org.mx\\\/historia\\\/siglo-xxi\\\/\"]}]},{\"@type\":\"ImageObject\",\"inLanguage\":\"pt-BR\",\"@id\":\"https:\\\/\\\/museodelacharreria.org.mx\\\/historia\\\/siglo-xxi\\\/#primaryimage\",\"url\":\"https:\\\/\\\/museodelacharreria.org.mx\\\/wp-content\\\/uploads\\\/2023\\\/10\\\/Arena-San-Marcos-Aguascalientes.jpeg\",\"contentUrl\":\"https:\\\/\\\/museodelacharreria.org.mx\\\/wp-content\\\/uploads\\\/2023\\\/10\\\/Arena-San-Marcos-Aguascalientes.jpeg\",\"width\":1280,\"height\":853},{\"@type\":\"BreadcrumbList\",\"@id\":\"https:\\\/\\\/museodelacharreria.org.mx\\\/historia\\\/siglo-xxi\\\/#breadcrumb\",\"itemListElement\":[{\"@type\":\"ListItem\",\"position\":1,\"name\":\"Portada\",\"item\":\"https:\\\/\\\/museodelacharreria.org.mx\\\/inicio\\\/\"},{\"@type\":\"ListItem\",\"position\":2,\"name\":\"HISTORIA\",\"item\":\"https:\\\/\\\/museodelacharreria.org.mx\\\/historia\\\/\"},{\"@type\":\"ListItem\",\"position\":3,\"name\":\"SIGLO XXI\"}]},{\"@type\":\"WebSite\",\"@id\":\"https:\\\/\\\/museodelacharreria.org.mx\\\/#website\",\"url\":\"https:\\\/\\\/museodelacharreria.org.mx\\\/\",\"name\":\"Museo de la Charrer\u00eda CDMX\",\"description\":\"Historia y tradici\u00f3n, patrimonio cultural inmaterial de la humanidad UNESCO\",\"publisher\":{\"@id\":\"https:\\\/\\\/museodelacharreria.org.mx\\\/#organization\"},\"potentialAction\":[{\"@type\":\"SearchAction\",\"target\":{\"@type\":\"EntryPoint\",\"urlTemplate\":\"https:\\\/\\\/museodelacharreria.org.mx\\\/?s={search_term_string}\"},\"query-input\":{\"@type\":\"PropertyValueSpecification\",\"valueRequired\":true,\"valueName\":\"search_term_string\"}}],\"inLanguage\":\"pt-BR\"},{\"@type\":\"Organization\",\"@id\":\"https:\\\/\\\/museodelacharreria.org.mx\\\/#organization\",\"name\":\"Museo de la Charrer\u00eda Ciudad de M\u00e9xico\",\"alternateName\":\"Museo de la Charrer\u00eda CDMX\",\"url\":\"https:\\\/\\\/museodelacharreria.org.mx\\\/\",\"logo\":{\"@type\":\"ImageObject\",\"inLanguage\":\"pt-BR\",\"@id\":\"https:\\\/\\\/museodelacharreria.org.mx\\\/#\\\/schema\\\/logo\\\/image\\\/\",\"url\":\"https:\\\/\\\/museodelacharreria.org.mx\\\/wp-content\\\/uploads\\\/2023\\\/07\\\/Logo-Museo-de-la-Charreria-b-n.png\",\"contentUrl\":\"https:\\\/\\\/museodelacharreria.org.mx\\\/wp-content\\\/uploads\\\/2023\\\/07\\\/Logo-Museo-de-la-Charreria-b-n.png\",\"width\":500,\"height\":250,\"caption\":\"Museo de la Charrer\u00eda Ciudad de M\u00e9xico\"},\"image\":{\"@id\":\"https:\\\/\\\/museodelacharreria.org.mx\\\/#\\\/schema\\\/logo\\\/image\\\/\"},\"sameAs\":[\"https:\\\/\\\/www.youtube.com\\\/@MuseoDeLaCharreria\"]}]}<\/script>\n<!-- \/ Yoast SEO plugin. -->","yoast_head_json":{"title":"SIGLO XXI - Museu de Charreria CDMX","robots":{"index":"index","follow":"follow","max-snippet":"max-snippet:-1","max-image-preview":"max-image-preview:large","max-video-preview":"max-video-preview:-1"},"canonical":"https:\/\/museodelacharreria.org.mx\/pt\/historico\/seculo-xxi\/","og_locale":"pt_BR","og_type":"article","og_title":"SIGLO XXI - Museo de la Charrer\u00eda CDMX","og_url":"https:\/\/museodelacharreria.org.mx\/pt\/historico\/seculo-xxi\/","og_site_name":"Museo de la Charrer\u00eda CDMX","article_modified_time":"2024-12-06T13:19:49+00:00","og_image":[{"width":1280,"height":853,"url":"https:\/\/museodelacharreria.org.mx\/wp-content\/uploads\/2023\/10\/Arena-San-Marcos-Aguascalientes.jpeg","type":"image\/jpeg"}],"twitter_card":"summary_large_image","twitter_misc":{"Est. tempo de leitura":"3 minutos"},"schema":{"@context":"https:\/\/schema.org","@graph":[{"@type":"WebPage","@id":"https:\/\/museodelacharreria.org.mx\/historia\/siglo-xxi\/","url":"https:\/\/museodelacharreria.org.mx\/historia\/siglo-xxi\/","name":"SIGLO XXI - Museu de Charreria CDMX","isPartOf":{"@id":"https:\/\/museodelacharreria.org.mx\/#website"},"primaryImageOfPage":{"@id":"https:\/\/museodelacharreria.org.mx\/historia\/siglo-xxi\/#primaryimage"},"image":{"@id":"https:\/\/museodelacharreria.org.mx\/historia\/siglo-xxi\/#primaryimage"},"thumbnailUrl":"https:\/\/museodelacharreria.org.mx\/wp-content\/uploads\/2023\/10\/Arena-San-Marcos-Aguascalientes.jpeg","datePublished":"2023-10-04T15:26:46+00:00","dateModified":"2024-12-06T13:19:49+00:00","breadcrumb":{"@id":"https:\/\/museodelacharreria.org.mx\/historia\/siglo-xxi\/#breadcrumb"},"inLanguage":"pt-BR","potentialAction":[{"@type":"ReadAction","target":["https:\/\/museodelacharreria.org.mx\/historia\/siglo-xxi\/"]}]},{"@type":"ImageObject","inLanguage":"pt-BR","@id":"https:\/\/museodelacharreria.org.mx\/historia\/siglo-xxi\/#primaryimage","url":"https:\/\/museodelacharreria.org.mx\/wp-content\/uploads\/2023\/10\/Arena-San-Marcos-Aguascalientes.jpeg","contentUrl":"https:\/\/museodelacharreria.org.mx\/wp-content\/uploads\/2023\/10\/Arena-San-Marcos-Aguascalientes.jpeg","width":1280,"height":853},{"@type":"BreadcrumbList","@id":"https:\/\/museodelacharreria.org.mx\/historia\/siglo-xxi\/#breadcrumb","itemListElement":[{"@type":"ListItem","position":1,"name":"Portada","item":"https:\/\/museodelacharreria.org.mx\/inicio\/"},{"@type":"ListItem","position":2,"name":"HISTORIA","item":"https:\/\/museodelacharreria.org.mx\/historia\/"},{"@type":"ListItem","position":3,"name":"SIGLO XXI"}]},{"@type":"WebSite","@id":"https:\/\/museodelacharreria.org.mx\/#website","url":"https:\/\/museodelacharreria.org.mx\/","name":"Museu da Charreria CDMX","description":"Hist\u00f3ria e tradi\u00e7\u00e3o, patrim\u00f4nio cultural intang\u00edvel da humanidade UNESCO","publisher":{"@id":"https:\/\/museodelacharreria.org.mx\/#organization"},"potentialAction":[{"@type":"SearchAction","target":{"@type":"EntryPoint","urlTemplate":"https:\/\/museodelacharreria.org.mx\/?s={search_term_string}"},"query-input":{"@type":"PropertyValueSpecification","valueRequired":true,"valueName":"search_term_string"}}],"inLanguage":"pt-BR"},{"@type":"Organization","@id":"https:\/\/museodelacharreria.org.mx\/#organization","name":"Museu de Charreria Cidade do M\u00e9xico","alternateName":"Museo de la Charrer\u00eda CDMX","url":"https:\/\/museodelacharreria.org.mx\/","logo":{"@type":"ImageObject","inLanguage":"pt-BR","@id":"https:\/\/museodelacharreria.org.mx\/#\/schema\/logo\/image\/","url":"https:\/\/museodelacharreria.org.mx\/wp-content\/uploads\/2023\/07\/Logo-Museo-de-la-Charreria-b-n.png","contentUrl":"https:\/\/museodelacharreria.org.mx\/wp-content\/uploads\/2023\/07\/Logo-Museo-de-la-Charreria-b-n.png","width":500,"height":250,"caption":"Museo de la Charrer\u00eda Ciudad de M\u00e9xico"},"image":{"@id":"https:\/\/museodelacharreria.org.mx\/#\/schema\/logo\/image\/"},"sameAs":["https:\/\/www.youtube.com\/@MuseoDeLaCharreria"]}]}},"_links":{"self":[{"href":"https:\/\/museodelacharreria.org.mx\/pt\/wp-json\/wp\/v2\/pages\/1860","targetHints":{"allow":["GET"]}}],"collection":[{"href":"https:\/\/museodelacharreria.org.mx\/pt\/wp-json\/wp\/v2\/pages"}],"about":[{"href":"https:\/\/museodelacharreria.org.mx\/pt\/wp-json\/wp\/v2\/types\/page"}],"author":[{"embeddable":true,"href":"https:\/\/museodelacharreria.org.mx\/pt\/wp-json\/wp\/v2\/users\/2"}],"replies":[{"embeddable":true,"href":"https:\/\/museodelacharreria.org.mx\/pt\/wp-json\/wp\/v2\/comments?post=1860"}],"version-history":[{"count":16,"href":"https:\/\/museodelacharreria.org.mx\/pt\/wp-json\/wp\/v2\/pages\/1860\/revisions"}],"predecessor-version":[{"id":3996,"href":"https:\/\/museodelacharreria.org.mx\/pt\/wp-json\/wp\/v2\/pages\/1860\/revisions\/3996"}],"up":[{"embeddable":true,"href":"https:\/\/museodelacharreria.org.mx\/pt\/wp-json\/wp\/v2\/pages\/56"}],"wp:featuredmedia":[{"embeddable":true,"href":"https:\/\/museodelacharreria.org.mx\/pt\/wp-json\/wp\/v2\/media\/1874"}],"wp:attachment":[{"href":"https:\/\/museodelacharreria.org.mx\/pt\/wp-json\/wp\/v2\/media?parent=1860"}],"curies":[{"name":"wp","href":"https:\/\/api.w.org\/{rel}","templated":true}]}}