{"id":905,"date":"2023-09-25T17:07:51","date_gmt":"2023-09-25T17:07:51","guid":{"rendered":"https:\/\/museodelacharreria.org.mx\/?page_id=905"},"modified":"2023-09-25T17:08:29","modified_gmt":"2023-09-25T17:08:29","slug":"chapeus","status":"publish","type":"page","link":"https:\/\/museodelacharreria.org.mx\/pt\/exhibicion\/sombreros\/","title":{"rendered":"CHAP\u00c9US"},"content":{"rendered":"<style type=\"text\/css\" data-created_by=\"avia_inline_auto\" id=\"style-css-av-lmz4krxb-7361e69fa82e29ac4b1c8d748ffc20de\">\n.avia-section.av-lmz4krxb-7361e69fa82e29ac4b1c8d748ffc20de{\nbackground-repeat:no-repeat;\nbackground-image:url(https:\/\/museodelacharreria.org.mx\/wp-content\/uploads\/2023\/09\/Museo-de-la-Charreria-CDMX-Sombrero-Papa-Francisco-0018.jpg);\nbackground-position:50% 50%;\nbackground-attachment:scroll;\n}\n<\/style>\n<div id='av_section_1'  class='avia-section av-lmz4krxb-7361e69fa82e29ac4b1c8d748ffc20de main_color avia-section-no-padding avia-no-border-styling  avia-builder-el-0  el_before_av_portfolio  avia-builder-el-first  avia-full-stretch avia-bg-style-scroll av-minimum-height av-minimum-height-80 av-height-percent  container_wrap fullsize'  data-section-bg-repeat='stretch' data-av_minimum_height_pc='80' data-av_min_height_opt='percent'><div class=\"av-section-color-overlay-wrap\"><a href='#next-section' title='' class='scroll-down-link' aria-hidden='true' data-av_icon='\ue877' data-av_iconfont='entypo-fontello'><\/a><div class='container av-section-cont-open' ><main  role=\"main\" itemprop=\"mainContentOfPage\"  class='template-page content  av-content-full alpha units'><div class='post-entry post-entry-type-page post-entry-905'><div class='entry-content-wrapper clearfix'>\n<div  id=\"av-sc-portfolio-1\"  class=\"av-portfolio-grid-sorting-container\"><div class='sort_width_container  av-sort-yes' data-portfolio-id='1' ><div id='js_sort_items' ><div class='sort_by_cat hidden'><a href=\"#\" data-filter=\"all_sort\" class=\"all_sort_button active_sort\"><span class=\"inner_sort_button\"><span>Todos<\/span><small class=\"av-cat-count\"> 16 <\/small><\/span><\/a><span class=\"text-sep sombreros_sort_sep\">\/<\/span><a href=\"#\" data-filter=\"sombreros_sort\" class=\"sombreros_sort_button\" ><span class=\"inner_sort_button\"><span>CHAP\u00c9US<\/span><small class=\"av-cat-count\"> 16 <\/small><\/span><\/a><\/div><\/div><\/div><div  class='grid-sort-container isotope   no_margin-container with-title-container grid-total-even grid-col-4 grid-links-' data-portfolio-id='1'><div data-ajax-id='2401' class='grid-entry flex_column isotope-item all_sort no_margin post-entry post-entry-2401 grid-entry-overview grid-loop-1 grid-parity-odd  coleccion_sort sombreros_sort  av_one_fourth first default_av_fullwidth'><article class='main_color inner-entry'  itemscope=\"itemscope\" itemtype=\"https:\/\/schema.org\/CreativeWork\" ><a href=\"https:\/\/museodelacharreria.org.mx\/pt\/coleccion\/sombrero-con-bordado-de-rosas\/\" title='CHAP\u00c9U COM BORDADO DE ROSAS'  data-rel='grid-1' class='grid-image avia-hover-fx'> <img decoding=\"async\" fetchpriority=\"high\" width=\"260\" height=\"185\" src=\"https:\/\/museodelacharreria.org.mx\/wp-content\/uploads\/2023\/11\/Museo-de-la-Charreria-Sombrero-0155-260x185.jpg\" class=\"wp-image-2396 avia-img-lazy-loading-not-2396 attachment-portfolio_small size-portfolio_small wp-post-image\" alt=\"\" srcset=\"https:\/\/museodelacharreria.org.mx\/wp-content\/uploads\/2023\/11\/Museo-de-la-Charreria-Sombrero-0155-260x185.jpg 260w, https:\/\/museodelacharreria.org.mx\/wp-content\/uploads\/2023\/11\/Museo-de-la-Charreria-Sombrero-0155-18x12.jpg 18w\" sizes=\"(max-width: 260px) 100vw, 260px\" \/><\/a><div class='grid-content'><div class='avia-arrow'><\/div><header class=\"entry-content-header\" aria-label=\"Portfolio: SOMBRERO CON BORDADO DE ROSAS\"><h3 class='grid-entry-title entry-title'  itemprop=\"headline\" ><a href='https:\/\/museodelacharreria.org.mx\/pt\/coleccion\/sombrero-con-bordado-de-rosas\/' title='CHAP\u00c9U COM BORDADO DE ROSAS'>CHAP\u00c9U COM BORDADO DE ROSAS<\/a><\/h3><\/header><\/div><footer class=\"entry-footer\"><\/footer><\/article><\/div><div data-ajax-id='2435' class='grid-entry flex_column isotope-item all_sort no_margin post-entry post-entry-2435 grid-entry-overview grid-loop-2 grid-parity-even  coleccion_sort sombreros_sort  av_one_fourth  default_av_fullwidth'><article class='main_color inner-entry'  itemscope=\"itemscope\" itemtype=\"https:\/\/schema.org\/CreativeWork\" ><a href=\"https:\/\/museodelacharreria.org.mx\/pt\/coleccion\/sombrero-de-charro-para-nino\/\" title='CHAP\u00c9U CHARRO PARA MENINOS'  data-rel='grid-1' class='grid-image avia-hover-fx'> <img decoding=\"async\" fetchpriority=\"high\" width=\"260\" height=\"185\" src=\"https:\/\/museodelacharreria.org.mx\/wp-content\/uploads\/2023\/11\/Museo-de-la-Charreria-Sombrero-de-Charro-0022-260x185.jpg\" class=\"wp-image-2420 avia-img-lazy-loading-not-2420 attachment-portfolio_small size-portfolio_small wp-post-image\" alt=\"\" srcset=\"https:\/\/museodelacharreria.org.mx\/wp-content\/uploads\/2023\/11\/Museo-de-la-Charreria-Sombrero-de-Charro-0022-260x185.jpg 260w, https:\/\/museodelacharreria.org.mx\/wp-content\/uploads\/2023\/11\/Museo-de-la-Charreria-Sombrero-de-Charro-0022-18x12.jpg 18w\" sizes=\"(max-width: 260px) 100vw, 260px\" \/><\/a><div class='grid-content'><div class='avia-arrow'><\/div><header class=\"entry-content-header\" aria-label=\"Portfolio: SOMBRERO DE CHARRO PARA NI\u00d1O\"><h3 class='grid-entry-title entry-title'  itemprop=\"headline\" ><a href='https:\/\/museodelacharreria.org.mx\/pt\/coleccion\/sombrero-de-charro-para-nino\/' title='CHAP\u00c9U CHARRO PARA MENINOS'>CHAP\u00c9U CHARRO PARA MENINOS<\/a><\/h3><\/header><\/div><footer class=\"entry-footer\"><\/footer><\/article><\/div><div data-ajax-id='2429' class='grid-entry flex_column isotope-item all_sort no_margin post-entry post-entry-2429 grid-entry-overview grid-loop-3 grid-parity-odd  coleccion_sort sombreros_sort  av_one_fourth  default_av_fullwidth'><article class='main_color inner-entry'  itemscope=\"itemscope\" itemtype=\"https:\/\/schema.org\/CreativeWork\" ><a href=\"https:\/\/museodelacharreria.org.mx\/pt\/coleccion\/sombrero-de-pelo-fino-bordado-en-canutillo-de-oro\/\" title='CHAP\u00c9U DE PELE FINA BORDADO COM MI\u00c7ANGAS DOURADAS'  data-rel='grid-1' class='grid-image avia-hover-fx'> <img decoding=\"async\" fetchpriority=\"high\" width=\"260\" height=\"185\" src=\"https:\/\/museodelacharreria.org.mx\/wp-content\/uploads\/2023\/11\/Museo-de-la-Charreria-Sombrero-de-Charro-0144-260x185.jpg\" class=\"wp-image-2425 avia-img-lazy-loading-not-2425 attachment-portfolio_small size-portfolio_small wp-post-image\" alt=\"\" srcset=\"https:\/\/museodelacharreria.org.mx\/wp-content\/uploads\/2023\/11\/Museo-de-la-Charreria-Sombrero-de-Charro-0144-260x185.jpg 260w, https:\/\/museodelacharreria.org.mx\/wp-content\/uploads\/2023\/11\/Museo-de-la-Charreria-Sombrero-de-Charro-0144-18x12.jpg 18w\" sizes=\"(max-width: 260px) 100vw, 260px\" \/><\/a><div class='grid-content'><div class='avia-arrow'><\/div><header class=\"entry-content-header\" aria-label=\"Portfolio: SOMBRERO DE PELO FINO BORDADO CON CANUTILLO DE ORO\"><h3 class='grid-entry-title entry-title'  itemprop=\"headline\" ><a href='https:\/\/museodelacharreria.org.mx\/pt\/coleccion\/sombrero-de-pelo-fino-bordado-en-canutillo-de-oro\/' title='CHAP\u00c9U DE PELE FINA BORDADO COM MI\u00c7ANGAS DOURADAS'>CHAP\u00c9U DE PELE FINA BORDADO COM MI\u00c7ANGAS DOURADAS<\/a><\/h3><\/header><\/div><footer class=\"entry-footer\"><\/footer><\/article><\/div><div data-ajax-id='2415' class='grid-entry flex_column isotope-item all_sort no_margin post-entry post-entry-2415 grid-entry-overview grid-loop-4 grid-parity-even  coleccion_sort sombreros_sort  av_one_fourth  default_av_fullwidth'><article class='main_color inner-entry'  itemscope=\"itemscope\" itemtype=\"https:\/\/schema.org\/CreativeWork\" ><a href=\"https:\/\/museodelacharreria.org.mx\/pt\/coleccion\/sombrero-castoreno-de-chinaco-color-gris\/\" title='CHAP\u00c9U CHINACO DE COR CINZA CHINACO'  data-rel='grid-1' class='grid-image avia-hover-fx'> <img decoding=\"async\" fetchpriority=\"high\" width=\"260\" height=\"185\" src=\"https:\/\/museodelacharreria.org.mx\/wp-content\/uploads\/2023\/11\/Museo-de-la-Charreria-Sombrero-de-Chinaco-0170-260x185.jpg\" class=\"wp-image-2410 avia-img-lazy-loading-not-2410 attachment-portfolio_small size-portfolio_small wp-post-image\" alt=\"\" srcset=\"https:\/\/museodelacharreria.org.mx\/wp-content\/uploads\/2023\/11\/Museo-de-la-Charreria-Sombrero-de-Chinaco-0170-260x185.jpg 260w, https:\/\/museodelacharreria.org.mx\/wp-content\/uploads\/2023\/11\/Museo-de-la-Charreria-Sombrero-de-Chinaco-0170-18x12.jpg 18w\" sizes=\"(max-width: 260px) 100vw, 260px\" \/><\/a><div class='grid-content'><div class='avia-arrow'><\/div><header class=\"entry-content-header\" aria-label=\"Portfolio: SOMBRERO CASTORE\u00d1O DE CHINACO COLOR GRIS\"><h3 class='grid-entry-title entry-title'  itemprop=\"headline\" ><a href='https:\/\/museodelacharreria.org.mx\/pt\/coleccion\/sombrero-castoreno-de-chinaco-color-gris\/' title='CHAP\u00c9U CHINACO DE COR CINZA CHINACO'>CHAP\u00c9U CHINACO DE COR CINZA CHINACO<\/a><\/h3><\/header><\/div><footer class=\"entry-footer\"><\/footer><\/article><\/div><div data-ajax-id='2406' class='grid-entry flex_column isotope-item all_sort no_margin post-entry post-entry-2406 grid-entry-overview grid-loop-5 grid-parity-odd  coleccion_sort sombreros_sort  av_one_fourth first default_av_fullwidth'><article class='main_color inner-entry'  itemscope=\"itemscope\" itemtype=\"https:\/\/schema.org\/CreativeWork\" ><a href=\"https:\/\/museodelacharreria.org.mx\/pt\/coleccion\/sombrero-castoreno-de-chinaco\/\" title='CHAP\u00c9U CHINACO CHINACO MARROM'  data-rel='grid-1' class='grid-image avia-hover-fx'> <img decoding=\"async\" fetchpriority=\"high\" width=\"260\" height=\"185\" src=\"https:\/\/museodelacharreria.org.mx\/wp-content\/uploads\/2023\/11\/Museo-de-la-Charreria-Sombrero-de-Chinaco-0166-260x185.jpg\" class=\"wp-image-2407 avia-img-lazy-loading-not-2407 attachment-portfolio_small size-portfolio_small wp-post-image\" alt=\"Chap\u00e9u Chinaco Beaver\" srcset=\"https:\/\/museodelacharreria.org.mx\/wp-content\/uploads\/2023\/11\/Museo-de-la-Charreria-Sombrero-de-Chinaco-0166-260x185.jpg 260w, https:\/\/museodelacharreria.org.mx\/wp-content\/uploads\/2023\/11\/Museo-de-la-Charreria-Sombrero-de-Chinaco-0166-18x12.jpg 18w\" sizes=\"(max-width: 260px) 100vw, 260px\" \/><\/a><div class='grid-content'><div class='avia-arrow'><\/div><header class=\"entry-content-header\" aria-label=\"Portfolio: SOMBRERO CASTORE\u00d1O DE CHINACO COLOR CAF\u00c9\"><h3 class='grid-entry-title entry-title'  itemprop=\"headline\" ><a href='https:\/\/museodelacharreria.org.mx\/pt\/coleccion\/sombrero-castoreno-de-chinaco\/' title='CHAP\u00c9U CHINACO CHINACO MARROM'>CHAP\u00c9U CHINACO CHINACO MARROM<\/a><\/h3><\/header><\/div><footer class=\"entry-footer\"><\/footer><\/article><\/div><div data-ajax-id='2383' class='grid-entry flex_column isotope-item all_sort no_margin post-entry post-entry-2383 grid-entry-overview grid-loop-6 grid-parity-even  coleccion_sort sombreros_sort  av_one_fourth  default_av_fullwidth'><article class='main_color inner-entry'  itemscope=\"itemscope\" itemtype=\"https:\/\/schema.org\/CreativeWork\" ><a href=\"https:\/\/museodelacharreria.org.mx\/pt\/coleccion\/sombrero-con-detalle-de-espuelas\/\" title='CHAP\u00c9U COM DETALHE DE ESPORA'  data-rel='grid-1' class='grid-image avia-hover-fx'> <img decoding=\"async\" fetchpriority=\"high\" width=\"260\" height=\"185\" src=\"https:\/\/museodelacharreria.org.mx\/wp-content\/uploads\/2023\/11\/Museo-de-la-Charreria-Sombrero-0149-260x185.jpg\" class=\"wp-image-2386 avia-img-lazy-loading-not-2386 attachment-portfolio_small size-portfolio_small wp-post-image\" alt=\"\" srcset=\"https:\/\/museodelacharreria.org.mx\/wp-content\/uploads\/2023\/11\/Museo-de-la-Charreria-Sombrero-0149-260x185.jpg 260w, https:\/\/museodelacharreria.org.mx\/wp-content\/uploads\/2023\/11\/Museo-de-la-Charreria-Sombrero-0149-18x12.jpg 18w\" sizes=\"(max-width: 260px) 100vw, 260px\" \/><\/a><div class='grid-content'><div class='avia-arrow'><\/div><header class=\"entry-content-header\" aria-label=\"Portfolio: SOMBRERO CON DETALLE DE ESPUELAS\"><h3 class='grid-entry-title entry-title'  itemprop=\"headline\" ><a href='https:\/\/museodelacharreria.org.mx\/pt\/coleccion\/sombrero-con-detalle-de-espuelas\/' title='CHAP\u00c9U COM DETALHE DE ESPORA'>CHAP\u00c9U COM DETALHE DE ESPORA<\/a><\/h3><\/header><\/div><footer class=\"entry-footer\"><\/footer><\/article><\/div><div data-ajax-id='2332' class='grid-entry flex_column isotope-item all_sort no_margin post-entry post-entry-2332 grid-entry-overview grid-loop-7 grid-parity-odd  coleccion_sort sombreros_sort  av_one_fourth  default_av_fullwidth'><article class='main_color inner-entry'  itemscope=\"itemscope\" itemtype=\"https:\/\/schema.org\/CreativeWork\" ><a href=\"https:\/\/museodelacharreria.org.mx\/pt\/coleccion\/sombrero-de-charro-con-ribete-en-pano-cafe\/\" title='CHAP\u00c9U DE CHARRO COM BORDA DE TECIDO MARROM'  data-rel='grid-1' class='grid-image avia-hover-fx'> <img decoding=\"async\" fetchpriority=\"high\" width=\"260\" height=\"185\" src=\"https:\/\/museodelacharreria.org.mx\/wp-content\/uploads\/2023\/10\/Museo-de-la-Charreria-Sombrero-0136-260x185.jpg\" class=\"wp-image-2333 avia-img-lazy-loading-not-2333 attachment-portfolio_small size-portfolio_small wp-post-image\" alt=\"CHAP\u00c9U DE CHARRO COM BORDA DE TECIDO MARROM\" srcset=\"https:\/\/museodelacharreria.org.mx\/wp-content\/uploads\/2023\/10\/Museo-de-la-Charreria-Sombrero-0136-260x185.jpg 260w, https:\/\/museodelacharreria.org.mx\/wp-content\/uploads\/2023\/10\/Museo-de-la-Charreria-Sombrero-0136-18x12.jpg 18w\" sizes=\"(max-width: 260px) 100vw, 260px\" \/><\/a><div class='grid-content'><div class='avia-arrow'><\/div><header class=\"entry-content-header\" aria-label=\"Portfolio: SOMBRERO DE CHARRO CON RIBETE EN PA\u00d1O CAFE\"><h3 class='grid-entry-title entry-title'  itemprop=\"headline\" ><a href='https:\/\/museodelacharreria.org.mx\/pt\/coleccion\/sombrero-de-charro-con-ribete-en-pano-cafe\/' title='CHAP\u00c9U DE CHARRO COM BORDA DE TECIDO MARROM'>CHAP\u00c9U DE CHARRO COM BORDA DE TECIDO MARROM<\/a><\/h3><\/header><\/div><footer class=\"entry-footer\"><\/footer><\/article><\/div><div data-ajax-id='2323' class='grid-entry flex_column isotope-item all_sort no_margin post-entry post-entry-2323 grid-entry-overview grid-loop-8 grid-parity-even  coleccion_sort sombreros_sort  av_one_fourth  default_av_fullwidth'><article class='main_color inner-entry'  itemscope=\"itemscope\" itemtype=\"https:\/\/schema.org\/CreativeWork\" ><a href=\"https:\/\/museodelacharreria.org.mx\/pt\/coleccion\/sombrero-de-charro-con-pial\/\" title='CHAP\u00c9U CHARRO COM PIAL'  data-rel='grid-1' class='grid-image avia-hover-fx'> <img decoding=\"async\" fetchpriority=\"high\" width=\"260\" height=\"185\" src=\"https:\/\/museodelacharreria.org.mx\/wp-content\/uploads\/2023\/10\/Museo-de-la-Charreria-Sombrero-0130-260x185.jpg\" class=\"wp-image-2327 avia-img-lazy-loading-not-2327 attachment-portfolio_small size-portfolio_small wp-post-image\" alt=\"Chap\u00e9u marrom decorado com pial\" srcset=\"https:\/\/museodelacharreria.org.mx\/wp-content\/uploads\/2023\/10\/Museo-de-la-Charreria-Sombrero-0130-260x185.jpg 260w, https:\/\/museodelacharreria.org.mx\/wp-content\/uploads\/2023\/10\/Museo-de-la-Charreria-Sombrero-0130-18x12.jpg 18w\" sizes=\"(max-width: 260px) 100vw, 260px\" \/><\/a><div class='grid-content'><div class='avia-arrow'><\/div><header class=\"entry-content-header\" aria-label=\"Portfolio: SOMBRERO DE CHARRO CON PIAL\"><h3 class='grid-entry-title entry-title'  itemprop=\"headline\" ><a href='https:\/\/museodelacharreria.org.mx\/pt\/coleccion\/sombrero-de-charro-con-pial\/' title='CHAP\u00c9U CHARRO COM PIAL'>CHAP\u00c9U CHARRO COM PIAL<\/a><\/h3><\/header><\/div><footer class=\"entry-footer\"><\/footer><\/article><\/div><div data-ajax-id='2312' class='grid-entry flex_column isotope-item all_sort no_margin post-entry post-entry-2312 grid-entry-overview grid-loop-9 grid-parity-odd  coleccion_sort sombreros_sort  av_one_fourth first default_av_fullwidth'><article class='main_color inner-entry'  itemscope=\"itemscope\" itemtype=\"https:\/\/schema.org\/CreativeWork\" ><a href=\"https:\/\/museodelacharreria.org.mx\/pt\/coleccion\/sombrero-color-castor\/\" title='CHAP\u00c9U COLORIDO DE CASTOR'  data-rel='grid-1' class='grid-image avia-hover-fx'> <img decoding=\"async\" fetchpriority=\"high\" width=\"260\" height=\"185\" src=\"https:\/\/museodelacharreria.org.mx\/wp-content\/uploads\/2023\/10\/Museo-de-la-Charreria-Sombrero-0115-260x185.jpg\" class=\"wp-image-2313 avia-img-lazy-loading-not-2313 attachment-portfolio_small size-portfolio_small wp-post-image\" alt=\"Chap\u00e9u colorido de castor\" srcset=\"https:\/\/museodelacharreria.org.mx\/wp-content\/uploads\/2023\/10\/Museo-de-la-Charreria-Sombrero-0115-260x185.jpg 260w, https:\/\/museodelacharreria.org.mx\/wp-content\/uploads\/2023\/10\/Museo-de-la-Charreria-Sombrero-0115-18x12.jpg 18w\" sizes=\"(max-width: 260px) 100vw, 260px\" \/><\/a><div class='grid-content'><div class='avia-arrow'><\/div><header class=\"entry-content-header\" aria-label=\"Portfolio: SOMBRERO COLOR CASTOR\"><h3 class='grid-entry-title entry-title'  itemprop=\"headline\" ><a href='https:\/\/museodelacharreria.org.mx\/pt\/coleccion\/sombrero-color-castor\/' title='CHAP\u00c9U COLORIDO DE CASTOR'>CHAP\u00c9U COLORIDO DE CASTOR<\/a><\/h3><\/header><\/div><footer class=\"entry-footer\"><\/footer><\/article><\/div><div data-ajax-id='2239' class='grid-entry flex_column isotope-item all_sort no_margin post-entry post-entry-2239 grid-entry-overview grid-loop-10 grid-parity-even  coleccion_sort sombreros_sort  av_one_fourth  default_av_fullwidth'><article class='main_color inner-entry'  itemscope=\"itemscope\" itemtype=\"https:\/\/schema.org\/CreativeWork\" ><a href=\"https:\/\/museodelacharreria.org.mx\/pt\/coleccion\/sombrero-de-don-isidro-candia\/\" title='CHAP\u00c9U DE DON ISIDRO CANDIA'  data-rel='grid-1' class='grid-image avia-hover-fx'> <img decoding=\"async\" fetchpriority=\"high\" width=\"260\" height=\"185\" src=\"https:\/\/museodelacharreria.org.mx\/wp-content\/uploads\/2023\/10\/Museo-de-la-Charreria-Sombrero-de-Don-Isidro-Candia-0111-260x185.jpg\" class=\"wp-image-2240 avia-img-lazy-loading-not-2240 attachment-portfolio_small size-portfolio_small wp-post-image\" alt=\"CHAP\u00c9U DE DON ISIDRO CANDIA\" srcset=\"https:\/\/museodelacharreria.org.mx\/wp-content\/uploads\/2023\/10\/Museo-de-la-Charreria-Sombrero-de-Don-Isidro-Candia-0111-260x185.jpg 260w, https:\/\/museodelacharreria.org.mx\/wp-content\/uploads\/2023\/10\/Museo-de-la-Charreria-Sombrero-de-Don-Isidro-Candia-0111-18x12.jpg 18w\" sizes=\"(max-width: 260px) 100vw, 260px\" \/><\/a><div class='grid-content'><div class='avia-arrow'><\/div><header class=\"entry-content-header\" aria-label=\"Portfolio: SOMBRERO DE DON ISIDRO CANDIA\"><h3 class='grid-entry-title entry-title'  itemprop=\"headline\" ><a href='https:\/\/museodelacharreria.org.mx\/pt\/coleccion\/sombrero-de-don-isidro-candia\/' title='CHAP\u00c9U DE DON ISIDRO CANDIA'>CHAP\u00c9U DE DON ISIDRO CANDIA<\/a><\/h3><\/header><\/div><footer class=\"entry-footer\"><\/footer><\/article><\/div><div data-ajax-id='2226' class='grid-entry flex_column isotope-item all_sort no_margin post-entry post-entry-2226 grid-entry-overview grid-loop-11 grid-parity-odd  coleccion_sort sombreros_sort  av_one_fourth  default_av_fullwidth'><article class='main_color inner-entry'  itemscope=\"itemscope\" itemtype=\"https:\/\/schema.org\/CreativeWork\" ><a href=\"https:\/\/museodelacharreria.org.mx\/pt\/coleccion\/sombrero-negro-y-plata-de-pelo-fino-de-conejo\/\" title='CHAP\u00c9U PRETO E PRATEADO DE PELE DE COELHO FINA'  data-rel='grid-1' class='grid-image avia-hover-fx'> <img decoding=\"async\" fetchpriority=\"high\" width=\"260\" height=\"185\" src=\"https:\/\/museodelacharreria.org.mx\/wp-content\/uploads\/2023\/10\/Museo-de-la-Charreria-SOMBRERO-NEGRO-Y-PLATA-DE-PELO-FINO-DE-SCONEJO-0027-260x185.jpg\" class=\"wp-image-2227 avia-img-lazy-loading-not-2227 attachment-portfolio_small size-portfolio_small wp-post-image\" alt=\"CHAP\u00c9U PRETO E PRATEADO DE PELE DE COELHO FINA\" srcset=\"https:\/\/museodelacharreria.org.mx\/wp-content\/uploads\/2023\/10\/Museo-de-la-Charreria-SOMBRERO-NEGRO-Y-PLATA-DE-PELO-FINO-DE-SCONEJO-0027-260x185.jpg 260w, https:\/\/museodelacharreria.org.mx\/wp-content\/uploads\/2023\/10\/Museo-de-la-Charreria-SOMBRERO-NEGRO-Y-PLATA-DE-PELO-FINO-DE-SCONEJO-0027-18x12.jpg 18w\" sizes=\"(max-width: 260px) 100vw, 260px\" \/><\/a><div class='grid-content'><div class='avia-arrow'><\/div><header class=\"entry-content-header\" aria-label=\"Portfolio: SOMBRERO NEGRO Y PLATA DE PELO FINO DE CONEJO\"><h3 class='grid-entry-title entry-title'  itemprop=\"headline\" ><a href='https:\/\/museodelacharreria.org.mx\/pt\/coleccion\/sombrero-negro-y-plata-de-pelo-fino-de-conejo\/' title='CHAP\u00c9U PRETO E PRATEADO DE PELE DE COELHO FINA'>CHAP\u00c9U PRETO E PRATEADO DE PELE DE COELHO FINA<\/a><\/h3><\/header><\/div><footer class=\"entry-footer\"><\/footer><\/article><\/div><div data-ajax-id='2219' class='grid-entry flex_column isotope-item all_sort no_margin post-entry post-entry-2219 grid-entry-overview grid-loop-12 grid-parity-even  coleccion_sort sombreros_sort  av_one_fourth  default_av_fullwidth'><article class='main_color inner-entry'  itemscope=\"itemscope\" itemtype=\"https:\/\/schema.org\/CreativeWork\" ><a href=\"https:\/\/museodelacharreria.org.mx\/pt\/coleccion\/sombrero-de-palma-real\/\" title='CHAP\u00c9U DE PALMA REAL'  data-rel='grid-1' class='grid-image avia-hover-fx'> <img decoding=\"async\" fetchpriority=\"high\" width=\"260\" height=\"185\" src=\"https:\/\/museodelacharreria.org.mx\/wp-content\/uploads\/2023\/10\/Museo-de-la-Charreria-Sombrero-0010-260x185.jpg\" class=\"wp-image-2223 avia-img-lazy-loading-not-2223 attachment-portfolio_small size-portfolio_small wp-post-image\" alt=\"CHAP\u00c9U DE PALMA REAL\" srcset=\"https:\/\/museodelacharreria.org.mx\/wp-content\/uploads\/2023\/10\/Museo-de-la-Charreria-Sombrero-0010-260x185.jpg 260w, https:\/\/museodelacharreria.org.mx\/wp-content\/uploads\/2023\/10\/Museo-de-la-Charreria-Sombrero-0010-18x12.jpg 18w\" sizes=\"(max-width: 260px) 100vw, 260px\" \/><\/a><div class='grid-content'><div class='avia-arrow'><\/div><header class=\"entry-content-header\" aria-label=\"Portfolio: SOMBRERO DE PALMA REAL\"><h3 class='grid-entry-title entry-title'  itemprop=\"headline\" ><a href='https:\/\/museodelacharreria.org.mx\/pt\/coleccion\/sombrero-de-palma-real\/' title='CHAP\u00c9U DE PALMA REAL'>CHAP\u00c9U DE PALMA REAL<\/a><\/h3><\/header><\/div><footer class=\"entry-footer\"><\/footer><\/article><\/div><div data-ajax-id='2209' class='grid-entry flex_column isotope-item all_sort no_margin post-entry post-entry-2209 grid-entry-overview grid-loop-13 grid-parity-odd  coleccion_sort sombreros_sort  av_one_fourth first default_av_fullwidth'><article class='main_color inner-entry'  itemscope=\"itemscope\" itemtype=\"https:\/\/schema.org\/CreativeWork\" ><a href=\"https:\/\/museodelacharreria.org.mx\/pt\/coleccion\/sombrero-con-motivos-prehispanicos\/\" title='CHAP\u00c9U COM MOTIVOS PR\u00c9-HISP\u00c2NICOS'  data-rel='grid-1' class='grid-image avia-hover-fx'> <img decoding=\"async\" fetchpriority=\"high\" width=\"260\" height=\"185\" src=\"https:\/\/museodelacharreria.org.mx\/wp-content\/uploads\/2023\/10\/Museo-de-la-Charreria-Sombrero-0159-260x185.jpg\" class=\"wp-image-2210 avia-img-lazy-loading-not-2210 attachment-portfolio_small size-portfolio_small wp-post-image\" alt=\"\" srcset=\"https:\/\/museodelacharreria.org.mx\/wp-content\/uploads\/2023\/10\/Museo-de-la-Charreria-Sombrero-0159-260x185.jpg 260w, https:\/\/museodelacharreria.org.mx\/wp-content\/uploads\/2023\/10\/Museo-de-la-Charreria-Sombrero-0159-18x12.jpg 18w\" sizes=\"(max-width: 260px) 100vw, 260px\" \/><\/a><div class='grid-content'><div class='avia-arrow'><\/div><header class=\"entry-content-header\" aria-label=\"Portfolio: SOMBRERO CON MOTIVOS PREHISP\u00c1NICOS\"><h3 class='grid-entry-title entry-title'  itemprop=\"headline\" ><a href='https:\/\/museodelacharreria.org.mx\/pt\/coleccion\/sombrero-con-motivos-prehispanicos\/' title='CHAP\u00c9U COM MOTIVOS PR\u00c9-HISP\u00c2NICOS'>CHAP\u00c9U COM MOTIVOS PR\u00c9-HISP\u00c2NICOS<\/a><\/h3><\/header><\/div><footer class=\"entry-footer\"><\/footer><\/article><\/div><div data-ajax-id='1647' class='grid-entry flex_column isotope-item all_sort no_margin post-entry post-entry-1647 grid-entry-overview grid-loop-14 grid-parity-even  coleccion_sort sombreros_sort  av_one_fourth  default_av_fullwidth'><article class='main_color inner-entry'  itemscope=\"itemscope\" itemtype=\"https:\/\/schema.org\/CreativeWork\" ><a href=\"https:\/\/museodelacharreria.org.mx\/pt\/coleccion\/sombrero-con-rosetones-bordados-en-canutillo-de-oro\/\" title='CHAP\u00c9U COM ROSETAS BORDADAS EM OURO COM MI\u00c7ANGAS DOURADAS'  data-rel='grid-1' class='grid-image avia-hover-fx'> <img decoding=\"async\" fetchpriority=\"high\" width=\"260\" height=\"185\" src=\"https:\/\/museodelacharreria.org.mx\/wp-content\/uploads\/2023\/09\/Museo-de-la-Charreria-Sombrero-de-Charro-0080-260x185.jpg\" class=\"wp-image-1618 avia-img-lazy-loading-not-1618 attachment-portfolio_small size-portfolio_small wp-post-image\" alt=\"\" \/><\/a><div class='grid-content'><div class='avia-arrow'><\/div><header class=\"entry-content-header\" aria-label=\"Portfolio: SOMBRERO CON ROSETONES BORDADOS EN CANUTILLO DE ORO\"><h3 class='grid-entry-title entry-title'  itemprop=\"headline\" ><a href='https:\/\/museodelacharreria.org.mx\/pt\/coleccion\/sombrero-con-rosetones-bordados-en-canutillo-de-oro\/' title='CHAP\u00c9U COM ROSETAS BORDADAS EM OURO COM MI\u00c7ANGAS DOURADAS'>CHAP\u00c9U COM ROSETAS BORDADAS EM OURO COM MI\u00c7ANGAS DOURADAS<\/a><\/h3><\/header><\/div><footer class=\"entry-footer\"><\/footer><\/article><\/div><div data-ajax-id='1639' class='grid-entry flex_column isotope-item all_sort no_margin post-entry post-entry-1639 grid-entry-overview grid-loop-15 grid-parity-odd  coleccion_sort sombreros_sort  av_one_fourth  default_av_fullwidth'><article class='main_color inner-entry'  itemscope=\"itemscope\" itemtype=\"https:\/\/schema.org\/CreativeWork\" ><a href=\"https:\/\/museodelacharreria.org.mx\/pt\/coleccion\/sombrero-gris-del-gral-felix-banuelos\/\" title='CHAP\u00c9U CINZA DO GRAL. FELIX BA\u00d1UELOS'  data-rel='grid-1' class='grid-image avia-hover-fx'> <img decoding=\"async\" fetchpriority=\"high\" width=\"260\" height=\"185\" src=\"https:\/\/museodelacharreria.org.mx\/wp-content\/uploads\/2023\/09\/Museo-de-la-Charreria-Sombrero-de-Charro-0101-260x185.jpg\" class=\"wp-image-1613 avia-img-lazy-loading-not-1613 attachment-portfolio_small size-portfolio_small wp-post-image\" alt=\"\" \/><\/a><div class='grid-content'><div class='avia-arrow'><\/div><header class=\"entry-content-header\" aria-label=\"Portfolio: SOMBRERO GRIS DEL GRAL. FELIX BA\u00d1UELOS\"><h3 class='grid-entry-title entry-title'  itemprop=\"headline\" ><a href='https:\/\/museodelacharreria.org.mx\/pt\/coleccion\/sombrero-gris-del-gral-felix-banuelos\/' title='CHAP\u00c9U CINZA DO GRAL. FELIX BA\u00d1UELOS'>CHAP\u00c9U CINZA DO GRAL. FELIX BA\u00d1UELOS<\/a><\/h3><\/header><\/div><footer class=\"entry-footer\"><\/footer><\/article><\/div><div data-ajax-id='1607' class='grid-entry flex_column isotope-item all_sort no_margin post-entry post-entry-1607 grid-entry-overview grid-loop-16 grid-parity-even  post-entry-last  coleccion_sort sombreros_sort  av_one_fourth  default_av_fullwidth'><article class='main_color inner-entry'  itemscope=\"itemscope\" itemtype=\"https:\/\/schema.org\/CreativeWork\" ><a href=\"https:\/\/museodelacharreria.org.mx\/pt\/coleccion\/sombrero-con-aguilas-nacionales\/\" title='CHAP\u00c9U COM \u00c1GUIAS NACIONAIS'  data-rel='grid-1' class='grid-image avia-hover-fx'> <img decoding=\"async\" fetchpriority=\"high\" width=\"260\" height=\"185\" src=\"https:\/\/museodelacharreria.org.mx\/wp-content\/uploads\/2023\/09\/Museo-de-la-Charreria-Sombrero-de-Charro-0140-260x185.jpg\" class=\"wp-image-1611 avia-img-lazy-loading-not-1611 attachment-portfolio_small size-portfolio_small wp-post-image\" alt=\"\" \/><\/a><div class='grid-content'><div class='avia-arrow'><\/div><header class=\"entry-content-header\" aria-label=\"Portfolio: SOMBRERO CON \u00c1GUILAS NACIONALES\"><h3 class='grid-entry-title entry-title'  itemprop=\"headline\" ><a href='https:\/\/museodelacharreria.org.mx\/pt\/coleccion\/sombrero-con-aguilas-nacionales\/' title='CHAP\u00c9U COM \u00c1GUIAS NACIONAIS'>CHAP\u00c9U COM \u00c1GUIAS NACIONAIS<\/a><\/h3><\/header><\/div><footer class=\"entry-footer\"><\/footer><\/article><\/div><\/div><\/div>   <!--   class=\"av-portfolio-grid-sorting-container\"  --><div class='pagination-wrap'><nav class='pagination'><span class='pagination-meta'>P\u00e1gina 1 de 2<\/span><span class='current'>1<\/span><a href='https:\/\/museodelacharreria.org.mx\/pt\/wp-json\/wp\/v2\/pages\/905\/?avia-element-paging=2' class='inactive next_page' >2<\/a><\/nav>\n<\/div>\n\n<style type=\"text\/css\" data-created_by=\"avia_inline_auto\" id=\"style-css-av-lmz55fu6-ce8f8fd31fde45b15b0edf712d523d34\">\n.avia-fold-unfold-section.av-fold-textblock-av-lmz55fu6-ce8f8fd31fde45b15b0edf712d523d34 .av-fold-unfold-container{\nmax-height:500px;\n}\n<\/style>\n<section id=\"avia_sc_text_1\" class='av_textblock_section av-lmz55fu6-ce8f8fd31fde45b15b0edf712d523d34 avia-fold-unfold-section avia-fold-textblock-wrap avia-fold-init av-fold-textblock-av-lmz55fu6-ce8f8fd31fde45b15b0edf712d523d34 align-left' data-fold_unfold=\"{&quot;type&quot;:&quot;avia-fold-unfold-section&quot;,&quot;height&quot;:&quot;500&quot;,&quot;more&quot;:&quot;Leer m\\u00e1s&quot;,&quot;less&quot;:&quot;Contraer&quot;,&quot;context&quot;:&quot;avia_sc_text&quot;}\"  itemscope=\"itemscope\" itemtype=\"https:\/\/schema.org\/CreativeWork\" ><div class=\"av-fold-unfold-container folded\"><\/div><div class='av-fold-button-wrapper av-textblock-btn-wrap'><a href=\"#\" class=\"av-fold-button-container\" data-ignore_hash=\"1\" data-no_scroll_in_viewport=\"1\" data-scroll_top_offset=\"50\">Leia mais<\/a><\/div><div class='avia_textblock'  itemprop=\"text\" ><h3>O chap\u00e9u charro mexicano: um tesouro de identidade e tradi\u00e7\u00e3o artesanal<\/h3>\n<p>No cora\u00e7\u00e3o da Cole\u00e7\u00e3o de Pe\u00e7as do Museo de la Charrer\u00eda est\u00e1 um tesouro emblem\u00e1tico da cultura mexicana: o chap\u00e9u charro. Mais do que uma simples pe\u00e7a de vestu\u00e1rio, esses chap\u00e9us encerram em seus fios de palha ou feltro um rico patrim\u00f4nio de identidade e uma tradi\u00e7\u00e3o de artesanato que perdurou por gera\u00e7\u00f5es.<\/p>\n<p><strong>Identidade enraizada<\/strong><\/p>\n<p>O chap\u00e9u do charro \u00e9 um emblema inconfund\u00edvel da identidade mexicana. Desde sua origem, no in\u00edcio do s\u00e9culo XIX, ele tem sido o fiel companheiro dos charros, representando sua bravura, habilidade e enraizamento nas tradi\u00e7\u00f5es da charrer\u00eda. Seu formato caracter\u00edstico e sua aba larga proporcionam sombra e prote\u00e7\u00e3o a quem o usa, mas tamb\u00e9m um ar de nobreza e dignidade, caracter\u00edsticas fundamentais da cultura charrista.<\/p>\n<p><strong>Tradi\u00e7\u00e3o artesanal: um artesanato forjado no tempo<\/strong><\/p>\n<p>A confec\u00e7\u00e3o de um chap\u00e9u charro \u00e9 fruto de um laborioso trabalho artesanal, no qual se entrela\u00e7am habilidade, paci\u00eancia e conhecimento transmitidos de gera\u00e7\u00e3o em gera\u00e7\u00e3o. Os artes\u00e3os, guardi\u00f5es dessa tradi\u00e7\u00e3o, selecionam cuidadosamente os materiais, seja a resistente palha de palmeira ou o feltro quente, e depois os moldam com maestria e precis\u00e3o.<\/p>\n<p><strong>Variedade de formas, materiais e t\u00e9cnicas<\/strong><\/p>\n<p>Dentro da cole\u00e7\u00e3o, voc\u00ea pode admirar uma diversidade de chap\u00e9us, cada um com sua pr\u00f3pria hist\u00f3ria e estilo. Desde os cl\u00e1ssicos chap\u00e9us de abas largas, ideais para se proteger do sol durante o trabalho no campo, at\u00e9 as elegantes jipijapas, tecidas \u00e0 m\u00e3o com habilidade \u00fanica. Cada chap\u00e9u \u00e9 uma pe\u00e7a \u00fanica, refletindo a criatividade e a maestria dos artes\u00e3os, bem como as mudan\u00e7as nas necessidades e gostos de diferentes \u00e9pocas.<\/p>\n<p><strong>O legado de gera\u00e7\u00e3o em gera\u00e7\u00e3o<\/strong><\/p>\n<p>O artesanato do chap\u00e9u charro \u00e9 um patrim\u00f4nio precioso transmitido de pai para filho, enriquecido a cada nova gera\u00e7\u00e3o. Os segredos da sele\u00e7\u00e3o de materiais, a tecelagem dos fios e a modelagem da forma perfeita s\u00e3o transmitidos com devo\u00e7\u00e3o, garantindo a continuidade dessa tradi\u00e7\u00e3o \u00fanica ao longo do tempo.<\/p>\n<p>Na cole\u00e7\u00e3o de chap\u00e9us do Museo de la Charrer\u00eda, cada pe\u00e7a conta uma hist\u00f3ria, uma hist\u00f3ria de identidade profundamente enraizada e de m\u00e3os habilidosas que transformaram materiais simples em obras-primas do artesanato mexicano. Cada chap\u00e9u de charro \u00e9 um testemunho vivo da riqueza cultural e da tradi\u00e7\u00e3o artesanal que vive no cora\u00e7\u00e3o do M\u00e9xico e na alma dos charros.<\/p>\n<\/div><\/section>","protected":false},"excerpt":{"rendered":"","protected":false},"author":2,"featured_media":704,"parent":64,"menu_order":0,"comment_status":"closed","ping_status":"closed","template":"","meta":{"footnotes":""},"class_list":["post-905","page","type-page","status-publish","has-post-thumbnail","hentry"],"yoast_head":"<!-- This site is optimized with the Yoast SEO plugin v27.5 - https:\/\/yoast.com\/product\/yoast-seo-wordpress\/ -->\n<title>SOMBREROS - Museo de la Charrer\u00eda CDMX<\/title>\n<meta name=\"robots\" content=\"index, follow, max-snippet:-1, max-image-preview:large, max-video-preview:-1\" \/>\n<link rel=\"canonical\" href=\"https:\/\/museodelacharreria.org.mx\/pt\/exposicao\/chapeus\/\" \/>\n<meta property=\"og:locale\" content=\"pt_BR\" \/>\n<meta property=\"og:type\" content=\"article\" \/>\n<meta property=\"og:title\" content=\"SOMBREROS - Museo de la Charrer\u00eda CDMX\" \/>\n<meta property=\"og:url\" content=\"https:\/\/museodelacharreria.org.mx\/pt\/exposicao\/chapeus\/\" \/>\n<meta property=\"og:site_name\" content=\"Museo de la Charrer\u00eda CDMX\" \/>\n<meta property=\"article:modified_time\" content=\"2023-09-25T17:08:29+00:00\" \/>\n<meta property=\"og:image\" content=\"https:\/\/museodelacharreria.org.mx\/wp-content\/uploads\/2023\/09\/Museo-de-la-Charreria-CDMX-Sombrero-Papa-Francisco-0018.jpg\" \/>\n\t<meta property=\"og:image:width\" content=\"1920\" \/>\n\t<meta property=\"og:image:height\" content=\"1280\" \/>\n\t<meta property=\"og:image:type\" content=\"image\/jpeg\" \/>\n<meta name=\"twitter:card\" content=\"summary_large_image\" \/>\n<meta name=\"twitter:label1\" content=\"Est. tempo de leitura\" \/>\n\t<meta name=\"twitter:data1\" content=\"5 minutos\" \/>\n<script type=\"application\/ld+json\" class=\"yoast-schema-graph\">{\"@context\":\"https:\\\/\\\/schema.org\",\"@graph\":[{\"@type\":\"WebPage\",\"@id\":\"https:\\\/\\\/museodelacharreria.org.mx\\\/exhibicion\\\/sombreros\\\/\",\"url\":\"https:\\\/\\\/museodelacharreria.org.mx\\\/exhibicion\\\/sombreros\\\/\",\"name\":\"SOMBREROS - Museo de la Charrer\u00eda CDMX\",\"isPartOf\":{\"@id\":\"https:\\\/\\\/museodelacharreria.org.mx\\\/#website\"},\"primaryImageOfPage\":{\"@id\":\"https:\\\/\\\/museodelacharreria.org.mx\\\/exhibicion\\\/sombreros\\\/#primaryimage\"},\"image\":{\"@id\":\"https:\\\/\\\/museodelacharreria.org.mx\\\/exhibicion\\\/sombreros\\\/#primaryimage\"},\"thumbnailUrl\":\"https:\\\/\\\/museodelacharreria.org.mx\\\/wp-content\\\/uploads\\\/2023\\\/09\\\/Museo-de-la-Charreria-CDMX-Sombrero-Papa-Francisco-0018.jpg\",\"datePublished\":\"2023-09-25T17:07:51+00:00\",\"dateModified\":\"2023-09-25T17:08:29+00:00\",\"breadcrumb\":{\"@id\":\"https:\\\/\\\/museodelacharreria.org.mx\\\/exhibicion\\\/sombreros\\\/#breadcrumb\"},\"inLanguage\":\"pt-BR\",\"potentialAction\":[{\"@type\":\"ReadAction\",\"target\":[\"https:\\\/\\\/museodelacharreria.org.mx\\\/exhibicion\\\/sombreros\\\/\"]}]},{\"@type\":\"ImageObject\",\"inLanguage\":\"pt-BR\",\"@id\":\"https:\\\/\\\/museodelacharreria.org.mx\\\/exhibicion\\\/sombreros\\\/#primaryimage\",\"url\":\"https:\\\/\\\/museodelacharreria.org.mx\\\/wp-content\\\/uploads\\\/2023\\\/09\\\/Museo-de-la-Charreria-CDMX-Sombrero-Papa-Francisco-0018.jpg\",\"contentUrl\":\"https:\\\/\\\/museodelacharreria.org.mx\\\/wp-content\\\/uploads\\\/2023\\\/09\\\/Museo-de-la-Charreria-CDMX-Sombrero-Papa-Francisco-0018.jpg\",\"width\":1920,\"height\":1280,\"caption\":\"Vista Frontal\"},{\"@type\":\"BreadcrumbList\",\"@id\":\"https:\\\/\\\/museodelacharreria.org.mx\\\/exhibicion\\\/sombreros\\\/#breadcrumb\",\"itemListElement\":[{\"@type\":\"ListItem\",\"position\":1,\"name\":\"Portada\",\"item\":\"https:\\\/\\\/museodelacharreria.org.mx\\\/inicio\\\/\"},{\"@type\":\"ListItem\",\"position\":2,\"name\":\"EXHIBICI\u00d3N\",\"item\":\"https:\\\/\\\/museodelacharreria.org.mx\\\/exhibicion\\\/\"},{\"@type\":\"ListItem\",\"position\":3,\"name\":\"SOMBREROS\"}]},{\"@type\":\"WebSite\",\"@id\":\"https:\\\/\\\/museodelacharreria.org.mx\\\/#website\",\"url\":\"https:\\\/\\\/museodelacharreria.org.mx\\\/\",\"name\":\"Museo de la Charrer\u00eda CDMX\",\"description\":\"Historia y tradici\u00f3n, patrimonio cultural inmaterial de la humanidad UNESCO\",\"publisher\":{\"@id\":\"https:\\\/\\\/museodelacharreria.org.mx\\\/#organization\"},\"potentialAction\":[{\"@type\":\"SearchAction\",\"target\":{\"@type\":\"EntryPoint\",\"urlTemplate\":\"https:\\\/\\\/museodelacharreria.org.mx\\\/?s={search_term_string}\"},\"query-input\":{\"@type\":\"PropertyValueSpecification\",\"valueRequired\":true,\"valueName\":\"search_term_string\"}}],\"inLanguage\":\"pt-BR\"},{\"@type\":\"Organization\",\"@id\":\"https:\\\/\\\/museodelacharreria.org.mx\\\/#organization\",\"name\":\"Museo de la Charrer\u00eda Ciudad de M\u00e9xico\",\"alternateName\":\"Museo de la Charrer\u00eda CDMX\",\"url\":\"https:\\\/\\\/museodelacharreria.org.mx\\\/\",\"logo\":{\"@type\":\"ImageObject\",\"inLanguage\":\"pt-BR\",\"@id\":\"https:\\\/\\\/museodelacharreria.org.mx\\\/#\\\/schema\\\/logo\\\/image\\\/\",\"url\":\"https:\\\/\\\/museodelacharreria.org.mx\\\/wp-content\\\/uploads\\\/2023\\\/07\\\/Logo-Museo-de-la-Charreria-b-n.png\",\"contentUrl\":\"https:\\\/\\\/museodelacharreria.org.mx\\\/wp-content\\\/uploads\\\/2023\\\/07\\\/Logo-Museo-de-la-Charreria-b-n.png\",\"width\":500,\"height\":250,\"caption\":\"Museo de la Charrer\u00eda Ciudad de M\u00e9xico\"},\"image\":{\"@id\":\"https:\\\/\\\/museodelacharreria.org.mx\\\/#\\\/schema\\\/logo\\\/image\\\/\"},\"sameAs\":[\"https:\\\/\\\/www.youtube.com\\\/@MuseoDeLaCharreria\"]}]}<\/script>\n<!-- \/ Yoast SEO plugin. -->","yoast_head_json":{"title":"SOMBREROS - Museu da Charreria CDMX","robots":{"index":"index","follow":"follow","max-snippet":"max-snippet:-1","max-image-preview":"max-image-preview:large","max-video-preview":"max-video-preview:-1"},"canonical":"https:\/\/museodelacharreria.org.mx\/pt\/exposicao\/chapeus\/","og_locale":"pt_BR","og_type":"article","og_title":"SOMBREROS - Museo de la Charrer\u00eda CDMX","og_url":"https:\/\/museodelacharreria.org.mx\/pt\/exposicao\/chapeus\/","og_site_name":"Museo de la Charrer\u00eda CDMX","article_modified_time":"2023-09-25T17:08:29+00:00","og_image":[{"width":1920,"height":1280,"url":"https:\/\/museodelacharreria.org.mx\/wp-content\/uploads\/2023\/09\/Museo-de-la-Charreria-CDMX-Sombrero-Papa-Francisco-0018.jpg","type":"image\/jpeg"}],"twitter_card":"summary_large_image","twitter_misc":{"Est. tempo de leitura":"5 minutos"},"schema":{"@context":"https:\/\/schema.org","@graph":[{"@type":"WebPage","@id":"https:\/\/museodelacharreria.org.mx\/exhibicion\/sombreros\/","url":"https:\/\/museodelacharreria.org.mx\/exhibicion\/sombreros\/","name":"SOMBREROS - Museu da Charreria CDMX","isPartOf":{"@id":"https:\/\/museodelacharreria.org.mx\/#website"},"primaryImageOfPage":{"@id":"https:\/\/museodelacharreria.org.mx\/exhibicion\/sombreros\/#primaryimage"},"image":{"@id":"https:\/\/museodelacharreria.org.mx\/exhibicion\/sombreros\/#primaryimage"},"thumbnailUrl":"https:\/\/museodelacharreria.org.mx\/wp-content\/uploads\/2023\/09\/Museo-de-la-Charreria-CDMX-Sombrero-Papa-Francisco-0018.jpg","datePublished":"2023-09-25T17:07:51+00:00","dateModified":"2023-09-25T17:08:29+00:00","breadcrumb":{"@id":"https:\/\/museodelacharreria.org.mx\/exhibicion\/sombreros\/#breadcrumb"},"inLanguage":"pt-BR","potentialAction":[{"@type":"ReadAction","target":["https:\/\/museodelacharreria.org.mx\/exhibicion\/sombreros\/"]}]},{"@type":"ImageObject","inLanguage":"pt-BR","@id":"https:\/\/museodelacharreria.org.mx\/exhibicion\/sombreros\/#primaryimage","url":"https:\/\/museodelacharreria.org.mx\/wp-content\/uploads\/2023\/09\/Museo-de-la-Charreria-CDMX-Sombrero-Papa-Francisco-0018.jpg","contentUrl":"https:\/\/museodelacharreria.org.mx\/wp-content\/uploads\/2023\/09\/Museo-de-la-Charreria-CDMX-Sombrero-Papa-Francisco-0018.jpg","width":1920,"height":1280,"caption":"Vista Frontal"},{"@type":"BreadcrumbList","@id":"https:\/\/museodelacharreria.org.mx\/exhibicion\/sombreros\/#breadcrumb","itemListElement":[{"@type":"ListItem","position":1,"name":"Portada","item":"https:\/\/museodelacharreria.org.mx\/inicio\/"},{"@type":"ListItem","position":2,"name":"EXHIBICI\u00d3N","item":"https:\/\/museodelacharreria.org.mx\/exhibicion\/"},{"@type":"ListItem","position":3,"name":"SOMBREROS"}]},{"@type":"WebSite","@id":"https:\/\/museodelacharreria.org.mx\/#website","url":"https:\/\/museodelacharreria.org.mx\/","name":"Museu da Charreria CDMX","description":"Hist\u00f3ria e tradi\u00e7\u00e3o, patrim\u00f4nio cultural intang\u00edvel da humanidade UNESCO","publisher":{"@id":"https:\/\/museodelacharreria.org.mx\/#organization"},"potentialAction":[{"@type":"SearchAction","target":{"@type":"EntryPoint","urlTemplate":"https:\/\/museodelacharreria.org.mx\/?s={search_term_string}"},"query-input":{"@type":"PropertyValueSpecification","valueRequired":true,"valueName":"search_term_string"}}],"inLanguage":"pt-BR"},{"@type":"Organization","@id":"https:\/\/museodelacharreria.org.mx\/#organization","name":"Museu de Charreria Cidade do M\u00e9xico","alternateName":"Museo de la Charrer\u00eda CDMX","url":"https:\/\/museodelacharreria.org.mx\/","logo":{"@type":"ImageObject","inLanguage":"pt-BR","@id":"https:\/\/museodelacharreria.org.mx\/#\/schema\/logo\/image\/","url":"https:\/\/museodelacharreria.org.mx\/wp-content\/uploads\/2023\/07\/Logo-Museo-de-la-Charreria-b-n.png","contentUrl":"https:\/\/museodelacharreria.org.mx\/wp-content\/uploads\/2023\/07\/Logo-Museo-de-la-Charreria-b-n.png","width":500,"height":250,"caption":"Museo de la Charrer\u00eda Ciudad de M\u00e9xico"},"image":{"@id":"https:\/\/museodelacharreria.org.mx\/#\/schema\/logo\/image\/"},"sameAs":["https:\/\/www.youtube.com\/@MuseoDeLaCharreria"]}]}},"_links":{"self":[{"href":"https:\/\/museodelacharreria.org.mx\/pt\/wp-json\/wp\/v2\/pages\/905","targetHints":{"allow":["GET"]}}],"collection":[{"href":"https:\/\/museodelacharreria.org.mx\/pt\/wp-json\/wp\/v2\/pages"}],"about":[{"href":"https:\/\/museodelacharreria.org.mx\/pt\/wp-json\/wp\/v2\/types\/page"}],"author":[{"embeddable":true,"href":"https:\/\/museodelacharreria.org.mx\/pt\/wp-json\/wp\/v2\/users\/2"}],"replies":[{"embeddable":true,"href":"https:\/\/museodelacharreria.org.mx\/pt\/wp-json\/wp\/v2\/comments?post=905"}],"version-history":[{"count":2,"href":"https:\/\/museodelacharreria.org.mx\/pt\/wp-json\/wp\/v2\/pages\/905\/revisions"}],"predecessor-version":[{"id":908,"href":"https:\/\/museodelacharreria.org.mx\/pt\/wp-json\/wp\/v2\/pages\/905\/revisions\/908"}],"up":[{"embeddable":true,"href":"https:\/\/museodelacharreria.org.mx\/pt\/wp-json\/wp\/v2\/pages\/64"}],"wp:featuredmedia":[{"embeddable":true,"href":"https:\/\/museodelacharreria.org.mx\/pt\/wp-json\/wp\/v2\/media\/704"}],"wp:attachment":[{"href":"https:\/\/museodelacharreria.org.mx\/pt\/wp-json\/wp\/v2\/media?parent=905"}],"curies":[{"name":"wp","href":"https:\/\/api.w.org\/{rel}","templated":true}]}}