{"id":1794,"date":"2023-10-04T00:45:37","date_gmt":"2023-10-04T00:45:37","guid":{"rendered":"https:\/\/museodelacharreria.org.mx\/?page_id=1794"},"modified":"2024-12-06T07:17:30","modified_gmt":"2024-12-06T13:17:30","slug":"xvii-yuzyil","status":"publish","type":"page","link":"https:\/\/museodelacharreria.org.mx\/tr\/historia\/siglo-xvii\/","title":{"rendered":"17. Y\u00dcZYIL"},"content":{"rendered":"<style type=\"text\/css\" data-created_by=\"avia_inline_auto\" id=\"style-css-av-2xkel7-87357eb3d00228bb0e5f4eb664fd8109\">\n.avia-section.av-2xkel7-87357eb3d00228bb0e5f4eb664fd8109{\nbackground-repeat:no-repeat;\nbackground-image:url(https:\/\/museodelacharreria.org.mx\/wp-content\/uploads\/2023\/10\/1280px-Nebel_Voyage_31_Arrieros.jpg);\nbackground-position:50% 50%;\nbackground-attachment:scroll;\nmargin-top:0px;\nmargin-bottom:0px;\n}\n<\/style>\n<div id='av_section_1'  class='avia-section av-2xkel7-87357eb3d00228bb0e5f4eb664fd8109 main_color avia-section-default avia-no-border-styling  avia-builder-el-0  el_before_av_submenu  avia-builder-el-first  avia-full-stretch avia-bg-style-scroll av-minimum-height av-minimum-height-60 av-height-percent  container_wrap fullsize'  data-section-bg-repeat='stretch' data-av_minimum_height_pc='60' data-av_min_height_opt='percent'><div class='container av-section-cont-open' ><main  role=\"main\" itemprop=\"mainContentOfPage\"  class='template-page content  av-content-full alpha units'><div class='post-entry post-entry-type-page post-entry-1794'><div class='entry-content-wrapper clearfix'>\n\n<style type=\"text\/css\" data-created_by=\"avia_inline_auto\" id=\"style-css-av-lo66xesn-8e9b59b4309a14ab9f6a3c6e9e4f3c38\">\n.av_font_icon.av-lo66xesn-8e9b59b4309a14ab9f6a3c6e9e4f3c38 .av-icon-char{\nfont-size:20px;\nline-height:20px;\n}\n<\/style>\n<span  class='av_font_icon av-lo66xesn-8e9b59b4309a14ab9f6a3c6e9e4f3c38 avia_animate_when_visible av-icon-style- avia-icon-pos-right av-no-color avia-icon-animate'><span class='av-icon-char' aria-hidden='true' data-av_icon='\ue8e7' data-av_iconfont='entypo-fontello' data-avia-icon-tooltip=\"Imagen: &amp;#8220;Nebel Voyage 31 Arrieros&amp;#8221; 1836 Autor: Originally published in Carl Nebel, pittoresque et arch\u00e9ologique dans la partie la plus int\u00e9ressante du Mexique par C. Nebel, Architecte. Wikimedia Commons &amp;#8211; Dominio P\u00fablico.&lt;br \/&gt;\"><\/span><\/span>\n\n<\/div><\/div><\/main><!-- close content main element --><\/div><\/div><div class='clear'><\/div><div id='sub_menu1'  class='av-submenu-container av-5syjid-20cc2c243a2f2778b0c5c3a1afbb5dc1 main_color  avia-builder-el-2  el_after_av_section  el_before_av_one_full  av-sticky-submenu submenu-not-first container_wrap fullsize' style='z-index:301' ><div class='container av-menu-mobile-disabled av-submenu-pos-center'><ul id=\"menu-historia\" class=\"av-subnav-menu\" role=\"menu\"><li role=\"menuitem\" id=\"menu-item-1778\" class=\"menu-item menu-item-type-post_type menu-item-object-page menu-item-top-level menu-item-top-level-1\"><a href=\"https:\/\/museodelacharreria.org.mx\/tr\/historia\/siglo-xvi\/\" itemprop=\"url\" tabindex=\"0\"><span class=\"avia-bullet\"><\/span><span class=\"avia-menu-text\">16. Y\u00dcZYIL<\/span><span class=\"avia-menu-fx\"><span class=\"avia-arrow-wrap\"><span class=\"avia-arrow\"><\/span><\/span><\/span><\/a><\/li>\n<li role=\"menuitem\" id=\"menu-item-1797\" class=\"menu-item menu-item-type-post_type menu-item-object-page menu-item-top-level menu-item-top-level-2\"><a href=\"https:\/\/museodelacharreria.org.mx\/tr\/historia\/siglo-xvii\/\" itemprop=\"url\" tabindex=\"0\"><span class=\"avia-bullet\"><\/span><span class=\"avia-menu-text\">17. Y\u00dcZYIL<\/span><span class=\"avia-menu-fx\"><span class=\"avia-arrow-wrap\"><span class=\"avia-arrow\"><\/span><\/span><\/span><\/a><\/li>\n<li role=\"menuitem\" id=\"menu-item-1809\" class=\"menu-item menu-item-type-post_type menu-item-object-page menu-item-top-level menu-item-top-level-3\"><a href=\"https:\/\/museodelacharreria.org.mx\/tr\/historia\/siglo-xviii\/\" itemprop=\"url\" tabindex=\"0\"><span class=\"avia-bullet\"><\/span><span class=\"avia-menu-text\">18. Y\u00dcZYIL<\/span><span class=\"avia-menu-fx\"><span class=\"avia-arrow-wrap\"><span class=\"avia-arrow\"><\/span><\/span><\/span><\/a><\/li>\n<li role=\"menuitem\" id=\"menu-item-1818\" class=\"menu-item menu-item-type-post_type menu-item-object-page menu-item-top-level menu-item-top-level-4\"><a href=\"https:\/\/museodelacharreria.org.mx\/tr\/historia\/siglo-xix\/\" itemprop=\"url\" tabindex=\"0\"><span class=\"avia-bullet\"><\/span><span class=\"avia-menu-text\">19. Y\u00dcZYIL<\/span><span class=\"avia-menu-fx\"><span class=\"avia-arrow-wrap\"><span class=\"avia-arrow\"><\/span><\/span><\/span><\/a><\/li>\n<li role=\"menuitem\" id=\"menu-item-1840\" class=\"menu-item menu-item-type-post_type menu-item-object-page menu-item-top-level menu-item-top-level-5\"><a href=\"https:\/\/museodelacharreria.org.mx\/tr\/historia\/siglo-xx\/\" itemprop=\"url\" tabindex=\"0\"><span class=\"avia-bullet\"><\/span><span class=\"avia-menu-text\">20. Y\u00dcZYIL<\/span><span class=\"avia-menu-fx\"><span class=\"avia-arrow-wrap\"><span class=\"avia-arrow\"><\/span><\/span><\/span><\/a><\/li>\n<li role=\"menuitem\" id=\"menu-item-1863\" class=\"menu-item menu-item-type-post_type menu-item-object-page menu-item-top-level menu-item-top-level-6\"><a href=\"https:\/\/museodelacharreria.org.mx\/tr\/historia\/siglo-xxi\/\" itemprop=\"url\" tabindex=\"0\"><span class=\"avia-bullet\"><\/span><span class=\"avia-menu-text\">21. Y\u00dcZYIL<\/span><span class=\"avia-menu-fx\"><span class=\"avia-arrow-wrap\"><span class=\"avia-arrow\"><\/span><\/span><\/span><\/a><\/li>\n<\/ul><\/div><\/div><div class='sticky_placeholder'><\/div><div id='after_submenu_1'  class='main_color av_default_container_wrap container_wrap fullsize'  ><div class='container av-section-cont-open' ><div class='template-page content  av-content-full alpha units'><div class='post-entry post-entry-type-page post-entry-1794'><div class='entry-content-wrapper clearfix'>\n\n<style type=\"text\/css\" data-created_by=\"avia_inline_auto\" id=\"style-css-av-lnapyhdx-b289005ca77e5017eff9eca400f12de3\">\n#top .flex_column.av-lnapyhdx-b289005ca77e5017eff9eca400f12de3{\nmargin-top:-7%;\nmargin-bottom:0px;\n}\n.flex_column.av-lnapyhdx-b289005ca77e5017eff9eca400f12de3{\npadding:5% 5% 5% 5%;\nbackground-color:rgba(10,10,10,0.48);\n}\n.responsive #top #wrap_all .flex_column.av-lnapyhdx-b289005ca77e5017eff9eca400f12de3{\nmargin-top:-7%;\nmargin-bottom:0px;\n}\n<\/style>\n<div  class='flex_column av-lnapyhdx-b289005ca77e5017eff9eca400f12de3 av_one_full  avia-builder-el-3  el_after_av_submenu  avia-builder-el-no-sibling  first flex_column_div'     ><p>\n<style type=\"text\/css\" data-created_by=\"avia_inline_auto\" id=\"style-css-av-lnap3288-c3ee65fdb0d521181edc1d666e51a07d\">\n#top .av-special-heading.av-lnap3288-c3ee65fdb0d521181edc1d666e51a07d{\npadding-bottom:10px;\n}\nbody .av-special-heading.av-lnap3288-c3ee65fdb0d521181edc1d666e51a07d .av-special-heading-tag .heading-char{\nfont-size:25px;\n}\n.av-special-heading.av-lnap3288-c3ee65fdb0d521181edc1d666e51a07d .av-subheading{\nfont-size:15px;\n}\n<\/style>\n<div  class='av-special-heading av-lnap3288-c3ee65fdb0d521181edc1d666e51a07d av-special-heading-h2 blockquote modern-quote modern-centered  avia-builder-el-4  el_before_av_textblock  avia-builder-el-first'><h2 class='av-special-heading-tag'  itemprop=\"headline\"  >17. Y\u00dcZYIL<\/h2><div class='av-subheading av-subheading_below'><p>Meksika Tarihi Boyunca Charreria'n\u0131n Evrimi<\/p>\n<\/div><div class=\"special-heading-border\"><div class=\"special-heading-inner-border\"><\/div><\/div><\/div><br \/>\n<section  class='av_textblock_section av-lnap26cr-22bc630749eb84fff7f01f2c3751306f'   itemscope=\"itemscope\" itemtype=\"https:\/\/schema.org\/CreativeWork\" ><div class='avia_textblock'  itemprop=\"text\" ><p>1609'da genel valiler, b\u00fcy\u00fck s\u0131\u011f\u0131r \u00e7iftliklerinde \u00e7al\u0131\u015facak mestizolar i\u00e7in eyerli, dizginli ve mahmuzlu at kullan\u0131m\u0131na kesin olarak izin vermek zorunda kald\u0131.<\/p>\n<p>17. y\u00fczy\u0131lda Meksika zaten geni\u015f bir ta\u015f d\u00f6\u015feli yol a\u011f\u0131na sahipti. Arabalar, atlar ve kat\u0131rc\u0131lar taraf\u0131ndan kam\u00e7\u0131lanan ve \u0131sl\u0131k \u00e7al\u0131nan sonsuz kat\u0131r katarlar\u0131 her t\u00fcrl\u00fc mal\u0131 ta\u015f\u0131yordu. Bunlar her y\u0131l Nao de China taraf\u0131ndan Acapulco'da depolan\u0131r ve madenlerin \u00fcretimi de ip muhaf\u0131zlar\u0131, gen\u00e7, g\u00fc\u00e7l\u00fc, iyi giyimli ve silahl\u0131 K\u0131z\u0131lderililer ve mestizolar taraf\u0131ndan korunurdu.<\/p>\n<p>Kolomb \u00f6ncesi kuyumcular\u0131n kost\u00fcmlerine ve ko\u015fum tak\u0131mlar\u0131na ekledikleri g\u00fcm\u00fc\u015f s\u00fcslemelerde kendini g\u00f6steren miras\u0131 sayesinde l\u00fcks\u00fcn karakteristi\u011fi charro kost\u00fcm\u00fcyle ili\u015fkilendirildi.<\/p>\n<p>Hacienda, 17. y\u00fczy\u0131lda geli\u015ftirilen ve Yeni \u0130spanya'n\u0131n ekonomik ya\u015fam\u0131n\u0131 karakterize eden \u00fcretim birimiydi. Mestizolar burada uzman vaquerolar ve caporale'ler haline geldiler; rutin g\u00f6revleri k\u0131rsal kesimde, kement atmaktan bo\u011fa takibine, evcille\u015ftirmeden binicili\u011fe kadar \u00e7ok farkl\u0131 bi\u00e7imlere b\u00fcr\u00fcnen, beceri ve cesaretin h\u00fck\u00fcm s\u00fcrd\u00fc\u011f\u00fc manevralar\u0131n \u00e7e\u015fitlili\u011fiyle canland\u0131.<\/p>\n<\/div><\/section><\/p><\/div>","protected":false},"excerpt":{"rendered":"","protected":false},"author":2,"featured_media":1799,"parent":56,"menu_order":0,"comment_status":"closed","ping_status":"closed","template":"","meta":{"footnotes":""},"class_list":["post-1794","page","type-page","status-publish","has-post-thumbnail","hentry"],"yoast_head":"<!-- This site is optimized with the Yoast SEO plugin v27.4 - https:\/\/yoast.com\/product\/yoast-seo-wordpress\/ -->\n<title>SIGLO XVII - Museo de la Charrer\u00eda CDMX<\/title>\n<meta name=\"robots\" content=\"index, follow, max-snippet:-1, max-image-preview:large, max-video-preview:-1\" \/>\n<link rel=\"canonical\" href=\"https:\/\/museodelacharreria.org.mx\/tr\/tarih\/xvii-yuzyil\/\" \/>\n<meta property=\"og:locale\" content=\"tr_TR\" \/>\n<meta property=\"og:type\" content=\"article\" \/>\n<meta property=\"og:title\" content=\"SIGLO XVII - Museo de la Charrer\u00eda CDMX\" \/>\n<meta property=\"og:url\" content=\"https:\/\/museodelacharreria.org.mx\/tr\/tarih\/xvii-yuzyil\/\" \/>\n<meta property=\"og:site_name\" content=\"Museo de la Charrer\u00eda CDMX\" \/>\n<meta property=\"article:modified_time\" content=\"2024-12-06T13:17:30+00:00\" \/>\n<meta property=\"og:image\" content=\"https:\/\/museodelacharreria.org.mx\/wp-content\/uploads\/2023\/10\/1280px-Nebel_Voyage_31_Arrieros.jpg\" \/>\n\t<meta property=\"og:image:width\" content=\"1280\" \/>\n\t<meta property=\"og:image:height\" content=\"953\" \/>\n\t<meta property=\"og:image:type\" content=\"image\/jpeg\" \/>\n<meta name=\"twitter:card\" content=\"summary_large_image\" \/>\n<meta name=\"twitter:label1\" content=\"Tahmini okuma s\u00fcresi\" \/>\n\t<meta name=\"twitter:data1\" content=\"2 dakika\" \/>\n<script type=\"application\/ld+json\" class=\"yoast-schema-graph\">{\"@context\":\"https:\\\/\\\/schema.org\",\"@graph\":[{\"@type\":\"WebPage\",\"@id\":\"https:\\\/\\\/museodelacharreria.org.mx\\\/historia\\\/siglo-xvii\\\/\",\"url\":\"https:\\\/\\\/museodelacharreria.org.mx\\\/historia\\\/siglo-xvii\\\/\",\"name\":\"SIGLO XVII - Museo de la Charrer\u00eda CDMX\",\"isPartOf\":{\"@id\":\"https:\\\/\\\/museodelacharreria.org.mx\\\/#website\"},\"primaryImageOfPage\":{\"@id\":\"https:\\\/\\\/museodelacharreria.org.mx\\\/historia\\\/siglo-xvii\\\/#primaryimage\"},\"image\":{\"@id\":\"https:\\\/\\\/museodelacharreria.org.mx\\\/historia\\\/siglo-xvii\\\/#primaryimage\"},\"thumbnailUrl\":\"https:\\\/\\\/museodelacharreria.org.mx\\\/wp-content\\\/uploads\\\/2023\\\/10\\\/1280px-Nebel_Voyage_31_Arrieros.jpg\",\"datePublished\":\"2023-10-04T00:45:37+00:00\",\"dateModified\":\"2024-12-06T13:17:30+00:00\",\"breadcrumb\":{\"@id\":\"https:\\\/\\\/museodelacharreria.org.mx\\\/historia\\\/siglo-xvii\\\/#breadcrumb\"},\"inLanguage\":\"tr\",\"potentialAction\":[{\"@type\":\"ReadAction\",\"target\":[\"https:\\\/\\\/museodelacharreria.org.mx\\\/historia\\\/siglo-xvii\\\/\"]}]},{\"@type\":\"ImageObject\",\"inLanguage\":\"tr\",\"@id\":\"https:\\\/\\\/museodelacharreria.org.mx\\\/historia\\\/siglo-xvii\\\/#primaryimage\",\"url\":\"https:\\\/\\\/museodelacharreria.org.mx\\\/wp-content\\\/uploads\\\/2023\\\/10\\\/1280px-Nebel_Voyage_31_Arrieros.jpg\",\"contentUrl\":\"https:\\\/\\\/museodelacharreria.org.mx\\\/wp-content\\\/uploads\\\/2023\\\/10\\\/1280px-Nebel_Voyage_31_Arrieros.jpg\",\"width\":1280,\"height\":953},{\"@type\":\"BreadcrumbList\",\"@id\":\"https:\\\/\\\/museodelacharreria.org.mx\\\/historia\\\/siglo-xvii\\\/#breadcrumb\",\"itemListElement\":[{\"@type\":\"ListItem\",\"position\":1,\"name\":\"Portada\",\"item\":\"https:\\\/\\\/museodelacharreria.org.mx\\\/inicio\\\/\"},{\"@type\":\"ListItem\",\"position\":2,\"name\":\"HISTORIA\",\"item\":\"https:\\\/\\\/museodelacharreria.org.mx\\\/historia\\\/\"},{\"@type\":\"ListItem\",\"position\":3,\"name\":\"SIGLO XVII\"}]},{\"@type\":\"WebSite\",\"@id\":\"https:\\\/\\\/museodelacharreria.org.mx\\\/#website\",\"url\":\"https:\\\/\\\/museodelacharreria.org.mx\\\/\",\"name\":\"Museo de la Charrer\u00eda CDMX\",\"description\":\"Historia y tradici\u00f3n, patrimonio cultural inmaterial de la humanidad UNESCO\",\"publisher\":{\"@id\":\"https:\\\/\\\/museodelacharreria.org.mx\\\/#organization\"},\"potentialAction\":[{\"@type\":\"SearchAction\",\"target\":{\"@type\":\"EntryPoint\",\"urlTemplate\":\"https:\\\/\\\/museodelacharreria.org.mx\\\/?s={search_term_string}\"},\"query-input\":{\"@type\":\"PropertyValueSpecification\",\"valueRequired\":true,\"valueName\":\"search_term_string\"}}],\"inLanguage\":\"tr\"},{\"@type\":\"Organization\",\"@id\":\"https:\\\/\\\/museodelacharreria.org.mx\\\/#organization\",\"name\":\"Museo de la Charrer\u00eda Ciudad de M\u00e9xico\",\"alternateName\":\"Museo de la Charrer\u00eda CDMX\",\"url\":\"https:\\\/\\\/museodelacharreria.org.mx\\\/\",\"logo\":{\"@type\":\"ImageObject\",\"inLanguage\":\"tr\",\"@id\":\"https:\\\/\\\/museodelacharreria.org.mx\\\/#\\\/schema\\\/logo\\\/image\\\/\",\"url\":\"https:\\\/\\\/museodelacharreria.org.mx\\\/wp-content\\\/uploads\\\/2023\\\/07\\\/Logo-Museo-de-la-Charreria-b-n.png\",\"contentUrl\":\"https:\\\/\\\/museodelacharreria.org.mx\\\/wp-content\\\/uploads\\\/2023\\\/07\\\/Logo-Museo-de-la-Charreria-b-n.png\",\"width\":500,\"height\":250,\"caption\":\"Museo de la Charrer\u00eda Ciudad de M\u00e9xico\"},\"image\":{\"@id\":\"https:\\\/\\\/museodelacharreria.org.mx\\\/#\\\/schema\\\/logo\\\/image\\\/\"},\"sameAs\":[\"https:\\\/\\\/www.youtube.com\\\/@MuseoDeLaCharreria\"]}]}<\/script>\n<!-- \/ Yoast SEO plugin. -->","yoast_head_json":{"title":"17. Y\u00dcZYIL - Museo de la Charrer\u00eda CDMX","robots":{"index":"index","follow":"follow","max-snippet":"max-snippet:-1","max-image-preview":"max-image-preview:large","max-video-preview":"max-video-preview:-1"},"canonical":"https:\/\/museodelacharreria.org.mx\/tr\/tarih\/xvii-yuzyil\/","og_locale":"tr_TR","og_type":"article","og_title":"SIGLO XVII - Museo de la Charrer\u00eda CDMX","og_url":"https:\/\/museodelacharreria.org.mx\/tr\/tarih\/xvii-yuzyil\/","og_site_name":"Museo de la Charrer\u00eda CDMX","article_modified_time":"2024-12-06T13:17:30+00:00","og_image":[{"width":1280,"height":953,"url":"https:\/\/museodelacharreria.org.mx\/wp-content\/uploads\/2023\/10\/1280px-Nebel_Voyage_31_Arrieros.jpg","type":"image\/jpeg"}],"twitter_card":"summary_large_image","twitter_misc":{"Tahmini okuma s\u00fcresi":"2 dakika"},"schema":{"@context":"https:\/\/schema.org","@graph":[{"@type":"WebPage","@id":"https:\/\/museodelacharreria.org.mx\/historia\/siglo-xvii\/","url":"https:\/\/museodelacharreria.org.mx\/historia\/siglo-xvii\/","name":"17. Y\u00dcZYIL - Museo de la Charrer\u00eda CDMX","isPartOf":{"@id":"https:\/\/museodelacharreria.org.mx\/#website"},"primaryImageOfPage":{"@id":"https:\/\/museodelacharreria.org.mx\/historia\/siglo-xvii\/#primaryimage"},"image":{"@id":"https:\/\/museodelacharreria.org.mx\/historia\/siglo-xvii\/#primaryimage"},"thumbnailUrl":"https:\/\/museodelacharreria.org.mx\/wp-content\/uploads\/2023\/10\/1280px-Nebel_Voyage_31_Arrieros.jpg","datePublished":"2023-10-04T00:45:37+00:00","dateModified":"2024-12-06T13:17:30+00:00","breadcrumb":{"@id":"https:\/\/museodelacharreria.org.mx\/historia\/siglo-xvii\/#breadcrumb"},"inLanguage":"tr","potentialAction":[{"@type":"ReadAction","target":["https:\/\/museodelacharreria.org.mx\/historia\/siglo-xvii\/"]}]},{"@type":"ImageObject","inLanguage":"tr","@id":"https:\/\/museodelacharreria.org.mx\/historia\/siglo-xvii\/#primaryimage","url":"https:\/\/museodelacharreria.org.mx\/wp-content\/uploads\/2023\/10\/1280px-Nebel_Voyage_31_Arrieros.jpg","contentUrl":"https:\/\/museodelacharreria.org.mx\/wp-content\/uploads\/2023\/10\/1280px-Nebel_Voyage_31_Arrieros.jpg","width":1280,"height":953},{"@type":"BreadcrumbList","@id":"https:\/\/museodelacharreria.org.mx\/historia\/siglo-xvii\/#breadcrumb","itemListElement":[{"@type":"ListItem","position":1,"name":"Portada","item":"https:\/\/museodelacharreria.org.mx\/inicio\/"},{"@type":"ListItem","position":2,"name":"HISTORIA","item":"https:\/\/museodelacharreria.org.mx\/historia\/"},{"@type":"ListItem","position":3,"name":"SIGLO XVII"}]},{"@type":"WebSite","@id":"https:\/\/museodelacharreria.org.mx\/#website","url":"https:\/\/museodelacharreria.org.mx\/","name":"Charreria M\u00fczesi CDMX","description":"Tarih ve gelenek, insanl\u0131\u011f\u0131n somut olmayan k\u00fclt\u00fcrel miras\u0131 UNESCO","publisher":{"@id":"https:\/\/museodelacharreria.org.mx\/#organization"},"potentialAction":[{"@type":"SearchAction","target":{"@type":"EntryPoint","urlTemplate":"https:\/\/museodelacharreria.org.mx\/?s={search_term_string}"},"query-input":{"@type":"PropertyValueSpecification","valueRequired":true,"valueName":"search_term_string"}}],"inLanguage":"tr"},{"@type":"Organization","@id":"https:\/\/museodelacharreria.org.mx\/#organization","name":"Meksiko Charreria M\u00fczesi","alternateName":"Museo de la Charrer\u00eda CDMX","url":"https:\/\/museodelacharreria.org.mx\/","logo":{"@type":"ImageObject","inLanguage":"tr","@id":"https:\/\/museodelacharreria.org.mx\/#\/schema\/logo\/image\/","url":"https:\/\/museodelacharreria.org.mx\/wp-content\/uploads\/2023\/07\/Logo-Museo-de-la-Charreria-b-n.png","contentUrl":"https:\/\/museodelacharreria.org.mx\/wp-content\/uploads\/2023\/07\/Logo-Museo-de-la-Charreria-b-n.png","width":500,"height":250,"caption":"Museo de la Charrer\u00eda Ciudad de M\u00e9xico"},"image":{"@id":"https:\/\/museodelacharreria.org.mx\/#\/schema\/logo\/image\/"},"sameAs":["https:\/\/www.youtube.com\/@MuseoDeLaCharreria"]}]}},"_links":{"self":[{"href":"https:\/\/museodelacharreria.org.mx\/tr\/wp-json\/wp\/v2\/pages\/1794","targetHints":{"allow":["GET"]}}],"collection":[{"href":"https:\/\/museodelacharreria.org.mx\/tr\/wp-json\/wp\/v2\/pages"}],"about":[{"href":"https:\/\/museodelacharreria.org.mx\/tr\/wp-json\/wp\/v2\/types\/page"}],"author":[{"embeddable":true,"href":"https:\/\/museodelacharreria.org.mx\/tr\/wp-json\/wp\/v2\/users\/2"}],"replies":[{"embeddable":true,"href":"https:\/\/museodelacharreria.org.mx\/tr\/wp-json\/wp\/v2\/comments?post=1794"}],"version-history":[{"count":14,"href":"https:\/\/museodelacharreria.org.mx\/tr\/wp-json\/wp\/v2\/pages\/1794\/revisions"}],"predecessor-version":[{"id":3988,"href":"https:\/\/museodelacharreria.org.mx\/tr\/wp-json\/wp\/v2\/pages\/1794\/revisions\/3988"}],"up":[{"embeddable":true,"href":"https:\/\/museodelacharreria.org.mx\/tr\/wp-json\/wp\/v2\/pages\/56"}],"wp:featuredmedia":[{"embeddable":true,"href":"https:\/\/museodelacharreria.org.mx\/tr\/wp-json\/wp\/v2\/media\/1799"}],"wp:attachment":[{"href":"https:\/\/museodelacharreria.org.mx\/tr\/wp-json\/wp\/v2\/media?parent=1794"}],"curies":[{"name":"wp","href":"https:\/\/api.w.org\/{rel}","templated":true}]}}