{"id":2456,"date":"2023-12-11T23:18:12","date_gmt":"2023-12-11T23:18:12","guid":{"rendered":"https:\/\/museodelacharreria.org.mx\/?page_id=2456"},"modified":"2024-05-03T00:56:43","modified_gmt":"2024-05-03T00:56:43","slug":"lienzo-charro","status":"publish","type":"page","link":"https:\/\/museodelacharreria.org.mx\/tr\/deporte\/el-lienzo-charro\/","title":{"rendered":"LIENZO CHARRO"},"content":{"rendered":"<style type=\"text\/css\" data-created_by=\"avia_inline_auto\" id=\"style-css-av-2xkel7-98f96366578bc8026d95d4889345a6df\">\n.avia-section.av-2xkel7-98f96366578bc8026d95d4889345a6df{\nbackground-repeat:no-repeat;\nbackground-image:url(https:\/\/museodelacharreria.org.mx\/wp-content\/uploads\/2023\/12\/Monumental-Lienzo-Charro-Antonio-Aguilar-Zacatecas-2022-00214.jpg);\nbackground-position:100% 50%;\nbackground-attachment:scroll;\nmargin-top:0px;\nmargin-bottom:0px;\n}\n<\/style>\n<div id='av_section_1'  class='avia-section av-2xkel7-98f96366578bc8026d95d4889345a6df main_color avia-section-default avia-no-border-styling  avia-builder-el-0  el_before_av_submenu  avia-builder-el-first  avia-full-stretch avia-bg-style-scroll av-minimum-height av-minimum-height-60 av-height-percent  container_wrap fullsize'  data-section-bg-repeat='stretch' data-av_minimum_height_pc='60' data-av_min_height_opt='percent'><div class='container av-section-cont-open' ><main  role=\"main\" itemprop=\"mainContentOfPage\"  class='template-page content  av-content-full alpha units'><div class='post-entry post-entry-type-page post-entry-2456'><div class='entry-content-wrapper clearfix'>\n\n<style type=\"text\/css\" data-created_by=\"avia_inline_auto\" id=\"style-css-av-lnap3288-7aa1bad338e02df0159e7c40a551e165\">\n#top .av-special-heading.av-lnap3288-7aa1bad338e02df0159e7c40a551e165{\nmargin:40% 0 0 0;\npadding-bottom:10px;\n}\nbody .av-special-heading.av-lnap3288-7aa1bad338e02df0159e7c40a551e165 .av-special-heading-tag .heading-char{\nfont-size:25px;\n}\n.av-special-heading.av-lnap3288-7aa1bad338e02df0159e7c40a551e165 .av-subheading{\nfont-size:15px;\n}\n<\/style>\n<div  class='av-special-heading av-lnap3288-7aa1bad338e02df0159e7c40a551e165 av-special-heading-h1 blockquote modern-quote  avia-builder-el-1  avia-builder-el-no-sibling'><h1 class='av-special-heading-tag'  itemprop=\"headline\"  >LIENZO CHARRO<\/h1><div class='av-subheading av-subheading_below'><p>Charreada'n\u0131n ger\u00e7ekle\u015fti\u011fi mekan<\/p>\n<\/div><div class=\"special-heading-border\"><div class=\"special-heading-inner-border\"><\/div><\/div><\/div>\n\n<\/div><\/div><\/main><!-- close content main element --><\/div><\/div><div class='clear'><\/div><div id='sub_menu1'  class='av-submenu-container av-5syjid-15f2172677032a2f9251f28e4c3687eb main_color  avia-builder-el-2  el_after_av_section  el_before_av_heading  av-sticky-submenu submenu-not-first container_wrap fullsize' style='z-index:301' ><div class='container av-menu-mobile-disabled av-submenu-pos-center'><ul id=\"menu-sport\" class=\"av-subnav-menu\" role=\"menu\"><li role=\"menuitem\" id=\"menu-item-2811\" class=\"menu-item menu-item-type-post_type menu-item-object-page menu-item-top-level menu-item-top-level-1\"><a href=\"https:\/\/museodelacharreria.org.mx\/tr\/deporte\/cala-de-caballo\/\" itemprop=\"url\" tabindex=\"0\"><span class=\"avia-bullet\"><\/span><span class=\"avia-menu-text\">AT KO\u015eUSU<\/span><span class=\"avia-menu-fx\"><span class=\"avia-arrow-wrap\"><span class=\"avia-arrow\"><\/span><\/span><\/span><\/a><\/li>\n<li role=\"menuitem\" id=\"menu-item-2810\" class=\"menu-item menu-item-type-post_type menu-item-object-page menu-item-top-level menu-item-top-level-2\"><a href=\"https:\/\/museodelacharreria.org.mx\/tr\/deporte\/piales\/\" itemprop=\"url\" tabindex=\"0\"><span class=\"avia-bullet\"><\/span><span class=\"avia-menu-text\">PIALES<\/span><span class=\"avia-menu-fx\"><span class=\"avia-arrow-wrap\"><span class=\"avia-arrow\"><\/span><\/span><\/span><\/a><\/li>\n<li role=\"menuitem\" id=\"menu-item-2809\" class=\"menu-item menu-item-type-post_type menu-item-object-page menu-item-top-level menu-item-top-level-3\"><a href=\"https:\/\/museodelacharreria.org.mx\/tr\/deporte\/coleadero\/\" itemprop=\"url\" tabindex=\"0\"><span class=\"avia-bullet\"><\/span><span class=\"avia-menu-text\">COLEADERO<\/span><span class=\"avia-menu-fx\"><span class=\"avia-arrow-wrap\"><span class=\"avia-arrow\"><\/span><\/span><\/span><\/a><\/li>\n<li role=\"menuitem\" id=\"menu-item-2807\" class=\"menu-item menu-item-type-post_type menu-item-object-page menu-item-top-level menu-item-top-level-4\"><a href=\"https:\/\/museodelacharreria.org.mx\/tr\/deporte\/jineteada-de-toro\/\" itemprop=\"url\" tabindex=\"0\"><span class=\"avia-bullet\"><\/span><span class=\"avia-menu-text\">BO\u011eA B\u0130N\u0130C\u0130L\u0130\u011e\u0130<\/span><span class=\"avia-menu-fx\"><span class=\"avia-arrow-wrap\"><span class=\"avia-arrow\"><\/span><\/span><\/span><\/a><\/li>\n<li role=\"menuitem\" id=\"menu-item-2806\" class=\"menu-item menu-item-type-post_type menu-item-object-page menu-item-top-level menu-item-top-level-5\"><a href=\"https:\/\/museodelacharreria.org.mx\/tr\/deporte\/terna-en-el-ruedo\/\" itemprop=\"url\" tabindex=\"0\"><span class=\"avia-bullet\"><\/span><span class=\"avia-menu-text\">TERNA RINGDE<\/span><span class=\"avia-menu-fx\"><span class=\"avia-arrow-wrap\"><span class=\"avia-arrow\"><\/span><\/span><\/span><\/a><\/li>\n<li role=\"menuitem\" id=\"menu-item-2805\" class=\"menu-item menu-item-type-post_type menu-item-object-page menu-item-top-level menu-item-top-level-6\"><a href=\"https:\/\/museodelacharreria.org.mx\/tr\/deporte\/jineteo-de-yegua\/\" itemprop=\"url\" tabindex=\"0\"><span class=\"avia-bullet\"><\/span><span class=\"avia-menu-text\">KISRAK MIZRAK D\u00d6V\u00dc\u015e\u00dc<\/span><span class=\"avia-menu-fx\"><span class=\"avia-arrow-wrap\"><span class=\"avia-arrow\"><\/span><\/span><\/span><\/a><\/li>\n<li role=\"menuitem\" id=\"menu-item-2804\" class=\"menu-item menu-item-type-post_type menu-item-object-page menu-item-top-level menu-item-top-level-7\"><a href=\"https:\/\/museodelacharreria.org.mx\/tr\/deporte\/manganas-a-pie\/\" itemprop=\"url\" tabindex=\"0\"><span class=\"avia-bullet\"><\/span><span class=\"avia-menu-text\">YAYA KOLLAR<\/span><span class=\"avia-menu-fx\"><span class=\"avia-arrow-wrap\"><span class=\"avia-arrow\"><\/span><\/span><\/span><\/a><\/li>\n<li role=\"menuitem\" id=\"menu-item-2801\" class=\"menu-item menu-item-type-post_type menu-item-object-page menu-item-top-level menu-item-top-level-8\"><a href=\"https:\/\/museodelacharreria.org.mx\/tr\/deporte\/manganas-a-caballo\/\" itemprop=\"url\" tabindex=\"0\"><span class=\"avia-bullet\"><\/span><span class=\"avia-menu-text\">AT MANANEGAS<\/span><span class=\"avia-menu-fx\"><span class=\"avia-arrow-wrap\"><span class=\"avia-arrow\"><\/span><\/span><\/span><\/a><\/li>\n<li role=\"menuitem\" id=\"menu-item-2803\" class=\"menu-item menu-item-type-post_type menu-item-object-page menu-item-top-level menu-item-top-level-9\"><a href=\"https:\/\/museodelacharreria.org.mx\/tr\/deporte\/paso-de-la-muerte\/\" itemprop=\"url\" tabindex=\"0\"><span class=\"avia-bullet\"><\/span><span class=\"avia-menu-text\">\u00d6L\u00dcM\u00dcN GE\u00c7I\u015eI<\/span><span class=\"avia-menu-fx\"><span class=\"avia-arrow-wrap\"><span class=\"avia-arrow\"><\/span><\/span><\/span><\/a><\/li>\n<li role=\"menuitem\" id=\"menu-item-2808\" class=\"menu-item menu-item-type-post_type menu-item-object-page menu-item-top-level menu-item-top-level-10\"><a href=\"https:\/\/museodelacharreria.org.mx\/tr\/deporte\/escaramuza\/\" itemprop=\"url\" tabindex=\"0\"><span class=\"avia-bullet\"><\/span><span class=\"avia-menu-text\">SCARAMUZA<\/span><span class=\"avia-menu-fx\"><span class=\"avia-arrow-wrap\"><span class=\"avia-arrow\"><\/span><\/span><\/span><\/a><\/li>\n<li role=\"menuitem\" id=\"menu-item-2812\" class=\"menu-item menu-item-type-post_type menu-item-object-page menu-item-top-level menu-item-top-level-11\"><a href=\"https:\/\/museodelacharreria.org.mx\/tr\/deporte\/el-lienzo-charro\/\" itemprop=\"url\" tabindex=\"0\"><span class=\"avia-bullet\"><\/span><span class=\"avia-menu-text\">LIENZO CHARRO<\/span><span class=\"avia-menu-fx\"><span class=\"avia-arrow-wrap\"><span class=\"avia-arrow\"><\/span><\/span><\/span><\/a><\/li>\n<li role=\"menuitem\" id=\"menu-item-2813\" class=\"menu-item menu-item-type-post_type menu-item-object-page menu-item-top-level menu-item-top-level-12\"><a href=\"https:\/\/museodelacharreria.org.mx\/tr\/deporte\/la-charreada\/\" itemprop=\"url\" tabindex=\"0\"><span class=\"avia-bullet\"><\/span><span class=\"avia-menu-text\">LA CHARREADA<\/span><span class=\"avia-menu-fx\"><span class=\"avia-arrow-wrap\"><span class=\"avia-arrow\"><\/span><\/span><\/span><\/a><\/li>\n<li role=\"menuitem\" id=\"menu-item-2802\" class=\"menu-item menu-item-type-post_type menu-item-object-page menu-item-top-level menu-item-top-level-13\"><a href=\"https:\/\/museodelacharreria.org.mx\/tr\/deporte\/campeonato-nacional-charro\/\" itemprop=\"url\" tabindex=\"0\"><span class=\"avia-bullet\"><\/span><span class=\"avia-menu-text\">ULUSAL CHARRO \u015eAMPI\u0307YONASI<\/span><span class=\"avia-menu-fx\"><span class=\"avia-arrow-wrap\"><span class=\"avia-arrow\"><\/span><\/span><\/span><\/a><\/li>\n<\/ul><\/div><\/div><div class='sticky_placeholder'><\/div><div id='after_submenu_1'  class='main_color av_default_container_wrap container_wrap fullsize'  ><div class='container av-section-cont-open' ><div class='template-page content  av-content-full alpha units'><div class='post-entry post-entry-type-page post-entry-2456'><div class='entry-content-wrapper clearfix'>\n\n<style type=\"text\/css\" data-created_by=\"avia_inline_auto\" id=\"style-css-av-lq1xquxc-857c6d6827930d9d508d9a538bbf0d28\">\n#top .av-special-heading.av-lq1xquxc-857c6d6827930d9d508d9a538bbf0d28{\nmargin:0 0 0 0;\npadding-bottom:30px;\n}\nbody .av-special-heading.av-lq1xquxc-857c6d6827930d9d508d9a538bbf0d28 .av-special-heading-tag .heading-char{\nfont-size:25px;\n}\n.av-special-heading.av-lq1xquxc-857c6d6827930d9d508d9a538bbf0d28 .av-subheading{\nfont-size:15px;\n}\n<\/style>\n<div  class='av-special-heading av-lq1xquxc-857c6d6827930d9d508d9a538bbf0d28 av-special-heading-h2 blockquote modern-quote modern-centered  avia-builder-el-3  el_after_av_submenu  el_before_av_one_full  avia-builder-el-first'><h2 class='av-special-heading-tag'  itemprop=\"headline\"  >LIENZO CHARRO<\/h2><div class='av-subheading av-subheading_below'><p>Charreada'n\u0131n ger\u00e7ekle\u015fti\u011fi mekan<\/p>\n<\/div><div class=\"special-heading-border\"><div class=\"special-heading-inner-border\"><\/div><\/div><\/div>\n\n<style type=\"text\/css\" data-created_by=\"avia_inline_auto\" id=\"style-css-av-lnapyhdx-b289005ca77e5017eff9eca400f12de3\">\n#top .flex_column.av-lnapyhdx-b289005ca77e5017eff9eca400f12de3{\nmargin-top:-7%;\nmargin-bottom:0px;\n}\n.flex_column.av-lnapyhdx-b289005ca77e5017eff9eca400f12de3{\npadding:5% 5% 5% 5%;\nbackground-color:rgba(10,10,10,0.48);\n}\n.responsive #top #wrap_all .flex_column.av-lnapyhdx-b289005ca77e5017eff9eca400f12de3{\nmargin-top:-7%;\nmargin-bottom:0px;\n}\n<\/style>\n<div  class='flex_column av-lnapyhdx-b289005ca77e5017eff9eca400f12de3 av_one_full  avia-builder-el-4  el_after_av_heading  avia-builder-el-last  first flex_column_div'     ><section  class='av_textblock_section av-lnap26cr-22bc630749eb84fff7f01f2c3751306f'   itemscope=\"itemscope\" itemtype=\"https:\/\/schema.org\/CreativeWork\" ><div class='avia_textblock'  itemprop=\"text\" ><p>Bir sahneden \u00e7ok daha fazlas\u0131 olan Lienzo Charro, Meksika k\u00fclt\u00fcr\u00fcne k\u00f6k salm\u0131\u015f bir gelenek olan charreria'n\u0131n elle tutulur kalbidir. Charreria yar\u0131\u015fmalar\u0131na ev sahipli\u011fi yapmak \u00fczere titizlikle tasarlanm\u0131\u015f bu alan, bu kadim sanat\u0131n deneyimini zenginle\u015ftiren benzersiz \u00f6zellikler sunmaktad\u0131r.<\/p>\n<p>Charreria'n\u0131n Meksika'n\u0131n \u00f6z sporu oldu\u011funu belirtmek \u00f6nemlidir; bu iddia Meksika'n\u0131n her k\u00f6\u015fesinde charro mekanlar\u0131n\u0131n varl\u0131\u011f\u0131yla desteklenmektedir. \u00dclkedeki hemen her belediyenin kendi lienzo'suna sahip olmas\u0131, charreria'n\u0131n Meksika kimli\u011fi ve gururuyla olan derin ba\u011f\u0131n\u0131n alt\u0131n\u0131 \u00e7izmektedir. Bu alanda gelenek ve beceri hayat bulmakta, hem seyircileri hem de kat\u0131l\u0131mc\u0131lar\u0131 b\u00fcy\u00fclemektedir.<\/p>\n<p><strong>Boyutlar ve Da\u011f\u0131l\u0131m:<\/strong><br \/>\nTipik bir Lienzo Charro, en az 60 metre uzunlu\u011funda ve 12 metre geni\u015fli\u011finde \"manga del lienzo\" ad\u0131 verilen bir dikd\u00f6rtgene ba\u011fl\u0131, 40 metre \u00e7ap\u0131nda bir halka ya da \u00e7evreden olu\u015fan geni\u015f bir y\u00fczey \u00fczerinde uzan\u0131r. Bu geni\u015flik, charrolar\u0131n \u00e7e\u015fitli suertelerde becerilerini sergilemeleri i\u00e7in yeterli alan sa\u011flar. Atlar\u0131n ve binicilerin g\u00fcvenli\u011fini ve maksimum performans\u0131n\u0131 sa\u011flamak i\u00e7in zemin titizlikle haz\u0131rlanmal\u0131d\u0131r. Bu, her yar\u0131\u015fmadan \u00f6nce trakt\u00f6rle \u00e7ekilen bir t\u0131rm\u0131kla gev\u015fetilen kum, toprak veya \u00e7ak\u0131l olabilen birka\u00e7 katmanl\u0131 bir alt tabaka ile sa\u011flan\u0131r.<\/p>\n<p><strong>La Manga:<\/strong><br \/>\nManga, partidoru arenaya ba\u011flayan uzun ve dar bir koridordur. Burada charrolar performanslar\u0131na haz\u0131rlan\u0131r, gelecek olan suerte'ye konsantre olurlar. Bu, ringe \u00e7\u0131kmadan \u00f6nce gerilimin hissedildi\u011fi bir beklenti ve odaklanma an\u0131d\u0131r.<\/p>\n<p><strong>Partidero ve Regresadero:<\/strong><br \/>\nLienzo'nun bir ucunda, suertes'i ba\u015flatmak i\u00e7in tasarlanm\u0131\u015f bir yap\u0131 olan \"partidor\" bulunur. Buras\u0131 charrolar\u0131n performanslar\u0131na enerji ve hassasiyetle ba\u015flad\u0131klar\u0131 yerdir. Kar\u015f\u0131 u\u00e7ta yer alan \"regresado\", bir suerte tamamland\u0131ktan sonra lienzo'ya d\u00f6n\u00fc\u015f noktas\u0131d\u0131r. Bu alan, yar\u0131\u015fman\u0131n ak\u0131\u015fkanl\u0131\u011f\u0131n\u0131 ve g\u00fcvenli\u011fini korumak i\u00e7in \u00e7ok \u00f6nemlidir.<\/p>\n<p><strong>El Ruedo:<\/strong><br \/>\nArena, lienzo'nun dairesel alan\u0131, suertes'in ger\u00e7ekle\u015fti\u011fi ana sahnedir. Buras\u0131 charrolar\u0131n binicilikteki h\u00fcnerlerini sergiledikleri yerdir. Arenan\u0131n boyutlar\u0131, charrolar\u0131n atlar\u0131yla etkileyici manevralar yapmalar\u0131na olanak verecek \u015fekilde tasarlanm\u0131\u015ft\u0131r.<\/p>\n<p><strong>Trib\u00fcnler:<\/strong><br \/>\nLienzo boyunca, seyirciler ve hayranlar i\u00e7in trib\u00fcnler kurulmu\u015ftur. Halk buradan yar\u0131\u015fman\u0131n her an\u0131na tan\u0131kl\u0131k edebilir, h\u00fcnerlerini sergileyen charrolar\u0131 alk\u0131\u015flayabilir ve tezah\u00fcrat yapabilir. Trib\u00fcnler, charreria'n\u0131n heyecan\u0131n\u0131n ve tutkusunun payla\u015f\u0131ld\u0131\u011f\u0131 ve kutland\u0131\u011f\u0131 yerdir. Genellikle \u00e7at\u0131l\u0131 olan lienzolar\u0131n \u00f6rt\u00fcs\u00fc paha bi\u00e7ilmez bir unsurdur. Bu, suertes'in her t\u00fcrl\u00fc hava ko\u015fulunda icra edilmesini kolayla\u015ft\u0131r\u0131r ve charreria'n\u0131n ya\u011fmurda veya kavurucu g\u00fcne\u015fte bile parlamas\u0131n\u0131 sa\u011flar.<\/p>\n<\/div><\/section><\/div>","protected":false},"excerpt":{"rendered":"","protected":false},"author":1,"featured_media":2526,"parent":54,"menu_order":0,"comment_status":"closed","ping_status":"closed","template":"","meta":{"footnotes":""},"class_list":["post-2456","page","type-page","status-publish","has-post-thumbnail","hentry"],"yoast_head":"<!-- This site is optimized with the Yoast SEO plugin v27.4 - https:\/\/yoast.com\/product\/yoast-seo-wordpress\/ -->\n<title>EL LIENZO CHARRO - Museo de la Charrer\u00eda CDMX<\/title>\n<meta name=\"robots\" content=\"index, follow, max-snippet:-1, max-image-preview:large, max-video-preview:-1\" \/>\n<link rel=\"canonical\" href=\"https:\/\/museodelacharreria.org.mx\/tr\/spor\/lienzo-charro\/\" \/>\n<meta property=\"og:locale\" content=\"tr_TR\" \/>\n<meta property=\"og:type\" content=\"article\" \/>\n<meta property=\"og:title\" content=\"EL LIENZO CHARRO - Museo de la Charrer\u00eda CDMX\" \/>\n<meta property=\"og:url\" content=\"https:\/\/museodelacharreria.org.mx\/tr\/spor\/lienzo-charro\/\" \/>\n<meta property=\"og:site_name\" content=\"Museo de la Charrer\u00eda CDMX\" \/>\n<meta property=\"article:modified_time\" content=\"2024-05-03T00:56:43+00:00\" \/>\n<meta property=\"og:image\" content=\"https:\/\/museodelacharreria.org.mx\/wp-content\/uploads\/2023\/12\/Monumental-Lienzo-Charro-Antonio-Aguilar-Zacatecas-2022-00214.jpg\" \/>\n\t<meta property=\"og:image:width\" content=\"1920\" \/>\n\t<meta property=\"og:image:height\" content=\"1280\" \/>\n\t<meta property=\"og:image:type\" content=\"image\/jpeg\" \/>\n<meta name=\"twitter:card\" content=\"summary_large_image\" \/>\n<meta name=\"twitter:label1\" content=\"Tahmini okuma s\u00fcresi\" \/>\n\t<meta name=\"twitter:data1\" content=\"3 dakika\" \/>\n<script type=\"application\/ld+json\" class=\"yoast-schema-graph\">{\"@context\":\"https:\\\/\\\/schema.org\",\"@graph\":[{\"@type\":\"WebPage\",\"@id\":\"https:\\\/\\\/museodelacharreria.org.mx\\\/deporte\\\/el-lienzo-charro\\\/\",\"url\":\"https:\\\/\\\/museodelacharreria.org.mx\\\/deporte\\\/el-lienzo-charro\\\/\",\"name\":\"EL LIENZO CHARRO - Museo de la Charrer\u00eda CDMX\",\"isPartOf\":{\"@id\":\"https:\\\/\\\/museodelacharreria.org.mx\\\/#website\"},\"primaryImageOfPage\":{\"@id\":\"https:\\\/\\\/museodelacharreria.org.mx\\\/deporte\\\/el-lienzo-charro\\\/#primaryimage\"},\"image\":{\"@id\":\"https:\\\/\\\/museodelacharreria.org.mx\\\/deporte\\\/el-lienzo-charro\\\/#primaryimage\"},\"thumbnailUrl\":\"https:\\\/\\\/museodelacharreria.org.mx\\\/wp-content\\\/uploads\\\/2023\\\/12\\\/Monumental-Lienzo-Charro-Antonio-Aguilar-Zacatecas-2022-00214.jpg\",\"datePublished\":\"2023-12-11T23:18:12+00:00\",\"dateModified\":\"2024-05-03T00:56:43+00:00\",\"breadcrumb\":{\"@id\":\"https:\\\/\\\/museodelacharreria.org.mx\\\/deporte\\\/el-lienzo-charro\\\/#breadcrumb\"},\"inLanguage\":\"tr\",\"potentialAction\":[{\"@type\":\"ReadAction\",\"target\":[\"https:\\\/\\\/museodelacharreria.org.mx\\\/deporte\\\/el-lienzo-charro\\\/\"]}]},{\"@type\":\"ImageObject\",\"inLanguage\":\"tr\",\"@id\":\"https:\\\/\\\/museodelacharreria.org.mx\\\/deporte\\\/el-lienzo-charro\\\/#primaryimage\",\"url\":\"https:\\\/\\\/museodelacharreria.org.mx\\\/wp-content\\\/uploads\\\/2023\\\/12\\\/Monumental-Lienzo-Charro-Antonio-Aguilar-Zacatecas-2022-00214.jpg\",\"contentUrl\":\"https:\\\/\\\/museodelacharreria.org.mx\\\/wp-content\\\/uploads\\\/2023\\\/12\\\/Monumental-Lienzo-Charro-Antonio-Aguilar-Zacatecas-2022-00214.jpg\",\"width\":1920,\"height\":1280,\"caption\":\"Monumental Lienzo Charro Antonio Aguilar Zacatecas 2022-00214\"},{\"@type\":\"BreadcrumbList\",\"@id\":\"https:\\\/\\\/museodelacharreria.org.mx\\\/deporte\\\/el-lienzo-charro\\\/#breadcrumb\",\"itemListElement\":[{\"@type\":\"ListItem\",\"position\":1,\"name\":\"Portada\",\"item\":\"https:\\\/\\\/museodelacharreria.org.mx\\\/inicio\\\/\"},{\"@type\":\"ListItem\",\"position\":2,\"name\":\"DEPORTE\",\"item\":\"https:\\\/\\\/museodelacharreria.org.mx\\\/deporte\\\/\"},{\"@type\":\"ListItem\",\"position\":3,\"name\":\"EL LIENZO CHARRO\"}]},{\"@type\":\"WebSite\",\"@id\":\"https:\\\/\\\/museodelacharreria.org.mx\\\/#website\",\"url\":\"https:\\\/\\\/museodelacharreria.org.mx\\\/\",\"name\":\"Museo de la Charrer\u00eda CDMX\",\"description\":\"Historia y tradici\u00f3n, patrimonio cultural inmaterial de la humanidad UNESCO\",\"publisher\":{\"@id\":\"https:\\\/\\\/museodelacharreria.org.mx\\\/#organization\"},\"potentialAction\":[{\"@type\":\"SearchAction\",\"target\":{\"@type\":\"EntryPoint\",\"urlTemplate\":\"https:\\\/\\\/museodelacharreria.org.mx\\\/?s={search_term_string}\"},\"query-input\":{\"@type\":\"PropertyValueSpecification\",\"valueRequired\":true,\"valueName\":\"search_term_string\"}}],\"inLanguage\":\"tr\"},{\"@type\":\"Organization\",\"@id\":\"https:\\\/\\\/museodelacharreria.org.mx\\\/#organization\",\"name\":\"Museo de la Charrer\u00eda Ciudad de M\u00e9xico\",\"alternateName\":\"Museo de la Charrer\u00eda CDMX\",\"url\":\"https:\\\/\\\/museodelacharreria.org.mx\\\/\",\"logo\":{\"@type\":\"ImageObject\",\"inLanguage\":\"tr\",\"@id\":\"https:\\\/\\\/museodelacharreria.org.mx\\\/#\\\/schema\\\/logo\\\/image\\\/\",\"url\":\"https:\\\/\\\/museodelacharreria.org.mx\\\/wp-content\\\/uploads\\\/2023\\\/07\\\/Logo-Museo-de-la-Charreria-b-n.png\",\"contentUrl\":\"https:\\\/\\\/museodelacharreria.org.mx\\\/wp-content\\\/uploads\\\/2023\\\/07\\\/Logo-Museo-de-la-Charreria-b-n.png\",\"width\":500,\"height\":250,\"caption\":\"Museo de la Charrer\u00eda Ciudad de M\u00e9xico\"},\"image\":{\"@id\":\"https:\\\/\\\/museodelacharreria.org.mx\\\/#\\\/schema\\\/logo\\\/image\\\/\"},\"sameAs\":[\"https:\\\/\\\/www.youtube.com\\\/@MuseoDeLaCharreria\"]}]}<\/script>\n<!-- \/ Yoast SEO plugin. -->","yoast_head_json":{"title":"CHARRERO KANVASLARI - Museo de la Charrer\u00eda CDMX","robots":{"index":"index","follow":"follow","max-snippet":"max-snippet:-1","max-image-preview":"max-image-preview:large","max-video-preview":"max-video-preview:-1"},"canonical":"https:\/\/museodelacharreria.org.mx\/tr\/spor\/lienzo-charro\/","og_locale":"tr_TR","og_type":"article","og_title":"EL LIENZO CHARRO - Museo de la Charrer\u00eda CDMX","og_url":"https:\/\/museodelacharreria.org.mx\/tr\/spor\/lienzo-charro\/","og_site_name":"Museo de la Charrer\u00eda CDMX","article_modified_time":"2024-05-03T00:56:43+00:00","og_image":[{"width":1920,"height":1280,"url":"https:\/\/museodelacharreria.org.mx\/wp-content\/uploads\/2023\/12\/Monumental-Lienzo-Charro-Antonio-Aguilar-Zacatecas-2022-00214.jpg","type":"image\/jpeg"}],"twitter_card":"summary_large_image","twitter_misc":{"Tahmini okuma s\u00fcresi":"3 dakika"},"schema":{"@context":"https:\/\/schema.org","@graph":[{"@type":"WebPage","@id":"https:\/\/museodelacharreria.org.mx\/deporte\/el-lienzo-charro\/","url":"https:\/\/museodelacharreria.org.mx\/deporte\/el-lienzo-charro\/","name":"CHARRERO KANVASLARI - Museo de la Charrer\u00eda CDMX","isPartOf":{"@id":"https:\/\/museodelacharreria.org.mx\/#website"},"primaryImageOfPage":{"@id":"https:\/\/museodelacharreria.org.mx\/deporte\/el-lienzo-charro\/#primaryimage"},"image":{"@id":"https:\/\/museodelacharreria.org.mx\/deporte\/el-lienzo-charro\/#primaryimage"},"thumbnailUrl":"https:\/\/museodelacharreria.org.mx\/wp-content\/uploads\/2023\/12\/Monumental-Lienzo-Charro-Antonio-Aguilar-Zacatecas-2022-00214.jpg","datePublished":"2023-12-11T23:18:12+00:00","dateModified":"2024-05-03T00:56:43+00:00","breadcrumb":{"@id":"https:\/\/museodelacharreria.org.mx\/deporte\/el-lienzo-charro\/#breadcrumb"},"inLanguage":"tr","potentialAction":[{"@type":"ReadAction","target":["https:\/\/museodelacharreria.org.mx\/deporte\/el-lienzo-charro\/"]}]},{"@type":"ImageObject","inLanguage":"tr","@id":"https:\/\/museodelacharreria.org.mx\/deporte\/el-lienzo-charro\/#primaryimage","url":"https:\/\/museodelacharreria.org.mx\/wp-content\/uploads\/2023\/12\/Monumental-Lienzo-Charro-Antonio-Aguilar-Zacatecas-2022-00214.jpg","contentUrl":"https:\/\/museodelacharreria.org.mx\/wp-content\/uploads\/2023\/12\/Monumental-Lienzo-Charro-Antonio-Aguilar-Zacatecas-2022-00214.jpg","width":1920,"height":1280,"caption":"Monumental Lienzo Charro Antonio Aguilar Zacatecas 2022-00214"},{"@type":"BreadcrumbList","@id":"https:\/\/museodelacharreria.org.mx\/deporte\/el-lienzo-charro\/#breadcrumb","itemListElement":[{"@type":"ListItem","position":1,"name":"Portada","item":"https:\/\/museodelacharreria.org.mx\/inicio\/"},{"@type":"ListItem","position":2,"name":"DEPORTE","item":"https:\/\/museodelacharreria.org.mx\/deporte\/"},{"@type":"ListItem","position":3,"name":"EL LIENZO CHARRO"}]},{"@type":"WebSite","@id":"https:\/\/museodelacharreria.org.mx\/#website","url":"https:\/\/museodelacharreria.org.mx\/","name":"Charreria M\u00fczesi CDMX","description":"Tarih ve gelenek, insanl\u0131\u011f\u0131n somut olmayan k\u00fclt\u00fcrel miras\u0131 UNESCO","publisher":{"@id":"https:\/\/museodelacharreria.org.mx\/#organization"},"potentialAction":[{"@type":"SearchAction","target":{"@type":"EntryPoint","urlTemplate":"https:\/\/museodelacharreria.org.mx\/?s={search_term_string}"},"query-input":{"@type":"PropertyValueSpecification","valueRequired":true,"valueName":"search_term_string"}}],"inLanguage":"tr"},{"@type":"Organization","@id":"https:\/\/museodelacharreria.org.mx\/#organization","name":"Meksiko Charreria M\u00fczesi","alternateName":"Museo de la Charrer\u00eda CDMX","url":"https:\/\/museodelacharreria.org.mx\/","logo":{"@type":"ImageObject","inLanguage":"tr","@id":"https:\/\/museodelacharreria.org.mx\/#\/schema\/logo\/image\/","url":"https:\/\/museodelacharreria.org.mx\/wp-content\/uploads\/2023\/07\/Logo-Museo-de-la-Charreria-b-n.png","contentUrl":"https:\/\/museodelacharreria.org.mx\/wp-content\/uploads\/2023\/07\/Logo-Museo-de-la-Charreria-b-n.png","width":500,"height":250,"caption":"Museo de la Charrer\u00eda Ciudad de M\u00e9xico"},"image":{"@id":"https:\/\/museodelacharreria.org.mx\/#\/schema\/logo\/image\/"},"sameAs":["https:\/\/www.youtube.com\/@MuseoDeLaCharreria"]}]}},"_links":{"self":[{"href":"https:\/\/museodelacharreria.org.mx\/tr\/wp-json\/wp\/v2\/pages\/2456","targetHints":{"allow":["GET"]}}],"collection":[{"href":"https:\/\/museodelacharreria.org.mx\/tr\/wp-json\/wp\/v2\/pages"}],"about":[{"href":"https:\/\/museodelacharreria.org.mx\/tr\/wp-json\/wp\/v2\/types\/page"}],"author":[{"embeddable":true,"href":"https:\/\/museodelacharreria.org.mx\/tr\/wp-json\/wp\/v2\/users\/1"}],"replies":[{"embeddable":true,"href":"https:\/\/museodelacharreria.org.mx\/tr\/wp-json\/wp\/v2\/comments?post=2456"}],"version-history":[{"count":8,"href":"https:\/\/museodelacharreria.org.mx\/tr\/wp-json\/wp\/v2\/pages\/2456\/revisions"}],"predecessor-version":[{"id":2837,"href":"https:\/\/museodelacharreria.org.mx\/tr\/wp-json\/wp\/v2\/pages\/2456\/revisions\/2837"}],"up":[{"embeddable":true,"href":"https:\/\/museodelacharreria.org.mx\/tr\/wp-json\/wp\/v2\/pages\/54"}],"wp:featuredmedia":[{"embeddable":true,"href":"https:\/\/museodelacharreria.org.mx\/tr\/wp-json\/wp\/v2\/media\/2526"}],"wp:attachment":[{"href":"https:\/\/museodelacharreria.org.mx\/tr\/wp-json\/wp\/v2\/media?parent=2456"}],"curies":[{"name":"wp","href":"https:\/\/api.w.org\/{rel}","templated":true}]}}