{"id":60,"date":"2023-07-14T06:09:07","date_gmt":"2023-07-14T06:09:07","guid":{"rendered":"https:\/\/museodelacharreria.org.mx\/?page_id=60"},"modified":"2024-01-16T16:36:56","modified_gmt":"2024-01-16T16:36:56","slug":"ziyaret","status":"publish","type":"page","link":"https:\/\/museodelacharreria.org.mx\/tr\/visita\/","title":{"rendered":"Z\u0130YARET"},"content":{"rendered":"<style type=\"text\/css\" data-created_by=\"avia_inline_auto\" id=\"style-css-av-lk205rn8-dcbf90c3deef09726681aa8ddc8040cc\">\n.avia-section.av-lk205rn8-dcbf90c3deef09726681aa8ddc8040cc{\nbackground-repeat:no-repeat;\nbackground-image:url(https:\/\/museodelacharreria.org.mx\/wp-content\/uploads\/2023\/09\/Grafico-No-1303.jpg);\nbackground-position:50% 100%;\nbackground-attachment:scroll;\n}\n.avia-section.av-lk205rn8-dcbf90c3deef09726681aa8ddc8040cc .av-section-color-overlay{\nopacity:0.5;\nbackground-color:#0a0a0a;\n}\n<\/style>\n<div id='av_section_1'  class='avia-section av-lk205rn8-dcbf90c3deef09726681aa8ddc8040cc main_color avia-section-no-padding avia-no-border-styling  avia-builder-el-0  el_before_av_one_half  avia-builder-el-first  avia-full-stretch avia-bg-style-scroll av-section-color-overlay-active av-minimum-height av-minimum-height-50 av-height-50  container_wrap fullsize'  data-section-bg-repeat='stretch' data-av_minimum_height_pc='50' data-av_min_height_opt='50'><div class=\"av-section-color-overlay-wrap\"><div class=\"av-section-color-overlay\"><\/div><div class='container av-section-cont-open' ><main  role=\"main\" itemprop=\"mainContentOfPage\"  class='template-page content  av-content-full alpha units'><div class='post-entry post-entry-type-page post-entry-60'><div class='entry-content-wrapper clearfix'>\n\n<style type=\"text\/css\" data-created_by=\"avia_inline_auto\" id=\"style-css-av-ln0ili4v-f9a829afe0ad017705cc3d65eca82bb2\">\n#top .av-special-heading.av-ln0ili4v-f9a829afe0ad017705cc3d65eca82bb2{\npadding-bottom:10px;\n}\nbody .av-special-heading.av-ln0ili4v-f9a829afe0ad017705cc3d65eca82bb2 .av-special-heading-tag .heading-char{\nfont-size:25px;\n}\n.av-special-heading.av-ln0ili4v-f9a829afe0ad017705cc3d65eca82bb2 .av-subheading{\nfont-size:15px;\n}\n<\/style>\n<div  class='av-special-heading av-ln0ili4v-f9a829afe0ad017705cc3d65eca82bb2 av-special-heading-h1 blockquote modern-quote modern-centered  avia-builder-el-1  avia-builder-el-no-sibling'><h1 class='av-special-heading-tag'  itemprop=\"headline\"  >ULUSAL CHARRERIA M\u00dcZESI\u0307<\/h1><div class='av-subheading av-subheading_below'><p>MEKS\u0130KA \u015eEHR\u0130<\/p>\n<\/div><div class=\"special-heading-border\"><div class=\"special-heading-inner-border\"><\/div><\/div><\/div>\n<\/div><\/div><\/main><!-- close content main element --><\/div><\/div><\/div><div id='after_section_1'  class='main_color av_default_container_wrap container_wrap fullsize'  ><div class='container av-section-cont-open' ><div class='template-page content  av-content-full alpha units'><div class='post-entry post-entry-type-page post-entry-60'><div class='entry-content-wrapper clearfix'><div  class='flex_column av-1e9m4-8af46fba8669cf177cd399872b98bf67 av_one_half  avia-builder-el-2  el_after_av_section  el_before_av_one_half  avia-builder-el-first  first flex_column_div'     ><p>\n<style type=\"text\/css\" data-created_by=\"avia_inline_auto\" id=\"style-css-av-lmzpy25z-22a127a644045e1ae9349da1b3c9ee53\">\n#top .av-special-heading.av-lmzpy25z-22a127a644045e1ae9349da1b3c9ee53{\npadding-bottom:10px;\n}\nbody .av-special-heading.av-lmzpy25z-22a127a644045e1ae9349da1b3c9ee53 .av-special-heading-tag .heading-char{\nfont-size:25px;\n}\n.av-special-heading.av-lmzpy25z-22a127a644045e1ae9349da1b3c9ee53 .av-subheading{\nfont-size:15px;\n}\n<\/style>\n<div  class='av-special-heading av-lmzpy25z-22a127a644045e1ae9349da1b3c9ee53 av-special-heading-h2 blockquote modern-quote  avia-builder-el-3  el_before_av_textblock  avia-builder-el-first'><h2 class='av-special-heading-tag'  itemprop=\"headline\"  >BI\u0307ZI\u0307 ZI\u0307YARET EDI\u0307N!<\/h2><div class=\"special-heading-border\"><div class=\"special-heading-inner-border\"><\/div><\/div><\/div><br \/>\n<section  class='av_textblock_section av-ln0iogf1-0e980a5dc85fe786f6b059ad8313f2b5'   itemscope=\"itemscope\" itemtype=\"https:\/\/schema.org\/CreativeWork\" ><div class='avia_textblock'  itemprop=\"text\" ><p><strong>Konum:<\/strong><\/p>\n<p>Isabel La Cat\u00f3lica 108, Esq. Izazaga, Centro Hist\u00f3rico, CP 06080 Ciudad de M\u00e9xico, CDMX<\/p>\n<p><strong>Zaman \u00e7izelgeleri:<\/strong><\/p>\n<p>Pazartesi'den Cuma'ya 10:30 - 15:00 ve 16:00 - 17:30 saatleri aras\u0131nda.<\/p>\n<p><strong>Eri\u015fim:<\/strong><\/p>\n<p>Giri\u015f \u00fccretsiz.<\/p>\n<p><strong>Rehberli turlar:<\/strong><\/p>\n<p>Telefonla bir tarih planlay\u0131n +52 (55) 5709 4823<\/p>\n<\/div><\/section><\/p><\/div><div  class='flex_column av-z9yc-049d3a08267bbac68a6ef989e932e052 av_one_half  avia-builder-el-5  el_after_av_one_half  avia-builder-el-last  flex_column_div'     ><\/div><\/p>","protected":false},"excerpt":{"rendered":"","protected":false},"author":1,"featured_media":871,"parent":0,"menu_order":0,"comment_status":"closed","ping_status":"closed","template":"","meta":{"footnotes":""},"class_list":["post-60","page","type-page","status-publish","has-post-thumbnail","hentry"],"yoast_head":"<!-- This site is optimized with the Yoast SEO plugin v27.5 - https:\/\/yoast.com\/product\/yoast-seo-wordpress\/ -->\n<title>VISITA - Museo de la Charrer\u00eda CDMX<\/title>\n<meta name=\"robots\" content=\"index, follow, max-snippet:-1, max-image-preview:large, max-video-preview:-1\" \/>\n<link rel=\"canonical\" href=\"https:\/\/museodelacharreria.org.mx\/tr\/ziyaret\/\" \/>\n<meta property=\"og:locale\" content=\"tr_TR\" \/>\n<meta property=\"og:type\" content=\"article\" \/>\n<meta property=\"og:title\" content=\"VISITA - Museo de la Charrer\u00eda CDMX\" \/>\n<meta property=\"og:url\" content=\"https:\/\/museodelacharreria.org.mx\/tr\/ziyaret\/\" \/>\n<meta property=\"og:site_name\" content=\"Museo de la Charrer\u00eda CDMX\" \/>\n<meta property=\"article:modified_time\" content=\"2024-01-16T16:36:56+00:00\" \/>\n<meta property=\"og:image\" content=\"https:\/\/museodelacharreria.org.mx\/wp-content\/uploads\/2023\/09\/Grafico-No-1303.jpg\" \/>\n\t<meta property=\"og:image:width\" content=\"1080\" \/>\n\t<meta property=\"og:image:height\" content=\"720\" \/>\n\t<meta property=\"og:image:type\" content=\"image\/jpeg\" \/>\n<meta name=\"twitter:card\" content=\"summary_large_image\" \/>\n<meta name=\"twitter:label1\" content=\"Tahmini okuma s\u00fcresi\" \/>\n\t<meta name=\"twitter:data1\" content=\"1 dakika\" \/>\n<script type=\"application\/ld+json\" class=\"yoast-schema-graph\">{\"@context\":\"https:\\\/\\\/schema.org\",\"@graph\":[{\"@type\":\"WebPage\",\"@id\":\"https:\\\/\\\/museodelacharreria.org.mx\\\/visita\\\/\",\"url\":\"https:\\\/\\\/museodelacharreria.org.mx\\\/visita\\\/\",\"name\":\"VISITA - Museo de la Charrer\u00eda CDMX\",\"isPartOf\":{\"@id\":\"https:\\\/\\\/museodelacharreria.org.mx\\\/#website\"},\"primaryImageOfPage\":{\"@id\":\"https:\\\/\\\/museodelacharreria.org.mx\\\/visita\\\/#primaryimage\"},\"image\":{\"@id\":\"https:\\\/\\\/museodelacharreria.org.mx\\\/visita\\\/#primaryimage\"},\"thumbnailUrl\":\"https:\\\/\\\/museodelacharreria.org.mx\\\/wp-content\\\/uploads\\\/2023\\\/09\\\/Grafico-No-1303.jpg\",\"datePublished\":\"2023-07-14T06:09:07+00:00\",\"dateModified\":\"2024-01-16T16:36:56+00:00\",\"breadcrumb\":{\"@id\":\"https:\\\/\\\/museodelacharreria.org.mx\\\/visita\\\/#breadcrumb\"},\"inLanguage\":\"tr\",\"potentialAction\":[{\"@type\":\"ReadAction\",\"target\":[\"https:\\\/\\\/museodelacharreria.org.mx\\\/visita\\\/\"]}]},{\"@type\":\"ImageObject\",\"inLanguage\":\"tr\",\"@id\":\"https:\\\/\\\/museodelacharreria.org.mx\\\/visita\\\/#primaryimage\",\"url\":\"https:\\\/\\\/museodelacharreria.org.mx\\\/wp-content\\\/uploads\\\/2023\\\/09\\\/Grafico-No-1303.jpg\",\"contentUrl\":\"https:\\\/\\\/museodelacharreria.org.mx\\\/wp-content\\\/uploads\\\/2023\\\/09\\\/Grafico-No-1303.jpg\",\"width\":1080,\"height\":720},{\"@type\":\"BreadcrumbList\",\"@id\":\"https:\\\/\\\/museodelacharreria.org.mx\\\/visita\\\/#breadcrumb\",\"itemListElement\":[{\"@type\":\"ListItem\",\"position\":1,\"name\":\"Portada\",\"item\":\"https:\\\/\\\/museodelacharreria.org.mx\\\/inicio\\\/\"},{\"@type\":\"ListItem\",\"position\":2,\"name\":\"VISITA\"}]},{\"@type\":\"WebSite\",\"@id\":\"https:\\\/\\\/museodelacharreria.org.mx\\\/#website\",\"url\":\"https:\\\/\\\/museodelacharreria.org.mx\\\/\",\"name\":\"Museo de la Charrer\u00eda CDMX\",\"description\":\"Historia y tradici\u00f3n, patrimonio cultural inmaterial de la humanidad UNESCO\",\"publisher\":{\"@id\":\"https:\\\/\\\/museodelacharreria.org.mx\\\/#organization\"},\"potentialAction\":[{\"@type\":\"SearchAction\",\"target\":{\"@type\":\"EntryPoint\",\"urlTemplate\":\"https:\\\/\\\/museodelacharreria.org.mx\\\/?s={search_term_string}\"},\"query-input\":{\"@type\":\"PropertyValueSpecification\",\"valueRequired\":true,\"valueName\":\"search_term_string\"}}],\"inLanguage\":\"tr\"},{\"@type\":\"Organization\",\"@id\":\"https:\\\/\\\/museodelacharreria.org.mx\\\/#organization\",\"name\":\"Museo de la Charrer\u00eda Ciudad de M\u00e9xico\",\"alternateName\":\"Museo de la Charrer\u00eda CDMX\",\"url\":\"https:\\\/\\\/museodelacharreria.org.mx\\\/\",\"logo\":{\"@type\":\"ImageObject\",\"inLanguage\":\"tr\",\"@id\":\"https:\\\/\\\/museodelacharreria.org.mx\\\/#\\\/schema\\\/logo\\\/image\\\/\",\"url\":\"https:\\\/\\\/museodelacharreria.org.mx\\\/wp-content\\\/uploads\\\/2023\\\/07\\\/Logo-Museo-de-la-Charreria-b-n.png\",\"contentUrl\":\"https:\\\/\\\/museodelacharreria.org.mx\\\/wp-content\\\/uploads\\\/2023\\\/07\\\/Logo-Museo-de-la-Charreria-b-n.png\",\"width\":500,\"height\":250,\"caption\":\"Museo de la Charrer\u00eda Ciudad de M\u00e9xico\"},\"image\":{\"@id\":\"https:\\\/\\\/museodelacharreria.org.mx\\\/#\\\/schema\\\/logo\\\/image\\\/\"},\"sameAs\":[\"https:\\\/\\\/www.youtube.com\\\/@MuseoDeLaCharreria\"]}]}<\/script>\n<!-- \/ Yoast SEO plugin. -->","yoast_head_json":{"title":"Z\u0130YARET - Charreria M\u00fczesi CDMX","robots":{"index":"index","follow":"follow","max-snippet":"max-snippet:-1","max-image-preview":"max-image-preview:large","max-video-preview":"max-video-preview:-1"},"canonical":"https:\/\/museodelacharreria.org.mx\/tr\/ziyaret\/","og_locale":"tr_TR","og_type":"article","og_title":"VISITA - Museo de la Charrer\u00eda CDMX","og_url":"https:\/\/museodelacharreria.org.mx\/tr\/ziyaret\/","og_site_name":"Museo de la Charrer\u00eda CDMX","article_modified_time":"2024-01-16T16:36:56+00:00","og_image":[{"width":1080,"height":720,"url":"https:\/\/museodelacharreria.org.mx\/wp-content\/uploads\/2023\/09\/Grafico-No-1303.jpg","type":"image\/jpeg"}],"twitter_card":"summary_large_image","twitter_misc":{"Tahmini okuma s\u00fcresi":"1 dakika"},"schema":{"@context":"https:\/\/schema.org","@graph":[{"@type":"WebPage","@id":"https:\/\/museodelacharreria.org.mx\/visita\/","url":"https:\/\/museodelacharreria.org.mx\/visita\/","name":"Z\u0130YARET - Charreria M\u00fczesi CDMX","isPartOf":{"@id":"https:\/\/museodelacharreria.org.mx\/#website"},"primaryImageOfPage":{"@id":"https:\/\/museodelacharreria.org.mx\/visita\/#primaryimage"},"image":{"@id":"https:\/\/museodelacharreria.org.mx\/visita\/#primaryimage"},"thumbnailUrl":"https:\/\/museodelacharreria.org.mx\/wp-content\/uploads\/2023\/09\/Grafico-No-1303.jpg","datePublished":"2023-07-14T06:09:07+00:00","dateModified":"2024-01-16T16:36:56+00:00","breadcrumb":{"@id":"https:\/\/museodelacharreria.org.mx\/visita\/#breadcrumb"},"inLanguage":"tr","potentialAction":[{"@type":"ReadAction","target":["https:\/\/museodelacharreria.org.mx\/visita\/"]}]},{"@type":"ImageObject","inLanguage":"tr","@id":"https:\/\/museodelacharreria.org.mx\/visita\/#primaryimage","url":"https:\/\/museodelacharreria.org.mx\/wp-content\/uploads\/2023\/09\/Grafico-No-1303.jpg","contentUrl":"https:\/\/museodelacharreria.org.mx\/wp-content\/uploads\/2023\/09\/Grafico-No-1303.jpg","width":1080,"height":720},{"@type":"BreadcrumbList","@id":"https:\/\/museodelacharreria.org.mx\/visita\/#breadcrumb","itemListElement":[{"@type":"ListItem","position":1,"name":"Portada","item":"https:\/\/museodelacharreria.org.mx\/inicio\/"},{"@type":"ListItem","position":2,"name":"VISITA"}]},{"@type":"WebSite","@id":"https:\/\/museodelacharreria.org.mx\/#website","url":"https:\/\/museodelacharreria.org.mx\/","name":"Charreria M\u00fczesi CDMX","description":"Tarih ve gelenek, insanl\u0131\u011f\u0131n somut olmayan k\u00fclt\u00fcrel miras\u0131 UNESCO","publisher":{"@id":"https:\/\/museodelacharreria.org.mx\/#organization"},"potentialAction":[{"@type":"SearchAction","target":{"@type":"EntryPoint","urlTemplate":"https:\/\/museodelacharreria.org.mx\/?s={search_term_string}"},"query-input":{"@type":"PropertyValueSpecification","valueRequired":true,"valueName":"search_term_string"}}],"inLanguage":"tr"},{"@type":"Organization","@id":"https:\/\/museodelacharreria.org.mx\/#organization","name":"Meksiko Charreria M\u00fczesi","alternateName":"Museo de la Charrer\u00eda CDMX","url":"https:\/\/museodelacharreria.org.mx\/","logo":{"@type":"ImageObject","inLanguage":"tr","@id":"https:\/\/museodelacharreria.org.mx\/#\/schema\/logo\/image\/","url":"https:\/\/museodelacharreria.org.mx\/wp-content\/uploads\/2023\/07\/Logo-Museo-de-la-Charreria-b-n.png","contentUrl":"https:\/\/museodelacharreria.org.mx\/wp-content\/uploads\/2023\/07\/Logo-Museo-de-la-Charreria-b-n.png","width":500,"height":250,"caption":"Museo de la Charrer\u00eda Ciudad de M\u00e9xico"},"image":{"@id":"https:\/\/museodelacharreria.org.mx\/#\/schema\/logo\/image\/"},"sameAs":["https:\/\/www.youtube.com\/@MuseoDeLaCharreria"]}]}},"_links":{"self":[{"href":"https:\/\/museodelacharreria.org.mx\/tr\/wp-json\/wp\/v2\/pages\/60","targetHints":{"allow":["GET"]}}],"collection":[{"href":"https:\/\/museodelacharreria.org.mx\/tr\/wp-json\/wp\/v2\/pages"}],"about":[{"href":"https:\/\/museodelacharreria.org.mx\/tr\/wp-json\/wp\/v2\/types\/page"}],"author":[{"embeddable":true,"href":"https:\/\/museodelacharreria.org.mx\/tr\/wp-json\/wp\/v2\/users\/1"}],"replies":[{"embeddable":true,"href":"https:\/\/museodelacharreria.org.mx\/tr\/wp-json\/wp\/v2\/comments?post=60"}],"version-history":[{"count":20,"href":"https:\/\/museodelacharreria.org.mx\/tr\/wp-json\/wp\/v2\/pages\/60\/revisions"}],"predecessor-version":[{"id":76,"href":"https:\/\/museodelacharreria.org.mx\/tr\/wp-json\/wp\/v2\/pages\/60\/revisions\/76"}],"wp:featuredmedia":[{"embeddable":true,"href":"https:\/\/museodelacharreria.org.mx\/tr\/wp-json\/wp\/v2\/media\/871"}],"wp:attachment":[{"href":"https:\/\/museodelacharreria.org.mx\/tr\/wp-json\/wp\/v2\/media?parent=60"}],"curies":[{"name":"wp","href":"https:\/\/api.w.org\/{rel}","templated":true}]}}