{"id":3214,"date":"2024-06-26T13:49:48","date_gmt":"2024-06-26T19:49:48","guid":{"rendered":"https:\/\/museodelacharreria.org.mx\/?post_type=portfolio&#038;p=3214"},"modified":"2024-07-23T16:46:49","modified_gmt":"2024-07-23T22:46:49","slug":"tozluklar","status":"publish","type":"portfolio","link":"https:\/\/museodelacharreria.org.mx\/tr\/coleccion\/mitazas\/","title":{"rendered":"TOZLUKAR"},"content":{"rendered":"<style type=\"text\/css\" data-created_by=\"avia_inline_auto\" id=\"style-css-av-70lhj-b9c8fb8e2e27649bd6106348c78822a1\">\n.avia-section.av-70lhj-b9c8fb8e2e27649bd6106348c78822a1{\nbackground-repeat:no-repeat;\nbackground-image:url(https:\/\/museodelacharreria.org.mx\/wp-content\/uploads\/2024\/06\/MUSEO-DE-LA-CHARRERIA-UTENSILIOS-MITAZAS-1.jpg);\nbackground-position:50% 100%;\nbackground-attachment:scroll;\n}\n<\/style>\n<div id='av_section_1'  class='avia-section av-70lhj-b9c8fb8e2e27649bd6106348c78822a1 main_color avia-section-no-padding avia-no-border-styling  avia-builder-el-0  el_before_av_heading  avia-builder-el-first  avia-full-stretch avia-bg-style-scroll av-minimum-height av-minimum-height-80 av-height-percent  container_wrap fullsize'  data-section-bg-repeat='stretch' data-av_minimum_height_pc='80' data-av_min_height_opt='percent'><div class=\"av-section-color-overlay-wrap\"><a href='#next-section' title='' class='scroll-down-link' aria-hidden='true' data-av_icon='\ue877' data-av_iconfont='entypo-fontello'><\/a><div class='container av-section-cont-open' ><main  role=\"main\" itemprop=\"mainContentOfPage\"  class='template-page content  av-content-full alpha units'><div class='post-entry post-entry-type-page post-entry-3214'><div class='entry-content-wrapper clearfix'><\/div><\/div><\/main><!-- close content main element --><\/div><\/div><\/div><div id='after_section_1'  class='main_color av_default_container_wrap container_wrap fullsize'  ><div class='container av-section-cont-open' ><div class='template-page content  av-content-full alpha units'><div class='post-entry post-entry-type-page post-entry-3214'><div class='entry-content-wrapper clearfix'>\n\n<style type=\"text\/css\" data-created_by=\"avia_inline_auto\" id=\"style-css-av-lk71zgl0-81f81b5abe04201f34f62f57cb3565f0\">\n#top .av-special-heading.av-lk71zgl0-81f81b5abe04201f34f62f57cb3565f0{\npadding-bottom:3%;\n}\nbody .av-special-heading.av-lk71zgl0-81f81b5abe04201f34f62f57cb3565f0 .av-special-heading-tag .heading-char{\nfont-size:25px;\n}\n.av-special-heading.av-lk71zgl0-81f81b5abe04201f34f62f57cb3565f0 .av-subheading{\nfont-size:15px;\n}\n<\/style>\n<div  class='av-special-heading av-lk71zgl0-81f81b5abe04201f34f62f57cb3565f0 av-special-heading-h2 blockquote modern-quote modern-centered  avia-builder-el-1  el_after_av_section  el_before_av_one_half  avia-builder-el-first'><h2 class='av-special-heading-tag'  itemprop=\"headline\"  >TOZLUKAR<\/h2><div class=\"special-heading-border\"><div class=\"special-heading-inner-border\"><\/div><\/div><\/div>\n<div  class='flex_column av-atu2n-df24aede1ed6c436d08362298566f18d av_one_half  avia-builder-el-2  el_after_av_heading  el_before_av_one_half  first flex_column_div'     ><style type=\"text\/css\" data-created_by=\"avia_inline_auto\" id=\"style-css-av-lk73v60n-4000cd6fbd9f627dc8e5f9f2ff251bd3\">\n#top .avia-gallery.av-lk73v60n-4000cd6fbd9f627dc8e5f9f2ff251bd3 .avia-gallery-thumb a{\nwidth:33.3333%;\n}\n<\/style>\n<div  class='avia-gallery av-lk73v60n-4000cd6fbd9f627dc8e5f9f2ff251bd3 avia_animate_when_visible  avia-builder-el-3  avia-builder-el-no-sibling  avia_lazyload av-slideshow-ui av-loop-manual-endless av-control-hidden av-navigate-arrows hover-effect av-control-hidden avia-gallery-animate avia-gallery-1'  itemprop=\"image\" itemscope=\"itemscope\" itemtype=\"https:\/\/schema.org\/ImageObject\" ><meta itemprop=\"contentURL\" content=\"https:\/\/museodelacharreria.org.mx\/tr\/coleccion\/mitazas\/\"><a class='avia-gallery-big fakeLightbox lightbox avia-gallery-big-crop-thumb' href=\"https:\/\/museodelacharreria.org.mx\/wp-content\/uploads\/2024\/06\/MUSEO-DE-LA-CHARRERIA-UTENSILIOS-MITAZA-DERECHA.jpg\" data-srcset=\"https:\/\/museodelacharreria.org.mx\/wp-content\/uploads\/2024\/06\/MUSEO-DE-LA-CHARRERIA-UTENSILIOS-MITAZA-DERECHA.jpg 1280w, https:\/\/museodelacharreria.org.mx\/wp-content\/uploads\/2024\/06\/MUSEO-DE-LA-CHARRERIA-UTENSILIOS-MITAZA-DERECHA-267x400.jpg 267w, https:\/\/museodelacharreria.org.mx\/wp-content\/uploads\/2024\/06\/MUSEO-DE-LA-CHARRERIA-UTENSILIOS-MITAZA-DERECHA-768x1152.jpg 768w, https:\/\/museodelacharreria.org.mx\/wp-content\/uploads\/2024\/06\/MUSEO-DE-LA-CHARRERIA-UTENSILIOS-MITAZA-DERECHA-1024x1536.jpg 1024w, https:\/\/museodelacharreria.org.mx\/wp-content\/uploads\/2024\/06\/MUSEO-DE-LA-CHARRERIA-UTENSILIOS-MITAZA-DERECHA-8x12.jpg 8w, https:\/\/museodelacharreria.org.mx\/wp-content\/uploads\/2024\/06\/MUSEO-DE-LA-CHARRERIA-UTENSILIOS-MITAZA-DERECHA-1000x1500.jpg 1000w, https:\/\/museodelacharreria.org.mx\/wp-content\/uploads\/2024\/06\/MUSEO-DE-LA-CHARRERIA-UTENSILIOS-MITAZA-DERECHA-470x705.jpg 470w, https:\/\/museodelacharreria.org.mx\/wp-content\/uploads\/2024\/06\/MUSEO-DE-LA-CHARRERIA-UTENSILIOS-MITAZA-DERECHA-400x600.jpg 400w, https:\/\/museodelacharreria.org.mx\/wp-content\/uploads\/2024\/06\/MUSEO-DE-LA-CHARRERIA-UTENSILIOS-MITAZA-DERECHA-107x160.jpg 107w\" data-sizes=\"(max-width: 1280px) 100vw, 1280px\"  data-onclick='1' title='CHARRERIA M\u00dcZESI\u0307 : MUTFAK E\u015eYALARI : SA\u011e EL MI\u0307TAZA' ><span class='avia-gallery-big-inner'  itemprop=\"thumbnailUrl\" ><img decoding=\"async\" fetchpriority=\"high\" class=\"wp-image-3253 avia-img-lazy-loading-not-3253\"  width=\"1280\" height=\"1920\" src=\"https:\/\/museodelacharreria.org.mx\/wp-content\/uploads\/2024\/06\/MUSEO-DE-LA-CHARRERIA-UTENSILIOS-MITAZA-DERECHA.jpg\" title='CHARRERIA M\u00dcZESI\u0307 : MUTFAK E\u015eYALARI : SA\u011e EL MI\u0307TAZA' alt='' srcset=\"https:\/\/museodelacharreria.org.mx\/wp-content\/uploads\/2024\/06\/MUSEO-DE-LA-CHARRERIA-UTENSILIOS-MITAZA-DERECHA.jpg 1280w, https:\/\/museodelacharreria.org.mx\/wp-content\/uploads\/2024\/06\/MUSEO-DE-LA-CHARRERIA-UTENSILIOS-MITAZA-DERECHA-267x400.jpg 267w, https:\/\/museodelacharreria.org.mx\/wp-content\/uploads\/2024\/06\/MUSEO-DE-LA-CHARRERIA-UTENSILIOS-MITAZA-DERECHA-768x1152.jpg 768w, https:\/\/museodelacharreria.org.mx\/wp-content\/uploads\/2024\/06\/MUSEO-DE-LA-CHARRERIA-UTENSILIOS-MITAZA-DERECHA-1024x1536.jpg 1024w, https:\/\/museodelacharreria.org.mx\/wp-content\/uploads\/2024\/06\/MUSEO-DE-LA-CHARRERIA-UTENSILIOS-MITAZA-DERECHA-8x12.jpg 8w, https:\/\/museodelacharreria.org.mx\/wp-content\/uploads\/2024\/06\/MUSEO-DE-LA-CHARRERIA-UTENSILIOS-MITAZA-DERECHA-1000x1500.jpg 1000w, https:\/\/museodelacharreria.org.mx\/wp-content\/uploads\/2024\/06\/MUSEO-DE-LA-CHARRERIA-UTENSILIOS-MITAZA-DERECHA-470x705.jpg 470w, https:\/\/museodelacharreria.org.mx\/wp-content\/uploads\/2024\/06\/MUSEO-DE-LA-CHARRERIA-UTENSILIOS-MITAZA-DERECHA-400x600.jpg 400w, https:\/\/museodelacharreria.org.mx\/wp-content\/uploads\/2024\/06\/MUSEO-DE-LA-CHARRERIA-UTENSILIOS-MITAZA-DERECHA-107x160.jpg 107w\" sizes=\"(max-width: 1280px) 100vw, 1280px\" \/><\/span><\/a><div class='avia-gallery-thumb'><a href=\"https:\/\/museodelacharreria.org.mx\/wp-content\/uploads\/2024\/06\/MUSEO-DE-LA-CHARRERIA-UTENSILIOS-MITAZA-DERECHA.jpg\" data-srcset=\"https:\/\/museodelacharreria.org.mx\/wp-content\/uploads\/2024\/06\/MUSEO-DE-LA-CHARRERIA-UTENSILIOS-MITAZA-DERECHA.jpg 1280w, https:\/\/museodelacharreria.org.mx\/wp-content\/uploads\/2024\/06\/MUSEO-DE-LA-CHARRERIA-UTENSILIOS-MITAZA-DERECHA-267x400.jpg 267w, https:\/\/museodelacharreria.org.mx\/wp-content\/uploads\/2024\/06\/MUSEO-DE-LA-CHARRERIA-UTENSILIOS-MITAZA-DERECHA-768x1152.jpg 768w, https:\/\/museodelacharreria.org.mx\/wp-content\/uploads\/2024\/06\/MUSEO-DE-LA-CHARRERIA-UTENSILIOS-MITAZA-DERECHA-1024x1536.jpg 1024w, https:\/\/museodelacharreria.org.mx\/wp-content\/uploads\/2024\/06\/MUSEO-DE-LA-CHARRERIA-UTENSILIOS-MITAZA-DERECHA-8x12.jpg 8w, https:\/\/museodelacharreria.org.mx\/wp-content\/uploads\/2024\/06\/MUSEO-DE-LA-CHARRERIA-UTENSILIOS-MITAZA-DERECHA-1000x1500.jpg 1000w, https:\/\/museodelacharreria.org.mx\/wp-content\/uploads\/2024\/06\/MUSEO-DE-LA-CHARRERIA-UTENSILIOS-MITAZA-DERECHA-470x705.jpg 470w, https:\/\/museodelacharreria.org.mx\/wp-content\/uploads\/2024\/06\/MUSEO-DE-LA-CHARRERIA-UTENSILIOS-MITAZA-DERECHA-400x600.jpg 400w, https:\/\/museodelacharreria.org.mx\/wp-content\/uploads\/2024\/06\/MUSEO-DE-LA-CHARRERIA-UTENSILIOS-MITAZA-DERECHA-107x160.jpg 107w\" data-sizes=\"(max-width: 1280px) 100vw, 1280px\" data-rel='gallery-1' data-prev-img='https:\/\/museodelacharreria.org.mx\/wp-content\/uploads\/2024\/06\/MUSEO-DE-LA-CHARRERIA-UTENSILIOS-MITAZA-DERECHA.jpg' class='first_thumb lightbox' data-onclick='1' title='CHARRERIA M\u00dcZESI\u0307 : MUTFAK E\u015eYALARI : SA\u011e EL MI\u0307TAZA'  itemprop=\"thumbnailUrl\"  ><img decoding=\"async\" fetchpriority=\"high\" class=\"wp-image-3253 avia-img-lazy-loading-not-3253\"   src=\"https:\/\/museodelacharreria.org.mx\/wp-content\/uploads\/2024\/06\/MUSEO-DE-LA-CHARRERIA-UTENSILIOS-MITAZA-DERECHA.jpg\" width=\"1280\" height=\"1920\"  title='CHARRERIA M\u00dcZESI\u0307 : MUTFAK E\u015eYALARI : SA\u011e EL MI\u0307TAZA' alt='' srcset=\"https:\/\/museodelacharreria.org.mx\/wp-content\/uploads\/2024\/06\/MUSEO-DE-LA-CHARRERIA-UTENSILIOS-MITAZA-DERECHA.jpg 1280w, https:\/\/museodelacharreria.org.mx\/wp-content\/uploads\/2024\/06\/MUSEO-DE-LA-CHARRERIA-UTENSILIOS-MITAZA-DERECHA-267x400.jpg 267w, https:\/\/museodelacharreria.org.mx\/wp-content\/uploads\/2024\/06\/MUSEO-DE-LA-CHARRERIA-UTENSILIOS-MITAZA-DERECHA-768x1152.jpg 768w, https:\/\/museodelacharreria.org.mx\/wp-content\/uploads\/2024\/06\/MUSEO-DE-LA-CHARRERIA-UTENSILIOS-MITAZA-DERECHA-1024x1536.jpg 1024w, https:\/\/museodelacharreria.org.mx\/wp-content\/uploads\/2024\/06\/MUSEO-DE-LA-CHARRERIA-UTENSILIOS-MITAZA-DERECHA-8x12.jpg 8w, https:\/\/museodelacharreria.org.mx\/wp-content\/uploads\/2024\/06\/MUSEO-DE-LA-CHARRERIA-UTENSILIOS-MITAZA-DERECHA-1000x1500.jpg 1000w, https:\/\/museodelacharreria.org.mx\/wp-content\/uploads\/2024\/06\/MUSEO-DE-LA-CHARRERIA-UTENSILIOS-MITAZA-DERECHA-470x705.jpg 470w, https:\/\/museodelacharreria.org.mx\/wp-content\/uploads\/2024\/06\/MUSEO-DE-LA-CHARRERIA-UTENSILIOS-MITAZA-DERECHA-400x600.jpg 400w, https:\/\/museodelacharreria.org.mx\/wp-content\/uploads\/2024\/06\/MUSEO-DE-LA-CHARRERIA-UTENSILIOS-MITAZA-DERECHA-107x160.jpg 107w\" sizes=\"(max-width: 1280px) 100vw, 1280px\" \/><div class='big-prev-fake'><img decoding=\"async\" loading=\"lazy\" class=\"wp-image-3253 avia-img-lazy-loading-3253\"  width=\"1280\" height=\"1920\" src=\"https:\/\/museodelacharreria.org.mx\/wp-content\/uploads\/2024\/06\/MUSEO-DE-LA-CHARRERIA-UTENSILIOS-MITAZA-DERECHA.jpg\" title='CHARRERIA M\u00dcZESI\u0307 : MUTFAK E\u015eYALARI : SA\u011e EL MI\u0307TAZA' alt='' srcset=\"https:\/\/museodelacharreria.org.mx\/wp-content\/uploads\/2024\/06\/MUSEO-DE-LA-CHARRERIA-UTENSILIOS-MITAZA-DERECHA.jpg 1280w, https:\/\/museodelacharreria.org.mx\/wp-content\/uploads\/2024\/06\/MUSEO-DE-LA-CHARRERIA-UTENSILIOS-MITAZA-DERECHA-267x400.jpg 267w, https:\/\/museodelacharreria.org.mx\/wp-content\/uploads\/2024\/06\/MUSEO-DE-LA-CHARRERIA-UTENSILIOS-MITAZA-DERECHA-768x1152.jpg 768w, https:\/\/museodelacharreria.org.mx\/wp-content\/uploads\/2024\/06\/MUSEO-DE-LA-CHARRERIA-UTENSILIOS-MITAZA-DERECHA-1024x1536.jpg 1024w, https:\/\/museodelacharreria.org.mx\/wp-content\/uploads\/2024\/06\/MUSEO-DE-LA-CHARRERIA-UTENSILIOS-MITAZA-DERECHA-8x12.jpg 8w, https:\/\/museodelacharreria.org.mx\/wp-content\/uploads\/2024\/06\/MUSEO-DE-LA-CHARRERIA-UTENSILIOS-MITAZA-DERECHA-1000x1500.jpg 1000w, https:\/\/museodelacharreria.org.mx\/wp-content\/uploads\/2024\/06\/MUSEO-DE-LA-CHARRERIA-UTENSILIOS-MITAZA-DERECHA-470x705.jpg 470w, https:\/\/museodelacharreria.org.mx\/wp-content\/uploads\/2024\/06\/MUSEO-DE-LA-CHARRERIA-UTENSILIOS-MITAZA-DERECHA-400x600.jpg 400w, https:\/\/museodelacharreria.org.mx\/wp-content\/uploads\/2024\/06\/MUSEO-DE-LA-CHARRERIA-UTENSILIOS-MITAZA-DERECHA-107x160.jpg 107w\" sizes=\"auto, (max-width: 1280px) 100vw, 1280px\" \/><\/div><\/a><a href=\"https:\/\/museodelacharreria.org.mx\/wp-content\/uploads\/2024\/06\/MUSEO-DE-LA-CHARRERIA-UTENSILIOS-MITAZA-IZQUIERDA.jpg\" data-srcset=\"https:\/\/museodelacharreria.org.mx\/wp-content\/uploads\/2024\/06\/MUSEO-DE-LA-CHARRERIA-UTENSILIOS-MITAZA-IZQUIERDA.jpg 1280w, https:\/\/museodelacharreria.org.mx\/wp-content\/uploads\/2024\/06\/MUSEO-DE-LA-CHARRERIA-UTENSILIOS-MITAZA-IZQUIERDA-267x400.jpg 267w, https:\/\/museodelacharreria.org.mx\/wp-content\/uploads\/2024\/06\/MUSEO-DE-LA-CHARRERIA-UTENSILIOS-MITAZA-IZQUIERDA-768x1152.jpg 768w, https:\/\/museodelacharreria.org.mx\/wp-content\/uploads\/2024\/06\/MUSEO-DE-LA-CHARRERIA-UTENSILIOS-MITAZA-IZQUIERDA-1024x1536.jpg 1024w, https:\/\/museodelacharreria.org.mx\/wp-content\/uploads\/2024\/06\/MUSEO-DE-LA-CHARRERIA-UTENSILIOS-MITAZA-IZQUIERDA-8x12.jpg 8w, https:\/\/museodelacharreria.org.mx\/wp-content\/uploads\/2024\/06\/MUSEO-DE-LA-CHARRERIA-UTENSILIOS-MITAZA-IZQUIERDA-1000x1500.jpg 1000w, https:\/\/museodelacharreria.org.mx\/wp-content\/uploads\/2024\/06\/MUSEO-DE-LA-CHARRERIA-UTENSILIOS-MITAZA-IZQUIERDA-470x705.jpg 470w, https:\/\/museodelacharreria.org.mx\/wp-content\/uploads\/2024\/06\/MUSEO-DE-LA-CHARRERIA-UTENSILIOS-MITAZA-IZQUIERDA-400x600.jpg 400w, https:\/\/museodelacharreria.org.mx\/wp-content\/uploads\/2024\/06\/MUSEO-DE-LA-CHARRERIA-UTENSILIOS-MITAZA-IZQUIERDA-107x160.jpg 107w\" data-sizes=\"(max-width: 1280px) 100vw, 1280px\" data-rel='gallery-1' data-prev-img='https:\/\/museodelacharreria.org.mx\/wp-content\/uploads\/2024\/06\/MUSEO-DE-LA-CHARRERIA-UTENSILIOS-MITAZA-IZQUIERDA.jpg' class='lightbox' data-onclick='2' title='CHARRERIA M\u00dcZESI\u0307 : MUTFAK E\u015eYALARI : SOL MI\u0307TAZA'  itemprop=\"thumbnailUrl\"  ><img decoding=\"async\" fetchpriority=\"high\" class=\"wp-image-3252 avia-img-lazy-loading-not-3252\"   src=\"https:\/\/museodelacharreria.org.mx\/wp-content\/uploads\/2024\/06\/MUSEO-DE-LA-CHARRERIA-UTENSILIOS-MITAZA-IZQUIERDA.jpg\" width=\"1280\" height=\"1920\"  title='CHARRERIA M\u00dcZESI\u0307 : MUTFAK E\u015eYALARI : SOL MI\u0307TAZA' alt='' srcset=\"https:\/\/museodelacharreria.org.mx\/wp-content\/uploads\/2024\/06\/MUSEO-DE-LA-CHARRERIA-UTENSILIOS-MITAZA-IZQUIERDA.jpg 1280w, https:\/\/museodelacharreria.org.mx\/wp-content\/uploads\/2024\/06\/MUSEO-DE-LA-CHARRERIA-UTENSILIOS-MITAZA-IZQUIERDA-267x400.jpg 267w, https:\/\/museodelacharreria.org.mx\/wp-content\/uploads\/2024\/06\/MUSEO-DE-LA-CHARRERIA-UTENSILIOS-MITAZA-IZQUIERDA-768x1152.jpg 768w, https:\/\/museodelacharreria.org.mx\/wp-content\/uploads\/2024\/06\/MUSEO-DE-LA-CHARRERIA-UTENSILIOS-MITAZA-IZQUIERDA-1024x1536.jpg 1024w, https:\/\/museodelacharreria.org.mx\/wp-content\/uploads\/2024\/06\/MUSEO-DE-LA-CHARRERIA-UTENSILIOS-MITAZA-IZQUIERDA-8x12.jpg 8w, https:\/\/museodelacharreria.org.mx\/wp-content\/uploads\/2024\/06\/MUSEO-DE-LA-CHARRERIA-UTENSILIOS-MITAZA-IZQUIERDA-1000x1500.jpg 1000w, https:\/\/museodelacharreria.org.mx\/wp-content\/uploads\/2024\/06\/MUSEO-DE-LA-CHARRERIA-UTENSILIOS-MITAZA-IZQUIERDA-470x705.jpg 470w, https:\/\/museodelacharreria.org.mx\/wp-content\/uploads\/2024\/06\/MUSEO-DE-LA-CHARRERIA-UTENSILIOS-MITAZA-IZQUIERDA-400x600.jpg 400w, https:\/\/museodelacharreria.org.mx\/wp-content\/uploads\/2024\/06\/MUSEO-DE-LA-CHARRERIA-UTENSILIOS-MITAZA-IZQUIERDA-107x160.jpg 107w\" sizes=\"(max-width: 1280px) 100vw, 1280px\" \/><div class='big-prev-fake'><img decoding=\"async\" loading=\"lazy\" class=\"wp-image-3252 avia-img-lazy-loading-3252\"  width=\"1280\" height=\"1920\" src=\"https:\/\/museodelacharreria.org.mx\/wp-content\/uploads\/2024\/06\/MUSEO-DE-LA-CHARRERIA-UTENSILIOS-MITAZA-IZQUIERDA.jpg\" title='CHARRERIA M\u00dcZESI\u0307 : MUTFAK E\u015eYALARI : SOL MI\u0307TAZA' alt='' srcset=\"https:\/\/museodelacharreria.org.mx\/wp-content\/uploads\/2024\/06\/MUSEO-DE-LA-CHARRERIA-UTENSILIOS-MITAZA-IZQUIERDA.jpg 1280w, https:\/\/museodelacharreria.org.mx\/wp-content\/uploads\/2024\/06\/MUSEO-DE-LA-CHARRERIA-UTENSILIOS-MITAZA-IZQUIERDA-267x400.jpg 267w, https:\/\/museodelacharreria.org.mx\/wp-content\/uploads\/2024\/06\/MUSEO-DE-LA-CHARRERIA-UTENSILIOS-MITAZA-IZQUIERDA-768x1152.jpg 768w, https:\/\/museodelacharreria.org.mx\/wp-content\/uploads\/2024\/06\/MUSEO-DE-LA-CHARRERIA-UTENSILIOS-MITAZA-IZQUIERDA-1024x1536.jpg 1024w, https:\/\/museodelacharreria.org.mx\/wp-content\/uploads\/2024\/06\/MUSEO-DE-LA-CHARRERIA-UTENSILIOS-MITAZA-IZQUIERDA-8x12.jpg 8w, https:\/\/museodelacharreria.org.mx\/wp-content\/uploads\/2024\/06\/MUSEO-DE-LA-CHARRERIA-UTENSILIOS-MITAZA-IZQUIERDA-1000x1500.jpg 1000w, https:\/\/museodelacharreria.org.mx\/wp-content\/uploads\/2024\/06\/MUSEO-DE-LA-CHARRERIA-UTENSILIOS-MITAZA-IZQUIERDA-470x705.jpg 470w, https:\/\/museodelacharreria.org.mx\/wp-content\/uploads\/2024\/06\/MUSEO-DE-LA-CHARRERIA-UTENSILIOS-MITAZA-IZQUIERDA-400x600.jpg 400w, https:\/\/museodelacharreria.org.mx\/wp-content\/uploads\/2024\/06\/MUSEO-DE-LA-CHARRERIA-UTENSILIOS-MITAZA-IZQUIERDA-107x160.jpg 107w\" sizes=\"auto, (max-width: 1280px) 100vw, 1280px\" \/><\/div><\/a><a href=\"https:\/\/museodelacharreria.org.mx\/wp-content\/uploads\/2024\/06\/MUSEO-DE-LA-CHARRERIA-UTENSILIOS-MITAZA-DERECHA-INTERIOR.jpg\" data-srcset=\"https:\/\/museodelacharreria.org.mx\/wp-content\/uploads\/2024\/06\/MUSEO-DE-LA-CHARRERIA-UTENSILIOS-MITAZA-DERECHA-INTERIOR.jpg 1280w, https:\/\/museodelacharreria.org.mx\/wp-content\/uploads\/2024\/06\/MUSEO-DE-LA-CHARRERIA-UTENSILIOS-MITAZA-DERECHA-INTERIOR-267x400.jpg 267w, https:\/\/museodelacharreria.org.mx\/wp-content\/uploads\/2024\/06\/MUSEO-DE-LA-CHARRERIA-UTENSILIOS-MITAZA-DERECHA-INTERIOR-768x1152.jpg 768w, https:\/\/museodelacharreria.org.mx\/wp-content\/uploads\/2024\/06\/MUSEO-DE-LA-CHARRERIA-UTENSILIOS-MITAZA-DERECHA-INTERIOR-1024x1536.jpg 1024w, https:\/\/museodelacharreria.org.mx\/wp-content\/uploads\/2024\/06\/MUSEO-DE-LA-CHARRERIA-UTENSILIOS-MITAZA-DERECHA-INTERIOR-8x12.jpg 8w, https:\/\/museodelacharreria.org.mx\/wp-content\/uploads\/2024\/06\/MUSEO-DE-LA-CHARRERIA-UTENSILIOS-MITAZA-DERECHA-INTERIOR-1000x1500.jpg 1000w, https:\/\/museodelacharreria.org.mx\/wp-content\/uploads\/2024\/06\/MUSEO-DE-LA-CHARRERIA-UTENSILIOS-MITAZA-DERECHA-INTERIOR-470x705.jpg 470w, https:\/\/museodelacharreria.org.mx\/wp-content\/uploads\/2024\/06\/MUSEO-DE-LA-CHARRERIA-UTENSILIOS-MITAZA-DERECHA-INTERIOR-400x600.jpg 400w, https:\/\/museodelacharreria.org.mx\/wp-content\/uploads\/2024\/06\/MUSEO-DE-LA-CHARRERIA-UTENSILIOS-MITAZA-DERECHA-INTERIOR-107x160.jpg 107w\" data-sizes=\"(max-width: 1280px) 100vw, 1280px\" data-rel='gallery-1' data-prev-img='https:\/\/museodelacharreria.org.mx\/wp-content\/uploads\/2024\/06\/MUSEO-DE-LA-CHARRERIA-UTENSILIOS-MITAZA-DERECHA-INTERIOR.jpg' class='lightbox' data-onclick='3' title='CHARRERIA M\u00dcZESI\u0307 : MUTFAK E\u015eYALARI : I\u0307\u00c7 MEK\u00c2NIN SA\u011e TARAFI'  itemprop=\"thumbnailUrl\"  ><img decoding=\"async\" fetchpriority=\"high\" class=\"wp-image-3251 avia-img-lazy-loading-not-3251\"   src=\"https:\/\/museodelacharreria.org.mx\/wp-content\/uploads\/2024\/06\/MUSEO-DE-LA-CHARRERIA-UTENSILIOS-MITAZA-DERECHA-INTERIOR.jpg\" width=\"1280\" height=\"1920\"  title='CHARRERIA M\u00dcZESI\u0307 : MUTFAK E\u015eYALARI : I\u0307\u00c7 MEK\u00c2NIN SA\u011e TARAFI' alt='' srcset=\"https:\/\/museodelacharreria.org.mx\/wp-content\/uploads\/2024\/06\/MUSEO-DE-LA-CHARRERIA-UTENSILIOS-MITAZA-DERECHA-INTERIOR.jpg 1280w, https:\/\/museodelacharreria.org.mx\/wp-content\/uploads\/2024\/06\/MUSEO-DE-LA-CHARRERIA-UTENSILIOS-MITAZA-DERECHA-INTERIOR-267x400.jpg 267w, https:\/\/museodelacharreria.org.mx\/wp-content\/uploads\/2024\/06\/MUSEO-DE-LA-CHARRERIA-UTENSILIOS-MITAZA-DERECHA-INTERIOR-768x1152.jpg 768w, https:\/\/museodelacharreria.org.mx\/wp-content\/uploads\/2024\/06\/MUSEO-DE-LA-CHARRERIA-UTENSILIOS-MITAZA-DERECHA-INTERIOR-1024x1536.jpg 1024w, https:\/\/museodelacharreria.org.mx\/wp-content\/uploads\/2024\/06\/MUSEO-DE-LA-CHARRERIA-UTENSILIOS-MITAZA-DERECHA-INTERIOR-8x12.jpg 8w, https:\/\/museodelacharreria.org.mx\/wp-content\/uploads\/2024\/06\/MUSEO-DE-LA-CHARRERIA-UTENSILIOS-MITAZA-DERECHA-INTERIOR-1000x1500.jpg 1000w, https:\/\/museodelacharreria.org.mx\/wp-content\/uploads\/2024\/06\/MUSEO-DE-LA-CHARRERIA-UTENSILIOS-MITAZA-DERECHA-INTERIOR-470x705.jpg 470w, https:\/\/museodelacharreria.org.mx\/wp-content\/uploads\/2024\/06\/MUSEO-DE-LA-CHARRERIA-UTENSILIOS-MITAZA-DERECHA-INTERIOR-400x600.jpg 400w, https:\/\/museodelacharreria.org.mx\/wp-content\/uploads\/2024\/06\/MUSEO-DE-LA-CHARRERIA-UTENSILIOS-MITAZA-DERECHA-INTERIOR-107x160.jpg 107w\" sizes=\"(max-width: 1280px) 100vw, 1280px\" \/><div class='big-prev-fake'><img decoding=\"async\" loading=\"lazy\" class=\"wp-image-3251 avia-img-lazy-loading-3251\"  width=\"1280\" height=\"1920\" src=\"https:\/\/museodelacharreria.org.mx\/wp-content\/uploads\/2024\/06\/MUSEO-DE-LA-CHARRERIA-UTENSILIOS-MITAZA-DERECHA-INTERIOR.jpg\" title='CHARRERIA M\u00dcZESI\u0307 : MUTFAK E\u015eYALARI : I\u0307\u00c7 MEK\u00c2NIN SA\u011e TARAFI' alt='' srcset=\"https:\/\/museodelacharreria.org.mx\/wp-content\/uploads\/2024\/06\/MUSEO-DE-LA-CHARRERIA-UTENSILIOS-MITAZA-DERECHA-INTERIOR.jpg 1280w, https:\/\/museodelacharreria.org.mx\/wp-content\/uploads\/2024\/06\/MUSEO-DE-LA-CHARRERIA-UTENSILIOS-MITAZA-DERECHA-INTERIOR-267x400.jpg 267w, https:\/\/museodelacharreria.org.mx\/wp-content\/uploads\/2024\/06\/MUSEO-DE-LA-CHARRERIA-UTENSILIOS-MITAZA-DERECHA-INTERIOR-768x1152.jpg 768w, https:\/\/museodelacharreria.org.mx\/wp-content\/uploads\/2024\/06\/MUSEO-DE-LA-CHARRERIA-UTENSILIOS-MITAZA-DERECHA-INTERIOR-1024x1536.jpg 1024w, https:\/\/museodelacharreria.org.mx\/wp-content\/uploads\/2024\/06\/MUSEO-DE-LA-CHARRERIA-UTENSILIOS-MITAZA-DERECHA-INTERIOR-8x12.jpg 8w, https:\/\/museodelacharreria.org.mx\/wp-content\/uploads\/2024\/06\/MUSEO-DE-LA-CHARRERIA-UTENSILIOS-MITAZA-DERECHA-INTERIOR-1000x1500.jpg 1000w, https:\/\/museodelacharreria.org.mx\/wp-content\/uploads\/2024\/06\/MUSEO-DE-LA-CHARRERIA-UTENSILIOS-MITAZA-DERECHA-INTERIOR-470x705.jpg 470w, https:\/\/museodelacharreria.org.mx\/wp-content\/uploads\/2024\/06\/MUSEO-DE-LA-CHARRERIA-UTENSILIOS-MITAZA-DERECHA-INTERIOR-400x600.jpg 400w, https:\/\/museodelacharreria.org.mx\/wp-content\/uploads\/2024\/06\/MUSEO-DE-LA-CHARRERIA-UTENSILIOS-MITAZA-DERECHA-INTERIOR-107x160.jpg 107w\" sizes=\"auto, (max-width: 1280px) 100vw, 1280px\" \/><\/div><\/a><\/div><\/div><\/div>\n<div  class='flex_column av-e4nun-e4d16696b7a631338a4d205072919cbc av_one_half  avia-builder-el-4  el_after_av_one_half  el_before_av_textblock  flex_column_div'     ><section  class='av_textblock_section av-lk73lniz-6fee45422ff9ebf1c8509efe3e3eb2c6'   itemscope=\"itemscope\" itemtype=\"https:\/\/schema.org\/CreativeWork\" ><div class='avia_textblock'  itemprop=\"text\" ><p>Museo de la Charrer\u00eda'da sergilenen Ganimetli ve Mahmuzlu Mitazalar, \u00e7ok ilgi \u00e7eken ola\u011fan\u00fcst\u00fc par\u00e7alard\u0131r. Mitazalarla ilgili en \u00fcnl\u00fc imge ku\u015fkusuz Francisco Villa'n\u0131nkidir. Foto\u011fraflarda ve filmlerde mitazalarla tasvir edilmesi, mitazalar\u0131n Meksika Devrimi s\u0131ras\u0131nda pratik kullan\u0131m\u0131n\u0131 g\u00f6stermekle kalmaz, ayn\u0131 zamanda caudillo'nun direni\u015fini ve g\u00fcc\u00fcn\u00fc de sembolize eder. Bu temsil, Meksikal\u0131 devrimci ve atl\u0131 kimli\u011finin bir amblemi olarak varl\u0131\u011f\u0131n\u0131 s\u00fcrd\u00fcrm\u00fc\u015ft\u00fcr.<\/p>\n<p>Bu par\u00e7alar\u0131n \u00fczerinde MCA'n\u0131n ba\u015f harflerini ve g\u00fcl detaylar\u0131n\u0131 i\u00e7eren \u00e7ukurlu bir monogram bulunmaktad\u0131r. Bu \u00f6zellikler, geleneksel \u015earro giysilerinin hem i\u015flevselli\u011fini hem de esteti\u011fini yans\u0131tan tam bir k\u0131yafetin, hatta bir eyerin par\u00e7as\u0131 olduklar\u0131n\u0131 g\u00f6stermektedir.<\/p>\n<div id=\"attachment_2917\" style=\"width: 410px\" class=\"wp-caption aligncenter\"><img loading=\"lazy\" decoding=\"async\" aria-describedby=\"caption-attachment-2917\" class=\"size-medium wp-image-2917\" src=\"https:\/\/museodelacharreria.org.mx\/wp-content\/uploads\/2024\/06\/MUSEO-DE-LA-CHARRERIA-PINTURA-ACUARELA-JOSE-ALBARRAN-PLIEGO-14-PANCHO-VILLA-400x300.jpg\" alt=\"\" width=\"400\" height=\"300\" srcset=\"https:\/\/museodelacharreria.org.mx\/wp-content\/uploads\/2024\/06\/MUSEO-DE-LA-CHARRERIA-PINTURA-ACUARELA-JOSE-ALBARRAN-PLIEGO-14-PANCHO-VILLA-400x300.jpg 400w, https:\/\/museodelacharreria.org.mx\/wp-content\/uploads\/2024\/06\/MUSEO-DE-LA-CHARRERIA-PINTURA-ACUARELA-JOSE-ALBARRAN-PLIEGO-14-PANCHO-VILLA-768x576.jpg 768w, https:\/\/museodelacharreria.org.mx\/wp-content\/uploads\/2024\/06\/MUSEO-DE-LA-CHARRERIA-PINTURA-ACUARELA-JOSE-ALBARRAN-PLIEGO-14-PANCHO-VILLA-1536x1152.jpg 1536w, https:\/\/museodelacharreria.org.mx\/wp-content\/uploads\/2024\/06\/MUSEO-DE-LA-CHARRERIA-PINTURA-ACUARELA-JOSE-ALBARRAN-PLIEGO-14-PANCHO-VILLA-16x12.jpg 16w, https:\/\/museodelacharreria.org.mx\/wp-content\/uploads\/2024\/06\/MUSEO-DE-LA-CHARRERIA-PINTURA-ACUARELA-JOSE-ALBARRAN-PLIEGO-14-PANCHO-VILLA-1500x1125.jpg 1500w, https:\/\/museodelacharreria.org.mx\/wp-content\/uploads\/2024\/06\/MUSEO-DE-LA-CHARRERIA-PINTURA-ACUARELA-JOSE-ALBARRAN-PLIEGO-14-PANCHO-VILLA-705x529.jpg 705w, https:\/\/museodelacharreria.org.mx\/wp-content\/uploads\/2024\/06\/MUSEO-DE-LA-CHARRERIA-PINTURA-ACUARELA-JOSE-ALBARRAN-PLIEGO-14-PANCHO-VILLA-600x450.jpg 600w, https:\/\/museodelacharreria.org.mx\/wp-content\/uploads\/2024\/06\/MUSEO-DE-LA-CHARRERIA-PINTURA-ACUARELA-JOSE-ALBARRAN-PLIEGO-14-PANCHO-VILLA-213x160.jpg 213w, https:\/\/museodelacharreria.org.mx\/wp-content\/uploads\/2024\/06\/MUSEO-DE-LA-CHARRERIA-PINTURA-ACUARELA-JOSE-ALBARRAN-PLIEGO-14-PANCHO-VILLA.jpg 1707w\" sizes=\"auto, (max-width: 400px) 100vw, 400px\" \/><p id=\"caption-attachment-2917\" class=\"wp-caption-text\">General Francisco Villa. Suluboya. Jos\u00e9 Albarr\u00e1n Pliego Koleksiyonu, Museo de la Charrer\u00eda CDMX<\/p><\/div>\n<p><strong>K\u00f6keni ve Kullan\u0131m\u0131<\/strong><\/p>\n<p>Mitazalar Meksika'da 19. y\u00fczy\u0131lda, binicilerin engebeli arazide at s\u00fcrerken ve \u00e7e\u015fitli hava ko\u015fullar\u0131yla kar\u015f\u0131la\u015ft\u0131klar\u0131nda bacaklar\u0131 i\u00e7in ek korumaya ihtiya\u00e7 duyduklar\u0131nda kullan\u0131lmaya ba\u015fland\u0131. Uyluktan ayak bile\u011fine kadar uzanan bu kal\u0131n deri par\u00e7alar, binicinin bacaklar\u0131n\u0131 s\u00fcrt\u00fcnme, \u00e7arpma ve sert hava ko\u015fullar\u0131ndan koruyordu.<\/p>\n<p>Eldiven kullan\u0131m\u0131 sadece charrolarla s\u0131n\u0131rl\u0131 kalmam\u0131\u015f, kovboylar ve askerler taraf\u0131ndan da kullan\u0131lm\u0131\u015ft\u0131r. S\u00fcvari binicileri hem bar\u0131\u015f hem de \u00e7at\u0131\u015fma zamanlar\u0131nda eldivenleri vazge\u00e7ilmez bir koruyucu unsur olarak g\u00f6rm\u00fc\u015ft\u00fcr. Eldivenlere \u00e7izme ve mahmuzlar\u0131n eklenmesi sadece aya\u011f\u0131n korunmas\u0131na ve at\u0131n kontrol\u00fcn\u00fcn art\u0131r\u0131lmas\u0131na hizmet etmekle kalm\u0131yor, ayn\u0131 zamanda biniciye bir otorite ve beceri boyutu da kat\u0131yordu.<\/p>\n<\/div><\/section><\/div>\n<section  class='av_textblock_section av-lxw90r1t-0efc616c8076d13548aed9589f8f0695'   itemscope=\"itemscope\" itemtype=\"https:\/\/schema.org\/CreativeWork\" ><div class='avia_textblock'  itemprop=\"text\" ><p><strong>Geli\u015fim ve \u0130lk Uluslararas\u0131 Referans<\/strong><\/p>\n<p>Bir binicilik ekipman\u0131 olarak eldivenler, 'tozluk' veya 'binicilik \u00e7izmeleri' olarak bilindikleri \u0130spanya'da ortaya \u00e7\u0131km\u0131\u015ft\u0131r. Kullan\u0131mlar\u0131na ili\u015fkin ilk belgelenmi\u015f referans, \u0130spanyol askerleri ve \u015f\u00f6valyeleri taraf\u0131ndan kullan\u0131ld\u0131klar\u0131 16. y\u00fczy\u0131la dayanmaktad\u0131r. Meksika'da benimsenmesi ve adaptasyonu ise Fetih ve kolonile\u015fme ile birlikte ger\u00e7ekle\u015fmi\u015f ve Meksikal\u0131 charros ve atl\u0131lar\u0131n ay\u0131rt edici bir unsuru haline gelmi\u015ftir.<\/p>\n<p><strong>Avrupa Ordular\u0131nda Kullan\u0131m<\/strong><\/p>\n<p>Avrupa'da eldivenler \u00e7e\u015fitli ordular taraf\u0131ndan yayg\u0131n olarak kullan\u0131lm\u0131\u015ft\u0131r. \u00d6zellikle \u0130spanyol ordusu ve s\u00fcvari birlikleri eldivenleri standart ekipmanlar\u0131n\u0131n bir par\u00e7as\u0131 olarak kullanm\u0131\u015flard\u0131r. Eldivenler, tam binici botlar\u0131na k\u0131yasla esnek ve daha az sert bir koruma sa\u011fl\u0131yordu. Bu par\u00e7alar esas olarak \u0130spanya'da geli\u015ftirildi, ancak s\u00fcvarilerin sava\u015fta \u00f6nemli bir rol oynad\u0131\u011f\u0131 di\u011fer Avrupa \u00fclkelerinde de g\u00f6r\u00fcld\u00fc.<\/p>\n<p><strong>Binici Tipleri ve Tarihsel Kullan\u0131m<\/strong><\/p>\n<p>Mitazalar \u00f6ncelikle \u00e7ift\u00e7ilikle u\u011fra\u015fan ve Meksika'n\u0131n ulusal binicilik sporu olan charrer\u00eda ile ilgilenen biniciler taraf\u0131ndan giyilirdi. Ancak mitazalar\u0131n kullan\u0131m\u0131 devrimciler gibi \u00f6nde gelen tarihi fig\u00fcrlere kadar uzanm\u0131\u015ft\u0131r. Bunun a\u00e7\u0131k bir \u00f6rne\u011fi, topuz giyen g\u00f6r\u00fcnt\u00fcs\u00fc Meksika Devrimi'nin ikonik bir imgesi haline gelen \u00fcnl\u00fc caudillo Francisco Villa'd\u0131r.<\/p>\n<p><strong>Eldivenlerin Binici \u00c7izmelerine Tercih Edilmesi<\/strong><\/p>\n<p>Tam binici \u00e7izmeleri yerine eldivenler birka\u00e7 nedenden dolay\u0131 se\u00e7ilmi\u015ftir:<\/p>\n<ol>\n<li>Esneklik ve Konfor: Eldivenler alt bacakta daha fazla esneklik sa\u011flayarak uzun s\u00fcr\u00fc\u015f g\u00fcnlerinde s\u00fcr\u00fcc\u00fcn\u00fcn daha rahat etmesini sa\u011flar.<\/li>\n<li>Havaland\u0131rma: \u0130spanya ve daha sonra Meksika'da oldu\u011fu gibi s\u0131cak iklimlerde eldivenler tam \u00e7izmelerden daha iyi havaland\u0131rma sa\u011flayarak \u0131s\u0131 ve terden kaynaklanan cilt sorunlar\u0131 riskini azalt\u0131yordu.<\/li>\n<li>Uyarlanabilirlik: Eldivenler farkl\u0131 ayakkab\u0131 t\u00fcrleriyle birle\u015ftirilebilir ve binicilerin k\u0131yafetlerini arazinin ve taktik durumun \u00f6zel ihtiya\u00e7lar\u0131na g\u00f6re ayarlamalar\u0131na olanak tan\u0131r.<\/li>\n<li>Ekonomi ve Tamir Kolayl\u0131\u011f\u0131: Tam botlara k\u0131yasla \u00fcretimleri daha ucuz ve tamirleri daha kolayd\u0131, bu da uzun s\u00fcren askeri seferler s\u0131ras\u0131nda \u00f6nemli bir fakt\u00f6rd\u00fc.<\/li>\n<\/ol>\n<p><strong>Eldiven Kullan\u0131m\u0131nda D\u00fc\u015f\u00fc\u015f<\/strong><\/p>\n<p>Zaman i\u00e7inde, \u00f6zellikle Meksika Devrimi'nden sonra eldivenler kullan\u0131lmamaya ba\u015fland\u0131. Binicilik k\u0131yafet ve ekipmanlar\u0131n\u0131n modernle\u015fmesinin yan\u0131 s\u0131ra binicilik tekniklerindeki de\u011fi\u015fiklikler ve b\u00f6lgedeki silahl\u0131 \u00e7at\u0131\u015fmalar\u0131n azalmas\u0131, bu giysiye olan ihtiyac\u0131n azalmas\u0131na yol a\u00e7t\u0131. 20. y\u00fczy\u0131l\u0131n ortalar\u0131na gelindi\u011finde mitazalar pratik olmaktan \u00e7ok t\u00f6rensel hale gelmi\u015f, \u00e7o\u011funlukla charreria etkinliklerinde ve geleneksel kost\u00fcmlerin bir par\u00e7as\u0131 olarak kullan\u0131lm\u0131\u015ft\u0131r.<\/p>\n<p><strong>Bibliyografik referanslar<\/strong><\/p>\n<p>Eldivenlerin tarihi ve kullan\u0131m\u0131 hakk\u0131nda daha fazla bilgi i\u00e7in a\u015fa\u011f\u0131daki kaynaklara ba\u015fvurulmal\u0131d\u0131r:<\/p>\n<p>1. Gonz\u00e1lez, Arturo. \"La Charrer\u00eda: Cultura, Tradici\u00f3n e Identidad\" (Charrer\u00eda: K\u00fclt\u00fcr, Gelenek ve Kimlik), Fondo de Cultura Econ\u00f3mica, 1998. Bu kitap, charrer\u00eda ve geleneksel k\u0131yafet de dahil olmak \u00fczere unsurlar\u0131 hakk\u0131nda eksiksiz bir vizyon sunmaktad\u0131r.<\/p>\n<p>2. P\u00e9rez, Jos\u00e9 Luis. \"Revoluci\u00f3n y Ecuestre: La Imagen de Francisco Villa\". Editorial Porr\u00faa, 2005. Devrimci ikonografi ve Meksika Devrimi'nde atl\u0131 k\u0131yafetlerin kullan\u0131m\u0131 \u00fczerine odaklanmaktad\u0131r.<\/p>\n<p>3. Ram\u00edrez, Manuel. \"El Charro y su Mundo: Historia y Evoluci\u00f3n\". Meksika Ulusal \u00d6zerk \u00dcniversitesi, 2002. \u015earro k\u0131yafetlerinin tarih boyunca ge\u00e7irdi\u011fi evrim \u00fczerine detayl\u0131 bir \u00e7al\u0131\u015fma.<\/p>\n<p>4. Castells, Ricardo. \"El Ej\u00e9rcito y su Vestimenta en el Siglo de Oro. Editorial Alianza, 2003. Bu kitap, mitazalar\u0131n kullan\u0131m\u0131 da dahil olmak \u00fczere Alt\u0131n \u00c7a\u011f \u0130spanya's\u0131ndaki askeri k\u0131yafetlerin ayr\u0131nt\u0131l\u0131 bir analizini sunmaktad\u0131r.<\/p>\n<p>5. Smith, Robert. \"Avrupa S\u00fcvarileri: 1500-1800. Oxford University Press, 1995. Avrupa s\u00fcvarilerinin evrimi \u00fczerine, mithailere ve \u00e7e\u015fitli ordulardaki rollerine at\u0131fta bulunan kapsaml\u0131 bir \u00e7al\u0131\u015fma.<\/p>\n<\/div><\/section>\n<div  class='hr av-1diup-329b964ffb3ec42c2ca4040847a5c059 hr-default  avia-builder-el-7  el_after_av_textblock  el_before_av_magazine'><span class='hr-inner'><span class=\"hr-inner-style\"><\/span><\/span><\/div>\n<div  id=\"avia-magazine-1\"  class='av-magazine av-x649-266276a740f46c1ce723556f6456dab2 av-magazine-top-bar-active av-magazine-tabs-active  avia-builder-el-8  el_after_av_hr  avia-builder-el-last   avia-builder-el-8  el_after_av_hr  avia-builder-el-last' ><div class='av-magazine-top-bar'><div class=\"av-magazine-sort\" data-magazine-id=\"1\" ><div class=\"av-sort-by-term\"><a href=\"#\" data-filter=\"sort_all\" class=\"all_sort_button active_sort\"><span class=\"inner_sort_button\"><span>T\u00fcm\u00fc<\/span><\/span><\/a><span class='text-sep escultura_sort_sep'>\/<\/span><a href=\"#\" data-filter=\"sort_14\" class=\"escultura_sort_button\" ><span class=\"inner_sort_button\"><span>HEYKEL<\/span><\/span><\/a><span class='text-sep indumentaria_sort_sep'>\/<\/span><a href=\"#\" data-filter=\"sort_7\" class=\"indumentaria_sort_button\" ><span class=\"inner_sort_button\"><span>G\u0130Y\u0130M<\/span><\/span><\/a><span class='text-sep sillas_sort_sep'>\/<\/span><a href=\"#\" data-filter=\"sort_6\" class=\"sillas_sort_button\" ><span class=\"inner_sort_button\"><span>MONTURAS<\/span><\/span><\/a><span class='text-sep pintura_sort_sep'>\/<\/span><a href=\"#\" data-filter=\"sort_13\" class=\"pintura_sort_button\" ><span class=\"inner_sort_button\"><span>BOYAMA<\/span><\/span><\/a><span class='text-sep reconocimiento_sort_sep'>\/<\/span><a href=\"#\" data-filter=\"sort_45\" class=\"reconocimiento_sort_button\" ><span class=\"inner_sort_button\"><span>TE\u015eEKK\u00dcR<\/span><\/span><\/a><span class='text-sep sombreros_sort_sep'>\/<\/span><a href=\"#\" data-filter=\"sort_40\" class=\"sombreros_sort_button\" ><span class=\"inner_sort_button\"><span>\u015eAPKALAR<\/span><\/span><\/a><span class='text-sep utensilios_sort_sep'>\/<\/span><a href=\"#\" data-filter=\"sort_12\" class=\"utensilios_sort_button\" ><span class=\"inner_sort_button\"><span>UTENSILS<\/span><\/span><\/a><\/div><\/div><\/div><div class='av-magazine-group sort_all'><article class='av-magazine-entry av-magazine-entry-id-3965 av-magazine-format-standard av-magazine-type-portfolio av-magazine-entry-1 av-magazine-entry-small'  itemscope=\"itemscope\" itemtype=\"https:\/\/schema.org\/CreativeWork\" ><div class=\"av-magazine-thumbnail\"><a href='https:\/\/museodelacharreria.org.mx\/tr\/coleccion\/cabezadas-de-plata-de-emiliano-zapata\/' title='\u015euraya linkle:  CABEZADAS DE PLATA DE EMILIANO ZAPATA' class='av-magazine-thumbnail-link'><img decoding=\"async\" fetchpriority=\"high\" width=\"100\" height=\"100\" src=\"https:\/\/museodelacharreria.org.mx\/wp-content\/uploads\/2024\/11\/MUSEO-DE-LA-CHARRERIA-CABEZADA-DE-EMILIANO-ZAPATA--100x100.jpg\" class=\"wp-image-3966 avia-img-lazy-loading-not-3966 attachment-thumbnail size-thumbnail wp-post-image\" alt=\"\" srcset=\"https:\/\/museodelacharreria.org.mx\/wp-content\/uploads\/2024\/11\/MUSEO-DE-LA-CHARRERIA-CABEZADA-DE-EMILIANO-ZAPATA--100x100.jpg 100w, https:\/\/museodelacharreria.org.mx\/wp-content\/uploads\/2024\/11\/MUSEO-DE-LA-CHARRERIA-CABEZADA-DE-EMILIANO-ZAPATA--36x36.jpg 36w, https:\/\/museodelacharreria.org.mx\/wp-content\/uploads\/2024\/11\/MUSEO-DE-LA-CHARRERIA-CABEZADA-DE-EMILIANO-ZAPATA--180x180.jpg 180w\" sizes=\"(max-width: 100px) 100vw, 100px\" \/><\/a><\/div><div class=\"av-magazine-content-wrap\"><header class=\"entry-content-header\" aria-label=\"Post: CABEZADAS DE PLATA DE EMILIANO ZAPATA\"><time class='av-magazine-time updated'  itemprop=\"datePublished\" datetime=\"2024-11-25T20:09:58-06:00\" >2024-11-25<\/time><h3 class='av-magazine-title entry-title'  itemprop=\"headline\" ><a href='https:\/\/museodelacharreria.org.mx\/tr\/coleccion\/cabezadas-de-plata-de-emiliano-zapata\/' title='\u015euraya linkle:  CABEZADAS DE PLATA DE EMILIANO ZAPATA'>EMILIANO ZAPATA'NIN G\u00dcM\u00dc\u015e DIZGINLERI<\/a><\/h3><\/header><\/div><footer class=\"entry-footer\"><\/footer><\/article><article class='av-magazine-entry av-magazine-entry-id-3791 av-magazine-format-standard av-magazine-type-portfolio av-magazine-entry-2 av-magazine-entry-small'  itemscope=\"itemscope\" itemtype=\"https:\/\/schema.org\/CreativeWork\" ><div class=\"av-magazine-thumbnail\"><a href='https:\/\/museodelacharreria.org.mx\/tr\/coleccion\/silla-charra-chomiteada-en-grecas\/' title='\u015euraya linkle:  SILLA CHARRA CHOMITEADA EN GRECAS' class='av-magazine-thumbnail-link'><img decoding=\"async\" fetchpriority=\"high\" width=\"100\" height=\"100\" src=\"https:\/\/museodelacharreria.org.mx\/wp-content\/uploads\/2024\/11\/Museo-de-la-Charreria-Silla-Charra-Con-Chimite-en-Greca-100x100.jpg\" class=\"wp-image-3792 avia-img-lazy-loading-not-3792 attachment-thumbnail size-thumbnail wp-post-image\" alt=\"\" srcset=\"https:\/\/museodelacharreria.org.mx\/wp-content\/uploads\/2024\/11\/Museo-de-la-Charreria-Silla-Charra-Con-Chimite-en-Greca-100x100.jpg 100w, https:\/\/museodelacharreria.org.mx\/wp-content\/uploads\/2024\/11\/Museo-de-la-Charreria-Silla-Charra-Con-Chimite-en-Greca-36x36.jpg 36w, https:\/\/museodelacharreria.org.mx\/wp-content\/uploads\/2024\/11\/Museo-de-la-Charreria-Silla-Charra-Con-Chimite-en-Greca-180x180.jpg 180w\" sizes=\"(max-width: 100px) 100vw, 100px\" \/><\/a><\/div><div class=\"av-magazine-content-wrap\"><header class=\"entry-content-header\" aria-label=\"Post: SILLA CHARRA CHOMITEADA EN GRECAS\"><time class='av-magazine-time updated'  itemprop=\"datePublished\" datetime=\"2024-11-25T15:30:12-06:00\" >2024-11-25<\/time><h3 class='av-magazine-title entry-title'  itemprop=\"headline\" ><a href='https:\/\/museodelacharreria.org.mx\/tr\/coleccion\/silla-charra-chomiteada-en-grecas\/' title='\u015euraya linkle:  SILLA CHARRA CHOMITEADA EN GRECAS'>SADDLE CHARRA CHOMITEADA EN GRECAS<\/a><\/h3><\/header><\/div><footer class=\"entry-footer\"><\/footer><\/article><article class='av-magazine-entry av-magazine-entry-id-3882 av-magazine-format-standard av-magazine-type-portfolio av-magazine-entry-3 av-magazine-entry-small'  itemscope=\"itemscope\" itemtype=\"https:\/\/schema.org\/CreativeWork\" ><div class=\"av-magazine-thumbnail\"><a href='https:\/\/museodelacharreria.org.mx\/tr\/coleccion\/silla-charra-de-media-gala-cincelada\/' title='\u015euraya linkle:  SILLA CHARRA DE MEDIA GALA CINCELADA' class='av-magazine-thumbnail-link'><img decoding=\"async\" fetchpriority=\"high\" width=\"100\" height=\"100\" src=\"https:\/\/museodelacharreria.org.mx\/wp-content\/uploads\/2024\/11\/MUSEO-DE-LA-CHARRERIA-SILLA-CHARRA-4-100x100.jpg\" class=\"wp-image-3889 avia-img-lazy-loading-not-3889 attachment-thumbnail size-thumbnail wp-post-image\" alt=\"\" srcset=\"https:\/\/museodelacharreria.org.mx\/wp-content\/uploads\/2024\/11\/MUSEO-DE-LA-CHARRERIA-SILLA-CHARRA-4-100x100.jpg 100w, https:\/\/museodelacharreria.org.mx\/wp-content\/uploads\/2024\/11\/MUSEO-DE-LA-CHARRERIA-SILLA-CHARRA-4-36x36.jpg 36w, https:\/\/museodelacharreria.org.mx\/wp-content\/uploads\/2024\/11\/MUSEO-DE-LA-CHARRERIA-SILLA-CHARRA-4-180x180.jpg 180w\" sizes=\"(max-width: 100px) 100vw, 100px\" \/><\/a><\/div><div class=\"av-magazine-content-wrap\"><header class=\"entry-content-header\" aria-label=\"Post: SILLA CHARRA DE MEDIA GALA CINCELADA\"><time class='av-magazine-time updated'  itemprop=\"datePublished\" datetime=\"2024-11-25T14:10:00-06:00\" >2024-11-25<\/time><h3 class='av-magazine-title entry-title'  itemprop=\"headline\" ><a href='https:\/\/museodelacharreria.org.mx\/tr\/coleccion\/silla-charra-de-media-gala-cincelada\/' title='\u015euraya linkle:  SILLA CHARRA DE MEDIA GALA CINCELADA'>YONTULMU\u015e YARIM GALA'NIN CHARRO SANDALYESI\u0307<\/a><\/h3><\/header><\/div><footer class=\"entry-footer\"><\/footer><\/article><article class='av-magazine-entry av-magazine-entry-id-3777 av-magazine-format-standard av-magazine-type-portfolio av-magazine-entry-4 av-magazine-entry-small'  itemscope=\"itemscope\" itemtype=\"https:\/\/schema.org\/CreativeWork\" ><div class=\"av-magazine-thumbnail\"><a href='https:\/\/museodelacharreria.org.mx\/tr\/coleccion\/silla-charra-piteada\/' title='\u015euraya linkle:  SILLA CHARRA PITEADA' class='av-magazine-thumbnail-link'><img decoding=\"async\" fetchpriority=\"high\" width=\"100\" height=\"100\" src=\"https:\/\/museodelacharreria.org.mx\/wp-content\/uploads\/2024\/11\/Museo-de-la-Charreria-Silla-Charra-de-Gala-100x100.jpg\" class=\"wp-image-3775 avia-img-lazy-loading-not-3775 attachment-thumbnail size-thumbnail wp-post-image\" alt=\"\" srcset=\"https:\/\/museodelacharreria.org.mx\/wp-content\/uploads\/2024\/11\/Museo-de-la-Charreria-Silla-Charra-de-Gala-100x100.jpg 100w, https:\/\/museodelacharreria.org.mx\/wp-content\/uploads\/2024\/11\/Museo-de-la-Charreria-Silla-Charra-de-Gala-36x36.jpg 36w, https:\/\/museodelacharreria.org.mx\/wp-content\/uploads\/2024\/11\/Museo-de-la-Charreria-Silla-Charra-de-Gala-180x180.jpg 180w\" sizes=\"(max-width: 100px) 100vw, 100px\" \/><\/a><\/div><div class=\"av-magazine-content-wrap\"><header class=\"entry-content-header\" aria-label=\"Post: SILLA CHARRA PITEADA\"><time class='av-magazine-time updated'  itemprop=\"datePublished\" datetime=\"2024-11-25T14:00:29-06:00\" >2024-11-25<\/time><h3 class='av-magazine-title entry-title'  itemprop=\"headline\" ><a href='https:\/\/museodelacharreria.org.mx\/tr\/coleccion\/silla-charra-piteada\/' title='\u015euraya linkle:  SILLA CHARRA PITEADA'>SADDLE CHARRA PITEADA<\/a><\/h3><\/header><\/div><footer class=\"entry-footer\"><\/footer><\/article><article class='av-magazine-entry av-magazine-entry-id-3750 av-magazine-format-standard av-magazine-type-portfolio av-magazine-entry-5 av-magazine-entry-small'  itemscope=\"itemscope\" itemtype=\"https:\/\/schema.org\/CreativeWork\" ><div class=\"av-magazine-thumbnail\"><a href='https:\/\/museodelacharreria.org.mx\/tr\/coleccion\/silla-charra-con-motivos-taurinos\/' title='\u015euraya linkle:  SILLA CHARRA CON MOTIVOS TAURINOS' class='av-magazine-thumbnail-link'><img decoding=\"async\" fetchpriority=\"high\" width=\"100\" height=\"100\" src=\"https:\/\/museodelacharreria.org.mx\/wp-content\/uploads\/2024\/11\/MUSEO-DE-LA-CHARRERIA-SILLA-CHARRA-CON-MOTIVOS-TAURINOS-3-100x100.jpg\" class=\"wp-image-3753 avia-img-lazy-loading-not-3753 attachment-thumbnail size-thumbnail wp-post-image\" alt=\"\" srcset=\"https:\/\/museodelacharreria.org.mx\/wp-content\/uploads\/2024\/11\/MUSEO-DE-LA-CHARRERIA-SILLA-CHARRA-CON-MOTIVOS-TAURINOS-3-100x100.jpg 100w, https:\/\/museodelacharreria.org.mx\/wp-content\/uploads\/2024\/11\/MUSEO-DE-LA-CHARRERIA-SILLA-CHARRA-CON-MOTIVOS-TAURINOS-3-36x36.jpg 36w, https:\/\/museodelacharreria.org.mx\/wp-content\/uploads\/2024\/11\/MUSEO-DE-LA-CHARRERIA-SILLA-CHARRA-CON-MOTIVOS-TAURINOS-3-180x180.jpg 180w\" sizes=\"(max-width: 100px) 100vw, 100px\" \/><\/a><\/div><div class=\"av-magazine-content-wrap\"><header class=\"entry-content-header\" aria-label=\"Post: SILLA CHARRA CON MOTIVOS TAURINOS\"><time class='av-magazine-time updated'  itemprop=\"datePublished\" datetime=\"2024-11-25T11:02:41-06:00\" >2024-11-25<\/time><h3 class='av-magazine-title entry-title'  itemprop=\"headline\" ><a href='https:\/\/museodelacharreria.org.mx\/tr\/coleccion\/silla-charra-con-motivos-taurinos\/' title='\u015euraya linkle:  SILLA CHARRA CON MOTIVOS TAURINOS'>BO\u011eA G\u00dcRE\u015eI MOTIFLI CHARRO SANDALYE<\/a><\/h3><\/header><\/div><footer class=\"entry-footer\"><\/footer><\/article><article class='av-magazine-entry av-magazine-entry-id-3827 av-magazine-format-standard av-magazine-type-portfolio av-magazine-entry-6 av-magazine-entry-small'  itemscope=\"itemscope\" itemtype=\"https:\/\/schema.org\/CreativeWork\" ><div class=\"av-magazine-thumbnail\"><a href='https:\/\/museodelacharreria.org.mx\/tr\/coleccion\/cuera-michoacana-2\/' title='\u015euraya linkle:  CUERA MICHOACANA' class='av-magazine-thumbnail-link'><img decoding=\"async\" fetchpriority=\"high\" width=\"100\" height=\"100\" src=\"https:\/\/museodelacharreria.org.mx\/wp-content\/uploads\/2024\/11\/Museo-de-la-Charreria-Cuera-Michoacana-con-Panoleta-Roja-2-100x100.jpg\" class=\"wp-image-3828 avia-img-lazy-loading-not-3828 attachment-thumbnail size-thumbnail wp-post-image\" alt=\"\" srcset=\"https:\/\/museodelacharreria.org.mx\/wp-content\/uploads\/2024\/11\/Museo-de-la-Charreria-Cuera-Michoacana-con-Panoleta-Roja-2-100x100.jpg 100w, https:\/\/museodelacharreria.org.mx\/wp-content\/uploads\/2024\/11\/Museo-de-la-Charreria-Cuera-Michoacana-con-Panoleta-Roja-2-36x36.jpg 36w, https:\/\/museodelacharreria.org.mx\/wp-content\/uploads\/2024\/11\/Museo-de-la-Charreria-Cuera-Michoacana-con-Panoleta-Roja-2-180x180.jpg 180w\" sizes=\"(max-width: 100px) 100vw, 100px\" \/><\/a><\/div><div class=\"av-magazine-content-wrap\"><header class=\"entry-content-header\" aria-label=\"Post: CUERA MICHOACANA\"><time class='av-magazine-time updated'  itemprop=\"datePublished\" datetime=\"2024-11-24T14:07:13-06:00\" >2024-11-24<\/time><h3 class='av-magazine-title entry-title'  itemprop=\"headline\" ><a href='https:\/\/museodelacharreria.org.mx\/tr\/coleccion\/cuera-michoacana-2\/' title='\u015euraya linkle:  CUERA MICHOACANA'>CUERA MICHOACANA<\/a><\/h3><\/header><\/div><footer class=\"entry-footer\"><\/footer><\/article><article class='av-magazine-entry av-magazine-entry-id-3806 av-magazine-format-standard av-magazine-type-portfolio av-magazine-entry-7 av-magazine-entry-small'  itemscope=\"itemscope\" itemtype=\"https:\/\/schema.org\/CreativeWork\" ><div class=\"av-magazine-thumbnail\"><a href='https:\/\/museodelacharreria.org.mx\/tr\/coleccion\/silla-charra-piteada-cincelada-y-encorrillada\/' title='\u015euraya linkle:  SILLA CHARRA PITEADA, CINCELADA Y ENCORRILLADA' class='av-magazine-thumbnail-link'><img decoding=\"async\" fetchpriority=\"high\" width=\"100\" height=\"100\" src=\"https:\/\/museodelacharreria.org.mx\/wp-content\/uploads\/2024\/11\/MUSEO-DE-LA-CHARRERIA-SILLA-CHARRA-PITEADA-CINCELADA-Y-ENCORRILLADA--100x100.jpg\" class=\"wp-image-3799 avia-img-lazy-loading-not-3799 attachment-thumbnail size-thumbnail wp-post-image\" alt=\"\" srcset=\"https:\/\/museodelacharreria.org.mx\/wp-content\/uploads\/2024\/11\/MUSEO-DE-LA-CHARRERIA-SILLA-CHARRA-PITEADA-CINCELADA-Y-ENCORRILLADA--100x100.jpg 100w, https:\/\/museodelacharreria.org.mx\/wp-content\/uploads\/2024\/11\/MUSEO-DE-LA-CHARRERIA-SILLA-CHARRA-PITEADA-CINCELADA-Y-ENCORRILLADA--36x36.jpg 36w, https:\/\/museodelacharreria.org.mx\/wp-content\/uploads\/2024\/11\/MUSEO-DE-LA-CHARRERIA-SILLA-CHARRA-PITEADA-CINCELADA-Y-ENCORRILLADA--180x180.jpg 180w\" sizes=\"(max-width: 100px) 100vw, 100px\" \/><\/a><\/div><div class=\"av-magazine-content-wrap\"><header class=\"entry-content-header\" aria-label=\"Post: SILLA CHARRA PITEADA, CINCELADA Y ENCORRILLADA\"><time class='av-magazine-time updated'  itemprop=\"datePublished\" datetime=\"2024-11-23T13:35:49-06:00\" >2024-11-23<\/time><h3 class='av-magazine-title entry-title'  itemprop=\"headline\" ><a href='https:\/\/museodelacharreria.org.mx\/tr\/coleccion\/silla-charra-piteada-cincelada-y-encorrillada\/' title='\u015euraya linkle:  SILLA CHARRA PITEADA, CINCELADA Y ENCORRILLADA'>EYER CHARRA PITEADA, YONTULMU\u015e VE ENCORRILLADA<\/a><\/h3><\/header><\/div><footer class=\"entry-footer\"><\/footer><\/article><\/div><div class='av-magazine-group av-hidden-mag sort_14'><article class='av-magazine-entry av-magazine-entry-id-3351 av-magazine-format-standard av-magazine-type-portfolio av-magazine-entry-1 av-magazine-entry-small'  itemscope=\"itemscope\" itemtype=\"https:\/\/schema.org\/CreativeWork\" ><div class=\"av-magazine-thumbnail\"><a href='https:\/\/museodelacharreria.org.mx\/tr\/coleccion\/trofeo-lxvii-campeonato-nacional-puebla-2011\/' title='\u015euraya linkle:  TROFEO LXVII CAMPEONATO NACIONAL PUEBLA 2011' class='av-magazine-thumbnail-link'><img decoding=\"async\" fetchpriority=\"high\" width=\"100\" height=\"100\" src=\"https:\/\/museodelacharreria.org.mx\/wp-content\/uploads\/2024\/06\/MUSEO-DE-LA-CHARRERIA-ESCULTURA-TROFEO-LXVII-CAMPEONATO-NACIONAL-PUEBLA-2011-100x100.jpg\" class=\"wp-image-3352 avia-img-lazy-loading-not-3352 attachment-thumbnail size-thumbnail wp-post-image\" alt=\"\" srcset=\"https:\/\/museodelacharreria.org.mx\/wp-content\/uploads\/2024\/06\/MUSEO-DE-LA-CHARRERIA-ESCULTURA-TROFEO-LXVII-CAMPEONATO-NACIONAL-PUEBLA-2011-100x100.jpg 100w, https:\/\/museodelacharreria.org.mx\/wp-content\/uploads\/2024\/06\/MUSEO-DE-LA-CHARRERIA-ESCULTURA-TROFEO-LXVII-CAMPEONATO-NACIONAL-PUEBLA-2011-36x36.jpg 36w, https:\/\/museodelacharreria.org.mx\/wp-content\/uploads\/2024\/06\/MUSEO-DE-LA-CHARRERIA-ESCULTURA-TROFEO-LXVII-CAMPEONATO-NACIONAL-PUEBLA-2011-180x180.jpg 180w\" sizes=\"(max-width: 100px) 100vw, 100px\" \/><\/a><\/div><div class=\"av-magazine-content-wrap\"><header class=\"entry-content-header\" aria-label=\"Post: TROFEO LXVII CAMPEONATO NACIONAL PUEBLA 2011\"><time class='av-magazine-time updated'  itemprop=\"datePublished\" datetime=\"2024-06-27T19:02:07-06:00\" >2024-06-27<\/time><h3 class='av-magazine-title entry-title'  itemprop=\"headline\" ><a href='https:\/\/museodelacharreria.org.mx\/tr\/coleccion\/trofeo-lxvii-campeonato-nacional-puebla-2011\/' title='\u015euraya linkle:  TROFEO LXVII CAMPEONATO NACIONAL PUEBLA 2011'>TROPHY LXVII ULUSAL \u015eAMPI\u0307YONASI PUEBLA 2011<\/a><\/h3><\/header><\/div><footer class=\"entry-footer\"><\/footer><\/article><article class='av-magazine-entry av-magazine-entry-id-3344 av-magazine-format-standard av-magazine-type-portfolio av-magazine-entry-2 av-magazine-entry-small'  itemscope=\"itemscope\" itemtype=\"https:\/\/schema.org\/CreativeWork\" ><div class=\"av-magazine-thumbnail\"><a href='https:\/\/museodelacharreria.org.mx\/tr\/coleccion\/trofeo-lxvi-campeonato-nacional-pachuca-2010\/' title='\u015euraya linkle:  TROFEO LXVI CAMPEONATO NACIONAL PACHUCA 2010' class='av-magazine-thumbnail-link'><img decoding=\"async\" fetchpriority=\"high\" width=\"100\" height=\"100\" src=\"https:\/\/museodelacharreria.org.mx\/wp-content\/uploads\/2024\/06\/MUSEO-DE-LA-CHARRERIA-ESCULTURA-TROFEO-LXVI-CAMPEONATO-NACIONAL-PACHUCA-PORTADA-1491-100x100.jpg\" class=\"wp-image-3345 avia-img-lazy-loading-not-3345 attachment-thumbnail size-thumbnail wp-post-image\" alt=\"\" srcset=\"https:\/\/museodelacharreria.org.mx\/wp-content\/uploads\/2024\/06\/MUSEO-DE-LA-CHARRERIA-ESCULTURA-TROFEO-LXVI-CAMPEONATO-NACIONAL-PACHUCA-PORTADA-1491-100x100.jpg 100w, https:\/\/museodelacharreria.org.mx\/wp-content\/uploads\/2024\/06\/MUSEO-DE-LA-CHARRERIA-ESCULTURA-TROFEO-LXVI-CAMPEONATO-NACIONAL-PACHUCA-PORTADA-1491-36x36.jpg 36w, https:\/\/museodelacharreria.org.mx\/wp-content\/uploads\/2024\/06\/MUSEO-DE-LA-CHARRERIA-ESCULTURA-TROFEO-LXVI-CAMPEONATO-NACIONAL-PACHUCA-PORTADA-1491-180x180.jpg 180w\" sizes=\"(max-width: 100px) 100vw, 100px\" \/><\/a><\/div><div class=\"av-magazine-content-wrap\"><header class=\"entry-content-header\" aria-label=\"Post: TROFEO LXVI CAMPEONATO NACIONAL PACHUCA 2010\"><time class='av-magazine-time updated'  itemprop=\"datePublished\" datetime=\"2024-06-27T18:34:51-06:00\" >2024-06-27<\/time><h3 class='av-magazine-title entry-title'  itemprop=\"headline\" ><a href='https:\/\/museodelacharreria.org.mx\/tr\/coleccion\/trofeo-lxvi-campeonato-nacional-pachuca-2010\/' title='\u015euraya linkle:  TROFEO LXVI CAMPEONATO NACIONAL PACHUCA 2010'>TROPHY LXVI ULUSAL \u015eAMPI\u0307YONASI PACHUCA 2010<\/a><\/h3><\/header><\/div><footer class=\"entry-footer\"><\/footer><\/article><article class='av-magazine-entry av-magazine-entry-id-3334 av-magazine-format-standard av-magazine-type-portfolio av-magazine-entry-3 av-magazine-entry-small'  itemscope=\"itemscope\" itemtype=\"https:\/\/schema.org\/CreativeWork\" ><div class=\"av-magazine-thumbnail\"><a href='https:\/\/museodelacharreria.org.mx\/tr\/coleccion\/trofeo-del-lxxxv-aniversario-de-la-federacion\/' title='\u015euraya linkle:  TROFEO DEL LXXXV ANIVERSARIO DE LA FEDERACI\u00d3N' class='av-magazine-thumbnail-link'><img decoding=\"async\" fetchpriority=\"high\" width=\"100\" height=\"100\" src=\"https:\/\/museodelacharreria.org.mx\/wp-content\/uploads\/2024\/06\/MUSEO-DE-LA-CHARRERIA-ESCULTURA-TROFEO-LXXXV-ANIVERSARIO-DE-LA-FEDERACION-2-100x100.jpg\" class=\"wp-image-3336 avia-img-lazy-loading-not-3336 attachment-thumbnail size-thumbnail wp-post-image\" alt=\"\" srcset=\"https:\/\/museodelacharreria.org.mx\/wp-content\/uploads\/2024\/06\/MUSEO-DE-LA-CHARRERIA-ESCULTURA-TROFEO-LXXXV-ANIVERSARIO-DE-LA-FEDERACION-2-100x100.jpg 100w, https:\/\/museodelacharreria.org.mx\/wp-content\/uploads\/2024\/06\/MUSEO-DE-LA-CHARRERIA-ESCULTURA-TROFEO-LXXXV-ANIVERSARIO-DE-LA-FEDERACION-2-36x36.jpg 36w, https:\/\/museodelacharreria.org.mx\/wp-content\/uploads\/2024\/06\/MUSEO-DE-LA-CHARRERIA-ESCULTURA-TROFEO-LXXXV-ANIVERSARIO-DE-LA-FEDERACION-2-180x180.jpg 180w\" sizes=\"(max-width: 100px) 100vw, 100px\" \/><\/a><\/div><div class=\"av-magazine-content-wrap\"><header class=\"entry-content-header\" aria-label=\"Post: TROFEO DEL LXXXV ANIVERSARIO DE LA FEDERACI\u00d3N\"><time class='av-magazine-time updated'  itemprop=\"datePublished\" datetime=\"2024-06-27T18:22:40-06:00\" >2024-06-27<\/time><h3 class='av-magazine-title entry-title'  itemprop=\"headline\" ><a href='https:\/\/museodelacharreria.org.mx\/tr\/coleccion\/trofeo-del-lxxxv-aniversario-de-la-federacion\/' title='\u015euraya linkle:  TROFEO DEL LXXXV ANIVERSARIO DE LA FEDERACI\u00d3N'>FEDERASYONUN LXXXV YILD\u00d6N\u00dcM\u00dc KUPASI<\/a><\/h3><\/header><\/div><footer class=\"entry-footer\"><\/footer><\/article><article class='av-magazine-entry av-magazine-entry-id-3928 av-magazine-format-standard av-magazine-type-portfolio av-magazine-entry-4 av-magazine-entry-small'  itemscope=\"itemscope\" itemtype=\"https:\/\/schema.org\/CreativeWork\" ><div class=\"av-magazine-thumbnail\"><a href='https:\/\/museodelacharreria.org.mx\/tr\/coleccion\/trofeo-jineteo-de-toro\/' title='\u015euraya linkle:  TROFEO JINETEO DE TORO' class='av-magazine-thumbnail-link'><img decoding=\"async\" fetchpriority=\"high\" width=\"100\" height=\"100\" src=\"https:\/\/museodelacharreria.org.mx\/wp-content\/uploads\/2024\/11\/MUSEO-DE-LA-CHARRERIA-TROFEO-JINETEO-DE-TORO-2-100x100.jpg\" class=\"wp-image-3929 avia-img-lazy-loading-not-3929 attachment-thumbnail size-thumbnail wp-post-image\" alt=\"\" srcset=\"https:\/\/museodelacharreria.org.mx\/wp-content\/uploads\/2024\/11\/MUSEO-DE-LA-CHARRERIA-TROFEO-JINETEO-DE-TORO-2-100x100.jpg 100w, https:\/\/museodelacharreria.org.mx\/wp-content\/uploads\/2024\/11\/MUSEO-DE-LA-CHARRERIA-TROFEO-JINETEO-DE-TORO-2-36x36.jpg 36w, https:\/\/museodelacharreria.org.mx\/wp-content\/uploads\/2024\/11\/MUSEO-DE-LA-CHARRERIA-TROFEO-JINETEO-DE-TORO-2-180x180.jpg 180w\" sizes=\"(max-width: 100px) 100vw, 100px\" \/><\/a><\/div><div class=\"av-magazine-content-wrap\"><header class=\"entry-content-header\" aria-label=\"Post: TROFEO JINETEO DE TORO\"><time class='av-magazine-time updated'  itemprop=\"datePublished\" datetime=\"2024-06-25T18:18:40-06:00\" >2024-06-25<\/time><h3 class='av-magazine-title entry-title'  itemprop=\"headline\" ><a href='https:\/\/museodelacharreria.org.mx\/tr\/coleccion\/trofeo-jineteo-de-toro\/' title='\u015euraya linkle:  TROFEO JINETEO DE TORO'>BO\u011eA BI\u0307NI\u0307CI\u0307LI\u0307\u011eI\u0307 KUPASI<\/a><\/h3><\/header><\/div><footer class=\"entry-footer\"><\/footer><\/article><article class='av-magazine-entry av-magazine-entry-id-544 av-magazine-format-standard av-magazine-type-portfolio av-magazine-entry-5 av-magazine-entry-small'  itemscope=\"itemscope\" itemtype=\"https:\/\/schema.org\/CreativeWork\" ><div class=\"av-magazine-thumbnail\"><a href='https:\/\/museodelacharreria.org.mx\/tr\/coleccion\/escultura-trofeo-guadalupano\/' title='\u015euraya linkle: GUADALUPANO TROPHY' class='av-magazine-thumbnail-link'><img decoding=\"async\" fetchpriority=\"high\" width=\"80\" height=\"80\" src=\"https:\/\/museodelacharreria.org.mx\/wp-content\/uploads\/2023\/09\/Museo-de-la-Charreria-CDMX-Escultura-Trofeo-Guadalupano-0037-80x80.jpg\" class=\"wp-image-532 avia-img-lazy-loading-not-532 attachment-thumbnail size-thumbnail wp-post-image\" alt=\"Guadalupano Kupas\u0131\" srcset=\"https:\/\/museodelacharreria.org.mx\/wp-content\/uploads\/2023\/09\/Museo-de-la-Charreria-CDMX-Escultura-Trofeo-Guadalupano-0037-80x80.jpg 80w, https:\/\/museodelacharreria.org.mx\/wp-content\/uploads\/2023\/09\/Museo-de-la-Charreria-CDMX-Escultura-Trofeo-Guadalupano-0037-36x36.jpg 36w, https:\/\/museodelacharreria.org.mx\/wp-content\/uploads\/2023\/09\/Museo-de-la-Charreria-CDMX-Escultura-Trofeo-Guadalupano-0037-180x180.jpg 180w\" sizes=\"(max-width: 80px) 100vw, 80px\" \/><\/a><\/div><div class=\"av-magazine-content-wrap\"><header class=\"entry-content-header\" aria-label=\"Post: TROFEO GUADALUPANO\"><time class='av-magazine-time updated'  itemprop=\"datePublished\" datetime=\"2023-12-27T00:11:29-06:00\" >2023-12-27<\/time><h3 class='av-magazine-title entry-title'  itemprop=\"headline\" ><a href='https:\/\/museodelacharreria.org.mx\/tr\/coleccion\/escultura-trofeo-guadalupano\/' title='\u015euraya linkle: GUADALUPANO TROPHY'>GUADALUPANO KUPASI<\/a><\/h3><\/header><\/div><footer class=\"entry-footer\"><\/footer><\/article><article class='av-magazine-entry av-magazine-entry-id-1493 av-magazine-format-standard av-magazine-type-portfolio av-magazine-entry-6 av-magazine-entry-small'  itemscope=\"itemscope\" itemtype=\"https:\/\/schema.org\/CreativeWork\" ><div class=\"av-magazine-thumbnail\"><a href='https:\/\/museodelacharreria.org.mx\/tr\/coleccion\/escultura-de-bronce-el-charro\/' title='\u015euraya linkle: BRONZ HEYKEL &quot;\u00c7ARROYA ONUR&quot;.' class='av-magazine-thumbnail-link'><img decoding=\"async\" fetchpriority=\"high\" width=\"100\" height=\"100\" src=\"https:\/\/museodelacharreria.org.mx\/wp-content\/uploads\/2023\/09\/Escultura-del-Charro-100x100.jpg\" class=\"wp-image-1495 avia-img-lazy-loading-not-1495 attachment-thumbnail size-thumbnail wp-post-image\" alt=\"\" srcset=\"https:\/\/museodelacharreria.org.mx\/wp-content\/uploads\/2023\/09\/Escultura-del-Charro-100x100.jpg 100w, https:\/\/museodelacharreria.org.mx\/wp-content\/uploads\/2023\/09\/Escultura-del-Charro-36x36.jpg 36w, https:\/\/museodelacharreria.org.mx\/wp-content\/uploads\/2023\/09\/Escultura-del-Charro-180x180.jpg 180w\" sizes=\"(max-width: 100px) 100vw, 100px\" \/><\/a><\/div><div class=\"av-magazine-content-wrap\"><header class=\"entry-content-header\" aria-label=\"Post: ESCULTURA DE BRONCE &quot;HONOR AL CHARRO&quot;\"><time class='av-magazine-time updated'  itemprop=\"datePublished\" datetime=\"2023-09-29T13:05:21-06:00\" >2023-09-29<\/time><h3 class='av-magazine-title entry-title'  itemprop=\"headline\" ><a href='https:\/\/museodelacharreria.org.mx\/tr\/coleccion\/escultura-de-bronce-el-charro\/' title='\u015euraya linkle: BRONZ HEYKEL &quot;\u00c7ARROYA ONUR&quot;.'>BRONZ HEYKEL \"CHARRO'NUN ONURU\".<\/a><\/h3><\/header><\/div><footer class=\"entry-footer\"><\/footer><\/article><\/div><div class='av-magazine-group av-hidden-mag sort_7'><article class='av-magazine-entry av-magazine-entry-id-3827 av-magazine-format-standard av-magazine-type-portfolio av-magazine-entry-1 av-magazine-entry-small'  itemscope=\"itemscope\" itemtype=\"https:\/\/schema.org\/CreativeWork\" ><div class=\"av-magazine-thumbnail\"><a href='https:\/\/museodelacharreria.org.mx\/tr\/coleccion\/cuera-michoacana-2\/' title='\u015euraya linkle:  CUERA MICHOACANA' class='av-magazine-thumbnail-link'><img decoding=\"async\" fetchpriority=\"high\" width=\"100\" height=\"100\" src=\"https:\/\/museodelacharreria.org.mx\/wp-content\/uploads\/2024\/11\/Museo-de-la-Charreria-Cuera-Michoacana-con-Panoleta-Roja-2-100x100.jpg\" class=\"wp-image-3828 avia-img-lazy-loading-not-3828 attachment-thumbnail size-thumbnail wp-post-image\" alt=\"\" srcset=\"https:\/\/museodelacharreria.org.mx\/wp-content\/uploads\/2024\/11\/Museo-de-la-Charreria-Cuera-Michoacana-con-Panoleta-Roja-2-100x100.jpg 100w, https:\/\/museodelacharreria.org.mx\/wp-content\/uploads\/2024\/11\/Museo-de-la-Charreria-Cuera-Michoacana-con-Panoleta-Roja-2-36x36.jpg 36w, https:\/\/museodelacharreria.org.mx\/wp-content\/uploads\/2024\/11\/Museo-de-la-Charreria-Cuera-Michoacana-con-Panoleta-Roja-2-180x180.jpg 180w\" sizes=\"(max-width: 100px) 100vw, 100px\" \/><\/a><\/div><div class=\"av-magazine-content-wrap\"><header class=\"entry-content-header\" aria-label=\"Post: CUERA MICHOACANA\"><time class='av-magazine-time updated'  itemprop=\"datePublished\" datetime=\"2024-11-24T14:07:13-06:00\" >2024-11-24<\/time><h3 class='av-magazine-title entry-title'  itemprop=\"headline\" ><a href='https:\/\/museodelacharreria.org.mx\/tr\/coleccion\/cuera-michoacana-2\/' title='\u015euraya linkle:  CUERA MICHOACANA'>CUERA MICHOACANA<\/a><\/h3><\/header><\/div><footer class=\"entry-footer\"><\/footer><\/article><article class='av-magazine-entry av-magazine-entry-id-3784 av-magazine-format-standard av-magazine-type-portfolio av-magazine-entry-2 av-magazine-entry-small'  itemscope=\"itemscope\" itemtype=\"https:\/\/schema.org\/CreativeWork\" ><div class=\"av-magazine-thumbnail\"><a href='https:\/\/museodelacharreria.org.mx\/tr\/coleccion\/traje-de-dama-charra-de-media-gala-bordada-con-soutache\/' title='\u015euraya linkle:  TRAJE DE DAMA CHARRA DE MEDIA GALA BORDADA CON SOUTACHE' class='av-magazine-thumbnail-link'><img decoding=\"async\" fetchpriority=\"high\" width=\"100\" height=\"100\" src=\"https:\/\/museodelacharreria.org.mx\/wp-content\/uploads\/2024\/11\/Museo-de-la-Charreria-Traje-de-Dama-Charra-de-Media-Gala-Color-Vino-Bordada-en-Soutache-100x100.jpg\" class=\"wp-image-3785 avia-img-lazy-loading-not-3785 attachment-thumbnail size-thumbnail wp-post-image\" alt=\"YARIM GALA CHARRO BAYAN ELBI\u0307SESI\u0307\" srcset=\"https:\/\/museodelacharreria.org.mx\/wp-content\/uploads\/2024\/11\/Museo-de-la-Charreria-Traje-de-Dama-Charra-de-Media-Gala-Color-Vino-Bordada-en-Soutache-100x100.jpg 100w, https:\/\/museodelacharreria.org.mx\/wp-content\/uploads\/2024\/11\/Museo-de-la-Charreria-Traje-de-Dama-Charra-de-Media-Gala-Color-Vino-Bordada-en-Soutache-36x36.jpg 36w, https:\/\/museodelacharreria.org.mx\/wp-content\/uploads\/2024\/11\/Museo-de-la-Charreria-Traje-de-Dama-Charra-de-Media-Gala-Color-Vino-Bordada-en-Soutache-180x180.jpg 180w\" sizes=\"(max-width: 100px) 100vw, 100px\" \/><\/a><\/div><div class=\"av-magazine-content-wrap\"><header class=\"entry-content-header\" aria-label=\"Post: TRAJE DE DAMA CHARRA DE MEDIA GALA BORDADA CON SOUTACHE\"><time class='av-magazine-time updated'  itemprop=\"datePublished\" datetime=\"2024-11-22T15:11:49-06:00\" >2024-11-22<\/time><h3 class='av-magazine-title entry-title'  itemprop=\"headline\" ><a href='https:\/\/museodelacharreria.org.mx\/tr\/coleccion\/traje-de-dama-charra-de-media-gala-bordada-con-soutache\/' title='\u015euraya linkle:  TRAJE DE DAMA CHARRA DE MEDIA GALA BORDADA CON SOUTACHE'>SUTA\u015eI I\u0307LE I\u0307\u015eLENMI\u0307\u015e YARIM GALA \u015eARRA BAYAN ELBI\u0307SESI\u0307<\/a><\/h3><\/header><\/div><footer class=\"entry-footer\"><\/footer><\/article><article class='av-magazine-entry av-magazine-entry-id-3612 av-magazine-format-standard av-magazine-type-portfolio av-magazine-entry-3 av-magazine-entry-small'  itemscope=\"itemscope\" itemtype=\"https:\/\/schema.org\/CreativeWork\" ><div class=\"av-magazine-thumbnail\"><a href='https:\/\/museodelacharreria.org.mx\/tr\/coleccion\/vestido-de-china-poblana-en-rojo-con-rebozo-amarillo\/' title='\u015euraya linkle:  VESTIDO DE CHINA POBLANA EN ROJO CON REBOZO AMARILLO' class='av-magazine-thumbnail-link'><img decoding=\"async\" fetchpriority=\"high\" width=\"100\" height=\"100\" src=\"https:\/\/museodelacharreria.org.mx\/wp-content\/uploads\/2024\/11\/Museo-de-la-Charreria-Vestido-de-China-Poblana-con-Rebozo-Amarillo-100x100.jpg\" class=\"wp-image-3718 avia-img-lazy-loading-not-3718 attachment-thumbnail size-thumbnail wp-post-image\" alt=\"\" srcset=\"https:\/\/museodelacharreria.org.mx\/wp-content\/uploads\/2024\/11\/Museo-de-la-Charreria-Vestido-de-China-Poblana-con-Rebozo-Amarillo-100x100.jpg 100w, https:\/\/museodelacharreria.org.mx\/wp-content\/uploads\/2024\/11\/Museo-de-la-Charreria-Vestido-de-China-Poblana-con-Rebozo-Amarillo-36x36.jpg 36w, https:\/\/museodelacharreria.org.mx\/wp-content\/uploads\/2024\/11\/Museo-de-la-Charreria-Vestido-de-China-Poblana-con-Rebozo-Amarillo-180x180.jpg 180w\" sizes=\"(max-width: 100px) 100vw, 100px\" \/><\/a><\/div><div class=\"av-magazine-content-wrap\"><header class=\"entry-content-header\" aria-label=\"Post: VESTIDO DE CHINA POBLANA EN ROJO CON REBOZO AMARILLO\"><time class='av-magazine-time updated'  itemprop=\"datePublished\" datetime=\"2024-11-20T13:18:55-06:00\" >2024-11-20<\/time><h3 class='av-magazine-title entry-title'  itemprop=\"headline\" ><a href='https:\/\/museodelacharreria.org.mx\/tr\/coleccion\/vestido-de-china-poblana-en-rojo-con-rebozo-amarillo\/' title='\u015euraya linkle:  VESTIDO DE CHINA POBLANA EN ROJO CON REBOZO AMARILLO'>SARI \u015eALLI KIRMIZI \u00c7I\u0307N POBLANA ELBI\u0307SESI\u0307<\/a><\/h3><\/header><\/div><footer class=\"entry-footer\"><\/footer><\/article><article class='av-magazine-entry av-magazine-entry-id-3605 av-magazine-format-standard av-magazine-type-portfolio av-magazine-entry-4 av-magazine-entry-small'  itemscope=\"itemscope\" itemtype=\"https:\/\/schema.org\/CreativeWork\" ><div class=\"av-magazine-thumbnail\"><a href='https:\/\/museodelacharreria.org.mx\/tr\/coleccion\/traje-de-charro-en-gamuza-de-venado-color-oro-viejo\/' title='\u015euraya linkle:  TRAJE DE CHARRO EN GAMUZA DE VENADO COLOR ORO VIEJO' class='av-magazine-thumbnail-link'><img decoding=\"async\" fetchpriority=\"high\" width=\"100\" height=\"100\" src=\"https:\/\/museodelacharreria.org.mx\/wp-content\/uploads\/2024\/11\/Museo-de-la-Charreria-Traje-de-Charro-en-Gamuza-Color-Oro-Viejo-100x100.jpg\" class=\"wp-image-3721 avia-img-lazy-loading-not-3721 attachment-thumbnail size-thumbnail wp-post-image\" alt=\"\" srcset=\"https:\/\/museodelacharreria.org.mx\/wp-content\/uploads\/2024\/11\/Museo-de-la-Charreria-Traje-de-Charro-en-Gamuza-Color-Oro-Viejo-100x100.jpg 100w, https:\/\/museodelacharreria.org.mx\/wp-content\/uploads\/2024\/11\/Museo-de-la-Charreria-Traje-de-Charro-en-Gamuza-Color-Oro-Viejo-36x36.jpg 36w, https:\/\/museodelacharreria.org.mx\/wp-content\/uploads\/2024\/11\/Museo-de-la-Charreria-Traje-de-Charro-en-Gamuza-Color-Oro-Viejo-180x180.jpg 180w\" sizes=\"(max-width: 100px) 100vw, 100px\" \/><\/a><\/div><div class=\"av-magazine-content-wrap\"><header class=\"entry-content-header\" aria-label=\"Post: TRAJE DE CHARRO EN GAMUZA DE VENADO COLOR ORO VIEJO\"><time class='av-magazine-time updated'  itemprop=\"datePublished\" datetime=\"2024-11-20T12:58:42-06:00\" >2024-11-20<\/time><h3 class='av-magazine-title entry-title'  itemprop=\"headline\" ><a href='https:\/\/museodelacharreria.org.mx\/tr\/coleccion\/traje-de-charro-en-gamuza-de-venado-color-oro-viejo\/' title='\u015euraya linkle:  TRAJE DE CHARRO EN GAMUZA DE VENADO COLOR ORO VIEJO'>GEYIK S\u00dcETI ESKI ALTIN RENGINDE CHARRO TAKIM ELBISE<\/a><\/h3><\/header><\/div><footer class=\"entry-footer\"><\/footer><\/article><article class='av-magazine-entry av-magazine-entry-id-3595 av-magazine-format-standard av-magazine-type-portfolio av-magazine-entry-5 av-magazine-entry-small'  itemscope=\"itemscope\" itemtype=\"https:\/\/schema.org\/CreativeWork\" ><div class=\"av-magazine-thumbnail\"><a href='https:\/\/museodelacharreria.org.mx\/tr\/coleccion\/vestido-de-china-poblana-en-rojo\/' title='\u015euraya linkle:  VESTIDO DE CHINA POBLANA EN  ROJO' class='av-magazine-thumbnail-link'><img decoding=\"async\" fetchpriority=\"high\" width=\"100\" height=\"100\" src=\"https:\/\/museodelacharreria.org.mx\/wp-content\/uploads\/2024\/11\/Museo-de-la-Charreria-Vestido-de-China-Poblana-Rojo-con-Mariposas-100x100.jpg\" class=\"wp-image-3724 avia-img-lazy-loading-not-3724 attachment-thumbnail size-thumbnail wp-post-image\" alt=\"\u00c7in Poblana kost\u00fcm\u00fc\" srcset=\"https:\/\/museodelacharreria.org.mx\/wp-content\/uploads\/2024\/11\/Museo-de-la-Charreria-Vestido-de-China-Poblana-Rojo-con-Mariposas-100x100.jpg 100w, https:\/\/museodelacharreria.org.mx\/wp-content\/uploads\/2024\/11\/Museo-de-la-Charreria-Vestido-de-China-Poblana-Rojo-con-Mariposas-36x36.jpg 36w, https:\/\/museodelacharreria.org.mx\/wp-content\/uploads\/2024\/11\/Museo-de-la-Charreria-Vestido-de-China-Poblana-Rojo-con-Mariposas-180x180.jpg 180w\" sizes=\"(max-width: 100px) 100vw, 100px\" \/><small class='avia-copyright'>Antonio Gegundez<\/small><\/a><\/div><div class=\"av-magazine-content-wrap\"><header class=\"entry-content-header\" aria-label=\"Post: VESTIDO DE CHINA POBLANA EN  ROJO\"><time class='av-magazine-time updated'  itemprop=\"datePublished\" datetime=\"2024-11-20T12:40:32-06:00\" >2024-11-20<\/time><h3 class='av-magazine-title entry-title'  itemprop=\"headline\" ><a href='https:\/\/museodelacharreria.org.mx\/tr\/coleccion\/vestido-de-china-poblana-en-rojo\/' title='\u015euraya linkle:  VESTIDO DE CHINA POBLANA EN  ROJO'>\u00c7I\u0307N POBLANA ELBI\u0307SE KIRMIZI<\/a><\/h3><\/header><\/div><footer class=\"entry-footer\"><\/footer><\/article><article class='av-magazine-entry av-magazine-entry-id-3587 av-magazine-format-standard av-magazine-type-portfolio av-magazine-entry-6 av-magazine-entry-small'  itemscope=\"itemscope\" itemtype=\"https:\/\/schema.org\/CreativeWork\" ><div class=\"av-magazine-thumbnail\"><a href='https:\/\/museodelacharreria.org.mx\/tr\/coleccion\/vestido-de-adelita-color-azul\/' title='\u015euraya linkle:  VESTIDO DE ADELITA COLOR AZUL' class='av-magazine-thumbnail-link'><img decoding=\"async\" fetchpriority=\"high\" width=\"100\" height=\"100\" src=\"https:\/\/museodelacharreria.org.mx\/wp-content\/uploads\/2024\/11\/Museo-de-la-Charreria-Vestido-de-Adelita-Azul-100x100.jpg\" class=\"wp-image-3712 avia-img-lazy-loading-not-3712 attachment-thumbnail size-thumbnail wp-post-image\" alt=\"\" srcset=\"https:\/\/museodelacharreria.org.mx\/wp-content\/uploads\/2024\/11\/Museo-de-la-Charreria-Vestido-de-Adelita-Azul-100x100.jpg 100w, https:\/\/museodelacharreria.org.mx\/wp-content\/uploads\/2024\/11\/Museo-de-la-Charreria-Vestido-de-Adelita-Azul-36x36.jpg 36w, https:\/\/museodelacharreria.org.mx\/wp-content\/uploads\/2024\/11\/Museo-de-la-Charreria-Vestido-de-Adelita-Azul-180x180.jpg 180w\" sizes=\"(max-width: 100px) 100vw, 100px\" \/><\/a><\/div><div class=\"av-magazine-content-wrap\"><header class=\"entry-content-header\" aria-label=\"Post: VESTIDO DE ADELITA COLOR AZUL\"><time class='av-magazine-time updated'  itemprop=\"datePublished\" datetime=\"2024-11-20T12:20:27-06:00\" >2024-11-20<\/time><h3 class='av-magazine-title entry-title'  itemprop=\"headline\" ><a href='https:\/\/museodelacharreria.org.mx\/tr\/coleccion\/vestido-de-adelita-color-azul\/' title='\u015euraya linkle:  VESTIDO DE ADELITA COLOR AZUL'>ADELITA ELBISE MAVI RENK<\/a><\/h3><\/header><\/div><footer class=\"entry-footer\"><\/footer><\/article><article class='av-magazine-entry av-magazine-entry-id-3576 av-magazine-format-standard av-magazine-type-portfolio av-magazine-entry-7 av-magazine-entry-small'  itemscope=\"itemscope\" itemtype=\"https:\/\/schema.org\/CreativeWork\" ><div class=\"av-magazine-thumbnail\"><a href='https:\/\/museodelacharreria.org.mx\/tr\/coleccion\/vestido-de-adelita-color-vino\/' title='\u015euraya linkle:  VESTIDO DE ADELITA COLOR VINO' class='av-magazine-thumbnail-link'><img decoding=\"async\" fetchpriority=\"high\" width=\"100\" height=\"100\" src=\"https:\/\/museodelacharreria.org.mx\/wp-content\/uploads\/2024\/11\/Museo-de-la-Charreria-Vestido-de-Adelita-Color-Vino-100x100.jpg\" class=\"wp-image-3727 avia-img-lazy-loading-not-3727 attachment-thumbnail size-thumbnail wp-post-image\" alt=\"\" srcset=\"https:\/\/museodelacharreria.org.mx\/wp-content\/uploads\/2024\/11\/Museo-de-la-Charreria-Vestido-de-Adelita-Color-Vino-100x100.jpg 100w, https:\/\/museodelacharreria.org.mx\/wp-content\/uploads\/2024\/11\/Museo-de-la-Charreria-Vestido-de-Adelita-Color-Vino-36x36.jpg 36w, https:\/\/museodelacharreria.org.mx\/wp-content\/uploads\/2024\/11\/Museo-de-la-Charreria-Vestido-de-Adelita-Color-Vino-180x180.jpg 180w\" sizes=\"(max-width: 100px) 100vw, 100px\" \/><\/a><\/div><div class=\"av-magazine-content-wrap\"><header class=\"entry-content-header\" aria-label=\"Post: VESTIDO DE ADELITA COLOR VINO\"><time class='av-magazine-time updated'  itemprop=\"datePublished\" datetime=\"2024-11-20T11:51:59-06:00\" >2024-11-20<\/time><h3 class='av-magazine-title entry-title'  itemprop=\"headline\" ><a href='https:\/\/museodelacharreria.org.mx\/tr\/coleccion\/vestido-de-adelita-color-vino\/' title='\u015euraya linkle:  VESTIDO DE ADELITA COLOR VINO'>ADELITA ELBISE \u015eARAP RENGI<\/a><\/h3><\/header><\/div><footer class=\"entry-footer\"><\/footer><\/article><\/div><div class='av-magazine-group av-hidden-mag sort_6'><article class='av-magazine-entry av-magazine-entry-id-3791 av-magazine-format-standard av-magazine-type-portfolio av-magazine-entry-1 av-magazine-entry-small'  itemscope=\"itemscope\" itemtype=\"https:\/\/schema.org\/CreativeWork\" ><div class=\"av-magazine-thumbnail\"><a href='https:\/\/museodelacharreria.org.mx\/tr\/coleccion\/silla-charra-chomiteada-en-grecas\/' title='\u015euraya linkle:  SILLA CHARRA CHOMITEADA EN GRECAS' class='av-magazine-thumbnail-link'><img decoding=\"async\" fetchpriority=\"high\" width=\"100\" height=\"100\" src=\"https:\/\/museodelacharreria.org.mx\/wp-content\/uploads\/2024\/11\/Museo-de-la-Charreria-Silla-Charra-Con-Chimite-en-Greca-100x100.jpg\" class=\"wp-image-3792 avia-img-lazy-loading-not-3792 attachment-thumbnail size-thumbnail wp-post-image\" alt=\"\" srcset=\"https:\/\/museodelacharreria.org.mx\/wp-content\/uploads\/2024\/11\/Museo-de-la-Charreria-Silla-Charra-Con-Chimite-en-Greca-100x100.jpg 100w, https:\/\/museodelacharreria.org.mx\/wp-content\/uploads\/2024\/11\/Museo-de-la-Charreria-Silla-Charra-Con-Chimite-en-Greca-36x36.jpg 36w, https:\/\/museodelacharreria.org.mx\/wp-content\/uploads\/2024\/11\/Museo-de-la-Charreria-Silla-Charra-Con-Chimite-en-Greca-180x180.jpg 180w\" sizes=\"(max-width: 100px) 100vw, 100px\" \/><\/a><\/div><div class=\"av-magazine-content-wrap\"><header class=\"entry-content-header\" aria-label=\"Post: SILLA CHARRA CHOMITEADA EN GRECAS\"><time class='av-magazine-time updated'  itemprop=\"datePublished\" datetime=\"2024-11-25T15:30:12-06:00\" >2024-11-25<\/time><h3 class='av-magazine-title entry-title'  itemprop=\"headline\" ><a href='https:\/\/museodelacharreria.org.mx\/tr\/coleccion\/silla-charra-chomiteada-en-grecas\/' title='\u015euraya linkle:  SILLA CHARRA CHOMITEADA EN GRECAS'>SADDLE CHARRA CHOMITEADA EN GRECAS<\/a><\/h3><\/header><\/div><footer class=\"entry-footer\"><\/footer><\/article><article class='av-magazine-entry av-magazine-entry-id-3882 av-magazine-format-standard av-magazine-type-portfolio av-magazine-entry-2 av-magazine-entry-small'  itemscope=\"itemscope\" itemtype=\"https:\/\/schema.org\/CreativeWork\" ><div class=\"av-magazine-thumbnail\"><a href='https:\/\/museodelacharreria.org.mx\/tr\/coleccion\/silla-charra-de-media-gala-cincelada\/' title='\u015euraya linkle:  SILLA CHARRA DE MEDIA GALA CINCELADA' class='av-magazine-thumbnail-link'><img decoding=\"async\" fetchpriority=\"high\" width=\"100\" height=\"100\" src=\"https:\/\/museodelacharreria.org.mx\/wp-content\/uploads\/2024\/11\/MUSEO-DE-LA-CHARRERIA-SILLA-CHARRA-4-100x100.jpg\" class=\"wp-image-3889 avia-img-lazy-loading-not-3889 attachment-thumbnail size-thumbnail wp-post-image\" alt=\"\" srcset=\"https:\/\/museodelacharreria.org.mx\/wp-content\/uploads\/2024\/11\/MUSEO-DE-LA-CHARRERIA-SILLA-CHARRA-4-100x100.jpg 100w, https:\/\/museodelacharreria.org.mx\/wp-content\/uploads\/2024\/11\/MUSEO-DE-LA-CHARRERIA-SILLA-CHARRA-4-36x36.jpg 36w, https:\/\/museodelacharreria.org.mx\/wp-content\/uploads\/2024\/11\/MUSEO-DE-LA-CHARRERIA-SILLA-CHARRA-4-180x180.jpg 180w\" sizes=\"(max-width: 100px) 100vw, 100px\" \/><\/a><\/div><div class=\"av-magazine-content-wrap\"><header class=\"entry-content-header\" aria-label=\"Post: SILLA CHARRA DE MEDIA GALA CINCELADA\"><time class='av-magazine-time updated'  itemprop=\"datePublished\" datetime=\"2024-11-25T14:10:00-06:00\" >2024-11-25<\/time><h3 class='av-magazine-title entry-title'  itemprop=\"headline\" ><a href='https:\/\/museodelacharreria.org.mx\/tr\/coleccion\/silla-charra-de-media-gala-cincelada\/' title='\u015euraya linkle:  SILLA CHARRA DE MEDIA GALA CINCELADA'>YONTULMU\u015e YARIM GALA'NIN CHARRO SANDALYESI\u0307<\/a><\/h3><\/header><\/div><footer class=\"entry-footer\"><\/footer><\/article><article class='av-magazine-entry av-magazine-entry-id-3777 av-magazine-format-standard av-magazine-type-portfolio av-magazine-entry-3 av-magazine-entry-small'  itemscope=\"itemscope\" itemtype=\"https:\/\/schema.org\/CreativeWork\" ><div class=\"av-magazine-thumbnail\"><a href='https:\/\/museodelacharreria.org.mx\/tr\/coleccion\/silla-charra-piteada\/' title='\u015euraya linkle:  SILLA CHARRA PITEADA' class='av-magazine-thumbnail-link'><img decoding=\"async\" fetchpriority=\"high\" width=\"100\" height=\"100\" src=\"https:\/\/museodelacharreria.org.mx\/wp-content\/uploads\/2024\/11\/Museo-de-la-Charreria-Silla-Charra-de-Gala-100x100.jpg\" class=\"wp-image-3775 avia-img-lazy-loading-not-3775 attachment-thumbnail size-thumbnail wp-post-image\" alt=\"\" srcset=\"https:\/\/museodelacharreria.org.mx\/wp-content\/uploads\/2024\/11\/Museo-de-la-Charreria-Silla-Charra-de-Gala-100x100.jpg 100w, https:\/\/museodelacharreria.org.mx\/wp-content\/uploads\/2024\/11\/Museo-de-la-Charreria-Silla-Charra-de-Gala-36x36.jpg 36w, https:\/\/museodelacharreria.org.mx\/wp-content\/uploads\/2024\/11\/Museo-de-la-Charreria-Silla-Charra-de-Gala-180x180.jpg 180w\" sizes=\"(max-width: 100px) 100vw, 100px\" \/><\/a><\/div><div class=\"av-magazine-content-wrap\"><header class=\"entry-content-header\" aria-label=\"Post: SILLA CHARRA PITEADA\"><time class='av-magazine-time updated'  itemprop=\"datePublished\" datetime=\"2024-11-25T14:00:29-06:00\" >2024-11-25<\/time><h3 class='av-magazine-title entry-title'  itemprop=\"headline\" ><a href='https:\/\/museodelacharreria.org.mx\/tr\/coleccion\/silla-charra-piteada\/' title='\u015euraya linkle:  SILLA CHARRA PITEADA'>SADDLE CHARRA PITEADA<\/a><\/h3><\/header><\/div><footer class=\"entry-footer\"><\/footer><\/article><article class='av-magazine-entry av-magazine-entry-id-3750 av-magazine-format-standard av-magazine-type-portfolio av-magazine-entry-4 av-magazine-entry-small'  itemscope=\"itemscope\" itemtype=\"https:\/\/schema.org\/CreativeWork\" ><div class=\"av-magazine-thumbnail\"><a href='https:\/\/museodelacharreria.org.mx\/tr\/coleccion\/silla-charra-con-motivos-taurinos\/' title='\u015euraya linkle:  SILLA CHARRA CON MOTIVOS TAURINOS' class='av-magazine-thumbnail-link'><img decoding=\"async\" fetchpriority=\"high\" width=\"100\" height=\"100\" src=\"https:\/\/museodelacharreria.org.mx\/wp-content\/uploads\/2024\/11\/MUSEO-DE-LA-CHARRERIA-SILLA-CHARRA-CON-MOTIVOS-TAURINOS-3-100x100.jpg\" class=\"wp-image-3753 avia-img-lazy-loading-not-3753 attachment-thumbnail size-thumbnail wp-post-image\" alt=\"\" srcset=\"https:\/\/museodelacharreria.org.mx\/wp-content\/uploads\/2024\/11\/MUSEO-DE-LA-CHARRERIA-SILLA-CHARRA-CON-MOTIVOS-TAURINOS-3-100x100.jpg 100w, https:\/\/museodelacharreria.org.mx\/wp-content\/uploads\/2024\/11\/MUSEO-DE-LA-CHARRERIA-SILLA-CHARRA-CON-MOTIVOS-TAURINOS-3-36x36.jpg 36w, https:\/\/museodelacharreria.org.mx\/wp-content\/uploads\/2024\/11\/MUSEO-DE-LA-CHARRERIA-SILLA-CHARRA-CON-MOTIVOS-TAURINOS-3-180x180.jpg 180w\" sizes=\"(max-width: 100px) 100vw, 100px\" \/><\/a><\/div><div class=\"av-magazine-content-wrap\"><header class=\"entry-content-header\" aria-label=\"Post: SILLA CHARRA CON MOTIVOS TAURINOS\"><time class='av-magazine-time updated'  itemprop=\"datePublished\" datetime=\"2024-11-25T11:02:41-06:00\" >2024-11-25<\/time><h3 class='av-magazine-title entry-title'  itemprop=\"headline\" ><a href='https:\/\/museodelacharreria.org.mx\/tr\/coleccion\/silla-charra-con-motivos-taurinos\/' title='\u015euraya linkle:  SILLA CHARRA CON MOTIVOS TAURINOS'>BO\u011eA G\u00dcRE\u015eI MOTIFLI CHARRO SANDALYE<\/a><\/h3><\/header><\/div><footer class=\"entry-footer\"><\/footer><\/article><article class='av-magazine-entry av-magazine-entry-id-3806 av-magazine-format-standard av-magazine-type-portfolio av-magazine-entry-5 av-magazine-entry-small'  itemscope=\"itemscope\" itemtype=\"https:\/\/schema.org\/CreativeWork\" ><div class=\"av-magazine-thumbnail\"><a href='https:\/\/museodelacharreria.org.mx\/tr\/coleccion\/silla-charra-piteada-cincelada-y-encorrillada\/' title='\u015euraya linkle:  SILLA CHARRA PITEADA, CINCELADA Y ENCORRILLADA' class='av-magazine-thumbnail-link'><img decoding=\"async\" fetchpriority=\"high\" width=\"100\" height=\"100\" src=\"https:\/\/museodelacharreria.org.mx\/wp-content\/uploads\/2024\/11\/MUSEO-DE-LA-CHARRERIA-SILLA-CHARRA-PITEADA-CINCELADA-Y-ENCORRILLADA--100x100.jpg\" class=\"wp-image-3799 avia-img-lazy-loading-not-3799 attachment-thumbnail size-thumbnail wp-post-image\" alt=\"\" srcset=\"https:\/\/museodelacharreria.org.mx\/wp-content\/uploads\/2024\/11\/MUSEO-DE-LA-CHARRERIA-SILLA-CHARRA-PITEADA-CINCELADA-Y-ENCORRILLADA--100x100.jpg 100w, https:\/\/museodelacharreria.org.mx\/wp-content\/uploads\/2024\/11\/MUSEO-DE-LA-CHARRERIA-SILLA-CHARRA-PITEADA-CINCELADA-Y-ENCORRILLADA--36x36.jpg 36w, https:\/\/museodelacharreria.org.mx\/wp-content\/uploads\/2024\/11\/MUSEO-DE-LA-CHARRERIA-SILLA-CHARRA-PITEADA-CINCELADA-Y-ENCORRILLADA--180x180.jpg 180w\" sizes=\"(max-width: 100px) 100vw, 100px\" \/><\/a><\/div><div class=\"av-magazine-content-wrap\"><header class=\"entry-content-header\" aria-label=\"Post: SILLA CHARRA PITEADA, CINCELADA Y ENCORRILLADA\"><time class='av-magazine-time updated'  itemprop=\"datePublished\" datetime=\"2024-11-23T13:35:49-06:00\" >2024-11-23<\/time><h3 class='av-magazine-title entry-title'  itemprop=\"headline\" ><a href='https:\/\/museodelacharreria.org.mx\/tr\/coleccion\/silla-charra-piteada-cincelada-y-encorrillada\/' title='\u015euraya linkle:  SILLA CHARRA PITEADA, CINCELADA Y ENCORRILLADA'>EYER CHARRA PITEADA, YONTULMU\u015e VE ENCORRILLADA<\/a><\/h3><\/header><\/div><footer class=\"entry-footer\"><\/footer><\/article><article class='av-magazine-entry av-magazine-entry-id-3763 av-magazine-format-standard av-magazine-type-portfolio av-magazine-entry-6 av-magazine-entry-small'  itemscope=\"itemscope\" itemtype=\"https:\/\/schema.org\/CreativeWork\" ><div class=\"av-magazine-thumbnail\"><a href='https:\/\/museodelacharreria.org.mx\/tr\/coleccion\/silla-charra-de-gran-gala-bordada-con-hilo-de-plata\/' title='\u015euraya linkle:  SILLA CHARRA DE GRAN GALA BORDADA CON HILO DE PLATA' class='av-magazine-thumbnail-link'><img decoding=\"async\" fetchpriority=\"high\" width=\"100\" height=\"100\" src=\"https:\/\/museodelacharreria.org.mx\/wp-content\/uploads\/2024\/11\/MUSEO-DE-LA-CHARRERIA-SILLA-CHARRA-DE-GRAN-GALA-BORDADA-EN-HILO-DE-PLATA-Y-ORO-1929-100x100.jpg\" class=\"wp-image-3766 avia-img-lazy-loading-not-3766 attachment-thumbnail size-thumbnail wp-post-image\" alt=\"\" srcset=\"https:\/\/museodelacharreria.org.mx\/wp-content\/uploads\/2024\/11\/MUSEO-DE-LA-CHARRERIA-SILLA-CHARRA-DE-GRAN-GALA-BORDADA-EN-HILO-DE-PLATA-Y-ORO-1929-100x100.jpg 100w, https:\/\/museodelacharreria.org.mx\/wp-content\/uploads\/2024\/11\/MUSEO-DE-LA-CHARRERIA-SILLA-CHARRA-DE-GRAN-GALA-BORDADA-EN-HILO-DE-PLATA-Y-ORO-1929-36x36.jpg 36w, https:\/\/museodelacharreria.org.mx\/wp-content\/uploads\/2024\/11\/MUSEO-DE-LA-CHARRERIA-SILLA-CHARRA-DE-GRAN-GALA-BORDADA-EN-HILO-DE-PLATA-Y-ORO-1929-180x180.jpg 180w\" sizes=\"(max-width: 100px) 100vw, 100px\" \/><\/a><\/div><div class=\"av-magazine-content-wrap\"><header class=\"entry-content-header\" aria-label=\"Post: SILLA CHARRA DE GRAN GALA BORDADA CON HILO DE PLATA\"><time class='av-magazine-time updated'  itemprop=\"datePublished\" datetime=\"2024-11-22T12:39:40-06:00\" >2024-11-22<\/time><h3 class='av-magazine-title entry-title'  itemprop=\"headline\" ><a href='https:\/\/museodelacharreria.org.mx\/tr\/coleccion\/silla-charra-de-gran-gala-bordada-con-hilo-de-plata\/' title='\u015euraya linkle:  SILLA CHARRA DE GRAN GALA BORDADA CON HILO DE PLATA'>G\u00dcM\u00dc\u015e I\u0307PLI\u0307K I\u0307\u015eLEMELI\u0307 CHARRO EYER<\/a><\/h3><\/header><\/div><footer class=\"entry-footer\"><\/footer><\/article><article class='av-magazine-entry av-magazine-entry-id-3741 av-magazine-format-standard av-magazine-type-portfolio av-magazine-entry-7 av-magazine-entry-small'  itemscope=\"itemscope\" itemtype=\"https:\/\/schema.org\/CreativeWork\" ><div class=\"av-magazine-thumbnail\"><a href='https:\/\/museodelacharreria.org.mx\/tr\/coleccion\/silla-charra-con-chomite-y-encorrillado\/' title='\u015euraya linkle:  SILLA CHARRA CON CHOMITE Y ENCORRILLADO' class='av-magazine-thumbnail-link'><img decoding=\"async\" fetchpriority=\"high\" width=\"100\" height=\"100\" src=\"https:\/\/museodelacharreria.org.mx\/wp-content\/uploads\/2024\/11\/Museo-de-la-Charreria-Silla-Charra-Con-Chimite-y-Encorrillado-100x100.jpg\" class=\"wp-image-3742 avia-img-lazy-loading-not-3742 attachment-thumbnail size-thumbnail wp-post-image\" alt=\"CHOMITE ILE EYER CHARRA VE KIVRILMA\" srcset=\"https:\/\/museodelacharreria.org.mx\/wp-content\/uploads\/2024\/11\/Museo-de-la-Charreria-Silla-Charra-Con-Chimite-y-Encorrillado-100x100.jpg 100w, https:\/\/museodelacharreria.org.mx\/wp-content\/uploads\/2024\/11\/Museo-de-la-Charreria-Silla-Charra-Con-Chimite-y-Encorrillado-36x36.jpg 36w, https:\/\/museodelacharreria.org.mx\/wp-content\/uploads\/2024\/11\/Museo-de-la-Charreria-Silla-Charra-Con-Chimite-y-Encorrillado-180x180.jpg 180w\" sizes=\"(max-width: 100px) 100vw, 100px\" \/><\/a><\/div><div class=\"av-magazine-content-wrap\"><header class=\"entry-content-header\" aria-label=\"Post: SILLA CHARRA CON CHOMITE Y ENCORRILLADO\"><time class='av-magazine-time updated'  itemprop=\"datePublished\" datetime=\"2024-11-21T14:04:47-06:00\" >2024-11-21<\/time><h3 class='av-magazine-title entry-title'  itemprop=\"headline\" ><a href='https:\/\/museodelacharreria.org.mx\/tr\/coleccion\/silla-charra-con-chomite-y-encorrillado\/' title='\u015euraya linkle:  SILLA CHARRA CON CHOMITE Y ENCORRILLADO'>CHOMITE ILE EYER CHARRA VE KIVRILMA<\/a><\/h3><\/header><\/div><footer class=\"entry-footer\"><\/footer><\/article><\/div><div class='av-magazine-group av-hidden-mag sort_13'><article class='av-magazine-entry av-magazine-entry-id-3055 av-magazine-format-standard av-magazine-type-portfolio av-magazine-entry-1 av-magazine-entry-small'  itemscope=\"itemscope\" itemtype=\"https:\/\/schema.org\/CreativeWork\" ><div class=\"av-magazine-thumbnail\"><a href='https:\/\/museodelacharreria.org.mx\/tr\/coleccion\/heladio-velarde\/' title='\u015euraya linkle:  COLECCI\u00d3N HELADIO VELARDE' class='av-magazine-thumbnail-link'><img decoding=\"async\" fetchpriority=\"high\" width=\"100\" height=\"100\" src=\"https:\/\/museodelacharreria.org.mx\/wp-content\/uploads\/2024\/06\/MUSEO-DE-LA-CHARRERIA-PINTURA-LITOGRAFIA-HELADIO-VELARDE-1-100x100.jpg\" class=\"wp-image-3056 avia-img-lazy-loading-not-3056 attachment-thumbnail size-thumbnail wp-post-image\" alt=\"\" srcset=\"https:\/\/museodelacharreria.org.mx\/wp-content\/uploads\/2024\/06\/MUSEO-DE-LA-CHARRERIA-PINTURA-LITOGRAFIA-HELADIO-VELARDE-1-100x100.jpg 100w, https:\/\/museodelacharreria.org.mx\/wp-content\/uploads\/2024\/06\/MUSEO-DE-LA-CHARRERIA-PINTURA-LITOGRAFIA-HELADIO-VELARDE-1-36x36.jpg 36w, https:\/\/museodelacharreria.org.mx\/wp-content\/uploads\/2024\/06\/MUSEO-DE-LA-CHARRERIA-PINTURA-LITOGRAFIA-HELADIO-VELARDE-1-180x180.jpg 180w\" sizes=\"(max-width: 100px) 100vw, 100px\" \/><\/a><\/div><div class=\"av-magazine-content-wrap\"><header class=\"entry-content-header\" aria-label=\"Post: COLECCI\u00d3N HELADIO VELARDE\"><time class='av-magazine-time updated'  itemprop=\"datePublished\" datetime=\"2024-06-21T02:07:53-06:00\" >2024-06-21<\/time><h3 class='av-magazine-title entry-title'  itemprop=\"headline\" ><a href='https:\/\/museodelacharreria.org.mx\/tr\/coleccion\/heladio-velarde\/' title='\u015euraya linkle:  COLECCI\u00d3N HELADIO VELARDE'>HELADIO VELARDE KOLEKSI\u0307YONU<\/a><\/h3><\/header><\/div><footer class=\"entry-footer\"><\/footer><\/article><article class='av-magazine-entry av-magazine-entry-id-3035 av-magazine-format-standard av-magazine-type-portfolio av-magazine-entry-2 av-magazine-entry-small'  itemscope=\"itemscope\" itemtype=\"https:\/\/schema.org\/CreativeWork\" ><div class=\"av-magazine-thumbnail\"><a href='https:\/\/museodelacharreria.org.mx\/tr\/coleccion\/ernesto-icaza\/' title='\u015euraya linkle:  COLECCI\u00d3N ERNESTO ICAZA' class='av-magazine-thumbnail-link'><img decoding=\"async\" fetchpriority=\"high\" width=\"100\" height=\"100\" src=\"https:\/\/museodelacharreria.org.mx\/wp-content\/uploads\/2024\/06\/MUSEO-DE-LA-CHARRERIA-PINTURA-LITOGRAFIA-ERNESTO-ICAZA-4-1-100x100.jpg\" class=\"wp-image-3043 avia-img-lazy-loading-not-3043 attachment-thumbnail size-thumbnail wp-post-image\" alt=\"\" srcset=\"https:\/\/museodelacharreria.org.mx\/wp-content\/uploads\/2024\/06\/MUSEO-DE-LA-CHARRERIA-PINTURA-LITOGRAFIA-ERNESTO-ICAZA-4-1-100x100.jpg 100w, https:\/\/museodelacharreria.org.mx\/wp-content\/uploads\/2024\/06\/MUSEO-DE-LA-CHARRERIA-PINTURA-LITOGRAFIA-ERNESTO-ICAZA-4-1-36x36.jpg 36w, https:\/\/museodelacharreria.org.mx\/wp-content\/uploads\/2024\/06\/MUSEO-DE-LA-CHARRERIA-PINTURA-LITOGRAFIA-ERNESTO-ICAZA-4-1-180x180.jpg 180w\" sizes=\"(max-width: 100px) 100vw, 100px\" \/><\/a><\/div><div class=\"av-magazine-content-wrap\"><header class=\"entry-content-header\" aria-label=\"Post: COLECCI\u00d3N ERNESTO ICAZA\"><time class='av-magazine-time updated'  itemprop=\"datePublished\" datetime=\"2024-06-21T01:14:48-06:00\" >2024-06-21<\/time><h3 class='av-magazine-title entry-title'  itemprop=\"headline\" ><a href='https:\/\/museodelacharreria.org.mx\/tr\/coleccion\/ernesto-icaza\/' title='\u015euraya linkle:  COLECCI\u00d3N ERNESTO ICAZA'>ERNESTO ICAZA KOLEKSI\u0307YONU<\/a><\/h3><\/header><\/div><footer class=\"entry-footer\"><\/footer><\/article><article class='av-magazine-entry av-magazine-entry-id-3001 av-magazine-format-standard av-magazine-type-portfolio av-magazine-entry-3 av-magazine-entry-small'  itemscope=\"itemscope\" itemtype=\"https:\/\/schema.org\/CreativeWork\" ><div class=\"av-magazine-thumbnail\"><a href='https:\/\/museodelacharreria.org.mx\/tr\/coleccion\/alfredo-avila-sigler\/' title='\u015euraya linkle:  COLECCI\u00d3N ALFREDO \u00c1VILA SIGLER' class='av-magazine-thumbnail-link'><img decoding=\"async\" fetchpriority=\"high\" width=\"100\" height=\"100\" src=\"https:\/\/museodelacharreria.org.mx\/wp-content\/uploads\/2024\/06\/MUSEO-DE-LA-CHARRERIA-PINTURA-TINTA-AVILA-SIGLER--100x100.jpg\" class=\"wp-image-3007 avia-img-lazy-loading-not-3007 attachment-thumbnail size-thumbnail wp-post-image\" alt=\"\" srcset=\"https:\/\/museodelacharreria.org.mx\/wp-content\/uploads\/2024\/06\/MUSEO-DE-LA-CHARRERIA-PINTURA-TINTA-AVILA-SIGLER--100x100.jpg 100w, https:\/\/museodelacharreria.org.mx\/wp-content\/uploads\/2024\/06\/MUSEO-DE-LA-CHARRERIA-PINTURA-TINTA-AVILA-SIGLER--36x36.jpg 36w, https:\/\/museodelacharreria.org.mx\/wp-content\/uploads\/2024\/06\/MUSEO-DE-LA-CHARRERIA-PINTURA-TINTA-AVILA-SIGLER--180x180.jpg 180w\" sizes=\"(max-width: 100px) 100vw, 100px\" \/><\/a><\/div><div class=\"av-magazine-content-wrap\"><header class=\"entry-content-header\" aria-label=\"Post: COLECCI\u00d3N ALFREDO \u00c1VILA SIGLER\"><time class='av-magazine-time updated'  itemprop=\"datePublished\" datetime=\"2024-06-20T19:44:01-06:00\" >2024-06-20<\/time><h3 class='av-magazine-title entry-title'  itemprop=\"headline\" ><a href='https:\/\/museodelacharreria.org.mx\/tr\/coleccion\/alfredo-avila-sigler\/' title='\u015euraya linkle:  COLECCI\u00d3N ALFREDO \u00c1VILA SIGLER'>ALFREDO \u00c1VILA SIGLER KOLEKSI\u0307YONU<\/a><\/h3><\/header><\/div><footer class=\"entry-footer\"><\/footer><\/article><article class='av-magazine-entry av-magazine-entry-id-2970 av-magazine-format-standard av-magazine-type-portfolio av-magazine-entry-4 av-magazine-entry-small'  itemscope=\"itemscope\" itemtype=\"https:\/\/schema.org\/CreativeWork\" ><div class=\"av-magazine-thumbnail\"><a href='https:\/\/museodelacharreria.org.mx\/tr\/coleccion\/jose-albarran-pliego\/' title='\u015euraya linkle:  COLECCI\u00d3N JOS\u00c9 ALBARR\u00c1N PLIEGO' class='av-magazine-thumbnail-link'><img decoding=\"async\" fetchpriority=\"high\" width=\"100\" height=\"100\" src=\"https:\/\/museodelacharreria.org.mx\/wp-content\/uploads\/2024\/06\/MUSEO-DE-LA-CHARRERIA-PINTURA-ACUARELA-JOSE-ALBARRAN-PLIEGO-11-LANCEROS-CHINACOS-100x100.jpg\" class=\"wp-image-2922 avia-img-lazy-loading-not-2922 attachment-thumbnail size-thumbnail wp-post-image\" alt=\"JOS\u00c9 ALBARR\u00c1N PLIEGO\" srcset=\"https:\/\/museodelacharreria.org.mx\/wp-content\/uploads\/2024\/06\/MUSEO-DE-LA-CHARRERIA-PINTURA-ACUARELA-JOSE-ALBARRAN-PLIEGO-11-LANCEROS-CHINACOS-100x100.jpg 100w, https:\/\/museodelacharreria.org.mx\/wp-content\/uploads\/2024\/06\/MUSEO-DE-LA-CHARRERIA-PINTURA-ACUARELA-JOSE-ALBARRAN-PLIEGO-11-LANCEROS-CHINACOS-36x36.jpg 36w, https:\/\/museodelacharreria.org.mx\/wp-content\/uploads\/2024\/06\/MUSEO-DE-LA-CHARRERIA-PINTURA-ACUARELA-JOSE-ALBARRAN-PLIEGO-11-LANCEROS-CHINACOS-180x180.jpg 180w\" sizes=\"(max-width: 100px) 100vw, 100px\" \/><\/a><\/div><div class=\"av-magazine-content-wrap\"><header class=\"entry-content-header\" aria-label=\"Post: COLECCI\u00d3N JOS\u00c9 ALBARR\u00c1N PLIEGO\"><time class='av-magazine-time updated'  itemprop=\"datePublished\" datetime=\"2024-06-20T18:22:10-06:00\" >2024-06-20<\/time><h3 class='av-magazine-title entry-title'  itemprop=\"headline\" ><a href='https:\/\/museodelacharreria.org.mx\/tr\/coleccion\/jose-albarran-pliego\/' title='\u015euraya linkle:  COLECCI\u00d3N JOS\u00c9 ALBARR\u00c1N PLIEGO'>JOS\u00c9 ALBARR\u00c1N PLIEGO KOLEKSI\u0307YONU<\/a><\/h3><\/header><\/div><footer class=\"entry-footer\"><\/footer><\/article><\/div><div class='av-magazine-group av-hidden-mag sort_45'><article class='av-magazine-entry av-magazine-entry-id-598 av-magazine-format-standard av-magazine-type-portfolio av-magazine-entry-1 av-magazine-entry-small'  itemscope=\"itemscope\" itemtype=\"https:\/\/schema.org\/CreativeWork\" ><div class=\"av-magazine-thumbnail\"><a href='https:\/\/museodelacharreria.org.mx\/tr\/coleccion\/plato-damasquinado-en-oro\/' title='\u015euraya linkle: ALTIN DAMASQUINED TABAK' class='av-magazine-thumbnail-link'><img decoding=\"async\" fetchpriority=\"high\" width=\"80\" height=\"80\" src=\"https:\/\/museodelacharreria.org.mx\/wp-content\/uploads\/2023\/09\/Museo-de-la-Charreria-CDMX-Reconocimiento--80x80.jpg\" class=\"wp-image-599 avia-img-lazy-loading-not-599 attachment-thumbnail size-thumbnail wp-post-image\" alt=\"Alt\u0131n \u015eam Taba\u011f\u0131 \u0130spanyol Kraliyet Hediyesi\" srcset=\"https:\/\/museodelacharreria.org.mx\/wp-content\/uploads\/2023\/09\/Museo-de-la-Charreria-CDMX-Reconocimiento--80x80.jpg 80w, https:\/\/museodelacharreria.org.mx\/wp-content\/uploads\/2023\/09\/Museo-de-la-Charreria-CDMX-Reconocimiento--36x36.jpg 36w, https:\/\/museodelacharreria.org.mx\/wp-content\/uploads\/2023\/09\/Museo-de-la-Charreria-CDMX-Reconocimiento--180x180.jpg 180w\" sizes=\"(max-width: 80px) 100vw, 80px\" \/><\/a><\/div><div class=\"av-magazine-content-wrap\"><header class=\"entry-content-header\" aria-label=\"Post: PLATO DAMASQUINADO EN ORO\"><time class='av-magazine-time updated'  itemprop=\"datePublished\" datetime=\"2023-12-28T02:45:32-06:00\" >2023-12-28<\/time><h3 class='av-magazine-title entry-title'  itemprop=\"headline\" ><a href='https:\/\/museodelacharreria.org.mx\/tr\/coleccion\/plato-damasquinado-en-oro\/' title='\u015euraya linkle: ALTIN DAMASQUINED TABAK'>ALTIN DAMASCENE PLAKA<\/a><\/h3><\/header><\/div><footer class=\"entry-footer\"><\/footer><\/article><article class='av-magazine-entry av-magazine-entry-id-3941 av-magazine-format-standard av-magazine-type-portfolio av-magazine-entry-2 av-magazine-entry-small'  itemscope=\"itemscope\" itemtype=\"https:\/\/schema.org\/CreativeWork\" ><div class=\"av-magazine-thumbnail\"><a href='https:\/\/museodelacharreria.org.mx\/tr\/coleccion\/placa-conmemorativa-otorgada-por-ejercito-espanol\/' title='\u015euraya linkle:  PLACA CONMEMORATIVA OTORGADA POR EL EJ\u00c9RCITO ESPA\u00d1OL' class='av-magazine-thumbnail-link'><img decoding=\"async\" fetchpriority=\"high\" width=\"100\" height=\"100\" src=\"https:\/\/museodelacharreria.org.mx\/wp-content\/uploads\/2023\/09\/Museo-de-la-Charreria-CDMX-Reconocimientos-Espana--100x100.jpg\" class=\"wp-image-1314 avia-img-lazy-loading-not-1314 attachment-thumbnail size-thumbnail wp-post-image\" alt=\"\" srcset=\"https:\/\/museodelacharreria.org.mx\/wp-content\/uploads\/2023\/09\/Museo-de-la-Charreria-CDMX-Reconocimientos-Espana--100x100.jpg 100w, https:\/\/museodelacharreria.org.mx\/wp-content\/uploads\/2023\/09\/Museo-de-la-Charreria-CDMX-Reconocimientos-Espana--36x36.jpg 36w, https:\/\/museodelacharreria.org.mx\/wp-content\/uploads\/2023\/09\/Museo-de-la-Charreria-CDMX-Reconocimientos-Espana--180x180.jpg 180w\" sizes=\"(max-width: 100px) 100vw, 100px\" \/><\/a><\/div><div class=\"av-magazine-content-wrap\"><header class=\"entry-content-header\" aria-label=\"Post: PLACA CONMEMORATIVA OTORGADA POR EL EJ\u00c9RCITO ESPA\u00d1OL\"><time class='av-magazine-time updated'  itemprop=\"datePublished\" datetime=\"2023-11-25T18:56:44-06:00\" >2023-11-25<\/time><h3 class='av-magazine-title entry-title'  itemprop=\"headline\" ><a href='https:\/\/museodelacharreria.org.mx\/tr\/coleccion\/placa-conmemorativa-otorgada-por-ejercito-espanol\/' title='\u015euraya linkle:  PLACA CONMEMORATIVA OTORGADA POR EL EJ\u00c9RCITO ESPA\u00d1OL'>I\u0307SPANYOL ORDUSU TARAFINDAN VERI\u0307LEN HATIRA PLAKETI\u0307<\/a><\/h3><\/header><\/div><footer class=\"entry-footer\"><\/footer><\/article><article class='av-magazine-entry av-magazine-entry-id-1651 av-magazine-format-standard av-magazine-type-portfolio av-magazine-entry-3 av-magazine-entry-small'  itemscope=\"itemscope\" itemtype=\"https:\/\/schema.org\/CreativeWork\" ><div class=\"av-magazine-thumbnail\"><a href='https:\/\/museodelacharreria.org.mx\/tr\/coleccion\/escudo-de-armas-de-barcelona\/' title='\u015euraya linkle: BARSELONA S\u0130LAH ARMASI' class='av-magazine-thumbnail-link'><img decoding=\"async\" fetchpriority=\"high\" width=\"100\" height=\"100\" src=\"https:\/\/museodelacharreria.org.mx\/wp-content\/uploads\/2023\/09\/Museo-de-la-Charreria-Escudo-de-la-Provincia-de-Barcelona-1-1-100x100.jpg\" class=\"wp-image-1653 avia-img-lazy-loading-not-1653 attachment-thumbnail size-thumbnail wp-post-image\" alt=\"\" srcset=\"https:\/\/museodelacharreria.org.mx\/wp-content\/uploads\/2023\/09\/Museo-de-la-Charreria-Escudo-de-la-Provincia-de-Barcelona-1-1-100x100.jpg 100w, https:\/\/museodelacharreria.org.mx\/wp-content\/uploads\/2023\/09\/Museo-de-la-Charreria-Escudo-de-la-Provincia-de-Barcelona-1-1-36x36.jpg 36w, https:\/\/museodelacharreria.org.mx\/wp-content\/uploads\/2023\/09\/Museo-de-la-Charreria-Escudo-de-la-Provincia-de-Barcelona-1-1-180x180.jpg 180w\" sizes=\"(max-width: 100px) 100vw, 100px\" \/><\/a><\/div><div class=\"av-magazine-content-wrap\"><header class=\"entry-content-header\" aria-label=\"Post: ESCUDO DE ARMAS DE BARCELONA\"><time class='av-magazine-time updated'  itemprop=\"datePublished\" datetime=\"2023-09-29T23:33:46-06:00\" >2023-09-29<\/time><h3 class='av-magazine-title entry-title'  itemprop=\"headline\" ><a href='https:\/\/museodelacharreria.org.mx\/tr\/coleccion\/escudo-de-armas-de-barcelona\/' title='\u015euraya linkle: BARSELONA S\u0130LAH ARMASI'>BARCELONA ARMASI<\/a><\/h3><\/header><\/div><footer class=\"entry-footer\"><\/footer><\/article><article class='av-magazine-entry av-magazine-entry-id-1317 av-magazine-format-standard av-magazine-type-portfolio av-magazine-entry-4 av-magazine-entry-small'  itemscope=\"itemscope\" itemtype=\"https:\/\/schema.org\/CreativeWork\" ><div class=\"av-magazine-thumbnail\"><a href='https:\/\/museodelacharreria.org.mx\/tr\/coleccion\/escudo-de-armas-de-zaragoza\/' title='\u015euraya linkle: EXCELLENTIMO AYUNTAMIENTO DE ZARAGOZA (ZARAGOZA KASABA KONSEY\u0130) ARMASI' class='av-magazine-thumbnail-link'><img decoding=\"async\" fetchpriority=\"high\" width=\"100\" height=\"100\" src=\"https:\/\/museodelacharreria.org.mx\/wp-content\/uploads\/2023\/09\/Museo-de-la-Charreria-CDMX-Reconocimientos-Espana-Zaragoza-2-100x100.jpg\" class=\"wp-image-1311 avia-img-lazy-loading-not-1311 attachment-thumbnail size-thumbnail wp-post-image\" alt=\"\" srcset=\"https:\/\/museodelacharreria.org.mx\/wp-content\/uploads\/2023\/09\/Museo-de-la-Charreria-CDMX-Reconocimientos-Espana-Zaragoza-2-100x100.jpg 100w, https:\/\/museodelacharreria.org.mx\/wp-content\/uploads\/2023\/09\/Museo-de-la-Charreria-CDMX-Reconocimientos-Espana-Zaragoza-2-36x36.jpg 36w, https:\/\/museodelacharreria.org.mx\/wp-content\/uploads\/2023\/09\/Museo-de-la-Charreria-CDMX-Reconocimientos-Espana-Zaragoza-2-180x180.jpg 180w\" sizes=\"(max-width: 100px) 100vw, 100px\" \/><\/a><\/div><div class=\"av-magazine-content-wrap\"><header class=\"entry-content-header\" aria-label=\"Post: ESCUDO DE ARMAS DEL EXCELENT\u00cdSIMO AYUNTAMIENTO DE ZARAGOZA\"><time class='av-magazine-time updated'  itemprop=\"datePublished\" datetime=\"2023-09-28T16:27:40-06:00\" >2023-09-28<\/time><h3 class='av-magazine-title entry-title'  itemprop=\"headline\" ><a href='https:\/\/museodelacharreria.org.mx\/tr\/coleccion\/escudo-de-armas-de-zaragoza\/' title='\u015euraya linkle: EXCELLENTIMO AYUNTAMIENTO DE ZARAGOZA (ZARAGOZA KASABA KONSEY\u0130) ARMASI'>ZARAGOZA EN M\u00dcKEMMEL KENT KONSEYI\u0307 ARMASI<\/a><\/h3><\/header><\/div><footer class=\"entry-footer\"><\/footer><\/article><article class='av-magazine-entry av-magazine-entry-id-1309 av-magazine-format-standard av-magazine-type-portfolio av-magazine-entry-5 av-magazine-entry-small'  itemscope=\"itemscope\" itemtype=\"https:\/\/schema.org\/CreativeWork\" ><div class=\"av-magazine-thumbnail\"><a href='https:\/\/museodelacharreria.org.mx\/tr\/coleccion\/la-llave-de-la-ciudad-de-madrid\/' title='\u015euraya linkle: MADR\u0130D \u015eEHR\u0130N\u0130N ANAHTARI' class='av-magazine-thumbnail-link'><img decoding=\"async\" fetchpriority=\"high\" width=\"100\" height=\"100\" src=\"https:\/\/museodelacharreria.org.mx\/wp-content\/uploads\/2023\/09\/Museo-de-la-Charreria-CDMX-Reconocimientos-Espana-Madrid--100x100.jpg\" class=\"wp-image-1310 avia-img-lazy-loading-not-1310 attachment-thumbnail size-thumbnail wp-post-image\" alt=\"\" srcset=\"https:\/\/museodelacharreria.org.mx\/wp-content\/uploads\/2023\/09\/Museo-de-la-Charreria-CDMX-Reconocimientos-Espana-Madrid--100x100.jpg 100w, https:\/\/museodelacharreria.org.mx\/wp-content\/uploads\/2023\/09\/Museo-de-la-Charreria-CDMX-Reconocimientos-Espana-Madrid--36x36.jpg 36w, https:\/\/museodelacharreria.org.mx\/wp-content\/uploads\/2023\/09\/Museo-de-la-Charreria-CDMX-Reconocimientos-Espana-Madrid--180x180.jpg 180w\" sizes=\"(max-width: 100px) 100vw, 100px\" \/><\/a><\/div><div class=\"av-magazine-content-wrap\"><header class=\"entry-content-header\" aria-label=\"Post: LA LLAVE DE LA CIUDAD DE MADRID\"><time class='av-magazine-time updated'  itemprop=\"datePublished\" datetime=\"2023-09-28T16:21:18-06:00\" >2023-09-28<\/time><h3 class='av-magazine-title entry-title'  itemprop=\"headline\" ><a href='https:\/\/museodelacharreria.org.mx\/tr\/coleccion\/la-llave-de-la-ciudad-de-madrid\/' title='\u015euraya linkle: MADR\u0130D \u015eEHR\u0130N\u0130N ANAHTARI'>MADRI\u0307D \u015eEHRI\u0307NI\u0307N ANAHTARI<\/a><\/h3><\/header><\/div><footer class=\"entry-footer\"><\/footer><\/article><\/div><div class='av-magazine-group av-hidden-mag sort_40'><article class='av-magazine-entry av-magazine-entry-id-2401 av-magazine-format-standard av-magazine-type-portfolio av-magazine-entry-1 av-magazine-entry-small'  itemscope=\"itemscope\" itemtype=\"https:\/\/schema.org\/CreativeWork\" ><div class=\"av-magazine-thumbnail\"><a href='https:\/\/museodelacharreria.org.mx\/tr\/coleccion\/sombrero-con-bordado-de-rosas\/' title='\u015euraya linkle: G\u00dcL \u0130\u015eLEMEL\u0130 \u015eAPKA' class='av-magazine-thumbnail-link'><img decoding=\"async\" fetchpriority=\"high\" width=\"100\" height=\"100\" src=\"https:\/\/museodelacharreria.org.mx\/wp-content\/uploads\/2023\/11\/Museo-de-la-Charreria-Sombrero-0155-100x100.jpg\" class=\"wp-image-2396 avia-img-lazy-loading-not-2396 attachment-thumbnail size-thumbnail wp-post-image\" alt=\"\" srcset=\"https:\/\/museodelacharreria.org.mx\/wp-content\/uploads\/2023\/11\/Museo-de-la-Charreria-Sombrero-0155-100x100.jpg 100w, https:\/\/museodelacharreria.org.mx\/wp-content\/uploads\/2023\/11\/Museo-de-la-Charreria-Sombrero-0155-36x36.jpg 36w, https:\/\/museodelacharreria.org.mx\/wp-content\/uploads\/2023\/11\/Museo-de-la-Charreria-Sombrero-0155-180x180.jpg 180w\" sizes=\"(max-width: 100px) 100vw, 100px\" \/><\/a><\/div><div class=\"av-magazine-content-wrap\"><header class=\"entry-content-header\" aria-label=\"Post: SOMBRERO CON BORDADO DE ROSAS\"><time class='av-magazine-time updated'  itemprop=\"datePublished\" datetime=\"2023-12-29T19:12:21-06:00\" >2023-12-29<\/time><h3 class='av-magazine-title entry-title'  itemprop=\"headline\" ><a href='https:\/\/museodelacharreria.org.mx\/tr\/coleccion\/sombrero-con-bordado-de-rosas\/' title='\u015euraya linkle: G\u00dcL \u0130\u015eLEMEL\u0130 \u015eAPKA'>G\u00dcL I\u015eLEMELI \u015eAPKA<\/a><\/h3><\/header><\/div><footer class=\"entry-footer\"><\/footer><\/article><article class='av-magazine-entry av-magazine-entry-id-2435 av-magazine-format-standard av-magazine-type-portfolio av-magazine-entry-2 av-magazine-entry-small'  itemscope=\"itemscope\" itemtype=\"https:\/\/schema.org\/CreativeWork\" ><div class=\"av-magazine-thumbnail\"><a href='https:\/\/museodelacharreria.org.mx\/tr\/coleccion\/sombrero-de-charro-para-nino\/' title='\u015euraya linkle: \u00c7OCUK \u00c7AR\u015eAF \u015eAPKALARI' class='av-magazine-thumbnail-link'><img decoding=\"async\" fetchpriority=\"high\" width=\"100\" height=\"100\" src=\"https:\/\/museodelacharreria.org.mx\/wp-content\/uploads\/2023\/11\/Museo-de-la-Charreria-Sombrero-de-Charro-0022-100x100.jpg\" class=\"wp-image-2420 avia-img-lazy-loading-not-2420 attachment-thumbnail size-thumbnail wp-post-image\" alt=\"\" srcset=\"https:\/\/museodelacharreria.org.mx\/wp-content\/uploads\/2023\/11\/Museo-de-la-Charreria-Sombrero-de-Charro-0022-100x100.jpg 100w, https:\/\/museodelacharreria.org.mx\/wp-content\/uploads\/2023\/11\/Museo-de-la-Charreria-Sombrero-de-Charro-0022-36x36.jpg 36w, https:\/\/museodelacharreria.org.mx\/wp-content\/uploads\/2023\/11\/Museo-de-la-Charreria-Sombrero-de-Charro-0022-180x180.jpg 180w\" sizes=\"(max-width: 100px) 100vw, 100px\" \/><\/a><\/div><div class=\"av-magazine-content-wrap\"><header class=\"entry-content-header\" aria-label=\"Post: SOMBRERO DE CHARRO PARA NI\u00d1O\"><time class='av-magazine-time updated'  itemprop=\"datePublished\" datetime=\"2023-11-13T23:36:14-06:00\" >2023-11-13<\/time><h3 class='av-magazine-title entry-title'  itemprop=\"headline\" ><a href='https:\/\/museodelacharreria.org.mx\/tr\/coleccion\/sombrero-de-charro-para-nino\/' title='\u015euraya linkle: \u00c7OCUK \u00c7AR\u015eAF \u015eAPKALARI'>ERKEK \u00c7OCUKLAR I\u00c7IN CHARRO \u015eAPKA<\/a><\/h3><\/header><\/div><footer class=\"entry-footer\"><\/footer><\/article><article class='av-magazine-entry av-magazine-entry-id-2429 av-magazine-format-standard av-magazine-type-portfolio av-magazine-entry-3 av-magazine-entry-small'  itemscope=\"itemscope\" itemtype=\"https:\/\/schema.org\/CreativeWork\" ><div class=\"av-magazine-thumbnail\"><a href='https:\/\/museodelacharreria.org.mx\/tr\/coleccion\/sombrero-de-pelo-fino-bordado-en-canutillo-de-oro\/' title='\u015euraya linkle: ALTIN \u00c7ANLARLA \u0130\u015eLENM\u0130\u015e \u0130NCE SA\u00c7LI \u015eAPKA' class='av-magazine-thumbnail-link'><img decoding=\"async\" fetchpriority=\"high\" width=\"100\" height=\"100\" src=\"https:\/\/museodelacharreria.org.mx\/wp-content\/uploads\/2023\/11\/Museo-de-la-Charreria-Sombrero-de-Charro-0144-100x100.jpg\" class=\"wp-image-2425 avia-img-lazy-loading-not-2425 attachment-thumbnail size-thumbnail wp-post-image\" alt=\"\" srcset=\"https:\/\/museodelacharreria.org.mx\/wp-content\/uploads\/2023\/11\/Museo-de-la-Charreria-Sombrero-de-Charro-0144-100x100.jpg 100w, https:\/\/museodelacharreria.org.mx\/wp-content\/uploads\/2023\/11\/Museo-de-la-Charreria-Sombrero-de-Charro-0144-36x36.jpg 36w, https:\/\/museodelacharreria.org.mx\/wp-content\/uploads\/2023\/11\/Museo-de-la-Charreria-Sombrero-de-Charro-0144-180x180.jpg 180w\" sizes=\"(max-width: 100px) 100vw, 100px\" \/><\/a><\/div><div class=\"av-magazine-content-wrap\"><header class=\"entry-content-header\" aria-label=\"Post: SOMBRERO DE PELO FINO BORDADO CON CANUTILLO DE ORO\"><time class='av-magazine-time updated'  itemprop=\"datePublished\" datetime=\"2023-11-13T23:13:54-06:00\" >2023-11-13<\/time><h3 class='av-magazine-title entry-title'  itemprop=\"headline\" ><a href='https:\/\/museodelacharreria.org.mx\/tr\/coleccion\/sombrero-de-pelo-fino-bordado-en-canutillo-de-oro\/' title='\u015euraya linkle: ALTIN \u00c7ANLARLA \u0130\u015eLENM\u0130\u015e \u0130NCE SA\u00c7LI \u015eAPKA'>ALTIN S\u00dcSLEMELI INCE K\u00dcRK \u015eAPKA<\/a><\/h3><\/header><\/div><footer class=\"entry-footer\"><\/footer><\/article><article class='av-magazine-entry av-magazine-entry-id-2415 av-magazine-format-standard av-magazine-type-portfolio av-magazine-entry-4 av-magazine-entry-small'  itemscope=\"itemscope\" itemtype=\"https:\/\/schema.org\/CreativeWork\" ><div class=\"av-magazine-thumbnail\"><a href='https:\/\/museodelacharreria.org.mx\/tr\/coleccion\/sombrero-castoreno-de-chinaco-color-gris\/' title='\u015euraya linkle: \u00c7\u0130N KESTANES\u0130 \u015eAPKA GR\u0130 RENKL\u0130' class='av-magazine-thumbnail-link'><img decoding=\"async\" fetchpriority=\"high\" width=\"100\" height=\"100\" src=\"https:\/\/museodelacharreria.org.mx\/wp-content\/uploads\/2023\/11\/Museo-de-la-Charreria-Sombrero-de-Chinaco-0170-100x100.jpg\" class=\"wp-image-2410 avia-img-lazy-loading-not-2410 attachment-thumbnail size-thumbnail wp-post-image\" alt=\"\" srcset=\"https:\/\/museodelacharreria.org.mx\/wp-content\/uploads\/2023\/11\/Museo-de-la-Charreria-Sombrero-de-Chinaco-0170-100x100.jpg 100w, https:\/\/museodelacharreria.org.mx\/wp-content\/uploads\/2023\/11\/Museo-de-la-Charreria-Sombrero-de-Chinaco-0170-36x36.jpg 36w, https:\/\/museodelacharreria.org.mx\/wp-content\/uploads\/2023\/11\/Museo-de-la-Charreria-Sombrero-de-Chinaco-0170-180x180.jpg 180w\" sizes=\"(max-width: 100px) 100vw, 100px\" \/><\/a><\/div><div class=\"av-magazine-content-wrap\"><header class=\"entry-content-header\" aria-label=\"Post: SOMBRERO CASTORE\u00d1O DE CHINACO COLOR GRIS\"><time class='av-magazine-time updated'  itemprop=\"datePublished\" datetime=\"2023-11-13T20:00:59-06:00\" >2023-11-13<\/time><h3 class='av-magazine-title entry-title'  itemprop=\"headline\" ><a href='https:\/\/museodelacharreria.org.mx\/tr\/coleccion\/sombrero-castoreno-de-chinaco-color-gris\/' title='\u015euraya linkle: \u00c7\u0130N KESTANES\u0130 \u015eAPKA GR\u0130 RENKL\u0130'>CHINACO CHINACO \u015eAPKA, GRI RENK<\/a><\/h3><\/header><\/div><footer class=\"entry-footer\"><\/footer><\/article><article class='av-magazine-entry av-magazine-entry-id-2406 av-magazine-format-standard av-magazine-type-portfolio av-magazine-entry-5 av-magazine-entry-small'  itemscope=\"itemscope\" itemtype=\"https:\/\/schema.org\/CreativeWork\" ><div class=\"av-magazine-thumbnail\"><a href='https:\/\/museodelacharreria.org.mx\/tr\/coleccion\/sombrero-castoreno-de-chinaco\/' title='\u015euraya linkle: KAFE RENG\u0130 \u00c7\u0130N KESTANES\u0130 \u015eAPKA' class='av-magazine-thumbnail-link'><img decoding=\"async\" fetchpriority=\"high\" width=\"100\" height=\"100\" src=\"https:\/\/museodelacharreria.org.mx\/wp-content\/uploads\/2023\/11\/Museo-de-la-Charreria-Sombrero-de-Chinaco-0166-100x100.jpg\" class=\"wp-image-2407 avia-img-lazy-loading-not-2407 attachment-thumbnail size-thumbnail wp-post-image\" alt=\"Chinaco Kunduz \u015eapka\" srcset=\"https:\/\/museodelacharreria.org.mx\/wp-content\/uploads\/2023\/11\/Museo-de-la-Charreria-Sombrero-de-Chinaco-0166-100x100.jpg 100w, https:\/\/museodelacharreria.org.mx\/wp-content\/uploads\/2023\/11\/Museo-de-la-Charreria-Sombrero-de-Chinaco-0166-36x36.jpg 36w, https:\/\/museodelacharreria.org.mx\/wp-content\/uploads\/2023\/11\/Museo-de-la-Charreria-Sombrero-de-Chinaco-0166-180x180.jpg 180w\" sizes=\"(max-width: 100px) 100vw, 100px\" \/><\/a><\/div><div class=\"av-magazine-content-wrap\"><header class=\"entry-content-header\" aria-label=\"Post: SOMBRERO CASTORE\u00d1O DE CHINACO COLOR CAF\u00c9\"><time class='av-magazine-time updated'  itemprop=\"datePublished\" datetime=\"2023-11-13T19:49:18-06:00\" >2023-11-13<\/time><h3 class='av-magazine-title entry-title'  itemprop=\"headline\" ><a href='https:\/\/museodelacharreria.org.mx\/tr\/coleccion\/sombrero-castoreno-de-chinaco\/' title='\u015euraya linkle: KAFE RENG\u0130 \u00c7\u0130N KESTANES\u0130 \u015eAPKA'>KAHVERENGI CHINACO CHINACO \u015eAPKA<\/a><\/h3><\/header><\/div><footer class=\"entry-footer\"><\/footer><\/article><article class='av-magazine-entry av-magazine-entry-id-2383 av-magazine-format-standard av-magazine-type-portfolio av-magazine-entry-6 av-magazine-entry-small'  itemscope=\"itemscope\" itemtype=\"https:\/\/schema.org\/CreativeWork\" ><div class=\"av-magazine-thumbnail\"><a href='https:\/\/museodelacharreria.org.mx\/tr\/coleccion\/sombrero-con-detalle-de-espuelas\/' title='\u015euraya linkle: S\u00dcNGER DETAYLI \u015eAPKA' class='av-magazine-thumbnail-link'><img decoding=\"async\" fetchpriority=\"high\" width=\"100\" height=\"100\" src=\"https:\/\/museodelacharreria.org.mx\/wp-content\/uploads\/2023\/11\/Museo-de-la-Charreria-Sombrero-0149-100x100.jpg\" class=\"wp-image-2386 avia-img-lazy-loading-not-2386 attachment-thumbnail size-thumbnail wp-post-image\" alt=\"\" srcset=\"https:\/\/museodelacharreria.org.mx\/wp-content\/uploads\/2023\/11\/Museo-de-la-Charreria-Sombrero-0149-100x100.jpg 100w, https:\/\/museodelacharreria.org.mx\/wp-content\/uploads\/2023\/11\/Museo-de-la-Charreria-Sombrero-0149-36x36.jpg 36w, https:\/\/museodelacharreria.org.mx\/wp-content\/uploads\/2023\/11\/Museo-de-la-Charreria-Sombrero-0149-180x180.jpg 180w\" sizes=\"(max-width: 100px) 100vw, 100px\" \/><\/a><\/div><div class=\"av-magazine-content-wrap\"><header class=\"entry-content-header\" aria-label=\"Post: SOMBRERO CON DETALLE DE ESPUELAS\"><time class='av-magazine-time updated'  itemprop=\"datePublished\" datetime=\"2023-11-13T18:08:27-06:00\" >2023-11-13<\/time><h3 class='av-magazine-title entry-title'  itemprop=\"headline\" ><a href='https:\/\/museodelacharreria.org.mx\/tr\/coleccion\/sombrero-con-detalle-de-espuelas\/' title='\u015euraya linkle: S\u00dcNGER DETAYLI \u015eAPKA'>MAHMUZ DETAYLI \u015eAPKA<\/a><\/h3><\/header><\/div><footer class=\"entry-footer\"><\/footer><\/article><article class='av-magazine-entry av-magazine-entry-id-2332 av-magazine-format-standard av-magazine-type-portfolio av-magazine-entry-7 av-magazine-entry-small'  itemscope=\"itemscope\" itemtype=\"https:\/\/schema.org\/CreativeWork\" ><div class=\"av-magazine-thumbnail\"><a href='https:\/\/museodelacharreria.org.mx\/tr\/coleccion\/sombrero-de-charro-con-ribete-en-pano-cafe\/' title='\u015euraya linkle:  SOMBRERO DE CHARRO CON RIBETE EN PA\u00d1O CAFE' class='av-magazine-thumbnail-link'><img decoding=\"async\" fetchpriority=\"high\" width=\"100\" height=\"100\" src=\"https:\/\/museodelacharreria.org.mx\/wp-content\/uploads\/2023\/10\/Museo-de-la-Charreria-Sombrero-0136-100x100.jpg\" class=\"wp-image-2333 avia-img-lazy-loading-not-2333 attachment-thumbnail size-thumbnail wp-post-image\" alt=\"KAHVERENGI KUMA\u015e KENARLIKLI CHARRO \u015eAPKASI\" srcset=\"https:\/\/museodelacharreria.org.mx\/wp-content\/uploads\/2023\/10\/Museo-de-la-Charreria-Sombrero-0136-100x100.jpg 100w, https:\/\/museodelacharreria.org.mx\/wp-content\/uploads\/2023\/10\/Museo-de-la-Charreria-Sombrero-0136-36x36.jpg 36w, https:\/\/museodelacharreria.org.mx\/wp-content\/uploads\/2023\/10\/Museo-de-la-Charreria-Sombrero-0136-180x180.jpg 180w\" sizes=\"(max-width: 100px) 100vw, 100px\" \/><\/a><\/div><div class=\"av-magazine-content-wrap\"><header class=\"entry-content-header\" aria-label=\"Post: SOMBRERO DE CHARRO CON RIBETE EN PA\u00d1O CAFE\"><time class='av-magazine-time updated'  itemprop=\"datePublished\" datetime=\"2023-10-26T02:29:07-06:00\" >2023-10-26<\/time><h3 class='av-magazine-title entry-title'  itemprop=\"headline\" ><a href='https:\/\/museodelacharreria.org.mx\/tr\/coleccion\/sombrero-de-charro-con-ribete-en-pano-cafe\/' title='\u015euraya linkle:  SOMBRERO DE CHARRO CON RIBETE EN PA\u00d1O CAFE'>KAHVERENGI KUMA\u015e KENARLIKLI CHARRO \u015eAPKASI<\/a><\/h3><\/header><\/div><footer class=\"entry-footer\"><\/footer><\/article><\/div><div class='av-magazine-group av-hidden-mag sort_12'><article class='av-magazine-entry av-magazine-entry-id-3965 av-magazine-format-standard av-magazine-type-portfolio av-magazine-entry-1 av-magazine-entry-small'  itemscope=\"itemscope\" itemtype=\"https:\/\/schema.org\/CreativeWork\" ><div class=\"av-magazine-thumbnail\"><a href='https:\/\/museodelacharreria.org.mx\/tr\/coleccion\/cabezadas-de-plata-de-emiliano-zapata\/' title='\u015euraya linkle:  CABEZADAS DE PLATA DE EMILIANO ZAPATA' class='av-magazine-thumbnail-link'><img decoding=\"async\" fetchpriority=\"high\" width=\"100\" height=\"100\" src=\"https:\/\/museodelacharreria.org.mx\/wp-content\/uploads\/2024\/11\/MUSEO-DE-LA-CHARRERIA-CABEZADA-DE-EMILIANO-ZAPATA--100x100.jpg\" class=\"wp-image-3966 avia-img-lazy-loading-not-3966 attachment-thumbnail size-thumbnail wp-post-image\" alt=\"\" srcset=\"https:\/\/museodelacharreria.org.mx\/wp-content\/uploads\/2024\/11\/MUSEO-DE-LA-CHARRERIA-CABEZADA-DE-EMILIANO-ZAPATA--100x100.jpg 100w, https:\/\/museodelacharreria.org.mx\/wp-content\/uploads\/2024\/11\/MUSEO-DE-LA-CHARRERIA-CABEZADA-DE-EMILIANO-ZAPATA--36x36.jpg 36w, https:\/\/museodelacharreria.org.mx\/wp-content\/uploads\/2024\/11\/MUSEO-DE-LA-CHARRERIA-CABEZADA-DE-EMILIANO-ZAPATA--180x180.jpg 180w\" sizes=\"(max-width: 100px) 100vw, 100px\" \/><\/a><\/div><div class=\"av-magazine-content-wrap\"><header class=\"entry-content-header\" aria-label=\"Post: CABEZADAS DE PLATA DE EMILIANO ZAPATA\"><time class='av-magazine-time updated'  itemprop=\"datePublished\" datetime=\"2024-11-25T20:09:58-06:00\" >2024-11-25<\/time><h3 class='av-magazine-title entry-title'  itemprop=\"headline\" ><a href='https:\/\/museodelacharreria.org.mx\/tr\/coleccion\/cabezadas-de-plata-de-emiliano-zapata\/' title='\u015euraya linkle:  CABEZADAS DE PLATA DE EMILIANO ZAPATA'>EMILIANO ZAPATA'NIN G\u00dcM\u00dc\u015e DIZGINLERI<\/a><\/h3><\/header><\/div><footer class=\"entry-footer\"><\/footer><\/article><article class='av-magazine-entry av-magazine-entry-id-3867 av-magazine-format-standard av-magazine-type-portfolio av-magazine-entry-2 av-magazine-entry-small'  itemscope=\"itemscope\" itemtype=\"https:\/\/schema.org\/CreativeWork\" ><div class=\"av-magazine-thumbnail\"><a href='https:\/\/museodelacharreria.org.mx\/tr\/coleccion\/fuste-rustico\/' title='\u015euraya linkle:  FUSTE R\u00daSTICO' class='av-magazine-thumbnail-link'><img decoding=\"async\" fetchpriority=\"high\" width=\"100\" height=\"100\" src=\"https:\/\/museodelacharreria.org.mx\/wp-content\/uploads\/2024\/11\/MUSEO-DE-LA-CHARRERIA-FUSTE-RUSTICO-7141-100x100.jpg\" class=\"wp-image-3872 avia-img-lazy-loading-not-3872 attachment-thumbnail size-thumbnail wp-post-image\" alt=\"\" srcset=\"https:\/\/museodelacharreria.org.mx\/wp-content\/uploads\/2024\/11\/MUSEO-DE-LA-CHARRERIA-FUSTE-RUSTICO-7141-100x100.jpg 100w, https:\/\/museodelacharreria.org.mx\/wp-content\/uploads\/2024\/11\/MUSEO-DE-LA-CHARRERIA-FUSTE-RUSTICO-7141-36x36.jpg 36w, https:\/\/museodelacharreria.org.mx\/wp-content\/uploads\/2024\/11\/MUSEO-DE-LA-CHARRERIA-FUSTE-RUSTICO-7141-180x180.jpg 180w\" sizes=\"(max-width: 100px) 100vw, 100px\" \/><\/a><\/div><div class=\"av-magazine-content-wrap\"><header class=\"entry-content-header\" aria-label=\"Post: FUSTE R\u00daSTICO\"><time class='av-magazine-time updated'  itemprop=\"datePublished\" datetime=\"2024-09-25T13:46:58-06:00\" >2024-09-25<\/time><h3 class='av-magazine-title entry-title'  itemprop=\"headline\" ><a href='https:\/\/museodelacharreria.org.mx\/tr\/coleccion\/fuste-rustico\/' title='\u015euraya linkle:  FUSTE R\u00daSTICO'>RUST\u0130K FUSTE<\/a><\/h3><\/header><\/div><footer class=\"entry-footer\"><\/footer><\/article><article class='av-magazine-entry av-magazine-entry-id-3375 av-magazine-format-standard av-magazine-type-portfolio av-magazine-entry-3 av-magazine-entry-small'  itemscope=\"itemscope\" itemtype=\"https:\/\/schema.org\/CreativeWork\" ><div class=\"av-magazine-thumbnail\"><a href='https:\/\/museodelacharreria.org.mx\/tr\/coleccion\/fierros-para-marcar-ganado\/' title='\u015euraya linkle:  FIERROS PARA MARCAR GANADO' class='av-magazine-thumbnail-link'><img decoding=\"async\" fetchpriority=\"high\" width=\"100\" height=\"100\" src=\"https:\/\/museodelacharreria.org.mx\/wp-content\/uploads\/2024\/06\/MUSEO-DE-LA-CHARRERIA-FIERROS-PARA-MARCAR-GANADO-1513-100x100.jpg\" class=\"wp-image-3405 avia-img-lazy-loading-not-3405 attachment-thumbnail size-thumbnail wp-post-image\" alt=\"\" srcset=\"https:\/\/museodelacharreria.org.mx\/wp-content\/uploads\/2024\/06\/MUSEO-DE-LA-CHARRERIA-FIERROS-PARA-MARCAR-GANADO-1513-100x100.jpg 100w, https:\/\/museodelacharreria.org.mx\/wp-content\/uploads\/2024\/06\/MUSEO-DE-LA-CHARRERIA-FIERROS-PARA-MARCAR-GANADO-1513-36x36.jpg 36w, https:\/\/museodelacharreria.org.mx\/wp-content\/uploads\/2024\/06\/MUSEO-DE-LA-CHARRERIA-FIERROS-PARA-MARCAR-GANADO-1513-180x180.jpg 180w\" sizes=\"(max-width: 100px) 100vw, 100px\" \/><\/a><\/div><div class=\"av-magazine-content-wrap\"><header class=\"entry-content-header\" aria-label=\"Post: FIERROS PARA MARCAR GANADO\"><time class='av-magazine-time updated'  itemprop=\"datePublished\" datetime=\"2024-06-27T20:42:24-06:00\" >2024-06-27<\/time><h3 class='av-magazine-title entry-title'  itemprop=\"headline\" ><a href='https:\/\/museodelacharreria.org.mx\/tr\/coleccion\/fierros-para-marcar-ganado\/' title='\u015euraya linkle:  FIERROS PARA MARCAR GANADO'>SI\u011eIR DA\u011eLAMA DEMIRLERI<\/a><\/h3><\/header><\/div><footer class=\"entry-footer\"><\/footer><\/article><article class='av-magazine-entry av-magazine-entry-id-3158 av-magazine-format-standard av-magazine-type-portfolio av-magazine-entry-4 av-magazine-entry-small'  itemscope=\"itemscope\" itemtype=\"https:\/\/schema.org\/CreativeWork\" ><div class=\"av-magazine-thumbnail\"><a href='https:\/\/museodelacharreria.org.mx\/tr\/coleccion\/estribos-con-tapadera\/' title='\u015euraya linkle:  ESTRIBOS CON TAPADERA' class='av-magazine-thumbnail-link'><img decoding=\"async\" fetchpriority=\"high\" width=\"100\" height=\"100\" src=\"https:\/\/museodelacharreria.org.mx\/wp-content\/uploads\/2024\/06\/MUSEO-DE-LA-CHARRERIA-ESTRIBO-CON-TAPADERA-HRZ-100x100.jpg\" class=\"wp-image-3139 avia-img-lazy-loading-not-3139 attachment-thumbnail size-thumbnail wp-post-image\" alt=\"\" srcset=\"https:\/\/museodelacharreria.org.mx\/wp-content\/uploads\/2024\/06\/MUSEO-DE-LA-CHARRERIA-ESTRIBO-CON-TAPADERA-HRZ-100x100.jpg 100w, https:\/\/museodelacharreria.org.mx\/wp-content\/uploads\/2024\/06\/MUSEO-DE-LA-CHARRERIA-ESTRIBO-CON-TAPADERA-HRZ-36x36.jpg 36w, https:\/\/museodelacharreria.org.mx\/wp-content\/uploads\/2024\/06\/MUSEO-DE-LA-CHARRERIA-ESTRIBO-CON-TAPADERA-HRZ-180x180.jpg 180w\" sizes=\"(max-width: 100px) 100vw, 100px\" \/><\/a><\/div><div class=\"av-magazine-content-wrap\"><header class=\"entry-content-header\" aria-label=\"Post: ESTRIBOS CON TAPADERA\"><time class='av-magazine-time updated'  itemprop=\"datePublished\" datetime=\"2024-06-25T18:55:11-06:00\" >2024-06-25<\/time><h3 class='av-magazine-title entry-title'  itemprop=\"headline\" ><a href='https:\/\/museodelacharreria.org.mx\/tr\/coleccion\/estribos-con-tapadera\/' title='\u015euraya linkle:  ESTRIBOS CON TAPADERA'>KAPAKLI \u00dcZENGI<\/a><\/h3><\/header><\/div><footer class=\"entry-footer\"><\/footer><\/article><article class='av-magazine-entry av-magazine-entry-id-3153 av-magazine-format-standard av-magazine-type-portfolio av-magazine-entry-5 av-magazine-entry-small'  itemscope=\"itemscope\" itemtype=\"https:\/\/schema.org\/CreativeWork\" ><div class=\"av-magazine-thumbnail\"><a href='https:\/\/museodelacharreria.org.mx\/tr\/coleccion\/estribos-circulares-forrados\/' title='\u015euraya linkle:  ESTRIBOS CIRCULARES FORRADOS' class='av-magazine-thumbnail-link'><img decoding=\"async\" fetchpriority=\"high\" width=\"100\" height=\"100\" src=\"https:\/\/museodelacharreria.org.mx\/wp-content\/uploads\/2024\/06\/MUSEO-DE-LA-CHARRERIA-ESTRIBO-CIRCULAR-FORRADO-HRZ-0097-100x100.jpg\" class=\"wp-image-3157 avia-img-lazy-loading-not-3157 attachment-thumbnail size-thumbnail wp-post-image\" alt=\"\" srcset=\"https:\/\/museodelacharreria.org.mx\/wp-content\/uploads\/2024\/06\/MUSEO-DE-LA-CHARRERIA-ESTRIBO-CIRCULAR-FORRADO-HRZ-0097-100x100.jpg 100w, https:\/\/museodelacharreria.org.mx\/wp-content\/uploads\/2024\/06\/MUSEO-DE-LA-CHARRERIA-ESTRIBO-CIRCULAR-FORRADO-HRZ-0097-36x36.jpg 36w, https:\/\/museodelacharreria.org.mx\/wp-content\/uploads\/2024\/06\/MUSEO-DE-LA-CHARRERIA-ESTRIBO-CIRCULAR-FORRADO-HRZ-0097-180x180.jpg 180w\" sizes=\"(max-width: 100px) 100vw, 100px\" \/><\/a><\/div><div class=\"av-magazine-content-wrap\"><header class=\"entry-content-header\" aria-label=\"Post: ESTRIBOS CIRCULARES FORRADOS\"><time class='av-magazine-time updated'  itemprop=\"datePublished\" datetime=\"2024-06-25T18:34:25-06:00\" >2024-06-25<\/time><h3 class='av-magazine-title entry-title'  itemprop=\"headline\" ><a href='https:\/\/museodelacharreria.org.mx\/tr\/coleccion\/estribos-circulares-forrados\/' title='\u015euraya linkle:  ESTRIBOS CIRCULARES FORRADOS'>ASTARLI DAIRESEL \u00dcZENGILER<\/a><\/h3><\/header><\/div><footer class=\"entry-footer\"><\/footer><\/article><article class='av-magazine-entry av-magazine-entry-id-3131 av-magazine-format-standard av-magazine-type-portfolio av-magazine-entry-6 av-magazine-entry-small'  itemscope=\"itemscope\" itemtype=\"https:\/\/schema.org\/CreativeWork\" ><div class=\"av-magazine-thumbnail\"><a href='https:\/\/museodelacharreria.org.mx\/tr\/coleccion\/estribos-de-caja\/' title='\u015euraya linkle:  ESTRIBOS DE CAJA' class='av-magazine-thumbnail-link'><img decoding=\"async\" fetchpriority=\"high\" width=\"100\" height=\"100\" src=\"https:\/\/museodelacharreria.org.mx\/wp-content\/uploads\/2024\/06\/MUSEO-DE-LA-CHARRERIA-ESTRIBO-DE-CAJA-0085-100x100.jpg\" class=\"wp-image-3144 avia-img-lazy-loading-not-3144 attachment-thumbnail size-thumbnail wp-post-image\" alt=\"\" srcset=\"https:\/\/museodelacharreria.org.mx\/wp-content\/uploads\/2024\/06\/MUSEO-DE-LA-CHARRERIA-ESTRIBO-DE-CAJA-0085-100x100.jpg 100w, https:\/\/museodelacharreria.org.mx\/wp-content\/uploads\/2024\/06\/MUSEO-DE-LA-CHARRERIA-ESTRIBO-DE-CAJA-0085-36x36.jpg 36w, https:\/\/museodelacharreria.org.mx\/wp-content\/uploads\/2024\/06\/MUSEO-DE-LA-CHARRERIA-ESTRIBO-DE-CAJA-0085-180x180.jpg 180w\" sizes=\"(max-width: 100px) 100vw, 100px\" \/><\/a><\/div><div class=\"av-magazine-content-wrap\"><header class=\"entry-content-header\" aria-label=\"Post: ESTRIBOS DE CAJA\"><time class='av-magazine-time updated'  itemprop=\"datePublished\" datetime=\"2024-06-25T18:14:59-06:00\" >2024-06-25<\/time><h3 class='av-magazine-title entry-title'  itemprop=\"headline\" ><a href='https:\/\/museodelacharreria.org.mx\/tr\/coleccion\/estribos-de-caja\/' title='\u015euraya linkle:  ESTRIBOS DE CAJA'>KUTU BRAKETLER\u0130<\/a><\/h3><\/header><\/div><footer class=\"entry-footer\"><\/footer><\/article><article class='av-magazine-entry av-magazine-entry-id-3910 av-magazine-format-standard av-magazine-type-portfolio av-magazine-entry-7 av-magazine-entry-small'  itemscope=\"itemscope\" itemtype=\"https:\/\/schema.org\/CreativeWork\" ><div class=\"av-magazine-thumbnail\"><a href='https:\/\/museodelacharreria.org.mx\/tr\/coleccion\/frenos\/' title='\u015euraya linkle:  FRENOS' class='av-magazine-thumbnail-link'><img decoding=\"async\" fetchpriority=\"high\" width=\"100\" height=\"100\" src=\"https:\/\/museodelacharreria.org.mx\/wp-content\/uploads\/2024\/11\/FRENO-5-100x100.jpg\" class=\"wp-image-3915 avia-img-lazy-loading-not-3915 attachment-thumbnail size-thumbnail wp-post-image\" alt=\"\" srcset=\"https:\/\/museodelacharreria.org.mx\/wp-content\/uploads\/2024\/11\/FRENO-5-100x100.jpg 100w, https:\/\/museodelacharreria.org.mx\/wp-content\/uploads\/2024\/11\/FRENO-5-36x36.jpg 36w, https:\/\/museodelacharreria.org.mx\/wp-content\/uploads\/2024\/11\/FRENO-5-180x180.jpg 180w\" sizes=\"(max-width: 100px) 100vw, 100px\" \/><\/a><\/div><div class=\"av-magazine-content-wrap\"><header class=\"entry-content-header\" aria-label=\"Post: FRENOS\"><time class='av-magazine-time updated'  itemprop=\"datePublished\" datetime=\"2024-06-25T17:48:01-06:00\" >2024-06-25<\/time><h3 class='av-magazine-title entry-title'  itemprop=\"headline\" ><a href='https:\/\/museodelacharreria.org.mx\/tr\/coleccion\/frenos\/' title='\u015euraya linkle:  FRENOS'>FRENLER<\/a><\/h3><\/header><\/div><footer class=\"entry-footer\"><\/footer><\/article><\/div><\/div>","protected":false},"excerpt":{"rendered":"","protected":false},"author":1,"featured_media":3218,"template":"","meta":{"footnotes":""},"tags":[],"portfolio_entries":[195,5],"class_list":["post-3214","portfolio","type-portfolio","status-publish","has-post-thumbnail","hentry","portfolio_entries-accesorios","portfolio_entries-coleccion"],"yoast_head":"<!-- This site is optimized with the Yoast SEO plugin v27.4 - https:\/\/yoast.com\/product\/yoast-seo-wordpress\/ -->\n<title>MITAZAS - Museo de la Charrer\u00eda CDMX<\/title>\n<meta name=\"description\" content=\"Nuestra colecci\u00f3n es un vibrante mosaico de \u00e9pocas y funciones, un testimonio vivo de la versatilidad y adaptabilidad de la Charrer\u00eda a lo largo del tiempo. Desde los albores de la Rep\u00fablica hasta las transformaciones de la era moderna, cada pieza expone la maestr\u00eda artesanal y el ingenio t\u00e9cnico de aquellos que forjaron esta gran tradici\u00f3n.\" \/>\n<meta name=\"robots\" content=\"index, follow, max-snippet:-1, max-image-preview:large, max-video-preview:-1\" \/>\n<link rel=\"canonical\" href=\"https:\/\/museodelacharreria.org.mx\/tr\/koleksiyon-3\/tozluklar\/\" \/>\n<meta property=\"og:locale\" content=\"tr_TR\" \/>\n<meta property=\"og:type\" content=\"article\" \/>\n<meta property=\"og:title\" content=\"MITAZAS - Museo de la Charrer\u00eda CDMX\" \/>\n<meta property=\"og:description\" content=\"Nuestra colecci\u00f3n es un vibrante mosaico de \u00e9pocas y funciones, un testimonio vivo de la versatilidad y adaptabilidad de la Charrer\u00eda a lo largo del tiempo. Desde los albores de la Rep\u00fablica hasta las transformaciones de la era moderna, cada pieza expone la maestr\u00eda artesanal y el ingenio t\u00e9cnico de aquellos que forjaron esta gran tradici\u00f3n.\" \/>\n<meta property=\"og:url\" content=\"https:\/\/museodelacharreria.org.mx\/tr\/koleksiyon-3\/tozluklar\/\" \/>\n<meta property=\"og:site_name\" content=\"Museo de la Charrer\u00eda CDMX\" \/>\n<meta property=\"article:modified_time\" content=\"2024-07-23T22:46:49+00:00\" \/>\n<meta property=\"og:image\" content=\"https:\/\/museodelacharreria.org.mx\/wp-content\/uploads\/2024\/06\/MUSEO-DE-LA-CHARRERIA-UTENSILIOS-MITAZAS-1.jpg\" \/>\n\t<meta property=\"og:image:width\" content=\"1920\" \/>\n\t<meta property=\"og:image:height\" content=\"1280\" \/>\n\t<meta property=\"og:image:type\" content=\"image\/jpeg\" \/>\n<meta name=\"twitter:card\" content=\"summary_large_image\" \/>\n<meta name=\"twitter:label1\" content=\"Tahmini okuma s\u00fcresi\" \/>\n\t<meta name=\"twitter:data1\" content=\"19 dakika\" \/>\n<script type=\"application\/ld+json\" class=\"yoast-schema-graph\">{\"@context\":\"https:\\\/\\\/schema.org\",\"@graph\":[{\"@type\":[\"WebPage\",\"CollectionPage\"],\"@id\":\"https:\\\/\\\/museodelacharreria.org.mx\\\/coleccion\\\/mitazas\\\/\",\"url\":\"https:\\\/\\\/museodelacharreria.org.mx\\\/coleccion\\\/mitazas\\\/\",\"name\":\"MITAZAS - Museo de la Charrer\u00eda CDMX\",\"isPartOf\":{\"@id\":\"https:\\\/\\\/museodelacharreria.org.mx\\\/#website\"},\"primaryImageOfPage\":{\"@id\":\"https:\\\/\\\/museodelacharreria.org.mx\\\/coleccion\\\/mitazas\\\/#primaryimage\"},\"image\":{\"@id\":\"https:\\\/\\\/museodelacharreria.org.mx\\\/coleccion\\\/mitazas\\\/#primaryimage\"},\"thumbnailUrl\":\"https:\\\/\\\/museodelacharreria.org.mx\\\/wp-content\\\/uploads\\\/2024\\\/06\\\/MUSEO-DE-LA-CHARRERIA-UTENSILIOS-MITAZAS-1.jpg\",\"datePublished\":\"2024-06-26T19:49:48+00:00\",\"dateModified\":\"2024-07-23T22:46:49+00:00\",\"description\":\"Nuestra colecci\u00f3n es un vibrante mosaico de \u00e9pocas y funciones, un testimonio vivo de la versatilidad y adaptabilidad de la Charrer\u00eda a lo largo del tiempo. Desde los albores de la Rep\u00fablica hasta las transformaciones de la era moderna, cada pieza expone la maestr\u00eda artesanal y el ingenio t\u00e9cnico de aquellos que forjaron esta gran tradici\u00f3n.\",\"breadcrumb\":{\"@id\":\"https:\\\/\\\/museodelacharreria.org.mx\\\/coleccion\\\/mitazas\\\/#breadcrumb\"},\"inLanguage\":\"tr\"},{\"@type\":\"ImageObject\",\"inLanguage\":\"tr\",\"@id\":\"https:\\\/\\\/museodelacharreria.org.mx\\\/coleccion\\\/mitazas\\\/#primaryimage\",\"url\":\"https:\\\/\\\/museodelacharreria.org.mx\\\/wp-content\\\/uploads\\\/2024\\\/06\\\/MUSEO-DE-LA-CHARRERIA-UTENSILIOS-MITAZAS-1.jpg\",\"contentUrl\":\"https:\\\/\\\/museodelacharreria.org.mx\\\/wp-content\\\/uploads\\\/2024\\\/06\\\/MUSEO-DE-LA-CHARRERIA-UTENSILIOS-MITAZAS-1.jpg\",\"width\":1920,\"height\":1280},{\"@type\":\"BreadcrumbList\",\"@id\":\"https:\\\/\\\/museodelacharreria.org.mx\\\/coleccion\\\/mitazas\\\/#breadcrumb\",\"itemListElement\":[{\"@type\":\"ListItem\",\"position\":1,\"name\":\"Portada\",\"item\":\"https:\\\/\\\/museodelacharreria.org.mx\\\/inicio\\\/\"},{\"@type\":\"ListItem\",\"position\":2,\"name\":\"MITAZAS\"}]},{\"@type\":\"WebSite\",\"@id\":\"https:\\\/\\\/museodelacharreria.org.mx\\\/#website\",\"url\":\"https:\\\/\\\/museodelacharreria.org.mx\\\/\",\"name\":\"Museo de la Charrer\u00eda CDMX\",\"description\":\"Historia y tradici\u00f3n, patrimonio cultural inmaterial de la humanidad UNESCO\",\"publisher\":{\"@id\":\"https:\\\/\\\/museodelacharreria.org.mx\\\/#organization\"},\"potentialAction\":[{\"@type\":\"SearchAction\",\"target\":{\"@type\":\"EntryPoint\",\"urlTemplate\":\"https:\\\/\\\/museodelacharreria.org.mx\\\/?s={search_term_string}\"},\"query-input\":{\"@type\":\"PropertyValueSpecification\",\"valueRequired\":true,\"valueName\":\"search_term_string\"}}],\"inLanguage\":\"tr\"},{\"@type\":\"Organization\",\"@id\":\"https:\\\/\\\/museodelacharreria.org.mx\\\/#organization\",\"name\":\"Museo de la Charrer\u00eda Ciudad de M\u00e9xico\",\"alternateName\":\"Museo de la Charrer\u00eda CDMX\",\"url\":\"https:\\\/\\\/museodelacharreria.org.mx\\\/\",\"logo\":{\"@type\":\"ImageObject\",\"inLanguage\":\"tr\",\"@id\":\"https:\\\/\\\/museodelacharreria.org.mx\\\/#\\\/schema\\\/logo\\\/image\\\/\",\"url\":\"https:\\\/\\\/museodelacharreria.org.mx\\\/wp-content\\\/uploads\\\/2023\\\/07\\\/Logo-Museo-de-la-Charreria-b-n.png\",\"contentUrl\":\"https:\\\/\\\/museodelacharreria.org.mx\\\/wp-content\\\/uploads\\\/2023\\\/07\\\/Logo-Museo-de-la-Charreria-b-n.png\",\"width\":500,\"height\":250,\"caption\":\"Museo de la Charrer\u00eda Ciudad de M\u00e9xico\"},\"image\":{\"@id\":\"https:\\\/\\\/museodelacharreria.org.mx\\\/#\\\/schema\\\/logo\\\/image\\\/\"},\"sameAs\":[\"https:\\\/\\\/www.youtube.com\\\/@MuseoDeLaCharreria\"]}]}<\/script>\n<!-- \/ Yoast SEO plugin. -->","yoast_head_json":{"title":"Tozluklar - Charreria M\u00fczesi CDMX","description":"Koleksiyonumuz, d\u00f6nemlerin ve i\u015flevlerin canl\u0131 bir mozai\u011fi, \u015earika'n\u0131n zaman i\u00e7indeki \u00e7ok y\u00f6nl\u00fcl\u00fc\u011f\u00fcn\u00fcn ve uyarlanabilirli\u011finin canl\u0131 bir kan\u0131t\u0131d\u0131r. Cumhuriyet'in \u015fafa\u011f\u0131ndan modern \u00e7a\u011f\u0131n d\u00f6n\u00fc\u015f\u00fcmlerine kadar her bir par\u00e7a, bu b\u00fcy\u00fck gelene\u011fi olu\u015fturanlar\u0131n usta i\u015f\u00e7ili\u011fini ve teknik maharetini sergiliyor.","robots":{"index":"index","follow":"follow","max-snippet":"max-snippet:-1","max-image-preview":"max-image-preview:large","max-video-preview":"max-video-preview:-1"},"canonical":"https:\/\/museodelacharreria.org.mx\/tr\/koleksiyon-3\/tozluklar\/","og_locale":"tr_TR","og_type":"article","og_title":"MITAZAS - Museo de la Charrer\u00eda CDMX","og_description":"Nuestra colecci\u00f3n es un vibrante mosaico de \u00e9pocas y funciones, un testimonio vivo de la versatilidad y adaptabilidad de la Charrer\u00eda a lo largo del tiempo. Desde los albores de la Rep\u00fablica hasta las transformaciones de la era moderna, cada pieza expone la maestr\u00eda artesanal y el ingenio t\u00e9cnico de aquellos que forjaron esta gran tradici\u00f3n.","og_url":"https:\/\/museodelacharreria.org.mx\/tr\/koleksiyon-3\/tozluklar\/","og_site_name":"Museo de la Charrer\u00eda CDMX","article_modified_time":"2024-07-23T22:46:49+00:00","og_image":[{"width":1920,"height":1280,"url":"https:\/\/museodelacharreria.org.mx\/wp-content\/uploads\/2024\/06\/MUSEO-DE-LA-CHARRERIA-UTENSILIOS-MITAZAS-1.jpg","type":"image\/jpeg"}],"twitter_card":"summary_large_image","twitter_misc":{"Tahmini okuma s\u00fcresi":"19 dakika"},"schema":{"@context":"https:\/\/schema.org","@graph":[{"@type":["WebPage","CollectionPage"],"@id":"https:\/\/museodelacharreria.org.mx\/coleccion\/mitazas\/","url":"https:\/\/museodelacharreria.org.mx\/coleccion\/mitazas\/","name":"Tozluklar - Charreria M\u00fczesi CDMX","isPartOf":{"@id":"https:\/\/museodelacharreria.org.mx\/#website"},"primaryImageOfPage":{"@id":"https:\/\/museodelacharreria.org.mx\/coleccion\/mitazas\/#primaryimage"},"image":{"@id":"https:\/\/museodelacharreria.org.mx\/coleccion\/mitazas\/#primaryimage"},"thumbnailUrl":"https:\/\/museodelacharreria.org.mx\/wp-content\/uploads\/2024\/06\/MUSEO-DE-LA-CHARRERIA-UTENSILIOS-MITAZAS-1.jpg","datePublished":"2024-06-26T19:49:48+00:00","dateModified":"2024-07-23T22:46:49+00:00","description":"Koleksiyonumuz, d\u00f6nemlerin ve i\u015flevlerin canl\u0131 bir mozai\u011fi, \u015earika'n\u0131n zaman i\u00e7indeki \u00e7ok y\u00f6nl\u00fcl\u00fc\u011f\u00fcn\u00fcn ve uyarlanabilirli\u011finin canl\u0131 bir kan\u0131t\u0131d\u0131r. Cumhuriyet'in \u015fafa\u011f\u0131ndan modern \u00e7a\u011f\u0131n d\u00f6n\u00fc\u015f\u00fcmlerine kadar her bir par\u00e7a, bu b\u00fcy\u00fck gelene\u011fi olu\u015fturanlar\u0131n usta i\u015f\u00e7ili\u011fini ve teknik maharetini sergiliyor.","breadcrumb":{"@id":"https:\/\/museodelacharreria.org.mx\/coleccion\/mitazas\/#breadcrumb"},"inLanguage":"tr"},{"@type":"ImageObject","inLanguage":"tr","@id":"https:\/\/museodelacharreria.org.mx\/coleccion\/mitazas\/#primaryimage","url":"https:\/\/museodelacharreria.org.mx\/wp-content\/uploads\/2024\/06\/MUSEO-DE-LA-CHARRERIA-UTENSILIOS-MITAZAS-1.jpg","contentUrl":"https:\/\/museodelacharreria.org.mx\/wp-content\/uploads\/2024\/06\/MUSEO-DE-LA-CHARRERIA-UTENSILIOS-MITAZAS-1.jpg","width":1920,"height":1280},{"@type":"BreadcrumbList","@id":"https:\/\/museodelacharreria.org.mx\/coleccion\/mitazas\/#breadcrumb","itemListElement":[{"@type":"ListItem","position":1,"name":"Portada","item":"https:\/\/museodelacharreria.org.mx\/inicio\/"},{"@type":"ListItem","position":2,"name":"MITAZAS"}]},{"@type":"WebSite","@id":"https:\/\/museodelacharreria.org.mx\/#website","url":"https:\/\/museodelacharreria.org.mx\/","name":"Charreria M\u00fczesi CDMX","description":"Tarih ve gelenek, insanl\u0131\u011f\u0131n somut olmayan k\u00fclt\u00fcrel miras\u0131 UNESCO","publisher":{"@id":"https:\/\/museodelacharreria.org.mx\/#organization"},"potentialAction":[{"@type":"SearchAction","target":{"@type":"EntryPoint","urlTemplate":"https:\/\/museodelacharreria.org.mx\/?s={search_term_string}"},"query-input":{"@type":"PropertyValueSpecification","valueRequired":true,"valueName":"search_term_string"}}],"inLanguage":"tr"},{"@type":"Organization","@id":"https:\/\/museodelacharreria.org.mx\/#organization","name":"Meksiko Charreria M\u00fczesi","alternateName":"Museo de la Charrer\u00eda CDMX","url":"https:\/\/museodelacharreria.org.mx\/","logo":{"@type":"ImageObject","inLanguage":"tr","@id":"https:\/\/museodelacharreria.org.mx\/#\/schema\/logo\/image\/","url":"https:\/\/museodelacharreria.org.mx\/wp-content\/uploads\/2023\/07\/Logo-Museo-de-la-Charreria-b-n.png","contentUrl":"https:\/\/museodelacharreria.org.mx\/wp-content\/uploads\/2023\/07\/Logo-Museo-de-la-Charreria-b-n.png","width":500,"height":250,"caption":"Museo de la Charrer\u00eda Ciudad de M\u00e9xico"},"image":{"@id":"https:\/\/museodelacharreria.org.mx\/#\/schema\/logo\/image\/"},"sameAs":["https:\/\/www.youtube.com\/@MuseoDeLaCharreria"]}]}},"_links":{"self":[{"href":"https:\/\/museodelacharreria.org.mx\/tr\/wp-json\/wp\/v2\/portfolio\/3214","targetHints":{"allow":["GET"]}}],"collection":[{"href":"https:\/\/museodelacharreria.org.mx\/tr\/wp-json\/wp\/v2\/portfolio"}],"about":[{"href":"https:\/\/museodelacharreria.org.mx\/tr\/wp-json\/wp\/v2\/types\/portfolio"}],"author":[{"embeddable":true,"href":"https:\/\/museodelacharreria.org.mx\/tr\/wp-json\/wp\/v2\/users\/1"}],"version-history":[{"count":10,"href":"https:\/\/museodelacharreria.org.mx\/tr\/wp-json\/wp\/v2\/portfolio\/3214\/revisions"}],"predecessor-version":[{"id":3537,"href":"https:\/\/museodelacharreria.org.mx\/tr\/wp-json\/wp\/v2\/portfolio\/3214\/revisions\/3537"}],"wp:featuredmedia":[{"embeddable":true,"href":"https:\/\/museodelacharreria.org.mx\/tr\/wp-json\/wp\/v2\/media\/3218"}],"wp:attachment":[{"href":"https:\/\/museodelacharreria.org.mx\/tr\/wp-json\/wp\/v2\/media?parent=3214"}],"wp:term":[{"taxonomy":"post_tag","embeddable":true,"href":"https:\/\/museodelacharreria.org.mx\/tr\/wp-json\/wp\/v2\/tags?post=3214"},{"taxonomy":"portfolio_entries","embeddable":true,"href":"https:\/\/museodelacharreria.org.mx\/tr\/wp-json\/wp\/v2\/portfolio_entries?post=3214"}],"curies":[{"name":"wp","href":"https:\/\/api.w.org\/{rel}","templated":true}]}}