{"id":1794,"date":"2023-10-04T00:45:37","date_gmt":"2023-10-04T00:45:37","guid":{"rendered":"https:\/\/museodelacharreria.org.mx\/?page_id=1794"},"modified":"2024-12-06T07:17:30","modified_gmt":"2024-12-06T13:17:30","slug":"%e5%8d%81%e4%b8%83%e4%b8%96%e7%ba%aa","status":"publish","type":"page","link":"https:\/\/museodelacharreria.org.mx\/zh\/historia\/siglo-xvii\/","title":{"rendered":"17 \u4e16\u7eaa"},"content":{"rendered":"<style type=\"text\/css\" data-created_by=\"avia_inline_auto\" id=\"style-css-av-2xkel7-87357eb3d00228bb0e5f4eb664fd8109\">\n.avia-section.av-2xkel7-87357eb3d00228bb0e5f4eb664fd8109{\nbackground-repeat:no-repeat;\nbackground-image:url(https:\/\/museodelacharreria.org.mx\/wp-content\/uploads\/2023\/10\/1280px-Nebel_Voyage_31_Arrieros.jpg);\nbackground-position:50% 50%;\nbackground-attachment:scroll;\nmargin-top:0px;\nmargin-bottom:0px;\n}\n<\/style>\n<div id='av_section_1'  class='avia-section av-2xkel7-87357eb3d00228bb0e5f4eb664fd8109 main_color avia-section-default avia-no-border-styling  avia-builder-el-0  el_before_av_submenu  avia-builder-el-first  avia-full-stretch avia-bg-style-scroll av-minimum-height av-minimum-height-60 av-height-percent  container_wrap fullsize'  data-section-bg-repeat='stretch' data-av_minimum_height_pc='60' data-av_min_height_opt='percent'><div class='container av-section-cont-open' ><main  role=\"main\" itemprop=\"mainContentOfPage\"  class='template-page content  av-content-full alpha units'><div class='post-entry post-entry-type-page post-entry-1794'><div class='entry-content-wrapper clearfix'>\n\n<style type=\"text\/css\" data-created_by=\"avia_inline_auto\" id=\"style-css-av-lo66xesn-8e9b59b4309a14ab9f6a3c6e9e4f3c38\">\n.av_font_icon.av-lo66xesn-8e9b59b4309a14ab9f6a3c6e9e4f3c38 .av-icon-char{\nfont-size:20px;\nline-height:20px;\n}\n<\/style>\n<span  class='av_font_icon av-lo66xesn-8e9b59b4309a14ab9f6a3c6e9e4f3c38 avia_animate_when_visible av-icon-style- avia-icon-pos-right av-no-color avia-icon-animate'><span class='av-icon-char' aria-hidden='true' data-av_icon='\ue8e7' data-av_iconfont='entypo-fontello' data-avia-icon-tooltip=\"Imagen: &amp;#8220;Nebel Voyage 31 Arrieros&amp;#8221; 1836 Autor: Originally published in Carl Nebel, pittoresque et arch\u00e9ologique dans la partie la plus int\u00e9ressante du Mexique par C. Nebel, Architecte. Wikimedia Commons &amp;#8211; Dominio P\u00fablico.&lt;br \/&gt;\"><\/span><\/span>\n\n<\/div><\/div><\/main><!-- close content main element --><\/div><\/div><div class='clear'><\/div><div id='sub_menu1'  class='av-submenu-container av-5syjid-20cc2c243a2f2778b0c5c3a1afbb5dc1 main_color  avia-builder-el-2  el_after_av_section  el_before_av_one_full  av-sticky-submenu submenu-not-first container_wrap fullsize' style='z-index:301' ><div class='container av-menu-mobile-disabled av-submenu-pos-center'><ul id=\"menu-historia\" class=\"av-subnav-menu\" role=\"menu\"><li role=\"menuitem\" id=\"menu-item-1778\" class=\"menu-item menu-item-type-post_type menu-item-object-page menu-item-top-level menu-item-top-level-1\"><a href=\"https:\/\/museodelacharreria.org.mx\/zh\/historia\/siglo-xvi\/\" itemprop=\"url\" tabindex=\"0\"><span class=\"avia-bullet\"><\/span><span class=\"avia-menu-text\">16 \u4e16\u7eaa<\/span><span class=\"avia-menu-fx\"><span class=\"avia-arrow-wrap\"><span class=\"avia-arrow\"><\/span><\/span><\/span><\/a><\/li>\n<li role=\"menuitem\" id=\"menu-item-1797\" class=\"menu-item menu-item-type-post_type menu-item-object-page menu-item-top-level menu-item-top-level-2\"><a href=\"https:\/\/museodelacharreria.org.mx\/zh\/historia\/siglo-xvii\/\" itemprop=\"url\" tabindex=\"0\"><span class=\"avia-bullet\"><\/span><span class=\"avia-menu-text\">17 \u4e16\u7eaa<\/span><span class=\"avia-menu-fx\"><span class=\"avia-arrow-wrap\"><span class=\"avia-arrow\"><\/span><\/span><\/span><\/a><\/li>\n<li role=\"menuitem\" id=\"menu-item-1809\" class=\"menu-item menu-item-type-post_type menu-item-object-page menu-item-top-level menu-item-top-level-3\"><a href=\"https:\/\/museodelacharreria.org.mx\/zh\/historia\/siglo-xviii\/\" itemprop=\"url\" tabindex=\"0\"><span class=\"avia-bullet\"><\/span><span class=\"avia-menu-text\">18 \u4e16\u7eaa<\/span><span class=\"avia-menu-fx\"><span class=\"avia-arrow-wrap\"><span class=\"avia-arrow\"><\/span><\/span><\/span><\/a><\/li>\n<li role=\"menuitem\" id=\"menu-item-1818\" class=\"menu-item menu-item-type-post_type menu-item-object-page menu-item-top-level menu-item-top-level-4\"><a href=\"https:\/\/museodelacharreria.org.mx\/zh\/historia\/siglo-xix\/\" itemprop=\"url\" tabindex=\"0\"><span class=\"avia-bullet\"><\/span><span class=\"avia-menu-text\">19 \u4e16\u7eaa<\/span><span class=\"avia-menu-fx\"><span class=\"avia-arrow-wrap\"><span class=\"avia-arrow\"><\/span><\/span><\/span><\/a><\/li>\n<li role=\"menuitem\" id=\"menu-item-1840\" class=\"menu-item menu-item-type-post_type menu-item-object-page menu-item-top-level menu-item-top-level-5\"><a href=\"https:\/\/museodelacharreria.org.mx\/zh\/historia\/siglo-xx\/\" itemprop=\"url\" tabindex=\"0\"><span class=\"avia-bullet\"><\/span><span class=\"avia-menu-text\">20 \u4e16\u7eaa<\/span><span class=\"avia-menu-fx\"><span class=\"avia-arrow-wrap\"><span class=\"avia-arrow\"><\/span><\/span><\/span><\/a><\/li>\n<li role=\"menuitem\" id=\"menu-item-1863\" class=\"menu-item menu-item-type-post_type menu-item-object-page menu-item-top-level menu-item-top-level-6\"><a href=\"https:\/\/museodelacharreria.org.mx\/zh\/historia\/siglo-xxi\/\" itemprop=\"url\" tabindex=\"0\"><span class=\"avia-bullet\"><\/span><span class=\"avia-menu-text\">21 \u4e16\u7eaa<\/span><span class=\"avia-menu-fx\"><span class=\"avia-arrow-wrap\"><span class=\"avia-arrow\"><\/span><\/span><\/span><\/a><\/li>\n<\/ul><\/div><\/div><div class='sticky_placeholder'><\/div><div id='after_submenu_1'  class='main_color av_default_container_wrap container_wrap fullsize'  ><div class='container av-section-cont-open' ><div class='template-page content  av-content-full alpha units'><div class='post-entry post-entry-type-page post-entry-1794'><div class='entry-content-wrapper clearfix'>\n\n<style type=\"text\/css\" data-created_by=\"avia_inline_auto\" id=\"style-css-av-lnapyhdx-b289005ca77e5017eff9eca400f12de3\">\n#top .flex_column.av-lnapyhdx-b289005ca77e5017eff9eca400f12de3{\nmargin-top:-7%;\nmargin-bottom:0px;\n}\n.flex_column.av-lnapyhdx-b289005ca77e5017eff9eca400f12de3{\npadding:5% 5% 5% 5%;\nbackground-color:rgba(10,10,10,0.48);\n}\n.responsive #top #wrap_all .flex_column.av-lnapyhdx-b289005ca77e5017eff9eca400f12de3{\nmargin-top:-7%;\nmargin-bottom:0px;\n}\n<\/style>\n<div  class='flex_column av-lnapyhdx-b289005ca77e5017eff9eca400f12de3 av_one_full  avia-builder-el-3  el_after_av_submenu  avia-builder-el-no-sibling  first flex_column_div'     ><p>\n<style type=\"text\/css\" data-created_by=\"avia_inline_auto\" id=\"style-css-av-lnap3288-c3ee65fdb0d521181edc1d666e51a07d\">\n#top .av-special-heading.av-lnap3288-c3ee65fdb0d521181edc1d666e51a07d{\npadding-bottom:10px;\n}\nbody .av-special-heading.av-lnap3288-c3ee65fdb0d521181edc1d666e51a07d .av-special-heading-tag .heading-char{\nfont-size:25px;\n}\n.av-special-heading.av-lnap3288-c3ee65fdb0d521181edc1d666e51a07d .av-subheading{\nfont-size:15px;\n}\n<\/style>\n<div  class='av-special-heading av-lnap3288-c3ee65fdb0d521181edc1d666e51a07d av-special-heading-h2 blockquote modern-quote modern-centered  avia-builder-el-4  el_before_av_textblock  avia-builder-el-first'><h2 class='av-special-heading-tag'  itemprop=\"headline\"  >17 \u4e16\u7eaa<\/h2><div class='av-subheading av-subheading_below'><p>Charreria \u5728\u58a8\u897f\u54e5\u5386\u53f2\u4e0a\u7684\u6f14\u53d8<\/p>\n<\/div><div class=\"special-heading-border\"><div class=\"special-heading-inner-border\"><\/div><\/div><\/div><br \/>\n<section  class='av_textblock_section av-lnap26cr-22bc630749eb84fff7f01f2c3751306f'   itemscope=\"itemscope\" itemtype=\"https:\/\/schema.org\/CreativeWork\" ><div class='avia_textblock'  itemprop=\"text\" ><p>1609 \u5e74\uff0c\u603b\u7763\u660e\u786e\u6388\u6743\u6df7\u8840\u513f\u4f7f\u7528\u5e26\u6709\u9a6c\u978d\u3001\u8f94\u5934\u548c\u9a6c\u523a\u7684\u9a6c\u5339\u5728\u5927\u578b\u7267\u573a\u5de5\u4f5c\u3002<\/p>\n<p>17 \u4e16\u7eaa\uff0c\u58a8\u897f\u54e5\u5df2\u7ecf\u6709\u4e86\u4e00\u4e2a\u5e9e\u5927\u7684\u9e45\u5375\u77f3\u9053\u8def\u7f51\u3002\u9a6c\u8f66\u3001\u9a6c\u5339\u548c\u4e00\u671b\u65e0\u9645\u7684\u9aa1\u961f\u5728\u9aa1\u592b\u7684\u97ad\u7b56\u548c\u53e3\u54e8\u58f0\u4e2d\u8fd0\u9001\u7740\u5404\u79cd\u8d27\u7269\u3002\u6bcf\u5e74\uff0c\u8fd9\u4e9b\u8d27\u7269\u548c\u77ff\u4ea7\u90fd\u7531\u7ef3\u7d22\u536b\u961f\uff08\u5e74\u8f7b\u529b\u58ee\u3001\u8863\u7740\u6574\u9f50\u3001\u5168\u526f\u6b66\u88c5\u7684\u5370\u7b2c\u5b89\u4eba\u548c\u6df7\u8840\u513f\uff09\u4fdd\u62a4\uff0c\u7531\u4e2d\u56fd\u7459\uff08Nao de China\uff09\u8fd0\u5f80\u963f\u5361\u666e\u5c14\u79d1\uff08Acapulco\uff09\u3002<\/p>\n<p>\u7531\u4e8e\u524d\u54e5\u4f26\u5e03\u65f6\u671f\u7684\u91d1\u5320\u4eec\u5728\u670d\u88c5\u548c\u9a6c\u5177\u4e0a\u6dfb\u52a0\u4e86\u94f6\u9970\uff0c\u56e0\u6b64\u590f\u6d1b\u4eba\u7684\u670d\u88c5\u5177\u6709\u5962\u534e\u7684\u7279\u70b9\u3002<\/p>\n<p>\u5e84\u56ed\u662f 17 \u4e16\u7eaa\u53d1\u5c55\u8d77\u6765\u7684\u751f\u4ea7\u5355\u4f4d\uff0c\u662f\u65b0\u897f\u73ed\u7259\u7ecf\u6d4e\u751f\u6d3b\u7684\u7279\u70b9\u3002\u6b63\u662f\u5728\u8fd9\u91cc\uff0c\u6df7\u8840\u513f\u4eec\u6210\u4e3a\u4e86\u9a91\u5e08\u548c\u755c\u7267\u4e13\u5bb6\uff0c\u4ed6\u4eec\u5728\u4e61\u6751\u7684\u65e5\u5e38\u5de5\u4f5c\u56e0\u6280\u5de7\u548c\u80c6\u8bc6\u5360\u4e3b\u5bfc\u5730\u4f4d\u7684\u5404\u79cd\u6f14\u4e60\u800c\u53d8\u5f97\u751f\u52a8\u6d3b\u6cfc\uff0c\u8fd9\u4e9b\u6f14\u4e60\u91c7\u7528\u4e86\u975e\u5e38\u72ec\u7279\u7684\u65b9\u5f0f\uff0c\u5305\u62ec\u5957\u7d22\u3001\u8ffd\u968f\u516c\u725b\u3001\u9a6f\u670d\u548c\u9a91\u672f\u3002<\/p>\n<\/div><\/section><\/p><\/div>","protected":false},"excerpt":{"rendered":"","protected":false},"author":2,"featured_media":1799,"parent":56,"menu_order":0,"comment_status":"closed","ping_status":"closed","template":"","meta":{"footnotes":""},"class_list":["post-1794","page","type-page","status-publish","has-post-thumbnail","hentry"],"yoast_head":"<!-- This site is optimized with the Yoast SEO plugin v27.4 - https:\/\/yoast.com\/product\/yoast-seo-wordpress\/ -->\n<title>SIGLO XVII - Museo de la Charrer\u00eda CDMX<\/title>\n<meta name=\"robots\" content=\"index, follow, max-snippet:-1, max-image-preview:large, max-video-preview:-1\" \/>\n<link rel=\"canonical\" href=\"https:\/\/museodelacharreria.org.mx\/zh\/\u5386\u53f2\/\u5341\u4e03\u4e16\u7eaa\/\" \/>\n<meta property=\"og:locale\" content=\"zh_CN\" \/>\n<meta property=\"og:type\" content=\"article\" \/>\n<meta property=\"og:title\" content=\"SIGLO XVII - Museo de la Charrer\u00eda CDMX\" \/>\n<meta property=\"og:url\" content=\"https:\/\/museodelacharreria.org.mx\/zh\/\u5386\u53f2\/\u5341\u4e03\u4e16\u7eaa\/\" \/>\n<meta property=\"og:site_name\" content=\"Museo de la Charrer\u00eda CDMX\" \/>\n<meta property=\"article:modified_time\" content=\"2024-12-06T13:17:30+00:00\" \/>\n<meta property=\"og:image\" content=\"https:\/\/museodelacharreria.org.mx\/wp-content\/uploads\/2023\/10\/1280px-Nebel_Voyage_31_Arrieros.jpg\" \/>\n\t<meta property=\"og:image:width\" content=\"1280\" \/>\n\t<meta property=\"og:image:height\" content=\"953\" \/>\n\t<meta property=\"og:image:type\" content=\"image\/jpeg\" \/>\n<meta name=\"twitter:card\" content=\"summary_large_image\" \/>\n<meta name=\"twitter:label1\" content=\"\u9884\u8ba1\u9605\u8bfb\u65f6\u95f4\" \/>\n\t<meta name=\"twitter:data1\" content=\"2 \u5206\" \/>\n<script type=\"application\/ld+json\" class=\"yoast-schema-graph\">{\"@context\":\"https:\\\/\\\/schema.org\",\"@graph\":[{\"@type\":\"WebPage\",\"@id\":\"https:\\\/\\\/museodelacharreria.org.mx\\\/historia\\\/siglo-xvii\\\/\",\"url\":\"https:\\\/\\\/museodelacharreria.org.mx\\\/historia\\\/siglo-xvii\\\/\",\"name\":\"SIGLO XVII - Museo de la Charrer\u00eda CDMX\",\"isPartOf\":{\"@id\":\"https:\\\/\\\/museodelacharreria.org.mx\\\/#website\"},\"primaryImageOfPage\":{\"@id\":\"https:\\\/\\\/museodelacharreria.org.mx\\\/historia\\\/siglo-xvii\\\/#primaryimage\"},\"image\":{\"@id\":\"https:\\\/\\\/museodelacharreria.org.mx\\\/historia\\\/siglo-xvii\\\/#primaryimage\"},\"thumbnailUrl\":\"https:\\\/\\\/museodelacharreria.org.mx\\\/wp-content\\\/uploads\\\/2023\\\/10\\\/1280px-Nebel_Voyage_31_Arrieros.jpg\",\"datePublished\":\"2023-10-04T00:45:37+00:00\",\"dateModified\":\"2024-12-06T13:17:30+00:00\",\"breadcrumb\":{\"@id\":\"https:\\\/\\\/museodelacharreria.org.mx\\\/historia\\\/siglo-xvii\\\/#breadcrumb\"},\"inLanguage\":\"zh-Hans\",\"potentialAction\":[{\"@type\":\"ReadAction\",\"target\":[\"https:\\\/\\\/museodelacharreria.org.mx\\\/historia\\\/siglo-xvii\\\/\"]}]},{\"@type\":\"ImageObject\",\"inLanguage\":\"zh-Hans\",\"@id\":\"https:\\\/\\\/museodelacharreria.org.mx\\\/historia\\\/siglo-xvii\\\/#primaryimage\",\"url\":\"https:\\\/\\\/museodelacharreria.org.mx\\\/wp-content\\\/uploads\\\/2023\\\/10\\\/1280px-Nebel_Voyage_31_Arrieros.jpg\",\"contentUrl\":\"https:\\\/\\\/museodelacharreria.org.mx\\\/wp-content\\\/uploads\\\/2023\\\/10\\\/1280px-Nebel_Voyage_31_Arrieros.jpg\",\"width\":1280,\"height\":953},{\"@type\":\"BreadcrumbList\",\"@id\":\"https:\\\/\\\/museodelacharreria.org.mx\\\/historia\\\/siglo-xvii\\\/#breadcrumb\",\"itemListElement\":[{\"@type\":\"ListItem\",\"position\":1,\"name\":\"Portada\",\"item\":\"https:\\\/\\\/museodelacharreria.org.mx\\\/inicio\\\/\"},{\"@type\":\"ListItem\",\"position\":2,\"name\":\"HISTORIA\",\"item\":\"https:\\\/\\\/museodelacharreria.org.mx\\\/historia\\\/\"},{\"@type\":\"ListItem\",\"position\":3,\"name\":\"SIGLO XVII\"}]},{\"@type\":\"WebSite\",\"@id\":\"https:\\\/\\\/museodelacharreria.org.mx\\\/#website\",\"url\":\"https:\\\/\\\/museodelacharreria.org.mx\\\/\",\"name\":\"Museo de la Charrer\u00eda CDMX\",\"description\":\"Historia y tradici\u00f3n, patrimonio cultural inmaterial de la humanidad UNESCO\",\"publisher\":{\"@id\":\"https:\\\/\\\/museodelacharreria.org.mx\\\/#organization\"},\"potentialAction\":[{\"@type\":\"SearchAction\",\"target\":{\"@type\":\"EntryPoint\",\"urlTemplate\":\"https:\\\/\\\/museodelacharreria.org.mx\\\/?s={search_term_string}\"},\"query-input\":{\"@type\":\"PropertyValueSpecification\",\"valueRequired\":true,\"valueName\":\"search_term_string\"}}],\"inLanguage\":\"zh-Hans\"},{\"@type\":\"Organization\",\"@id\":\"https:\\\/\\\/museodelacharreria.org.mx\\\/#organization\",\"name\":\"Museo de la Charrer\u00eda Ciudad de M\u00e9xico\",\"alternateName\":\"Museo de la Charrer\u00eda CDMX\",\"url\":\"https:\\\/\\\/museodelacharreria.org.mx\\\/\",\"logo\":{\"@type\":\"ImageObject\",\"inLanguage\":\"zh-Hans\",\"@id\":\"https:\\\/\\\/museodelacharreria.org.mx\\\/#\\\/schema\\\/logo\\\/image\\\/\",\"url\":\"https:\\\/\\\/museodelacharreria.org.mx\\\/wp-content\\\/uploads\\\/2023\\\/07\\\/Logo-Museo-de-la-Charreria-b-n.png\",\"contentUrl\":\"https:\\\/\\\/museodelacharreria.org.mx\\\/wp-content\\\/uploads\\\/2023\\\/07\\\/Logo-Museo-de-la-Charreria-b-n.png\",\"width\":500,\"height\":250,\"caption\":\"Museo de la Charrer\u00eda Ciudad de M\u00e9xico\"},\"image\":{\"@id\":\"https:\\\/\\\/museodelacharreria.org.mx\\\/#\\\/schema\\\/logo\\\/image\\\/\"},\"sameAs\":[\"https:\\\/\\\/www.youtube.com\\\/@MuseoDeLaCharreria\"]}]}<\/script>\n<!-- \/ Yoast SEO plugin. -->","yoast_head_json":{"title":"17 \u4e16\u7eaa - CDMX \u67e5\u7406\u91cc\u4e9a\u535a\u7269\u9986","robots":{"index":"index","follow":"follow","max-snippet":"max-snippet:-1","max-image-preview":"max-image-preview:large","max-video-preview":"max-video-preview:-1"},"canonical":"https:\/\/museodelacharreria.org.mx\/zh\/\u5386\u53f2\/\u5341\u4e03\u4e16\u7eaa\/","og_locale":"zh_CN","og_type":"article","og_title":"SIGLO XVII - Museo de la Charrer\u00eda CDMX","og_url":"https:\/\/museodelacharreria.org.mx\/zh\/\u5386\u53f2\/\u5341\u4e03\u4e16\u7eaa\/","og_site_name":"Museo de la Charrer\u00eda CDMX","article_modified_time":"2024-12-06T13:17:30+00:00","og_image":[{"width":1280,"height":953,"url":"https:\/\/museodelacharreria.org.mx\/wp-content\/uploads\/2023\/10\/1280px-Nebel_Voyage_31_Arrieros.jpg","type":"image\/jpeg"}],"twitter_card":"summary_large_image","twitter_misc":{"\u9884\u8ba1\u9605\u8bfb\u65f6\u95f4":"2 \u5206"},"schema":{"@context":"https:\/\/schema.org","@graph":[{"@type":"WebPage","@id":"https:\/\/museodelacharreria.org.mx\/historia\/siglo-xvii\/","url":"https:\/\/museodelacharreria.org.mx\/historia\/siglo-xvii\/","name":"17 \u4e16\u7eaa - CDMX \u67e5\u7406\u91cc\u4e9a\u535a\u7269\u9986","isPartOf":{"@id":"https:\/\/museodelacharreria.org.mx\/#website"},"primaryImageOfPage":{"@id":"https:\/\/museodelacharreria.org.mx\/historia\/siglo-xvii\/#primaryimage"},"image":{"@id":"https:\/\/museodelacharreria.org.mx\/historia\/siglo-xvii\/#primaryimage"},"thumbnailUrl":"https:\/\/museodelacharreria.org.mx\/wp-content\/uploads\/2023\/10\/1280px-Nebel_Voyage_31_Arrieros.jpg","datePublished":"2023-10-04T00:45:37+00:00","dateModified":"2024-12-06T13:17:30+00:00","breadcrumb":{"@id":"https:\/\/museodelacharreria.org.mx\/historia\/siglo-xvii\/#breadcrumb"},"inLanguage":"zh-Hans","potentialAction":[{"@type":"ReadAction","target":["https:\/\/museodelacharreria.org.mx\/historia\/siglo-xvii\/"]}]},{"@type":"ImageObject","inLanguage":"zh-Hans","@id":"https:\/\/museodelacharreria.org.mx\/historia\/siglo-xvii\/#primaryimage","url":"https:\/\/museodelacharreria.org.mx\/wp-content\/uploads\/2023\/10\/1280px-Nebel_Voyage_31_Arrieros.jpg","contentUrl":"https:\/\/museodelacharreria.org.mx\/wp-content\/uploads\/2023\/10\/1280px-Nebel_Voyage_31_Arrieros.jpg","width":1280,"height":953},{"@type":"BreadcrumbList","@id":"https:\/\/museodelacharreria.org.mx\/historia\/siglo-xvii\/#breadcrumb","itemListElement":[{"@type":"ListItem","position":1,"name":"Portada","item":"https:\/\/museodelacharreria.org.mx\/inicio\/"},{"@type":"ListItem","position":2,"name":"HISTORIA","item":"https:\/\/museodelacharreria.org.mx\/historia\/"},{"@type":"ListItem","position":3,"name":"SIGLO XVII"}]},{"@type":"WebSite","@id":"https:\/\/museodelacharreria.org.mx\/#website","url":"https:\/\/museodelacharreria.org.mx\/","name":"Charreria \u535a\u7269\u9986 CDMX","description":"\u5386\u53f2\u4e0e\u4f20\u7edf\uff0c\u4eba\u7c7b\u975e\u7269\u8d28\u6587\u5316\u9057\u4ea7 \u6559\u79d1\u6587\u7ec4\u7ec7","publisher":{"@id":"https:\/\/museodelacharreria.org.mx\/#organization"},"potentialAction":[{"@type":"SearchAction","target":{"@type":"EntryPoint","urlTemplate":"https:\/\/museodelacharreria.org.mx\/?s={search_term_string}"},"query-input":{"@type":"PropertyValueSpecification","valueRequired":true,"valueName":"search_term_string"}}],"inLanguage":"zh-Hans"},{"@type":"Organization","@id":"https:\/\/museodelacharreria.org.mx\/#organization","name":"\u58a8\u897f\u54e5\u57ce Charreria \u535a\u7269\u9986","alternateName":"Museo de la Charrer\u00eda CDMX","url":"https:\/\/museodelacharreria.org.mx\/","logo":{"@type":"ImageObject","inLanguage":"zh-Hans","@id":"https:\/\/museodelacharreria.org.mx\/#\/schema\/logo\/image\/","url":"https:\/\/museodelacharreria.org.mx\/wp-content\/uploads\/2023\/07\/Logo-Museo-de-la-Charreria-b-n.png","contentUrl":"https:\/\/museodelacharreria.org.mx\/wp-content\/uploads\/2023\/07\/Logo-Museo-de-la-Charreria-b-n.png","width":500,"height":250,"caption":"Museo de la Charrer\u00eda Ciudad de M\u00e9xico"},"image":{"@id":"https:\/\/museodelacharreria.org.mx\/#\/schema\/logo\/image\/"},"sameAs":["https:\/\/www.youtube.com\/@MuseoDeLaCharreria"]}]}},"_links":{"self":[{"href":"https:\/\/museodelacharreria.org.mx\/zh\/wp-json\/wp\/v2\/pages\/1794","targetHints":{"allow":["GET"]}}],"collection":[{"href":"https:\/\/museodelacharreria.org.mx\/zh\/wp-json\/wp\/v2\/pages"}],"about":[{"href":"https:\/\/museodelacharreria.org.mx\/zh\/wp-json\/wp\/v2\/types\/page"}],"author":[{"embeddable":true,"href":"https:\/\/museodelacharreria.org.mx\/zh\/wp-json\/wp\/v2\/users\/2"}],"replies":[{"embeddable":true,"href":"https:\/\/museodelacharreria.org.mx\/zh\/wp-json\/wp\/v2\/comments?post=1794"}],"version-history":[{"count":14,"href":"https:\/\/museodelacharreria.org.mx\/zh\/wp-json\/wp\/v2\/pages\/1794\/revisions"}],"predecessor-version":[{"id":3988,"href":"https:\/\/museodelacharreria.org.mx\/zh\/wp-json\/wp\/v2\/pages\/1794\/revisions\/3988"}],"up":[{"embeddable":true,"href":"https:\/\/museodelacharreria.org.mx\/zh\/wp-json\/wp\/v2\/pages\/56"}],"wp:featuredmedia":[{"embeddable":true,"href":"https:\/\/museodelacharreria.org.mx\/zh\/wp-json\/wp\/v2\/media\/1799"}],"wp:attachment":[{"href":"https:\/\/museodelacharreria.org.mx\/zh\/wp-json\/wp\/v2\/media?parent=1794"}],"curies":[{"name":"wp","href":"https:\/\/api.w.org\/{rel}","templated":true}]}}