{"id":56,"date":"2023-07-14T06:08:27","date_gmt":"2023-07-14T06:08:27","guid":{"rendered":"https:\/\/museodelacharreria.org.mx\/?page_id=56"},"modified":"2023-12-27T03:48:45","modified_gmt":"2023-12-27T03:48:45","slug":"%e5%8e%86%e5%8f%b2","status":"publish","type":"page","link":"https:\/\/museodelacharreria.org.mx\/zh\/historia\/","title":{"rendered":"\u5386\u53f2"},"content":{"rendered":"<style type=\"text\/css\" data-created_by=\"avia_inline_auto\" id=\"style-css-av-lnax0rdt-de9dcdb317346be831a2adb466d719c3\">\n.avia-section.av-lnax0rdt-de9dcdb317346be831a2adb466d719c3{\nbackground-repeat:no-repeat;\nbackground-image:url(https:\/\/museodelacharreria.org.mx\/wp-content\/uploads\/2023\/10\/Conquista-de-Mexico-por-Cortes-Tenochtitlan-Painting-1.png);\nbackground-position:50% 50%;\nbackground-attachment:scroll;\n}\n<\/style>\n<div id='av_section_1'  class='avia-section av-lnax0rdt-de9dcdb317346be831a2adb466d719c3 main_color avia-section-no-padding avia-no-border-styling  avia-builder-el-0  el_before_av_submenu  avia-builder-el-first  avia-full-stretch avia-bg-style-scroll av-minimum-height av-minimum-height-80 av-height-percent  container_wrap fullsize'  data-section-bg-repeat='stretch' data-av_minimum_height_pc='80' data-av_min_height_opt='percent'><div class=\"av-section-color-overlay-wrap\"><a href='#next-section' title='' class='scroll-down-link' aria-hidden='true' data-av_icon='\ue877' data-av_iconfont='entypo-fontello'><\/a><div class='container av-section-cont-open' ><main  role=\"main\" itemprop=\"mainContentOfPage\"  class='template-page content  av-content-full alpha units'><div class='post-entry post-entry-type-page post-entry-56'><div class='entry-content-wrapper clearfix'>\n\n<style type=\"text\/css\" data-created_by=\"avia_inline_auto\" id=\"style-css-av-lnc0kk1v-461820ee4090129373924cb70149500a\">\n#top .av-special-heading.av-lnc0kk1v-461820ee4090129373924cb70149500a{\nmargin:50% 0 0 0;\npadding-bottom:10px;\n}\nbody .av-special-heading.av-lnc0kk1v-461820ee4090129373924cb70149500a .av-special-heading-tag .heading-char{\nfont-size:25px;\n}\n.av-special-heading.av-lnc0kk1v-461820ee4090129373924cb70149500a .av-subheading{\nfont-size:15px;\n}\n<\/style>\n<div  class='av-special-heading av-lnc0kk1v-461820ee4090129373924cb70149500a av-special-heading-h1 blockquote modern-quote  avia-builder-el-1  el_before_av_font_icon  avia-builder-el-first'><h1 class='av-special-heading-tag'  itemprop=\"headline\"  >\u70e4\u8089\u5e97\u7684\u5386\u53f2<\/h1><div class=\"special-heading-border\"><div class=\"special-heading-inner-border\"><\/div><\/div><\/div>\n\n<style type=\"text\/css\" data-created_by=\"avia_inline_auto\" id=\"style-css-av-lo6esvx5-900f449e79bb33633a9e4eb5abe3f370\">\n.av_font_icon.av-lo6esvx5-900f449e79bb33633a9e4eb5abe3f370 .av-icon-char{\nfont-size:20px;\nline-height:20px;\n}\n<\/style>\n<span  class='av_font_icon av-lo6esvx5-900f449e79bb33633a9e4eb5abe3f370 avia_animate_when_visible av-icon-style- avia-icon-pos-right av-no-color avia-icon-animate'><span class='av-icon-char' aria-hidden='true' data-av_icon='\ue8e7' data-av_iconfont='entypo-fontello' data-avia-icon-tooltip=\"Imagen: La Conquista de Me\u0301xico por Corte\u0301s Tenochtitl\u00e1n &amp;#8211; Pintura &amp;#8211; Autor An\u00f3nimo &amp;#8211; Wikimedia Commons &amp;#8211; Dominio P\u00fablico&lt;br \/&gt;\"><\/span><\/span>\n\n<\/div><\/div><\/main><!-- close content main element --><\/div><\/div><\/div><div class='clear'><\/div><div id='sub_menu1'  class='av-submenu-container av-27o3k-67e7394f1dfd8668f9fd14daa1de9bab main_color  avia-builder-el-3  el_after_av_section  el_before_av_textblock  av-sticky-submenu submenu-not-first container_wrap fullsize' style='z-index:301' ><div class='container av-menu-mobile-disabled av-submenu-pos-center'><ul id=\"menu-historia\" class=\"av-subnav-menu\" role=\"menu\"><li role=\"menuitem\" id=\"menu-item-1778\" class=\"menu-item menu-item-type-post_type menu-item-object-page menu-item-top-level menu-item-top-level-1\"><a href=\"https:\/\/museodelacharreria.org.mx\/zh\/historia\/siglo-xvi\/\" itemprop=\"url\" tabindex=\"0\"><span class=\"avia-bullet\"><\/span><span class=\"avia-menu-text\">16 \u4e16\u7eaa<\/span><span class=\"avia-menu-fx\"><span class=\"avia-arrow-wrap\"><span class=\"avia-arrow\"><\/span><\/span><\/span><\/a><\/li>\n<li role=\"menuitem\" id=\"menu-item-1797\" class=\"menu-item menu-item-type-post_type menu-item-object-page menu-item-top-level menu-item-top-level-2\"><a href=\"https:\/\/museodelacharreria.org.mx\/zh\/historia\/siglo-xvii\/\" itemprop=\"url\" tabindex=\"0\"><span class=\"avia-bullet\"><\/span><span class=\"avia-menu-text\">17 \u4e16\u7eaa<\/span><span class=\"avia-menu-fx\"><span class=\"avia-arrow-wrap\"><span class=\"avia-arrow\"><\/span><\/span><\/span><\/a><\/li>\n<li role=\"menuitem\" id=\"menu-item-1809\" class=\"menu-item menu-item-type-post_type menu-item-object-page menu-item-top-level menu-item-top-level-3\"><a href=\"https:\/\/museodelacharreria.org.mx\/zh\/historia\/siglo-xviii\/\" itemprop=\"url\" tabindex=\"0\"><span class=\"avia-bullet\"><\/span><span class=\"avia-menu-text\">18 \u4e16\u7eaa<\/span><span class=\"avia-menu-fx\"><span class=\"avia-arrow-wrap\"><span class=\"avia-arrow\"><\/span><\/span><\/span><\/a><\/li>\n<li role=\"menuitem\" id=\"menu-item-1818\" class=\"menu-item menu-item-type-post_type menu-item-object-page menu-item-top-level menu-item-top-level-4\"><a href=\"https:\/\/museodelacharreria.org.mx\/zh\/historia\/siglo-xix\/\" itemprop=\"url\" tabindex=\"0\"><span class=\"avia-bullet\"><\/span><span class=\"avia-menu-text\">19 \u4e16\u7eaa<\/span><span class=\"avia-menu-fx\"><span class=\"avia-arrow-wrap\"><span class=\"avia-arrow\"><\/span><\/span><\/span><\/a><\/li>\n<li role=\"menuitem\" id=\"menu-item-1840\" class=\"menu-item menu-item-type-post_type menu-item-object-page menu-item-top-level menu-item-top-level-5\"><a href=\"https:\/\/museodelacharreria.org.mx\/zh\/historia\/siglo-xx\/\" itemprop=\"url\" tabindex=\"0\"><span class=\"avia-bullet\"><\/span><span class=\"avia-menu-text\">20 \u4e16\u7eaa<\/span><span class=\"avia-menu-fx\"><span class=\"avia-arrow-wrap\"><span class=\"avia-arrow\"><\/span><\/span><\/span><\/a><\/li>\n<li role=\"menuitem\" id=\"menu-item-1863\" class=\"menu-item menu-item-type-post_type menu-item-object-page menu-item-top-level menu-item-top-level-6\"><a href=\"https:\/\/museodelacharreria.org.mx\/zh\/historia\/siglo-xxi\/\" itemprop=\"url\" tabindex=\"0\"><span class=\"avia-bullet\"><\/span><span class=\"avia-menu-text\">21 \u4e16\u7eaa<\/span><span class=\"avia-menu-fx\"><span class=\"avia-arrow-wrap\"><span class=\"avia-arrow\"><\/span><\/span><\/span><\/a><\/li>\n<\/ul><\/div><\/div><div class='sticky_placeholder'><\/div><div id='after_submenu_1'  class='main_color av_default_container_wrap container_wrap fullsize'  ><div class='container av-section-cont-open' ><div class='template-page content  av-content-full alpha units'><div class='post-entry post-entry-type-page post-entry-56'><div class='entry-content-wrapper clearfix'>\n<section  class='av_textblock_section av-lnci5cki-ac405f1701df5c403133f90dc4c62fd7'   itemscope=\"itemscope\" itemtype=\"https:\/\/schema.org\/CreativeWork\" ><div class='avia_textblock'  itemprop=\"text\" ><h3 style=\"text-align: center;\">\u590f\u5c14\u52d2\u91cc\u4e9a\uff08Charreria\uff09\uff1a\u7531\u755c\u7267\u4e1a\u3001\u5546\u4e1a\u548c\u519b\u4e8b\u6d3b\u52a8\u5f62\u6210\u7684\u9057\u4ea7\uff0c\u662f\u58a8\u897f\u54e5\u7ecf\u6d4e\u548c\u6587\u5316\u7684\u6807\u5fd7\u3002\u4ece\u6700\u521d\u4f5c\u4e3a\u4e00\u9879\u91cd\u8981\u7684\u7ecf\u6d4e\u6d3b\u52a8\uff0c\u5230\u8f6c\u53d8\u4e3a\u4e00\u79cd\u6807\u5fd7\u6027\u7684\u6587\u5316\u8868\u73b0\u5f62\u5f0f\u548c\u5353\u8d8a\u7684\u56fd\u5bb6\u4f53\u80b2\u8fd0\u52a8\uff0cCharrer\u00eda \u4e00\u76f4\u662f\u6784\u5efa\u58a8\u897f\u54e5\u7279\u5f81\u7684\u57fa\u672c\u652f\u67f1\uff0c\u5e76\u5728\u56fd\u5bb6\u7684\u7ecf\u6d4e\u548c\u6587\u5316\u5386\u53f2\u4e0a\u7559\u4e0b\u4e86\u4e0d\u53ef\u78e8\u706d\u7684\u5370\u8bb0\u3002Charrer\u00eda \u535a\u7269\u9986\u8ba9\u60a8\u4f53\u9a8c\u5230\u8fd9\u516d\u4e2a\u4e16\u7eaa\u5bf9\u58a8\u897f\u54e5\u7684\u5f71\u54cd\u3002<\/h3>\n<\/div><\/section>\n<\/div><\/div><\/div><!-- close content main div --><\/div><\/div><div id='av-layout-grid-1'  class='av-layout-grid-container av-49u08-0bcbb013616ec9bd678d26a7f2fab748 entry-content-wrapper main_color av-border-top-bottom av-flex-cells  avia-builder-el-5  el_after_av_textblock  el_before_av_layout_row  av-cell-min-height av-cell-min-height-25 grid-row-not-first  container_wrap fullsize'   data-av_minimum_height_pc='25'>\n\n<style type=\"text\/css\" data-created_by=\"avia_inline_auto\" id=\"style-css-av-412cc-b5790f9c45bca735dc7f78b8b1a941c6\">\n.flex_cell.av-412cc-b5790f9c45bca735dc7f78b8b1a941c6{\nvertical-align:middle;\n}\n.responsive #top #wrap_all .flex_cell.av-412cc-b5790f9c45bca735dc7f78b8b1a941c6{\npadding:5% 0 %5 10% !important;\n}\n<\/style>\n<div class='flex_cell av-412cc-b5790f9c45bca735dc7f78b8b1a941c6 av-gridrow-cell av_one_half no_margin  avia-builder-el-6  el_before_av_cell_one_half  avia-builder-el-first'  ><div class='flex_cell_inner'>\n<style type=\"text\/css\" data-created_by=\"avia_inline_auto\" id=\"style-css-av-39ez0-770284db2f6791056b5d384d52778e06\">\n.avia-image-container.av-39ez0-770284db2f6791056b5d384d52778e06 img.avia_image{\nbox-shadow:none;\n}\n.avia-image-container.av-39ez0-770284db2f6791056b5d384d52778e06 .av-image-caption-overlay-center{\ncolor:#ffffff;\n}\n<\/style>\n<div  class='avia-image-container av-39ez0-770284db2f6791056b5d384d52778e06 av-styling- avia-align-center  avia-builder-el-7  avia-builder-el-no-sibling  av-has-copyright av-copyright-icon-reveal'   itemprop=\"image\" itemscope=\"itemscope\" itemtype=\"https:\/\/schema.org\/ImageObject\" ><div class=\"avia-image-container-inner\"><div class=\"avia-image-overlay-wrap\"><img decoding=\"async\" fetchpriority=\"high\" class='wp-image-1948 avia-img-lazy-loading-not-1948 avia_image' src=\"https:\/\/museodelacharreria.org.mx\/wp-content\/uploads\/2023\/10\/Conquista-de-Mexico-por-Cortes-Tenochtitlan-Painting-1-400x266.png\" alt='\u79d1\u5c14\u7279\u65af\u5f81\u670d\u58a8\u897f\u54e5 \u7279\u8bfa\u5947\u8482\u7279\u5170 \u7ed8\u753b \u4f5c\u8005\uff1a\u4f5a\u540d - \u7ef4\u57fa\u5171\u4eab\u8d44\u6e90 - \u516c\u5171\u9886\u57df' title='\u79d1\u5c14\u7279\u65af-\u7279\u8bfa\u5947\u8482\u7279\u5170\u5f81\u670d\u58a8\u897f\u54e5\u7ed8\u753b (1)'  height=\"266\" width=\"400\"  itemprop=\"thumbnailUrl\" srcset=\"https:\/\/museodelacharreria.org.mx\/wp-content\/uploads\/2023\/10\/Conquista-de-Mexico-por-Cortes-Tenochtitlan-Painting-1-400x266.png 400w, https:\/\/museodelacharreria.org.mx\/wp-content\/uploads\/2023\/10\/Conquista-de-Mexico-por-Cortes-Tenochtitlan-Painting-1-768x511.png 768w, https:\/\/museodelacharreria.org.mx\/wp-content\/uploads\/2023\/10\/Conquista-de-Mexico-por-Cortes-Tenochtitlan-Painting-1-1536x1022.png 1536w, https:\/\/museodelacharreria.org.mx\/wp-content\/uploads\/2023\/10\/Conquista-de-Mexico-por-Cortes-Tenochtitlan-Painting-1-1500x998.png 1500w, https:\/\/museodelacharreria.org.mx\/wp-content\/uploads\/2023\/10\/Conquista-de-Mexico-por-Cortes-Tenochtitlan-Painting-1-705x469.png 705w, https:\/\/museodelacharreria.org.mx\/wp-content\/uploads\/2023\/10\/Conquista-de-Mexico-por-Cortes-Tenochtitlan-Painting-1.png 1920w\" sizes=\"(max-width: 400px) 100vw, 400px\" \/><\/div><small class=\"avia-copyright\">\u79d1\u5c14\u7279\u65af\u5f81\u670d\u58a8\u897f\u54e5 \u7279\u8bfa\u5947\u8482\u7279\u5170 \u7ed8\u753b \u4f5c\u8005\uff1a\u4f5a\u540d - \u7ef4\u57fa\u5171\u4eab\u8d44\u6e90 - \u516c\u5171\u9886\u57df<\/small><\/div><\/div>\n<\/div><\/div>\n<style type=\"text\/css\" data-created_by=\"avia_inline_auto\" id=\"style-css-av-9h8w-beb960a9c70729e9158052766397de20\">\n.flex_cell.av-9h8w-beb960a9c70729e9158052766397de20{\nvertical-align:middle;\n}\n.responsive #top #wrap_all .flex_cell.av-9h8w-beb960a9c70729e9158052766397de20{\npadding:5% 20% 5% 0 !important;\n}\n<\/style>\n<div class='flex_cell av-9h8w-beb960a9c70729e9158052766397de20 av-gridrow-cell av_one_half no_margin  avia-builder-el-8  el_after_av_cell_one_half  avia-builder-el-last'  ><div class='flex_cell_inner'><p>\n<style type=\"text\/css\" data-created_by=\"avia_inline_auto\" id=\"style-css-av-2d25o-ffb770323171ecddbb1443c765d1ad09\">\n#top .av-special-heading.av-2d25o-ffb770323171ecddbb1443c765d1ad09{\npadding-bottom:10px;\n}\nbody .av-special-heading.av-2d25o-ffb770323171ecddbb1443c765d1ad09 .av-special-heading-tag .heading-char{\nfont-size:25px;\n}\n.av-special-heading.av-2d25o-ffb770323171ecddbb1443c765d1ad09 .av-subheading{\nfont-size:15px;\n}\n<\/style>\n<div  class='av-special-heading av-2d25o-ffb770323171ecddbb1443c765d1ad09 av-special-heading-h2 blockquote modern-quote  avia-builder-el-9  el_before_av_textblock  avia-builder-el-first'><h2 class='av-special-heading-tag'  itemprop=\"headline\"  >16 \u4e16\u7eaa<\/h2><div class='av-subheading av-subheading_below'><p>\u9a6c\u5339\u62b5\u8fbe\u58a8\u897f\u54e5<\/p>\n<\/div><div class=\"special-heading-border\"><div class=\"special-heading-inner-border\"><\/div><\/div><\/div><br \/>\n<section  class='av_textblock_section av-1eds0-7caa62aa6c4118b0e5739d8fa8a716a8'   itemscope=\"itemscope\" itemtype=\"https:\/\/schema.org\/CreativeWork\" ><div class='avia_textblock'  itemprop=\"text\" ><p>\u6211\u56fd\u9a6c\u672f\u4f20\u7edf\u7684\u5386\u53f2\u59cb\u4e8e\u57c3\u5c14\u5357-\u79d1\u5c14\u7279\u65af\uff08Hern\u00e1n Cort\u00e9s\uff09\u6307\u6325\u4e0b\u7684\u5361\u65af\u7279\u62c9\u8bfa\u4eba\u62b5\u8fbe\u58a8\u897f\u54e5\u3002<\/p>\n<\/div><\/section><br \/>\n<div  class='avia-button-wrap av-qac8-98e8c954bd65e82c068ead6921c8cc9b-wrap avia-button-right  avia-builder-el-11  el_after_av_textblock  avia-builder-el-last'><a href='https:\/\/museodelacharreria.org.mx\/zh\/historia\/siglo-xvi\/'  class='avia-button av-qac8-98e8c954bd65e82c068ead6921c8cc9b av-link-btn avia-icon_select-yes-left-icon avia-size-small avia-position-right avia-color-light'   aria-label=\"\u9605\u8bfb\u66f4\u591a\"><span class='avia_button_icon avia_button_icon_left' aria-hidden='true' data-av_icon='\ue817' data-av_iconfont='entypo-fontello'><\/span><span class='avia_iconbox_title' >\u9605\u8bfb\u66f4\u591a<\/span><\/a><\/div><\/p>\n<\/div><\/div>\n<\/div>\n<div id='av-layout-grid-2'  class='av-layout-grid-container av-ae2pk-4c0d1728425f165982cb58404c7a2531 entry-content-wrapper main_color av-border-top-bottom av-flex-cells  avia-builder-el-12  el_after_av_layout_row  el_before_av_layout_row  av-cell-min-height av-cell-min-height-25 grid-row-not-first  container_wrap fullsize'   data-av_minimum_height_pc='25'>\n\n<style type=\"text\/css\" data-created_by=\"avia_inline_auto\" id=\"style-css-av-9x8jc-60ac96d02a932427a4470920ad5dc447\">\n.flex_cell.av-9x8jc-60ac96d02a932427a4470920ad5dc447{\nvertical-align:middle;\n}\n.responsive #top #wrap_all .flex_cell.av-9x8jc-60ac96d02a932427a4470920ad5dc447{\npadding:5% 0 %5 10% !important;\n}\n<\/style>\n<div class='flex_cell av-9x8jc-60ac96d02a932427a4470920ad5dc447 av-gridrow-cell av_one_half no_margin  avia-builder-el-13  el_before_av_cell_one_half  avia-builder-el-first'  ><div class='flex_cell_inner'>\n<style type=\"text\/css\" data-created_by=\"avia_inline_auto\" id=\"style-css-av-dw4r0-dd9a20d4417f6e82d285f470aba20965\">\n.avia-image-container.av-dw4r0-dd9a20d4417f6e82d285f470aba20965 img.avia_image{\nbox-shadow:none;\n}\n.avia-image-container.av-dw4r0-dd9a20d4417f6e82d285f470aba20965 .av-image-caption-overlay-center{\ncolor:#ffffff;\n}\n<\/style>\n<div  class='avia-image-container av-dw4r0-dd9a20d4417f6e82d285f470aba20965 av-styling- avia-align-center  avia-builder-el-14  avia-builder-el-no-sibling  av-has-copyright av-copyright-icon-reveal'   itemprop=\"image\" itemscope=\"itemscope\" itemtype=\"https:\/\/schema.org\/ImageObject\" ><div class=\"avia-image-container-inner\"><div class=\"avia-image-overlay-wrap\"><img decoding=\"async\" fetchpriority=\"high\" class='wp-image-1799 avia-img-lazy-loading-not-1799 avia_image' src=\"https:\/\/museodelacharreria.org.mx\/wp-content\/uploads\/2023\/10\/1280px-Nebel_Voyage_31_Arrieros-400x298.jpg\" alt='' title='1280px-Nebel_Voyage_31_Arrieros'  height=\"298\" width=\"400\"  itemprop=\"thumbnailUrl\" srcset=\"https:\/\/museodelacharreria.org.mx\/wp-content\/uploads\/2023\/10\/1280px-Nebel_Voyage_31_Arrieros-400x298.jpg 400w, https:\/\/museodelacharreria.org.mx\/wp-content\/uploads\/2023\/10\/1280px-Nebel_Voyage_31_Arrieros-768x572.jpg 768w, https:\/\/museodelacharreria.org.mx\/wp-content\/uploads\/2023\/10\/1280px-Nebel_Voyage_31_Arrieros-705x525.jpg 705w, https:\/\/museodelacharreria.org.mx\/wp-content\/uploads\/2023\/10\/1280px-Nebel_Voyage_31_Arrieros.jpg 1280w\" sizes=\"(max-width: 400px) 100vw, 400px\" \/><\/div><small class=\"avia-copyright\">\u6700\u521d\u53d1\u8868\u4e8e\u5361\u5c14-\u5185\u8d1d\u5c14\uff08Carl Nebel\uff09\u7684\u300a\u5efa\u7b51\u5e08\u5185\u8d1d\u5c14\u5728\u58a8\u897f\u54e5\u6700\u6709\u8da3\u5730\u533a\u7684\u63a2\u9669\u548c\u8003\u53e4\u4e4b\u65c5\u300b\uff08Voyage pittoresque et arch\u00e9ologique dans la partie la plus int\u00e9ressante du Mexique par C. Nebel, Architecte\uff09\u300250 Planches Lithographi\u00e9es avec texte explicatif, Paris: Chez M. Moench, imprim\u00e9 chez Paul Renouard; 1836.<\/small><\/div><\/div>\n<\/div><\/div>\n<style type=\"text\/css\" data-created_by=\"avia_inline_auto\" id=\"style-css-av-95q6k-d070c0ae96587effd7f7b44b11895374\">\n.flex_cell.av-95q6k-d070c0ae96587effd7f7b44b11895374{\nvertical-align:middle;\n}\n.responsive #top #wrap_all .flex_cell.av-95q6k-d070c0ae96587effd7f7b44b11895374{\npadding:5% 20% 5% 0 !important;\n}\n<\/style>\n<div class='flex_cell av-95q6k-d070c0ae96587effd7f7b44b11895374 av-gridrow-cell av_one_half no_margin  avia-builder-el-15  el_after_av_cell_one_half  avia-builder-el-last'  ><div class='flex_cell_inner'><p>\n<style type=\"text\/css\" data-created_by=\"avia_inline_auto\" id=\"style-css-av-lnaxjsy5-f7872d74289107c7dc452fb16a1078f6\">\n#top .av-special-heading.av-lnaxjsy5-f7872d74289107c7dc452fb16a1078f6{\npadding-bottom:10px;\n}\nbody .av-special-heading.av-lnaxjsy5-f7872d74289107c7dc452fb16a1078f6 .av-special-heading-tag .heading-char{\nfont-size:25px;\n}\n.av-special-heading.av-lnaxjsy5-f7872d74289107c7dc452fb16a1078f6 .av-subheading{\nfont-size:15px;\n}\n<\/style>\n<div  class='av-special-heading av-lnaxjsy5-f7872d74289107c7dc452fb16a1078f6 av-special-heading-h2 blockquote modern-quote  avia-builder-el-16  el_before_av_textblock  avia-builder-el-first'><h2 class='av-special-heading-tag'  itemprop=\"headline\"  >17 \u4e16\u7eaa<\/h2><div class='av-subheading av-subheading_below'><p>\u9053\u8def\u548c\u8d27\u7269<\/p>\n<\/div><div class=\"special-heading-border\"><div class=\"special-heading-inner-border\"><\/div><\/div><\/div><br \/>\n<section  class='av_textblock_section av-d15bg-6af5e2ab83ea559b58021caa2ecfbdb1'   itemscope=\"itemscope\" itemtype=\"https:\/\/schema.org\/CreativeWork\" ><div class='avia_textblock'  itemprop=\"text\" ><p class=\"p1\">1609 \u5e74\uff0c\u603b\u7763\u4e0d\u5f97\u4e0d\u660e\u786e\u6388\u6743\u6df7\u8840\u513f\u4f7f\u7528\u5e26\u6709\u9a6c\u978d\u3001\u8f94\u5934\u548c\u9a6c\u523a\u7684\u9a6c\u5339\u5728\u5927\u578b\u7267\u573a\u5de5\u4f5c\u3002\u5230 17 \u4e16\u7eaa\uff0c\u58a8\u897f\u54e5\u5df2\u7ecf\u6709\u4e86\u5e7f\u6cdb\u7684\u94fa\u9762\u516c\u8def\u7f51\u3002\u6709\u9a6c\u8f66\uff0c\u6709\u9a91\u9a6c\u7684\u4eba\uff0c\u8fd8\u6709\u4e00\u671b\u65e0\u9645\u7684\u9aa1\u961f\uff0c\u5728\u9aa1\u592b\u7684\u97ad\u7b56\u548c\u53e3\u54e8\u58f0\u4e2d\uff0c\u8fd0\u8f7d\u7740\u5404\u79cd\u8d27\u7269\u3002<\/p>\n<\/div><\/section><br \/>\n<div  class='avia-button-wrap av-byys4-a8e19cf2efe270790699fe5adb785255-wrap avia-button-right  avia-builder-el-18  el_after_av_textblock  avia-builder-el-last'><a href='https:\/\/museodelacharreria.org.mx\/zh\/historia\/siglo-xvii\/'  class='avia-button av-byys4-a8e19cf2efe270790699fe5adb785255 av-link-btn avia-icon_select-yes-left-icon avia-size-small avia-position-right avia-color-light'   aria-label=\"\u9605\u8bfb\u66f4\u591a\"><span class='avia_button_icon avia_button_icon_left' aria-hidden='true' data-av_icon='\ue817' data-av_iconfont='entypo-fontello'><\/span><span class='avia_iconbox_title' >\u9605\u8bfb\u66f4\u591a<\/span><\/a><\/div><\/p>\n<\/div><\/div>\n<\/div>\n<div id='av-layout-grid-3'  class='av-layout-grid-container av-8wp3s-81ffcadf332c253655db534b095df2e4 entry-content-wrapper main_color av-border-top-bottom av-flex-cells  avia-builder-el-19  el_after_av_layout_row  el_before_av_layout_row  av-cell-min-height av-cell-min-height-25 grid-row-not-first  container_wrap fullsize'   data-av_minimum_height_pc='25'>\n\n<style type=\"text\/css\" data-created_by=\"avia_inline_auto\" id=\"style-css-av-84dfg-07814a02e6625ceaa74384bb40cdd898\">\n.flex_cell.av-84dfg-07814a02e6625ceaa74384bb40cdd898{\nvertical-align:middle;\n}\n.responsive #top #wrap_all .flex_cell.av-84dfg-07814a02e6625ceaa74384bb40cdd898{\npadding:5% 0 %5 10% !important;\n}\n<\/style>\n<div class='flex_cell av-84dfg-07814a02e6625ceaa74384bb40cdd898 av-gridrow-cell av_one_half no_margin  avia-builder-el-20  el_before_av_cell_one_half  avia-builder-el-first'  ><div class='flex_cell_inner'>\n<style type=\"text\/css\" data-created_by=\"avia_inline_auto\" id=\"style-css-av-77nhw-360175882f8e6bf47180ce14673daeb5\">\n.avia-image-container.av-77nhw-360175882f8e6bf47180ce14673daeb5 img.avia_image{\nbox-shadow:none;\n}\n.avia-image-container.av-77nhw-360175882f8e6bf47180ce14673daeb5 .av-image-caption-overlay-center{\ncolor:#ffffff;\n}\n<\/style>\n<div  class='avia-image-container av-77nhw-360175882f8e6bf47180ce14673daeb5 av-styling- avia-align-center  avia-builder-el-21  avia-builder-el-no-sibling  av-has-copyright av-copyright-icon-reveal'   itemprop=\"image\" itemscope=\"itemscope\" itemtype=\"https:\/\/schema.org\/ImageObject\" ><div class=\"avia-image-container-inner\"><div class=\"avia-image-overlay-wrap\"><img decoding=\"async\" fetchpriority=\"high\" class='wp-image-1807 avia-img-lazy-loading-not-1807 avia_image' src=\"https:\/\/museodelacharreria.org.mx\/wp-content\/uploads\/2023\/10\/1280px-Nebel_Voyage_11_Hacendero-400x257.jpg\" alt='' title='1280px-Nebel_Voyage_11_Hacendero'  height=\"257\" width=\"400\"  itemprop=\"thumbnailUrl\" srcset=\"https:\/\/museodelacharreria.org.mx\/wp-content\/uploads\/2023\/10\/1280px-Nebel_Voyage_11_Hacendero-400x257.jpg 400w, https:\/\/museodelacharreria.org.mx\/wp-content\/uploads\/2023\/10\/1280px-Nebel_Voyage_11_Hacendero-768x494.jpg 768w, https:\/\/museodelacharreria.org.mx\/wp-content\/uploads\/2023\/10\/1280px-Nebel_Voyage_11_Hacendero-705x453.jpg 705w, https:\/\/museodelacharreria.org.mx\/wp-content\/uploads\/2023\/10\/1280px-Nebel_Voyage_11_Hacendero.jpg 1280w\" sizes=\"(max-width: 400px) 100vw, 400px\" \/><\/div><small class=\"avia-copyright\"> \u6700\u521d\u53d1\u8868\u4e8e\u5361\u5c14-\u5185\u8d1d\u5c14\uff08Carl Nebel\uff09\u7684\u300a\u5efa\u7b51\u5e08\u5185\u8d1d\u5c14\u5728\u58a8\u897f\u54e5\u6700\u6709\u8da3\u5730\u533a\u7684\u63a2\u9669\u548c\u8003\u53e4\u4e4b\u65c5\u300b\uff08Voyage pittoresque et arch\u00e9ologique dans la partie la plus int\u00e9ressante du Mexique par C. Nebel, Architecte\uff09\u300250 Planches Lithographi\u00e9es avec texte explicatif, Paris: Chez M. Moench, imprim\u00e9 chez Paul Renouard; 1836.\u89c4\u5212\u5e08\u548c\u4ed6\u7684\u7ba1\u5bb6\u300b\u3002\u7528\u963f\u62c9\u4f2f\u6811\u80f6\u7a81\u51fa\u663e\u793a\u7684\u624b\u5de5\u5f69\u8272\u77f3\u7248\u753b\u3002\u539f\u5c3a\u5bf8\uff08\u6574\u884c\uff09\uff1a44.1\u00d728 \u5398\u7c73\u3002<\/small><\/div><\/div>\n<\/div><\/div>\n<style type=\"text\/css\" data-created_by=\"avia_inline_auto\" id=\"style-css-av-6muf8-819d70270daa9f38e8dd2f89b57f8109\">\n.flex_cell.av-6muf8-819d70270daa9f38e8dd2f89b57f8109{\nvertical-align:middle;\n}\n.responsive #top #wrap_all .flex_cell.av-6muf8-819d70270daa9f38e8dd2f89b57f8109{\npadding:5% 20% 5% 0 !important;\n}\n<\/style>\n<div class='flex_cell av-6muf8-819d70270daa9f38e8dd2f89b57f8109 av-gridrow-cell av_one_half no_margin  avia-builder-el-22  el_after_av_cell_one_half  avia-builder-el-last'  ><div class='flex_cell_inner'><p>\n<style type=\"text\/css\" data-created_by=\"avia_inline_auto\" id=\"style-css-av-69n1c-86ed502c249118dc37b6fcb91e469b61\">\n#top .av-special-heading.av-69n1c-86ed502c249118dc37b6fcb91e469b61{\npadding-bottom:10px;\n}\nbody .av-special-heading.av-69n1c-86ed502c249118dc37b6fcb91e469b61 .av-special-heading-tag .heading-char{\nfont-size:25px;\n}\n.av-special-heading.av-69n1c-86ed502c249118dc37b6fcb91e469b61 .av-subheading{\nfont-size:15px;\n}\n<\/style>\n<div  class='av-special-heading av-69n1c-86ed502c249118dc37b6fcb91e469b61 av-special-heading-h2 blockquote modern-quote  avia-builder-el-23  el_before_av_textblock  avia-builder-el-first'><h2 class='av-special-heading-tag'  itemprop=\"headline\"  >18 \u4e16\u7eaa<\/h2><div class='av-subheading av-subheading_below'><p>\u725b\u4ed4\u548c\u9a6f\u9e7f<\/p>\n<\/div><div class=\"special-heading-border\"><div class=\"special-heading-inner-border\"><\/div><\/div><\/div><br \/>\n<section  class='av_textblock_section av-kgp0-595bfa080254a9d13cb03957651a0a97'   itemscope=\"itemscope\" itemtype=\"https:\/\/schema.org\/CreativeWork\" ><div class='avia_textblock'  itemprop=\"text\" ><p>\u968f\u7740 arrier\u00eda \u7684\u51fa\u73b0\uff0c\u725b\u4ed4\u98ce\u4fd7\u4e60\u60ef\u7684\u4ea4\u6d41\u5728\u58a8\u897f\u54e5\u5e7f\u88a4\u7684\u519c\u6751\u5730\u533a\u6d41\u4f20\u5f00\u6765\uff0c\u4f7f\u7267\u573a\u4e3b\u7684\u7c7b\u578b\u66f4\u52a0\u5927\u4f17\u5316\uff1b\u6709\u4e9b\u4eba\u662f\u4f5c\u4e3a\u52b3\u5de5\u751f\u6d3b\u5728\u5e84\u56ed\u91cc\u7684\u519c\u6c11\uff0c\u6709\u4e9b\u4eba\u5219\u662f\u6559\u58eb\u3001\u725b\u4ed4\u3001caporales\u3001mayorales\u3001estacieros \u548c hacienderos \u571f\u5730\u4e0a\u7684\u4f43\u519c\u3002<\/p>\n<\/div><\/section><br \/>\n<div  class='avia-button-wrap av-5bzjg-410561ca026413e3c955bf746be47a3b-wrap avia-button-right  avia-builder-el-25  el_after_av_textblock  avia-builder-el-last'><a href='https:\/\/museodelacharreria.org.mx\/zh\/historia\/siglo-xviii\/'  class='avia-button av-5bzjg-410561ca026413e3c955bf746be47a3b av-link-btn avia-icon_select-yes-left-icon avia-size-small avia-position-right avia-color-light'   aria-label=\"\u9605\u8bfb\u66f4\u591a\"><span class='avia_button_icon avia_button_icon_left' aria-hidden='true' data-av_icon='\ue817' data-av_iconfont='entypo-fontello'><\/span><span class='avia_iconbox_title' >\u9605\u8bfb\u66f4\u591a<\/span><\/a><\/div><\/p>\n<\/div><\/div>\n<\/div>\n<div id='av-layout-grid-4'  class='av-layout-grid-container av-1pjg-f64c7ee3f8f13cb5a2678309f0a0d5b6 entry-content-wrapper main_color av-border-top-bottom av-flex-cells  avia-builder-el-26  el_after_av_layout_row  el_before_av_layout_row  av-cell-min-height av-cell-min-height-25 grid-row-not-first  container_wrap fullsize'   data-av_minimum_height_pc='25'>\n\n<style type=\"text\/css\" data-created_by=\"avia_inline_auto\" id=\"style-css-av-3qn40-0ef5f801cb6684405364bef46d715168\">\n.flex_cell.av-3qn40-0ef5f801cb6684405364bef46d715168{\nvertical-align:middle;\n}\n.responsive #top #wrap_all .flex_cell.av-3qn40-0ef5f801cb6684405364bef46d715168{\npadding:5% 0 %5 10% !important;\n}\n<\/style>\n<div class='flex_cell av-3qn40-0ef5f801cb6684405364bef46d715168 av-gridrow-cell av_one_half no_margin  avia-builder-el-27  el_before_av_cell_one_half  avia-builder-el-first'  ><div class='flex_cell_inner'>\n<style type=\"text\/css\" data-created_by=\"avia_inline_auto\" id=\"style-css-av-3cpss-122d8db1d6307f449fe4d8d137a10cf9\">\n.avia-image-container.av-3cpss-122d8db1d6307f449fe4d8d137a10cf9 img.avia_image{\nbox-shadow:none;\n}\n.avia-image-container.av-3cpss-122d8db1d6307f449fe4d8d137a10cf9 .av-image-caption-overlay-center{\ncolor:#ffffff;\n}\n<\/style>\n<div  class='avia-image-container av-3cpss-122d8db1d6307f449fe4d8d137a10cf9 av-styling- avia-align-center  avia-builder-el-28  avia-builder-el-no-sibling  av-has-copyright av-copyright-icon-reveal'   itemprop=\"image\" itemscope=\"itemscope\" itemtype=\"https:\/\/schema.org\/ImageObject\" ><div class=\"avia-image-container-inner\"><div class=\"avia-image-overlay-wrap\"><img decoding=\"async\" fetchpriority=\"high\" class='wp-image-1941 avia-img-lazy-loading-not-1941 avia_image' src=\"https:\/\/museodelacharreria.org.mx\/wp-content\/uploads\/2023\/10\/retablo-la-independencia-Fuente-INAH-1-400x267.jpg\" alt='Retablo &quot;La Independencia&quot; Castillo de Chapultepec. Autor: Juan O&#039;Gorman Instituto Nacional de Antropolog\u00eda e Historia http:\/\/mediateca.inah.gob.mx\/' title='\u72ec\u7acb\u796d\u575b\u753b'  height=\"267\" width=\"400\"  itemprop=\"thumbnailUrl\" srcset=\"https:\/\/museodelacharreria.org.mx\/wp-content\/uploads\/2023\/10\/retablo-la-independencia-Fuente-INAH-1-400x267.jpg 400w, https:\/\/museodelacharreria.org.mx\/wp-content\/uploads\/2023\/10\/retablo-la-independencia-Fuente-INAH-1-768x512.jpg 768w, https:\/\/museodelacharreria.org.mx\/wp-content\/uploads\/2023\/10\/retablo-la-independencia-Fuente-INAH-1-1536x1024.jpg 1536w, https:\/\/museodelacharreria.org.mx\/wp-content\/uploads\/2023\/10\/retablo-la-independencia-Fuente-INAH-1-1500x1000.jpg 1500w, https:\/\/museodelacharreria.org.mx\/wp-content\/uploads\/2023\/10\/retablo-la-independencia-Fuente-INAH-1-705x470.jpg 705w, https:\/\/museodelacharreria.org.mx\/wp-content\/uploads\/2023\/10\/retablo-la-independencia-Fuente-INAH-1.jpg 1920w\" sizes=\"(max-width: 400px) 100vw, 400px\" \/><\/div><small class=\"avia-copyright\">\u67e5\u666e\u5c14\u7279\u4f69\u514b\u57ce\u5821 \"\u72ec\u7acb \"\u796d\u575b\u753b\u3002\u4f5c\u8005\uff1aJuan O&#039;Gorman - Mediateca Instituto Nacional de Antropolog\u00eda e Historia - \u4fdd\u7559\u6240\u6709\u6743\u5229 http:\/\/mediateca.inah.gob.mx\/<\/small><\/div><\/div>\n<\/div><\/div>\n<style type=\"text\/css\" data-created_by=\"avia_inline_auto\" id=\"style-css-av-2m58o-512132bcc17e8a4c062f318deb8d36c5\">\n.flex_cell.av-2m58o-512132bcc17e8a4c062f318deb8d36c5{\nvertical-align:middle;\n}\n.responsive #top #wrap_all .flex_cell.av-2m58o-512132bcc17e8a4c062f318deb8d36c5{\npadding:5% 20% 5% 0 !important;\n}\n<\/style>\n<div class='flex_cell av-2m58o-512132bcc17e8a4c062f318deb8d36c5 av-gridrow-cell av_one_half no_margin  avia-builder-el-29  el_after_av_cell_one_half  avia-builder-el-last'  ><div class='flex_cell_inner'><p>\n<style type=\"text\/css\" data-created_by=\"avia_inline_auto\" id=\"style-css-av-1wxu0-2102c0c337eb7aafdcb98f334051fd31\">\n#top .av-special-heading.av-1wxu0-2102c0c337eb7aafdcb98f334051fd31{\npadding-bottom:10px;\n}\nbody .av-special-heading.av-1wxu0-2102c0c337eb7aafdcb98f334051fd31 .av-special-heading-tag .heading-char{\nfont-size:25px;\n}\n.av-special-heading.av-1wxu0-2102c0c337eb7aafdcb98f334051fd31 .av-subheading{\nfont-size:15px;\n}\n<\/style>\n<div  class='av-special-heading av-1wxu0-2102c0c337eb7aafdcb98f334051fd31 av-special-heading-h2 blockquote modern-quote  avia-builder-el-30  el_before_av_textblock  avia-builder-el-first'><h2 class='av-special-heading-tag'  itemprop=\"headline\"  >19 \u4e16\u7eaa<\/h2><div class='av-subheading av-subheading_below'><p>\u72ec\u7acb<\/p>\n<\/div><div class=\"special-heading-border\"><div class=\"special-heading-inner-border\"><\/div><\/div><\/div><br \/>\n<section  class='av_textblock_section av-1mkgc-a815387560b37ecaa1fcf68f2af0fccb'   itemscope=\"itemscope\" itemtype=\"https:\/\/schema.org\/CreativeWork\" ><div class='avia_textblock'  itemprop=\"text\" ><p>19 \u4e16\u7eaa\uff0c\u968f\u7740\u4f0a\u8fbe\u5c14\u6208\u9886\u5bfc\u7684\u72ec\u7acb\uff0c\u968f\u7740\u7531\u5370\u7b2c\u5b89\u4eba\u3001\u6df7\u8840\u4eba\u548c\u4e00\u4e9b\u603b\u7763\u5e9c\u519b\u961f\u7ec4\u6210\u7684\u6c11\u4f17\u8d77\u4e49\u519b\u7684\u51fa\u73b0\uff0c\u7531\u957f\u67aa\u5175\u548c\u9f99\u9a91\u5175\u7ec4\u6210\u7684\u8054\u5408\u90e8\u961f\u5411\u514b\u91cc\u5965\u5c14\u4eba\u4f20\u6388\u4e86\u4ed6\u4eec\u4f5c\u4e3a \"\u96f7\u5854 \"\u957f\u67aa\u5175\u548c\u9f99\u9a91\u5175\u7684\u987d\u5f3a\u6280\u80fd\u3002\u8fd9\u652f\u7531\u957f\u67aa\u5175\u548c\u9f99\u9a91\u5175\u7ec4\u6210\u7684\u8054\u5408\u90e8\u961f\u5411\u5f53\u5730\u4eba\u4f20\u6388\u4e86\u4f5c\u4e3a \"\u96f7\u5854 \"\u957f\u67aa\u5175\u548c\u9f99\u9a91\u5175\u7684\u987d\u5f3a\u6280\u80fd\uff0c\u8fd9\u4e5f\u662f\u58a8\u897f\u54e5\u514b\u91cc\u5965\u5c14\u4eba\u634d\u536b\u5bb6\u56ed\u7684\u5f00\u7aef\u3002<\/p>\n<\/div><\/section><br \/>\n<div  class='avia-button-wrap av-pwls-294205ab5739387c188b508efa956df7-wrap avia-button-right  avia-builder-el-32  el_after_av_textblock  avia-builder-el-last'><a href='https:\/\/museodelacharreria.org.mx\/zh\/historia\/siglo-xix\/'  class='avia-button av-pwls-294205ab5739387c188b508efa956df7 av-link-btn avia-icon_select-yes-left-icon avia-size-small avia-position-right avia-color-light'   aria-label=\"\u9605\u8bfb\u66f4\u591a\"><span class='avia_button_icon avia_button_icon_left' aria-hidden='true' data-av_icon='\ue817' data-av_iconfont='entypo-fontello'><\/span><span class='avia_iconbox_title' >\u9605\u8bfb\u66f4\u591a<\/span><\/a><\/div><\/p>\n<\/div><\/div>\n<\/div>\n<div id='av-layout-grid-5'  class='av-layout-grid-container av-26n50-8f6fb76c058071ee1c9b6fcbcbfb57d2 entry-content-wrapper main_color av-border-top-bottom av-flex-cells  avia-builder-el-33  el_after_av_layout_row  el_before_av_layout_row  av-cell-min-height av-cell-min-height-25 grid-row-not-first  container_wrap fullsize'   data-av_minimum_height_pc='25'>\n\n<style type=\"text\/css\" data-created_by=\"avia_inline_auto\" id=\"style-css-av-51lo-c85e1bf782f987fb2a637f2909b76746\">\n.flex_cell.av-51lo-c85e1bf782f987fb2a637f2909b76746{\nvertical-align:middle;\n}\n.responsive #top #wrap_all .flex_cell.av-51lo-c85e1bf782f987fb2a637f2909b76746{\npadding:5% 0 %5 10% !important;\n}\n<\/style>\n<div class='flex_cell av-51lo-c85e1bf782f987fb2a637f2909b76746 av-gridrow-cell av_one_half no_margin  avia-builder-el-34  el_before_av_cell_one_half  avia-builder-el-first'  ><div class='flex_cell_inner'>\n<style type=\"text\/css\" data-created_by=\"avia_inline_auto\" id=\"style-css-av-2ucuc-6fac8c5cd4e2babb11c8305b238c7796\">\n.avia-image-container.av-2ucuc-6fac8c5cd4e2babb11c8305b238c7796 img.avia_image{\nbox-shadow:none;\n}\n.avia-image-container.av-2ucuc-6fac8c5cd4e2babb11c8305b238c7796 .av-image-caption-overlay-center{\ncolor:#ffffff;\n}\n<\/style>\n<div  class='avia-image-container av-2ucuc-6fac8c5cd4e2babb11c8305b238c7796 av-styling- avia-align-center  avia-builder-el-35  avia-builder-el-no-sibling  av-has-copyright av-copyright-icon-reveal'   itemprop=\"image\" itemscope=\"itemscope\" itemtype=\"https:\/\/schema.org\/ImageObject\" ><div class=\"avia-image-container-inner\"><div class=\"avia-image-overlay-wrap\"><img decoding=\"async\" fetchpriority=\"high\" class='wp-image-1836 avia-img-lazy-loading-not-1836 avia_image' src=\"https:\/\/museodelacharreria.org.mx\/wp-content\/uploads\/2023\/10\/division-del-norte-francisco-villa-400x250.webp\" alt='Francisco Villa Batalla de Ojinaga 1914 - Mediateca INAH Archivo Casasola\u3002\u4fdd\u7559\u6240\u6709\u6743\u5229' title='\u5317\u533a-\u5f17\u6717\u897f\u65af\u79d1\u522b\u5885'  height=\"250\" width=\"400\"  itemprop=\"thumbnailUrl\" srcset=\"https:\/\/museodelacharreria.org.mx\/wp-content\/uploads\/2023\/10\/division-del-norte-francisco-villa-400x250.webp 400w, https:\/\/museodelacharreria.org.mx\/wp-content\/uploads\/2023\/10\/division-del-norte-francisco-villa-768x480.webp 768w, https:\/\/museodelacharreria.org.mx\/wp-content\/uploads\/2023\/10\/division-del-norte-francisco-villa-705x441.webp 705w, https:\/\/museodelacharreria.org.mx\/wp-content\/uploads\/2023\/10\/division-del-norte-francisco-villa.webp 1200w\" sizes=\"(max-width: 400px) 100vw, 400px\" \/><\/div><small class=\"avia-copyright\">Francisco Villa Batalla de Ojinaga 1914 - Mediateca INAH Archivo Casasola\u3002\u4fdd\u7559\u6240\u6709\u6743\u5229<\/small><\/div><\/div>\n<\/div><\/div>\n<style type=\"text\/css\" data-created_by=\"avia_inline_auto\" id=\"style-css-av-wtiw-9b464f7a1332832d624b373f42da1d6d\">\n.flex_cell.av-wtiw-9b464f7a1332832d624b373f42da1d6d{\nvertical-align:middle;\n}\n.responsive #top #wrap_all .flex_cell.av-wtiw-9b464f7a1332832d624b373f42da1d6d{\npadding:5% 20% 5% 0 !important;\n}\n<\/style>\n<div class='flex_cell av-wtiw-9b464f7a1332832d624b373f42da1d6d av-gridrow-cell av_one_half no_margin  avia-builder-el-36  el_after_av_cell_one_half  avia-builder-el-last'  ><div class='flex_cell_inner'><p>\n<style type=\"text\/css\" data-created_by=\"avia_inline_auto\" id=\"style-css-av-2bo2w-c199b0e135069f2511f5d219b0224ab9\">\n#top .av-special-heading.av-2bo2w-c199b0e135069f2511f5d219b0224ab9{\npadding-bottom:10px;\n}\nbody .av-special-heading.av-2bo2w-c199b0e135069f2511f5d219b0224ab9 .av-special-heading-tag .heading-char{\nfont-size:25px;\n}\n.av-special-heading.av-2bo2w-c199b0e135069f2511f5d219b0224ab9 .av-subheading{\nfont-size:15px;\n}\n<\/style>\n<div  class='av-special-heading av-2bo2w-c199b0e135069f2511f5d219b0224ab9 av-special-heading-h2 blockquote modern-quote  avia-builder-el-37  el_before_av_textblock  avia-builder-el-first'><h2 class='av-special-heading-tag'  itemprop=\"headline\"  >20 \u4e16\u7eaa<\/h2><div class='av-subheading av-subheading_below'><p>\u9769\u547d\u4e0e\u6c11\u65cf<\/p>\n<\/div><div class=\"special-heading-border\"><div class=\"special-heading-inner-border\"><\/div><\/div><\/div><br \/>\n<section  class='av_textblock_section av-1jrok-55201325da4c579eddbfc60e49ef9d32'   itemscope=\"itemscope\" itemtype=\"https:\/\/schema.org\/CreativeWork\" ><div class='avia_textblock'  itemprop=\"text\" ><p>1911 \u5e74\uff0c\u968f\u7740\u9a6c\u5fb7\u7f57\u7684\u8fdb\u519b\uff0c\u9769\u547d\u7684\u4e16\u7eaa\u5f00\u59cb\u4e86\uff0c\u5f17\u6717\u897f\u65af\u79d1-\u6bd4\u5229\u4e9a\u6234\u7740\u5bbd\u5927\u7684\u5e3d\u5b50\uff0c\u80f8\u524d\u6302\u7740\u5f39\u5323\u5341\u5b57\u67b6\uff0c\u5728\u9769\u547d\u9ad8\u6f6e\u671f\u95f4\uff0c\u4ed6\u5927\u90e8\u5206\u65f6\u95f4\u90fd\u5728\u9a6c\u80cc\u4e0a\u5ea6\u8fc7\uff0c\u56e0\u6b64\u4ed6\u88ab\u79f0\u4e3a El Centauro del Norte\uff08\u5317\u65b9\u7684\u534a\u4eba\u9a6c\uff09\u3002<\/p>\n<\/div><\/section><br \/>\n<div  class='avia-button-wrap av-x3pk-2c6a3bac8bdc56bcf910b75aa6a81492-wrap avia-button-right  avia-builder-el-39  el_after_av_textblock  avia-builder-el-last'><a href='https:\/\/museodelacharreria.org.mx\/zh\/historia\/siglo-xx\/'  class='avia-button av-x3pk-2c6a3bac8bdc56bcf910b75aa6a81492 av-link-btn avia-icon_select-yes-left-icon avia-size-small avia-position-right avia-color-light'   aria-label=\"\u9605\u8bfb\u66f4\u591a\"><span class='avia_button_icon avia_button_icon_left' aria-hidden='true' data-av_icon='\ue817' data-av_iconfont='entypo-fontello'><\/span><span class='avia_iconbox_title' >\u9605\u8bfb\u66f4\u591a<\/span><\/a><\/div><\/p>\n<\/div><\/div>\n<\/div>\n<div id='av-layout-grid-6'  class='av-layout-grid-container av-20n8s-13514e8ce701f76acc277f4582af5d2c entry-content-wrapper main_color av-border-top-bottom av-flex-cells  avia-builder-el-40  el_after_av_layout_row  avia-builder-el-last  av-cell-min-height av-cell-min-height-25 grid-row-not-first  container_wrap fullsize'   data-av_minimum_height_pc='25'>\n\n<style type=\"text\/css\" data-created_by=\"avia_inline_auto\" id=\"style-css-av-1ippw-0e25ed6816f31272547f98b302423513\">\n.flex_cell.av-1ippw-0e25ed6816f31272547f98b302423513{\nvertical-align:middle;\n}\n.responsive #top #wrap_all .flex_cell.av-1ippw-0e25ed6816f31272547f98b302423513{\npadding:5% 0 %5 10% !important;\n}\n<\/style>\n<div class='flex_cell av-1ippw-0e25ed6816f31272547f98b302423513 av-gridrow-cell av_one_half no_margin  avia-builder-el-41  el_before_av_cell_one_half  avia-builder-el-first'  ><div class='flex_cell_inner'>\n<style type=\"text\/css\" data-created_by=\"avia_inline_auto\" id=\"style-css-av-lnbz4fb6-8718b6246d3e41388c779a6a899e6998\">\n.avia-image-container.av-lnbz4fb6-8718b6246d3e41388c779a6a899e6998 img.avia_image{\nbox-shadow:none;\n}\n.avia-image-container.av-lnbz4fb6-8718b6246d3e41388c779a6a899e6998 .av-image-caption-overlay-center{\ncolor:#ffffff;\n}\n<\/style>\n<div  class='avia-image-container av-lnbz4fb6-8718b6246d3e41388c779a6a899e6998 av-styling- avia-align-center  avia-builder-el-42  avia-builder-el-no-sibling'   itemprop=\"image\" itemscope=\"itemscope\" itemtype=\"https:\/\/schema.org\/ImageObject\" ><div class=\"avia-image-container-inner\"><div class=\"avia-image-overlay-wrap\"><img decoding=\"async\" fetchpriority=\"high\" class='wp-image-1874 avia-img-lazy-loading-not-1874 avia_image' src=\"https:\/\/museodelacharreria.org.mx\/wp-content\/uploads\/2023\/10\/Arena-San-Marcos-Aguascalientes-400x267.jpeg\" alt='' title='\u963f\u74dc\u65af\u5361\u8fde\u7279\u65af\u5723\u9a6c\u79d1\u65af\u7ade\u6280\u573a'  height=\"267\" width=\"400\"  itemprop=\"thumbnailUrl\" srcset=\"https:\/\/museodelacharreria.org.mx\/wp-content\/uploads\/2023\/10\/Arena-San-Marcos-Aguascalientes-400x267.jpeg 400w, https:\/\/museodelacharreria.org.mx\/wp-content\/uploads\/2023\/10\/Arena-San-Marcos-Aguascalientes-768x512.jpeg 768w, https:\/\/museodelacharreria.org.mx\/wp-content\/uploads\/2023\/10\/Arena-San-Marcos-Aguascalientes-705x470.jpeg 705w, https:\/\/museodelacharreria.org.mx\/wp-content\/uploads\/2023\/10\/Arena-San-Marcos-Aguascalientes.jpeg 1280w\" sizes=\"(max-width: 400px) 100vw, 400px\" \/><\/div><\/div><\/div>\n<\/div><\/div>\n<style type=\"text\/css\" data-created_by=\"avia_inline_auto\" id=\"style-css-av-144c0-56726d575477b2ae53647b074a52c36a\">\n.flex_cell.av-144c0-56726d575477b2ae53647b074a52c36a{\nvertical-align:middle;\n}\n.responsive #top #wrap_all .flex_cell.av-144c0-56726d575477b2ae53647b074a52c36a{\npadding:5% 20% 5% 0 !important;\n}\n<\/style>\n<div class='flex_cell av-144c0-56726d575477b2ae53647b074a52c36a av-gridrow-cell av_one_half no_margin  avia-builder-el-43  el_after_av_cell_one_half  avia-builder-el-last'  ><div class='flex_cell_inner'><p>\n<style type=\"text\/css\" data-created_by=\"avia_inline_auto\" id=\"style-css-av-lnbz2vpq-ca441763e68c9dcd4548b75cac061e59\">\n#top .av-special-heading.av-lnbz2vpq-ca441763e68c9dcd4548b75cac061e59{\npadding-bottom:10px;\n}\nbody .av-special-heading.av-lnbz2vpq-ca441763e68c9dcd4548b75cac061e59 .av-special-heading-tag .heading-char{\nfont-size:25px;\n}\n.av-special-heading.av-lnbz2vpq-ca441763e68c9dcd4548b75cac061e59 .av-subheading{\nfont-size:15px;\n}\n<\/style>\n<div  class='av-special-heading av-lnbz2vpq-ca441763e68c9dcd4548b75cac061e59 av-special-heading-h2 blockquote modern-quote  avia-builder-el-44  el_before_av_textblock  avia-builder-el-first'><h2 class='av-special-heading-tag'  itemprop=\"headline\"  >21 \u4e16\u7eaa<\/h2><div class='av-subheading av-subheading_below'><p>\u6559\u79d1\u6587\u7ec4\u7ec7\u975e\u7269\u8d28\u9057\u4ea7\u4e0e\u6570\u5b57\u65f6\u4ee3<\/p>\n<\/div><div class=\"special-heading-border\"><div class=\"special-heading-inner-border\"><\/div><\/div><\/div><br \/>\n<section  class='av_textblock_section av-lnbz35aq-f52f03f1b6eccb6f5951c161eb63e367'   itemscope=\"itemscope\" itemtype=\"https:\/\/schema.org\/CreativeWork\" ><div class='avia_textblock'  itemprop=\"text\" ><p>2016 \u5e74\uff0c\u58a8\u897f\u54e5 Charrer\u00eda \u88ab\u8054\u5408\u56fd\u6559\u79d1\u6587\u7ec4\u7ec7\u5ba3\u5e03\u4e3a\u4eba\u7c7b\u975e\u7269\u8d28\u9057\u4ea7\uff1a\"Charrer\u00eda\uff0c\u58a8\u897f\u54e5\u7684\u9a6c\u672f\u4f20\u7edf\u30022016\u5e74\uff0811.COM\uff09\u5217\u5165\u4eba\u7c7b\u975e\u7269\u8d28\u6587\u5316\u9057\u4ea7\u4ee3\u8868\u4f5c\u540d\u5f55\"\u3002\u6570\u5b57\u65f6\u4ee3\u548c\u793e\u4ea4\u5a92\u4f53\u6b63\u5728\u5c06\u58a8\u897f\u54e5\u7684\u56fd\u5bb6\u8fd0\u52a8\u63a8\u5e7f\u5230\u4e16\u754c\u5404\u5730\u3002<\/p>\n<\/div><\/section><br \/>\n<div  class='avia-button-wrap av-lnbz3ko5-9602a90dff9b4fa0e46dee328c3dd7d8-wrap avia-button-right  avia-builder-el-46  el_after_av_textblock  avia-builder-el-last'><a href='https:\/\/museodelacharreria.org.mx\/zh\/historia\/siglo-xxi\/'  class='avia-button av-lnbz3ko5-9602a90dff9b4fa0e46dee328c3dd7d8 av-link-btn avia-icon_select-yes-left-icon avia-size-small avia-position-right avia-color-light'   aria-label=\"\u9605\u8bfb\u66f4\u591a\"><span class='avia_button_icon avia_button_icon_left' aria-hidden='true' data-av_icon='\ue817' data-av_iconfont='entypo-fontello'><\/span><span class='avia_iconbox_title' >\u9605\u8bfb\u66f4\u591a<\/span><\/a><\/div><\/p>\n<\/div><\/div>\n<\/div>","protected":false},"excerpt":{"rendered":"","protected":false},"author":1,"featured_media":1941,"parent":0,"menu_order":0,"comment_status":"closed","ping_status":"closed","template":"","meta":{"footnotes":""},"class_list":["post-56","page","type-page","status-publish","has-post-thumbnail","hentry"],"yoast_head":"<!-- This site is optimized with the Yoast SEO plugin v27.5 - https:\/\/yoast.com\/product\/yoast-seo-wordpress\/ -->\n<title>HISTORIA - Museo de la Charrer\u00eda CDMX<\/title>\n<meta name=\"description\" content=\"Desde sus inicios como actividad econ\u00f3mica crucial hasta su transformaci\u00f3n en una expresi\u00f3n cultural emblem\u00e1tica, la Charrer\u00eda ha sido un pilar fundamental en la construcci\u00f3n de la identidad mexicana y ha dejado una huella indeleble en la historia econ\u00f3mica y cultural de la naci\u00f3n.\" \/>\n<meta name=\"robots\" content=\"index, follow, max-snippet:-1, max-image-preview:large, max-video-preview:-1\" \/>\n<link rel=\"canonical\" href=\"https:\/\/museodelacharreria.org.mx\/zh\/\u5386\u53f2\/\" \/>\n<meta property=\"og:locale\" content=\"zh_CN\" \/>\n<meta property=\"og:type\" content=\"article\" \/>\n<meta property=\"og:title\" content=\"HISTORIA - Museo de la Charrer\u00eda CDMX\" \/>\n<meta property=\"og:description\" content=\"Desde sus inicios como actividad econ\u00f3mica crucial hasta su transformaci\u00f3n en una expresi\u00f3n cultural emblem\u00e1tica, la Charrer\u00eda ha sido un pilar fundamental en la construcci\u00f3n de la identidad mexicana y ha dejado una huella indeleble en la historia econ\u00f3mica y cultural de la naci\u00f3n.\" \/>\n<meta property=\"og:url\" content=\"https:\/\/museodelacharreria.org.mx\/zh\/\u5386\u53f2\/\" \/>\n<meta property=\"og:site_name\" content=\"Museo de la Charrer\u00eda CDMX\" \/>\n<meta property=\"article:modified_time\" content=\"2023-12-27T03:48:45+00:00\" \/>\n<meta property=\"og:image\" content=\"https:\/\/museodelacharreria.org.mx\/wp-content\/uploads\/2023\/10\/retablo-la-independencia-Fuente-INAH-1.jpg\" \/>\n\t<meta property=\"og:image:width\" content=\"1920\" \/>\n\t<meta property=\"og:image:height\" content=\"1280\" \/>\n\t<meta property=\"og:image:type\" content=\"image\/jpeg\" \/>\n<meta name=\"twitter:card\" content=\"summary_large_image\" \/>\n<meta name=\"twitter:label1\" content=\"\u9884\u8ba1\u9605\u8bfb\u65f6\u95f4\" \/>\n\t<meta name=\"twitter:data1\" content=\"5 \u5206\" \/>\n<script type=\"application\/ld+json\" class=\"yoast-schema-graph\">{\"@context\":\"https:\\\/\\\/schema.org\",\"@graph\":[{\"@type\":\"WebPage\",\"@id\":\"https:\\\/\\\/museodelacharreria.org.mx\\\/historia\\\/\",\"url\":\"https:\\\/\\\/museodelacharreria.org.mx\\\/historia\\\/\",\"name\":\"HISTORIA - Museo de la Charrer\u00eda CDMX\",\"isPartOf\":{\"@id\":\"https:\\\/\\\/museodelacharreria.org.mx\\\/#website\"},\"primaryImageOfPage\":{\"@id\":\"https:\\\/\\\/museodelacharreria.org.mx\\\/historia\\\/#primaryimage\"},\"image\":{\"@id\":\"https:\\\/\\\/museodelacharreria.org.mx\\\/historia\\\/#primaryimage\"},\"thumbnailUrl\":\"https:\\\/\\\/museodelacharreria.org.mx\\\/wp-content\\\/uploads\\\/2023\\\/10\\\/retablo-la-independencia-Fuente-INAH-1.jpg\",\"datePublished\":\"2023-07-14T06:08:27+00:00\",\"dateModified\":\"2023-12-27T03:48:45+00:00\",\"description\":\"Desde sus inicios como actividad econ\u00f3mica crucial hasta su transformaci\u00f3n en una expresi\u00f3n cultural emblem\u00e1tica, la Charrer\u00eda ha sido un pilar fundamental en la construcci\u00f3n de la identidad mexicana y ha dejado una huella indeleble en la historia econ\u00f3mica y cultural de la naci\u00f3n.\",\"breadcrumb\":{\"@id\":\"https:\\\/\\\/museodelacharreria.org.mx\\\/historia\\\/#breadcrumb\"},\"inLanguage\":\"zh-Hans\",\"potentialAction\":[{\"@type\":\"ReadAction\",\"target\":[\"https:\\\/\\\/museodelacharreria.org.mx\\\/historia\\\/\"]}]},{\"@type\":\"ImageObject\",\"inLanguage\":\"zh-Hans\",\"@id\":\"https:\\\/\\\/museodelacharreria.org.mx\\\/historia\\\/#primaryimage\",\"url\":\"https:\\\/\\\/museodelacharreria.org.mx\\\/wp-content\\\/uploads\\\/2023\\\/10\\\/retablo-la-independencia-Fuente-INAH-1.jpg\",\"contentUrl\":\"https:\\\/\\\/museodelacharreria.org.mx\\\/wp-content\\\/uploads\\\/2023\\\/10\\\/retablo-la-independencia-Fuente-INAH-1.jpg\",\"width\":1920,\"height\":1280,\"caption\":\"Retablo \\\"La Independencia\\\" Castillo de Chapultepec. Autor: Juan O'Gorman Instituto Nacional de Antropolog\u00eda e Historia http:\\\/\\\/mediateca.inah.gob.mx\\\/\"},{\"@type\":\"BreadcrumbList\",\"@id\":\"https:\\\/\\\/museodelacharreria.org.mx\\\/historia\\\/#breadcrumb\",\"itemListElement\":[{\"@type\":\"ListItem\",\"position\":1,\"name\":\"Portada\",\"item\":\"https:\\\/\\\/museodelacharreria.org.mx\\\/inicio\\\/\"},{\"@type\":\"ListItem\",\"position\":2,\"name\":\"HISTORIA\"}]},{\"@type\":\"WebSite\",\"@id\":\"https:\\\/\\\/museodelacharreria.org.mx\\\/#website\",\"url\":\"https:\\\/\\\/museodelacharreria.org.mx\\\/\",\"name\":\"Museo de la Charrer\u00eda CDMX\",\"description\":\"Historia y tradici\u00f3n, patrimonio cultural inmaterial de la humanidad UNESCO\",\"publisher\":{\"@id\":\"https:\\\/\\\/museodelacharreria.org.mx\\\/#organization\"},\"potentialAction\":[{\"@type\":\"SearchAction\",\"target\":{\"@type\":\"EntryPoint\",\"urlTemplate\":\"https:\\\/\\\/museodelacharreria.org.mx\\\/?s={search_term_string}\"},\"query-input\":{\"@type\":\"PropertyValueSpecification\",\"valueRequired\":true,\"valueName\":\"search_term_string\"}}],\"inLanguage\":\"zh-Hans\"},{\"@type\":\"Organization\",\"@id\":\"https:\\\/\\\/museodelacharreria.org.mx\\\/#organization\",\"name\":\"Museo de la Charrer\u00eda Ciudad de M\u00e9xico\",\"alternateName\":\"Museo de la Charrer\u00eda CDMX\",\"url\":\"https:\\\/\\\/museodelacharreria.org.mx\\\/\",\"logo\":{\"@type\":\"ImageObject\",\"inLanguage\":\"zh-Hans\",\"@id\":\"https:\\\/\\\/museodelacharreria.org.mx\\\/#\\\/schema\\\/logo\\\/image\\\/\",\"url\":\"https:\\\/\\\/museodelacharreria.org.mx\\\/wp-content\\\/uploads\\\/2023\\\/07\\\/Logo-Museo-de-la-Charreria-b-n.png\",\"contentUrl\":\"https:\\\/\\\/museodelacharreria.org.mx\\\/wp-content\\\/uploads\\\/2023\\\/07\\\/Logo-Museo-de-la-Charreria-b-n.png\",\"width\":500,\"height\":250,\"caption\":\"Museo de la Charrer\u00eda Ciudad de M\u00e9xico\"},\"image\":{\"@id\":\"https:\\\/\\\/museodelacharreria.org.mx\\\/#\\\/schema\\\/logo\\\/image\\\/\"},\"sameAs\":[\"https:\\\/\\\/www.youtube.com\\\/@MuseoDeLaCharreria\"]}]}<\/script>\n<!-- \/ Yoast SEO plugin. -->","yoast_head_json":{"title":"\u5386\u53f2 - CDMX \u67e5\u7406\u91cc\u4e9a\u535a\u7269\u9986","description":"\u4ece\u6700\u521d\u4f5c\u4e3a\u4e00\u9879\u91cd\u8981\u7684\u7ecf\u6d4e\u6d3b\u52a8\u5230\u8f6c\u53d8\u4e3a\u4e00\u79cd\u6807\u5fd7\u6027\u7684\u6587\u5316\u8868\u73b0\u5f62\u5f0f\uff0cCharreria \u4e00\u76f4\u662f\u6784\u5efa\u58a8\u897f\u54e5\u7279\u6027\u7684\u57fa\u672c\u652f\u67f1\uff0c\u5e76\u5728\u58a8\u897f\u54e5\u7684\u7ecf\u6d4e\u548c\u6587\u5316\u53f2\u4e0a\u7559\u4e0b\u4e86\u4e0d\u53ef\u78e8\u706d\u7684\u5370\u8bb0\u3002","robots":{"index":"index","follow":"follow","max-snippet":"max-snippet:-1","max-image-preview":"max-image-preview:large","max-video-preview":"max-video-preview:-1"},"canonical":"https:\/\/museodelacharreria.org.mx\/zh\/\u5386\u53f2\/","og_locale":"zh_CN","og_type":"article","og_title":"HISTORIA - Museo de la Charrer\u00eda CDMX","og_description":"Desde sus inicios como actividad econ\u00f3mica crucial hasta su transformaci\u00f3n en una expresi\u00f3n cultural emblem\u00e1tica, la Charrer\u00eda ha sido un pilar fundamental en la construcci\u00f3n de la identidad mexicana y ha dejado una huella indeleble en la historia econ\u00f3mica y cultural de la naci\u00f3n.","og_url":"https:\/\/museodelacharreria.org.mx\/zh\/\u5386\u53f2\/","og_site_name":"Museo de la Charrer\u00eda CDMX","article_modified_time":"2023-12-27T03:48:45+00:00","og_image":[{"width":1920,"height":1280,"url":"https:\/\/museodelacharreria.org.mx\/wp-content\/uploads\/2023\/10\/retablo-la-independencia-Fuente-INAH-1.jpg","type":"image\/jpeg"}],"twitter_card":"summary_large_image","twitter_misc":{"\u9884\u8ba1\u9605\u8bfb\u65f6\u95f4":"5 \u5206"},"schema":{"@context":"https:\/\/schema.org","@graph":[{"@type":"WebPage","@id":"https:\/\/museodelacharreria.org.mx\/historia\/","url":"https:\/\/museodelacharreria.org.mx\/historia\/","name":"\u5386\u53f2 - CDMX \u67e5\u7406\u91cc\u4e9a\u535a\u7269\u9986","isPartOf":{"@id":"https:\/\/museodelacharreria.org.mx\/#website"},"primaryImageOfPage":{"@id":"https:\/\/museodelacharreria.org.mx\/historia\/#primaryimage"},"image":{"@id":"https:\/\/museodelacharreria.org.mx\/historia\/#primaryimage"},"thumbnailUrl":"https:\/\/museodelacharreria.org.mx\/wp-content\/uploads\/2023\/10\/retablo-la-independencia-Fuente-INAH-1.jpg","datePublished":"2023-07-14T06:08:27+00:00","dateModified":"2023-12-27T03:48:45+00:00","description":"\u4ece\u6700\u521d\u4f5c\u4e3a\u4e00\u9879\u91cd\u8981\u7684\u7ecf\u6d4e\u6d3b\u52a8\u5230\u8f6c\u53d8\u4e3a\u4e00\u79cd\u6807\u5fd7\u6027\u7684\u6587\u5316\u8868\u73b0\u5f62\u5f0f\uff0cCharreria \u4e00\u76f4\u662f\u6784\u5efa\u58a8\u897f\u54e5\u7279\u6027\u7684\u57fa\u672c\u652f\u67f1\uff0c\u5e76\u5728\u58a8\u897f\u54e5\u7684\u7ecf\u6d4e\u548c\u6587\u5316\u53f2\u4e0a\u7559\u4e0b\u4e86\u4e0d\u53ef\u78e8\u706d\u7684\u5370\u8bb0\u3002","breadcrumb":{"@id":"https:\/\/museodelacharreria.org.mx\/historia\/#breadcrumb"},"inLanguage":"zh-Hans","potentialAction":[{"@type":"ReadAction","target":["https:\/\/museodelacharreria.org.mx\/historia\/"]}]},{"@type":"ImageObject","inLanguage":"zh-Hans","@id":"https:\/\/museodelacharreria.org.mx\/historia\/#primaryimage","url":"https:\/\/museodelacharreria.org.mx\/wp-content\/uploads\/2023\/10\/retablo-la-independencia-Fuente-INAH-1.jpg","contentUrl":"https:\/\/museodelacharreria.org.mx\/wp-content\/uploads\/2023\/10\/retablo-la-independencia-Fuente-INAH-1.jpg","width":1920,"height":1280,"caption":"Retablo \"La Independencia\" Castillo de Chapultepec. Autor: Juan O'Gorman Instituto Nacional de Antropolog\u00eda e Historia http:\/\/mediateca.inah.gob.mx\/"},{"@type":"BreadcrumbList","@id":"https:\/\/museodelacharreria.org.mx\/historia\/#breadcrumb","itemListElement":[{"@type":"ListItem","position":1,"name":"Portada","item":"https:\/\/museodelacharreria.org.mx\/inicio\/"},{"@type":"ListItem","position":2,"name":"HISTORIA"}]},{"@type":"WebSite","@id":"https:\/\/museodelacharreria.org.mx\/#website","url":"https:\/\/museodelacharreria.org.mx\/","name":"Charreria \u535a\u7269\u9986 CDMX","description":"\u5386\u53f2\u4e0e\u4f20\u7edf\uff0c\u4eba\u7c7b\u975e\u7269\u8d28\u6587\u5316\u9057\u4ea7 \u6559\u79d1\u6587\u7ec4\u7ec7","publisher":{"@id":"https:\/\/museodelacharreria.org.mx\/#organization"},"potentialAction":[{"@type":"SearchAction","target":{"@type":"EntryPoint","urlTemplate":"https:\/\/museodelacharreria.org.mx\/?s={search_term_string}"},"query-input":{"@type":"PropertyValueSpecification","valueRequired":true,"valueName":"search_term_string"}}],"inLanguage":"zh-Hans"},{"@type":"Organization","@id":"https:\/\/museodelacharreria.org.mx\/#organization","name":"\u58a8\u897f\u54e5\u57ce Charreria \u535a\u7269\u9986","alternateName":"Museo de la Charrer\u00eda CDMX","url":"https:\/\/museodelacharreria.org.mx\/","logo":{"@type":"ImageObject","inLanguage":"zh-Hans","@id":"https:\/\/museodelacharreria.org.mx\/#\/schema\/logo\/image\/","url":"https:\/\/museodelacharreria.org.mx\/wp-content\/uploads\/2023\/07\/Logo-Museo-de-la-Charreria-b-n.png","contentUrl":"https:\/\/museodelacharreria.org.mx\/wp-content\/uploads\/2023\/07\/Logo-Museo-de-la-Charreria-b-n.png","width":500,"height":250,"caption":"Museo de la Charrer\u00eda Ciudad de M\u00e9xico"},"image":{"@id":"https:\/\/museodelacharreria.org.mx\/#\/schema\/logo\/image\/"},"sameAs":["https:\/\/www.youtube.com\/@MuseoDeLaCharreria"]}]}},"_links":{"self":[{"href":"https:\/\/museodelacharreria.org.mx\/zh\/wp-json\/wp\/v2\/pages\/56","targetHints":{"allow":["GET"]}}],"collection":[{"href":"https:\/\/museodelacharreria.org.mx\/zh\/wp-json\/wp\/v2\/pages"}],"about":[{"href":"https:\/\/museodelacharreria.org.mx\/zh\/wp-json\/wp\/v2\/types\/page"}],"author":[{"embeddable":true,"href":"https:\/\/museodelacharreria.org.mx\/zh\/wp-json\/wp\/v2\/users\/1"}],"replies":[{"embeddable":true,"href":"https:\/\/museodelacharreria.org.mx\/zh\/wp-json\/wp\/v2\/comments?post=56"}],"version-history":[{"count":43,"href":"https:\/\/museodelacharreria.org.mx\/zh\/wp-json\/wp\/v2\/pages\/56\/revisions"}],"predecessor-version":[{"id":4013,"href":"https:\/\/museodelacharreria.org.mx\/zh\/wp-json\/wp\/v2\/pages\/56\/revisions\/4013"}],"wp:featuredmedia":[{"embeddable":true,"href":"https:\/\/museodelacharreria.org.mx\/zh\/wp-json\/wp\/v2\/media\/1941"}],"wp:attachment":[{"href":"https:\/\/museodelacharreria.org.mx\/zh\/wp-json\/wp\/v2\/media?parent=56"}],"curies":[{"name":"wp","href":"https:\/\/api.w.org\/{rel}","templated":true}]}}