{"id":3623,"date":"2024-11-20T14:18:14","date_gmt":"2024-11-20T20:18:14","guid":{"rendered":"https:\/\/museodelacharreria.org.mx\/?post_type=portfolio&#038;p=3623"},"modified":"2024-12-06T07:57:27","modified_gmt":"2024-12-06T13:57:27","slug":"albarda-estilo-ingles","status":"publish","type":"portfolio","link":"https:\/\/museodelacharreria.org.mx\/zh\/coleccion\/albarda-estilo-ingles\/","title":{"rendered":"\u82f1\u5f0f\u963f\u5c14\u5df4\u8fbe"},"content":{"rendered":"<style type=\"text\/css\" data-created_by=\"avia_inline_auto\" id=\"style-css-av-m3qblkgu-d89d11620ec050fed33627e41bdfeab0\">\n.avia-section.av-m3qblkgu-d89d11620ec050fed33627e41bdfeab0{\nbackground-color:#0a0a0a;\nbackground-image:url(https:\/\/museodelacharreria.org.mx\/wp-content\/uploads\/2024\/11\/Museo-de-la-Charreria-Albarda-Estilo-Ingles.jpg);\nbackground-repeat:no-repeat;\nbackground-position:50% 50%;\nbackground-attachment:scroll;\n}\n<\/style>\n<div id='av_section_1'  class='avia-section av-m3qblkgu-d89d11620ec050fed33627e41bdfeab0 main_color avia-section-default avia-no-border-styling  avia-builder-el-0  el_before_av_heading  avia-builder-el-first  avia-full-stretch avia-bg-style-scroll av-minimum-height av-minimum-height-95 av-height-percent  container_wrap fullsize'  data-section-bg-repeat='stretch' data-av_minimum_height_pc='95' data-av_min_height_opt='percent'><div class=\"av-section-color-overlay-wrap\"><a href='#next-section' title='' class='scroll-down-link' aria-hidden='true' data-av_icon='\ue877' data-av_iconfont='entypo-fontello'><\/a><div class='container av-section-cont-open' ><main  role=\"main\" itemprop=\"mainContentOfPage\"  class='template-page content  av-content-full alpha units'><div class='post-entry post-entry-type-page post-entry-3623'><div class='entry-content-wrapper clearfix'><\/div><\/div><\/main><!-- close content main element --><\/div><\/div><\/div><div id='after_section_1'  class='main_color av_default_container_wrap container_wrap fullsize'  ><div class='container av-section-cont-open' ><div class='template-page content  av-content-full alpha units'><div class='post-entry post-entry-type-page post-entry-3623'><div class='entry-content-wrapper clearfix'>\n\n<style type=\"text\/css\" data-created_by=\"avia_inline_auto\" id=\"style-css-av-m3qbscsq-5caa92e829e172c9bc900d2795e4d25f\">\n#top .av-special-heading.av-m3qbscsq-5caa92e829e172c9bc900d2795e4d25f{\nmargin:-2% 0 0 0;\npadding-bottom:5%;\n}\nbody .av-special-heading.av-m3qbscsq-5caa92e829e172c9bc900d2795e4d25f .av-special-heading-tag .heading-char{\nfont-size:25px;\n}\n#top #wrap_all .av-special-heading.av-m3qbscsq-5caa92e829e172c9bc900d2795e4d25f .av-special-heading-tag{\npadding:0 0 0 0;\n}\n.av-special-heading.av-m3qbscsq-5caa92e829e172c9bc900d2795e4d25f .av-subheading{\nfont-size:15px;\n}\n<\/style>\n<div  class='av-special-heading av-m3qbscsq-5caa92e829e172c9bc900d2795e4d25f av-special-heading-h2 blockquote modern-quote modern-centered  avia-builder-el-1  el_after_av_section  el_before_av_one_half  avia-builder-el-first'><h2 class='av-special-heading-tag'  itemprop=\"headline\"  >\u82f1\u5f0f\u963f\u5c14\u5df4\u8fbe<\/h2><div class=\"special-heading-border\"><div class=\"special-heading-inner-border\"><\/div><\/div><\/div>\n<div  class='flex_column av-7u91jr-a5ec00a2ffb90a379399ceb40d450817 av_one_half  avia-builder-el-2  el_after_av_heading  el_before_av_one_half  first flex_column_div'     ><style type=\"text\/css\" data-created_by=\"avia_inline_auto\" id=\"style-css-av-m3qbrja5-f865b731ad555401be258e8720f9cdb5\">\n#top .avia-gallery.av-m3qbrja5-f865b731ad555401be258e8720f9cdb5 .avia-gallery-thumb a{\nwidth:33.3333%;\n}\n<\/style>\n<div  class='avia-gallery av-m3qbrja5-f865b731ad555401be258e8720f9cdb5 avia_animate_when_visible  avia-builder-el-3  avia-builder-el-no-sibling  avia_lazyload av-slideshow-ui av-loop-manual-endless av-control-hidden av-navigate-arrows hover-effect av-control-hidden avia-gallery-animate avia-gallery-1'  itemprop=\"image\" itemscope=\"itemscope\" itemtype=\"https:\/\/schema.org\/ImageObject\" ><meta itemprop=\"contentURL\" content=\"https:\/\/museodelacharreria.org.mx\/zh\/coleccion\/albarda-estilo-ingles\/\"><a class='avia-gallery-big fakeLightbox lightbox avia-gallery-big-crop-thumb' href=\"https:\/\/museodelacharreria.org.mx\/wp-content\/uploads\/2024\/11\/MUSEO-DE-LA-CHARRERIA-MONTURAS-ALBARDA-1-1.jpg\" data-srcset=\"https:\/\/museodelacharreria.org.mx\/wp-content\/uploads\/2024\/11\/MUSEO-DE-LA-CHARRERIA-MONTURAS-ALBARDA-1-1.jpg 1620w, https:\/\/museodelacharreria.org.mx\/wp-content\/uploads\/2024\/11\/MUSEO-DE-LA-CHARRERIA-MONTURAS-ALBARDA-1-1-400x267.jpg 400w, https:\/\/museodelacharreria.org.mx\/wp-content\/uploads\/2024\/11\/MUSEO-DE-LA-CHARRERIA-MONTURAS-ALBARDA-1-1-768x512.jpg 768w, https:\/\/museodelacharreria.org.mx\/wp-content\/uploads\/2024\/11\/MUSEO-DE-LA-CHARRERIA-MONTURAS-ALBARDA-1-1-1536x1024.jpg 1536w, https:\/\/museodelacharreria.org.mx\/wp-content\/uploads\/2024\/11\/MUSEO-DE-LA-CHARRERIA-MONTURAS-ALBARDA-1-1-18x12.jpg 18w, https:\/\/museodelacharreria.org.mx\/wp-content\/uploads\/2024\/11\/MUSEO-DE-LA-CHARRERIA-MONTURAS-ALBARDA-1-1-1500x1000.jpg 1500w, https:\/\/museodelacharreria.org.mx\/wp-content\/uploads\/2024\/11\/MUSEO-DE-LA-CHARRERIA-MONTURAS-ALBARDA-1-1-705x470.jpg 705w\" data-sizes=\"(max-width: 1500px) 100vw, 1500px\"  data-onclick='1' title='MUSEO DE LA CHARRERIA - MONTURAS - ALBARDA-' ><span class='avia-gallery-big-inner'  itemprop=\"thumbnailUrl\" ><img decoding=\"async\" fetchpriority=\"high\" class=\"wp-image-3626 avia-img-lazy-loading-not-3626\"  width=\"1500\" height=\"1000\" src=\"https:\/\/museodelacharreria.org.mx\/wp-content\/uploads\/2024\/11\/MUSEO-DE-LA-CHARRERIA-MONTURAS-ALBARDA-1-1.jpg\" title='MUSEO DE LA CHARRERIA - MONTURAS - ALBARDA-' alt='' srcset=\"https:\/\/museodelacharreria.org.mx\/wp-content\/uploads\/2024\/11\/MUSEO-DE-LA-CHARRERIA-MONTURAS-ALBARDA-1-1.jpg 1620w, https:\/\/museodelacharreria.org.mx\/wp-content\/uploads\/2024\/11\/MUSEO-DE-LA-CHARRERIA-MONTURAS-ALBARDA-1-1-400x267.jpg 400w, https:\/\/museodelacharreria.org.mx\/wp-content\/uploads\/2024\/11\/MUSEO-DE-LA-CHARRERIA-MONTURAS-ALBARDA-1-1-768x512.jpg 768w, https:\/\/museodelacharreria.org.mx\/wp-content\/uploads\/2024\/11\/MUSEO-DE-LA-CHARRERIA-MONTURAS-ALBARDA-1-1-1536x1024.jpg 1536w, https:\/\/museodelacharreria.org.mx\/wp-content\/uploads\/2024\/11\/MUSEO-DE-LA-CHARRERIA-MONTURAS-ALBARDA-1-1-18x12.jpg 18w, https:\/\/museodelacharreria.org.mx\/wp-content\/uploads\/2024\/11\/MUSEO-DE-LA-CHARRERIA-MONTURAS-ALBARDA-1-1-1500x1000.jpg 1500w, https:\/\/museodelacharreria.org.mx\/wp-content\/uploads\/2024\/11\/MUSEO-DE-LA-CHARRERIA-MONTURAS-ALBARDA-1-1-705x470.jpg 705w\" sizes=\"(max-width: 1500px) 100vw, 1500px\" \/><\/span><\/a><div class='avia-gallery-thumb'><a href=\"https:\/\/museodelacharreria.org.mx\/wp-content\/uploads\/2024\/11\/MUSEO-DE-LA-CHARRERIA-MONTURAS-ALBARDA-1-1.jpg\" data-srcset=\"https:\/\/museodelacharreria.org.mx\/wp-content\/uploads\/2024\/11\/MUSEO-DE-LA-CHARRERIA-MONTURAS-ALBARDA-1-1.jpg 1620w, https:\/\/museodelacharreria.org.mx\/wp-content\/uploads\/2024\/11\/MUSEO-DE-LA-CHARRERIA-MONTURAS-ALBARDA-1-1-400x267.jpg 400w, https:\/\/museodelacharreria.org.mx\/wp-content\/uploads\/2024\/11\/MUSEO-DE-LA-CHARRERIA-MONTURAS-ALBARDA-1-1-768x512.jpg 768w, https:\/\/museodelacharreria.org.mx\/wp-content\/uploads\/2024\/11\/MUSEO-DE-LA-CHARRERIA-MONTURAS-ALBARDA-1-1-1536x1024.jpg 1536w, https:\/\/museodelacharreria.org.mx\/wp-content\/uploads\/2024\/11\/MUSEO-DE-LA-CHARRERIA-MONTURAS-ALBARDA-1-1-18x12.jpg 18w, https:\/\/museodelacharreria.org.mx\/wp-content\/uploads\/2024\/11\/MUSEO-DE-LA-CHARRERIA-MONTURAS-ALBARDA-1-1-1500x1000.jpg 1500w, https:\/\/museodelacharreria.org.mx\/wp-content\/uploads\/2024\/11\/MUSEO-DE-LA-CHARRERIA-MONTURAS-ALBARDA-1-1-705x470.jpg 705w\" data-sizes=\"(max-width: 1500px) 100vw, 1500px\" data-rel='gallery-1' data-prev-img='https:\/\/museodelacharreria.org.mx\/wp-content\/uploads\/2024\/11\/MUSEO-DE-LA-CHARRERIA-MONTURAS-ALBARDA-1-1.jpg' class='first_thumb lightbox' data-onclick='1' title='MUSEO DE LA CHARRERIA - MONTURAS - ALBARDA-'  itemprop=\"thumbnailUrl\"  ><img decoding=\"async\" fetchpriority=\"high\" class=\"wp-image-3626 avia-img-lazy-loading-not-3626\"   src=\"https:\/\/museodelacharreria.org.mx\/wp-content\/uploads\/2024\/11\/MUSEO-DE-LA-CHARRERIA-MONTURAS-ALBARDA-1-1.jpg\" width=\"1500\" height=\"1000\"  title='MUSEO DE LA CHARRERIA - MONTURAS - ALBARDA-' alt='' srcset=\"https:\/\/museodelacharreria.org.mx\/wp-content\/uploads\/2024\/11\/MUSEO-DE-LA-CHARRERIA-MONTURAS-ALBARDA-1-1.jpg 1620w, https:\/\/museodelacharreria.org.mx\/wp-content\/uploads\/2024\/11\/MUSEO-DE-LA-CHARRERIA-MONTURAS-ALBARDA-1-1-400x267.jpg 400w, https:\/\/museodelacharreria.org.mx\/wp-content\/uploads\/2024\/11\/MUSEO-DE-LA-CHARRERIA-MONTURAS-ALBARDA-1-1-768x512.jpg 768w, https:\/\/museodelacharreria.org.mx\/wp-content\/uploads\/2024\/11\/MUSEO-DE-LA-CHARRERIA-MONTURAS-ALBARDA-1-1-1536x1024.jpg 1536w, https:\/\/museodelacharreria.org.mx\/wp-content\/uploads\/2024\/11\/MUSEO-DE-LA-CHARRERIA-MONTURAS-ALBARDA-1-1-18x12.jpg 18w, https:\/\/museodelacharreria.org.mx\/wp-content\/uploads\/2024\/11\/MUSEO-DE-LA-CHARRERIA-MONTURAS-ALBARDA-1-1-1500x1000.jpg 1500w, https:\/\/museodelacharreria.org.mx\/wp-content\/uploads\/2024\/11\/MUSEO-DE-LA-CHARRERIA-MONTURAS-ALBARDA-1-1-705x470.jpg 705w\" sizes=\"(max-width: 1500px) 100vw, 1500px\" \/><div class='big-prev-fake'><img decoding=\"async\" loading=\"lazy\" class=\"wp-image-3626 avia-img-lazy-loading-3626\"  width=\"1500\" height=\"1000\" src=\"https:\/\/museodelacharreria.org.mx\/wp-content\/uploads\/2024\/11\/MUSEO-DE-LA-CHARRERIA-MONTURAS-ALBARDA-1-1.jpg\" title='MUSEO DE LA CHARRERIA - MONTURAS - ALBARDA-' alt='' srcset=\"https:\/\/museodelacharreria.org.mx\/wp-content\/uploads\/2024\/11\/MUSEO-DE-LA-CHARRERIA-MONTURAS-ALBARDA-1-1.jpg 1620w, https:\/\/museodelacharreria.org.mx\/wp-content\/uploads\/2024\/11\/MUSEO-DE-LA-CHARRERIA-MONTURAS-ALBARDA-1-1-400x267.jpg 400w, https:\/\/museodelacharreria.org.mx\/wp-content\/uploads\/2024\/11\/MUSEO-DE-LA-CHARRERIA-MONTURAS-ALBARDA-1-1-768x512.jpg 768w, https:\/\/museodelacharreria.org.mx\/wp-content\/uploads\/2024\/11\/MUSEO-DE-LA-CHARRERIA-MONTURAS-ALBARDA-1-1-1536x1024.jpg 1536w, https:\/\/museodelacharreria.org.mx\/wp-content\/uploads\/2024\/11\/MUSEO-DE-LA-CHARRERIA-MONTURAS-ALBARDA-1-1-18x12.jpg 18w, https:\/\/museodelacharreria.org.mx\/wp-content\/uploads\/2024\/11\/MUSEO-DE-LA-CHARRERIA-MONTURAS-ALBARDA-1-1-1500x1000.jpg 1500w, https:\/\/museodelacharreria.org.mx\/wp-content\/uploads\/2024\/11\/MUSEO-DE-LA-CHARRERIA-MONTURAS-ALBARDA-1-1-705x470.jpg 705w\" sizes=\"auto, (max-width: 1500px) 100vw, 1500px\" \/><\/div><\/a><a href=\"https:\/\/museodelacharreria.org.mx\/wp-content\/uploads\/2024\/11\/MUSEO-DE-LA-CHARRERIA-MONTURAS-ALBARDA-1981.jpg\" data-srcset=\"https:\/\/museodelacharreria.org.mx\/wp-content\/uploads\/2024\/11\/MUSEO-DE-LA-CHARRERIA-MONTURAS-ALBARDA-1981.jpg 1620w, https:\/\/museodelacharreria.org.mx\/wp-content\/uploads\/2024\/11\/MUSEO-DE-LA-CHARRERIA-MONTURAS-ALBARDA-1981-400x267.jpg 400w, https:\/\/museodelacharreria.org.mx\/wp-content\/uploads\/2024\/11\/MUSEO-DE-LA-CHARRERIA-MONTURAS-ALBARDA-1981-768x512.jpg 768w, https:\/\/museodelacharreria.org.mx\/wp-content\/uploads\/2024\/11\/MUSEO-DE-LA-CHARRERIA-MONTURAS-ALBARDA-1981-1536x1024.jpg 1536w, https:\/\/museodelacharreria.org.mx\/wp-content\/uploads\/2024\/11\/MUSEO-DE-LA-CHARRERIA-MONTURAS-ALBARDA-1981-18x12.jpg 18w, https:\/\/museodelacharreria.org.mx\/wp-content\/uploads\/2024\/11\/MUSEO-DE-LA-CHARRERIA-MONTURAS-ALBARDA-1981-1500x1000.jpg 1500w, https:\/\/museodelacharreria.org.mx\/wp-content\/uploads\/2024\/11\/MUSEO-DE-LA-CHARRERIA-MONTURAS-ALBARDA-1981-705x470.jpg 705w\" data-sizes=\"(max-width: 1500px) 100vw, 1500px\" data-rel='gallery-1' data-prev-img='https:\/\/museodelacharreria.org.mx\/wp-content\/uploads\/2024\/11\/MUSEO-DE-LA-CHARRERIA-MONTURAS-ALBARDA-1981.jpg' class='lightbox' data-onclick='2' title='MUSEO DE LA CHARRERIA - MONTURAS - ALBARDA-1981'  itemprop=\"thumbnailUrl\"  ><img decoding=\"async\" fetchpriority=\"high\" class=\"wp-image-3627 avia-img-lazy-loading-not-3627\"   src=\"https:\/\/museodelacharreria.org.mx\/wp-content\/uploads\/2024\/11\/MUSEO-DE-LA-CHARRERIA-MONTURAS-ALBARDA-1981.jpg\" width=\"1500\" height=\"1000\"  title='MUSEO DE LA CHARRERIA - MONTURAS - ALBARDA-1981' alt='' srcset=\"https:\/\/museodelacharreria.org.mx\/wp-content\/uploads\/2024\/11\/MUSEO-DE-LA-CHARRERIA-MONTURAS-ALBARDA-1981.jpg 1620w, https:\/\/museodelacharreria.org.mx\/wp-content\/uploads\/2024\/11\/MUSEO-DE-LA-CHARRERIA-MONTURAS-ALBARDA-1981-400x267.jpg 400w, https:\/\/museodelacharreria.org.mx\/wp-content\/uploads\/2024\/11\/MUSEO-DE-LA-CHARRERIA-MONTURAS-ALBARDA-1981-768x512.jpg 768w, https:\/\/museodelacharreria.org.mx\/wp-content\/uploads\/2024\/11\/MUSEO-DE-LA-CHARRERIA-MONTURAS-ALBARDA-1981-1536x1024.jpg 1536w, https:\/\/museodelacharreria.org.mx\/wp-content\/uploads\/2024\/11\/MUSEO-DE-LA-CHARRERIA-MONTURAS-ALBARDA-1981-18x12.jpg 18w, https:\/\/museodelacharreria.org.mx\/wp-content\/uploads\/2024\/11\/MUSEO-DE-LA-CHARRERIA-MONTURAS-ALBARDA-1981-1500x1000.jpg 1500w, https:\/\/museodelacharreria.org.mx\/wp-content\/uploads\/2024\/11\/MUSEO-DE-LA-CHARRERIA-MONTURAS-ALBARDA-1981-705x470.jpg 705w\" sizes=\"(max-width: 1500px) 100vw, 1500px\" \/><div class='big-prev-fake'><img decoding=\"async\" loading=\"lazy\" class=\"wp-image-3627 avia-img-lazy-loading-3627\"  width=\"1500\" height=\"1000\" src=\"https:\/\/museodelacharreria.org.mx\/wp-content\/uploads\/2024\/11\/MUSEO-DE-LA-CHARRERIA-MONTURAS-ALBARDA-1981.jpg\" title='MUSEO DE LA CHARRERIA - MONTURAS - ALBARDA-1981' alt='' srcset=\"https:\/\/museodelacharreria.org.mx\/wp-content\/uploads\/2024\/11\/MUSEO-DE-LA-CHARRERIA-MONTURAS-ALBARDA-1981.jpg 1620w, https:\/\/museodelacharreria.org.mx\/wp-content\/uploads\/2024\/11\/MUSEO-DE-LA-CHARRERIA-MONTURAS-ALBARDA-1981-400x267.jpg 400w, https:\/\/museodelacharreria.org.mx\/wp-content\/uploads\/2024\/11\/MUSEO-DE-LA-CHARRERIA-MONTURAS-ALBARDA-1981-768x512.jpg 768w, https:\/\/museodelacharreria.org.mx\/wp-content\/uploads\/2024\/11\/MUSEO-DE-LA-CHARRERIA-MONTURAS-ALBARDA-1981-1536x1024.jpg 1536w, https:\/\/museodelacharreria.org.mx\/wp-content\/uploads\/2024\/11\/MUSEO-DE-LA-CHARRERIA-MONTURAS-ALBARDA-1981-18x12.jpg 18w, https:\/\/museodelacharreria.org.mx\/wp-content\/uploads\/2024\/11\/MUSEO-DE-LA-CHARRERIA-MONTURAS-ALBARDA-1981-1500x1000.jpg 1500w, https:\/\/museodelacharreria.org.mx\/wp-content\/uploads\/2024\/11\/MUSEO-DE-LA-CHARRERIA-MONTURAS-ALBARDA-1981-705x470.jpg 705w\" sizes=\"auto, (max-width: 1500px) 100vw, 1500px\" \/><\/div><\/a><a href=\"https:\/\/museodelacharreria.org.mx\/wp-content\/uploads\/2024\/11\/MUSEO-DE-LA-CHARRERIA-MONTURAS-ALBARDA-1982.jpg\" data-srcset=\"https:\/\/museodelacharreria.org.mx\/wp-content\/uploads\/2024\/11\/MUSEO-DE-LA-CHARRERIA-MONTURAS-ALBARDA-1982.jpg 1620w, https:\/\/museodelacharreria.org.mx\/wp-content\/uploads\/2024\/11\/MUSEO-DE-LA-CHARRERIA-MONTURAS-ALBARDA-1982-400x267.jpg 400w, https:\/\/museodelacharreria.org.mx\/wp-content\/uploads\/2024\/11\/MUSEO-DE-LA-CHARRERIA-MONTURAS-ALBARDA-1982-768x512.jpg 768w, https:\/\/museodelacharreria.org.mx\/wp-content\/uploads\/2024\/11\/MUSEO-DE-LA-CHARRERIA-MONTURAS-ALBARDA-1982-1536x1024.jpg 1536w, https:\/\/museodelacharreria.org.mx\/wp-content\/uploads\/2024\/11\/MUSEO-DE-LA-CHARRERIA-MONTURAS-ALBARDA-1982-18x12.jpg 18w, https:\/\/museodelacharreria.org.mx\/wp-content\/uploads\/2024\/11\/MUSEO-DE-LA-CHARRERIA-MONTURAS-ALBARDA-1982-1500x1000.jpg 1500w, https:\/\/museodelacharreria.org.mx\/wp-content\/uploads\/2024\/11\/MUSEO-DE-LA-CHARRERIA-MONTURAS-ALBARDA-1982-705x470.jpg 705w\" data-sizes=\"(max-width: 1500px) 100vw, 1500px\" data-rel='gallery-1' data-prev-img='https:\/\/museodelacharreria.org.mx\/wp-content\/uploads\/2024\/11\/MUSEO-DE-LA-CHARRERIA-MONTURAS-ALBARDA-1982.jpg' class='lightbox' data-onclick='3' title='MUSEO DE LA CHARRERIA - MONTURAS - ALBARDA-1982'  itemprop=\"thumbnailUrl\"  ><img decoding=\"async\" fetchpriority=\"high\" class=\"wp-image-3625 avia-img-lazy-loading-not-3625\"   src=\"https:\/\/museodelacharreria.org.mx\/wp-content\/uploads\/2024\/11\/MUSEO-DE-LA-CHARRERIA-MONTURAS-ALBARDA-1982.jpg\" width=\"1500\" height=\"1000\"  title='MUSEO DE LA CHARRERIA - MONTURAS - ALBARDA-1982' alt='' srcset=\"https:\/\/museodelacharreria.org.mx\/wp-content\/uploads\/2024\/11\/MUSEO-DE-LA-CHARRERIA-MONTURAS-ALBARDA-1982.jpg 1620w, https:\/\/museodelacharreria.org.mx\/wp-content\/uploads\/2024\/11\/MUSEO-DE-LA-CHARRERIA-MONTURAS-ALBARDA-1982-400x267.jpg 400w, https:\/\/museodelacharreria.org.mx\/wp-content\/uploads\/2024\/11\/MUSEO-DE-LA-CHARRERIA-MONTURAS-ALBARDA-1982-768x512.jpg 768w, https:\/\/museodelacharreria.org.mx\/wp-content\/uploads\/2024\/11\/MUSEO-DE-LA-CHARRERIA-MONTURAS-ALBARDA-1982-1536x1024.jpg 1536w, https:\/\/museodelacharreria.org.mx\/wp-content\/uploads\/2024\/11\/MUSEO-DE-LA-CHARRERIA-MONTURAS-ALBARDA-1982-18x12.jpg 18w, https:\/\/museodelacharreria.org.mx\/wp-content\/uploads\/2024\/11\/MUSEO-DE-LA-CHARRERIA-MONTURAS-ALBARDA-1982-1500x1000.jpg 1500w, https:\/\/museodelacharreria.org.mx\/wp-content\/uploads\/2024\/11\/MUSEO-DE-LA-CHARRERIA-MONTURAS-ALBARDA-1982-705x470.jpg 705w\" sizes=\"(max-width: 1500px) 100vw, 1500px\" \/><div class='big-prev-fake'><img decoding=\"async\" loading=\"lazy\" class=\"wp-image-3625 avia-img-lazy-loading-3625\"  width=\"1500\" height=\"1000\" src=\"https:\/\/museodelacharreria.org.mx\/wp-content\/uploads\/2024\/11\/MUSEO-DE-LA-CHARRERIA-MONTURAS-ALBARDA-1982.jpg\" title='MUSEO DE LA CHARRERIA - MONTURAS - ALBARDA-1982' alt='' srcset=\"https:\/\/museodelacharreria.org.mx\/wp-content\/uploads\/2024\/11\/MUSEO-DE-LA-CHARRERIA-MONTURAS-ALBARDA-1982.jpg 1620w, https:\/\/museodelacharreria.org.mx\/wp-content\/uploads\/2024\/11\/MUSEO-DE-LA-CHARRERIA-MONTURAS-ALBARDA-1982-400x267.jpg 400w, https:\/\/museodelacharreria.org.mx\/wp-content\/uploads\/2024\/11\/MUSEO-DE-LA-CHARRERIA-MONTURAS-ALBARDA-1982-768x512.jpg 768w, https:\/\/museodelacharreria.org.mx\/wp-content\/uploads\/2024\/11\/MUSEO-DE-LA-CHARRERIA-MONTURAS-ALBARDA-1982-1536x1024.jpg 1536w, https:\/\/museodelacharreria.org.mx\/wp-content\/uploads\/2024\/11\/MUSEO-DE-LA-CHARRERIA-MONTURAS-ALBARDA-1982-18x12.jpg 18w, https:\/\/museodelacharreria.org.mx\/wp-content\/uploads\/2024\/11\/MUSEO-DE-LA-CHARRERIA-MONTURAS-ALBARDA-1982-1500x1000.jpg 1500w, https:\/\/museodelacharreria.org.mx\/wp-content\/uploads\/2024\/11\/MUSEO-DE-LA-CHARRERIA-MONTURAS-ALBARDA-1982-705x470.jpg 705w\" sizes=\"auto, (max-width: 1500px) 100vw, 1500px\" \/><\/div><\/a><\/div><\/div><\/div>\n<div  class='flex_column av-6htux3-84c0dddbe4180be255c49f8aa73a3efc av_one_half  avia-builder-el-4  el_after_av_one_half  el_before_av_hr  flex_column_div'     ><section  class='av_textblock_section av-m3qbph3j-3d5c4ec92a6f043510eebcb903f019dd'   itemscope=\"itemscope\" itemtype=\"https:\/\/schema.org\/CreativeWork\" ><div class='avia_textblock'  itemprop=\"text\" ><p>El dise\u00f1o incluye bastos o faldones de vaqueta con contornos bordados en hilo de plata. Este bordado se encuentra en los faldones, las tapas de ambos faldones y, espec\u00edficamente en el lado derecho, incluye el nombre &#8220;Consuelo&#8221; bordado en hilo de plata. En la tapa del fald\u00f3n derecho se encuentra un compartimento para monedero, aunque falta el monedero.<\/p>\n<p>El bordado tambi\u00e9n est\u00e1 presente en la parte trasera del fuste y en las tapas de ambos cuernos del mismo. La albarda cuenta con una correa que atraviesa la panza del caballo, elaborada con cord\u00f3n de plata, y dos correas adicionales, tambi\u00e9n acordonadas con hilo de plata, que sujetan una base acolchonada para apoyar el pie a manera de estribo.<\/p>\n<p>El fuste est\u00e1 forrado en gamuza muy acolchonada, al igual que los cuernos. En la parte frontal y superior del fald\u00f3n izquierdo se encuentran adornos bordados en hilo verde que forman una serie de botones. Desde el cuerno derecho parte una correa que sujeta una tira ancha de vaqueta, bordada en hilo de plata, que armoniza con el dise\u00f1o decorativo general de la albarda.<\/p>\n<p>El forro de gamuza acolchonado cubre todo el fuste y se sujeta en la parte trasera mediante una correa con hebilla, cumpliendo la funci\u00f3n de un barandal. La parte inferior de los bastos est\u00e1 acolchonada y forrada con borrega. Adem\u00e1s, cuenta con una grupilla que se asegura en la parte trasera del fuste mediante una argolla de acero.<\/p>\n<p>La grupilla incluye dos tiras anchas a cada lado que sujetan dos argollas de acero forradas en vaqueta. De estas argollas cuelgan el l\u00e1tigo y el contral\u00e1tigo, ambos de vaqueta lisa.Esta albarda fue donada por Rosita Rodr\u00edguez, Reina de los Charros Mayores, quien la adquiri\u00f3 durante el Congreso y Campeonato Nacional San Luis Potos\u00ed 2023.<\/p>\n<\/div><\/section><\/div>\n<div  class='hr av-4p2r5z-183bde703dd9630694cae93fcc9470d2 hr-default  avia-builder-el-6  el_after_av_one_half  el_before_av_magazine'><span class='hr-inner'><span class=\"hr-inner-style\"><\/span><\/span><\/div>\n<div  id=\"avia-magazine-1\"  class='av-magazine av-22747b-2cc72b31c79a97523245eefc824cc895 av-magazine-top-bar-active av-magazine-tabs-active  avia-builder-el-7  el_after_av_hr  avia-builder-el-last   avia-builder-el-7  el_after_av_hr  avia-builder-el-last' ><div class='av-magazine-top-bar'><div class=\"av-magazine-sort\" data-magazine-id=\"1\" ><div class=\"av-sort-by-term\"><a href=\"#\" data-filter=\"sort_all\" class=\"all_sort_button active_sort\"><span class=\"inner_sort_button\"><span>\u5168\u90e8<\/span><\/span><\/a><span class='text-sep escultura_sort_sep'>\/<\/span><a href=\"#\" data-filter=\"sort_14\" class=\"escultura_sort_button\" ><span class=\"inner_sort_button\"><span>\u96d5\u5851<\/span><\/span><\/a><span class='text-sep indumentaria_sort_sep'>\/<\/span><a href=\"#\" data-filter=\"sort_7\" class=\"indumentaria_sort_button\" ><span class=\"inner_sort_button\"><span>\u670d\u88c5<\/span><\/span><\/a><span class='text-sep sillas_sort_sep'>\/<\/span><a href=\"#\" data-filter=\"sort_6\" class=\"sillas_sort_button\" ><span class=\"inner_sort_button\"><span>\u978d<\/span><\/span><\/a><span class='text-sep pintura_sort_sep'>\/<\/span><a href=\"#\" data-filter=\"sort_13\" class=\"pintura_sort_button\" ><span class=\"inner_sort_button\"><span>\u7ed8\u753b<\/span><\/span><\/a><span class='text-sep reconocimiento_sort_sep'>\/<\/span><a href=\"#\" data-filter=\"sort_45\" class=\"reconocimiento_sort_button\" ><span class=\"inner_sort_button\"><span>\u81f4\u8c22<\/span><\/span><\/a><span class='text-sep sombreros_sort_sep'>\/<\/span><a href=\"#\" data-filter=\"sort_40\" class=\"sombreros_sort_button\" ><span class=\"inner_sort_button\"><span>\u5e3d\u5b50<\/span><\/span><\/a><span class='text-sep utensilios_sort_sep'>\/<\/span><a href=\"#\" data-filter=\"sort_12\" class=\"utensilios_sort_button\" ><span class=\"inner_sort_button\"><span>\u7528\u5177<\/span><\/span><\/a><\/div><\/div><\/div><div class='av-magazine-group sort_all'><article class='av-magazine-entry av-magazine-entry-id-3965 av-magazine-format-standard av-magazine-type-portfolio av-magazine-entry-1 av-magazine-entry-small'  itemscope=\"itemscope\" itemtype=\"https:\/\/schema.org\/CreativeWork\" ><div class=\"av-magazine-thumbnail\"><a href='https:\/\/museodelacharreria.org.mx\/zh\/coleccion\/cabezadas-de-plata-de-emiliano-zapata\/' title='\u94fe\u63a5\u5230\uff1a CABEZADAS DE PLATA DE EMILIANO ZAPATA' class='av-magazine-thumbnail-link'><img decoding=\"async\" fetchpriority=\"high\" width=\"100\" height=\"100\" src=\"https:\/\/museodelacharreria.org.mx\/wp-content\/uploads\/2024\/11\/MUSEO-DE-LA-CHARRERIA-CABEZADA-DE-EMILIANO-ZAPATA--100x100.jpg\" class=\"wp-image-3966 avia-img-lazy-loading-not-3966 attachment-thumbnail size-thumbnail wp-post-image\" alt=\"\" srcset=\"https:\/\/museodelacharreria.org.mx\/wp-content\/uploads\/2024\/11\/MUSEO-DE-LA-CHARRERIA-CABEZADA-DE-EMILIANO-ZAPATA--100x100.jpg 100w, https:\/\/museodelacharreria.org.mx\/wp-content\/uploads\/2024\/11\/MUSEO-DE-LA-CHARRERIA-CABEZADA-DE-EMILIANO-ZAPATA--36x36.jpg 36w, https:\/\/museodelacharreria.org.mx\/wp-content\/uploads\/2024\/11\/MUSEO-DE-LA-CHARRERIA-CABEZADA-DE-EMILIANO-ZAPATA--180x180.jpg 180w\" sizes=\"(max-width: 100px) 100vw, 100px\" \/><\/a><\/div><div class=\"av-magazine-content-wrap\"><header class=\"entry-content-header\" aria-label=\"Post: CABEZADAS DE PLATA DE EMILIANO ZAPATA\"><time class='av-magazine-time updated'  itemprop=\"datePublished\" datetime=\"2024-11-25T20:09:58-06:00\" >2024-11-25<\/time><h3 class='av-magazine-title entry-title'  itemprop=\"headline\" ><a href='https:\/\/museodelacharreria.org.mx\/zh\/coleccion\/cabezadas-de-plata-de-emiliano-zapata\/' title='\u94fe\u63a5\u5230\uff1a CABEZADAS DE PLATA DE EMILIANO ZAPATA'>\u57c3\u7c73\u5229\u4e9a\u8bfa-\u8428\u5e15\u5854\u7684\u94f6\u9a6c\u978d<\/a><\/h3><\/header><\/div><footer class=\"entry-footer\"><\/footer><\/article><article class='av-magazine-entry av-magazine-entry-id-3791 av-magazine-format-standard av-magazine-type-portfolio av-magazine-entry-2 av-magazine-entry-small'  itemscope=\"itemscope\" itemtype=\"https:\/\/schema.org\/CreativeWork\" ><div class=\"av-magazine-thumbnail\"><a href='https:\/\/museodelacharreria.org.mx\/zh\/coleccion\/silla-charra-chomiteada-en-grecas\/' title='\u94fe\u63a5\u5230\uff1a SILLA CHARRA CHOMITEADA EN GRECAS' class='av-magazine-thumbnail-link'><img decoding=\"async\" fetchpriority=\"high\" width=\"100\" height=\"100\" src=\"https:\/\/museodelacharreria.org.mx\/wp-content\/uploads\/2024\/11\/Museo-de-la-Charreria-Silla-Charra-Con-Chimite-en-Greca-100x100.jpg\" class=\"wp-image-3792 avia-img-lazy-loading-not-3792 attachment-thumbnail size-thumbnail wp-post-image\" alt=\"\" srcset=\"https:\/\/museodelacharreria.org.mx\/wp-content\/uploads\/2024\/11\/Museo-de-la-Charreria-Silla-Charra-Con-Chimite-en-Greca-100x100.jpg 100w, https:\/\/museodelacharreria.org.mx\/wp-content\/uploads\/2024\/11\/Museo-de-la-Charreria-Silla-Charra-Con-Chimite-en-Greca-36x36.jpg 36w, https:\/\/museodelacharreria.org.mx\/wp-content\/uploads\/2024\/11\/Museo-de-la-Charreria-Silla-Charra-Con-Chimite-en-Greca-180x180.jpg 180w\" sizes=\"(max-width: 100px) 100vw, 100px\" \/><\/a><\/div><div class=\"av-magazine-content-wrap\"><header class=\"entry-content-header\" aria-label=\"Post: SILLA CHARRA CHOMITEADA EN GRECAS\"><time class='av-magazine-time updated'  itemprop=\"datePublished\" datetime=\"2024-11-25T15:30:12-06:00\" >2024-11-25<\/time><h3 class='av-magazine-title entry-title'  itemprop=\"headline\" ><a href='https:\/\/museodelacharreria.org.mx\/zh\/coleccion\/silla-charra-chomiteada-en-grecas\/' title='\u94fe\u63a5\u5230\uff1a SILLA CHARRA CHOMITEADA EN GRECAS'>\u9cd5\u9c7c\u7096\u9cd5\u9c7c<\/a><\/h3><\/header><\/div><footer class=\"entry-footer\"><\/footer><\/article><article class='av-magazine-entry av-magazine-entry-id-3882 av-magazine-format-standard av-magazine-type-portfolio av-magazine-entry-3 av-magazine-entry-small'  itemscope=\"itemscope\" itemtype=\"https:\/\/schema.org\/CreativeWork\" ><div class=\"av-magazine-thumbnail\"><a href='https:\/\/museodelacharreria.org.mx\/zh\/coleccion\/silla-charra-de-media-gala-cincelada\/' title='\u94fe\u63a5\u5230\uff1a SILLA CHARRA DE MEDIA GALA CINCELADA' class='av-magazine-thumbnail-link'><img decoding=\"async\" fetchpriority=\"high\" width=\"100\" height=\"100\" src=\"https:\/\/museodelacharreria.org.mx\/wp-content\/uploads\/2024\/11\/MUSEO-DE-LA-CHARRERIA-SILLA-CHARRA-4-100x100.jpg\" class=\"wp-image-3889 avia-img-lazy-loading-not-3889 attachment-thumbnail size-thumbnail wp-post-image\" alt=\"\" srcset=\"https:\/\/museodelacharreria.org.mx\/wp-content\/uploads\/2024\/11\/MUSEO-DE-LA-CHARRERIA-SILLA-CHARRA-4-100x100.jpg 100w, https:\/\/museodelacharreria.org.mx\/wp-content\/uploads\/2024\/11\/MUSEO-DE-LA-CHARRERIA-SILLA-CHARRA-4-36x36.jpg 36w, https:\/\/museodelacharreria.org.mx\/wp-content\/uploads\/2024\/11\/MUSEO-DE-LA-CHARRERIA-SILLA-CHARRA-4-180x180.jpg 180w\" sizes=\"(max-width: 100px) 100vw, 100px\" \/><\/a><\/div><div class=\"av-magazine-content-wrap\"><header class=\"entry-content-header\" aria-label=\"Post: SILLA CHARRA DE MEDIA GALA CINCELADA\"><time class='av-magazine-time updated'  itemprop=\"datePublished\" datetime=\"2024-11-25T14:10:00-06:00\" >2024-11-25<\/time><h3 class='av-magazine-title entry-title'  itemprop=\"headline\" ><a href='https:\/\/museodelacharreria.org.mx\/zh\/coleccion\/silla-charra-de-media-gala-cincelada\/' title='\u94fe\u63a5\u5230\uff1a SILLA CHARRA DE MEDIA GALA CINCELADA'>\u51ff\u534a\u665a\u4f1a\u4e3b\u5e2d<\/a><\/h3><\/header><\/div><footer class=\"entry-footer\"><\/footer><\/article><article class='av-magazine-entry av-magazine-entry-id-3777 av-magazine-format-standard av-magazine-type-portfolio av-magazine-entry-4 av-magazine-entry-small'  itemscope=\"itemscope\" itemtype=\"https:\/\/schema.org\/CreativeWork\" ><div class=\"av-magazine-thumbnail\"><a href='https:\/\/museodelacharreria.org.mx\/zh\/coleccion\/silla-charra-piteada\/' title='\u94fe\u63a5\u5230\uff1a SILLA CHARRA PITEADA' class='av-magazine-thumbnail-link'><img decoding=\"async\" fetchpriority=\"high\" width=\"100\" height=\"100\" src=\"https:\/\/museodelacharreria.org.mx\/wp-content\/uploads\/2024\/11\/Museo-de-la-Charreria-Silla-Charra-de-Gala-100x100.jpg\" class=\"wp-image-3775 avia-img-lazy-loading-not-3775 attachment-thumbnail size-thumbnail wp-post-image\" alt=\"\" srcset=\"https:\/\/museodelacharreria.org.mx\/wp-content\/uploads\/2024\/11\/Museo-de-la-Charreria-Silla-Charra-de-Gala-100x100.jpg 100w, https:\/\/museodelacharreria.org.mx\/wp-content\/uploads\/2024\/11\/Museo-de-la-Charreria-Silla-Charra-de-Gala-36x36.jpg 36w, https:\/\/museodelacharreria.org.mx\/wp-content\/uploads\/2024\/11\/Museo-de-la-Charreria-Silla-Charra-de-Gala-180x180.jpg 180w\" sizes=\"(max-width: 100px) 100vw, 100px\" \/><\/a><\/div><div class=\"av-magazine-content-wrap\"><header class=\"entry-content-header\" aria-label=\"Post: SILLA CHARRA PITEADA\"><time class='av-magazine-time updated'  itemprop=\"datePublished\" datetime=\"2024-11-25T14:00:29-06:00\" >2024-11-25<\/time><h3 class='av-magazine-title entry-title'  itemprop=\"headline\" ><a href='https:\/\/museodelacharreria.org.mx\/zh\/coleccion\/silla-charra-piteada\/' title='\u94fe\u63a5\u5230\uff1a SILLA CHARRA PITEADA'>\u9a6c\u978d<\/a><\/h3><\/header><\/div><footer class=\"entry-footer\"><\/footer><\/article><article class='av-magazine-entry av-magazine-entry-id-3750 av-magazine-format-standard av-magazine-type-portfolio av-magazine-entry-5 av-magazine-entry-small'  itemscope=\"itemscope\" itemtype=\"https:\/\/schema.org\/CreativeWork\" ><div class=\"av-magazine-thumbnail\"><a href='https:\/\/museodelacharreria.org.mx\/zh\/coleccion\/silla-charra-con-motivos-taurinos\/' title='\u94fe\u63a5\u5230\uff1a SILLA CHARRA CON MOTIVOS TAURINOS' class='av-magazine-thumbnail-link'><img decoding=\"async\" fetchpriority=\"high\" width=\"100\" height=\"100\" src=\"https:\/\/museodelacharreria.org.mx\/wp-content\/uploads\/2024\/11\/MUSEO-DE-LA-CHARRERIA-SILLA-CHARRA-CON-MOTIVOS-TAURINOS-3-100x100.jpg\" class=\"wp-image-3753 avia-img-lazy-loading-not-3753 attachment-thumbnail size-thumbnail wp-post-image\" alt=\"\" srcset=\"https:\/\/museodelacharreria.org.mx\/wp-content\/uploads\/2024\/11\/MUSEO-DE-LA-CHARRERIA-SILLA-CHARRA-CON-MOTIVOS-TAURINOS-3-100x100.jpg 100w, https:\/\/museodelacharreria.org.mx\/wp-content\/uploads\/2024\/11\/MUSEO-DE-LA-CHARRERIA-SILLA-CHARRA-CON-MOTIVOS-TAURINOS-3-36x36.jpg 36w, https:\/\/museodelacharreria.org.mx\/wp-content\/uploads\/2024\/11\/MUSEO-DE-LA-CHARRERIA-SILLA-CHARRA-CON-MOTIVOS-TAURINOS-3-180x180.jpg 180w\" sizes=\"(max-width: 100px) 100vw, 100px\" \/><\/a><\/div><div class=\"av-magazine-content-wrap\"><header class=\"entry-content-header\" aria-label=\"Post: SILLA CHARRA CON MOTIVOS TAURINOS\"><time class='av-magazine-time updated'  itemprop=\"datePublished\" datetime=\"2024-11-25T11:02:41-06:00\" >2024-11-25<\/time><h3 class='av-magazine-title entry-title'  itemprop=\"headline\" ><a href='https:\/\/museodelacharreria.org.mx\/zh\/coleccion\/silla-charra-con-motivos-taurinos\/' title='\u94fe\u63a5\u5230\uff1a SILLA CHARRA CON MOTIVOS TAURINOS'>\u6597\u725b\u56fe\u6848\u6905\u5b50<\/a><\/h3><\/header><\/div><footer class=\"entry-footer\"><\/footer><\/article><article class='av-magazine-entry av-magazine-entry-id-3827 av-magazine-format-standard av-magazine-type-portfolio av-magazine-entry-6 av-magazine-entry-small'  itemscope=\"itemscope\" itemtype=\"https:\/\/schema.org\/CreativeWork\" ><div class=\"av-magazine-thumbnail\"><a href='https:\/\/museodelacharreria.org.mx\/zh\/coleccion\/cuera-michoacana-2\/' title='\u94fe\u63a5\u5230\uff1a CUERA MICHOACANA' class='av-magazine-thumbnail-link'><img decoding=\"async\" fetchpriority=\"high\" width=\"100\" height=\"100\" src=\"https:\/\/museodelacharreria.org.mx\/wp-content\/uploads\/2024\/11\/Museo-de-la-Charreria-Cuera-Michoacana-con-Panoleta-Roja-2-100x100.jpg\" class=\"wp-image-3828 avia-img-lazy-loading-not-3828 attachment-thumbnail size-thumbnail wp-post-image\" alt=\"\" srcset=\"https:\/\/museodelacharreria.org.mx\/wp-content\/uploads\/2024\/11\/Museo-de-la-Charreria-Cuera-Michoacana-con-Panoleta-Roja-2-100x100.jpg 100w, https:\/\/museodelacharreria.org.mx\/wp-content\/uploads\/2024\/11\/Museo-de-la-Charreria-Cuera-Michoacana-con-Panoleta-Roja-2-36x36.jpg 36w, https:\/\/museodelacharreria.org.mx\/wp-content\/uploads\/2024\/11\/Museo-de-la-Charreria-Cuera-Michoacana-con-Panoleta-Roja-2-180x180.jpg 180w\" sizes=\"(max-width: 100px) 100vw, 100px\" \/><\/a><\/div><div class=\"av-magazine-content-wrap\"><header class=\"entry-content-header\" aria-label=\"Post: CUERA MICHOACANA\"><time class='av-magazine-time updated'  itemprop=\"datePublished\" datetime=\"2024-11-24T14:07:13-06:00\" >2024-11-24<\/time><h3 class='av-magazine-title entry-title'  itemprop=\"headline\" ><a href='https:\/\/museodelacharreria.org.mx\/zh\/coleccion\/cuera-michoacana-2\/' title='\u94fe\u63a5\u5230\uff1a CUERA MICHOACANA'>cuera michoacana<\/a><\/h3><\/header><\/div><footer class=\"entry-footer\"><\/footer><\/article><article class='av-magazine-entry av-magazine-entry-id-3806 av-magazine-format-standard av-magazine-type-portfolio av-magazine-entry-7 av-magazine-entry-small'  itemscope=\"itemscope\" itemtype=\"https:\/\/schema.org\/CreativeWork\" ><div class=\"av-magazine-thumbnail\"><a href='https:\/\/museodelacharreria.org.mx\/zh\/coleccion\/silla-charra-piteada-cincelada-y-encorrillada\/' title='\u94fe\u63a5\u5230\uff1a SILLA CHARRA PITEADA, CINCELADA Y ENCORRILLADA' class='av-magazine-thumbnail-link'><img decoding=\"async\" fetchpriority=\"high\" width=\"100\" height=\"100\" src=\"https:\/\/museodelacharreria.org.mx\/wp-content\/uploads\/2024\/11\/MUSEO-DE-LA-CHARRERIA-SILLA-CHARRA-PITEADA-CINCELADA-Y-ENCORRILLADA--100x100.jpg\" class=\"wp-image-3799 avia-img-lazy-loading-not-3799 attachment-thumbnail size-thumbnail wp-post-image\" alt=\"\" srcset=\"https:\/\/museodelacharreria.org.mx\/wp-content\/uploads\/2024\/11\/MUSEO-DE-LA-CHARRERIA-SILLA-CHARRA-PITEADA-CINCELADA-Y-ENCORRILLADA--100x100.jpg 100w, https:\/\/museodelacharreria.org.mx\/wp-content\/uploads\/2024\/11\/MUSEO-DE-LA-CHARRERIA-SILLA-CHARRA-PITEADA-CINCELADA-Y-ENCORRILLADA--36x36.jpg 36w, https:\/\/museodelacharreria.org.mx\/wp-content\/uploads\/2024\/11\/MUSEO-DE-LA-CHARRERIA-SILLA-CHARRA-PITEADA-CINCELADA-Y-ENCORRILLADA--180x180.jpg 180w\" sizes=\"(max-width: 100px) 100vw, 100px\" \/><\/a><\/div><div class=\"av-magazine-content-wrap\"><header class=\"entry-content-header\" aria-label=\"Post: SILLA CHARRA PITEADA, CINCELADA Y ENCORRILLADA\"><time class='av-magazine-time updated'  itemprop=\"datePublished\" datetime=\"2024-11-23T13:35:49-06:00\" >2024-11-23<\/time><h3 class='av-magazine-title entry-title'  itemprop=\"headline\" ><a href='https:\/\/museodelacharreria.org.mx\/zh\/coleccion\/silla-charra-piteada-cincelada-y-encorrillada\/' title='\u94fe\u63a5\u5230\uff1a SILLA CHARRA PITEADA, CINCELADA Y ENCORRILLADA'>\u8106\u76ae\u9a6c\u978d\uff0c\u51ff\u5f62\u5e76\u5305\u9985<\/a><\/h3><\/header><\/div><footer class=\"entry-footer\"><\/footer><\/article><\/div><div class='av-magazine-group av-hidden-mag sort_14'><article class='av-magazine-entry av-magazine-entry-id-3351 av-magazine-format-standard av-magazine-type-portfolio av-magazine-entry-1 av-magazine-entry-small'  itemscope=\"itemscope\" itemtype=\"https:\/\/schema.org\/CreativeWork\" ><div class=\"av-magazine-thumbnail\"><a href='https:\/\/museodelacharreria.org.mx\/zh\/coleccion\/trofeo-lxvii-campeonato-nacional-puebla-2011\/' title='\u94fe\u63a5\u5230\uff1a TROFEO LXVII CAMPEONATO NACIONAL PUEBLA 2011' class='av-magazine-thumbnail-link'><img decoding=\"async\" fetchpriority=\"high\" width=\"100\" height=\"100\" src=\"https:\/\/museodelacharreria.org.mx\/wp-content\/uploads\/2024\/06\/MUSEO-DE-LA-CHARRERIA-ESCULTURA-TROFEO-LXVII-CAMPEONATO-NACIONAL-PUEBLA-2011-100x100.jpg\" class=\"wp-image-3352 avia-img-lazy-loading-not-3352 attachment-thumbnail size-thumbnail wp-post-image\" alt=\"\" srcset=\"https:\/\/museodelacharreria.org.mx\/wp-content\/uploads\/2024\/06\/MUSEO-DE-LA-CHARRERIA-ESCULTURA-TROFEO-LXVII-CAMPEONATO-NACIONAL-PUEBLA-2011-100x100.jpg 100w, https:\/\/museodelacharreria.org.mx\/wp-content\/uploads\/2024\/06\/MUSEO-DE-LA-CHARRERIA-ESCULTURA-TROFEO-LXVII-CAMPEONATO-NACIONAL-PUEBLA-2011-36x36.jpg 36w, https:\/\/museodelacharreria.org.mx\/wp-content\/uploads\/2024\/06\/MUSEO-DE-LA-CHARRERIA-ESCULTURA-TROFEO-LXVII-CAMPEONATO-NACIONAL-PUEBLA-2011-180x180.jpg 180w\" sizes=\"(max-width: 100px) 100vw, 100px\" \/><\/a><\/div><div class=\"av-magazine-content-wrap\"><header class=\"entry-content-header\" aria-label=\"Post: TROFEO LXVII CAMPEONATO NACIONAL PUEBLA 2011\"><time class='av-magazine-time updated'  itemprop=\"datePublished\" datetime=\"2024-06-27T19:02:07-06:00\" >2024-06-27<\/time><h3 class='av-magazine-title entry-title'  itemprop=\"headline\" ><a href='https:\/\/museodelacharreria.org.mx\/zh\/coleccion\/trofeo-lxvii-campeonato-nacional-puebla-2011\/' title='\u94fe\u63a5\u5230\uff1a TROFEO LXVII CAMPEONATO NACIONAL PUEBLA 2011'>2011 \u5e74\u666e\u57c3\u5e03\u62c9\u7b2c LXVII \u5c4a\u5168\u56fd\u9526\u6807\u8d5b\u5956\u676f<\/a><\/h3><\/header><\/div><footer class=\"entry-footer\"><\/footer><\/article><article class='av-magazine-entry av-magazine-entry-id-3344 av-magazine-format-standard av-magazine-type-portfolio av-magazine-entry-2 av-magazine-entry-small'  itemscope=\"itemscope\" itemtype=\"https:\/\/schema.org\/CreativeWork\" ><div class=\"av-magazine-thumbnail\"><a href='https:\/\/museodelacharreria.org.mx\/zh\/coleccion\/trofeo-lxvi-campeonato-nacional-pachuca-2010\/' title='\u94fe\u63a5\u5230\uff1a TROFEO LXVI CAMPEONATO NACIONAL PACHUCA 2010' class='av-magazine-thumbnail-link'><img decoding=\"async\" fetchpriority=\"high\" width=\"100\" height=\"100\" src=\"https:\/\/museodelacharreria.org.mx\/wp-content\/uploads\/2024\/06\/MUSEO-DE-LA-CHARRERIA-ESCULTURA-TROFEO-LXVI-CAMPEONATO-NACIONAL-PACHUCA-PORTADA-1491-100x100.jpg\" class=\"wp-image-3345 avia-img-lazy-loading-not-3345 attachment-thumbnail size-thumbnail wp-post-image\" alt=\"\" srcset=\"https:\/\/museodelacharreria.org.mx\/wp-content\/uploads\/2024\/06\/MUSEO-DE-LA-CHARRERIA-ESCULTURA-TROFEO-LXVI-CAMPEONATO-NACIONAL-PACHUCA-PORTADA-1491-100x100.jpg 100w, https:\/\/museodelacharreria.org.mx\/wp-content\/uploads\/2024\/06\/MUSEO-DE-LA-CHARRERIA-ESCULTURA-TROFEO-LXVI-CAMPEONATO-NACIONAL-PACHUCA-PORTADA-1491-36x36.jpg 36w, https:\/\/museodelacharreria.org.mx\/wp-content\/uploads\/2024\/06\/MUSEO-DE-LA-CHARRERIA-ESCULTURA-TROFEO-LXVI-CAMPEONATO-NACIONAL-PACHUCA-PORTADA-1491-180x180.jpg 180w\" sizes=\"(max-width: 100px) 100vw, 100px\" \/><\/a><\/div><div class=\"av-magazine-content-wrap\"><header class=\"entry-content-header\" aria-label=\"Post: TROFEO LXVI CAMPEONATO NACIONAL PACHUCA 2010\"><time class='av-magazine-time updated'  itemprop=\"datePublished\" datetime=\"2024-06-27T18:34:51-06:00\" >2024-06-27<\/time><h3 class='av-magazine-title entry-title'  itemprop=\"headline\" ><a href='https:\/\/museodelacharreria.org.mx\/zh\/coleccion\/trofeo-lxvi-campeonato-nacional-pachuca-2010\/' title='\u94fe\u63a5\u5230\uff1a TROFEO LXVI CAMPEONATO NACIONAL PACHUCA 2010'>2010 \u5e74\u5e15\u4e18\u5361\u7b2c 16 \u5c4a\u5168\u56fd\u9526\u6807\u8d5b\u5956\u676f<\/a><\/h3><\/header><\/div><footer class=\"entry-footer\"><\/footer><\/article><article class='av-magazine-entry av-magazine-entry-id-3334 av-magazine-format-standard av-magazine-type-portfolio av-magazine-entry-3 av-magazine-entry-small'  itemscope=\"itemscope\" itemtype=\"https:\/\/schema.org\/CreativeWork\" ><div class=\"av-magazine-thumbnail\"><a href='https:\/\/museodelacharreria.org.mx\/zh\/coleccion\/trofeo-del-lxxxv-aniversario-de-la-federacion\/' title='\u94fe\u63a5\u5230\uff1a TROFEO DEL LXXXV ANIVERSARIO DE LA FEDERACI\u00d3N' class='av-magazine-thumbnail-link'><img decoding=\"async\" fetchpriority=\"high\" width=\"100\" height=\"100\" src=\"https:\/\/museodelacharreria.org.mx\/wp-content\/uploads\/2024\/06\/MUSEO-DE-LA-CHARRERIA-ESCULTURA-TROFEO-LXXXV-ANIVERSARIO-DE-LA-FEDERACION-2-100x100.jpg\" class=\"wp-image-3336 avia-img-lazy-loading-not-3336 attachment-thumbnail size-thumbnail wp-post-image\" alt=\"\" srcset=\"https:\/\/museodelacharreria.org.mx\/wp-content\/uploads\/2024\/06\/MUSEO-DE-LA-CHARRERIA-ESCULTURA-TROFEO-LXXXV-ANIVERSARIO-DE-LA-FEDERACION-2-100x100.jpg 100w, https:\/\/museodelacharreria.org.mx\/wp-content\/uploads\/2024\/06\/MUSEO-DE-LA-CHARRERIA-ESCULTURA-TROFEO-LXXXV-ANIVERSARIO-DE-LA-FEDERACION-2-36x36.jpg 36w, https:\/\/museodelacharreria.org.mx\/wp-content\/uploads\/2024\/06\/MUSEO-DE-LA-CHARRERIA-ESCULTURA-TROFEO-LXXXV-ANIVERSARIO-DE-LA-FEDERACION-2-180x180.jpg 180w\" sizes=\"(max-width: 100px) 100vw, 100px\" \/><\/a><\/div><div class=\"av-magazine-content-wrap\"><header class=\"entry-content-header\" aria-label=\"Post: TROFEO DEL LXXXV ANIVERSARIO DE LA FEDERACI\u00d3N\"><time class='av-magazine-time updated'  itemprop=\"datePublished\" datetime=\"2024-06-27T18:22:40-06:00\" >2024-06-27<\/time><h3 class='av-magazine-title entry-title'  itemprop=\"headline\" ><a href='https:\/\/museodelacharreria.org.mx\/zh\/coleccion\/trofeo-del-lxxxv-aniversario-de-la-federacion\/' title='\u94fe\u63a5\u5230\uff1a TROFEO DEL LXXXV ANIVERSARIO DE LA FEDERACI\u00d3N'>\u8054\u90a6\u6210\u7acb\u4e09\u5341\u4e94\u5468\u5e74\u7eaa\u5ff5\u5956\u676f<\/a><\/h3><\/header><\/div><footer class=\"entry-footer\"><\/footer><\/article><article class='av-magazine-entry av-magazine-entry-id-3928 av-magazine-format-standard av-magazine-type-portfolio av-magazine-entry-4 av-magazine-entry-small'  itemscope=\"itemscope\" itemtype=\"https:\/\/schema.org\/CreativeWork\" ><div class=\"av-magazine-thumbnail\"><a href='https:\/\/museodelacharreria.org.mx\/zh\/coleccion\/trofeo-jineteo-de-toro\/' title='\u94fe\u63a5\u5230\uff1a TROFEO JINETEO DE TORO' class='av-magazine-thumbnail-link'><img decoding=\"async\" fetchpriority=\"high\" width=\"100\" height=\"100\" src=\"https:\/\/museodelacharreria.org.mx\/wp-content\/uploads\/2024\/11\/MUSEO-DE-LA-CHARRERIA-TROFEO-JINETEO-DE-TORO-2-100x100.jpg\" class=\"wp-image-3929 avia-img-lazy-loading-not-3929 attachment-thumbnail size-thumbnail wp-post-image\" alt=\"\" srcset=\"https:\/\/museodelacharreria.org.mx\/wp-content\/uploads\/2024\/11\/MUSEO-DE-LA-CHARRERIA-TROFEO-JINETEO-DE-TORO-2-100x100.jpg 100w, https:\/\/museodelacharreria.org.mx\/wp-content\/uploads\/2024\/11\/MUSEO-DE-LA-CHARRERIA-TROFEO-JINETEO-DE-TORO-2-36x36.jpg 36w, https:\/\/museodelacharreria.org.mx\/wp-content\/uploads\/2024\/11\/MUSEO-DE-LA-CHARRERIA-TROFEO-JINETEO-DE-TORO-2-180x180.jpg 180w\" sizes=\"(max-width: 100px) 100vw, 100px\" \/><\/a><\/div><div class=\"av-magazine-content-wrap\"><header class=\"entry-content-header\" aria-label=\"Post: TROFEO JINETEO DE TORO\"><time class='av-magazine-time updated'  itemprop=\"datePublished\" datetime=\"2024-06-25T18:18:40-06:00\" >2024-06-25<\/time><h3 class='av-magazine-title entry-title'  itemprop=\"headline\" ><a href='https:\/\/museodelacharreria.org.mx\/zh\/coleccion\/trofeo-jineteo-de-toro\/' title='\u94fe\u63a5\u5230\uff1a TROFEO JINETEO DE TORO'>\u9a91\u725b\u5956\u676f<\/a><\/h3><\/header><\/div><footer class=\"entry-footer\"><\/footer><\/article><article class='av-magazine-entry av-magazine-entry-id-544 av-magazine-format-standard av-magazine-type-portfolio av-magazine-entry-5 av-magazine-entry-small'  itemscope=\"itemscope\" itemtype=\"https:\/\/schema.org\/CreativeWork\" ><div class=\"av-magazine-thumbnail\"><a href='https:\/\/museodelacharreria.org.mx\/zh\/coleccion\/escultura-trofeo-guadalupano\/' title='\u94fe\u63a5\u5230\uff1a \u74dc\u5fb7\u7f57\u666e\u5956\u676f' class='av-magazine-thumbnail-link'><img decoding=\"async\" fetchpriority=\"high\" width=\"80\" height=\"80\" src=\"https:\/\/museodelacharreria.org.mx\/wp-content\/uploads\/2023\/09\/Museo-de-la-Charreria-CDMX-Escultura-Trofeo-Guadalupano-0037-80x80.jpg\" class=\"wp-image-532 avia-img-lazy-loading-not-532 attachment-thumbnail size-thumbnail wp-post-image\" alt=\"\u74dc\u8fbe\u5362\u5e15\u8bfa\u5956\u676f\" srcset=\"https:\/\/museodelacharreria.org.mx\/wp-content\/uploads\/2023\/09\/Museo-de-la-Charreria-CDMX-Escultura-Trofeo-Guadalupano-0037-80x80.jpg 80w, https:\/\/museodelacharreria.org.mx\/wp-content\/uploads\/2023\/09\/Museo-de-la-Charreria-CDMX-Escultura-Trofeo-Guadalupano-0037-36x36.jpg 36w, https:\/\/museodelacharreria.org.mx\/wp-content\/uploads\/2023\/09\/Museo-de-la-Charreria-CDMX-Escultura-Trofeo-Guadalupano-0037-180x180.jpg 180w\" sizes=\"(max-width: 80px) 100vw, 80px\" \/><\/a><\/div><div class=\"av-magazine-content-wrap\"><header class=\"entry-content-header\" aria-label=\"Post: TROFEO GUADALUPANO\"><time class='av-magazine-time updated'  itemprop=\"datePublished\" datetime=\"2023-12-27T00:11:29-06:00\" >2023-12-27<\/time><h3 class='av-magazine-title entry-title'  itemprop=\"headline\" ><a href='https:\/\/museodelacharreria.org.mx\/zh\/coleccion\/escultura-trofeo-guadalupano\/' title='\u94fe\u63a5\u5230\uff1a \u74dc\u5fb7\u7f57\u666e\u5956\u676f'>\u74dc\u8fbe\u5362\u5e15\u8bfa\u5956\u676f<\/a><\/h3><\/header><\/div><footer class=\"entry-footer\"><\/footer><\/article><article class='av-magazine-entry av-magazine-entry-id-1493 av-magazine-format-standard av-magazine-type-portfolio av-magazine-entry-6 av-magazine-entry-small'  itemscope=\"itemscope\" itemtype=\"https:\/\/schema.org\/CreativeWork\" ><div class=\"av-magazine-thumbnail\"><a href='https:\/\/museodelacharreria.org.mx\/zh\/coleccion\/escultura-de-bronce-el-charro\/' title='\u94fe\u63a5\u5230\uff1a\u9752\u94dc\u96d5\u5851 &quot;\u5411 charro \u81f4\u656c&quot;\u3002' class='av-magazine-thumbnail-link'><img decoding=\"async\" fetchpriority=\"high\" width=\"100\" height=\"100\" src=\"https:\/\/museodelacharreria.org.mx\/wp-content\/uploads\/2023\/09\/Escultura-del-Charro-100x100.jpg\" class=\"wp-image-1495 avia-img-lazy-loading-not-1495 attachment-thumbnail size-thumbnail wp-post-image\" alt=\"\" srcset=\"https:\/\/museodelacharreria.org.mx\/wp-content\/uploads\/2023\/09\/Escultura-del-Charro-100x100.jpg 100w, https:\/\/museodelacharreria.org.mx\/wp-content\/uploads\/2023\/09\/Escultura-del-Charro-36x36.jpg 36w, https:\/\/museodelacharreria.org.mx\/wp-content\/uploads\/2023\/09\/Escultura-del-Charro-180x180.jpg 180w\" sizes=\"(max-width: 100px) 100vw, 100px\" \/><\/a><\/div><div class=\"av-magazine-content-wrap\"><header class=\"entry-content-header\" aria-label=\"Post: ESCULTURA DE BRONCE &quot;HONOR AL CHARRO&quot;\"><time class='av-magazine-time updated'  itemprop=\"datePublished\" datetime=\"2023-09-29T13:05:21-06:00\" >2023-09-29<\/time><h3 class='av-magazine-title entry-title'  itemprop=\"headline\" ><a href='https:\/\/museodelacharreria.org.mx\/zh\/coleccion\/escultura-de-bronce-el-charro\/' title='\u94fe\u63a5\u5230\uff1a\u9752\u94dc\u96d5\u5851 &quot;\u5411 charro \u81f4\u656c&quot;\u3002'>\u94dc\u96d5\u5851\u300a\u5411\u725b\u4ed4\u81f4\u656c\u300b<\/a><\/h3><\/header><\/div><footer class=\"entry-footer\"><\/footer><\/article><\/div><div class='av-magazine-group av-hidden-mag sort_7'><article class='av-magazine-entry av-magazine-entry-id-3827 av-magazine-format-standard av-magazine-type-portfolio av-magazine-entry-1 av-magazine-entry-small'  itemscope=\"itemscope\" itemtype=\"https:\/\/schema.org\/CreativeWork\" ><div class=\"av-magazine-thumbnail\"><a href='https:\/\/museodelacharreria.org.mx\/zh\/coleccion\/cuera-michoacana-2\/' title='\u94fe\u63a5\u5230\uff1a CUERA MICHOACANA' class='av-magazine-thumbnail-link'><img decoding=\"async\" fetchpriority=\"high\" width=\"100\" height=\"100\" src=\"https:\/\/museodelacharreria.org.mx\/wp-content\/uploads\/2024\/11\/Museo-de-la-Charreria-Cuera-Michoacana-con-Panoleta-Roja-2-100x100.jpg\" class=\"wp-image-3828 avia-img-lazy-loading-not-3828 attachment-thumbnail size-thumbnail wp-post-image\" alt=\"\" srcset=\"https:\/\/museodelacharreria.org.mx\/wp-content\/uploads\/2024\/11\/Museo-de-la-Charreria-Cuera-Michoacana-con-Panoleta-Roja-2-100x100.jpg 100w, https:\/\/museodelacharreria.org.mx\/wp-content\/uploads\/2024\/11\/Museo-de-la-Charreria-Cuera-Michoacana-con-Panoleta-Roja-2-36x36.jpg 36w, https:\/\/museodelacharreria.org.mx\/wp-content\/uploads\/2024\/11\/Museo-de-la-Charreria-Cuera-Michoacana-con-Panoleta-Roja-2-180x180.jpg 180w\" sizes=\"(max-width: 100px) 100vw, 100px\" \/><\/a><\/div><div class=\"av-magazine-content-wrap\"><header class=\"entry-content-header\" aria-label=\"Post: CUERA MICHOACANA\"><time class='av-magazine-time updated'  itemprop=\"datePublished\" datetime=\"2024-11-24T14:07:13-06:00\" >2024-11-24<\/time><h3 class='av-magazine-title entry-title'  itemprop=\"headline\" ><a href='https:\/\/museodelacharreria.org.mx\/zh\/coleccion\/cuera-michoacana-2\/' title='\u94fe\u63a5\u5230\uff1a CUERA MICHOACANA'>cuera michoacana<\/a><\/h3><\/header><\/div><footer class=\"entry-footer\"><\/footer><\/article><article class='av-magazine-entry av-magazine-entry-id-3784 av-magazine-format-standard av-magazine-type-portfolio av-magazine-entry-2 av-magazine-entry-small'  itemscope=\"itemscope\" itemtype=\"https:\/\/schema.org\/CreativeWork\" ><div class=\"av-magazine-thumbnail\"><a href='https:\/\/museodelacharreria.org.mx\/zh\/coleccion\/traje-de-dama-charra-de-media-gala-bordada-con-soutache\/' title='\u94fe\u63a5\u5230\uff1a TRAJE DE DAMA CHARRA DE MEDIA GALA BORDADA CON SOUTACHE' class='av-magazine-thumbnail-link'><img decoding=\"async\" fetchpriority=\"high\" width=\"100\" height=\"100\" src=\"https:\/\/museodelacharreria.org.mx\/wp-content\/uploads\/2024\/11\/Museo-de-la-Charreria-Traje-de-Dama-Charra-de-Media-Gala-Color-Vino-Bordada-en-Soutache-100x100.jpg\" class=\"wp-image-3785 avia-img-lazy-loading-not-3785 attachment-thumbnail size-thumbnail wp-post-image\" alt=\"Charro \u5973\u58eb\u534a\u8eab\u88d9\" srcset=\"https:\/\/museodelacharreria.org.mx\/wp-content\/uploads\/2024\/11\/Museo-de-la-Charreria-Traje-de-Dama-Charra-de-Media-Gala-Color-Vino-Bordada-en-Soutache-100x100.jpg 100w, https:\/\/museodelacharreria.org.mx\/wp-content\/uploads\/2024\/11\/Museo-de-la-Charreria-Traje-de-Dama-Charra-de-Media-Gala-Color-Vino-Bordada-en-Soutache-36x36.jpg 36w, https:\/\/museodelacharreria.org.mx\/wp-content\/uploads\/2024\/11\/Museo-de-la-Charreria-Traje-de-Dama-Charra-de-Media-Gala-Color-Vino-Bordada-en-Soutache-180x180.jpg 180w\" sizes=\"(max-width: 100px) 100vw, 100px\" \/><\/a><\/div><div class=\"av-magazine-content-wrap\"><header class=\"entry-content-header\" aria-label=\"Post: TRAJE DE DAMA CHARRA DE MEDIA GALA BORDADA CON SOUTACHE\"><time class='av-magazine-time updated'  itemprop=\"datePublished\" datetime=\"2024-11-22T15:11:49-06:00\" >2024-11-22<\/time><h3 class='av-magazine-title entry-title'  itemprop=\"headline\" ><a href='https:\/\/museodelacharreria.org.mx\/zh\/coleccion\/traje-de-dama-charra-de-media-gala-bordada-con-soutache\/' title='\u94fe\u63a5\u5230\uff1a TRAJE DE DAMA CHARRA DE MEDIA GALA BORDADA CON SOUTACHE'>\u7ee3\u6709\u82cf\u5854\u5947\u7684\u534a\u8936\u88d9<\/a><\/h3><\/header><\/div><footer class=\"entry-footer\"><\/footer><\/article><article class='av-magazine-entry av-magazine-entry-id-3612 av-magazine-format-standard av-magazine-type-portfolio av-magazine-entry-3 av-magazine-entry-small'  itemscope=\"itemscope\" itemtype=\"https:\/\/schema.org\/CreativeWork\" ><div class=\"av-magazine-thumbnail\"><a href='https:\/\/museodelacharreria.org.mx\/zh\/coleccion\/vestido-de-china-poblana-en-rojo-con-rebozo-amarillo\/' title='\u94fe\u63a5\u5230\uff1a VESTIDO DE CHINA POBLANA EN ROJO CON REBOZO AMARILLO' class='av-magazine-thumbnail-link'><img decoding=\"async\" fetchpriority=\"high\" width=\"100\" height=\"100\" src=\"https:\/\/museodelacharreria.org.mx\/wp-content\/uploads\/2024\/11\/Museo-de-la-Charreria-Vestido-de-China-Poblana-con-Rebozo-Amarillo-100x100.jpg\" class=\"wp-image-3718 avia-img-lazy-loading-not-3718 attachment-thumbnail size-thumbnail wp-post-image\" alt=\"\" srcset=\"https:\/\/museodelacharreria.org.mx\/wp-content\/uploads\/2024\/11\/Museo-de-la-Charreria-Vestido-de-China-Poblana-con-Rebozo-Amarillo-100x100.jpg 100w, https:\/\/museodelacharreria.org.mx\/wp-content\/uploads\/2024\/11\/Museo-de-la-Charreria-Vestido-de-China-Poblana-con-Rebozo-Amarillo-36x36.jpg 36w, https:\/\/museodelacharreria.org.mx\/wp-content\/uploads\/2024\/11\/Museo-de-la-Charreria-Vestido-de-China-Poblana-con-Rebozo-Amarillo-180x180.jpg 180w\" sizes=\"(max-width: 100px) 100vw, 100px\" \/><\/a><\/div><div class=\"av-magazine-content-wrap\"><header class=\"entry-content-header\" aria-label=\"Post: VESTIDO DE CHINA POBLANA EN ROJO CON REBOZO AMARILLO\"><time class='av-magazine-time updated'  itemprop=\"datePublished\" datetime=\"2024-11-20T13:18:55-06:00\" >2024-11-20<\/time><h3 class='av-magazine-title entry-title'  itemprop=\"headline\" ><a href='https:\/\/museodelacharreria.org.mx\/zh\/coleccion\/vestido-de-china-poblana-en-rojo-con-rebozo-amarillo\/' title='\u94fe\u63a5\u5230\uff1a VESTIDO DE CHINA POBLANA EN ROJO CON REBOZO AMARILLO'>\u4e2d\u56fd\u7ea2\u8272 Poblana \u8fde\u8863\u88d9\uff0c\u914d\u9ec4\u8272\u62ab\u80a9<\/a><\/h3><\/header><\/div><footer class=\"entry-footer\"><\/footer><\/article><article class='av-magazine-entry av-magazine-entry-id-3605 av-magazine-format-standard av-magazine-type-portfolio av-magazine-entry-4 av-magazine-entry-small'  itemscope=\"itemscope\" itemtype=\"https:\/\/schema.org\/CreativeWork\" ><div class=\"av-magazine-thumbnail\"><a href='https:\/\/museodelacharreria.org.mx\/zh\/coleccion\/traje-de-charro-en-gamuza-de-venado-color-oro-viejo\/' title='\u94fe\u63a5\u5230\uff1a TRAJE DE CHARRO EN GAMUZA DE VENADO COLOR ORO VIEJO' class='av-magazine-thumbnail-link'><img decoding=\"async\" fetchpriority=\"high\" width=\"100\" height=\"100\" src=\"https:\/\/museodelacharreria.org.mx\/wp-content\/uploads\/2024\/11\/Museo-de-la-Charreria-Traje-de-Charro-en-Gamuza-Color-Oro-Viejo-100x100.jpg\" class=\"wp-image-3721 avia-img-lazy-loading-not-3721 attachment-thumbnail size-thumbnail wp-post-image\" alt=\"\" srcset=\"https:\/\/museodelacharreria.org.mx\/wp-content\/uploads\/2024\/11\/Museo-de-la-Charreria-Traje-de-Charro-en-Gamuza-Color-Oro-Viejo-100x100.jpg 100w, https:\/\/museodelacharreria.org.mx\/wp-content\/uploads\/2024\/11\/Museo-de-la-Charreria-Traje-de-Charro-en-Gamuza-Color-Oro-Viejo-36x36.jpg 36w, https:\/\/museodelacharreria.org.mx\/wp-content\/uploads\/2024\/11\/Museo-de-la-Charreria-Traje-de-Charro-en-Gamuza-Color-Oro-Viejo-180x180.jpg 180w\" sizes=\"(max-width: 100px) 100vw, 100px\" \/><\/a><\/div><div class=\"av-magazine-content-wrap\"><header class=\"entry-content-header\" aria-label=\"Post: TRAJE DE CHARRO EN GAMUZA DE VENADO COLOR ORO VIEJO\"><time class='av-magazine-time updated'  itemprop=\"datePublished\" datetime=\"2024-11-20T12:58:42-06:00\" >2024-11-20<\/time><h3 class='av-magazine-title entry-title'  itemprop=\"headline\" ><a href='https:\/\/museodelacharreria.org.mx\/zh\/coleccion\/traje-de-charro-en-gamuza-de-venado-color-oro-viejo\/' title='\u94fe\u63a5\u5230\uff1a TRAJE DE CHARRO EN GAMUZA DE VENADO COLOR ORO VIEJO'>\u9e7f\u76ae\u9e82\u76ae\u65e7\u91d1\u8272 Charro \u897f\u88c5<\/a><\/h3><\/header><\/div><footer class=\"entry-footer\"><\/footer><\/article><article class='av-magazine-entry av-magazine-entry-id-3595 av-magazine-format-standard av-magazine-type-portfolio av-magazine-entry-5 av-magazine-entry-small'  itemscope=\"itemscope\" itemtype=\"https:\/\/schema.org\/CreativeWork\" ><div class=\"av-magazine-thumbnail\"><a href='https:\/\/museodelacharreria.org.mx\/zh\/coleccion\/vestido-de-china-poblana-en-rojo\/' title='\u94fe\u63a5\u5230\uff1a VESTIDO DE CHINA POBLANA EN  ROJO' class='av-magazine-thumbnail-link'><img decoding=\"async\" fetchpriority=\"high\" width=\"100\" height=\"100\" src=\"https:\/\/museodelacharreria.org.mx\/wp-content\/uploads\/2024\/11\/Museo-de-la-Charreria-Vestido-de-China-Poblana-Rojo-con-Mariposas-100x100.jpg\" class=\"wp-image-3724 avia-img-lazy-loading-not-3724 attachment-thumbnail size-thumbnail wp-post-image\" alt=\"\u4e2d\u56fd Poblana \u670d\u88c5\" srcset=\"https:\/\/museodelacharreria.org.mx\/wp-content\/uploads\/2024\/11\/Museo-de-la-Charreria-Vestido-de-China-Poblana-Rojo-con-Mariposas-100x100.jpg 100w, https:\/\/museodelacharreria.org.mx\/wp-content\/uploads\/2024\/11\/Museo-de-la-Charreria-Vestido-de-China-Poblana-Rojo-con-Mariposas-36x36.jpg 36w, https:\/\/museodelacharreria.org.mx\/wp-content\/uploads\/2024\/11\/Museo-de-la-Charreria-Vestido-de-China-Poblana-Rojo-con-Mariposas-180x180.jpg 180w\" sizes=\"(max-width: 100px) 100vw, 100px\" \/><small class='avia-copyright'>\u5b89\u4e1c\u5c3c\u5965-\u683c\u8d21\u5fb7\u65af<\/small><\/a><\/div><div class=\"av-magazine-content-wrap\"><header class=\"entry-content-header\" aria-label=\"Post: VESTIDO DE CHINA POBLANA EN  ROJO\"><time class='av-magazine-time updated'  itemprop=\"datePublished\" datetime=\"2024-11-20T12:40:32-06:00\" >2024-11-20<\/time><h3 class='av-magazine-title entry-title'  itemprop=\"headline\" ><a href='https:\/\/museodelacharreria.org.mx\/zh\/coleccion\/vestido-de-china-poblana-en-rojo\/' title='\u94fe\u63a5\u5230\uff1a VESTIDO DE CHINA POBLANA EN  ROJO'>\u4e2d\u56fd\u7ea2\u8272 Poblana \u8fde\u8863\u88d9<\/a><\/h3><\/header><\/div><footer class=\"entry-footer\"><\/footer><\/article><article class='av-magazine-entry av-magazine-entry-id-3587 av-magazine-format-standard av-magazine-type-portfolio av-magazine-entry-6 av-magazine-entry-small'  itemscope=\"itemscope\" itemtype=\"https:\/\/schema.org\/CreativeWork\" ><div class=\"av-magazine-thumbnail\"><a href='https:\/\/museodelacharreria.org.mx\/zh\/coleccion\/vestido-de-adelita-color-azul\/' title='\u94fe\u63a5\u5230\uff1a VESTIDO DE ADELITA COLOR AZUL' class='av-magazine-thumbnail-link'><img decoding=\"async\" fetchpriority=\"high\" width=\"100\" height=\"100\" src=\"https:\/\/museodelacharreria.org.mx\/wp-content\/uploads\/2024\/11\/Museo-de-la-Charreria-Vestido-de-Adelita-Azul-100x100.jpg\" class=\"wp-image-3712 avia-img-lazy-loading-not-3712 attachment-thumbnail size-thumbnail wp-post-image\" alt=\"\" srcset=\"https:\/\/museodelacharreria.org.mx\/wp-content\/uploads\/2024\/11\/Museo-de-la-Charreria-Vestido-de-Adelita-Azul-100x100.jpg 100w, https:\/\/museodelacharreria.org.mx\/wp-content\/uploads\/2024\/11\/Museo-de-la-Charreria-Vestido-de-Adelita-Azul-36x36.jpg 36w, https:\/\/museodelacharreria.org.mx\/wp-content\/uploads\/2024\/11\/Museo-de-la-Charreria-Vestido-de-Adelita-Azul-180x180.jpg 180w\" sizes=\"(max-width: 100px) 100vw, 100px\" \/><\/a><\/div><div class=\"av-magazine-content-wrap\"><header class=\"entry-content-header\" aria-label=\"Post: VESTIDO DE ADELITA COLOR AZUL\"><time class='av-magazine-time updated'  itemprop=\"datePublished\" datetime=\"2024-11-20T12:20:27-06:00\" >2024-11-20<\/time><h3 class='av-magazine-title entry-title'  itemprop=\"headline\" ><a href='https:\/\/museodelacharreria.org.mx\/zh\/coleccion\/vestido-de-adelita-color-azul\/' title='\u94fe\u63a5\u5230\uff1a VESTIDO DE ADELITA COLOR AZUL'>\u84dd\u8272 adelita \u8fde\u8863\u88d9<\/a><\/h3><\/header><\/div><footer class=\"entry-footer\"><\/footer><\/article><article class='av-magazine-entry av-magazine-entry-id-3576 av-magazine-format-standard av-magazine-type-portfolio av-magazine-entry-7 av-magazine-entry-small'  itemscope=\"itemscope\" itemtype=\"https:\/\/schema.org\/CreativeWork\" ><div class=\"av-magazine-thumbnail\"><a href='https:\/\/museodelacharreria.org.mx\/zh\/coleccion\/vestido-de-adelita-color-vino\/' title='\u94fe\u63a5\u5230\uff1a VESTIDO DE ADELITA COLOR VINO' class='av-magazine-thumbnail-link'><img decoding=\"async\" fetchpriority=\"high\" width=\"100\" height=\"100\" src=\"https:\/\/museodelacharreria.org.mx\/wp-content\/uploads\/2024\/11\/Museo-de-la-Charreria-Vestido-de-Adelita-Color-Vino-100x100.jpg\" class=\"wp-image-3727 avia-img-lazy-loading-not-3727 attachment-thumbnail size-thumbnail wp-post-image\" alt=\"\" srcset=\"https:\/\/museodelacharreria.org.mx\/wp-content\/uploads\/2024\/11\/Museo-de-la-Charreria-Vestido-de-Adelita-Color-Vino-100x100.jpg 100w, https:\/\/museodelacharreria.org.mx\/wp-content\/uploads\/2024\/11\/Museo-de-la-Charreria-Vestido-de-Adelita-Color-Vino-36x36.jpg 36w, https:\/\/museodelacharreria.org.mx\/wp-content\/uploads\/2024\/11\/Museo-de-la-Charreria-Vestido-de-Adelita-Color-Vino-180x180.jpg 180w\" sizes=\"(max-width: 100px) 100vw, 100px\" \/><\/a><\/div><div class=\"av-magazine-content-wrap\"><header class=\"entry-content-header\" aria-label=\"Post: VESTIDO DE ADELITA COLOR VINO\"><time class='av-magazine-time updated'  itemprop=\"datePublished\" datetime=\"2024-11-20T11:51:59-06:00\" >2024-11-20<\/time><h3 class='av-magazine-title entry-title'  itemprop=\"headline\" ><a href='https:\/\/museodelacharreria.org.mx\/zh\/coleccion\/vestido-de-adelita-color-vino\/' title='\u94fe\u63a5\u5230\uff1a VESTIDO DE ADELITA COLOR VINO'>Adelita \u9152\u7ea2\u8272\u8fde\u8863\u88d9<\/a><\/h3><\/header><\/div><footer class=\"entry-footer\"><\/footer><\/article><\/div><div class='av-magazine-group av-hidden-mag sort_6'><article class='av-magazine-entry av-magazine-entry-id-3791 av-magazine-format-standard av-magazine-type-portfolio av-magazine-entry-1 av-magazine-entry-small'  itemscope=\"itemscope\" itemtype=\"https:\/\/schema.org\/CreativeWork\" ><div class=\"av-magazine-thumbnail\"><a href='https:\/\/museodelacharreria.org.mx\/zh\/coleccion\/silla-charra-chomiteada-en-grecas\/' title='\u94fe\u63a5\u5230\uff1a SILLA CHARRA CHOMITEADA EN GRECAS' class='av-magazine-thumbnail-link'><img decoding=\"async\" fetchpriority=\"high\" width=\"100\" height=\"100\" src=\"https:\/\/museodelacharreria.org.mx\/wp-content\/uploads\/2024\/11\/Museo-de-la-Charreria-Silla-Charra-Con-Chimite-en-Greca-100x100.jpg\" class=\"wp-image-3792 avia-img-lazy-loading-not-3792 attachment-thumbnail size-thumbnail wp-post-image\" alt=\"\" srcset=\"https:\/\/museodelacharreria.org.mx\/wp-content\/uploads\/2024\/11\/Museo-de-la-Charreria-Silla-Charra-Con-Chimite-en-Greca-100x100.jpg 100w, https:\/\/museodelacharreria.org.mx\/wp-content\/uploads\/2024\/11\/Museo-de-la-Charreria-Silla-Charra-Con-Chimite-en-Greca-36x36.jpg 36w, https:\/\/museodelacharreria.org.mx\/wp-content\/uploads\/2024\/11\/Museo-de-la-Charreria-Silla-Charra-Con-Chimite-en-Greca-180x180.jpg 180w\" sizes=\"(max-width: 100px) 100vw, 100px\" \/><\/a><\/div><div class=\"av-magazine-content-wrap\"><header class=\"entry-content-header\" aria-label=\"Post: SILLA CHARRA CHOMITEADA EN GRECAS\"><time class='av-magazine-time updated'  itemprop=\"datePublished\" datetime=\"2024-11-25T15:30:12-06:00\" >2024-11-25<\/time><h3 class='av-magazine-title entry-title'  itemprop=\"headline\" ><a href='https:\/\/museodelacharreria.org.mx\/zh\/coleccion\/silla-charra-chomiteada-en-grecas\/' title='\u94fe\u63a5\u5230\uff1a SILLA CHARRA CHOMITEADA EN GRECAS'>\u9cd5\u9c7c\u7096\u9cd5\u9c7c<\/a><\/h3><\/header><\/div><footer class=\"entry-footer\"><\/footer><\/article><article class='av-magazine-entry av-magazine-entry-id-3882 av-magazine-format-standard av-magazine-type-portfolio av-magazine-entry-2 av-magazine-entry-small'  itemscope=\"itemscope\" itemtype=\"https:\/\/schema.org\/CreativeWork\" ><div class=\"av-magazine-thumbnail\"><a href='https:\/\/museodelacharreria.org.mx\/zh\/coleccion\/silla-charra-de-media-gala-cincelada\/' title='\u94fe\u63a5\u5230\uff1a SILLA CHARRA DE MEDIA GALA CINCELADA' class='av-magazine-thumbnail-link'><img decoding=\"async\" fetchpriority=\"high\" width=\"100\" height=\"100\" src=\"https:\/\/museodelacharreria.org.mx\/wp-content\/uploads\/2024\/11\/MUSEO-DE-LA-CHARRERIA-SILLA-CHARRA-4-100x100.jpg\" class=\"wp-image-3889 avia-img-lazy-loading-not-3889 attachment-thumbnail size-thumbnail wp-post-image\" alt=\"\" srcset=\"https:\/\/museodelacharreria.org.mx\/wp-content\/uploads\/2024\/11\/MUSEO-DE-LA-CHARRERIA-SILLA-CHARRA-4-100x100.jpg 100w, https:\/\/museodelacharreria.org.mx\/wp-content\/uploads\/2024\/11\/MUSEO-DE-LA-CHARRERIA-SILLA-CHARRA-4-36x36.jpg 36w, https:\/\/museodelacharreria.org.mx\/wp-content\/uploads\/2024\/11\/MUSEO-DE-LA-CHARRERIA-SILLA-CHARRA-4-180x180.jpg 180w\" sizes=\"(max-width: 100px) 100vw, 100px\" \/><\/a><\/div><div class=\"av-magazine-content-wrap\"><header class=\"entry-content-header\" aria-label=\"Post: SILLA CHARRA DE MEDIA GALA CINCELADA\"><time class='av-magazine-time updated'  itemprop=\"datePublished\" datetime=\"2024-11-25T14:10:00-06:00\" >2024-11-25<\/time><h3 class='av-magazine-title entry-title'  itemprop=\"headline\" ><a href='https:\/\/museodelacharreria.org.mx\/zh\/coleccion\/silla-charra-de-media-gala-cincelada\/' title='\u94fe\u63a5\u5230\uff1a SILLA CHARRA DE MEDIA GALA CINCELADA'>\u51ff\u534a\u665a\u4f1a\u4e3b\u5e2d<\/a><\/h3><\/header><\/div><footer class=\"entry-footer\"><\/footer><\/article><article class='av-magazine-entry av-magazine-entry-id-3777 av-magazine-format-standard av-magazine-type-portfolio av-magazine-entry-3 av-magazine-entry-small'  itemscope=\"itemscope\" itemtype=\"https:\/\/schema.org\/CreativeWork\" ><div class=\"av-magazine-thumbnail\"><a href='https:\/\/museodelacharreria.org.mx\/zh\/coleccion\/silla-charra-piteada\/' title='\u94fe\u63a5\u5230\uff1a SILLA CHARRA PITEADA' class='av-magazine-thumbnail-link'><img decoding=\"async\" fetchpriority=\"high\" width=\"100\" height=\"100\" src=\"https:\/\/museodelacharreria.org.mx\/wp-content\/uploads\/2024\/11\/Museo-de-la-Charreria-Silla-Charra-de-Gala-100x100.jpg\" class=\"wp-image-3775 avia-img-lazy-loading-not-3775 attachment-thumbnail size-thumbnail wp-post-image\" alt=\"\" srcset=\"https:\/\/museodelacharreria.org.mx\/wp-content\/uploads\/2024\/11\/Museo-de-la-Charreria-Silla-Charra-de-Gala-100x100.jpg 100w, https:\/\/museodelacharreria.org.mx\/wp-content\/uploads\/2024\/11\/Museo-de-la-Charreria-Silla-Charra-de-Gala-36x36.jpg 36w, https:\/\/museodelacharreria.org.mx\/wp-content\/uploads\/2024\/11\/Museo-de-la-Charreria-Silla-Charra-de-Gala-180x180.jpg 180w\" sizes=\"(max-width: 100px) 100vw, 100px\" \/><\/a><\/div><div class=\"av-magazine-content-wrap\"><header class=\"entry-content-header\" aria-label=\"Post: SILLA CHARRA PITEADA\"><time class='av-magazine-time updated'  itemprop=\"datePublished\" datetime=\"2024-11-25T14:00:29-06:00\" >2024-11-25<\/time><h3 class='av-magazine-title entry-title'  itemprop=\"headline\" ><a href='https:\/\/museodelacharreria.org.mx\/zh\/coleccion\/silla-charra-piteada\/' title='\u94fe\u63a5\u5230\uff1a SILLA CHARRA PITEADA'>\u9a6c\u978d<\/a><\/h3><\/header><\/div><footer class=\"entry-footer\"><\/footer><\/article><article class='av-magazine-entry av-magazine-entry-id-3750 av-magazine-format-standard av-magazine-type-portfolio av-magazine-entry-4 av-magazine-entry-small'  itemscope=\"itemscope\" itemtype=\"https:\/\/schema.org\/CreativeWork\" ><div class=\"av-magazine-thumbnail\"><a href='https:\/\/museodelacharreria.org.mx\/zh\/coleccion\/silla-charra-con-motivos-taurinos\/' title='\u94fe\u63a5\u5230\uff1a SILLA CHARRA CON MOTIVOS TAURINOS' class='av-magazine-thumbnail-link'><img decoding=\"async\" fetchpriority=\"high\" width=\"100\" height=\"100\" src=\"https:\/\/museodelacharreria.org.mx\/wp-content\/uploads\/2024\/11\/MUSEO-DE-LA-CHARRERIA-SILLA-CHARRA-CON-MOTIVOS-TAURINOS-3-100x100.jpg\" class=\"wp-image-3753 avia-img-lazy-loading-not-3753 attachment-thumbnail size-thumbnail wp-post-image\" alt=\"\" srcset=\"https:\/\/museodelacharreria.org.mx\/wp-content\/uploads\/2024\/11\/MUSEO-DE-LA-CHARRERIA-SILLA-CHARRA-CON-MOTIVOS-TAURINOS-3-100x100.jpg 100w, https:\/\/museodelacharreria.org.mx\/wp-content\/uploads\/2024\/11\/MUSEO-DE-LA-CHARRERIA-SILLA-CHARRA-CON-MOTIVOS-TAURINOS-3-36x36.jpg 36w, https:\/\/museodelacharreria.org.mx\/wp-content\/uploads\/2024\/11\/MUSEO-DE-LA-CHARRERIA-SILLA-CHARRA-CON-MOTIVOS-TAURINOS-3-180x180.jpg 180w\" sizes=\"(max-width: 100px) 100vw, 100px\" \/><\/a><\/div><div class=\"av-magazine-content-wrap\"><header class=\"entry-content-header\" aria-label=\"Post: SILLA CHARRA CON MOTIVOS TAURINOS\"><time class='av-magazine-time updated'  itemprop=\"datePublished\" datetime=\"2024-11-25T11:02:41-06:00\" >2024-11-25<\/time><h3 class='av-magazine-title entry-title'  itemprop=\"headline\" ><a href='https:\/\/museodelacharreria.org.mx\/zh\/coleccion\/silla-charra-con-motivos-taurinos\/' title='\u94fe\u63a5\u5230\uff1a SILLA CHARRA CON MOTIVOS TAURINOS'>\u6597\u725b\u56fe\u6848\u6905\u5b50<\/a><\/h3><\/header><\/div><footer class=\"entry-footer\"><\/footer><\/article><article class='av-magazine-entry av-magazine-entry-id-3806 av-magazine-format-standard av-magazine-type-portfolio av-magazine-entry-5 av-magazine-entry-small'  itemscope=\"itemscope\" itemtype=\"https:\/\/schema.org\/CreativeWork\" ><div class=\"av-magazine-thumbnail\"><a href='https:\/\/museodelacharreria.org.mx\/zh\/coleccion\/silla-charra-piteada-cincelada-y-encorrillada\/' title='\u94fe\u63a5\u5230\uff1a SILLA CHARRA PITEADA, CINCELADA Y ENCORRILLADA' class='av-magazine-thumbnail-link'><img decoding=\"async\" fetchpriority=\"high\" width=\"100\" height=\"100\" src=\"https:\/\/museodelacharreria.org.mx\/wp-content\/uploads\/2024\/11\/MUSEO-DE-LA-CHARRERIA-SILLA-CHARRA-PITEADA-CINCELADA-Y-ENCORRILLADA--100x100.jpg\" class=\"wp-image-3799 avia-img-lazy-loading-not-3799 attachment-thumbnail size-thumbnail wp-post-image\" alt=\"\" srcset=\"https:\/\/museodelacharreria.org.mx\/wp-content\/uploads\/2024\/11\/MUSEO-DE-LA-CHARRERIA-SILLA-CHARRA-PITEADA-CINCELADA-Y-ENCORRILLADA--100x100.jpg 100w, https:\/\/museodelacharreria.org.mx\/wp-content\/uploads\/2024\/11\/MUSEO-DE-LA-CHARRERIA-SILLA-CHARRA-PITEADA-CINCELADA-Y-ENCORRILLADA--36x36.jpg 36w, https:\/\/museodelacharreria.org.mx\/wp-content\/uploads\/2024\/11\/MUSEO-DE-LA-CHARRERIA-SILLA-CHARRA-PITEADA-CINCELADA-Y-ENCORRILLADA--180x180.jpg 180w\" sizes=\"(max-width: 100px) 100vw, 100px\" \/><\/a><\/div><div class=\"av-magazine-content-wrap\"><header class=\"entry-content-header\" aria-label=\"Post: SILLA CHARRA PITEADA, CINCELADA Y ENCORRILLADA\"><time class='av-magazine-time updated'  itemprop=\"datePublished\" datetime=\"2024-11-23T13:35:49-06:00\" >2024-11-23<\/time><h3 class='av-magazine-title entry-title'  itemprop=\"headline\" ><a href='https:\/\/museodelacharreria.org.mx\/zh\/coleccion\/silla-charra-piteada-cincelada-y-encorrillada\/' title='\u94fe\u63a5\u5230\uff1a SILLA CHARRA PITEADA, CINCELADA Y ENCORRILLADA'>\u8106\u76ae\u9a6c\u978d\uff0c\u51ff\u5f62\u5e76\u5305\u9985<\/a><\/h3><\/header><\/div><footer class=\"entry-footer\"><\/footer><\/article><article class='av-magazine-entry av-magazine-entry-id-3763 av-magazine-format-standard av-magazine-type-portfolio av-magazine-entry-6 av-magazine-entry-small'  itemscope=\"itemscope\" itemtype=\"https:\/\/schema.org\/CreativeWork\" ><div class=\"av-magazine-thumbnail\"><a href='https:\/\/museodelacharreria.org.mx\/zh\/coleccion\/silla-charra-de-gran-gala-bordada-con-hilo-de-plata\/' title='\u94fe\u63a5\u5230\uff1a SILLA CHARRA DE GRAN GALA BORDADA CON HILO DE PLATA' class='av-magazine-thumbnail-link'><img decoding=\"async\" fetchpriority=\"high\" width=\"100\" height=\"100\" src=\"https:\/\/museodelacharreria.org.mx\/wp-content\/uploads\/2024\/11\/MUSEO-DE-LA-CHARRERIA-SILLA-CHARRA-DE-GRAN-GALA-BORDADA-EN-HILO-DE-PLATA-Y-ORO-1929-100x100.jpg\" class=\"wp-image-3766 avia-img-lazy-loading-not-3766 attachment-thumbnail size-thumbnail wp-post-image\" alt=\"\" srcset=\"https:\/\/museodelacharreria.org.mx\/wp-content\/uploads\/2024\/11\/MUSEO-DE-LA-CHARRERIA-SILLA-CHARRA-DE-GRAN-GALA-BORDADA-EN-HILO-DE-PLATA-Y-ORO-1929-100x100.jpg 100w, https:\/\/museodelacharreria.org.mx\/wp-content\/uploads\/2024\/11\/MUSEO-DE-LA-CHARRERIA-SILLA-CHARRA-DE-GRAN-GALA-BORDADA-EN-HILO-DE-PLATA-Y-ORO-1929-36x36.jpg 36w, https:\/\/museodelacharreria.org.mx\/wp-content\/uploads\/2024\/11\/MUSEO-DE-LA-CHARRERIA-SILLA-CHARRA-DE-GRAN-GALA-BORDADA-EN-HILO-DE-PLATA-Y-ORO-1929-180x180.jpg 180w\" sizes=\"(max-width: 100px) 100vw, 100px\" \/><\/a><\/div><div class=\"av-magazine-content-wrap\"><header class=\"entry-content-header\" aria-label=\"Post: SILLA CHARRA DE GRAN GALA BORDADA CON HILO DE PLATA\"><time class='av-magazine-time updated'  itemprop=\"datePublished\" datetime=\"2024-11-22T12:39:40-06:00\" >2024-11-22<\/time><h3 class='av-magazine-title entry-title'  itemprop=\"headline\" ><a href='https:\/\/museodelacharreria.org.mx\/zh\/coleccion\/silla-charra-de-gran-gala-bordada-con-hilo-de-plata\/' title='\u94fe\u63a5\u5230\uff1a SILLA CHARRA DE GRAN GALA BORDADA CON HILO DE PLATA'>\u94f6\u7ebf\u7ee3\u82b1\u9a6c\u978d<\/a><\/h3><\/header><\/div><footer class=\"entry-footer\"><\/footer><\/article><article class='av-magazine-entry av-magazine-entry-id-3741 av-magazine-format-standard av-magazine-type-portfolio av-magazine-entry-7 av-magazine-entry-small'  itemscope=\"itemscope\" itemtype=\"https:\/\/schema.org\/CreativeWork\" ><div class=\"av-magazine-thumbnail\"><a href='https:\/\/museodelacharreria.org.mx\/zh\/coleccion\/silla-charra-con-chomite-y-encorrillado\/' title='\u94fe\u63a5\u5230\uff1a SILLA CHARRA CON CHOMITE Y ENCORRILLADO' class='av-magazine-thumbnail-link'><img decoding=\"async\" fetchpriority=\"high\" width=\"100\" height=\"100\" src=\"https:\/\/museodelacharreria.org.mx\/wp-content\/uploads\/2024\/11\/Museo-de-la-Charreria-Silla-Charra-Con-Chimite-y-Encorrillado-100x100.jpg\" class=\"wp-image-3742 avia-img-lazy-loading-not-3742 attachment-thumbnail size-thumbnail wp-post-image\" alt=\"\u7bdd\u706b\u665a\u4f1a\" srcset=\"https:\/\/museodelacharreria.org.mx\/wp-content\/uploads\/2024\/11\/Museo-de-la-Charreria-Silla-Charra-Con-Chimite-y-Encorrillado-100x100.jpg 100w, https:\/\/museodelacharreria.org.mx\/wp-content\/uploads\/2024\/11\/Museo-de-la-Charreria-Silla-Charra-Con-Chimite-y-Encorrillado-36x36.jpg 36w, https:\/\/museodelacharreria.org.mx\/wp-content\/uploads\/2024\/11\/Museo-de-la-Charreria-Silla-Charra-Con-Chimite-y-Encorrillado-180x180.jpg 180w\" sizes=\"(max-width: 100px) 100vw, 100px\" \/><\/a><\/div><div class=\"av-magazine-content-wrap\"><header class=\"entry-content-header\" aria-label=\"Post: SILLA CHARRA CON CHOMITE Y ENCORRILLADO\"><time class='av-magazine-time updated'  itemprop=\"datePublished\" datetime=\"2024-11-21T14:04:47-06:00\" >2024-11-21<\/time><h3 class='av-magazine-title entry-title'  itemprop=\"headline\" ><a href='https:\/\/museodelacharreria.org.mx\/zh\/coleccion\/silla-charra-con-chomite-y-encorrillado\/' title='\u94fe\u63a5\u5230\uff1a SILLA CHARRA CON CHOMITE Y ENCORRILLADO'>\u7bdd\u706b\u665a\u4f1a<\/a><\/h3><\/header><\/div><footer class=\"entry-footer\"><\/footer><\/article><\/div><div class='av-magazine-group av-hidden-mag sort_13'><article class='av-magazine-entry av-magazine-entry-id-3055 av-magazine-format-standard av-magazine-type-portfolio av-magazine-entry-1 av-magazine-entry-small'  itemscope=\"itemscope\" itemtype=\"https:\/\/schema.org\/CreativeWork\" ><div class=\"av-magazine-thumbnail\"><a href='https:\/\/museodelacharreria.org.mx\/zh\/coleccion\/heladio-velarde\/' title='\u94fe\u63a5\u5230\uff1a COLECCI\u00d3N HELADIO VELARDE' class='av-magazine-thumbnail-link'><img decoding=\"async\" fetchpriority=\"high\" width=\"100\" height=\"100\" src=\"https:\/\/museodelacharreria.org.mx\/wp-content\/uploads\/2024\/06\/MUSEO-DE-LA-CHARRERIA-PINTURA-LITOGRAFIA-HELADIO-VELARDE-1-100x100.jpg\" class=\"wp-image-3056 avia-img-lazy-loading-not-3056 attachment-thumbnail size-thumbnail wp-post-image\" alt=\"\" srcset=\"https:\/\/museodelacharreria.org.mx\/wp-content\/uploads\/2024\/06\/MUSEO-DE-LA-CHARRERIA-PINTURA-LITOGRAFIA-HELADIO-VELARDE-1-100x100.jpg 100w, https:\/\/museodelacharreria.org.mx\/wp-content\/uploads\/2024\/06\/MUSEO-DE-LA-CHARRERIA-PINTURA-LITOGRAFIA-HELADIO-VELARDE-1-36x36.jpg 36w, https:\/\/museodelacharreria.org.mx\/wp-content\/uploads\/2024\/06\/MUSEO-DE-LA-CHARRERIA-PINTURA-LITOGRAFIA-HELADIO-VELARDE-1-180x180.jpg 180w\" sizes=\"(max-width: 100px) 100vw, 100px\" \/><\/a><\/div><div class=\"av-magazine-content-wrap\"><header class=\"entry-content-header\" aria-label=\"Post: COLECCI\u00d3N HELADIO VELARDE\"><time class='av-magazine-time updated'  itemprop=\"datePublished\" datetime=\"2024-06-21T02:07:53-06:00\" >2024-06-21<\/time><h3 class='av-magazine-title entry-title'  itemprop=\"headline\" ><a href='https:\/\/museodelacharreria.org.mx\/zh\/coleccion\/heladio-velarde\/' title='\u94fe\u63a5\u5230\uff1a COLECCI\u00d3N HELADIO VELARDE'>Heladio velarde \u7cfb\u5217<\/a><\/h3><\/header><\/div><footer class=\"entry-footer\"><\/footer><\/article><article class='av-magazine-entry av-magazine-entry-id-3035 av-magazine-format-standard av-magazine-type-portfolio av-magazine-entry-2 av-magazine-entry-small'  itemscope=\"itemscope\" itemtype=\"https:\/\/schema.org\/CreativeWork\" ><div class=\"av-magazine-thumbnail\"><a href='https:\/\/museodelacharreria.org.mx\/zh\/coleccion\/ernesto-icaza\/' title='\u94fe\u63a5\u5230\uff1a COLECCI\u00d3N ERNESTO ICAZA' class='av-magazine-thumbnail-link'><img decoding=\"async\" fetchpriority=\"high\" width=\"100\" height=\"100\" src=\"https:\/\/museodelacharreria.org.mx\/wp-content\/uploads\/2024\/06\/MUSEO-DE-LA-CHARRERIA-PINTURA-LITOGRAFIA-ERNESTO-ICAZA-4-1-100x100.jpg\" class=\"wp-image-3043 avia-img-lazy-loading-not-3043 attachment-thumbnail size-thumbnail wp-post-image\" alt=\"\" srcset=\"https:\/\/museodelacharreria.org.mx\/wp-content\/uploads\/2024\/06\/MUSEO-DE-LA-CHARRERIA-PINTURA-LITOGRAFIA-ERNESTO-ICAZA-4-1-100x100.jpg 100w, https:\/\/museodelacharreria.org.mx\/wp-content\/uploads\/2024\/06\/MUSEO-DE-LA-CHARRERIA-PINTURA-LITOGRAFIA-ERNESTO-ICAZA-4-1-36x36.jpg 36w, https:\/\/museodelacharreria.org.mx\/wp-content\/uploads\/2024\/06\/MUSEO-DE-LA-CHARRERIA-PINTURA-LITOGRAFIA-ERNESTO-ICAZA-4-1-180x180.jpg 180w\" sizes=\"(max-width: 100px) 100vw, 100px\" \/><\/a><\/div><div class=\"av-magazine-content-wrap\"><header class=\"entry-content-header\" aria-label=\"Post: COLECCI\u00d3N ERNESTO ICAZA\"><time class='av-magazine-time updated'  itemprop=\"datePublished\" datetime=\"2024-06-21T01:14:48-06:00\" >2024-06-21<\/time><h3 class='av-magazine-title entry-title'  itemprop=\"headline\" ><a href='https:\/\/museodelacharreria.org.mx\/zh\/coleccion\/ernesto-icaza\/' title='\u94fe\u63a5\u5230\uff1a COLECCI\u00d3N ERNESTO ICAZA'>\u57c3\u5185\u65af\u6258-\u4f0a\u5361\u8428\u6536\u85cf<\/a><\/h3><\/header><\/div><footer class=\"entry-footer\"><\/footer><\/article><article class='av-magazine-entry av-magazine-entry-id-3001 av-magazine-format-standard av-magazine-type-portfolio av-magazine-entry-3 av-magazine-entry-small'  itemscope=\"itemscope\" itemtype=\"https:\/\/schema.org\/CreativeWork\" ><div class=\"av-magazine-thumbnail\"><a href='https:\/\/museodelacharreria.org.mx\/zh\/coleccion\/alfredo-avila-sigler\/' title='\u94fe\u63a5\u5230\uff1a COLECCI\u00d3N ALFREDO \u00c1VILA SIGLER' class='av-magazine-thumbnail-link'><img decoding=\"async\" fetchpriority=\"high\" width=\"100\" height=\"100\" src=\"https:\/\/museodelacharreria.org.mx\/wp-content\/uploads\/2024\/06\/MUSEO-DE-LA-CHARRERIA-PINTURA-TINTA-AVILA-SIGLER--100x100.jpg\" class=\"wp-image-3007 avia-img-lazy-loading-not-3007 attachment-thumbnail size-thumbnail wp-post-image\" alt=\"\" srcset=\"https:\/\/museodelacharreria.org.mx\/wp-content\/uploads\/2024\/06\/MUSEO-DE-LA-CHARRERIA-PINTURA-TINTA-AVILA-SIGLER--100x100.jpg 100w, https:\/\/museodelacharreria.org.mx\/wp-content\/uploads\/2024\/06\/MUSEO-DE-LA-CHARRERIA-PINTURA-TINTA-AVILA-SIGLER--36x36.jpg 36w, https:\/\/museodelacharreria.org.mx\/wp-content\/uploads\/2024\/06\/MUSEO-DE-LA-CHARRERIA-PINTURA-TINTA-AVILA-SIGLER--180x180.jpg 180w\" sizes=\"(max-width: 100px) 100vw, 100px\" \/><\/a><\/div><div class=\"av-magazine-content-wrap\"><header class=\"entry-content-header\" aria-label=\"Post: COLECCI\u00d3N ALFREDO \u00c1VILA SIGLER\"><time class='av-magazine-time updated'  itemprop=\"datePublished\" datetime=\"2024-06-20T19:44:01-06:00\" >2024-06-20<\/time><h3 class='av-magazine-title entry-title'  itemprop=\"headline\" ><a href='https:\/\/museodelacharreria.org.mx\/zh\/coleccion\/alfredo-avila-sigler\/' title='\u94fe\u63a5\u5230\uff1a COLECCI\u00d3N ALFREDO \u00c1VILA SIGLER'>\u963f\u5c14\u5f17\u96f7\u591a-\u963f\u7ef4\u62c9-\u897f\u683c\u52d2\u7cfb\u5217<\/a><\/h3><\/header><\/div><footer class=\"entry-footer\"><\/footer><\/article><article class='av-magazine-entry av-magazine-entry-id-2970 av-magazine-format-standard av-magazine-type-portfolio av-magazine-entry-4 av-magazine-entry-small'  itemscope=\"itemscope\" itemtype=\"https:\/\/schema.org\/CreativeWork\" ><div class=\"av-magazine-thumbnail\"><a href='https:\/\/museodelacharreria.org.mx\/zh\/coleccion\/jose-albarran-pliego\/' title='\u94fe\u63a5\u5230\uff1a COLECCI\u00d3N JOS\u00c9 ALBARR\u00c1N PLIEGO' class='av-magazine-thumbnail-link'><img decoding=\"async\" fetchpriority=\"high\" width=\"100\" height=\"100\" src=\"https:\/\/museodelacharreria.org.mx\/wp-content\/uploads\/2024\/06\/MUSEO-DE-LA-CHARRERIA-PINTURA-ACUARELA-JOSE-ALBARRAN-PLIEGO-11-LANCEROS-CHINACOS-100x100.jpg\" class=\"wp-image-2922 avia-img-lazy-loading-not-2922 attachment-thumbnail size-thumbnail wp-post-image\" alt=\"\u4f55\u585e-\u963f\u5c14\u74e6\u5170-\u666e\u5217\u6208\" srcset=\"https:\/\/museodelacharreria.org.mx\/wp-content\/uploads\/2024\/06\/MUSEO-DE-LA-CHARRERIA-PINTURA-ACUARELA-JOSE-ALBARRAN-PLIEGO-11-LANCEROS-CHINACOS-100x100.jpg 100w, https:\/\/museodelacharreria.org.mx\/wp-content\/uploads\/2024\/06\/MUSEO-DE-LA-CHARRERIA-PINTURA-ACUARELA-JOSE-ALBARRAN-PLIEGO-11-LANCEROS-CHINACOS-36x36.jpg 36w, https:\/\/museodelacharreria.org.mx\/wp-content\/uploads\/2024\/06\/MUSEO-DE-LA-CHARRERIA-PINTURA-ACUARELA-JOSE-ALBARRAN-PLIEGO-11-LANCEROS-CHINACOS-180x180.jpg 180w\" sizes=\"(max-width: 100px) 100vw, 100px\" \/><\/a><\/div><div class=\"av-magazine-content-wrap\"><header class=\"entry-content-header\" aria-label=\"Post: COLECCI\u00d3N JOS\u00c9 ALBARR\u00c1N PLIEGO\"><time class='av-magazine-time updated'  itemprop=\"datePublished\" datetime=\"2024-06-20T18:22:10-06:00\" >2024-06-20<\/time><h3 class='av-magazine-title entry-title'  itemprop=\"headline\" ><a href='https:\/\/museodelacharreria.org.mx\/zh\/coleccion\/jose-albarran-pliego\/' title='\u94fe\u63a5\u5230\uff1a COLECCI\u00d3N JOS\u00c9 ALBARR\u00c1N PLIEGO'>\u4f55\u585e-\u963f\u5c14\u5df4\u5170-\u666e\u5229\u6208\u7cfb\u5217<\/a><\/h3><\/header><\/div><footer class=\"entry-footer\"><\/footer><\/article><\/div><div class='av-magazine-group av-hidden-mag sort_45'><article class='av-magazine-entry av-magazine-entry-id-598 av-magazine-format-standard av-magazine-type-portfolio av-magazine-entry-1 av-magazine-entry-small'  itemscope=\"itemscope\" itemtype=\"https:\/\/schema.org\/CreativeWork\" ><div class=\"av-magazine-thumbnail\"><a href='https:\/\/museodelacharreria.org.mx\/zh\/coleccion\/plato-damasquinado-en-oro\/' title='\u94fe\u63a5\u5230\uff1a \u9540\u91d1\u5927\u9a6c\u58eb\u9769\u76d8' class='av-magazine-thumbnail-link'><img decoding=\"async\" fetchpriority=\"high\" width=\"80\" height=\"80\" src=\"https:\/\/museodelacharreria.org.mx\/wp-content\/uploads\/2023\/09\/Museo-de-la-Charreria-CDMX-Reconocimiento--80x80.jpg\" class=\"wp-image-599 avia-img-lazy-loading-not-599 attachment-thumbnail size-thumbnail wp-post-image\" alt=\"\u5927\u9a6c\u58eb\u9769\u91d1\u76d8 \u897f\u73ed\u7259\u738b\u5ba4\u7684\u793c\u7269\" srcset=\"https:\/\/museodelacharreria.org.mx\/wp-content\/uploads\/2023\/09\/Museo-de-la-Charreria-CDMX-Reconocimiento--80x80.jpg 80w, https:\/\/museodelacharreria.org.mx\/wp-content\/uploads\/2023\/09\/Museo-de-la-Charreria-CDMX-Reconocimiento--36x36.jpg 36w, https:\/\/museodelacharreria.org.mx\/wp-content\/uploads\/2023\/09\/Museo-de-la-Charreria-CDMX-Reconocimiento--180x180.jpg 180w\" sizes=\"(max-width: 80px) 100vw, 80px\" \/><\/a><\/div><div class=\"av-magazine-content-wrap\"><header class=\"entry-content-header\" aria-label=\"Post: PLATO DAMASQUINADO EN ORO\"><time class='av-magazine-time updated'  itemprop=\"datePublished\" datetime=\"2023-12-28T02:45:32-06:00\" >2023-12-28<\/time><h3 class='av-magazine-title entry-title'  itemprop=\"headline\" ><a href='https:\/\/museodelacharreria.org.mx\/zh\/coleccion\/plato-damasquinado-en-oro\/' title='\u94fe\u63a5\u5230\uff1a \u9540\u91d1\u5927\u9a6c\u58eb\u9769\u76d8'>\u91d1\u8272\u5927\u9a6c\u58eb\u9769\u677f<\/a><\/h3><\/header><\/div><footer class=\"entry-footer\"><\/footer><\/article><article class='av-magazine-entry av-magazine-entry-id-3941 av-magazine-format-standard av-magazine-type-portfolio av-magazine-entry-2 av-magazine-entry-small'  itemscope=\"itemscope\" itemtype=\"https:\/\/schema.org\/CreativeWork\" ><div class=\"av-magazine-thumbnail\"><a href='https:\/\/museodelacharreria.org.mx\/zh\/coleccion\/placa-conmemorativa-otorgada-por-ejercito-espanol\/' title='\u94fe\u63a5\u5230\uff1a PLACA CONMEMORATIVA OTORGADA POR EL EJ\u00c9RCITO ESPA\u00d1OL' class='av-magazine-thumbnail-link'><img decoding=\"async\" fetchpriority=\"high\" width=\"100\" height=\"100\" src=\"https:\/\/museodelacharreria.org.mx\/wp-content\/uploads\/2023\/09\/Museo-de-la-Charreria-CDMX-Reconocimientos-Espana--100x100.jpg\" class=\"wp-image-1314 avia-img-lazy-loading-not-1314 attachment-thumbnail size-thumbnail wp-post-image\" alt=\"\" srcset=\"https:\/\/museodelacharreria.org.mx\/wp-content\/uploads\/2023\/09\/Museo-de-la-Charreria-CDMX-Reconocimientos-Espana--100x100.jpg 100w, https:\/\/museodelacharreria.org.mx\/wp-content\/uploads\/2023\/09\/Museo-de-la-Charreria-CDMX-Reconocimientos-Espana--36x36.jpg 36w, https:\/\/museodelacharreria.org.mx\/wp-content\/uploads\/2023\/09\/Museo-de-la-Charreria-CDMX-Reconocimientos-Espana--180x180.jpg 180w\" sizes=\"(max-width: 100px) 100vw, 100px\" \/><\/a><\/div><div class=\"av-magazine-content-wrap\"><header class=\"entry-content-header\" aria-label=\"Post: PLACA CONMEMORATIVA OTORGADA POR EL EJ\u00c9RCITO ESPA\u00d1OL\"><time class='av-magazine-time updated'  itemprop=\"datePublished\" datetime=\"2023-11-25T18:56:44-06:00\" >2023-11-25<\/time><h3 class='av-magazine-title entry-title'  itemprop=\"headline\" ><a href='https:\/\/museodelacharreria.org.mx\/zh\/coleccion\/placa-conmemorativa-otorgada-por-ejercito-espanol\/' title='\u94fe\u63a5\u5230\uff1a PLACA CONMEMORATIVA OTORGADA POR EL EJ\u00c9RCITO ESPA\u00d1OL'>\u897f\u73ed\u7259\u519b\u961f\u9881\u53d1\u7684\u7eaa\u5ff5\u724c<\/a><\/h3><\/header><\/div><footer class=\"entry-footer\"><\/footer><\/article><article class='av-magazine-entry av-magazine-entry-id-1651 av-magazine-format-standard av-magazine-type-portfolio av-magazine-entry-3 av-magazine-entry-small'  itemscope=\"itemscope\" itemtype=\"https:\/\/schema.org\/CreativeWork\" ><div class=\"av-magazine-thumbnail\"><a href='https:\/\/museodelacharreria.org.mx\/zh\/coleccion\/escudo-de-armas-de-barcelona\/' title='\u94fe\u63a5\u5230\uff1a \u5df4\u585e\u7f57\u90a3\u56fd\u5fbd' class='av-magazine-thumbnail-link'><img decoding=\"async\" fetchpriority=\"high\" width=\"100\" height=\"100\" src=\"https:\/\/museodelacharreria.org.mx\/wp-content\/uploads\/2023\/09\/Museo-de-la-Charreria-Escudo-de-la-Provincia-de-Barcelona-1-1-100x100.jpg\" class=\"wp-image-1653 avia-img-lazy-loading-not-1653 attachment-thumbnail size-thumbnail wp-post-image\" alt=\"\" srcset=\"https:\/\/museodelacharreria.org.mx\/wp-content\/uploads\/2023\/09\/Museo-de-la-Charreria-Escudo-de-la-Provincia-de-Barcelona-1-1-100x100.jpg 100w, https:\/\/museodelacharreria.org.mx\/wp-content\/uploads\/2023\/09\/Museo-de-la-Charreria-Escudo-de-la-Provincia-de-Barcelona-1-1-36x36.jpg 36w, https:\/\/museodelacharreria.org.mx\/wp-content\/uploads\/2023\/09\/Museo-de-la-Charreria-Escudo-de-la-Provincia-de-Barcelona-1-1-180x180.jpg 180w\" sizes=\"(max-width: 100px) 100vw, 100px\" \/><\/a><\/div><div class=\"av-magazine-content-wrap\"><header class=\"entry-content-header\" aria-label=\"Post: ESCUDO DE ARMAS DE BARCELONA\"><time class='av-magazine-time updated'  itemprop=\"datePublished\" datetime=\"2023-09-29T23:33:46-06:00\" >2023-09-29<\/time><h3 class='av-magazine-title entry-title'  itemprop=\"headline\" ><a href='https:\/\/museodelacharreria.org.mx\/zh\/coleccion\/escudo-de-armas-de-barcelona\/' title='\u94fe\u63a5\u5230\uff1a \u5df4\u585e\u7f57\u90a3\u56fd\u5fbd'>\u5df4\u585e\u7f57\u90a3\u56fd\u5fbd<\/a><\/h3><\/header><\/div><footer class=\"entry-footer\"><\/footer><\/article><article class='av-magazine-entry av-magazine-entry-id-1317 av-magazine-format-standard av-magazine-type-portfolio av-magazine-entry-4 av-magazine-entry-small'  itemscope=\"itemscope\" itemtype=\"https:\/\/schema.org\/CreativeWork\" ><div class=\"av-magazine-thumbnail\"><a href='https:\/\/museodelacharreria.org.mx\/zh\/coleccion\/escudo-de-armas-de-zaragoza\/' title='\u94fe\u63a5\u5230\uff1a \u8428\u62c9\u6208\u8428\u4f18\u79c0\u5e02\u8bae\u4f1a\u7eb9\u7ae0' class='av-magazine-thumbnail-link'><img decoding=\"async\" fetchpriority=\"high\" width=\"100\" height=\"100\" src=\"https:\/\/museodelacharreria.org.mx\/wp-content\/uploads\/2023\/09\/Museo-de-la-Charreria-CDMX-Reconocimientos-Espana-Zaragoza-2-100x100.jpg\" class=\"wp-image-1311 avia-img-lazy-loading-not-1311 attachment-thumbnail size-thumbnail wp-post-image\" alt=\"\" srcset=\"https:\/\/museodelacharreria.org.mx\/wp-content\/uploads\/2023\/09\/Museo-de-la-Charreria-CDMX-Reconocimientos-Espana-Zaragoza-2-100x100.jpg 100w, https:\/\/museodelacharreria.org.mx\/wp-content\/uploads\/2023\/09\/Museo-de-la-Charreria-CDMX-Reconocimientos-Espana-Zaragoza-2-36x36.jpg 36w, https:\/\/museodelacharreria.org.mx\/wp-content\/uploads\/2023\/09\/Museo-de-la-Charreria-CDMX-Reconocimientos-Espana-Zaragoza-2-180x180.jpg 180w\" sizes=\"(max-width: 100px) 100vw, 100px\" \/><\/a><\/div><div class=\"av-magazine-content-wrap\"><header class=\"entry-content-header\" aria-label=\"Post: ESCUDO DE ARMAS DEL EXCELENT\u00cdSIMO AYUNTAMIENTO DE ZARAGOZA\"><time class='av-magazine-time updated'  itemprop=\"datePublished\" datetime=\"2023-09-28T16:27:40-06:00\" >2023-09-28<\/time><h3 class='av-magazine-title entry-title'  itemprop=\"headline\" ><a href='https:\/\/museodelacharreria.org.mx\/zh\/coleccion\/escudo-de-armas-de-zaragoza\/' title='\u94fe\u63a5\u5230\uff1a \u8428\u62c9\u6208\u8428\u4f18\u79c0\u5e02\u8bae\u4f1a\u7eb9\u7ae0'>\u8428\u62c9\u6208\u8428\u6700\u4f18\u79c0\u5e02\u8bae\u4f1a\u7eb9\u7ae0<\/a><\/h3><\/header><\/div><footer class=\"entry-footer\"><\/footer><\/article><article class='av-magazine-entry av-magazine-entry-id-1309 av-magazine-format-standard av-magazine-type-portfolio av-magazine-entry-5 av-magazine-entry-small'  itemscope=\"itemscope\" itemtype=\"https:\/\/schema.org\/CreativeWork\" ><div class=\"av-magazine-thumbnail\"><a href='https:\/\/museodelacharreria.org.mx\/zh\/coleccion\/la-llave-de-la-ciudad-de-madrid\/' title='\u94fe\u63a5\u5230\uff1a \u9a6c\u5fb7\u91cc\u5e02\u7684\u94a5\u5319' class='av-magazine-thumbnail-link'><img decoding=\"async\" fetchpriority=\"high\" width=\"100\" height=\"100\" src=\"https:\/\/museodelacharreria.org.mx\/wp-content\/uploads\/2023\/09\/Museo-de-la-Charreria-CDMX-Reconocimientos-Espana-Madrid--100x100.jpg\" class=\"wp-image-1310 avia-img-lazy-loading-not-1310 attachment-thumbnail size-thumbnail wp-post-image\" alt=\"\" srcset=\"https:\/\/museodelacharreria.org.mx\/wp-content\/uploads\/2023\/09\/Museo-de-la-Charreria-CDMX-Reconocimientos-Espana-Madrid--100x100.jpg 100w, https:\/\/museodelacharreria.org.mx\/wp-content\/uploads\/2023\/09\/Museo-de-la-Charreria-CDMX-Reconocimientos-Espana-Madrid--36x36.jpg 36w, https:\/\/museodelacharreria.org.mx\/wp-content\/uploads\/2023\/09\/Museo-de-la-Charreria-CDMX-Reconocimientos-Espana-Madrid--180x180.jpg 180w\" sizes=\"(max-width: 100px) 100vw, 100px\" \/><\/a><\/div><div class=\"av-magazine-content-wrap\"><header class=\"entry-content-header\" aria-label=\"Post: LA LLAVE DE LA CIUDAD DE MADRID\"><time class='av-magazine-time updated'  itemprop=\"datePublished\" datetime=\"2023-09-28T16:21:18-06:00\" >2023-09-28<\/time><h3 class='av-magazine-title entry-title'  itemprop=\"headline\" ><a href='https:\/\/museodelacharreria.org.mx\/zh\/coleccion\/la-llave-de-la-ciudad-de-madrid\/' title='\u94fe\u63a5\u5230\uff1a \u9a6c\u5fb7\u91cc\u5e02\u7684\u94a5\u5319'>\u9a6c\u5fb7\u91cc\u5e02\u7684\u94a5\u5319<\/a><\/h3><\/header><\/div><footer class=\"entry-footer\"><\/footer><\/article><\/div><div class='av-magazine-group av-hidden-mag sort_40'><article class='av-magazine-entry av-magazine-entry-id-2401 av-magazine-format-standard av-magazine-type-portfolio av-magazine-entry-1 av-magazine-entry-small'  itemscope=\"itemscope\" itemtype=\"https:\/\/schema.org\/CreativeWork\" ><div class=\"av-magazine-thumbnail\"><a href='https:\/\/museodelacharreria.org.mx\/zh\/coleccion\/sombrero-con-bordado-de-rosas\/' title='\u94fe\u63a5\u5230\uff1a \u73ab\u7470\u523a\u7ee3\u5e3d\u5b50' class='av-magazine-thumbnail-link'><img decoding=\"async\" fetchpriority=\"high\" width=\"100\" height=\"100\" src=\"https:\/\/museodelacharreria.org.mx\/wp-content\/uploads\/2023\/11\/Museo-de-la-Charreria-Sombrero-0155-100x100.jpg\" class=\"wp-image-2396 avia-img-lazy-loading-not-2396 attachment-thumbnail size-thumbnail wp-post-image\" alt=\"\" srcset=\"https:\/\/museodelacharreria.org.mx\/wp-content\/uploads\/2023\/11\/Museo-de-la-Charreria-Sombrero-0155-100x100.jpg 100w, https:\/\/museodelacharreria.org.mx\/wp-content\/uploads\/2023\/11\/Museo-de-la-Charreria-Sombrero-0155-36x36.jpg 36w, https:\/\/museodelacharreria.org.mx\/wp-content\/uploads\/2023\/11\/Museo-de-la-Charreria-Sombrero-0155-180x180.jpg 180w\" sizes=\"(max-width: 100px) 100vw, 100px\" \/><\/a><\/div><div class=\"av-magazine-content-wrap\"><header class=\"entry-content-header\" aria-label=\"Post: SOMBRERO CON BORDADO DE ROSAS\"><time class='av-magazine-time updated'  itemprop=\"datePublished\" datetime=\"2023-12-29T19:12:21-06:00\" >2023-12-29<\/time><h3 class='av-magazine-title entry-title'  itemprop=\"headline\" ><a href='https:\/\/museodelacharreria.org.mx\/zh\/coleccion\/sombrero-con-bordado-de-rosas\/' title='\u94fe\u63a5\u5230\uff1a \u73ab\u7470\u523a\u7ee3\u5e3d\u5b50'>\u7ee3\u73ab\u7470\u82b1\u7684\u5e3d\u5b50<\/a><\/h3><\/header><\/div><footer class=\"entry-footer\"><\/footer><\/article><article class='av-magazine-entry av-magazine-entry-id-2435 av-magazine-format-standard av-magazine-type-portfolio av-magazine-entry-2 av-magazine-entry-small'  itemscope=\"itemscope\" itemtype=\"https:\/\/schema.org\/CreativeWork\" ><div class=\"av-magazine-thumbnail\"><a href='https:\/\/museodelacharreria.org.mx\/zh\/coleccion\/sombrero-de-charro-para-nino\/' title='\u94fe\u63a5\u5230\uff1a \u513f\u7ae5\u590f\u514b\u7f57\u5e3d' class='av-magazine-thumbnail-link'><img decoding=\"async\" fetchpriority=\"high\" width=\"100\" height=\"100\" src=\"https:\/\/museodelacharreria.org.mx\/wp-content\/uploads\/2023\/11\/Museo-de-la-Charreria-Sombrero-de-Charro-0022-100x100.jpg\" class=\"wp-image-2420 avia-img-lazy-loading-not-2420 attachment-thumbnail size-thumbnail wp-post-image\" alt=\"\" srcset=\"https:\/\/museodelacharreria.org.mx\/wp-content\/uploads\/2023\/11\/Museo-de-la-Charreria-Sombrero-de-Charro-0022-100x100.jpg 100w, https:\/\/museodelacharreria.org.mx\/wp-content\/uploads\/2023\/11\/Museo-de-la-Charreria-Sombrero-de-Charro-0022-36x36.jpg 36w, https:\/\/museodelacharreria.org.mx\/wp-content\/uploads\/2023\/11\/Museo-de-la-Charreria-Sombrero-de-Charro-0022-180x180.jpg 180w\" sizes=\"(max-width: 100px) 100vw, 100px\" \/><\/a><\/div><div class=\"av-magazine-content-wrap\"><header class=\"entry-content-header\" aria-label=\"Post: SOMBRERO DE CHARRO PARA NI\u00d1O\"><time class='av-magazine-time updated'  itemprop=\"datePublished\" datetime=\"2023-11-13T23:36:14-06:00\" >2023-11-13<\/time><h3 class='av-magazine-title entry-title'  itemprop=\"headline\" ><a href='https:\/\/museodelacharreria.org.mx\/zh\/coleccion\/sombrero-de-charro-para-nino\/' title='\u94fe\u63a5\u5230\uff1a \u513f\u7ae5\u590f\u514b\u7f57\u5e3d'>\u7537\u7ae5\u590f\u6d1b\u5e3d<\/a><\/h3><\/header><\/div><footer class=\"entry-footer\"><\/footer><\/article><article class='av-magazine-entry av-magazine-entry-id-2429 av-magazine-format-standard av-magazine-type-portfolio av-magazine-entry-3 av-magazine-entry-small'  itemscope=\"itemscope\" itemtype=\"https:\/\/schema.org\/CreativeWork\" ><div class=\"av-magazine-thumbnail\"><a href='https:\/\/museodelacharreria.org.mx\/zh\/coleccion\/sombrero-de-pelo-fino-bordado-en-canutillo-de-oro\/' title='\u94fe\u63a5\u5230\uff1a \u7ee3\u6709\u91d1\u73e0\u7684\u7cbe\u7f8e\u76ae\u8349\u5e3d' class='av-magazine-thumbnail-link'><img decoding=\"async\" fetchpriority=\"high\" width=\"100\" height=\"100\" src=\"https:\/\/museodelacharreria.org.mx\/wp-content\/uploads\/2023\/11\/Museo-de-la-Charreria-Sombrero-de-Charro-0144-100x100.jpg\" class=\"wp-image-2425 avia-img-lazy-loading-not-2425 attachment-thumbnail size-thumbnail wp-post-image\" alt=\"\" srcset=\"https:\/\/museodelacharreria.org.mx\/wp-content\/uploads\/2023\/11\/Museo-de-la-Charreria-Sombrero-de-Charro-0144-100x100.jpg 100w, https:\/\/museodelacharreria.org.mx\/wp-content\/uploads\/2023\/11\/Museo-de-la-Charreria-Sombrero-de-Charro-0144-36x36.jpg 36w, https:\/\/museodelacharreria.org.mx\/wp-content\/uploads\/2023\/11\/Museo-de-la-Charreria-Sombrero-de-Charro-0144-180x180.jpg 180w\" sizes=\"(max-width: 100px) 100vw, 100px\" \/><\/a><\/div><div class=\"av-magazine-content-wrap\"><header class=\"entry-content-header\" aria-label=\"Post: SOMBRERO DE PELO FINO BORDADO CON CANUTILLO DE ORO\"><time class='av-magazine-time updated'  itemprop=\"datePublished\" datetime=\"2023-11-13T23:13:54-06:00\" >2023-11-13<\/time><h3 class='av-magazine-title entry-title'  itemprop=\"headline\" ><a href='https:\/\/museodelacharreria.org.mx\/zh\/coleccion\/sombrero-de-pelo-fino-bordado-en-canutillo-de-oro\/' title='\u94fe\u63a5\u5230\uff1a \u7ee3\u6709\u91d1\u73e0\u7684\u7cbe\u7f8e\u76ae\u8349\u5e3d'>\u7ee3\u6709\u91d1\u8fb9\u7684\u7ec6\u88d8\u5e3d<\/a><\/h3><\/header><\/div><footer class=\"entry-footer\"><\/footer><\/article><article class='av-magazine-entry av-magazine-entry-id-2415 av-magazine-format-standard av-magazine-type-portfolio av-magazine-entry-4 av-magazine-entry-small'  itemscope=\"itemscope\" itemtype=\"https:\/\/schema.org\/CreativeWork\" ><div class=\"av-magazine-thumbnail\"><a href='https:\/\/museodelacharreria.org.mx\/zh\/coleccion\/sombrero-castoreno-de-chinaco-color-gris\/' title='\u94fe\u63a5\u5230\uff1a chinaco \u7070\u8272\u5e3d\u5b50' class='av-magazine-thumbnail-link'><img decoding=\"async\" fetchpriority=\"high\" width=\"100\" height=\"100\" src=\"https:\/\/museodelacharreria.org.mx\/wp-content\/uploads\/2023\/11\/Museo-de-la-Charreria-Sombrero-de-Chinaco-0170-100x100.jpg\" class=\"wp-image-2410 avia-img-lazy-loading-not-2410 attachment-thumbnail size-thumbnail wp-post-image\" alt=\"\" srcset=\"https:\/\/museodelacharreria.org.mx\/wp-content\/uploads\/2023\/11\/Museo-de-la-Charreria-Sombrero-de-Chinaco-0170-100x100.jpg 100w, https:\/\/museodelacharreria.org.mx\/wp-content\/uploads\/2023\/11\/Museo-de-la-Charreria-Sombrero-de-Chinaco-0170-36x36.jpg 36w, https:\/\/museodelacharreria.org.mx\/wp-content\/uploads\/2023\/11\/Museo-de-la-Charreria-Sombrero-de-Chinaco-0170-180x180.jpg 180w\" sizes=\"(max-width: 100px) 100vw, 100px\" \/><\/a><\/div><div class=\"av-magazine-content-wrap\"><header class=\"entry-content-header\" aria-label=\"Post: SOMBRERO CASTORE\u00d1O DE CHINACO COLOR GRIS\"><time class='av-magazine-time updated'  itemprop=\"datePublished\" datetime=\"2023-11-13T20:00:59-06:00\" >2023-11-13<\/time><h3 class='av-magazine-title entry-title'  itemprop=\"headline\" ><a href='https:\/\/museodelacharreria.org.mx\/zh\/coleccion\/sombrero-castoreno-de-chinaco-color-gris\/' title='\u94fe\u63a5\u5230\uff1a chinaco \u7070\u8272\u5e3d\u5b50'>chinaco chinaco \u5e3d\u5b50\uff0c\u7070\u8272<\/a><\/h3><\/header><\/div><footer class=\"entry-footer\"><\/footer><\/article><article class='av-magazine-entry av-magazine-entry-id-2406 av-magazine-format-standard av-magazine-type-portfolio av-magazine-entry-5 av-magazine-entry-small'  itemscope=\"itemscope\" itemtype=\"https:\/\/schema.org\/CreativeWork\" ><div class=\"av-magazine-thumbnail\"><a href='https:\/\/museodelacharreria.org.mx\/zh\/coleccion\/sombrero-castoreno-de-chinaco\/' title='\u94fe\u63a5\u5230\uff1a\u68d5\u8272\u4e2d\u56fd\u5e3d' class='av-magazine-thumbnail-link'><img decoding=\"async\" fetchpriority=\"high\" width=\"100\" height=\"100\" src=\"https:\/\/museodelacharreria.org.mx\/wp-content\/uploads\/2023\/11\/Museo-de-la-Charreria-Sombrero-de-Chinaco-0166-100x100.jpg\" class=\"wp-image-2407 avia-img-lazy-loading-not-2407 attachment-thumbnail size-thumbnail wp-post-image\" alt=\"Chinaco \u6d77\u72f8\u5e3d\" srcset=\"https:\/\/museodelacharreria.org.mx\/wp-content\/uploads\/2023\/11\/Museo-de-la-Charreria-Sombrero-de-Chinaco-0166-100x100.jpg 100w, https:\/\/museodelacharreria.org.mx\/wp-content\/uploads\/2023\/11\/Museo-de-la-Charreria-Sombrero-de-Chinaco-0166-36x36.jpg 36w, https:\/\/museodelacharreria.org.mx\/wp-content\/uploads\/2023\/11\/Museo-de-la-Charreria-Sombrero-de-Chinaco-0166-180x180.jpg 180w\" sizes=\"(max-width: 100px) 100vw, 100px\" \/><\/a><\/div><div class=\"av-magazine-content-wrap\"><header class=\"entry-content-header\" aria-label=\"Post: SOMBRERO CASTORE\u00d1O DE CHINACO COLOR CAF\u00c9\"><time class='av-magazine-time updated'  itemprop=\"datePublished\" datetime=\"2023-11-13T19:49:18-06:00\" >2023-11-13<\/time><h3 class='av-magazine-title entry-title'  itemprop=\"headline\" ><a href='https:\/\/museodelacharreria.org.mx\/zh\/coleccion\/sombrero-castoreno-de-chinaco\/' title='\u94fe\u63a5\u5230\uff1a\u68d5\u8272\u4e2d\u56fd\u5e3d'>\u68d5\u8272 chinaco chinaco \u5e3d\u5b50<\/a><\/h3><\/header><\/div><footer class=\"entry-footer\"><\/footer><\/article><article class='av-magazine-entry av-magazine-entry-id-2383 av-magazine-format-standard av-magazine-type-portfolio av-magazine-entry-6 av-magazine-entry-small'  itemscope=\"itemscope\" itemtype=\"https:\/\/schema.org\/CreativeWork\" ><div class=\"av-magazine-thumbnail\"><a href='https:\/\/museodelacharreria.org.mx\/zh\/coleccion\/sombrero-con-detalle-de-espuelas\/' title='\u94fe\u63a5\u5230\uff1a\u5e26\u9a6c\u523a\u7ec6\u8282\u7684\u5e3d\u5b50' class='av-magazine-thumbnail-link'><img decoding=\"async\" fetchpriority=\"high\" width=\"100\" height=\"100\" src=\"https:\/\/museodelacharreria.org.mx\/wp-content\/uploads\/2023\/11\/Museo-de-la-Charreria-Sombrero-0149-100x100.jpg\" class=\"wp-image-2386 avia-img-lazy-loading-not-2386 attachment-thumbnail size-thumbnail wp-post-image\" alt=\"\" srcset=\"https:\/\/museodelacharreria.org.mx\/wp-content\/uploads\/2023\/11\/Museo-de-la-Charreria-Sombrero-0149-100x100.jpg 100w, https:\/\/museodelacharreria.org.mx\/wp-content\/uploads\/2023\/11\/Museo-de-la-Charreria-Sombrero-0149-36x36.jpg 36w, https:\/\/museodelacharreria.org.mx\/wp-content\/uploads\/2023\/11\/Museo-de-la-Charreria-Sombrero-0149-180x180.jpg 180w\" sizes=\"(max-width: 100px) 100vw, 100px\" \/><\/a><\/div><div class=\"av-magazine-content-wrap\"><header class=\"entry-content-header\" aria-label=\"Post: SOMBRERO CON DETALLE DE ESPUELAS\"><time class='av-magazine-time updated'  itemprop=\"datePublished\" datetime=\"2023-11-13T18:08:27-06:00\" >2023-11-13<\/time><h3 class='av-magazine-title entry-title'  itemprop=\"headline\" ><a href='https:\/\/museodelacharreria.org.mx\/zh\/coleccion\/sombrero-con-detalle-de-espuelas\/' title='\u94fe\u63a5\u5230\uff1a\u5e26\u9a6c\u523a\u7ec6\u8282\u7684\u5e3d\u5b50'>\u5e26\u9a6c\u523a\u7ec6\u8282\u7684\u5e3d\u5b50<\/a><\/h3><\/header><\/div><footer class=\"entry-footer\"><\/footer><\/article><article class='av-magazine-entry av-magazine-entry-id-2332 av-magazine-format-standard av-magazine-type-portfolio av-magazine-entry-7 av-magazine-entry-small'  itemscope=\"itemscope\" itemtype=\"https:\/\/schema.org\/CreativeWork\" ><div class=\"av-magazine-thumbnail\"><a href='https:\/\/museodelacharreria.org.mx\/zh\/coleccion\/sombrero-de-charro-con-ribete-en-pano-cafe\/' title='\u94fe\u63a5\u5230\uff1a SOMBRERO DE CHARRO CON RIBETE EN PA\u00d1O CAFE' class='av-magazine-thumbnail-link'><img decoding=\"async\" fetchpriority=\"high\" width=\"100\" height=\"100\" src=\"https:\/\/museodelacharreria.org.mx\/wp-content\/uploads\/2023\/10\/Museo-de-la-Charreria-Sombrero-0136-100x100.jpg\" class=\"wp-image-2333 avia-img-lazy-loading-not-2333 attachment-thumbnail size-thumbnail wp-post-image\" alt=\"\u58a8\u8272\u5e03\u8fb9\u9a6c\u5e3d\" srcset=\"https:\/\/museodelacharreria.org.mx\/wp-content\/uploads\/2023\/10\/Museo-de-la-Charreria-Sombrero-0136-100x100.jpg 100w, https:\/\/museodelacharreria.org.mx\/wp-content\/uploads\/2023\/10\/Museo-de-la-Charreria-Sombrero-0136-36x36.jpg 36w, https:\/\/museodelacharreria.org.mx\/wp-content\/uploads\/2023\/10\/Museo-de-la-Charreria-Sombrero-0136-180x180.jpg 180w\" sizes=\"(max-width: 100px) 100vw, 100px\" \/><\/a><\/div><div class=\"av-magazine-content-wrap\"><header class=\"entry-content-header\" aria-label=\"Post: SOMBRERO DE CHARRO CON RIBETE EN PA\u00d1O CAFE\"><time class='av-magazine-time updated'  itemprop=\"datePublished\" datetime=\"2023-10-26T02:29:07-06:00\" >2023-10-26<\/time><h3 class='av-magazine-title entry-title'  itemprop=\"headline\" ><a href='https:\/\/museodelacharreria.org.mx\/zh\/coleccion\/sombrero-de-charro-con-ribete-en-pano-cafe\/' title='\u94fe\u63a5\u5230\uff1a SOMBRERO DE CHARRO CON RIBETE EN PA\u00d1O CAFE'>\u58a8\u8272\u5e03\u8fb9\u9a6c\u5e3d<\/a><\/h3><\/header><\/div><footer class=\"entry-footer\"><\/footer><\/article><\/div><div class='av-magazine-group av-hidden-mag sort_12'><article class='av-magazine-entry av-magazine-entry-id-3965 av-magazine-format-standard av-magazine-type-portfolio av-magazine-entry-1 av-magazine-entry-small'  itemscope=\"itemscope\" itemtype=\"https:\/\/schema.org\/CreativeWork\" ><div class=\"av-magazine-thumbnail\"><a href='https:\/\/museodelacharreria.org.mx\/zh\/coleccion\/cabezadas-de-plata-de-emiliano-zapata\/' title='\u94fe\u63a5\u5230\uff1a CABEZADAS DE PLATA DE EMILIANO ZAPATA' class='av-magazine-thumbnail-link'><img decoding=\"async\" fetchpriority=\"high\" width=\"100\" height=\"100\" src=\"https:\/\/museodelacharreria.org.mx\/wp-content\/uploads\/2024\/11\/MUSEO-DE-LA-CHARRERIA-CABEZADA-DE-EMILIANO-ZAPATA--100x100.jpg\" class=\"wp-image-3966 avia-img-lazy-loading-not-3966 attachment-thumbnail size-thumbnail wp-post-image\" alt=\"\" srcset=\"https:\/\/museodelacharreria.org.mx\/wp-content\/uploads\/2024\/11\/MUSEO-DE-LA-CHARRERIA-CABEZADA-DE-EMILIANO-ZAPATA--100x100.jpg 100w, https:\/\/museodelacharreria.org.mx\/wp-content\/uploads\/2024\/11\/MUSEO-DE-LA-CHARRERIA-CABEZADA-DE-EMILIANO-ZAPATA--36x36.jpg 36w, https:\/\/museodelacharreria.org.mx\/wp-content\/uploads\/2024\/11\/MUSEO-DE-LA-CHARRERIA-CABEZADA-DE-EMILIANO-ZAPATA--180x180.jpg 180w\" sizes=\"(max-width: 100px) 100vw, 100px\" \/><\/a><\/div><div class=\"av-magazine-content-wrap\"><header class=\"entry-content-header\" aria-label=\"Post: CABEZADAS DE PLATA DE EMILIANO ZAPATA\"><time class='av-magazine-time updated'  itemprop=\"datePublished\" datetime=\"2024-11-25T20:09:58-06:00\" >2024-11-25<\/time><h3 class='av-magazine-title entry-title'  itemprop=\"headline\" ><a href='https:\/\/museodelacharreria.org.mx\/zh\/coleccion\/cabezadas-de-plata-de-emiliano-zapata\/' title='\u94fe\u63a5\u5230\uff1a CABEZADAS DE PLATA DE EMILIANO ZAPATA'>\u57c3\u7c73\u5229\u4e9a\u8bfa-\u8428\u5e15\u5854\u7684\u94f6\u9a6c\u978d<\/a><\/h3><\/header><\/div><footer class=\"entry-footer\"><\/footer><\/article><article class='av-magazine-entry av-magazine-entry-id-3867 av-magazine-format-standard av-magazine-type-portfolio av-magazine-entry-2 av-magazine-entry-small'  itemscope=\"itemscope\" itemtype=\"https:\/\/schema.org\/CreativeWork\" ><div class=\"av-magazine-thumbnail\"><a href='https:\/\/museodelacharreria.org.mx\/zh\/coleccion\/fuste-rustico\/' title='\u94fe\u63a5\u5230\uff1a FUSTE R\u00daSTICO' class='av-magazine-thumbnail-link'><img decoding=\"async\" fetchpriority=\"high\" width=\"100\" height=\"100\" src=\"https:\/\/museodelacharreria.org.mx\/wp-content\/uploads\/2024\/11\/MUSEO-DE-LA-CHARRERIA-FUSTE-RUSTICO-7141-100x100.jpg\" class=\"wp-image-3872 avia-img-lazy-loading-not-3872 attachment-thumbnail size-thumbnail wp-post-image\" alt=\"\" srcset=\"https:\/\/museodelacharreria.org.mx\/wp-content\/uploads\/2024\/11\/MUSEO-DE-LA-CHARRERIA-FUSTE-RUSTICO-7141-100x100.jpg 100w, https:\/\/museodelacharreria.org.mx\/wp-content\/uploads\/2024\/11\/MUSEO-DE-LA-CHARRERIA-FUSTE-RUSTICO-7141-36x36.jpg 36w, https:\/\/museodelacharreria.org.mx\/wp-content\/uploads\/2024\/11\/MUSEO-DE-LA-CHARRERIA-FUSTE-RUSTICO-7141-180x180.jpg 180w\" sizes=\"(max-width: 100px) 100vw, 100px\" \/><\/a><\/div><div class=\"av-magazine-content-wrap\"><header class=\"entry-content-header\" aria-label=\"Post: FUSTE R\u00daSTICO\"><time class='av-magazine-time updated'  itemprop=\"datePublished\" datetime=\"2024-09-25T13:46:58-06:00\" >2024-09-25<\/time><h3 class='av-magazine-title entry-title'  itemprop=\"headline\" ><a href='https:\/\/museodelacharreria.org.mx\/zh\/coleccion\/fuste-rustico\/' title='\u94fe\u63a5\u5230\uff1a FUSTE R\u00daSTICO'>\u9508\u8ff9\u6591\u6591\u7684\u5f17\u65af\u7279<\/a><\/h3><\/header><\/div><footer class=\"entry-footer\"><\/footer><\/article><article class='av-magazine-entry av-magazine-entry-id-3375 av-magazine-format-standard av-magazine-type-portfolio av-magazine-entry-3 av-magazine-entry-small'  itemscope=\"itemscope\" itemtype=\"https:\/\/schema.org\/CreativeWork\" ><div class=\"av-magazine-thumbnail\"><a href='https:\/\/museodelacharreria.org.mx\/zh\/coleccion\/fierros-para-marcar-ganado\/' title='\u94fe\u63a5\u5230\uff1a FIERROS PARA MARCAR GANADO' class='av-magazine-thumbnail-link'><img decoding=\"async\" fetchpriority=\"high\" width=\"100\" height=\"100\" src=\"https:\/\/museodelacharreria.org.mx\/wp-content\/uploads\/2024\/06\/MUSEO-DE-LA-CHARRERIA-FIERROS-PARA-MARCAR-GANADO-1513-100x100.jpg\" class=\"wp-image-3405 avia-img-lazy-loading-not-3405 attachment-thumbnail size-thumbnail wp-post-image\" alt=\"\" srcset=\"https:\/\/museodelacharreria.org.mx\/wp-content\/uploads\/2024\/06\/MUSEO-DE-LA-CHARRERIA-FIERROS-PARA-MARCAR-GANADO-1513-100x100.jpg 100w, https:\/\/museodelacharreria.org.mx\/wp-content\/uploads\/2024\/06\/MUSEO-DE-LA-CHARRERIA-FIERROS-PARA-MARCAR-GANADO-1513-36x36.jpg 36w, https:\/\/museodelacharreria.org.mx\/wp-content\/uploads\/2024\/06\/MUSEO-DE-LA-CHARRERIA-FIERROS-PARA-MARCAR-GANADO-1513-180x180.jpg 180w\" sizes=\"(max-width: 100px) 100vw, 100px\" \/><\/a><\/div><div class=\"av-magazine-content-wrap\"><header class=\"entry-content-header\" aria-label=\"Post: FIERROS PARA MARCAR GANADO\"><time class='av-magazine-time updated'  itemprop=\"datePublished\" datetime=\"2024-06-27T20:42:24-06:00\" >2024-06-27<\/time><h3 class='av-magazine-title entry-title'  itemprop=\"headline\" ><a href='https:\/\/museodelacharreria.org.mx\/zh\/coleccion\/fierros-para-marcar-ganado\/' title='\u94fe\u63a5\u5230\uff1a FIERROS PARA MARCAR GANADO'>\u725b\u70d9\u94c1<\/a><\/h3><\/header><\/div><footer class=\"entry-footer\"><\/footer><\/article><article class='av-magazine-entry av-magazine-entry-id-3158 av-magazine-format-standard av-magazine-type-portfolio av-magazine-entry-4 av-magazine-entry-small'  itemscope=\"itemscope\" itemtype=\"https:\/\/schema.org\/CreativeWork\" ><div class=\"av-magazine-thumbnail\"><a href='https:\/\/museodelacharreria.org.mx\/zh\/coleccion\/estribos-con-tapadera\/' title='\u94fe\u63a5\u5230\uff1a ESTRIBOS CON TAPADERA' class='av-magazine-thumbnail-link'><img decoding=\"async\" fetchpriority=\"high\" width=\"100\" height=\"100\" src=\"https:\/\/museodelacharreria.org.mx\/wp-content\/uploads\/2024\/06\/MUSEO-DE-LA-CHARRERIA-ESTRIBO-CON-TAPADERA-HRZ-100x100.jpg\" class=\"wp-image-3139 avia-img-lazy-loading-not-3139 attachment-thumbnail size-thumbnail wp-post-image\" alt=\"\" srcset=\"https:\/\/museodelacharreria.org.mx\/wp-content\/uploads\/2024\/06\/MUSEO-DE-LA-CHARRERIA-ESTRIBO-CON-TAPADERA-HRZ-100x100.jpg 100w, https:\/\/museodelacharreria.org.mx\/wp-content\/uploads\/2024\/06\/MUSEO-DE-LA-CHARRERIA-ESTRIBO-CON-TAPADERA-HRZ-36x36.jpg 36w, https:\/\/museodelacharreria.org.mx\/wp-content\/uploads\/2024\/06\/MUSEO-DE-LA-CHARRERIA-ESTRIBO-CON-TAPADERA-HRZ-180x180.jpg 180w\" sizes=\"(max-width: 100px) 100vw, 100px\" \/><\/a><\/div><div class=\"av-magazine-content-wrap\"><header class=\"entry-content-header\" aria-label=\"Post: ESTRIBOS CON TAPADERA\"><time class='av-magazine-time updated'  itemprop=\"datePublished\" datetime=\"2024-06-25T18:55:11-06:00\" >2024-06-25<\/time><h3 class='av-magazine-title entry-title'  itemprop=\"headline\" ><a href='https:\/\/museodelacharreria.org.mx\/zh\/coleccion\/estribos-con-tapadera\/' title='\u94fe\u63a5\u5230\uff1a ESTRIBOS CON TAPADERA'>\u5e26\u76d6\u9a6c\u956b<\/a><\/h3><\/header><\/div><footer class=\"entry-footer\"><\/footer><\/article><article class='av-magazine-entry av-magazine-entry-id-3153 av-magazine-format-standard av-magazine-type-portfolio av-magazine-entry-5 av-magazine-entry-small'  itemscope=\"itemscope\" itemtype=\"https:\/\/schema.org\/CreativeWork\" ><div class=\"av-magazine-thumbnail\"><a href='https:\/\/museodelacharreria.org.mx\/zh\/coleccion\/estribos-circulares-forrados\/' title='\u94fe\u63a5\u5230\uff1a ESTRIBOS CIRCULARES FORRADOS' class='av-magazine-thumbnail-link'><img decoding=\"async\" fetchpriority=\"high\" width=\"100\" height=\"100\" src=\"https:\/\/museodelacharreria.org.mx\/wp-content\/uploads\/2024\/06\/MUSEO-DE-LA-CHARRERIA-ESTRIBO-CIRCULAR-FORRADO-HRZ-0097-100x100.jpg\" class=\"wp-image-3157 avia-img-lazy-loading-not-3157 attachment-thumbnail size-thumbnail wp-post-image\" alt=\"\" srcset=\"https:\/\/museodelacharreria.org.mx\/wp-content\/uploads\/2024\/06\/MUSEO-DE-LA-CHARRERIA-ESTRIBO-CIRCULAR-FORRADO-HRZ-0097-100x100.jpg 100w, https:\/\/museodelacharreria.org.mx\/wp-content\/uploads\/2024\/06\/MUSEO-DE-LA-CHARRERIA-ESTRIBO-CIRCULAR-FORRADO-HRZ-0097-36x36.jpg 36w, https:\/\/museodelacharreria.org.mx\/wp-content\/uploads\/2024\/06\/MUSEO-DE-LA-CHARRERIA-ESTRIBO-CIRCULAR-FORRADO-HRZ-0097-180x180.jpg 180w\" sizes=\"(max-width: 100px) 100vw, 100px\" \/><\/a><\/div><div class=\"av-magazine-content-wrap\"><header class=\"entry-content-header\" aria-label=\"Post: ESTRIBOS CIRCULARES FORRADOS\"><time class='av-magazine-time updated'  itemprop=\"datePublished\" datetime=\"2024-06-25T18:34:25-06:00\" >2024-06-25<\/time><h3 class='av-magazine-title entry-title'  itemprop=\"headline\" ><a href='https:\/\/museodelacharreria.org.mx\/zh\/coleccion\/estribos-circulares-forrados\/' title='\u94fe\u63a5\u5230\uff1a ESTRIBOS CIRCULARES FORRADOS'>\u6709\u5185\u886c\u7684\u5706\u5f62\u9a6c\u956b<\/a><\/h3><\/header><\/div><footer class=\"entry-footer\"><\/footer><\/article><article class='av-magazine-entry av-magazine-entry-id-3131 av-magazine-format-standard av-magazine-type-portfolio av-magazine-entry-6 av-magazine-entry-small'  itemscope=\"itemscope\" itemtype=\"https:\/\/schema.org\/CreativeWork\" ><div class=\"av-magazine-thumbnail\"><a href='https:\/\/museodelacharreria.org.mx\/zh\/coleccion\/estribos-de-caja\/' title='\u94fe\u63a5\u5230\uff1a ESTRIBOS DE CAJA' class='av-magazine-thumbnail-link'><img decoding=\"async\" fetchpriority=\"high\" width=\"100\" height=\"100\" src=\"https:\/\/museodelacharreria.org.mx\/wp-content\/uploads\/2024\/06\/MUSEO-DE-LA-CHARRERIA-ESTRIBO-DE-CAJA-0085-100x100.jpg\" class=\"wp-image-3144 avia-img-lazy-loading-not-3144 attachment-thumbnail size-thumbnail wp-post-image\" alt=\"\" srcset=\"https:\/\/museodelacharreria.org.mx\/wp-content\/uploads\/2024\/06\/MUSEO-DE-LA-CHARRERIA-ESTRIBO-DE-CAJA-0085-100x100.jpg 100w, https:\/\/museodelacharreria.org.mx\/wp-content\/uploads\/2024\/06\/MUSEO-DE-LA-CHARRERIA-ESTRIBO-DE-CAJA-0085-36x36.jpg 36w, https:\/\/museodelacharreria.org.mx\/wp-content\/uploads\/2024\/06\/MUSEO-DE-LA-CHARRERIA-ESTRIBO-DE-CAJA-0085-180x180.jpg 180w\" sizes=\"(max-width: 100px) 100vw, 100px\" \/><\/a><\/div><div class=\"av-magazine-content-wrap\"><header class=\"entry-content-header\" aria-label=\"Post: ESTRIBOS DE CAJA\"><time class='av-magazine-time updated'  itemprop=\"datePublished\" datetime=\"2024-06-25T18:14:59-06:00\" >2024-06-25<\/time><h3 class='av-magazine-title entry-title'  itemprop=\"headline\" ><a href='https:\/\/museodelacharreria.org.mx\/zh\/coleccion\/estribos-de-caja\/' title='\u94fe\u63a5\u5230\uff1a ESTRIBOS DE CAJA'>\u76d2\u5f0f\u6258\u67b6<\/a><\/h3><\/header><\/div><footer class=\"entry-footer\"><\/footer><\/article><article class='av-magazine-entry av-magazine-entry-id-3910 av-magazine-format-standard av-magazine-type-portfolio av-magazine-entry-7 av-magazine-entry-small'  itemscope=\"itemscope\" itemtype=\"https:\/\/schema.org\/CreativeWork\" ><div class=\"av-magazine-thumbnail\"><a href='https:\/\/museodelacharreria.org.mx\/zh\/coleccion\/frenos\/' title='\u94fe\u63a5\u5230\uff1a FRENOS' class='av-magazine-thumbnail-link'><img decoding=\"async\" fetchpriority=\"high\" width=\"100\" height=\"100\" src=\"https:\/\/museodelacharreria.org.mx\/wp-content\/uploads\/2024\/11\/FRENO-5-100x100.jpg\" class=\"wp-image-3915 avia-img-lazy-loading-not-3915 attachment-thumbnail size-thumbnail wp-post-image\" alt=\"\" srcset=\"https:\/\/museodelacharreria.org.mx\/wp-content\/uploads\/2024\/11\/FRENO-5-100x100.jpg 100w, https:\/\/museodelacharreria.org.mx\/wp-content\/uploads\/2024\/11\/FRENO-5-36x36.jpg 36w, https:\/\/museodelacharreria.org.mx\/wp-content\/uploads\/2024\/11\/FRENO-5-180x180.jpg 180w\" sizes=\"(max-width: 100px) 100vw, 100px\" \/><\/a><\/div><div class=\"av-magazine-content-wrap\"><header class=\"entry-content-header\" aria-label=\"Post: FRENOS\"><time class='av-magazine-time updated'  itemprop=\"datePublished\" datetime=\"2024-06-25T17:48:01-06:00\" >2024-06-25<\/time><h3 class='av-magazine-title entry-title'  itemprop=\"headline\" ><a href='https:\/\/museodelacharreria.org.mx\/zh\/coleccion\/frenos\/' title='\u94fe\u63a5\u5230\uff1a FRENOS'>\u5236\u52a8\u5668<\/a><\/h3><\/header><\/div><footer class=\"entry-footer\"><\/footer><\/article><\/div><\/div>","protected":false},"excerpt":{"rendered":"","protected":false},"author":1,"featured_media":3714,"template":"","meta":{"footnotes":""},"tags":[],"portfolio_entries":[5,6],"class_list":["post-3623","portfolio","type-portfolio","status-publish","has-post-thumbnail","hentry","portfolio_entries-coleccion","portfolio_entries-sillas"],"yoast_head":"<!-- This site is optimized with the Yoast SEO plugin v27.5 - https:\/\/yoast.com\/product\/yoast-seo-wordpress\/ -->\n<title>ALBARDA ESTILO INGL\u00c9S - Museo de la Charrer\u00eda CDMX<\/title>\n<meta name=\"description\" content=\"Nuestra colecci\u00f3n es un vibrante mosaico de \u00e9pocas y funciones, un testimonio vivo de la versatilidad y adaptabilidad de la Charrer\u00eda a lo largo del tiempo. Desde los albores de la Rep\u00fablica hasta las transformaciones de la era moderna, cada pieza expone la maestr\u00eda artesanal y el ingenio t\u00e9cnico de aquellos que forjaron esta gran tradici\u00f3n.\" \/>\n<meta name=\"robots\" content=\"index, follow, max-snippet:-1, max-image-preview:large, max-video-preview:-1\" \/>\n<link rel=\"canonical\" href=\"https:\/\/museodelacharreria.org.mx\/zh\/\u7cfb\u5217-10\/albarda-estilo-ingles\/\" \/>\n<meta property=\"og:locale\" content=\"zh_CN\" \/>\n<meta property=\"og:type\" content=\"article\" \/>\n<meta property=\"og:title\" content=\"ALBARDA ESTILO INGL\u00c9S - Museo de la Charrer\u00eda CDMX\" \/>\n<meta property=\"og:description\" content=\"Nuestra colecci\u00f3n es un vibrante mosaico de \u00e9pocas y funciones, un testimonio vivo de la versatilidad y adaptabilidad de la Charrer\u00eda a lo largo del tiempo. Desde los albores de la Rep\u00fablica hasta las transformaciones de la era moderna, cada pieza expone la maestr\u00eda artesanal y el ingenio t\u00e9cnico de aquellos que forjaron esta gran tradici\u00f3n.\" \/>\n<meta property=\"og:url\" content=\"https:\/\/museodelacharreria.org.mx\/zh\/\u7cfb\u5217-10\/albarda-estilo-ingles\/\" \/>\n<meta property=\"og:site_name\" content=\"Museo de la Charrer\u00eda CDMX\" \/>\n<meta property=\"article:modified_time\" content=\"2024-12-06T13:57:27+00:00\" \/>\n<meta property=\"og:image\" content=\"https:\/\/museodelacharreria.org.mx\/wp-content\/uploads\/2024\/11\/Museo-de-la-Charreria-Albarda-Estilo-Ingles.jpg\" \/>\n\t<meta property=\"og:image:width\" content=\"1920\" \/>\n\t<meta property=\"og:image:height\" content=\"1280\" \/>\n\t<meta property=\"og:image:type\" content=\"image\/jpeg\" \/>\n<meta name=\"twitter:card\" content=\"summary_large_image\" \/>\n<meta name=\"twitter:label1\" content=\"\u9884\u8ba1\u9605\u8bfb\u65f6\u95f4\" \/>\n\t<meta name=\"twitter:data1\" content=\"16 \u5206\" \/>\n<script type=\"application\/ld+json\" class=\"yoast-schema-graph\">{\"@context\":\"https:\\\/\\\/schema.org\",\"@graph\":[{\"@type\":[\"WebPage\",\"CollectionPage\"],\"@id\":\"https:\\\/\\\/museodelacharreria.org.mx\\\/coleccion\\\/albarda-estilo-ingles\\\/\",\"url\":\"https:\\\/\\\/museodelacharreria.org.mx\\\/coleccion\\\/albarda-estilo-ingles\\\/\",\"name\":\"ALBARDA ESTILO INGL\u00c9S - Museo de la Charrer\u00eda CDMX\",\"isPartOf\":{\"@id\":\"https:\\\/\\\/museodelacharreria.org.mx\\\/#website\"},\"primaryImageOfPage\":{\"@id\":\"https:\\\/\\\/museodelacharreria.org.mx\\\/coleccion\\\/albarda-estilo-ingles\\\/#primaryimage\"},\"image\":{\"@id\":\"https:\\\/\\\/museodelacharreria.org.mx\\\/coleccion\\\/albarda-estilo-ingles\\\/#primaryimage\"},\"thumbnailUrl\":\"https:\\\/\\\/museodelacharreria.org.mx\\\/wp-content\\\/uploads\\\/2024\\\/11\\\/Museo-de-la-Charreria-Albarda-Estilo-Ingles.jpg\",\"datePublished\":\"2024-11-20T20:18:14+00:00\",\"dateModified\":\"2024-12-06T13:57:27+00:00\",\"description\":\"Nuestra colecci\u00f3n es un vibrante mosaico de \u00e9pocas y funciones, un testimonio vivo de la versatilidad y adaptabilidad de la Charrer\u00eda a lo largo del tiempo. Desde los albores de la Rep\u00fablica hasta las transformaciones de la era moderna, cada pieza expone la maestr\u00eda artesanal y el ingenio t\u00e9cnico de aquellos que forjaron esta gran tradici\u00f3n.\",\"breadcrumb\":{\"@id\":\"https:\\\/\\\/museodelacharreria.org.mx\\\/coleccion\\\/albarda-estilo-ingles\\\/#breadcrumb\"},\"inLanguage\":\"zh-Hans\"},{\"@type\":\"ImageObject\",\"inLanguage\":\"zh-Hans\",\"@id\":\"https:\\\/\\\/museodelacharreria.org.mx\\\/coleccion\\\/albarda-estilo-ingles\\\/#primaryimage\",\"url\":\"https:\\\/\\\/museodelacharreria.org.mx\\\/wp-content\\\/uploads\\\/2024\\\/11\\\/Museo-de-la-Charreria-Albarda-Estilo-Ingles.jpg\",\"contentUrl\":\"https:\\\/\\\/museodelacharreria.org.mx\\\/wp-content\\\/uploads\\\/2024\\\/11\\\/Museo-de-la-Charreria-Albarda-Estilo-Ingles.jpg\",\"width\":1920,\"height\":1280},{\"@type\":\"BreadcrumbList\",\"@id\":\"https:\\\/\\\/museodelacharreria.org.mx\\\/coleccion\\\/albarda-estilo-ingles\\\/#breadcrumb\",\"itemListElement\":[{\"@type\":\"ListItem\",\"position\":1,\"name\":\"Portada\",\"item\":\"https:\\\/\\\/museodelacharreria.org.mx\\\/inicio\\\/\"},{\"@type\":\"ListItem\",\"position\":2,\"name\":\"ALBARDA ESTILO INGL\u00c9S\"}]},{\"@type\":\"WebSite\",\"@id\":\"https:\\\/\\\/museodelacharreria.org.mx\\\/#website\",\"url\":\"https:\\\/\\\/museodelacharreria.org.mx\\\/\",\"name\":\"Museo de la Charrer\u00eda CDMX\",\"description\":\"Historia y tradici\u00f3n, patrimonio cultural inmaterial de la humanidad UNESCO\",\"publisher\":{\"@id\":\"https:\\\/\\\/museodelacharreria.org.mx\\\/#organization\"},\"potentialAction\":[{\"@type\":\"SearchAction\",\"target\":{\"@type\":\"EntryPoint\",\"urlTemplate\":\"https:\\\/\\\/museodelacharreria.org.mx\\\/?s={search_term_string}\"},\"query-input\":{\"@type\":\"PropertyValueSpecification\",\"valueRequired\":true,\"valueName\":\"search_term_string\"}}],\"inLanguage\":\"zh-Hans\"},{\"@type\":\"Organization\",\"@id\":\"https:\\\/\\\/museodelacharreria.org.mx\\\/#organization\",\"name\":\"Museo de la Charrer\u00eda Ciudad de M\u00e9xico\",\"alternateName\":\"Museo de la Charrer\u00eda CDMX\",\"url\":\"https:\\\/\\\/museodelacharreria.org.mx\\\/\",\"logo\":{\"@type\":\"ImageObject\",\"inLanguage\":\"zh-Hans\",\"@id\":\"https:\\\/\\\/museodelacharreria.org.mx\\\/#\\\/schema\\\/logo\\\/image\\\/\",\"url\":\"https:\\\/\\\/museodelacharreria.org.mx\\\/wp-content\\\/uploads\\\/2023\\\/07\\\/Logo-Museo-de-la-Charreria-b-n.png\",\"contentUrl\":\"https:\\\/\\\/museodelacharreria.org.mx\\\/wp-content\\\/uploads\\\/2023\\\/07\\\/Logo-Museo-de-la-Charreria-b-n.png\",\"width\":500,\"height\":250,\"caption\":\"Museo de la Charrer\u00eda Ciudad de M\u00e9xico\"},\"image\":{\"@id\":\"https:\\\/\\\/museodelacharreria.org.mx\\\/#\\\/schema\\\/logo\\\/image\\\/\"},\"sameAs\":[\"https:\\\/\\\/www.youtube.com\\\/@MuseoDeLaCharreria\"]}]}<\/script>\n<!-- \/ Yoast SEO plugin. -->","yoast_head_json":{"title":"ALBARDA ESTILO INGL\u00c9S - Museo de la Charrer\u00eda CDMX","description":"\u6211\u4eec\u7684\u4ea7\u54c1\u7cfb\u5217\u662f\u4e00\u4e2a\u5145\u6ee1\u6d3b\u529b\u7684\u65f6\u4ee3\u548c\u529f\u80fd\u7684\u9a6c\u8d5b\u514b\uff0c\u662f Charrer\u00eda \u968f\u7740\u65f6\u95f4\u63a8\u79fb\u7684\u591a\u529f\u80fd\u6027\u548c\u9002\u5e94\u6027\u7684\u751f\u52a8\u8bc1\u660e\u3002\u4ece\u5171\u548c\u56fd\u7684\u9ece\u660e\u5230\u73b0\u4ee3\u7684\u53d8\u9769\uff0c\u6bcf\u4e00\u4ef6\u4f5c\u54c1\u90fd\u5c55\u793a\u4e86\u521b\u9020\u8fd9\u4e00\u4f1f\u5927\u4f20\u7edf\u7684\u5927\u5e08\u4eec\u7684\u7cbe\u6e5b\u5de5\u827a\u548c\u6280\u672f\u72ec\u521b\u6027\u3002","robots":{"index":"index","follow":"follow","max-snippet":"max-snippet:-1","max-image-preview":"max-image-preview:large","max-video-preview":"max-video-preview:-1"},"canonical":"https:\/\/museodelacharreria.org.mx\/zh\/\u7cfb\u5217-10\/albarda-estilo-ingles\/","og_locale":"zh_CN","og_type":"article","og_title":"ALBARDA ESTILO INGL\u00c9S - Museo de la Charrer\u00eda CDMX","og_description":"Nuestra colecci\u00f3n es un vibrante mosaico de \u00e9pocas y funciones, un testimonio vivo de la versatilidad y adaptabilidad de la Charrer\u00eda a lo largo del tiempo. Desde los albores de la Rep\u00fablica hasta las transformaciones de la era moderna, cada pieza expone la maestr\u00eda artesanal y el ingenio t\u00e9cnico de aquellos que forjaron esta gran tradici\u00f3n.","og_url":"https:\/\/museodelacharreria.org.mx\/zh\/\u7cfb\u5217-10\/albarda-estilo-ingles\/","og_site_name":"Museo de la Charrer\u00eda CDMX","article_modified_time":"2024-12-06T13:57:27+00:00","og_image":[{"width":1920,"height":1280,"url":"https:\/\/museodelacharreria.org.mx\/wp-content\/uploads\/2024\/11\/Museo-de-la-Charreria-Albarda-Estilo-Ingles.jpg","type":"image\/jpeg"}],"twitter_card":"summary_large_image","twitter_misc":{"\u9884\u8ba1\u9605\u8bfb\u65f6\u95f4":"16 \u5206"},"schema":{"@context":"https:\/\/schema.org","@graph":[{"@type":["WebPage","CollectionPage"],"@id":"https:\/\/museodelacharreria.org.mx\/coleccion\/albarda-estilo-ingles\/","url":"https:\/\/museodelacharreria.org.mx\/coleccion\/albarda-estilo-ingles\/","name":"ALBARDA ESTILO INGL\u00c9S - Museo de la Charrer\u00eda CDMX","isPartOf":{"@id":"https:\/\/museodelacharreria.org.mx\/#website"},"primaryImageOfPage":{"@id":"https:\/\/museodelacharreria.org.mx\/coleccion\/albarda-estilo-ingles\/#primaryimage"},"image":{"@id":"https:\/\/museodelacharreria.org.mx\/coleccion\/albarda-estilo-ingles\/#primaryimage"},"thumbnailUrl":"https:\/\/museodelacharreria.org.mx\/wp-content\/uploads\/2024\/11\/Museo-de-la-Charreria-Albarda-Estilo-Ingles.jpg","datePublished":"2024-11-20T20:18:14+00:00","dateModified":"2024-12-06T13:57:27+00:00","description":"\u6211\u4eec\u7684\u4ea7\u54c1\u7cfb\u5217\u662f\u4e00\u4e2a\u5145\u6ee1\u6d3b\u529b\u7684\u65f6\u4ee3\u548c\u529f\u80fd\u7684\u9a6c\u8d5b\u514b\uff0c\u662f Charrer\u00eda \u968f\u7740\u65f6\u95f4\u63a8\u79fb\u7684\u591a\u529f\u80fd\u6027\u548c\u9002\u5e94\u6027\u7684\u751f\u52a8\u8bc1\u660e\u3002\u4ece\u5171\u548c\u56fd\u7684\u9ece\u660e\u5230\u73b0\u4ee3\u7684\u53d8\u9769\uff0c\u6bcf\u4e00\u4ef6\u4f5c\u54c1\u90fd\u5c55\u793a\u4e86\u521b\u9020\u8fd9\u4e00\u4f1f\u5927\u4f20\u7edf\u7684\u5927\u5e08\u4eec\u7684\u7cbe\u6e5b\u5de5\u827a\u548c\u6280\u672f\u72ec\u521b\u6027\u3002","breadcrumb":{"@id":"https:\/\/museodelacharreria.org.mx\/coleccion\/albarda-estilo-ingles\/#breadcrumb"},"inLanguage":"zh-Hans"},{"@type":"ImageObject","inLanguage":"zh-Hans","@id":"https:\/\/museodelacharreria.org.mx\/coleccion\/albarda-estilo-ingles\/#primaryimage","url":"https:\/\/museodelacharreria.org.mx\/wp-content\/uploads\/2024\/11\/Museo-de-la-Charreria-Albarda-Estilo-Ingles.jpg","contentUrl":"https:\/\/museodelacharreria.org.mx\/wp-content\/uploads\/2024\/11\/Museo-de-la-Charreria-Albarda-Estilo-Ingles.jpg","width":1920,"height":1280},{"@type":"BreadcrumbList","@id":"https:\/\/museodelacharreria.org.mx\/coleccion\/albarda-estilo-ingles\/#breadcrumb","itemListElement":[{"@type":"ListItem","position":1,"name":"Portada","item":"https:\/\/museodelacharreria.org.mx\/inicio\/"},{"@type":"ListItem","position":2,"name":"ALBARDA ESTILO INGL\u00c9S"}]},{"@type":"WebSite","@id":"https:\/\/museodelacharreria.org.mx\/#website","url":"https:\/\/museodelacharreria.org.mx\/","name":"Charreria \u535a\u7269\u9986 CDMX","description":"\u5386\u53f2\u4e0e\u4f20\u7edf\uff0c\u4eba\u7c7b\u975e\u7269\u8d28\u6587\u5316\u9057\u4ea7 \u6559\u79d1\u6587\u7ec4\u7ec7","publisher":{"@id":"https:\/\/museodelacharreria.org.mx\/#organization"},"potentialAction":[{"@type":"SearchAction","target":{"@type":"EntryPoint","urlTemplate":"https:\/\/museodelacharreria.org.mx\/?s={search_term_string}"},"query-input":{"@type":"PropertyValueSpecification","valueRequired":true,"valueName":"search_term_string"}}],"inLanguage":"zh-Hans"},{"@type":"Organization","@id":"https:\/\/museodelacharreria.org.mx\/#organization","name":"\u58a8\u897f\u54e5\u57ce Charreria \u535a\u7269\u9986","alternateName":"Museo de la Charrer\u00eda CDMX","url":"https:\/\/museodelacharreria.org.mx\/","logo":{"@type":"ImageObject","inLanguage":"zh-Hans","@id":"https:\/\/museodelacharreria.org.mx\/#\/schema\/logo\/image\/","url":"https:\/\/museodelacharreria.org.mx\/wp-content\/uploads\/2023\/07\/Logo-Museo-de-la-Charreria-b-n.png","contentUrl":"https:\/\/museodelacharreria.org.mx\/wp-content\/uploads\/2023\/07\/Logo-Museo-de-la-Charreria-b-n.png","width":500,"height":250,"caption":"Museo de la Charrer\u00eda Ciudad de M\u00e9xico"},"image":{"@id":"https:\/\/museodelacharreria.org.mx\/#\/schema\/logo\/image\/"},"sameAs":["https:\/\/www.youtube.com\/@MuseoDeLaCharreria"]}]}},"_links":{"self":[{"href":"https:\/\/museodelacharreria.org.mx\/zh\/wp-json\/wp\/v2\/portfolio\/3623","targetHints":{"allow":["GET"]}}],"collection":[{"href":"https:\/\/museodelacharreria.org.mx\/zh\/wp-json\/wp\/v2\/portfolio"}],"about":[{"href":"https:\/\/museodelacharreria.org.mx\/zh\/wp-json\/wp\/v2\/types\/portfolio"}],"author":[{"embeddable":true,"href":"https:\/\/museodelacharreria.org.mx\/zh\/wp-json\/wp\/v2\/users\/1"}],"version-history":[{"count":5,"href":"https:\/\/museodelacharreria.org.mx\/zh\/wp-json\/wp\/v2\/portfolio\/3623\/revisions"}],"predecessor-version":[{"id":3630,"href":"https:\/\/museodelacharreria.org.mx\/zh\/wp-json\/wp\/v2\/portfolio\/3623\/revisions\/3630"}],"wp:featuredmedia":[{"embeddable":true,"href":"https:\/\/museodelacharreria.org.mx\/zh\/wp-json\/wp\/v2\/media\/3714"}],"wp:attachment":[{"href":"https:\/\/museodelacharreria.org.mx\/zh\/wp-json\/wp\/v2\/media?parent=3623"}],"wp:term":[{"taxonomy":"post_tag","embeddable":true,"href":"https:\/\/museodelacharreria.org.mx\/zh\/wp-json\/wp\/v2\/tags?post=3623"},{"taxonomy":"portfolio_entries","embeddable":true,"href":"https:\/\/museodelacharreria.org.mx\/zh\/wp-json\/wp\/v2\/portfolio_entries?post=3623"}],"curies":[{"name":"wp","href":"https:\/\/api.w.org\/{rel}","templated":true}]}}